{"version":"1.0","provider_name":"Les associations de la ville de Thiant","provider_url":"https:\/\/thiant.fr\/wordpress\/associations","author_name":"Service communication","author_url":"https:\/\/thiant.fr\/wordpress\/associations\/author\/adminwpress\/","title":"Comm\u00e9moration du 8 mai - Les associations de la ville de Thiant","type":"rich","width":600,"height":338,"html":"<blockquote class=\"wp-embedded-content\" data-secret=\"pfsXScWswe\"><a href=\"https:\/\/thiant.fr\/wordpress\/associations\/commemoration-du-8-mai\/\">Comm\u00e9moration du 8 mai<\/a><\/blockquote><iframe sandbox=\"allow-scripts\" security=\"restricted\" src=\"https:\/\/thiant.fr\/wordpress\/associations\/commemoration-du-8-mai\/embed\/#?secret=pfsXScWswe\" width=\"600\" height=\"338\" title=\"\u00ab\u00a0Comm\u00e9moration du 8 mai\u00a0\u00bb &#8212; Les associations de la ville de Thiant\" data-secret=\"pfsXScWswe\" frameborder=\"0\" marginwidth=\"0\" marginheight=\"0\" scrolling=\"no\" class=\"wp-embedded-content\"><\/iframe><script>\n\/*! This file is auto-generated *\/\n!function(d,l){\"use strict\";l.querySelector&&d.addEventListener&&\"undefined\"!=typeof URL&&(d.wp=d.wp||{},d.wp.receiveEmbedMessage||(d.wp.receiveEmbedMessage=function(e){var t=e.data;if((t||t.secret||t.message||t.value)&&!\/[^a-zA-Z0-9]\/.test(t.secret)){for(var s,r,n,a=l.querySelectorAll('iframe[data-secret=\"'+t.secret+'\"]'),o=l.querySelectorAll('blockquote[data-secret=\"'+t.secret+'\"]'),c=new RegExp(\"^https?:$\",\"i\"),i=0;i<o.length;i++)o[i].style.display=\"none\";for(i=0;i<a.length;i++)s=a[i],e.source===s.contentWindow&&(s.removeAttribute(\"style\"),\"height\"===t.message?(1e3<(r=parseInt(t.value,10))?r=1e3:~~r<200&&(r=200),s.height=r):\"link\"===t.message&&(r=new URL(s.getAttribute(\"src\")),n=new URL(t.value),c.test(n.protocol))&&n.host===r.host&&l.activeElement===s&&(d.top.location.href=t.value))}},d.addEventListener(\"message\",d.wp.receiveEmbedMessage,!1),l.addEventListener(\"DOMContentLoaded\",function(){for(var e,t,s=l.querySelectorAll(\"iframe.wp-embedded-content\"),r=0;r<s.length;r++)(t=(e=s[r]).getAttribute(\"data-secret\"))||(t=Math.random().toString(36).substring(2,12),e.src+=\"#?secret=\"+t,e.setAttribute(\"data-secret\",t)),e.contentWindow.postMessage({message:\"ready\",secret:t},\"*\")},!1)))}(window,document);\n\/\/# sourceURL=https:\/\/thiant.fr\/wordpress\/associations\/wp-includes\/js\/wp-embed.min.js\n<\/script>\n","thumbnail_url":"https:\/\/thiant.fr\/wordpress\/associations\/wp-content\/uploads\/sites\/3\/2020\/05\/maire-d\u00e9posant-gerbe-carr\u00e9.jpg","thumbnail_width":750,"thumbnail_height":750,"description":"Chers concitoyens, Les c\u00e9r\u00e9monies officielles \u00e9tant pour l&#8217;instant annul\u00e9es, le Conseil municipal &#8211; repr\u00e9sent\u00e9 par une d\u00e9l\u00e9gation d&#8217;\u00e9lus &#8211; a souhait\u00e9 accomplir son devoir de m\u00e9moire envers les combattants, r\u00e9sistants et d\u00e9port\u00e9s de la seconde guerre mondiale. Cela a \u00e9t\u00e9 l&#8217;occasion \u00e9galement de rendre hommage aux victimes du travail, ainsi qu&#8217;aux combattants et victimes de [&hellip;]"}