{"id":36,"date":"2019-08-23T17:02:17","date_gmt":"2019-08-23T15:02:17","guid":{"rendered":"https:\/\/thiant.fr\/wordpress\/\/wordpress\/jeunesse\/?page_id=36"},"modified":"2026-04-27T11:46:27","modified_gmt":"2026-04-27T09:46:27","slug":"a-l-s-h","status":"publish","type":"page","link":"https:\/\/thiant.fr\/wordpress\/jeunesse\/a-l-s-h\/","title":{"rendered":"A.L.S.H."},"content":{"rendered":"\t\t<div data-elementor-type=\"wp-post\" data-elementor-id=\"36\" class=\"elementor elementor-36\">\n\t\t\t\t\t\t<section class=\"elementor-section elementor-top-section elementor-element elementor-element-28b117c elementor-section-content-middle elementor-section-boxed elementor-section-height-default elementor-section-height-default\" data-id=\"28b117c\" data-element_type=\"section\" data-e-type=\"section\">\n\t\t\t\t\t\t<div class=\"elementor-container elementor-column-gap-default\">\n\t\t\t\t\t<div class=\"elementor-column elementor-col-33 elementor-top-column elementor-element elementor-element-9f27fb3\" data-id=\"9f27fb3\" data-element_type=\"column\" data-e-type=\"column\">\n\t\t\t<div class=\"elementor-widget-wrap elementor-element-populated\">\n\t\t\t\t\t\t<div class=\"elementor-element elementor-element-ac57746 elementor-widget elementor-widget-image\" data-id=\"ac57746\" data-element_type=\"widget\" data-e-type=\"widget\" data-widget_type=\"image.default\">\n\t\t\t\t<div class=\"elementor-widget-container\">\n\t\t\t\t\t\t\t\t\t\t\t\t\t\t\t\t<a href=\"https:\/\/thiant.fr\/wordpress\/documents_ext\/ALSH\/MENU_CANTINE\/RESTAURATION-ALSH.pdf\" target=\"_blank\">\n\t\t\t\t\t\t\t<img fetchpriority=\"high\" decoding=\"async\" width=\"800\" height=\"566\" src=\"https:\/\/thiant.fr\/wordpress\/jeunesse\/wp-content\/uploads\/sites\/2\/2026\/04\/RESTAURATION-ALSH-2.png\" class=\"attachment-full size-full wp-image-2503\" alt=\"\" srcset=\"https:\/\/thiant.fr\/wordpress\/jeunesse\/wp-content\/uploads\/sites\/2\/2026\/04\/RESTAURATION-ALSH-2.png 800w, https:\/\/thiant.fr\/wordpress\/jeunesse\/wp-content\/uploads\/sites\/2\/2026\/04\/RESTAURATION-ALSH-2-300x212.png 300w, https:\/\/thiant.fr\/wordpress\/jeunesse\/wp-content\/uploads\/sites\/2\/2026\/04\/RESTAURATION-ALSH-2-768x543.png 768w\" sizes=\"(max-width: 800px) 100vw, 800px\" \/>\t\t\t\t\t\t\t\t<\/a>\n\t\t\t\t\t\t\t\t\t\t\t\t\t\t\t<\/div>\n\t\t\t\t<\/div>\n\t\t\t\t<div class=\"elementor-element elementor-element-b136f58 elementor-widget elementor-widget-text-editor\" data-id=\"b136f58\" data-element_type=\"widget\" data-e-type=\"widget\" data-widget_type=\"text-editor.default\">\n\t\t\t\t<div class=\"elementor-widget-container\">\n\t\t\t\t\t\t\t\t\t<h5><span style=\"color: #003366;\"><strong>Vous pouvez consulter le menu des repas servis pendant l&#8217;accueil de loisirs des vacances de printemps (du 13.04 au 24.04.2026) en cliquant sur l&#8217;image ci-dessus ou en cliquant <a href=\"https:\/\/thiant.fr\/wordpress\/documents_ext\/ALSH\/MENU_CANTINE\/RESTAURATION-ALSH.pdf\" target=\"_blank\" rel=\"noopener\">ici<\/a>.<\/strong><\/span><\/h5>\t\t\t\t\t\t\t\t<\/div>\n\t\t\t\t<\/div>\n\t\t\t\t\t<\/div>\n\t\t<\/div>\n\t\t\t\t<div class=\"elementor-column elementor-col-66 elementor-top-column elementor-element elementor-element-3e570d1\" data-id=\"3e570d1\" data-element_type=\"column\" data-e-type=\"column\">\n\t\t\t<div class=\"elementor-widget-wrap elementor-element-populated\">\n\t\t\t\t\t\t<div class=\"elementor-element elementor-element-a92426c elementor-widget elementor-widget-text-editor\" data-id=\"a92426c\" data-element_type=\"widget\" data-e-type=\"widget\" data-widget_type=\"text-editor.default\">\n\t\t\t\t<div class=\"elementor-widget-container\">\n\t\t\t\t\t\t\t\t\t<h1 style=\"text-align: center;\">ALSH D\u2019\u00c9T\u00c9 2026<\/h1><h3 style=\"text-align: center;\"><span style=\"color: #800000;\">Du 6 au 30 JUILLET<\/span><br \/><span style=\"color: #800000;\">\u00e0 la journ\u00e9e (de 9h \u00e0 17h)<\/span><br \/><span style=\"color: #800000;\">(repas du midi inclus)<\/span><\/h3><h4 style=\"text-align: center;\">Inscriptions<br \/>du lundi 27 AVRIL<br \/>au dimanche 10 MAI 2026<br \/><small>(\u00e0 la semaine compl\u00e8te)<\/small><\/h4><h6 style=\"text-align: center;\"><span style=\"color: #800000;\">\u2193 Dossiers disponibles ci-dessous \u2193<\/span><\/h6>\t\t\t\t\t\t\t\t<\/div>\n\t\t\t\t<\/div>\n\t\t\t\t\t<\/div>\n\t\t<\/div>\n\t\t\t\t\t<\/div>\n\t\t<\/section>\n\t\t\t\t<section class=\"elementor-section elementor-top-section elementor-element elementor-element-a2c49b6 elementor-section-boxed elementor-section-height-default elementor-section-height-default\" data-id=\"a2c49b6\" data-element_type=\"section\" data-e-type=\"section\">\n\t\t\t\t\t\t<div class=\"elementor-container elementor-column-gap-default\">\n\t\t\t\t\t<div class=\"elementor-column elementor-col-100 elementor-top-column elementor-element elementor-element-7918d7c\" data-id=\"7918d7c\" data-element_type=\"column\" data-e-type=\"column\">\n\t\t\t<div class=\"elementor-widget-wrap elementor-element-populated\">\n\t\t\t\t\t\t<div class=\"elementor-element elementor-element-2bcd534 elementor-widget elementor-widget-text-editor\" data-id=\"2bcd534\" data-element_type=\"widget\" data-e-type=\"widget\" data-widget_type=\"text-editor.default\">\n\t\t\t\t<div class=\"elementor-widget-container\">\n\t\t\t\t\t\t\t\t\t<h2 style=\"text-align: center;\"><span style=\"color: #008000;\">Inscriptions<br \/>ALSH <\/span><span style=\"color: #008000;\">Vacances d&#8217;\u00e9t\u00e9 2026<br \/>du 06.07 au 30.07<br \/><\/span><\/h2><h3 style=\"text-align: center;\"><span style=\"color: #ff6600;\">ALSH ouvert <\/span><span style=\"color: #ff6600;\">de 9h \u00e0 17h (repas du midi inclus)<br \/>du 6 au 30 juillet<br \/>Inscription \u00e0 la semaine compl\u00e8te<\/span><\/h3><h5 style=\"text-align: center;\"><span style=\"color: #000080;\"><strong><span style=\"text-decoration: underline;\">Inscriptions du lundi 27 avril au dimanche 10 mai dernier d\u00e9lai<\/span><\/strong><\/span><\/h5><h5 style=\"text-align: center;\"><span style=\"color: #000080;\"><strong><span style=\"text-decoration: underline;\">Paiement avant le premier jour de l&#8217;accueil au plus tard !<\/span><\/strong><\/span><\/h5><h5 style=\"text-align: center;\"><strong style=\"color: #000080; font-size: 16px;\">Dossier \u00e0 t\u00e9l\u00e9charger, \u00e0 remplir et \u00e0 retourner en mairie par voie \u00e9lectronique (alsh@thiant.fr)<\/strong><\/h5><h5 style=\"text-align: center;\"><span style=\"color: #000080;\"><strong>Possibilit\u00e9 de venir chercher le dossier et de le d\u00e9poser en mairie<br \/><\/strong><\/span><\/h5><p style=\"text-align: center;\"><span style=\"color: #000000;\"><strong><span style=\"text-decoration: underline;\">Conditions :<\/span><br \/><\/strong><\/span><\/p><p><!--<\/p>\n<p style=\"text-align: center;\"><strong><span style=\"color: #0000ff;\">ALSH Maternelle &amp; \u00c9l\u00e9mentaire<\/span><\/strong><\/p>\n<p>--><\/p><p style=\"text-align: center;\"><span style=\"color: #000000;\"><strong>\u00catre scolaris\u00e9\u00b7e et avoir entre 3 et 17 ans (n\u00e9\u00b7e entre 2009 et 2023)<\/strong><\/span><\/p><p style=\"text-align: center;\"><span style=\"text-decoration: underline;\"><span style=\"color: #800000; text-decoration: underline;\"><strong>Camping :<\/strong><\/span><\/span><\/p><p style=\"padding-left: 80px;\"><span style=\"color: #800000;\"><strong>Groupe A : du 13 au 16 juillet<\/strong><\/span><br \/><span style=\"color: #800000;\"><strong>Groupe B (par demi groupe) : du 6 au 8 juillet et du 8 au 10 juillet<\/strong><\/span><br \/><span style=\"color: #800000;\"><strong>Groupe C : du 16 au 17 juillet<\/strong><\/span><\/p><h3 style=\"text-align: center;\"><span style=\"color: #c72424;\"><strong>ATTENTION<\/strong><\/span><\/h3><p style=\"text-align: center;\"><span style=\"color: #c72424;\"><strong>En dehors des enfants qui seront au camping, il n&#8217;y a pas d&#8217;accueil le 14 juillet.<\/strong><\/span><\/p><p style=\"text-align: center;\"><span style=\"color: #c72424;\"><strong>Pour les adolescent\u00b7es : remplir \u00e9galement l&#8217;attestation parentale pour le cercle de voile<\/strong><\/span><\/p><p style=\"text-align: center;\">_____________________________<\/p><p style=\"text-align: center;\"><strong><span style=\"color: #333333;\">T\u00e9l\u00e9chargement du dossier complet :<\/span><\/strong><\/p><p style=\"text-align: center;\"><a href=\"https:\/\/thiant.fr\/wordpress\/documents_ext\/ALSH\/ALSH-2026-ETE.pdf\" target=\"_blank\" rel=\"noopener\">Dossier complet d&#8217;inscription \u00e0 l&#8217;accueil de loisirs des vacances d&#8217;\u00e9t\u00e9 2026<\/a><a href=\"https:\/\/thiant.fr\/wordpress\/documents_ext\/ALSH\/ALSH-2026-ETE.pdf\" target=\"_blank\" rel=\"noopener\"><img decoding=\"async\" class=\"aligncenter wp-image-657\" title=\"Ouvrir le dossier d'inscription \u00e0 l'accueil de loisirs des vacances d'\u00e9t\u00e9 2026\" src=\"https:\/\/thiant.fr\/wordpress\/jeunesse\/wp-content\/uploads\/sites\/2\/2021\/02\/pdf-2.png\" alt=\"Ouvrir le dossier d'inscription \u00e0 l'accueil de loisirs des vacances d'\u00e9t\u00e9 2026\" width=\"50\" height=\"50\" srcset=\"https:\/\/thiant.fr\/wordpress\/jeunesse\/wp-content\/uploads\/sites\/2\/2021\/02\/pdf-2.png 150w, https:\/\/thiant.fr\/wordpress\/jeunesse\/wp-content\/uploads\/sites\/2\/2021\/02\/pdf-2-100x100.png 100w\" sizes=\"(max-width: 50px) 100vw, 50px\" \/><\/a><\/p><p style=\"text-align: center;\"><span style=\"color: #333333;\"><a href=\"https:\/\/thiant.fr\/wordpress\/documents_ext\/ALSH\/ALSH-2026-ETE_ADOS.pdf\" target=\"_blank\" rel=\"noopener\">Dossier complet d&#8217;inscription \u00e0 l&#8217;accueil de loisirs des vacances d&#8217;\u00e9t\u00e9 2026 ADOS<\/a><\/span><strong><span style=\"color: #333333;\"> <a href=\"https:\/\/thiant.fr\/wordpress\/documents_ext\/ALSH\/ALSH-2026-ETE_ADOS.pdf\" target=\"_blank\" rel=\"noopener\"><img decoding=\"async\" class=\"aligncenter wp-image-657\" title=\"Ouvrir le dossier d'inscription \u00e0 l'accueil de loisirs des vacances d'\u00e9t\u00e9 2026 pour Adolescent\u00b7e\" src=\"https:\/\/thiant.fr\/wordpress\/jeunesse\/wp-content\/uploads\/sites\/2\/2021\/02\/pdf-2.png\" alt=\"Ouvrir le dossier d'inscription \u00e0 l'accueil de loisirs des vacances d'\u00e9t\u00e9 2026 pour Adolescent\u00b7e\" width=\"50\" height=\"50\" srcset=\"https:\/\/thiant.fr\/wordpress\/jeunesse\/wp-content\/uploads\/sites\/2\/2021\/02\/pdf-2.png 150w, https:\/\/thiant.fr\/wordpress\/jeunesse\/wp-content\/uploads\/sites\/2\/2021\/02\/pdf-2-100x100.png 100w\" sizes=\"(max-width: 50px) 100vw, 50px\" \/><\/a><\/span><\/strong><\/p><p style=\"text-align: center;\"><strong><span style=\"color: #333333;\">ou t\u00e9l\u00e9chargement document par document :<\/span><\/strong><\/p><p style=\"text-align: center;\"><a href=\"https:\/\/thiant.fr\/wordpress\/documents_ext\/ALSH\/2026_Document-informations-aux-parents.pdf\" target=\"_blank\" rel=\"noopener\">Document d&#8217;information aux parents<\/a><\/p><p style=\"text-align: center;\"><a href=\"https:\/\/thiant.fr\/wordpress\/documents_ext\/ALSH\/2026_Bulletin_inscription-ete.pdf\" target=\"_blank\" rel=\"noopener\">Bulletin d&#8217;inscription \u00e0 l&#8217;accueil d&#8217;\u00e9t\u00e9 2026<\/a><\/p><p style=\"text-align: center;\"><a href=\"https:\/\/thiant.fr\/wordpress\/documents_ext\/ALSH\/2026_Fiche-sanitaire.pdf\" target=\"_blank\" rel=\"noopener\">Dossier d&#8217;inscription avec fiche sanitaire pour l&#8217;accueil d&#8217;\u00e9t\u00e9 2026<\/a><\/p><p style=\"text-align: center;\"><strong><span style=\"color: #333333;\">Adolescent\u00b7e uniquement :\u00a0<\/span><\/strong><\/p><p style=\"text-align: center;\"><a href=\"https:\/\/thiant.fr\/wordpress\/documents_ext\/ALSH\/2026_attestation-voile.pdf\" target=\"_blank\" rel=\"noopener\">Attestation parentale du cercle de voile<\/a><\/p><p style=\"padding-left: 40px; padding-right: 40px; text-align: justify;\"><span style=\"color: #333333;\"><small>Les informations recueillies dans le dossier d&#8217;inscription aux accueils de loisirs sans h\u00e9bergement (ALSH) sont enregistr\u00e9es dans un fichier informatis\u00e9 de la Mairie de Thiant. Elles sont destin\u00e9es au Service Jeunesse de la Mairie de Thiant pour l&#8217;inscription et la facturation des prestations propos\u00e9es aux familles et en cas d&#8217;urgence. Elles sont conserv\u00e9es pendant une p\u00e9riode d&#8217;un an. Conform\u00e9ment au R\u00e8glement G\u00e9n\u00e9ral sur la Protection des Donn\u00e9es (RGPD), vous disposez d&#8217;un droit d&#8217;acc\u00e8s, de rectification ou d&#8217;effacement ainsi qu&#8217;un droit \u00e0 la portabilit\u00e9, \u00e0 la limitation ou d&#8217;opposition. Pour toute information compl\u00e9mentaire, adressez-vous au responsable des services de la Mairie de Thiant. Consultez le site cnil.fr pour plus d&#8217;informations sur vos droits. Pour toute r\u00e9clamation, information ou pour exercer vos droits, vous pouvez contacter : Mairie de Thiant &#8211; rue Anatole France &#8211; 59224 THIANT &#8211; 03 27 24 59 40 &#8211; rgpd@thiant.fr<\/small><\/span><\/p><p><!--<\/p>\n<p style=\"text-align: center;\"><a href=\"https:\/\/thiant.fr\/wordpress\/documents_ext\/ALSH\/autorisation-de-sortie-de-territoire.pdf\" target=\"_blank\" rel=\"noopener\">Autorisation de sortie de territoire<\/a><\/p>\n<p><span data-mce-type=\"bookmark\" style=\"display: inline-block; width: 0px; overflow: hidden; line-height: 0;\" class=\"mce_SELRES_start\"><\/span><\/p>\n<p style=\"text-align: center;\"><strong><span style=\"color: #0000ff;\">ALSH Ados<\/span><\/strong><\/p>\n<p style=\"text-align: center;\"><span style=\"color: #000000;\"><strong>Avoir entre 15 et 17 ans (n\u00e9(e) entre 2007 et 2009)<\/strong><\/span><\/p>\n<p style=\"text-align: center;\"><span style=\"color: #333333;\">T\u00e9l\u00e9chargement du dossier complet :<\/span><\/p>\n<p style=\"text-align: center;\"><a href=\"https:\/\/thiant.fr\/wordpress\/documents_ext\/ALSH\/2024_Dossier-inscription-ALSH-ete_ados.pdf\" target=\"_blank\" rel=\"noopener\">Dossier complet d'inscription \u00e0 l'accueil de loisirs des vacances d'\u00e9t\u00e9 2024<\/a><a href=\"https:\/\/thiant.fr\/wordpress\/documents_ext\/ALSH\/2024_Dossier-inscription-ALSH-ete_ados.pdf\" target=\"_blank\" rel=\"noopener\"><img loading=\"lazy\" decoding=\"async\" class=\"aligncenter wp-image-657\" title=\"Ouvrir le dossier d'inscription \u00e0 l'accueil de loisirs des vacances d'\u00e9t\u00e9 2024\" src=\"https:\/\/thiant.fr\/wordpress\/jeunesse\/wp-content\/uploads\/sites\/2\/2021\/02\/pdf-2.png\" alt=\"Ouvrir le dossier d'inscription \u00e0 l'accueil de loisirs des vacances d'hiver 2024\" width=\"50\" height=\"50\" srcset=\"https:\/\/thiant.fr\/wordpress\/jeunesse\/wp-content\/uploads\/sites\/2\/2021\/02\/pdf-2.png 150w, https:\/\/thiant.fr\/wordpress\/jeunesse\/wp-content\/uploads\/sites\/2\/2021\/02\/pdf-2-100x100.png 100w\" sizes=\"(max-width: 50px) 100vw, 50px\" \/><\/a><\/p>\n<p style=\"text-align: center;\"><a href=\"https:\/\/thiant.fr\/wordpress\/documents_ext\/ALSH\/attestation-parentale-voile.pdf\" target=\"_blank\" rel=\"noopener\">Attestation parentale voile<\/a><\/p>\n<p>--><\/p><hr \/><p style=\"padding-left: 40px; text-align: center;\"><span style=\"color: #ee0700;\"><strong>La totalit\u00e9 des documents est \u00e0 fournir lors de la premi\u00e8re inscription de l&#8217;ann\u00e9e.<br \/>Ensuite, seul le bulletin d&#8217;inscription de la p\u00e9riode voulue est \u00e0 fournir.<br \/>En cas de changement de situation au cours de l&#8217;ann\u00e9e,<br \/>la totalit\u00e9 des documents sera \u00e0 fournir \u00e0 nouveau<\/strong>.<\/span><\/p><p style=\"padding-left: 20px;\"><span style=\"color: #333333;\"><strong><u>RAPPEL :<\/u> Documents \u00e0 fournir<\/strong><\/span><\/p><ul><li style=\"list-style-type: none;\"><ul><li style=\"list-style-type: none;\"><ul><li style=\"list-style-type: none;\"><ul><li style=\"list-style-type: none;\"><ul><li style=\"list-style-type: none;\"><ul><li><span style=\"color: #333333;\">Dossier d&#8217;inscription complet (document d&#8217;information aux parents, dossier d&#8217;inscription, fiche sanitaire, bulletin d&#8217;inscription et pour les ados l&#8217;attestation voile)<\/span><\/li><li><span style=\"color: #333333;\">Photocopie de la fiche des vaccins<\/span><\/li><li><span style=\"color: #333333;\">Photocopie de la carte d&#8217;identit\u00e9<\/span><\/li><li><span style=\"color: #333333;\">Attestation de s\u00e9curit\u00e9 sociale<\/span><\/li><li><span style=\"color: #333333;\">Attestation de responsabilit\u00e9 civile ou scolaire couvrant la p\u00e9riode des vacances scolaires<\/span><\/li><li><span style=\"color: #333333;\">Copie de l&#8217;avis d&#8217;imposition 2025<\/span><\/li><li><span style=\"color: #333333;\">Copie du PAI (Projet d&#8217;Accueil Individualis\u00e9) pour maladie particuli\u00e8re ou allergie<\/span><\/li><\/ul><\/li><\/ul><\/li><\/ul><p><!--<\/p>\n<li><span style=\"color: #333333;\">Un test anti panique ou test d'aisance aquatique<\/span><\/li>\n<p>--><\/p><\/li><\/ul><p><!--<\/li>\n<li><span style=\"color: #333333;\">Autorisation de sortie de territoire d\u00fbment remplie et photocopie de la carte d'identit\u00e9 du parent signataire<\/span><\/li>\n<li style=\"list-style-type: none;\">--><\/p><p style=\"text-align: justify; color: #333333;\"><strong><u>Tranches de quotient familial (au 1<sup>er<\/sup> mai 2025)<br \/><\/u><\/strong>T1 : inf\u00e9rieur ou \u00e9gal \u00e0 499\u20ac | T2 : de 500\u20ac \u00e0 1000\u20ac | T3 : de 1001\u20ac \u00e0 3000\u20ac | T4 : sup\u00e9rieur \u00e0 3 000\u20ac<\/p><table><tbody><tr bgcolor=\"green\"><td style=\"color: white; text-align: center;\" colspan=\"5\"><big><strong>Tarifs des Accueils de Loisirs Sans H\u00e9bergement <!--pour les petites vacances scolaires---><\/strong><\/big><\/td><\/tr><tr bgcolor=\"DarkSeaGreen\"><td style=\"color: #ffffff; text-align: center;\" colspan=\"5\"><small><i>(Tarif par jeune et par journ\u00e9e applicable au 01\/05\/2022, repas du midi inclus, hors garderie)<\/i><\/small><\/td><\/tr><tr bgcolor=\"DarkSeaGreen\"><td style=\"color: #ffffff; text-align: left;\" colspan=\"5\"><u><strong>Famille Thiantaise :<\/strong><\/u><\/td><\/tr><tr bgcolor=\"DarkSeaGreen\"><td style=\"color: #ffffff; text-align: left;\">\u00a0<\/td><td style=\"color: #ffffff; text-align: center;\">T1<\/td><td style=\"color: #ffffff; text-align: center;\">T2<\/td><td style=\"color: #ffffff; text-align: center;\">T3<\/td><td style=\"color: #ffffff; text-align: center;\">T4<\/td><\/tr><tr bgcolor=\"DarkSeaGreen\"><td style=\"color: #ffffff; text-align: right;\">Par enfant :<\/td><td style=\"color: #ffffff; text-align: center;\">4\u20ac<\/td><td style=\"color: #ffffff; text-align: center;\">6\u20ac<\/td><td style=\"color: #ffffff; text-align: center;\">8\u20ac<\/td><td style=\"color: #ffffff; text-align: center;\">10\u20ac<\/td><\/tr><tr bgcolor=\"DarkSeaGreen\"><td style=\"color: #ffffff; text-align: left;\" colspan=\"5\"><u><strong>Famille non Thiantaise :<\/strong><\/u> 20\u20ac par enfant et par jour<\/td><\/tr><\/tbody><\/table><\/li><\/ul><\/li><\/ul>\t\t\t\t\t\t\t\t<\/div>\n\t\t\t\t<\/div>\n\t\t\t\t\t<\/div>\n\t\t<\/div>\n\t\t\t\t\t<\/div>\n\t\t<\/section>\n\t\t\t\t<section class=\"elementor-section elementor-top-section elementor-element elementor-element-cf79ed7 elementor-section-boxed elementor-section-height-default elementor-section-height-default\" data-id=\"cf79ed7\" data-element_type=\"section\" data-e-type=\"section\" data-settings=\"{&quot;background_background&quot;:&quot;classic&quot;}\">\n\t\t\t\t\t\t<div class=\"elementor-container elementor-column-gap-default\">\n\t\t\t\t\t<div class=\"elementor-column elementor-col-100 elementor-top-column elementor-element elementor-element-a412989\" data-id=\"a412989\" data-element_type=\"column\" data-e-type=\"column\" data-settings=\"{&quot;background_background&quot;:&quot;classic&quot;}\">\n\t\t\t<div class=\"elementor-widget-wrap elementor-element-populated\">\n\t\t\t\t\t\t<div class=\"elementor-element elementor-element-1416634 elementor-widget elementor-widget-heading\" data-id=\"1416634\" data-element_type=\"widget\" data-e-type=\"widget\" data-widget_type=\"heading.default\">\n\t\t\t\t<div class=\"elementor-widget-container\">\n\t\t\t\t\t<h2 class=\"elementor-heading-title elementor-size-default\">Accueil de Loisirs Sans H\u00e9bergement (ALSH)<\/h2>\t\t\t\t<\/div>\n\t\t\t\t<\/div>\n\t\t\t\t\t<\/div>\n\t\t<\/div>\n\t\t\t\t\t<\/div>\n\t\t<\/section>\n\t\t\t\t<section class=\"elementor-section elementor-top-section elementor-element elementor-element-91a2678 elementor-section-boxed elementor-section-height-default elementor-section-height-default\" data-id=\"91a2678\" data-element_type=\"section\" data-e-type=\"section\">\n\t\t\t\t\t\t<div class=\"elementor-container elementor-column-gap-default\">\n\t\t\t\t\t<div class=\"elementor-column elementor-col-100 elementor-top-column elementor-element elementor-element-bfa7091\" data-id=\"bfa7091\" data-element_type=\"column\" data-e-type=\"column\">\n\t\t\t<div class=\"elementor-widget-wrap elementor-element-populated\">\n\t\t\t\t\t\t<div class=\"elementor-element elementor-element-e77c345 elementor-widget elementor-widget-text-editor\" data-id=\"e77c345\" data-element_type=\"widget\" data-e-type=\"widget\" data-widget_type=\"text-editor.default\">\n\t\t\t\t<div class=\"elementor-widget-container\">\n\t\t\t\t\t\t\t\t\t<h6 style=\"text-align: center\"><span style=\"color: #008000\"><strong>Les accueils de loisirs de Thiant sont organis\u00e9s en trois structures. Ils fonctionnent durant le mois de juillet toute la journ\u00e9e (de 9h \u00e0 17h)\u00a0:<\/strong><\/span><\/h6>\t\t\t\t\t\t\t\t<\/div>\n\t\t\t\t<\/div>\n\t\t\t\t\t<\/div>\n\t\t<\/div>\n\t\t\t\t\t<\/div>\n\t\t<\/section>\n\t\t\t\t<section class=\"elementor-section elementor-top-section elementor-element elementor-element-624a594 elementor-section-boxed elementor-section-height-default elementor-section-height-default\" data-id=\"624a594\" data-element_type=\"section\" data-e-type=\"section\">\n\t\t\t\t\t\t<div class=\"elementor-container elementor-column-gap-default\">\n\t\t\t\t\t<div class=\"elementor-column elementor-col-50 elementor-top-column elementor-element elementor-element-1481474\" data-id=\"1481474\" data-element_type=\"column\" data-e-type=\"column\">\n\t\t\t<div class=\"elementor-widget-wrap elementor-element-populated\">\n\t\t\t\t\t\t<div class=\"elementor-element elementor-element-c5687c4 elementor-widget elementor-widget-text-editor\" data-id=\"c5687c4\" data-element_type=\"widget\" data-e-type=\"widget\" data-widget_type=\"text-editor.default\">\n\t\t\t\t<div class=\"elementor-widget-container\">\n\t\t\t\t\t\t\t\t\t<h5><span style=\"color: #000080;\">\u25ba L&#8217;accueil de loisirs &#8220;petite enfance&#8221;<\/span><\/h5><ul><li><span style=\"color: #333333;\">Pour les enfants scolaris\u00e9s en maternelle<\/span><\/li><li><span style=\"color: #333333;\"><strong>Directrice\u00a0:<\/strong> Audrey Bogaarts<\/span><\/li><li><span style=\"color: #333333;\"><strong>Lieux\u00a0:<\/strong><\/span><span style=\"color: #008000;\"> <a style=\"color: #008000;\" href=\"https:\/\/goo.gl\/maps\/uZeKXPxgXyFxBzU1A\" target=\"_blank\" rel=\"noopener\">Groupe Scolaire Gustave Ansart, Rue Lucien Gustin<\/a><\/span><\/li><\/ul><h5><span style=\"color: #000080;\">\u25ba L&#8217;accueil de loisirs &#8220;\u00e9l\u00e9mentaire&#8221;<\/span><\/h5><ul><li><span style=\"color: #333333;\">Pour les enfants scolaris\u00e9s en \u00e9l\u00e9mentaire<\/span><\/li><li><span style=\"color: #333333;\"><strong>Directeur\u00a0:<\/strong> Fernando De Jesus Soares<\/span><\/li><li><span style=\"color: #333333;\"><strong>Lieu\u00a0:<\/strong> <\/span><a href=\"https:\/\/goo.gl\/maps\/77uYydXGCCL8BedW7\" target=\"_blank\" rel=\"noopener\"><span style=\"color: #008000;\">Salle de l\u2019enfance, 12 rue Anatole France.<\/span><\/a><\/li><\/ul><h5><span style=\"color: #000080;\">\u25ba L&#8217;accueil de loisirs &#8220;ados&#8221;<\/span><\/h5><ul><li><span style=\"color: #333333;\">Pour les enfants \u00e2g\u00e9s de 15 \u00e0 17 ans<\/span><\/li><li><span style=\"color: #333333;\"><strong>Directrice :<\/strong> Laurine Wepierre<\/span><\/li><li><span style=\"color: #333333;\"><strong>Lieux\u00a0:<\/strong> <\/span><a href=\"https:\/\/goo.gl\/maps\/nEtGw3UK4ob1MNba7\" target=\"_blank\" rel=\"noopener\"><span style=\"color: #008000;\">Salle des sports Gustave Ansart, Rue Lucien Gustin.<\/span><\/a><\/li><\/ul><p>\u200b<\/p>\t\t\t\t\t\t\t\t<\/div>\n\t\t\t\t<\/div>\n\t\t\t\t\t<\/div>\n\t\t<\/div>\n\t\t\t\t<div class=\"elementor-column elementor-col-50 elementor-top-column elementor-element elementor-element-5367ab9\" data-id=\"5367ab9\" data-element_type=\"column\" data-e-type=\"column\">\n\t\t\t<div class=\"elementor-widget-wrap elementor-element-populated\">\n\t\t\t\t\t\t<div class=\"elementor-element elementor-element-2da0589 elementor-widget elementor-widget-image-gallery\" data-id=\"2da0589\" data-element_type=\"widget\" data-e-type=\"widget\" data-widget_type=\"image-gallery.default\">\n\t\t\t\t<div class=\"elementor-widget-container\">\n\t\t\t\t\t\t\t<div class=\"elementor-image-gallery\">\n\t\t\t<div id='gallery-1' class='gallery galleryid-36 gallery-columns-2 gallery-size-medium'><figure class='gallery-item'>\n\t\t\t<div class='gallery-icon landscape'>\n\t\t\t\t<a data-elementor-open-lightbox=\"yes\" data-elementor-lightbox-slideshow=\"2da0589\" data-elementor-lightbox-title=\"ALSH_01\" data-e-action-hash=\"#elementor-action%3Aaction%3Dlightbox%26settings%3DeyJpZCI6NDkzLCJ1cmwiOiJodHRwczpcL1wvdGhpYW50LmZyXC93b3JkcHJlc3NcL2pldW5lc3NlXC93cC1jb250ZW50XC91cGxvYWRzXC9zaXRlc1wvMlwvMjAyMFwvMDlcL0FMU0hfMDEuanBnIiwic2xpZGVzaG93IjoiMmRhMDU4OSJ9\" href='https:\/\/thiant.fr\/wordpress\/jeunesse\/wp-content\/uploads\/sites\/2\/2020\/09\/ALSH_01.jpg'><img loading=\"lazy\" decoding=\"async\" width=\"300\" height=\"169\" src=\"https:\/\/thiant.fr\/wordpress\/jeunesse\/wp-content\/uploads\/sites\/2\/2020\/09\/ALSH_01-300x169.jpg\" class=\"attachment-medium size-medium\" alt=\"\" srcset=\"https:\/\/thiant.fr\/wordpress\/jeunesse\/wp-content\/uploads\/sites\/2\/2020\/09\/ALSH_01-300x169.jpg.webp 300w, https:\/\/thiant.fr\/wordpress\/jeunesse\/wp-content\/uploads\/sites\/2\/2020\/09\/ALSH_01-768x433.jpg.webp 768w, https:\/\/thiant.fr\/wordpress\/jeunesse\/wp-content\/uploads\/sites\/2\/2020\/09\/ALSH_01.jpg 783w\" sizes=\"(max-width: 300px) 100vw, 300px\" \/><\/a>\n\t\t\t<\/div><\/figure><figure class='gallery-item'>\n\t\t\t<div class='gallery-icon landscape'>\n\t\t\t\t<a data-elementor-open-lightbox=\"yes\" data-elementor-lightbox-slideshow=\"2da0589\" data-elementor-lightbox-title=\"ALSH_02\" data-e-action-hash=\"#elementor-action%3Aaction%3Dlightbox%26settings%3DeyJpZCI6NDk0LCJ1cmwiOiJodHRwczpcL1wvdGhpYW50LmZyXC93b3JkcHJlc3NcL2pldW5lc3NlXC93cC1jb250ZW50XC91cGxvYWRzXC9zaXRlc1wvMlwvMjAyMFwvMDlcL0FMU0hfMDIuanBnIiwic2xpZGVzaG93IjoiMmRhMDU4OSJ9\" href='https:\/\/thiant.fr\/wordpress\/jeunesse\/wp-content\/uploads\/sites\/2\/2020\/09\/ALSH_02.jpg'><img loading=\"lazy\" decoding=\"async\" width=\"300\" height=\"200\" src=\"https:\/\/thiant.fr\/wordpress\/jeunesse\/wp-content\/uploads\/sites\/2\/2020\/09\/ALSH_02-300x200.jpg\" class=\"attachment-medium size-medium\" alt=\"\" srcset=\"https:\/\/thiant.fr\/wordpress\/jeunesse\/wp-content\/uploads\/sites\/2\/2020\/09\/ALSH_02-300x200.jpg.webp 300w, https:\/\/thiant.fr\/wordpress\/jeunesse\/wp-content\/uploads\/sites\/2\/2020\/09\/ALSH_02.jpg.webp 492w\" sizes=\"(max-width: 300px) 100vw, 300px\" \/><\/a>\n\t\t\t<\/div><\/figure><figure class='gallery-item'>\n\t\t\t<div class='gallery-icon landscape'>\n\t\t\t\t<a data-elementor-open-lightbox=\"yes\" data-elementor-lightbox-slideshow=\"2da0589\" data-elementor-lightbox-title=\"ALSH_03\" data-e-action-hash=\"#elementor-action%3Aaction%3Dlightbox%26settings%3DeyJpZCI6NDk1LCJ1cmwiOiJodHRwczpcL1wvdGhpYW50LmZyXC93b3JkcHJlc3NcL2pldW5lc3NlXC93cC1jb250ZW50XC91cGxvYWRzXC9zaXRlc1wvMlwvMjAyMFwvMDlcL0FMU0hfMDMuanBnIiwic2xpZGVzaG93IjoiMmRhMDU4OSJ9\" href='https:\/\/thiant.fr\/wordpress\/jeunesse\/wp-content\/uploads\/sites\/2\/2020\/09\/ALSH_03.jpg'><img loading=\"lazy\" decoding=\"async\" width=\"300\" height=\"225\" src=\"https:\/\/thiant.fr\/wordpress\/jeunesse\/wp-content\/uploads\/sites\/2\/2020\/09\/ALSH_03-300x225.jpg\" class=\"attachment-medium size-medium\" alt=\"\" srcset=\"https:\/\/thiant.fr\/wordpress\/jeunesse\/wp-content\/uploads\/sites\/2\/2020\/09\/ALSH_03-300x225.jpg.webp 300w, https:\/\/thiant.fr\/wordpress\/jeunesse\/wp-content\/uploads\/sites\/2\/2020\/09\/ALSH_03.jpg 492w\" sizes=\"(max-width: 300px) 100vw, 300px\" \/><\/a>\n\t\t\t<\/div><\/figure><figure class='gallery-item'>\n\t\t\t<div class='gallery-icon landscape'>\n\t\t\t\t<a data-elementor-open-lightbox=\"yes\" data-elementor-lightbox-slideshow=\"2da0589\" data-elementor-lightbox-title=\"ALSH_04\" data-e-action-hash=\"#elementor-action%3Aaction%3Dlightbox%26settings%3DeyJpZCI6NDk2LCJ1cmwiOiJodHRwczpcL1wvdGhpYW50LmZyXC93b3JkcHJlc3NcL2pldW5lc3NlXC93cC1jb250ZW50XC91cGxvYWRzXC9zaXRlc1wvMlwvMjAyMFwvMDlcL0FMU0hfMDQuanBnIiwic2xpZGVzaG93IjoiMmRhMDU4OSJ9\" href='https:\/\/thiant.fr\/wordpress\/jeunesse\/wp-content\/uploads\/sites\/2\/2020\/09\/ALSH_04.jpg'><img loading=\"lazy\" decoding=\"async\" width=\"276\" height=\"207\" src=\"https:\/\/thiant.fr\/wordpress\/jeunesse\/wp-content\/uploads\/sites\/2\/2020\/09\/ALSH_04.jpg\" class=\"attachment-medium size-medium\" alt=\"\" \/><\/a>\n\t\t\t<\/div><\/figure>\n\t\t<\/div>\n\t\t<\/div>\n\t\t\t\t\t\t<\/div>\n\t\t\t\t<\/div>\n\t\t\t\t<div class=\"elementor-element elementor-element-1df07a2 elementor-widget elementor-widget-image\" data-id=\"1df07a2\" data-element_type=\"widget\" data-e-type=\"widget\" data-widget_type=\"image.default\">\n\t\t\t\t<div class=\"elementor-widget-container\">\n\t\t\t\t\t\t\t\t\t\t\t\t\t\t\t<img loading=\"lazy\" decoding=\"async\" width=\"300\" height=\"227\" src=\"https:\/\/thiant.fr\/wordpress\/jeunesse\/wp-content\/uploads\/sites\/2\/2020\/05\/logo_ALSH-300x227.jpg\" class=\"attachment-medium size-medium wp-image-419\" alt=\"\" srcset=\"https:\/\/thiant.fr\/wordpress\/jeunesse\/wp-content\/uploads\/sites\/2\/2020\/05\/logo_ALSH-300x227.jpg.webp 300w, https:\/\/thiant.fr\/wordpress\/jeunesse\/wp-content\/uploads\/sites\/2\/2020\/05\/logo_ALSH.jpg.webp 502w\" sizes=\"(max-width: 300px) 100vw, 300px\" \/>\t\t\t\t\t\t\t\t\t\t\t\t\t\t\t<\/div>\n\t\t\t\t<\/div>\n\t\t\t\t\t<\/div>\n\t\t<\/div>\n\t\t\t\t\t<\/div>\n\t\t<\/section>\n\t\t\t\t<section class=\"elementor-section elementor-top-section elementor-element elementor-element-bf05e84 elementor-section-boxed elementor-section-height-default elementor-section-height-default\" data-id=\"bf05e84\" data-element_type=\"section\" data-e-type=\"section\">\n\t\t\t\t\t\t<div class=\"elementor-container elementor-column-gap-default\">\n\t\t\t\t\t<div class=\"elementor-column elementor-col-100 elementor-top-column elementor-element elementor-element-aa19fe3\" data-id=\"aa19fe3\" data-element_type=\"column\" data-e-type=\"column\">\n\t\t\t<div class=\"elementor-widget-wrap elementor-element-populated\">\n\t\t\t\t\t\t<div class=\"elementor-element elementor-element-e375f9d elementor-widget elementor-widget-text-editor\" data-id=\"e375f9d\" data-element_type=\"widget\" data-e-type=\"widget\" data-widget_type=\"text-editor.default\">\n\t\t\t\t<div class=\"elementor-widget-container\">\n\t\t\t\t\t\t\t\t\t<p><span style=\"color: #000080;\"><strong>Informations compl\u00e9mentaires\u00a0:<\/strong><\/span><\/p><p><span style=\"color: #000080;\">Le repas du midi et le go\u00fbter sont pris en charge par la structure. Une garderie est propos\u00e9e \u00e0 partir de 7h30 le matin et jusque 18h le soir. Elle est r\u00e9serv\u00e9e prioritairement aux parents qui travaillent et est au m\u00eame tarif que durant l\u2019ann\u00e9e scolaire. Les animateurs et animatrices des A.L.S.H. participent aux d\u00e9placements des enfants vers les diff\u00e9rents accueils.<\/span><\/p>\t\t\t\t\t\t\t\t<\/div>\n\t\t\t\t<\/div>\n\t\t\t\t\t<\/div>\n\t\t<\/div>\n\t\t\t\t\t<\/div>\n\t\t<\/section>\n\t\t\t\t<section class=\"elementor-section elementor-top-section elementor-element elementor-element-79ce3d3 elementor-section-boxed elementor-section-height-default elementor-section-height-default\" data-id=\"79ce3d3\" data-element_type=\"section\" data-e-type=\"section\" data-settings=\"{&quot;background_background&quot;:&quot;classic&quot;}\">\n\t\t\t\t\t\t<div class=\"elementor-container elementor-column-gap-default\">\n\t\t\t\t\t<div class=\"elementor-column elementor-col-100 elementor-top-column elementor-element elementor-element-339e71b\" data-id=\"339e71b\" data-element_type=\"column\" data-e-type=\"column\">\n\t\t\t<div class=\"elementor-widget-wrap elementor-element-populated\">\n\t\t\t\t\t\t<div class=\"elementor-element elementor-element-63ab940 elementor-widget elementor-widget-heading\" data-id=\"63ab940\" data-element_type=\"widget\" data-e-type=\"widget\" data-widget_type=\"heading.default\">\n\t\t\t\t<div class=\"elementor-widget-container\">\n\t\t\t\t\t<h2 class=\"elementor-heading-title elementor-size-default\">Thiant Petites vacances scolaires<\/h2>\t\t\t\t<\/div>\n\t\t\t\t<\/div>\n\t\t\t\t\t<\/div>\n\t\t<\/div>\n\t\t\t\t\t<\/div>\n\t\t<\/section>\n\t\t\t\t<section class=\"elementor-section elementor-top-section elementor-element elementor-element-1424898 elementor-section-boxed elementor-section-height-default elementor-section-height-default\" data-id=\"1424898\" data-element_type=\"section\" data-e-type=\"section\">\n\t\t\t\t\t\t<div class=\"elementor-container elementor-column-gap-default\">\n\t\t\t\t\t<div class=\"elementor-column elementor-col-100 elementor-top-column elementor-element elementor-element-8128a7e\" data-id=\"8128a7e\" data-element_type=\"column\" data-e-type=\"column\">\n\t\t\t<div class=\"elementor-widget-wrap elementor-element-populated\">\n\t\t\t\t\t\t<div class=\"elementor-element elementor-element-972552b elementor-widget elementor-widget-text-editor\" data-id=\"972552b\" data-element_type=\"widget\" data-e-type=\"widget\" data-widget_type=\"text-editor.default\">\n\t\t\t\t<div class=\"elementor-widget-container\">\n\t\t\t\t\t\t\t\t\t<h6 style=\"text-align: center;\"><span style=\"color: #008000;\"><strong>L&#8217;accueil des enfants de 3 \u00e0 14 ans pendant les petites vacances scolaires. Ils fonctionnent toute la journ\u00e9e (9h &#8211; 17h)<\/strong><\/span><\/h6><p><strong><span style=\"color: #333333;\">Direction :<\/span><\/strong>\u00a0 <span style=\"color: #333333;\">Audrey Bogaarts<\/span><\/p><p><span style=\"color: #333333;\">C\u2019est un accueil de loisirs proposant un programme d\u2019animations vari\u00e9es et adapt\u00e9es aux \u00e2ges des enfants. Ils sont encadr\u00e9s par une \u00e9quipe d\u2019animateurs dipl\u00f4m\u00e9s.<\/span><\/p><ul><li><strong><span style=\"color: #333333;\">Ouverture : <\/span><\/strong><span style=\"color: #333333;\">Pendant les petites vacances scolaires (9h <\/span><span style=\"color: #333333;\">\u00e0 17h)<\/span><\/li><li><span style=\"color: #333333;\"><strong>Lieux\u00a0:<\/strong><\/span> <a href=\"https:\/\/goo.gl\/maps\/uZeKXPxgXyFxBzU1A\" target=\"_blank\" rel=\"noopener\">Au Groupe Scolaire Gustave Ansart<\/a><\/li><li><span style=\"color: #333333;\"><strong>Garderie :<\/strong> entre 7h30 et 9h et entre 17h et 18h (non comprise, paiement \u00e0 posteriori suivant la fr\u00e9quentation de l&#8217;enfant)<\/span><\/li><li><span style=\"color: #333333;\"><strong>Restauration :<\/strong> le repas du midi et le go\u00fbter sont inclus<\/span><\/li><\/ul><p style=\"text-align: center;\"><span style=\"color: #333333;\"><strong>Contact\u00a0:<\/strong><\/span> <span style=\"text-decoration: underline;\"><span style=\"color: #808080; text-decoration: underline;\"><span style=\"color: #000080; text-decoration: underline;\">Audrey Bogaarts<\/span><\/span><\/span><\/p><p style=\"text-align: center;\"><span style=\"color: #333333;\">Tel.<\/span> <strong><span style=\"color: #000080;\">03 27 24 59 40<\/span><\/strong><\/p>\t\t\t\t\t\t\t\t<\/div>\n\t\t\t\t<\/div>\n\t\t\t\t\t<\/div>\n\t\t<\/div>\n\t\t\t\t\t<\/div>\n\t\t<\/section>\n\t\t\t\t<section class=\"elementor-section elementor-top-section elementor-element elementor-element-55bd55e elementor-section-full_width elementor-section-content-top elementor-section-height-default elementor-section-height-default\" data-id=\"55bd55e\" data-element_type=\"section\" data-e-type=\"section\">\n\t\t\t\t\t\t<div class=\"elementor-container elementor-column-gap-default\">\n\t\t\t\t\t<div class=\"elementor-column elementor-col-100 elementor-top-column elementor-element elementor-element-a398dd9\" data-id=\"a398dd9\" data-element_type=\"column\" data-e-type=\"column\">\n\t\t\t<div class=\"elementor-widget-wrap elementor-element-populated\">\n\t\t\t\t\t\t<div class=\"elementor-element elementor-element-2071332 elementor-widget elementor-widget-video\" data-id=\"2071332\" data-element_type=\"widget\" data-e-type=\"widget\" data-settings=\"{&quot;video_type&quot;:&quot;hosted&quot;,&quot;controls&quot;:&quot;yes&quot;}\" data-widget_type=\"video.default\">\n\t\t\t\t<div class=\"elementor-widget-container\">\n\t\t\t\t\t\t\t<div class=\"e-hosted-video elementor-wrapper elementor-open-inline\">\n\t\t\t\t\t<video class=\"elementor-video\" src=\"https:\/\/thiant.fr\/wordpress\/jeunesse\/wp-content\/uploads\/sites\/2\/2023\/08\/Groupe-OceaneNoemie_2.mp4\" controls=\"\" preload=\"metadata\" controlsList=\"nodownload\"><\/video>\n\t\t\t\t<\/div>\n\t\t\t\t\t\t<\/div>\n\t\t\t\t<\/div>\n\t\t\t\t<div class=\"elementor-element elementor-element-fdbbb7d elementor-widget elementor-widget-text-editor\" data-id=\"fdbbb7d\" data-element_type=\"widget\" data-e-type=\"widget\" data-widget_type=\"text-editor.default\">\n\t\t\t\t<div class=\"elementor-widget-container\">\n\t\t\t\t\t\t\t\t\t<p style=\"text-align: center;\"><span style=\"color: #197600;\"><strong>Danse du groupe de Oc\u00e9ane et No\u00e9mie<\/strong>, <\/span><span style=\"color: #197600;\">Sous l&#8217;oc\u00e9an (la petite sir\u00e8ne, Walt Disney Compagny) juillet 2021<\/span><\/p>\t\t\t\t\t\t\t\t<\/div>\n\t\t\t\t<\/div>\n\t\t\t\t\t<\/div>\n\t\t<\/div>\n\t\t\t\t\t<\/div>\n\t\t<\/section>\n\t\t\t\t<section class=\"elementor-section elementor-top-section elementor-element elementor-element-9e13579 elementor-section-full_width elementor-section-content-top elementor-section-height-default elementor-section-height-default\" data-id=\"9e13579\" data-element_type=\"section\" data-e-type=\"section\">\n\t\t\t\t\t\t<div class=\"elementor-container elementor-column-gap-default\">\n\t\t\t\t\t<div class=\"elementor-column elementor-col-100 elementor-top-column elementor-element elementor-element-594de1c\" data-id=\"594de1c\" data-element_type=\"column\" data-e-type=\"column\">\n\t\t\t<div class=\"elementor-widget-wrap elementor-element-populated\">\n\t\t\t\t\t\t<div class=\"elementor-element elementor-element-8c768b0 elementor-widget elementor-widget-video\" data-id=\"8c768b0\" data-element_type=\"widget\" data-e-type=\"widget\" data-settings=\"{&quot;video_type&quot;:&quot;hosted&quot;,&quot;controls&quot;:&quot;yes&quot;}\" data-widget_type=\"video.default\">\n\t\t\t\t<div class=\"elementor-widget-container\">\n\t\t\t\t\t\t\t<div class=\"e-hosted-video elementor-wrapper elementor-open-inline\">\n\t\t\t\t\t<video class=\"elementor-video\" src=\"https:\/\/thiant.fr\/wordpress\/jeunesse\/wp-content\/uploads\/sites\/2\/2023\/08\/Groupe-OphelieAima_2.mp4\" controls=\"\" preload=\"metadata\" controlsList=\"nodownload\"><\/video>\n\t\t\t\t<\/div>\n\t\t\t\t\t\t<\/div>\n\t\t\t\t<\/div>\n\t\t\t\t<div class=\"elementor-element elementor-element-9701718 elementor-widget elementor-widget-text-editor\" data-id=\"9701718\" data-element_type=\"widget\" data-e-type=\"widget\" data-widget_type=\"text-editor.default\">\n\t\t\t\t<div class=\"elementor-widget-container\">\n\t\t\t\t\t\t\t\t\t<p><span style=\"color: #197600\"><strong>Danse du groupe de Oph\u00e9lie et A\u00efma<\/strong>, Iko Iko (My bestie) feat. Small Jam (Justin Wellington) Juillet 2021<\/span><\/p>\t\t\t\t\t\t\t\t<\/div>\n\t\t\t\t<\/div>\n\t\t\t\t\t<\/div>\n\t\t<\/div>\n\t\t\t\t\t<\/div>\n\t\t<\/section>\n\t\t\t\t<section class=\"elementor-section elementor-top-section elementor-element elementor-element-47417ff elementor-section-content-top elementor-section-boxed elementor-section-height-default elementor-section-height-default\" data-id=\"47417ff\" data-element_type=\"section\" data-e-type=\"section\">\n\t\t\t\t\t\t<div class=\"elementor-container elementor-column-gap-default\">\n\t\t\t\t\t<div class=\"elementor-column elementor-col-100 elementor-top-column elementor-element elementor-element-ae2f30f\" data-id=\"ae2f30f\" data-element_type=\"column\" data-e-type=\"column\">\n\t\t\t<div class=\"elementor-widget-wrap elementor-element-populated\">\n\t\t\t\t\t\t<div class=\"elementor-element elementor-element-67bc25d elementor-widget elementor-widget-video\" data-id=\"67bc25d\" data-element_type=\"widget\" data-e-type=\"widget\" data-settings=\"{&quot;video_type&quot;:&quot;hosted&quot;,&quot;controls&quot;:&quot;yes&quot;}\" data-widget_type=\"video.default\">\n\t\t\t\t<div class=\"elementor-widget-container\">\n\t\t\t\t\t\t\t<div class=\"e-hosted-video elementor-wrapper elementor-open-inline\">\n\t\t\t\t\t<video class=\"elementor-video\" src=\"https:\/\/thiant.fr\/wordpress\/jeunesse\/wp-content\/uploads\/sites\/2\/2023\/08\/Tous-les-moins-de-six-ans_2.mp4\" controls=\"\" preload=\"metadata\" controlsList=\"nodownload\"><\/video>\n\t\t\t\t<\/div>\n\t\t\t\t\t\t<\/div>\n\t\t\t\t<\/div>\n\t\t\t\t<div class=\"elementor-element elementor-element-d87a07a elementor-widget elementor-widget-text-editor\" data-id=\"d87a07a\" data-element_type=\"widget\" data-e-type=\"widget\" data-widget_type=\"text-editor.default\">\n\t\t\t\t<div class=\"elementor-widget-container\">\n\t\t\t\t\t\t\t\t\t<p style=\"text-align: center\"><span style=\"color: #197600\"><strong>Danse de tous les moins de 6 ans<\/strong>, Dancing Monkey, juillet 2021<\/span><\/p>\t\t\t\t\t\t\t\t<\/div>\n\t\t\t\t<\/div>\n\t\t\t\t\t<\/div>\n\t\t<\/div>\n\t\t\t\t\t<\/div>\n\t\t<\/section>\n\t\t\t\t<section class=\"elementor-section elementor-top-section elementor-element elementor-element-54ba7cd elementor-section-full_width elementor-section-height-default elementor-section-height-default\" data-id=\"54ba7cd\" data-element_type=\"section\" data-e-type=\"section\">\n\t\t\t\t\t\t<div class=\"elementor-container elementor-column-gap-default\">\n\t\t\t\t\t<div class=\"elementor-column elementor-col-100 elementor-top-column elementor-element elementor-element-6ee1c86\" data-id=\"6ee1c86\" data-element_type=\"column\" data-e-type=\"column\">\n\t\t\t<div class=\"elementor-widget-wrap elementor-element-populated\">\n\t\t\t\t\t\t<div class=\"elementor-element elementor-element-01ff204 elementor-widget__width-inherit elementor-widget elementor-widget-video\" data-id=\"01ff204\" data-element_type=\"widget\" data-e-type=\"widget\" data-settings=\"{&quot;video_type&quot;:&quot;hosted&quot;,&quot;controls&quot;:&quot;yes&quot;}\" data-widget_type=\"video.default\">\n\t\t\t\t<div class=\"elementor-widget-container\">\n\t\t\t\t\t\t\t<div class=\"e-hosted-video elementor-wrapper elementor-open-inline\">\n\t\t\t\t\t<video class=\"elementor-video\" src=\"https:\/\/thiant.fr\/wordpress\/jeunesse\/wp-content\/uploads\/sites\/2\/2020\/09\/Danse-des-moins-de-6-ans-ALSH-072020_RS1.mp4\" controls=\"\" preload=\"metadata\" controlsList=\"nodownload\"><\/video>\n\t\t\t\t<\/div>\n\t\t\t\t\t\t<\/div>\n\t\t\t\t<\/div>\n\t\t\t\t<div class=\"elementor-element elementor-element-b186ffe elementor-widget elementor-widget-text-editor\" data-id=\"b186ffe\" data-element_type=\"widget\" data-e-type=\"widget\" data-widget_type=\"text-editor.default\">\n\t\t\t\t<div class=\"elementor-widget-container\">\n\t\t\t\t\t\t\t\t\t<p><span style=\"color: #197600\"><strong>Danse des moins de 6 ans<\/strong>, Jerusalema (Master KG ft Nomcebo) Juillet 2020<\/span><\/p>\t\t\t\t\t\t\t\t<\/div>\n\t\t\t\t<\/div>\n\t\t\t\t\t<\/div>\n\t\t<\/div>\n\t\t\t\t\t<\/div>\n\t\t<\/section>\n\t\t\t\t<\/div>\n\t\t","protected":false},"excerpt":{"rendered":"<p>Vous pouvez consulter le menu des repas servis pendant l&#8217;accueil de loisirs des vacances de printemps (du 13.04 au 24.04.2026) en cliquant sur l&#8217;image ci-dessus ou en cliquant ici. ALSH D\u2019\u00c9T\u00c9 2026 Du 6 au 30 JUILLET \u00e0 la journ\u00e9e (de 9h \u00e0 17h) (repas du midi inclus) Inscriptions du lundi 27 AVRIL au dimanche [&hellip;]<\/p>\n","protected":false},"author":1,"featured_media":0,"parent":0,"menu_order":0,"comment_status":"closed","ping_status":"closed","template":"","meta":{"_crdt_document":"","ocean_post_layout":"","ocean_both_sidebars_style":"","ocean_both_sidebars_content_width":0,"ocean_both_sidebars_sidebars_width":0,"ocean_sidebar":"0","ocean_second_sidebar":"0","ocean_disable_margins":"enable","ocean_add_body_class":"","ocean_shortcode_before_top_bar":"","ocean_shortcode_after_top_bar":"","ocean_shortcode_before_header":"","ocean_shortcode_after_header":"","ocean_has_shortcode":"","ocean_shortcode_after_title":"","ocean_shortcode_before_footer_widgets":"","ocean_shortcode_after_footer_widgets":"","ocean_shortcode_before_footer_bottom":"","ocean_shortcode_after_footer_bottom":"","ocean_display_top_bar":"default","ocean_display_header":"default","ocean_header_style":"","ocean_center_header_left_menu":"0","ocean_custom_header_template":"0","ocean_custom_logo":0,"ocean_custom_retina_logo":0,"ocean_custom_logo_max_width":0,"ocean_custom_logo_tablet_max_width":0,"ocean_custom_logo_mobile_max_width":0,"ocean_custom_logo_max_height":0,"ocean_custom_logo_tablet_max_height":0,"ocean_custom_logo_mobile_max_height":0,"ocean_header_custom_menu":"0","ocean_menu_typo_font_family":"0","ocean_menu_typo_font_subset":"","ocean_menu_typo_font_size":0,"ocean_menu_typo_font_size_tablet":0,"ocean_menu_typo_font_size_mobile":0,"ocean_menu_typo_font_size_unit":"px","ocean_menu_typo_font_weight":"","ocean_menu_typo_font_weight_tablet":"","ocean_menu_typo_font_weight_mobile":"","ocean_menu_typo_transform":"","ocean_menu_typo_transform_tablet":"","ocean_menu_typo_transform_mobile":"","ocean_menu_typo_line_height":0,"ocean_menu_typo_line_height_tablet":0,"ocean_menu_typo_line_height_mobile":0,"ocean_menu_typo_line_height_unit":"","ocean_menu_typo_spacing":0,"ocean_menu_typo_spacing_tablet":0,"ocean_menu_typo_spacing_mobile":0,"ocean_menu_typo_spacing_unit":"","ocean_menu_link_color":"","ocean_menu_link_color_hover":"","ocean_menu_link_color_active":"","ocean_menu_link_background":"","ocean_menu_link_hover_background":"","ocean_menu_link_active_background":"","ocean_menu_social_links_bg":"","ocean_menu_social_hover_links_bg":"","ocean_menu_social_links_color":"","ocean_menu_social_hover_links_color":"","ocean_disable_title":"default","ocean_disable_heading":"default","ocean_post_title":"","ocean_post_subheading":"","ocean_post_title_style":"","ocean_post_title_background_color":"","ocean_post_title_background":0,"ocean_post_title_bg_image_position":"","ocean_post_title_bg_image_attachment":"","ocean_post_title_bg_image_repeat":"","ocean_post_title_bg_image_size":"","ocean_post_title_height":0,"ocean_post_title_bg_overlay":0.5,"ocean_post_title_bg_overlay_color":"","ocean_disable_breadcrumbs":"default","ocean_breadcrumbs_color":"","ocean_breadcrumbs_separator_color":"","ocean_breadcrumbs_links_color":"","ocean_breadcrumbs_links_hover_color":"","ocean_display_footer_widgets":"default","ocean_display_footer_bottom":"default","ocean_custom_footer_template":"0","footnotes":""},"class_list":["post-36","page","type-page","status-publish","hentry","entry"],"yoast_head":"<!-- This site is optimized with the Yoast SEO plugin v27.3 - https:\/\/yoast.com\/product\/yoast-seo-wordpress\/ -->\n<title>A.L.S.H. - Espace jeunesse du site officiel de la Ville de Thiant<\/title>\n<meta name=\"description\" content=\"Les accueils de loisirs sans h\u00e9bergement pour les enfants de 3 \u00e0 17 ans. Toutes les informations, documents et plus.\" \/>\n<meta name=\"robots\" content=\"index, follow, max-snippet:-1, max-image-preview:large, max-video-preview:-1\" \/>\n<link rel=\"canonical\" href=\"https:\/\/thiant.fr\/wordpress\/jeunesse\/a-l-s-h\/\" \/>\n<meta property=\"og:locale\" content=\"fr_FR\" \/>\n<meta property=\"og:type\" content=\"article\" \/>\n<meta property=\"og:title\" content=\"A.L.S.H. - Espace jeunesse du site officiel de la Ville de Thiant\" \/>\n<meta property=\"og:description\" content=\"Les accueils de loisirs sans h\u00e9bergement pour les enfants de 3 \u00e0 17 ans. Toutes les informations, documents et plus.\" \/>\n<meta property=\"og:url\" content=\"https:\/\/thiant.fr\/wordpress\/jeunesse\/a-l-s-h\/\" \/>\n<meta property=\"og:site_name\" content=\"Espace jeunesse du site officiel de la Ville de Thiant\" \/>\n<meta property=\"article:publisher\" content=\"https:\/\/www.facebook.com\/commune.thiant.1\" \/>\n<meta property=\"article:modified_time\" content=\"2026-04-27T09:46:27+00:00\" \/>\n<meta property=\"og:image\" content=\"https:\/\/thiant.fr\/wordpress\/jeunesse\/wp-content\/uploads\/sites\/2\/2026\/04\/RESTAURATION-ALSH-2.png\" \/>\n<meta name=\"twitter:card\" content=\"summary_large_image\" \/>\n<meta name=\"twitter:label1\" content=\"Dur\u00e9e de lecture estim\u00e9e\" \/>\n\t<meta name=\"twitter:data1\" content=\"7 minutes\" \/>\n<script type=\"application\/ld+json\" class=\"yoast-schema-graph\">{\"@context\":\"https:\\\/\\\/schema.org\",\"@graph\":[{\"@type\":\"WebPage\",\"@id\":\"https:\\\/\\\/thiant.fr\\\/wordpress\\\/jeunesse\\\/a-l-s-h\\\/\",\"url\":\"https:\\\/\\\/thiant.fr\\\/wordpress\\\/jeunesse\\\/a-l-s-h\\\/\",\"name\":\"A.L.S.H. - Espace jeunesse du site officiel de la Ville de Thiant\",\"isPartOf\":{\"@id\":\"https:\\\/\\\/thiant.fr\\\/wordpress\\\/jeunesse\\\/#website\"},\"primaryImageOfPage\":{\"@id\":\"https:\\\/\\\/thiant.fr\\\/wordpress\\\/jeunesse\\\/a-l-s-h\\\/#primaryimage\"},\"image\":{\"@id\":\"https:\\\/\\\/thiant.fr\\\/wordpress\\\/jeunesse\\\/a-l-s-h\\\/#primaryimage\"},\"thumbnailUrl\":\"https:\\\/\\\/thiant.fr\\\/wordpress\\\/jeunesse\\\/wp-content\\\/uploads\\\/sites\\\/2\\\/2026\\\/04\\\/RESTAURATION-ALSH-2.png\",\"datePublished\":\"2019-08-23T15:02:17+00:00\",\"dateModified\":\"2026-04-27T09:46:27+00:00\",\"description\":\"Les accueils de loisirs sans h\u00e9bergement pour les enfants de 3 \u00e0 17 ans. Toutes les informations, documents et plus.\",\"breadcrumb\":{\"@id\":\"https:\\\/\\\/thiant.fr\\\/wordpress\\\/jeunesse\\\/a-l-s-h\\\/#breadcrumb\"},\"inLanguage\":\"fr-FR\",\"potentialAction\":[{\"@type\":\"ReadAction\",\"target\":[\"https:\\\/\\\/thiant.fr\\\/wordpress\\\/jeunesse\\\/a-l-s-h\\\/\"]}]},{\"@type\":\"ImageObject\",\"inLanguage\":\"fr-FR\",\"@id\":\"https:\\\/\\\/thiant.fr\\\/wordpress\\\/jeunesse\\\/a-l-s-h\\\/#primaryimage\",\"url\":\"https:\\\/\\\/thiant.fr\\\/wordpress\\\/jeunesse\\\/wp-content\\\/uploads\\\/sites\\\/2\\\/2026\\\/04\\\/RESTAURATION-ALSH-2.png\",\"contentUrl\":\"https:\\\/\\\/thiant.fr\\\/wordpress\\\/jeunesse\\\/wp-content\\\/uploads\\\/sites\\\/2\\\/2026\\\/04\\\/RESTAURATION-ALSH-2.png\",\"width\":800,\"height\":566},{\"@type\":\"BreadcrumbList\",\"@id\":\"https:\\\/\\\/thiant.fr\\\/wordpress\\\/jeunesse\\\/a-l-s-h\\\/#breadcrumb\",\"itemListElement\":[{\"@type\":\"ListItem\",\"position\":1,\"name\":\"Accueil\",\"item\":\"https:\\\/\\\/thiant.fr\\\/wordpress\\\/jeunesse\\\/\"},{\"@type\":\"ListItem\",\"position\":2,\"name\":\"A.L.S.H.\"}]},{\"@type\":\"WebSite\",\"@id\":\"https:\\\/\\\/thiant.fr\\\/wordpress\\\/jeunesse\\\/#website\",\"url\":\"https:\\\/\\\/thiant.fr\\\/wordpress\\\/jeunesse\\\/\",\"name\":\"Espace jeunesse du site officiel de la Ville de Thiant\",\"description\":\"\",\"publisher\":{\"@id\":\"https:\\\/\\\/thiant.fr\\\/wordpress\\\/jeunesse\\\/#organization\"},\"potentialAction\":[{\"@type\":\"SearchAction\",\"target\":{\"@type\":\"EntryPoint\",\"urlTemplate\":\"https:\\\/\\\/thiant.fr\\\/wordpress\\\/jeunesse\\\/?s={search_term_string}\"},\"query-input\":{\"@type\":\"PropertyValueSpecification\",\"valueRequired\":true,\"valueName\":\"search_term_string\"}}],\"inLanguage\":\"fr-FR\"},{\"@type\":\"Organization\",\"@id\":\"https:\\\/\\\/thiant.fr\\\/wordpress\\\/jeunesse\\\/#organization\",\"name\":\"Espace jeunesse du site officiel de la Ville de Thiant\",\"url\":\"https:\\\/\\\/thiant.fr\\\/wordpress\\\/jeunesse\\\/\",\"logo\":{\"@type\":\"ImageObject\",\"inLanguage\":\"fr-FR\",\"@id\":\"https:\\\/\\\/thiant.fr\\\/wordpress\\\/jeunesse\\\/#\\\/schema\\\/logo\\\/image\\\/\",\"url\":\"https:\\\/\\\/thiant.fr\\\/wordpress\\\/jeunesse\\\/wp-content\\\/uploads\\\/sites\\\/2\\\/2019\\\/10\\\/Logo_jeunesse_02-1.png\",\"contentUrl\":\"https:\\\/\\\/thiant.fr\\\/wordpress\\\/jeunesse\\\/wp-content\\\/uploads\\\/sites\\\/2\\\/2019\\\/10\\\/Logo_jeunesse_02-1.png\",\"width\":384,\"height\":203,\"caption\":\"Espace jeunesse du site officiel de la Ville de Thiant\"},\"image\":{\"@id\":\"https:\\\/\\\/thiant.fr\\\/wordpress\\\/jeunesse\\\/#\\\/schema\\\/logo\\\/image\\\/\"},\"sameAs\":[\"https:\\\/\\\/www.facebook.com\\\/commune.thiant.1\"]}]}<\/script>\n<!-- \/ Yoast SEO plugin. -->","yoast_head_json":{"title":"A.L.S.H. - Espace jeunesse du site officiel de la Ville de Thiant","description":"Les accueils de loisirs sans h\u00e9bergement pour les enfants de 3 \u00e0 17 ans. Toutes les informations, documents et plus.","robots":{"index":"index","follow":"follow","max-snippet":"max-snippet:-1","max-image-preview":"max-image-preview:large","max-video-preview":"max-video-preview:-1"},"canonical":"https:\/\/thiant.fr\/wordpress\/jeunesse\/a-l-s-h\/","og_locale":"fr_FR","og_type":"article","og_title":"A.L.S.H. - Espace jeunesse du site officiel de la Ville de Thiant","og_description":"Les accueils de loisirs sans h\u00e9bergement pour les enfants de 3 \u00e0 17 ans. Toutes les informations, documents et plus.","og_url":"https:\/\/thiant.fr\/wordpress\/jeunesse\/a-l-s-h\/","og_site_name":"Espace jeunesse du site officiel de la Ville de Thiant","article_publisher":"https:\/\/www.facebook.com\/commune.thiant.1","article_modified_time":"2026-04-27T09:46:27+00:00","og_image":[{"url":"https:\/\/thiant.fr\/wordpress\/jeunesse\/wp-content\/uploads\/sites\/2\/2026\/04\/RESTAURATION-ALSH-2.png","type":"","width":"","height":""}],"twitter_card":"summary_large_image","twitter_misc":{"Dur\u00e9e de lecture estim\u00e9e":"7 minutes"},"schema":{"@context":"https:\/\/schema.org","@graph":[{"@type":"WebPage","@id":"https:\/\/thiant.fr\/wordpress\/jeunesse\/a-l-s-h\/","url":"https:\/\/thiant.fr\/wordpress\/jeunesse\/a-l-s-h\/","name":"A.L.S.H. - Espace jeunesse du site officiel de la Ville de Thiant","isPartOf":{"@id":"https:\/\/thiant.fr\/wordpress\/jeunesse\/#website"},"primaryImageOfPage":{"@id":"https:\/\/thiant.fr\/wordpress\/jeunesse\/a-l-s-h\/#primaryimage"},"image":{"@id":"https:\/\/thiant.fr\/wordpress\/jeunesse\/a-l-s-h\/#primaryimage"},"thumbnailUrl":"https:\/\/thiant.fr\/wordpress\/jeunesse\/wp-content\/uploads\/sites\/2\/2026\/04\/RESTAURATION-ALSH-2.png","datePublished":"2019-08-23T15:02:17+00:00","dateModified":"2026-04-27T09:46:27+00:00","description":"Les accueils de loisirs sans h\u00e9bergement pour les enfants de 3 \u00e0 17 ans. Toutes les informations, documents et plus.","breadcrumb":{"@id":"https:\/\/thiant.fr\/wordpress\/jeunesse\/a-l-s-h\/#breadcrumb"},"inLanguage":"fr-FR","potentialAction":[{"@type":"ReadAction","target":["https:\/\/thiant.fr\/wordpress\/jeunesse\/a-l-s-h\/"]}]},{"@type":"ImageObject","inLanguage":"fr-FR","@id":"https:\/\/thiant.fr\/wordpress\/jeunesse\/a-l-s-h\/#primaryimage","url":"https:\/\/thiant.fr\/wordpress\/jeunesse\/wp-content\/uploads\/sites\/2\/2026\/04\/RESTAURATION-ALSH-2.png","contentUrl":"https:\/\/thiant.fr\/wordpress\/jeunesse\/wp-content\/uploads\/sites\/2\/2026\/04\/RESTAURATION-ALSH-2.png","width":800,"height":566},{"@type":"BreadcrumbList","@id":"https:\/\/thiant.fr\/wordpress\/jeunesse\/a-l-s-h\/#breadcrumb","itemListElement":[{"@type":"ListItem","position":1,"name":"Accueil","item":"https:\/\/thiant.fr\/wordpress\/jeunesse\/"},{"@type":"ListItem","position":2,"name":"A.L.S.H."}]},{"@type":"WebSite","@id":"https:\/\/thiant.fr\/wordpress\/jeunesse\/#website","url":"https:\/\/thiant.fr\/wordpress\/jeunesse\/","name":"Espace jeunesse du site officiel de la Ville de Thiant","description":"","publisher":{"@id":"https:\/\/thiant.fr\/wordpress\/jeunesse\/#organization"},"potentialAction":[{"@type":"SearchAction","target":{"@type":"EntryPoint","urlTemplate":"https:\/\/thiant.fr\/wordpress\/jeunesse\/?s={search_term_string}"},"query-input":{"@type":"PropertyValueSpecification","valueRequired":true,"valueName":"search_term_string"}}],"inLanguage":"fr-FR"},{"@type":"Organization","@id":"https:\/\/thiant.fr\/wordpress\/jeunesse\/#organization","name":"Espace jeunesse du site officiel de la Ville de Thiant","url":"https:\/\/thiant.fr\/wordpress\/jeunesse\/","logo":{"@type":"ImageObject","inLanguage":"fr-FR","@id":"https:\/\/thiant.fr\/wordpress\/jeunesse\/#\/schema\/logo\/image\/","url":"https:\/\/thiant.fr\/wordpress\/jeunesse\/wp-content\/uploads\/sites\/2\/2019\/10\/Logo_jeunesse_02-1.png","contentUrl":"https:\/\/thiant.fr\/wordpress\/jeunesse\/wp-content\/uploads\/sites\/2\/2019\/10\/Logo_jeunesse_02-1.png","width":384,"height":203,"caption":"Espace jeunesse du site officiel de la Ville de Thiant"},"image":{"@id":"https:\/\/thiant.fr\/wordpress\/jeunesse\/#\/schema\/logo\/image\/"},"sameAs":["https:\/\/www.facebook.com\/commune.thiant.1"]}]}},"_links":{"self":[{"href":"https:\/\/thiant.fr\/wordpress\/jeunesse\/wp-json\/wp\/v2\/pages\/36","targetHints":{"allow":["GET"]}}],"collection":[{"href":"https:\/\/thiant.fr\/wordpress\/jeunesse\/wp-json\/wp\/v2\/pages"}],"about":[{"href":"https:\/\/thiant.fr\/wordpress\/jeunesse\/wp-json\/wp\/v2\/types\/page"}],"author":[{"embeddable":true,"href":"https:\/\/thiant.fr\/wordpress\/jeunesse\/wp-json\/wp\/v2\/users\/1"}],"replies":[{"embeddable":true,"href":"https:\/\/thiant.fr\/wordpress\/jeunesse\/wp-json\/wp\/v2\/comments?post=36"}],"version-history":[{"count":344,"href":"https:\/\/thiant.fr\/wordpress\/jeunesse\/wp-json\/wp\/v2\/pages\/36\/revisions"}],"predecessor-version":[{"id":2515,"href":"https:\/\/thiant.fr\/wordpress\/jeunesse\/wp-json\/wp\/v2\/pages\/36\/revisions\/2515"}],"wp:attachment":[{"href":"https:\/\/thiant.fr\/wordpress\/jeunesse\/wp-json\/wp\/v2\/media?parent=36"}],"curies":[{"name":"wp","href":"https:\/\/api.w.org\/{rel}","templated":true}]}}