{"id":38,"date":"2019-08-23T17:02:38","date_gmt":"2019-08-23T15:02:38","guid":{"rendered":"https:\/\/thiant.fr\/wordpress\/\/wordpress\/jeunesse\/?page_id=38"},"modified":"2024-11-19T16:47:29","modified_gmt":"2024-11-19T15:47:29","slug":"groupe-scolaire-gustave-ansart","status":"publish","type":"page","link":"https:\/\/thiant.fr\/wordpress\/jeunesse\/groupe-scolaire-gustave-ansart\/","title":{"rendered":"Groupe Scolaire Ansart"},"content":{"rendered":"\t\t<div data-elementor-type=\"wp-post\" data-elementor-id=\"38\" class=\"elementor elementor-38\">\n\t\t\t\t\t\t<section class=\"elementor-section elementor-top-section elementor-element elementor-element-d5ca6d6 elementor-section-boxed elementor-section-height-default elementor-section-height-default\" data-id=\"d5ca6d6\" data-element_type=\"section\" data-e-type=\"section\">\n\t\t\t\t\t\t<div class=\"elementor-container elementor-column-gap-default\">\n\t\t\t\t\t<div class=\"elementor-column elementor-col-100 elementor-top-column elementor-element elementor-element-58865e6\" data-id=\"58865e6\" data-element_type=\"column\" data-e-type=\"column\">\n\t\t\t<div class=\"elementor-widget-wrap elementor-element-populated\">\n\t\t\t\t\t\t<div class=\"elementor-element elementor-element-214e248 elementor-widget elementor-widget-image\" data-id=\"214e248\" data-element_type=\"widget\" data-e-type=\"widget\" data-widget_type=\"image.default\">\n\t\t\t\t<div class=\"elementor-widget-container\">\n\t\t\t\t\t\t\t\t\t\t\t\t\t\t\t<img fetchpriority=\"high\" decoding=\"async\" width=\"730\" height=\"317\" src=\"https:\/\/thiant.fr\/wordpress\/jeunesse\/wp-content\/uploads\/sites\/2\/2021\/07\/Groupe-Scolaire-Gustave-Ansart_001.png\" class=\"attachment-full size-full wp-image-986\" alt=\"\" srcset=\"https:\/\/thiant.fr\/wordpress\/jeunesse\/wp-content\/uploads\/sites\/2\/2021\/07\/Groupe-Scolaire-Gustave-Ansart_001.png.webp 730w, https:\/\/thiant.fr\/wordpress\/jeunesse\/wp-content\/uploads\/sites\/2\/2021\/07\/Groupe-Scolaire-Gustave-Ansart_001-300x130.png.webp 300w\" sizes=\"(max-width: 730px) 100vw, 730px\" \/>\t\t\t\t\t\t\t\t\t\t\t\t\t\t\t<\/div>\n\t\t\t\t<\/div>\n\t\t\t\t\t<\/div>\n\t\t<\/div>\n\t\t\t\t\t<\/div>\n\t\t<\/section>\n\t\t\t\t<section class=\"elementor-section elementor-top-section elementor-element elementor-element-23689d1 elementor-section-boxed elementor-section-height-default elementor-section-height-default\" data-id=\"23689d1\" data-element_type=\"section\" data-e-type=\"section\">\n\t\t\t\t\t\t<div class=\"elementor-container elementor-column-gap-default\">\n\t\t\t\t\t<div class=\"elementor-column elementor-col-100 elementor-top-column elementor-element elementor-element-913b210\" data-id=\"913b210\" data-element_type=\"column\" data-e-type=\"column\">\n\t\t\t<div class=\"elementor-widget-wrap elementor-element-populated\">\n\t\t\t\t\t\t<div class=\"elementor-element elementor-element-fafe1ca elementor-tabs-view-horizontal elementor-widget elementor-widget-tabs\" data-id=\"fafe1ca\" data-element_type=\"widget\" data-e-type=\"widget\" data-widget_type=\"tabs.default\">\n\t\t\t\t<div class=\"elementor-widget-container\">\n\t\t\t\t\t\t\t<div class=\"elementor-tabs\">\n\t\t\t<div class=\"elementor-tabs-wrapper\" role=\"tablist\" >\n\t\t\t\t\t\t\t\t\t<div id=\"elementor-tab-title-2631\" class=\"elementor-tab-title elementor-tab-desktop-title\" aria-selected=\"true\" data-tab=\"1\" role=\"tab\" tabindex=\"0\" aria-controls=\"elementor-tab-content-2631\" aria-expanded=\"false\">Pr\u00e9sentation<\/div>\n\t\t\t\t\t\t\t\t\t<div id=\"elementor-tab-title-2632\" class=\"elementor-tab-title elementor-tab-desktop-title\" aria-selected=\"false\" data-tab=\"2\" role=\"tab\" tabindex=\"-1\" aria-controls=\"elementor-tab-content-2632\" aria-expanded=\"false\">Restauration<\/div>\n\t\t\t\t\t\t\t\t\t<div id=\"elementor-tab-title-2633\" class=\"elementor-tab-title elementor-tab-desktop-title\" aria-selected=\"false\" data-tab=\"3\" role=\"tab\" tabindex=\"-1\" aria-controls=\"elementor-tab-content-2633\" aria-expanded=\"false\">Documents<\/div>\n\t\t\t\t\t\t\t<\/div>\n\t\t\t<div class=\"elementor-tabs-content-wrapper\" role=\"tablist\" aria-orientation=\"vertical\">\n\t\t\t\t\t\t\t\t\t<div class=\"elementor-tab-title elementor-tab-mobile-title\" aria-selected=\"true\" data-tab=\"1\" role=\"tab\" tabindex=\"0\" aria-controls=\"elementor-tab-content-2631\" aria-expanded=\"false\">Pr\u00e9sentation<\/div>\n\t\t\t\t\t<div id=\"elementor-tab-content-2631\" class=\"elementor-tab-content elementor-clearfix\" data-tab=\"1\" role=\"tabpanel\" aria-labelledby=\"elementor-tab-title-2631\" tabindex=\"0\" hidden=\"false\"><h6><span style=\"color: #333333\">Le groupe scolaire Gustave Ansart regroupe \u00e0 la fois une \u00e9cole maternelle et une \u00e9cole \u00e9l\u00e9mentaire.\n<\/span><\/h6>\n<h6><span style=\"color: #333333\">Cette \u00e9cole primaire compte, pour l&#8217;ann\u00e9e 2021\/2022, 328 \u00e9l\u00e8ves.<\/span><\/h6>\n<h6><span style=\"color: #333333\">L&#8217;intervenant sport et responsable p\u00e9riscolaire est M. Laurent pour l&#8217;ensemble du groupe scolaire.<\/span><\/h6>\n\n<hr \/>\n\n<h5 style=\"text-align: left;background-color: #197600;padding: 7px\"><span style=\"color: #ffffff\">L&#8217;\u00e9cole maternelle<\/span><\/h5>\n\n<hr \/>\n\n<strong><span style=\"color: #333333\">Directrice :<\/span><\/strong> <span style=\"color: #333333\">Mme Colin<\/span>\n\n<span style=\"color: #333333\">Elle accueille les enfants \u00e0 partir de 2 ans jusque 6 ans. Elle est compos\u00e9e de 5 classes.\n<\/span>\n\n<span style=\"color: #333333\">En 2022\/2023 l&#8217;\u00e9cole maternelle compte 121 \u00e9l\u00e8ves.<\/span>\n\n<hr \/>\n\n<h5 style=\"background-color: #197600;padding: 7px;text-align: left\"><span style=\"color: #ffffff\">L&#8217;\u00e9cole \u00e9l\u00e9mentaire<\/span><\/h5>\n\n<hr \/>\n\n<strong><span style=\"color: #333333\">Directrice\u00a0:<\/span><\/strong> <span style=\"color: #333333\">Mme Debernard<\/span>\n\n<span style=\"color: #333333\">Elle est compos\u00e9e de 8 classes du CP au CM2.<\/span>\n\n<span style=\"color: #333333\">En 2022\/2023 l&#8217;\u00e9cole \u00e9l\u00e9mentaire compte 205 \u00e9l\u00e8ves.<\/span>\n\n<hr \/>\n\n<h5 style=\"background-color: #197600;padding: 7px\"><span style=\"color: #ffffff\">Adresse<\/span><\/h5>\n\n<hr \/>\n<p style=\"text-align: center\"><span style=\"color: #333333\">Rue Lucien Gustin, 59224 Thiant<\/span><\/p>\n<p style=\"text-align: center\"><a href=\"https:\/\/goo.gl\/maps\/uZeKXPxgXyFxBzU1A\" target=\"_blank\" rel=\"noopener\"><img decoding=\"async\" class=\"alignnone size-medium wp-image-120\" style=\"border-style: solid;margin-left: auto;margin-right: auto\" src=\"https:\/\/thiant.fr\/wordpress\/jeunesse\/wp-content\/uploads\/sites\/2\/2019\/09\/plan-300x145.jpg\" alt=\"\" width=\"400\" height=\"200\" \/><\/a><\/p>\n<p style=\"text-align: center\"><a href=\"https:\/\/goo.gl\/maps\/uZeKXPxgXyFxBzU1A\" target=\"_blank\" rel=\"noopener\"><span style=\"text-decoration: underline\"><strong>\u2191 Consulter la carte \u2191 <\/strong><\/span><\/a><\/p>\n\n\n<hr \/>\n\n<h5 style=\"background-color: #197600;padding: 7px\"><span style=\"color: #ffffff\">Contacts<\/span><\/h5>\n<ul>\n \t<li><span style=\"color: #333333\">L&#8217;\u00e9cole maternelle :<\/span> <span class=\"icone \" data-keyword=\"telephone receiver | phone | receiver | telephone\">\ud83d\udcde<\/span> <strong><span style=\"color: #333333\">03.27.24.66.59<\/span><\/strong><\/li>\n \t<li><span style=\"color: #333333\">L\u2019\u00e9cole \u00e9l\u00e9mentaire\u00a0:<\/span> <span class=\"icone \" data-keyword=\"telephone receiver | phone | receiver | telephone\">\ud83d\udcde<\/span> <strong><span style=\"color: #333333\">03.27.24.62.12<\/span><\/strong><\/li>\n \t<li><span style=\"color: #333333\">La restauration scolaire :<\/span> <span class=\"icone \" data-keyword=\"telephone receiver | phone | receiver | telephone\">\ud83d\udcde<\/span> <strong><span style=\"color: #333333\">03.27.24.66.27<\/span><\/strong><\/li>\n<\/ul>\n<h5 style=\"background-color: #197600;padding: 7px\"><span style=\"color: #ffffff\">Horaires<\/span><\/h5>\n<strong><span style=\"color: #008000\">Le groupe scolaire fonctionne \u00e0 la semaine de 4 jours.<\/span><\/strong>\n<h6><strong><span style=\"color: #333333\">Les horaires d&#8217;ouverture du groupe scolaire Gustave Ansart sont :<\/span><\/strong><\/h6>\n<ul>\n \t<li><span style=\"color: #333333\">Ecole maternelle : 8h30 &#8211; 11h30 \/ 13h15 &#8211; 16h15 (entr\u00e9e c\u00f4t\u00e9 salle Ansart)<\/span><\/li>\n \t<li><span style=\"color: #333333\">Ecole \u00e9l\u00e9mentaire : 8h45 &#8211; 11h45 \/ 13h30 &#8211; 16h30 (entr\u00e9e c\u00f4t\u00e9 E. Leclerc)<\/span><\/li>\n<\/ul><\/div>\n\t\t\t\t\t\t\t\t\t<div class=\"elementor-tab-title elementor-tab-mobile-title\" aria-selected=\"false\" data-tab=\"2\" role=\"tab\" tabindex=\"-1\" aria-controls=\"elementor-tab-content-2632\" aria-expanded=\"false\">Restauration<\/div>\n\t\t\t\t\t<div id=\"elementor-tab-content-2632\" class=\"elementor-tab-content elementor-clearfix\" data-tab=\"2\" role=\"tabpanel\" aria-labelledby=\"elementor-tab-title-2632\" tabindex=\"0\" hidden=\"hidden\"><h5 style=\"text-align: left\"><strong><span style=\"color: #197600\">RESTAURANT SCOLAIRE<\/span><\/strong><\/h5>\n<h5 style=\"background-color: #197600;padding: 7px\"><span style=\"color: #ffffff\">T\u00e9l\u00e9charger le menu\n<\/span><\/h5>\n<p style=\"text-align: center\"><a href=\"https:\/\/thiant.fr\/wordpress\/documents_ext\/menu.pdf\" target=\"_blank\" rel=\"noopener\"><img decoding=\"async\" class=\"alignnone size-medium wp-image-113\" style=\"margin-left: auto;margin-right: auto\" title=\"Menu du mois\" src=\"https:\/\/thiant.fr\/wordpress\/documents_ext\/restauration-300x212.jpg\" alt=\"Menu\" width=\"300\" height=\"212\" \/> <\/a><\/p>\n<p style=\"text-align: center\"><span style=\"text-decoration: underline\"><strong><a href=\"https:\/\/thiant.fr\/wordpress\/documents_ext\/menu.pdf\" target=\"_blank\" rel=\"noopener\">\u2192 Menu de la p\u00e9riode en cours \u2190<\/a><\/strong><\/span><\/p>\n\n<h5 style=\"background-color: #197600;padding: 7px\"><span style=\"color: #ffffff\">Informations<\/span><\/h5>\n<p style=\"padding-left: 40px\"><span style=\"color: #333333\"><strong>Le restaurant scolaire fonctionne les lundis, mardis, jeudis et vendredis,<\/strong> \u00e0 la cantine de l&#8217;\u00e9cole pour les \u00e9l\u00e8ves inscrits en \u00e9cole maternelle et \u00e9l\u00e9mentaire.<\/span><\/p>\n<span style=\"color: #333333\"><span style=\"color: #008000\"><strong>MENUS :<\/strong><\/span> <\/span>\n<p style=\"padding-left: 40px\"><span style=\"color: #333333\">Les familles pe<\/span><span style=\"color: #333333\">uvent consulter les menus sur ce site internet, sur le Facebook de la ville (ville de Thiant) et au Service Cantine en Mairie.<\/span><\/p>\n<span style=\"color: #333333\"><strong><span style=\"color: #008000\">INSCRIPTION :<\/span> <\/strong><\/span>\n<p style=\"padding-left: 40px\"><span style=\"color: #333333\"><strong>L&#8217;inscription est obligatoire<\/strong> pour la fr\u00e9quentation de la cantine. <a href=\"https:\/\/thiant.fr\/wordpress\/jeunesse\/cantine-et-periscolaire\/\" target=\"_blank\" rel=\"noopener\">Une fiche de renseignement est \u00e0 remplir.<\/a><\/span><\/p>\n<p style=\"padding-left: 40px\"><span style=\"color: #333333\">Les inscriptions sont <strong>enregistr\u00e9es jusqu&#8217;en septembre.<\/strong> En cours d&#8217;ann\u00e9e scolaire, elles seront disponibles pour les nouveaux arrivants notamment. <strong>Tout changement<\/strong> en cours d&#8217;ann\u00e9e scolaire par rapport aux renseignements fournis doit \u00eatre signal\u00e9 (changement d&#8217;adresse, de situation familiale, de num\u00e9ro de t\u00e9l\u00e9phone\u2026).<\/span><\/p>\n<span style=\"color: #333333\"><strong><span style=\"color: #008000\">ASSURANCE :<\/span> <\/strong><\/span>\n<p style=\"padding-left: 40px\"><span style=\"color: #333333\"><strong>L&#8217;enfant doit \u00eatre assur\u00e9<\/strong> en cas d&#8217;accident dont il serait victime ou responsable, avec ou sans implication d&#8217;un tiers. Une assurance scolaire (garantie individuelle) en cours de validit\u00e9 est \u00e0 remettre au Service Cantine <strong>d\u00e8s la rentr\u00e9e scolaire.<\/strong> Sans production de cette attestation, la famille engage sa propre responsabilit\u00e9.<\/span><\/p>\n<span style=\"color: #333333\"><strong><span style=\"color: #008000\">FONCTIONNEMENT :\u00a0<\/span><\/strong><\/span>\n<p style=\"padding-left: 40px\"><span style=\"color: #333333\"><span style=\"color: #008000\"><span style=\"color: #333333\">Pour \u00eatre en concordance avec les besoins et les attentes du restaurant scolaire, <strong>il est d\u00e9sormais obligatoire pour chaque famille de r\u00e9server les repas.<\/strong><\/span><\/span><\/span><\/p>\n<p style=\"padding-left: 40px\"><span style=\"color: #333333\">Ce syst\u00e8me permet aussi aux professeurs de v\u00e9rifier si l&#8217;enfant doit rester ou non dans l&#8217;\u00e9tablissement durant le temps du midi.<\/span><\/p>\n<p style=\"padding-left: 40px\"><span style=\"color: #333333\">L&#8217;enfant est inscrit \u00e0 jour(s) fixe(s) (ex : lundi et\/ou mardi et\/ou jeudi\u2026 ou tous les jours) en d\u00e9but d&#8217;ann\u00e9e scolaire.<\/span><\/p>\n<p style=\"padding-left: 40px\"><span style=\"color: #333333\">Un planning sera aussi distribu\u00e9 dans les classes tous les mois pour les enfants qui mangent occasionnellement.<\/span><\/p>\n<p style=\"padding-left: 40px\"><span style=\"color: #333333\"><strong>Tout repas inscrit sera factur\u00e9<\/strong> sauf en cas de maladie (certificat m\u00e9dical) ou situations particuli\u00e8res (gr\u00e8ve, absence des enseignants, sortie scolaire\u2026).<\/span><\/p>\n<span style=\"color: #008000\"><strong>TARIFS :<\/strong><\/span>\n<p style=\"padding-left: 40px\"><span style=\"color: #333333\">La commune b\u00e9n\u00e9ficie du dispositif &#8220;<strong>la Cantine \u00e0 1\u20ac<\/strong>&#8221; permettant d&#8217;all\u00e9ger le co\u00fbt de la restauration scolaire de vos enfants. <strong>En cas de d\u00e9sengagement de l&#8217;Etat sur ce dispositif, les tarifs redeviendront ceux pratiqu\u00e9s en d\u00e9cembre 2021.<\/strong><\/span><\/p>\n<p style=\"padding-left: 40px\"><span style=\"color: #333333\">Le prix du repas de cantine varie selon les revenus du foyer. Pour b\u00e9n\u00e9ficier des <strong>tarifs r\u00e9duits, fournir une copie de l&#8217;avis d&#8217;imposition sur les revenus 2021.<\/strong><\/span><\/p>\n<p style=\"padding-left: 40px\"><span style=\"color: #333333\"><strong>0,80\u20ac :<\/strong> couple dont le revenu est <strong>inf\u00e9rieur \u00e0 11 709\u20ac<\/strong>, personne seule dont le revenu est <strong>inf\u00e9rieur \u00e0 7 960\u20ac.<\/strong><\/span><\/p>\n<p style=\"padding-left: 40px\"><span style=\"color: #333333\"><strong>0,90\u20ac :<\/strong> couple dont le revenu est <strong>entre 11 709\u20ac et 23 419\u20ac,<\/strong> personne seule dont le revenu est<strong> entre 7 960\u20ac et 15 922\u20ac.<\/strong><\/span><\/p>\n<p style=\"padding-left: 40px\"><span style=\"color: #333333\"><strong>1,00\u20ac :<\/strong> couple dont le revenu est <strong>entre 23 419\u20ac et 100 000\u20ac,<\/strong> personne seule dont le revenu est <strong>entre 15 922\u20ac et 50 000\u20ac.<\/strong><\/span><\/p>\n<p style=\"padding-left: 40px\"><span style=\"color: #333333\"><strong>3,00\u20ac :<\/strong> couple dont le revenu est <strong>sup\u00e9rieur \u00e0 100 000\u20ac,<\/strong> personne seule dont le revenu est <strong>sup\u00e9rieur \u00e0 50 000\u20ac.<\/strong><\/span><\/p>\n<span style=\"color: #008000\"><strong>PAIEMENT :<\/strong><\/span>\n<p style=\"padding-left: 40px\"><span style=\"color: #333333\">Une facture sera envoy\u00e9e aux familles \u00e0 terme \u00e9chu.<\/span><\/p>\n<p style=\"padding-left: 40px\"><span style=\"color: #333333\">Le r\u00e8glement est \u00e0 effectuer :<\/span><\/p>\n\n<ul>\n \t<li style=\"list-style-type: none\">\n<ul>\n \t<li><span style=\"color: #333333\">Soit <strong>directement aupr\u00e8s du Tr\u00e9sor Public<\/strong> (Trith-Saint-L\u00e9ger), par ch\u00e8que, esp\u00e8ce ou carte bancaire, ou chez un buraliste partenaire agr\u00e9\u00e9.<\/span><\/li>\n \t<li><span style=\"color: #333333\">Soit <strong>par internet<\/strong> \u00e0 l&#8217;adresse : <a href=\"https:\/\/www.payfip.gouv.fr\/tpa\/accueilportail.web\" target=\"_blank\" rel=\"noopener\">payfip.gouv.fr<\/a><\/span><\/li>\n<\/ul>\n<\/li>\n<\/ul>\n<p style=\"padding-left: 40px\"><span style=\"color: #333333\"><strong>En cas d&#8217;annulation ou de repas suppl\u00e9mentaire,<\/strong> vous devez pr\u00e9venir Claire LIENARD en mairie (cantine@thiant.fr) et l&#8217;enseignant par \u00e9crit au moins <strong>48h \u00e0 l&#8217;avance.<\/strong><\/span><\/p>\n<span style=\"color: #008000\"><strong>LES REPAS :<\/strong><\/span>\n<p style=\"padding-left: 40px\"><span style=\"color: #333333\">Le march\u00e9 a \u00e9t\u00e9 confi\u00e9 \u00e0 la soci\u00e9t\u00e9 <strong>\u00ab\u00a0API Restauration\u00a0\u00bb<\/strong> implant\u00e9e \u00e0 Thiant.<\/span><\/p>\n<p style=\"padding-left: 40px\"><span style=\"color: #333333\"><strong>L\u2019objectif est\u00a0:<\/strong><\/span><\/p>\n<p style=\"padding-left: 40px\"><span style=\"color: #333333\">De valoriser la qualit\u00e9 des menus (quatre composants).<\/span><\/p>\n<p style=\"padding-left: 40px\"><span style=\"color: #333333\"><strong>Une attention toute particuli\u00e8re a \u00e9t\u00e9 port\u00e9e \u00e0 la provenance, au classement ainsi qu\u2019aux modes de conservation des denr\u00e9es brutes propos\u00e9es.<\/strong><\/span><\/p>\n<p style=\"padding-left: 40px\"><span style=\"color: #333333\">Des animations th\u00e9matiques rythment les trimestres (repas Italien, Cirque, repas Chinois, repas Farwest\u2026).<\/span><\/p><\/div>\n\t\t\t\t\t\t\t\t\t<div class=\"elementor-tab-title elementor-tab-mobile-title\" aria-selected=\"false\" data-tab=\"3\" role=\"tab\" tabindex=\"-1\" aria-controls=\"elementor-tab-content-2633\" aria-expanded=\"false\">Documents<\/div>\n\t\t\t\t\t<div id=\"elementor-tab-content-2633\" class=\"elementor-tab-content elementor-clearfix\" data-tab=\"3\" role=\"tabpanel\" aria-labelledby=\"elementor-tab-title-2633\" tabindex=\"0\" hidden=\"hidden\"><h5 style=\"background-color: #197600;padding: 7px\"><span style=\"color: #ffffff\">Documents administratifs<\/span><\/h5>\n<h6><span style=\"color: #333333\">Les documents suivants\u00a0:<\/span><\/h6>\n<ul>\n \t<li><span style=\"color: #333333\">&#8211; R\u00e8glement et tarifs de l\u2019accueil p\u00e9riscolaire et de la cantine<\/span><\/li>\n \t<li><span style=\"color: #333333\">&#8211; Fiche de renseignements pour l\u2019accueil p\u00e9riscolaire et la cantine<\/span><\/li>\n \t<li><span style=\"color: #333333\">&#8211; Planning mensuel de prise de repas \u00e0 la cantine<\/span><\/li>\n<\/ul>\n<h6><span style=\"color: #333333\">sont disponibles sur <strong><a style=\"color: #333333\" href=\"https:\/\/thiant.fr\/wordpress\/jeunesse\/cantine-et-periscolaire\/\" target=\"_blank\" rel=\"noopener\">cette page.<\/a><\/strong><\/span><\/h6><\/div>\n\t\t\t\t\t\t\t<\/div>\n\t\t<\/div>\n\t\t\t\t\t\t<\/div>\n\t\t\t\t<\/div>\n\t\t\t\t\t<\/div>\n\t\t<\/div>\n\t\t\t\t\t<\/div>\n\t\t<\/section>\n\t\t\t\t<section class=\"elementor-section elementor-top-section elementor-element elementor-element-97bb03d elementor-section-content-middle elementor-section-boxed elementor-section-height-default elementor-section-height-default\" data-id=\"97bb03d\" data-element_type=\"section\" data-e-type=\"section\" data-settings=\"{&quot;background_background&quot;:&quot;classic&quot;}\">\n\t\t\t\t\t\t<div class=\"elementor-container elementor-column-gap-default\">\n\t\t\t\t\t<div class=\"elementor-column elementor-col-33 elementor-top-column elementor-element elementor-element-b19ab9d\" data-id=\"b19ab9d\" data-element_type=\"column\" data-e-type=\"column\">\n\t\t\t<div class=\"elementor-widget-wrap elementor-element-populated\">\n\t\t\t\t\t\t<div class=\"elementor-element elementor-element-e24c605 elementor-widget elementor-widget-image\" data-id=\"e24c605\" data-element_type=\"widget\" data-e-type=\"widget\" data-widget_type=\"image.default\">\n\t\t\t\t<div class=\"elementor-widget-container\">\n\t\t\t\t\t\t\t\t\t\t\t\t\t\t\t<img loading=\"lazy\" decoding=\"async\" width=\"730\" height=\"488\" src=\"https:\/\/thiant.fr\/wordpress\/jeunesse\/wp-content\/uploads\/sites\/2\/2021\/07\/Groupe-Scolaire-Gustave-Ansart_maternelle-bibliotheque.png\" class=\"attachment-large size-large wp-image-991\" alt=\"\" srcset=\"https:\/\/thiant.fr\/wordpress\/jeunesse\/wp-content\/uploads\/sites\/2\/2021\/07\/Groupe-Scolaire-Gustave-Ansart_maternelle-bibliotheque.png.webp 730w, https:\/\/thiant.fr\/wordpress\/jeunesse\/wp-content\/uploads\/sites\/2\/2021\/07\/Groupe-Scolaire-Gustave-Ansart_maternelle-bibliotheque-300x201.png.webp 300w\" sizes=\"(max-width: 730px) 100vw, 730px\" \/>\t\t\t\t\t\t\t\t\t\t\t\t\t\t\t<\/div>\n\t\t\t\t<\/div>\n\t\t\t\t\t<\/div>\n\t\t<\/div>\n\t\t\t\t<div class=\"elementor-column elementor-col-33 elementor-top-column elementor-element elementor-element-115f1dc\" data-id=\"115f1dc\" data-element_type=\"column\" data-e-type=\"column\">\n\t\t\t<div class=\"elementor-widget-wrap elementor-element-populated\">\n\t\t\t\t\t\t<div class=\"elementor-element elementor-element-5aa90d6 elementor-widget elementor-widget-image\" data-id=\"5aa90d6\" data-element_type=\"widget\" data-e-type=\"widget\" data-widget_type=\"image.default\">\n\t\t\t\t<div class=\"elementor-widget-container\">\n\t\t\t\t\t\t\t\t\t\t\t\t\t\t\t<img loading=\"lazy\" decoding=\"async\" width=\"730\" height=\"489\" src=\"https:\/\/thiant.fr\/wordpress\/jeunesse\/wp-content\/uploads\/sites\/2\/2021\/07\/Groupe-Scolaire-Gustave-Ansart_elementaire.png\" class=\"attachment-large size-large wp-image-987\" alt=\"\" srcset=\"https:\/\/thiant.fr\/wordpress\/jeunesse\/wp-content\/uploads\/sites\/2\/2021\/07\/Groupe-Scolaire-Gustave-Ansart_elementaire.png.webp 730w, https:\/\/thiant.fr\/wordpress\/jeunesse\/wp-content\/uploads\/sites\/2\/2021\/07\/Groupe-Scolaire-Gustave-Ansart_elementaire-300x201.png.webp 300w\" sizes=\"(max-width: 730px) 100vw, 730px\" \/>\t\t\t\t\t\t\t\t\t\t\t\t\t\t\t<\/div>\n\t\t\t\t<\/div>\n\t\t\t\t\t<\/div>\n\t\t<\/div>\n\t\t\t\t<div class=\"elementor-column elementor-col-33 elementor-top-column elementor-element elementor-element-8ed32d6\" data-id=\"8ed32d6\" data-element_type=\"column\" data-e-type=\"column\">\n\t\t\t<div class=\"elementor-widget-wrap elementor-element-populated\">\n\t\t\t\t\t\t<div class=\"elementor-element elementor-element-a2a50a8 elementor-widget elementor-widget-image\" data-id=\"a2a50a8\" data-element_type=\"widget\" data-e-type=\"widget\" data-widget_type=\"image.default\">\n\t\t\t\t<div class=\"elementor-widget-container\">\n\t\t\t\t\t\t\t\t\t\t\t\t\t\t\t<img loading=\"lazy\" decoding=\"async\" width=\"730\" height=\"488\" src=\"https:\/\/thiant.fr\/wordpress\/jeunesse\/wp-content\/uploads\/sites\/2\/2021\/07\/Groupe-Scolaire-Gustave-Ansart_maternelle-cour.png\" class=\"attachment-large size-large wp-image-992\" alt=\"\" srcset=\"https:\/\/thiant.fr\/wordpress\/jeunesse\/wp-content\/uploads\/sites\/2\/2021\/07\/Groupe-Scolaire-Gustave-Ansart_maternelle-cour.png.webp 730w, https:\/\/thiant.fr\/wordpress\/jeunesse\/wp-content\/uploads\/sites\/2\/2021\/07\/Groupe-Scolaire-Gustave-Ansart_maternelle-cour-300x201.png.webp 300w\" sizes=\"(max-width: 730px) 100vw, 730px\" \/>\t\t\t\t\t\t\t\t\t\t\t\t\t\t\t<\/div>\n\t\t\t\t<\/div>\n\t\t\t\t\t<\/div>\n\t\t<\/div>\n\t\t\t\t\t<\/div>\n\t\t<\/section>\n\t\t\t\t<\/div>\n\t\t","protected":false},"excerpt":{"rendered":"<p>Pr\u00e9sentation Restauration Documents Pr\u00e9sentation Le groupe scolaire Gustave Ansart regroupe \u00e0 la fois une \u00e9cole maternelle et une \u00e9cole \u00e9l\u00e9mentaire. Cette \u00e9cole primaire compte, pour l&#8217;ann\u00e9e 2021\/2022, 328 \u00e9l\u00e8ves. L&#8217;intervenant sport et responsable p\u00e9riscolaire est M. Laurent pour l&#8217;ensemble du groupe scolaire. L&#8217;\u00e9cole maternelle Directrice : Mme Colin Elle accueille les enfants \u00e0 partir de [&hellip;]<\/p>\n","protected":false},"author":1,"featured_media":0,"parent":0,"menu_order":0,"comment_status":"closed","ping_status":"closed","template":"","meta":{"_crdt_document":"","ocean_post_layout":"","ocean_both_sidebars_style":"","ocean_both_sidebars_content_width":0,"ocean_both_sidebars_sidebars_width":0,"ocean_sidebar":"0","ocean_second_sidebar":"0","ocean_disable_margins":"enable","ocean_add_body_class":"","ocean_shortcode_before_top_bar":"","ocean_shortcode_after_top_bar":"","ocean_shortcode_before_header":"","ocean_shortcode_after_header":"","ocean_has_shortcode":"","ocean_shortcode_after_title":"","ocean_shortcode_before_footer_widgets":"","ocean_shortcode_after_footer_widgets":"","ocean_shortcode_before_footer_bottom":"","ocean_shortcode_after_footer_bottom":"","ocean_display_top_bar":"default","ocean_display_header":"default","ocean_header_style":"","ocean_center_header_left_menu":"0","ocean_custom_header_template":"0","ocean_custom_logo":0,"ocean_custom_retina_logo":0,"ocean_custom_logo_max_width":0,"ocean_custom_logo_tablet_max_width":0,"ocean_custom_logo_mobile_max_width":0,"ocean_custom_logo_max_height":0,"ocean_custom_logo_tablet_max_height":0,"ocean_custom_logo_mobile_max_height":0,"ocean_header_custom_menu":"0","ocean_menu_typo_font_family":"0","ocean_menu_typo_font_subset":"","ocean_menu_typo_font_size":0,"ocean_menu_typo_font_size_tablet":0,"ocean_menu_typo_font_size_mobile":0,"ocean_menu_typo_font_size_unit":"px","ocean_menu_typo_font_weight":"","ocean_menu_typo_font_weight_tablet":"","ocean_menu_typo_font_weight_mobile":"","ocean_menu_typo_transform":"","ocean_menu_typo_transform_tablet":"","ocean_menu_typo_transform_mobile":"","ocean_menu_typo_line_height":0,"ocean_menu_typo_line_height_tablet":0,"ocean_menu_typo_line_height_mobile":0,"ocean_menu_typo_line_height_unit":"","ocean_menu_typo_spacing":0,"ocean_menu_typo_spacing_tablet":0,"ocean_menu_typo_spacing_mobile":0,"ocean_menu_typo_spacing_unit":"","ocean_menu_link_color":"","ocean_menu_link_color_hover":"","ocean_menu_link_color_active":"","ocean_menu_link_background":"","ocean_menu_link_hover_background":"","ocean_menu_link_active_background":"","ocean_menu_social_links_bg":"","ocean_menu_social_hover_links_bg":"","ocean_menu_social_links_color":"","ocean_menu_social_hover_links_color":"","ocean_disable_title":"default","ocean_disable_heading":"default","ocean_post_title":"","ocean_post_subheading":"","ocean_post_title_style":"","ocean_post_title_background_color":"","ocean_post_title_background":0,"ocean_post_title_bg_image_position":"","ocean_post_title_bg_image_attachment":"","ocean_post_title_bg_image_repeat":"","ocean_post_title_bg_image_size":"","ocean_post_title_height":0,"ocean_post_title_bg_overlay":0.5,"ocean_post_title_bg_overlay_color":"","ocean_disable_breadcrumbs":"default","ocean_breadcrumbs_color":"","ocean_breadcrumbs_separator_color":"","ocean_breadcrumbs_links_color":"","ocean_breadcrumbs_links_hover_color":"","ocean_display_footer_widgets":"default","ocean_display_footer_bottom":"default","ocean_custom_footer_template":"0","footnotes":""},"class_list":["post-38","page","type-page","status-publish","hentry","entry"],"yoast_head":"<!-- This site is optimized with the Yoast SEO plugin v27.3 - https:\/\/yoast.com\/product\/yoast-seo-wordpress\/ -->\n<title>Groupe Scolaire Ansart - Espace jeunesse du site officiel de la Ville de Thiant<\/title>\n<meta name=\"robots\" content=\"index, follow, max-snippet:-1, max-image-preview:large, max-video-preview:-1\" \/>\n<link rel=\"canonical\" href=\"https:\/\/thiant.fr\/wordpress\/jeunesse\/groupe-scolaire-gustave-ansart\/\" \/>\n<meta property=\"og:locale\" content=\"fr_FR\" \/>\n<meta property=\"og:type\" content=\"article\" \/>\n<meta property=\"og:title\" content=\"Groupe Scolaire Ansart - Espace jeunesse du site officiel de la Ville de Thiant\" \/>\n<meta property=\"og:description\" content=\"Pr\u00e9sentation Restauration Documents Pr\u00e9sentation Le groupe scolaire Gustave Ansart regroupe \u00e0 la fois une \u00e9cole maternelle et une \u00e9cole \u00e9l\u00e9mentaire. Cette \u00e9cole primaire compte, pour l&#8217;ann\u00e9e 2021\/2022, 328 \u00e9l\u00e8ves. L&#8217;intervenant sport et responsable p\u00e9riscolaire est M. Laurent pour l&#8217;ensemble du groupe scolaire. L&#8217;\u00e9cole maternelle Directrice : Mme Colin Elle accueille les enfants \u00e0 partir de [&hellip;]\" \/>\n<meta property=\"og:url\" content=\"https:\/\/thiant.fr\/wordpress\/jeunesse\/groupe-scolaire-gustave-ansart\/\" \/>\n<meta property=\"og:site_name\" content=\"Espace jeunesse du site officiel de la Ville de Thiant\" \/>\n<meta property=\"article:publisher\" content=\"https:\/\/www.facebook.com\/commune.thiant.1\" \/>\n<meta property=\"article:modified_time\" content=\"2024-11-19T15:47:29+00:00\" \/>\n<meta property=\"og:image\" content=\"https:\/\/thiant.fr\/wordpress\/jeunesse\/wp-content\/uploads\/sites\/2\/2021\/07\/Groupe-Scolaire-Gustave-Ansart_001.png\" \/>\n\t<meta property=\"og:image:width\" content=\"730\" \/>\n\t<meta property=\"og:image:height\" content=\"317\" \/>\n\t<meta property=\"og:image:type\" content=\"image\/png\" \/>\n<meta name=\"twitter:card\" content=\"summary_large_image\" \/>\n<meta name=\"twitter:label1\" content=\"Dur\u00e9e de lecture estim\u00e9e\" \/>\n\t<meta name=\"twitter:data1\" content=\"6 minutes\" \/>\n<script type=\"application\/ld+json\" class=\"yoast-schema-graph\">{\"@context\":\"https:\\\/\\\/schema.org\",\"@graph\":[{\"@type\":\"WebPage\",\"@id\":\"https:\\\/\\\/thiant.fr\\\/wordpress\\\/jeunesse\\\/groupe-scolaire-gustave-ansart\\\/\",\"url\":\"https:\\\/\\\/thiant.fr\\\/wordpress\\\/jeunesse\\\/groupe-scolaire-gustave-ansart\\\/\",\"name\":\"Groupe Scolaire Ansart - Espace jeunesse du site officiel de la Ville de Thiant\",\"isPartOf\":{\"@id\":\"https:\\\/\\\/thiant.fr\\\/wordpress\\\/jeunesse\\\/#website\"},\"primaryImageOfPage\":{\"@id\":\"https:\\\/\\\/thiant.fr\\\/wordpress\\\/jeunesse\\\/groupe-scolaire-gustave-ansart\\\/#primaryimage\"},\"image\":{\"@id\":\"https:\\\/\\\/thiant.fr\\\/wordpress\\\/jeunesse\\\/groupe-scolaire-gustave-ansart\\\/#primaryimage\"},\"thumbnailUrl\":\"https:\\\/\\\/thiant.fr\\\/wordpress\\\/jeunesse\\\/wp-content\\\/uploads\\\/sites\\\/2\\\/2021\\\/07\\\/Groupe-Scolaire-Gustave-Ansart_001.png\",\"datePublished\":\"2019-08-23T15:02:38+00:00\",\"dateModified\":\"2024-11-19T15:47:29+00:00\",\"breadcrumb\":{\"@id\":\"https:\\\/\\\/thiant.fr\\\/wordpress\\\/jeunesse\\\/groupe-scolaire-gustave-ansart\\\/#breadcrumb\"},\"inLanguage\":\"fr-FR\",\"potentialAction\":[{\"@type\":\"ReadAction\",\"target\":[\"https:\\\/\\\/thiant.fr\\\/wordpress\\\/jeunesse\\\/groupe-scolaire-gustave-ansart\\\/\"]}]},{\"@type\":\"ImageObject\",\"inLanguage\":\"fr-FR\",\"@id\":\"https:\\\/\\\/thiant.fr\\\/wordpress\\\/jeunesse\\\/groupe-scolaire-gustave-ansart\\\/#primaryimage\",\"url\":\"https:\\\/\\\/thiant.fr\\\/wordpress\\\/jeunesse\\\/wp-content\\\/uploads\\\/sites\\\/2\\\/2021\\\/07\\\/Groupe-Scolaire-Gustave-Ansart_001.png\",\"contentUrl\":\"https:\\\/\\\/thiant.fr\\\/wordpress\\\/jeunesse\\\/wp-content\\\/uploads\\\/sites\\\/2\\\/2021\\\/07\\\/Groupe-Scolaire-Gustave-Ansart_001.png\",\"width\":730,\"height\":317},{\"@type\":\"BreadcrumbList\",\"@id\":\"https:\\\/\\\/thiant.fr\\\/wordpress\\\/jeunesse\\\/groupe-scolaire-gustave-ansart\\\/#breadcrumb\",\"itemListElement\":[{\"@type\":\"ListItem\",\"position\":1,\"name\":\"Accueil\",\"item\":\"https:\\\/\\\/thiant.fr\\\/wordpress\\\/jeunesse\\\/\"},{\"@type\":\"ListItem\",\"position\":2,\"name\":\"Groupe Scolaire Ansart\"}]},{\"@type\":\"WebSite\",\"@id\":\"https:\\\/\\\/thiant.fr\\\/wordpress\\\/jeunesse\\\/#website\",\"url\":\"https:\\\/\\\/thiant.fr\\\/wordpress\\\/jeunesse\\\/\",\"name\":\"Espace jeunesse du site officiel de la Ville de Thiant\",\"description\":\"\",\"publisher\":{\"@id\":\"https:\\\/\\\/thiant.fr\\\/wordpress\\\/jeunesse\\\/#organization\"},\"potentialAction\":[{\"@type\":\"SearchAction\",\"target\":{\"@type\":\"EntryPoint\",\"urlTemplate\":\"https:\\\/\\\/thiant.fr\\\/wordpress\\\/jeunesse\\\/?s={search_term_string}\"},\"query-input\":{\"@type\":\"PropertyValueSpecification\",\"valueRequired\":true,\"valueName\":\"search_term_string\"}}],\"inLanguage\":\"fr-FR\"},{\"@type\":\"Organization\",\"@id\":\"https:\\\/\\\/thiant.fr\\\/wordpress\\\/jeunesse\\\/#organization\",\"name\":\"Espace jeunesse du site officiel de la Ville de Thiant\",\"url\":\"https:\\\/\\\/thiant.fr\\\/wordpress\\\/jeunesse\\\/\",\"logo\":{\"@type\":\"ImageObject\",\"inLanguage\":\"fr-FR\",\"@id\":\"https:\\\/\\\/thiant.fr\\\/wordpress\\\/jeunesse\\\/#\\\/schema\\\/logo\\\/image\\\/\",\"url\":\"https:\\\/\\\/thiant.fr\\\/wordpress\\\/jeunesse\\\/wp-content\\\/uploads\\\/sites\\\/2\\\/2019\\\/10\\\/Logo_jeunesse_02-1.png\",\"contentUrl\":\"https:\\\/\\\/thiant.fr\\\/wordpress\\\/jeunesse\\\/wp-content\\\/uploads\\\/sites\\\/2\\\/2019\\\/10\\\/Logo_jeunesse_02-1.png\",\"width\":384,\"height\":203,\"caption\":\"Espace jeunesse du site officiel de la Ville de Thiant\"},\"image\":{\"@id\":\"https:\\\/\\\/thiant.fr\\\/wordpress\\\/jeunesse\\\/#\\\/schema\\\/logo\\\/image\\\/\"},\"sameAs\":[\"https:\\\/\\\/www.facebook.com\\\/commune.thiant.1\"]}]}<\/script>\n<!-- \/ Yoast SEO plugin. -->","yoast_head_json":{"title":"Groupe Scolaire Ansart - Espace jeunesse du site officiel de la Ville de Thiant","robots":{"index":"index","follow":"follow","max-snippet":"max-snippet:-1","max-image-preview":"max-image-preview:large","max-video-preview":"max-video-preview:-1"},"canonical":"https:\/\/thiant.fr\/wordpress\/jeunesse\/groupe-scolaire-gustave-ansart\/","og_locale":"fr_FR","og_type":"article","og_title":"Groupe Scolaire Ansart - Espace jeunesse du site officiel de la Ville de Thiant","og_description":"Pr\u00e9sentation Restauration Documents Pr\u00e9sentation Le groupe scolaire Gustave Ansart regroupe \u00e0 la fois une \u00e9cole maternelle et une \u00e9cole \u00e9l\u00e9mentaire. Cette \u00e9cole primaire compte, pour l&#8217;ann\u00e9e 2021\/2022, 328 \u00e9l\u00e8ves. L&#8217;intervenant sport et responsable p\u00e9riscolaire est M. Laurent pour l&#8217;ensemble du groupe scolaire. L&#8217;\u00e9cole maternelle Directrice : Mme Colin Elle accueille les enfants \u00e0 partir de [&hellip;]","og_url":"https:\/\/thiant.fr\/wordpress\/jeunesse\/groupe-scolaire-gustave-ansart\/","og_site_name":"Espace jeunesse du site officiel de la Ville de Thiant","article_publisher":"https:\/\/www.facebook.com\/commune.thiant.1","article_modified_time":"2024-11-19T15:47:29+00:00","og_image":[{"width":730,"height":317,"url":"https:\/\/thiant.fr\/wordpress\/jeunesse\/wp-content\/uploads\/sites\/2\/2021\/07\/Groupe-Scolaire-Gustave-Ansart_001.png","type":"image\/png"}],"twitter_card":"summary_large_image","twitter_misc":{"Dur\u00e9e de lecture estim\u00e9e":"6 minutes"},"schema":{"@context":"https:\/\/schema.org","@graph":[{"@type":"WebPage","@id":"https:\/\/thiant.fr\/wordpress\/jeunesse\/groupe-scolaire-gustave-ansart\/","url":"https:\/\/thiant.fr\/wordpress\/jeunesse\/groupe-scolaire-gustave-ansart\/","name":"Groupe Scolaire Ansart - Espace jeunesse du site officiel de la Ville de Thiant","isPartOf":{"@id":"https:\/\/thiant.fr\/wordpress\/jeunesse\/#website"},"primaryImageOfPage":{"@id":"https:\/\/thiant.fr\/wordpress\/jeunesse\/groupe-scolaire-gustave-ansart\/#primaryimage"},"image":{"@id":"https:\/\/thiant.fr\/wordpress\/jeunesse\/groupe-scolaire-gustave-ansart\/#primaryimage"},"thumbnailUrl":"https:\/\/thiant.fr\/wordpress\/jeunesse\/wp-content\/uploads\/sites\/2\/2021\/07\/Groupe-Scolaire-Gustave-Ansart_001.png","datePublished":"2019-08-23T15:02:38+00:00","dateModified":"2024-11-19T15:47:29+00:00","breadcrumb":{"@id":"https:\/\/thiant.fr\/wordpress\/jeunesse\/groupe-scolaire-gustave-ansart\/#breadcrumb"},"inLanguage":"fr-FR","potentialAction":[{"@type":"ReadAction","target":["https:\/\/thiant.fr\/wordpress\/jeunesse\/groupe-scolaire-gustave-ansart\/"]}]},{"@type":"ImageObject","inLanguage":"fr-FR","@id":"https:\/\/thiant.fr\/wordpress\/jeunesse\/groupe-scolaire-gustave-ansart\/#primaryimage","url":"https:\/\/thiant.fr\/wordpress\/jeunesse\/wp-content\/uploads\/sites\/2\/2021\/07\/Groupe-Scolaire-Gustave-Ansart_001.png","contentUrl":"https:\/\/thiant.fr\/wordpress\/jeunesse\/wp-content\/uploads\/sites\/2\/2021\/07\/Groupe-Scolaire-Gustave-Ansart_001.png","width":730,"height":317},{"@type":"BreadcrumbList","@id":"https:\/\/thiant.fr\/wordpress\/jeunesse\/groupe-scolaire-gustave-ansart\/#breadcrumb","itemListElement":[{"@type":"ListItem","position":1,"name":"Accueil","item":"https:\/\/thiant.fr\/wordpress\/jeunesse\/"},{"@type":"ListItem","position":2,"name":"Groupe Scolaire Ansart"}]},{"@type":"WebSite","@id":"https:\/\/thiant.fr\/wordpress\/jeunesse\/#website","url":"https:\/\/thiant.fr\/wordpress\/jeunesse\/","name":"Espace jeunesse du site officiel de la Ville de Thiant","description":"","publisher":{"@id":"https:\/\/thiant.fr\/wordpress\/jeunesse\/#organization"},"potentialAction":[{"@type":"SearchAction","target":{"@type":"EntryPoint","urlTemplate":"https:\/\/thiant.fr\/wordpress\/jeunesse\/?s={search_term_string}"},"query-input":{"@type":"PropertyValueSpecification","valueRequired":true,"valueName":"search_term_string"}}],"inLanguage":"fr-FR"},{"@type":"Organization","@id":"https:\/\/thiant.fr\/wordpress\/jeunesse\/#organization","name":"Espace jeunesse du site officiel de la Ville de Thiant","url":"https:\/\/thiant.fr\/wordpress\/jeunesse\/","logo":{"@type":"ImageObject","inLanguage":"fr-FR","@id":"https:\/\/thiant.fr\/wordpress\/jeunesse\/#\/schema\/logo\/image\/","url":"https:\/\/thiant.fr\/wordpress\/jeunesse\/wp-content\/uploads\/sites\/2\/2019\/10\/Logo_jeunesse_02-1.png","contentUrl":"https:\/\/thiant.fr\/wordpress\/jeunesse\/wp-content\/uploads\/sites\/2\/2019\/10\/Logo_jeunesse_02-1.png","width":384,"height":203,"caption":"Espace jeunesse du site officiel de la Ville de Thiant"},"image":{"@id":"https:\/\/thiant.fr\/wordpress\/jeunesse\/#\/schema\/logo\/image\/"},"sameAs":["https:\/\/www.facebook.com\/commune.thiant.1"]}]}},"_links":{"self":[{"href":"https:\/\/thiant.fr\/wordpress\/jeunesse\/wp-json\/wp\/v2\/pages\/38","targetHints":{"allow":["GET"]}}],"collection":[{"href":"https:\/\/thiant.fr\/wordpress\/jeunesse\/wp-json\/wp\/v2\/pages"}],"about":[{"href":"https:\/\/thiant.fr\/wordpress\/jeunesse\/wp-json\/wp\/v2\/types\/page"}],"author":[{"embeddable":true,"href":"https:\/\/thiant.fr\/wordpress\/jeunesse\/wp-json\/wp\/v2\/users\/1"}],"replies":[{"embeddable":true,"href":"https:\/\/thiant.fr\/wordpress\/jeunesse\/wp-json\/wp\/v2\/comments?post=38"}],"version-history":[{"count":38,"href":"https:\/\/thiant.fr\/wordpress\/jeunesse\/wp-json\/wp\/v2\/pages\/38\/revisions"}],"predecessor-version":[{"id":2117,"href":"https:\/\/thiant.fr\/wordpress\/jeunesse\/wp-json\/wp\/v2\/pages\/38\/revisions\/2117"}],"wp:attachment":[{"href":"https:\/\/thiant.fr\/wordpress\/jeunesse\/wp-json\/wp\/v2\/media?parent=38"}],"curies":[{"name":"wp","href":"https:\/\/api.w.org\/{rel}","templated":true}]}}