{"id":109,"date":"2022-12-05T12:06:54","date_gmt":"2022-12-05T11:06:54","guid":{"rendered":"https:\/\/thiant.fr\/wordpress\/ma-ville-zero-dechet\/?page_id=109"},"modified":"2022-12-05T13:37:43","modified_gmt":"2022-12-05T12:37:43","slug":"la-gestion-des-produits-alimentaires","status":"publish","type":"page","link":"https:\/\/thiant.fr\/wordpress\/ma-ville-zero-dechet\/gaspillage-alimentaire\/la-gestion-des-produits-alimentaires\/","title":{"rendered":"La gestion des produits alimentaires"},"content":{"rendered":"\t\t<div data-elementor-type=\"wp-page\" data-elementor-id=\"109\" class=\"elementor elementor-109\">\n\t\t\t\t\t\t<section class=\"elementor-section elementor-top-section elementor-element elementor-element-b8684a1 elementor-section-boxed elementor-section-height-default elementor-section-height-default\" data-id=\"b8684a1\" data-element_type=\"section\" data-e-type=\"section\">\n\t\t\t\t\t\t<div class=\"elementor-container elementor-column-gap-default\">\n\t\t\t\t\t<div class=\"elementor-column elementor-col-33 elementor-top-column elementor-element elementor-element-14898ae\" data-id=\"14898ae\" data-element_type=\"column\" data-e-type=\"column\">\n\t\t\t<div class=\"elementor-widget-wrap elementor-element-populated\">\n\t\t\t\t\t\t<div class=\"elementor-element elementor-element-da00901 elementor-widget elementor-widget-image\" data-id=\"da00901\" data-element_type=\"widget\" data-e-type=\"widget\" data-widget_type=\"image.default\">\n\t\t\t\t<div class=\"elementor-widget-container\">\n\t\t\t\t\t\t\t\t\t\t\t\t<figure class=\"wp-caption\">\n\t\t\t\t\t\t\t\t\t\t\t<a href=\"https:\/\/thiant.fr\/wordpress\/documents_ext\/MaVilleZeroDechet\/GaspillageAlimentaire\/GestionProduitsAlimentaires\/Un-repas-par-semaine-finit-\u00e0-la-poubelle.pdf\" target=\"_blank\">\n\t\t\t\t\t\t\t<img fetchpriority=\"high\" decoding=\"async\" width=\"554\" height=\"800\" src=\"https:\/\/thiant.fr\/wordpress\/ma-ville-zero-dechet\/wp-content\/uploads\/sites\/7\/2022\/12\/gestion-produits-alimentaires_001.png\" class=\"attachment-large size-large wp-image-111\" alt=\"Acc\u00e9dez au PDF : Un repas par semaine finit \u00e0 la poubelle, c&#039;est trop !\" srcset=\"https:\/\/thiant.fr\/wordpress\/ma-ville-zero-dechet\/wp-content\/uploads\/sites\/7\/2022\/12\/gestion-produits-alimentaires_001.png 554w, https:\/\/thiant.fr\/wordpress\/ma-ville-zero-dechet\/wp-content\/uploads\/sites\/7\/2022\/12\/gestion-produits-alimentaires_001-208x300.png 208w\" sizes=\"(max-width: 554px) 100vw, 554px\" \/>\t\t\t\t\t\t\t\t<\/a>\n\t\t\t\t\t\t\t\t\t\t\t<figcaption class=\"widget-image-caption wp-caption-text\">Les conseils du SIAVED pour limiter le gaspillage \u00e0 la maison<\/figcaption>\n\t\t\t\t\t\t\t\t\t\t<\/figure>\n\t\t\t\t\t\t\t\t\t<\/div>\n\t\t\t\t<\/div>\n\t\t\t\t\t<\/div>\n\t\t<\/div>\n\t\t\t\t<div class=\"elementor-column elementor-col-33 elementor-top-column elementor-element elementor-element-cf89b72\" data-id=\"cf89b72\" data-element_type=\"column\" data-e-type=\"column\">\n\t\t\t<div class=\"elementor-widget-wrap elementor-element-populated\">\n\t\t\t\t\t\t<div class=\"elementor-element elementor-element-66cfd18 elementor-widget elementor-widget-image\" data-id=\"66cfd18\" data-element_type=\"widget\" data-e-type=\"widget\" data-widget_type=\"image.default\">\n\t\t\t\t<div class=\"elementor-widget-container\">\n\t\t\t\t\t\t\t\t\t\t\t\t<figure class=\"wp-caption\">\n\t\t\t\t\t\t\t\t\t\t\t<a href=\"https:\/\/thiant.fr\/wordpress\/documents_ext\/MaVilleZeroDechet\/GaspillageAlimentaire\/GestionProduitsAlimentaires\/FICHE-INFO_Rangement-frigo.pdf\" target=\"_blank\">\n\t\t\t\t\t\t\t<img decoding=\"async\" width=\"554\" height=\"800\" src=\"https:\/\/thiant.fr\/wordpress\/ma-ville-zero-dechet\/wp-content\/uploads\/sites\/7\/2022\/12\/gestion-produits-alimentaires_003.png\" class=\"attachment-large size-large wp-image-131\" alt=\"Acc\u00e9dez au PDF : Un frigo bien rang\u00e9\" srcset=\"https:\/\/thiant.fr\/wordpress\/ma-ville-zero-dechet\/wp-content\/uploads\/sites\/7\/2022\/12\/gestion-produits-alimentaires_003.png 554w, https:\/\/thiant.fr\/wordpress\/ma-ville-zero-dechet\/wp-content\/uploads\/sites\/7\/2022\/12\/gestion-produits-alimentaires_003-208x300.png 208w\" sizes=\"(max-width: 554px) 100vw, 554px\" \/>\t\t\t\t\t\t\t\t<\/a>\n\t\t\t\t\t\t\t\t\t\t\t<figcaption class=\"widget-image-caption wp-caption-text\">Les conseils du SIAVED pour bien ranger son frigo<\/figcaption>\n\t\t\t\t\t\t\t\t\t\t<\/figure>\n\t\t\t\t\t\t\t\t\t<\/div>\n\t\t\t\t<\/div>\n\t\t\t\t<div class=\"elementor-element elementor-element-29a5ade elementor-widget elementor-widget-image\" data-id=\"29a5ade\" data-element_type=\"widget\" data-e-type=\"widget\" data-widget_type=\"image.default\">\n\t\t\t\t<div class=\"elementor-widget-container\">\n\t\t\t\t\t\t\t\t\t\t\t\t<figure class=\"wp-caption\">\n\t\t\t\t\t\t\t\t\t\t\t<a href=\"https:\/\/thiant.fr\/wordpress\/documents_ext\/MaVilleZeroDechet\/GaspillageAlimentaire\/GestionProduitsAlimentaires\/FICHE-INFO_Les-dates-de-conservation.pdf\" target=\"_blank\">\n\t\t\t\t\t\t\t<img decoding=\"async\" width=\"554\" height=\"800\" src=\"https:\/\/thiant.fr\/wordpress\/ma-ville-zero-dechet\/wp-content\/uploads\/sites\/7\/2022\/12\/gestion-produits-alimentaires_004.png\" class=\"attachment-large size-large wp-image-132\" alt=\"Acc\u00e9dez au PDF : Les dates de conservation\" srcset=\"https:\/\/thiant.fr\/wordpress\/ma-ville-zero-dechet\/wp-content\/uploads\/sites\/7\/2022\/12\/gestion-produits-alimentaires_004.png 554w, https:\/\/thiant.fr\/wordpress\/ma-ville-zero-dechet\/wp-content\/uploads\/sites\/7\/2022\/12\/gestion-produits-alimentaires_004-208x300.png 208w\" sizes=\"(max-width: 554px) 100vw, 554px\" \/>\t\t\t\t\t\t\t\t<\/a>\n\t\t\t\t\t\t\t\t\t\t\t<figcaption class=\"widget-image-caption wp-caption-text\">Les conseils du SIAVED sur les dates de conservation<\/figcaption>\n\t\t\t\t\t\t\t\t\t\t<\/figure>\n\t\t\t\t\t\t\t\t\t<\/div>\n\t\t\t\t<\/div>\n\t\t\t\t\t<\/div>\n\t\t<\/div>\n\t\t\t\t<div class=\"elementor-column elementor-col-33 elementor-top-column elementor-element elementor-element-a3d54c6\" data-id=\"a3d54c6\" data-element_type=\"column\" data-e-type=\"column\">\n\t\t\t<div class=\"elementor-widget-wrap elementor-element-populated\">\n\t\t\t\t\t\t<div class=\"elementor-element elementor-element-ee23122 elementor-widget elementor-widget-image\" data-id=\"ee23122\" data-element_type=\"widget\" data-e-type=\"widget\" data-widget_type=\"image.default\">\n\t\t\t\t<div class=\"elementor-widget-container\">\n\t\t\t\t\t\t\t\t\t\t\t\t<figure class=\"wp-caption\">\n\t\t\t\t\t\t\t\t\t\t\t<a href=\"https:\/\/thiant.fr\/wordpress\/documents_ext\/MaVilleZeroDechet\/GaspillageAlimentaire\/GestionProduitsAlimentaires\/les-10-gestes-anti-gaspi.pdf\" target=\"_blank\">\n\t\t\t\t\t\t\t<img loading=\"lazy\" decoding=\"async\" width=\"320\" height=\"800\" src=\"https:\/\/thiant.fr\/wordpress\/ma-ville-zero-dechet\/wp-content\/uploads\/sites\/7\/2022\/12\/gestion-produits-alimentaires_002.png\" class=\"attachment-large size-large wp-image-130\" alt=\"Acc\u00e9dez au PDF : Les dix gestes anti gaspi\" srcset=\"https:\/\/thiant.fr\/wordpress\/ma-ville-zero-dechet\/wp-content\/uploads\/sites\/7\/2022\/12\/gestion-produits-alimentaires_002.png 320w, https:\/\/thiant.fr\/wordpress\/ma-ville-zero-dechet\/wp-content\/uploads\/sites\/7\/2022\/12\/gestion-produits-alimentaires_002-120x300.png 120w\" sizes=\"(max-width: 320px) 100vw, 320px\" \/>\t\t\t\t\t\t\t\t<\/a>\n\t\t\t\t\t\t\t\t\t\t\t<figcaption class=\"widget-image-caption wp-caption-text\">Les dix gestes anti gaspi<\/figcaption>\n\t\t\t\t\t\t\t\t\t\t<\/figure>\n\t\t\t\t\t\t\t\t\t<\/div>\n\t\t\t\t<\/div>\n\t\t\t\t\t<\/div>\n\t\t<\/div>\n\t\t\t\t\t<\/div>\n\t\t<\/section>\n\t\t\t\t<\/div>\n\t\t","protected":false},"excerpt":{"rendered":"<p>Les conseils du SIAVED pour limiter le gaspillage \u00e0 la maison Les conseils du SIAVED pour bien ranger son frigo Les conseils du SIAVED sur les dates de conservation Les dix gestes anti gaspi<\/p>\n","protected":false},"author":1,"featured_media":0,"parent":29,"menu_order":0,"comment_status":"closed","ping_status":"closed","template":"","meta":{"_crdt_document":"","ocean_post_layout":"","ocean_both_sidebars_style":"","ocean_both_sidebars_content_width":0,"ocean_both_sidebars_sidebars_width":0,"ocean_sidebar":"0","ocean_second_sidebar":"0","ocean_disable_margins":"enable","ocean_add_body_class":"","ocean_shortcode_before_top_bar":"","ocean_shortcode_after_top_bar":"","ocean_shortcode_before_header":"","ocean_shortcode_after_header":"","ocean_has_shortcode":"","ocean_shortcode_after_title":"","ocean_shortcode_before_footer_widgets":"","ocean_shortcode_after_footer_widgets":"","ocean_shortcode_before_footer_bottom":"","ocean_shortcode_after_footer_bottom":"","ocean_display_top_bar":"default","ocean_display_header":"default","ocean_header_style":"","ocean_center_header_left_menu":"0","ocean_custom_header_template":"0","ocean_custom_logo":0,"ocean_custom_retina_logo":0,"ocean_custom_logo_max_width":0,"ocean_custom_logo_tablet_max_width":0,"ocean_custom_logo_mobile_max_width":0,"ocean_custom_logo_max_height":0,"ocean_custom_logo_tablet_max_height":0,"ocean_custom_logo_mobile_max_height":0,"ocean_header_custom_menu":"0","ocean_menu_typo_font_family":"0","ocean_menu_typo_font_subset":"","ocean_menu_typo_font_size":0,"ocean_menu_typo_font_size_tablet":0,"ocean_menu_typo_font_size_mobile":0,"ocean_menu_typo_font_size_unit":"px","ocean_menu_typo_font_weight":"","ocean_menu_typo_font_weight_tablet":"","ocean_menu_typo_font_weight_mobile":"","ocean_menu_typo_transform":"","ocean_menu_typo_transform_tablet":"","ocean_menu_typo_transform_mobile":"","ocean_menu_typo_line_height":0,"ocean_menu_typo_line_height_tablet":0,"ocean_menu_typo_line_height_mobile":0,"ocean_menu_typo_line_height_unit":"","ocean_menu_typo_spacing":0,"ocean_menu_typo_spacing_tablet":0,"ocean_menu_typo_spacing_mobile":0,"ocean_menu_typo_spacing_unit":"","ocean_menu_link_color":"","ocean_menu_link_color_hover":"","ocean_menu_link_color_active":"","ocean_menu_link_background":"","ocean_menu_link_hover_background":"","ocean_menu_link_active_background":"","ocean_menu_social_links_bg":"","ocean_menu_social_hover_links_bg":"","ocean_menu_social_links_color":"","ocean_menu_social_hover_links_color":"","ocean_disable_title":"default","ocean_disable_heading":"default","ocean_post_title":"","ocean_post_subheading":"","ocean_post_title_style":"","ocean_post_title_background_color":"","ocean_post_title_background":0,"ocean_post_title_bg_image_position":"","ocean_post_title_bg_image_attachment":"","ocean_post_title_bg_image_repeat":"","ocean_post_title_bg_image_size":"","ocean_post_title_height":0,"ocean_post_title_bg_overlay":0.5,"ocean_post_title_bg_overlay_color":"","ocean_disable_breadcrumbs":"default","ocean_breadcrumbs_color":"","ocean_breadcrumbs_separator_color":"","ocean_breadcrumbs_links_color":"","ocean_breadcrumbs_links_hover_color":"","ocean_display_footer_widgets":"default","ocean_display_footer_bottom":"default","ocean_custom_footer_template":"0","footnotes":""},"class_list":["post-109","page","type-page","status-publish","hentry","entry"],"yoast_head":"<!-- This site is optimized with the Yoast SEO plugin v27.3 - https:\/\/yoast.com\/product\/yoast-seo-wordpress\/ -->\n<title>La gestion des produits alimentaires - Ma Ville Z\u00e9ro D\u00e9chet<\/title>\n<meta name=\"robots\" content=\"index, follow, max-snippet:-1, max-image-preview:large, max-video-preview:-1\" \/>\n<link rel=\"canonical\" href=\"https:\/\/thiant.fr\/wordpress\/ma-ville-zero-dechet\/gaspillage-alimentaire\/la-gestion-des-produits-alimentaires\/\" \/>\n<meta property=\"og:locale\" content=\"fr_FR\" \/>\n<meta property=\"og:type\" content=\"article\" \/>\n<meta property=\"og:title\" content=\"La gestion des produits alimentaires - Ma Ville Z\u00e9ro D\u00e9chet\" \/>\n<meta property=\"og:description\" content=\"Les conseils du SIAVED pour limiter le gaspillage \u00e0 la maison Les conseils du SIAVED pour bien ranger son frigo Les conseils du SIAVED sur les dates de conservation Les dix gestes anti gaspi\" \/>\n<meta property=\"og:url\" content=\"https:\/\/thiant.fr\/wordpress\/ma-ville-zero-dechet\/gaspillage-alimentaire\/la-gestion-des-produits-alimentaires\/\" \/>\n<meta property=\"og:site_name\" content=\"Ma Ville Z\u00e9ro D\u00e9chet\" \/>\n<meta property=\"article:publisher\" content=\"https:\/\/www.facebook.com\/commune.thiant.1\/\" \/>\n<meta property=\"article:modified_time\" content=\"2022-12-05T12:37:43+00:00\" \/>\n<meta property=\"og:image\" content=\"https:\/\/thiant.fr\/wordpress\/ma-ville-zero-dechet\/wp-content\/uploads\/sites\/7\/2022\/12\/gestion-produits-alimentaires_001.png\" \/>\n<meta name=\"twitter:card\" content=\"summary_large_image\" \/>\n<meta name=\"twitter:label1\" content=\"Dur\u00e9e de lecture estim\u00e9e\" \/>\n\t<meta name=\"twitter:data1\" content=\"1 minute\" \/>\n<script type=\"application\/ld+json\" class=\"yoast-schema-graph\">{\"@context\":\"https:\\\/\\\/schema.org\",\"@graph\":[{\"@type\":\"WebPage\",\"@id\":\"https:\\\/\\\/thiant.fr\\\/wordpress\\\/ma-ville-zero-dechet\\\/gaspillage-alimentaire\\\/la-gestion-des-produits-alimentaires\\\/\",\"url\":\"https:\\\/\\\/thiant.fr\\\/wordpress\\\/ma-ville-zero-dechet\\\/gaspillage-alimentaire\\\/la-gestion-des-produits-alimentaires\\\/\",\"name\":\"La gestion des produits alimentaires - Ma Ville Z\u00e9ro D\u00e9chet\",\"isPartOf\":{\"@id\":\"https:\\\/\\\/thiant.fr\\\/wordpress\\\/ma-ville-zero-dechet\\\/#website\"},\"primaryImageOfPage\":{\"@id\":\"https:\\\/\\\/thiant.fr\\\/wordpress\\\/ma-ville-zero-dechet\\\/gaspillage-alimentaire\\\/la-gestion-des-produits-alimentaires\\\/#primaryimage\"},\"image\":{\"@id\":\"https:\\\/\\\/thiant.fr\\\/wordpress\\\/ma-ville-zero-dechet\\\/gaspillage-alimentaire\\\/la-gestion-des-produits-alimentaires\\\/#primaryimage\"},\"thumbnailUrl\":\"https:\\\/\\\/thiant.fr\\\/wordpress\\\/ma-ville-zero-dechet\\\/wp-content\\\/uploads\\\/sites\\\/7\\\/2022\\\/12\\\/gestion-produits-alimentaires_001.png\",\"datePublished\":\"2022-12-05T11:06:54+00:00\",\"dateModified\":\"2022-12-05T12:37:43+00:00\",\"breadcrumb\":{\"@id\":\"https:\\\/\\\/thiant.fr\\\/wordpress\\\/ma-ville-zero-dechet\\\/gaspillage-alimentaire\\\/la-gestion-des-produits-alimentaires\\\/#breadcrumb\"},\"inLanguage\":\"fr-FR\",\"potentialAction\":[{\"@type\":\"ReadAction\",\"target\":[\"https:\\\/\\\/thiant.fr\\\/wordpress\\\/ma-ville-zero-dechet\\\/gaspillage-alimentaire\\\/la-gestion-des-produits-alimentaires\\\/\"]}]},{\"@type\":\"ImageObject\",\"inLanguage\":\"fr-FR\",\"@id\":\"https:\\\/\\\/thiant.fr\\\/wordpress\\\/ma-ville-zero-dechet\\\/gaspillage-alimentaire\\\/la-gestion-des-produits-alimentaires\\\/#primaryimage\",\"url\":\"https:\\\/\\\/thiant.fr\\\/wordpress\\\/ma-ville-zero-dechet\\\/wp-content\\\/uploads\\\/sites\\\/7\\\/2022\\\/12\\\/gestion-produits-alimentaires_001.png\",\"contentUrl\":\"https:\\\/\\\/thiant.fr\\\/wordpress\\\/ma-ville-zero-dechet\\\/wp-content\\\/uploads\\\/sites\\\/7\\\/2022\\\/12\\\/gestion-produits-alimentaires_001.png\",\"width\":554,\"height\":800,\"caption\":\"Acc\u00e9dez au PDF : Un repas par semaine finit \u00e0 la poubelle, c'est trop !\"},{\"@type\":\"BreadcrumbList\",\"@id\":\"https:\\\/\\\/thiant.fr\\\/wordpress\\\/ma-ville-zero-dechet\\\/gaspillage-alimentaire\\\/la-gestion-des-produits-alimentaires\\\/#breadcrumb\",\"itemListElement\":[{\"@type\":\"ListItem\",\"position\":1,\"name\":\"Accueil\",\"item\":\"https:\\\/\\\/thiant.fr\\\/wordpress\\\/ma-ville-zero-dechet\\\/\"},{\"@type\":\"ListItem\",\"position\":2,\"name\":\"Gaspillage alimentaire\",\"item\":\"https:\\\/\\\/thiant.fr\\\/wordpress\\\/ma-ville-zero-dechet\\\/gaspillage-alimentaire\\\/\"},{\"@type\":\"ListItem\",\"position\":3,\"name\":\"La gestion des produits alimentaires\"}]},{\"@type\":\"WebSite\",\"@id\":\"https:\\\/\\\/thiant.fr\\\/wordpress\\\/ma-ville-zero-dechet\\\/#website\",\"url\":\"https:\\\/\\\/thiant.fr\\\/wordpress\\\/ma-ville-zero-dechet\\\/\",\"name\":\"Ma Ville Z\u00e9ro D\u00e9chet\",\"description\":\"\",\"publisher\":{\"@id\":\"https:\\\/\\\/thiant.fr\\\/wordpress\\\/ma-ville-zero-dechet\\\/#organization\"},\"potentialAction\":[{\"@type\":\"SearchAction\",\"target\":{\"@type\":\"EntryPoint\",\"urlTemplate\":\"https:\\\/\\\/thiant.fr\\\/wordpress\\\/ma-ville-zero-dechet\\\/?s={search_term_string}\"},\"query-input\":{\"@type\":\"PropertyValueSpecification\",\"valueRequired\":true,\"valueName\":\"search_term_string\"}}],\"inLanguage\":\"fr-FR\"},{\"@type\":\"Organization\",\"@id\":\"https:\\\/\\\/thiant.fr\\\/wordpress\\\/ma-ville-zero-dechet\\\/#organization\",\"name\":\"Ville de Thiant\",\"url\":\"https:\\\/\\\/thiant.fr\\\/wordpress\\\/ma-ville-zero-dechet\\\/\",\"logo\":{\"@type\":\"ImageObject\",\"inLanguage\":\"fr-FR\",\"@id\":\"https:\\\/\\\/thiant.fr\\\/wordpress\\\/ma-ville-zero-dechet\\\/#\\\/schema\\\/logo\\\/image\\\/\",\"url\":\"https:\\\/\\\/thiant.fr\\\/wordpress\\\/ma-ville-zero-dechet\\\/wp-content\\\/uploads\\\/sites\\\/7\\\/2022\\\/11\\\/logo_ville_thiant_web.jpg\",\"contentUrl\":\"https:\\\/\\\/thiant.fr\\\/wordpress\\\/ma-ville-zero-dechet\\\/wp-content\\\/uploads\\\/sites\\\/7\\\/2022\\\/11\\\/logo_ville_thiant_web.jpg\",\"width\":283,\"height\":400,\"caption\":\"Ville de Thiant\"},\"image\":{\"@id\":\"https:\\\/\\\/thiant.fr\\\/wordpress\\\/ma-ville-zero-dechet\\\/#\\\/schema\\\/logo\\\/image\\\/\"},\"sameAs\":[\"https:\\\/\\\/www.facebook.com\\\/commune.thiant.1\\\/\"]}]}<\/script>\n<!-- \/ Yoast SEO plugin. -->","yoast_head_json":{"title":"La gestion des produits alimentaires - Ma Ville Z\u00e9ro D\u00e9chet","robots":{"index":"index","follow":"follow","max-snippet":"max-snippet:-1","max-image-preview":"max-image-preview:large","max-video-preview":"max-video-preview:-1"},"canonical":"https:\/\/thiant.fr\/wordpress\/ma-ville-zero-dechet\/gaspillage-alimentaire\/la-gestion-des-produits-alimentaires\/","og_locale":"fr_FR","og_type":"article","og_title":"La gestion des produits alimentaires - Ma Ville Z\u00e9ro D\u00e9chet","og_description":"Les conseils du SIAVED pour limiter le gaspillage \u00e0 la maison Les conseils du SIAVED pour bien ranger son frigo Les conseils du SIAVED sur les dates de conservation Les dix gestes anti gaspi","og_url":"https:\/\/thiant.fr\/wordpress\/ma-ville-zero-dechet\/gaspillage-alimentaire\/la-gestion-des-produits-alimentaires\/","og_site_name":"Ma Ville Z\u00e9ro D\u00e9chet","article_publisher":"https:\/\/www.facebook.com\/commune.thiant.1\/","article_modified_time":"2022-12-05T12:37:43+00:00","og_image":[{"url":"https:\/\/thiant.fr\/wordpress\/ma-ville-zero-dechet\/wp-content\/uploads\/sites\/7\/2022\/12\/gestion-produits-alimentaires_001.png","type":"","width":"","height":""}],"twitter_card":"summary_large_image","twitter_misc":{"Dur\u00e9e de lecture estim\u00e9e":"1 minute"},"schema":{"@context":"https:\/\/schema.org","@graph":[{"@type":"WebPage","@id":"https:\/\/thiant.fr\/wordpress\/ma-ville-zero-dechet\/gaspillage-alimentaire\/la-gestion-des-produits-alimentaires\/","url":"https:\/\/thiant.fr\/wordpress\/ma-ville-zero-dechet\/gaspillage-alimentaire\/la-gestion-des-produits-alimentaires\/","name":"La gestion des produits alimentaires - Ma Ville Z\u00e9ro D\u00e9chet","isPartOf":{"@id":"https:\/\/thiant.fr\/wordpress\/ma-ville-zero-dechet\/#website"},"primaryImageOfPage":{"@id":"https:\/\/thiant.fr\/wordpress\/ma-ville-zero-dechet\/gaspillage-alimentaire\/la-gestion-des-produits-alimentaires\/#primaryimage"},"image":{"@id":"https:\/\/thiant.fr\/wordpress\/ma-ville-zero-dechet\/gaspillage-alimentaire\/la-gestion-des-produits-alimentaires\/#primaryimage"},"thumbnailUrl":"https:\/\/thiant.fr\/wordpress\/ma-ville-zero-dechet\/wp-content\/uploads\/sites\/7\/2022\/12\/gestion-produits-alimentaires_001.png","datePublished":"2022-12-05T11:06:54+00:00","dateModified":"2022-12-05T12:37:43+00:00","breadcrumb":{"@id":"https:\/\/thiant.fr\/wordpress\/ma-ville-zero-dechet\/gaspillage-alimentaire\/la-gestion-des-produits-alimentaires\/#breadcrumb"},"inLanguage":"fr-FR","potentialAction":[{"@type":"ReadAction","target":["https:\/\/thiant.fr\/wordpress\/ma-ville-zero-dechet\/gaspillage-alimentaire\/la-gestion-des-produits-alimentaires\/"]}]},{"@type":"ImageObject","inLanguage":"fr-FR","@id":"https:\/\/thiant.fr\/wordpress\/ma-ville-zero-dechet\/gaspillage-alimentaire\/la-gestion-des-produits-alimentaires\/#primaryimage","url":"https:\/\/thiant.fr\/wordpress\/ma-ville-zero-dechet\/wp-content\/uploads\/sites\/7\/2022\/12\/gestion-produits-alimentaires_001.png","contentUrl":"https:\/\/thiant.fr\/wordpress\/ma-ville-zero-dechet\/wp-content\/uploads\/sites\/7\/2022\/12\/gestion-produits-alimentaires_001.png","width":554,"height":800,"caption":"Acc\u00e9dez au PDF : Un repas par semaine finit \u00e0 la poubelle, c'est trop !"},{"@type":"BreadcrumbList","@id":"https:\/\/thiant.fr\/wordpress\/ma-ville-zero-dechet\/gaspillage-alimentaire\/la-gestion-des-produits-alimentaires\/#breadcrumb","itemListElement":[{"@type":"ListItem","position":1,"name":"Accueil","item":"https:\/\/thiant.fr\/wordpress\/ma-ville-zero-dechet\/"},{"@type":"ListItem","position":2,"name":"Gaspillage alimentaire","item":"https:\/\/thiant.fr\/wordpress\/ma-ville-zero-dechet\/gaspillage-alimentaire\/"},{"@type":"ListItem","position":3,"name":"La gestion des produits alimentaires"}]},{"@type":"WebSite","@id":"https:\/\/thiant.fr\/wordpress\/ma-ville-zero-dechet\/#website","url":"https:\/\/thiant.fr\/wordpress\/ma-ville-zero-dechet\/","name":"Ma Ville Z\u00e9ro D\u00e9chet","description":"","publisher":{"@id":"https:\/\/thiant.fr\/wordpress\/ma-ville-zero-dechet\/#organization"},"potentialAction":[{"@type":"SearchAction","target":{"@type":"EntryPoint","urlTemplate":"https:\/\/thiant.fr\/wordpress\/ma-ville-zero-dechet\/?s={search_term_string}"},"query-input":{"@type":"PropertyValueSpecification","valueRequired":true,"valueName":"search_term_string"}}],"inLanguage":"fr-FR"},{"@type":"Organization","@id":"https:\/\/thiant.fr\/wordpress\/ma-ville-zero-dechet\/#organization","name":"Ville de Thiant","url":"https:\/\/thiant.fr\/wordpress\/ma-ville-zero-dechet\/","logo":{"@type":"ImageObject","inLanguage":"fr-FR","@id":"https:\/\/thiant.fr\/wordpress\/ma-ville-zero-dechet\/#\/schema\/logo\/image\/","url":"https:\/\/thiant.fr\/wordpress\/ma-ville-zero-dechet\/wp-content\/uploads\/sites\/7\/2022\/11\/logo_ville_thiant_web.jpg","contentUrl":"https:\/\/thiant.fr\/wordpress\/ma-ville-zero-dechet\/wp-content\/uploads\/sites\/7\/2022\/11\/logo_ville_thiant_web.jpg","width":283,"height":400,"caption":"Ville de Thiant"},"image":{"@id":"https:\/\/thiant.fr\/wordpress\/ma-ville-zero-dechet\/#\/schema\/logo\/image\/"},"sameAs":["https:\/\/www.facebook.com\/commune.thiant.1\/"]}]}},"_links":{"self":[{"href":"https:\/\/thiant.fr\/wordpress\/ma-ville-zero-dechet\/wp-json\/wp\/v2\/pages\/109","targetHints":{"allow":["GET"]}}],"collection":[{"href":"https:\/\/thiant.fr\/wordpress\/ma-ville-zero-dechet\/wp-json\/wp\/v2\/pages"}],"about":[{"href":"https:\/\/thiant.fr\/wordpress\/ma-ville-zero-dechet\/wp-json\/wp\/v2\/types\/page"}],"author":[{"embeddable":true,"href":"https:\/\/thiant.fr\/wordpress\/ma-ville-zero-dechet\/wp-json\/wp\/v2\/users\/1"}],"replies":[{"embeddable":true,"href":"https:\/\/thiant.fr\/wordpress\/ma-ville-zero-dechet\/wp-json\/wp\/v2\/comments?post=109"}],"version-history":[{"count":24,"href":"https:\/\/thiant.fr\/wordpress\/ma-ville-zero-dechet\/wp-json\/wp\/v2\/pages\/109\/revisions"}],"predecessor-version":[{"id":142,"href":"https:\/\/thiant.fr\/wordpress\/ma-ville-zero-dechet\/wp-json\/wp\/v2\/pages\/109\/revisions\/142"}],"up":[{"embeddable":true,"href":"https:\/\/thiant.fr\/wordpress\/ma-ville-zero-dechet\/wp-json\/wp\/v2\/pages\/29"}],"wp:attachment":[{"href":"https:\/\/thiant.fr\/wordpress\/ma-ville-zero-dechet\/wp-json\/wp\/v2\/media?parent=109"}],"curies":[{"name":"wp","href":"https:\/\/api.w.org\/{rel}","templated":true}]}}