{"id":35,"date":"2022-12-02T12:46:21","date_gmt":"2022-12-02T11:46:21","guid":{"rendered":"https:\/\/thiant.fr\/wordpress\/ma-ville-zero-dechet\/?page_id=35"},"modified":"2022-12-07T17:41:50","modified_gmt":"2022-12-07T16:41:50","slug":"sante-environnementale","status":"publish","type":"page","link":"https:\/\/thiant.fr\/wordpress\/ma-ville-zero-dechet\/sante-environnementale\/","title":{"rendered":"Sant\u00e9 environnementale"},"content":{"rendered":"\t\t<div data-elementor-type=\"wp-page\" data-elementor-id=\"35\" class=\"elementor elementor-35\">\n\t\t\t\t\t\t<section class=\"elementor-section elementor-top-section elementor-element elementor-element-4927876 elementor-section-boxed elementor-section-height-default elementor-section-height-default\" data-id=\"4927876\" data-element_type=\"section\" data-e-type=\"section\">\n\t\t\t\t\t\t<div class=\"elementor-container elementor-column-gap-default\">\n\t\t\t\t\t<div class=\"elementor-column elementor-col-100 elementor-top-column elementor-element elementor-element-6d9a644\" data-id=\"6d9a644\" data-element_type=\"column\" data-e-type=\"column\">\n\t\t\t<div class=\"elementor-widget-wrap elementor-element-populated\">\n\t\t\t\t\t\t<div class=\"elementor-element elementor-element-b98c565 elementor-widget elementor-widget-text-editor\" data-id=\"b98c565\" data-element_type=\"widget\" data-e-type=\"widget\" data-widget_type=\"text-editor.default\">\n\t\t\t\t<div class=\"elementor-widget-container\">\n\t\t\t\t\t\t\t\t\t<h2><span style=\"color: #008000;\">La sant\u00e9 environnementale<\/span><\/h2><p><span style=\"color: #333333;\">Ici vous trouverez la d\u00e9finition de la sant\u00e9 environnementale, des informations sur les conservateurs, les ondes, les perturbateurs endocriniens, les pesticides, l&#8217;hygi\u00e8ne f\u00e9minine, les plastifiants, les produits m\u00e9nagers\u2026 et bien plus encore !<\/span><\/p>\t\t\t\t\t\t\t\t<\/div>\n\t\t\t\t<\/div>\n\t\t\t\t\t<\/div>\n\t\t<\/div>\n\t\t\t\t\t<\/div>\n\t\t<\/section>\n\t\t\t\t<section class=\"elementor-section elementor-top-section elementor-element elementor-element-e0d6903 elementor-section-boxed elementor-section-height-default elementor-section-height-default\" data-id=\"e0d6903\" data-element_type=\"section\" data-e-type=\"section\">\n\t\t\t\t\t\t<div class=\"elementor-container elementor-column-gap-default\">\n\t\t\t\t\t<div class=\"elementor-column elementor-col-50 elementor-top-column elementor-element elementor-element-a13ab61\" data-id=\"a13ab61\" data-element_type=\"column\" data-e-type=\"column\">\n\t\t\t<div class=\"elementor-widget-wrap elementor-element-populated\">\n\t\t\t\t\t\t<div class=\"elementor-element elementor-element-21af20c elementor-widget elementor-widget-image\" data-id=\"21af20c\" data-element_type=\"widget\" data-e-type=\"widget\" data-widget_type=\"image.default\">\n\t\t\t\t<div class=\"elementor-widget-container\">\n\t\t\t\t\t\t\t\t\t\t\t\t<figure class=\"wp-caption\">\n\t\t\t\t\t\t\t\t\t\t\t<a href=\"https:\/\/thiant.fr\/wordpress\/documents_ext\/MaVilleZeroDechet\/SanteEnvironnementale\/La-sante-%20environnementale_Qu-est-ce-que-c-est.pdf\" target=\"_blank\">\n\t\t\t\t\t\t\t<img fetchpriority=\"high\" decoding=\"async\" width=\"554\" height=\"800\" src=\"https:\/\/thiant.fr\/wordpress\/ma-ville-zero-dechet\/wp-content\/uploads\/sites\/7\/2022\/12\/La-sante-environnementale_Qu-est-ce-que-c-est.png\" class=\"attachment-large size-large wp-image-255\" alt=\"Acc\u00e9dez au PDF : La sant\u00e9 environnementale qu&#039;est-ce que c&#039;est ?\" srcset=\"https:\/\/thiant.fr\/wordpress\/ma-ville-zero-dechet\/wp-content\/uploads\/sites\/7\/2022\/12\/La-sante-environnementale_Qu-est-ce-que-c-est.png 554w, https:\/\/thiant.fr\/wordpress\/ma-ville-zero-dechet\/wp-content\/uploads\/sites\/7\/2022\/12\/La-sante-environnementale_Qu-est-ce-que-c-est-208x300.png 208w\" sizes=\"(max-width: 554px) 100vw, 554px\" \/>\t\t\t\t\t\t\t\t<\/a>\n\t\t\t\t\t\t\t\t\t\t\t<figcaption class=\"widget-image-caption wp-caption-text\">La sant\u00e9 environnementale, qu'est-ce que c'est ?<\/figcaption>\n\t\t\t\t\t\t\t\t\t\t<\/figure>\n\t\t\t\t\t\t\t\t\t<\/div>\n\t\t\t\t<\/div>\n\t\t\t\t\t<\/div>\n\t\t<\/div>\n\t\t\t\t<div class=\"elementor-column elementor-col-50 elementor-top-column elementor-element elementor-element-b7fbb66\" data-id=\"b7fbb66\" data-element_type=\"column\" data-e-type=\"column\">\n\t\t\t<div class=\"elementor-widget-wrap elementor-element-populated\">\n\t\t\t\t\t\t<div class=\"elementor-element elementor-element-5e796ac elementor-widget elementor-widget-image\" data-id=\"5e796ac\" data-element_type=\"widget\" data-e-type=\"widget\" data-widget_type=\"image.default\">\n\t\t\t\t<div class=\"elementor-widget-container\">\n\t\t\t\t\t\t\t\t\t\t\t\t<figure class=\"wp-caption\">\n\t\t\t\t\t\t\t\t\t\t\t<a href=\"https:\/\/thiant.fr\/wordpress\/documents_ext\/MaVilleZeroDechet\/SanteEnvironnementale\/Air_sain_chez_soi.pdf\" target=\"_blank\">\n\t\t\t\t\t\t\t<img decoding=\"async\" width=\"405\" height=\"800\" src=\"https:\/\/thiant.fr\/wordpress\/ma-ville-zero-dechet\/wp-content\/uploads\/sites\/7\/2022\/12\/plaquette-air_sain_chez_soi.png\" class=\"attachment-large size-large wp-image-254\" alt=\"Acc\u00e9dez au PDF : Un air sain chez soi\" srcset=\"https:\/\/thiant.fr\/wordpress\/ma-ville-zero-dechet\/wp-content\/uploads\/sites\/7\/2022\/12\/plaquette-air_sain_chez_soi.png 405w, https:\/\/thiant.fr\/wordpress\/ma-ville-zero-dechet\/wp-content\/uploads\/sites\/7\/2022\/12\/plaquette-air_sain_chez_soi-152x300.png 152w\" sizes=\"(max-width: 405px) 100vw, 405px\" \/>\t\t\t\t\t\t\t\t<\/a>\n\t\t\t\t\t\t\t\t\t\t\t<figcaption class=\"widget-image-caption wp-caption-text\">La plaquette : Un air sain chez soi<\/figcaption>\n\t\t\t\t\t\t\t\t\t\t<\/figure>\n\t\t\t\t\t\t\t\t\t<\/div>\n\t\t\t\t<\/div>\n\t\t\t\t\t<\/div>\n\t\t<\/div>\n\t\t\t\t\t<\/div>\n\t\t<\/section>\n\t\t\t\t<section class=\"elementor-section elementor-top-section elementor-element elementor-element-7408c66 elementor-section-boxed elementor-section-height-default elementor-section-height-default\" data-id=\"7408c66\" data-element_type=\"section\" data-e-type=\"section\">\n\t\t\t\t\t\t<div class=\"elementor-container elementor-column-gap-default\">\n\t\t\t\t\t<div class=\"elementor-column elementor-col-33 elementor-top-column elementor-element elementor-element-85e3521\" data-id=\"85e3521\" data-element_type=\"column\" data-e-type=\"column\">\n\t\t\t<div class=\"elementor-widget-wrap elementor-element-populated\">\n\t\t\t\t\t\t<div class=\"elementor-element elementor-element-b305e37 elementor-widget elementor-widget-image\" data-id=\"b305e37\" data-element_type=\"widget\" data-e-type=\"widget\" data-widget_type=\"image.default\">\n\t\t\t\t<div class=\"elementor-widget-container\">\n\t\t\t\t\t\t\t\t\t\t\t\t<figure class=\"wp-caption\">\n\t\t\t\t\t\t\t\t\t\t\t<a href=\"https:\/\/thiant.fr\/wordpress\/documents_ext\/MaVilleZeroDechet\/SanteEnvironnementale\/Les-conservateurs.pdf\" target=\"_blank\">\n\t\t\t\t\t\t\t<img decoding=\"async\" width=\"554\" height=\"800\" src=\"https:\/\/thiant.fr\/wordpress\/ma-ville-zero-dechet\/wp-content\/uploads\/sites\/7\/2022\/12\/Les-conservateurs.png\" class=\"attachment-large size-large wp-image-256\" alt=\"Acc\u00e9dez au PDF : Les conservateurs\" srcset=\"https:\/\/thiant.fr\/wordpress\/ma-ville-zero-dechet\/wp-content\/uploads\/sites\/7\/2022\/12\/Les-conservateurs.png 554w, https:\/\/thiant.fr\/wordpress\/ma-ville-zero-dechet\/wp-content\/uploads\/sites\/7\/2022\/12\/Les-conservateurs-208x300.png 208w\" sizes=\"(max-width: 554px) 100vw, 554px\" \/>\t\t\t\t\t\t\t\t<\/a>\n\t\t\t\t\t\t\t\t\t\t\t<figcaption class=\"widget-image-caption wp-caption-text\">Les conservateurs<\/figcaption>\n\t\t\t\t\t\t\t\t\t\t<\/figure>\n\t\t\t\t\t\t\t\t\t<\/div>\n\t\t\t\t<\/div>\n\t\t\t\t<div class=\"elementor-element elementor-element-9f13733 elementor-widget elementor-widget-image\" data-id=\"9f13733\" data-element_type=\"widget\" data-e-type=\"widget\" data-widget_type=\"image.default\">\n\t\t\t\t<div class=\"elementor-widget-container\">\n\t\t\t\t\t\t\t\t\t\t\t\t<figure class=\"wp-caption\">\n\t\t\t\t\t\t\t\t\t\t\t<a href=\"https:\/\/thiant.fr\/wordpress\/documents_ext\/MaVilleZeroDechet\/SanteEnvironnementale\/Les-perturbateurs-endocriniens.pdf\" target=\"_blank\">\n\t\t\t\t\t\t\t<img loading=\"lazy\" decoding=\"async\" width=\"554\" height=\"800\" src=\"https:\/\/thiant.fr\/wordpress\/ma-ville-zero-dechet\/wp-content\/uploads\/sites\/7\/2022\/12\/Les-perturbateurs-endocriniens.png\" class=\"attachment-large size-large wp-image-262\" alt=\"Acc\u00e9dez au PDF : Les perturbateurs endocriniens\" srcset=\"https:\/\/thiant.fr\/wordpress\/ma-ville-zero-dechet\/wp-content\/uploads\/sites\/7\/2022\/12\/Les-perturbateurs-endocriniens.png 554w, https:\/\/thiant.fr\/wordpress\/ma-ville-zero-dechet\/wp-content\/uploads\/sites\/7\/2022\/12\/Les-perturbateurs-endocriniens-208x300.png 208w\" sizes=\"(max-width: 554px) 100vw, 554px\" \/>\t\t\t\t\t\t\t\t<\/a>\n\t\t\t\t\t\t\t\t\t\t\t<figcaption class=\"widget-image-caption wp-caption-text\">Les perturbateurs endocriniens<\/figcaption>\n\t\t\t\t\t\t\t\t\t\t<\/figure>\n\t\t\t\t\t\t\t\t\t<\/div>\n\t\t\t\t<\/div>\n\t\t\t\t\t<\/div>\n\t\t<\/div>\n\t\t\t\t<div class=\"elementor-column elementor-col-33 elementor-top-column elementor-element elementor-element-decc1e8\" data-id=\"decc1e8\" data-element_type=\"column\" data-e-type=\"column\">\n\t\t\t<div class=\"elementor-widget-wrap elementor-element-populated\">\n\t\t\t\t\t\t<div class=\"elementor-element elementor-element-4e288a5 elementor-widget elementor-widget-image\" data-id=\"4e288a5\" data-element_type=\"widget\" data-e-type=\"widget\" data-widget_type=\"image.default\">\n\t\t\t\t<div class=\"elementor-widget-container\">\n\t\t\t\t\t\t\t\t\t\t\t\t<figure class=\"wp-caption\">\n\t\t\t\t\t\t\t\t\t\t\t<a href=\"https:\/\/thiant.fr\/wordpress\/documents_ext\/MaVilleZeroDechet\/SanteEnvironnementale\/Les-ondes.pdf\" target=\"_blank\">\n\t\t\t\t\t\t\t<img loading=\"lazy\" decoding=\"async\" width=\"554\" height=\"800\" src=\"https:\/\/thiant.fr\/wordpress\/ma-ville-zero-dechet\/wp-content\/uploads\/sites\/7\/2022\/12\/Les-ondes.png\" class=\"attachment-large size-large wp-image-257\" alt=\"Acc\u00e9dez au PDF : Les ondes\" srcset=\"https:\/\/thiant.fr\/wordpress\/ma-ville-zero-dechet\/wp-content\/uploads\/sites\/7\/2022\/12\/Les-ondes.png 554w, https:\/\/thiant.fr\/wordpress\/ma-ville-zero-dechet\/wp-content\/uploads\/sites\/7\/2022\/12\/Les-ondes-208x300.png 208w\" sizes=\"(max-width: 554px) 100vw, 554px\" \/>\t\t\t\t\t\t\t\t<\/a>\n\t\t\t\t\t\t\t\t\t\t\t<figcaption class=\"widget-image-caption wp-caption-text\">Les ondes \u00e9lectromagn\u00e9tiques<\/figcaption>\n\t\t\t\t\t\t\t\t\t\t<\/figure>\n\t\t\t\t\t\t\t\t\t<\/div>\n\t\t\t\t<\/div>\n\t\t\t\t<div class=\"elementor-element elementor-element-141e944 elementor-widget elementor-widget-image\" data-id=\"141e944\" data-element_type=\"widget\" data-e-type=\"widget\" data-widget_type=\"image.default\">\n\t\t\t\t<div class=\"elementor-widget-container\">\n\t\t\t\t\t\t\t\t\t\t\t\t<figure class=\"wp-caption\">\n\t\t\t\t\t\t\t\t\t\t\t<a href=\"https:\/\/thiant.fr\/wordpress\/documents_ext\/MaVilleZeroDechet\/SanteEnvironnementale\/Les-plastifiants.pdf\" target=\"_blank\">\n\t\t\t\t\t\t\t<img loading=\"lazy\" decoding=\"async\" width=\"554\" height=\"800\" src=\"https:\/\/thiant.fr\/wordpress\/ma-ville-zero-dechet\/wp-content\/uploads\/sites\/7\/2022\/12\/Les-plastifiants.png\" class=\"attachment-large size-large wp-image-263\" alt=\"Acc\u00e9dez au PDF : Les plastifiants\" srcset=\"https:\/\/thiant.fr\/wordpress\/ma-ville-zero-dechet\/wp-content\/uploads\/sites\/7\/2022\/12\/Les-plastifiants.png 554w, https:\/\/thiant.fr\/wordpress\/ma-ville-zero-dechet\/wp-content\/uploads\/sites\/7\/2022\/12\/Les-plastifiants-208x300.png 208w\" sizes=\"(max-width: 554px) 100vw, 554px\" \/>\t\t\t\t\t\t\t\t<\/a>\n\t\t\t\t\t\t\t\t\t\t\t<figcaption class=\"widget-image-caption wp-caption-text\">Les plastifiants<\/figcaption>\n\t\t\t\t\t\t\t\t\t\t<\/figure>\n\t\t\t\t\t\t\t\t\t<\/div>\n\t\t\t\t<\/div>\n\t\t\t\t\t<\/div>\n\t\t<\/div>\n\t\t\t\t<div class=\"elementor-column elementor-col-33 elementor-top-column elementor-element elementor-element-3735e23\" data-id=\"3735e23\" data-element_type=\"column\" data-e-type=\"column\">\n\t\t\t<div class=\"elementor-widget-wrap elementor-element-populated\">\n\t\t\t\t\t\t<div class=\"elementor-element elementor-element-aed2039 elementor-widget elementor-widget-image\" data-id=\"aed2039\" data-element_type=\"widget\" data-e-type=\"widget\" data-widget_type=\"image.default\">\n\t\t\t\t<div class=\"elementor-widget-container\">\n\t\t\t\t\t\t\t\t\t\t\t\t<figure class=\"wp-caption\">\n\t\t\t\t\t\t\t\t\t\t\t<a href=\"https:\/\/thiant.fr\/wordpress\/documents_ext\/MaVilleZeroDechet\/SanteEnvironnementale\/Les-pesticides.pdf\" target=\"_blank\">\n\t\t\t\t\t\t\t<img loading=\"lazy\" decoding=\"async\" width=\"554\" height=\"800\" src=\"https:\/\/thiant.fr\/wordpress\/ma-ville-zero-dechet\/wp-content\/uploads\/sites\/7\/2022\/12\/Les-pesticides.png\" class=\"attachment-large size-large wp-image-258\" alt=\"Acc\u00e9dez au PDF : Les pesticides\" srcset=\"https:\/\/thiant.fr\/wordpress\/ma-ville-zero-dechet\/wp-content\/uploads\/sites\/7\/2022\/12\/Les-pesticides.png 554w, https:\/\/thiant.fr\/wordpress\/ma-ville-zero-dechet\/wp-content\/uploads\/sites\/7\/2022\/12\/Les-pesticides-208x300.png 208w\" sizes=\"(max-width: 554px) 100vw, 554px\" \/>\t\t\t\t\t\t\t\t<\/a>\n\t\t\t\t\t\t\t\t\t\t\t<figcaption class=\"widget-image-caption wp-caption-text\">Les pesticides<\/figcaption>\n\t\t\t\t\t\t\t\t\t\t<\/figure>\n\t\t\t\t\t\t\t\t\t<\/div>\n\t\t\t\t<\/div>\n\t\t\t\t<div class=\"elementor-element elementor-element-af86676 elementor-widget elementor-widget-image\" data-id=\"af86676\" data-element_type=\"widget\" data-e-type=\"widget\" data-widget_type=\"image.default\">\n\t\t\t\t<div class=\"elementor-widget-container\">\n\t\t\t\t\t\t\t\t\t\t\t\t<figure class=\"wp-caption\">\n\t\t\t\t\t\t\t\t\t\t\t<a href=\"https:\/\/thiant.fr\/wordpress\/documents_ext\/MaVilleZeroDechet\/SanteEnvironnementale\/Hygiene-feminine-Zero-dechet.pdf\" target=\"_blank\">\n\t\t\t\t\t\t\t<img loading=\"lazy\" decoding=\"async\" width=\"554\" height=\"800\" src=\"https:\/\/thiant.fr\/wordpress\/ma-ville-zero-dechet\/wp-content\/uploads\/sites\/7\/2022\/12\/Hygiene-feminine-0-dechet.png\" class=\"attachment-large size-large wp-image-264\" alt=\"Acc\u00e9dez au PDF : Mon hygi\u00e8ne f\u00e9minine Z\u00e9ro d\u00e9chet\" srcset=\"https:\/\/thiant.fr\/wordpress\/ma-ville-zero-dechet\/wp-content\/uploads\/sites\/7\/2022\/12\/Hygiene-feminine-0-dechet.png 554w, https:\/\/thiant.fr\/wordpress\/ma-ville-zero-dechet\/wp-content\/uploads\/sites\/7\/2022\/12\/Hygiene-feminine-0-dechet-208x300.png 208w\" sizes=\"(max-width: 554px) 100vw, 554px\" \/>\t\t\t\t\t\t\t\t<\/a>\n\t\t\t\t\t\t\t\t\t\t\t<figcaption class=\"widget-image-caption wp-caption-text\">Mo hygi\u00e8ne f\u00e9minine Z\u00e9ro d\u00e9chet<\/figcaption>\n\t\t\t\t\t\t\t\t\t\t<\/figure>\n\t\t\t\t\t\t\t\t\t<\/div>\n\t\t\t\t<\/div>\n\t\t\t\t\t<\/div>\n\t\t<\/div>\n\t\t\t\t\t<\/div>\n\t\t<\/section>\n\t\t\t\t<section class=\"elementor-section elementor-top-section elementor-element elementor-element-46bce42 elementor-section-boxed elementor-section-height-default elementor-section-height-default\" data-id=\"46bce42\" data-element_type=\"section\" data-e-type=\"section\">\n\t\t\t\t\t\t<div class=\"elementor-container elementor-column-gap-default\">\n\t\t\t\t\t<div class=\"elementor-column elementor-col-33 elementor-top-column elementor-element elementor-element-a90a582\" data-id=\"a90a582\" data-element_type=\"column\" data-e-type=\"column\">\n\t\t\t<div class=\"elementor-widget-wrap elementor-element-populated\">\n\t\t\t\t\t\t<div class=\"elementor-element elementor-element-31dba6d elementor-widget elementor-widget-image\" data-id=\"31dba6d\" data-element_type=\"widget\" data-e-type=\"widget\" data-widget_type=\"image.default\">\n\t\t\t\t<div class=\"elementor-widget-container\">\n\t\t\t\t\t\t\t\t\t\t\t\t<figure class=\"wp-caption\">\n\t\t\t\t\t\t\t\t\t\t\t<a href=\"https:\/\/thiant.fr\/wordpress\/documents_ext\/MaVilleZeroDechet\/SanteEnvironnementale\/Les-produits-menagers.pdf\" target=\"_blank\">\n\t\t\t\t\t\t\t<img loading=\"lazy\" decoding=\"async\" width=\"564\" height=\"800\" src=\"https:\/\/thiant.fr\/wordpress\/ma-ville-zero-dechet\/wp-content\/uploads\/sites\/7\/2022\/12\/Les-produits-menagers.png\" class=\"attachment-large size-large wp-image-265\" alt=\"\" srcset=\"https:\/\/thiant.fr\/wordpress\/ma-ville-zero-dechet\/wp-content\/uploads\/sites\/7\/2022\/12\/Les-produits-menagers.png 564w, https:\/\/thiant.fr\/wordpress\/ma-ville-zero-dechet\/wp-content\/uploads\/sites\/7\/2022\/12\/Les-produits-menagers-212x300.png 212w\" sizes=\"(max-width: 564px) 100vw, 564px\" \/>\t\t\t\t\t\t\t\t<\/a>\n\t\t\t\t\t\t\t\t\t\t\t<figcaption class=\"widget-image-caption wp-caption-text\">Les produits m\u00e9nagers<\/figcaption>\n\t\t\t\t\t\t\t\t\t\t<\/figure>\n\t\t\t\t\t\t\t\t\t<\/div>\n\t\t\t\t<\/div>\n\t\t\t\t\t<\/div>\n\t\t<\/div>\n\t\t\t\t<div class=\"elementor-column elementor-col-33 elementor-top-column elementor-element elementor-element-fa7f003\" data-id=\"fa7f003\" data-element_type=\"column\" data-e-type=\"column\">\n\t\t\t<div class=\"elementor-widget-wrap\">\n\t\t\t\t\t\t\t<\/div>\n\t\t<\/div>\n\t\t\t\t<div class=\"elementor-column elementor-col-33 elementor-top-column elementor-element elementor-element-fa17489\" data-id=\"fa17489\" data-element_type=\"column\" data-e-type=\"column\">\n\t\t\t<div class=\"elementor-widget-wrap elementor-element-populated\">\n\t\t\t\t\t\t<div class=\"elementor-element elementor-element-5407284 elementor-widget elementor-widget-image\" data-id=\"5407284\" data-element_type=\"widget\" data-e-type=\"widget\" data-widget_type=\"image.default\">\n\t\t\t\t<div class=\"elementor-widget-container\">\n\t\t\t\t\t\t\t\t\t\t\t\t<figure class=\"wp-caption\">\n\t\t\t\t\t\t\t\t\t\t\t<a href=\"https:\/\/thiant.fr\/wordpress\/documents_ext\/MaVilleZeroDechet\/Eco-consommation\/Vers-la-fin-du-plastique-a-usage-unique.pdf\" target=\"_blank\">\n\t\t\t\t\t\t\t<img loading=\"lazy\" decoding=\"async\" width=\"403\" height=\"800\" src=\"https:\/\/thiant.fr\/wordpress\/ma-ville-zero-dechet\/wp-content\/uploads\/sites\/7\/2022\/12\/Vers-la-fin-du-plastique-a-usage-unique.png\" class=\"attachment-large size-large wp-image-236\" alt=\"Acc\u00e9dez au PDF : Vers la fin du plastique \u00e0 usage unique\" srcset=\"https:\/\/thiant.fr\/wordpress\/ma-ville-zero-dechet\/wp-content\/uploads\/sites\/7\/2022\/12\/Vers-la-fin-du-plastique-a-usage-unique.png 403w, https:\/\/thiant.fr\/wordpress\/ma-ville-zero-dechet\/wp-content\/uploads\/sites\/7\/2022\/12\/Vers-la-fin-du-plastique-a-usage-unique-151x300.png 151w\" sizes=\"(max-width: 403px) 100vw, 403px\" \/>\t\t\t\t\t\t\t\t<\/a>\n\t\t\t\t\t\t\t\t\t\t\t<figcaption class=\"widget-image-caption wp-caption-text\">Vers la fin du plastique \u00e0 usage unique<\/figcaption>\n\t\t\t\t\t\t\t\t\t\t<\/figure>\n\t\t\t\t\t\t\t\t\t<\/div>\n\t\t\t\t<\/div>\n\t\t\t\t\t<\/div>\n\t\t<\/div>\n\t\t\t\t\t<\/div>\n\t\t<\/section>\n\t\t\t\t<\/div>\n\t\t","protected":false},"excerpt":{"rendered":"<p>La sant\u00e9 environnementale Ici vous trouverez la d\u00e9finition de la sant\u00e9 environnementale, des informations sur les conservateurs, les ondes, les perturbateurs endocriniens, les pesticides, l&#8217;hygi\u00e8ne f\u00e9minine, les plastifiants, les produits m\u00e9nagers\u2026 et bien plus encore ! La sant\u00e9 environnementale, qu&#8217;est-ce que c&#8217;est ? La plaquette : Un air sain chez soi Les conservateurs Les perturbateurs [&hellip;]<\/p>\n","protected":false},"author":1,"featured_media":0,"parent":0,"menu_order":0,"comment_status":"closed","ping_status":"closed","template":"","meta":{"_crdt_document":"","ocean_post_layout":"","ocean_both_sidebars_style":"","ocean_both_sidebars_content_width":0,"ocean_both_sidebars_sidebars_width":0,"ocean_sidebar":"0","ocean_second_sidebar":"0","ocean_disable_margins":"enable","ocean_add_body_class":"","ocean_shortcode_before_top_bar":"","ocean_shortcode_after_top_bar":"","ocean_shortcode_before_header":"","ocean_shortcode_after_header":"","ocean_has_shortcode":"","ocean_shortcode_after_title":"","ocean_shortcode_before_footer_widgets":"","ocean_shortcode_after_footer_widgets":"","ocean_shortcode_before_footer_bottom":"","ocean_shortcode_after_footer_bottom":"","ocean_display_top_bar":"default","ocean_display_header":"default","ocean_header_style":"","ocean_center_header_left_menu":"0","ocean_custom_header_template":"0","ocean_custom_logo":0,"ocean_custom_retina_logo":0,"ocean_custom_logo_max_width":0,"ocean_custom_logo_tablet_max_width":0,"ocean_custom_logo_mobile_max_width":0,"ocean_custom_logo_max_height":0,"ocean_custom_logo_tablet_max_height":0,"ocean_custom_logo_mobile_max_height":0,"ocean_header_custom_menu":"0","ocean_menu_typo_font_family":"0","ocean_menu_typo_font_subset":"","ocean_menu_typo_font_size":0,"ocean_menu_typo_font_size_tablet":0,"ocean_menu_typo_font_size_mobile":0,"ocean_menu_typo_font_size_unit":"px","ocean_menu_typo_font_weight":"","ocean_menu_typo_font_weight_tablet":"","ocean_menu_typo_font_weight_mobile":"","ocean_menu_typo_transform":"","ocean_menu_typo_transform_tablet":"","ocean_menu_typo_transform_mobile":"","ocean_menu_typo_line_height":0,"ocean_menu_typo_line_height_tablet":0,"ocean_menu_typo_line_height_mobile":0,"ocean_menu_typo_line_height_unit":"","ocean_menu_typo_spacing":0,"ocean_menu_typo_spacing_tablet":0,"ocean_menu_typo_spacing_mobile":0,"ocean_menu_typo_spacing_unit":"","ocean_menu_link_color":"","ocean_menu_link_color_hover":"","ocean_menu_link_color_active":"","ocean_menu_link_background":"","ocean_menu_link_hover_background":"","ocean_menu_link_active_background":"","ocean_menu_social_links_bg":"","ocean_menu_social_hover_links_bg":"","ocean_menu_social_links_color":"","ocean_menu_social_hover_links_color":"","ocean_disable_title":"default","ocean_disable_heading":"default","ocean_post_title":"","ocean_post_subheading":"","ocean_post_title_style":"","ocean_post_title_background_color":"","ocean_post_title_background":0,"ocean_post_title_bg_image_position":"","ocean_post_title_bg_image_attachment":"","ocean_post_title_bg_image_repeat":"","ocean_post_title_bg_image_size":"","ocean_post_title_height":0,"ocean_post_title_bg_overlay":0.5,"ocean_post_title_bg_overlay_color":"","ocean_disable_breadcrumbs":"default","ocean_breadcrumbs_color":"","ocean_breadcrumbs_separator_color":"","ocean_breadcrumbs_links_color":"","ocean_breadcrumbs_links_hover_color":"","ocean_display_footer_widgets":"default","ocean_display_footer_bottom":"default","ocean_custom_footer_template":"0","footnotes":""},"class_list":["post-35","page","type-page","status-publish","hentry","entry"],"yoast_head":"<!-- This site is optimized with the Yoast SEO plugin v27.3 - https:\/\/yoast.com\/product\/yoast-seo-wordpress\/ -->\n<title>Sant\u00e9 environnementale - Ma Ville Z\u00e9ro D\u00e9chet<\/title>\n<meta name=\"robots\" content=\"index, follow, max-snippet:-1, max-image-preview:large, max-video-preview:-1\" \/>\n<link rel=\"canonical\" href=\"https:\/\/thiant.fr\/wordpress\/ma-ville-zero-dechet\/sante-environnementale\/\" \/>\n<meta property=\"og:locale\" content=\"fr_FR\" \/>\n<meta property=\"og:type\" content=\"article\" \/>\n<meta property=\"og:title\" content=\"Sant\u00e9 environnementale - Ma Ville Z\u00e9ro D\u00e9chet\" \/>\n<meta property=\"og:description\" content=\"La sant\u00e9 environnementale Ici vous trouverez la d\u00e9finition de la sant\u00e9 environnementale, des informations sur les conservateurs, les ondes, les perturbateurs endocriniens, les pesticides, l&#8217;hygi\u00e8ne f\u00e9minine, les plastifiants, les produits m\u00e9nagers\u2026 et bien plus encore ! La sant\u00e9 environnementale, qu&#8217;est-ce que c&#8217;est ? La plaquette : Un air sain chez soi Les conservateurs Les perturbateurs [&hellip;]\" \/>\n<meta property=\"og:url\" content=\"https:\/\/thiant.fr\/wordpress\/ma-ville-zero-dechet\/sante-environnementale\/\" \/>\n<meta property=\"og:site_name\" content=\"Ma Ville Z\u00e9ro D\u00e9chet\" \/>\n<meta property=\"article:publisher\" content=\"https:\/\/www.facebook.com\/commune.thiant.1\/\" \/>\n<meta property=\"article:modified_time\" content=\"2022-12-07T16:41:50+00:00\" \/>\n<meta property=\"og:image\" content=\"https:\/\/thiant.fr\/wordpress\/ma-ville-zero-dechet\/wp-content\/uploads\/sites\/7\/2022\/12\/La-sante-environnementale_Qu-est-ce-que-c-est.png\" \/>\n<meta name=\"twitter:card\" content=\"summary_large_image\" \/>\n<meta name=\"twitter:label1\" content=\"Dur\u00e9e de lecture estim\u00e9e\" \/>\n\t<meta name=\"twitter:data1\" content=\"3 minutes\" \/>\n<script type=\"application\/ld+json\" class=\"yoast-schema-graph\">{\"@context\":\"https:\\\/\\\/schema.org\",\"@graph\":[{\"@type\":\"WebPage\",\"@id\":\"https:\\\/\\\/thiant.fr\\\/wordpress\\\/ma-ville-zero-dechet\\\/sante-environnementale\\\/\",\"url\":\"https:\\\/\\\/thiant.fr\\\/wordpress\\\/ma-ville-zero-dechet\\\/sante-environnementale\\\/\",\"name\":\"Sant\u00e9 environnementale - Ma Ville Z\u00e9ro D\u00e9chet\",\"isPartOf\":{\"@id\":\"https:\\\/\\\/thiant.fr\\\/wordpress\\\/ma-ville-zero-dechet\\\/#website\"},\"primaryImageOfPage\":{\"@id\":\"https:\\\/\\\/thiant.fr\\\/wordpress\\\/ma-ville-zero-dechet\\\/sante-environnementale\\\/#primaryimage\"},\"image\":{\"@id\":\"https:\\\/\\\/thiant.fr\\\/wordpress\\\/ma-ville-zero-dechet\\\/sante-environnementale\\\/#primaryimage\"},\"thumbnailUrl\":\"https:\\\/\\\/thiant.fr\\\/wordpress\\\/ma-ville-zero-dechet\\\/wp-content\\\/uploads\\\/sites\\\/7\\\/2022\\\/12\\\/La-sante-environnementale_Qu-est-ce-que-c-est.png\",\"datePublished\":\"2022-12-02T11:46:21+00:00\",\"dateModified\":\"2022-12-07T16:41:50+00:00\",\"breadcrumb\":{\"@id\":\"https:\\\/\\\/thiant.fr\\\/wordpress\\\/ma-ville-zero-dechet\\\/sante-environnementale\\\/#breadcrumb\"},\"inLanguage\":\"fr-FR\",\"potentialAction\":[{\"@type\":\"ReadAction\",\"target\":[\"https:\\\/\\\/thiant.fr\\\/wordpress\\\/ma-ville-zero-dechet\\\/sante-environnementale\\\/\"]}]},{\"@type\":\"ImageObject\",\"inLanguage\":\"fr-FR\",\"@id\":\"https:\\\/\\\/thiant.fr\\\/wordpress\\\/ma-ville-zero-dechet\\\/sante-environnementale\\\/#primaryimage\",\"url\":\"https:\\\/\\\/thiant.fr\\\/wordpress\\\/ma-ville-zero-dechet\\\/wp-content\\\/uploads\\\/sites\\\/7\\\/2022\\\/12\\\/La-sante-environnementale_Qu-est-ce-que-c-est.png\",\"contentUrl\":\"https:\\\/\\\/thiant.fr\\\/wordpress\\\/ma-ville-zero-dechet\\\/wp-content\\\/uploads\\\/sites\\\/7\\\/2022\\\/12\\\/La-sante-environnementale_Qu-est-ce-que-c-est.png\",\"width\":554,\"height\":800,\"caption\":\"Acc\u00e9dez au PDF : La sant\u00e9 environnementale qu'est-ce que c'est ?\"},{\"@type\":\"BreadcrumbList\",\"@id\":\"https:\\\/\\\/thiant.fr\\\/wordpress\\\/ma-ville-zero-dechet\\\/sante-environnementale\\\/#breadcrumb\",\"itemListElement\":[{\"@type\":\"ListItem\",\"position\":1,\"name\":\"Accueil\",\"item\":\"https:\\\/\\\/thiant.fr\\\/wordpress\\\/ma-ville-zero-dechet\\\/\"},{\"@type\":\"ListItem\",\"position\":2,\"name\":\"Sant\u00e9 environnementale\"}]},{\"@type\":\"WebSite\",\"@id\":\"https:\\\/\\\/thiant.fr\\\/wordpress\\\/ma-ville-zero-dechet\\\/#website\",\"url\":\"https:\\\/\\\/thiant.fr\\\/wordpress\\\/ma-ville-zero-dechet\\\/\",\"name\":\"Ma Ville Z\u00e9ro D\u00e9chet\",\"description\":\"\",\"publisher\":{\"@id\":\"https:\\\/\\\/thiant.fr\\\/wordpress\\\/ma-ville-zero-dechet\\\/#organization\"},\"potentialAction\":[{\"@type\":\"SearchAction\",\"target\":{\"@type\":\"EntryPoint\",\"urlTemplate\":\"https:\\\/\\\/thiant.fr\\\/wordpress\\\/ma-ville-zero-dechet\\\/?s={search_term_string}\"},\"query-input\":{\"@type\":\"PropertyValueSpecification\",\"valueRequired\":true,\"valueName\":\"search_term_string\"}}],\"inLanguage\":\"fr-FR\"},{\"@type\":\"Organization\",\"@id\":\"https:\\\/\\\/thiant.fr\\\/wordpress\\\/ma-ville-zero-dechet\\\/#organization\",\"name\":\"Ville de Thiant\",\"url\":\"https:\\\/\\\/thiant.fr\\\/wordpress\\\/ma-ville-zero-dechet\\\/\",\"logo\":{\"@type\":\"ImageObject\",\"inLanguage\":\"fr-FR\",\"@id\":\"https:\\\/\\\/thiant.fr\\\/wordpress\\\/ma-ville-zero-dechet\\\/#\\\/schema\\\/logo\\\/image\\\/\",\"url\":\"https:\\\/\\\/thiant.fr\\\/wordpress\\\/ma-ville-zero-dechet\\\/wp-content\\\/uploads\\\/sites\\\/7\\\/2022\\\/11\\\/logo_ville_thiant_web.jpg\",\"contentUrl\":\"https:\\\/\\\/thiant.fr\\\/wordpress\\\/ma-ville-zero-dechet\\\/wp-content\\\/uploads\\\/sites\\\/7\\\/2022\\\/11\\\/logo_ville_thiant_web.jpg\",\"width\":283,\"height\":400,\"caption\":\"Ville de Thiant\"},\"image\":{\"@id\":\"https:\\\/\\\/thiant.fr\\\/wordpress\\\/ma-ville-zero-dechet\\\/#\\\/schema\\\/logo\\\/image\\\/\"},\"sameAs\":[\"https:\\\/\\\/www.facebook.com\\\/commune.thiant.1\\\/\"]}]}<\/script>\n<!-- \/ Yoast SEO plugin. -->","yoast_head_json":{"title":"Sant\u00e9 environnementale - Ma Ville Z\u00e9ro D\u00e9chet","robots":{"index":"index","follow":"follow","max-snippet":"max-snippet:-1","max-image-preview":"max-image-preview:large","max-video-preview":"max-video-preview:-1"},"canonical":"https:\/\/thiant.fr\/wordpress\/ma-ville-zero-dechet\/sante-environnementale\/","og_locale":"fr_FR","og_type":"article","og_title":"Sant\u00e9 environnementale - Ma Ville Z\u00e9ro D\u00e9chet","og_description":"La sant\u00e9 environnementale Ici vous trouverez la d\u00e9finition de la sant\u00e9 environnementale, des informations sur les conservateurs, les ondes, les perturbateurs endocriniens, les pesticides, l&#8217;hygi\u00e8ne f\u00e9minine, les plastifiants, les produits m\u00e9nagers\u2026 et bien plus encore ! La sant\u00e9 environnementale, qu&#8217;est-ce que c&#8217;est ? La plaquette : Un air sain chez soi Les conservateurs Les perturbateurs [&hellip;]","og_url":"https:\/\/thiant.fr\/wordpress\/ma-ville-zero-dechet\/sante-environnementale\/","og_site_name":"Ma Ville Z\u00e9ro D\u00e9chet","article_publisher":"https:\/\/www.facebook.com\/commune.thiant.1\/","article_modified_time":"2022-12-07T16:41:50+00:00","og_image":[{"url":"https:\/\/thiant.fr\/wordpress\/ma-ville-zero-dechet\/wp-content\/uploads\/sites\/7\/2022\/12\/La-sante-environnementale_Qu-est-ce-que-c-est.png","type":"","width":"","height":""}],"twitter_card":"summary_large_image","twitter_misc":{"Dur\u00e9e de lecture estim\u00e9e":"3 minutes"},"schema":{"@context":"https:\/\/schema.org","@graph":[{"@type":"WebPage","@id":"https:\/\/thiant.fr\/wordpress\/ma-ville-zero-dechet\/sante-environnementale\/","url":"https:\/\/thiant.fr\/wordpress\/ma-ville-zero-dechet\/sante-environnementale\/","name":"Sant\u00e9 environnementale - Ma Ville Z\u00e9ro D\u00e9chet","isPartOf":{"@id":"https:\/\/thiant.fr\/wordpress\/ma-ville-zero-dechet\/#website"},"primaryImageOfPage":{"@id":"https:\/\/thiant.fr\/wordpress\/ma-ville-zero-dechet\/sante-environnementale\/#primaryimage"},"image":{"@id":"https:\/\/thiant.fr\/wordpress\/ma-ville-zero-dechet\/sante-environnementale\/#primaryimage"},"thumbnailUrl":"https:\/\/thiant.fr\/wordpress\/ma-ville-zero-dechet\/wp-content\/uploads\/sites\/7\/2022\/12\/La-sante-environnementale_Qu-est-ce-que-c-est.png","datePublished":"2022-12-02T11:46:21+00:00","dateModified":"2022-12-07T16:41:50+00:00","breadcrumb":{"@id":"https:\/\/thiant.fr\/wordpress\/ma-ville-zero-dechet\/sante-environnementale\/#breadcrumb"},"inLanguage":"fr-FR","potentialAction":[{"@type":"ReadAction","target":["https:\/\/thiant.fr\/wordpress\/ma-ville-zero-dechet\/sante-environnementale\/"]}]},{"@type":"ImageObject","inLanguage":"fr-FR","@id":"https:\/\/thiant.fr\/wordpress\/ma-ville-zero-dechet\/sante-environnementale\/#primaryimage","url":"https:\/\/thiant.fr\/wordpress\/ma-ville-zero-dechet\/wp-content\/uploads\/sites\/7\/2022\/12\/La-sante-environnementale_Qu-est-ce-que-c-est.png","contentUrl":"https:\/\/thiant.fr\/wordpress\/ma-ville-zero-dechet\/wp-content\/uploads\/sites\/7\/2022\/12\/La-sante-environnementale_Qu-est-ce-que-c-est.png","width":554,"height":800,"caption":"Acc\u00e9dez au PDF : La sant\u00e9 environnementale qu'est-ce que c'est ?"},{"@type":"BreadcrumbList","@id":"https:\/\/thiant.fr\/wordpress\/ma-ville-zero-dechet\/sante-environnementale\/#breadcrumb","itemListElement":[{"@type":"ListItem","position":1,"name":"Accueil","item":"https:\/\/thiant.fr\/wordpress\/ma-ville-zero-dechet\/"},{"@type":"ListItem","position":2,"name":"Sant\u00e9 environnementale"}]},{"@type":"WebSite","@id":"https:\/\/thiant.fr\/wordpress\/ma-ville-zero-dechet\/#website","url":"https:\/\/thiant.fr\/wordpress\/ma-ville-zero-dechet\/","name":"Ma Ville Z\u00e9ro D\u00e9chet","description":"","publisher":{"@id":"https:\/\/thiant.fr\/wordpress\/ma-ville-zero-dechet\/#organization"},"potentialAction":[{"@type":"SearchAction","target":{"@type":"EntryPoint","urlTemplate":"https:\/\/thiant.fr\/wordpress\/ma-ville-zero-dechet\/?s={search_term_string}"},"query-input":{"@type":"PropertyValueSpecification","valueRequired":true,"valueName":"search_term_string"}}],"inLanguage":"fr-FR"},{"@type":"Organization","@id":"https:\/\/thiant.fr\/wordpress\/ma-ville-zero-dechet\/#organization","name":"Ville de Thiant","url":"https:\/\/thiant.fr\/wordpress\/ma-ville-zero-dechet\/","logo":{"@type":"ImageObject","inLanguage":"fr-FR","@id":"https:\/\/thiant.fr\/wordpress\/ma-ville-zero-dechet\/#\/schema\/logo\/image\/","url":"https:\/\/thiant.fr\/wordpress\/ma-ville-zero-dechet\/wp-content\/uploads\/sites\/7\/2022\/11\/logo_ville_thiant_web.jpg","contentUrl":"https:\/\/thiant.fr\/wordpress\/ma-ville-zero-dechet\/wp-content\/uploads\/sites\/7\/2022\/11\/logo_ville_thiant_web.jpg","width":283,"height":400,"caption":"Ville de Thiant"},"image":{"@id":"https:\/\/thiant.fr\/wordpress\/ma-ville-zero-dechet\/#\/schema\/logo\/image\/"},"sameAs":["https:\/\/www.facebook.com\/commune.thiant.1\/"]}]}},"_links":{"self":[{"href":"https:\/\/thiant.fr\/wordpress\/ma-ville-zero-dechet\/wp-json\/wp\/v2\/pages\/35","targetHints":{"allow":["GET"]}}],"collection":[{"href":"https:\/\/thiant.fr\/wordpress\/ma-ville-zero-dechet\/wp-json\/wp\/v2\/pages"}],"about":[{"href":"https:\/\/thiant.fr\/wordpress\/ma-ville-zero-dechet\/wp-json\/wp\/v2\/types\/page"}],"author":[{"embeddable":true,"href":"https:\/\/thiant.fr\/wordpress\/ma-ville-zero-dechet\/wp-json\/wp\/v2\/users\/1"}],"replies":[{"embeddable":true,"href":"https:\/\/thiant.fr\/wordpress\/ma-ville-zero-dechet\/wp-json\/wp\/v2\/comments?post=35"}],"version-history":[{"count":13,"href":"https:\/\/thiant.fr\/wordpress\/ma-ville-zero-dechet\/wp-json\/wp\/v2\/pages\/35\/revisions"}],"predecessor-version":[{"id":278,"href":"https:\/\/thiant.fr\/wordpress\/ma-ville-zero-dechet\/wp-json\/wp\/v2\/pages\/35\/revisions\/278"}],"wp:attachment":[{"href":"https:\/\/thiant.fr\/wordpress\/ma-ville-zero-dechet\/wp-json\/wp\/v2\/media?parent=35"}],"curies":[{"name":"wp","href":"https:\/\/api.w.org\/{rel}","templated":true}]}}