{"id":3154,"date":"2021-08-24T17:03:30","date_gmt":"2021-08-24T15:03:30","guid":{"rendered":"https:\/\/thiant.fr\/wordpress\/?page_id=3154"},"modified":"2023-01-23T10:30:55","modified_gmt":"2023-01-23T09:30:55","slug":"emploi","status":"publish","type":"page","link":"https:\/\/thiant.fr\/wordpress\/emploi\/","title":{"rendered":"Emploi"},"content":{"rendered":"\t\t<div data-elementor-type=\"wp-page\" data-elementor-id=\"3154\" class=\"elementor elementor-3154\">\n\t\t\t\t\t\t<section class=\"elementor-section elementor-top-section elementor-element elementor-element-9a5a8c8 elementor-section-boxed elementor-section-height-default elementor-section-height-default\" data-id=\"9a5a8c8\" data-element_type=\"section\" data-e-type=\"section\">\n\t\t\t\t\t\t<div class=\"elementor-container elementor-column-gap-default\">\n\t\t\t\t\t<div class=\"elementor-column elementor-col-100 elementor-top-column elementor-element elementor-element-aaedc92\" data-id=\"aaedc92\" data-element_type=\"column\" data-e-type=\"column\">\n\t\t\t<div class=\"elementor-widget-wrap elementor-element-populated\">\n\t\t\t\t\t\t<div class=\"elementor-element elementor-element-e67c885 elementor-widget elementor-widget-text-editor\" data-id=\"e67c885\" data-element_type=\"widget\" data-e-type=\"widget\" data-widget_type=\"text-editor.default\">\n\t\t\t\t<div class=\"elementor-widget-container\">\n\t\t\t\t\t\t\t\t\t<h1><span style=\"color: #000080;\">EMPLOI<\/span><\/h1>\t\t\t\t\t\t\t\t<\/div>\n\t\t\t\t<\/div>\n\t\t\t\t\t<\/div>\n\t\t<\/div>\n\t\t\t\t\t<\/div>\n\t\t<\/section>\n\t\t\t\t<section class=\"elementor-section elementor-top-section elementor-element elementor-element-6536601 elementor-section-boxed elementor-section-height-default elementor-section-height-default\" data-id=\"6536601\" data-element_type=\"section\" data-e-type=\"section\">\n\t\t\t\t\t\t<div class=\"elementor-container elementor-column-gap-default\">\n\t\t\t\t\t<div class=\"elementor-column elementor-col-100 elementor-top-column elementor-element elementor-element-f22efe2\" data-id=\"f22efe2\" data-element_type=\"column\" data-e-type=\"column\">\n\t\t\t<div class=\"elementor-widget-wrap elementor-element-populated\">\n\t\t\t\t\t\t<div class=\"elementor-element elementor-element-967b500 elementor-widget elementor-widget-text-editor\" data-id=\"967b500\" data-element_type=\"widget\" data-e-type=\"widget\" data-widget_type=\"text-editor.default\">\n\t\t\t\t<div class=\"elementor-widget-container\">\n\t\t\t\t\t\t\t\t\t<p><span style=\"color: #333333;\"><strong>Vous trouverez<\/strong> dans cette page<strong> une liste de liens pointant vers des sites internet sp\u00e9cialis\u00e9s<\/strong> dans la recherche d&#8217;emploi ordonn\u00e9s suivant qu&#8217;il s&#8217;agisse de sites g\u00e9n\u00e9ralistes ou sp\u00e9cialis\u00e9s. Vous trouverez \u00e9galement <strong>les offres qui nous sont communiqu\u00e9es en mairie et dont nous sommes le relais.<\/strong><\/span><\/p><p><span style=\"color: #333333;\">Bonne recherche !<\/span><\/p>\t\t\t\t\t\t\t\t<\/div>\n\t\t\t\t<\/div>\n\t\t\t\t\t<\/div>\n\t\t<\/div>\n\t\t\t\t\t<\/div>\n\t\t<\/section>\n\t\t\t\t<section class=\"elementor-section elementor-top-section elementor-element elementor-element-9ae3574 elementor-section-boxed elementor-section-height-default elementor-section-height-default\" data-id=\"9ae3574\" data-element_type=\"section\" data-e-type=\"section\">\n\t\t\t\t\t\t<div class=\"elementor-container elementor-column-gap-default\">\n\t\t\t\t\t<div class=\"elementor-column elementor-col-33 elementor-top-column elementor-element elementor-element-2745a82\" data-id=\"2745a82\" data-element_type=\"column\" data-e-type=\"column\">\n\t\t\t<div class=\"elementor-widget-wrap elementor-element-populated\">\n\t\t\t\t\t\t<div class=\"elementor-element elementor-element-41945a9 elementor-widget elementor-widget-text-editor\" data-id=\"41945a9\" data-element_type=\"widget\" data-e-type=\"widget\" data-widget_type=\"text-editor.default\">\n\t\t\t\t<div class=\"elementor-widget-container\">\n\t\t\t\t\t\t\t\t\t<h3 style=\"text-align: center;\"><span style=\"color: #003366;\">Sites g\u00e9n\u00e9ralistes<br \/><\/span><\/h3><ul><li><a href=\"https:\/\/www.pole-emploi.fr\/accueil\/\" target=\"_blank\" rel=\"noopener\">P\u00f4le Emploi<\/a><\/li><li><a href=\"https:\/\/www.regionsjob.com\/\" target=\"_blank\" rel=\"noopener\">R\u00e9gion Job<\/a><\/li><li><a href=\"https:\/\/www.keljob.com\/\" target=\"_blank\" rel=\"noopener\">Keljob<\/a><\/li><li><a href=\"https:\/\/www.monster.fr\/\" target=\"_blank\" rel=\"noopener\">Monster<\/a><\/li><li><a href=\"https:\/\/www.welcometothejungle.com\/fr\" target=\"_blank\" rel=\"noopener\">Welcome To The Jungle<\/a><\/li><li><a href=\"https:\/\/www.meteojob.com\/\" target=\"_blank\" rel=\"noopener\">M\u00e9t\u00e9oJob<\/a><\/li><li><a href=\"https:\/\/fr.indeed.com\/\" target=\"_blank\" rel=\"noopener\">Indeed<\/a><\/li><li><a href=\"https:\/\/about.linkedin.com\/fr-fr?lr=1\" target=\"_blank\" rel=\"noopener\">Linkedin<\/a><\/li><li><a href=\"https:\/\/www.emploi-store.fr\/portail\/accueil#\" target=\"_blank\" rel=\"noopener\">Emploi Store<\/a><\/li><li><a href=\"https:\/\/www.hautsdefrance.fr\/categorie\/dossiers\/proch-emploi\/\" target=\"_blank\" rel=\"noopener\">Proch&#8217;Emploi<\/a><\/li><li><a href=\"https:\/\/www.jobijoba.com\/fr\/\" target=\"_blank\" rel=\"noopener\">JobiJoba<\/a><\/li><li><a href=\"https:\/\/fr.jooble.org\/\" target=\"_blank\" rel=\"noopener\">Jooble<\/a><\/li><li><a href=\"https:\/\/www.directemploi.com\/\" target=\"_blank\" rel=\"noopener\">DirectEmploi<\/a><\/li><li><a href=\"https:\/\/careers.google.com\/jobs\/results\/\" target=\"_blank\" rel=\"noopener\">Google Jobs<\/a><\/li><li><a href=\"https:\/\/www.leboncoin.fr\/offres_d_emploi\/offres\" target=\"_blank\" rel=\"noopener\">Le Bon Coin Emploi<\/a><\/li><li><a href=\"https:\/\/www.glassdoor.fr\/index.htm\" target=\"_blank\" rel=\"noopener\">GlassDoor<\/a><\/li><li><a href=\"https:\/\/fr.jobted.com\" target=\"_blank\" rel=\"noopener\">Jobted<\/a><\/li><\/ul>\t\t\t\t\t\t\t\t<\/div>\n\t\t\t\t<\/div>\n\t\t\t\t\t<\/div>\n\t\t<\/div>\n\t\t\t\t<div class=\"elementor-column elementor-col-33 elementor-top-column elementor-element elementor-element-b6b4c6e\" data-id=\"b6b4c6e\" data-element_type=\"column\" data-e-type=\"column\">\n\t\t\t<div class=\"elementor-widget-wrap elementor-element-populated\">\n\t\t\t\t\t\t<div class=\"elementor-element elementor-element-49756af elementor-widget elementor-widget-text-editor\" data-id=\"49756af\" data-element_type=\"widget\" data-e-type=\"widget\" data-widget_type=\"text-editor.default\">\n\t\t\t\t<div class=\"elementor-widget-container\">\n\t\t\t\t\t\t\t\t\t<h3 style=\"text-align: center;\"><span style=\"color: #003366;\">Sites sp\u00e9cialis\u00e9s<\/span><\/h3><ul><li><a href=\"https:\/\/www.cadremploi.fr\/\" target=\"_blank\" rel=\"noopener\">Cadre Emploi (cadres)<\/a><\/li><li><a href=\"https:\/\/www.apec.fr\/\" target=\"_blank\" rel=\"noopener\">APEC (Cadres)<\/a><\/li><li><a href=\"https:\/\/emploi.fhf.fr\/\" target=\"_blank\" rel=\"noopener\">Offres d&#8217;emploi de la F\u00e9d\u00e9ration Hospitali\u00e8re de France<\/a><\/li><li><a href=\"https:\/\/www.lesjeudis.com\/\" target=\"_blank\" rel=\"noopener\">LesJeudis (informatique et digital)<\/a><\/li><li><a href=\"https:\/\/welovedevs.com\/fr\/\" target=\"_blank\" rel=\"noopener\">We Love Devs (d\u00e9veloppeurs informatique)<\/a><\/li><li><a href=\"https:\/\/www.malt.fr\/\" target=\"_blank\" rel=\"noopener\">Malt (freelance du num\u00e9rique)<\/a><\/li><li><a href=\"https:\/\/www.staffme.fr\/\" target=\"_blank\" rel=\"noopener\">StaffMe (freelance)<\/a><\/li><li><a href=\"https:\/\/www.carrieres-juridiques.com\" target=\"_blank\" rel=\"noopener\">Carri\u00e8res juridiques (droit)<\/a><\/li><li><a href=\"http:\/\/www.mediajobs.fr\/\" target=\"_blank\" rel=\"noopener\">M\u00e9diaJobs (audiovisuel)<\/a><\/li><li><a href=\"https:\/\/www.reseau-tee.net\/\" target=\"_blank\" rel=\"noopener\">R\u00e9seau Tee (environnement)<\/a><\/li><li><a href=\"https:\/\/emploi.batiactu.com\/\" target=\"_blank\" rel=\"noopener\">BatiActuEmploi (BTP)<\/a><\/li><li><a href=\"https:\/\/www.fedhuman.fr\/\" target=\"_blank\" rel=\"noopener\">FedHuman (ressources humaines et paie)<\/a><\/li><li><a href=\"https:\/\/www.unjobdanslapub.fr\/\" target=\"_blank\" rel=\"noopener\">Un Job Dans La Pub (publicit\u00e9)<\/a><\/li><li><a href=\"https:\/\/www.staffsante.fr\/\" target=\"_blank\" rel=\"noopener\">StaffSant\u00e9 (sant\u00e9 et social)<\/a><\/li><li><a href=\"https:\/\/place-emploi-public.gouv.fr\/\" target=\"_blank\" rel=\"noopener\">Place de l&#8217;emploi public (fonction publique)<\/a><\/li><li><a href=\"https:\/\/www.jobteaser.com\/fr\" target=\"_blank\" rel=\"noopener\">Job Teaser (\u00e9tudiants et jeunes dipl\u00f4m\u00e9s)<\/a><\/li><li><a href=\"https:\/\/jobs-stages.letudiant.fr\/\" target=\"_blank\" rel=\"noopener\">L&#8217;\u00e9tudiant (\u00e9tudiants et jeunes dipl\u00f4m\u00e9s)<\/a><\/li><li><a href=\"https:\/\/www.studentjob.fr\/\" target=\"_blank\" rel=\"noopener\">StudentJob (\u00e9tudiants et jeunes dipl\u00f4m\u00e9s)<\/a><\/li><li><a href=\"https:\/\/www.studentpop.fr\/\" target=\"_blank\" rel=\"noopener\">Student Pop (missions pour les \u00e9tudiants)<\/a><\/li><li><a href=\"https:\/\/www.wizbii.com\/\" target=\"_blank\" rel=\"noopener\">Wizbii (pour les 16 &#8211; 30 ans)<\/a><\/li><li><a href=\"https:\/\/www.missionlocale-jeunes-du-valenciennois.com\/\" target=\"_blank\" rel=\"noopener\">Mission locale jeunes du valenciennois<\/a><\/li><li><a href=\"https:\/\/www.cidj.com\/\" target=\"_blank\" rel=\"noopener\">CIDJ (jeunesse)<\/a><\/li><li><a href=\"https:\/\/www.seniorsavotreservice.com\/\" target=\"_blank\" rel=\"noopener\">S\u00e9niors \u00e0 votre service (s\u00e9niors)<\/a><\/li><li><a href=\"https:\/\/maddyjobs.com\/\" target=\"_blank\" rel=\"noopener\">MaddyJobs (entreprises innovantes, jeunes talents de la tech)<\/a><\/li><li><a href=\"https:\/\/www.directemploi.com\/\" target=\"_blank\" rel=\"noopener\">La Rel\u00e8ve (web marketing, business developer, web developer<\/a>)<\/li><li><a href=\"https:\/\/startuponly.com\/homepage\" target=\"_blank\" rel=\"noopener\">StartupOnly (marketing, communication, business developer)<\/a><\/li><li><a href=\"https:\/\/www.onlyengineerjobs.fr\/fr\" target=\"_blank\" rel=\"noopener\">OnlyEngineerJobs (ing\u00e9nieurs)<\/a><\/li><li><a href=\"https:\/\/www.aeroemploiformation.com\/\" target=\"_blank\" rel=\"noopener\">A\u00e9roEmploiFormation (a\u00e9rospatiale)<\/a><\/li><li><a href=\"https:\/\/fr.fashionjobs.com\/\" target=\"_blank\" rel=\"noopener\">FashionJobs (mode)<\/a><\/li><\/ul>\t\t\t\t\t\t\t\t<\/div>\n\t\t\t\t<\/div>\n\t\t\t\t\t<\/div>\n\t\t<\/div>\n\t\t\t\t<div class=\"elementor-column elementor-col-33 elementor-top-column elementor-element elementor-element-a425987\" data-id=\"a425987\" data-element_type=\"column\" data-e-type=\"column\">\n\t\t\t<div class=\"elementor-widget-wrap elementor-element-populated\">\n\t\t\t\t\t\t<div class=\"elementor-element elementor-element-fe2747a elementor-widget elementor-widget-text-editor\" data-id=\"fe2747a\" data-element_type=\"widget\" data-e-type=\"widget\" data-widget_type=\"text-editor.default\">\n\t\t\t\t<div class=\"elementor-widget-container\">\n\t\t\t\t\t\t\t\t\t<h3 style=\"text-align: center;\"><span style=\"color: #333333;\">Offres locales<br \/><\/span><\/h3><ul><li style=\"list-style-type: none;\"><ul><li><span style=\"color: #333333;\"><strong>Urgent : Offre de Mission Service Civique<br \/><\/strong><\/span><p><span style=\"color: #333333;\">L\u2019association RADIO CLUB vous propose de rejoindre son \u00e9quipe, durant huit mois. Le service civique est un engagement citoyen. Notre objectif est d\u2019encourager l\u2019acc\u00e8s \u00e0 la culture, de lutter contre les discriminations et de promouvoir l\u2019\u00e9galit\u00e9. L\u2019accueil d\u2019un service civique nous permet de valoriser \u00a0nos actions et notre engagement aupr\u00e8s de la jeunesse. La pr\u00e9sence de jeunes volontaires, avec leurs id\u00e9es, leur enthousiasme, est l\u2019occasion, pour notre association, de r\u00e9fl\u00e9chir \u00e0 nos actions et \u00e0 notre ligne \u00e9ditoriale.<\/span><\/p><p><span style=\"color: #333333;\">L\u2019association RADIO CLUB recherche un(e) personne \u00e2g\u00e9e de moins de 26 ans ou jusque 30 ans si handicap, afin d\u2019accomplir une mission de service civique du 1<sup>er<\/sup> f\u00e9vrier 2023 au 1<sup>er<\/sup> novembre 2023.<\/span><\/p><p><span style=\"color: #333333;\">Le service civique effectuera 24h\/semaine et sera indemnis\u00e9 600.94\/mois.<\/span><\/p><p><span style=\"color: #333333;\">Vos missions\u00a0:<\/span><\/p><ul><li><span style=\"color: #333333;\">Accueillir le public<\/span><\/li><li><span style=\"color: #333333;\">Encourager la participation citoyenne des auditeurs<\/span><\/li><li><span style=\"color: #333333;\">Accompagner les animateurs lors de l\u2019\u00e9laboration et la pr\u00e9sentation d\u2019\u00e9missions<\/span><\/li><li><span style=\"color: #333333;\">Participer \u00e0 l\u2019organisation d\u2019\u00e9v\u00e9nements festifs et culturels<\/span><\/li><li><span style=\"color: #333333;\">Promouvoir les actions culturelles de l\u2019association.<\/span><\/li><\/ul><p>\u00a0<\/p><p><span style=\"color: #333333;\">Il est souhaitable d\u2019\u00eatre souriant, dynamique, curieux, ponctuel, respectueux.<\/span><\/p><span style=\"color: #333333;\">Pr\u00e9sentation apr\u00e8s prise de rendez-vous, par t\u00e9l\u00e9phone ou sur place, du lundi au vendredi de 9h \u00e0 18h, avec Isabelle ou Sylvie.<\/span><\/li><\/ul><\/li><\/ul><p style=\"padding-left: 80px;\"><span style=\"color: #333333;\">ASSOCIATION RADIO CLUB 105.7 FM<\/span><\/p><p style=\"padding-left: 80px;\"><span style=\"color: #333333;\">43, rue Benoit Malon 59135 WALLERS-ARENBERG<\/span><\/p><p style=\"padding-left: 80px;\"><span style=\"color: #333333;\">T\u00e9l\u00a0:<\/span> <a href=\"tel:+33327242222\">03 27 24 22 22<\/a><\/p><p style=\"padding-left: 80px;\"><span style=\"color: #333333;\">Secr\u00e9tariat\u00a0: <a href=\"tel:+33327439742\">03 27 43 97 42<\/a><\/span><\/p><p style=\"padding-left: 80px;\"><a href=\"mailto:radio.club@wanadoo.fr\">radio.club@wanadoo.fr<\/a><\/p><p style=\"padding-left: 80px;\"><a href=\"http:\/\/www.radioclub.fr\">www.radioclub.fr<\/a><\/p>\t\t\t\t\t\t\t\t<\/div>\n\t\t\t\t<\/div>\n\t\t\t\t\t<\/div>\n\t\t<\/div>\n\t\t\t\t\t<\/div>\n\t\t<\/section>\n\t\t\t\t<section class=\"elementor-section elementor-top-section elementor-element elementor-element-192e332 elementor-section-boxed elementor-section-height-default elementor-section-height-default\" data-id=\"192e332\" data-element_type=\"section\" data-e-type=\"section\" data-settings=\"{&quot;background_background&quot;:&quot;classic&quot;}\">\n\t\t\t\t\t\t<div class=\"elementor-container elementor-column-gap-default\">\n\t\t\t\t\t<div class=\"elementor-column elementor-col-50 elementor-top-column elementor-element elementor-element-778fe47\" data-id=\"778fe47\" data-element_type=\"column\" data-e-type=\"column\">\n\t\t\t<div class=\"elementor-widget-wrap elementor-element-populated\">\n\t\t\t\t\t\t<div class=\"elementor-element elementor-element-eeb8982 elementor-widget elementor-widget-image\" data-id=\"eeb8982\" data-element_type=\"widget\" data-e-type=\"widget\" data-widget_type=\"image.default\">\n\t\t\t\t<div class=\"elementor-widget-container\">\n\t\t\t\t\t\t\t\t\t\t\t\t\t\t\t<img decoding=\"async\" width=\"225\" height=\"125\" src=\"https:\/\/thiant.fr\/wordpress\/wp-content\/uploads\/2022\/04\/logo-ml-jeunes-valenciennois.png\" class=\"attachment-large size-large wp-image-4146\" alt=\"\" \/>\t\t\t\t\t\t\t\t\t\t\t\t\t\t\t<\/div>\n\t\t\t\t<\/div>\n\t\t\t\t\t<\/div>\n\t\t<\/div>\n\t\t\t\t<div class=\"elementor-column elementor-col-50 elementor-top-column elementor-element elementor-element-6984ea0\" data-id=\"6984ea0\" data-element_type=\"column\" data-e-type=\"column\">\n\t\t\t<div class=\"elementor-widget-wrap elementor-element-populated\">\n\t\t\t\t\t\t<div class=\"elementor-element elementor-element-bdf4146 elementor-widget elementor-widget-image\" data-id=\"bdf4146\" data-element_type=\"widget\" data-e-type=\"widget\" data-widget_type=\"image.default\">\n\t\t\t\t<div class=\"elementor-widget-container\">\n\t\t\t\t\t\t\t\t\t\t\t\t\t\t\t<img decoding=\"async\" width=\"210\" height=\"125\" src=\"https:\/\/thiant.fr\/wordpress\/wp-content\/uploads\/2022\/04\/logo-CEJ_210x125.png\" class=\"attachment-large size-large wp-image-4145\" alt=\"\" \/>\t\t\t\t\t\t\t\t\t\t\t\t\t\t\t<\/div>\n\t\t\t\t<\/div>\n\t\t\t\t\t<\/div>\n\t\t<\/div>\n\t\t\t\t\t<\/div>\n\t\t<\/section>\n\t\t\t\t<section class=\"elementor-section elementor-top-section elementor-element elementor-element-881bcf7 elementor-section-boxed elementor-section-height-default elementor-section-height-default\" data-id=\"881bcf7\" data-element_type=\"section\" data-e-type=\"section\" data-settings=\"{&quot;background_background&quot;:&quot;classic&quot;}\">\n\t\t\t\t\t\t<div class=\"elementor-container elementor-column-gap-default\">\n\t\t\t\t\t<div class=\"elementor-column elementor-col-100 elementor-top-column elementor-element elementor-element-a7edb5e\" data-id=\"a7edb5e\" data-element_type=\"column\" data-e-type=\"column\">\n\t\t\t<div class=\"elementor-widget-wrap elementor-element-populated\">\n\t\t\t\t\t\t<div class=\"elementor-element elementor-element-232e004 elementor-widget elementor-widget-text-editor\" data-id=\"232e004\" data-element_type=\"widget\" data-e-type=\"widget\" data-widget_type=\"text-editor.default\">\n\t\t\t\t<div class=\"elementor-widget-container\">\n\t\t\t\t\t\t\t\t\t<h2 style=\"text-align: center;\"><span style=\"color: #0000ff;\">Les principes du<\/span><br \/><span style=\"color: #0000ff;\">Contrat d\u2019Engagement Jeune (CEJ)<\/span><\/h2><h4><span style=\"color: #ff6600;\">Le public cible<\/span><\/h4><p style=\"padding-left: 40px;\"><span style=\"color: #333333;\">Le profil des jeunes vis\u00e9s par le CEJ sont ceux qui pr\u00e9sentent un risque \u00e9lev\u00e9 d\u2019exclusion professionnelle et qui sont pr\u00eats \u00e0 s\u2019engager dans un cadre d\u2019accompagnement particuli\u00e8rement intensif, qui les mobilise plusieurs heures par semaine (au moins 15 heures) pendant la dur\u00e9e du contrat.<\/span><\/p><p style=\"padding-left: 40px;\"><span style=\"color: #333333;\">D\u2019une mani\u00e8re plus pratique, les crit\u00e8res d\u2019\u00e9ligibilit\u00e9 sont :<\/span><\/p><p style=\"padding-left: 40px;\"><strong><span style=\"color: #ff0000;\">Crit\u00e8res obligatoires<\/span><\/strong><\/p><ul><li style=\"list-style-type: none;\"><ul><li><span style=\"color: #333333;\"><strong>16-25 ans<\/strong> (16-29 ans pour les RQTH),<\/span><\/li><li><strong><span style=\"color: #333333;\">NEET :<\/span><\/strong><br \/><span style=\"color: #333333;\">o Le CEJ n\u2019est pas ouvert aux \u00e9tudiants ni aux jeunes suivant une formation,<\/span><br \/><span style=\"color: #333333;\">o Le CEJ est ouvert aux jeunes sans emploi et aux jeunes occupant un emploi, en fonction de la nature de leur contrat de travail et de leur quotit\u00e9 de travail notamment.<\/span><\/li><li><strong><span style=\"color: #333333;\">Engagements du jeune :<\/span><\/strong><br \/><span style=\"color: #333333;\">o Le contrat d\u2019engagement jeune est donc propos\u00e9 aux jeunes qui souhaitent s\u2019inscrire dans un accompagnement intensif.<\/span><\/li><\/ul><\/li><\/ul><p style=\"padding-left: 40px;\"><span style=\"color: #333333;\">Pour mesurer le risque d&#8217;<\/span><span style=\"color: #333333;\">exclusion professionnelle, des crit\u00e8res suppl\u00e9mentaires peuvent permettre de constituer <\/span><span style=\"color: #333333;\">une aide \u00e0 l&#8217;orientation vers le CEJ.<\/span><\/p><p style=\"padding-left: 40px;\"><span style=\"color: #008000;\"><strong>Crit\u00e8res non discriminants<\/strong><\/span><\/p><ul style=\"padding-left: 40px;\"><li><span style=\"color: #333333;\">B\u00e9n\u00e9ficiaires de dipl\u00f4me inf\u00e9rieur au CAP\/BEP<\/span><\/li><li><span style=\"color: #333333;\">Jeunes de 18 \u00e0 21 ans<\/span><\/li><li><span style=\"color: #333333;\">Jeunes RQTH<\/span><\/li><li><span style=\"color: #333333;\">Travailleurs pr\u00e9caires qui pr\u00e9sentent des difficult\u00e9s d\u2019acc\u00e8s \u00e0 l\u2019emploi durable<\/span><\/li><li><span style=\"color: #333333;\">Demandeurs d\u2019emploi de longue dur\u00e9e (DELD)<\/span><\/li><li><span style=\"color: #333333;\">R\u00e9sidents en QPV ou en ZRR<\/span><\/li><li><span style=\"color: #333333;\">Jeunes dont le montant des ressources est susceptible de les rendre \u00e9ligibles \u00e0 l\u2019allocation CEJ<\/span><\/li><\/ul><h4><span style=\"color: #ff6600;\">L\u2019accompagnement<\/span><\/h4><p style=\"padding-left: 40px;\"><span style=\"color: #333333;\">La dur\u00e9e d\u2019un CEJ est de 12 mois, les caract\u00e9ristiques de cet accompagnement sont :<\/span><\/p><ul style=\"padding-left: 40px;\"><li><span style=\"color: #333333;\">Un diagnostic approfondi comme premi\u00e8re \u00e9tape du CEJ ;<\/span><\/li><li><span style=\"color: #333333;\">Un r\u00e9f\u00e9rent unique tout au long du parcours ;<\/span><\/li><li><span style=\"color: #333333;\">Un plan d\u2019action \u00e9labor\u00e9 conjointement et \u00e9volutif ;<\/span><\/li><li><span style=\"color: #333333;\">Une logique de droits et devoirs en respectant les exigences d\u2019engagement, d\u2019assiduit\u00e9, et de motivation ;<\/span><\/li><li><span style=\"color: #333333;\">Le cas \u00e9ch\u00e9ant, une allocation pour s\u00e9curiser le parcours.<\/span><\/li><\/ul><p style=\"padding-left: 40px;\"><span style=\"color: #333333;\">L\u2019objectif est l\u2019acc\u00e8s \u00e0 l\u2019emploi durable (CDI, contrat en alternance ou CCD de 6 mois ou plus hors contrats aid\u00e9s).<\/span><\/p><p style=\"padding-left: 40px;\"><span style=\"color: #333333;\">Les activit\u00e9s d\u2019accompagnement doivent \u00eatre soutenues (15 \u00e0 20 heures par semaine) et propos\u00e9es aux jeunes de mani\u00e8re individuelle, collective ou en autonomie.<\/span><\/p><h5 style=\"text-align: center;\"><span style=\"color: #3366ff;\">Individuel<\/span><\/h5><p style=\"padding-left: 40px;\"><span style=\"color: #333333;\">Le premier entretien individuel du CEJ doit permettre de compl\u00e9ter le livret de suivi du CEJ et de d\u00e9finir le plan d\u2019action pour les 3 mois \u00e0 venir.<\/span><\/p><p style=\"padding-left: 40px;\"><span style=\"color: #333333;\">Tout au long de l\u2019accompagnement, au moins un entretien hebdomadaire est r\u00e9alis\u00e9 entre le jeune et son conseiller, en face \u00e0 face (pr\u00e9sentiel ou visio) ou par t\u00e9l\u00e9phone.<\/span><\/p><p style=\"padding-left: 40px;\"><span style=\"color: #333333;\">Tous les 3 mois, un entretien de bilan de phase doit \u00eatre r\u00e9alis\u00e9 pour faire le point sur le CEJ (bilan interm\u00e9diaire qui conduit \u00e0 la d\u00e9finition d\u2019un nouveau plan d\u2019action ou \u00e0 la fin de l\u2019accompagnement).<\/span><\/p><h5 style=\"text-align: center;\"><span style=\"color: #3366ff;\">Collectif<\/span><\/h5><p style=\"padding-left: 40px;\"><span style=\"color: #333333;\">L\u2019accompagnement collectif se fera au travers d\u2019un r\u00e9f\u00e9rentiel d\u2019activit\u00e9s d\u2019accompagnement et de solutions \u00ab <\/span><span style=\"color: #333333;\">structurantes \u00bb.<\/span><\/p><p style=\"padding-left: 40px;\"><span style=\"color: #3366ff;\"><em>Le r\u00e9f\u00e9rentiel d\u2019activit\u00e9s d\u2019accompagnement<\/em><\/span><\/p><p style=\"padding-left: 40px;\"><span style=\"color: #333333;\">L\u2019offre de service propos\u00e9e doit s\u2019articuler autour d\u2019ateliers collectifs d\u00e9clin\u00e9s <span style=\"text-decoration: underline;\">sur un des 8 th\u00e8mes suivants :<\/span><\/span><\/p><ul style=\"padding-left: 40px;\"><li><span style=\"color: #333333;\"><strong>Approfondir le diagnostic :<\/strong> tests et \u00e9valuation, informations sur les mesures, parcours et dispositifs\u2026<\/span><\/li><li><span style=\"color: #333333;\"><strong>Lever les freins p\u00e9riph\u00e9riques :<\/strong> ateliers th\u00e9matiques sur les d\u00e9marches administratives, la sant\u00e9, le <\/span><span style=\"color: #333333;\">logement, les ressources financi\u00e8res, la mobilit\u00e9\u2026<\/span><\/li><li><span style=\"color: #333333;\"><strong>Prendre confiance et se mobiliser :<\/strong> ateliers sur la connaissance et l\u2019image de soi, les activit\u00e9s sportives et <\/span><span style=\"color: #333333;\">culturelles, l\u2019engagement, le soutien moral\u2026<\/span><\/li><li><span style=\"color: #333333;\"><strong>Construire son projet professionnel :<\/strong> Elaboration du projet, d\u00e9couvertes des m\u00e9tiers du bassin d\u2019emploi <\/span><span style=\"color: #333333;\">du valenciennois, p\u00e9riodes d\u2019immersions (PMSMP)\u2026<\/span><\/li><li><span style=\"color: #333333;\"><strong>D\u00e9velopper ses comp\u00e9tences :<\/strong> Construction d\u2019un parcours de formation, remise \u00e0 niveau, savoir-\u00eatre, <\/span><span style=\"color: #333333;\">d\u00e9veloppement des comp\u00e9tences num\u00e9riques ou aux m\u00e9tiers\u2026<\/span><\/li><li><span style=\"color: #333333;\"><strong>Pr\u00e9parer sa candidature :<\/strong> r\u00e9daction du CV et de la lettre de motivation, valorisation des comp\u00e9tences et <\/span><span style=\"color: #333333;\">soft skills, savoir-\u00eatre professionnel, techniques de recherche d\u2019emploi\u2026<\/span><\/li><li><span style=\"color: #333333;\"><strong>Rechercher des solutions d\u2019emploi :<\/strong> organiser sa recherche d\u2019emploi, pr\u00e9paration des entretiens de <\/span><span style=\"color: #333333;\">recrutement, d\u00e9marchage d\u2019entreprises\u2026<\/span><\/li><li><span style=\"color: #333333;\"><strong>Cr\u00e9er son entreprise :<\/strong> sensibilisation, pr\u00e9paration et d\u00e9marches pour la cr\u00e9ation d\u2019entreprise, recherche <\/span><span style=\"color: #333333;\">de financement\u2026<\/span><\/li><\/ul><p style=\"padding-left: 40px;\"><span style=\"color: #333333;\">Ces ateliers pourront \u00eatre anim\u00e9s en interne mais aussi par des partenaires en fonction de la th\u00e9matique.<\/span><\/p><p style=\"padding-left: 40px;\"><span style=\"color: #333333;\">Les ateliers collectifs ont pour objectif d\u2019\u00e9tablir une dynamique de groupe en favorisant les \u00e9changes.<\/span><\/p><p style=\"padding-left: 40px;\"><em><span style=\"color: #3366ff;\">Les solutions \u00ab structurantes \u00bb<\/span><\/em><\/p><p style=\"padding-left: 40px;\"><span style=\"color: #333333;\">Les solutions \u00ab structurantes \u00bb peuvent \u00eatre mobilis\u00e9es tout au long du CEJ et constituent les \u00e9tapes du parcours.<\/span><\/p><p style=\"padding-left: 40px;\"><span style=\"text-decoration: underline;\"><span style=\"color: #333333; text-decoration: underline;\">Elles sont caract\u00e9ris\u00e9es par :<\/span><\/span><\/p><ul style=\"padding-left: 40px;\"><li><span style=\"color: #333333;\"><strong>Une formation :<\/strong> formation pr\u00e9-qualifiante, qualifiante, certifiante ou dipl\u00f4mante, pr\u00e9pa comp\u00e9tences, <\/span><span style=\"color: #333333;\">pr\u00e9pa apprentissage\u2026<\/span><\/li><li><span style=\"color: #333333;\"><strong>Un accompagnement intensif sp\u00e9cifique externe :<\/strong> Epide, E2C, SMA, SMV, promo 16-18\u2026<\/span><\/li><li><span style=\"color: #333333;\"><strong>Une mission d\u2019utilit\u00e9 sociale :<\/strong> service civique, SNU \u2026<\/span><\/li><li><span style=\"color: #333333;\"><strong>Un emploi aid\u00e9 :<\/strong> PEC, CIE, IAE, CDD tremplin\u2026<\/span><\/li><\/ul><h5 style=\"text-align: center;\"><span style=\"color: #0000ff;\">Autonomie<\/span><\/h5><p style=\"padding-left: 40px;\"><span style=\"color: #333333;\">Le travail doit permettre au jeune de s\u2019approprier son parcours et lui permet de mener \u00e0 bien seul ou de mani\u00e8re <\/span><span style=\"color: #333333;\">encadr\u00e9e les d\u00e9marches n\u00e9cessaires \u00e0 son insertion professionnelle (participation \u00e0 des salons\/job dating, consultation <\/span><span style=\"color: #333333;\">des offres, r\u00e9alisation de candidatures, d\u00e9marches aupr\u00e8s des entreprises, acc\u00e8s \u00e0 des services digitaux\u2026).<\/span><\/p><h4><span style=\"color: #ff6600;\">L\u2019allocation CEJ<\/span><\/h4><p><span style=\"padding-left: 40px; color: #333333;\">L\u2019allocation mensuelle du CEJ a un montant plafond qui d\u00e9pend de la situation fiscale et de l\u2019\u00e2ge du jeune.<\/span><\/p><table><tbody><tr bgcolor=\"LightBlue\"><td style=\"color: #333333;\" width=\"70%\"><strong>Situation fiscale<\/strong><\/td><td style=\"color: #333333; text-align: center;\" width=\"30%\"><strong>Montant plafond d&#8217;allocation<\/strong><\/td><\/tr><tr bgcolor=\"Cornsilk\"><td style=\"color: #333333;\" width=\"70%\">Le jeune est d\u00e9tach\u00e9 fiscalement (non imposable)<\/td><td style=\"color: #333333; text-align: center;\" width=\"30%\">Mineur : 200 \/ Majeur : 500<\/td><\/tr><tr bgcolor=\"Cornsilk\"><td style=\"color: #333333;\" width=\"70%\">Le jeune est rattach\u00e9 au foyer parental non imposable<\/td><td style=\"color: #333333; text-align: center;\" width=\"30%\">Mineur : 200 \/ Majeur : 500<\/td><\/tr><tr bgcolor=\"Cornsilk\"><td style=\"color: #333333;\" width=\"70%\">Le jeune est rattach\u00e9 au foyer fiscal parental de tranche I (&lt;26069\u20ac)<\/td><td style=\"color: #333333; text-align: center;\" width=\"30%\">Mineur : 200 \/ Majeur : 300<\/td><\/tr><\/tbody><\/table><p style=\"padding-left: 40px;\"><span style=\"color: #333333;\">Le montant de l\u2019allocation sera calcul\u00e9 chaque mois en fonction :<\/span><\/p><ul style=\"padding-left: 40px;\"><li><span style=\"color: #333333;\">Du montant net des ressources sur le mois (M-1)<\/span><\/li><li><span style=\"color: #333333;\">Du montant net des autres ressources sur le mois (M-1)<\/span><\/li><li><span style=\"color: #333333;\">Du montant de sanction \u00e9ventuelle.<\/span><\/li><\/ul><p style=\"padding-left: 40px;\"><span style=\"color: #333333;\">Le calcul de l\u2019allocation mensuelle fera l\u2019objet d\u2019une validation par le jeune (signature de la fiche).<\/span><\/p>\t\t\t\t\t\t\t\t<\/div>\n\t\t\t\t<\/div>\n\t\t\t\t\t<\/div>\n\t\t<\/div>\n\t\t\t\t\t<\/div>\n\t\t<\/section>\n\t\t\t\t<section class=\"elementor-section elementor-top-section elementor-element elementor-element-63fb8c5 elementor-section-boxed elementor-section-height-default elementor-section-height-default\" data-id=\"63fb8c5\" data-element_type=\"section\" data-e-type=\"section\">\n\t\t\t\t\t\t<div class=\"elementor-container elementor-column-gap-default\">\n\t\t\t\t\t<div class=\"elementor-column elementor-col-33 elementor-top-column elementor-element elementor-element-b9d41d6\" data-id=\"b9d41d6\" data-element_type=\"column\" data-e-type=\"column\" data-settings=\"{&quot;background_background&quot;:&quot;classic&quot;}\">\n\t\t\t<div class=\"elementor-widget-wrap elementor-element-populated\">\n\t\t\t\t\t\t<div class=\"elementor-element elementor-element-29509a8 elementor-widget elementor-widget-image\" data-id=\"29509a8\" data-element_type=\"widget\" data-e-type=\"widget\" data-widget_type=\"image.default\">\n\t\t\t\t<div class=\"elementor-widget-container\">\n\t\t\t\t\t\t\t\t\t\t\t\t\t\t\t<img decoding=\"async\" width=\"225\" height=\"125\" src=\"https:\/\/thiant.fr\/wordpress\/wp-content\/uploads\/2022\/04\/logo-ml-jeunes-valenciennois.png\" class=\"attachment-large size-large wp-image-4146\" alt=\"\" \/>\t\t\t\t\t\t\t\t\t\t\t\t\t\t\t<\/div>\n\t\t\t\t<\/div>\n\t\t\t\t<div class=\"elementor-element elementor-element-5697152 elementor-widget elementor-widget-text-editor\" data-id=\"5697152\" data-element_type=\"widget\" data-e-type=\"widget\" data-widget_type=\"text-editor.default\">\n\t\t\t\t<div class=\"elementor-widget-container\">\n\t\t\t\t\t\t\t\t\t<h4><span style=\"color: #ffffff;\">Votre Antenne<\/span><\/h4><p><br \/><span style=\"color: #ffffff;\">Raismes -Trith<\/span><br \/><span style=\"color: #ffffff;\">22 rue des Martyrs<\/span><br \/><span style=\"color: #ffffff;\">ANZIN<\/span><br \/><span style=\"color: #ffffff;\">T\u00e9l. <a style=\"color: #ffffff;\" href=\"tel:+33327202550\">03 27 20 25 50<\/a><\/span><br \/><span style=\"color: #ffffff;\">E-mail : <a style=\"color: #ffffff;\" href=\"mailto:raismes@mljv.fr\">raismes@mljv.fr<\/a><\/span><br \/><br \/><\/p><p style=\"text-align: left;\"><span style=\"color: #ffffff;\"><a style=\"color: #ffffff;\" href=\"https:\/\/www.facebook.com\/MLJValenciennois\/\" target=\"_blank\" rel=\"noopener\"><img decoding=\"async\" class=\"alignleft wp-image-3349\" src=\"https:\/\/thiant.fr\/wordpress\/wp-content\/uploads\/2021\/09\/facebook-icon-rond.webp\" alt=\"\" width=\"30\" height=\"30\" srcset=\"https:\/\/thiant.fr\/wordpress\/wp-content\/uploads\/2021\/09\/facebook-icon-rond.webp 200w, https:\/\/thiant.fr\/wordpress\/wp-content\/uploads\/2021\/09\/facebook-icon-rond-150x150.webp 150w\" sizes=\"(max-width: 30px) 100vw, 30px\" \/>: @Mljvalenciennois<\/a><\/span><\/p><p style=\"text-align: left;\"><a style=\"color: #ffffff;\" href=\"https:\/\/instagram.com\/mljvalenciennois\" target=\"_blank\" rel=\"noopener\"><img loading=\"lazy\" decoding=\"async\" class=\"alignleft wp-image-3350\" src=\"https:\/\/thiant.fr\/wordpress\/wp-content\/uploads\/2021\/09\/instagram-icon-rond.webp\" alt=\"\" width=\"30\" height=\"30\" srcset=\"https:\/\/thiant.fr\/wordpress\/wp-content\/uploads\/2021\/09\/instagram-icon-rond.webp 200w, https:\/\/thiant.fr\/wordpress\/wp-content\/uploads\/2021\/09\/instagram-icon-rond-150x150.webp 150w\" sizes=\"(max-width: 30px) 100vw, 30px\" \/> <span style=\"color: #ffffff;\">: @mljvalenciennois<\/span><\/a><\/p><p style=\"text-align: left;\"><a style=\"color: #ffffff;\" href=\"https:\/\/twitter.com\/mljvoff\" target=\"_blank\" rel=\"noopener\"><img loading=\"lazy\" decoding=\"async\" class=\"alignleft wp-image-3351\" src=\"https:\/\/thiant.fr\/wordpress\/wp-content\/uploads\/2021\/09\/twitter-icon-rond.webp\" alt=\"\" width=\"30\" height=\"30\" srcset=\"https:\/\/thiant.fr\/wordpress\/wp-content\/uploads\/2021\/09\/twitter-icon-rond.webp 200w, https:\/\/thiant.fr\/wordpress\/wp-content\/uploads\/2021\/09\/twitter-icon-rond-150x150.webp 150w\" sizes=\"(max-width: 30px) 100vw, 30px\" \/> <span style=\"color: #ffffff;\">: @Mljvoff<\/span><\/a><\/p><h6 style=\"text-align: left;\"><span style=\"color: #ffffff;\">PERMANENCES :<\/span><\/h6><p style=\"text-align: left;\"><span style=\"color: #ffffff;\">Sur rendez-vous au <a style=\"color: #ffffff;\" href=\"tel:+33327202550\">03 27 20 25 50<\/a><\/span><\/p><p style=\"text-align: left;\"><span style=\"color: #ffffff;\">En mairie les 1<sup>ers<\/sup> vendredis du mois de 9h \u00e0 12h<\/span><\/p>\t\t\t\t\t\t\t\t<\/div>\n\t\t\t\t<\/div>\n\t\t\t\t\t<\/div>\n\t\t<\/div>\n\t\t\t\t<div class=\"elementor-column elementor-col-66 elementor-top-column elementor-element elementor-element-5b3c850\" data-id=\"5b3c850\" data-element_type=\"column\" data-e-type=\"column\">\n\t\t\t<div class=\"elementor-widget-wrap elementor-element-populated\">\n\t\t\t\t\t\t<div class=\"elementor-element elementor-element-96d63ee elementor-widget elementor-widget-text-editor\" data-id=\"96d63ee\" data-element_type=\"widget\" data-e-type=\"widget\" data-widget_type=\"text-editor.default\">\n\t\t\t\t<div class=\"elementor-widget-container\">\n\t\t\t\t\t\t\t\t\t<h2><span style=\"color: #000080;\">Mission Locale<\/span><br \/><span style=\"color: #008080;\">Jeunes du Valenciennois<\/span><\/h2><h5><span style=\"color: #333333;\">Lettre d&#8217;information n\u00b02 &#8211; Juin 2021<\/span><\/h5><h6><span style=\"color: #000080;\">Le mot de la Direction<\/span><\/h6><p><span style=\"color: #333333;\">La Mission Locale, Jeunes du Valenciennois, a pour mission l&#8217;accueil, l&#8217;orientation et l&#8217;accompagnement des jeunes de 16 \u00e0 25 ans en situation pr\u00e9caire.<\/span><\/p><p><span style=\"color: #333333;\">Elle propose aux jeunes des dispositifs, notamment dans le cadre du Plan de Relance #1Jeune1Solution :<\/span><\/p><ul><li><span style=\"color: #333333;\">PACEA : Parcours Accompagnement Contractualis\u00e9 vers l&#8217;Emploi et l&#8217;Autonomie ;<\/span><\/li><li><span style=\"color: #333333;\">Garantie Jeunes ;<\/span><\/li><li><span style=\"color: #333333;\">Emplois Francs ;<\/span><\/li><li><span style=\"color: #333333;\">PEC Jeunes (Parcours Emploi Comp\u00e9tences) ;<\/span><\/li><li><span style=\"color: #333333;\">Alternance.<\/span><\/li><\/ul><p><span style=\"color: #333333;\">Son accompagnement s&#8217;\u00e9tend aussi aupr\u00e8s des :<\/span><\/p><ul><li><span style=\"color: #333333;\">Jeunes Sous Main de Justice ;<\/span><\/li><li><span style=\"color: #333333;\">Jeunes b\u00e9n\u00e9ficiaires du RSA.<\/span><\/li><\/ul><p><span style=\"color: #333333;\">Elle est \u00e9galement garante de la mise en application du dispositif sur l'(Obligation de Formation des jeunes de 16-17 ans.<\/span><\/p><p><span style=\"color: #333333;\">La Mission Locale, Jeunes du Valenciennois, c&#8217;est aussi des propositions de Parrainage, des immersions en entreprise et l&#8217;attribution de bourses de vacances.<\/span><\/p><h6><span style=\"color: #000080;\">L&#8217;appui de la Mission Locale Thiant (janvier &#8211; juin 2021)<\/span><\/h6><p><span style=\"color: #333333;\">Nombre de jeunes en contact : 53<\/span><\/p><p><span style=\"color: #333333;\">Nombre de jeunes re\u00e7us en entretien : 21<\/span><\/p><p><span style=\"color: #333333;\">Nombre de nouveaux jeunes inscrits : 4<\/span><\/p><p><span style=\"color: #333333;\">Nombre de jeunes en contrat de travail (alternance + emploi) : 17<\/span><\/p><p><span style=\"color: #333333;\">Nombre de jeunes en formation : 2<\/span><\/p><h6><span style=\"color: #000080;\">Les chiffres de l&#8217;Agglom\u00e9ration (CAPH) :<\/span><\/h6><p><span style=\"color: #333333;\">Nombre de jeunes en contact : 5 463<\/span><\/p><p><span style=\"color: #333333;\">Nombre de jeunes re\u00e7us en entretien : 2 365<\/span><\/p><p><span style=\"color: #333333;\">Nombre de nouveaux jeunes inscrits : 468<\/span><\/p><p><span style=\"color: #333333;\">Nombre de jeunes en contrat de travail (alternance + emploi) : 1 620<\/span><\/p><p><span style=\"color: #333333;\">Nombre de jeunes en formation : 454<\/span><\/p>\t\t\t\t\t\t\t\t<\/div>\n\t\t\t\t<\/div>\n\t\t\t\t\t<\/div>\n\t\t<\/div>\n\t\t\t\t\t<\/div>\n\t\t<\/section>\n\t\t\t\t<section class=\"elementor-section elementor-top-section elementor-element elementor-element-39ae712 elementor-section-boxed elementor-section-height-default elementor-section-height-default\" data-id=\"39ae712\" data-element_type=\"section\" data-e-type=\"section\" data-settings=\"{&quot;background_background&quot;:&quot;classic&quot;}\">\n\t\t\t\t\t\t<div class=\"elementor-container elementor-column-gap-default\">\n\t\t\t\t\t<div class=\"elementor-column elementor-col-33 elementor-top-column elementor-element elementor-element-803846b\" data-id=\"803846b\" data-element_type=\"column\" data-e-type=\"column\">\n\t\t\t<div class=\"elementor-widget-wrap elementor-element-populated\">\n\t\t\t\t\t\t<div class=\"elementor-element elementor-element-3e0299e elementor-widget elementor-widget-image\" data-id=\"3e0299e\" data-element_type=\"widget\" data-e-type=\"widget\" data-widget_type=\"image.default\">\n\t\t\t\t<div class=\"elementor-widget-container\">\n\t\t\t\t\t\t\t\t\t\t\t\t\t\t\t<img loading=\"lazy\" decoding=\"async\" width=\"709\" height=\"709\" src=\"https:\/\/thiant.fr\/wordpress\/wp-content\/uploads\/2021\/11\/logo-comite-des-ages_2021.jpg\" class=\"attachment-large size-large wp-image-3530\" alt=\"\" srcset=\"https:\/\/thiant.fr\/wordpress\/wp-content\/uploads\/2021\/11\/logo-comite-des-ages_2021.jpg 709w, https:\/\/thiant.fr\/wordpress\/wp-content\/uploads\/2021\/11\/logo-comite-des-ages_2021-300x300.jpg 300w, https:\/\/thiant.fr\/wordpress\/wp-content\/uploads\/2021\/11\/logo-comite-des-ages_2021-150x150.jpg 150w\" sizes=\"(max-width: 709px) 100vw, 709px\" \/>\t\t\t\t\t\t\t\t\t\t\t\t\t\t\t<\/div>\n\t\t\t\t<\/div>\n\t\t\t\t<div class=\"elementor-element elementor-element-34bb9a3 elementor-widget elementor-widget-text-editor\" data-id=\"34bb9a3\" data-element_type=\"widget\" data-e-type=\"widget\" data-widget_type=\"text-editor.default\">\n\t\t\t\t<div class=\"elementor-widget-container\">\n\t\t\t\t\t\t\t\t\t<p><span style=\"color: #333333;\">rue Pierre Brossolette<br \/>59300 Aulnoy lez Valenciennes<\/span><\/p><p>T\u00e9l. <a href=\"tel:+33327237800\">03 27 23 78 00<\/a><br \/>Fax : 03 27 23 78 99<br \/>E-mail : <a href=\"mailto:cdesages.accueil@cdesages.com\">cdesages.accueil@cdesages.com<\/a><\/p>\t\t\t\t\t\t\t\t<\/div>\n\t\t\t\t<\/div>\n\t\t\t\t\t<\/div>\n\t\t<\/div>\n\t\t\t\t<div class=\"elementor-column elementor-col-66 elementor-top-column elementor-element elementor-element-0aa7cf6\" data-id=\"0aa7cf6\" data-element_type=\"column\" data-e-type=\"column\">\n\t\t\t<div class=\"elementor-widget-wrap elementor-element-populated\">\n\t\t\t\t\t\t<div class=\"elementor-element elementor-element-a2ff601 elementor-widget elementor-widget-text-editor\" data-id=\"a2ff601\" data-element_type=\"widget\" data-e-type=\"widget\" data-widget_type=\"text-editor.default\">\n\t\t\t\t<div class=\"elementor-widget-container\">\n\t\t\t\t\t\t\t\t\t<h1><span style=\"color: #ff0000;\">RECRUTE URGENT<\/span><\/h1><p><span style=\"color: #333333;\">Le Comit\u00e9 des \u00e2ges RECRUTE des personnels motiv\u00e9s pour assurer la fonction d&#8217;<strong>auxiliaire de vie sociale \u00e0 domicile<\/strong>.<\/span><\/p><p><span style=\"color: #333333;\">Vous intervenez aupr\u00e8s de personnes \u00e2g\u00e9es et\/ou handicap\u00e9es pour les activit\u00e9s suivantes :<\/span><\/p><ul><li><span style=\"color: #333333;\">Aide au lever\/coucher, aide \u00e0 la mobilit\u00e9 ;<\/span><\/li><li><span style=\"color: #333333;\">Aide \u00e0 la toilette ;<\/span><\/li><li><span style=\"color: #333333;\">Pr\u00e9paration de repas ;<\/span><\/li><li><span style=\"color: #333333;\">Entretien du cadre de vie, courses.<\/span><\/li><\/ul><p><span style=\"color: #333333;\">Contrat temps partiel : 20h\/semaine + possibilit\u00e9 heures compl\u00e9mentaires<\/span><br \/><span style=\"color: #333333;\">Inter-vacation pay\u00e9es<\/span><br \/><span style=\"color: #333333;\">Frais kilom\u00e9trique<\/span><br \/><span style=\"color: #333333;\">Comit\u00e9 d&#8217;\u0153uvres sociales<\/span><\/p><p><span style=\"color: #333333;\">Vous avez 18 ans et plus, vous \u00eates discret et autonome, vous avez un v\u00e9hicule personnel (scooter, voiture). Vous \u00eates pr\u00eat \u00e0 travailler un weekend sur deux et les jours f\u00e9ri\u00e9s.<\/span><\/p><p><span style=\"color: #333333;\"><strong>Pass sanitaire obligatoire<\/strong><\/span><\/p><p style=\"text-align: center;\"><span style=\"color: #333333;\">Si vous \u00eates int\u00e9ress\u00e9(e),<\/span><br \/><span style=\"color: #333333;\">Merci d&#8217;adresser votre candidature<\/span><br \/><span style=\"color: #333333;\"><strong>(CV et lettre de motivation)<\/strong><\/span><br \/><span style=\"color: #333333;\">au Comit\u00e9 des \u00e2ges<\/span><br \/><span style=\"color: #333333;\">ou par e-mail \u00e0<\/span> <a href=\"mailto:hdamez.spasad@cdesages.com\">hdamez.spasad@cdesages.com<\/a><\/p>\t\t\t\t\t\t\t\t<\/div>\n\t\t\t\t<\/div>\n\t\t\t\t\t<\/div>\n\t\t<\/div>\n\t\t\t\t\t<\/div>\n\t\t<\/section>\n\t\t\t\t<\/div>\n\t\t","protected":false},"excerpt":{"rendered":"<p>EMPLOI Vous trouverez dans cette page une liste de liens pointant vers des sites internet sp\u00e9cialis\u00e9s dans la recherche d&#8217;emploi ordonn\u00e9s suivant qu&#8217;il s&#8217;agisse de sites g\u00e9n\u00e9ralistes ou sp\u00e9cialis\u00e9s. Vous trouverez \u00e9galement les offres qui nous sont communiqu\u00e9es en mairie et dont nous sommes le relais. Bonne recherche ! Sites g\u00e9n\u00e9ralistes P\u00f4le Emploi R\u00e9gion Job [&hellip;]<\/p>\n","protected":false},"author":1,"featured_media":0,"parent":0,"menu_order":0,"comment_status":"closed","ping_status":"closed","template":"","meta":{"_crdt_document":"","ocean_post_layout":"","ocean_both_sidebars_style":"","ocean_both_sidebars_content_width":0,"ocean_both_sidebars_sidebars_width":0,"ocean_sidebar":"0","ocean_second_sidebar":"0","ocean_disable_margins":"enable","ocean_add_body_class":"","ocean_shortcode_before_top_bar":"","ocean_shortcode_after_top_bar":"","ocean_shortcode_before_header":"","ocean_shortcode_after_header":"","ocean_has_shortcode":"","ocean_shortcode_after_title":"","ocean_shortcode_before_footer_widgets":"","ocean_shortcode_after_footer_widgets":"","ocean_shortcode_before_footer_bottom":"","ocean_shortcode_after_footer_bottom":"","ocean_display_top_bar":"default","ocean_display_header":"default","ocean_header_style":"","ocean_center_header_left_menu":"0","ocean_custom_header_template":"0","ocean_custom_logo":0,"ocean_custom_retina_logo":0,"ocean_custom_logo_max_width":0,"ocean_custom_logo_tablet_max_width":0,"ocean_custom_logo_mobile_max_width":0,"ocean_custom_logo_max_height":0,"ocean_custom_logo_tablet_max_height":0,"ocean_custom_logo_mobile_max_height":0,"ocean_header_custom_menu":"0","ocean_menu_typo_font_family":"0","ocean_menu_typo_font_subset":"","ocean_menu_typo_font_size":0,"ocean_menu_typo_font_size_tablet":0,"ocean_menu_typo_font_size_mobile":0,"ocean_menu_typo_font_size_unit":"px","ocean_menu_typo_font_weight":"","ocean_menu_typo_font_weight_tablet":"","ocean_menu_typo_font_weight_mobile":"","ocean_menu_typo_transform":"","ocean_menu_typo_transform_tablet":"","ocean_menu_typo_transform_mobile":"","ocean_menu_typo_line_height":0,"ocean_menu_typo_line_height_tablet":0,"ocean_menu_typo_line_height_mobile":0,"ocean_menu_typo_line_height_unit":"","ocean_menu_typo_spacing":0,"ocean_menu_typo_spacing_tablet":0,"ocean_menu_typo_spacing_mobile":0,"ocean_menu_typo_spacing_unit":"","ocean_menu_link_color":"","ocean_menu_link_color_hover":"","ocean_menu_link_color_active":"","ocean_menu_link_background":"","ocean_menu_link_hover_background":"","ocean_menu_link_active_background":"","ocean_menu_social_links_bg":"","ocean_menu_social_hover_links_bg":"","ocean_menu_social_links_color":"","ocean_menu_social_hover_links_color":"","ocean_disable_title":"default","ocean_disable_heading":"default","ocean_post_title":"","ocean_post_subheading":"","ocean_post_title_style":"","ocean_post_title_background_color":"","ocean_post_title_background":0,"ocean_post_title_bg_image_position":"","ocean_post_title_bg_image_attachment":"","ocean_post_title_bg_image_repeat":"","ocean_post_title_bg_image_size":"","ocean_post_title_height":0,"ocean_post_title_bg_overlay":0.5,"ocean_post_title_bg_overlay_color":"","ocean_disable_breadcrumbs":"default","ocean_breadcrumbs_color":"","ocean_breadcrumbs_separator_color":"","ocean_breadcrumbs_links_color":"","ocean_breadcrumbs_links_hover_color":"","ocean_display_footer_widgets":"default","ocean_display_footer_bottom":"default","ocean_custom_footer_template":"0","footnotes":""},"class_list":["post-3154","page","type-page","status-publish","hentry","entry"],"yoast_head":"<!-- This site is optimized with the Yoast SEO plugin v27.3 - https:\/\/yoast.com\/product\/yoast-seo-wordpress\/ -->\n<title>Emploi - Ville de Thiant<\/title>\n<meta name=\"robots\" content=\"index, follow, max-snippet:-1, max-image-preview:large, max-video-preview:-1\" \/>\n<link rel=\"canonical\" href=\"https:\/\/thiant.fr\/wordpress\/emploi\/\" \/>\n<meta property=\"og:locale\" content=\"fr_FR\" \/>\n<meta property=\"og:type\" content=\"article\" \/>\n<meta property=\"og:title\" content=\"Emploi - Ville de Thiant\" \/>\n<meta property=\"og:description\" content=\"EMPLOI Vous trouverez dans cette page une liste de liens pointant vers des sites internet sp\u00e9cialis\u00e9s dans la recherche d&#8217;emploi ordonn\u00e9s suivant qu&#8217;il s&#8217;agisse de sites g\u00e9n\u00e9ralistes ou sp\u00e9cialis\u00e9s. Vous trouverez \u00e9galement les offres qui nous sont communiqu\u00e9es en mairie et dont nous sommes le relais. Bonne recherche ! Sites g\u00e9n\u00e9ralistes P\u00f4le Emploi R\u00e9gion Job [&hellip;]\" \/>\n<meta property=\"og:url\" content=\"https:\/\/thiant.fr\/wordpress\/emploi\/\" \/>\n<meta property=\"og:site_name\" content=\"Ville de Thiant\" \/>\n<meta property=\"article:modified_time\" content=\"2023-01-23T09:30:55+00:00\" \/>\n<meta property=\"og:image\" content=\"https:\/\/thiant.fr\/wordpress\/wp-content\/uploads\/2022\/04\/logo-ml-jeunes-valenciennois.png\" \/>\n<meta name=\"twitter:card\" content=\"summary_large_image\" \/>\n<meta name=\"twitter:label1\" content=\"Dur\u00e9e de lecture estim\u00e9e\" \/>\n\t<meta name=\"twitter:data1\" content=\"11 minutes\" \/>\n<script type=\"application\/ld+json\" class=\"yoast-schema-graph\">{\"@context\":\"https:\\\/\\\/schema.org\",\"@graph\":[{\"@type\":\"WebPage\",\"@id\":\"https:\\\/\\\/thiant.fr\\\/wordpress\\\/emploi\\\/\",\"url\":\"https:\\\/\\\/thiant.fr\\\/wordpress\\\/emploi\\\/\",\"name\":\"Emploi - Ville de Thiant\",\"isPartOf\":{\"@id\":\"https:\\\/\\\/thiant.fr\\\/wordpress\\\/#website\"},\"primaryImageOfPage\":{\"@id\":\"https:\\\/\\\/thiant.fr\\\/wordpress\\\/emploi\\\/#primaryimage\"},\"image\":{\"@id\":\"https:\\\/\\\/thiant.fr\\\/wordpress\\\/emploi\\\/#primaryimage\"},\"thumbnailUrl\":\"https:\\\/\\\/thiant.fr\\\/wordpress\\\/wp-content\\\/uploads\\\/2022\\\/04\\\/logo-ml-jeunes-valenciennois.png\",\"datePublished\":\"2021-08-24T15:03:30+00:00\",\"dateModified\":\"2023-01-23T09:30:55+00:00\",\"breadcrumb\":{\"@id\":\"https:\\\/\\\/thiant.fr\\\/wordpress\\\/emploi\\\/#breadcrumb\"},\"inLanguage\":\"fr-FR\",\"potentialAction\":[{\"@type\":\"ReadAction\",\"target\":[\"https:\\\/\\\/thiant.fr\\\/wordpress\\\/emploi\\\/\"]}]},{\"@type\":\"ImageObject\",\"inLanguage\":\"fr-FR\",\"@id\":\"https:\\\/\\\/thiant.fr\\\/wordpress\\\/emploi\\\/#primaryimage\",\"url\":\"https:\\\/\\\/thiant.fr\\\/wordpress\\\/wp-content\\\/uploads\\\/2022\\\/04\\\/logo-ml-jeunes-valenciennois.png\",\"contentUrl\":\"https:\\\/\\\/thiant.fr\\\/wordpress\\\/wp-content\\\/uploads\\\/2022\\\/04\\\/logo-ml-jeunes-valenciennois.png\",\"width\":225,\"height\":125},{\"@type\":\"BreadcrumbList\",\"@id\":\"https:\\\/\\\/thiant.fr\\\/wordpress\\\/emploi\\\/#breadcrumb\",\"itemListElement\":[{\"@type\":\"ListItem\",\"position\":1,\"name\":\"Accueil\",\"item\":\"https:\\\/\\\/thiant.fr\\\/wordpress\\\/\"},{\"@type\":\"ListItem\",\"position\":2,\"name\":\"Emploi\"}]},{\"@type\":\"WebSite\",\"@id\":\"https:\\\/\\\/thiant.fr\\\/wordpress\\\/#website\",\"url\":\"https:\\\/\\\/thiant.fr\\\/wordpress\\\/\",\"name\":\"Ville de Thiant\",\"description\":\"Site officiel de la ville de Thiant\",\"publisher\":{\"@id\":\"https:\\\/\\\/thiant.fr\\\/wordpress\\\/#organization\"},\"potentialAction\":[{\"@type\":\"SearchAction\",\"target\":{\"@type\":\"EntryPoint\",\"urlTemplate\":\"https:\\\/\\\/thiant.fr\\\/wordpress\\\/?s={search_term_string}\"},\"query-input\":{\"@type\":\"PropertyValueSpecification\",\"valueRequired\":true,\"valueName\":\"search_term_string\"}}],\"inLanguage\":\"fr-FR\"},{\"@type\":\"Organization\",\"@id\":\"https:\\\/\\\/thiant.fr\\\/wordpress\\\/#organization\",\"name\":\"Ville de Thiant\",\"url\":\"https:\\\/\\\/thiant.fr\\\/wordpress\\\/\",\"logo\":{\"@type\":\"ImageObject\",\"inLanguage\":\"fr-FR\",\"@id\":\"https:\\\/\\\/thiant.fr\\\/wordpress\\\/#\\\/schema\\\/logo\\\/image\\\/\",\"url\":\"https:\\\/\\\/thiant.fr\\\/wordpress\\\/wp-content\\\/uploads\\\/2019\\\/08\\\/Thiant_Illdy_4.png\",\"contentUrl\":\"https:\\\/\\\/thiant.fr\\\/wordpress\\\/wp-content\\\/uploads\\\/2019\\\/08\\\/Thiant_Illdy_4.png\",\"width\":105,\"height\":75,\"caption\":\"Ville de Thiant\"},\"image\":{\"@id\":\"https:\\\/\\\/thiant.fr\\\/wordpress\\\/#\\\/schema\\\/logo\\\/image\\\/\"}}]}<\/script>\n<!-- \/ Yoast SEO plugin. -->","yoast_head_json":{"title":"Emploi - Ville de Thiant","robots":{"index":"index","follow":"follow","max-snippet":"max-snippet:-1","max-image-preview":"max-image-preview:large","max-video-preview":"max-video-preview:-1"},"canonical":"https:\/\/thiant.fr\/wordpress\/emploi\/","og_locale":"fr_FR","og_type":"article","og_title":"Emploi - Ville de Thiant","og_description":"EMPLOI Vous trouverez dans cette page une liste de liens pointant vers des sites internet sp\u00e9cialis\u00e9s dans la recherche d&#8217;emploi ordonn\u00e9s suivant qu&#8217;il s&#8217;agisse de sites g\u00e9n\u00e9ralistes ou sp\u00e9cialis\u00e9s. Vous trouverez \u00e9galement les offres qui nous sont communiqu\u00e9es en mairie et dont nous sommes le relais. Bonne recherche ! Sites g\u00e9n\u00e9ralistes P\u00f4le Emploi R\u00e9gion Job [&hellip;]","og_url":"https:\/\/thiant.fr\/wordpress\/emploi\/","og_site_name":"Ville de Thiant","article_modified_time":"2023-01-23T09:30:55+00:00","og_image":[{"url":"https:\/\/thiant.fr\/wordpress\/wp-content\/uploads\/2022\/04\/logo-ml-jeunes-valenciennois.png","type":"","width":"","height":""}],"twitter_card":"summary_large_image","twitter_misc":{"Dur\u00e9e de lecture estim\u00e9e":"11 minutes"},"schema":{"@context":"https:\/\/schema.org","@graph":[{"@type":"WebPage","@id":"https:\/\/thiant.fr\/wordpress\/emploi\/","url":"https:\/\/thiant.fr\/wordpress\/emploi\/","name":"Emploi - Ville de Thiant","isPartOf":{"@id":"https:\/\/thiant.fr\/wordpress\/#website"},"primaryImageOfPage":{"@id":"https:\/\/thiant.fr\/wordpress\/emploi\/#primaryimage"},"image":{"@id":"https:\/\/thiant.fr\/wordpress\/emploi\/#primaryimage"},"thumbnailUrl":"https:\/\/thiant.fr\/wordpress\/wp-content\/uploads\/2022\/04\/logo-ml-jeunes-valenciennois.png","datePublished":"2021-08-24T15:03:30+00:00","dateModified":"2023-01-23T09:30:55+00:00","breadcrumb":{"@id":"https:\/\/thiant.fr\/wordpress\/emploi\/#breadcrumb"},"inLanguage":"fr-FR","potentialAction":[{"@type":"ReadAction","target":["https:\/\/thiant.fr\/wordpress\/emploi\/"]}]},{"@type":"ImageObject","inLanguage":"fr-FR","@id":"https:\/\/thiant.fr\/wordpress\/emploi\/#primaryimage","url":"https:\/\/thiant.fr\/wordpress\/wp-content\/uploads\/2022\/04\/logo-ml-jeunes-valenciennois.png","contentUrl":"https:\/\/thiant.fr\/wordpress\/wp-content\/uploads\/2022\/04\/logo-ml-jeunes-valenciennois.png","width":225,"height":125},{"@type":"BreadcrumbList","@id":"https:\/\/thiant.fr\/wordpress\/emploi\/#breadcrumb","itemListElement":[{"@type":"ListItem","position":1,"name":"Accueil","item":"https:\/\/thiant.fr\/wordpress\/"},{"@type":"ListItem","position":2,"name":"Emploi"}]},{"@type":"WebSite","@id":"https:\/\/thiant.fr\/wordpress\/#website","url":"https:\/\/thiant.fr\/wordpress\/","name":"Ville de Thiant","description":"Site officiel de la ville de Thiant","publisher":{"@id":"https:\/\/thiant.fr\/wordpress\/#organization"},"potentialAction":[{"@type":"SearchAction","target":{"@type":"EntryPoint","urlTemplate":"https:\/\/thiant.fr\/wordpress\/?s={search_term_string}"},"query-input":{"@type":"PropertyValueSpecification","valueRequired":true,"valueName":"search_term_string"}}],"inLanguage":"fr-FR"},{"@type":"Organization","@id":"https:\/\/thiant.fr\/wordpress\/#organization","name":"Ville de Thiant","url":"https:\/\/thiant.fr\/wordpress\/","logo":{"@type":"ImageObject","inLanguage":"fr-FR","@id":"https:\/\/thiant.fr\/wordpress\/#\/schema\/logo\/image\/","url":"https:\/\/thiant.fr\/wordpress\/wp-content\/uploads\/2019\/08\/Thiant_Illdy_4.png","contentUrl":"https:\/\/thiant.fr\/wordpress\/wp-content\/uploads\/2019\/08\/Thiant_Illdy_4.png","width":105,"height":75,"caption":"Ville de Thiant"},"image":{"@id":"https:\/\/thiant.fr\/wordpress\/#\/schema\/logo\/image\/"}}]}},"_links":{"self":[{"href":"https:\/\/thiant.fr\/wordpress\/wp-json\/wp\/v2\/pages\/3154","targetHints":{"allow":["GET"]}}],"collection":[{"href":"https:\/\/thiant.fr\/wordpress\/wp-json\/wp\/v2\/pages"}],"about":[{"href":"https:\/\/thiant.fr\/wordpress\/wp-json\/wp\/v2\/types\/page"}],"author":[{"embeddable":true,"href":"https:\/\/thiant.fr\/wordpress\/wp-json\/wp\/v2\/users\/1"}],"replies":[{"embeddable":true,"href":"https:\/\/thiant.fr\/wordpress\/wp-json\/wp\/v2\/comments?post=3154"}],"version-history":[{"count":4,"href":"https:\/\/thiant.fr\/wordpress\/wp-json\/wp\/v2\/pages\/3154\/revisions"}],"predecessor-version":[{"id":5208,"href":"https:\/\/thiant.fr\/wordpress\/wp-json\/wp\/v2\/pages\/3154\/revisions\/5208"}],"wp:attachment":[{"href":"https:\/\/thiant.fr\/wordpress\/wp-json\/wp\/v2\/media?parent=3154"}],"curies":[{"name":"wp","href":"https:\/\/api.w.org\/{rel}","templated":true}]}}