{"id":4283,"date":"2022-05-03T17:22:48","date_gmt":"2022-05-03T15:22:48","guid":{"rendered":"https:\/\/thiant.fr\/wordpress\/?page_id=4283"},"modified":"2022-05-06T14:25:51","modified_gmt":"2022-05-06T12:25:51","slug":"conseils-municipaux-2021","status":"publish","type":"page","link":"https:\/\/thiant.fr\/wordpress\/conseils-municipaux\/conseils-municipaux-2021\/","title":{"rendered":"Conseils Municipaux 2021"},"content":{"rendered":"\t\t<div data-elementor-type=\"wp-page\" data-elementor-id=\"4283\" class=\"elementor elementor-4283\">\n\t\t\t\t\t\t<section class=\"elementor-section elementor-top-section elementor-element elementor-element-81241d2 elementor-section-boxed elementor-section-height-default elementor-section-height-default\" data-id=\"81241d2\" data-element_type=\"section\" data-e-type=\"section\">\n\t\t\t\t\t\t<div class=\"elementor-container elementor-column-gap-default\">\n\t\t\t\t\t<div class=\"elementor-column elementor-col-20 elementor-top-column elementor-element elementor-element-d3015a5\" data-id=\"d3015a5\" data-element_type=\"column\" data-e-type=\"column\">\n\t\t\t<div class=\"elementor-widget-wrap\">\n\t\t\t\t\t\t\t<\/div>\n\t\t<\/div>\n\t\t\t\t<div class=\"elementor-column elementor-col-20 elementor-top-column elementor-element elementor-element-4dbef83\" data-id=\"4dbef83\" data-element_type=\"column\" data-e-type=\"column\">\n\t\t\t<div class=\"elementor-widget-wrap\">\n\t\t\t\t\t\t\t<\/div>\n\t\t<\/div>\n\t\t\t\t<div class=\"elementor-column elementor-col-20 elementor-top-column elementor-element elementor-element-ad0b0e6\" data-id=\"ad0b0e6\" data-element_type=\"column\" data-e-type=\"column\">\n\t\t\t<div class=\"elementor-widget-wrap elementor-element-populated\">\n\t\t\t\t\t\t<div class=\"elementor-element elementor-element-228a5230 elementor-align-center elementor-widget elementor-widget-button\" data-id=\"228a5230\" data-element_type=\"widget\" data-e-type=\"widget\" data-widget_type=\"button.default\">\n\t\t\t\t<div class=\"elementor-widget-container\">\n\t\t\t\t\t\t\t\t\t<div class=\"elementor-button-wrapper\">\n\t\t\t\t\t<a class=\"elementor-button elementor-button-link elementor-size-sm\" href=\"https:\/\/thiant.fr\/wordpress\/conseils-municipaux\/\">\n\t\t\t\t\t\t<span class=\"elementor-button-content-wrapper\">\n\t\t\t\t\t\t\t\t\t<span class=\"elementor-button-text\">Conseils Municipaux<\/span>\n\t\t\t\t\t<\/span>\n\t\t\t\t\t<\/a>\n\t\t\t\t<\/div>\n\t\t\t\t\t\t\t\t<\/div>\n\t\t\t\t<\/div>\n\t\t\t\t\t<\/div>\n\t\t<\/div>\n\t\t\t\t<div class=\"elementor-column elementor-col-20 elementor-top-column elementor-element elementor-element-b9da98b\" data-id=\"b9da98b\" data-element_type=\"column\" data-e-type=\"column\">\n\t\t\t<div class=\"elementor-widget-wrap\">\n\t\t\t\t\t\t\t<\/div>\n\t\t<\/div>\n\t\t\t\t<div class=\"elementor-column elementor-col-20 elementor-top-column elementor-element elementor-element-5835569\" data-id=\"5835569\" data-element_type=\"column\" data-e-type=\"column\">\n\t\t\t<div class=\"elementor-widget-wrap\">\n\t\t\t\t\t\t\t<\/div>\n\t\t<\/div>\n\t\t\t\t\t<\/div>\n\t\t<\/section>\n\t\t\t\t<section class=\"elementor-section elementor-top-section elementor-element elementor-element-b51dc97 elementor-section-boxed elementor-section-height-default elementor-section-height-default\" data-id=\"b51dc97\" data-element_type=\"section\" data-e-type=\"section\">\n\t\t\t\t\t\t<div class=\"elementor-container elementor-column-gap-default\">\n\t\t\t\t\t<div class=\"elementor-column elementor-col-100 elementor-top-column elementor-element elementor-element-7a546eb\" data-id=\"7a546eb\" data-element_type=\"column\" data-e-type=\"column\">\n\t\t\t<div class=\"elementor-widget-wrap elementor-element-populated\">\n\t\t\t\t\t\t<div class=\"elementor-element elementor-element-b7ab48f elementor-widget elementor-widget-heading\" data-id=\"b7ab48f\" data-element_type=\"widget\" data-e-type=\"widget\" data-widget_type=\"heading.default\">\n\t\t\t\t<div class=\"elementor-widget-container\">\n\t\t\t\t\t<h2 class=\"elementor-heading-title elementor-size-default\">Conseils Municipaux 2021<\/h2>\t\t\t\t<\/div>\n\t\t\t\t<\/div>\n\t\t\t\t\t<\/div>\n\t\t<\/div>\n\t\t\t\t\t<\/div>\n\t\t<\/section>\n\t\t\t\t<section class=\"elementor-section elementor-top-section elementor-element elementor-element-663eb7b elementor-section-boxed elementor-section-height-default elementor-section-height-default\" data-id=\"663eb7b\" data-element_type=\"section\" data-e-type=\"section\">\n\t\t\t\t\t\t<div class=\"elementor-container elementor-column-gap-default\">\n\t\t\t\t\t<div class=\"elementor-column elementor-col-100 elementor-top-column elementor-element elementor-element-b7ae37b\" data-id=\"b7ae37b\" data-element_type=\"column\" data-e-type=\"column\">\n\t\t\t<div class=\"elementor-widget-wrap elementor-element-populated\">\n\t\t\t\t\t\t<div class=\"elementor-element elementor-element-55b3b10 elementor-tabs-view-horizontal elementor-widget elementor-widget-tabs\" data-id=\"55b3b10\" data-element_type=\"widget\" data-e-type=\"widget\" data-widget_type=\"tabs.default\">\n\t\t\t\t<div class=\"elementor-widget-container\">\n\t\t\t\t\t\t\t<div class=\"elementor-tabs\">\n\t\t\t<div class=\"elementor-tabs-wrapper\" role=\"tablist\" >\n\t\t\t\t\t\t\t\t\t<div id=\"elementor-tab-title-8981\" class=\"elementor-tab-title elementor-tab-desktop-title\" aria-selected=\"true\" data-tab=\"1\" role=\"tab\" tabindex=\"0\" aria-controls=\"elementor-tab-content-8981\" aria-expanded=\"false\">07\/12<\/div>\n\t\t\t\t\t\t\t\t\t<div id=\"elementor-tab-title-8982\" class=\"elementor-tab-title elementor-tab-desktop-title\" aria-selected=\"false\" data-tab=\"2\" role=\"tab\" tabindex=\"-1\" aria-controls=\"elementor-tab-content-8982\" aria-expanded=\"false\">24\/09<\/div>\n\t\t\t\t\t\t\t\t\t<div id=\"elementor-tab-title-8983\" class=\"elementor-tab-title elementor-tab-desktop-title\" aria-selected=\"false\" data-tab=\"3\" role=\"tab\" tabindex=\"-1\" aria-controls=\"elementor-tab-content-8983\" aria-expanded=\"false\">29\/06<\/div>\n\t\t\t\t\t\t\t\t\t<div id=\"elementor-tab-title-8984\" class=\"elementor-tab-title elementor-tab-desktop-title\" aria-selected=\"false\" data-tab=\"4\" role=\"tab\" tabindex=\"-1\" aria-controls=\"elementor-tab-content-8984\" aria-expanded=\"false\">09\/04<\/div>\n\t\t\t\t\t\t\t\t\t<div id=\"elementor-tab-title-8985\" class=\"elementor-tab-title elementor-tab-desktop-title\" aria-selected=\"false\" data-tab=\"5\" role=\"tab\" tabindex=\"-1\" aria-controls=\"elementor-tab-content-8985\" aria-expanded=\"false\">19\/02<\/div>\n\t\t\t\t\t\t\t\t\t<div id=\"elementor-tab-title-8986\" class=\"elementor-tab-title elementor-tab-desktop-title\" aria-selected=\"false\" data-tab=\"6\" role=\"tab\" tabindex=\"-1\" aria-controls=\"elementor-tab-content-8986\" aria-expanded=\"false\">15\/01<\/div>\n\t\t\t\t\t\t\t<\/div>\n\t\t\t<div class=\"elementor-tabs-content-wrapper\" role=\"tablist\" aria-orientation=\"vertical\">\n\t\t\t\t\t\t\t\t\t<div class=\"elementor-tab-title elementor-tab-mobile-title\" aria-selected=\"true\" data-tab=\"1\" role=\"tab\" tabindex=\"0\" aria-controls=\"elementor-tab-content-8981\" aria-expanded=\"false\">07\/12<\/div>\n\t\t\t\t\t<div id=\"elementor-tab-content-8981\" class=\"elementor-tab-content elementor-clearfix\" data-tab=\"1\" role=\"tabpanel\" aria-labelledby=\"elementor-tab-title-8981\" tabindex=\"0\" hidden=\"false\"><h6><span style=\"color: #ff0000;\">Compte-rendu du Conseil Municipal du 7 d\u00e9cembre 2021 \u00e0 18h30<\/span><\/h6><p><a href=\"https:\/\/thiant.fr\/wordpress\/documents_ext\/CM\/CM_2021-12-07.pdf\" target=\"_blank\" rel=\"noopener\"><img fetchpriority=\"high\" decoding=\"async\" class=\"alignnone wp-image-3826 size-medium\" src=\"https:\/\/thiant.fr\/wordpress\/wp-content\/uploads\/2022\/05\/PV-CM-DU-07122021-SIGNE-212x300.png\" alt=\"\" width=\"212\" height=\"300\" \/><\/a><\/p><p style=\"color: #333333;\"><strong>Date de la convocation\u00a0:<\/strong>\u00a0\u00a0\u00a0\u00a0\u00a0\u00a0\u00a0\u00a0 29 novembre 2021<\/p><p style=\"color: #333333;\"><strong>Date de l\u2019affichage\u00a0:<\/strong> \u00a0\u00a0 \u00a0\u00a0\u00a0\u00a0\u00a0\u00a0\u00a0\u00a0\u00a0\u00a0\u00a0 29 novembre 2021<\/p><p style=\"color: #333333; padding-left: 40px;\" align=\"justify\">L&#8217;an deux mil vingt et un, le sept d\u00e9cembre \u00e0 dix-huit heures trente, le Conseil Municipal de Thiant, r\u00e9guli\u00e8rement convoqu\u00e9, s&#8217;est r\u00e9uni \u00e0 la Salle des F\u00eates, rue Anatole France \u00e0 THIANT, sous la Pr\u00e9sidence de Monsieur Jean-Marie LECERF, Maire de la Commune.<\/p><p style=\"color: #333333;\"><strong>Pr\u00e9sents :<\/strong><\/p><p style=\"color: #333333; padding-left: 40px;\" align=\"justify\"><strong>Jean-Marie LECERF, St\u00e9phanie WATTIEZ, C\u00e9dric DUQUESNOY C\u00e9line DUMAINE, Michel HENNAUT, Martine PREVOST, Raymonde BOHERE, Marc WATTIEZ, Sylvaine GERARD, Sylvie DEVOS, Bernard MALAQUIN, Bernard LEPEZ, C\u00e9line TRACHMAN, J\u00e9rome CARLIER, Francoise BAR\u00adDESESPRINGALLE, Sylvain LEFEBVRE, Jimmy LAURENT, Jean-Michel HARBONNIER<\/strong><\/p><p style=\"color: #333333;\"><strong>Excus\u00e9s :<\/strong><\/p><p style=\"color: #333333; padding-left: 40px;\"><strong>Monsieur Jean Claude BAH qui donne pouvoir \u00e0 Monsieur Michel HENNAUT<br \/>Monsieur Guy VANDERBEC qui donne pouvoir \u00e0 Monsieur Jean-Marie LECERF<br \/>Monsieur Philippe WAELKENS qui donne pouvoir \u00e0 C\u00e9line TRACHMAN<br \/>Madame Armelle BOURLET qui donne pouvoir \u00e0 Madame Martine PREVOST<br \/>Madame Sylvie NICOLAS qui donne pouvoir \u00e0 C\u00e9line DUMAINE<br \/>Madame Raymonde BOHERE qui donne pouvoir \u00e0 Madame Martine PREVOST (Pr\u00e9sente jusqu&#8217;au point num\u00e9ro 7)<br \/>Madame C\u00e9line DU MAINE qui donne pouvoir \u00e0 Monsieur Jean Marie LECERF (Pr\u00e9sente \u00e0 tout le conseil)<br \/>Madame Fran\u00e7oise BAR-DESESPRINGALLE qui donne pouvoir \u00e0 Monsieur Jean-Michel HARBONNIER (Pr\u00e9sente \u00e0 tout le conseil)<\/strong><\/p><p style=\"color: #333333;\"><strong>Absents : MM.XXXXX<\/strong><\/p><p style=\"color: #333333;\"><strong><u>Ordre du jour<\/u>\u00a0:<\/strong><\/p><ol style=\"padding-left: 40px;\"><li><a href=\"#CM07122021Un\">Approbation du Proc\u00e8s-verbal du 24 septembre 2021<\/a><\/li><li><a href=\"#CM07122021Deux\">D\u00e9lib\u00e9ration Cantine \u00e0 1 \u20ac &#8211; Aide de l&#8217;Etat<\/a><\/li><li><a href=\"#CM07122021Trois\">D\u00e9lib\u00e9ration Mise en place de r\u00e9cr\u00e9athiant \u00e0 la journ\u00e9e sur les petites vacances de f\u00e9vrier 2022 et avril 2022 &#8211; Tarification<\/a><\/li><li><a href=\"#CM07122021Quatre\">D\u00e9lib\u00e9ration S\u00e9jour \u00e0 la neige f\u00e9vrier 2022<\/a><\/li><li><a href=\"#CM07122021Cinq\">D\u00e9lib\u00e9ration avis sur le rapport de la chambre r\u00e9gionale des comptes du comit\u00e9 des \u00e2ges.<\/a><\/li><li><a href=\"#CM07122021Six\">D\u00e9lib\u00e9ration modification de la d\u00e9lib\u00e9ration du 7 octobre 2020 N\u00b0 2020-10-07-D03- Convention POINFOR<\/a><\/li><li><a href=\"#CM07122021Sept\">D\u00e9lib\u00e9ration modification de la d\u00e9lib\u00e9ration du 08 mars 2019 N\u00b0 2019-03-08-D03 &#8211; Adh\u00e9sion \u00e0 l&#8217;agence d\u00e9partementale d&#8217;ing\u00e9nierie du Nord<\/a><\/li><li><a href=\"#CM07122021Huit\">D\u00e9lib\u00e9ration Op\u00e9ration projet des pr\u00e9aux au groupe scolaire Gustave Ansart &#8211; Autorisation de lancement du projet et autorisation des demandes de subventions aupr\u00e8s des divers organismes : DSIL, CAPH, D\u00e9partement\u2026<\/a><\/li><li><a href=\"#CM07122021Neuf\">D\u00e9lib\u00e9ration March\u00e9 de chauffe- Lancement de la proc\u00e9dure<\/a><\/li><li><a href=\"#CM07122021Dix\">D\u00e9lib\u00e9ration Autorisation lancement proc\u00e9dure pour March\u00e9 d&#8217;Etude D&#8217;assistance technique \u00e0 maitrise d&#8217;ouvrage et de Maitrise d&#8217;\u0153uvre pour diverses missions<\/a><\/li><li><a href=\"#CM07122021Onze\">D\u00e9lib\u00e9ration Autorisation \u00e0 Monsieur Le Maire de lancer tous dossiers de demandes de subventions aupr\u00e8s de tous organismes pour tous projets communaux<\/a><\/li><li><a href=\"#CM07122021Douze\">D\u00e9lib\u00e9ration Autorisation lancement proc\u00e9dure pour March\u00e9 de Toitures<\/a><\/li><li><a href=\"#CM07122021Treize\">D\u00e9lib\u00e9ration Autorisation d&#8217;engagement des d\u00e9penses avant vote du BP 2022<\/a><\/li><li><a href=\"#CM07122021Quatorze\">D\u00e9lib\u00e9ration Nouvelle organisation du temps de travail de la collectivit\u00e9 et mise en place du compte \u00e9pargne temps<\/a><\/li><li><a href=\"#CM07122021Quinze\">D\u00e9lib\u00e9ration Subvention Amicale du Personne<\/a><\/li><li><a href=\"#CM07122021Seize\">D\u00e9lib\u00e9ration Devenir de La Poste<\/a><\/li><li><a href=\"#CM07122021QD\">Questions diverses<\/a><\/li><\/ol><p style=\"color: #333333;\">D\u00e9signation d\u2019un Secr\u00e9taire de s\u00e9ance\u00a0:\u00a0Michel HENNAUT<\/p><p style=\"color: #333333;\">Etat des pouvoirs\u00a0: &#8230;.5 pouvoirs&#8230;&#8230;&#8230;&#8230;&#8230;&#8230;&#8230;&#8230;&#8230;..<\/p><div id=\"CM07122021Un\" style=\"color: #333333;\"><strong><u>1 &#8211; Approbation du Proc\u00e8s-verbal du 24 Septembre 2021<\/u><\/strong><\/div><p style=\"color: #333333; padding-left: 40px;\" align=\"justify\"><em>Remarques :<br \/>Madame Martine PREVOST demande ce qu&#8217;il en est de la d\u00e9lib\u00e9ration 7 concernant le CEJ (Contrat enfance Jeunesse)<br \/>Madame St\u00e9phanie WATTIEZ confirme que le dossier a \u00e9t\u00e9 d\u00e9pos\u00e9 et valid\u00e9 par les services de la CAF<br \/>Monsieur Sylvain LEFEBVRE s&#8217;\u00e9tonne que les points divers n&#8217;aient pas \u00e9t\u00e9 d\u00e9velopp\u00e9s dans le compte rendu et que les \u00e9changes n&#8217;aient pas \u00e9t\u00e9 \u00e9crits.<br \/>Madame St\u00e9phanie WATTIEZ et Monsieur Le Maire, expliquent que cela sera reformul\u00e9 dans le compte rendu de conseil (Voir fin du compte rendu).<\/em><\/p><table width=\"75%\"><tbody><tr><td style=\"color: #333333;\" width=\"25%\">Consid\u00e9rant<\/td><td style=\"color: #333333; text-align: justify;\" width=\"75%\">Le Code G\u00e9n\u00e9ral des Collectivit\u00e9s Territoriales, particuli\u00e8rement les articles L.2121-7 \u00e0 L.2121-28\u00a0;<\/td><\/tr><tr><td style=\"color: #333333;\">Consid\u00e9rant<\/td><td style=\"color: #333333; text-align: justify;\">qu\u2019il convient d\u2019adopter les proc\u00e8s-verbaux des s\u00e9ances du Conseil Municipal.<\/td><\/tr><\/tbody><\/table><p style=\"color: #333333;\"><strong>Le Conseil Municipal,<\/strong> apr\u00e8s en avoir d\u00e9lib\u00e9r\u00e9,<br \/>par\u00a019 voix pour,\u00a04 voix contre,\u00a00\u00a0abstention<\/p><table width=\"75%\"><tbody><tr><td style=\"color: #333333;\" width=\"25%\"><strong><u>APPROUVE<\/u><\/strong><\/td><td style=\"color: #333333; text-align: justify;\" width=\"75%\">le contenu du proc\u00e8s-verbal du 24 septembre 2021, r\u00e9dig\u00e9 par son secr\u00e9taire de s\u00e9ance.<\/td><\/tr><\/tbody><\/table><div id=\"CM07122021Deux\" style=\"color: #333333;\"><strong><u>2 &#8211; D\u00e9lib\u00e9ration Cantine \u00e0 1\u20ac &#8211; Nouveau tarif et dispositif d&#8217;aides de l&#8217;Etat<\/u><\/strong><\/div><p style=\"color: #333333;\" align=\"justify\"><em>Monsieur Le Maire fait la pr\u00e9sentation.<br \/>Les repas sont fabriqu\u00e9s sur place dans les locaux de la cantine.<br \/>Recettes moyenne sur une ann\u00e9e (36 semaines scolaires) suivant les tarifs propos\u00e9s possibles :<br \/>1 : tarifs jusque d\u00e9cembre 2021 | 2 : tarifs avec nouveau dispositif sans changement pour les ext\u00e9rieurs | 3 : Tarifs avec les ext\u00e9rieurs \u00e0 1\u20ac aussi<\/em><\/p><figure><table width=\"100%\"><tbody><tr><td style=\"color: #333333; text-align: right;\" width=\"20%\">\u20ac180 000,00<\/td><td width=\"6%\">\u00a0<\/td><td width=\"6%\">\u00a0<\/td><td width=\"6%\">\u00a0<\/td><td width=\"6%\">\u00a0<\/td><td width=\"10%\">\u00a0<\/td><td width=\"6%\">\u00a0<\/td><td width=\"6%\">\u00a0<\/td><td width=\"6%\">\u00a0<\/td><td width=\"10%\">\u00a0<\/td><td width=\"6%\">\u00a0<\/td><td width=\"6%\">\u00a0<\/td><td width=\"6%\">\u00a0<\/td><\/tr><tr><td colspan=\"13\">\u00a0<\/td><\/tr><tr><td style=\"color: #333333; text-align: right;\">\u20ac160 000,00<\/td><td colspan=\"12\">\u00a0<\/td><\/tr><tr><td colspan=\"8\">\u00a0<\/td><td rowspan=\"16\" bgcolor=\"#575757\">\u00a0<\/td><td colspan=\"4\">\u00a0<\/td><\/tr><tr><td style=\"color: #333333; text-align: right;\">\u20ac140 000,00<\/td><td colspan=\"7\">\u00a0<\/td><td colspan=\"3\">\u00a0<\/td><td rowspan=\"15\" bgcolor=\"#575757\">\u00a0<\/td><\/tr><tr><td colspan=\"8\">\u00a0<\/td><td colspan=\"3\">\u00a0<\/td><\/tr><tr><td style=\"color: #333333; text-align: right;\">\u20ac120 000,00<\/td><td colspan=\"7\">\u00a0<\/td><td colspan=\"3\">\u00a0<\/td><\/tr><tr><td colspan=\"4\">\u00a0<\/td><td rowspan=\"12\" bgcolor=\"#575757\">\u00a0<\/td><td colspan=\"3\">\u00a0<\/td><td colspan=\"2\">\u00a0<\/td><td rowspan=\"12\" bgcolor=\"#B97011\">\u00a0<\/td><\/tr><tr><td style=\"color: #333333; text-align: right;\">\u20ac100 000,00<\/td><td>\u00a0<\/td><td rowspan=\"11\" bgcolor=\"#182DAA\">\u00a0<\/td><td>\u00a0<\/td><td colspan=\"3\">\u00a0<\/td><td colspan=\"2\">\u00a0<\/td><\/tr><tr><td colspan=\"2\">\u00a0<\/td><td>\u00a0<\/td><td colspan=\"2\">\u00a0<\/td><td rowspan=\"10\" bgcolor=\"#B97011\">\u00a0<\/td><td colspan=\"2\">\u00a0<\/td><\/tr><tr><td style=\"color: #333333; text-align: right;\">\u20ac80 000,00<\/td><td>\u00a0<\/td><td>\u00a0<\/td><td colspan=\"2\">\u00a0<\/td><td colspan=\"2\">\u00a0<\/td><\/tr><tr><td colspan=\"2\">\u00a0<\/td><td>\u00a0<\/td><td colspan=\"2\">\u00a0<\/td><td colspan=\"2\">\u00a0<\/td><\/tr><tr><td style=\"color: #333333; text-align: right;\">\u20ac60 000,00<\/td><td>\u00a0<\/td><td>\u00a0<\/td><td colspan=\"2\">\u00a0<\/td><td colspan=\"2\">\u00a0<\/td><\/tr><tr><td colspan=\"2\">\u00a0<\/td><td>\u00a0<\/td><td colspan=\"2\">\u00a0<\/td><td>\u00a0<\/td><td rowspan=\"6\" bgcolor=\"#182DAA\">\u00a0<\/td><\/tr><tr><td style=\"color: #333333; text-align: right;\">\u20ac40 000,00<\/td><td>\u00a0<\/td><td>\u00a0<\/td><td colspan=\"2\">\u00a0<\/td><td>\u00a0<\/td><\/tr><tr><td colspan=\"2\">\u00a0<\/td><td>\u00a0<\/td><td>\u00a0<\/td><td rowspan=\"4\" bgcolor=\"#182DAA\">\u00a0<\/td><td>\u00a0<\/td><\/tr><tr><td style=\"color: #333333; text-align: right;\">\u20ac20 000,00<\/td><td>\u00a0<\/td><td>\u00a0<\/td><td>\u00a0<\/td><td>\u00a0<\/td><\/tr><tr><td colspan=\"2\">\u00a0<\/td><td>\u00a0<\/td><td>\u00a0<\/td><td>\u00a0<\/td><\/tr><tr><td style=\"color: #333333; text-align: right;\">\u20ac-<\/td><td>\u00a0<\/td><td bgcolor=\"#B97011\">\u00a0<\/td><td>\u00a0<\/td><td>\u00a0<\/td><\/tr><tr><td colspan=\"3\">\u00a0<\/td><td style=\"color: #333333; text-align: center;\">1<\/td><td colspan=\"3\">\u00a0<\/td><td style=\"color: #333333; text-align: center;\">2<\/td><td colspan=\"3\">\u00a0<\/td><td style=\"color: #333333; text-align: center;\">3<\/td><td>\u00a0<\/td><\/tr><\/tbody><\/table><\/figure><table width=\"100%\"><tbody><tr><td bgcolor=\"#182DAA\" width=\"10%\">\u00a0<\/td><td style=\"color: #333333; text-align: justify;\" width=\"23%\">Recettes communales<\/td><td bgcolor=\"#B97011\" width=\"10%\">\u00a0<\/td><td style=\"color: #333333; text-align: justify;\" width=\"23%\">Aide de l&#8217;\u00c9tat<\/td><td bgcolor=\"#575757\" width=\"10%\">\u00a0<\/td><td style=\"color: #333333; text-align: justify;\" width=\"24%\">Recettes cumul\u00e9es<\/td><\/tr><\/tbody><\/table><p style=\"color: #333333; padding-left: 40px;\" align=\"justify\"><em>Remarques :<br \/>Le Service de restauration scolaire pour les \u00e9coles du 1<sup>er<\/sup> degr\u00e9 est une comp\u00e9tence propre et facultative de la commune.<br \/>La tarification sociale des cantines consiste \u00e0 proposer des tarifs diff\u00e9rents aux familles, en fonction de leurs revenus. La prise en compte du nombre d&#8217;enfants du foyer est \u00e9galement recommand\u00e9e.<br \/>Il s&#8217;agit donc d&#8217;une tarification progressive, calcul\u00e9e sur la base des revenus ou du quotient familial.<br \/>Les diff\u00e9rentes tranches de prix, librement fix\u00e9es par la commune doivent fait l&#8217;objet d&#8217;une d\u00e9lib\u00e9ration.<br \/>Ces tarifs s&#8217;appliquent \u00e0 l&#8217;ensemble des \u00e9l\u00e8ves des \u00e9coles maternelles et \u00e9l\u00e9mentaires de la commune qu&#8217;ils y r\u00e9sident ou non.<br \/>La cantine est devenue un service public indispensable aux familles. Elle permet aussi aux enfants de bien manger d&#8217;avoir un repas complet et \u00e9quilibr\u00e9.<br \/>C&#8217;est pour aider les communes \u00e0 r\u00e9duire les in\u00e9galit\u00e9s que l&#8217;Etat s&#8217;est engag\u00e9 \u00e0 aider les petites communes dont Thiant fait partie maintenant.<br \/>Au travers d&#8217;une convention pluriannuelle, l&#8217;Etat s&#8217;engage \u00e0 verser l&#8217;aide \u00e0 la collectivit\u00e9 \u00e9ligible pendant 3 ans sous r\u00e9serve de la disponibilit\u00e9 des cr\u00e9dits de la loi de finances.<br \/>Cette aide s&#8217;\u00e9l\u00e8ve \u00e0 3\u20ac par repas servi au tarif maximal d&#8217;1 \u20ac.<\/em><\/p><p style=\"color: #333333;\"><strong>Le Conseil Municipal,<\/strong> apr\u00e8s en avoir d\u00e9lib\u00e9r\u00e9,<br \/>par\u00a023 voix pour,\u00a00 voix contre,\u00a00\u00a0abstention<\/p><table width=\"75%\"><tbody><tr><td style=\"color: #333333;\" width=\"25%\"><strong><u>DECIDE<\/u><\/strong><\/td><td style=\"color: #333333; text-align: justify;\" width=\"75%\">de mettre en place le dispositif de \u00ab la cantine \u00e0 1 \u20ac \u00bb<\/td><\/tr><tr><td style=\"color: #333333;\" width=\"25%\"><strong><u>AUTORISE<\/u><\/strong><\/td><td style=\"color: #333333; text-align: justify;\" width=\"75%\">Monsieur Le Maire \u00e0 signer la convention pluriannuelle avec l&#8217;Etat (pour 1 an- 2022)<\/td><\/tr><tr><td style=\"color: #333333;\" width=\"25%\"><strong><u>DECIDE<\/u><\/strong><\/td><td style=\"color: #333333; text-align: justify;\" width=\"75%\">que les tarifs de restauration scolaire seront les suivants pour la p\u00e9riode du 1<sup>er<\/sup> janvier 2022 au 31\/12\/2022 :<\/td><\/tr><\/tbody><\/table><table width=\"50%\" bgcolor=\"#EEEEEE\"><tbody><tr><td style=\"color: #333333; text-align: center;\" colspan=\"2\"><strong>Tarif suivant les revenus<\/strong><\/td><td style=\"color: #333333; text-align: center;\" width=\"20%\"><strong>2022<\/strong><\/td><\/tr><tr><td style=\"color: #333333; text-align: center;\" bgcolor=\"#F353A4\" width=\"40%\"><strong>En couple<\/strong><\/td><td style=\"color: #333333; text-align: center;\" bgcolor=\"#6EA6EC\" width=\"40%\"><strong>Personne seule<\/strong><\/td><td style=\"color: #333333; text-align: center;\" width=\"20%\">\u00a0<\/td><\/tr><tr><td style=\"color: #333333; text-align: left;\" bgcolor=\"#F353A4\">&lt;11 709,00<\/td><td style=\"color: #333333; text-align: left;\" bgcolor=\"#6EA6EC\">&lt;7 960,00<\/td><td style=\"color: #333333; text-align: center;\">0,80\u20ac<\/td><\/tr><tr><td style=\"color: #333333; text-align: left;\" bgcolor=\"#F353A4\">entre 11 709,00 et 23 419,00<\/td><td style=\"color: #333333; text-align: left;\" bgcolor=\"#6EA6EC\">entre 7 960,00 et 15 922,00<\/td><td style=\"color: #333333; text-align: center;\">0,90\u20ac<\/td><\/tr><tr><td style=\"color: #333333; text-align: left;\" bgcolor=\"#F353A4\">&gt;23 419,00<\/td><td style=\"color: #333333; text-align: left;\" bgcolor=\"#6EA6EC\">&gt;15 922,00<\/td><td style=\"color: #333333; text-align: center;\">1,00\u20ac<\/td><\/tr><tr><td style=\"color: #333333; text-align: left;\">Repas enfant Ext\u00e9rieur<\/td><td style=\"color: #333333; text-align: left;\">\u00a0<\/td><td style=\"color: #333333; text-align: center;\">1,00\u20ac<\/td><\/tr><tr><td style=\"color: #333333; text-align: left;\">Repas exceptionnel<\/td><td style=\"color: #333333; text-align: left;\">\u00a0<\/td><td style=\"color: #333333; text-align: center;\">4,95\u20ac<\/td><\/tr><tr><td style=\"color: #333333; text-align: left;\">Repas adulte<\/td><td style=\"color: #333333; text-align: left;\">\u00a0<\/td><td style=\"color: #333333; text-align: center;\">4,95\u20ac<\/td><\/tr><\/tbody><\/table><table width=\"75%\"><tbody><tr><td style=\"color: #333333;\" width=\"25%\"><strong><u>DECIDE<\/u><\/strong><\/td><td style=\"color: #333333; text-align: justify;\" width=\"75%\">qu&#8217;en cas de d\u00e9sengagement de l&#8217;Etat sur ce dispositif au cours de 2022 notamment, les tarifs de restauration scolaire applicables seraient alors ceux en vigueur en d\u00e9cembre 2021.<\/td><\/tr><\/tbody><\/table><div id=\"CM07122021Trois\" style=\"color: #333333;\"><strong><u>3 &#8211; D\u00e9lib\u00e9ration Mise en place de r\u00e9cr\u00e9athiant \u00e0 la journ\u00e9e sur les petites vacances de f\u00e9vrier 2022 et avril 2022 &#8211; Tarification<\/u><\/strong><\/div><p style=\"color: #333333; padding-left: 40px;\" align=\"justify\"><em>Pr\u00e9sentation faite par Madame St\u00e9phanie WATTIEZ<br \/>La commission enfance jeunesse s&#8217;est r\u00e9unie le 24\/11\/2021 afin d&#8217;aborder le sujet.<br \/>Les centres pour les petites vacances restent un mode de garde.<\/em><\/p><p style=\"color: #333333;\" align=\"justify\"><em>La commission propose au conseil municipal la mise en place de l&#8217;ALSH des petites vacances \u00e0 la journ\u00e9e comme suit :<br \/>Accueil de 9h \u00e0 17h<br \/>Garderie possible de 7h30 \u00e0 9h et de 17h \u00e0 18h<br \/>Paiement \u00e0 l&#8217;inscription (sauf garderie : fin de mois comme en temps scolaire)<br \/>Restauration le midi comprise<br \/>Nombre de places limit\u00e9 \u00e0 80 enfants<br \/>Les enfants doivent r\u00e9sider \u00e0 Thiant et \u00eatre scolaris\u00e9s en maternelle ou \u00e9l\u00e9mentaire (pas de coll\u00e9gien)<br \/>Tarifs : pour l&#8217;instant maintien des 3 tranches habituelles, suppression de la d\u00e9gressivit\u00e9 en fonction du nombre d&#8217;enfants<br \/>Proposition : T1 : 4\u20ac, T2 : 6\u20ac, T3 : 8\u20ac par jour et par enfant<\/em><\/p><p style=\"color: #333333;\"><strong>Le Conseil Municipal,<\/strong> apr\u00e8s en avoir d\u00e9lib\u00e9r\u00e9,<br \/>par\u00a020 voix pour,\u00a03 voix contre,\u00a00\u00a0abstention<\/p><table width=\"75%\"><tbody><tr><td style=\"color: #333333;\" width=\"25%\"><strong><u>DECIDE<\/u><\/strong><\/td><td style=\"color: #333333; text-align: justify;\" width=\"75%\">de mettre en place les services ALSH \u00e0 la journ\u00e9e pour les vacances de f\u00e9vrier 2022 et Avril 2022.<\/td><\/tr><tr><td style=\"color: #333333;\" width=\"25%\"><strong><u>DECIDE<\/u><\/strong><\/td><td style=\"color: #333333; text-align: justify;\" width=\"75%\">de pr\u00e9voir les cr\u00e9dits n\u00e9cessaires au bon fonctionnement sur le budget 2022.<\/td><\/tr><\/tbody><\/table><p style=\"color: #333333; padding-left: 40px;\" align=\"justify\"><em>Remarques :<br \/>Le dispositif de la cantine \u00e0 1\u20ac ne peut pas \u00eatre appliqu\u00e9 sur les centres de loisirs.<br \/>Le cout moyen estim\u00e9 par jour et par enfant sans compter le prix des fournitures d&#8217;activit\u00e9s et des prestations de services (exemple cin\u00e9ma achats de jeux intervenants ext\u00e9rieurs\u2026) est de plus de 25\u20ac environ.<br \/>Ces calculs sont bas\u00e9s sur un maximum de 80 enfants par jour et par centre.<\/em><\/p><div id=\"CM07122021Quatre\" style=\"color: #333333;\"><strong><u>4 &#8211; D\u00e9lib\u00e9ration S\u00e9jour \u00e0 la neige f\u00e9vrier 2022<\/u><\/strong><\/div><p style=\"color: #333333; padding-left: 40px;\"><em>Pr\u00e9sentation est faite par Monsieur Marc WATTIEZ<\/em><\/p><p style=\"color: #333333;\" align=\"justify\">Consid\u00e9rant le s\u00e9jour de neige destin\u00e9 aux \u00e9l\u00e8ves de CM2 scolaris\u00e9s \u00e0 l&#8217;\u00e9cole \u00e9l\u00e9mentaire de Thiant ou domicili\u00e9s \u00e0 Thiant mais scolaris\u00e9s hors \u00e9tablissement communal ainsi que les \u00e9l\u00e8ves de CM2 de l&#8217;ann\u00e9e scolaire pr\u00e9c\u00e9dente (pas de s\u00e9jour \u00e0 cause du COVID).<br \/>37 \u00e9l\u00e8ves de 6<sup>\u00e8me<\/sup> sont concern\u00e9s dont 2 ext\u00e9rieurs.<br \/>44 \u00e9l\u00e8ves de CM2 sont concern\u00e9s dont 3 ext\u00e9rieurs.<\/p><p style=\"color: #333333;\"><strong>Le Conseil Municipal apr\u00e8s en avoir d\u00e9lib\u00e9r\u00e9,<\/strong><br \/>par\u00a023 voix pour,\u00a00 voix contre,\u00a00\u00a0abstention<\/p><table width=\"75%\"><tbody><tr><td style=\"color: #333333;\" width=\"25%\"><strong><u>AUTORISE<\/u><\/strong><\/td><td style=\"color: #333333; text-align: justify;\" width=\"75%\">Monsieur Le Maire \u00e0 signer la convention classe de neige avec AROEVEN Nord\/Pas de Calais \u00e0 MARCQ EN BAROEUL pour un s\u00e9jour qui se d\u00e9roulera du 12 au 19 f\u00e9vrier 2022<\/td><\/tr><tr><td style=\"color: #333333;\" width=\"25%\"><strong><u>AUTORISE<\/u><\/strong><\/td><td style=\"color: #333333; text-align: justify;\" width=\"75%\">Monsieur le Maire \u00e0 engager toutes d\u00e9penses relative audit s\u00e9jour et que les cr\u00e9dits seront pr\u00e9vus au budget 2022.<\/td><\/tr><tr><td style=\"color: #333333;\" width=\"25%\"><strong><u>DECIDE<\/u><\/strong><\/td><td style=\"color: #333333; text-align: justify;\" width=\"75%\"><p>que cette action sera factur\u00e9e aux familles selon les tarifs ci-dessous :<\/p><ul><li>Famille domicili\u00e9e \u00e0 Thiant : <b>80\u20ac<\/b> par enfant<\/li><li>Famille non domicili\u00e9e \u00e0 Thiant : <b>400\u20ac<\/b> par enfant<\/li><\/ul><\/td><\/tr><\/tbody><\/table><p style=\"color: #333333; padding-left: 40px;\" align=\"justify\"><em>Remarques :<br \/>Une dizaine d&#8217;ados de la maison des jeunes partira aussi.<br \/>Le cout moyen par enfant est d&#8217;environ 800\u20ac<br \/>4 \u00e9lus vont accompagner les enfants<br \/>Le chalet de l&#8217;AEROVEN sera fr\u00e9quent\u00e9 uniquement par les enfants de la commune de Thiant<\/em><\/p><div id=\"CM07122021Cinq\" style=\"color: #333333;\"><strong><u>5 &#8211; AVIS sur le rapport de la chambre r\u00e9gionale des comptes du comit\u00e9 des \u00e2ges.<\/u><\/strong><\/div><p style=\"color: #333333; padding-left: 40px;\"><em>Pr\u00e9sentation sera faite par Madame Raymonde Bohere ET Madame Martine PREVOST<br \/>Voir document transmis par mail<\/em><\/p><p style=\"color: #333333; padding-left: 40px;\" align=\"justify\"><em>Monsieur Le Maire explique que le b\u00e9guinage devait \u00eatre pris en charge par le comit\u00e9 des \u00e2ges mais cela n&#8217;est plus possible car la comp\u00e9tence pour sa construction ne fait pas partie des comp\u00e9tences du comit\u00e9 des \u00e2ges (solution sera trouv\u00e9e avec la CAPH)<br \/>De plus, le statut des agents au comit\u00e9 des \u00e2ges va changer car ils \u00e9taient consid\u00e9r\u00e9s comme fonction publique territoriale or l\u00e0 ils seront fonction publique hospitali\u00e8re.<\/em><\/p><p style=\"color: #333333; padding-left: 40px;\" align=\"justify\"><em>Madame Raymonde Bohere pr\u00e9sente le comit\u00e9 des \u00e2ges<br \/>Le comit\u00e9 des \u00e2ges est compos\u00e9 de 16 communes : 6 de l&#8217;agglom\u00e9ration de la porte du hainaut : Haulchin, H\u00e9rin, La sentinelle, Raismes, Trith-Saint-L\u00e9ger et Thiant et 10 communes de l&#8217;agglom\u00e9ration de Valenciennes m\u00e9tropole : Artres, Aulnoy les Valenciennes, Famars, Maing, Monchaux, Petite-For\u00eat, Prouvy, Qu\u00e9r\u00e9naing, Rouvignies et Verchain-Maugr\u00e9.<br \/>Ils sont soumis au code g\u00e9n\u00e9ral des collectivit\u00e9s territoriales et le p\u00f4le m\u00e9dico-social sous le code de l&#8217;action sociale et des familles.<br \/>Le comit\u00e9 des \u00e2ges g\u00e8re des EHPAD, des r\u00e9sidences d&#8217;autonomie, des accueils de jours aussi. Chaque \u00e9tablissement doit revoir son projet.<br \/>Chaque \u00e9tablissement aura son budget et son conseil social.<br \/>La dur\u00e9e du travail va se r\u00e9gulariser prochainement base des 1 607heures pour un temps plein, l&#8217;absent\u00e9isme a \u00e9t\u00e9 corrig\u00e9, et la p\u00e9nibilit\u00e9 au travail abord\u00e9e et des solutions apport\u00e9es\u2026<br \/>\u00c0 la suite du rapport les risques professionnels ont \u00e9t\u00e9 balay\u00e9s et des actes administratifs ont \u00e9t\u00e9 revus.<br \/>R\u00e9union 4 fois par an ou 1 fois par trimestre.<br \/>Un bilan des impay\u00e9s a \u00e9t\u00e9 fait et le comit\u00e9 retrouve son d\u00fb afin de continuer de fonctionner correctement.<br \/>D\u00e9bat sur le rapport :<br \/>Monsieur Jimmy Laurent, Monsieur Jean-Michel Harbonnier, Monsieur Sylvain LEFEBVRE font remarquer que la r\u00e9mun\u00e9ration de l&#8217;ancien Directeur du Comite des \u00e2ges \u00e9tait exorbitante et ind\u00e9cente et s&#8217;interrogent sur la mani\u00e8re dont ce dernier a pu b\u00e9n\u00e9ficier d&#8217;une telle r\u00e9mun\u00e9ration.<br \/>Monsieur Le Maire regrette que les services de l&#8217;Etat n&#8217;aient pas r\u00e9agi plus t\u00f4t.<br \/>Madame Martine PREVOST explique que ce dernier sans titre sans grade officiel a jou\u00e9 sur l&#8217;ambigu\u00eft\u00e9 des diff\u00e9rents codes applicables pour ce type de prestations.<br \/>Monsieur Jean-Michel HARBONNIER s&#8217;indigne aussi des chiffres d&#8217;impay\u00e9s plus de 300 000\u20ac.<br \/>Madame Raymonde Boh\u00e8re et Madame Martine Pr\u00e9vost expliquent que les impay\u00e9s sont \u00e0 la fois des impay\u00e9s de recettes (familles n&#8217;ayant pas pay\u00e9) et de d\u00e9penses (primes d&#8217;assurances). Le fait de scinder chaque budget de chaque \u00e9tablissement, une lecture plus juste de l&#8217;utilisation des d\u00e9penses pourra \u00eatre faite.<br \/>Madame St\u00e9phanie WATTIEZ s&#8217;interroge sur les absences non justifi\u00e9es des agents.<br \/>Madame Martine PREVOST et Monsieur Jean-Michel HARBONNIER comprennent la p\u00e9nibilit\u00e9 du travail mais il devait y avoir un probl\u00e8me aussi de management et une non prise en charge des sp\u00e9cificit\u00e9s des m\u00e9tiers.<\/em><\/p><p style=\"color: #333333; padding-left: 40px;\" align=\"justify\">Les \u00e9lus \u00e0 l&#8217;unanimit\u00e9 en concluent qu&#8217;ils sont :<br \/>pour ce rapport,<br \/>pour les mesures qui ont \u00e9t\u00e9 mises en place depuis pour r\u00e9gulariser les situations tant administratives que financi\u00e8res.<br \/>Et contre tout ce qui a pu se passer auparavant et explicit\u00e9 dans le rapport.<\/p><div id=\"CM07122021Six\" style=\"color: #333333;\"><strong><u>6 &#8211; D\u00e9lib\u00e9ration modification de la d\u00e9lib\u00e9ration du 7 octobre 2020 N\u00b0 2020-10-07-D03- Convention POINFOR<\/u><\/strong><\/div><p style=\"color: #333333; padding-left: 40px;\" align=\"justify\">Lors de la d\u00e9lib\u00e9ration du 07 Octobre 2020 le conseil municipal avait valid\u00e9 l&#8217;acceptation d&#8217;une convention avec Poinfor. En raison des conditions sanitaires le d\u00e9marrage des chantiers a \u00e9t\u00e9 d\u00e9cal\u00e9 ainsi que les p\u00e9riodes de facturations et donc les versements se feront en 4 fois \u00e0 compter du 1<sup>er<\/sup> mars 2021.<\/p><p style=\"color: #333333;\"><strong>Le Conseil Municipal apr\u00e8s en avoir d\u00e9lib\u00e9r\u00e9,<\/strong><br \/>par\u00a023 voix pour,\u00a00 voix contre,\u00a00\u00a0abstention<\/p><table width=\"75%\"><tbody><tr><td style=\"color: #333333;\" width=\"25%\"><strong><u>CONFIRME<\/u><\/strong><\/td><td style=\"color: #333333; text-align: justify;\" width=\"75%\">la validation de la convention pour une p\u00e9riode d&#8217;une ann\u00e9e effective et de r\u00e9partir les versements en 4 fois suivant la nouvelle p\u00e9riode \u00e0 compter de mars 2021.<\/td><\/tr><\/tbody><\/table><div id=\"CM07122021Sept\" style=\"color: #333333;\"><strong><u>7 &#8211; D\u00e9lib\u00e9ration modification de la d\u00e9lib\u00e9ration du 08 mars 2019 N\u00b0 2019-03-08-D03 &#8211; Adh\u00e9sion \u00e0 l&#8217;agence d\u00e9partementale d&#8217;ing\u00e9nierie du Nord.<\/u><\/strong><\/div><p style=\"color: #333333; padding-left: 40px;\"><em>L&#8217;agence a pour objet d&#8217;apporter aux communes une assistance d&#8217;ordre technique, juridique et financi\u00e8re dans le domaine de l&#8217;ing\u00e9nierie publique.<br \/>L&#8217;agence a pour mission d&#8217;apporter conseil, analyse et expertise permettant de procurer l&#8217;assistance pr\u00e9c\u00e9demment d\u00e9finie.<br \/>Pour les informations d&#8217;ordre juridique l&#8217;Agence peut-\u00eatre saisie par le Maire et les adjoints ainsi que tous les agents de la commune<br \/>Pour les questions d&#8217;ing\u00e9nierie l&#8217;Agence peut \u00eatre saisie par le Maire et les Adjoints.<\/em><\/p><p style=\"color: #333333; padding-left: 40px;\" align=\"justify\">Vu l&#8217;article L. 5511-1 du code g\u00e9n\u00e9ral des collectivit\u00e9s territoriales qui dispose que : \u00ab Le d\u00e9partement, des communes et des \u00e9tablissements publics intercommunaux peuvent cr\u00e9er entre eux un \u00e9tablissement public d\u00e9nomm\u00e9 agence d\u00e9partementale. Cette agence est charg\u00e9e d&#8217;apporter, aux collectivit\u00e9s territoriales et aux \u00e9tablissements publics intercommunaux du d\u00e9partement qui le demandent, une assistance d&#8217;ordre technique, juridique ou financier. \u00bb,<br \/>Vu l&#8217;article L. 5111-1 du code g\u00e9n\u00e9ral des collectivit\u00e9s territoriales qui dispose que : \u00ab Les collectivit\u00e9s territoriales peuvent s&#8217;associer pour l&#8217;exercice de leurs comp\u00e9tences en cr\u00e9ant des organismes publics de coop\u00e9ration dans les formes et conditions pr\u00e9vues par la l\u00e9gislation en vigueur. Forment la cat\u00e9gorie des groupements de collectivit\u00e9s territoriales (\u2026) les agences d\u00e9partementales\u2026\u00bb,<br \/>Vu la cr\u00e9ation de l&#8217;Agence d&#8217;ing\u00e9nierie D\u00e9partementale du Nord, le 1<sup>er<\/sup> janvier 2017, sous la forme d&#8217;un \u00e9tablissement public administratif,<br \/>Vu les statuts de cette nouvelle Agence et notamment son article 6 qui dispose que: \u00ab Toute commune ou tout \u00e9tablissement public intercommunal du d\u00e9partement du Nord peut devenir membre de l&#8217;agence, en adoptant par d\u00e9lib\u00e9ration, et sans r\u00e9serve, les pr\u00e9sents statuts \u00bb,<br \/>Consid\u00e9rant l&#8217;int\u00e9r\u00eat pour la commune d&#8217;une telle structure,<br \/>Consid\u00e9rant que la commune avait d\u00e9j\u00e0 d\u00e9lib\u00e9r\u00e9 et adh\u00e9r\u00e9 en 2017- D\u00e9lib\u00e9ration 2017-04-14 -D14 et 2019 D\u00e9lib\u00e9ration 2019-03-08-D03<\/p><p style=\"color: #333333;\"><strong>Le Conseil Municipal apr\u00e8s en avoir d\u00e9lib\u00e9r\u00e9,<\/strong><br \/>par\u00a023 voix pour,\u00a00 voix contre,\u00a00\u00a0abstention<\/p><table width=\"75%\"><tbody><tr><td style=\"color: #333333;\" width=\"25%\"><strong><u>DECIDE<\/u><\/strong><\/td><td style=\"color: #333333; text-align: justify;\" width=\"75%\">d&#8217;adh\u00e9rer \u00e0 l&#8217;Agence d&#8217;ing\u00e9nierie D\u00e9partementale du Nord ;<\/td><\/tr><tr><td style=\"color: #333333;\" width=\"25%\"><strong><u>APPROUVE<\/u><\/strong><\/td><td style=\"color: #333333; text-align: justify;\" width=\"75%\">les statuts fixant les principes et les r\u00e8gles de fonctionnement de l&#8217;Agence ;<\/td><\/tr><tr><td style=\"color: #333333;\" width=\"25%\"><strong><u>APPROUVE<\/u><\/strong><\/td><td style=\"color: #333333; text-align: justify;\" width=\"75%\">le versement de la cotisation dont le taux par habitant est fix\u00e9 par le conseil d&#8217;administration chaque ann\u00e9e et dont le montant sera inscrit chaque ann\u00e9e au budget de la commune ;<\/td><\/tr><tr><td style=\"color: #333333;\" width=\"25%\"><strong><u>DESIGNE<\/u><\/strong><\/td><td style=\"color: #333333; text-align: justify;\" width=\"75%\">comme ses repr\u00e9sentants titulaire et suppl\u00e9ant \u00e0 l&#8217;Agence<br \/>Monsieur Jean-Marie LECERF (Maire) Titulaire<br \/>Madame C\u00e9line DUMAINE Suppl\u00e9ante<\/td><\/tr><tr><td style=\"color: #333333;\" width=\"25%\"><strong><u>AUTORISE<\/u><\/strong><\/td><td style=\"color: #333333; text-align: justify;\" width=\"75%\">le Maire ou son repr\u00e9sentant (d\u00e9signer en conseil municipal) \u00e0 prendre toutes les d\u00e9cisions et \u00e0 signer tous les documents concr\u00e9tisant cette d\u00e9cision.<\/td><\/tr><\/tbody><\/table><p style=\"color: #333333;\" align=\"justify\"><b>Madame Raymonde BOHERE quitte le conseil municipal et donne pouvoir \u00e0 Madame Martine PREVOST.<\/b><\/p><div id=\"CM07122021Huit\" style=\"color: #333333;\"><strong><u>8 &#8211; D\u00e9lib\u00e9ration Op\u00e9ration projet des pr\u00e9aux au groupe scolaire Gustave Ansart &#8211; Autorisation de lancement du projet et autorisation des demandes de subventions aupr\u00e8s des divers organismes : DSIL, CAPH, D\u00e9partement\u2026<\/u><\/strong><\/div><p style=\"color: #333333; padding-left: 40px;\" align=\"justify\"><em>Projet de deux pr\u00e9aux au groupe scolaire Gustave Ansart :<br \/>&#8211; Un pr\u00e9au cour maternelle minimum 100m<sup>2<\/sup><br \/>&#8211; Un pr\u00e9au cour \u00e9l\u00e9mentaire minimum 180m<sup>2<\/sup><\/em><\/p><p style=\"color: #333333;\"><strong>Le Conseil Municipal apr\u00e8s en avoir d\u00e9lib\u00e9r\u00e9,<\/strong><br \/>par\u00a023 voix pour,\u00a00 voix contre,\u00a00\u00a0abstention<\/p><table width=\"100%\"><tbody><tr><td style=\"color: #333333;\" width=\"25%\"><strong><u>AUTORISE<\/u><\/strong><\/td><td style=\"color: #333333; text-align: justify;\" width=\"75%\">Monsieur le Maire \u00e0 engager toutes d\u00e9penses relative audit projet et que les cr\u00e9dits seront pr\u00e9vus au budget 2022.<\/td><\/tr><tr><td style=\"color: #333333;\" width=\"25%\"><strong><u>AUTORISE<\/u><\/strong><\/td><td style=\"color: #333333; text-align: justify;\" width=\"75%\">Monsieur le Maire \u00e0 lancer toutes proc\u00e9dures pour obtenir des subventions dans le cadre de ce dit projet<br \/>(Aide de l&#8217;Etat, dossier DSIL, fond de concours caph, aide d\u00e9partement\u2026)<\/td><\/tr><tr><td style=\"color: #333333;\" width=\"25%\"><strong><u>AUTORISE<\/u><\/strong><\/td><td style=\"color: #333333; text-align: justify;\" width=\"75%\">Monsieur Le Maire \u00e0 lancer les proc\u00e9dures de march\u00e9s li\u00e9es \u00e0 ce projet<\/td><\/tr><tr><td style=\"color: #333333;\" width=\"25%\"><strong><u>AUTORISE<\/u><\/strong><\/td><td style=\"color: #333333; text-align: justify;\" width=\"75%\">Monsieur le Maire \u00e0 signer toutes les autorisations n\u00e9cessaires \u00e0 la r\u00e9alisation de ce dit projet et tous les documents n\u00e9cessaires \u00e0 cela aussi.<\/td><\/tr><\/tbody><\/table><p style=\"color: #333333; text-align: justify; padding-left: 40px;\"><em>Remarques :<br \/>Pas de d\u00e9lai pr\u00e9visionnel de r\u00e9alisation car il faut aussi prendre en compte les d\u00e9lais d&#8217;ex\u00e9cution des \u00e9tudes de sols \u00e9ventuelles et d&#8217;instruction de permis de construire sachant que cela correspond \u00e0 un \u00e9tablissement public.<\/em><\/p><div id=\"CM07122021Neuf\" style=\"color: #333333;\"><strong><u>9 &#8211; D\u00e9lib\u00e9ration March\u00e9 de chauffe- Lancement de la proc\u00e9dure<\/u><\/strong><\/div><p style=\"color: #333333; padding-left: 40px;\" align=\"justify\"><em>Pr\u00e9sentation faite par Monsieur Le Maire<br \/>Le March\u00e9 de services portant sur l&#8217;exploitation des installations de chauffage, de ventilation et de production d&#8217;eau chaude sanitaire des b\u00e2timents communaux arrivent \u00e0 \u00e9ch\u00e9ance au 30 juin 2022.<br \/>Il est donc n\u00e9cessaire de lancer une nouvelle proc\u00e9dure pour relancer ce March\u00e9 de services et donc de faire appel \u00e0 une assistance \u00e0 maitrise d&#8217;ouvrage pour \u00e9laborer le dossier de consultation.<\/em><\/p><p style=\"color: #333333;\"><b>Le Conseil Municipal apr\u00e8s en avoir d\u00e9lib\u00e9r\u00e9,<\/b><br \/>par\u00a023 voix pour,\u00a00 voix contre,\u00a00\u00a0abstention<\/p><table width=\"100%\" align=\"center\"><tbody><tr><td style=\"color: #333333;\" width=\"25%\"><strong><u>AUTORISE<\/u><\/strong><\/td><td style=\"color: #333333; text-align: justify;\" width=\"75%\">Monsieur le Maire \u00e0 engager les proc\u00e9dures de march\u00e9 li\u00e9 \u00e0 l&#8217;exploitation des installations de chauffage, de ventilation et de production d&#8217;eau chaude sanitaire des b\u00e2timents communaux.<\/td><\/tr><tr><td style=\"color: #333333;\" width=\"25%\"><strong><u>AUTORISE<\/u><\/strong><\/td><td style=\"color: #333333; text-align: justify;\" width=\"75%\">Monsieur le Maire \u00e0 signer les documents n\u00e9cessaires qui en d\u00e9coulent<\/td><\/tr><\/tbody><\/table><p style=\"color: #333333; padding-left: 40px;\" align=\"justify\"><em>Remarques :<br \/>Monsieur Jimmy LAURENT demande si les co\u00fbts des combustibles sont int\u00e9gr\u00e9s dans les prix.<br \/>Le co\u00fbt de l&#8217;\u00e9nergie est compris dans les frais li\u00e9s au March\u00e9 et ils risquent d&#8217;augmenter suivant l&#8217;augmentation des tarifs du gaz actuellement.<br \/>Monsieur Jimmy Laurent demande si on peut faire des bilans thermiques sur les b\u00e2timents ?<br \/>Monsieur Le MAIRE propose qu&#8217;on y r\u00e9fl\u00e9chisse car il faut voir le cout d&#8217;\u00e9nergie gagn\u00e9 pour le cout investi dans les travaux. On peut aussi regarder \u00e0 faire une \u00e9tude avec les \u00e9nergies renouvelables\u2026<br \/>Dans le cadre du March\u00e9 l&#8217;Entreprise retenue se doit de proposer des am\u00e9liorations au syst\u00e8me de chauffage permettant ainsi une baisse des consommations notamment\u2026 (exemple mutualisation de chaudi\u00e8re pour deux b\u00e2timents salle des f\u00eates et mairie\u2026)<\/em><\/p><div id=\"CM07122021Dix\" style=\"color: #333333;\"><strong><u>10 &#8211; D\u00e9lib\u00e9ration Autorisation lancement proc\u00e9dure pour March\u00e9 d&#8217;Etude D&#8217;assistance technique \u00e0 maitrise d&#8217;ouvrage et de Maitrise d&#8217;\u0153uvre pour diverses missions<\/u><\/strong><\/div><p style=\"color: #333333; padding-left: 40px;\" align=\"justify\"><em>Afin de permettre la mise en \u0153uvre de certains projets d&#8217;\u00e9tablir certains march\u00e9s il sera n\u00e9cessaire de faire appel \u00e0 une assistance technique et\/ou \u00e0 des missions ponctuelles de maitrise d&#8217;\u0153uvre.<\/em><\/p><p style=\"color: #333333;\"><strong>Le Conseil Municipal, apr\u00e8s en avoir d\u00e9lib\u00e9r\u00e9<\/strong><br \/>par\u00a023 voix pour,\u00a00 voix contre,\u00a00\u00a0abstention<\/p><table width=\"75%\"><tbody><tr><td style=\"color: #333333;\" width=\"25%\"><strong>AUTORISE<\/strong><\/td><td style=\"color: #333333; text-align: justify;\" width=\"75%\">Monsieur le Maire \u00e0 lancer la proc\u00e9dure d&#8217;Appel d&#8217;offres pour faire appel \u00e0 une assistance technique et\/ou \u00e0 des missions ponctuel\/es de maitrise d&#8217;\u0153uvre.<\/td><\/tr><tr><td style=\"color: #333333;\"><strong>AUTORISE<\/strong><\/td><td style=\"color: #333333; text-align: justify;\">Monsieur le Maire \u00e0 signer tous les documents n\u00e9cessaires.<\/td><\/tr><\/tbody><\/table><div id=\"CM07122021Onze\" style=\"color: #333333;\"><strong><u>11 &#8211; D\u00e9lib\u00e9ration Autorisation \u00e0 Monsieur Le Maire de lancer tous dossiers de demandes de subventions aupr\u00e8s de tous organismes pour tous projets communaux<\/u><\/strong><\/div><p style=\"color: #333333; padding-left: 40px;\" align=\"justify\"><em>Lors de la mise en \u0153uvre de projets, la commune peut obtenir des subventions aupr\u00e8s de divers organismes publics voir peut-\u00eatre m\u00eame priv\u00e9s.<\/em><\/p><p style=\"color: #333333;\"><strong>Le Conseil Municipal, apr\u00e8s en avoir d\u00e9lib\u00e9r\u00e9<\/strong><br \/>par\u00a023 voix pour,\u00a00 voix contre,\u00a00\u00a0abstention<\/p><table width=\"75%\"><tbody><tr><td style=\"color: #333333;\" width=\"25%\"><strong>AUTORISE<\/strong><\/td><td style=\"color: #333333; text-align: justify;\" width=\"75%\">Monsieur le Maire \u00e0 pouvoir faire des demandes de subventions aupr\u00e8s de divers organismes pour les projets communaux<\/td><\/tr><tr><td style=\"color: #333333;\"><strong>AUTORISE<\/strong><\/td><td style=\"color: #333333; text-align: justify;\">Monsieur le Maire \u00e0 signer tous les documents n\u00e9cessaires qui en d\u00e9coulent.<\/td><\/tr><\/tbody><\/table><div id=\"CM07122021Douze\" style=\"color: #333333;\"><strong><u>12 &#8211; D\u00e9lib\u00e9ration Autorisation lancement proc\u00e9dure pour March\u00e9 de Toitures<\/u><\/strong><\/div><p style=\"color: #333333; padding-left: 40px;\" align=\"justify\"><em>Des toitures sur les b\u00e2timents communaux Eglise, Salle Paul BOON (salle + logement), Salle de l&#8217;Enfance, Salle de sports Ansart, presbyt\u00e8re (histoire locale)\u2026 sont \u00e0 remettre en \u00e9tat car fuites\u2026<\/em><\/p><p style=\"color: #333333;\"><strong>Le Conseil Municipal, apr\u00e8s en avoir d\u00e9lib\u00e9r\u00e9<\/strong><br \/>par\u00a023 voix pour,\u00a00 voix contre,\u00a00\u00a0abstention<\/p><table width=\"75%\"><tbody><tr><td style=\"color: #333333;\" width=\"25%\"><strong>AUTORISE<\/strong><\/td><td style=\"color: #333333; text-align: justify;\" width=\"75%\">Monsieur le Maire \u00e0 lancer la proc\u00e9dure d&#8217;Appel d&#8217;offres pour lancer le March\u00e9 de travaux toitures sur les b\u00e2timents communaux<\/td><\/tr><tr><td style=\"color: #333333;\"><strong>AUTORISE<\/strong><\/td><td style=\"color: #333333; text-align: justify;\">Monsieur le Maire \u00e0 signer tous les documents n\u00e9cessaires.<\/td><\/tr><\/tbody><\/table><div id=\"CM07122021Treize\" style=\"color: #333333;\"><strong><u>13 &#8211; D\u00e9lib\u00e9ration Autorisation d&#8217;engagement des d\u00e9penses avant vote du BP 2022<\/u><\/strong><\/div><p style=\"color: #333333; padding-left: 40px;\" align=\"justify\">Comme le pr\u00e9voit le code g\u00e9n\u00e9ral des collectivit\u00e9s territoriales en son article L 1612.1 une collectivit\u00e9 peut jusqu&#8217;\u00e0 l&#8217;adoption de son budget et sur autorisation de l&#8217;organe d\u00e9lib\u00e9rant engager liquider et mandater les d\u00e9penses d&#8217;investissement dans la limite du quart des cr\u00e9dits de l&#8217;exercice pr\u00e9c\u00e9dent non compris les cr\u00e9dits aff\u00e9rents au remboursement de la dette.<br \/>Le budget 2022 ne sera pas vot\u00e9 prochainement il est donc n\u00e9cessaire de permettre au Maire d&#8217;effectuer les op\u00e9rations d&#8217;investissement en ce d\u00e9but d&#8217;ann\u00e9e 2022.<\/p><p style=\"color: #333333;\"><strong>Le Conseil Municipal, apr\u00e8s en avoir d\u00e9lib\u00e9r\u00e9<\/strong><br \/>par\u00a023 voix pour,\u00a00 voix contre,\u00a00\u00a0abstention<\/p><table width=\"75%\"><tbody><tr><td style=\"color: #333333;\" width=\"25%\"><strong>DECIDE<\/strong><\/td><td style=\"color: #333333; text-align: justify;\" width=\"75%\">d&#8217;autoriser Monsieur Le Maire \u00e0 effectuer des op\u00e9rations d&#8217;investissement avant le vote du budget 2022 dans la limite de 25% des cr\u00e9dits ouverts au budget de l&#8217;exercice 2021<\/td><\/tr><\/tbody><\/table><div id=\"CM07122021Quatorze\" style=\"color: #333333;\"><strong><u>14 &#8211; D\u00e9lib\u00e9ration Nouvelle organisation du temps de travail de la collectivit\u00e9<\/u><\/strong><\/div><p style=\"color: #333333; padding-left: 40px;\" align=\"justify\"><strong>Le Maire informe l&#8217;assembl\u00e9e :<\/strong><br \/>La d\u00e9finition, la dur\u00e9e et l&#8217;am\u00e9nagement du temps de travail des agents territoriaux sont fix\u00e9s par l&#8217;organe d\u00e9lib\u00e9rant, apr\u00e8s avis du comit\u00e9 technique. Par ailleurs, le travail est organis\u00e9 selon des p\u00e9riodes de r\u00e9f\u00e9rence appel\u00e9es cycles de travail.<br \/>Les horaires de travail sont d\u00e9finis \u00e0 l&#8217;int\u00e9rieur du cycle, qui peut varier entre le cycle hebdomadaire et le cycle annuel.<br \/>Le d\u00e9compte du temps de travail effectif s&#8217;effectue sur l&#8217;ann\u00e9e, la dur\u00e9e annuelle de travail ne pouvant exc\u00e9der 1607 heures, sans pr\u00e9judice des heures suppl\u00e9mentaires susceptibles d&#8217;\u00eatre accomplies.<br \/>Ce principe d&#8217;annualisation garantit une \u00e9galit\u00e9 de traitement en ce qui concerne le temps de travail global sur 12 mois, tout en permettant des modes d&#8217;organisation de ce temps diff\u00e9rents selon la sp\u00e9cificit\u00e9 des missions exerc\u00e9es.<br \/>Ainsi, les cycles peuvent varier en fonction de chaque service ou encore en prenant en consid\u00e9ration la nature des fonctions exerc\u00e9es.<br \/>Le temps de travail peut \u00e9galement \u00eatre annualis\u00e9 notamment pour les services alternant des p\u00e9riodes de haute activit\u00e9 et de faible activit\u00e9.<br \/>Dans ce cadre, l&#8217;annualisation du temps de travail r\u00e9pond \u00e0 un double objectif :<br \/>&#8211; de r\u00e9partir le temps de travail des agents pendant les p\u00e9riodes de forte activit\u00e9 et le lib\u00e9rer pendant les p\u00e9riodes d&#8217;inactivit\u00e9 ou de faible activit\u00e9 ;<br \/>&#8211; de maintenir une r\u00e9mun\u00e9ration identique tout au long de l&#8217;ann\u00e9e c&#8217;est-\u00e0-dire y compris pendant les p\u00e9riodes d&#8217;inactivit\u00e9 ou de faible activit\u00e9.<br \/>Ainsi, les heures effectu\u00e9es au-del\u00e0 de la dur\u00e9e hebdomadaire de travail de l&#8217;agent dont le temps de travail est annualis\u00e9 pendant les p\u00e9riodes de forte activit\u00e9 seront r\u00e9cup\u00e9r\u00e9es par ce dernier pendant les p\u00e9riodes d&#8217;inactivit\u00e9 ou de faible activit\u00e9.<br \/>Les collectivit\u00e9s peuvent d\u00e9finir librement les modalit\u00e9s concr\u00e8tes d&#8217;accomplissement du temps de travail d\u00e8s lors que la dur\u00e9e annuelle de travail et les prescriptions minimales suivantes pr\u00e9vues par la r\u00e9glementation sont respect\u00e9es :<\/p><ul style=\"color: #333333; padding-left: 40px; text-align: justify;\"><li>La dur\u00e9e annuelle l\u00e9gale de travail pour un agent travaillant \u00e0 temps complet est fix\u00e9e \u00e0 1 607 heures (soit 35 heures hebdomadaires) calcul\u00e9e de la fa\u00e7on suivante :<\/li><\/ul><table width=\"75%\" bgcolor=\"#EEEEEE\"><tbody><tr><td style=\"color: #333333; text-align: left;\" width=\"75%\"><strong>Nombre total de jours sur l&#8217;ann\u00e9e<\/strong><\/td><td style=\"color: #333333; text-align: center;\" width=\"25%\">365<\/td><\/tr><tr><td style=\"color: #333333; text-align: left;\">Repos hebdomadaires : 2 jours x 52 semaines<\/td><td style=\"color: #333333; text-align: center;\">&#8211; 104<\/td><\/tr><tr><td style=\"color: #333333; text-align: left;\">Cong\u00e9s annuels : 5 fois les obligations hebdomadaires de travail<\/td><td style=\"color: #333333; text-align: center;\">&#8211; 25<\/td><\/tr><tr><td style=\"color: #333333; text-align: left;\">Jours f\u00e9ri\u00e9s<\/td><td style=\"color: #333333; text-align: center;\">&#8211; 8<\/td><\/tr><tr><td style=\"color: #333333; text-align: left;\"><strong>Nombre de jours travaill\u00e9s<\/strong><\/td><td style=\"color: #333333; text-align: center;\">= 228<\/td><\/tr><tr><td style=\"color: #333333; text-align: left;\">Nombre de jours travaill\u00e9es = Nb de jours x 7 heures<\/td><td style=\"color: #333333; text-align: center;\">1 596h arrondi \u00e0 1 600h<\/td><\/tr><tr><td style=\"color: #333333; text-align: left;\">+ Journ\u00e9e de solidarit\u00e9<\/td><td style=\"color: #333333; text-align: center;\">+ 7h<\/td><\/tr><tr><td style=\"color: #333333; text-align: left;\"><strong>Total en heures<\/strong><\/td><td style=\"color: #333333; text-align: center;\">1 607 heures<\/td><\/tr><\/tbody><\/table><ul style=\"color: #333333; padding-left: 40px; text-align: justify;\"><li>La dur\u00e9e quotidienne de travail d&#8217;un agent ne peut exc\u00e9der 10 heures ;<\/li><li>Aucun temps de travail ne peut atteindre 6 heures cons\u00e9cutives de travail sans que les agents ne b\u00e9n\u00e9ficient d&#8217;une pause dont la dur\u00e9e doit \u00eatre au minimum de 20 minutes ;<\/li><li>L&#8217;amplitude de la journ\u00e9e de travail ne peut d\u00e9passer 12 heures ;<\/li><li>Les agents doivent b\u00e9n\u00e9ficier d&#8217;un repos journalier de 11 heures au minimum ;<\/li><li>Le temps de travail hebdomadaire, heures suppl\u00e9mentaires comprises, ne peut d\u00e9passer 48 heures par semaine, ni 44 heures en moyenne sur une p\u00e9riode de 12 semaines cons\u00e9cutives;<\/li><li>Les agents doivent disposer d&#8217;un repos hebdomadaire d&#8217;une dur\u00e9e au moins \u00e9gale \u00e0 35 heures et comprenant en principe le dimanche.<\/li><\/ul><p style=\"color: #333333; padding-left: 40px;\" align=\"justify\">Le Maire rappelle enfin que pour des raisons d&#8217;organisation et de fonctionnement des services, les services concern\u00e9s, et afin de r\u00e9pondre aux mieux aux besoins des usagers, il convient en cons\u00e9quence d&#8217;instaurer pour les diff\u00e9rents services de la commune des cycles de travail diff\u00e9rents.<br \/><strong>Le Maire propose \u00e0 l&#8217;assembl\u00e9e :<\/strong><br \/><strong><u>Fixation de la dur\u00e9e hebdomadaire de travail<\/u><\/strong><br \/>Le temps de travail hebdomadaire en vigueur au sein de la commune est fix\u00e9 \u00e0 36h30 par semaine pour l&#8217;ensemble des agents.<br \/>Compte-tenu de la dur\u00e9e hebdomadaire de travail choisie, les agents b\u00e9n\u00e9ficieront de 9 jours de r\u00e9duction de temps de travail (ARTT) afin que la dur\u00e9e annuelle du travail effectif soit conforme \u00e0 la dur\u00e9e annuelle l\u00e9gale de 1607 heures. Pour les agents exer\u00e7ants leurs fonctions \u00e0 temps partiel, le nombre de jours ARTT est proratis\u00e9 \u00e0 hauteur de leur quotit\u00e9 de travail (dont le nombre peut-\u00eatre arrondi \u00e0 la demi-journ\u00e9e sup\u00e9rieure)<\/p><table width=\"100%\" bgcolor=\"#EEEEEE\"><tbody><tr><td style=\"color: #333333; text-align: left;\" width=\"75%\"><strong>Dur\u00e9e hebdomadaire de travail <\/strong><\/td><td style=\"color: #333333; text-align: center;\" width=\"25%\"><strong>36h30<\/strong><\/td><\/tr><tr><td style=\"color: #333333; text-align: left;\"><strong>Nb de jours ARTT pour un agent \u00e0 temps complet<\/strong><\/td><td style=\"color: #333333; text-align: center;\"><strong>9<\/strong><\/td><\/tr><tr><td style=\"color: #333333; text-align: left;\"><strong>Temps partiel 80%<\/strong><\/td><td style=\"color: #333333; text-align: center;\"><strong>7<\/strong><\/td><\/tr><tr><td style=\"color: #333333; text-align: left;\"><strong>Temps partiel 50%<\/strong><\/td><td style=\"color: #333333; text-align: center;\"><strong>4,5<\/strong><\/td><\/tr><\/tbody><\/table><p style=\"color: #333333; padding-left: 40px;\" align=\"justify\"><strong><u>Les absences au titre des cong\u00e9s pour raison de sant\u00e9<\/u><\/strong> r\u00e9duisent \u00e0 due proportion le nombre de jours RTT que l&#8217;agent peut acqu\u00e9rir, conform\u00e9ment aux pr\u00e9conisations de la <u style=\"color: blue;\">circulaire du 18 janvier 2012<\/u> relative aux modalit\u00e9s de mise en \u0153uvre de l&#8217;article 115 de la loi n\u2022 2010-1657 du 29 d\u00e9cembre 2010 de finances pour 2011.<br \/>Ne sont, toutefois, pas concern\u00e9s les cong\u00e9s de maternit\u00e9, adoption ou paternit\u00e9 et les autres cong\u00e9s particuliers comme le cong\u00e9 pour exercer un mandat \u00e9lectif local, \/es d\u00e9charges d&#8217;activit\u00e9 pour mandat syndical, ou encore le cong\u00e9 de formation professionnelle.<\/p><p style=\"color: #333333; padding-left: 40px;\" align=\"justify\"><strong><u>D\u00e9termination du (ou des) cycle(s) de travail<\/u><\/strong><br \/>Dans le respect du cadre l\u00e9gal et r\u00e9glementaire relatif au temps de travail, l&#8217;organisation du cycle de travail au sein des services de la commune est fix\u00e9e comme il suit :<br \/>Les services administratifs plac\u00e9s au sein de la mairie :<br \/>Les agents des services administratifs seront soumis \u00e0 un cycle de travail hebdomadaire : semaine \u00e0 36 heures 30 sur 5 jours (Ou semaine \u00e0 36 heures 30 sur 4,5 jours) les dur\u00e9es quotidiennes de travail \u00e9tant diff\u00e9renci\u00e9es pour permettre \u00e0 chaque service de s&#8217;adapter \u00e0 sa charge de travail.<br \/>Les services seront ouverts au public du lundi ou vendredi de 8h30 \u00e0 12h et de 13h30 \u00e0 17h et le samedi de 9h \u00e0 12h.<br \/>Au sein de ce cycle hebdomadaire, les agents seront soumis <u>\u00e0 des horaires variables<\/u> ce qui permet de donner aux agents la possibilit\u00e9 de moduler leurs horaires de travail fix\u00e9s de la fa\u00e7on suivante :<\/p><ul style=\"color: #333333; padding-left: 40px; text-align: justify;\"><li>Plage variable de 8h \u00e0 8h30<\/li><li>Plage fixe de 8h30 \u00e0 12h<\/li><li>Pause m\u00e9ridienne flottante entre 12h et 14h d&#8217;une dur\u00e9e minimum de 30 minutes<\/li><li>Plage fixe de 13h30 \u00e0 17h00<\/li><li>Plage variable de 17h \u00e0 19h<\/li><\/ul><p style=\"color: #333333; padding-left: 40px;\" align=\"justify\">Au cours des plages fixes, la totalit\u00e9 du personnel du service doit \u00eatre pr\u00e9sent. Pendant, les plages variables, l&#8217;agent a la libert\u00e9 de choisir chaque jour ses heures d&#8217;arriv\u00e9e et de d\u00e9part.<br \/>Les agents sont tenus d&#8217;effectuer chaque mois un nombre d&#8217;heures de travail correspondant \u00e0 la dur\u00e9e r\u00e9glementaire. Un dispositif de cr\u00e9dit\/d\u00e9bit est instaur\u00e9 afin de permettre le report d&#8217;un nombre limit\u00e9 \u00e0 12 heures de travail d&#8217;un mois sur l&#8217;autre.<br \/>Les agents sont tenus de se soumettre au contr\u00f4le de la r\u00e9alisation de leurs heures notamment par la tenue d&#8217;un d\u00e9compte exact du temps de travail accompli chaque jour par chaque agent.<br \/><u>Les services techniques :<\/u><br \/>Les agents des services techniques seront soumis \u00e0 un cycle de travail annuel bas\u00e9 sur l&#8217;ann\u00e9e civile 52 semaines de 36 heures 30 sur 5 jours.<br \/>Au sein de ce cycle annuel, les agents seront soumis \u00e0 des horaires fixes et\/ ou variables.<br \/><u>Les services scolaires et p\u00e9riscolaires :<\/u><br \/>Les agents des services scolaires et p\u00e9riscolaires seront soumis \u00e0 un cycle de travail annuel bas\u00e9 sur l&#8217;ann\u00e9e scolaire avec un temps de travail annualis\u00e9<\/p><ul style=\"color: #333333; padding-left: 40px; text-align: justify;\"><li>36 semaines scolaires \u00e0 40h sur 4 jours (soit 1440 h),<\/li><li>4 semaines hors p\u00e9riodes scolaires (p\u00e9riscolaire, accueil de loisir, entretien\u2026) \u00e0 40h sur 5 jours (soit 160h)<\/li><li>1 journ\u00e9e de 7 heures effectu\u00e9e au titre de la journ\u00e9e de solidarit\u00e9.<\/li><\/ul><p style=\"color: #333333; padding-left: 40px;\" align=\"justify\">Au sein de ce cycle annuel, les agents seront soumis \u00e0 des horaires fixes et\/ou variables.<br \/>Dans le cadre de cette annualisation, l&#8217;autorit\u00e9 \u00e9tablira au d\u00e9but de chaque ann\u00e9e scolaire un planning annuel de travail pour chaque agent pr\u00e9cisant les jours et horaires de travail et permettant d&#8217;identifier les p\u00e9riodes de r\u00e9cup\u00e9ration et de cong\u00e9s annuels de chaque agent.<br \/><strong><u>Journ\u00e9e de solidarit\u00e9<\/u><\/strong><br \/>Compte tenu de la dur\u00e9e hebdomadaire de travail choisie, la journ\u00e9e de solidarit\u00e9, afin d&#8217;assurer le financement des actions en faveur de l&#8217;autonomie des personnes \u00e2g\u00e9es ou handicap\u00e9es, sera institu\u00e9e :<br \/>&#8211; Par la r\u00e9duction du nombre de jours ARTT (<u>impossible pour les collectivit\u00e9s qui auront choisi une dur\u00e9e hebdomadaire de travail de 35h sans ARTT<\/u>)<br \/><strong><u>Heures suppl\u00e9mentaires ou compl\u00e9mentaires<\/u><\/strong><br \/>Les heures suppl\u00e9mentaires sont les heures effectu\u00e9es au-del\u00e0 des bornes horaires d\u00e9finies par le (ou les) cycle(s) de travail ci-dessus.<br \/>Ces heures ne peuvent \u00eatre effectu\u00e9es qu&#8217;\u00e0 la demande expresse de l&#8217;autorit\u00e9 territoriale ou du chef de service.<br \/>Les heures suppl\u00e9mentaires ne peuvent d\u00e9passer un plafond mensuel de 25 heures pour un temps complet y compris les heures accomplies les dimanche et jour f\u00e9ri\u00e9 ainsi que celles effectu\u00e9es la nuit.<br \/>La collectivit\u00e9 souhaite indemniser les heures suppl\u00e9mentaires r\u00e9alis\u00e9es \u00e0 sa demande par les agents de la commune.<br \/>Elles seront indemnis\u00e9es conform\u00e9ment \u00e0 la d\u00e9lib\u00e9ration n\u00b0 2017-03-10006 du 10 MARS 2017 prise par la commune portant sur les indemnit\u00e9s horaires pour travaux suppl\u00e9mentaires (1.H.T.S.) pour les agents de cat\u00e9gories C et B.<br \/>La collectivit\u00e9 souhaite compenser les heures suppl\u00e9mentaires r\u00e9alis\u00e9es \u00e0 sa demande par les agents de la commune par des repos compensateur suivant la d\u00e9lib\u00e9ration n\u00b02017-03-10 006 du 10 MARS 2017.<br \/>Elles seront r\u00e9cup\u00e9r\u00e9es par les agents concern\u00e9s par l&#8217;octroi d&#8217;un repos compensateur \u00e9gal \u00e0 la dur\u00e9e des travaux suppl\u00e9mentaires effectu\u00e9s.<br \/>Ce repos compensateur devra \u00eatre utilis\u00e9 par l&#8217;agent concern\u00e9 dans le trimestre qui suit la r\u00e9alisation des travaux suppl\u00e9mentaires et avec l&#8217;accord expr\u00e8s de l&#8217;autorit\u00e9 territoriale ou du chef de service.<\/p><p style=\"color: #333333; text-align: justify;\">Vu le Code g\u00e9n\u00e9ral des collectivit\u00e9s territoriales ;<br \/>Vu la loi n\u00b083-634 du 13 juillet 1983 portant droits et obligations des fonctionnaires ;<br \/>Vu la loi n\u00b084-53 du 26 janvier 1984 portant dispositions statutaires relatives \u00e0 la fonction publique territoriale ;<br \/>Vu le d\u00e9cret n\u00b088-145 du 15 f\u00e9vrier 1988 pris pour l&#8217;application de l&#8217;article 136 de la loi du 26 janvier 1984 modifi\u00e9e portant dispositions statutaires relatives \u00e0 la fonction publique territoriale et relatif aux agents contractuels de la fonction publique territoriale.<br \/>Vu le d\u00e9cret n\u00b0 2000-815 du 25 ao\u00fbt 2000 relatif \u00e0 l&#8217;am\u00e9nagement et \u00e0 la r\u00e9duction du temps de travail dans la fonction publique de l&#8217;Etat ;<br \/>Vu le d\u00e9cret n\u00b02001-623 du 12 juillet 2001 pris pour l&#8217;application de l&#8217;article 7-1 de la loi n\u00b084-53 du 26 janvier 1984 et relatif \u00e0 l&#8217;am\u00e9nagement et \u00e0 la r\u00e9duction du temps de travail dans la fonction publique territoriale ;<br \/>Vu la demande de validation faite au comit\u00e9 technique paritaire<\/p><p style=\"color: #333333;\"><strong>Le Conseil Municipal,<\/strong> apr\u00e8s en avoir d\u00e9lib\u00e9r\u00e9 par\u00a023 voix pour,\u00a00 voix contre,\u00a00\u00a0abstention<\/p><table width=\"75%\"><tbody><tr><td style=\"color: #333333;\" width=\"25%\"><strong>DECIDE<\/strong><\/td><td style=\"color: #333333; text-align: justify;\" width=\"75%\">d&#8217;adopter la proposition ci-dessus<\/td><\/tr><\/tbody><\/table><div id=\"CM07122021Quinze\" style=\"color: #333333;\"><strong><u>15 &#8211; D\u00e9lib\u00e9ration Subvention Amicale du Personnel<\/u><\/strong><\/div><p style=\"color: #333333; padding-left: 40px;\" align=\"justify\"><em>Pr\u00e9sentation sera faite en conseil municipal<\/em><\/p><p style=\"color: #333333; padding-left: 40px;\" align=\"justify\">Vu le Code G\u00e9n\u00e9ral des Collectivit\u00e9s Territoriales ;<br \/>Consid\u00e9rant les cr\u00e9dits inscrits au Budget de la commune ;<\/p><p style=\"color: #333333;\"><strong>Le Conseil Municipal, apr\u00e8s en avoir d\u00e9lib\u00e9r\u00e9<\/strong><br \/>par\u00a023 voix pour,\u00a00 voix contre,\u00a00\u00a0abstention<\/p><table width=\"75%\" align=\"center\"><tbody><tr><td style=\"color: #333333;\" width=\"25%\"><strong>ATTRIBUE<\/strong><\/td><td style=\"color: #333333; text-align: justify;\" width=\"75%\">pour l&#8217;ann\u00e9e 2022 une subvention de fonctionnement de 18 000 \u20ac \u00e0 l&#8217;Amicale du Personnel Communal.<\/td><\/tr><tr><td style=\"color: #333333;\" width=\"25%\"><strong>DIT<\/strong><\/td><td style=\"color: #333333; text-align: justify;\" width=\"75%\">que les cr\u00e9dits n\u00e9cessaires seront inscrits au budget 2022<\/td><\/tr><\/tbody><\/table><div id=\"CM07122021Seize\" style=\"color: #333333;\"><strong><u>16 &#8211; D\u00e9lib\u00e9ration Devenir de La Poste<\/u><\/strong><\/div><p style=\"color: #333333; padding-left: 40px;\" align=\"justify\"><em>Pr\u00e9sentation sera faite en conseil municipal<br \/>Monsieur Le Maire expose la situation.<br \/>Plusieurs id\u00e9es sont lanc\u00e9es pour p\u00e9tition, calicot devant la mairie, courrier \u00e0 Madame la conseill\u00e8re d\u00e9partementale Isabelle CHOAIN pour obtenir son soutien, courrier \u00e0 Monsieur Le d\u00e9put\u00e9 Fabien ROUSSEL, courrier au directeur de la Poste\u2026<\/em><\/p><p style=\"color: #333333;\"><strong>Le Conseil Municipal, apr\u00e8s en avoir d\u00e9lib\u00e9r\u00e9<\/strong><br \/>par\u00a023 voix pour,\u00a00 voix contre,\u00a00\u00a0abstention<\/p><table width=\"75%\" align=\"center\"><tbody><tr><td style=\"color: #333333;\" width=\"25%\"><strong>SE PRONONCE<\/strong><\/td><td style=\"color: #333333; text-align: justify;\" width=\"75%\">contre la fermeture du bureau de poste de Thiant<\/td><\/tr><tr><td style=\"color: #333333;\" width=\"25%\"><strong>AUTORISE<\/strong><\/td><td style=\"color: #333333; text-align: justify;\" width=\"75%\">Monsieur Le Maire \u00e0 faire toutes les d\u00e9marches n\u00e9cessaires en ce sens<\/td><\/tr><\/tbody><\/table><div id=\"CM07122021QD\" style=\"color: #333333;\"><strong><u>Questions diverses<\/u><\/strong><\/div><ul style=\"color: #333333; padding-left: 40px; text-align: justify;\"><li>Concours Photos pour la carte de v\u0153ux est annul\u00e9 faute de participants par contre c&#8217;est le charg\u00e9 de communication qui fera lui-m\u00eame la carte.<\/li><li>Parking du Leclerc concernant l&#8217;am\u00e9nagement cot\u00e9 Ecole : pas de date encore de transmise pour la finalisation de celui-ci. Le salage des entr\u00e9es sera effectu\u00e9 par la commune des deux c\u00f4t\u00e9s des \u00e9coles.<\/li><li>Monsieur Sylvain LEFEBVRE concernant la parcelle Rue Gambetta et la parcelle Rue Emile Zola : pas de d\u00e9cision prise pour le moment cependant projet \u00e0 l&#8217;Etude avec SIGH concernant le foncier.<\/li><li>Madame Martine PREVOST demande ce qu&#8217;il en est de la parcelle restant Ferme Jourdan concernant une maison m\u00e9dicale ? Un contact va \u00eatre repris avec les dentistes d\u00e9j\u00e0 install\u00e9s sur la premi\u00e8re parcelle et ayant un projet.<\/li><li>Comment attirer des m\u00e9decins ? R\u00e9flexion \u00e0 mener<\/li><li>Travaux Cit\u00e9 Sirot : Mercredi 8 jeudi 9 pose du Macadam<\/li><li>Travaux Rue Ghesqui\u00e8re :Vendredi 10 pose du macadam<\/li><\/ul><p style=\"color: #333333;\"><strong>Fin de s\u00e9ance lev\u00e9e \u00e0 21h05<\/strong><\/p><p style=\"color: #333333;\" align=\"right\"><strong>Le Secr\u00e9taire de S\u00e9ance<br \/>Michel HENNAUT<\/strong><\/p><div style=\"color: #333333;\"><strong><u>Questions diverses du conseil du 24 septembre 2021 compl\u00e9ment :<\/u><\/strong><\/div><ul style=\"color: #333333; padding-left: 40px; text-align: justify;\"><li>Michel Hennaut a distribu\u00e9 le calendrier des matchs du volley-ball Salle Ansart<\/li><li>Paris Roubaix dimanche 3 OCTOBRE passera \u00e0 Thiant<\/li><li>Madame Sylvie DEVOS : Forum des associations y en aura-t-il un ? Moins d&#8217;associations sportives \u00e0 Thiant ? Madame C\u00e9line DUMAINE pr\u00e9cise que le forum aura lieu en septembre 2022 d&#8217;une part et que d&#8217;autre part le manque de b\u00e9n\u00e9voles dans les associations fait que cela ne peut fonctionner correctement. Monsieur Philippe WAELKENS organise des journ\u00e9es portes ouvertes pour attirer les jeunes et leurs parents le 02 octobre 2021. Monsieur Jean-Claude BAH pr\u00e9cise que le b\u00e9n\u00e9volat est un engagement avec beaucoup de responsabilit\u00e9s tr\u00e8s prenant\u2026<\/li><li>Monsieur Sylvain LEFEBVRE : Incivilit\u00e9 sur le nouveau boulodrome \u00e0 c\u00f4t\u00e9 du City sera-t-il ferm\u00e9 ?<br \/>Monsieur Philippe WAELKENS pr\u00e9cise qu&#8217;une \u00e9tude interne est en cours sur un am\u00e9nagement avec ouverture et fermeture des lieux mais il faut aussi voir chiffrer et voir le co\u00fbt du projet.<\/li><li>Un point sur les pr\u00e9aux sera fait prochainement.<\/li><li>Bulletin municipal : Monsieur Sylvain LEFEBVRE souhaite pouvoir publier un article. Madame St\u00e9phanie WATTIEZ pr\u00e9cise qu&#8217;il n&#8217;y a pas de probl\u00e8me le bulletin ne sortira pas avant d\u00e9but octobre<\/li><li>Pas de date pour le label villes et village fleuri de cette ann\u00e9e.<\/li><li>Monsieur Sylvain LEFEBVRE et Madame BAR-DESESPRINGALLE demandent s&#8217;il est possible de faire une visite des b\u00e2timents communaux.<\/li><li>Monsieur Jean-Michel HARBONNIER interroge le conseil municipal sur les incivilit\u00e9s et veut prendre position avec ses co-listi\u00e9s sur ces incivilit\u00e9s. En effet, ils consid\u00e8rent que les incivilit\u00e9s sont en faits des actes de d\u00e9linquances et souhaitent rappeler que certains actes comme par exemple faire du bruit de jour comme de nuit, d\u00e9poser des m\u00e9gots, des canettes, des matelas, ou des pneus,\u2026 que de garer sa voiture sur un trottoir et obliger les pi\u00e9tons \u00e0 marcher sur la route, que rouler trop vite et faire du rod\u00e9o, arracher des fleurs\u2026. ce sont des d\u00e9lits. Et que cette d\u00e9linquance urbaine va se d\u00e9placer vers nos campagnes moins \u00e9quip\u00e9es et plus laxistes\u2026 Question : qui repr\u00e9sente le pouvoir ex\u00e9cutif dans notre ville et que fait ce pouvoir ex\u00e9cutif ?<br \/>Monsieur Le Maire r\u00e9pond que l&#8217;OPJ est effectivement le Maire mais avec quels moyens peut-il agir ? Monsieur Le Maire souhaite que l&#8217;on r\u00e9fl\u00e9chisse sur une implantation de vid\u00e9osurveillance ? Monsieur Le Maire demande quelles solutions peut-on avoir pour lutter par exemple contre les d\u00e9p\u00f4ts sauvages comment les contrer ? Quelles solutions avez-vous ?<br \/>Le seul fait de mettre des cameras n&#8217;est pas suffisant.<\/li><\/ul><p style=\"color: #333333;\" align=\"right\"><strong>La Secr\u00e9taire de S\u00e9ance du 24 septembre 2021<br \/>St\u00e9phanie WATTIEZ<\/strong><\/p><\/div>\n\t\t\t\t\t\t\t\t\t<div class=\"elementor-tab-title elementor-tab-mobile-title\" aria-selected=\"false\" data-tab=\"2\" role=\"tab\" tabindex=\"-1\" aria-controls=\"elementor-tab-content-8982\" aria-expanded=\"false\">24\/09<\/div>\n\t\t\t\t\t<div id=\"elementor-tab-content-8982\" class=\"elementor-tab-content elementor-clearfix\" data-tab=\"2\" role=\"tabpanel\" aria-labelledby=\"elementor-tab-title-8982\" tabindex=\"0\" hidden=\"hidden\"><h6><span style=\"color: #ff0000;\">Compte-rendu du Conseil Municipal du 24 septembre 2021 \u00e0 18h00<\/span><\/h6><p><a href=\"https:\/\/thiant.fr\/wordpress\/documents_ext\/CM\/CM_2021-09-24.pdf\"><img decoding=\"async\" class=\"alignnone wp-image-3894 size-medium\" src=\"https:\/\/thiant.fr\/wordpress\/wp-content\/uploads\/2022\/03\/PV-CM-DU-24092021-SIGNE-1-212x300.png\" alt=\"Ouvrir le Proc\u00e8s Verbal du Conseil Municipal du 24 septembre 2021 au format PDF\" width=\"212\" height=\"300\" srcset=\"https:\/\/thiant.fr\/wordpress\/wp-content\/uploads\/2022\/03\/PV-CM-DU-24092021-SIGNE-1-212x300.png 212w, https:\/\/thiant.fr\/wordpress\/wp-content\/uploads\/2022\/03\/PV-CM-DU-24092021-SIGNE-1.png 566w\" sizes=\"(max-width: 212px) 100vw, 212px\" \/><\/a><\/p><p style=\"color: #333333;\"><strong>Date de la convocation\u00a0:<\/strong>\u00a0\u00a0\u00a0\u00a0\u00a0\u00a0\u00a0\u00a0 16 septembre 2021<\/p><p style=\"color: #333333;\"><strong>Date de l\u2019affichage\u00a0:<\/strong> \u00a0\u00a0 \u00a0\u00a0\u00a0\u00a0\u00a0\u00a0\u00a0\u00a0\u00a0\u00a0\u00a0 16 septembre 2021<\/p><p style=\"color: #333333; padding-left: 40px; text-align: justify;\">L\u2019an deux mil vingt et un , le vingt-quatre septembre \u00e0 dix huit heures, le Conseil Municipal de Thiant, r\u00e9guli\u00e8rement convoqu\u00e9, s&#8217;est r\u00e9uni en la Salle des F\u00eates, rue Anatole France \u00e0 THIANT, sous la Pr\u00e9sidence de Monsieur Jean-Marie LECERF, Maire de la Commune.<\/p><p style=\"color: #333333;\"><strong>Pr\u00e9sents :<\/strong><\/p><p style=\"color: #333333; padding-left: 40px; text-align: justify;\"><strong>Jean-Marie LECERF, St\u00e9phanie WATTIEZ, C\u00e9dric DUQUESNOY (arriv\u00e9 au point 3), C\u00e9line DUMAINE, Michel HENNAUT, Martine PREVOST, Philippe WAELKENS, Raymonde BOHERE, Sylvie NICOLAS, Marc WATTIEZ, Sylvaine GERARD, Armelle BOURLET, Jean-Claude BAH, Bernard MALAQUIN, Bernard LEPEZ, Fran\u00e7oise BAR-DESESPRINGALLE, Sylvain LEFEBVRE, Jimmy LAURENT, Jean-Michel HARBONNIER<\/strong><\/p><p style=\"color: #333333;\"><strong>Excus\u00e9s :<\/strong><\/p><p style=\"color: #333333; padding-left: 40px;\"><strong>Guy VANDERBEC qui donne pouvoir \u00e0 Monsieur Jean-Marie LECERF<br \/>J\u00e9r\u00f4me CARLIER qui donne pouvoir \u00e0 C\u00e9dric DUQUESNOY<br \/>C\u00e9line TRACHMAN qui donne pouvoir \u00e0 C\u00e9line DUMAINE<\/strong><\/p><p style=\"color: #333333;\"><strong>Absents : MM.XXXXX<\/strong><\/p><p style=\"color: #333333;\"><strong><u>Ordre du jour<\/u>\u00a0:<\/strong><\/p><ol style=\"padding-left: 40px;\"><li><a href=\"#CM24092021Un\">Approbation du Proc\u00e8s-verbal du 29 juin 2021<\/a><\/li><li><a href=\"#CM24092021Deux\">D\u00e9lib\u00e9ration R\u00e8glement int\u00e9rieur du Conseil Municipal<\/a><\/li><li><a href=\"#CM24092021Trois\">D\u00e9lib\u00e9ration Avis sur le Pacte de Gouvernance de la CAPH<\/a><\/li><li><a href=\"#CM24092021Quatre\">D\u00e9lib\u00e9ration r\u00e9trocession terrain &#8220;Les Jardins de Thiant&#8221; \u00e0 la commune<\/a><\/li><li><a href=\"#CM24092021Cinq\">D\u00e9lib\u00e9ration Autorisation dossier de subvention via les amendes de police<\/a><\/li><li><a href=\"#CM24092021Six\">D\u00e9lib\u00e9ration Autorisation d&#8217;emplois saisonniers pour les centres des petites vacances<\/a><\/li><li><a href=\"#CM24092021Sept\">D\u00e9lib\u00e9ration Autorisation de pr\u00e9senter un dossier de Contrat Enfance Jeunesse aupr\u00e8s des services de la CAF (Renouvellement)<\/a><\/li><li><a href=\"#CM24092021Huit\">D\u00e9lib\u00e9ration Taxe Fon\u00e7i\u00e8re exon\u00e9ration<\/a><\/li><li><a href=\"#CM24092021Neuf\">D\u00e9lib\u00e9ration Tableau des effectifs Enseignants Artistiques<\/a><br \/><span style=\"color: #333333;\"><strong><u>Rajout d&#8217;un point \u00e0 l&#8217;ordre du jour :<\/u><\/strong><\/span><\/li><li><a href=\"#CM24092021Dix\">D\u00e9lib\u00e9ration attribution de compensation CAPH<\/a><\/li><li><a href=\"#CM24092021Onze\">Questions diverses<\/a><\/li><\/ol><p style=\"color: #333333;\">D\u00e9signation d\u2019un Secr\u00e9taire de s\u00e9ance\u00a0:\u00a0St\u00e9phanie WATTIEZ<\/p><p style=\"color: #333333;\">Etat des pouvoirs\u00a0: &#8230;.3 pouvoirs&#8230;&#8230;&#8230;&#8230;&#8230;&#8230;&#8230;&#8230;&#8230;..<\/p><div id=\"CM24092021Un\" style=\"color: #333333;\"><strong><u>1 &#8211; Approbation du Proc\u00e8s-verbal du 29 juin 2021<\/u><\/strong><\/div><p style=\"color: #333333; padding-left: 40px; text-align: justify;\"><em>Monsieur Sylvain LEFEBVRE revient sur les emprunts de 2003.<br \/>Monsieur Le Maire r\u00e9pond qu\u2019ils ont \u00e9t\u00e9 contract\u00e9s pour des travaux d\u2019investissement : voirie et b\u00e2timents, am\u00e9nagements\u2026<br \/>Madame Martine PREVOST rappelle qu\u2019elle souhaitait faire partie de la commission s\u00e9curit\u00e9 et cadre de vie de Monsieur Philippe WAELKENS. Or ce qui l\u2019int\u00e9resse relevant de l\u2019aspect s\u00e9curitaire au sens s\u00e9curit\u00e9 judiciaire, il ne s\u2019agit pas non plus de la commission de Monsieur Le Maire qui correspond \u00e0 l\u2019Urbanisme, Travaux, S\u00e9curit\u00e9 mais cela rel\u00e8ve davantage de la commission citoyennet\u00e9.<br \/>Madame Fran\u00e7oise BAR-DESESPRINGALLE souhaite rappeler qu\u2019il y a un b\u00e2timent manquant au point 1 du proc\u00e8s-verbal qui \u00e9num\u00e8re les immeubles de la commune mis en location : le b\u00e2timent lou\u00e9 par la Poste.<br \/>Monsieur Jean-Michel Harbonnier fait remarquer que la conclusion n\u2019apparait pas au point 3.<\/em><\/p><table width=\"75%\"><tbody><tr><td style=\"color: #333333;\" width=\"25%\">Consid\u00e9rant<\/td><td style=\"color: #333333; text-align: justify;\" width=\"75%\">Le Code G\u00e9n\u00e9ral des Collectivit\u00e9s Territoriales, particuli\u00e8rement les articles L.2121-7 \u00e0 L.2121-28\u00a0;<\/td><\/tr><tr><td style=\"color: #333333;\">Consid\u00e9rant<\/td><td style=\"color: #333333; text-align: justify;\">qu\u2019il convient d\u2019adopter les proc\u00e8s-verbaux des s\u00e9ances du Conseil Municipal.<\/td><\/tr><\/tbody><\/table><p style=\"color: #333333;\"><strong>Le Conseil Municipal,<\/strong> apr\u00e8s en avoir d\u00e9lib\u00e9r\u00e9,<br \/>par\u00a021 voix pour,\u00a00 voix contre,\u00a00\u00a0abstention<\/p><table width=\"75%\"><tbody><tr><td style=\"color: #333333;\" width=\"25%\"><strong><u>APPROUVE<\/u><\/strong><\/td><td style=\"color: #333333; text-align: justify;\" width=\"75%\">le contenu du proc\u00e8s-verbal du 29 juin 2021, r\u00e9dig\u00e9 par son secr\u00e9taire de s\u00e9ance.<\/td><\/tr><\/tbody><\/table><div id=\"CM24092021Deux\" style=\"color: #333333;\"><strong><u>2 &#8211; D\u00e9lib\u00e9ration R\u00e8glement int\u00e9rieur du Conseil Municipal<\/u><\/strong><\/div><p style=\"color: #333333; padding-left: 40px; text-align: justify;\">Monsieur Le Maire pr\u00e9sente le r\u00e8glement int\u00e9rieur des s\u00e9ances du Conseil municipal.<\/p><p style=\"color: #333333;\"><strong>Le Conseil Municipal,<\/strong> apr\u00e8s en avoir d\u00e9lib\u00e9r\u00e9,<br \/>par\u00a021 voix pour,\u00a00 voix contre,\u00a00\u00a0abstention<\/p><table width=\"75%\"><tbody><tr><td style=\"color: #333333;\" width=\"25%\"><strong><u>APPROUVE<\/u><\/strong><\/td><td style=\"color: #333333; text-align: justify;\" width=\"75%\">le r\u00e8glement int\u00e9rieur du Conseil Municipal annex\u00e9.<\/td><\/tr><\/tbody><\/table><div id=\"CM24092021Trois\" style=\"color: #333333;\"><strong><u>3 &#8211; D\u00e9lib\u00e9ration Avis sur le Pacte de Gouvernance de la CAPH<\/u><\/strong><\/div><p style=\"color: #333333; padding-left: 40px; text-align: justify;\"><em>Monsieur Le Maire pr\u00e9sente le pacte de gouvernance.<br \/>Monsieur Jean Claude BAH demande pourquoi on nous demande aujourd\u2019hui un avis alors que cela n\u2019a pas \u00e9t\u00e9 act\u00e9 par la CAPH.<br \/>Monsieur Le Maire explique que cela correspond au souhait du nouveau Pr\u00e9sident de travailler autrement et que, de plus, cela est li\u00e9 \u00e0 la loi du 27 d\u00e9cembre 2019 relative \u00e0 l\u2019engagement dans la vie locale et \u00e0 la proximit\u00e9 de l\u2019action publique qui permet par d\u00e9lib\u00e9ration d\u2019\u00e9laborer un pacte de gouvernance dans le but, notamment, d\u2019associer les \u00e9lus municipaux au fonctionnement intercommunal.<br \/>Monsieur Sylvain LEFEBVRE pense qu\u2019il y a une perte d\u2019autonomie au niveau des communes et la plus grosse erreur pour sa part est le vote r\u00e9cent pour la taxe d\u2019ordures m\u00e9nag\u00e8res qui est injuste car elle se base sur la valeur locative et non sur le volume des d\u00e9chets \u00e9mis.<br \/>Monsieur Le Maire explique qu\u2019effectivement cette taxe a \u00e9t\u00e9 mise en place cette ann\u00e9e et est injuste mais il fallait bien voter une taxe pour le tri des d\u00e9chets (d\u2019ailleurs, \u00e0 la Communaut\u00e9 d\u2019Agglo Valenciennes M\u00e9tropole, elle existe d\u00e9j\u00e0 depuis 2001)<br \/>Monsieur Marc WATTIEZ rappelle comment les services fonctionnaient auparavant lorsque c\u2019\u00e9tait le SIVOM qui g\u00e9rait. Et il s\u2019inqui\u00e8te de savoir si les gens vont trier correctement ou non.<br \/>Monsieur Jean Claude BAH compare avec d\u2019autres pays comme en Allemagne o\u00f9 les citoyens payent tr\u00e8s chers le tri, et pr\u00e9cise qu\u2019\u00e0 un moment donn\u00e9, nous devons accepter les principes suivants : respecter notre environnement, trier nos d\u00e9chets, et payer pour le traitement de ces derniers\u2026<br \/>Madame St\u00e9phanie WATTIEZ estime qu\u2019il y a eu un probl\u00e8me de communication et que la d\u00e9cision a \u00e9t\u00e9 trop brutale. Elle tient d\u2019ailleurs \u00e0 pr\u00e9ciser que, lors du dernier conseil communautaire o\u00f9 elle suppl\u00e9ait Monsieur le Maire, elle s\u2019est abstenue sur ce point afin de ne pas voter pour au vote de confirmation.<br \/>Un d\u00e9bat s\u2019est instaur\u00e9 sur les possibilit\u00e9s de tris les possibilit\u00e9s de sanctions envers les personnes qui ne trient pas correctement\u2026<br \/>Madame C\u00e9line DUMAINE explique que le pacte de gouvernance est une possibilit\u00e9 en tant qu\u2019\u00e9lu de pouvoir participer davantage \u00e0 diff\u00e9rents sujets, et l\u2019occasion de pouvoir avoir ce genre de discussions dans d\u2019autres instances, d\u2019autres lieux et permettre ainsi de pallier au manque de communication et de donner son avis.<\/em><\/p><p style=\"color: #333333; padding-left: 40px; text-align: justify;\">Vu le Code G\u00e9n\u00e9ral des Collectivit\u00e9s Territoriales,<br \/>Vu la loi n\u00b02019-1461 du 27 d\u00e9cembre 2019 relative \u00e0 l\u2019engagement dans la vie locale et \u00e0 la proximit\u00e9 de l\u2019action publique,<br \/>Cette loi pr\u00e9voit la possibilit\u00e9 pour les intercommunalit\u00e9s d\u2019adopter un pacte de Gouvernance entre les communes et l\u2019EPCI.<br \/>Le Conseil Communautaire de la CAPH a d\u00e9cid\u00e9 de l\u2019\u00e9laboration d\u2019un tel pacte de Gouvernance avec ses communes membres par d\u00e9lib\u00e9ration n\u00b0 21\/026 en date du 18 janvier 2021.<br \/>Le projet de pacte de gouvernance a \u00e9t\u00e9 propos\u00e9, et a re\u00e7u un avis favorable de l\u2019Ex\u00e9cutif de la CAPH le 12 mai 2021, puis du S\u00e9minaire du Bureau le 14 juin 2021.<br \/>Le pacte de Gouvernance est le document qui d\u00e9finit les relations entre les communes membres et la Communaut\u00e9, dans le but, notamment, d\u2019associer les \u00e9lus municipaux au fonctionnement intercommunal. Si le projet politique communautaire formalise ce que l\u2019on veut faire \u00e0 plusieurs communes sur le territoire, le pacte de Gouvernance s\u2019attache \u00e0 la fa\u00e7on de le mettre en \u0153uvre ensemble. Il s\u2019agit de s\u2019accorder localement sur la fa\u00e7on dont se construit la d\u00e9cision.<br \/>Pour rappel, le pacte de Gouvernance a pour ambition :<\/p><ul style=\"color: #333333; padding-left: 40px;\"><li>D\u2019entamer une nouvelle \u00e8re dans la gouvernance communautaire, une gouvernance partag\u00e9e et innovante.<\/li><li>De d\u00e9mocratiser l\u2019intercommunalit\u00e9, de la rendre audible, visible et accessible.<\/li><li>De d\u00e9finir les relations entre les communes membres et l\u2019agglom\u00e9ration, en visant un r\u00f4le renforc\u00e9 de la commune.<\/li><li>D\u2019associer les \u00e9lus municipaux non-communautaires au fonctionnement de l\u2019intercommunalit\u00e9, avec comme objectif de vivifier le sentiment d\u2019appartenance communautaire.<\/li><li>De renforcer les relations entre les \u00e9lus et les habitants, et donc leur implication dans les projets initi\u00e9s par l\u2019agglom\u00e9ration.<\/li><\/ul><p style=\"color: #333333; text-align: justify;\">Conform\u00e9ment au processus d\u2019\u00e9laboration du pacte pr\u00e9vu dans la loi \u00ab engagement et proximit\u00e9 \u00bb, il appartient d\u00e9sormais aux conseils municipaux des communes membres d\u2019\u00e9mettre un avis sur ce projet, dans un d\u00e9lai de 2 mois apr\u00e8s sa transmission par la CAPH.<\/p><p style=\"color: #333333;\"><strong>Le Conseil Municipal,<\/strong> apr\u00e8s en avoir d\u00e9lib\u00e9r\u00e9,<br \/>par\u00a017 voix pour,\u00a04 voix contre,\u00a02\u00a0abstention<\/p><table width=\"75%\"><tbody><tr><td style=\"color: #333333;\" width=\"25%\"><strong>EMET<\/strong><\/td><td style=\"color: #333333; text-align: justify;\" width=\"75%\"><strong>un avis favorable au projet de pacte de Gouvernance pr\u00e9sent\u00e9 en s\u00e9ance et joint en annexe.<\/strong><\/td><\/tr><tr><td style=\"color: #333333;\"><strong>NOTIFIE<\/strong><\/td><td style=\"color: #333333; text-align: justify;\"><strong>l&#8217;avis rendu \u00e0 la CAPH dans le d\u00e9lai prescrit.<\/strong><\/td><\/tr><\/tbody><\/table><div id=\"CM24092021Quatre\" style=\"color: #333333;\"><strong><u>4 &#8211; D\u00e9lib\u00e9ration r\u00e9trocession terrain \u00ab Les jardins de Thiant \u00bb \u00e0 la Commune<\/u><\/strong><\/div><p style=\"color: #333333; text-align: justify;\"><em>Monsieur le Maire donne connaissance de la proposition de SOFIM AMENAGEMENT de c\u00e9der \u00e0 titre gratuit les parcelles reprises au tableau ci-annex\u00e9.<br \/>Cependant il subsiste une probl\u00e9matique : la \u00abbutte paysag\u00e8re \u00bb et l\u2019\u00e9tat des voiries, des trottoirs et des espaces verts. Les r\u00e9seaux et l\u2019\u00e9clairage public \u00e9taient d\u00e9j\u00e0 entretenus par la commune.<br \/>Monsieur Philippe WAELKENS demande \u00e0 ce qu\u2019une analyse soit faite par la SOFIM, \u00e0 sa charge, sur la composition de la butte paysag\u00e8re avant d\u2019accepter la r\u00e9trocession afin de v\u00e9rifier qu\u2019elle ne cache pas de mati\u00e8res polluantes. Un \u00e9tat des lieux pr\u00e9cis doit \u00eatre fait car certaines bordures sont cass\u00e9es.<\/em><\/p><table width=\"100%\" align=\"center\"><tbody><tr><td style=\"color: #333333; text-align: center;\" bgcolor=\"#EEEEEE\" width=\"25%\"><strong>R\u00e9f\u00e9rence cadastrale<\/strong><\/td><td style=\"color: #333333; text-align: center;\" bgcolor=\"#EEEEEE\" width=\"25%\"><strong>Lieu-dit<\/strong><\/td><td style=\"color: #333333; text-align: center;\" bgcolor=\"#EEEEEE\" width=\"15%\"><strong>Contenance<\/strong><\/td><td style=\"color: #333333; text-align: center;\" bgcolor=\"#EEEEEE\" width=\"5%\"><strong>DMPC<\/strong><\/td><td style=\"color: #333333; text-align: center;\" bgcolor=\"#EEEEEE\" width=\"20%\"><strong>Intervenant<\/strong><\/td><td style=\"color: #333333; text-align: center;\" bgcolor=\"#EEEEEE\" width=\"10%\"><strong>Droit<\/strong><\/td><\/tr><tr><td style=\"color: #333333; text-align: left;\" bgcolor=\"#60CCFC\">THIANT (59589) &#8211; A 3411<\/td><td style=\"color: #333333; text-align: left;\" bgcolor=\"#60CCFC\">Au Tombeau<\/td><td style=\"color: #333333; text-align: center;\" bgcolor=\"#60CCFC\">0ha14a85ca<\/td><td style=\"color: #333333; text-align: center;\" bgcolor=\"#60CCFC\">\u00a0<\/td><td style=\"color: #333333; text-align: left;\" bgcolor=\"#60CCFC\">SOFIM<br \/>Am\u00e9nagement<\/td><td style=\"color: #333333; text-align: center;\" bgcolor=\"#60CCFC\">Propri\u00e9taire<\/td><\/tr><tr><td style=\"color: #333333; text-align: left;\" bgcolor=\"#60CCFC\">THIANT (59589) &#8211; A 3412<\/td><td style=\"color: #333333; text-align: left;\" bgcolor=\"#60CCFC\">Au Tombeau<\/td><td style=\"color: #333333; text-align: center;\" bgcolor=\"#60CCFC\">0ha00a22ca<\/td><td style=\"color: #333333; text-align: center;\" bgcolor=\"#60CCFC\">\u00a0<\/td><td style=\"color: #333333; text-align: left;\" bgcolor=\"#60CCFC\">SOFIM<br \/>Am\u00e9nagement<\/td><td style=\"color: #333333; text-align: center;\" bgcolor=\"#60CCFC\">Propri\u00e9taire<\/td><\/tr><tr><td style=\"color: #333333; text-align: left;\" bgcolor=\"#60CCFC\">THIANT (59589) &#8211; A 3605<\/td><td style=\"color: #333333; text-align: left;\" bgcolor=\"#60CCFC\">Au Tombeau<\/td><td style=\"color: #333333; text-align: center;\" bgcolor=\"#60CCFC\">0ha44a79ca<\/td><td style=\"color: #333333; text-align: center;\" bgcolor=\"#60CCFC\">821W<\/td><td style=\"color: #333333; text-align: left;\" bgcolor=\"#60CCFC\">SOFIM<br \/>Am\u00e9nagement<\/td><td style=\"color: #333333; text-align: center;\" bgcolor=\"#60CCFC\">Propri\u00e9taire<\/td><\/tr><tr><td style=\"color: #333333; text-align: left;\" bgcolor=\"#F0E96E\">THIANT (59589) &#8211; A 3298<\/td><td style=\"color: #333333; text-align: left;\" bgcolor=\"#F0E96E\">Rue Henri Barbusse<\/td><td style=\"color: #333333; text-align: center;\" bgcolor=\"#F0E96E\">0ha15a22ca<\/td><td style=\"color: #333333; text-align: center;\" bgcolor=\"#F0E96E\">\u00a0<\/td><td style=\"color: #333333; text-align: left;\" bgcolor=\"#F0E96E\">SOFIM<br \/>Am\u00e9nagement<\/td><td style=\"color: #333333; text-align: center;\" bgcolor=\"#F0E96E\">Propri\u00e9taire<\/td><\/tr><tr><td style=\"color: #333333; text-align: left;\" bgcolor=\"#F0E96E\">THIANT (59589) &#8211; A 3307<\/td><td style=\"color: #333333; text-align: left;\" bgcolor=\"#F0E96E\">Rue Henri Barbusse<\/td><td style=\"color: #333333; text-align: center;\" bgcolor=\"#F0E96E\">0ha46a64ca<\/td><td style=\"color: #333333; text-align: center;\" bgcolor=\"#F0E96E\">\u00a0<\/td><td style=\"color: #333333; text-align: left;\" bgcolor=\"#F0E96E\">SOFIM<br \/>Am\u00e9nagement<\/td><td style=\"color: #333333; text-align: center;\" bgcolor=\"#F0E96E\">Propri\u00e9taire<\/td><\/tr><tr><td style=\"color: #333333; text-align: left;\" bgcolor=\"#F0E96E\">THIANT (59589) &#8211; A 3308<\/td><td style=\"color: #333333; text-align: left;\" bgcolor=\"#F0E96E\">Rue Henri Barbusse<\/td><td style=\"color: #333333; text-align: center;\" bgcolor=\"#F0E96E\">0ha05a30ca<\/td><td style=\"color: #333333; text-align: center;\" bgcolor=\"#F0E96E\">\u00a0<\/td><td style=\"color: #333333; text-align: left;\" bgcolor=\"#F0E96E\">SOFIM<br \/>Am\u00e9nagement<\/td><td style=\"color: #333333; text-align: center;\" bgcolor=\"#F0E96E\">Propri\u00e9taire<\/td><\/tr><tr><td style=\"color: #333333; text-align: left;\" bgcolor=\"#F0E96E\">THIANT (59589) &#8211; A 3384<\/td><td style=\"color: #333333; text-align: left;\" bgcolor=\"#F0E96E\">Rue Henri Barbusse<\/td><td style=\"color: #333333; text-align: center;\" bgcolor=\"#F0E96E\">0ha10a58ca<\/td><td style=\"color: #333333; text-align: center;\" bgcolor=\"#F0E96E\">\u00a0<\/td><td style=\"color: #333333; text-align: left;\" bgcolor=\"#F0E96E\">SOFIM<br \/>Am\u00e9nagement<\/td><td style=\"color: #333333; text-align: center;\" bgcolor=\"#F0E96E\">Propri\u00e9taire<\/td><\/tr><tr><td style=\"color: #333333; text-align: left;\" bgcolor=\"#F0E96E\">THIANT (59589) &#8211; A 3385<\/td><td style=\"color: #333333; text-align: left;\" bgcolor=\"#F0E96E\">Rue Henri Barbusse<\/td><td style=\"color: #333333; text-align: center;\" bgcolor=\"#F0E96E\">0ha09a77ca<\/td><td style=\"color: #333333; text-align: center;\" bgcolor=\"#F0E96E\">\u00a0<\/td><td style=\"color: #333333; text-align: left;\" bgcolor=\"#F0E96E\">SOFIM<br \/>Am\u00e9nagement<\/td><td style=\"color: #333333; text-align: center;\" bgcolor=\"#F0E96E\">Propri\u00e9taire<\/td><\/tr><tr><td style=\"color: #333333; text-align: left;\" bgcolor=\"#F0E96E\">THIANT (59589) &#8211; A 3389<\/td><td style=\"color: #333333; text-align: left;\" bgcolor=\"#F0E96E\">Rue Henri Barbusse<\/td><td style=\"color: #333333; text-align: center;\" bgcolor=\"#F0E96E\">0ha10a01ca<\/td><td style=\"color: #333333; text-align: center;\" bgcolor=\"#F0E96E\">\u00a0<\/td><td style=\"color: #333333; text-align: left;\" bgcolor=\"#F0E96E\">SOFIM<br \/>Am\u00e9nagement<\/td><td style=\"color: #333333; text-align: center;\" bgcolor=\"#F0E96E\">Propri\u00e9taire<\/td><\/tr><tr><td style=\"color: #333333; text-align: left;\" bgcolor=\"#F0E96E\">THIANT (59589) &#8211; A 3392<\/td><td style=\"color: #333333; text-align: left;\" bgcolor=\"#F0E96E\">Rue Henri Barbusse<\/td><td style=\"color: #333333; text-align: center;\" bgcolor=\"#F0E96E\">0ha01a39ca<\/td><td style=\"color: #333333; text-align: center;\" bgcolor=\"#F0E96E\">\u00a0<\/td><td style=\"color: #333333; text-align: left;\" bgcolor=\"#F0E96E\">SOFIM<br \/>Am\u00e9nagement<\/td><td style=\"color: #333333; text-align: center;\" bgcolor=\"#F0E96E\">Propri\u00e9taire<\/td><\/tr><tr><td style=\"color: #333333; text-align: left;\" bgcolor=\"#F0E96E\">THIANT (59589) &#8211; A 3402<\/td><td style=\"color: #333333; text-align: left;\" bgcolor=\"#F0E96E\">Rue Henri Barbusse<\/td><td style=\"color: #333333; text-align: center;\" bgcolor=\"#F0E96E\">0ha04a37ca<\/td><td style=\"color: #333333; text-align: center;\" bgcolor=\"#F0E96E\">\u00a0<\/td><td style=\"color: #333333; text-align: left;\" bgcolor=\"#F0E96E\">SOFIM<br \/>Am\u00e9nagement<\/td><td style=\"color: #333333; text-align: center;\" bgcolor=\"#F0E96E\">Propri\u00e9taire<\/td><\/tr><tr><td style=\"color: #333333; text-align: left;\" bgcolor=\"#F0E96E\">THIANT (59589) &#8211; A 3403<\/td><td style=\"color: #333333; text-align: left;\" bgcolor=\"#F0E96E\">Rue Henri Barbusse<\/td><td style=\"color: #333333; text-align: center;\" bgcolor=\"#F0E96E\">0ha03a37ca<\/td><td style=\"color: #333333; text-align: center;\" bgcolor=\"#F0E96E\">\u00a0<\/td><td style=\"color: #333333; text-align: left;\" bgcolor=\"#F0E96E\">SOFIM<br \/>Am\u00e9nagement<\/td><td style=\"color: #333333; text-align: center;\" bgcolor=\"#F0E96E\">Propri\u00e9taire<\/td><\/tr><tr><td style=\"color: #333333; text-align: left;\" bgcolor=\"#F0E96E\">THIANT (59589) &#8211; A 322<\/td><td style=\"color: #333333; text-align: left;\" bgcolor=\"#F0E96E\">Rue Henri Matisse<\/td><td style=\"color: #333333; text-align: center;\" bgcolor=\"#F0E96E\">0ha07a59ca<\/td><td style=\"color: #333333; text-align: center;\" bgcolor=\"#F0E96E\">\u00a0<\/td><td style=\"color: #333333; text-align: left;\" bgcolor=\"#F0E96E\">SOFIM<br \/>Am\u00e9nagement<\/td><td style=\"color: #333333; text-align: center;\" bgcolor=\"#F0E96E\">Propri\u00e9taire<\/td><\/tr><tr><td style=\"color: #333333; text-align: left;\" bgcolor=\"#F0E96E\">THIANT (59589) &#8211; A 3306<\/td><td style=\"color: #333333; text-align: left;\" bgcolor=\"#F0E96E\">Rue Henri Matisse<\/td><td style=\"color: #333333; text-align: center;\" bgcolor=\"#F0E96E\">0ha47a33ca<\/td><td style=\"color: #333333; text-align: center;\" bgcolor=\"#F0E96E\">553<\/td><td style=\"color: #333333; text-align: left;\" bgcolor=\"#F0E96E\">SOFIM<br \/>Am\u00e9nagement<\/td><td style=\"color: #333333; text-align: center;\" bgcolor=\"#F0E96E\">Propri\u00e9taire<\/td><\/tr><tr><td style=\"color: #333333; text-align: left;\" bgcolor=\"#F0E96E\">THIANT (59589) &#8211; A 3313<\/td><td style=\"color: #333333; text-align: left;\" bgcolor=\"#F0E96E\">Rue Henri Matisse<\/td><td style=\"color: #333333; text-align: center;\" bgcolor=\"#F0E96E\">0ha02a69ca<\/td><td style=\"color: #333333; text-align: center;\" bgcolor=\"#F0E96E\">\u00a0<\/td><td style=\"color: #333333; text-align: left;\" bgcolor=\"#F0E96E\">SOFIM<br \/>Am\u00e9nagement<\/td><td style=\"color: #333333; text-align: center;\" bgcolor=\"#F0E96E\">Propri\u00e9taire<\/td><\/tr><tr><td style=\"color: #333333; text-align: left;\" bgcolor=\"#F0E96E\">THIANT (59589) &#8211; A 3278<\/td><td style=\"color: #333333; text-align: left;\" bgcolor=\"#F0E96E\">Rue Paul C\u00e9zanne<\/td><td style=\"color: #333333; text-align: center;\" bgcolor=\"#F0E96E\">0ha01a20ca<\/td><td style=\"color: #333333; text-align: center;\" bgcolor=\"#F0E96E\">\u00a0<\/td><td style=\"color: #333333; text-align: left;\" bgcolor=\"#F0E96E\">SOFIM<br \/>Am\u00e9nagement<\/td><td style=\"color: #333333; text-align: center;\" bgcolor=\"#F0E96E\">Propri\u00e9taire<\/td><\/tr><tr><td style=\"color: #333333; text-align: left;\" bgcolor=\"#F0E96E\">THIANT (59589) &#8211; A 3289<\/td><td style=\"color: #333333; text-align: left;\" bgcolor=\"#F0E96E\">Rue Paul C\u00e9zanne<\/td><td style=\"color: #333333; text-align: center;\" bgcolor=\"#F0E96E\">0ha01a32ca<\/td><td style=\"color: #333333; text-align: center;\" bgcolor=\"#F0E96E\">\u00a0<\/td><td style=\"color: #333333; text-align: left;\" bgcolor=\"#F0E96E\">SOFIM<br \/>Am\u00e9nagement<\/td><td style=\"color: #333333; text-align: center;\" bgcolor=\"#F0E96E\">Propri\u00e9taire<\/td><\/tr><tr><td style=\"color: #333333; text-align: left;\" bgcolor=\"#F0E96E\">THIANT (59589) &#8211; A 3428<\/td><td style=\"color: #333333; text-align: left;\" bgcolor=\"#F0E96E\">Rue Paul C\u00e9zanne<\/td><td style=\"color: #333333; text-align: center;\" bgcolor=\"#F0E96E\">0ha08a16ca<\/td><td style=\"color: #333333; text-align: center;\" bgcolor=\"#F0E96E\">753<\/td><td style=\"color: #333333; text-align: left;\" bgcolor=\"#F0E96E\">SOFIM<br \/>Am\u00e9nagement<\/td><td style=\"color: #333333; text-align: center;\" bgcolor=\"#F0E96E\">Propri\u00e9taire<\/td><\/tr><tr><td style=\"color: #333333; text-align: left;\" bgcolor=\"#F0E96E\">THIANT (59589) &#8211; A 3429<\/td><td style=\"color: #333333; text-align: left;\" bgcolor=\"#F0E96E\">Rue Paul C\u00e9zanne<\/td><td style=\"color: #333333; text-align: center;\" bgcolor=\"#F0E96E\">0ha00a48ca<\/td><td style=\"color: #333333; text-align: center;\" bgcolor=\"#F0E96E\">\u00a0<\/td><td style=\"color: #333333; text-align: left;\" bgcolor=\"#F0E96E\">SOFIM<br \/>Am\u00e9nagement<\/td><td style=\"color: #333333; text-align: center;\" bgcolor=\"#F0E96E\">Propri\u00e9taire<\/td><\/tr><tr><td style=\"color: #333333; text-align: left;\" bgcolor=\"#60CCFC\">THIANT (59589) &#8211; A 3406<\/td><td style=\"color: #333333; text-align: left;\" bgcolor=\"#60CCFC\">Rue Quentin de la Tour<\/td><td style=\"color: #333333; text-align: center;\" bgcolor=\"#60CCFC\">0ha00a82ca<\/td><td style=\"color: #333333; text-align: center;\" bgcolor=\"#60CCFC\">\u00a0<\/td><td style=\"color: #333333; text-align: left;\" bgcolor=\"#60CCFC\">SOFIM<br \/>Am\u00e9nagement<\/td><td style=\"color: #333333; text-align: center;\" bgcolor=\"#60CCFC\">Propri\u00e9taire<\/td><\/tr><tr><td style=\"color: #333333; text-align: left;\" bgcolor=\"#60CCFC\">THIANT (59589) &#8211; A 3423<\/td><td style=\"color: #333333; text-align: left;\" bgcolor=\"#60CCFC\">Rue Quentin de la Tour<\/td><td style=\"color: #333333; text-align: center;\" bgcolor=\"#60CCFC\">0ha00a02ca<\/td><td style=\"color: #333333; text-align: center;\" bgcolor=\"#60CCFC\">749<\/td><td style=\"color: #333333; text-align: left;\" bgcolor=\"#60CCFC\">SOFIM<br \/>Am\u00e9nagement<\/td><td style=\"color: #333333; text-align: center;\" bgcolor=\"#60CCFC\">Propri\u00e9taire<\/td><\/tr><tr><td style=\"color: #333333; text-align: left;\" bgcolor=\"#60CCFC\">THIANT (59589) &#8211; A 3424<\/td><td style=\"color: #333333; text-align: left;\" bgcolor=\"#60CCFC\">Rue Quentin de la Tour<\/td><td style=\"color: #333333; text-align: center;\" bgcolor=\"#60CCFC\">0ha00a10ca<\/td><td style=\"color: #333333; text-align: center;\" bgcolor=\"#60CCFC\">\u00a0<\/td><td style=\"color: #333333; text-align: left;\" bgcolor=\"#60CCFC\">SOFIM<br \/>Am\u00e9nagement<\/td><td style=\"color: #333333; text-align: center;\" bgcolor=\"#60CCFC\">Propri\u00e9taire<\/td><\/tr><tr><td style=\"color: #333333; text-align: left;\" bgcolor=\"#60CCFC\">THIANT (59589) &#8211; A 3425<\/td><td style=\"color: #333333; text-align: left;\" bgcolor=\"#60CCFC\">Rue Quentin de la Tour<\/td><td style=\"color: #333333; text-align: center;\" bgcolor=\"#60CCFC\">0ha00a10ca<\/td><td style=\"color: #333333; text-align: center;\" bgcolor=\"#60CCFC\">\u00a0<\/td><td style=\"color: #333333; text-align: left;\" bgcolor=\"#60CCFC\">SOFIM<br \/>Am\u00e9nagement<\/td><td style=\"color: #333333; text-align: center;\" bgcolor=\"#60CCFC\">Propri\u00e9taire<\/td><\/tr><tr><td style=\"color: #333333; text-align: left;\" bgcolor=\"#60CCFC\">THIANT (59589) &#8211; A 3426<\/td><td style=\"color: #333333; text-align: left;\" bgcolor=\"#60CCFC\">Rue Quentin de la Tour<\/td><td style=\"color: #333333; text-align: center;\" bgcolor=\"#60CCFC\">0ha00a10ca<\/td><td style=\"color: #333333; text-align: center;\" bgcolor=\"#60CCFC\">\u00a0<\/td><td style=\"color: #333333; text-align: left;\" bgcolor=\"#60CCFC\">SOFIM<br \/>Am\u00e9nagement<\/td><td style=\"color: #333333; text-align: center;\" bgcolor=\"#60CCFC\">Propri\u00e9taire<\/td><\/tr><tr><td style=\"color: #333333; text-align: left;\" bgcolor=\"#F0E96E\">THIANT (59589) &#8211; A 3432<\/td><td style=\"color: #333333; text-align: left;\" bgcolor=\"#F0E96E\">Rue Quentin de la Tour<\/td><td style=\"color: #333333; text-align: center;\" bgcolor=\"#F0E96E\">0ha05a92ca<\/td><td style=\"color: #333333; text-align: center;\" bgcolor=\"#F0E96E\">\u00a0<\/td><td style=\"color: #333333; text-align: left;\" bgcolor=\"#F0E96E\">SOFIM<br \/>Am\u00e9nagement<\/td><td style=\"color: #333333; text-align: center;\" bgcolor=\"#F0E96E\">Propri\u00e9taire<\/td><\/tr><tr><td style=\"color: #333333; text-align: left;\" bgcolor=\"#60CCFC\">THIANT (59589) &#8211; A 3434<\/td><td style=\"color: #333333; text-align: left;\" bgcolor=\"#60CCFC\">Rue Quentin de la Tour<\/td><td style=\"color: #333333; text-align: center;\" bgcolor=\"#60CCFC\">0ha00a01ca<\/td><td style=\"color: #333333; text-align: center;\" bgcolor=\"#60CCFC\">\u00a0<\/td><td style=\"color: #333333; text-align: left;\" bgcolor=\"#60CCFC\">SOFIM<br \/>Am\u00e9nagement<\/td><td style=\"color: #333333; text-align: center;\" bgcolor=\"#60CCFC\">Propri\u00e9taire<\/td><\/tr><\/tbody><\/table><p style=\"color: #333333; text-align: justify;\">Monsieur le Maire pr\u00e9cise que ce projet fera l\u2019objet, apr\u00e8s acquisition en domaine priv\u00e9 communal des voiries et r\u00e9seaux de desserte du lotissement : \u00ab <strong>LES JARDINS DE THIANT<\/strong> \u00bb et conform\u00e9ment \u00e0 l\u2019article <strong>L141-3 Code de la voirie routi\u00e8re,<\/strong> d\u2019un transfert de domanialit\u00e9 domaine priv\u00e9 communal, domaine public communal.<\/p><p style=\"color: #333333;\"><strong>Le Conseil Municipal,<\/strong> apr\u00e8s en avoir d\u00e9lib\u00e9r\u00e9,<br \/>par\u00a023 voix pour,\u00a00 voix contre,\u00a00\u00a0abstention<\/p><table width=\"75%\"><tbody><tr><td style=\"color: #333333;\" width=\"25%\"><strong>DECIDE<\/strong><\/td><td style=\"color: #333333; text-align: justify;\" width=\"75%\">d&#8217;accepter la vente \u00e0 titre gratuit \u00e0 la <strong>Commune de THIANT<\/strong> par <strong>la SOFIM AMENAGEMENT<\/strong> des voiries et r\u00e9seaux de desserte du lotissement : \u00ab <strong>LES JARDINS DE THIANT<\/strong> \u00bb dans le domaine priv\u00e9 communal: <strong><u>uniquement<\/u><\/strong> pour les parcelles annex\u00e9es dans le tableau ci-dessous :<\/td><\/tr><\/tbody><\/table><table width=\"100%\" align=\"center\"><tbody><tr><td style=\"color: #333333; text-align: center;\" bgcolor=\"#EEEEEE\" width=\"25%\"><strong>R\u00e9f\u00e9rence cadastrale<\/strong><\/td><td style=\"color: #333333; text-align: center;\" bgcolor=\"#EEEEEE\" width=\"25%\"><strong>Lieu-dit<\/strong><\/td><td style=\"color: #333333; text-align: center;\" bgcolor=\"#EEEEEE\" width=\"15%\"><strong>Contenance<\/strong><\/td><td style=\"color: #333333; text-align: center;\" bgcolor=\"#EEEEEE\" width=\"5%\"><strong>DMPC<\/strong><\/td><td style=\"color: #333333; text-align: center;\" bgcolor=\"#EEEEEE\" width=\"20%\"><strong>Intervenant<\/strong><\/td><td style=\"color: #333333; text-align: center;\" bgcolor=\"#EEEEEE\" width=\"10%\"><strong>Droit<\/strong><\/td><\/tr><tr><td style=\"color: #333333; text-align: left;\" bgcolor=\"#F0E96E\">THIANT (59589) &#8211; A 3298<\/td><td style=\"color: #333333; text-align: left;\" bgcolor=\"#F0E96E\">Rue Paul C\u00e9zanne<\/td><td style=\"color: #333333; text-align: center;\" bgcolor=\"#F0E96E\">0ha15a22ca<\/td><td style=\"color: #333333; text-align: center;\" bgcolor=\"#F0E96E\">\u00a0<\/td><td style=\"color: #333333; text-align: left;\" bgcolor=\"#F0E96E\">SOFIM<br \/>Am\u00e9nagement<\/td><td style=\"color: #333333; text-align: center;\" bgcolor=\"#F0E96E\">Propri\u00e9taire<\/td><\/tr><tr><td style=\"color: #333333; text-align: left;\" bgcolor=\"#F0E96E\">THIANT (59589) &#8211; A 3307<\/td><td style=\"color: #333333; text-align: left;\" bgcolor=\"#F0E96E\">Rue Pierre Auguste Renoir<\/td><td style=\"color: #333333; text-align: center;\" bgcolor=\"#F0E96E\">0ha46a64ca<\/td><td style=\"color: #333333; text-align: center;\" bgcolor=\"#F0E96E\">\u00a0<\/td><td style=\"color: #333333; text-align: left;\" bgcolor=\"#F0E96E\">SOFIM<br \/>Am\u00e9nagement<\/td><td style=\"color: #333333; text-align: center;\" bgcolor=\"#F0E96E\">Propri\u00e9taire<\/td><\/tr><tr><td style=\"color: #333333; text-align: left;\" bgcolor=\"#F0E96E\">THIANT (59589) &#8211; A 3308<\/td><td style=\"color: #333333; text-align: left;\" bgcolor=\"#F0E96E\">Rue Henri Matisse<\/td><td style=\"color: #333333; text-align: center;\" bgcolor=\"#F0E96E\">0ha05a30ca<\/td><td style=\"color: #333333; text-align: center;\" bgcolor=\"#F0E96E\">\u00a0<\/td><td style=\"color: #333333; text-align: left;\" bgcolor=\"#F0E96E\">SOFIM<br \/>Am\u00e9nagement<\/td><td style=\"color: #333333; text-align: center;\" bgcolor=\"#F0E96E\">Propri\u00e9taire<\/td><\/tr><tr><td style=\"color: #333333; text-align: left;\" bgcolor=\"#F0E96E\">THIANT (59589) &#8211; A 3384<\/td><td style=\"color: #333333; text-align: left;\" bgcolor=\"#F0E96E\">Rue Vincent Van Gogh<\/td><td style=\"color: #333333; text-align: center;\" bgcolor=\"#F0E96E\">0ha10a58ca<\/td><td style=\"color: #333333; text-align: center;\" bgcolor=\"#F0E96E\">\u00a0<\/td><td style=\"color: #333333; text-align: left;\" bgcolor=\"#F0E96E\">SOFIM<br \/>Am\u00e9nagement<\/td><td style=\"color: #333333; text-align: center;\" bgcolor=\"#F0E96E\">Propri\u00e9taire<\/td><\/tr><tr><td style=\"color: #333333; text-align: left;\" bgcolor=\"#F0E96E\">THIANT (59589) &#8211; A 3385<\/td><td style=\"color: #333333; text-align: left;\" bgcolor=\"#F0E96E\">Rue Claude Monet<\/td><td style=\"color: #333333; text-align: center;\" bgcolor=\"#F0E96E\">0ha09a77ca<\/td><td style=\"color: #333333; text-align: center;\" bgcolor=\"#F0E96E\">\u00a0<\/td><td style=\"color: #333333; text-align: left;\" bgcolor=\"#F0E96E\">SOFIM<br \/>Am\u00e9nagement<\/td><td style=\"color: #333333; text-align: center;\" bgcolor=\"#F0E96E\">Propri\u00e9taire<\/td><\/tr><tr><td style=\"color: #333333; text-align: left;\" bgcolor=\"#F0E96E\">THIANT (59589) &#8211; A 3389<\/td><td style=\"color: #333333; text-align: left;\" bgcolor=\"#F0E96E\">Rue Henri Matisse<\/td><td style=\"color: #333333; text-align: center;\" bgcolor=\"#F0E96E\">0ha10a01ca<\/td><td style=\"color: #333333; text-align: center;\" bgcolor=\"#F0E96E\">\u00a0<\/td><td style=\"color: #333333; text-align: left;\" bgcolor=\"#F0E96E\">SOFIM<br \/>Am\u00e9nagement<\/td><td style=\"color: #333333; text-align: center;\" bgcolor=\"#F0E96E\">Propri\u00e9taire<\/td><\/tr><tr><td style=\"color: #333333; text-align: left;\" bgcolor=\"#F0E96E\">THIANT (59589) &#8211; A 3392<\/td><td style=\"color: #333333; text-align: left;\" bgcolor=\"#F0E96E\">Rue Vincent Van Gogh<\/td><td style=\"color: #333333; text-align: center;\" bgcolor=\"#F0E96E\">0ha01a39ca<\/td><td style=\"color: #333333; text-align: center;\" bgcolor=\"#F0E96E\">\u00a0<\/td><td style=\"color: #333333; text-align: left;\" bgcolor=\"#F0E96E\">SOFIM<br \/>Am\u00e9nagement<\/td><td style=\"color: #333333; text-align: center;\" bgcolor=\"#F0E96E\">Propri\u00e9taire<\/td><\/tr><tr><td style=\"color: #333333; text-align: left;\" bgcolor=\"#F0E96E\">THIANT (59589) &#8211; A 3402<\/td><td style=\"color: #333333; text-align: left;\" bgcolor=\"#F0E96E\">Rue Vincent Van Gogh<\/td><td style=\"color: #333333; text-align: center;\" bgcolor=\"#F0E96E\">0ha04a37ca<\/td><td style=\"color: #333333; text-align: center;\" bgcolor=\"#F0E96E\">\u00a0<\/td><td style=\"color: #333333; text-align: left;\" bgcolor=\"#F0E96E\">SOFIM<br \/>Am\u00e9nagement<\/td><td style=\"color: #333333; text-align: center;\" bgcolor=\"#F0E96E\">Propri\u00e9taire<\/td><\/tr><tr><td style=\"color: #333333; text-align: left;\" bgcolor=\"#F0E96E\">THIANT (59589) &#8211; A 3403<\/td><td style=\"color: #333333; text-align: left;\" bgcolor=\"#F0E96E\">Rue Vincent Van Gogh<\/td><td style=\"color: #333333; text-align: center;\" bgcolor=\"#F0E96E\">0ha03a37ca<\/td><td style=\"color: #333333; text-align: center;\" bgcolor=\"#F0E96E\">\u00a0<\/td><td style=\"color: #333333; text-align: left;\" bgcolor=\"#F0E96E\">SOFIM<br \/>Am\u00e9nagement<\/td><td style=\"color: #333333; text-align: center;\" bgcolor=\"#F0E96E\">Propri\u00e9taire<\/td><\/tr><tr><td style=\"color: #333333; text-align: left;\" bgcolor=\"#F0E96E\">THIANT (59589) &#8211; A 322<\/td><td style=\"color: #333333; text-align: left;\" bgcolor=\"#F0E96E\">Rue Henri Barbusse<\/td><td style=\"color: #333333; text-align: center;\" bgcolor=\"#F0E96E\">0ha07a59ca<\/td><td style=\"color: #333333; text-align: center;\" bgcolor=\"#F0E96E\">\u00a0<\/td><td style=\"color: #333333; text-align: left;\" bgcolor=\"#F0E96E\">SOFIM<br \/>Am\u00e9nagement<\/td><td style=\"color: #333333; text-align: center;\" bgcolor=\"#F0E96E\">Propri\u00e9taire<\/td><\/tr><tr><td style=\"color: #333333; text-align: left;\" bgcolor=\"#F0E96E\">THIANT (59589) &#8211; A 3306<\/td><td style=\"color: #333333; text-align: left;\" bgcolor=\"#F0E96E\">Rue Henri Matisse<\/td><td style=\"color: #333333; text-align: center;\" bgcolor=\"#F0E96E\">0ha47a33ca<\/td><td style=\"color: #333333; text-align: center;\" bgcolor=\"#F0E96E\">553<\/td><td style=\"color: #333333; text-align: left;\" bgcolor=\"#F0E96E\">SOFIM<br \/>Am\u00e9nagement<\/td><td style=\"color: #333333; text-align: center;\" bgcolor=\"#F0E96E\">Propri\u00e9taire<\/td><\/tr><tr><td style=\"color: #333333; text-align: left;\" bgcolor=\"#F0E96E\">THIANT (59589) &#8211; A 3313<\/td><td style=\"color: #333333; text-align: left;\" bgcolor=\"#F0E96E\">Rue Henri Matisse<\/td><td style=\"color: #333333; text-align: center;\" bgcolor=\"#F0E96E\">0ha02a69ca<\/td><td style=\"color: #333333; text-align: center;\" bgcolor=\"#F0E96E\">\u00a0<\/td><td style=\"color: #333333; text-align: left;\" bgcolor=\"#F0E96E\">SOFIM<br \/>Am\u00e9nagement<\/td><td style=\"color: #333333; text-align: center;\" bgcolor=\"#F0E96E\">Propri\u00e9taire<\/td><\/tr><tr><td style=\"color: #333333; text-align: left;\" bgcolor=\"#F0E96E\">THIANT (59589) &#8211; A 3278<\/td><td style=\"color: #333333; text-align: left;\" bgcolor=\"#F0E96E\">Rue Paul C\u00e9zanne<\/td><td style=\"color: #333333; text-align: center;\" bgcolor=\"#F0E96E\">0ha01a20ca<\/td><td style=\"color: #333333; text-align: center;\" bgcolor=\"#F0E96E\">\u00a0<\/td><td style=\"color: #333333; text-align: left;\" bgcolor=\"#F0E96E\">SOFIM<br \/>Am\u00e9nagement<\/td><td style=\"color: #333333; text-align: center;\" bgcolor=\"#F0E96E\">Propri\u00e9taire<\/td><\/tr><tr><td style=\"color: #333333; text-align: left;\" bgcolor=\"#F0E96E\">THIANT (59589) &#8211; A 3289<\/td><td style=\"color: #333333; text-align: left;\" bgcolor=\"#F0E96E\">Rue Paul C\u00e9zanne<\/td><td style=\"color: #333333; text-align: center;\" bgcolor=\"#F0E96E\">0ha01a32ca<\/td><td style=\"color: #333333; text-align: center;\" bgcolor=\"#F0E96E\">\u00a0<\/td><td style=\"color: #333333; text-align: left;\" bgcolor=\"#F0E96E\">SOFIM<br \/>Am\u00e9nagement<\/td><td style=\"color: #333333; text-align: center;\" bgcolor=\"#F0E96E\">Propri\u00e9taire<\/td><\/tr><tr><td style=\"color: #333333; text-align: left;\" bgcolor=\"#F0E96E\">THIANT (59589) &#8211; A 3428<\/td><td style=\"color: #333333; text-align: left;\" bgcolor=\"#F0E96E\">Rue Paul C\u00e9zanne<\/td><td style=\"color: #333333; text-align: center;\" bgcolor=\"#F0E96E\">0ha08a16ca<\/td><td style=\"color: #333333; text-align: center;\" bgcolor=\"#F0E96E\">753<\/td><td style=\"color: #333333; text-align: left;\" bgcolor=\"#F0E96E\">SOFIM<br \/>Am\u00e9nagement<\/td><td style=\"color: #333333; text-align: center;\" bgcolor=\"#F0E96E\">Propri\u00e9taire<\/td><\/tr><tr><td style=\"color: #333333; text-align: left;\" bgcolor=\"#F0E96E\">THIANT (59589) &#8211; A 3429<\/td><td style=\"color: #333333; text-align: left;\" bgcolor=\"#F0E96E\">Rue Quentin de La Tour<\/td><td style=\"color: #333333; text-align: center;\" bgcolor=\"#F0E96E\">0ha00a48ca<\/td><td style=\"color: #333333; text-align: center;\" bgcolor=\"#F0E96E\">\u00a0<\/td><td style=\"color: #333333; text-align: left;\" bgcolor=\"#F0E96E\">SOFIM<br \/>Am\u00e9nagement<\/td><td style=\"color: #333333; text-align: center;\" bgcolor=\"#F0E96E\">Propri\u00e9taire<\/td><\/tr><tr><td style=\"color: #333333; text-align: left;\" bgcolor=\"#F0E96E\">THIANT (59589) &#8211; A 3432<\/td><td style=\"color: #333333; text-align: left;\" bgcolor=\"#F0E96E\">Rue Quentin de La Tour<\/td><td style=\"color: #333333; text-align: center;\" bgcolor=\"#F0E96E\">0ha05a92ca<\/td><td style=\"color: #333333; text-align: center;\" bgcolor=\"#F0E96E\">\u00a0<\/td><td style=\"color: #333333; text-align: left;\" bgcolor=\"#F0E96E\">SOFIM<br \/>Am\u00e9nagement<\/td><td style=\"color: #333333; text-align: center;\" bgcolor=\"#F0E96E\">Propri\u00e9taire<\/td><\/tr><\/tbody><\/table><ul style=\"color: #333333; padding-left: 40px; text-align: justify;\"><li>DEMANDE un \u00e9tat de lieux par la SOFIM et que les r\u00e9parations n\u00e9cessaires soient faites avant le transfert : exemple bordures \u00e0 remplacer, trous \u00e0 reboucher\u2026<\/li><li>DEMANDE \u00e0 la SOFIM de sonder et analyser les parcelles de \u00ab la butte paysag\u00e8re \u00bb<\/li><li>DECIDE que le transfert de propri\u00e9t\u00e9 sera r\u00e9alis\u00e9 par acte administratif \u00e9tabli avec l\u2019assistance du Cabinet FONCIER 62\/59 \u00e0 ARRAS, et re\u00e7u par Monsieur le Maire de <strong>THIANT,<\/strong> autorise Madame <strong>St\u00e9phanie WATTIEZ,<\/strong> 1<sup>\u00e8re<\/sup> Adjointe au Maire \u00e0 compara\u00eetre au nom et pour le compte de la commune conform\u00e9ment \u00e0 l\u2019article L1311-13 du Code G\u00e9n\u00e9ral des Collectivit\u00e9s Territoriales.<\/li><li>CONSIDERE que la pr\u00e9sente acquisition pass\u00e9e dans le cadre de l&#8217;article <strong>1042 du Code G\u00e9n\u00e9ral des Imp\u00f4ts<\/strong> ne donne lieu \u00e0 aucune perception au profit du Tr\u00e9sor.<\/li><li>DECIDE, qu\u2019apr\u00e8s publicit\u00e9 fonci\u00e8re de l\u2019acte de vente au Service de la Publicit\u00e9 Fonci\u00e8re, de proc\u00e9der au transfert de domanialit\u00e9 domaine priv\u00e9 communal, domaine public communal conform\u00e9ment \u00e0 l\u2019article <strong>L141-3 Code de la voirie routi\u00e8re.<\/strong><\/li><\/ul><p style=\"color: #333333; text-align: justify;\">Dit que les frais de proc\u00e9dure seront \u00e0 la charge de <strong>SOFIM AMENAGEMENT<\/strong><\/p><p style=\"color: #333333; text-align: justify;\"><em>La probl\u00e9matique des espaces verts et du stationnement ont fait d\u00e9bat aussi.<\/em><\/p><div id=\"CM24092021Cinq\" style=\"color: #333333;\"><strong><u>5 &#8211; D\u00e9lib\u00e9ration Autorisation dossier de subvention via les amendes de police<\/u><\/strong><\/div><p style=\"color: #333333; padding-left: 40px; text-align: justify;\"><em>Pr\u00e9sentation par Monsieur Philippe WAELKENS<br \/>Il souhaite que pour la Rue Jean Jaur\u00e8s, Rue Henri Barbusse, Cit\u00e9 Maurice Thorez et Cit\u00e9 Ambroise Croizat\u2026 des chicanes puissent \u00eatre install\u00e9es avec l\u2019aide de ces subventions li\u00e9es aux amendes de Police.<\/em><\/p><p style=\"color: #0b07a2; padding-left: 40px;\">Le produit des amendes de police relatives \u00e0 la circulation routi\u00e8re<\/p><p style=\"color: #333333; padding-left: 40px; text-align: justify;\">L\u2019Etat r\u00e9troc\u00e8de aux communes et \u00e0 leurs groupements le produit des amendes de police relatives \u00e0 la circulation routi\u00e8re dress\u00e9es sur leur territoire qu\u2019il a effectivement recouvr\u00e9 (article L2334-24 du CGCT). La r\u00e9partition du produit des amendes est proportionnelle au nombre de contraventions dress\u00e9es l\u2019ann\u00e9e pr\u00e9c\u00e9dente sur le territoire de chaque commune ou groupement.<\/p><p style=\"color: #333333; padding-left: 40px; text-align: justify;\">Le circuit budg\u00e9taire des amendes de police de la circulation a \u00e9t\u00e9 r\u00e9form\u00e9. L\u2019int\u00e9gralit\u00e9 du produit de ces amendes, \u00e0 l\u2019exception de la fraction de ce produit affect\u00e9 au Fonds interminist\u00e9riel de pr\u00e9vention de la d\u00e9linquance (FIPD), est d\u00e9sormais affect\u00e9e au compte d\u2019affectation sp\u00e9ciale (CAS) \u00ab Contr\u00f4le de la circulation et du stationnement routiers \u00bb. Le pr\u00e9l\u00e8vement sur les recettes de l\u2019\u00c9tat \u00ab Produit des amendes de police de la circulation et des radars automatiques \u00bb est donc supprim\u00e9 depuis 2011. La part du produit des amendes revenant aux collectivit\u00e9s territoriales est d\u00e9sormais port\u00e9e par le programme 754 du CAS intitul\u00e9 \u00ab Contribution \u00e0 l\u2019\u00e9quipement des collectivit\u00e9s territoriales pour l\u2019am\u00e9lioration des transports en commun, de la s\u00e9curit\u00e9 et de la circulation routi\u00e8res \u00bb.<\/p><p style=\"color: #333333; padding-left: 40px; text-align: justify;\">Le D\u00e9partement a adopt\u00e9, en novembre 2019, un nouveau fonds d&#8217;accompagnement des Communes et des Groupements de communes pour la r\u00e9alisation d&#8217;am\u00e9nagements de s\u00e9curit\u00e9 sur les routes d\u00e9partementales \u00e0 l\u2019int\u00e9rieur des agglom\u00e9rations.<\/p><p style=\"color: #333333; padding-left: 40px; text-align: justify;\">Le D\u00e9partement a la charge de r\u00e9partir le produit des amendes de police relatives \u00e0 la circulation routi\u00e8re, entre les communes ou les Groupements de communes de moins de 10 000 habitants qui exercent les comp\u00e9tences en mati\u00e8re de voirie, de transport en commun ou de parcs de stationnement.<\/p><p style=\"color: #333333;\"><strong>Le Conseil Municipal,<\/strong> apr\u00e8s en avoir d\u00e9lib\u00e9r\u00e9,<br \/>par\u00a023 voix pour,\u00a00 voix contre,\u00a00\u00a0abstention<\/p><table width=\"75%\"><tbody><tr><td style=\"color: #333333;\" width=\"25%\"><strong>AUTORISE<\/strong><\/td><td style=\"color: #333333; text-align: justify;\" width=\"75%\">Monsieur Le Maire \u00e0 d\u00e9poser des dossiers de subventions li\u00e9s aux amendes de police pour des projets d\u2019investissement.<\/td><\/tr><\/tbody><\/table><div id=\"CM24092021Six\" style=\"color: #333333;\"><strong><u>6 &#8211; D\u00e9lib\u00e9ration Autorisation d\u2019emplois saisonniers pour les centres des petites vacances<\/u><\/strong><\/div><p style=\"color: #333333; padding-left: 40px; text-align: justify;\">Vu la loi n\u00b083-634 du 13 juillet 1983 modifi\u00e9e portant droits et obligations des fonctionnaires ;<\/p><p style=\"color: #333333; padding-left: 40px; text-align: justify;\">Vu la loi n\u00b084-53 du 26 janvier 1984 modifi\u00e9e portant dispositions statutaires relatives \u00e0 la Fonction Publique Territoriale, notamment son article 3 &#8211; I \u2013 2\u00b0 ;<\/p><p style=\"color: #333333; padding-left: 40px; text-align: justify;\">Consid\u00e9rant qu\u2019en pr\u00e9vision des centres r\u00e9cr\u00e9athiant pendant les petites vacances scolaires, il est n\u00e9cessaire de renforcer les services du centre de loisirs pour la p\u00e9riode du 23 octobre au 06 novembre 2021;<\/p><p style=\"color: #333333; padding-left: 40px; text-align: justify;\">Consid\u00e9rant qu\u2019il peut \u00eatre fait appel \u00e0 du personnel recrut\u00e9 en qualit\u00e9 d\u2019agent contractuel pour faire face \u00e0 des besoins li\u00e9s \u00e0 un accroissement saisonnier d\u2019activit\u00e9 en application de l\u2019article 3 &#8211; I \u2013 2\u00b0 de la loi n\u00b084-53 pr\u00e9cit\u00e9e ;<\/p><p style=\"color: #333333; padding-left: 40px; text-align: justify;\">Sur le rapport de Monsieur le Maire<\/p><p style=\"color: #333333;\"><strong>Le Conseil Municipal,<\/strong> apr\u00e8s en avoir d\u00e9lib\u00e9r\u00e9,<br \/>par\u00a023 voix pour,\u00a00 voix contre,\u00a00\u00a0abstention<\/p><table width=\"75%\"><tbody><tr><td style=\"color: #333333;\" width=\"25%\"><strong>DECIDE<\/strong><\/td><td style=\"color: #333333; text-align: justify;\" width=\"75%\">d\u2019autoriser Monsieur le Maire \u00e0 recruter des agents contractuels pour faire face \u00e0 des besoins li\u00e9s \u00e0 un accroissement saisonnier d\u2019activit\u00e9 pour une p\u00e9riode de 15 jours en application de l\u2019article 3 &#8211; I \u2013 2\u00b0 de la loi n\u00b084-53 pr\u00e9cit\u00e9e.<\/td><\/tr><\/tbody><\/table><p style=\"color: #333333; padding-left: 40px; text-align: justify;\">A ce titre, seront cr\u00e9\u00e9s :<\/p><ul style=\"color: #333333; padding-left: 40px;\"><li>au maximum 8 emplois \u00e0 temps complet dans le grade d\u2019Adjoint d\u2019Animation relevant de la cat\u00e9gorie Hi\u00e9rarchique C pour exercer les fonctions d\u2019animateur ;<\/li><li>au maximum 8 emplois \u00e0 temps non complet \u00e0 raison de 20\/35<sup>\u00e8mes<\/sup> dans le grade d\u2019Adjoint d\u2019Animation relevant de la cat\u00e9gorie hi\u00e9rarchique C pour exercer les fonctions d\u2019Animateur<\/li><\/ul><p style=\"color: #333333; padding-left: 40px; text-align: justify;\">Monsieur le Maire sera charg\u00e9 de la constatation des besoins concern\u00e9s ainsi que de la d\u00e9termination des niveaux de recrutement et de r\u00e9mun\u00e9ration des candidats selon la nature des fonctions et de leur profil. La r\u00e9mun\u00e9ration sera limit\u00e9e \u00e0 l\u2019indice terminal du grade de r\u00e9f\u00e9rence.<\/p><p style=\"color: #333333; padding-left: 40px; text-align: justify;\">Les cr\u00e9dits correspondants sont inscrits au budget.<\/p><div id=\"CM24092021Sept\" style=\"color: #333333;\"><strong><u>7 &#8211; D\u00e9lib\u00e9ration Autorisation de pr\u00e9senter un dossier de Contrat Enfance Jeunesse aupr\u00e8s des services de la CAF (Renouvellement)<\/u><\/strong><\/div><p style=\"color: #333333; padding-left: 40px; text-align: justify;\"><em>Madame St\u00e9phanie WATTIEZ explique \u00e0 quoi correspond le contrat enfance jeunesse.<br \/>De plus, ce nouveau contrat permettra \u00e9ventuellement de prendre en compte, pendant les petites vacances, l\u2019accueil des enfants \u00e0 la journ\u00e9e.<br \/>Ce contrat permet d\u2019obtenir des participations de la CAF sur les centres.<br \/>Le dossier sera d\u00e9pos\u00e9 pour d\u00e9but novembre 2021.<br \/>Une r\u00e9flexion administrative et financi\u00e8re reste en cours pour la mise en place lors des petites vacances des activit\u00e9s \u00e0 la journ\u00e9e.<\/em><\/p><p style=\"color: #333333;\"><strong>Le Conseil Municipal,<\/strong> apr\u00e8s en avoir d\u00e9lib\u00e9r\u00e9,<br \/>par\u00a023 voix pour,\u00a00 voix contre,\u00a00\u00a0abstention<\/p><table width=\"75%\"><tbody><tr><td style=\"color: #333333;\" width=\"25%\"><strong>AUTORISE<\/strong><\/td><td style=\"color: #333333; text-align: justify;\" width=\"75%\">Monsieur Le Maire \u00e0 d\u00e9poser un nouveau dossier de Contrat Enfance Jeunesse aupr\u00e8s des services de la CAF.<\/td><\/tr><\/tbody><\/table><div id=\"CM24092021Huit\" style=\"color: #333333;\"><strong><u>8 &#8211; D\u00e9lib\u00e9ration Taxe Fonci\u00e8re exon\u00e9ration<\/u><\/strong><\/div><p style=\"color: #333333; text-align: justify;\"><em>Monsieur Le Maire fait un rappel et pr\u00e9cise que, jusqu\u2019\u00e0 ce jour, la commune n\u2019appliquait pas l\u2019exon\u00e9ration de deux ans sur les nouvelles constructions.<br \/>Il n\u2019y a pas d\u2019augmentation de taxe fonci\u00e8re !<br \/>Par d\u00e9faut, la loi va nous imposer d\u2019appliquer minimum 40% d\u2019exon\u00e9ration les deux premi\u00e8res ann\u00e9es.<\/em><\/p><h4>TAXE FONCI\u00c8RE SUR LES PROPRI\u00c9T\u00c9S B\u00c2TIES<\/h4><h6>EXONERATION DE DEUX ANS EN FAVEUR DES CONSTRUCTIONS NOUVELLES \u00c0 USAGE D\u2019HABITATION<\/h6><p style=\"color: #333333; text-align: center;\"><strong>Code G\u00e9n\u00e9ral des Imp\u00f4ts, article 1383<\/strong><\/p><p style=\"color: #333333; padding-left: 40px; text-align: justify;\"><em>\u00ab I. Les constructions nouvelles, reconstructions et additions de construction \u00e0 usage d&#8217;habitation sont exon\u00e9r\u00e9es de la taxe fonci\u00e8re sur les propri\u00e9t\u00e9s b\u00e2ties durant les deux ann\u00e9es qui suivent celle de leur ach\u00e8vement.<\/em><\/p><p style=\"color: #333333; padding-left: 40px; text-align: justify;\"><em>La commune peut, par une d\u00e9lib\u00e9ration prise dans les conditions pr\u00e9vues \u00e0 l&#8217;article 1639 A bis et pour la part qui lui revient, limiter l&#8217;exon\u00e9ration pr\u00e9vue au premier alin\u00e9a du pr\u00e9sent I \u00e0 40 %, 50 %, 60 %, 70 %, 80 % ou 90 % de la base imposable. La d\u00e9lib\u00e9ration peut toutefois limiter cette exon\u00e9ration uniquement pour ceux de ces immeubles qui ne sont pas financ\u00e9s au moyen de pr\u00eats aid\u00e9s de l&#8217;Etat pr\u00e9vus aux articles L. 301-1 \u00e0 L.301-6 du code de la construction et de l&#8217;habitation ou de pr\u00eats conventionn\u00e9s.<\/em><\/p><p style=\"color: #333333; padding-left: 40px; text-align: justify;\"><em>L&#8217;\u00e9tablissement public de coop\u00e9ration intercommunale peut, par une d\u00e9lib\u00e9ration prise dans les conditions pr\u00e9vues \u00e0 l&#8217;article 1639 A bis du pr\u00e9sent code et pour la part qui lui revient, supprimer l&#8217;exon\u00e9ration pr\u00e9vue au premier alin\u00e9a du pr\u00e9sent I. La d\u00e9lib\u00e9ration peut toutefois limiter cette exon\u00e9ration uniquement pour ceux de ces immeubles qui ne sont pas financ\u00e9s au moyen de pr\u00eats aid\u00e9s de l&#8217;Etat pr\u00e9vus aux articles L. 301-1 \u00e0 L. 301-6 du code de la construction et de l&#8217;habitation ou de pr\u00eats conventionn\u00e9s.<\/em><\/p><p style=\"color: #333333; padding-left: 40px; text-align: justify;\"><em>II. Les constructions nouvelles, reconstructions et additions de construction autres que celles \u00e0 usage d&#8217;habitation sont exon\u00e9r\u00e9es de la taxe fonci\u00e8re sur les propri\u00e9t\u00e9s b\u00e2ties \u00e0 hauteur de 40 % de la base imposable durant les deux ann\u00e9es qui suivent celle de leur ach\u00e8vement.<\/em><\/p><p style=\"color: #333333; padding-left: 40px; text-align: justify;\"><em>L&#8217;exon\u00e9ration temporaire pr\u00e9vue au premier alin\u00e9a du pr\u00e9sent II ne s&#8217;applique pas pour la part de taxe fonci\u00e8re sur les propri\u00e9t\u00e9s b\u00e2ties per\u00e7ue au profit des \u00e9tablissements publics de coop\u00e9ration intercommunale.<\/em><\/p><p style=\"color: #333333; padding-left: 40px; text-align: justify;\"><em>L&#8217;exon\u00e9ration temporaire pr\u00e9vue au m\u00eame premier alin\u00e9a ne s&#8217;applique pas aux terrains utilis\u00e9s pour la publicit\u00e9 commerciale ou industrielle par panneaux-r\u00e9clames, affiches-\u00e9crans ou affiches sur portatif sp\u00e9cial, \u00e9tablis au del\u00e0 d&#8217;une distance de 100 m\u00e8tres autour de toute agglom\u00e9ration de maisons ou de b\u00e2timents.<\/em><\/p><p style=\"color: #333333; padding-left: 40px; text-align: justify;\"><em>III. Les I et II s&#8217;appliquent \u00e9galement en cas de conversion d&#8217;un b\u00e2timent \u00e0 usage agricole en maison ou en usine et en cas d&#8217;affectation de terrains \u00e0 des usages commerciaux ou industriels tels que chantiers, lieux de d\u00e9p\u00f4ts de marchandises et autres emplacements de m\u00eame nature. \u00bb<\/em><\/p><h5><span style=\"color: #333333; padding-left: 40px; text-align: left;\">A &#8211; PR\u00c9SENTATION<\/span><\/h5><p><!--<\/p>\n<hr align=\"left\" width=\"75%\" style=\"color: #333333; padding-left: 40px;\">\n<p>--><\/p><p style=\"color: #333333; padding-left: 40px; text-align: justify;\">Les constructions nouvelles, reconstructions et additions de construction \u00e0 usage d&#8217;habitation sont exon\u00e9r\u00e9es de la taxe fonci\u00e8re sur les propri\u00e9t\u00e9s b\u00e2ties durant les deux ann\u00e9es qui suivent celle de leur ach\u00e8vement.<\/p><p style=\"color: #333333; padding-left: 40px; text-align: justify;\">Les communes peuvent par une d\u00e9lib\u00e9ration prise dans les conditions pr\u00e9vues \u00e0 l&#8217;article 1639 A bis du code g\u00e9n\u00e9ral des imp\u00f4ts (CGI) et pour la part qui leur revient, r\u00e9duire l&#8217;exon\u00e9ration \u00e0 40 %, 50 %, 60 %, 70 %, 80 % ou 90 % de la base imposable.<\/p><h5><span style=\"color: #333333; padding-left: 40px; text-align: left;\">B &#8211; CHAMP D\u2019APPLICATION<\/span><\/h5><p><!--<\/p>\n<hr align=\"left\" width=\"75%\" style=\"color: #333333; padding-left: 40px;\">\n<p>--><\/p><p style=\"color: #333333; padding-left: 40px; text-align: justify;\"><strong>Immeubles \u00e0 usage d\u2019habitation<\/strong><\/p><p style=\"color: #333333; padding-left: 40px; text-align: justify;\">Il s\u2019agit :<\/p><ul style=\"color: #333333; padding-left: 40px;\"><li>des constructions nouvelles \u00e0 usage d&#8217;habitation ou de leurs d\u00e9pendances,<\/li><li>des additions de construction \u00e0 usage d&#8217;habitation ou de d\u00e9pendance,<\/li><li>des reconstructions destin\u00e9es \u00e0 un usage d&#8217;habitation,<\/li><li>des conversions de b\u00e2timents ruraux en logements.<\/li><\/ul><p style=\"color: #333333; padding-left: 40px; text-align: justify;\">Pour ces immeubles \u00e0 usage d\u2019habitation, l&#8217;exon\u00e9ration temporaire de deux ans est maintenue en totalit\u00e9, sauf d\u00e9lib\u00e9ration contraire des communes et de leurs groupements dot\u00e9s d\u2019une fiscalit\u00e9 propre.<\/p><p style=\"color: #333333; padding-left: 40px; text-align: justify;\">Il est rappel\u00e9 cependant que le b\u00e9n\u00e9fice de l&#8217;exon\u00e9ration reste, dans tous les cas, subordonn\u00e9 au d\u00e9p\u00f4t d&#8217;une d\u00e9claration dans les 90 jours de l&#8217;ach\u00e8vement ou du changement.<\/p><p style=\"color: #333333; padding-left: 40px; text-align: justify;\">Si la commune ou les groupements auxquels elle appartient ont pris une d\u00e9lib\u00e9ration pour limiter ou supprimer l\u2019exon\u00e9ration dont b\u00e9n\u00e9ficient ces immeubles d&#8217;habitation, ceux-ci sont imposables pour la part de taxe fonci\u00e8re sur les propri\u00e9t\u00e9s b\u00e2ties revenant \u00e0 la commune ou aux groupements d\u00e8s le 1<sup>er<\/sup> janvier de l&#8217;ann\u00e9e suivant celle de leur ach\u00e8vement.<\/p><h5><span style=\"color: #333333; padding-left: 40px; text-align: left;\">C &#8211; NECESSIT\u00c9 D\u2019UNE D\u00c9LIBERATION<\/span><\/h5><p><!--<\/p>\n<hr align=\"left\" width=\"75%\" style=\"color: #333333; padding-left: 40px;\">\n<p>--><\/p><ul style=\"color: #333333; padding-left: 40px;\"><li><strong>Autorit\u00e9s comp\u00e9tentes pour d\u00e9lib\u00e9rer<\/strong><br \/>Il s&#8217;agit :<br \/><ul style=\"color: #333333; padding-left: 40px; text-align: justify;\"><li>des <strong>conseils municipaux,<\/strong> pour les impositions de taxe fonci\u00e8re sur les propri\u00e9t\u00e9s b\u00e2ties per\u00e7ues au profit des communes et des EPCI non dot\u00e9s d&#8217;une fiscalit\u00e9 propre dont elles sont membres et, le cas \u00e9ch\u00e9ant, pour les taxes sp\u00e9ciales d\u2019\u00e9quipement additionnelles \u00e0 la taxe fonci\u00e8re sur les propri\u00e9t\u00e9s b\u00e2ties per\u00e7ues au profit de certains \u00e9tablissements publics fonciers ;<\/li><li>des <strong>organes d\u00e9lib\u00e9rants des EPCI \u00e0 fiscalit\u00e9 propre,<\/strong> pour les impositions de taxe fonci\u00e8re sur les propri\u00e9t\u00e9s b\u00e2ties per\u00e7ues \u00e0 leur profit ;<\/li><\/ul><\/li><li><strong>Date de la D\u00e9lib\u00e9ration<\/strong><br \/>Cette d\u00e9lib\u00e9ration doit \u00eatre prise dans les conditions pr\u00e9vues \u00e0 l&#8217;article 1639 A bis du CGI, c&#8217;est-\u00e0-dire avant le 1<sup>er<\/sup> octobre N pour \u00eatre applicable \u00e0 compter de N+1.<\/li><li><strong>Port\u00e9e et contenu de la d\u00e9lib\u00e9ration<\/strong><br \/><ul style=\"color: #333333; padding-left: 40px; text-align: justify;\"><li>Les d\u00e9lib\u00e9rations des communes et de leurs groupements \u00e0 fiscalit\u00e9 propre peuvent viser :<ul><li>soit tous les immeubles \u00e0 usage d\u2019habitation ;<\/li><li>soit les immeubles \u00e0 usage d&#8217;habitation qui ne sont pas financ\u00e9s au moyen de pr\u00eats aid\u00e9s de l&#8217;Etat pr\u00e9vus aux articles L. 301-1 \u00e0 L. 301-6 du code de la construction et de l\u2019habitation ou de pr\u00eats conventionn\u00e9s.<\/li><\/ul><\/li><li>Elles n&#8217;ont aucune incidence sur les logements achev\u00e9s en N-1 (N \u00e9tant l\u2019ann\u00e9e d\u2019adoption de la d\u00e9lib\u00e9ration). Ceux-ci restent exon\u00e9r\u00e9s en N et N+1.<br \/>Elles s&#8217;appliquent aux logements achev\u00e9s \u00e0 compter du 1<sup>er<\/sup> janvier de l&#8217;ann\u00e9e N.<\/li><li>Elles demeurent valables tant qu&#8217;elles n&#8217;ont pas \u00e9t\u00e9 modifi\u00e9es ou rapport\u00e9es<\/li><\/ul><\/li><\/ul><p style=\"color: #333333;\"><strong>Vu<\/strong> l\u2019article 1383 du code g\u00e9n\u00e9ral des imp\u00f4ts,<\/p><p style=\"color: #333333;\"><strong>Le Conseil Municipal,<\/strong> apr\u00e8s en avoir d\u00e9lib\u00e9r\u00e9,<br \/>par\u00a023 voix pour,\u00a00 voix contre,\u00a00\u00a0abstention<\/p><table width=\"75%\"><tbody><tr><td style=\"color: #333333;\" width=\"25%\"><strong>DECIDE<\/strong><\/td><td style=\"color: #333333; text-align: justify;\" width=\"75%\">de limiter l\u2019exon\u00e9ration de deux ans de la taxe fonci\u00e8re sur les propri\u00e9t\u00e9s b\u00e2ties en faveur des constructions nouvelles, additions de construction, reconstructions, et conversions de b\u00e2timents ruraux en logements, \u00e0 40% de la base imposable, en ce qui concerne tous les immeubles \u00e0 usage d\u2019habitation.<\/td><\/tr><\/tbody><\/table><div id=\"CM24092021Neuf\" style=\"color: #333333;\"><strong><u>9 &#8211; D\u00e9lib\u00e9ration Tableau des effectifs Enseignants Artistiques<\/u><\/strong><\/div><p style=\"color: #333333; padding-left: 40px; text-align: justify;\"><em>Monsieur le Maire expose qu\u2019il appartient \u00e0 l\u2019organe d\u00e9lib\u00e9rant de la collectivit\u00e9 sur proposition de l\u2019autorit\u00e9 territoriale, de fixer les effectifs des emplois permanents n\u00e9cessaires au fonctionnement des services.<\/em><\/p><p style=\"color: #333333; padding-left: 40px; text-align: justify;\"><em>Consid\u00e9rant la loi n\u00b083-634 du 13 juillet 1983 modifi\u00e9e portant droits et obligations des fonctionnaires ;<br \/>Consid\u00e9rant la loi n\u00b084-53 du 26 janvier 1984 modifi\u00e9e portant dispositions statutaires relatives \u00e0 la fonction publique territoriale ;<\/em><\/p><p style=\"color: #333333; padding-left: 40px; text-align: justify;\"><em>Consid\u00e9rant les d\u00e9crets portant statuts particuliers des cadres d\u2019emplois et organisant les grades s\u2019y rapportant, pris en application de l\u2019article 4 de la loi n\u00b0 84-53 du 26 janvier 1984 modifi\u00e9e ;<\/em><\/p><p style=\"color: #333333; padding-left: 40px; text-align: justify;\"><em>Vu la d\u00e9lib\u00e9ration n\u00b02021-06-29-D09 relative au tableau des effectifs des emplois permanents au 1<sup>er<\/sup> JUILLET 2021 ;<\/em><\/p><p style=\"color: #333333; padding-left: 40px; text-align: justify;\"><em>Vu le compl\u00e9ment ci-dessous,<\/em><\/p><table width=\"75%\"><tbody><tr><td style=\"color: #ffffff; text-align: center;\" colspan=\"3\" bgcolor=\"#666666\"><big><strong>Fili\u00e8re culturelle \/ Enseignement artistique<\/strong><\/big><\/td><\/tr><tr><td style=\"color: #333333;\" bgcolor=\"#EEEEEE\" width=\"70%\"><strong>Assistant territorial d&#8217;enseignement artistique<\/strong><\/td><td colspan=\"2\" bgcolor=\"#EEEEEE\">\u00a0<\/td><\/tr><tr><td style=\"color: #333333; text-align: center;\" bgcolor=\"#EEEEEE\">Assistant d\u2019enseignement artistique (Musique)(ACCESSOIRE)<\/td><td style=\"color: #333333; text-align: right;\" bgcolor=\"#EEEEEE\" width=\"15%\">5\/20<\/td><td style=\"color: #333333; text-align: center;\" bgcolor=\"#EEEEEE\" width=\"15%\">1<\/td><\/tr><tr><td style=\"color: #333333; text-align: center;\" bgcolor=\"#EEEEEE\">Assistant d\u2019enseignement artistique 2<sup>nde<\/sup> classe (Musique)<\/td><td style=\"color: #333333; text-align: right;\" bgcolor=\"#EEEEEE\" width=\"15%\">3\/20<\/td><td style=\"color: #333333; text-align: center;\" bgcolor=\"#EEEEEE\" width=\"15%\">1<\/td><\/tr><tr><td style=\"color: #333333; text-align: center;\" bgcolor=\"#EEEEEE\">Assistant d\u2019enseignement artistique (Musique)<\/td><td style=\"color: #333333; text-align: right;\" bgcolor=\"#EEEEEE\" width=\"15%\">3.5\/20<\/td><td style=\"color: #333333; text-align: center;\" bgcolor=\"#EEEEEE\" width=\"15%\">1<\/td><\/tr><tr><td style=\"color: #333333; text-align: center;\" bgcolor=\"#EEEEEE\">Assistant d\u2019enseignement artistique (Musique)<\/td><td style=\"color: #333333; text-align: right;\" bgcolor=\"#EEEEEE\" width=\"15%\">1.5\/20<\/td><td style=\"color: #333333; text-align: center;\" bgcolor=\"#EEEEEE\" width=\"15%\">1<\/td><\/tr><tr><td style=\"color: #333333; text-align: center;\" bgcolor=\"#EEEEEE\">Assistant d\u2019enseignement artistique (Musique)<\/td><td style=\"color: #333333; text-align: right;\" bgcolor=\"#EEEEEE\" width=\"15%\">3\/20<\/td><td style=\"color: #333333; text-align: center;\" bgcolor=\"#EEEEEE\" width=\"15%\">1<\/td><\/tr><tr><td style=\"color: #333333; text-align: center;\" bgcolor=\"#EEEEEE\">Assistant d\u2019enseignement artistique (Danse)<\/td><td style=\"color: #333333; text-align: right;\" bgcolor=\"#EEEEEE\" width=\"15%\">9\/20<\/td><td style=\"color: #333333; text-align: center;\" bgcolor=\"#EEEEEE\" width=\"15%\">1<\/td><\/tr><\/tbody><\/table><p style=\"color: #333333; padding-left: 40px; text-align: justify;\">A titre d\u2019information, \u00e0 ce jour, 19 \u00e9l\u00e8ves sont inscrits \u00e0 l\u2019\u00e9cole de musique et 41 \u00e9l\u00e8ves \u00e0 l\u2019\u00e9cole de danse. Des inscriptions sont encore possibles avant les vacances de Toussaint.<br \/>Les cours d\u00e9buteront la semaine du 4 octobre. 10 \u00e9l\u00e8ves par cours maximum en danse.<br \/><em>Monsieur Jimmy Laurent demande si des travaux sont pr\u00e9vus \u00e0 la salle de danse. R\u00e9ponse n\u00e9gative de M. le Maire.<\/em><\/p><p style=\"color: #333333;\"><strong>Le Conseil Municipal,<\/strong> apr\u00e8s en avoir d\u00e9lib\u00e9r\u00e9,<br \/>par\u00a023 voix pour,\u00a00 voix contre,\u00a00\u00a0abstention<\/p><table width=\"75%\"><tbody><tr><td style=\"color: #333333;\" valign=\"top\" width=\"25%\"><strong>APPROUVE<\/strong><\/td><td style=\"color: #333333; text-align: justify;\" width=\"75%\">le compl\u00e9ment des emplois permanents de la collectivit\u00e9 \u00e0 compter du 1<sup>er<\/sup> octobre 2021(compl\u00e9ment ci-dessus).<\/td><\/tr><tr><td style=\"color: #333333;\" valign=\"top\"><strong>DIT<\/strong><\/td><td style=\"color: #333333; text-align: justify;\">que les cr\u00e9dits n\u00e9cessaires \u00e0 la r\u00e9mun\u00e9ration et aux charges sociales correspondant aux emplois et grades ainsi cr\u00e9\u00e9s sont inscrits au budget de l\u2019exercice en cours.<\/td><\/tr><\/tbody><\/table><div id=\"CM24092021Dix\" style=\"color: #333333;\"><strong><u>10 &#8211; D\u00e9lib\u00e9ration attribution de compensation CAPH<\/u><\/strong><\/div><p style=\"color: #333333; padding-left: 40px; text-align: justify;\"><em>Monsieur Le Maire explique le calcul de l\u2019attribution de compensation.<\/em><\/p><p style=\"color: #333333; padding-left: 40px; text-align: justify;\">Vu le Code G\u00e9n\u00e9ral des Collectivit\u00e9s Territoriales,<br \/>Vu le Code G\u00e9n\u00e9ral des Imp\u00f4ts,<br \/>Vu le pacte de solidarit\u00e9 communautaire du 12 avril 2021,<br \/>Vu la d\u00e9lib\u00e9ration 2021-06-29-D03du Conseil Municipal en date du 29 JUIN 2021 approuvant le rapport de la Commission Locale des Transferts de Charges du 22 avril 2021,<\/p><p style=\"color: #333333; padding-left: 40px; text-align: justify;\">Vu la d\u00e9lib\u00e9ration du 20 septembre 2021 du Conseil Communautaire r\u00e9visant les attributions de compensation individuelles communales en conformit\u00e9 avec le rapport d\u2019\u00e9valuation des transferts de charges du 22 avril 2021, et dans le cadre du pacte de solidarit\u00e9 communautaire,<\/p><p style=\"color: #333333; padding-left: 40px; text-align: justify;\">L\u2019\u00e9valuation selon la m\u00e9thode d\u00e9rogatoire des transferts de charges li\u00e9s aux transferts de comp\u00e9tences eau, assainissement et eaux pluviales urbaines d\u2019une part, et aux restitutions des charges ant\u00e9rieurement d\u00e9duites au titre des ordures m\u00e9nag\u00e8res et du transport public de voyageur, impose que chaque conseil municipal approuve par d\u00e9lib\u00e9ration le montant individuel de l\u2019attribution de compensation qui en d\u00e9coule et qui a \u00e9t\u00e9 approuv\u00e9 globalement par le Conseil de Communaut\u00e9 le 20 septembre dernier selon d\u00e9lib\u00e9ration jointe.<\/p><p style=\"color: #333333; padding-left: 40px; text-align: justify;\">Ainsi, la commune percevra \u00e0 compter de 2021 une attribution de compensation de 1 661 411,60\u20ac<br \/>Montant de l\u2019attribution de compensation provisoire 2021 : 1 679 595,23\u20ac<br \/>Charges ordures m\u00e9nag\u00e8res : 182 405,80\u20ac<br \/>Participations communales en mati\u00e8re de transport : 18 498,46\u20ac<br \/>Gestion des eaux pluviales urbaines : -146 183,20\u20ac<br \/>Ecr\u00eatement : &#8211; 72 904,69<br \/>Total des transferts de charges : -18 183,63<\/p><h6 style=\"color: #333333;\"><u>ATTRIBUTION DE COMPENSATION 2021 : 1 661 411,60\u20ac<\/u><\/h6><p style=\"padding-left: 40px;\"><a class=\"popmake-3892\" href=\"#\">Annexe de la d\u00e9lib\u00e9ration du Conseil Communautaire du 20\/09\/2021<\/a><\/p><p style=\"color: #333333;\"><strong>Le Conseil Municipal,<\/strong> apr\u00e8s en avoir d\u00e9lib\u00e9r\u00e9,<br \/>par\u00a016 voix pour,\u00a00 voix contre,\u00a07\u00a0abstention<\/p><table width=\"75%\"><tbody><tr><td style=\"color: #333333;\" valign=\"top\" width=\"25%\"><strong>APPROUVE<\/strong><\/td><td style=\"color: #333333; text-align: justify;\" width=\"75%\">l\u2019attribution de compensation r\u00e9vis\u00e9e telle qu\u2019elle figure \u00e0 l\u2019annexe de la d\u00e9lib\u00e9ration du conseil de Communaut\u00e9 du 20 septembre 2021.<\/td><\/tr><\/tbody><\/table><div id=\"CM24092021Onze\" style=\"color: #333333;\"><strong><u>Questions diverses<\/u><\/strong><\/div><p style=\"color: #333333; padding-left: 40px; text-align: justify;\">Les \u00e9lus ont la possibilit\u00e9 de se former sur les th\u00e9matiques suivantes :<\/p><ul style=\"color: #333333; padding-left: 40px; text-align: justify;\"><li><strong>Comprendre le budget d&#8217;une collectivit\u00e9 locale<\/strong><\/li><li><strong>Comprendre le statut de l&#8217;\u00e9lu.e local.e<\/strong><\/li><li><strong>Ma\u00eetriser les bases de la prise de parole<\/strong><\/li><li><strong>Les fondamentaux de l&#8217;urbanisme et le plan local d&#8217;urbanisme<\/strong><\/li><li><strong>Urbanisme et d\u00e9veloppement durable<\/strong><\/li><li><strong>Comprendre l&#8217;intercommunalit\u00e9 et son contexte r\u00e9glementaire et financier<\/strong><\/li><li><strong>Les subventions<\/strong><\/li><li><strong>La gestion des cimeti\u00e8res<\/strong><\/li><li><strong>Les fondamentaux de la commande publique et la mise en \u0153uvre d&#8217;achat responsable<\/strong><\/li><li><strong>La communication sur les r\u00e9seaux sociaux<\/strong><\/li><\/ul><p style=\"color: #333333; padding-left: 40px; text-align: justify;\"><em>Il s\u2019agit de d\u00e9terminer quelle formation sera choisie cette ann\u00e9e (une journ\u00e9e gratuite pour la commune par an avec un effectif minimum requis)<br \/>Tous les \u00e9lus sont int\u00e9ress\u00e9s par les formations et se rapprocheront des services de la mairie pour d\u00e9finir les sujets choisis.<\/em><\/p><p style=\"color: #333333; padding-left: 40px; text-align: justify;\">Travaux :<\/p><ul style=\"color: #333333; padding-left: 40px;\"><li><em>Cit\u00e9 Sirot Les travaux phase 1 se poursuivent<\/em><\/li><li><em>Travaux parking \u00e9cole : Monsieur Le Maire recontacte les \u00e9tablissements Leclerc pour connaitre la date de finalisation du parking<\/em><\/li><\/ul><p style=\"color: #333333; padding-left: 40px; text-align: justify;\">Nous proposons au conseil municipal d\u2019aborder les points suivants :<\/p><ul style=\"color: #333333; padding-left: 40px;\"><li><strong>Le City<\/strong><\/li><li><strong>L\u2019\u00e9cole<\/strong><\/li><li><strong>Les associations<\/strong><\/li><li><strong>Le bulletin municipal<\/strong><\/li><li><strong>Le label villes et villages fleuris<\/strong><\/li><li><strong>Les b\u00e2timents communaux<\/strong><\/li><\/ul><p style=\"color: #333333; padding-left: 40px; text-align: justify;\">Dates \u00e0 retenir :<\/p><ul style=\"color: #333333; padding-left: 40px;\"><li>29 septembre 2021 \u00e0 18h Commission enfance jeunesse<\/li><li>5 octobre 2021 \u00e0 18h Commission information<\/li><li>3 octobre Passage du Paris Roubaix<\/li><li>Planning des matchs de volley a \u00e9t\u00e9 distribu\u00e9 aux \u00e9lus<\/li><li>Matin\u00e9e \u00ab portes ouvertes \u00bb au RCT pour les enfants le 2 octobre de 9h30 \u00e0 12h<\/li><\/ul><p style=\"color: #333333;\"><strong>Fin de s\u00e9ance \u00e0 20h30<\/strong><\/p><p style=\"color: #333333;\" align=\"right\"><strong>La Secr\u00e9taire de S\u00e9ance<br \/>St\u00e9phanie WATTIEZ<\/strong><\/p><\/div>\n\t\t\t\t\t\t\t\t\t<div class=\"elementor-tab-title elementor-tab-mobile-title\" aria-selected=\"false\" data-tab=\"3\" role=\"tab\" tabindex=\"-1\" aria-controls=\"elementor-tab-content-8983\" aria-expanded=\"false\">29\/06<\/div>\n\t\t\t\t\t<div id=\"elementor-tab-content-8983\" class=\"elementor-tab-content elementor-clearfix\" data-tab=\"3\" role=\"tabpanel\" aria-labelledby=\"elementor-tab-title-8983\" tabindex=\"0\" hidden=\"hidden\"><h6><span style=\"color: #ff0000;\">Compte-rendu du Conseil Municipal du 29 juin 2021 \u00e0 18h30<\/span><\/h6><p><a href=\"https:\/\/thiant.fr\/wordpress\/documents_ext\/CM\/CM_2021-06-29.pdf\" target=\"_blank\" rel=\"noopener\"><img decoding=\"async\" class=\"alignnone wp-image-3826 size-medium\" src=\"https:\/\/thiant.fr\/wordpress\/wp-content\/uploads\/2022\/02\/PV_CM_2021-06-29-SIGNE-1-212x300.png\" alt=\"\" width=\"212\" height=\"300\" srcset=\"https:\/\/thiant.fr\/wordpress\/wp-content\/uploads\/2022\/02\/PV_CM_2021-06-29-SIGNE-1-212x300.png 212w, https:\/\/thiant.fr\/wordpress\/wp-content\/uploads\/2022\/02\/PV_CM_2021-06-29-SIGNE-1.png 566w\" sizes=\"(max-width: 212px) 100vw, 212px\" \/><\/a><\/p><p style=\"color: #333333;\"><strong>Date de la convocation\u00a0:<\/strong>\u00a0\u00a0\u00a0\u00a0\u00a0\u00a0\u00a0\u00a0 22 juin 2021<\/p><p style=\"color: #333333;\"><strong>Date de l\u2019affichage\u00a0:<\/strong> \u00a0\u00a0 \u00a0\u00a0\u00a0\u00a0\u00a0\u00a0\u00a0\u00a0\u00a0\u00a0\u00a0 22 juin 2021<\/p><p style=\"color: #333333; padding-left: 40px;\" align=\"justify\">L\u2019an deux mil vingt et un, le vingt neuf juin \u00e0 dix huit heures trente, le Conseil Municipal de Thiant, r\u00e9guli\u00e8rement convoqu\u00e9, se r\u00e9unira en la Salle des F\u00eates, rue Anatole France \u00e0 THIANT, sous la Pr\u00e9sidence de Monsieur Jean-Marie LECERF, Maire de la Commune.<\/p><p style=\"color: #333333;\"><strong>Pr\u00e9sents :<\/strong><\/p><p style=\"color: #333333; padding-left: 40px;\"><strong>Monsieur Jean-Marie LECERF, Madame St\u00e9phanie WATTIEZ, Monsieur C\u00e9dric DUQUESNOY, Madame C\u00e9line DEVAUX, Monsieur Michel HENNAUT, Madame Martine PREVOST (Arriv\u00e9e au point 5), Monsieur Philippe WAELKENS, Madame Raymonde BOHERE, Madame Sylvaine GERARD, Monsieur J\u00e9rome CARLIER, Monsieur Bernard MALAQUIN (Arriv\u00e9 au point 2), Madame C\u00e9line TRACHMAN, Monsieur Bernard LEPEZ, Madame Francoise BAR-DESESPRINGALLE, Monsieur Sylvain LEFEBVRE, Monsieur Jimmy LAURENT, Monsieur Jean-Michel HARBONNIER<\/strong><\/p><p style=\"color: #333333;\"><strong>Excus\u00e9s :<\/strong><\/p><p style=\"color: #333333; padding-left: 40px;\"><strong>Madame Martine PREVOST qui donne pouvoir \u00e0 Madame Raymonde BOHERE<br \/>Monsieur Guy VANDERBEC qui donne pouvoir \u00e0 Monsieur Jean-Marie LECERF<br \/>Madame Sylvie NICOLAS qui donne pouvoir \u00e0 Madame C\u00e9line DUMAINE<br \/>Monsieur Marc WATTIEZ<br \/>Madame Armelle BOURLET qui donne pouvoir \u00e0 Raymonde BOHERE<br \/>Monsieur Jean Claude BAH qui donne pouvoir \u00e0 Monsieur Michel HENNAUT<br \/>Madame Sylvie DEVOS qui donne pouvoir \u00e0 Madame Sylvaine GERARD<\/strong><\/p><p style=\"color: #333333;\"><strong>Absents:MM.XXXXX<\/strong><\/p><p style=\"color: #333333;\"><strong><u>Ordre du jour<\/u>\u00a0:<\/strong><\/p><ol style=\"padding-left: 40px;\"><li><a href=\"#CM29062021Un\">Approbation du Proc\u00e8s-verbal du 09 avril 2021<\/a><\/li><li><a href=\"#CM29062021Deux\">D\u00e9lib\u00e9ration Attribution du March\u00e9 Restauration Scolaire<\/a><\/li><li><a href=\"#CM29062021Trois\">D\u00e9lib\u00e9ration Rapport d\u2019\u00e9valuation des charges de la CAPH<\/a><\/li><li><a href=\"#CM29062021Quatre\">D\u00e9lib\u00e9ration Avis sur le plan de pr\u00e9vention des risques d\u2019inondation de la vall\u00e9e de la Rhonelle et de ses affluents<\/a><\/li><li><a href=\"#CM29062021Cinq\">D\u00e9lib\u00e9ration Convention de groupement de commande pour l\u2019acquisition de tablettes pour les \u00e9lus avec la CAPH<\/a><\/li><li><a href=\"#CM29062021Six\">D\u00e9lib\u00e9ration R\u00e8glement int\u00e9rieur du Conseil Municipal<\/a><\/li><li><a href=\"#CM29062021Sept\">D\u00e9lib\u00e9ration Commissions du Conseil Municipal et Commission d\u2019Appel d\u2019Offres<\/a><\/li><li><a href=\"#CM29062021Huit\">D\u00e9lib\u00e9ration ALSH de juillet 2021 Emplois<\/a><\/li><li><a href=\"#CM29062021Neuf\">D\u00e9lib\u00e9ration Emplois saisonniers vacances Services techniques<\/a><\/li><li><a href=\"#CM29062021Dix\">D\u00e9lib\u00e9ration Tableau des effectifs \u00e0 compter du 1<sup>er<\/sup> juillet 2021<\/a><\/li><li><a href=\"#CM29062021Onze\">Terrain Lot B Ferme Jourdan<\/a><\/li><li><a href=\"#CM29062021Douze\">SIAPTHT(Syndicat intercommunal d\u2019Assainissement de Prouvy Thiant Haulchin et Trith St Leger) et SEV (Syndicat des Eaux du Valenciennois)<\/a><\/li><li><a href=\"#CM29062021Treize\">Questions diverses<\/a><\/li><\/ol><p style=\"color: #333333;\">D\u00e9signation d\u2019un Secr\u00e9taire de s\u00e9ance\u00a0:\u00a0C\u00e9dric DUQUESNOY<\/p><p style=\"color: #333333;\">Etat des pouvoirs\u00a0: &#8230;.6 pouvoirs&#8230;&#8230;&#8230;&#8230;&#8230;&#8230;&#8230;&#8230;&#8230;..<\/p><div id=\"CM29062021Un\" style=\"color: #333333;\"><strong><u>1 &#8211; Approbation du Proc\u00e8s-verbal du 9 Avril 2021<\/u><\/strong><\/div><p style=\"color: #333333; padding-left: 40px;\" align=\"justify\"><em>Monsieur Sylvain LEFEBVRE\u00a0revient sur les emprunts ant\u00e9rieurs et souhaite savoir \u00e0 quoi ils correspondent notamment pour 460 000\u20ac et 300 000\u20ac.<br \/>Monsieur Le Maire donnera les informations correspondantes<br \/>Madame Francoise BAR-DESESPRINGALLE souhaite avoir le bilan pour le camion vol\u00e9 et que l\u2019on pr\u00e9cise les logements communaux mis \u00e0 la location\u00a0:<br \/>2 Logements Rue Anatole France et 1 logement Rue du Docteur Roux.<\/em><\/p><table width=\"75%\"><tbody><tr><td style=\"color: #333333;\" width=\"25%\">Consid\u00e9rant<\/td><td style=\"color: #333333; text-align: justify;\" width=\"75%\">Le Code G\u00e9n\u00e9ral des Collectivit\u00e9s Territoriales, particuli\u00e8rement les articles L.2121-7 \u00e0 L.2121-28\u00a0;<\/td><\/tr><tr><td style=\"color: #333333;\">Consid\u00e9rant<\/td><td style=\"color: #333333; text-align: justify;\">qu\u2019il convient d\u2019adopter les proc\u00e8s-verbaux des s\u00e9ances du Conseil Municipal.<\/td><\/tr><\/tbody><\/table><p style=\"color: #333333;\"><strong>Le Conseil Municipal,<\/strong> apr\u00e8s en avoir d\u00e9lib\u00e9r\u00e9,<br \/>par\u00a017 voix pour,\u00a04 voix contre,\u00a00\u00a0abstention<\/p><table width=\"75%\"><tbody><tr><td style=\"color: #333333;\" width=\"25%\"><strong><u>APPROUVE<\/u><\/strong><\/td><td style=\"color: #333333; text-align: justify;\" width=\"75%\">le contenu du proc\u00e8s-verbal du 19 f\u00e9vrier 2021, r\u00e9dig\u00e9 par son secr\u00e9taire de s\u00e9ance.<\/td><\/tr><\/tbody><\/table><div id=\"CM29062021Deux\" style=\"color: #333333;\"><strong><u>2 &#8211; D\u00e9lib\u00e9ration Attribution du March\u00e9 Restauration Scolaire<\/u><\/strong><\/div><p style=\"color: #333333;\" align=\"justify\"><em>Monsieur Le Maire rappelle le contexte du March\u00e9 de prestation de service et d\u2019assistance \u00e0 la restauration municipale.<br \/>Les repas sont fabriqu\u00e9s sur place dans les locaux de la cantine.<br \/>Monsieur Le Maire pr\u00e9sente l\u2019offre qui a \u00e9t\u00e9 retenue par la commission d\u2019Appels d\u2019Offres.<\/em><\/p><p style=\"color: #333333; padding-left: 40px;\" align=\"left\"><strong>1.2 <u>OBJET DE LA CONSULTATION<\/u><\/strong><\/p><p style=\"color: #333333; padding-left: 40px;\" align=\"justify\"><strong>La pr\u00e9sente consultation a pour objet :<br \/>&#8221; PRESTATION DE SERVICE ET D&#8217;ASSISTANCE A LA RESTAURATION MUNICIPALE DE LA VILLE DE THIANT &#8220;<\/strong><\/p><p><span style=\"color: #333333;\">Les prestations concern\u00e9es par la pr\u00e9sente consultation ont pour objet :<\/span><\/p><ul style=\"color: #333333; padding-left: 40px;\"><li>La mise \u00e0 disposition, par un prestataire de service sp\u00e9cialis\u00e9 en restauration collective, sur la cuisine de la ville de THIANT, d&#8217;un(e) chef g\u00e9rant(e) ayant la charge de la gestion, de l&#8217;organisation, de la production et de la distribution des repas et go\u00fbters destin\u00e9s aux enfants et adultes des \u00e9coles et des Accueils de Loisirs.<\/li><li>La fourniture pour les A.L., apr\u00e8s consultation et selon les besoins exprim\u00e9s par la collectivit\u00e9, de denr\u00e9es en vrac. Le prestataire sera consult\u00e9 dans les 15 jours pr\u00e9c\u00e9dents la date de livraison de ces denr\u00e9es et devra produire un bordereau de prix unitaires permettant \u00e0 la collectivit\u00e9 d&#8217;estimer et comparer son offre.<\/li><li>L&#8217;organisation et la production de l&#8217;ensemble des repas destin\u00e9s aux manifestations \u00e0 caract\u00e8re exceptionnel, ainsi que les go\u00fbters et pique niques.<\/li><li>Le prestataire devra assurer l&#8217;approvisionnement et le stockage des dfenrr\u00e9es entrant dans la confection des repas, par l&#8217;interm\u00e9diaire d&#8217;un r\u00e9seau de fournisseurs sp\u00e9cialis\u00e9s dont il assurera la gestion sous son enti\u00e8re responsabilit\u00e9.<\/li><\/ul><p style=\"color: #333333; padding-left: 40px;\" align=\"left\"><strong>1.3 <u>CRIT\u00c8RES DE S\u00c9LECTION DES OFFRES<\/u><\/strong><\/p><p style=\"color: #333333; padding-left: 40px;\" align=\"justify\">Pour attribuer le march\u00e9 \u00e0 l&#8217;entreprise qui a pr\u00e9sent\u00e9 l&#8217;offre \u00e9conomiquement la plus avantageuse, les crit\u00e8res de s\u00e9lection des offres et leur coefficient de pond\u00e9ration sont les suivants :<\/p><table width=\"50%\" align=\"center\"><tbody><tr><td width=\"50%\">\u00a0<\/td><td style=\"color: #333333; text-align: center;\" bgcolor=\"#EEEEEE\" width=\"25%\"><strong>Note sur<\/strong><\/td><td style=\"color: #333333; text-align: center;\" bgcolor=\"#EEEEEE\" width=\"25%\"><strong>Pond\u00e9ration<\/strong><\/td><\/tr><tr><td style=\"color: #333333;\" bgcolor=\"#EEEEEE\" width=\"50%\"><strong>Offre technique<\/strong><\/td><td style=\"color: #333333; text-align: center;\" bgcolor=\"#EEEEEE\" width=\"25%\"><strong>100 points<\/strong><\/td><td style=\"color: #333333; text-align: center;\" bgcolor=\"#EEEEEE\" width=\"25%\"><strong>(60%)<\/strong><\/td><\/tr><tr><td style=\"color: #333333;\" bgcolor=\"#EEEEEE\" width=\"50%\"><strong>Prix des prestations<\/strong><\/td><td style=\"color: #333333; text-align: center;\" bgcolor=\"#EEEEEE\" width=\"25%\"><strong>100 points<\/strong><\/td><td style=\"color: #333333; text-align: center;\" bgcolor=\"#EEEEEE\" width=\"25%\"><strong>(40%)<\/strong><\/td><\/tr><\/tbody><\/table><p style=\"color: #333333; padding-left: 40px;\" align=\"justify\">La somme pond\u00e9r\u00e9e de la note technique et de la note prix permettra d&#8217;attribuer \u00e0 chaque candidat une note sur 100. Cette note globale permettra de classer les candidats.<\/p><p style=\"color: #333333; padding-left: 40px;\" align=\"center\"><strong>Note finale (sur 100 points) = (Note technique) X 60% + (Note Prix) X 40%<\/strong><\/p><p style=\"color: #333333; padding-left: 40px;\" align=\"justify\">A l&#8217;issue de cette phase, le pouvoir adjudicateur pourra d\u00e9cider, soit de l&#8217;attribution du march\u00e9, soit de n\u00e9gocier avec les trois premiers candidats dans les dispositions d\u00e9crites dans le RC.<\/p><p style=\"color: #333333; padding-left: 40px;\" align=\"left\"><strong>A. Valeur Technique (pond\u00e9ration 60%) :<\/strong><\/p><p style=\"color: #333333; padding-left: 40px;\" align=\"justify\">La valeur technique sera appr\u00e9ci\u00e9e au regard des \u00e9l\u00e9ments suivants devant figurer dans le m\u00e9moire technique. 100 points fond\u00e9s sur les \u00e9l\u00e9ments d\u00e9cisionnels suivants :<\/p><table width=\"75%\" align=\"center\" bgcolor=\"#EEEEEE\"><tbody><tr><td style=\"color: #333333; text-align: center;\" width=\"10%\">N\u00b01<\/td><td style=\"color: #333333; text-align: center;\" width=\"20%\">20 points<\/td><td style=\"color: #333333; text-align: left;\" width=\"70%\"><strong>Qualit\u00e9 culinaire et qualit\u00e9 des approvisionnements<\/strong><\/td><\/tr><tr><td style=\"color: #333333; text-align: center;\">N\u00b02<\/td><td style=\"color: #333333; text-align: center;\">15 points<\/td><td style=\"color: #333333; text-align: left;\"><strong>\u00c9quilibre nutritionnel<\/strong><\/td><\/tr><tr><td style=\"color: #333333; text-align: center;\">N\u00b03<\/td><td style=\"color: #333333; text-align: center;\">15 points<\/td><td style=\"color: #333333; text-align: left;\"><strong>D\u00e9veloppement durable<\/strong><\/td><\/tr><tr><td style=\"color: #333333; text-align: center;\">N\u00b04<\/td><td style=\"color: #333333; text-align: center;\">15 points<\/td><td style=\"color: #333333; text-align: left;\"><strong>Vari\u00e9t\u00e9 des plans alimentaires et des menus<\/strong><\/td><\/tr><tr><td style=\"color: #333333; text-align: center;\">N\u00b05<\/td><td style=\"color: #333333; text-align: center;\">15 points<\/td><td style=\"color: #333333; text-align: left;\"><strong>Assistance technique<\/strong><\/td><\/tr><tr><td style=\"color: #333333; text-align: center;\">N\u00b06<\/td><td style=\"color: #333333; text-align: center;\">10 points<\/td><td style=\"color: #333333; text-align: left;\"><strong>Innovation<\/strong><\/td><\/tr><tr><td style=\"color: #333333; text-align: center;\">N\u00b07<\/td><td style=\"color: #333333; text-align: center;\">8 points<\/td><td style=\"color: #333333; text-align: left;\"><strong>Service<\/strong><\/td><\/tr><tr><td style=\"color: #333333; text-align: center;\">N\u00b08<\/td><td style=\"color: #333333; text-align: center;\">2 points<\/td><td style=\"color: #333333; text-align: left;\"><strong>Quantit\u00e9<\/strong><\/td><\/tr><\/tbody><\/table><p style=\"color: #333333; padding-left: 40px;\" align=\"left\"><strong>B. Prix des prestations (pond\u00e9ration 40%) :<\/strong><\/p><p style=\"color: #333333; padding-left: 40px;\" align=\"justify\">L&#8217;offre la moins-disante sur le montant total du <strong><u>BPU,<\/u><\/strong> obtiendra le nombre maximum de points sur le crit\u00e8re prix : 100 points.<\/p><p style=\"color: #333333; padding-left: 40px;\" align=\"justify\">Les autres se verront affecter un nombre de points par rapport \u00e0 l&#8217;offre moins-disante et le nombre de points affect\u00e9s au crit\u00e8re prix selon la formule suivante :<\/p><table width=\"75%\" align=\"center\" bgcolor=\"#EEEEEE\"><tbody><tr><td style=\"color: #333333; text-align: center;\" width=\"100%\"><strong>Note Prix (sur 100 points) = 100 X (Prix le plus bas en Euros\/Prix Analys\u00e9 en Euros)<\/strong><\/td><\/tr><\/tbody><\/table><p style=\"color: #333333; padding-left: 40px;\" align=\"justify\">Cependant, dans le cadre de la phase de n\u00e9gociation conduite par la ville de THIANT, le prestataire candidat a pr\u00e9sent\u00e9 un nouveau BPU. API RESTAURATION propose :<\/p><table width=\"75%\" align=\"center\" bgcolor=\"#EEEEEE\"><tbody><tr><td style=\"color: #333333; text-align: center;\" colspan=\"8\"><strong><big>\u00c9volution du prix de vente forfaitaire TTC (2020-2022)<\/big><\/strong><\/td><\/tr><tr><td style=\"color: #333333; text-align: center;\" rowspan=\"2\" width=\"30%\">\u00a0<\/td><td style=\"color: #333333; text-align: center;\" rowspan=\"2\" width=\"10%\">PRIX REPAS 2020-2021 en \u20ac<\/td><td style=\"color: #333333; text-align: center;\" rowspan=\"2\" width=\"10%\">PRIX REPAS <span style=\"color: red;\">AVANT N\u00c9GOCIATION<\/span><\/td><td style=\"color: red; text-align: center;\" colspan=\"2\">AVANT N\u00c9GOCIATION<\/td><td style=\"color: #333333; text-align: center;\" rowspan=\"2\" width=\"10%\">PRIX REPAS <span style=\"color: blue;\">APR\u00c8S N\u00c9GOCIATION<\/span><\/td><td style=\"color: blue; text-align: center;\" colspan=\"2\">APR\u00c8S N\u00c9GOCIATION<\/td><\/tr><tr><td style=\"color: red; text-align: center;\">EN \u20ac<\/td><td style=\"color: red; text-align: center;\">EN %<\/td><td style=\"color: blue; text-align: center;\">EN \u20ac<\/td><td style=\"color: blue; text-align: center;\">EN %<\/td><\/tr><tr><td style=\"color: #333333; text-align: center;\"><strong>MATER<\/strong><\/td><td style=\"color: #333333; text-align: center;\">2,838<\/td><td style=\"color: #333333; text-align: center;\" bgcolor=\"yellow\">2,936 \u20ac<\/td><td style=\"color: red; text-align: center;\">0,098<\/td><td style=\"color: red; text-align: center;\">3,45<\/td><td style=\"color: #333333; text-align: center;\" bgcolor=\"yellow\">2,877 \u20ac<\/td><td style=\"color: blue; text-align: center;\">0,039<\/td><td style=\"color: blue; text-align: center;\">1,37<\/td><\/tr><tr><td style=\"color: #333333; text-align: center;\"><strong>ELEM<\/strong><\/td><td style=\"color: #333333; text-align: center;\">2,980<\/td><td style=\"color: #333333; text-align: center;\" align=\"center\" bgcolor=\"yellow\">3,104 \u20ac<\/td><td style=\"color: red; text-align: center;\">0,124<\/td><td style=\"color: red; text-align: center;\">4,16<\/td><td style=\"color: #333333; text-align: center;\" bgcolor=\"yellow\">3,021 \u20ac<\/td><td style=\"color: blue; text-align: center;\">0,041<\/td><td style=\"color: blue; text-align: center;\">1,38<\/td><\/tr><tr><td style=\"color: #333333; text-align: center;\"><strong>ALSH<\/strong><\/td><td style=\"color: #333333; text-align: center;\">2,980<\/td><td style=\"color: #333333; text-align: center;\" bgcolor=\"yellow\">3,104 \u20ac<\/td><td style=\"color: red; text-align: center;\">0,124<\/td><td style=\"color: red; text-align: center;\">4,16<\/td><td style=\"color: #333333; text-align: center;\" bgcolor=\"yellow\">3,021 \u20ac<\/td><td style=\"color: blue; text-align: center;\">0,041<\/td><td style=\"color: blue; text-align: center;\">1,38<\/td><\/tr><tr><td style=\"color: #333333; text-align: center;\"><strong>ADULTES<\/strong><\/td><td style=\"color: #333333; text-align: center;\">3,124<\/td><td style=\"color: #333333; text-align: center;\" bgcolor=\"yellow\">3,275 \u20ac<\/td><td style=\"color: red; text-align: center;\">0,151<\/td><td style=\"color: red; text-align: center;\">4,83<\/td><td style=\"color: #333333; text-align: center;\" bgcolor=\"yellow\">3,167 \u20ac<\/td><td style=\"color: blue; text-align: center;\">0,043<\/td><td style=\"color: blue; text-align: center;\">1,38<\/td><\/tr><tr><td style=\"color: #333333; text-align: center;\"><strong>GOUTER<\/strong><\/td><td style=\"color: #333333; text-align: center;\">0,717<\/td><td style=\"color: #333333; text-align: center;\" bgcolor=\"yellow\">0,717 \u20ac<\/td><td style=\"color: red; text-align: center;\">0,000<\/td><td style=\"color: red; text-align: center;\">0,00<\/td><td style=\"color: #333333; text-align: center;\" bgcolor=\"yellow\">0,727 \u20ac<\/td><td style=\"color: blue; text-align: center;\">0,010<\/td><td style=\"color: blue; text-align: center;\">1,39<\/td><\/tr><\/tbody><\/table><p style=\"color: #333333; padding-left: 40px;\" align=\"justify\">L&#8217;augmentation des tarifs unitaires apr\u00e8s n\u00e9gociation est de 1,39%, \u00e9quivalente \u00e0 celle observ\u00e9e lors de la pr\u00e9c\u00e9dente actualisation des prix (formule de r\u00e9vision des prix du march\u00e9).<\/p><p style=\"color: #333333; padding-left: 40px;\" align=\"justify\">Nous relevons cependant que la baisse des tarifs du prestataire s&#8217;op\u00e8re exclusivement sur le poste des denr\u00e9es. Le co\u00fbt au repas de ses r\u00e9mun\u00e9rations diverses et de la mise \u00e0 disposition du personnel reste inchang\u00e9.<\/p><p style=\"color: #333333; padding-left: 40px;\" align=\"justify\">L&#8217;augmentation du budget pr\u00e9visionnel annuel de la ville est donc :<\/p><table width=\"75%\" align=\"center\" bgcolor=\"#EEEEEE\"><tbody><tr><td style=\"color: #333333; text-align: center;\" width=\"20%\"><strong>DQE 2017<\/strong><\/td><td style=\"color: red; text-align: center;\" colspan=\"2\" width=\"40%\">DQE 2021 AVANT N\u00c9GOCIATION<\/td><td style=\"color: blue; text-align: center;\" colspan=\"2\" width=\"40%\">DQE 2021 APR\u00c8S N\u00c9GOCIATION<\/td><\/tr><tr><td style=\"color: #333333; text-align: center;\">72 447,490\u20ac<\/td><td style=\"color: red; text-align: center;\">103 931,669\u20ac<\/td><td style=\"color: red; text-align: center;\">43,46%<\/td><td style=\"color: blue; text-align: center;\">101 365,708\u20ac<\/td><td style=\"color: blue; text-align: center;\">39,92%<\/td><\/tr><tr><td colspan=\"3\" bgcolor=\"#FFFFFF\">\u00a0<\/td><td style=\"color: blue; text-align: center;\">2 565,961\u20ac<\/td><td style=\"color: blue; text-align: center;\">2,47%<\/td><\/tr><\/tbody><\/table><p style=\"color: #333333; padding-left: 40px;\" align=\"justify\">Comme \u00e9voqu\u00e9 dans le pr\u00e9c\u00e9dent rapport, ces chiffres sont \u00e0 mettre en perspective avec l&#8217;augmentation du nombre de prestations annuelles entre 2017 et aujourd&#8217;hui soit environ 36%.<\/p><p style=\"color: #333333; padding-left: 40px;\" align=\"justify\">La n\u00e9gociation a aboutie sur une potentielle \u00e9conomie de 2 565,961\u20ac TTC soit 2,47% par rapport \u00e0 l&#8217;offre initiale d&#8217;API RESTAURATION.<\/p><p style=\"color: #333333; padding-left: 40px;\" align=\"left\"><strong>7. CONCLUSIONS DU RAPPORT<\/strong><\/p><p style=\"color: #333333; padding-left: 40px;\" align=\"justify\">Comme indiqu\u00e9 lors du pr\u00e9c\u00e9dent rapport, l&#8217;\u00e9valuation de la r\u00e9alit\u00e9 du niveau qualit\u00e9 prix de l&#8217;offre pr\u00e9sent\u00e9e est rendue impossible en l&#8217;absence d&#8217;offres concurrentes.<\/p><p style=\"color: #333333; padding-left: 40px;\" align=\"justify\">Cependant, la phase de n\u00e9gociation, conduite dans le cadre de la proc\u00e9dure, a permis au prestataire de pr\u00e9senter une offre optimis\u00e9e financi\u00e8rement de 2 565,961\u20ac TTC.<\/p><p style=\"color: #333333; padding-left: 40px;\" align=\"justify\">La ville de THIANT consid\u00e9rant qu&#8217;elle s&#8217;engage par le pr\u00e9sent contrat pour une dur\u00e9e d&#8217;un an, pourra n\u00e9anmoins :<\/p><ul style=\"color: #333333; padding-left: 40px;\"><li>Relancer un appel d&#8217;offres si la perspective d&#8217;observer une augmentation des candidatures de prestataires para\u00eet suffisamment \u00e9lev\u00e9e.<\/li><li>Conduire une r\u00e9flexion sur son mode de gestion.<\/li><li>Rechercher au travers d&#8217;une adh\u00e9sion \u00e0 une structure administrative existante (SEM, SPL, Syndicat Mixte&#8230;) le moyen de r\u00e9pondre \u00e0 ses besoins.<\/li><\/ul><p style=\"color: #333333; padding-left: 40px;\" align=\"justify\">Nous rappelons par ailleurs, l&#8217;importance de mettre en place un suivi de march\u00e9 et un contr\u00f4le du respect de l&#8217;ensemble des engagements techniques du prestataire retenu, particuli\u00e8rement ceux relatifs \u00e0 la qualit\u00e9 culinaire, l&#8217;origine des produits et la composition des menus.<\/p><p style=\"color: #333333; padding-left: 40px;\" align=\"justify\">A ce titre, l&#8217;application des p\u00e9nalit\u00e9s pr\u00e9vues aux documents encadrant le pr\u00e9sent march\u00e9 doit permettre de sanctionner les manquements constat\u00e9s.<\/p><p style=\"color: #333333;\"><em>Arriv\u00e9e de Monsieur Bernard MALAQUIN<\/em><\/p><p style=\"color: #333333;\" align=\"justify\">La commission d\u2019appel d\u2019offres propose au conseil municipal de retenir l\u2019offre d\u2019API RESTAURATION apr\u00e8s n\u00e9gociation faite sur les prix et sur les prestations.<\/p><p style=\"color: #333333;\"><strong>Le Conseil Municipal apr\u00e8s en avoir d\u00e9lib\u00e9r\u00e9,<\/strong><br \/>par\u00a027 voix pour,\u00a04 voix contre,\u00a00\u00a0abstention<\/p><p style=\"color: #333333;\"><strong>DECIDE\u00a0d\u2019attribuer le March\u00e9 \u00e0 La Soci\u00e9t\u00e9 API RESTAURATION domicili\u00e9e \u00e0 THIANT.<\/strong><\/p><p style=\"color: #333333;\" align=\"justify\"><em>Monsieur Jimmy Laurent souhaite faire remarquer que l\u2019offre est jug\u00e9e sur le prix plus que sur la qualit\u00e9 m\u00eame si la qualit\u00e9 est not\u00e9e \u00e0 60% contre 40% le prix<br \/>Monsieur Le Maire rappelle que le prestataire appliquera les normes impos\u00e9es par la loi EGALIM c\u2019est-\u00e0-dire au moins 50 % de produits de qualit\u00e9 et durables au 1<sup>er<\/sup> janvier 2022,dont au moins 20% de produits biologiques.<br \/>Monsieur Le Maire explique que le cout du ticket de cantine n\u2019augmente pas m\u00eame si le prix du repas va augmenter un peu par le prestataire. Sans compter qu\u2019il faut prendre en compte aussi les couts annexes (personnel, mat\u00e9riel, fluides, entretien des b\u00e2timents\u2026)<br \/>Monsieur Sylvain LEFEBVRE demande quel est le cout de revient d\u2019un repas.<br \/>Monsieur Le Maire lui r\u00e9pond qu\u2019un nouvel estimatif sera effectu\u00e9 car il a \u00e9t\u00e9 fait il y a quelques ann\u00e9es.<br \/>L\u2019augmentation de 26 000 \u00e0 36 000 repas correspond \u00e0 une estimation mais n\u2019est pas forc\u00e9ment ce qui sera factur\u00e9 car prise en compte du potentiel accueil des enfants \u00e0 la journ\u00e9e sur les petites vacances scolaires.<br \/>Monsieur Sylvain LEFEBVRE s\u2019interroge sur les possibilit\u00e9s \u00e0 venir de syst\u00e8me de restauration\u00a0: Cuisine Centrale, livraison de repas avec d\u2019autres communes, cuisinier sur place communal\u2026<br \/>Monsieur Le Maire dit que l\u2019on peut regarder \u00e0 d\u2019autres alternatives dans l\u2019avenir mais il faut aussi voir les inconv\u00e9nients des diff\u00e9rentes propositions.<\/em><\/p><div id=\"CM29062021Trois\" style=\"color: #333333;\"><strong><u>3 &#8211; D\u00e9lib\u00e9ration Rapport d\u2019\u00e9valuation des charges de la CAPH<\/u><\/strong><\/div><p style=\"color: #333333;\" align=\"justify\"><em>Monsieur Le Maire rappelle le contexte et explique \u00e0 quoi correspond la CLETC.<br \/>Monsieur Le Maire fait un point sur l\u2019avenir notamment du Syndicat d\u2019Assainissement et donc les cons\u00e9quences sur le transfert de charges.<br \/>La Loi NOTRE a donn\u00e9 la comp\u00e9tence assainissement et eaux pluviales \u00e0 la CAPH.<br \/>20,53\u20ac par habitant pourrait \u00eatre vers\u00e9 au syndicat, cependant cette somme ne permettra pas au syndicat d\u2019\u00eatre p\u00e9renne et par cons\u00e9quent il sera dissout au 31\/12\/2021.<br \/>De plus, la CAPH ne gardera pas cette comp\u00e9tence en interne et sera transf\u00e9r\u00e9e au SIDEN-SIAN via NOREADE.<br \/>Monsieur Le Maire explique qu\u2019il a fait part lors de la Commission de son d\u00e9saccord et notamment pour les transferts de charges par rapport \u00e0 l\u2019assainissement.<\/em><\/p><p style=\"color: #333333;\" align=\"justify\">Vu le Code G\u00e9n\u00e9ral des Collectivit\u00e9s Territoriales,<br \/>Vu le Code G\u00e9n\u00e9ral des Imp\u00f4ts,<br \/>Vu le rapport rendu par la Commission Locale d\u2019\u00c9valuation des Transferts de Charges de la CAPH lors de sa s\u00e9ance en date du 22 avril 2021<\/p><p style=\"color: #333333;\" align=\"justify\"><strong>Apr\u00e8s en avoir d\u00e9battu<em>, et comment\u00e9 le rapport de la CLETC<\/em><br \/>Le Conseil Municipal APPROUVE les d\u00e9cisions de la Commission Locale d\u2019Evaluation des Transferts de Charges et retrac\u00e9s dans le rapport ci-dessus vis\u00e9\u00a0et annex\u00e9 \u00e0 la pr\u00e9sente d\u00e9lib\u00e9ration :<\/strong><\/p><ul style=\"color: #333333;\"><li><strong><u>\u00c9VALUATION DES RESTITUTIONS DE TRANSFERTS DE CHARGES RELATIFS AUX ORDURES M\u00c9NAG\u00c8RES ANTERIEUREMENT D\u00c9DUIT DE L&#8217;ATTRIBUTION DE COMPENSATION DE CERTAINES COMMUNES<\/u><\/strong><\/li><\/ul><p style=\"color: #333333; padding-left: 40px;\"><strong><u>R\u00e9sultat du vote<\/u>\u00a0: \u2026\u202622\u2026\u2026\u2026\u2026\u2026<\/strong><br \/><em>Nombre de voix pour\u00a0: 22\u2026\u2026\u2026<br \/>Nombre de voix contre\u00a0:0\u2026\u2026\u2026<br \/>Nombre d\u2019abstentions\u00a0: 0\u2026\u2026<\/em><\/p><ul style=\"color: #333333;\"><li><strong><u>\u00c9VALUATION DES RESTITUTIONS DE TRANSFERTS DE CHARGES RELATIFS \u00c0 LA COMPETENCE TRANSPORT PUBLIC DE VOYAGEURS ANTERIEUREMENT D\u00c9DUIT DE L&#8217;ATTRIBUTION DE COMPENSATION DE CERTAINES COMMUNES<\/u><\/strong><\/li><\/ul><p style=\"color: #333333; padding-left: 40px;\"><strong><u>R\u00e9sultat du vote<\/u>\u00a0: \u2026\u202622\u2026\u2026\u2026\u2026\u2026<\/strong><br \/><em>Nombre de voix pour\u00a0: 22\u2026\u2026\u2026<br \/>Nombre de voix contre\u00a0:0\u2026\u2026\u2026<br \/>Nombre d\u2019abstentions\u00a0: 0\u2026\u2026<\/em><\/p><ul style=\"color: #333333;\"><li><strong><u>\u00c9VALUATION DES RESTITUTIONS DE TRANSFERTS DE CHARGES RELATIFS AUX COMPETENCES EAU, ASSAINISSEMENT ET EAUX PLUVIALES<\/u><\/strong><\/li><\/ul><p style=\"color: #333333; padding-left: 40px;\"><strong><u>R\u00e9sultat du vote<\/u>\u00a0: 5 \/ 22<\/strong><br \/>Nombre de voix pour\u00a0: 5<br \/>Nombre de voix contre\u00a0: 6 +3 pvr = 9<br \/>Nombre d\u2019abstentions\u00a0: 5 + 3 pvr = 8<\/p><div id=\"CM29062021Quatre\" style=\"color: #333333;\"><strong><u>4 &#8211; D\u00e9lib\u00e9ration Avis sur le plan de pr\u00e9vention des risques d\u2019inondation de la vall\u00e9e de la Rhonelle et de ses affluents<\/u><\/strong><\/div><p style=\"color: #333333;\"><em>(Dossier consultable en mairie)<\/em><\/p><p style=\"color: #333333;\" align=\"justify\">Le plan de pr\u00e9vention des risques inondation de la vall\u00e9e de la Rhonelle et de ses affluents a \u00e9t\u00e9 prescrit le 6 d\u00e9cembre 2018par arr\u00eat\u00e9 pr\u00e9fectoral. Il traite du risque d\u2019inondation par d\u00e9bordement de cours d\u2019eau et par ruissellement des eaux pluviales. La r\u00e9partition au sein du p\u00e9rim\u00e8tre de prescription de la prise en compte des risques li\u00e9s au d\u00e9bordement et au ruissellement\/Thiant\u00a0: ruissellement<\/p><p style=\"color: #333333;\" align=\"justify\">L\u2019Article 3 de l\u2019arr\u00eat\u00e9 de prescription d\u00e9signe la Direction D\u00e9partementale des Territoires et de la Mer du Nord, service coordonnateur pour l\u2019ensemble des actes de proc\u00e9dure li\u00e9s \u00e0 l\u2019\u00e9laboration du projet de plan.<br \/>Le projet de plan a \u00e9t\u00e9 \u00e9labor\u00e9 en concertation avec les collectivit\u00e9s concern\u00e9es qui ont eu connaissance de la cartographie de l\u2019al\u00e9a de r\u00e9f\u00e9rence lors du comit\u00e9 de concertation du 22 juin 2017. Ensuite, cet al\u00e9a a fait l\u2019objet d\u2019un porter \u00e0 connaissance le 15 mai 2018. Le dossier complet du PPRI a \u00e9t\u00e9 pr\u00e9sent\u00e9 en comit\u00e9 de concertation le 21 janvier 2021.<\/p><p style=\"color: #333333;\" align=\"justify\">Conform\u00e9ment \u00e0 l\u2019article R562-7 du code de l\u2019Environnement, le projet de plan de pr\u00e9vention des risques inondation de la vall\u00e9e de la Rhonelle et de ses affluents doit \u00eatre soumis aux consultations officielles pour une dur\u00e9e de 2 mois.<br \/>Cet article dispose que le projet est soumis \u00e0 l\u2019avis des conseils municipaux des communes concern\u00e9es.<br \/>Le projet de plan sera \u00e0 l\u2019issue de cette phase de consultations officielles soumis \u00e0 une enqu\u00eate publique et que les avis recueillis lors des consultations officielles seront annex\u00e9s aux registres d\u2019enqu\u00eate dans les conditions pr\u00e9vues \u00e0 l\u2019article R562-8 du code de l\u2019Environnement.<\/p><p style=\"color: #333333;\"><strong>Le Conseil Municipal apr\u00e8s en avoir d\u00e9lib\u00e9r\u00e9,<\/strong><br \/>par\u00a022 voix pour,\u00a00 voix contre,\u00a00\u00a0abstention<\/p><p><span style=\"color: #333333;\"><strong>EMET<\/strong> un avis favorable sur le plan de pr\u00e9vention des risques inondation de la Rhonelle et ses affluent<\/span>s<\/p><div id=\"CM29062021Cinq\" style=\"color: #333333;\"><strong><u>5 &#8211; D\u00e9lib\u00e9ration Convention de groupement de commande pour l\u2019acquisition de tablettes pour les \u00e9lus avec la CAPH<\/u><\/strong><\/div><p style=\"color: #333333;\"><em>Arriv\u00e9e de Madame Martine PREVOST<\/em><\/p><p style=\"color: #333333;\">Vu le Code G\u00e9n\u00e9ral des Collectivit\u00e9s Territoriales, et notamment l\u2019article L2122-22, 4\u00b0,<br \/>Vu le Code de la Commande Publique et ses articles L2113-6 \u00e0 L2113-8,<br \/>La Communaut\u00e9 d\u2019Agglom\u00e9ration de la Porte du Hainaut et les communes du territoire ont des besoins similaires en mati\u00e8re d\u2019acquisition de tablettes pour les \u00e9lus.<\/p><p style=\"color: #333333;\" align=\"justify\">Dans le cadre du sch\u00e9ma de mutualisation entre les services de la Porte du Hainaut et les communes membres souhaitant adh\u00e9rer \u00e0 la d\u00e9marche, il est propos\u00e9 la constitution d\u2019un groupement de commandes.<br \/>La convention ci-annex\u00e9e d\u00e9finit les modalit\u00e9s de fonctionnement du groupement de commandes propos\u00e9 par la CAPH. La phase de passation des march\u00e9s sera mutualis\u00e9e ce qui permettra de b\u00e9n\u00e9ficier de la massification des achats, mais ensuite chaque membre notifiera le march\u00e9 pour son propre besoin et en assurera l\u2019ex\u00e9cution.<br \/>La CAPH a propos\u00e9 d\u2019\u00eatre coordonnateur du groupement de commandes et de prendre en charge les frais li\u00e9s \u00e0 son fonctionnement et \u00e0 la mise en \u0153uvre des proc\u00e9dures.<\/p><p style=\"color: #333333;\"><strong>Le Conseil Municipal apr\u00e8s en avoir d\u00e9lib\u00e9r\u00e9,<\/strong><br \/>par\u00a022 voix pour,\u00a00 voix contre,\u00a00\u00a0abstention<\/p><p style=\"color: #333333;\"><strong>DECIDE de ne pas adh\u00e9rer au groupement de commandes pour l\u2019acquisition de tablettes pour les \u00e9lus coordonn\u00e9 par la CAPH.<\/strong><\/p><div id=\"CM29062021Six\" style=\"color: #333333;\"><strong><u>6 &#8211; D\u00e9lib\u00e9ration R\u00e8glement int\u00e9rieur du Conseil Municipal<\/u><\/strong><\/div><p style=\"color: #333333;\">(Document joint en pi\u00e8ce jointe)<\/p><p style=\"color: #333333;\">Ce point est report\u00e9 au prochain conseil municipal.<\/p><div id=\"CM29062021Sept\" style=\"color: #333333;\"><strong><u>7 &#8211; D\u00e9lib\u00e9ration Commissions du Conseil Municipal et Commission d\u2019Appel d\u2019Offres<\/u><\/strong><\/div><p style=\"color: #333333;\"><strong><u>Actualisations des commissions<\/u><\/strong><\/p><table width=\"50%\" align=\"center\" bgcolor=\"#EEEEEE\"><tbody><tr bgcolor=\"#BBBBBBB\"><td style=\"color: #333333; text-align: center;\" colspan=\"2\"><strong>Finances<\/strong><\/td><\/tr><tr><td style=\"color: #333333; text-align: right;\" width=\"25%\">Pr\u00e9sident :<\/td><td style=\"color: #333333; text-align: left;\" width=\"75%\">Monsieur Jean-Marie LECERF<\/td><\/tr><tr><td style=\"color: #333333; text-align: right;\">Vice-Pr\u00e9sident :<\/td><td style=\"color: #333333; text-align: left;\">Monsieur Guy VANDERBEC<\/td><\/tr><tr><td style=\"color: #333333; text-align: right;\">Membres\u00a0:<\/td><td style=\"color: #333333; text-align: left;\">Monsieur Philippe WAELKENS<br \/>Madame Martine PREVOST<br \/>Madame C\u00e9line TRACHMAN<br \/>Monsieur Jean-Claude BAH<br \/>Monsieur HENNAUT<\/td><\/tr><tr><td style=\"color: #333333; text-align: right;\">Suppl\u00e9ant\u00a0:<\/td><td style=\"color: #333333; text-align: left;\">Madame Sylvaine GERARD<br \/>Monsieur Sylvain LEFEBVRE rempla\u00e7ant Monsieur Jean Michel HARBONNIER<\/td><\/tr><tr bgcolor=\"#BBBBBBB\"><td style=\"color: #333333; text-align: center;\" colspan=\"2\"><strong>Urbanisme, s\u00e9curit\u00e9 et travaux<\/strong><\/td><\/tr><tr><td style=\"color: #333333; text-align: right;\">Pr\u00e9sident :<\/td><td style=\"color: #333333; text-align: left;\">Monsieur Jean-Marie LECERF<\/td><\/tr><tr><td style=\"color: #333333; text-align: right;\">Vice-Pr\u00e9sident :<\/td><td style=\"color: #333333; text-align: left;\">\u00a0<\/td><\/tr><tr><td style=\"color: #333333; text-align: right;\">Membres\u00a0:<\/td><td style=\"color: #333333; text-align: left;\">Monsieur J\u00e9r\u00f4me CARLIER<br \/>Monsieur Bernard LEPEZ<br \/>Madame Sylvie DEVOS<br \/>Monsieur Bernard MALAQUIN<br \/>Madame Sylvaine GERARD<br \/>Madame Martine PREVOST<\/td><\/tr><tr><td style=\"color: #333333; text-align: right;\">Suppl\u00e9ant\u00a0:<\/td><td style=\"color: #333333; text-align: left;\">Madame NICOLAS<br \/>Monsieur Sylvain LEFEBVRE rempla\u00e7ante Mme Fran\u00e7oise BAR-DESESPRINGALLE<\/td><\/tr><tr bgcolor=\"#BBBBBBB\"><td style=\"color: #333333; text-align: center;\" colspan=\"2\"><strong>F\u00eates et c\u00e9r\u00e9monies<\/strong><\/td><\/tr><tr><td style=\"color: #333333; text-align: right;\">Pr\u00e9sident :<\/td><td style=\"color: #333333; text-align: left;\">Monsieur Jean-Marie LECERF<\/td><\/tr><tr><td style=\"color: #333333; text-align: right;\">Vice-Pr\u00e9sident :<\/td><td style=\"color: #333333; text-align: left;\">Monsieur C\u00e9dric DUQUESNOY<\/td><\/tr><tr><td style=\"color: #333333; text-align: right;\">Membres\u00a0:<\/td><td style=\"color: #333333; text-align: left;\">Monsieur J\u00e9r\u00f4me CARLIER<br \/>Madame Sylvaine GERARD<br \/>Madame C\u00e9line TRACHMAN<br \/>Madame Sylvie NICOLAS<br \/>Monsieur Bernard MALAQUIN<\/td><\/tr><tr><td style=\"color: #333333; text-align: right;\">Suppl\u00e9ant\u00a0:<\/td><td style=\"color: #333333; text-align: left;\">Monsieur Bernard LEPEZ<br \/>Monsieur Jean Michel HARBONNIER rempla\u00e7ant Monsieur Jimmy LAURENT<\/td><\/tr><tr bgcolor=\"#BBBBBBB\"><td style=\"color: #333333; text-align: center;\" colspan=\"2\"><strong>Sports et vie associative<\/strong><\/td><\/tr><tr><td style=\"color: #333333; text-align: right;\">Pr\u00e9sident :<\/td><td style=\"color: #333333; text-align: left;\">Monsieur Jean-Marie LECERF<\/td><\/tr><tr><td style=\"color: #333333; text-align: right;\">Vice-Pr\u00e9sident :<\/td><td style=\"color: #333333; text-align: left;\">Monsieur Michel HENNAUT<\/td><\/tr><tr><td style=\"color: #333333; text-align: right;\">Membres\u00a0:<\/td><td style=\"color: #333333; text-align: left;\">Madame C\u00e9line DUMAINE<br \/>Madame Sylvaine GERARD<br \/>Monsieur Philippe WAELKENS<br \/>Monsieur J\u00e9r\u00f4me CARLIER<\/td><\/tr><tr><td style=\"color: #333333; text-align: right;\">Suppl\u00e9ant\u00a0:<\/td><td style=\"color: #333333; text-align: left;\">Mme TRACHMAN<br \/>Monsieur Jean Michel HARBONNIER rempla\u00e7ant Monsieur Jimmy LAURENT<\/td><\/tr><tr bgcolor=\"#BBBBBBB\"><td style=\"color: #333333; text-align: center;\" colspan=\"2\"><strong>Cadre de vie S\u00e9curit\u00e9 Environnement<\/strong><\/td><\/tr><tr><td style=\"color: #333333; text-align: right;\">Pr\u00e9sident :<\/td><td style=\"color: #333333; text-align: left;\">Monsieur Jean-Marie LECERF<\/td><\/tr><tr><td style=\"color: #333333; text-align: right;\">Vice-Pr\u00e9sident :<\/td><td style=\"color: #333333; text-align: left;\">Monsieur Philippe WAELKENS<\/td><\/tr><tr><td style=\"color: #333333; text-align: right;\">Membres\u00a0:<\/td><td style=\"color: #333333; text-align: left;\">Monsieur Bernard MALAQUIN<br \/>Monsieur J\u00e9r\u00f4me CARLIER<br \/>Madame Sylvie DEVOS<br \/>Madame Sylvie NICOLAS<br \/>Madame C\u00e9line TRACHMAN<\/td><\/tr><tr><td style=\"color: #333333; text-align: right;\">Suppl\u00e9ant\u00a0:<\/td><td style=\"color: #333333; text-align: left;\">Monsieur Bernard LEPEZ<br \/>Monsieur Jimmy LAURENT rempla\u00e7ant Monsieur Jean Michel HARBONNIER<\/td><\/tr><tr bgcolor=\"#BBBBBBB\"><td style=\"color: #333333; text-align: center;\" colspan=\"2\"><strong>Enfance Jeunesse Accueil de loisirs<\/strong><\/td><\/tr><tr><td style=\"color: #333333; text-align: right;\">Pr\u00e9sident :<\/td><td style=\"color: #333333; text-align: left;\">Monsieur Jean-Marie LECERF<\/td><\/tr><tr><td style=\"color: #333333; text-align: right;\">Vice-Pr\u00e9sidente :<\/td><td style=\"color: #333333; text-align: left;\">Madame St\u00e9phanie WATTIEZ<\/td><\/tr><tr><td style=\"color: #333333; text-align: right;\">Membres\u00a0:<\/td><td style=\"color: #333333; text-align: left;\">Madame Sylvaine GERARD<br \/>Madame Armelle BOURLET<br \/>Monsieur C\u00e9dric DUQUESNOY<br \/>Monsieur Michel HENNAUT<br \/>Madame C\u00e9line DUMAINE<\/td><\/tr><tr><td style=\"color: #333333; text-align: right;\">Suppl\u00e9ant\u00a0:<\/td><td style=\"color: #333333; text-align: left;\">Monsieur Jimmy LAURENT rempla\u00e7ant Monsieur Jean Michel HARBONNIER<\/td><\/tr><tr bgcolor=\"#BBBBBBB\"><td style=\"color: #333333; text-align: center;\" colspan=\"2\"><strong>Logement D\u00e9veloppement social et Sant\u00e9<\/strong><\/td><\/tr><tr><td style=\"color: #333333; text-align: right;\">Pr\u00e9sident :<\/td><td style=\"color: #333333; text-align: left;\">Monsieur Jean-Marie LECERF<\/td><\/tr><tr><td style=\"color: #333333; text-align: right;\">Vice-Pr\u00e9sidente :<\/td><td style=\"color: #333333; text-align: left;\">Madame Raymonde BOHERE<\/td><\/tr><tr><td style=\"color: #333333; text-align: right;\">Membres\u00a0:<\/td><td style=\"color: #333333; text-align: left;\">Madame Martine PREVOST<br \/>Madame Sylvie DEVOS<br \/>Monsieur Jean-Claude BAH<br \/>Madame Armelle BOURLET<br \/>Madame Sylvie NICOLAS<\/td><\/tr><tr><td style=\"color: #333333; text-align: right;\">Suppl\u00e9ant\u00a0:<\/td><td style=\"color: #333333; text-align: left;\">Monsieur Jean Michel HARBONNIER rempla\u00e7ante Madame Fran\u00e7oise BAR-DESESPRINGALLE<\/td><\/tr><tr bgcolor=\"#BBBBBBB\"><td style=\"color: #333333; text-align: center;\" colspan=\"2\"><strong>Culture Citoyennet\u00e9 Nouvelles technologies<\/strong><\/td><\/tr><tr><td style=\"color: #333333; text-align: right;\">Pr\u00e9sident :<\/td><td style=\"color: #333333; text-align: left;\">Monsieur Jean-Marie LECERF<\/td><\/tr><tr><td style=\"color: #333333; text-align: right;\">Vice-Pr\u00e9sidente :<\/td><td style=\"color: #333333; text-align: left;\">Madame C\u00e9line DUMAINE<\/td><\/tr><tr><td style=\"color: #333333; text-align: right;\">Membres\u00a0:<\/td><td style=\"color: #333333; text-align: left;\">Madame Martine PREVOST<br \/>Madame Sylvaine GERARD<br \/>Madame C\u00e9line TRACHMAN<br \/>Madame Sylvie NICOLAS<br \/>Monsieur C\u00e9dric DUQUESNOY<\/td><\/tr><tr><td style=\"color: #333333; text-align: right;\">Suppl\u00e9ant\u00a0:<\/td><td style=\"color: #333333; text-align: left;\">Monsieur Sylvain LEFEBVRE rempla\u00e7ant Monsieur Jimmy LAURENT<\/td><\/tr><tr bgcolor=\"#BBBBBBB\"><td style=\"color: #333333; text-align: center;\" colspan=\"2\"><strong>Affaires Scolaires Ecoles de Danse et Musique<\/strong><\/td><\/tr><tr><td style=\"color: #333333; text-align: right;\">Pr\u00e9sident :<\/td><td style=\"color: #333333; text-align: left;\">Monsieur Jean-Marie LECERF<\/td><\/tr><tr><td style=\"color: #333333; text-align: right;\">Vice-Pr\u00e9sident :<\/td><td style=\"color: #333333; text-align: left;\">Monsieur Marc WATTIEZ<\/td><\/tr><tr><td style=\"color: #333333; text-align: right;\">Membres\u00a0:<\/td><td style=\"color: #333333; text-align: left;\">Madame C\u00e9line TRACHMAN<br \/>Madame Sylvaine GERARD<br \/>Madame C\u00e9line DUMAINE<br \/>Madame Raymonde BOHERE<br \/>Madame Armelle BOURLET<\/td><\/tr><tr><td style=\"color: #333333; text-align: right;\">Suppl\u00e9ant\u00a0:<\/td><td style=\"color: #333333; text-align: left;\">Madame St\u00e9phanie WATTIEZ<br \/>Madame Fran\u00e7oise BAR-DESESPRINGALLE rempla\u00e7ant Monsieur Sylvain LEFEBVRE<\/td><\/tr><tr bgcolor=\"#BBBBBBB\"><td style=\"color: #333333; text-align: center;\" colspan=\"2\"><strong>Informations Communications<\/strong><\/td><\/tr><tr><td style=\"color: #333333; text-align: right;\">Pr\u00e9sident :<\/td><td style=\"color: #333333; text-align: left;\">Monsieur Jean-Marie LECERF<\/td><\/tr><tr><td style=\"color: #333333; text-align: right;\">Vice-Pr\u00e9sidente :<\/td><td style=\"color: #333333; text-align: left;\">Madame St\u00e9phanie WATTIEZ<\/td><\/tr><tr><td style=\"color: #333333; text-align: right;\">Membres\u00a0:<\/td><td style=\"color: #333333; text-align: left;\">Madame Sylvaine GERARD<br \/>Madame C\u00e9line DUMAINE<br \/>Monsieur Philippe WAELKENS<br \/>Monsieur Marc WATTIEZ<br \/>Monsieur C\u00e9dric DUQUESNOY<\/td><\/tr><tr><td style=\"color: #333333; text-align: right;\">Suppl\u00e9ant\u00a0:<\/td><td style=\"color: #333333; text-align: left;\">Madame Fran\u00e7oise BAR-DESESPRINGALLE rempla\u00e7ant Monsieur Sylvain LEFEBVRE<\/td><\/tr><tr bgcolor=\"#BBBBBBB\"><td style=\"color: #333333; text-align: center;\" colspan=\"2\"><strong>Commission d\u2019Appel d\u2019Offres<br \/>(Le Maire + 3 titulaires + 3 suppl\u00e9ants)<\/strong><\/td><\/tr><tr><td style=\"color: #333333; text-align: center;\" colspan=\"2\">3 titulaires et 3 suppl\u00e9ants<\/td><\/tr><\/tbody><\/table><p style=\"color: #333333;\"><strong>Membres de la CAO (scrutin de la liste) jusqu&#8217;au 29\/06\/2021<\/strong><\/p><table width=\"50%\" align=\"center\" bgcolor=\"#EEEEEE\"><tbody><tr><td style=\"color: #333333; text-align: center;\" width=\"50%\"><strong>Nom du ou des candidats<\/strong><br \/>(6 noms par liste maximum)<\/td><td style=\"color: #333333; text-align: center;\" width=\"50%\"><strong>Sont \u00e9lus<\/strong><\/td><\/tr><tr><td style=\"color: #333333; text-align: left;\">Monsieur Guy VANDERBEC<br \/>Monsieur Bernard MALAQUIN<br \/>MME PREVOST<br \/>Monsieur Philippe WAELKENS<\/td><td style=\"color: #333333; text-align: left;\" rowspan=\"2\"><strong>sont \u00e9lus titulaires<\/strong><br \/>Monsieur Guy VANDERBEC<br \/>Monsieur Bernard MALAQUIN<br \/>Monsieur Sylvain LEFEBVRE<br \/><strong>sont \u00e9lus suppl\u00e9ants<\/strong><br \/>Madame Martine PREVOST<br \/>Monsieur Philippe WAELKENS<br \/>Monsieur \u00a0Jean Michel HARBONNIER<\/td><\/tr><tr><td style=\"color: #333333; text-align: left;\">Monsieur Sylvain LEFEBVRE<br \/>Monsieur HARBONNIER<\/td><\/tr><\/tbody><\/table><table width=\"50%\" align=\"center\" bgcolor=\"#EEEEEE\"><tbody><tr bgcolor=\"#BBBBBBB\"><td style=\"color: #333333; text-align: center;\" colspan=\"2\"><strong>Comit\u00e9 des Ages du Pays Trithois<\/strong><\/td><\/tr><tr><td style=\"color: #333333; text-align: right;\" width=\"45%\">1<sup>er<\/sup> d\u00e9l\u00e9gu\u00e9 titulaire :<\/td><td style=\"color: #333333; text-align: left;\" width=\"55%\">Madame Raymonde BOHERE<\/td><\/tr><tr><td style=\"color: #333333; text-align: right;\">2<sup>\u00e8me<\/sup>\u00a0d\u00e9l\u00e9gu\u00e9 titulaire\u00a0:<\/td><td style=\"color: #333333; text-align: left;\">Madame Martine PREVOST<\/td><\/tr><tr><td style=\"color: #333333; text-align: right;\">1<sup>er<\/sup>\u00a0d\u00e9l\u00e9gu\u00e9 suppl\u00e9ant :<\/td><td style=\"color: #333333; text-align: left;\">Madame St\u00e9phanie WATTIEZ<\/td><\/tr><tr><td style=\"color: #333333; text-align: right;\">2<sup>\u00e8me<\/sup>\u00a0d\u00e9l\u00e9gu\u00e9 suppl\u00e9ant\u00a0:<\/td><td style=\"color: #333333; text-align: left;\">Madame Sylvie DEVOS<\/td><\/tr><tr bgcolor=\"#BBBBBBB\"><td style=\"color: #333333; text-align: center;\" colspan=\"2\"><strong>SIDEGAV<\/strong><\/td><\/tr><tr><td style=\"color: #333333; text-align: right;\">1<sup>er<\/sup>\u00a0d\u00e9l\u00e9gu\u00e9 titulaire :<\/td><td style=\"color: #333333; text-align: left;\">Monsieur C\u00e9dric DUQUESNOY<\/td><\/tr><tr><td style=\"color: #333333; text-align: right;\">2<sup>\u00e8me<\/sup>\u00a0d\u00e9l\u00e9gu\u00e9 titulaire :<\/td><td style=\"color: #333333; text-align: left;\">Monsieur Jean Claude BAH<\/td><\/tr><tr><td style=\"color: #333333; text-align: right;\">1<sup>er<\/sup> d\u00e9l\u00e9gu\u00e9 suppl\u00e9ant\u00a0:<\/td><td style=\"color: #333333; text-align: left;\">Madame Sylvaine GERARD<\/td><\/tr><tr bgcolor=\"#BBBBBBB\"><td style=\"color: #333333; text-align: center;\" colspan=\"2\"><strong>L\u2019Association Fonci\u00e8re de Remembrement<\/strong><\/td><\/tr><tr><td style=\"color: #333333; text-align: right;\">1<sup>er<\/sup>\u00a0d\u00e9l\u00e9gu\u00e9 titulaire :<\/td><td style=\"color: #333333; text-align: left;\">Monsieur Jean Marie LECERF<\/td><\/tr><tr><td style=\"color: #333333; text-align: right;\">1<sup>er<\/sup> d\u00e9l\u00e9gu\u00e9 suppl\u00e9ant\u00a0:<\/td><td style=\"color: #333333; text-align: left;\">Monsieur Marc WATTIEZ<\/td><\/tr><tr><td style=\"color: #333333; text-align: right;\">De plus ont \u00e9t\u00e9 propos\u00e9s :<\/td><td style=\"color: #333333; text-align: left;\">Les agriculteurs repr\u00e9sentant la commune\u00a0:<br \/>Monsieur Bruno BOTTIN<br \/>Monsieur Maurice WASHEUL<br \/>Les agriculteurs repr\u00e9sentant pour la chambre d\u2019agriculture\u00a0:<br \/>Monsieur Alain DUPONT<br \/>Monsieur Gr\u00e9gory NOCQS<\/td><\/tr><\/tbody><\/table><p style=\"color: #333333;\" align=\"justify\"><em>Madame Sylvaine GERARD demande sur quelle rythme les commissions vont se r\u00e9unir car notamment une ne s\u2019est jamais r\u00e9unie notamment la commission Affaires Scolaires.<br \/>Monsieur Sylvain LEFEBVRE demande que les comptes rendus des commissions soient envoy\u00e9s aux \u00e9lus.<\/em><\/p><div id=\"CM29062021Huit\" style=\"color: #333333;\"><strong><u>8 &#8211; D\u00e9lib\u00e9ration ALSH de juillet 2021 Emplois<\/u><\/strong><\/div><p style=\"color: #333333;\" align=\"justify\"><em>St\u00e9phanie WATTIEZ, 1<sup>\u00e8re<\/sup> Adjointe, explique \u00e0 l\u2019Assembl\u00e9e l\u2019organisation des Accueils de Collectifs de Mineurs de cet \u00e9t\u00e9 2021 (Juillet 2021)<br \/>La th\u00e9matique en maternelle sera les oc\u00e9ans et en \u00e9l\u00e9mentaire le voyage autour du monde.<br \/>Il y aura aussi des interventions avec Village en Sport\u00a0: crossfit pour les maternelles, et du handball et ergom\u00e8tre(simulateur d\u2019avirons) pour les \u00e9l\u00e9mentaires.<br \/>Il y a aura aussi des activit\u00e9s avec le mus\u00e9e d\u2019histoire local, et une activit\u00e9 autour du blason de la commune et d\u2019un po\u00e8me en Chti.<\/em><br \/>Les effectifs actuellement enregistr\u00e9s sont\u00a0:<\/p><ul style=\"color: #333333;\"><li>Nombre d\u2019enfants en \u00e9l\u00e9mentaire\u00a0:\u00a066<\/li><li>Nombre d\u2019enfants en maternelle\u00a0:\u00a034<\/li><li>Nombre de jeunes en ados\u00a0: 0<\/li><\/ul><table width=\"100%\"><tbody><tr><td style=\"color: #333333;\" width=\"25%\">Consid\u00e9rant<\/td><td style=\"color: #333333; text-align: justify;\" width=\"75%\">qu\u2019il convient de fixer les effectifs et r\u00e9mun\u00e9rations des personnels p\u00e9dagogiques des Accueils Collectifs de Mineurs organis\u00e9s par la Ville de Thiant.<\/td><\/tr><\/tbody><\/table><p style=\"color: #333333;\"><strong>Le Conseil Municipal apr\u00e8s en avoir d\u00e9lib\u00e9r\u00e9,<\/strong><br \/>par\u00a022 voix pour,\u00a00 voix contre,\u00a00\u00a0abstention<\/p><table width=\"100%\" align=\"center\"><tbody><tr><td style=\"color: #333333;\" valign=\"top\" width=\"20%\"><strong><u>DECIDE<\/u><\/strong><\/td><td style=\"color: #333333;\" width=\"80%\"><p>Les dates suivantes\u00a0:<\/p><ul style=\"color: #333333;\"><li>ACM Juillet : du 08 au 30 Juillet 2021 pour les enfants<\/li><li>F\u00eate des ACM :\u00a0 pas de f\u00eate<\/li><li>ACM animateurs\u00a0: du 05 au 31 juillet 2021<\/li><li>ACM Adjoint Direction\u00a0: du 01 au 31 juillet 2021<\/li><\/ul><\/td><\/tr><tr><td style=\"color: #333333;\" valign=\"top\"><strong><u>DECIDE<\/u><\/strong><\/td><td style=\"color: #333333; text-align: justify;\">les effectifs ainsi que les bases de r\u00e9mun\u00e9ration des personnels p\u00e9dagogiques selon le tableau ci-annex\u00e9.<\/td><\/tr><tr><td style=\"color: #333333;\" valign=\"top\"><strong><u>DECIDE<\/u><\/strong><\/td><td style=\"color: #333333; text-align: justify;\">que ces personnels pourront effectuer des heures compl\u00e9mentaires et \/ ou suppl\u00e9mentaires.<\/td><\/tr><tr><td style=\"color: #333333;\" valign=\"top\"><strong><u>ET DE DIRE<\/u><\/strong><\/td><td style=\"color: #333333; text-align: justify;\">que les membres des \u00e9quipes de direction qui, apr\u00e8s accord de l\u2019autorit\u00e9 territoriale, utiliseront leur v\u00e9hicule personnel, seront indemnis\u00e9s sur la base du dernier arr\u00eat\u00e9 fixant les taux des indemnit\u00e9s kilom\u00e9triques ainsi que les conditions et les modalit\u00e9s de r\u00e8glement des frais occasionn\u00e9s par les d\u00e9placements temporaires des personnels de l\u2019Etat.<\/td><\/tr><\/tbody><\/table><p style=\"color: #333333;\"><strong>ACM de Juillet<\/strong><\/p><table width=\"100%\" align=\"center\" bgcolor=\"#EEEEEE\"><tbody><tr><td style=\"color: #333333; text-align: center;\" width=\"16%\">Qualification<\/td><td style=\"color: #333333; text-align: center;\" width=\"16%\">Grade<\/td><td style=\"color: #333333; text-align: center;\" width=\"16%\"><p>Effectif maximum<\/p><p>juillet<br \/>ACM petite enfance<\/p><\/td><td style=\"color: #333333; text-align: center;\" width=\"16%\"><p>Effectif maximum<\/p><p>juillet<br \/>ACM \u00e9l\u00e9mentaire<\/p><\/td><td style=\"color: #333333; text-align: center;\" width=\"16%\"><p>Effectif maximum<\/p><p>juillet<br \/>ACM Ados<\/p><\/td><td style=\"color: #333333; text-align: center;\" width=\"16%\">Total des effectifs<\/td><\/tr><tr><td style=\"color: #333333;\">Directeur<\/td><td style=\"color: #333333; text-align: center;\">Animateur<\/td><td style=\"color: #333333; text-align: center;\" colspan=\"3\">1 personnel permanent de la commune<\/td><td style=\"color: #333333; text-align: center;\">1<\/td><\/tr><tr><td style=\"color: #333333;\">Directeur<\/td><td style=\"color: #333333; text-align: center;\">Animateur<\/td><td style=\"color: #333333; text-align: center;\">1 personnel permanent de la commune<\/td><td style=\"color: #333333; text-align: center;\">1 personnel permanent de la commune<\/td><td style=\"color: #333333; text-align: center;\">0<\/td><td style=\"color: #333333; text-align: center;\">2<\/td><\/tr><tr><td style=\"color: #333333;\">Dipl\u00f4m\u00e9<\/td><td style=\"color: #333333; text-align: center;\">Adjoint d&#8217;animation<\/td><td style=\"color: #333333; text-align: center;\">3 dont 1 personnel non permanent de la commune<\/td><td style=\"color: #333333; text-align: center;\">4** dont 1 b\u00e9n\u00e9vole<\/td><td style=\"color: #333333; text-align: center;\">0<\/td><td style=\"color: #333333; text-align: center;\">7<\/td><\/tr><tr><td style=\"color: #333333;\">Stagiaire<\/td><td style=\"color: #333333; text-align: center;\">Adjoint d&#8217;animation<\/td><td style=\"color: #333333; text-align: center;\">2<\/td><td style=\"color: #333333; text-align: center;\">1<\/td><td style=\"color: #333333; text-align: center;\">0<\/td><td style=\"color: #333333; text-align: center;\">3<\/td><\/tr><tr><td style=\"color: #333333;\">Non dipl\u00f4m\u00e9<\/td><td style=\"color: #333333; text-align: center;\">Adjoint d&#8217;animation<\/td><td style=\"color: #333333; text-align: center;\">0<\/td><td style=\"color: #333333; text-align: center;\">1<\/td><td style=\"color: #333333; text-align: center;\">0<\/td><td style=\"color: #333333; text-align: center;\">1<\/td><\/tr><tr><td style=\"color: #333333;\" colspan=\"2\">Total des effectifs :<\/td><td style=\"color: #333333; text-align: center;\">6<\/td><td style=\"color: #333333; text-align: center;\">7<\/td><td style=\"color: #333333; text-align: center;\">0<\/td><td style=\"color: #333333; text-align: center;\">14<\/td><\/tr><\/tbody><\/table><div id=\"CM29062021Neuf\" style=\"color: #333333;\"><strong><u>9 &#8211; D\u00e9lib\u00e9ration Emplois saisonniers vacances Services techniques<\/u><\/strong><\/div><p style=\"color: #333333;\" align=\"justify\"><em>Monsieur Le Maire propose que l\u2019on puisse prendre des personnes pour renforcer les services techniques et \u00e9ventuellement des jeunes pour financer leur permis, leurs \u00e9tudes\u2026<br \/>Consid\u00e9rant qu\u2019il est n\u00e9cessaire de recruter des agents contractuels pour faire face \u00e0 un besoin li\u00e9 \u00e0 un accroissement saisonnier d\u2019activit\u00e9\u00a0\u00e0 savoir renforcer les services techniques pendant la p\u00e9riode estivale 2021\u2026<\/em><\/p><p style=\"color: #333333;\"><b>Le Conseil Municipal apr\u00e8s en avoir d\u00e9lib\u00e9r\u00e9,<\/b><br \/>par\u00a022 voix pour,\u00a00 voix contre,\u00a00\u00a0abstention<\/p><table width=\"100%\" align=\"center\"><tbody><tr><td style=\"color: #333333;\" width=\"25%\"><strong><u>DECIDE DE CREER<\/u><\/strong><\/td><td style=\"color: #333333; text-align: justify;\" width=\"75%\">2 emplois saisonniers \u00e0 20h\/hebdomadaire pour la p\u00e9riode du 06 juillet 2021 au 31 aout 2021<\/td><\/tr><\/tbody><\/table><p style=\"color: #333333;\" align=\"justify\"><em>Apr\u00e8s un d\u00e9bat sur les travaux des espaces verts il est confirm\u00e9 que l\u2019entretien du nouveau Rond Point sera effectu\u00e9 semaine prochaine par l\u2019Entreprise qui l\u2019a am\u00e9nag\u00e9.<br \/>L\u2019entreprise qui a \u00e9t\u00e9 retenue pour l\u2019entretien d\u2019une partie des espaces verts est ID VERDE.<\/em><\/p><div id=\"CM29062021Dix\" style=\"color: #333333;\"><strong><u>10 &#8211; D\u00e9lib\u00e9ration Tableau des effectifs \u00e0 compter du 1<sup>er<\/sup> juillet 2021\u00a0:<\/u><\/strong><\/div><p style=\"color: #333333;\" align=\"justify\"><em>Monsieur le Maire expose qu\u2019il appartient \u00e0 l\u2019organe d\u00e9lib\u00e9rant de la collectivit\u00e9 sur proposition de l\u2019autorit\u00e9 territoriale, de fixer les effectifs des emplois permanents n\u00e9cessaires au fonctionnement des services.<\/em><\/p><p><span style=\"color: #333333;\">Consid\u00e9rant la loi n\u00b083-634 du 13 juillet 1983 modifi\u00e9e portant droits et obligations des fonctionnaires ;<\/span><\/p><p><span style=\"color: #333333;\">Consid\u00e9rant la loi n\u00b084-53 du 26 janvier 1984 modifi\u00e9e portant dispositions statutaires relatives \u00e0 la fonction publique territoriale ;<\/span><\/p><p><span style=\"color: #333333;\">Consid\u00e9rant les d\u00e9crets portant statuts particuliers des cadres d\u2019emplois et organisant les grades s\u2019y rapportant, pris en application de l\u2019article 4 de la loi n\u00b0 84-53 du 26 janvier 1984 modifi\u00e9e ;<\/span><\/p><p><span style=\"color: #333333;\">Vu les d\u00e9lib\u00e9ration n\u00b02020-08-26\u2013D02 ET 2020-12-11-D06 relative au tableau des effectifs des emplois permanents au 1<sup>er<\/sup> JANVIER 2021 ;<\/span><\/p><table width=\"100%\" align=\"center\" bgcolor=\"#EEEEEE\"><tbody><tr><td style=\"color: #333333; text-align: center;\" width=\"5%\">\u00a0<\/td><td style=\"color: #333333; text-align: center;\" width=\"10%\"><strong>Cat\u00e9gorie<\/strong><\/td><td style=\"color: #333333; text-align: center;\" width=\"15%\"><strong>Cadre d\u2019emploi<\/strong><\/td><td style=\"color: #333333; text-align: center;\" width=\"30%\"><strong>Grade \/ Emploi<\/strong><\/td><td style=\"color: #333333; text-align: center;\" width=\"10%\"><strong>Dur\u00e9e hebdomadaire de service<\/strong><\/td><td style=\"color: red; text-align: center;\" width=\"10%\"><strong>Total des postes au 01\/07\/2021<\/strong><\/td><td style=\"color: #333333; text-align: center;\" width=\"10%\"><strong>Emplois pourvus<\/strong><\/td><\/tr><tr bgcolor=\"#CCCCCC\"><td style=\"color: #333333;\" colspan=\"5\"><strong>Emplois de cabinet<\/strong><\/td><td style=\"color: #333333; text-align: center;\">0<\/td><td style=\"color: #333333; text-align: center;\">0<\/td><\/tr><tr><td colspan=\"3\">\u00a0<\/td><td style=\"color: #333333;\">Collaborateur de cabinet<\/td><td style=\"color: #333333; text-align: center;\">XXX<\/td><td style=\"color: #333333; text-align: center;\">0<\/td><td style=\"color: #333333; text-align: center;\">0<\/td><\/tr><tr bgcolor=\"#CCCCCC\"><td style=\"color: #333333;\" colspan=\"5\"><strong>Emplois fonctionnels<\/strong><\/td><td style=\"color: #333333; text-align: center;\">1<\/td><td style=\"color: #333333; text-align: center;\">1<\/td><\/tr><tr><td colspan=\"3\">\u00a0<\/td><td style=\"color: #333333;\">Directeur G\u00e9n\u00e9ral des Services<\/td><td style=\"color: #333333; text-align: center;\">35\/35<\/td><td style=\"color: #333333; text-align: center;\">1<\/td><td style=\"color: #333333; text-align: center;\">1<\/td><\/tr><tr><td colspan=\"3\">\u00a0<\/td><td style=\"color: #333333;\">Directeur G\u00e9n\u00e9ral Adjoint des Services<\/td><td style=\"color: #333333; text-align: center;\">XXX<\/td><td style=\"color: #333333; text-align: center;\">0<\/td><td style=\"color: #333333; text-align: center;\">0<\/td><\/tr><tr bgcolor=\"#CCCCCC\"><td style=\"color: #333333;\" colspan=\"5\"><strong>Fili\u00e8re administrative<\/strong><\/td><td style=\"color: #333333; text-align: center;\">12<\/td><td style=\"color: #333333; text-align: center;\">6<\/td><\/tr><tr><td>\u00a0<\/td><td style=\"color: #333333; text-align: center;\"><strong>A<\/strong><\/td><td style=\"color: #333333;\" colspan=\"5\"><strong>Attach\u00e9s territoriaux<\/strong><\/td><\/tr><tr><td colspan=\"3\">\u00a0<\/td><td style=\"color: #333333;\">Attach\u00e9 hors classe<\/td><td style=\"color: #333333; text-align: center;\">XXX<\/td><td style=\"color: #333333; text-align: center;\">0<\/td><td style=\"color: #333333; text-align: center;\">0<\/td><\/tr><tr><td colspan=\"3\">\u00a0<\/td><td style=\"color: #333333;\">Attach\u00e9 principal<\/td><td style=\"color: #333333; text-align: center;\">XXX<\/td><td style=\"color: #333333; text-align: center;\">0<\/td><td style=\"color: #333333; text-align: center;\">0<\/td><\/tr><tr><td colspan=\"3\">\u00a0<\/td><td style=\"color: #333333;\">Attach\u00e9<\/td><td style=\"color: #333333; text-align: center;\">35\/35<\/td><td style=\"color: #333333; text-align: center;\">2<\/td><td style=\"color: #333333; text-align: center;\">0<\/td><\/tr><tr><td>\u00a0<\/td><td style=\"color: #333333; text-align: center;\"><strong>B<\/strong><\/td><td style=\"color: #333333;\" colspan=\"5\"><strong>R\u00e9dacteurs territoriaux<\/strong><\/td><\/tr><tr><td colspan=\"3\">\u00a0<\/td><td style=\"color: #333333;\">R\u00e9dacteur principal de 1<sup>\u00e8re<\/sup> classe<\/td><td style=\"color: #333333; text-align: center;\">35\/35<\/td><td style=\"color: #333333; text-align: center;\">1<\/td><td style=\"color: #333333; text-align: center;\">1<\/td><\/tr><tr><td colspan=\"3\">\u00a0<\/td><td style=\"color: #333333;\">R\u00e9dacteur principal de 2<sup>\u00e8me<\/sup> classe<\/td><td style=\"color: #333333; text-align: center;\">35\/35<\/td><td style=\"color: #333333; text-align: center;\">1<\/td><td style=\"color: #333333; text-align: center;\">0<\/td><\/tr><tr><td colspan=\"3\">\u00a0<\/td><td style=\"color: #333333;\">R\u00e9dacteur<\/td><td style=\"color: #333333; text-align: center;\">35\/35<\/td><td style=\"color: #333333; text-align: center;\">2<\/td><td style=\"color: #333333; text-align: center;\">1<\/td><\/tr><tr><td>\u00a0<\/td><td style=\"color: #333333; text-align: center;\"><strong>C<\/strong><\/td><td style=\"color: #333333;\" colspan=\"5\"><strong>Adjoints administratifs territoriaux<\/strong><\/td><\/tr><tr><td colspan=\"3\">\u00a0<\/td><td style=\"color: #333333;\">Adjoint administratif principal de 1<sup>\u00e8re<\/sup> classe<\/td><td style=\"color: #333333; text-align: center;\">35\/35<\/td><td style=\"color: #333333; text-align: center;\">2<\/td><td style=\"color: #333333; text-align: center;\">2<\/td><\/tr><tr><td colspan=\"3\">\u00a0<\/td><td style=\"color: #333333;\">Adjoint administratif principal 1<sup>\u00e8re<\/sup> classe<\/td><td style=\"color: #333333; text-align: center;\">28\/35<\/td><td style=\"color: #333333; text-align: center;\">0<\/td><td style=\"color: #333333; text-align: center;\">0<\/td><\/tr><tr><td colspan=\"3\">\u00a0<\/td><td style=\"color: #333333;\">Adjoint administratif principal de 2<sup>\u00e8me<\/sup> classe<\/td><td style=\"color: #333333; text-align: center;\">35\/35<\/td><td style=\"color: #333333; text-align: center;\">2<\/td><td style=\"color: #333333; text-align: center;\">1<\/td><\/tr><tr><td colspan=\"3\">\u00a0<\/td><td style=\"color: #333333;\">Adjoint administratif principal de 2<sup>\u00e8me<\/sup> classe<\/td><td style=\"color: #333333; text-align: center;\">28\/35<\/td><td style=\"color: #333333; text-align: center;\">0<\/td><td style=\"color: #333333; text-align: center;\">0<\/td><\/tr><tr><td colspan=\"3\">\u00a0<\/td><td style=\"color: #333333;\">Adjoint administratif<\/td><td style=\"color: #333333; text-align: center;\">35\/35<\/td><td style=\"color: #333333; text-align: center;\">1<\/td><td style=\"color: #333333; text-align: center;\">0<\/td><\/tr><tr><td colspan=\"3\">\u00a0<\/td><td style=\"color: #333333;\">Adjoint administratif<\/td><td style=\"color: #333333; text-align: center;\">28\/35<\/td><td style=\"color: #333333; text-align: center;\">1<\/td><td style=\"color: #333333; text-align: center;\">1<\/td><\/tr><tr><td colspan=\"3\">\u00a0<\/td><td style=\"color: #333333;\">Adjoint administratif<\/td><td style=\"color: #333333; text-align: center;\">XXX<\/td><td style=\"color: #333333; text-align: center;\">0<\/td><td style=\"color: #333333; text-align: center;\">0<\/td><\/tr><tr bgcolor=\"#CCCCCC\"><td style=\"color: #333333;\" colspan=\"5\"><strong>Fili\u00e8re technique<\/strong><\/td><td style=\"color: #333333; text-align: center;\">30<\/td><td style=\"color: #333333; text-align: center;\">20<\/td><\/tr><tr><td>\u00a0<\/td><td style=\"color: #333333; text-align: center;\"><strong>B<\/strong><\/td><td style=\"color: #333333;\" colspan=\"5\"><strong>Technicien territorial<\/strong><\/td><\/tr><tr><td colspan=\"3\">\u00a0<\/td><td style=\"color: #333333;\">Technicien principal de 2<sup>\u00e8me<\/sup> classe<\/td><td style=\"color: #333333; text-align: center;\">XXX<\/td><td style=\"color: #333333; text-align: center;\">0<\/td><td style=\"color: #333333; text-align: center;\">0<\/td><\/tr><tr><td colspan=\"3\">\u00a0<\/td><td style=\"color: #333333;\">Technicien<\/td><td style=\"color: #333333; text-align: center;\">35\/35<\/td><td style=\"color: #333333; text-align: center;\">1<\/td><td style=\"color: #333333; text-align: center;\">0<\/td><\/tr><tr><td>\u00a0<\/td><td style=\"color: #333333; text-align: center;\"><strong>C<\/strong><\/td><td style=\"color: #333333;\" colspan=\"5\"><strong>Agent de ma\u00eetrise territorial<\/strong><\/td><\/tr><tr><td colspan=\"3\">\u00a0<\/td><td style=\"color: #333333;\">Agent de ma\u00eetrise principal<\/td><td style=\"color: #333333; text-align: center;\">35\/35<\/td><td style=\"color: #333333; text-align: center;\">1<\/td><td style=\"color: #333333; text-align: center;\">1<\/td><\/tr><tr><td colspan=\"3\">\u00a0<\/td><td style=\"color: #333333;\">Agent de ma\u00eetrise<\/td><td style=\"color: #333333; text-align: center;\">35\/35<\/td><td style=\"color: #333333; text-align: center;\">2<\/td><td style=\"color: #333333; text-align: center;\">2<\/td><\/tr><tr><td>\u00a0<\/td><td style=\"color: #333333; text-align: center;\"><strong>C<\/strong><\/td><td style=\"color: #333333;\" colspan=\"5\"><strong>Adjoint technique territorial<\/strong><\/td><\/tr><tr><td colspan=\"3\">\u00a0<\/td><td style=\"color: #333333;\">Adjoint technique principal de 1<sup>\u00e8re<\/sup> classe<\/td><td style=\"color: #333333; text-align: center;\">35\/35<\/td><td style=\"color: #333333; text-align: center;\">1<\/td><td style=\"color: #333333; text-align: center;\">0<\/td><\/tr><tr><td colspan=\"3\">\u00a0<\/td><td style=\"color: #333333;\">Adjoint technique principal de 2<sup>\u00e8me<\/sup> classe<\/td><td style=\"color: #333333; text-align: center;\">35\/35<\/td><td style=\"color: #333333; text-align: center;\">1<\/td><td style=\"color: #333333; text-align: center;\">1<\/td><\/tr><tr><td colspan=\"3\">\u00a0<\/td><td style=\"color: #333333;\">Adjoint technique<\/td><td style=\"color: #333333; text-align: center;\">35\/35<\/td><td style=\"color: #333333; text-align: center;\">8<\/td><td style=\"color: #333333; text-align: center;\">7<\/td><\/tr><tr><td colspan=\"3\">\u00a0<\/td><td style=\"color: #333333;\">Adjoint technique<\/td><td style=\"color: #333333; text-align: center;\">32\/35<\/td><td style=\"color: #333333; text-align: center;\">1<\/td><td style=\"color: #333333; text-align: center;\">0<\/td><\/tr><tr><td colspan=\"3\">\u00a0<\/td><td style=\"color: #333333;\">Adjoint technique<\/td><td style=\"color: #333333; text-align: center;\">28\/35<\/td><td style=\"color: #333333; text-align: center;\">1<\/td><td style=\"color: #333333; text-align: center;\">0<\/td><\/tr><tr><td colspan=\"3\">\u00a0<\/td><td style=\"color: #333333;\">Adjoint technique<\/td><td style=\"color: #333333; text-align: center;\">20\/35<\/td><td style=\"color: #333333; text-align: center;\">7<\/td><td style=\"color: #333333; text-align: center;\">6<\/td><\/tr><tr><td colspan=\"3\">\u00a0<\/td><td style=\"color: #333333;\">Adjoint technique<\/td><td style=\"color: #333333; text-align: center;\">17\/35<\/td><td style=\"color: #333333; text-align: center;\">6<\/td><td style=\"color: #333333; text-align: center;\">3<\/td><\/tr><tr bgcolor=\"#CCCCCC\"><td style=\"color: #333333;\" colspan=\"5\"><strong>Fili\u00e8re sportive<\/strong><\/td><td style=\"color: #333333; text-align: center;\">1<\/td><td style=\"color: #333333; text-align: center;\">1<\/td><\/tr><tr><td>\u00a0<\/td><td style=\"color: #333333; text-align: center;\"><strong>B<\/strong><\/td><td style=\"color: #333333;\" colspan=\"5\"><strong>\u00c9ducateur territorial des activit\u00e9s physiques et sportives<\/strong><\/td><\/tr><tr><td colspan=\"3\">\u00a0<\/td><td style=\"color: #333333;\">\u00c9ducateur des APS principal de 1<sup>\u00e8re<\/sup> classe<\/td><td style=\"color: #333333; text-align: center;\">35\/35<\/td><td style=\"color: #333333; text-align: center;\">1<\/td><td style=\"color: #333333; text-align: center;\">1<\/td><\/tr><tr><td colspan=\"3\">\u00a0<\/td><td style=\"color: #333333;\">\u00c9ducateur des APS<\/td><td style=\"color: #333333; text-align: center;\">XXX<\/td><td style=\"color: #333333; text-align: center;\">0<\/td><td style=\"color: #333333; text-align: center;\">0<\/td><\/tr><tr bgcolor=\"#CCCCCC\"><td style=\"color: #333333;\" colspan=\"5\"><strong>Fili\u00e8re animation<\/strong><\/td><td style=\"color: #333333; text-align: center;\">8<\/td><td style=\"color: #333333; text-align: center;\">5<\/td><\/tr><tr><td>\u00a0<\/td><td style=\"color: #333333; text-align: center;\"><strong>B<\/strong><\/td><td style=\"color: #333333;\" colspan=\"5\"><strong>Animateur territorial<\/strong><\/td><\/tr><tr><td colspan=\"3\">\u00a0<\/td><td style=\"color: #333333;\">Animateur principal de 1<sup>\u00e8re<\/sup> classe<\/td><td style=\"color: #333333; text-align: center;\">35\/35<\/td><td style=\"color: #333333; text-align: center;\">1<\/td><td style=\"color: #333333; text-align: center;\">0<\/td><\/tr><tr><td colspan=\"3\">\u00a0<\/td><td style=\"color: #333333;\">Animateur principal de 2<sup>\u00e8me<\/sup> classe<\/td><td style=\"color: #333333; text-align: center;\">35\/35<\/td><td style=\"color: #333333; text-align: center;\">1<\/td><td style=\"color: #333333; text-align: center;\">1<\/td><\/tr><tr><td colspan=\"3\">\u00a0<\/td><td style=\"color: #333333;\">Animateur<\/td><td style=\"color: #333333; text-align: center;\">35\/35<\/td><td style=\"color: #333333; text-align: center;\">0<\/td><td style=\"color: #333333; text-align: center;\">0<\/td><\/tr><tr><td>\u00a0<\/td><td style=\"color: #333333; text-align: center;\"><strong>C<\/strong><\/td><td style=\"color: #333333;\" colspan=\"5\"><strong>Adjoint territorial d&#8217;animation<\/strong><\/td><\/tr><tr><td colspan=\"3\">\u00a0<\/td><td style=\"color: #333333;\">Adjoint d&#8217;animation principal de 1<sup>\u00e8re<\/sup> classe<\/td><td style=\"color: #333333; text-align: center;\">XXX<\/td><td style=\"color: #333333; text-align: center;\">0<\/td><td style=\"color: #333333; text-align: center;\">0<\/td><\/tr><tr><td colspan=\"3\">\u00a0<\/td><td style=\"color: #333333;\">Adjoint d&#8217;animation principal de 2<sup>\u00e8me<\/sup> classe<\/td><td style=\"color: #333333; text-align: center;\">XXX<\/td><td style=\"color: #333333; text-align: center;\">0<\/td><td style=\"color: #333333; text-align: center;\">0<\/td><\/tr><tr><td colspan=\"3\">\u00a0<\/td><td style=\"color: #333333;\">Adjoint d&#8217;animation<\/td><td style=\"color: #333333; text-align: center;\">35\/35<\/td><td style=\"color: #333333; text-align: center;\">3<\/td><td style=\"color: #333333; text-align: center;\">3<\/td><\/tr><tr><td colspan=\"3\">\u00a0<\/td><td style=\"color: #333333;\">Adjoint d&#8217;animation<\/td><td style=\"color: #333333; text-align: center;\">20\/35<\/td><td style=\"color: #333333; text-align: center;\">1<\/td><td style=\"color: #333333; text-align: center;\">0<\/td><\/tr><tr><td colspan=\"3\">\u00a0<\/td><td style=\"color: #333333;\">Adjoint d&#8217;animation<\/td><td style=\"color: #333333; text-align: center;\">8\/35<\/td><td style=\"color: #333333; text-align: center;\">1<\/td><td style=\"color: #333333; text-align: center;\">1<\/td><\/tr><tr><td colspan=\"3\">\u00a0<\/td><td style=\"color: #333333;\">Adjoint d&#8217;animation<\/td><td style=\"color: #333333; text-align: center;\">13,5\/35<\/td><td style=\"color: #333333; text-align: center;\">1<\/td><td style=\"color: #333333; text-align: center;\">0<\/td><\/tr><tr bgcolor=\"#CCCCCC\"><td style=\"color: #333333;\" colspan=\"5\"><strong>Fili\u00e8re culturelle \/ Enseignement artistique<\/strong><\/td><td style=\"color: #333333; text-align: center;\">6<\/td><td style=\"color: #333333; text-align: center;\">0<\/td><\/tr><tr><td>\u00a0<\/td><td style=\"color: #333333; text-align: center;\"><strong>B<\/strong><\/td><td style=\"color: #333333;\" colspan=\"5\"><strong>Assistant territorial d&#8217;enseignement artistique<\/strong><\/td><\/tr><tr><td colspan=\"3\">\u00a0<\/td><td style=\"color: #333333;\">Assistant d\u2019enseignement artistique (Musique)<\/td><td style=\"color: #333333; text-align: center;\">2\/20<\/td><td style=\"color: #333333; text-align: center;\">1<\/td><td style=\"color: #333333; text-align: center;\">0<\/td><\/tr><tr><td colspan=\"3\">\u00a0<\/td><td style=\"color: #333333;\">Assistant d\u2019enseignement artistique 2<sup>nde<\/sup> classe (Musique)<\/td><td style=\"color: #333333; text-align: center;\">2.5\/20<\/td><td style=\"color: #333333; text-align: center;\">1<\/td><td style=\"color: #333333; text-align: center;\">0<\/td><\/tr><tr><td colspan=\"3\">\u00a0<\/td><td style=\"color: #333333;\">Assistant d\u2019enseignement artistique (Musique)<\/td><td style=\"color: #333333; text-align: center;\">1.5\/20<\/td><td style=\"color: #333333; text-align: center;\">1<\/td><td style=\"color: #333333; text-align: center;\">0<\/td><\/tr><tr><td colspan=\"3\">\u00a0<\/td><td style=\"color: #333333;\">Assistant d\u2019enseignement artistique (Musique)<\/td><td style=\"color: #333333; text-align: center;\">2\/20<\/td><td style=\"color: #333333; text-align: center;\">1<\/td><td style=\"color: #333333; text-align: center;\">0<\/td><\/tr><tr><td colspan=\"3\">\u00a0<\/td><td style=\"color: #333333;\">Assistant d\u2019enseignement artistique (Musique)<\/td><td style=\"color: #333333; text-align: center;\">4\/20<\/td><td style=\"color: #333333; text-align: center;\">1<\/td><td style=\"color: #333333; text-align: center;\">0<\/td><\/tr><tr><td colspan=\"3\">\u00a0<\/td><td style=\"color: #333333;\">Assistant d\u2019enseignement artistique (Danse)<\/td><td style=\"color: #333333; text-align: center;\">10\/20<\/td><td style=\"color: #333333; text-align: center;\">1<\/td><td style=\"color: #333333; text-align: center;\">0<\/td><\/tr><tr bgcolor=\"#CCCCCC\"><td style=\"color: #333333;\" colspan=\"5\"><strong>Fili\u00e8re culturelle \/ Patrimoine et biblioth\u00e8que<\/strong><\/td><td style=\"color: #333333; text-align: center;\">2<\/td><td style=\"color: #333333; text-align: center;\">1<\/td><\/tr><tr><td>\u00a0<\/td><td style=\"color: #333333; text-align: center;\"><strong>C<\/strong><\/td><td style=\"color: #333333;\" colspan=\"5\"><strong>Adjoint territorial du patrimoine<\/strong><\/td><\/tr><tr><td colspan=\"3\">\u00a0<\/td><td style=\"color: #333333;\">Adjoint du patrimoine principal de 1<sup>\u00e8re<\/sup> classe<\/td><td style=\"color: #333333; text-align: center;\">XXX<\/td><td style=\"color: #333333; text-align: center;\">0<\/td><td style=\"color: #333333; text-align: center;\">0<\/td><\/tr><tr><td colspan=\"3\">\u00a0<\/td><td style=\"color: #333333;\">Adjoint du patrimoine principal de 2<sup>\u00e8me<\/sup> classe<\/td><td style=\"color: #333333; text-align: center;\">35\/35<\/td><td style=\"color: #333333; text-align: center;\">0<\/td><td style=\"color: #333333; text-align: center;\">0<\/td><\/tr><tr><td colspan=\"3\">\u00a0<\/td><td style=\"color: #333333;\">Adjoint du patrimoine<\/td><td style=\"color: #333333; text-align: center;\">35\/35<\/td><td style=\"color: #333333; text-align: center;\">1<\/td><td style=\"color: #333333; text-align: center;\">1<\/td><\/tr><tr><td colspan=\"3\">\u00a0<\/td><td style=\"color: #333333;\">Adjoint du patrimoine<\/td><td style=\"color: #333333; text-align: center;\">20\/35<\/td><td style=\"color: #333333; text-align: center;\">1<\/td><td style=\"color: #333333; text-align: center;\">0<\/td><\/tr><tr bgcolor=\"#CCCCCC\"><td style=\"color: #333333;\" colspan=\"5\"><strong>Fili\u00e8re M\u00e9dico-sociale \/ secteur m\u00e9dico-social<\/strong><\/td><td style=\"color: #333333; text-align: center;\">3<\/td><td style=\"color: #333333; text-align: center;\">2<\/td><\/tr><tr><td>\u00a0<\/td><td style=\"color: #333333; text-align: center;\"><strong>C<\/strong><\/td><td style=\"color: #333333;\" colspan=\"5\"><strong>Agent territorial sp\u00e9cialis\u00e9 des \u00e9coles maternelles (ATSEM)<\/strong><\/td><\/tr><tr><td colspan=\"3\">\u00a0<\/td><td style=\"color: #333333;\">Agent sp\u00e9cialis\u00e9 principal de 1<sup>\u00e8re<\/sup> classe des \u00e9coles maternelles<\/td><td style=\"color: #333333; text-align: center;\">35\/35<\/td><td style=\"color: #333333; text-align: center;\">0<\/td><td style=\"color: #333333; text-align: center;\">0<\/td><\/tr><tr><td colspan=\"3\">\u00a0<\/td><td style=\"color: #333333;\">Agent sp\u00e9cialis\u00e9 principal de 2<sup>\u00e8me<\/sup> classe des \u00e9coles maternelles<\/td><td style=\"color: #333333; text-align: center;\">35\/35<\/td><td style=\"color: #333333; text-align: center;\">3<\/td><td style=\"color: #333333; text-align: center;\">2<\/td><\/tr><tr bgcolor=\"#CCCCCC\"><td style=\"color: #333333;\" colspan=\"5\"><strong>Fili\u00e8re M\u00e9dico-sociale \/ secteur m\u00e9dico-technique<\/strong><\/td><td style=\"color: #333333; text-align: center;\">0<\/td><td style=\"color: #333333; text-align: center;\">0<\/td><\/tr><tr><td colspan=\"7\">\u00a0<\/td><\/tr><tr bgcolor=\"#CCCCCC\"><td style=\"color: #333333;\" colspan=\"5\"><strong>Fili\u00e8re Police municipale<\/strong><\/td><td style=\"color: #333333; text-align: center;\">0<\/td><td style=\"color: #333333; text-align: center;\">0<\/td><\/tr><tr><td colspan=\"7\">\u00a0<\/td><\/tr><tr bgcolor=\"#CCCCCC\"><td style=\"color: #333333;\" colspan=\"5\"><strong>Fili\u00e8re Sapeurs pompiers professionnels<\/strong><\/td><td style=\"color: #333333; text-align: center;\">0<\/td><td style=\"color: #333333; text-align: center;\">0<\/td><\/tr><tr><td colspan=\"7\">\u00a0<\/td><\/tr><tr bgcolor=\"#CCCCCC\"><td style=\"color: #333333;\" colspan=\"5\"><strong><big>Total des effectifs<\/big><\/strong><\/td><td style=\"color: #333333; text-align: center;\"><strong><big>63<\/big><\/strong><\/td><td style=\"color: #333333; text-align: center;\"><strong><big>36<\/big><\/strong><\/td><\/tr><\/tbody><\/table><p style=\"color: #333333;\"><strong>Le Conseil Municipal,<\/strong> apr\u00e8s en avoir d\u00e9lib\u00e9r\u00e9,<br \/>par\u00a022 voix pour (dont 5 pvrs),\u00a00 voix contre,\u00a00\u00a0abstention (dont 0pvr)<\/p><table width=\"75%\" align=\"center\"><tbody><tr><td style=\"color: #333333;\" width=\"25%\"><strong>APPROUVE<\/strong><\/td><td style=\"color: #333333; text-align: justify;\" width=\"75%\">la mise \u00e0 jour du tableau des emplois permanents de la collectivit\u00e9 \u00e0 compter du 1er Juillet 2021(ci-annex\u00e9).<\/td><\/tr><tr><td style=\"color: #333333;\"><strong>DIT<\/strong><\/td><td style=\"color: #333333; text-align: justify;\">que les cr\u00e9dits n\u00e9cessaires \u00e0 la r\u00e9mun\u00e9ration et aux charges sociales correspondant aux emplois et grades ainsi cr\u00e9\u00e9s sont inscrits au budget de l\u2019exercice en cours.<\/td><\/tr><\/tbody><\/table><div id=\"CM29062021Onze\" style=\"color: #333333;\"><strong><u>11 &#8211; Terrain Lot B Ferme Jourdan<\/u><\/strong><\/div><p style=\"color: #333333;\" align=\"justify\"><em>Monsieur Le Maire rappelle qu\u2019il reste une parcelle dans le projet de lotissement LOT B.<br \/>La Commune a \u00e9t\u00e9 contact\u00e9e par les Dentistes qui ont achet\u00e9 le LOT A et qui souhaitent cr\u00e9er une maison m\u00e9dicale.<br \/>Le d\u00e9bat est ouvert entre les \u00e9lus pour savoir comment on pourrait aider aussi les dentistes \u00e0 faire venir des m\u00e9decins notamment.<br \/>Il ne peut y avoir aucune certitude qu\u2019un m\u00e9decin vienne s\u2019implanter dans ce projet.<br \/>Mais un ost\u00e9opathe va venir s\u2019implanter avec eux, donc on peut supposer qu\u2019ils vont pouvoir recruter aussi un m\u00e9decin et pas que dans le dentaire.<br \/>Monsieur Le Maire explique que le LOT C sera une maisonnage avec des logements inclusifs.<br \/>Le Projet a pris du retard car plusieurs projets en cours au comit\u00e9 des \u00e2ges et que le comit\u00e9 des \u00e2ges n\u2019a pas la comp\u00e9tence habitat. Cependant la CAPH ayant cette comp\u00e9tence elle va pouvoir aider sur le dossier. Les \u00e9lus de l\u2019Agglo et les services de l\u2019agglo vont faire des propositions prochainement.<\/em><\/p><div id=\"CM29062021Douze\" style=\"color: #333333;\"><strong><u>12 &#8211; SIAPTHT (Syndicat Intercommunal d\u2019Assainissement de Prouvy Thiant Haulchin et Trith St Leger) et SEV (Syndicat des Eaux du Valenciennois)<\/u><\/strong><\/div><p style=\"color: #333333;\" align=\"justify\"><em>Les deux syndicats vont disparaitre pour la fin de cette ann\u00e9e 2021<br \/>La volont\u00e9 de la CAPH est de ne pas garder ces syndicats et de ne pas g\u00e9rer en interne la comp\u00e9tence<\/em><\/p><div id=\"CM29062021Treize\" style=\"color: #333333;\"><strong><u>Questions diverses<\/u><\/strong><\/div><p style=\"color: #333333;\" align=\"justify\"><em>Monsieur Jimmy Laurent demande quand il est pr\u00e9vu que les enrob\u00e9s du parking cote supermarch\u00e9 soient faits.<br \/>Monsieur Le Maire r\u00e9pond que cela va \u00eatre fait mais que nous n\u2019avons pas de date pr\u00e9cise.<br \/>Monsieur Jimmy Laurent demande ce qu\u2019il en est concernant les pr\u00e9aux de l\u2019Ecole.<br \/>Monsieur Le Maire r\u00e9pond que la commune s\u2019est rapproch\u00e9 des bureaux d\u2019\u00e9tude et cherche un bureau d\u2019\u00e9tude comp\u00e9tent en la mati\u00e8re. Un travail a \u00e9t\u00e9 fait en collaboration avec les Directrices maternelle et \u00e9l\u00e9mentaire. Il existe une r\u00e9glementation au niveau de l\u2019\u00e9ducation nationale.<br \/>Monsieur Jimmy Laurent demande ce qu\u2019il en est des jeux pour enfants.<br \/>Monsieur Le Maire explique que des demandes de devis pour les jeux ont \u00e9t\u00e9 faites afin d\u2019envisager d\u2019installer ceux-ci \u00e0 c\u00f4t\u00e9 du City. Monsieur Le Maire souhaite \u00e9tudier les possibilit\u00e9s et les couts.<br \/>Monsieur Sylvain LEFEBVRE demande si l\u2019on peut avoir des micros pour la salle des F\u00eates.<br \/>Monsieur Le Maire va relancer le charger de communication de la commune \u00e0 ce sujet.<br \/>Monsieur Sylvain LEFEBVRE demande si on a des nouvelles concernant le souhait de r\u00e9cup\u00e9rer la chapelle Rue Henri Barbusse pour la restaurer ou pas.<br \/>Monsieur Philippe WAELKENS explique qu\u2019un recommand\u00e9 a \u00e9t\u00e9 envoy\u00e9 mais que nous n\u2019avons eu aucun retour. De plus, Monsieur Sylvain Lefebvre s\u2019\u00e9tait engag\u00e9 \u00e0 obtenir des nouvelles de son cot\u00e9 mais n\u2019en a pas eu non plus.<br \/>Monsieur Philippe WAELKENS pr\u00e9cise que pour le moment la Chapelle appartient au dioc\u00e8se et s\u2019il y a un probl\u00e8me c\u2019est de leur responsabilit\u00e9.<br \/>Monsieur Sylvain LEFEBVRE interpelle sur l\u2019entr\u00e9e de Thiant au niveau de l\u2019Ecole sur le fait que cela n\u2019est pas entretenu et pas tr\u00e8s beau.<br \/>Monsieur Le Maire r\u00e9pond que la commune va y regarder.<br \/>Madame C\u00e9line DUMAINE explique que l\u2019Association Histoire locale a obtenu une subvention pour la mise en valeur et la restauration de la pierre tombale entrepos\u00e9e dans l\u2019Eglise.<br \/>Monsieur Le Maire remercie Madame Martine Pruvost pour son aide.<br \/>Monsieur C\u00e9dric DUQUESNOY fait distribuer des tracts pour les inscriptions au voyage des ain\u00e9s qui devrait avoir lieu le 23 septembre 2021.<\/em><\/p><p style=\"color: #333333;\"><strong>Fin de s\u00e9ance \u00e0 21h30<\/strong><\/p><p style=\"color: #333333;\" align=\"right\"><strong>Le Secr\u00e9taire de S\u00e9ance<br \/>C\u00e9dric DUQUESNOY<\/strong><\/p><\/div>\n\t\t\t\t\t\t\t\t\t<div class=\"elementor-tab-title elementor-tab-mobile-title\" aria-selected=\"false\" data-tab=\"4\" role=\"tab\" tabindex=\"-1\" aria-controls=\"elementor-tab-content-8984\" aria-expanded=\"false\">09\/04<\/div>\n\t\t\t\t\t<div id=\"elementor-tab-content-8984\" class=\"elementor-tab-content elementor-clearfix\" data-tab=\"4\" role=\"tabpanel\" aria-labelledby=\"elementor-tab-title-8984\" tabindex=\"0\" hidden=\"hidden\"><h6><span style=\"color: #ff0000;\">Compte-rendu du Conseil Municipal du 09 avril 2021<\/span><\/h6><p><a href=\"https:\/\/thiant.fr\/wordpress\/documents_ext\/CM\/CM_2021-04-09.pdf\" target=\"_blank\" rel=\"noopener\"><img loading=\"lazy\" decoding=\"async\" class=\"alignnone wp-image-3724 size-medium\" src=\"https:\/\/thiant.fr\/wordpress\/wp-content\/uploads\/2022\/01\/PV-CM-2021-04-09-SIGNE-212x300.png\" alt=\"\" width=\"212\" height=\"300\" data-wp-editing=\"1\" srcset=\"https:\/\/thiant.fr\/wordpress\/wp-content\/uploads\/2022\/01\/PV-CM-2021-04-09-SIGNE-212x300.png 212w, https:\/\/thiant.fr\/wordpress\/wp-content\/uploads\/2022\/01\/PV-CM-2021-04-09-SIGNE.png 566w\" sizes=\"(max-width: 212px) 100vw, 212px\" \/><\/a><\/p><p style=\"color: #333333;\"><strong>Date de la convocation\u00a0:<\/strong>\u00a0 \u00a0 \u00a0 \u00a0 \u00a0 \u00a0 \u00a0 Jeudi 1<sup>er<\/sup> avril 2021<\/p><p style=\"color: #333333;\"><strong>Date de l\u2019affichage\u00a0:<\/strong>\u00a0 \u00a0 \u00a0 \u00a0 \u00a0 \u00a0 \u00a0 \u00a0 \u00a0 \u00a0 Jeudi 1<sup>er<\/sup> avril 2021<\/p><p style=\"color: #333333; padding-left: 40px;\" align=\"justify\">L\u2019an deux mil vingt et un, le neuf avril \u00e0 dix huit heures, le Conseil Municipal de Thiant, r\u00e9guli\u00e8rement convoqu\u00e9, s\u2019est r\u00e9uni en la Salle des F\u00eates, rue Anatole France \u00e0 THIANT, sous la Pr\u00e9sidence de Monsieur Jean-Marie LECERF, Maire de la Commune.<\/p><p style=\"color: #333333;\"><strong>Pr\u00e9sents : <\/strong><\/p><p style=\"color: #333333; padding-left: 40px;\"><strong>Monsieur Jean-Marie LECERF, Monsieur Guy VANDERBEC, Madame St\u00e9phanie WATTIEZ, Monsieur C\u00e9dric DUQUESNOY, Monsieur Marc WATTIEZ, Madame C\u00e9line DUMAINE, Monsieur Michel HENNAUT, Monsieur Philippe WAELKENS, Madame Martine PREVOST, Madame Sylvaine GERARD, Monsieur Jean-Claude BAH, Madame Sylvie DEVOS, Madame C\u00e9line TRACHMAN, Madame Sylvie NICOLAS, Monsieur Bernard LEPEZ, Monsieur Bernard MALAQUIN, Madame Fran\u00e7oise BAR-DESESPRINGALLE, Monsieur Sylvain LEFEBVRE, Monsieur Jimmy LAURENT, <\/strong><\/p><p style=\"color: #333333;\"><strong>Excus\u00e9s :<\/strong><\/p><p style=\"color: #333333; padding-left: 40px;\"><strong>Monsieur J\u00e9r\u00f4me CARLIER qui donne pouvoir \u00e0 Madame Sylvie DEVOS<br \/>Madame Raymonde BOHERE qui donne pouvoir \u00e0 Madame C\u00e9line DUMAINE<br \/>Madame Armelle BOURLET qui donne pouvoir \u00e0 Madame Martine PREVOST<br \/>Madame Doroth\u00e9e DEMAIN qui donne pouvoir \u00e0 Madame Fran\u00e7oise BAR-DESESPRINGALLE<\/strong><\/p><p style=\"color: #333333;\"><strong>Absents : MM.XX<\/strong><\/p><p style=\"color: #333333;\"><strong><u>Ordre du jour<\/u>\u00a0:<\/strong><\/p><ol style=\"padding-left: 40px;\"><li><a href=\"#CM09042021Un\">Approbation du Proc\u00e8s-verbal du 19 f\u00e9vrier 2021<\/a><\/li><li><a href=\"#CM09042021Deux\">Compte de gestion 2020<\/a><\/li><li><a href=\"#CM09042021Trois\">Compte administratif 2020<\/a><\/li><li><a href=\"#CM09042021Quatre\">Bilan des acquisitions et cessions 2020<\/a><\/li><li><a href=\"#CM09042021Cinq\">D\u00e9termination et affectation du r\u00e9sultat<\/a><\/li><li><a href=\"#CM09042021Six\">Reprise des r\u00e9sultats 2020<\/a><\/li><li><a href=\"#CM09042021Sept\">Taux des taxes locales 2021<\/a><\/li><li><a href=\"#CM09042021Huit\">Budget Principal 2021<\/a><\/li><li><a href=\"#CM09042021Neuf\">Compte de gestion Annexe Lotissement Ferme Jourdan 2020<\/a><\/li><li><a href=\"#CM09042021Dix\">Compte administratif Annexe Lotissement Ferme Jourdan 2020<\/a><\/li><li><a href=\"#CM09042021Onze\">Bilan des acquisitions et cessions 2020<\/a><\/li><li><a href=\"#CM09042021Douze\">D\u00e9termination et affectation du r\u00e9sultat Annexe Lotissement Ferme Jourdan 2020<\/a><\/li><li><a href=\"#CM09042021Treize\">Budget Annexe Lotissement Ferme Jourdan 2021<\/a><\/li><li><a href=\"#CM09042021Quatorze\">Subvention 2021 au CCAS<\/a><\/li><li><a href=\"#CM09042021Quinze\">Subvention 2021 aux associations<\/a><\/li><li><a href=\"#CM09042021Seize\">D\u00e9lib\u00e9ration demande de pr\u00eat agent communal<\/a><\/li><li><a href=\"#CM09042021Dix-Sept\">Points travaux<\/a><\/li><li><a href=\"#CM09042021QD\">Questions diverses<\/a><\/li><\/ol><p style=\"padding-left: 40px; color: #333333;\">D\u00e9signation d\u2019un Secr\u00e9taire de s\u00e9ance :\u00a0 St\u00e9phanie Wattiez<\/p><p style=\"padding-left: 40px; color: #333333;\">\u00c9tat des pouvoirs : &#8230;&#8230;&#8230;&#8230;&#8230;..4 pouvoirs&#8230;&#8230;&#8230;&#8230;&#8230;&#8230;&#8230;&#8230;&#8230;&#8230;&#8230;&#8230;.<\/p><p><span id=\"CM09042021Un\" style=\"color: #333333;\"><strong><u>1. Approbation du Proc\u00e8s-verbal du 19 f\u00e9vrier 2021<\/u><\/strong><\/span><\/p><p style=\"color: #333333; padding-left: 40px;\" align=\"justify\"><em>Monsieur Wattiez pr\u00e9cise que son nom s\u2019\u00e9crit avec un z.<br \/>Il souhaite que page 2 il soit \u00e9crit de mani\u00e8re plus explicite que l\u2019annulation de la classe de neige n\u2019a entrain\u00e9 de la part de la Mairie aucun frais ou n\u2019a entrain\u00e9 aucun frais pour la Mairie.<br \/>Ensuite page 8 il est not\u00e9 qu\u2019un projet d\u2019enfouissement a \u00e9t\u00e9 abandonn\u00e9 mais il faut pr\u00e9ciser que c\u2019est le projet d\u2019enfouissement de d\u00e9chets ultimes.<br \/>Monsieur Jimmy LAURENT souhaite que page 14 soit modifi\u00e9e la phrase qui parle de l\u2019am\u00e9nagement de la Maison des Jeunes car il n\u2019a pas fait l\u2019objet d\u2019une r\u00e9flexion collective.<br \/>Apr\u00e8s discussion elle est reformul\u00e9e de la fa\u00e7on suivante\u00a0:<br \/>Monsieur Le Maire explique qu\u2019un am\u00e9nagement provisoire va \u00eatre fait avec deux pistes de p\u00e9tanque par exemple et qu\u2019une r\u00e9flexion collective sera envisag\u00e9e par la suite.<br \/>Monsieur Sylvain LEFEBVRE demande si les branches des arbres des riverains situ\u00e9es \u00e0 l\u2019entr\u00e9e du 19 Mars peuvent \u00eatre coup\u00e9es\u2026 Monsieur Le Maire et Monsieur Philippe WAELKENS pr\u00e9cisent que cela a \u00e9t\u00e9 fait dans l\u2019urgence pour permettre aux entreprises qui terminaient les travaux de pouvoir le faire en toute s\u00e9curit\u00e9 et sans encombre mais aussi pour les pi\u00e9tons automobilistes futurs\u2026 La Commune a pass\u00e9 une convention avec la riveraine et un \u00e9ch\u00e9ancier de remboursement des travaux a \u00e9t\u00e9 \u00e9tabli.<\/em><\/p><table width=\"75%\"><tbody><tr><td style=\"color: #333333;\" width=\"25%\">Consid\u00e9rant<\/td><td style=\"color: #333333; text-align: justify;\" width=\"75%\">Le Code G\u00e9n\u00e9ral des Collectivit\u00e9s Territoriales, particuli\u00e8rement les articles L.2121-7 \u00e0 L.2121-28\u00a0;<\/td><\/tr><tr><td style=\"color: #333333;\">Consid\u00e9rant<\/td><td style=\"color: #333333; text-align: justify;\">qu\u2019il convient d\u2019adopter les proc\u00e8s-verbaux des s\u00e9ances du Conseil Municipal.<\/td><\/tr><\/tbody><\/table><p style=\"color: #333333;\"><strong>Le Conseil Municipal,<\/strong> apr\u00e8s en avoir d\u00e9lib\u00e9r\u00e9,<br \/>par\u00a022 voix pour,\u00a00 voix contre,\u00a00\u00a0abstention<\/p><table style=\"color: #333333;\" width=\"75%\"><tbody><tr><td style=\"color: #333333;\" width=\"25%\"><strong><u>APPROUVE<\/u><\/strong><\/td><td style=\"color: #333333; text-align: justify;\" width=\"75%\">le contenu du proc\u00e8s-verbal du 19 f\u00e9vrier 2021, r\u00e9dig\u00e9 par son secr\u00e9taire de s\u00e9ance.<\/td><\/tr><\/tbody><\/table><p style=\"padding-left: 40px; color: #333333;\">Monsieur Le Maire c\u00e8de la pr\u00e9sidence de la s\u00e9ance \u00e0 Monsieur Guy VANDERBEC Adjoint aux finances.<\/p><p><span id=\"CM09042021Deux\" style=\"color: #333333;\"><strong><u>2. Compte de gestion 2020<\/u><\/strong><\/span><\/p><p style=\"color: #333333; padding-left: 40px;\" align=\"justify\"><em>(Voir compte-rendu commission finances du 18 mars 2021)<br \/>Le compte de gestion est un document essentiel budg\u00e9taire et comptable de la collectivit\u00e9, \u00e9tabli par le receveur de la collectivit\u00e9 il r\u00e9sume la gestion de l\u2019ann\u00e9e \u00e9coul\u00e9e et pr\u00e9sente la situation comptable et patrimoniale \u00e0 la cl\u00f4ture de l\u2019exercice.<br \/>Lors de la commission de finances il a \u00e9t\u00e9 constat\u00e9 que le compte de gestion \u00e9tait conforme et identique au compte administratif \u00e0 savoir que\u00a0:<\/em><\/p><p style=\"color: #333333; padding-left: 40px;\"><em>En investissement\u00a0:<br \/>Recettes\u00a0: 740\u00a0174.73<br \/>D\u00e9penses\u00a0:1 254 742.27<br \/>R\u00e9sultat\u00a0: &#8211; 514\u00a0567.54<br \/>494\u00a0665.80 &#8211; 514\u00a0567.54= -19\u00a0901.74<\/em><\/p><p style=\"color: #333333; padding-left: 40px;\"><em>En fonctionnement\u00a0:<br \/>Recettes\u00a0: 2\u00a0911 670.63<br \/>D\u00e9penses\u00a0: 2\u00a0273\u00a0810.08<br \/>R\u00e9sultat\u00a0: 637\u00a0860.55<br \/>834\u00a0789.45 + 637\u00a0860.55 =1\u00a0472\u00a0650.00<\/em><\/p><p style=\"color: #333333; padding-left: 40px;\" align=\"justify\">Statuant sur l\u2019ensemble des op\u00e9rations effectu\u00e9es du 1<sup>er<\/sup> janvier 2020 au 31 d\u00e9cembre 2020 y compris celles relatives \u00e0 la journ\u00e9e compl\u00e9mentaire ;<br \/>Statuant sur l\u2019ex\u00e9cution du budget de l\u2019exercice 2020 en ce qui concerne les diff\u00e9rentes sections budg\u00e9taires ;<br \/>Statuant sur la comptabilit\u00e9 des valeurs inactives ;<\/p><p style=\"color: #333333;\"><strong>Le Conseil Municipal,<\/strong> apr\u00e8s en avoir d\u00e9lib\u00e9r\u00e9,<br \/>par\u00a022 voix pour,\u00a00 voix contre,\u00a00\u00a0abstention<\/p><table width=\"75%\"><tbody><tr><td style=\"color: #333333;\" width=\"25%\"><strong>DECLARE<\/strong><\/td><td style=\"color: #333333; text-align: justify;\" width=\"75%\">que le compte de gestion dress\u00e9, pour l\u2019exercice 2020 par le Receveur, vis\u00e9 et certifi\u00e9 conforme par l\u2019ordonnateur, n\u2019appelle ni observation ni r\u00e9serve de sa part.<\/td><\/tr><\/tbody><\/table><p style=\"color: #333333;\">Monsieur Jean Claude BAH arrive en s\u00e9ance.<\/p><p style=\"color: #333333;\">Monsieur Le Maire quitte la s\u00e9ance pour laisser le conseil d\u00e9battre sur le compte administratif.<\/p><p><span id=\"CM09042021Trois\" style=\"color: #333333;\"><strong><u>3. Compte administratif 2020<\/u><\/strong><\/span><\/p><p style=\"color: #333333; padding-left: 40px;\" align=\"justify\">Guy VANDERBEC, Adjoint aux finances, donne lecture du compte administratif 2020, qu\u2019il commente en d\u00e9taillant les points principaux.<br \/>Le compte administratif ce sont les r\u00e9alisations de l\u2019exercice 2020.<\/p><table bgcolor=\"#EEEEEE\"><tbody><tr><td style=\"font-size: 13px; color: #232323; text-align: center; text-valign: center;\" rowspan=\"2\" width=\"13%\"><strong>Libell\u00e9s<\/strong><\/td><td style=\"font-size: 13px; color: #232323; text-align: center; text-valign: center;\" colspan=\"2\" width=\"29%\"><strong>Investissements<\/strong><\/td><td style=\"font-size: 13px; color: #232323; text-align: center; text-valign: center;\" colspan=\"2\" width=\"29%\"><strong>Fonctionnement<\/strong><\/td><td style=\"font-size: 13px; color: #232323; text-align: center; text-valign: center;\" colspan=\"2\" width=\"29%\"><strong>Ensemble<\/strong><\/td><\/tr><tr><td style=\"font-size: 11px; color: #232323; text-align: center; text-valign: center;\">D\u00e9penses ou d\u00e9ficits (1)<\/td><td style=\"font-size: 11px; color: #232323; text-align: center; text-valign: center;\">Recettes ou exc\u00e9dents (1)<\/td><td style=\"font-size: 11px; color: #232323; text-align: center; text-valign: center;\">D\u00e9penses ou d\u00e9ficits (1)<\/td><td style=\"font-size: 11px; color: #232323; text-align: center; text-valign: center;\">Recettes ou exc\u00e9dents (1)<\/td><td style=\"font-size: 11px; color: #232323; text-align: center; text-valign: center;\">D\u00e9penses ou d\u00e9ficits (1)<\/td><td style=\"font-size: 11px; color: #232323; text-align: center; text-valign: center;\">Recettes ou exc\u00e9dents (1)<\/td><\/tr><tr><td style=\"color: #232323; text-align: center; text-valign: center;\" colspan=\"7\"><strong>COMPTE ADMINISTRATIF PRINCIPAL<\/strong><\/td><\/tr><tr><td style=\"font-size: 11px; color: #232323; text-align: left; text-valign: center;\"><strong>R\u00e9sultats report\u00e9s<\/strong><\/td><td style=\"font-size: 11px; color: #232323; text-align: right; text-valign: center;\">\u00a0<\/td><td style=\"font-size: 11px; color: #232323; text-align: right; text-valign: center;\">494 665,80<\/td><td style=\"font-size: 11px; color: #232323; text-align: right; text-valign: center;\">\u00a0<\/td><td style=\"font-size: 11px; color: #232323; text-align: right; text-valign: center;\">834 789,45<\/td><td style=\"font-size: 11px; color: #232323; text-align: right; text-valign: center;\">0,00<\/td><td style=\"font-size: 11px; letter-spacing: -1px; color: #232323; text-align: right; text-valign: center;\">1 329 455,25<\/td><\/tr><tr><td style=\"font-size: 11px; color: #232323; text-align: left; text-valign: center;\"><strong>Op\u00e9rations de l&#8217;exercice<\/strong><\/td><td style=\"font-size: 11px; letter-spacing: -1px; color: #232323; text-align: right; text-valign: center;\">1 254 742,27<\/td><td style=\"font-size: 11px; color: #232323; text-align: right; text-valign: center;\">740 174,73<\/td><td style=\"font-size: 11px; letter-spacing: -1px; color: #232323; text-align: right; text-valign: center;\">2 273 810,08<\/td><td style=\"font-size: 11px; letter-spacing: -1px; color: #232323; text-align: right; text-valign: center;\">2 911 670,63<\/td><td style=\"font-size: 11px; letter-spacing: -1px; color: #232323; text-align: right; text-valign: center;\">3 528 552,35<\/td><td style=\"font-size: 11px; letter-spacing: -1px; color: #232323; text-align: right; text-valign: center;\">3 651 845,36<\/td><\/tr><tr><td style=\"font-size: 11px; color: #232323; text-align: left; text-valign: center;\"><strong>TOTAUX<\/strong><\/td><td style=\"font-size: 11px; letter-spacing: -1px; color: #232323; text-align: right; text-valign: center;\">1 254 742,27<\/td><td style=\"font-size: 11px; letter-spacing: -1px; color: #232323; text-align: right; text-valign: center;\">1 234 840,53<\/td><td style=\"font-size: 11px; letter-spacing: -1px; color: #232323; text-align: right; text-valign: center;\">2 273 810,08<\/td><td style=\"font-size: 11px; letter-spacing: -1px; color: #232323; text-align: right; text-valign: center;\">3 746 460,08<\/td><td style=\"font-size: 11px; letter-spacing: -1px; color: #232323; text-align: right; text-valign: center;\">3 528 552,35<\/td><td style=\"font-size: 11px; letter-spacing: -1px; color: #232323; text-align: right; text-valign: center;\">4 981 300,61<\/td><\/tr><tr><td style=\"font-size: 11px; color: #232323; text-align: left; text-valign: center;\"><strong>R\u00e9sultats de cl\u00f4ture<\/strong><\/td><td style=\"font-size: 11px; color: #232323; text-align: right; text-valign: center;\">19 901,74<\/td><td style=\"font-size: 11px; color: #232323; text-align: right; text-valign: center;\">0,00<\/td><td style=\"font-size: 11px; color: #232323; text-align: right; text-valign: center;\">0,00<\/td><td style=\"font-size: 11px; letter-spacing: -1px; color: #232323; text-align: right; text-valign: center;\">1 472 650,00<\/td><td style=\"font-size: 11px; color: #232323; text-align: right; text-valign: center;\">\u00a0<\/td><td style=\"font-size: 11px; letter-spacing: -1px; color: #232323; text-align: right; text-valign: center;\">1 452 748,26<\/td><\/tr><tr><td style=\"font-size: 11px; color: #232323; text-align: left; text-valign: center;\"><strong>Restes \u00e0 r\u00e9aliser<\/strong><\/td><td style=\"font-size: 11px; color: #232323; text-align: right; text-valign: center;\">833 916,00<\/td><td style=\"font-size: 11px; color: #232323; text-align: right; text-valign: center;\">127 281,16<\/td><td style=\"font-size: 11px; color: #232323; text-align: right; text-valign: center;\">0,00<\/td><td style=\"font-size: 11px; color: #232323; text-align: right; text-valign: center;\">0,00<\/td><td style=\"font-size: 11px; color: #232323; text-align: right; text-valign: center;\">833 916,00<\/td><td style=\"font-size: 11px; color: #232323; text-align: right; text-valign: center;\">127 281,16<\/td><\/tr><tr><td style=\"font-size: 11px; color: #232323; text-align: left; text-valign: center;\"><strong>TOTAUX CUMUL\u00c9S<\/strong><\/td><td style=\"font-size: 11px; color: #232323; text-align: right; text-valign: center;\">853 817,74<\/td><td style=\"font-size: 11px; color: #232323; text-align: right; text-valign: center;\">127 281,16<\/td><td style=\"font-size: 11px; color: #232323; text-align: right; text-valign: center;\">0,00<\/td><td style=\"font-size: 11px; letter-spacing: -1px; color: #232323; text-align: right; text-valign: center;\">1 472 650,00<\/td><td style=\"font-size: 11px; color: #232323; text-align: right; text-valign: center;\">833 916,00<\/td><td style=\"font-size: 11px; letter-spacing: -1px; color: #232323; text-align: right; text-valign: center;\">1 580 029,42<\/td><\/tr><tr><td style=\"font-size: 11px; color: #232323; text-align: left; text-valign: center;\"><strong>R\u00c9SULTATS D\u00c9FINITIFS<\/strong><\/td><td style=\"font-size: 11px; color: #232323; text-align: right; text-valign: center;\">726 536,58<\/td><td style=\"font-size: 11px; color: #232323; text-align: right; text-valign: center;\">0,00<\/td><td style=\"font-size: 11px; color: #232323; text-align: right; text-valign: center;\">0,00<\/td><td style=\"font-size: 11px; letter-spacing: -1px; color: #232323; text-align: right; text-valign: center;\">1 472 650,00<\/td><td style=\"font-size: 11px; color: #232323; text-align: right; text-valign: center;\">0,00<\/td><td style=\"font-size: 11px; color: #232323; text-align: right; text-valign: center;\">746 113,42<\/td><\/tr><\/tbody><\/table><p style=\"color: #333333; padding-left: 40px;\" align=\"justify\"><em>Monsieur Sylvain LEFEBVRE demande \u00e0 Monsieur Guy VANDERBEC\u00a0:<br \/>\u00ab Quel analyse faites-vous sur le compte de gestion au niveau des chiffres\u00a0?\u00a0\u00bb<br \/>Monsieur VANDERBEC r\u00e9pond que le compte de gestion est \u00e9tabli par le percepteur et la commune \u00e9tablit le compte administratif et qu\u2019ils sont identiques. Pour autant cette ann\u00e9e n\u2019est pas une r\u00e9f\u00e9rence \u00e0 prendre puisque certains points ont \u00e9t\u00e9 impact\u00e9s par la pand\u00e9mie et un fait nouveau : la reprise des comp\u00e9tences de l\u2019assainissement \u00e0 la CAPH, le reversement de 20% de la taxe d\u2019ordures m\u00e9nag\u00e8res\u2026<br \/>\u00ab\u00a0Quelle le ratio de la dette par habitant pour 2020\u00a0?\u00a0\u00bb<br \/>Ratio global\u00a0: 1\u00a0171 244.33\u20ac pour 2942hab soit 398.11\u20ac\/hab<br \/>Annuit\u00e9 de remboursement de la dette\u00a0:106 305.51\u20ac de capital soit 36.13\u20ac\/hab 40.003.38\u20ac d\u2019int\u00e9r\u00eat soit 13.59\u20ac\/hab au total 146 308.69\u20ac soit 49.73\u20ac\/hab<br \/>\u00ab\u00a0Quel est l\u2019exc\u00e9dent de cl\u00f4ture\u00a0? Comment expliquez-vous la diff\u00e9rence entre 2019 et 2020\u00a0?\u00a0\u00bb<br \/>2019\u00a0: 1\u00a0329\u00a0455.25\u20ac<br \/>2020\u00a0: 1\u00a0452\u00a0748.26\u20ac<br \/>\u00ab\u00a0Quelles sont les d\u00e9penses pour la petite enfance\u00a0? sur les \u00e9coles\u00a0? sur la jeunesse\u00a0? sur l\u2019action sociale\u00a0? la culture ou la citoyennet\u00e9\u00a0?<br \/>Pour l\u2019instant pas de comptabilit\u00e9 analytique car cela demande du temps mais pour reprendre compte par compte \u2026il faudrait embaucher quelqu\u2019un\u2026<br \/>Monsieur Marc WATTIEZ demande \u00e0 Monsieur Guy VANDERBEC<br \/>\u00ab\u00a0A quoi correspondent les 20% de remboursement de la taxe d\u2019ordures m\u00e9nag\u00e8res\u00a0?\u00a0\u00bb<br \/>20% pour 2020 de 182000 et pour 2021 100%<br \/>Madame Fran\u00e7oise\u00a0BAR-DESESPRINGALLE demande \u00e0 Monsieur Guy VANDERBEC<br \/>\u00ab Dans les produits de cession d\u2019immobilisation n\u2019apparait pas encore la cession du terrain \u00e0 Leclerc\u00a0? A -t-elle \u00e9t\u00e9 vendue\u00a0? \u00bb<br \/>Oui la parcelle a bien \u00e9t\u00e9 vendue, l\u2019argent est bien \u00e0 la tr\u00e9sorerie et les \u00e9critures comptables ne sont pas encore r\u00e9alis\u00e9es, elles le seront sur 2021<br \/>\u00ab\u00a0Combien y a-t-il d\u2019enfants de Monchaux scolaris\u00e9s sur la commune\u00a0?\u00a0\u00bb<br \/>2017-2018\u00a0: 12 \u00e0 634.89\u20ac\/enfant<br \/>2018-2019\u00a0: 14,20 \u00e0 647.59\u20ac\/enfant<br \/>2019-2020 : 14,80 \u00e0 660.54\u20ac\/enfant<br \/>2020-2021\u00a0: 17 \u00e0 673.75\u20ac\/enfant<br \/>\u00ab\u00a0Le mat\u00e9riel roulant est-il achet\u00e9? Je suppose que c\u2019est le camion\u00a0?\u00a0\u00bb<br \/>Oui il s\u2019agit du camion en commande mais par encore livr\u00e9 donc pas encore pay\u00e9<br \/>Le bilan sera fait apr\u00e8s le paiement de celui-ci.<\/em><\/p><p style=\"color: #333333; padding-left: 40px;\" align=\"justify\">Chapitre 022 \u00ab D\u00e9penses impr\u00e9vues de fonctionnement \u00bb pour \u00e9quilibre du budget et quelques d\u00e9penses autres elles ne se r\u00e9alisent jamais<br \/>Chapitre 020\u00abD\u00e9penses impr\u00e9vues d\u2019investissement\u00bb idem que 022<br \/>Chapitre 023 Section de fonctionnement d\u00e9penses \u00abVirement \u00e0 la section d\u2019investissement\u00bb Alimente les recettes de la section d\u2019investissement en vue de couvrir les d\u00e9penses de celle-ci<br \/>Chapitre 021 Section d\u2019investissement recettes \u00abVirement de la section de fonctionnement\u00bb<br \/>Chapitre 024 Section d\u2019investissement recettes \u00abVentes d\u2019immobilisations\u00bb concerne l\u2019inscription pr\u00e9visionnelle d\u2019une vente d\u2019un \u00e9l\u00e9ment de l\u2019actif communal<br \/>Il est \u00e0 noter que toutes les inscriptions aux chapitres 020 \u00e0 024 ne font jamais l\u2019objet d\u2019une r\u00e9alisation mais ne servent qu\u2019\u00e0 faire les pr\u00e9visions<br \/>En outre, les virements de la section de fonctionnement \u00e0 la section d\u2019investissement destin\u00e9s \u00e0 compl\u00e9ter les recettes n\u00e9cessaires aux op\u00e9rations d\u2019investissement adopt\u00e9es au titre de l\u2019exercice doivent \u00e9galement \u00eatre \u00e9quilibr\u00e9es<\/p><table><tbody><tr><td style=\"color: #333333;\" width=\"50%\">Op\u00e9rations d\u2019Ordre en d\u00e9penses en SF<\/td><td style=\"color: #333333;\" width=\"50%\">Op\u00e9rations d\u2019Ordre en d\u00e9penses en SI<\/td><\/tr><tr><td style=\"color: #333333; text-align: center;\">023<\/td><td style=\"color: #333333; text-align: center;\">021<\/td><\/tr><\/tbody><\/table><p style=\"color: #333333;\" align=\"center\"><strong>Op\u00e9rations d\u2019ordre \u2013 Op\u00e9rations r\u00e9elles<\/strong><\/p><p style=\"color: #333333; padding-left: 40px;\" align=\"justify\">Lors de l\u2019ex\u00e9cution des budgets, l\u2019ex\u00e9cutif effectue des op\u00e9rations r\u00e9elles ou d\u2019ordre.<br \/>Les op\u00e9rations r\u00e9elles ont un impact direct sur la tr\u00e9sorerie de la collectivit\u00e9 ou de l\u2019\u00e9tablissement, il s\u2019agit d\u2019encaissements et de d\u00e9caissements effectifs.<br \/>A l\u2019inverse, les op\u00e9rations d\u2019ordre non budg\u00e9taires n\u2019ont pas de cons\u00e9quences sur la tr\u00e9sorerie de la collectivit\u00e9 ou de l\u2019\u00e9tablissement, il s\u2019agit de jeux d\u2019\u00e9critures qui ne donnent lieu ni \u00e0 encaissements, ni \u00e0 d\u00e9caissements.<br \/>Les op\u00e9rations d\u2019ordre sont de deux types :<br \/>-1 \u2013 les op\u00e9rations de transfert entre sections : le compte 042, en d\u00e9penses de fonctionnement, est un chapitre globalis\u00e9 permettant de retracer les provisions pour risques et charges ainsi que les amortissements. Ce compte s\u2019\u00e9quilibre avec le compte 040 en recettes d\u2019investissement et inversement.<br \/>-2 \u2013 les op\u00e9rations au sein d\u2019une m\u00eame section :<\/p><ul style=\"color: #333333; padding-left: 60px;\"><li>le compte 043, en section de fonctionnement, permet un transfert entre les d\u00e9penses et les recettes de cette section. Sont retrac\u00e9es sous ce compte les op\u00e9rations li\u00e9es \u00e0 la comptabilit\u00e9 de stock comme celles aff\u00e9rentes aux lotissements.<\/li><li>Le compte 041, en section d\u2019investissement, est mouvement\u00e9 selon les m\u00eames principes et retrace principalement les op\u00e9rations patrimoniales.<\/li><\/ul><p style=\"color: #333333; padding-left: 40px;\" align=\"justify\">Bien que non budg\u00e9taires, ces op\u00e9rations sont retrac\u00e9es dans les documents budg\u00e9taires (budget et compte administratif). Elles apparaissent en recettes et en d\u00e9penses dans chacune des sections et doivent \u00eatre \u00e9quilibr\u00e9es entre elles selon les sch\u00e9mas ci-dessous.<\/p><table bgcolor=\"#EEEEEE\"><tbody><tr><td width=\"33%\">\u00a0<\/td><td style=\"color: #333333; text-align: center;\" width=\"33%\"><strong>Op\u00e9rations d\u2019Ordre en d\u00e9penses en SF<\/strong><\/td><td style=\"color: #333333; text-align: center;\" width=\"33%\"><strong>Op\u00e9rations d\u2019Ordre en d\u00e9penses en SI<\/strong><\/td><\/tr><tr><td style=\"color: #333333; text-align: left;\"><strong>Section de fonctionnement<\/strong><\/td><td style=\"color: #333333; text-align: center;\"><em>041<br \/>042<\/em><\/td><td style=\"color: #333333; text-align: center;\"><em>041<br \/>042<\/em><\/td><\/tr><tr><td style=\"color: #333333; text-align: left;\"><strong>Section d&#8217;investissement<\/strong><\/td><td style=\"color: #333333; text-align: center;\"><em>040<br \/>043<\/em><\/td><td style=\"color: #333333; text-align: center;\"><em>040<br \/>043<\/em><\/td><\/tr><\/tbody><\/table><p style=\"color: #333333;\"><strong>Le Conseil Municipal,<\/strong> apr\u00e8s en avoir d\u00e9lib\u00e9r\u00e9,<br \/>par 17 voix pour, 0 voix contre, 5 abstentions<\/p><table width=\"75%\"><tbody><tr><td style=\"color: #333333;\" width=\"25%\"><strong>APPROUVE<\/strong><\/td><td style=\"color: #333333;\" width=\"75%\">le compte administratif 2020 de la commune.<\/td><\/tr><\/tbody><\/table><p style=\"color: #333333;\"><strong>Retour en s\u00e9ance de Monsieur Le Maire<\/strong><\/p><p><span id=\"CM09042021Quatre\" style=\"color: #333333;\"><strong><u>4. Bilan des acquisitions et cessions 2020<\/u><\/strong><\/span><\/p><p style=\"color: #333333; padding-left: 40px;\" align=\"justify\">Consid\u00e9rant que l&#8217;article L. 2241-1 du Code g\u00e9n\u00e9ral des collectivit\u00e9s territoriales pr\u00e9voit la tenue par les communes de plus de 2000 habitants, d&#8217;un bilan des acquisitions et cessions op\u00e9r\u00e9es sur le territoire de la commune par celle-ci ou par une personne publique ou priv\u00e9e agissant dans le cadre d&#8217;une convention ou d\u00e9l\u00e9gation avec cette commune\u00a0;<\/p><p style=\"color: #333333; padding-left: 40px;\" align=\"justify\">Consid\u00e9rant que, chaque ann\u00e9e, selon ce m\u00eame article, le bilan, qui doit \u00eatre annex\u00e9 au compte administratif de la commune, donne lieu \u00e0 d\u00e9lib\u00e9ration du conseil municipal ;<\/p><p style=\"color: #333333;\"><strong>Le Conseil Municipal,<\/strong> apr\u00e8s en avoir d\u00e9lib\u00e9r\u00e9,<br \/>par\u00a023 voix pour,\u00a00 voix contre,\u00a00\u00a0abstention<\/p><table width=\"75%\"><tbody><tr><td style=\"color: #333333;\" width=\"25%\"><strong>APPROUVE<\/strong><\/td><td style=\"color: #333333;\" width=\"75%\">le bilan ci-dessous.<\/td><\/tr><\/tbody><\/table><p style=\"color: #333333;\"><strong>Acquisitions et cessions r\u00e9alis\u00e9es entre le 1<sup>er<\/sup> janvier et le 31 d\u00e9cembre 2020<\/strong><\/p><table bgcolor=\"#EEEEEE\"><tbody><tr><td style=\"color: #333333; text-align: center;\" width=\"16%\"><strong>D\u00e9signation des biens<\/strong><\/td><td style=\"color: #333333; text-align: center;\" width=\"16%\"><strong>R\u00e9f\u00e9rence cadastrales<\/strong><\/td><td style=\"color: #333333; text-align: center;\" width=\"16%\"><strong>Surfaces<\/strong><\/td><td style=\"color: #333333; text-align: left;\" width=\"16%\"><strong>Adresse des biens<\/strong><\/td><td style=\"color: #333333; text-align: center;\" width=\"16%\"><strong>Propri\u00e9taires<\/strong><\/td><td style=\"color: #333333; text-align: center;\" width=\"16%\"><strong>Montant de la transaction<\/strong><\/td><\/tr><tr><td style=\"color: #333333; text-align: center;\">N<\/td><td style=\"color: #333333; text-align: center;\">\u00c9<\/td><td style=\"color: #333333; text-align: center;\">A<\/td><td style=\"color: #333333; text-align: center;\">N<\/td><td style=\"color: #333333; text-align: center;\">T<\/td><td style=\"color: #333333; text-align: center;\">\u00a0<\/td><\/tr><tr><td style=\"color: #333333; text-align: center;\">\u00a0<\/td><td style=\"color: #333333; text-align: center;\">N<\/td><td style=\"color: #333333; text-align: center;\">\u00c9<\/td><td style=\"color: #333333; text-align: center;\">A<\/td><td style=\"color: #333333; text-align: center;\">N<\/td><td style=\"color: #333333; text-align: center;\">T<\/td><\/tr><\/tbody><\/table><p><span id=\"CM09042021Cinq\" style=\"color: #333333;\"><strong><u>5. D\u00e9termination et affectation du r\u00e9sultat<\/u><\/strong><\/span><\/p><table style=\"color: #333333;\" width=\"100%\"><tbody><tr><td style=\"color: #333333; text-align: left;\" width=\"25%\">Consid\u00e9rant<\/td><td style=\"color: #333333; text-align: justify;\" width=\"75%\">les articles L. 2311-5 et R.2311-11 du Code G\u00e9n\u00e9ral des Collectivit\u00e9s Territoriales\u00a0;<\/td><\/tr><tr><td style=\"color: #333333; text-align: left;\">Consid\u00e9rant<\/td><td style=\"color: #333333; text-align: justify;\">l\u2019instruction comptable M14 et notamment son tome II, titre 3, chapitre 5, relatif \u00e0 la d\u00e9termination des r\u00e9sultats ;<\/td><\/tr><tr><td>\u00a0<\/td><td style=\"color: #333333; text-align: justify;\">Apr\u00e8s avoir approuv\u00e9 le Compte administratif 2020 qui pr\u00e9sente un exc\u00e9dent de fonctionnement de 1 472 650,00 \u20ac selon le d\u00e9tail dessous (H) ;<\/td><\/tr><tr><td style=\"color: #333333; text-align: left;\">Constatant<\/td><td style=\"color: #333333; text-align: justify;\">que la section d\u2019investissement dudit Compte administratif fait appara\u00eetre\u00a0:<br \/>&#8211; un solde d\u2019ex\u00e9cution global d\u00e9ficitaire de 19\u00a0901,74 (C),<br \/>&#8211; un solde des restes \u00e0 r\u00e9aliser de \u00a0706\u00a0634,84 \u20ac (D),<br \/>selon le d\u00e9tail ci dessous, et d\u00e9gageant <strong>un besoin de financement<\/strong> \u00a0726\u00a0536,58\u20ac (E) ;<\/td><\/tr><tr><td style=\"color: #333333; text-align: left;\">Constatant<\/td><td style=\"color: #333333; text-align: justify;\">les \u00e9tats des restes \u00e0 r\u00e9aliser au 31 D\u00e9cembre de l\u2019ann\u00e9e consid\u00e9r\u00e9e ;<\/td><\/tr><tr><td style=\"color: #333333; text-align: left;\">Constatant<\/td><td style=\"color: #333333; text-align: justify;\">que le budget 2020 comportait en pr\u00e9vision un virement de la section de fonctionnement (compte 023) \u00e0 la section d\u2019investissement (compte 021) de 822\u00a0746,49 \u20ac.<\/td><\/tr><\/tbody><\/table><p style=\"color: #333333;\"><strong>Le Conseil Municipal,<\/strong> apr\u00e8s en avoir d\u00e9lib\u00e9r\u00e9,<br \/>par\u00a023 voix pour,\u00a00 voix contre,\u00a00 abstention<\/p><table width=\"75%\"><tbody><tr><td style=\"color: #333333; text-align: left;\"><strong><u>DECIDE<\/u><\/strong><\/td><td style=\"color: #333333; text-align: justify;\">d\u2019affecter au budget de l\u2019exercice 2021, l\u2019exc\u00e9dent de cl\u00f4ture de la section de fonctionnement de l\u2019exercice 2020- comme suit 1\u00a0472 650,00\u20ac (H).<\/td><\/tr><\/tbody><\/table><table bgcolor=\"#EEEEEE\"><tbody><tr><td style=\"color: #333333; text-align: left;\" rowspan=\"3\"><strong>A<\/strong><\/td><td style=\"color: #333333; text-align: left;\" width=\"45%\"><strong>D\u00e9termination du r\u00e9sultat d&#8217;investissement de l&#8217;exercice<\/strong><\/td><td style=\"color: #333333; text-align: right;\" width=\"25%\">\u00a0<\/td><td style=\"color: #333333; text-align: right;\" width=\"25%\">\u00a0<\/td><\/tr><tr><td style=\"color: #333333; text-align: left;\">Recettes d&#8217;investissement (H)<\/td><td style=\"color: #333333; text-align: right;\">740 174,73\u20ac<\/td><td style=\"color: #333333; text-align: right;\" rowspan=\"2\">&#8211; 514 567,54\u20ac<\/td><\/tr><tr><td style=\"color: #333333; text-align: left;\">D\u00e9penses d&#8217;investissement (B)<\/td><td style=\"color: #333333; text-align: right;\">1 254 732,27\u20ac<\/td><\/tr><tr><td style=\"color: #333333; text-align: left;\" width=\"5%\"><strong>B<\/strong><\/td><td style=\"color: #333333; text-align: left;\">R\u00e9sultats ann\u00e9e N-1 (D ou J)<\/td><td style=\"color: #333333; text-align: right;\">\u00a0<\/td><td style=\"color: #333333; text-align: right;\">494 665,80\u20ac<\/td><\/tr><tr><td style=\"color: #333333; text-align: left;\"><strong>C<\/strong><\/td><td style=\"color: #333333; text-align: left;\"><strong>R\u00e9sultat comptable cumul\u00e9 (A + B)<\/strong><\/td><td style=\"color: #333333; text-align: right;\">\u00a0<\/td><td style=\"color: #333333; text-align: right;\"><strong>&#8211; 19 901,74\u20ac<\/strong><\/td><\/tr><tr><td style=\"color: #333333; text-align: left;\" rowspan=\"3\"><strong>D<\/strong><\/td><td style=\"color: #333333; text-align: left;\"><strong>Solde des cr\u00e9dits report\u00e9s 2020<\/strong><\/td><td style=\"color: #333333; text-align: right;\">\u00a0<\/td><td style=\"color: #333333; text-align: right;\">\u00a0<\/td><\/tr><tr><td style=\"color: #333333; text-align: left;\">Recettes<\/td><td style=\"color: #333333; text-align: right;\">127 281,16\u20ac<\/td><td style=\"color: #333333; text-align: right;\" rowspan=\"2\">&#8211; 706 634,84\u20ac<\/td><\/tr><tr><td style=\"color: #333333; text-align: left;\">D\u00e9penses<\/td><td style=\"color: #333333; text-align: right;\">833 916,00\u20ac<\/td><\/tr><tr><td style=\"color: #333333; text-align: left;\"><strong>E<\/strong><\/td><td style=\"color: #333333; text-align: left;\"><strong>R\u00e9sultat Budg\u00e9taire (C + D)<\/strong><\/td><td style=\"color: #333333; text-align: right;\">\u00a0<\/td><td style=\"color: #333333; text-align: right;\"><strong>&#8211; 726 536,58\u20ac<\/strong><\/td><\/tr><tr><td style=\"color: #333333; text-align: left;\" rowspan=\"3\"><strong>F<\/strong><\/td><td style=\"color: #333333; text-align: left;\"><strong>D\u00e9termination du r\u00e9sultat de fonctionnement de l&#8217;exercice<\/strong><\/td><td style=\"color: #333333; text-align: right;\">\u00a0<\/td><td style=\"color: #333333; text-align: right;\">\u00a0<\/td><\/tr><tr><td style=\"color: #333333; text-align: left;\">Recettes de fonctionnement<\/td><td style=\"color: #333333; text-align: right;\">2 911 670,63\u20ac<\/td><td style=\"color: #333333; text-align: right;\" rowspan=\"2\">637 860,55\u20ac<\/td><\/tr><tr><td style=\"color: #333333; text-align: left;\">D\u00e9penses de fonctionnement<\/td><td style=\"color: #333333; text-align: right;\">2 273 810,08\u20ac<\/td><\/tr><tr><td style=\"color: #333333; text-align: left;\"><strong>G<\/strong><\/td><td style=\"color: #333333; text-align: left;\">R\u00e9sultats ann\u00e9e N-1 (D ou J)<\/td><td style=\"color: #333333; text-align: right;\">\u00a0<\/td><td style=\"color: #333333; text-align: right;\">834 789,45\u20ac<\/td><\/tr><tr><td style=\"color: #333333; text-align: left;\"><strong>H<\/strong><\/td><td style=\"color: #333333; text-align: left;\"><strong>R\u00e9sultat comptable cumul\u00e9 (F + G)<\/strong><\/td><td style=\"color: #333333; text-align: right;\">\u00a0<\/td><td style=\"color: #333333; text-align: right;\"><strong>1 472 650,00\u20ac<\/strong><\/td><\/tr><tr><td colspan=\"4\" bgcolor=\"#777777\">\u00a0<\/td><\/tr><tr><td style=\"color: #333333; text-align: left;\" rowspan=\"2\"><strong>G<\/strong><\/td><td style=\"color: #333333; text-align: left;\"><strong>Affectation du r\u00e9sultat de fonctionnement<\/strong><\/td><td style=\"color: #333333; text-align: right;\">\u00a0<\/td><td style=\"color: #333333; text-align: right;\">\u00a0<\/td><\/tr><tr><td style=\"color: #333333; text-align: left;\">R\u00e9sultat ann\u00e9e N<\/td><td style=\"color: #333333; text-align: right;\">\u00a0<\/td><td style=\"color: #333333; text-align: right;\">746 113,42\u20ac<\/td><\/tr><tr><td style=\"color: #333333; text-align: left;\" rowspan=\"5\"><strong>H<\/strong><\/td><td style=\"color: #333333; text-align: left;\"><strong>R\u00e9sultat \u00e0 affecter<\/strong><\/td><td style=\"color: #333333; text-align: right;\">\u00a0<\/td><td style=\"color: #333333; text-align: right;\">\u00a0<\/td><\/tr><tr><td style=\"color: #333333; text-align: left;\">Couverture du d\u00e9ficit de fonctionnement par r\u00e9duction des charges<\/td><td style=\"color: #333333; text-align: right;\">\u00a0<\/td><td style=\"color: #333333; text-align: right;\" rowspan=\"4\">726 536,58\u20ac<\/td><\/tr><tr><td style=\"color: #333333; text-align: left;\">Couverture du d\u00e9ficit d&#8217;investissement (C \/ 1068)<\/td><td style=\"color: #333333; text-align: right;\">19 901,74\u20ac<\/td><\/tr><tr><td style=\"color: #333333; text-align: left;\">Autofinancement compl\u00e9mentaire<\/td><td style=\"color: #333333; text-align: right;\">706 634,84\u20ac<\/td><\/tr><tr><td style=\"color: #333333; text-align: left;\">Report \u00e0 nouveau<\/td><td style=\"color: #333333; text-align: right;\">\u00a0<\/td><\/tr><\/tbody><\/table><p><span id=\"CM09042021Six\" style=\"color: #333333;\"><strong><u>6. Reprise des r\u00e9sultats 2020<\/u><\/strong><\/span><\/p><table bgcolor=\"#EEEEEE\"><tbody><tr><td style=\"color: #333333; text-align: center;\" colspan=\"3\"><strong>R\u00e9sultat de la commune de Thiant 2020<\/strong><\/td><\/tr><tr><td style=\"color: #333333; text-align: left;\" width=\"33%\">\u00a0<\/td><td style=\"color: #333333; text-align: left;\" width=\"33%\">AVANT 2020<\/td><td style=\"color: #333333; text-align: right;\" width=\"33%\">834 789,45\u20ac<\/td><\/tr><tr><td style=\"color: #333333; text-align: left;\" colspan=\"3\">FONCTIONNEMENT<\/td><\/tr><tr><td style=\"color: #333333; text-align: left;\">\u00a0<\/td><td style=\"color: #333333; text-align: left;\">RECETTES<\/td><td style=\"color: #333333; text-align: right;\">2 911 670,63\u20ac<\/td><\/tr><tr><td style=\"color: #333333; text-align: left;\">\u00a0<\/td><td style=\"color: #333333; text-align: left;\">D\u00c9PENSES<\/td><td style=\"color: #333333; text-align: right;\">2 273 810,08\u20ac<\/td><\/tr><tr><td style=\"color: #333333; text-align: left;\">\u00a0<\/td><td style=\"color: #333333; text-align: left;\"><strong>SOLDE 2020<\/strong><\/td><td style=\"color: #333333; text-align: right;\"><strong>637 860,55\u20ac<\/strong><\/td><\/tr><tr><td style=\"color: #333333; text-align: left;\" colspan=\"2\" bgcolor=\"yellow\" width=\"33%\"><strong>R\u00c9SULTAT FONCTIONNEMENT CUMUL\u00c9<\/strong><\/td><td style=\"color: #333333; text-align: right;\" bgcolor=\"pink\" width=\"33%\"><strong>1 472 650,00\u20ac<\/strong><\/td><\/tr><tr><td style=\"color: #333333; text-align: left;\">\u00a0<\/td><td style=\"color: #333333; text-align: left;\">AVANT 2020<\/td><td style=\"color: #333333; text-align: right;\">494 665,80\u20ac<\/td><\/tr><tr><td style=\"color: #333333; text-align: left;\" colspan=\"3\">INVESTISSEMENT<\/td><\/tr><tr><td style=\"color: #333333; text-align: left;\">\u00a0<\/td><td style=\"color: #333333; text-align: left;\">RECETTES<\/td><td style=\"color: #333333; text-align: right;\">740 174,73\u20ac<\/td><\/tr><tr><td style=\"color: #333333; text-align: left;\">\u00a0<\/td><td style=\"color: #333333; text-align: left;\">D\u00c9PENSES<\/td><td style=\"color: #333333; text-align: right;\">1 254 742,27\u20ac<\/td><\/tr><tr><td style=\"color: #333333; text-align: left;\">\u00a0<\/td><td style=\"color: #333333; text-align: left;\"><strong>SOLDE 2020<\/strong><\/td><td style=\"color: #333333; text-align: right;\"><strong>&#8211; 514 567,54\u20ac<\/strong><\/td><\/tr><tr><td style=\"color: #333333; text-align: left;\" colspan=\"2\" bgcolor=\"yellow\"><strong>R\u00c9SULTAT INVESTISSEMENT CUMUL\u00c9<\/strong><\/td><td style=\"color: #333333; text-align: right;\" bgcolor=\"yellow\"><strong>-19 901,74\u20ac<\/strong><\/td><\/tr><tr><td>\u00a0<\/td><\/tr><tr><td style=\"color: #333333; text-align: left;\" colspan=\"2\" bgcolor=\"yellow\"><strong>R\u00e9sultat global investissement et fonctionnement<\/strong><\/td><td style=\"color: #333333; text-align: right;\" bgcolor=\"yellow\"><strong>1 452 748,26\u20ac<\/strong><\/td><\/tr><tr><td style=\"color: #333333; text-align: left;\">\u00a0<\/td><td style=\"color: #333333; text-align: left;\">RESTE \u00c0 R\u00c9ALISER<\/td><td style=\"color: #333333; text-align: right;\">&#8211; 706 634,84\u20ac<\/td><\/tr><tr><td style=\"color: #333333; text-align: left;\" colspan=\"2\">R\u00c9SULTAT INVESTISSEMENT CUMUL\u00c9 net<\/td><td style=\"color: #333333; text-align: right;\" bgcolor=\"pink\">&#8211; 726 536,58\u20ac<\/td><\/tr><tr><td style=\"color: #333333; text-align: left;\">\u00a0<\/td><td style=\"color: #333333; text-align: left;\">\u00a0<\/td><td style=\"color: #333333; text-align: right;\">746 113,42\u20ac<\/td><\/tr><\/tbody><\/table><p style=\"color: #333333;\">Consid\u00e9rant le r\u00e9sultat de cl\u00f4ture de l\u2019exercice 2020,<br \/><strong>Le Conseil Municipal,<\/strong> apr\u00e8s en avoir d\u00e9lib\u00e9r\u00e9,<br \/>par 23 voix pour, 0 voix contre, 0 abstention<br \/><strong><u>DECIDE<\/u>\u00a0<\/strong>de reprendre comme suit au budget 2021 les exc\u00e9dents de l\u2019exercice 2020 :<\/p><table bgcolor=\"#EEEEEE\"><tbody><tr><td style=\"color: #333333; text-align: left;\" width=\"45%\">\u00a0<\/td><td style=\"color: #ffffff; text-align: center;\" bgcolor=\"green\" width=\"20%\"><strong>RECETTES<\/strong><\/td><td style=\"color: #333333; text-align: center;\" colspan=\"2\" bgcolor=\"orange\" width=\"35%\"><strong>D\u00c9PENSES<\/strong><\/td><\/tr><tr><td style=\"color: #333333; text-align: left;\"><strong>Section de Fonctionnement<\/strong><br \/>C \/ 002<\/td><td style=\"color: #333333; text-align: right;\" bgcolor=\"#b4d4b4\">746 113,42\u20ac<\/td><td style=\"color: #333333; text-align: left;\" colspan=\"2\" bgcolor=\"#d4b78e\">\u00a0<\/td><\/tr><tr><td style=\"color: #333333; text-align: left;\"><strong>Section d&#8217;investissement<\/strong><\/td><td style=\"color: #ffffff; text-align: center;\" bgcolor=\"green\"><strong>RECETTES<\/strong><\/td><td style=\"color: #333333; text-align: center;\" colspan=\"2\" bgcolor=\"orange\"><strong>D\u00c9PENSES<\/strong><\/td><\/tr><tr><td style=\"color: #333333; text-align: left;\">\u00a0<\/td><td style=\"color: #333333; text-align: left;\" bgcolor=\"#b4d4b4\">\u00a0<\/td><td style=\"color: #333333; text-align: center;\" colspan=\"2\" bgcolor=\"#d4b78e\">cr\u00e9dits report\u00e9s<\/td><\/tr><tr><td style=\"color: #333333; text-align: left;\">C \/ 001<\/td><td style=\"color: #333333; text-align: right;\" bgcolor=\"#b4d4b4\">\u00a0<\/td><td style=\"color: #333333; text-align: left;\" bgcolor=\"#d4b78e\" width=\"5%\">\u00a0<\/td><td style=\"color: #333333; text-align: right;\" bgcolor=\"#d4b78e\">19 901,74\u20ac<\/td><\/tr><tr><td style=\"color: #333333; text-align: left;\">C \/ 1068<br \/><small>(couverture d\u00e9ficit d&#8217;investissement)<\/small><\/td><td style=\"color: #333333; text-align: right;\" bgcolor=\"#b4d4b4\">726 536,58\u20ac<\/td><td style=\"color: #333333; letter-spacing: -2px; text-align: left;\" bgcolor=\"#d4b78e\" width=\"15%\">C 20 \/ 2031<\/td><td style=\"color: #333333; text-align: right;\" bgcolor=\"#d4b78e\" width=\"35%\">&#8211; \u20ac<\/td><\/tr><tr><td style=\"color: #333333; text-align: left;\">\u00a0<\/td><td style=\"color: #333333; text-align: right;\" bgcolor=\"#b4d4b4\">\u00a0<\/td><td style=\"color: #333333; text-align: left;\" bgcolor=\"#d4b78e\">C 21 \/<\/td><td style=\"color: #333333; text-align: right;\" bgcolor=\"#d4b78e\">90 400,00\u20ac<\/td><\/tr><tr><td style=\"color: #333333; text-align: left;\">C 13 \/ 13251<br \/><small>(cr\u00e9dits report\u00e9s)<\/small><\/td><td style=\"color: #333333; text-align: right;\" bgcolor=\"#b4d4b4\">127 281,16\u20ac<\/td><td style=\"color: #333333; text-align: left;\" bgcolor=\"#d4b78e\">C 23\/<\/td><td style=\"color: #333333; text-align: right;\" bgcolor=\"#d4b78e\">743 516,00\u20ac<\/td><\/tr><tr><td style=\"color: #333333; text-align: left;\" bgcolor=\"#AAAAAA\"><strong>Sous total<\/strong><\/td><td style=\"color: #333333; text-align: right;\" bgcolor=\"#AAAAAA\"><strong>853 817,74\u20ac<\/strong><\/td><td style=\"color: #333333; text-align: left;\" bgcolor=\"#AAAAAA\">\u00a0<\/td><td style=\"color: #333333; text-align: right;\" bgcolor=\"#AAAAAA\"><strong>853 817,74\u20ac<\/strong><\/td><\/tr><tr><td style=\"color: #333333; text-align: left;\">C \/ 1068<br \/><small>(autofinancement compl\u00e9mentaire)<\/small><\/td><td style=\"color: #333333; text-align: right;\" bgcolor=\"#b4d4b4\">\u00a0<\/td><td style=\"color: #333333; text-align: left;\" bgcolor=\"#d4b78e\">\u00a0<\/td><td style=\"color: #333333; text-align: right;\" bgcolor=\"#d4b78e\">\u00a0<\/td><\/tr><tr><td style=\"color: #333333; text-align: left;\" bgcolor=\"#AAAAAA\"><strong>TOTAL<\/strong><\/td><td style=\"color: #333333; text-align: right;\" bgcolor=\"#AAAAAA\"><strong>853 817,74\u20ac<\/strong><\/td><td style=\"color: #333333; text-align: left;\" bgcolor=\"#AAAAAA\">\u00a0<\/td><td style=\"color: #333333; text-align: right;\" bgcolor=\"#AAAAAA\"><strong>853 817,74\u20ac<\/strong><\/td><\/tr><\/tbody><\/table><p><span id=\"CM09042021Sept\" style=\"color: #333333;\"><strong><u>7. Taux des taxes locales 2021<\/u><\/strong><\/span><\/p><p style=\"color: #333333; padding-left: 40px;\" align=\"justify\">A la lecture de l\u2019\u00e9tat de notification des taux d\u2019imposition des taxes directes locales pour l\u2019exercice 2021 nous constatons qu\u2019il n\u2019y a plus que 2 ressources fiscales dont les taux doivent \u00eatre vot\u00e9s en 2021. La taxe fonci\u00e8re sur le b\u00e2ti et la taxe fonci\u00e8re sur le non b\u00e2ti.<br \/>Exit la taxe d\u2019habitation dont le taux est fig\u00e9 \u00e0 19,40.<br \/>Cependant si le taux du foncier b\u00e2ti \u00e9tait de 19.22 en 2020 pour 2021 il est de 38.51 soit le taux de la commune + le taux du d\u00e9partement (19,29).<br \/>Notons ainsi que les bases d\u2019imposition pr\u00e9visionnelles 2021 s\u2019\u00e9l\u00e8vent \u00e0 2\u00a0023\u00a0000 pour le foncier b\u00e2ti et\u00a0 64\u00a0900 pour le foncier non b\u00e2ti. Les bases du foncier b\u00e2ti sont en diminution 2\u00a0285\u00a0907 en 2020.Sans augmentation des taux, soit<br \/>38,51 pour le foncier b\u00e2ti (19.22TH commune + 19.29 Taux D\u00e9partemental)<br \/>Le produit de r\u00e9f\u00e9rence sera de 822\u00a0397<\/p><p style=\"color: #333333;\"><strong>Le Conseil Municipal,<\/strong> apr\u00e8s en avoir d\u00e9lib\u00e9r\u00e9,<br \/>par\u00a023 voix pour,\u00a00 voix contre,\u00a00\u00a0abstention<\/p><table width=\"75%\"><tbody><tr><td style=\"color: #333333;\" width=\"25%\"><strong><u>DECIDE<\/u><\/strong><\/td><td style=\"color: #333333; text-align: justify;\" width=\"75%\">de ne pas modifier le taux communal des taxes locales soit 66.78 pour le foncier non b\u00e2ti.<\/td><\/tr><tr><td style=\"color: #333333;\"><strong><u>DECIDE<\/u><\/strong><\/td><td style=\"color: #333333; text-align: justify;\">de cumuler le taux d\u00e9partemental de 19.29 \u00e0 celui de la commune de 19.22 soit un total pour le foncier b\u00e2ti de 38.51<\/td><\/tr><\/tbody><\/table><table><tbody><tr><td style=\"color: #333333; text-align: left;\" width=\"30%\">\u00a0<\/td><td width=\"23%\" data-align=\"center\">\u00a0<\/td><td style=\"color: #333333; text-align: center;\" colspan=\"2\" bgcolor=\"#EEEEEE\" width=\"25%\"><strong>Proposition 2021<\/strong><\/td><\/tr><tr><td style=\"color: #333333; text-align: left;\">\u00a0<\/td><td style=\"color: #333333; text-align: center;\" bgcolor=\"#EEEEEE\">Base 2021<\/td><td style=\"color: #333333; text-align: center;\" bgcolor=\"#EEEEEE\"><strong>Proposition d&#8217;\u00e9volution du taux de 0%<\/strong><\/td><td style=\"color: #333333; text-align: center;\" bgcolor=\"#EEEEEE\"><strong>Simulation des recettes \u00e0 taux major\u00e9 de 0%<\/strong><\/td><\/tr><tr bgcolor=\"#EEEEEE\"><td style=\"color: #333333; text-align: left;\"><strong>Taxe fonci\u00e8re b\u00e2ti<\/strong><\/td><td style=\"color: #333333; text-align: center;\">2 023 000\u20ac<\/td><td style=\"color: #333333; text-align: center;\">38,51%<\/td><td style=\"color: #333333; text-align: right;\">779 057\u20ac<\/td><\/tr><tr bgcolor=\"#EEEEEE\"><td style=\"color: #333333; text-align: left;\"><strong>Taxe fonci\u00e8re non b\u00e2ti<\/strong><\/td><td style=\"color: #333333; text-align: center;\">64 900\u20ac<\/td><td style=\"color: #333333; text-align: center;\">66,78%<\/td><td style=\"color: #333333; text-align: right;\">43 340\u20ac<\/td><\/tr><tr><td style=\"color: #333333; text-align: left;\">\u00a0<\/td><td style=\"color: #333333; text-align: center;\">\u00a0<\/td><td style=\"color: #333333; text-align: center;\">\u00a0<\/td><td style=\"color: #333333; text-align: right;\" bgcolor=\"#EEEEEE\"><strong>822 397\u20ac<\/strong><\/td><\/tr><\/tbody><\/table><p style=\"color: #333333;\">La commission finances a propos\u00e9 de ne pas augmenter les taux.<br \/>Monsieur Le Maire pr\u00e9cise qu\u2019actuellement la conjoncture est difficile et donc il n\u2019est pas n\u00e9cessaire de rajouter des charges suppl\u00e9mentaires.<br \/>Le montant de la compensation de la taxe d\u2019habitation s\u2019\u00e9l\u00e8ve \u00e0 442 011<\/p><p><span id=\"CM09042021Huit\" style=\"color: #333333;\"><strong><u>8. Budget Principal 2021<\/u><\/strong><\/span><\/p><p style=\"color: #333333; padding-left: 40px;\" align=\"justify\">Guy VANDERBEC, Adjoint aux finances, donne lecture du budget principal 2021, qu\u2019il commente en d\u00e9taillant les points principaux.<\/p><p style=\"text-align: center; color: #333333;\"><strong>Budget Primitif Principal &#8211; Exercice 2021 &#8211; Ville de Thiant<\/strong><\/p><table><tbody><tr><td style=\"color: #333333; text-align: left;\" width=\"50%\">\u00a0<\/td><td style=\"color: #333333; text-align: center;\" bgcolor=\"#EEEEEE\" width=\"25%\"><strong>D\u00e9penses<\/strong><\/td><td style=\"color: #333333; text-align: center;\" bgcolor=\"#EEEEEE\" width=\"25%\"><strong>Recettes<\/strong><\/td><\/tr><tr bgcolor=\"#EEEEEE\"><td style=\"color: #333333; text-align: left;\"><strong>Section de fonctionnement<\/strong><\/td><td style=\"color: #333333; text-align: right;\">3 848 272,65\u20ac<\/td><td style=\"color: #333333; text-align: right;\">3 102 159,23\u20ac<\/td><\/tr><tr bgcolor=\"#EEEEEE\"><td style=\"color: #333333; text-align: left;\"><strong>Restes \u00e0 r\u00e9aliser de l&#8217;exercice pr\u00e9c\u00e9dent<\/strong><\/td><td style=\"color: #333333; text-align: right;\">0,00\u20ac<\/td><td style=\"color: #333333; text-align: right;\">0,00\u20ac<\/td><\/tr><tr bgcolor=\"#EEEEEE\"><td style=\"color: #333333; text-align: left;\"><strong>002 &#8211; Solde d&#8217;ex\u00e9cution de la section de fonctionnement report\u00e9<\/strong><\/td><td style=\"color: #333333; text-align: right;\">0,00\u20ac<\/td><td style=\"color: #333333; text-align: right;\">746 113,42\u20ac<\/td><\/tr><tr><td style=\"color: #333333; text-align: left;\">\u00a0<\/td><td style=\"color: #333333; text-align: right;\" bgcolor=\"#EEEEEE\"><strong>3 848 272,65\u20ac<\/strong><\/td><td style=\"color: #333333; text-align: right;\" bgcolor=\"#EEEEEE\"><strong>3 848 272,65\u20ac<\/strong><\/td><\/tr><tr><td colspan=\"3\">\u00a0<\/td><\/tr><tr bgcolor=\"#EEEEEE\"><td style=\"color: #333333; text-align: left;\"><strong>Section d&#8217;investissement<\/strong><\/td><td style=\"color: #333333; text-align: right;\">2 645 115,98\u20ac<\/td><td style=\"color: #333333; text-align: right;\">3 371 652,56\u20ac<\/td><\/tr><tr bgcolor=\"#EEEEEE\"><td style=\"color: #333333; text-align: left;\"><strong>Restes \u00e0 r\u00e9aliser de l&#8217;exercice pr\u00e9c\u00e9dent<\/strong><\/td><td style=\"color: #333333; text-align: right;\">833 916,00\u20ac<\/td><td style=\"color: #333333; text-align: right;\">127 281,16\u20ac<\/td><\/tr><tr bgcolor=\"#EEEEEE\"><td style=\"color: #333333; text-align: left;\"><strong>001 &#8211; Solde d&#8217;ex\u00e9cution de la section d&#8217;investissement report\u00e9<\/strong><\/td><td style=\"color: #333333; text-align: right;\">19 901,74\u20ac<\/td><td style=\"color: #333333; text-align: right;\">\u00a0<\/td><\/tr><tr><td style=\"color: #333333; text-align: left;\">\u00a0<\/td><td style=\"color: #333333; text-align: right;\" bgcolor=\"#EEEEEE\"><strong>3 848 933,72\u20ac<\/strong><\/td><td style=\"color: #333333; text-align: right;\" bgcolor=\"#EEEEEE\"><strong>3 848 933,72\u20ac<\/strong><\/td><\/tr><tr><td colspan=\"3\">\u00a0<\/td><\/tr><tr><td style=\"color: #333333; text-align: left;\">\u00a0<\/td><td style=\"color: #333333; text-align: right;\" bgcolor=\"#EEEEEE\"><strong>7 347 206,37\u20ac<\/strong><\/td><td style=\"color: #333333; text-align: right;\" bgcolor=\"#EEEEEE\"><strong>7 347 206,37\u20ac<\/strong><\/td><\/tr><\/tbody><\/table><p style=\"color: #333333;\"><strong>Le Conseil Municipal,<\/strong> apr\u00e8s en avoir d\u00e9lib\u00e9r\u00e9,<br \/>par\u00a023 voix pour,\u00a00 voix contre,\u00a00\u00a0abstention,<\/p><p style=\"color: #333333;\"><strong>VOTE<\/strong>\u00a0le budget primitif 2021 tel que pr\u00e9sent\u00e9 ci-dessus<\/p><p><span id=\"CM09042021Neuf\" style=\"color: #333333;\"><strong><u>9. Compte de gestion Annexe Lotissement Ferme Jourdan 2020<\/u><\/strong><\/span><\/p><p style=\"color: #333333;\" align=\"justify\"><em>(Voir compte-rendu commission finances du 02 avril 2021)<\/em><\/p><p style=\"color: #333333; padding-left: 40px;\" align=\"justify\">Statuant sur l\u2019ensemble des op\u00e9rations effectu\u00e9es du 1<sup>er<\/sup> janvier 2020 au 31 d\u00e9cembre 2020 y compris celles relatives \u00e0 la journ\u00e9e compl\u00e9mentaire ;<\/p><p style=\"color: #333333; padding-left: 40px;\" align=\"justify\">Statuant sur l\u2019ex\u00e9cution du budget de l\u2019exercice 2020 en ce qui concerne les diff\u00e9rentes sections budg\u00e9taires du budget annexes ;<\/p><p style=\"color: #333333; padding-left: 40px;\" align=\"justify\">Statuant sur la comptabilit\u00e9 des valeurs inactives ;<\/p><p style=\"color: #333333;\"><strong>Le Conseil Municipal, <\/strong>apr\u00e8s en avoir d\u00e9lib\u00e9r\u00e9,<br \/>par\u00a023 voix pour,\u00a00 voix contre,\u00a00\u00a0abstention<\/p><table width=\"75%\"><tbody><tr><td style=\"color: #333333;\" width=\"25%\"><strong>DECLARE<\/strong><\/td><td style=\"color: #333333; text-align: justify;\" width=\"75%\">que le compte de gestion dress\u00e9, pour l\u2019exercice 2020 par le Receveur, vis\u00e9 et certifi\u00e9 conforme par l\u2019ordonnateur, n\u2019appelle ni observation ni r\u00e9serve de sa part.<\/td><\/tr><\/tbody><\/table><p style=\"color: #333333;\">Monsieur Le Maire quitte la s\u00e9ance pour laisser le conseil d\u00e9battre sur le compte administratif.<\/p><table style=\"has-text-vertical-align: middle;\" bgcolor=\"#EEEEEE\"><tbody><tr style=\"vertical-align: middle;\"><td style=\"color: #333333; text-align: left;\" rowspan=\"2\" width=\"15%\"><strong><br \/>Libell\u00e9s<\/strong><\/td><td style=\"color: #333333; text-align: center;\" colspan=\"2\" bgcolor=\"#9cd48b\"><strong>Investissements<\/strong><\/td><td style=\"color: #333333; text-align: center;\" colspan=\"2\" bgcolor=\"#d4d23e\"><strong>Fonctionnement<\/strong><\/td><td style=\"color: #333333; text-align: center;\" colspan=\"2\" bgcolor=\"#d47f7b\"><strong>Ensemble<\/strong><\/td><\/tr><tr><td style=\"color: #333333; font-size: 80%; text-align: center;\" bgcolor=\"#9cd48b\" width=\"14%\">D\u00e9penses ou d\u00e9ficits (1)<\/td><td style=\"color: #333333; font-size: 80%; text-align: center;\" bgcolor=\"#9cd48b\" width=\"14%\">Recettes ou exc\u00e9dents (1)<\/td><td style=\"color: #333333; font-size: 80%; text-align: center;\" bgcolor=\"#d4d23e\" width=\"14%\">D\u00e9penses ou d\u00e9ficits (1)<\/td><td style=\"color: #333333; font-size: 80%; text-align: center;\" bgcolor=\"#d4d23e\" width=\"14%\">Recettes ou exc\u00e9dents (1)<\/td><td style=\"color: #333333; font-size: 80%; text-align: center;\" bgcolor=\"#d47f7b\" width=\"14%\">D\u00e9penses ou d\u00e9ficits (1)<\/td><td style=\"color: #333333; font-size: 80%; text-align: center;\" bgcolor=\"#d47f7b\" width=\"14%\">Recettes ou exc\u00e9dents (1)<\/td><\/tr><tr><td style=\"color: #333333; text-align: center;\" colspan=\"7\"><strong>COMPTE ADMINISTRATIF PRINCIPAL<\/strong><\/td><\/tr><tr><td style=\"color: #333333; text-align: left;\"><strong>R\u00e9sultats report\u00e9s<\/strong><\/td><td style=\"color: #333333; text-align: right;\" bgcolor=\"#9cd48b\">\u00a0<\/td><td style=\"color: #333333; font-size: 83%; letter-spacing: -1px; text-align: right;\" bgcolor=\"#9cd48b\">317 905,13<\/td><td style=\"color: #333333; font-size: 83%; letter-spacing: -1px; text-align: right;\" bgcolor=\"#d4d23e\">\u00a0<\/td><td style=\"color: #333333; font-size: 83%; letter-spacing: -1px; text-align: right;\" bgcolor=\"#d4d23e\">0<\/td><td style=\"color: #333333; font-size: 83%; letter-spacing: -1px; text-align: right;\" bgcolor=\"#d47f7b\">0,00<\/td><td style=\"color: #333333; font-size: 83%; letter-spacing: -1px; text-align: right;\" bgcolor=\"#d47f7b\">317 905,13<\/td><\/tr><tr><td style=\"color: #333333; text-align: left;\"><strong>Op\u00e9rations de l&#8217;exercice<\/strong><\/td><td style=\"color: #333333; font-size: 83%; letter-spacing: -1px; text-align: right;\" bgcolor=\"#9cd48b\">732 594,87<\/td><td style=\"color: #333333; font-size: 83%; letter-spacing: -1px; text-align: right;\" bgcolor=\"#9cd48b\">1 041 766,80<\/td><td style=\"color: #333333; font-size: 83%; letter-spacing: -1px; text-align: right;\" bgcolor=\"#d4d23e\">1 042 906,80<\/td><td style=\"color: #333333; font-size: 83%; letter-spacing: -1px; text-align: right;\" bgcolor=\"#d4d23e\">1 042 906,80<\/td><td style=\"color: #333333; font-size: 83%; letter-spacing: -1px; text-align: right;\" bgcolor=\"#d47f7b\">1 775 501,67<\/td><td style=\"color: #333333; font-size: 83%; letter-spacing: -1px; text-align: right;\" bgcolor=\"#d47f7b\">2 084 673,60<\/td><\/tr><tr><td style=\"color: #333333; text-align: left;\"><strong>TOTAUX<\/strong><\/td><td style=\"color: #333333; font-size: 83%; letter-spacing: -1px; text-align: right;\" bgcolor=\"#9cd48b\">1 359 671,93<\/td><td style=\"color: #333333; font-size: 83%; letter-spacing: -1px; text-align: right;\" bgcolor=\"#9cd48b\">1 042 906,80<\/td><td style=\"color: #333333; font-size: 83%; letter-spacing: -1px; text-align: right;\" bgcolor=\"#d4d23e\">1 042 906,80<\/td><td style=\"color: #333333; font-size: 83%; letter-spacing: -1px; text-align: right;\" bgcolor=\"#d4d23e\">1 775 501,67<\/td><td style=\"color: #333333; font-size: 83%; letter-spacing: -1px; text-align: right;\" bgcolor=\"#d47f7b\">1 775 501,67<\/td><td style=\"color: #333333; font-size: 83%; letter-spacing: -1px; text-align: right;\" bgcolor=\"#d47f7b\">2 402 578,73<\/td><\/tr><tr><td style=\"color: #333333; text-align: left;\"><strong>R\u00e9sultats de cl\u00f4ture<\/strong><\/td><td style=\"color: #333333; font-size: 83%; letter-spacing: -1px; text-align: right;\" bgcolor=\"#9cd48b\">0<\/td><td style=\"color: #333333; font-size: 83%; letter-spacing: -1px; text-align: right;\" bgcolor=\"#9cd48b\">627 077,06<\/td><td style=\"color: #333333; font-size: 83%; letter-spacing: -1px; text-align: right;\" bgcolor=\"#d4d23e\">0,00<\/td><td style=\"color: #333333; font-size: 83%; letter-spacing: -1px; text-align: right;\" bgcolor=\"#d4d23e\">0<\/td><td bgcolor=\"#d47f7b\">\u00a0<\/td><td style=\"color: #333333; font-size: 83%; letter-spacing: -1px; text-align: right;\" bgcolor=\"#d47f7b\">627 077,06<\/td><\/tr><tr><td style=\"color: #333333; text-align: left;\"><strong>Restes \u00e0 r\u00e9aliser<\/strong><\/td><td style=\"color: #333333; font-size: 83%; letter-spacing: -1px; text-align: right;\" bgcolor=\"#9cd48b\">0<\/td><td style=\"color: #333333; font-size: 83%; letter-spacing: -1px; text-align: right;\" bgcolor=\"#9cd48b\">0<\/td><td style=\"color: #333333; font-size: 83%; letter-spacing: -1px; text-align: right;\" bgcolor=\"#d4d23e\">0,00<\/td><td style=\"color: #333333; font-size: 83%; letter-spacing: -1px; text-align: right;\" bgcolor=\"#d4d23e\">0,00<\/td><td style=\"color: #333333; font-size: 83%; letter-spacing: -1px; text-align: right;\" bgcolor=\"#d47f7b\">0<\/td><td style=\"color: #333333; font-size: 83%; letter-spacing: -1px; text-align: right;\" bgcolor=\"#d47f7b\">0<\/td><\/tr><tr><td style=\"color: #333333; text-align: left;\"><strong>TOTAUX CUMUL\u00c9S<\/strong><\/td><td style=\"color: #333333; font-size: 83%; letter-spacing: -1px; text-align: right;\" bgcolor=\"#9cd48b\">0<\/td><td style=\"color: #333333; font-size: 83%; letter-spacing: -1px; text-align: right;\" bgcolor=\"#9cd48b\">627 077,06<\/td><td style=\"color: #333333; font-size: 83%; letter-spacing: -1px; text-align: right;\" bgcolor=\"#d4d23e\">0<\/td><td style=\"color: #333333; font-size: 83%; letter-spacing: -1px; text-align: right;\" bgcolor=\"#d4d23e\">0<\/td><td style=\"color: #333333; font-size: 83%; letter-spacing: -1px; text-align: right;\" bgcolor=\"#d47f7b\">0<\/td><td style=\"color: #333333; font-size: 83%; letter-spacing: -1px; text-align: right;\" bgcolor=\"#d47f7b\">627 077,06<\/td><\/tr><tr><td style=\"color: #333333; text-align: left;\"><strong>R\u00c9SULTATS D\u00c9FINITIFS<\/strong><\/td><td style=\"color: #333333; font-size: 83%; letter-spacing: -1px; text-align: right;\" bgcolor=\"#9cd48b\">0<\/td><td style=\"color: #333333; font-size: 83%; letter-spacing: -1px; text-align: right;\" bgcolor=\"#9cd48b\">0<\/td><td style=\"color: #333333; font-size: 83%; letter-spacing: -1px; text-align: right;\" bgcolor=\"#d4d23e\">0,00<\/td><td style=\"color: #333333; font-size: 83%; letter-spacing: -1px; text-align: right;\" bgcolor=\"#d4d23e\">0<\/td><td style=\"color: #333333; font-size: 83%; letter-spacing: -1px; text-align: right;\" bgcolor=\"#d47f7b\">0,00<\/td><td style=\"color: #333333; font-size: 83%; letter-spacing: -1px; text-align: right;\" bgcolor=\"#d47f7b\">627 077,06<\/td><\/tr><\/tbody><\/table><p><span id=\"CM09042021Dix\" style=\"color: #333333;\"><strong><u>10. Compte administratif Annexe Lotissement Ferme Jourdan 2020<\/u><\/strong><\/span><\/p><p style=\"color: #333333;\" align=\"justify\">Guy VANDERBEC, Adjoint aux finances, donne lecture du compte administratif 2020, qu\u2019il commente en d\u00e9taillant les points principaux.<\/p><p style=\"color: #333333;\"><strong>Le Conseil Municipal,<\/strong> apr\u00e8s en avoir d\u00e9lib\u00e9r\u00e9,<br \/>par\u00a022 voix pour,\u00a00 voix contre,\u00a00\u00a0abstention<\/p><table width=\"75%\"><tbody><tr><td style=\"color: #333333;\" width=\"25%\"><strong>APPROUVE<\/strong><\/td><td style=\"color: #333333; text-align: justify;\" width=\"75%\">le compte administratif 2020 de la commune.<\/td><\/tr><\/tbody><\/table><p style=\"color: #333333;\" align=\"justify\"><em>L\u2019argent affect\u00e9 au budget Annexe correspond \u00e0 une avance faite depuis le budget principal et en aucun cas \u00e0 des emprunts.<\/em><\/p><p style=\"color: #333333;\"><strong>Retour en s\u00e9ance de Monsieur Le Maire<\/strong><\/p><p><span id=\"CM09042021Onze\" style=\"color: #333333;\"><strong><u>11. Bilan des acquisitions et cessions 2020 du budget annexe Ferme Jourdan<\/u><\/strong><\/span><\/p><p style=\"color: #333333; padding-left: 40px;\" align=\"justify\">Consid\u00e9rant que l&#8217;article L. 2241-1 du Code g\u00e9n\u00e9ral des collectivit\u00e9s territoriales pr\u00e9voit la tenue par les communes de plus de 2000 habitants, d&#8217;un bilan des acquisitions et cessions op\u00e9r\u00e9es sur le territoire de la commune par celle-ci ou par une personne publique ou priv\u00e9e agissant dans le cadre d&#8217;une convention ou d\u00e9l\u00e9gation avec cette commune\u00a0;<br \/>Consid\u00e9rant que, chaque ann\u00e9e, selon ce m\u00eame article, le bilan, qui doit \u00eatre annex\u00e9 au compte administratif du budget annexe de la commune, donne lieu \u00e0 d\u00e9lib\u00e9ration du conseil municipal ;<\/p><p style=\"color: #333333;\"><strong>Le Conseil Municipal,<\/strong> apr\u00e8s en avoir d\u00e9lib\u00e9r\u00e9,<br \/>par\u00a023 voix pour,\u00a00 voix contre,\u00a00 abstention<\/p><table width=\"75%\"><tbody><tr><td style=\"color: #333333;\" width=\"25%\"><strong>APPROUVE<\/strong><\/td><td style=\"color: #333333; text-align: justify;\" width=\"75%\">le bilan ci-dessous.<\/td><\/tr><\/tbody><\/table><p style=\"color: #333333;\" align=\"center\"><strong>Acquisitions et cessions r\u00e9alis\u00e9es entre le 1<sup>er<\/sup> janvier et le 31 d\u00e9cembre 2020<\/strong><\/p><table bgcolor=\"#EEEEEE\"><tbody><tr><td style=\"color: #333333; text-align: center;\">D\u00e9signations des biens<\/td><td style=\"color: #333333; text-align: center;\">R\u00e9f\u00e9rences cadastrales<\/td><td style=\"color: #333333; text-align: center;\">Surfaces<\/td><td style=\"color: #333333; text-align: center;\">Adresse des biens<\/td><td style=\"color: #333333; text-align: center;\">Propri\u00e9taire<\/td><td style=\"color: #333333; text-align: center;\">Montant de la transaction (hors frais)<\/td><\/tr><tr><td style=\"color: #333333; text-align: center;\">Lot 2<\/td><td style=\"color: #333333; text-align: center;\">A3537<\/td><td style=\"color: #333333; text-align: center;\">600M<sup>2<\/sup><\/td><td style=\"color: #333333; text-align: center;\">Rue Ghesqui\u00e8re<\/td><td style=\"color: #333333; text-align: center;\">Monsieur RENARD<\/td><td style=\"color: #333333; text-align: center;\">71 150,40<\/td><\/tr><tr><td style=\"color: #333333; text-align: center;\">Lot 5<\/td><td style=\"color: #333333; text-align: center;\">A3540<\/td><td style=\"color: #333333; text-align: center;\">600M<sup>2<\/sup><\/td><td style=\"color: #333333; text-align: center;\">Rue Ghesqui\u00e8re<\/td><td style=\"color: #333333; text-align: center;\">Monsieur MONTALBANO<\/td><td style=\"color: #333333; text-align: center;\">71 150,40<\/td><\/tr><tr><td style=\"color: #333333; text-align: center;\">Lot 3<\/td><td style=\"color: #333333; text-align: center;\">A3538<\/td><td style=\"color: #333333; text-align: center;\">600M<sup>2<\/sup><\/td><td style=\"color: #333333; text-align: center;\">Rue Ghesqui\u00e8re<\/td><td style=\"color: #333333; text-align: center;\">Monsieur VERSCHUEREN<\/td><td style=\"color: #333333; text-align: center;\">71 150,40<\/td><\/tr><tr><td style=\"color: #333333; text-align: center;\">Lot 4<\/td><td style=\"color: #333333; text-align: center;\">A3539<\/td><td style=\"color: #333333; text-align: center;\">600M<sup>2<\/sup><\/td><td style=\"color: #333333; text-align: center;\">Rue Ghesqui\u00e8re<\/td><td style=\"color: #333333; text-align: center;\">Monsieur CORNET<\/td><td style=\"color: #333333; text-align: center;\">71 150,40<\/td><\/tr><tr><td style=\"color: #333333; text-align: center;\">Lot A<\/td><td style=\"color: #333333; text-align: center;\">A3542<\/td><td style=\"color: #333333; text-align: center;\">600M<sup>2<\/sup><\/td><td style=\"color: #333333; text-align: center;\">Rue ZOLA<\/td><td style=\"color: #333333; text-align: center;\">MT DENTISTES<\/td><td style=\"color: #333333; text-align: center;\">87 772,72<\/td><\/tr><\/tbody><\/table><p><span id=\"CM09042021Douze\" style=\"color: #333333;\"><strong><u>12. D\u00e9termination et affectation du r\u00e9sultat Annexe Lotissement Ferme Jourdan 2020<\/u><\/strong><\/span><\/p><table width=\"75%\"><tbody><tr><td style=\"color: #333333;\" width=\"25%\">Consid\u00e9rant<\/td><td style=\"color: #333333; text-align: justify;\" width=\"75%\">les articles L. 2311-5 et R.2311-11 du Code G\u00e9n\u00e9ral des Collectivit\u00e9s Territoriales\u00a0;<\/td><\/tr><tr><td style=\"color: #333333;\">Consid\u00e9rant<\/td><td style=\"color: #333333; text-align: justify;\">l\u2019instruction comptable M14 et notamment son tome II, titre 3, chapitre 5, relatif \u00e0 la d\u00e9termination des r\u00e9sultats ;<\/td><\/tr><tr><td>\u00a0<\/td><td style=\"color: #333333; text-align: justify;\">Apr\u00e8s avoir approuv\u00e9 le Compte administratif 2020 qui pr\u00e9sente un exc\u00e9dent de fonctionnement de \u00a00<strong>\u20ac <\/strong>selon le d\u00e9tail dessous (H) ;<\/td><\/tr><tr><td style=\"color: #333333;\">Constatant<\/td><td style=\"color: #333333; text-align: justify;\">que la section d\u2019investissement dudit Compte administratif fait appara\u00eetre\u00a0:<br \/>&#8211; un solde d\u2019ex\u00e9cution global de 627 077,06(C),<br \/>&#8211; un solde des restes \u00e0 r\u00e9aliser de \u00a00<strong>\u20ac<\/strong> (D),<br \/>selon le d\u00e9tail ci dessous, et d\u00e9gageant <strong>une capacit\u00e9 de financement <\/strong>627\u00a0077,06\u20ac (E);<\/td><\/tr><tr><td style=\"color: #333333;\">Constatant<\/td><td style=\"color: #333333; text-align: justify;\">les \u00e9tats des restes \u00e0 r\u00e9aliser au 31 D\u00e9cembre de l\u2019ann\u00e9e consid\u00e9r\u00e9e ;<\/td><\/tr><tr><td style=\"color: #333333;\">Constatant<\/td><td style=\"color: #333333; text-align: justify;\">que le budget 2020 comportait en pr\u00e9vision un virement de la section de fonctionnement (compte 023) \u00e0 la section d\u2019investissement (compte 021) de 0 <strong>\u20ac<\/strong>.<\/td><\/tr><\/tbody><\/table><p style=\"color: #333333;\"><strong>Le Conseil Municipal,<\/strong> apr\u00e8s en avoir d\u00e9lib\u00e9r\u00e9,<br \/>par\u00a023 voix pour,\u00a00 voix contre,\u00a00 abstention<\/p><table width=\"75%\"><tbody><tr><td style=\"color: #333333;\" width=\"25%\"><strong><u>DECIDE<\/u><\/strong><\/td><td style=\"color: #333333; text-align: justify;\" width=\"75%\">d\u2019affecter au budget de l\u2019exercice 2021, l\u2019exc\u00e9dent de cl\u00f4ture de la section de fonctionnement de l\u2019exercice 2020- comme suit 0\u20ac (H).<\/td><\/tr><\/tbody><\/table><table bgcolor=\"#EEEEEE\"><tbody><tr><td style=\"color: #333333; text-align: left;\" rowspan=\"3\" width=\"5%\"><strong>A<\/strong><\/td><td style=\"color: #333333; text-align: left;\" colspan=\"3\" width=\"45%\"><strong>D\u00e9termination du r\u00e9sultat d&#8217;investissement de l&#8217;exercice<\/strong><\/td><\/tr><tr><td style=\"color: #333333; text-align: left;\">Recettes d&#8217;investissement (H)<\/td><td style=\"color: #333333; text-align: right;\">1 041 766,80\u20ac<\/td><td style=\"color: #333333; text-align: right;\" rowspan=\"2\">309 171,93\u20ac<\/td><\/tr><tr><td style=\"color: #333333; text-align: left;\">D\u00e9penses d&#8217;investissement (B)<\/td><td style=\"color: #333333; text-align: right;\">732 594,87\u20ac<\/td><\/tr><tr><td style=\"color: #333333; text-align: left;\" width=\"5%\"><strong>B<\/strong><\/td><td style=\"color: #333333; text-align: left;\" width=\"45%\">R\u00e9sultats ann\u00e9e N-1 (D ou J)<\/td><td width=\"25%\">\u00a0<\/td><td style=\"color: #333333; text-align: right;\" width=\"25%\">317 905,13\u20ac<\/td><\/tr><tr><td style=\"color: #333333; text-align: left;\"><strong>C<\/strong><\/td><td style=\"color: #333333; text-align: left;\"><strong>R\u00e9sultat comptable cumul\u00e9 (A + B)<\/strong><\/td><td>\u00a0<\/td><td style=\"color: #333333; text-align: right;\"><strong>627 077,06\u20ac<\/strong><\/td><\/tr><tr><td style=\"color: #333333; text-align: left;\" rowspan=\"3\" width=\"5%\"><strong>D<\/strong><\/td><td style=\"color: #333333; text-align: left;\"><strong>Solde des cr\u00e9dits report\u00e9s 2020<\/strong><\/td><td>\u00a0<\/td><td>\u00a0<\/td><\/tr><tr><td style=\"color: #333333; text-align: left;\">Recettes<\/td><td style=\"color: #333333; text-align: right;\">0,00\u20ac<\/td><td style=\"color: #333333; text-align: right;\" rowspan=\"2\">0,00\u20ac<\/td><\/tr><tr><td style=\"color: #333333; text-align: left;\">D\u00e9penses<\/td><td style=\"color: #333333; text-align: right;\">0,00\u20ac<\/td><\/tr><tr><td style=\"color: #333333; text-align: left;\"><strong>E<\/strong><\/td><td style=\"color: #333333; text-align: left;\"><strong>R\u00e9sultat Budg\u00e9taire (C + D)<\/strong><\/td><td>\u00a0<\/td><td style=\"color: #333333; text-align: right;\"><strong>627 077,06\u20ac<\/strong><\/td><\/tr><tr><td style=\"color: #333333; text-align: left;\" rowspan=\"3\" width=\"5%\"><strong>F<\/strong><\/td><td style=\"color: #333333; text-align: left;\" colspan=\"3\" width=\"45%\"><strong>D\u00e9termination du r\u00e9sultat de fonctionnement de l&#8217;exercice<\/strong><\/td><\/tr><tr><td style=\"color: #333333; text-align: left;\">Recettes de fonctionnement<\/td><td style=\"color: #333333; text-align: right;\">1 042 906,80\u20ac<\/td><td style=\"color: #333333; text-align: right;\" rowspan=\"2\">&#8211; \u20ac<\/td><\/tr><tr><td style=\"color: #333333; text-align: left;\">D\u00e9penses de fonctionnement<\/td><td style=\"color: #333333; text-align: right;\">1 042 906,80\u20ac<\/td><\/tr><tr><td style=\"color: #333333; text-align: left;\"><strong>G<\/strong><\/td><td style=\"color: #333333; text-align: left;\">R\u00e9sultats ann\u00e9e N-1 (D ou J)<\/td><td>\u00a0<\/td><td style=\"color: #333333; text-align: right;\">&#8211; \u20ac<\/td><\/tr><tr><td style=\"color: #333333; text-align: left;\"><strong>H<\/strong><\/td><td style=\"color: #333333; text-align: left;\"><strong>R\u00e9sultat comptable cumul\u00e9 (F + G)<\/strong><\/td><td>\u00a0<\/td><td style=\"color: #333333; text-align: right;\"><strong>&#8211; \u20ac<\/strong><\/td><\/tr><tr><td colspan=\"4\" bgcolor=\"#777777\">\u00a0<\/td><\/tr><tr><td style=\"color: #333333; text-align: left;\" rowspan=\"2\" width=\"5%\"><strong>G<\/strong><\/td><td style=\"color: #333333; text-align: left;\" colspan=\"3\" width=\"45%\"><strong>Affectation du r\u00e9sultat de fonctionnement<\/strong><\/td><\/tr><tr><td style=\"color: #333333; text-align: left;\">R\u00e9sultat ann\u00e9e N<\/td><td>\u00a0<\/td><td style=\"color: #333333; text-align: right;\">&#8211; \u20ac<\/td><\/tr><tr><td style=\"color: #333333; text-align: left;\" rowspan=\"5\" width=\"5%\"><strong>H<\/strong><\/td><td style=\"color: #333333; text-align: left;\"><strong>R\u00e9sultat \u00e0 affecter<\/strong><\/td><td>\u00a0<\/td><td>\u00a0<\/td><\/tr><tr><td style=\"color: #333333; text-align: left;\" colspan=\"2\">Couverture du d\u00e9ficit de fonctionnement par r\u00e9duction des charges<\/td><td style=\"color: #333333; text-align: right;\" rowspan=\"4\">0,00\u20ac<\/td><\/tr><tr><td style=\"color: #333333; text-align: left;\">Couverture du d\u00e9ficit d&#8217;investissement (C \/ 1068)<\/td><td style=\"color: #333333; text-align: right;\">0,00\u20ac<\/td><\/tr><tr><td style=\"color: #333333; text-align: left;\">Autofinancement compl\u00e9mentaire<\/td><td style=\"color: #333333; text-align: right;\">0,00\u20ac<\/td><\/tr><tr><td style=\"color: #333333; text-align: left;\">Report \u00e0 nouveau<\/td><td>\u00a0<\/td><\/tr><\/tbody><\/table><p><span id=\"CM09042021Treize\" style=\"color: #333333;\"><strong><u>13. Budget Annexe Lotissement Ferme Jourdan 2021<\/u><\/strong><\/span><\/p><p style=\"color: #333333; padding-left: 40px;\" align=\"justify\">Guy VANDERBEC, Adjoint aux finances, donne lecture du budget Annexe 2021, qu\u2019il commente en d\u00e9taillant les points principaux.<br \/><em>(Monsieur DELSIGNE Tr\u00e9sorier propose le budget ci-dessous\u00a0:<br \/>\u00ab\u00a0Je suis parti par simplification du postulat que les travaux et \u00e9tudes de l&#8217;ann\u00e9e (T: 316765,13) \u00e9taient int\u00e9gr\u00e9s aussit\u00f4t dans la constatation des stock des lots achev\u00e9s de l&#8217;ann\u00e9e.<br \/>Nous y gagnons en lisibilit\u00e9 budg\u00e9taire.\u00a0\u00bb)<\/em><\/p><p style=\"color: #333333;\" align=\"center\"><strong>Budget annexe Ferme Jourdan &#8211; Exercice 2021 &#8211; Ville de Thiant<\/strong><\/p><table><tbody><tr><td width=\"50%\">\u00a0<\/td><td style=\"color: #333333; text-align: center;\" bgcolor=\"#EEEEEE\" width=\"25%\"><strong>D\u00e9penses<\/strong><\/td><td style=\"color: #333333; text-align: center;\" bgcolor=\"#EEEEEE\" width=\"25%\"><strong>Recettes<\/strong><\/td><\/tr><tr bgcolor=\"#EEEEEE\"><td style=\"color: #333333; text-align: left;\"><strong>Section de fonctionnement<\/strong><\/td><td style=\"color: #333333; text-align: right;\">614 146,23\u20ac<\/td><td style=\"color: #333333; text-align: right;\">614 146,23\u20ac<\/td><\/tr><tr bgcolor=\"#EEEEEE\"><td style=\"color: #333333; text-align: left;\"><strong>Restes \u00e0 r\u00e9aliser de l&#8217;exercice pr\u00e9c\u00e9dent<\/strong><\/td><td style=\"color: #333333; text-align: right;\">0,00\u20ac<\/td><td style=\"color: #333333; text-align: right;\">0,00\u20ac<\/td><\/tr><tr bgcolor=\"#EEEEEE\"><td style=\"color: #333333; text-align: left;\"><strong>002 &#8211; Solde d&#8217;ex\u00e9cution de la section de fonctionnement report\u00e9<\/strong><\/td><td style=\"color: #333333; text-align: right;\">0,00\u20ac<\/td><td style=\"color: #333333; text-align: right;\">0,00\u20ac<\/td><\/tr><tr><td>\u00a0<\/td><td style=\"color: #333333; text-align: right;\" bgcolor=\"#EEEEEE\"><strong>614 146,23\u20ac<\/strong><\/td><td style=\"color: #333333; text-align: right;\" bgcolor=\"#EEEEEE\"><strong>614 146,23\u20ac<\/strong><\/td><\/tr><tr><td colspan=\"3\">\u00a0<\/td><\/tr><tr bgcolor=\"#EEEEEE\"><td style=\"color: #333333; text-align: left;\"><strong>Section d&#8217;investissement<\/strong><\/td><td style=\"color: #333333; text-align: right;\">924 458,16\u20ac<\/td><td style=\"color: #333333; text-align: right;\">297 381,10\u20ac<\/td><\/tr><tr bgcolor=\"#EEEEEE\"><td style=\"color: #333333; text-align: left;\"><strong>Restes \u00e0 r\u00e9aliser de l&#8217;exercice pr\u00e9c\u00e9dent<\/strong><\/td><td style=\"color: #333333; text-align: right;\">0,00\u20ac<\/td><td style=\"color: #333333; text-align: right;\">0,00\u20ac<\/td><\/tr><tr bgcolor=\"#EEEEEE\"><td style=\"color: #333333; text-align: left;\"><strong>001 &#8211; Solde d&#8217;ex\u00e9cution de la section d&#8217;investissement report\u00e9<\/strong><\/td><td style=\"color: #333333; text-align: right;\">0,00\u20ac<\/td><td style=\"color: #333333; text-align: right;\">627 077,06\u20ac<\/td><\/tr><tr><td>\u00a0<\/td><td style=\"color: #333333; text-align: right;\" bgcolor=\"#EEEEEE\"><strong>924 458,16\u20ac<\/strong><\/td><td style=\"color: #333333; text-align: right;\" bgcolor=\"#EEEEEE\"><strong>924 458,16\u20ac<\/strong><\/td><\/tr><tr><td colspan=\"3\">\u00a0<\/td><\/tr><tr><td>\u00a0<\/td><td style=\"color: #333333; text-align: right;\" bgcolor=\"#EEEEEE\"><strong>1 538 604,39\u20ac<\/strong><\/td><td style=\"color: #333333; text-align: right;\" bgcolor=\"#EEEEEE\"><strong>1 538 604,39\u20ac<\/strong><\/td><\/tr><\/tbody><\/table><p style=\"color: #333333;\"><strong>Le Conseil Municipal,<\/strong> apr\u00e8s en avoir d\u00e9lib\u00e9r\u00e9,<br \/>par\u00a023 voix pour,\u00a00 voix contre,\u00a00 abstention<\/p><table width=\"75%\"><tbody><tr><td style=\"color: #333333;\" width=\"25%\"><strong>VOTE<\/strong><\/td><td style=\"color: #333333; text-align: justify;\" width=\"75%\">le budget annexe 2021 tel que pr\u00e9sent\u00e9 ci-dessus.<\/td><\/tr><\/tbody><\/table><p><span id=\"CM09042021Quatorze\" style=\"color: #333333;\"><strong><u>14. Subvention 2021 au CCAS<\/u><\/strong><\/span><\/p><p style=\"color: #333333; padding-left: 40px;\" align=\"justify\">Monsieur Guy VANDERBEC explique que le CCAS a besoin comme l\u2019ann\u00e9e pr\u00e9c\u00e9dente d\u2019une subvention de 40 000\u20ac afin de finaliser les Travaux dans les logements Rue Emile Zola\u00a0:<br \/>&#8211; 56 Rue Emile ZOLA<br \/>&#8211; 56 BIS Rue Emile ZOLA<br \/>&#8211; 58 Rue Emile ZOLA<br \/>&#8211; 58 BIS Rue Emile ZOLA<br \/>&#8211; 60 Rue Emile ZOLA<br \/>&#8211; 62 Rue Emile ZOLA<br \/>&#8211; 66 Rue Emile ZOLA<br \/>&#8211; 76 Rue Emile ZOLA<br \/>Travaux effectu\u00e9s soit par des ouvriers communaux soit par des entreprises ext\u00e9rieures ou avec l\u2019association POINFOR.<\/p><p style=\"color: #333333;\"><strong>Le Conseil Municipal,<\/strong> apr\u00e8s en avoir d\u00e9lib\u00e9r\u00e9,<br \/>par\u00a023 voix pour,\u00a00 voix contre,\u00a00 abstention<\/p><table width=\"75%\"><tbody><tr><td style=\"color: #333333;\" width=\"25%\"><strong><u>ATTRIBUE<\/u><\/strong><\/td><td style=\"color: #333333; text-align: justify;\" width=\"75%\">au Centre Communal d\u2019Action Sociale une dotation de 40.000 \u20ac au titre de l\u2019ann\u00e9e 2021.<\/td><\/tr><\/tbody><\/table><p style=\"color: #333333; padding-left: 40px;\" align=\"justify\"><em>Madame Fran\u00e7oise\u00a0BAR-DESESPRINGALLE souhaite qu\u2019une visite des b\u00e2timents communaux soit faite apr\u00e8s la crise sanitaire.<\/em><\/p><p><span id=\"CM09042021Quinze\" style=\"color: #333333;\"><strong><u>15. Subvention 2021 aux associations<\/u><\/strong><\/span><\/p><p style=\"color: #333333; padding-left: 40px;\" align=\"justify\">Guy VANDERBEC, Adjoint aux finances, rappelle \u00e0 l\u2019Assembl\u00e9e que chaque ann\u00e9e le Conseil Municipal attribue des subventions \u00e0 certaines associations qui le sollicitent. Dans un souci de transparence et d\u2019\u00e9galit\u00e9 de traitement, il pr\u00e9cise que les \u00e9lus qui ont un int\u00e9r\u00eat dans l\u2019une ou l\u2019autre des associations demandeuses sont invit\u00e9s \u00e0 ne pas participer aux votes concern\u00e9s.<br \/>Consid\u00e9rant les cr\u00e9dits inscrits au Budget Primitif de la commune au titre de l\u2019ann\u00e9e 2021,<\/p><p style=\"color: #333333;\"><strong>Le Conseil Municipal, <\/strong>apr\u00e8s en avoir d\u00e9lib\u00e9r\u00e9,<\/p><table width=\"75%\"><tbody><tr><td style=\"color: #333333;\" width=\"25%\"><strong>ATTRIBUE<\/strong><\/td><td style=\"color: #333333; text-align: justify;\" width=\"75%\">comme suit les subventions aux associations pour l&#8217;ann\u00e9e 2021 :<\/td><\/tr><\/tbody><\/table><table bgcolor=\"#DDDDDD\"><tbody><tr><td bgcolor=\"white\" width=\"50%\">\u00a0<\/td><td style=\"color: #333333; text-align: center;\" width=\"20%\"><strong>Subvention 2020 propos\u00e9e<\/strong><\/td><td style=\"color: #333333; text-align: left;\" width=\"10%\"><strong>Vote<\/strong><\/td><td style=\"color: #333333; text-align: left;\" width=\"20%\"><strong>Ne participent pas au vote<\/strong><\/td><\/tr><tr><td style=\"color: #333333; text-align: left;\"><strong>Association des &#8220;Randonneurs de Thiant&#8221;<\/strong><\/td><td style=\"color: #333333; text-align: right;\">1.100\u20ac<\/td><td style=\"color: #333333; text-align: left;\">P : 23<br \/>C : 0<br \/>A : 0<\/td><td>\u00a0<\/td><\/tr><tr><td style=\"color: #333333; text-align: left;\"><strong>Soci\u00e9t\u00e9 de p\u00eache &#8220;La truite de Thiant&#8221;<\/strong><\/td><td style=\"color: #333333; text-align: right;\">600\u20ac<\/td><td style=\"color: #333333; text-align: left;\">P : 23<br \/>C : 0<br \/>A : 0<\/td><td>\u00a0<\/td><\/tr><tr><td style=\"color: #333333; text-align: left;\"><strong>Gymnastique Volontaire F\u00e9minine de Thiant<\/strong><\/td><td style=\"color: #333333; text-align: right;\">500\u20ac<\/td><td style=\"color: #333333; text-align: left;\">P : 23<br \/>C : 0<br \/>A : 0<\/td><td>\u00a0<\/td><\/tr><tr><td style=\"color: #333333; text-align: left;\"><strong>Club de p\u00e9tanque &#8220;La Boule Thiantaise&#8221;<\/strong><\/td><td style=\"color: #333333; text-align: right;\">900\u20ac<\/td><td style=\"color: #333333; text-align: left;\">P : 19<br \/>C : 0<br \/>A : 0<\/td><td>\u00a0<\/td><\/tr><tr><td style=\"color: #333333; text-align: left;\"><strong>Soci\u00e9t\u00e9 Colombophile &#8220;La Revanche de Thiant&#8221;<\/strong><\/td><td style=\"color: #333333; text-align: right;\">870\u20ac<\/td><td style=\"color: #333333; text-align: left;\">P : 23<br \/>C : 0<br \/>A : 0<\/td><td>\u00a0<\/td><\/tr><tr bgcolor=\"yellow\"><td style=\"color: #333333; text-align: left;\"><strong>Athl\u00e9tic 2000 &#8220;Club de Musculation de Thiant&#8221;<\/strong><\/td><td style=\"color: #333333; text-align: right;\">\u20ac<\/td><td style=\"color: #333333; text-align: left;\">P :<br \/>C :<br \/>A :<\/td><td>\u00a0<\/td><\/tr><tr><td style=\"color: #333333; text-align: left;\"><strong>Harmonie Municipale N 2 de Thiant<\/strong><\/td><td style=\"color: #333333; text-align: right;\">1.840\u20ac<\/td><td style=\"color: #333333; text-align: left;\">P : 23<br \/>C : 0<br \/>A : 0<\/td><td>\u00a0<\/td><\/tr><tr><td style=\"color: #333333; text-align: left;\"><strong>Soci\u00e9t\u00e9 d&#8217;Histoire Locale de Thiant<\/strong><\/td><td style=\"color: #333333; text-align: right;\">560\u20ac<\/td><td style=\"color: #333333; text-align: left;\">P : 23<br \/>C : 0<br \/>A : 0<\/td><td>\u00a0<\/td><\/tr><tr bgcolor=\"yellow\"><td style=\"color: #333333; text-align: left;\"><strong>Club des Anciens de Thiant<\/strong><\/td><td style=\"color: #333333; text-align: right;\">\u20ac<\/td><td style=\"color: #333333; text-align: left;\">P :<br \/>C :<br \/>A :<\/td><td>\u00a0<\/td><\/tr><tr><td style=\"color: #333333; text-align: left;\"><strong>Football BCT<\/strong><\/td><td style=\"color: #333333; text-align: right;\">1.600\u20ac<\/td><td style=\"color: #333333; text-align: left;\">P : 21<br \/>C : 0<br \/>A : 0<\/td><td style=\"color: #333333; font-size: 75%;\">Philippe WAELKENS<br \/>C\u00e9line TRACHMAN<\/td><\/tr><tr bgcolor=\"yellow\"><td style=\"color: #333333; text-align: left;\"><strong>Club de Belote &#8220;Association le Carr\u00e9 d&#8217;As&#8221; de Thiant<\/strong><\/td><td style=\"color: #333333; text-align: right;\">\u20ac<\/td><td style=\"color: #333333; text-align: left;\">P :<br \/>C :<br \/>A :<\/td><td>\u00a0<\/td><\/tr><tr><td style=\"color: #333333; text-align: left;\"><strong>Donneurs de sang b\u00e9n\u00e9voles du Valenciennois <small> &#8211; Section de Trith-Saint-L\u00e9ger et environs<\/small><\/strong><\/td><td style=\"color: #333333; text-align: right;\">160\u20ac<\/td><td style=\"color: #333333; text-align: left;\">P : 23<br \/>C : 0<br \/>A : 0<\/td><td>\u00a0<\/td><\/tr><tr><td style=\"color: #333333; text-align: left;\"><strong>Association &#8220;Comit\u00e9 Amiante Pr\u00e9venir&#8221; &#8211; CAPER de Thiant<\/strong><\/td><td style=\"color: #333333; text-align: right;\">1.000\u20ac<\/td><td style=\"color: #333333; text-align: left;\">P : 23<br \/>C : 0<br \/>A : 0<\/td><td>\u00a0<\/td><\/tr><tr><td style=\"color: #333333; text-align: left;\"><strong>Association Jeunesse de Thiant<\/strong><\/td><td style=\"color: #333333; text-align: right;\">2.000\u20ac<\/td><td style=\"color: #333333; text-align: left;\">P : 23<br \/>C : 0<br \/>A : 0<\/td><td>\u00a0<\/td><\/tr><tr bgcolor=\"yellow\"><td style=\"color: #333333; text-align: left;\"><strong>Association Jeunesse de Thiant <\/strong>(subvention compl\u00e9mentaire)<\/td><td style=\"color: #333333; text-align: right;\">XXXXXX<\/td><td style=\"color: #333333; text-align: left;\">P :<br \/>C :<br \/>A :<\/td><td>\u00a0<\/td><\/tr><tr><td style=\"color: #333333; text-align: left;\"><strong>Parents d&#8217;\u00e9l\u00e8ves Primaire et Maternelle de Thiant<\/strong><\/td><td style=\"color: #333333; text-align: right;\">300\u20ac<\/td><td style=\"color: #333333; text-align: left;\">P : 21<br \/>C : 0<br \/>A : 0<\/td><td style=\"color: #333333; font-size: 75%;\">Sylvie NICOLAS<br \/>C\u00e9line TRACHMAN<\/td><\/tr><tr><td style=\"color: #333333; text-align: left;\"><strong>Amicale du personnel municipal de la Mairie de Thiant<\/strong><\/td><td style=\"color: #333333; text-align: right;\">17.000\u20ac<\/td><td style=\"color: #333333; text-align: left;\">P : 22<br \/>C : 0<br \/>A : 1<\/td><td>\u00a0<\/td><\/tr><tr bgcolor=\"yellow\"><td style=\"color: #333333; text-align: left;\"><strong>Amicale du personnel municipal de la Mairie de Thiant <\/strong>(subvention compl\u00e9mentaire)<\/td><td>\u00a0<\/td><td style=\"color: #333333; text-align: left;\">P :<br \/>C :<br \/>A :<\/td><td>\u00a0<\/td><\/tr><tr><td style=\"color: #333333; text-align: left;\"><strong>Association &#8220;les anciens du foyer des jeunes&#8221; de Thiant<\/strong><\/td><td style=\"color: #333333; text-align: right;\">200\u20ac<\/td><td style=\"color: #333333; text-align: left;\">P : 23<br \/>C : 0<br \/>A : 0<\/td><td>\u00a0<\/td><\/tr><tr><td style=\"color: #333333; text-align: left;\"><strong>Secours Catholique (d\u00e9l\u00e9gation de Cambrai)<\/strong><\/td><td style=\"color: #333333; text-align: right;\">160\u20ac<\/td><td style=\"color: #333333; text-align: left;\">P : 23<br \/>C : 0<br \/>A : 0<\/td><td>\u00a0<\/td><\/tr><tr><td style=\"color: #333333; text-align: left;\"><strong>Secours Populaire Fran\u00e7ais du Nord (Lille)<\/strong><\/td><td style=\"color: #333333; text-align: right;\">390\u20ac<\/td><td style=\"color: #333333; text-align: left;\">P : 23<br \/>C : 0<br \/>A : 0<\/td><td>\u00a0<\/td><\/tr><tr bgcolor=\"yellow\"><td style=\"color: #333333; text-align: left;\"><strong>Anciens \u00e9l\u00e8ves Amicale de KASTLER<\/strong><\/td><td style=\"color: #333333; text-align: right;\">\u20ac<\/td><td style=\"color: #333333; text-align: left;\">P :<br \/>C :<br \/>A :<\/td><td>\u00a0<\/td><\/tr><tr><td style=\"color: #333333; text-align: left;\"><strong>Association Familiale des &#8220;Papillons Blancs&#8221; de Denain<\/strong><\/td><td style=\"color: #333333; text-align: right;\">850\u20ac<\/td><td style=\"color: #333333; text-align: left;\">P : 23<br \/>C : 0<br \/>A : 0<\/td><td>\u00a0<\/td><\/tr><tr bgcolor=\"yellow\"><td style=\"color: #333333; text-align: left;\"><strong>V\u00e9hicules Militairres<\/strong><\/td><td style=\"color: #333333; text-align: right;\">\u20ac<\/td><td style=\"color: #333333; text-align: left;\">P :<br \/>C :<br \/>A :<\/td><td>\u00a0<\/td><\/tr><tr><td style=\"color: #333333; text-align: left;\"><strong>Les restaurants du c\u0153ur<\/strong><\/td><td style=\"color: #333333; text-align: right;\">100\u20ac<\/td><td style=\"color: #333333; text-align: left;\">P : 23<br \/>C : 0<br \/>A : 0<\/td><td>\u00a0<\/td><\/tr><tr bgcolor=\"yellow\"><td style=\"color: #333333; text-align: left;\"><strong>Office des Sports et des Associations de Thiant &#8220;OSAT&#8221;<\/strong><\/td><td style=\"color: #333333; text-align: right;\">0\u20ac<\/td><td style=\"color: #333333; text-align: left;\">P :<br \/>C :<br \/>A :<\/td><td>\u00a0<\/td><\/tr><tr><td style=\"color: #333333; text-align: left;\"><strong>Les jardiniers de Thiant<\/strong><\/td><td style=\"color: #333333; text-align: right;\">500\u20ac<\/td><td style=\"color: #333333; text-align: left;\">P : 23<br \/>C : 0<br \/>A : 0<\/td><td>\u00a0<\/td><\/tr><tr><td style=\"color: #333333; text-align: left;\"><strong>A\u00e9romod\u00e9lisme<\/strong><\/td><td style=\"color: #333333; text-align: right;\">500\u20ac<\/td><td style=\"color: #333333; text-align: left;\">P : 23<br \/>C : 0<br \/>A : 0<\/td><td>\u00a0<\/td><\/tr><tr><td style=\"color: #333333; text-align: left;\"><strong>Yoga<\/strong><\/td><td style=\"color: #333333; text-align: right;\">150\u20ac<\/td><td style=\"color: #333333; text-align: left;\">P : 23<br \/>C : 0<br \/>A : 0<\/td><td>\u00a0<\/td><\/tr><tr><td style=\"color: #333333; text-align: left;\"><strong>Association \u00c9caillon Parc<\/strong><\/td><td style=\"color: #333333; text-align: right;\">100\u20ac<\/td><td style=\"color: #333333; text-align: left;\">P : 23<br \/>C : 0<br \/>A : 0<\/td><td>\u00a0<\/td><\/tr><\/tbody><\/table><table width=\"75%\"><tbody><tr><td style=\"color: #333333;\" width=\"25%\"><strong>CONFIRME<\/strong><\/td><td style=\"color: #333333; text-align: justify;\" width=\"75%\">la subvention au club de volley vot\u00e9e en octobre 2020 pour 2600\u20ac.<\/td><\/tr><\/tbody><\/table><p style=\"color: #333333; padding-left: 40px;\" align=\"justify\"><em>Monsieur Jean Claude BAH demande quelles associations font partie de l\u2019OSAT<br \/>Monsieur Michel HENNAUT rappelle que l\u2019OSAT regroupe \u00e0 peu pr\u00e8s toutes les associations. Certaines ne veulent pas en faire partie, et pour celles qui en font partie, elles sont sollicit\u00e9es pour participer aux manifestations organis\u00e9es (March\u00e9 de Noel, T\u00e9l\u00e9thon,\u2026)<br \/>Madame BAR-DESESPRINGALLE demande que soit indiqu\u00e9 le nombre d\u2019adh\u00e9rents dont le nombre de Thiantais par association.<br \/>Monsieur Michel HENNAUT pr\u00e9cise que le nombre d\u2019adh\u00e9rents ne peut pas uniquement conditionner le montant de la subvention attribu\u00e9e car l\u2019activit\u00e9 de l\u2019association conditionne des frais diff\u00e9rents.<\/em><\/p><p><span id=\"CM09042021Seize\" style=\"color: #333333;\"><strong><u>16. D\u00e9lib\u00e9ration demande de pr\u00eat agent communal<\/u><\/strong><\/span><\/p><p style=\"color: #333333; padding-left: 40px;\" align=\"justify\">Monsieur le Maire rappelle \u00e0 l\u2019Assembl\u00e9e que les membres du personnel communal qui le sollicitent peuvent b\u00e9n\u00e9ficier d\u2019un pr\u00eat de 3.000 \u20ac maximum au taux d\u2019int\u00e9r\u00eat de 0,65% remboursable sur 10 ans.<br \/>Consid\u00e9rant la demande de trois agents<\/p><p style=\"color: #333333;\"><strong>Le Conseil Municipal, <\/strong>apr\u00e8s en avoir d\u00e9lib\u00e9r\u00e9,<br \/>par\u00a023 voix pour,\u00a00 voix contre,\u00a00\u00a0abstention<\/p><table><tbody><tr><td style=\"color: #333333;\"><strong><u>ACCORDE<\/u><\/strong><\/td><td style=\"color: #333333; text-align: justify;\">audit membres du personnel communal (3) un pr\u00eat de 3.000 \u20ac \u00e0 un taux d\u2019int\u00e9r\u00eat de 0,65 % remboursable sur 10\u00a0ans.<\/td><\/tr><tr><td style=\"color: #333333;\"><strong><u>DONNE POUVOIR<\/u><\/strong><\/td><td style=\"color: #333333; text-align: justify;\">\u00e0 Monsieur le Maire pour signer toute convention, tout tableau d\u2019amortissement ou toute pi\u00e8ce se rapportant \u00e0 la pr\u00e9sente d\u00e9cision.<\/td><\/tr><\/tbody><\/table><p><span id=\"CM09042021Dix-sept\" style=\"color: #333333;\"><strong><u>17. Point travaux<\/u><\/strong><\/span><\/p><ul><li><span style=\"color: #333333;\"><strong><u>Rue du 19 Mars\u00a0: <\/u><\/strong><\/span><\/li><\/ul><p style=\"color: #333333; padding-left: 40px;\">La taille des arbres a \u00e9t\u00e9 effectu\u00e9e<br \/>Des trous ont \u00e9t\u00e9 r\u00e9nov\u00e9s jusqu\u2019au bout de la rue du 19 mars vers Haspres<br \/>Les enrob\u00e9s seront termin\u00e9s pour fin avril<br \/>Un am\u00e9nagement de s\u00e9curit\u00e9 va \u00eatre pos\u00e9 Rue du 19 Mars<\/p><ul><li><span style=\"color: #333333;\"><strong><u>Ecole\u00a0:<\/u><\/strong><\/span><\/li><\/ul><p style=\"color: #333333; padding-left: 40px;\">La rampe d\u2019acc\u00e8s \u00e0 l\u2019\u00e9cole va \u00eatre refaite en enrob\u00e9s<\/p><p><span id=\"CM09042021QD\" style=\"color: #333333;\"><strong><u>Questions diverses<\/u><\/strong><\/span><\/p><p style=\"color: #333333; padding-left: 40px;\" align=\"justify\"><em>Monsieur Le Maire est interpell\u00e9 par Monsieur Jean Claude BAH<br \/>&#8211; Dans la Cit\u00e9 Sirot les trous en voirie sont tr\u00e8s nombreux mais vont disparaitre avec la r\u00e9fection de la voirie : March\u00e9 en cours qui va d\u00e9buter d\u00e9but mai<br \/>&#8211; Dans la r\u00e9sidence des arts comment r\u00e9duire la vitesse ?<br \/>Monsieur Philippe WAELKENS explique qu\u2019il y a des am\u00e9nagements s\u00e9curitaires possibles, que les feux ne sont plus subventionn\u00e9s\u2026<br \/>&#8211; Il existe aussi des d\u00e9p\u00f4ts d\u2019ordures au-del\u00e0 de la Rue du 19 mars pr\u00e8s du ch\u00e2teau d\u2019eau \u2026 ces d\u00e9p\u00f4ts sont aussi sur des terrains priv\u00e9s<br \/>Monsieur Sylvain LEFEBVRE veut revenir sur le sujet des poubelles stagnant de mani\u00e8re permanente sur les trottoirs et souhaite que le Conseil municipal trouve une solution.<br \/>Sur les trottoirs plus de 100 poubelles restent continuellement.<br \/>Monsieur Le Maire explique que r\u00e9guli\u00e8rement nous faisons des courriers aux riverains.<br \/>Monsieur Philippe WAELKENS explique que la commission travaille en mettant en place des actions par secteur et par th\u00e8me. Et que ce sujet peut passer en priorit\u00e9.<br \/>Monsieur Jimmy LAURENT demande si l\u2019on pourrait avoir une police municipale \u00e0 Thiant<br \/>Monsieur Le Maire explique que pour que celle-ci fonctionne correctement il faut au minimum 6 agents.(V\u00e9hicules et permanences au-del\u00e0 des horaires de journ\u00e9e y compris le soir et week-end)<br \/>Michel HENNAUT redonne des dates\u00a0:<br \/>&#8211; le grand prix de Denain sera 21\/09\/2021<br \/>&#8211; Paris-Roubaix sera samedi 02\/10\/2021 pour les femmes et 03\/10\/2021 pour les hommes<\/em><\/p><p style=\"color: #333333;\"><strong>Fin de s\u00e9ance \u00e0 20h50<\/strong><\/p><p style=\"color: #333333; text-align: right;\"><strong>La Secr\u00e9taire de S\u00e9ance<br \/>St\u00e9phanie WATTIEZ<\/strong><\/p><\/div>\n\t\t\t\t\t\t\t\t\t<div class=\"elementor-tab-title elementor-tab-mobile-title\" aria-selected=\"false\" data-tab=\"5\" role=\"tab\" tabindex=\"-1\" aria-controls=\"elementor-tab-content-8985\" aria-expanded=\"false\">19\/02<\/div>\n\t\t\t\t\t<div id=\"elementor-tab-content-8985\" class=\"elementor-tab-content elementor-clearfix\" data-tab=\"5\" role=\"tabpanel\" aria-labelledby=\"elementor-tab-title-8985\" tabindex=\"0\" hidden=\"hidden\"><h6><span style=\"color: #ff0000;\">Compte rendu du Conseil Municipal du 19 F\u00e9vrier 2021<\/span><\/h6><p><a href=\"https:\/\/thiant.fr\/wordpress\/documents_ext\/CM\/CM_2021-02-19 .pdf\" target=\"_blank\" rel=\"noopener\"><img loading=\"lazy\" decoding=\"async\" class=\"alignnone wp-image-2923 size-medium\" title=\"Compte rendu du Conseil Municipal du 19 f\u00e9vrier 2021 au format PDF\" src=\"https:\/\/thiant.fr\/wordpress\/wp-content\/uploads\/2021\/06\/pv-2021-02-19-signe-1-212x300.png\" alt=\"Compte rendu du Conseil Municipal du 19 f\u00e9vrier 2021 au format PDF\" width=\"212\" height=\"300\" srcset=\"https:\/\/thiant.fr\/wordpress\/wp-content\/uploads\/2021\/06\/pv-2021-02-19-signe-1-212x300.png 212w, https:\/\/thiant.fr\/wordpress\/wp-content\/uploads\/2021\/06\/pv-2021-02-19-signe-1.png 566w\" sizes=\"(max-width: 212px) 100vw, 212px\" \/><\/a><\/p><p style=\"color: #333333;\"><strong>Date de la convocation\u00a0:<\/strong>\u00a0\u00a0\u00a0\u00a0\u00a0\u00a0\u00a0\u00a0 Vendredi\u00a0 12 f\u00e9vrier \u00a0\u00a02021<\/p><p style=\"color: #333333;\"><strong>Date de l\u2019affichage\u00a0:<\/strong> \u00a0\u00a0 \u00a0\u00a0\u00a0\u00a0\u00a0\u00a0\u00a0\u00a0\u00a0\u00a0\u00a0 Vendredi 12 f\u00e9vrier 2021<\/p><p style=\"padding-left: 40px; color: #333333; text-align: justify;\">L\u2019an deux mil vingt et un, le dix-neuf f\u00e9vrier \u00e0 dix-huit heures, le Conseil Municipal de Thiant, r\u00e9guli\u00e8rement convoqu\u00e9, s\u2019est r\u00e9uni en la Salle des F\u00eates, rue Anatole France \u00e0 THIANT, sous la Pr\u00e9sidence de Monsieur Jean-Marie LECERF, Maire de la Commune. (Sans public\u00a0: Etat d\u2019urgence sanitaire)<\/p><p style=\"color: #333333;\"><strong>Pr\u00e9sents : <\/strong><\/p><p style=\"padding-left: 40px; color: #333333; text-align: justify;\"><strong>Monsieur Jean-Marie LECERF, Madame St\u00e9phanie WATTIEZ, Monsieur C\u00e9dric DUQUESNOY, Monsieur Marc WATTIEZ, Madame C\u00e9line DUMAINE, Madame Raymonde BOHERE, Monsieur Michel HENNAUT, Monsieur Philippe WAELKENS, Madame Martine PREVOST, Madame Sylvaine GERARD, Monsieur J\u00e9r\u00f4me CARLIER, Madame Sylvie DEVOS, Madame Armelle, Monsieur Bernard LEPEZ, Madame Fran\u00e7oise BAR-DESESPRINGALLE, Monsieur Sylvain LEFEBVRE, Monsieur Jimmy LAURENT, Madame Doroth\u00e9e DEMAIN<\/strong><\/p><p style=\"color: #333333;\"><strong>Excus\u00e9s : \u00a0<\/strong><\/p><p style=\"padding-left: 40px; color: #333333;\"><strong>Monsieur Guy VANDERBEC qui donne pouvoir \u00e0 Monsieur Jean-Marie LECERF<br \/>Monsieur Jean-Claude BAH qui donne pouvoir \u00e0 Madame Sylvie DEVOS<br \/>Madame Sylvie NICOLAS qui donne pouvoir \u00e0 Madame C\u00e9line DUMAINE<br \/>Madame C\u00e9line TRACHMAN qui donne pouvoir \u00e0 Monsieur Philippe WAELKENS<br \/>Monsieur Bernard MALAQUIN<\/strong><\/p><p style=\"color: #333333;\"><strong>Absents : MM.XXX<\/strong><\/p><p style=\"color: #333333;\"><strong><u>Ordre du jour\u00a0:<\/u><\/strong><\/p><p style=\"padding-left: 40px; color: #333333;\"><a href=\"#CM19022021Zero\">Pr\u00e9sentation\u00a0Z\u00e9ro d\u00e9chet<\/a><br \/><a href=\"#CM19022021Un\">1. Approbation du Proc\u00e8s-verbal du 15 Janvier 2021<\/a><br \/><a href=\"#CM19022021Deux\">2. D\u00e9lib\u00e9ration avis du conseil sur le projet d\u2019arr\u00eat\u00e9 instituant des servitudes d\u2019utilit\u00e9 publique sur le site exploit\u00e9 par la soci\u00e9t\u00e9 total Marketing Services sur le territoire de Thiant<\/a><br \/><a href=\"#CM19022021Trois\">3. D\u00e9lib\u00e9ration March\u00e9 travaux de la Cit\u00e9 Sirot\u00a0: Attribution<\/a><br \/><a href=\"#CM19022021Quatre\">4. D\u00e9lib\u00e9ration Cantine, garderie, p\u00e9riscolaire\u00a0: fin de la r\u00e9gie nouveau syst\u00e8me<\/a><br \/><a href=\"#CM19022021Cinq\">5. D\u00e9lib\u00e9ration R\u00e9cr\u00e9athiant<\/a><br \/><a href=\"#CM19022021Six\">6. Points travaux<\/a><br \/><a href=\"#CM19022021Sept\">7. Questions diverses<\/a><\/p><p style=\"color: #333333;\">D\u00e9signation d\u2019un Secr\u00e9taire de s\u00e9ance\u00a0:\u00a0 Sylvie DEVOS<\/p><p style=\"color: #333333;\">\u00c9tat des pouvoirs : 4 Pouvoirs<\/p><p><span id=\"CM19022021Zero\" style=\"color: #333333; text-align: justify;\">L\u2019\u00e9quipe du SIAVED en charge du projet z\u00e9ro d\u00e9chet pour les communes est venu pr\u00e9senter le principe au conseil municipal.( <a href=\"http:\/\/www.siaved.fr\">www.siaved.fr<\/a> et\/ou <a href=\"mailto:pointinfodechets@siaved.fr\">pointinfodechets@siaved.fr<\/a>)<\/span><\/p><p><span id=\"CM19022021Un\" style=\"color: #333333;\"><strong><u>1. Approbation du Proc\u00e8s-verbal du 15 Janvier 2021<\/u><\/strong><\/span><\/p><ul style=\"color: #333333; text-align: justify;\"><li><em>Monsieur Le Maire pr\u00e9cise que la classe de neige n\u2019aura pas lieu car les remont\u00e9es m\u00e9caniques sont \u00e0 l\u2019arr\u00eat et, que le prestataire ne peut exercer son activit\u00e9 habituelle.<br \/>Mme BAR-DESESPRINGALLE demande \u00e0 quelle date se d\u00e9roule habituellement celle-ci.<br \/>Monsieur Le Maire pr\u00e9cise qu\u2019en g\u00e9n\u00e9ral, celle-ci se d\u00e9roule la deuxi\u00e8me semaine des vacances, et que d\u00e8s septembre, le prestataire sera recontact\u00e9 pour voir si les deux groupes (celui de cette ann\u00e9e et celui de l\u2019ann\u00e9e prochaine) pourront \u00eatre accueillis en f\u00e9vrier 2022.<br \/>Mr WATTIER fait remarquer que l\u2019annulation de cette ann\u00e9e n\u2019a entrain\u00e9, de la part de la mairie, aucun remboursement.<\/em><\/li><li><em>En ce qui concerne la biblioth\u00e8que, concernant la demande d\u2019ester en justice, le rendez- vous a eu lieu le 1<sup>er<\/sup> f\u00e9vrier dernier. Il n\u2019y a pas eu besoin d\u2019aller au Tribunal.<br \/>Tout s\u2019est bien pass\u00e9 avec les riverains concern\u00e9s, et un accord a \u00e9t\u00e9 trouv\u00e9.<br \/>Mr Le Maire est rest\u00e9 sur ses positions, en \u00e9voquant les projets \u00e0 r\u00e9aliser \u00e0 la place de la d\u00e9molition du mur (la pilasse reste sur le terrain du propri\u00e9taire. Un accord a \u00e9t\u00e9 trouv\u00e9 et sign\u00e9 par les deux parties le samedi suivant.<\/em><\/li><li><em>Rectification a \u00e9t\u00e9 faite sur le nom de Madame PREVOST et non PRUVOST<\/em><\/li><li><em>Madame PREVOST se propose de faire un article sur la 5G avec l\u2019Adjointe \u00e0 la communication et la Secr\u00e9taire G\u00e9n\u00e9rale, avec parution dans le prochain bulletin municipal.<\/em><\/li><li><em>Monsieur LEFEBVRE demande qu\u2019il soit rectifi\u00e9 page 7, Monsieur et non Madame.<\/em><\/li><li><em>Monsieur LEFEBVRE souhaite que, pour le bilan financier au sujet du v\u00e9hicule, soit rajout\u00e9 son nom en tant que demandeur de celui-ci<\/em><\/li><\/ul><table width=\"75%\"><tbody><tr><td style=\"color: #333333;\" width=\"25%\">Consid\u00e9rant<\/td><td style=\"color: #333333; text-align: justify;\" width=\"75%\">Le Code G\u00e9n\u00e9ral des Collectivit\u00e9s Territoriales, particuli\u00e8rement les articles L.2121-7 \u00e0 L.2121-28\u00a0;<\/td><\/tr><tr><td style=\"color: #333333;\">Consid\u00e9rant<\/td><td style=\"color: #333333; text-align: justify;\">qu\u2019il convient d\u2019adopter les proc\u00e8s-verbaux des s\u00e9ances du Conseil Municipal.<\/td><\/tr><\/tbody><\/table><p style=\"color: #333333;\"><strong>Le Conseil Municipal, <\/strong>apr\u00e8s en avoir d\u00e9lib\u00e9r\u00e9,<br \/>par\u00a022 voix pour,\u00a00 voix contre,\u00a00\u00a0abstention<\/p><table width=\"75%\"><tbody><tr><td style=\"color: #333333;\" width=\"25%\"><strong><u>APPROUVE<\/u><\/strong><\/td><td style=\"color: #333333; text-align: justify;\" width=\"75%\">le contenu du proc\u00e8s-verbal du 15 Janvier 2021, r\u00e9dig\u00e9 par son secr\u00e9taire de s\u00e9ance.<\/td><\/tr><\/tbody><\/table><p><span id=\"CM19022021Deux\" style=\"color: #333333;\"><strong><u>2. D\u00e9lib\u00e9ration avis du conseil sur le projet d\u2019arr\u00eat\u00e9 instituant des servitudes d\u2019utilit\u00e9 publique sur le site exploit\u00e9 par la soci\u00e9t\u00e9 total Marketing Services sur le territoire de Thiant<\/u><\/strong><\/span><\/p><p style=\"color: #333333;\">Le projet suivant nous est expos\u00e9 par la DGS.<\/p><p><a href=\"https:\/\/thiant.fr\/wordpress\/wp-content\/uploads\/2021\/06\/image002.png\"><img loading=\"lazy\" decoding=\"async\" class=\"aligncenter wp-image-2924 size-full\" src=\"https:\/\/thiant.fr\/wordpress\/wp-content\/uploads\/2021\/06\/image002.png\" alt=\"\" width=\"674\" height=\"800\" srcset=\"https:\/\/thiant.fr\/wordpress\/wp-content\/uploads\/2021\/06\/image002.png 674w, https:\/\/thiant.fr\/wordpress\/wp-content\/uploads\/2021\/06\/image002-253x300.png 253w\" sizes=\"(max-width: 674px) 100vw, 674px\" \/><\/a> <a href=\"https:\/\/thiant.fr\/wordpress\/wp-content\/uploads\/2021\/06\/image003.png\"><img loading=\"lazy\" decoding=\"async\" class=\"aligncenter wp-image-2925 size-full\" src=\"https:\/\/thiant.fr\/wordpress\/wp-content\/uploads\/2021\/06\/image003.png\" alt=\"\" width=\"566\" height=\"800\" srcset=\"https:\/\/thiant.fr\/wordpress\/wp-content\/uploads\/2021\/06\/image003.png 566w, https:\/\/thiant.fr\/wordpress\/wp-content\/uploads\/2021\/06\/image003-212x300.png 212w\" sizes=\"(max-width: 566px) 100vw, 566px\" \/><\/a> <a href=\"https:\/\/thiant.fr\/wordpress\/wp-content\/uploads\/2021\/06\/image004.png\"><img loading=\"lazy\" decoding=\"async\" class=\"aligncenter wp-image-2926 size-full\" src=\"https:\/\/thiant.fr\/wordpress\/wp-content\/uploads\/2021\/06\/image004.png\" alt=\"\" width=\"566\" height=\"800\" srcset=\"https:\/\/thiant.fr\/wordpress\/wp-content\/uploads\/2021\/06\/image004.png 566w, https:\/\/thiant.fr\/wordpress\/wp-content\/uploads\/2021\/06\/image004-212x300.png 212w\" sizes=\"(max-width: 566px) 100vw, 566px\" \/><\/a> <a href=\"https:\/\/thiant.fr\/wordpress\/wp-content\/uploads\/2021\/06\/image005.png\"><img loading=\"lazy\" decoding=\"async\" class=\"aligncenter wp-image-2927 size-full\" src=\"https:\/\/thiant.fr\/wordpress\/wp-content\/uploads\/2021\/06\/image005.png\" alt=\"\" width=\"566\" height=\"800\" srcset=\"https:\/\/thiant.fr\/wordpress\/wp-content\/uploads\/2021\/06\/image005.png 566w, https:\/\/thiant.fr\/wordpress\/wp-content\/uploads\/2021\/06\/image005-212x300.png 212w\" sizes=\"(max-width: 566px) 100vw, 566px\" \/><\/a> <a href=\"https:\/\/thiant.fr\/wordpress\/wp-content\/uploads\/2021\/06\/image007.png\"><img loading=\"lazy\" decoding=\"async\" class=\"aligncenter wp-image-2929 size-full\" src=\"https:\/\/thiant.fr\/wordpress\/wp-content\/uploads\/2021\/06\/image007.png\" alt=\"\" width=\"552\" height=\"800\" srcset=\"https:\/\/thiant.fr\/wordpress\/wp-content\/uploads\/2021\/06\/image007.png 552w, https:\/\/thiant.fr\/wordpress\/wp-content\/uploads\/2021\/06\/image007-207x300.png 207w\" sizes=\"(max-width: 552px) 100vw, 552px\" \/><\/a> <a href=\"https:\/\/thiant.fr\/wordpress\/wp-content\/uploads\/2021\/06\/image006.png\"><img loading=\"lazy\" decoding=\"async\" class=\"aligncenter wp-image-2928 size-full\" src=\"https:\/\/thiant.fr\/wordpress\/wp-content\/uploads\/2021\/06\/image006.png\" alt=\"\" width=\"700\" height=\"495\" srcset=\"https:\/\/thiant.fr\/wordpress\/wp-content\/uploads\/2021\/06\/image006.png 700w, https:\/\/thiant.fr\/wordpress\/wp-content\/uploads\/2021\/06\/image006-300x212.png 300w\" sizes=\"(max-width: 700px) 100vw, 700px\" \/><\/a> <a href=\"https:\/\/thiant.fr\/wordpress\/wp-content\/uploads\/2021\/06\/image008.png\"><img loading=\"lazy\" decoding=\"async\" class=\"aligncenter wp-image-2930 size-full\" src=\"https:\/\/thiant.fr\/wordpress\/wp-content\/uploads\/2021\/06\/image008.png\" alt=\"\" width=\"700\" height=\"495\" srcset=\"https:\/\/thiant.fr\/wordpress\/wp-content\/uploads\/2021\/06\/image008.png 700w, https:\/\/thiant.fr\/wordpress\/wp-content\/uploads\/2021\/06\/image008-300x212.png 300w\" sizes=\"(max-width: 700px) 100vw, 700px\" \/><\/a><\/p><p style=\"color: #333333;\"><strong>Le Conseil Municipal, <\/strong>apr\u00e8s en avoir d\u00e9lib\u00e9r\u00e9,<br \/>par\u00a022 voix pour,\u00a00 voix contre,\u00a00\u00a0abstention<\/p><table width=\"75%\"><tbody><tr><td style=\"color: #333333;\" width=\"25%\"><strong><u>APPROUVE<\/u><\/strong><\/td><td style=\"color: #333333;\" width=\"75%\">Le projet d\u2019arr\u00eat\u00e9 ci-dessus et n\u2019a pas de remarques particuli\u00e8res.<\/td><\/tr><\/tbody><\/table><p style=\"color: #333333; text-align: justify; padding-left: 40px;\">Il s\u2019agit d\u2019un endroit tr\u00e8s peu concern\u00e9 par la commune (terrain situ\u00e9 apr\u00e8s la voie\u00a0 ferr\u00e9e apr\u00e8s le pont de la CD40 , parcelles en jaune page 7\/12).<br \/>Mr WATTIER signale que les servitudes y sont importantes.<\/p><p><span style=\"color: #333333;\">Lors d\u2019un incendie, les pompiers ont eu beaucoup de difficult\u00e9s \u00e0 y acc\u00e9der.<\/span><\/p><p><span style=\"color: #333333;\"><em>Monsieur Lefebvre demande si on aura un retour financier sur l\u2019installation des panneaux photovolta\u00efques.<br \/>Monsieur Le Maire pr\u00e9cise que s\u2019il y a un retour il sera moindre car le projet est essentiellement sur le territoire d\u2019HAULCHIN et de DOUCHY.<br \/>Il pr\u00e9cise \u00e9galement que des entreprises ont d\u00fb partir, mais que celles qui sont rest\u00e9es doivent renforcer leur structure.<br \/>Mr WATTIER fait remarquer que le projet d\u2019enfouissement a \u00e9t\u00e9 abandonn\u00e9.<\/em><\/span><\/p><p><span id=\"CM19022021Trois\" style=\"color: #333333;\"><strong><u>3. D\u00e9lib\u00e9ration March\u00e9 travaux de la Cit\u00e9 Sirot : Attribution<\/u><\/strong><\/span><\/p><p style=\"color: #333333; text-align: justify; padding-left: 40px;\"><em>Monsieur Le Maire rappelle le contexte.<br \/>La commission d\u2019appel d\u2019offre s\u2019est r\u00e9unie le mercredi 10 f\u00e9vrier \u00e0 14h pour donner son avis sur l\u2019attribution du march\u00e9.<br \/>Rappel il s\u2019agit de d\u2019un March\u00e9 en groupement de commande avec le syndicat d\u2019assainissement (SIAPTHT) avec\u00a0:<br \/>Pour le SIAPTHT\u00a0: Pose d\u2019un r\u00e9seau s\u00e9paratif<br \/>Pour la commune\u00a0: Travaux de voirie et enfouissement des r\u00e9seaux<br \/>Et 4 prestations suppl\u00e9mentaires demand\u00e9es\u00a0:<br \/>PSE1\u00a0: Reconstruction mur le long de la Rue Henri BARBUSSE<br \/>PSE2\u00a0: Fourniture et pose de cand\u00e9labres<br \/>PSE3\u00a0: Cr\u00e9ation d\u2019un trottoir entre la Rue du 19 Mars 1962 et la R\u00e9sidence des Arts<br \/>PSE4\u00a0: Cr\u00e9ation d\u2019une piste cyclable entre la Rue du 19 Mars 1962 et la R\u00e9sidence des arts<\/em><\/p><p style=\"color: #333333; text-align: justify; padding-left: 40px;\"><em>Les crit\u00e8res d\u2019attribution ont \u00e9t\u00e9 d\u00e9fini dans le r\u00e8glement de consultation que connaissent les entreprises au pr\u00e9alable.<br \/>Ici Crit\u00e8res techniques\u00a0: 60%\u00a0\u00a0\u00a0 Crit\u00e8re prix\u00a0: 40%.<br \/>Et au sein des crit\u00e8res techniques il y a encore un sous d\u00e9tail\u2026<\/em><\/p><p style=\"color: #333333; text-align: justify; padding-left: 40px;\">4 offres \u00e9lectroniques ont \u00e9t\u00e9 d\u00e9pos\u00e9s :<\/p><p><a href=\"https:\/\/thiant.fr\/wordpress\/wp-content\/uploads\/2021\/06\/tableau_001.png\"><img loading=\"lazy\" decoding=\"async\" class=\"aligncenter wp-image-2931 size-large\" src=\"https:\/\/thiant.fr\/wordpress\/wp-content\/uploads\/2021\/06\/tableau_001-1024x240.png\" alt=\"\" width=\"1024\" height=\"240\" srcset=\"https:\/\/thiant.fr\/wordpress\/wp-content\/uploads\/2021\/06\/tableau_001-1024x240.png 1024w, https:\/\/thiant.fr\/wordpress\/wp-content\/uploads\/2021\/06\/tableau_001-300x70.png 300w, https:\/\/thiant.fr\/wordpress\/wp-content\/uploads\/2021\/06\/tableau_001-768x180.png 768w, https:\/\/thiant.fr\/wordpress\/wp-content\/uploads\/2021\/06\/tableau_001.png 1398w\" sizes=\"(max-width: 1024px) 100vw, 1024px\" \/><\/a><\/p><p style=\"color: #333333; text-align: justify; padding-left: 40px;\">L&#8217;entreprise Jean Lefebvre n\u2019a pas d\u00e9pos\u00e9 d\u2019offre.<\/p><p style=\"color: #333333; text-align: justify; padding-left: 40px;\">Montants report\u00e9s dans l&#8217;acte d&#8217;engagement :<\/p><p><a href=\"https:\/\/thiant.fr\/wordpress\/wp-content\/uploads\/2021\/06\/tableau_002.png\"><img loading=\"lazy\" decoding=\"async\" class=\"aligncenter wp-image-2932 size-large\" src=\"https:\/\/thiant.fr\/wordpress\/wp-content\/uploads\/2021\/06\/tableau_002-1024x484.png\" alt=\"\" width=\"1024\" height=\"484\" srcset=\"https:\/\/thiant.fr\/wordpress\/wp-content\/uploads\/2021\/06\/tableau_002-1024x484.png 1024w, https:\/\/thiant.fr\/wordpress\/wp-content\/uploads\/2021\/06\/tableau_002-300x142.png 300w, https:\/\/thiant.fr\/wordpress\/wp-content\/uploads\/2021\/06\/tableau_002-768x363.png 768w, https:\/\/thiant.fr\/wordpress\/wp-content\/uploads\/2021\/06\/tableau_002-1536x727.png 1536w, https:\/\/thiant.fr\/wordpress\/wp-content\/uploads\/2021\/06\/tableau_002.png 1657w\" sizes=\"(max-width: 1024px) 100vw, 1024px\" \/><\/a><br \/><a href=\"https:\/\/thiant.fr\/wordpress\/wp-content\/uploads\/2021\/06\/tableau_003.png\"><img loading=\"lazy\" decoding=\"async\" class=\"aligncenter wp-image-2933 size-large\" src=\"https:\/\/thiant.fr\/wordpress\/wp-content\/uploads\/2021\/06\/tableau_003-1024x391.png\" alt=\"\" width=\"1024\" height=\"391\" srcset=\"https:\/\/thiant.fr\/wordpress\/wp-content\/uploads\/2021\/06\/tableau_003-1024x391.png 1024w, https:\/\/thiant.fr\/wordpress\/wp-content\/uploads\/2021\/06\/tableau_003-300x114.png 300w, https:\/\/thiant.fr\/wordpress\/wp-content\/uploads\/2021\/06\/tableau_003-768x293.png 768w, https:\/\/thiant.fr\/wordpress\/wp-content\/uploads\/2021\/06\/tableau_003-1536x586.png 1536w, https:\/\/thiant.fr\/wordpress\/wp-content\/uploads\/2021\/06\/tableau_003.png 1897w\" sizes=\"(max-width: 1024px) 100vw, 1024px\" \/><\/a><\/p><p style=\"color: #333333; text-align: justify; padding-left: 40px;\">Les candidatures des 4 entreprises ont \u00e9t\u00e9 analys\u00e9es. Tous les candidats pr\u00e9sentent les garanties professionnelles et financi\u00e8res suffisantes pour r\u00e9pondre au march\u00e9.<\/p><p><span style=\"color: #333333;\">L\u2019ensemble des soci\u00e9t\u00e9s atteste la r\u00e9gularit\u00e9 de leur situation fiscale et sociale<\/span><\/p><p><span style=\"color: #333333;\">Il est propos\u00e9 \u00e0 la Commission de retenir les 4 candidats et de proc\u00e9der \u00e0 l\u2019analyse de l\u2019ensemble des offres.<\/span><\/p><p><span style=\"color: #333333;\">Les entreprises ont \u00e9t\u00e9 questionn\u00e9es pour v\u00e9rification de prix.<\/span><\/p><p style=\"color: #333333; text-align: justify; padding-left: 40px;\">Montants suite aux r\u00e9ponses des entreprises :<\/p><p><a href=\"https:\/\/thiant.fr\/wordpress\/wp-content\/uploads\/2021\/06\/tableau_004.png\"><img loading=\"lazy\" decoding=\"async\" class=\"aligncenter wp-image-2934 size-large\" src=\"https:\/\/thiant.fr\/wordpress\/wp-content\/uploads\/2021\/06\/tableau_004-1024x471.png\" alt=\"\" width=\"1024\" height=\"471\" srcset=\"https:\/\/thiant.fr\/wordpress\/wp-content\/uploads\/2021\/06\/tableau_004-1024x471.png 1024w, https:\/\/thiant.fr\/wordpress\/wp-content\/uploads\/2021\/06\/tableau_004-300x138.png 300w, https:\/\/thiant.fr\/wordpress\/wp-content\/uploads\/2021\/06\/tableau_004-768x353.png 768w, https:\/\/thiant.fr\/wordpress\/wp-content\/uploads\/2021\/06\/tableau_004-1536x706.png 1536w, https:\/\/thiant.fr\/wordpress\/wp-content\/uploads\/2021\/06\/tableau_004.png 1564w\" sizes=\"(max-width: 1024px) 100vw, 1024px\" \/><\/a><\/p><p style=\"color: dodgerblue; text-align: justify; padding-left: 40px;\"><strong>Synth\u00e8se des offres<\/strong><\/p><p><a href=\"https:\/\/thiant.fr\/wordpress\/wp-content\/uploads\/2021\/06\/tableau_005.png\"><img loading=\"lazy\" decoding=\"async\" class=\"aligncenter wp-image-2935 size-large\" src=\"https:\/\/thiant.fr\/wordpress\/wp-content\/uploads\/2021\/06\/tableau_005-1024x372.png\" alt=\"\" width=\"1024\" height=\"372\" srcset=\"https:\/\/thiant.fr\/wordpress\/wp-content\/uploads\/2021\/06\/tableau_005-1024x372.png 1024w, https:\/\/thiant.fr\/wordpress\/wp-content\/uploads\/2021\/06\/tableau_005-300x109.png 300w, https:\/\/thiant.fr\/wordpress\/wp-content\/uploads\/2021\/06\/tableau_005-768x279.png 768w, https:\/\/thiant.fr\/wordpress\/wp-content\/uploads\/2021\/06\/tableau_005-1536x558.png 1536w, https:\/\/thiant.fr\/wordpress\/wp-content\/uploads\/2021\/06\/tableau_005.png 1647w\" sizes=\"(max-width: 1024px) 100vw, 1024px\" \/><\/a><\/p><p style=\"color: #333333; text-align: justify; padding-left: 40px;\"><em>Conform\u00e9ment aux tableaux de synth\u00e8se, l\u2019entreprise SORRIAUX est class\u00e9e en premi\u00e8re position.<\/em><\/p><p style=\"color: #333333; text-align: justify; padding-left: 40px;\"><strong>Le Conseil Municipal,<\/strong> apr\u00e8s en avoir d\u00e9lib\u00e9r\u00e9,<br \/>par\u00a022 voix pour,\u00a00 voix contre,\u00a00\u00a0abstention<\/p><table width=\"75%\"><tbody><tr><td style=\"color: #333333;\" width=\"25%\"><strong><u>DECIDE<\/u><\/strong><\/td><td style=\"color: #333333; text-align: justify;\" width=\"75%\"><em>de retenir l\u2019offre de l\u2019Entreprise SORRIAUX (situ\u00e9e \u00e0 Haspres &#8211; 59198), pour un montant de 1.306.107,05\u20ac HT, qui pr\u00e9sente l\u2019offre \u00e9conomiquement la plus avantageuse<\/em><\/td><\/tr><tr><td style=\"color: #333333;\"><strong><u>DECIDE<\/u><\/strong><\/td><td style=\"color: #333333; text-align: justify;\"><em>de ne pas retenir la PSE1 (Reconstruction mur le long de la Rue Henri BARBUSSE) un nouveau march\u00e9 sera relanc\u00e9<\/em><\/td><\/tr><tr><td style=\"color: #333333;\"><strong><u>DECIDE<\/u><\/strong><\/td><td style=\"color: #333333; text-align: justify;\"><em>de ne pas retenir la PSE2 (Fourniture et pose de cand\u00e9labres) mais dans le cadre du March\u00e9 d\u2019\u00e9clairage public de la commune avec l\u2019Entreprise SME l\u2019offre est plus avantageuse et sera donc retenue.<\/em><\/td><\/tr><tr><td style=\"color: #333333;\"><strong><u>DECIDE<\/u><\/strong><\/td><td style=\"color: #333333; text-align: justify;\"><em>retenir la PSE3 (Cr\u00e9ation d\u2019un trottoir entre la Rue du 19 Mars 1962 et la R\u00e9sidence des Arts) pour un montant de 21649,00\u20acHT et la PS4 (Cr\u00e9ation d\u2019une piste cyclable entre la Rue du 19 Mars 1962 et la R\u00e9sidence des arts) pour un montant de 46546,25\u20acHT. Ces deux prestations seront d\u00e9clench\u00e9es l\u2019une ou l\u2019autre suivant la reprise fonci\u00e8re de la r\u00e9serve de la rue de la Cit\u00e9 SIROT.<\/em><\/td><\/tr><\/tbody><\/table><p><span style=\"color: #333333;\"><em><a href=\"https:\/\/thiant.fr\/wordpress\/wp-content\/uploads\/2021\/06\/tableau_006.png\"><img loading=\"lazy\" decoding=\"async\" class=\"aligncenter wp-image-2936 size-large\" src=\"https:\/\/thiant.fr\/wordpress\/wp-content\/uploads\/2021\/06\/tableau_006-1024x421.png\" alt=\"\" width=\"1024\" height=\"421\" srcset=\"https:\/\/thiant.fr\/wordpress\/wp-content\/uploads\/2021\/06\/tableau_006-1024x421.png 1024w, https:\/\/thiant.fr\/wordpress\/wp-content\/uploads\/2021\/06\/tableau_006-300x123.png 300w, https:\/\/thiant.fr\/wordpress\/wp-content\/uploads\/2021\/06\/tableau_006-768x316.png 768w, https:\/\/thiant.fr\/wordpress\/wp-content\/uploads\/2021\/06\/tableau_006-1536x631.png 1536w, https:\/\/thiant.fr\/wordpress\/wp-content\/uploads\/2021\/06\/tableau_006.png 1686w\" sizes=\"(max-width: 1024px) 100vw, 1024px\" \/><\/a>\u00a0<\/em><\/span><u><\/u><\/p><p><span id=\"CM19022021Quatre\" style=\"color: #333333;\"><strong><u>4. D\u00e9lib\u00e9ration Cantine, garderie, p\u00e9riscolaire : fin de la r\u00e9gie nouveau syst\u00e8me<\/u><\/strong><\/span><\/p><p style=\"color: #333333; text-align: justify; padding-left: 40px;\"><em>Pr\u00e9sentation est faite du contexte et rappels des demandes.<br \/>Mme GAMEZ et Mme LIENARD Claire ont travaill\u00e9es activement sur le projet.<\/em><\/p><p><span style=\"color: #333333;\">Afin de simplifier le mode de gestion (pour les parents comme pour la Mairie de la cantine de la garderie et du p\u00e9riscolaire), il a \u00e9t\u00e9 envisag\u00e9 de changer de fonctionnement \u00e0 compter de la rentr\u00e9e des vacances de f\u00e9vrier, <u>soit \u00e0 partir du 8 mars<\/u>\u00a0et suivant le mode qui suit\u00a0:<\/span><\/p><ul style=\"color: #333333; text-align: justify; padding-left: 40px;\"><li><em>Le syst\u00e8me d\u2019inscriptions reste inchang\u00e9 (\u00e0 l\u2019ann\u00e9e, mensuellement ou hebdomadaire via formulaire papier et\/ou par mail\u00a0: cantine@thiant.fr).<br \/>En cas de changement pour la cantine il faudra pr\u00e9venir la veille avant 11h.<\/em><\/li><li><em>Pour le paiement un syst\u00e8me de facturation le mois suivant sera \u00e9tabli par les services en fin de mois avec un titre \u00e9mis pour la tr\u00e9sorerie. Les familles recevront chez elle l\u2019avis de sommes \u00e0 payer et un duplicata par mail si elle le souhaite, de la part de la mairie.<\/em><\/li><li><em>Les familles auront jusqu\u2019au 20 du mois environ pour payer leur facture via internet, via la tr\u00e9sorerie, via un paiement partenaire (buraliste \u00e0 Maing par exemple).<\/em><\/li><li><em>Il n\u2019y aura plus de r\u00e9gie en mairie (donc plus besoin de tickets).<br \/>En ce qui concerne les tickets en trop que les familles ont achet\u00e9, il est propos\u00e9 au conseil de valider le remboursement de ces derniers jusqu\u2019en juin 2021.<\/em><\/li><\/ul><p style=\"color: #333333; text-align: justify; padding-left: 40px;\"><strong><em>A la suite de ces remboursements la r\u00e9gie cantine et garderie sera d\u00e9finitivement close.<\/em><\/strong><\/p><p style=\"color: #333333; text-align: justify; padding-left: 40px;\"><em>Ce syst\u00e8me sera \u00e9largi aussi aux centres des petites vacances et du mois de juillet pour l\u2019ALSH<br \/>Madame St\u00e9phanie WATTIEZ propose que pour les ALSH, le paiement soit encaiss\u00e9 <u>avant<\/u> le centre de juillet ce qui nous permettra d\u2019une part, d\u2019avoir en amont une connaissance des effectifs et ainsi mettre en place la structure n\u00e9cessaire et d\u2019autre part, de permettre aux familles d\u2019anticiper leurs d\u00e9penses.<br \/>Monsieur Le Maire est favorable aux inscriptions au pr\u00e9alable bien en amont afin de pouvoir g\u00e9rer le nombre d\u2019animateurs n\u00e9cessaire.<br \/>Madame St\u00e9phanie WATTIEZ pr\u00e9cise que c\u2019est une anticipation des besoins des \u00e9quipes et de la gestion du personnel car certains font partis des agents permanents, alors que d\u2019autres sont recrut\u00e9s ponctuellement.<\/em><\/p><p style=\"color: #333333; text-align: justify; padding-left: 40px;\"><strong>Le Conseil Municipal,<\/strong> apr\u00e8s en avoir d\u00e9lib\u00e9r\u00e9,<br \/>par\u00a022 voix pour,\u00a00 voix contre,\u00a00\u00a0abstention<\/p><table width=\"75%\"><tbody><tr><td style=\"color: #333333;\" width=\"25%\"><strong><u>DECIDE<\/u><\/strong><\/td><td style=\"color: #333333; text-align: justify;\" width=\"75%\">de supprimer la r\u00e9gie cantine et garderie pour fin juin 2021 d\u00e9finitivement.<\/td><\/tr><tr><td style=\"color: #333333;\"><strong><u>DECIDE<\/u><\/strong><\/td><td style=\"color: #333333; text-align: justify;\">de supprimer la r\u00e9gie centres de loisirs ALSH et\u00a0 r\u00e9cr\u00e9a-thiant pour fin juin 2021 d\u00e9finitivement.<\/td><\/tr><tr><td style=\"color: #333333;\"><strong><u>APPROUVE <\/u><\/strong><\/td><td style=\"color: #333333; text-align: justify;\">le nouveau syst\u00e8me \u00e0 compter de mars 2021 pour le paiement des repas cantine et les prestations garderies c\u2019est-\u00e0-dire facturation \u00e0 post\u00e9riori (le mois suivant) via un logiciel et \u00e9mission des titres de paiement par famille via la tr\u00e9sorerie.<br \/>Paiement effectu\u00e9 par internet via payfip, ou en tr\u00e9sorerie ou via un buraliste agr\u00e9\u00e9.<\/td><\/tr><tr><td style=\"color: #333333;\"><strong><u>APPROUVE <\/u><\/strong><\/td><td style=\"color: #333333; text-align: justify;\">le nouveau syst\u00e8me \u00e0 compter de mars 2021 pour le paiement des centres de loisirs ALSH et r\u00e9cr\u00e9a-thiant c\u2019est-\u00e0-dire facturation \u00e0 priori \u00a0(le mois pr\u00e9c\u00e9dent au minimum) via un logiciel et \u00e9mission des titres de paiement par famille via la tr\u00e9sorerie.<br \/>Paiement effectu\u00e9 par internet via payfip, ou en tr\u00e9sorerie ou via un buraliste agr\u00e9\u00e9.<\/td><\/tr><tr><td style=\"color: #333333;\"><strong><u>DECIDE <\/u><\/strong><\/td><td style=\"color: #333333; text-align: justify;\">le remboursement des tickets cantine et garderie restant \u00e0 la disposition des familles et ceci jusque mi- juin 2021.(Les familles fourniront un RIB lors de la restitution des tickets).<\/td><\/tr><\/tbody><\/table><p style=\"color: #333333; text-align: justify; padding-left: 40px;\"><em>Les r\u00e8glements des diff\u00e9rents services\u00a0: cantine, garderie et centres de loisirs rappelleront le mode de fonctionnement et les modalit\u00e9s de paiement<br \/>Les agents des services administratifs pourront accompagner les familles pour leur expliquer les modalit\u00e9s de paiement en ligne.<\/em><\/p><p><span id=\"CM19022021Cinq\" style=\"color: #333333;\"><strong><u>5. D\u00e9lib\u00e9ration R\u00e9cr\u00e9athiant<\/u><\/strong><\/span><\/p><p style=\"color: #333333; text-align: justify; padding-left: 40px;\"><em>Au vu du contexte sanitaire actuel, les apr\u00e8s- midi r\u00e9cr\u00e9a-thiant auront bien lieu pour ces vacances de f\u00e9vrier.<br \/>Priorit\u00e9 est donn\u00e9 aux deux parents qui travaillent, et, avec la contrainte que les enfants ne fassent pas partie de classes ferm\u00e9es.<br \/>Effectifs\u00a01<sup>\u00e8re<\/sup> semaine\u00a0: 9 maternelles et 11 \u00e9l\u00e9mentaires.<br \/>Effectifs 2<sup>\u00e8me<\/sup> semaine\u00a0: 8 maternelles et 11 \u00e9l\u00e9mentaires.<br \/>Protocole sanitaire strict.<\/em><\/p><p><span style=\"color: #333333;\"><strong>Il n\u2019y a pas d\u2019utilit\u00e9 de recrutement de personnel.<br \/>On travaillera avec le personnel en interne en application des protocoles stricts li\u00e9s au COVID.<\/strong><\/span><\/p><p><span style=\"color: #333333;\"><em>Monsieur Jimmy LAURENT demande ce qu\u2019il en est des accueils des enfants \u00e0 la journ\u00e9e&#8230;<br \/>Monsieur Le Maire explique que cette id\u00e9e \u00e9tait dans le programme, mais qu\u2019il faut \u00e9tudier toutes les situations, le cout avec un service de cantine le midi ou non\u2026<br \/>Le souci majeur est d\u2019anticiper les inscriptions (de mettre une date limite et de s\u2019y tenir) afin de pr\u00e9voir les ressources humaines d\u2019encadrants et tout le reste.<br \/>Ce dossier est en cours d\u2019\u00e9tude (avec la CAF pour l\u2019attribution de certaines aides) et sera pr\u00e9sent\u00e9 bient\u00f4t.<br \/>Madame St\u00e9phanie WATTIEZ sp\u00e9cifie qu\u2019elle travaille sur le sujet et r\u00e9unira la commission enfance jeunesse.<br \/>Mais elle veut avant tout avoir le cout, les \u00e9l\u00e9ments pr\u00e9cis, pour pouvoir faire une pr\u00e9sentation correcte.<\/em><\/span><\/p><p><span id=\"CM19022021Six\" style=\"color: #333333;\"><strong><u>6. Points travaux<\/u><\/strong><\/span><\/p><ul style=\"color: #333333; text-align: justify; padding-left: 40px;\"><li><strong><u>Maison des jeunes d\u00e9molie et la d\u00e9molition de la biblioth\u00e8que sera termin\u00e9e deuxi\u00e8me quinzaine de mars.<\/u><\/strong><\/li><li><strong><u>Impasse Jaur\u00e8s des plantations vont \u00eatre faites prochainement.<\/u><\/strong><\/li><li><strong><u>Cl\u00f4ture de l\u2019\u00e9cole va commencer lundi 22 f\u00e9vrier\u00a0: cl\u00f4ture le long du drive et du parking avec occultant + nouveau portail \u00e0 l\u2019entr\u00e9e principale existante + cl\u00f4ture le long de la salle de sport donnant sur l\u2019arri\u00e8re.<\/u><\/strong><\/li><li><strong><u>Rue du 19 mars : enfouissement des r\u00e9seaux du d\u00e9but de la rue au nouveau giratoire.<br \/>Des nouveaux raccordements \u00e0 l\u2019eau vont \u00eatre faits en m\u00eame temps par le syndicat de l\u2019eau.<br \/>A la suite, les travaux de rev\u00eatements vont avoir lieu pour la rue du 19 mars ainsi que le rebouchage de trous jusqu\u2019au gite en allant sur Haspres.<\/u><\/strong><\/li><li><strong><u>Les trous de la mont\u00e9e du parking de l\u2019\u00e9cole vont \u00eatre rebouch\u00e9s avant la fin des vacances.<\/u><\/strong><\/li><li><strong><u>Les travaux de la cit\u00e9 Sirot vont avoir lieu en deux phases, une en 2021, et l\u2019autre en 2022.<\/u><\/strong><\/li><li><strong><u>Les travaux d\u2019accessibilit\u00e9 de la Mairie se terminent aussi, il reste juste le portail \u00e0 terminer entre la salle des f\u00eates et l\u2019ascenseur.<\/u><\/strong><\/li><li><strong><u>Des travaux d\u2019enrob\u00e9s vont ensuite avoir lieu pour finaliser le parvis de la mairie mais aussi le devant de la salle des f\u00eates.<\/u><\/strong><\/li><li><strong><u>La salle des mariages et la salle du conseil municipal sont en pleine r\u00e9novation en r\u00e9gie par les services techniques. Nous avons retrouv\u00e9 sous la moquette un parquet qui sera r\u00e9nov\u00e9\u2026 et l\u2019on a cr\u00e9\u00e9 un nouveau bureau et une r\u00e9serve.<br \/>Le nouveau mur blanc servira de projection et il faudra revoir pour le nouveau mobilier<\/u><\/strong><\/li><\/ul><p><span id=\"CM19022021Sept\" style=\"color: #333333;\"><strong><u>7. Questions diverses<\/u><\/strong><\/span><\/p><ul style=\"color: #333333; text-align: justify; padding-left: 40px;\"><li><em>Monsieur Jimmy LAURENT demande si on peut racheter des masques pour les enfants \u00e0 l\u2019\u00e9cole.<br \/>Monsieur Le Maire pr\u00e9sente les nouveaux masques qui ont \u00e9t\u00e9 command\u00e9s, et pr\u00e9cise qu\u2019ils seront distribu\u00e9s le jour de la rentr\u00e9e. Ils sont utilisables jusqu\u2019\u00e0 120 lavages au lieu de 20 pour les premiers distribu\u00e9s.<\/em><\/li><li><em>Monsieur Sylvain LEFEBVRE demande ce qu\u2019il adviendra des parcelles communales de la Rue Gambetta et sur celle de l\u2019ancien patronage (rue Ghesqui\u00e8re).<br \/>Monsieur Le Maire a relanc\u00e9 la personne en charge du dossier chez SIGH (par mail le 15\/01 dernier) et la r\u00e9ponse donn\u00e9e est qu\u2019il \u00e9tudie encore de leur c\u00f4t\u00e9. D\u00e8s qu\u2019il en saura plus il nous r\u00e9unira.<br \/>En ce qui concerne l\u2019ancien patronage Monsieur Le Maire dit qu\u2019il n\u2019y a pas de projets sp\u00e9cifiques pour le moment et qu\u2019il y aura des d\u00e9cisions \u00e0 prendre d\u2019ici la fin de l\u2019ann\u00e9e.<br \/>Il pr\u00e9cise rester prudent en ce qui concerne les d\u00e9penses, au vu du contexte actuel et des r\u00e9ductions de dotations de l\u2019\u00c9tat.<br \/>Madame PREVOST demande si on ne pourrait pas le vendre\u00a0?<br \/>Monsieur Le Maire dit que c\u2019est \u00e0 r\u00e9fl\u00e9chir peut-\u00eatre pour retrouver de la tr\u00e9sorerie.<\/em><\/li><li><em>Monsieur LEFEBVRE interpelle sur les incivilit\u00e9s de certains habitants qui laissent leurs poubelles en permanence sur les trottoirs<br \/>Monsieur Le Maire explique qu\u2019il a \u00e9t\u00e9 d\u00e9j\u00e0 fait de nombreux courriers mais que rien n\u2019y a fait. Une relance sera fa\u00eetes \u00e0 chacune des personnes concern\u00e9es et si les poubelles restent l\u00e0, elles seront enlev\u00e9es par les services techniques. Ces personnes devront alors venir les r\u00e9cup\u00e9rer en mairie\u2026<\/em><\/li><li><em>Une nouvelle poubelle de tri s\u00e9lectif, \u00e0 l\u2019essai, sera install\u00e9e devant la boulangerie. <\/em><\/li><li><em>Monsieur LEFEBVRE interpelle sur les travaux le long de l\u2019Escaut pensant que Monsieur Le Maire a \u00e9t\u00e9 inform\u00e9\u2026<br \/>Monsieur Le Maire explique que la commune de Thiant n\u2019est pas au courant car ce n\u2019est pas sur le territoire de la commune. Il va se rapprocher, toutefois, des maires environnants pour \u00e9voquer le probl\u00e8me.<br \/>Monsieur LEFEBVRE constate alors que Monsieur le Maire ne pourra rien faire pour permettre aux randonneurs de passer le long du chemin malgr\u00e9 les travaux\u2026<\/em><\/li><li><em>Monsieur LEFEBVRE interpelle Monsieur WAELKENS sur la r\u00e9novation de la chapelle Rue Barbusse<br \/>Monsieur WAELKENS explique qu\u2019il n\u2019a pas eu de r\u00e9ponse \u00e0 son courrier, mais il va r\u00e9it\u00e9rer sa demande.<br \/>Cette chapelle pour le moment n\u2019appartient pas \u00e0 la commune et donc la commune ne peut pas la r\u00e9nover.<\/em><\/li><li><em>Monsieur LEFEBVRE interpelle Mr Le Maire sur les arbres qui les branches d\u2019arbres qui prennent une bonne partie de la voirie Rue du 19 Mars.<br \/>Monsieur Le Maire va reprendre contact avec la riveraine et Monsieur WAELKENS va aller la rencontrer avec Mr CARLIER J\u00e9r\u00f4me.<\/em><\/li><li><em>Monsieur LEFEBVRE demande si l\u2019on peut avoir le plan de circulation et les am\u00e9nagements pr\u00e9vus pour la Cit\u00e9 Sirot.<br \/>Monsieur Le Maire r\u00e9pond que le plan avec les chicanes a d\u00e9j\u00e0 \u00e9t\u00e9 pr\u00e9sent\u00e9 et le sens unique aussi.<br \/>Pr\u00e9sentation est faite \u00e0 nouveau ce jour en conseil<\/em><\/li><li><em>Madame WATTIEZ fait remarquer \u00e0 Monsieur LEFEBVRE que lorsqu\u2019il interpelle Monsieur Le Maire sur les d\u00e9cisions, en fait cela concerne tout le monde. Les d\u00e9cisions prises sont faites ensemble, par tout le conseil municipal avec tous les \u00e9lus. Mr LEFEBVRE r\u00e9pond que c\u2019est comme cela qu\u2019il le voit\u2026<\/em><\/li><li><em>Madame BAR-DESESPRINGALLE demande ce qu\u2019on va faire \u00e0 \u00ab\u00a0l\u2019ancienne Poste\u00a0\u00bb c\u2019est-\u00e0-dire \u00e0 la maison des jeunes qui vient d\u2019\u00eatre d\u00e9molie.<br \/>Monsieur Le Maire explique qu\u2019un am\u00e9nagement va \u00eatre fait avec deux pistes de p\u00e9tanque, un petit parc\u2026 et que c\u2019est une r\u00e9flexion collective.<\/em><\/li><li><em>Monsieur HENNAUT explique que le grand prix de DENAIN va \u00eatre annul\u00e9 mais le Paris Roubaix devrait avoir lieu le 11 avril 2021<\/em><\/li><li><em>Madame DUMAINE explique que la commune de Thiant est inscrite \u00e0 l\u2019op\u00e9ration Hauts de France propre le samedi 20 mars <\/em><\/li><li><em>Madame DUMAINE pr\u00e9cise que le conseil municipal est tenu sans public et non \u00e0 huis clos.<br \/>La diff\u00e9rence est que le journaliste \u00e0 huis clos ne pourrait pas \u00eatre pr\u00e9sent.<\/em><\/li><\/ul><p style=\"color: #333333;\"><em>La s\u00e9ance est lev\u00e9e \u00e0 20h50<\/em><\/p><p style=\"text-align: right; color: #333333;\"><em>La secr\u00e9taire<br \/>Sylvie DEVOS<\/em><\/p><\/div>\n\t\t\t\t\t\t\t\t\t<div class=\"elementor-tab-title elementor-tab-mobile-title\" aria-selected=\"false\" data-tab=\"6\" role=\"tab\" tabindex=\"-1\" aria-controls=\"elementor-tab-content-8986\" aria-expanded=\"false\">15\/01<\/div>\n\t\t\t\t\t<div id=\"elementor-tab-content-8986\" class=\"elementor-tab-content elementor-clearfix\" data-tab=\"6\" role=\"tabpanel\" aria-labelledby=\"elementor-tab-title-8986\" tabindex=\"0\" hidden=\"hidden\"><h6><span style=\"color: #ff0000;\">Compte-rendu du Conseil Municipal du 15 janvier 2021<\/span><\/h6><p><a href=\"https:\/\/thiant.fr\/wordpress\/documents_ext\/CM\/CM_2021-01-15.pdf\" target=\"_blank\" rel=\"noopener\"><img loading=\"lazy\" decoding=\"async\" class=\"alignnone wp-image-2509 size-medium\" src=\"https:\/\/thiant.fr\/wordpress\/wp-content\/uploads\/2021\/03\/CM_2021-01-15-199x300.png\" alt=\"\" width=\"199\" height=\"300\" srcset=\"https:\/\/thiant.fr\/wordpress\/wp-content\/uploads\/2021\/03\/CM_2021-01-15-199x300.png 199w, https:\/\/thiant.fr\/wordpress\/wp-content\/uploads\/2021\/03\/CM_2021-01-15.png 544w\" sizes=\"(max-width: 199px) 100vw, 199px\" \/><\/a><\/p><p style=\"color: #333333;\"><strong>Date de la convocation\u00a0:<\/strong> \u00a0\u00a0\u00a0\u00a0\u00a0\u00a0\u00a0\u00a0\u00a0\u00a0\u00a0\u00a0\u00a0\u00a0 Vendredi\u00a0 8 janvier \u00a02021<\/p><p style=\"color: #333333;\"><strong>Date de l\u2019affichage\u00a0:<\/strong> \u00a0\u00a0\u00a0\u00a0\u00a0\u00a0\u00a0 \u00a0\u00a0\u00a0\u00a0\u00a0\u00a0\u00a0\u00a0\u00a0\u00a0\u00a0\u00a0\u00a0\u00a0 Vendredi 8 janvier 2021<\/p><p style=\"padding-left: 40px; color: #333333; text-align: justify;\">L\u2019an deux mil vingt, le quinze janvier \u00e0 dix huit heures, le Conseil Municipal de Thiant, r\u00e9guli\u00e8rement convoqu\u00e9, s\u2019est r\u00e9uni en la Salle des F\u00eates, rue Anatole France \u00e0 THIANT, sous la Pr\u00e9sidence de Monsieur Jean-Marie LECERF, Maire de la Commune. (Sans public : \u00c9tat d\u2019urgence sanitaire)<\/p><p style=\"color: #333333;\"><strong>Pr\u00e9sents : <\/strong><\/p><p style=\"padding-left: 40px; color: #333333; text-align: justify;\"><strong>Monsieur Jean-Marie LECERF, Madame St\u00e9phanie WATTIEZ, Monsieur C\u00e9dric DUQUESNOY, Monsieur Marc WATTIEZ, Madame C\u00e9line DUMAINE, Madame Raymonde BOHERE, Monsieur Michel HENNAUT, Monsieur Philippe WAELKENS, Madame Martine PREVOST, Madame Sylvaine GERARD, , Madame Sylvie NICOLAS, Madame Sylvie DEVOS, Madame C\u00e9line TRACHMAN, Monsieur Bernard LEPEZ, Madame Fran\u00e7oise BAR-DESESPRINGALLE, Monsieur Sylvain LEFEBVRE, Monsieur Jimmy LAURENT<\/strong><\/p><p style=\"color: #333333;\"><strong>Excus\u00e9s : <\/strong><\/p><p style=\"padding-left: 40px; color: #333333;\"><strong>Monsieur Guy VANDERBEC qui donne pouvoir \u00e0 Monsieur Jean-Marie LECERF<br \/>Madame Armelle BOURLET qui donne pouvoir \u00e0 Madame Martine PREVOST<br \/>Monsieur Jean-Claude BAH qui donne pouvoir \u00e0 Madame Sylvie DEVOS<br \/>Monsieur J\u00e9r\u00f4me CARLIER qui donne pouvoir \u00e0 Madame C\u00e9line DUMAINE<br \/>Madame Doroth\u00e9e DEMAIN qui donne pouvoir \u00e0 Madame Fran\u00e7oise BAR-DESESPRINGALLE<br \/>Monsieur Bernard MALAQUIN<\/strong><\/p><p style=\"color: #333333;\"><strong>Absents : MM.XX<\/strong><\/p><p style=\"color: #333333;\"><strong><u>Ordre du jour<\/u>\u00a0:<\/strong><\/p><p style=\"padding-left: 40px;\"><a href=\"#CM15012021Zero\">Pr\u00e9sentation du Num\u00e9rique \u00e0 l\u2019\u00e9cole<\/a><\/p><p><a href=\"#CM15012021Un\">1. Approbation du Proc\u00e8s-verbal du 11 d\u00e9cembre 2020<\/a><br \/><a href=\"#CM15012021Deux\">2. D\u00e9lib\u00e9ration SIAVED \u2013 Convention de groupement de commandes pour l\u2019enl\u00e8vement et le traitement de d\u00e9p\u00f4ts sauvages ou assimil\u00e9s et\/ou amiant\u00e9s sur le territoire du SIAVED<\/a><br \/><a href=\"#CM15012021Trois\">3. D\u00e9lib\u00e9ration autorisation de participation au label \u00ab commune z\u00e9ro d\u00e9chet \u00bb<\/a><br \/><a href=\"#CM15012021Quatre\">4. D\u00e9lib\u00e9ration CGNord \u2013 Convention d\u2019entretien du domaine public d\u00e9partemental en agglom\u00e9ration relative \u00e0 la signalisation horizontale<\/a><br \/><a href=\"#CM15012021Cinq\">5. D\u00e9lib\u00e9ration Convention habitat indigne avec la CAPH<\/a><br \/><a href=\"#CM15012021Six\">6. D\u00e9lib\u00e9ration \u00c9tat de non valeur<\/a><br \/><a href=\"#CM15012021Sept\">7. Questions diverses<\/a><\/p><p style=\"padding-left: 40px; color: #333333;\">D\u00e9signation d\u2019un Secr\u00e9taire de s\u00e9ance\u00a0:\u00a0 C\u00e9line DUMAINE<\/p><p style=\"padding-left: 40px; color: #333333;\">\u00c9tat des pouvoirs : &#8230;&#8230;&#8230;&#8230;&#8230;..5 POUVOIRS&#8230;&#8230;&#8230;&#8230;&#8230;&#8230;&#8230;&#8230;&#8230;&#8230;&#8230;&#8230;&#8230;&#8230;&#8230;&#8230;&#8230;&#8230;&#8230;<\/p><p><span id=\"CM15012021Zero\" style=\"color: #333333;\"><strong>Pr\u00e9sentation du num\u00e9rique \u00e0 l\u2019\u00e9cole faite par Monsieur J\u00e9r\u00f4me JANURA.<\/strong><\/span><\/p><p style=\"padding-left: 40px; color: #333333;\">L\u2019\u00e9tude technique et financi\u00e8re va continuer.<br \/>On va faire appel \u00e0 des soci\u00e9t\u00e9s sp\u00e9cifiques pour \u00e9valuer les travaux et pour \u00e9valuer les couts et les garanties.<br \/>Lors d\u2019un prochain conseil municipal sera pr\u00e9sent\u00e9 le projet approfondi.<\/p><p style=\"padding-left: 40px; color: #333333;\"><strong>Deux points sont rajout\u00e9s \u00e0 l\u2019ordre du jour\u00a0: <a href=\"#CM15012021Huit\">la classe de neige 2021<\/a> et <a href=\"#CM15012021Neuf\">les travaux \u00e0 la biblioth\u00e8que<\/a><\/strong><\/p><p><span id=\"CM15012021Un\" style=\"color: #333333;\"><strong><u>1. Approbation du Proc\u00e8s-verbal du 11 d\u00e9cembre 2020<\/u><\/strong><\/span><\/p><p style=\"padding-left: 40px; color: #333333;\">Aucune remarque<\/p><p style=\"padding-left: 40px; color: #333333;\"><strong>Le Conseil Municipal,<\/strong> apr\u00e8s en avoir d\u00e9lib\u00e9r\u00e9,<br \/>par\u00a022 voix pour,\u00a00 voix contre,\u00a00\u00a0abstention<\/p><table width=\"75%\"><tbody><tr><td style=\"color: #333333;\" width=\"25%\"><strong><u>APPROUVE<\/u><\/strong><\/td><td style=\"color: #333333; text-align: justify;\" width=\"75%\">le contenu du proc\u00e8s-verbal du 11 D\u00e9cembre 2020, r\u00e9dig\u00e9 par son secr\u00e9taire de s\u00e9ance.<\/td><\/tr><\/tbody><\/table><p><span id=\"CM15012021Deux\" style=\"color: #333333;\"><strong><u>2. D\u00e9lib\u00e9ration SIAVED \u2013 Convention de groupement de commandes pour l\u2019enl\u00e8vement et le traitement de d\u00e9p\u00f4ts sauvages ou assimil\u00e9s et\/ou amiant\u00e9s sur le territoire du SIAVED<\/u><\/strong><\/span><\/p><p style=\"padding-left: 40px; color: #333333; text-align: justify;\">Monsieur Le maire explique le contexte.<br \/>On a de plus en plus de d\u00e9p\u00f4ts sauvages sur la commune et notamment des d\u00e9p\u00f4ts d\u2019amiante.<br \/>Cependant on ne peut pas toujours faire appel aux ouvriers de la commune.<br \/>L\u2019int\u00e9r\u00eat est donc de passer un march\u00e9 via le groupement de commande.<br \/>On ne paiera bien s\u00fbr qu\u2019\u00e0 la prestation suivant nos demandes d\u2019interventions.<br \/><strong><u>Objet du March\u00e9<\/u><\/strong>\u00a0:<br \/>Le groupement constitu\u00e9 par la pr\u00e9sente convention a pour objet de permettre \u00e0 ses membres de b\u00e9n\u00e9ficier, \u00e0 hauteur de leurs propres besoins, de prestations portant sur l\u2019enl\u00e8vement et le traitement de d\u00e9p\u00f4ts sauvages de d\u00e9chets m\u00e9nagers ou assimil\u00e9s et\/ou amiant\u00e9s sur le territoire du SIAVED.<br \/><em>Monsieur Sylvain LEFEBVRE\u00a0demande si l\u2019on connait le cout d\u2019enl\u00e8vement des d\u00e9p\u00f4ts sauvages effectu\u00e9s par la commune et quel sera le cout \u00e0 payer \u00e0 la CAPH.<br \/>Monsieur Le Maire explique que ce n\u2019est pas la CAPH mais le SIAVED<br \/>Monsieur Sylvain LEFEBVRE\u00a0demande \u00e0 nouveau si l\u2019on peut connaitre le cout que cela va avoir.<br \/>Monsieur Le Maire\u00a0r\u00e9pond que non puisque c\u2019est le principe des march\u00e9s publics. Et que m\u00eame si l\u2019on participe au groupement de commande on n\u2019aura pas d\u2019obligation de faire appel aux services si on ne le souhaite pas. Prestation \u00e0 la demande.<br \/>Monsieur Jimmy Laurent demande si on peut installer une cam\u00e9ra.<br \/>Monsieur Le Maire dit qu\u2019il en a achet\u00e9 une mais ne dira pas o\u00f9 elle sera install\u00e9e en toute l\u00e9galit\u00e9.<\/em><\/p><p style=\"padding-left: 40px; color: #333333;\"><strong>Le Conseil Municipal,<\/strong> apr\u00e8s en avoir d\u00e9lib\u00e9r\u00e9,<br \/>par\u00a022 voix pour,\u00a00 voix contre,\u00a00\u00a0abstention<\/p><table width=\"75%\"><tbody><tr><td style=\"color: #333333;\" width=\"25%\"><strong><u>AUTORISE<\/u><\/strong><\/td><td style=\"color: #333333; text-align: justify;\" width=\"75%\">Monsieur Le Maire \u00e0 signer la convention pour le groupement de commande<\/td><\/tr><tr><td style=\"color: #333333;\" width=\"25%\"><strong><u>AUTORISE<\/u><\/strong><\/td><td style=\"color: #333333; text-align: justify;\" width=\"75%\">Monsieur Le Maire \u00e0 signer tous les documents n\u00e9cessaires au groupement de commande concernant l\u2019enl\u00e8vement et le traitement des d\u00e9p\u00f4ts sauvages ou assimil\u00e9s.<\/td><\/tr><\/tbody><\/table><p><span id=\"CM15012021Trois\" style=\"color: #333333;\"><strong><u>3. D\u00e9lib\u00e9ration autorisation de participation au label \u00ab commune z\u00e9ro d\u00e9chet \u00bb <\/u><\/strong><\/span><br \/><a href=\"https:\/\/thiant.fr\/wordpress\/wp-content\/uploads\/2021\/03\/SIAVED-Commune-Zero-Dechet_01_GF.png\"><img loading=\"lazy\" decoding=\"async\" class=\"alignnone wp-image-2510 size-medium\" src=\"https:\/\/thiant.fr\/wordpress\/wp-content\/uploads\/2021\/03\/SIAVED-Commune-Zero-Dechet_01_GF-197x300.png\" alt=\"\" width=\"197\" height=\"300\" srcset=\"https:\/\/thiant.fr\/wordpress\/wp-content\/uploads\/2021\/03\/SIAVED-Commune-Zero-Dechet_01_GF-197x300.png 197w, https:\/\/thiant.fr\/wordpress\/wp-content\/uploads\/2021\/03\/SIAVED-Commune-Zero-Dechet_01_GF-672x1024.png 672w, https:\/\/thiant.fr\/wordpress\/wp-content\/uploads\/2021\/03\/SIAVED-Commune-Zero-Dechet_01_GF-768x1171.png 768w, https:\/\/thiant.fr\/wordpress\/wp-content\/uploads\/2021\/03\/SIAVED-Commune-Zero-Dechet_01_GF-1008x1536.png 1008w, https:\/\/thiant.fr\/wordpress\/wp-content\/uploads\/2021\/03\/SIAVED-Commune-Zero-Dechet_01_GF.png 1108w\" sizes=\"(max-width: 197px) 100vw, 197px\" \/><\/a><a href=\"https:\/\/thiant.fr\/wordpress\/wp-content\/uploads\/2021\/03\/SIAVED-Commune-Zero-Dechet_02_GF.png\"><img loading=\"lazy\" decoding=\"async\" class=\"alignnone wp-image-2512 size-medium\" src=\"https:\/\/thiant.fr\/wordpress\/wp-content\/uploads\/2021\/03\/SIAVED-Commune-Zero-Dechet_02_GF-209x300.png\" alt=\"\" width=\"209\" height=\"300\" srcset=\"https:\/\/thiant.fr\/wordpress\/wp-content\/uploads\/2021\/03\/SIAVED-Commune-Zero-Dechet_02_GF-209x300.png 209w, https:\/\/thiant.fr\/wordpress\/wp-content\/uploads\/2021\/03\/SIAVED-Commune-Zero-Dechet_02_GF-714x1024.png 714w, https:\/\/thiant.fr\/wordpress\/wp-content\/uploads\/2021\/03\/SIAVED-Commune-Zero-Dechet_02_GF-768x1102.png 768w, https:\/\/thiant.fr\/wordpress\/wp-content\/uploads\/2021\/03\/SIAVED-Commune-Zero-Dechet_02_GF.png 1036w\" sizes=\"(max-width: 209px) 100vw, 209px\" \/><\/a><\/p><p style=\"padding-left: 40px; color: #333333; text-align: justify;\"><em>Monsieur Philippe WAELKENS a travaill\u00e9 sur le sujet et propose que nous essayions de r\u00e9pondre aux axes ci-dessus.<br \/>4 th\u00e8mes sont r\u00e9pertori\u00e9s avec des actions \u00e0 mener sur la commune.<br \/>Il faut obtenir des lucioles qui seront valid\u00e9es par le Siaved tout au long de l\u2019ann\u00e9e<br \/>La commission propose de retenir d\u00e9j\u00e0 les points ci-dessus afin d\u2019obtenir le premier niveau.<br \/>Les actions seront essentiellement men\u00e9es sur l\u2019\u00e9cole mais aussi sur les services de la commune.<br \/>Cette participation doit se faire de f\u00e9vrier \u00e0 d\u00e9cembre de cette ann\u00e9e.<\/em><\/p><p style=\"padding-left: 40px; color: #333333;\"><strong>Le Conseil Municipal,<\/strong> apr\u00e8s en avoir d\u00e9lib\u00e9r\u00e9,<br \/>par\u00a022 voix pour,\u00a00 voix contre,\u00a00\u00a0abstention<\/p><table width=\"75%\"><tbody><tr><td style=\"color: #333333;\" width=\"25%\"><strong><u>AUTORISE<\/u><\/strong><\/td><td style=\"color: #333333; text-align: justify;\" width=\"75%\">Monsieur Le Maire \u00e0 participer au label z\u00e9ro d\u00e9chet<\/td><\/tr><tr><td style=\"color: #333333;\" width=\"25%\"><strong><u>AUTORISE<\/u><\/strong><\/td><td style=\"color: #333333; text-align: justify;\" width=\"75%\">Monsieur Le Maire \u00e0 signer tous les documents n\u00e9cessaires au groupement de commande concernant l\u2019enl\u00e8vement et le traitement des d\u00e9p\u00f4ts sauvages ou assimil\u00e9s.<\/td><\/tr><\/tbody><\/table><p style=\"padding-left: 40px; color: #333333;\"><em>La commission citoyennet\u00e9 va aussi travailler sur la gestion des d\u00e9chets.<br \/>La communication va \u00eatre importante \u00e9galement. Un programme de formations \u2026<\/em><\/p><p><span id=\"CM15012021Quatre\" style=\"color: #333333;\"><strong><u>4. D\u00e9lib\u00e9ration CGNord \u2013 Convention d\u2019entretien du domaine public d\u00e9partemental en agglom\u00e9ration relative \u00e0 la signalisation horizontale<\/u><\/strong><\/span><\/p><p style=\"padding-left: 40px; color: #333333; text-align: justify;\">L\u2019objet de la convention est de pr\u00e9ciser les modalit\u00e9s de mise en \u0153uvre et d\u2019entretien de la signalisation horizontale sur les routes d\u00e9partementales en agglom\u00e9ration.<\/p><p style=\"padding-left: 40px; color: #333333;\"><strong>Le Conseil Municipal,<\/strong> apr\u00e8s en avoir d\u00e9lib\u00e9r\u00e9,<br \/>par\u00a022 voix pour,\u00a00 voix contre,\u00a00\u00a0abstention<\/p><table width=\"75%\"><tbody><tr><td style=\"color: #333333;\" width=\"25%\"><strong><u>AUTORISE<\/u><\/strong><\/td><td style=\"color: #333333; text-align: justify;\" width=\"75%\">Monsieur Le Maire \u00e0 signer la convention avec le conseil d\u00e9partemental du Nord<\/td><\/tr><\/tbody><\/table><p style=\"padding-left: 40px; color: #333333; text-align: justify;\"><em>Monsieur Marc WATTIEZ demande si \u00e0 l\u2019\u00e9cole on peut mettre des potelets fixes ou bordures le long de la route pour s\u00e9curiser au lieu des plots mobiles.<br \/>Il est pr\u00e9vu une r\u00e9union avec le d\u00e9partement mardi prochain, la question sera abord\u00e9e.<\/em><\/p><p><span id=\"CM15012021Cinq\" style=\"color: #333333;\"><strong><u>5. D\u00e9lib\u00e9ration Convention habitat indigne avec la CAPH<\/u><\/strong><\/span><\/p><p style=\"padding-left: 80px; text-align: center; color: #003366; border: 1px solid black; width: 100%;\"><strong><u>\u00c9l\u00e9ments de cadrage pour la r\u00e9alisation d\u2019une prestation<br \/>de service dans le cadre de la mise en \u0153uvre de la strat\u00e9gie communautaire<br \/>en mati\u00e8re de lutte contre l\u2019habitat indigne<\/u><\/strong><\/p><p style=\"padding-left: 80px; color: #333333; text-align: justify;\"><strong>Objet\u00a0: Strat\u00e9gie intercommunale de lutte contre l\u2019habitat indigne \u2013 articulation des interventions entre les communes et La Porte du Hainaut<\/strong><\/p><p style=\"padding-left: 80px; color: #333333; text-align: justify;\">Vu le Code g\u00e9n\u00e9rales des Collectivit\u00e9s Territoriales,<br \/>Vu les articles 92 et 93 de la loi n\u00b02014-366 du 24 mars 2014 pour l\u2019Acc\u00e8s au Logement et un Urbanisme R\u00e9nov\u00e9 (ALUR) et codifi\u00e9s aux articles L.634-1 \u00e0 L.635-11 du code de la construction et de l\u2019habitation (CCH)<\/p><p style=\"padding-left: 80px;\"><span style=\"color: #333333;\">Vu la loi n\u00b02018-1021 du 23 novembre 2018, portant Evolution du Logement, de l\u2019Am\u00e9nagement et du Num\u00e9rique article 188 (loi ELAN),<\/span><\/p><p style=\"padding-left: 80px;\"><span style=\"color: #333333;\">Vu les d\u00e9lib\u00e9rations du Conseil Communautaire n\u00b019\/149 et n\u00b019\/150 en date du 17 juin 2019, relative \u00e0 la strat\u00e9gie coordonn\u00e9e de lutte contre l\u2019habitat indigne et la mise en \u0153uvre des outils issus de la loi ALUR\u00a0: Autorisation Pr\u00e9alable de Mise en Location (APML), D\u00e9claration de Mise en Location (DML) et Autorisation Pr\u00e9alable de division (APD),<\/span><br \/><span style=\"color: #333333;\">Vu la d\u00e9lib\u00e9ration du Conseil Communautaire n\u00b019\/307 en date du 16 d\u00e9cembre 2019 relative aux modalit\u00e9s de mise en \u0153uvre de la politique communautaire en mati\u00e8re de lutte contre l\u2019habitat indigne,<\/span><\/p><p style=\"padding-left: 80px; color: #333333;\"><strong><u>I\/ Contexte\u00a0: <\/u><\/strong><\/p><p style=\"padding-left: 80px; color: #333333; text-align: justify;\">Consid\u00e9rant les probl\u00e9matiques li\u00e9es au parc de logements locatifs priv\u00e9s, \u00e0 l\u2019\u00e9chelle intercommunale, \u00e0 savoir\u00a0:<\/p><ul style=\"padding-left: 80px; color: #333333; text-align: justify;\"><li>Un parc de 15 000 logements constitu\u00e9 majoritairement de logements anciens, qui n\u00e9cessitent un besoin important de mise en confort et d\u2019am\u00e9lioration thermique.<\/li><li>Un parc de logements principalement occup\u00e9 par des m\u00e9nages aux ressources modestes, qui par cons\u00e9quent constitue souvent un logement locatif social \u00ab\u00a0de fait\u00a0\u00bb.<\/li><li>Un parc potentiellement indigne repr\u00e9sentant 10.6% du parc locatif priv\u00e9 du territoire, soit 5\u00a0400 logements<\/li><\/ul><p style=\"padding-left: 80px; color: #333333; text-align: justify;\">Consid\u00e9rant l\u2019ensemble des enjeux sanitaires, sociaux-\u00e9conomiques, patrimoniaux li\u00e9s au parc de logement locatifs priv\u00e9s du territoire,<br \/>Afin d\u2019agir le plus en amont possible sur les situations de mal logement, de r\u00e9pondre \u00e0 une urgence sociale, d\u2019am\u00e9liorer les conditions de vie et de participer \u00e0 la revalorisation qualitative et durable du territoire, La Porte du Hainaut souhaite porter une strat\u00e9gie d\u2019intervention coordonn\u00e9e et partenariale qui vise prioritairement \u00e0\u00a0:<\/p><ul style=\"padding-left: 80px; color: #333333; text-align: justify;\"><li>endiguer les ph\u00e9nom\u00e8nes diffus de d\u00e9gradation du patrimoine b\u00e2ti et des conditions de vie au sein de son parc de logements priv\u00e9s anciens<\/li><li>mettre un coup d\u2019arr\u00eat au ph\u00e9nom\u00e8ne de \u00ab\u00a0marchands de sommeil\u00a0\u00bb qui s\u00e9vit encore sur le territoire<\/li><\/ul><p style=\"padding-left: 80px; color: #333333; text-align: justify;\">Afin d\u2019atteindre ces objectifs, La Porte du Hainaut mobilisera l\u2019ensemble des partenaires du territoire engag\u00e9s dans cette th\u00e9matique complexe et morcel\u00e9e. Il s\u2019agit de mener une action globale, lisible et efficiente.<br \/>Aussi, la strat\u00e9gie d\u2019intervention partenariale, devra allier d\u2019une part la mobilisation des outils de rep\u00e9rage, et d\u2019autre part les dispositifs incitatifs (aides financi\u00e8res \u00e0 la r\u00e9habilitation, conseil\u2026) et coercitifs (proc\u00e9dures). Elle sera d\u00e9clin\u00e9e au sein d\u2019un protocole de lutte contre l\u2019habitat indigne.<\/p><p style=\"padding-left: 80px; color: #333333;\"><strong><u>II\/ Rappel des axes d\u2019interventions de la politique intercommunale en mati\u00e8re de Lutte contre l\u2019Habitat Indigne\u00a0:<\/u><\/strong><\/p><p style=\"padding-left: 80px; color: #333333; text-align: justify;\">Les \u00e9lus de La Porte du Hainaut ont valid\u00e9 en Conseil Communautaire du 17 juin 2019 les axes d\u2019intervention d\u2019une politique communautaire en mati\u00e8re de lutte contre l\u2019habitat indigne. Celle-ci repose sur <strong>4 axes<\/strong>\u00a0:<\/p><ul style=\"padding-left: 80px; color: #333333; text-align: justify;\"><li><strong>l\u2019appui technique des communes dans l\u2019exercice de leur pouvoir de police<\/strong>\u00a0: qui vise, par la mise \u00e0 disposition d\u2019une ing\u00e9nierie technique interne \u00e0 la CAPH, la r\u00e9alisation d\u2019une visite du logement et l\u2019appui \u00e0 la mise en \u0153uvre des proc\u00e9dures en cas de d\u00e9sordre,<\/li><li><strong>l\u2019exp\u00e9rimentation des outils de lutte contre l\u2019habitat indigne issus de la loi ALUR\/ELAN<\/strong>\u00a0: qui repose sur l\u2019exp\u00e9rimentation de la mise en place de 3 outils que sont l\u2019Autorisation Pr\u00e9alable de Mise en Location (APML), la D\u00e9claration de Mise en Location (DML) et l\u2019Autorisation Pr\u00e9alable de Diviser (APD),<\/li><li><strong>l\u2019accompagnement des communes sur les th\u00e9matiques sp\u00e9cifiques<\/strong> que sont les logements vacants et les cas les plus complexes\u00a0: par la r\u00e9alisation en premier lieu d\u2019une \u00e9tude capable d\u2019identifier le ph\u00e9nom\u00e8ne de vacance par communes et dans un second temps de d\u00e9finir une strat\u00e9gie d\u2019intervention propre \u00e0 sa r\u00e9sorption,<\/li><li><strong>le contr\u00f4le des logements ANAH conventionn\u00e9s sans travaux<\/strong>\u00a0: qui vise le contr\u00f4le de l\u2019\u00e9tat des logements de propri\u00e9taires bailleurs dans le cadre du conventionnement sans travaux avec l\u2019ANAH.<\/li><\/ul><p style=\"padding-left: 80px; color: #333333;\"><strong><u>III. En ce qui concerne l\u2019accompagnement de La Porte du Hainaut dans l\u2019exercice des pouvoirs de police du maire<\/u><\/strong>\u00a0:<\/p><p style=\"padding-left: 80px; color: #333333; text-align: justify;\">Face au besoin g\u00e9n\u00e9ralis\u00e9 des communes \u00e0 faire face aux traitements de situation de mal-logement qui \u00e9manent soit\u00a0:<\/p><ul style=\"padding-left: 80px; color: #333333; text-align: justify;\"><li>d\u2019un signalement ponctuel par un locataire ou d\u2019une tierce personne<\/li><li>des logements dont le locataire avec un quotient familial \u00e0 630 \u20ac a fait une demande d\u2019ouverture de droits d\u2019Allocation Logement Familiale \u00e0 la CAF<\/li><\/ul><p style=\"padding-left: 80px; color: #333333; text-align: justify;\">La Porte du Hainaut propose d\u2019accompagner les communes par la r\u00e9alisation d\u2019une visite de ces logements du choix de la proc\u00e9dure, \u00e0 sa mise en \u0153uvre et son suivi.<br \/>S\u2019agissant <strong>d\u2019un accompagnement de La Porte du Hainaut dans l\u2019exercice des pouvoirs de police du maire<\/strong>, il est propos\u00e9 sur le principe de la mutualisation des services, que les communes participent financi\u00e8rement au co\u00fbt de ce service.<br \/>Aussi, conform\u00e9ment au paragraphe II de la d\u00e9lib\u00e9ration D19\/307 du 16\/12\/2019 qui fixe, sur la base des estimations, le co\u00fbt pr\u00e9visionnel du service \u00e0 124\u00a0310 \u20ac pour l\u2019ann\u00e9e 2020 dont 25% (soit 31\u00a0077.50\u20ac) d\u00e9di\u00e9 \u00e0 cet axe objet de la pr\u00e9sente convention.<\/p><p style=\"padding-left: 80px; color: #333333; text-align: justify;\">Consid\u00e9rant plus pr\u00e9cis\u00e9ment le paragraphe III de la d\u00e9lib\u00e9ration D19\/307 du 16\/12\/2019 qui pr\u00e9cise les modalit\u00e9s de calcul qui d\u00e9termine le co\u00fbt de cet accompagnement de la CAPH aux communes, soit\u00a0:<br \/>(Co\u00fbt total pr\u00e9visionnel du service x % du temps d\u00e9di\u00e9 aux services des communes)\/nombre de mesures r\u00e9alis\u00e9es au total x le nombre de mesure sollicit\u00e9e par la commune<\/p><p style=\"padding-left: 80px; color: #333333; text-align: justify;\">Pour l\u2019ann\u00e9e 2020 et jusque la fin de la p\u00e9riode d\u2019exp\u00e9rimentation fix\u00e9e au 31 d\u00e9cembre 2021, le co\u00fbt de l\u2019accompagnement pour une situation est fix\u00e9 \u00e0 <strong>73 \u20ac<\/strong>.<\/p><p style=\"padding-left: 80px; color: #333333; text-align: justify;\">La participation pr\u00e9visionnelle de la commune de Thiant s\u2019\u00e9l\u00e8ve donc \u00e0\u00a0:<\/p><ul style=\"padding-left: 80px; color: #333333; text-align: justify;\"><li>(20 visites de signalement ponctuels facultatif)) X 73\u20ac = 1460\u20ac<\/li><\/ul><p style=\"padding-left: 80px; color: #333333; text-align: justify;\">Soit une participation pr\u00e9visionnelle de 1460 \u20ac de la commune aux services port\u00e9s par La Porte du Hainaut (paiement effectu\u00e9 sur service fait et sur pr\u00e9sentation d\u2019un rapport \u00e0 N+ 1)<br \/>Les modalit\u00e9s de mise en \u0153uvre de l\u2019accompagnement s\u2019appuieront sur\u00a0:<\/p><ul style=\"padding-left: 80px; color: #333333; text-align: justify;\"><li>une convention de prestation de service avec les communes et l\u2019agglom\u00e9ration qui d\u00e9finira les engagements des parties et leur cadre d\u2019intervention (CF\u00a0: convention en annexe).<\/li><\/ul><p style=\"padding-left: 80px; color: #333333; text-align: justify;\"><em>Madame Sylvie NICOLAS (qui travaille dans ce domaine) pr\u00e9cise qu\u2019effectivement la r\u00e9glementation est tr\u00e8s pointue et tr\u00e8s technique. De plus, il faut vraiment \u00eatre tr\u00e8s strict sur les proc\u00e9dures sous peine de ne pas les voir aboutir.<br \/>Monsieur Michel HENNAUT demande si on peut demander le remboursement aux propri\u00e9taires des 73\u20ac.<\/em><\/p><p style=\"padding-left: 40px; color: #333333;\"><strong>Le Conseil Municipal,<\/strong> apr\u00e8s en avoir d\u00e9lib\u00e9r\u00e9,<br \/>par\u00a022 voix pour,\u00a00 voix contre,\u00a00\u00a0abstention<\/p><table width=\"75%\"><tbody><tr><td style=\"color: #333333;\" width=\"25%\"><strong>AUTORISE<\/strong><\/td><td style=\"color: #333333; text-align: justify;\" width=\"75%\">Monsieur Le Maire, \u00e0 signer la convention de prestation de service avec La Porte du Hainaut jointe en annexe<\/td><\/tr><tr><td style=\"color: #333333;\" width=\"25%\"><strong>INSCRIT<\/strong><\/td><td style=\"color: #333333; text-align: justify;\" width=\"75%\">au budget les cr\u00e9dits n\u00e9cessaires au service mis en place par la CAPH<\/td><\/tr><tr><td style=\"color: #333333;\" width=\"25%\"><strong>AUTORISE<\/strong><\/td><td style=\"color: #333333; text-align: justify;\" width=\"75%\">Monsieur Le Maire, \u00e0 signer le protocole d\u2019accord partenarial de Lutte contre l\u2019Habitat Indigne<\/td><\/tr><\/tbody><\/table><p style=\"padding-left: 40px; color: #333333; text-align: justify;\"><em>Madame Raymonde BOHERE sera la r\u00e9f\u00e9rente et Mesdames Armelle BOURLET et Sylvie NICOLAS pourront apporter leurs connaissances professionnelles. <\/em><\/p><p><span id=\"CM15012021Six\" style=\"color: #333333;\"><strong><u>6. D\u00e9lib\u00e9ration \u00c9tat de non valeur<\/u><\/strong><\/span><\/p><p style=\"padding-left: 40px; color: #333333; text-align: justify;\"><em>Le percepteur apr\u00e8s avoir \u00e9puis\u00e9 tous les recours possibles nous a transmis un \u00e9tat des titres qui ne seront pas recouvr\u00e9s\u00a0:<\/em><\/p><ul style=\"padding-left: 40px; color: #333333; text-align: justify;\"><li><em>pour un montant total de 170.00\u20ac en 2010<\/em><\/li><li><em>pour un montant total de 367.05\u20ac de 2011<\/em><\/li><li><em>Soit\u00a0: 537.05\u20ac<\/em><\/li><\/ul><p style=\"padding-left: 40px; color: #333333;\"><strong>Le Conseil Municipal,<\/strong> apr\u00e8s en avoir d\u00e9lib\u00e9r\u00e9,<br \/>par\u00a022 voix pour,\u00a00 voix contre,\u00a00\u00a0abstention<\/p><table width=\"75%\"><tbody><tr><td style=\"color: #333333;\" width=\"25%\"><strong>DECIDE<\/strong> D\u2019INSCRIRE et DE MANDATER<\/td><td style=\"color: #333333; text-align: justify;\" width=\"75%\">sur le budget 2020 les \u00e9tats de non-valeur pr\u00e9sent\u00e9s ci-dessus et transmis par le percepteur.<\/td><\/tr><\/tbody><\/table><p><span id=\"CM15012021Huit\" style=\"color: #333333;\"><strong><u>D\u00e9lib\u00e9ration en rajout sur la classe de neige :<\/u><\/strong><\/span><\/p><p style=\"padding-left: 40px; color: #333333; text-align: justify;\"><em>Monsieur Le Maire explique que l\u2019on n\u2019est pas certain que le s\u00e9jour de neige puisse se faire tant au niveau sanitaire que pour les activit\u00e9s.<br \/>38 \u00e9l\u00e8ves partiraient.<br \/>Le chalet ne serait r\u00e9serv\u00e9 que pour la commune de Thiant\u2026<\/em><\/p><p style=\"padding-left: 40px; color: #333333;\"><strong>Le Conseil Municipal,<\/strong> apr\u00e8s en avoir d\u00e9lib\u00e9r\u00e9,<br \/>par\u00a022 voix pour,\u00a00 voix contre,\u00a00\u00a0abstention<\/p><table width=\"75%\"><tbody><tr><td style=\"color: #333333;\" width=\"25%\"><strong>DECIDE<\/strong><\/td><td style=\"color: #333333; text-align: justify;\" width=\"75%\">que si le s\u00e9jour ne peut se faire car pas de remont\u00e9es m\u00e9caniques en service alors les enfants de cette ann\u00e9e partiront en 2022.<\/td><\/tr><\/tbody><\/table><p style=\"padding-left: 40px; color: #333333; text-align: justify;\"><em>Accompagnants parmi les \u00e9lus\u00a0: Michel HENNAUT, Martine PREVOST, J\u00e9r\u00f4me CARLIER, Doroth\u00e9e DEMAIN<\/em><\/p><p><span id=\"CM15012021Neuf\" style=\"color: #333333;\"><strong><u>D\u00e9lib\u00e9ration en rajout Biblioth\u00e8que :<\/u><\/strong><\/span><\/p><p style=\"padding-left: 40px; color: #333333; text-align: justify;\"><em>Monsieur Le Maire explique qu\u2019un des riverains de la biblioth\u00e8que conteste le bornage propos\u00e9.<br \/>Pour le moment nous n\u2019avons qu\u2019une contestation verbale. Un dernier avis en recommand\u00e9 lui sera adress\u00e9 et un rendez vous est fix\u00e9 sur place le 1<sup>er<\/sup> f\u00e9vrier pour une concertation.<br \/>Dans le cas o\u00f9 celle-ci n\u2019aboutirait pas il faudra ensuite faire une proc\u00e9dure en justice.<br \/>Et dans ce cas la d\u00e9molition serait en suspens.<br \/>C\u2019est pourquoi il est demand\u00e9 d\u2019autoriser Monsieur Le maire si n\u00e9cessaire \u00e0 aller en justice d\u00e9fendre le sujet.<\/em><\/p><p style=\"padding-left: 40px; color: #333333;\"><strong>Le Conseil Municipal,<\/strong> apr\u00e8s en avoir d\u00e9lib\u00e9r\u00e9,<br \/>par\u00a022 voix pour,\u00a00 voix contre,\u00a00\u00a0abstention<\/p><table width=\"75%\"><tbody><tr><td style=\"color: #333333;\" width=\"25%\"><strong>AUTORISE<\/strong><\/td><td style=\"color: #333333; text-align: justify;\" width=\"75%\">Monsieur Le Maire \u00e0 ester en justice si besoin.<\/td><\/tr><\/tbody><\/table><p><span id=\"CM15012021Sept\" style=\"color: #333333;\"><strong><u>7. Questions diverses<\/u><\/strong><\/span><\/p><p style=\"padding-left: 40px; color: #333333;\">Nouvelles attestations pour les \u00e9lus seront distribu\u00e9es lundi.<\/p><p style=\"padding-left: 40px; color: #333333; text-align: justify;\"><strong><u>Actualisations des commissions<\/u><\/strong><\/p><table width=\"100%\"><tbody><tr><td style=\"color: #333333; text-align: center;\" colspan=\"2\"><big><strong>Finances<\/strong><\/big><\/td><\/tr><tr><td style=\"color: #333333;\" width=\"25%\"><strong>Pr\u00e9sident\u00a0:<\/strong><\/td><td style=\"color: #333333;\" width=\"75%\">Monsieur Jean-Marie LECERF<\/td><\/tr><tr><td style=\"color: #333333;\" width=\"25%\"><strong>Vice-Pr\u00e9sident\u00a0:<\/strong><\/td><td style=\"color: #333333;\" width=\"75%\">Monsieur Guy VANDERBEC<\/td><\/tr><tr><td style=\"color: #333333;\" width=\"25%\"><strong>Membres\u00a0:<\/strong><\/td><td style=\"color: #333333;\" width=\"75%\">&#8211; Monsieur Philippe WAELKENS<br \/>&#8211; Madame Martine PREVOST<br \/>&#8211; Madame C\u00e9line TRACHMAN<br \/>&#8211; Monsieur Jean-Claude BAH<br \/>&#8211; Monsieur Sylvain LEFEBVRE rempla\u00e7ant M. Jimmy LAURENT<\/td><\/tr><tr><td style=\"color: #333333; text-align: center;\" colspan=\"2\"><big><strong>Urbanisme, s\u00e9curit\u00e9 et travaux<\/strong><\/big><\/td><\/tr><tr><td style=\"color: #333333;\" width=\"25%\"><strong>Pr\u00e9sident\u00a0:<\/strong><\/td><td style=\"color: #333333;\" width=\"75%\">Monsieur Jean-Marie LECERF<\/td><\/tr><tr><td style=\"color: #333333;\" width=\"25%\"><strong>Vice-Pr\u00e9sident\u00a0:<\/strong><\/td><td style=\"color: #333333;\" width=\"75%\">\u00a0<\/td><\/tr><tr><td style=\"color: #333333;\" width=\"25%\"><strong>Membres\u00a0:<\/strong><\/td><td style=\"color: #333333;\" width=\"75%\">&#8211; Monsieur J\u00e9r\u00f4me CARLIER<br \/>&#8211; Monsieur Bernard LEPEZ<br \/>&#8211; Madame Sylvie DEVOS<br \/>&#8211; Monsieur Bernard MALAQUIN<br \/>&#8211; Madame Sylvaine GERARD<br \/>&#8211; Monsieur Sylvain LEFEBVRE rempla\u00e7ante Mme Fran\u00e7oise BAR-DESESPRINGALLE<\/td><\/tr><tr><td style=\"color: #333333; text-align: center;\" colspan=\"2\"><big><strong>F\u00eates et c\u00e9r\u00e9monies<\/strong><\/big><\/td><\/tr><tr><td style=\"color: #333333;\" width=\"25%\"><strong>Pr\u00e9sident\u00a0:<\/strong><\/td><td style=\"color: #333333;\" width=\"75%\">Monsieur Jean-Marie LECERF<\/td><\/tr><tr><td style=\"color: #333333;\" width=\"25%\"><strong>Vice-Pr\u00e9sident\u00a0:<\/strong><\/td><td style=\"color: #333333;\" width=\"75%\">Monsieur C\u00e9dric DUQUESNOY<\/td><\/tr><tr><td style=\"color: #333333;\" width=\"25%\"><strong>Membres\u00a0:<\/strong><\/td><td style=\"color: #333333;\" width=\"75%\">&#8211; Monsieur J\u00e9r\u00f4me CARLIER<br \/>&#8211; Madame Sylvaine GERARD<br \/>&#8211; Madame C\u00e9line TRACHMAN<br \/>&#8211; Madame Sylvie NICOLAS<br \/>&#8211; Monsieur Bernard MALAQUIN<br \/>&#8211; Monsieur Jimmy LAURENT rempla\u00e7ante Mme Doroth\u00e9e DEMAIN<\/td><\/tr><tr><td style=\"color: #333333; text-align: center;\" colspan=\"2\"><big><strong>Sports et vie associative<\/strong><\/big><\/td><\/tr><tr><td style=\"color: #333333;\" width=\"25%\"><strong>Pr\u00e9sident\u00a0:<\/strong><\/td><td style=\"color: #333333;\" width=\"75%\">Monsieur Jean-Marie LECERF<\/td><\/tr><tr><td style=\"color: #333333;\" width=\"25%\"><strong>Vice-Pr\u00e9sident\u00a0:<\/strong><\/td><td style=\"color: #333333;\" width=\"75%\">Monsieur Michel HENNAUT<\/td><\/tr><tr><td style=\"color: #333333;\" width=\"25%\"><strong>Membres\u00a0:<\/strong><\/td><td style=\"color: #333333;\" width=\"75%\">&#8211; Monsieur Michel HENNAUT<br \/>&#8211; Madame C\u00e9line DUMAINE<br \/>&#8211; Madame Sylvaine GERARD<br \/>&#8211; Monsieur Philippe WAELKENS<br \/>&#8211; Monsieur J\u00e9r\u00f4me CARLIER<br \/>&#8211; Madame Doroth\u00e9e DEMAIN rempla\u00e7ant M Jimmy LAURENT<\/td><\/tr><tr><td style=\"color: #333333; text-align: center;\" colspan=\"2\"><big><strong>Cadre de vie S\u00e9curit\u00e9 Environnement<\/strong><\/big><\/td><\/tr><tr><td style=\"color: #333333;\" width=\"25%\"><strong>Pr\u00e9sident\u00a0:<\/strong><\/td><td style=\"color: #333333;\" width=\"75%\">Monsieur Jean-Marie LECERF<\/td><\/tr><tr><td style=\"color: #333333;\" width=\"25%\"><strong>Vice-Pr\u00e9sident\u00a0:<\/strong><\/td><td style=\"color: #333333;\" width=\"75%\">Monsieur Philippe WAELKENS<\/td><\/tr><tr><td style=\"color: #333333;\" width=\"25%\"><strong>Membres\u00a0:<\/strong><\/td><td style=\"color: #333333;\" width=\"75%\">&#8211; Monsieur Bernard MALAQUIN<br \/>&#8211; Monsieur J\u00e9r\u00f4me CARLIER<br \/>&#8211; Madame Sylvie DEVOS<br \/>&#8211; Madame Sylvie NICOLAS<br \/>&#8211; Madame C\u00e9line TRACHMAN<br \/>&#8211; Monsieur Jimmy LAURENT rempla\u00e7ant M Sylvain LEFEBVRE<\/td><\/tr><tr><td style=\"color: #333333; text-align: center;\" colspan=\"2\"><big><strong>Enfance Jeunesse Accueil de loisirs<\/strong><\/big><\/td><\/tr><tr><td style=\"color: #333333;\" width=\"25%\"><strong>Pr\u00e9sident\u00a0:<\/strong><\/td><td style=\"color: #333333;\" width=\"75%\">Monsieur Jean-Marie LECERF<\/td><\/tr><tr><td style=\"color: #333333;\" width=\"25%\"><strong>Vice-Pr\u00e9sidente\u00a0:<\/strong><\/td><td style=\"color: #333333;\" width=\"75%\">Madame St\u00e9phanie WATTIEZ<\/td><\/tr><tr><td style=\"color: #333333;\" width=\"25%\"><strong>Membres\u00a0:<\/strong><\/td><td style=\"color: #333333;\" width=\"75%\">&#8211; Madame Sylvaine GERARD<br \/>&#8211; Madame Armelle BOURLET<br \/>&#8211; Monsieur C\u00e9dric DUQUESNOY<br \/>&#8211; Monsieur Michel HENNAUT<br \/>&#8211; Madame C\u00e9line DUMAINE<br \/>&#8211; Monsieur Sylvain LEFEBVRE rempla\u00e7ant M Jimmy LAURENT<\/td><\/tr><tr><td style=\"color: #333333; text-align: center;\" colspan=\"2\"><big><strong>Logement D\u00e9veloppement social et Sant\u00e9<\/strong><\/big><\/td><\/tr><tr><td style=\"color: #333333;\" width=\"25%\"><strong>Pr\u00e9sident\u00a0:<\/strong><\/td><td style=\"color: #333333;\" width=\"75%\">Monsieur Jean-Marie LECERF<\/td><\/tr><tr><td style=\"color: #333333;\" width=\"25%\"><strong>Vice-Pr\u00e9sidente\u00a0:<\/strong><\/td><td style=\"color: #333333;\" width=\"75%\">Madame Raymonde BOHERE<\/td><\/tr><tr><td style=\"color: #333333;\" width=\"25%\"><strong>Membres\u00a0:<\/strong><\/td><td style=\"color: #333333;\" width=\"75%\">&#8211; Madame Martine PREVOST<br \/>&#8211; Madame Sylvie DEVOS<br \/>&#8211; Monsieur Jean-Claude BAH<br \/>&#8211; Madame Armelle BOURLET<br \/>&#8211; Madame Sylvie NICOLAS<br \/>&#8211; Madame Doroth\u00e9e DEMAIN rempla\u00e7ante Madame Fran\u00e7oise BAR-DESESPRINGALLE<\/td><\/tr><tr><td style=\"color: #333333; text-align: center;\" colspan=\"2\"><big><strong>Culture Citoyennet\u00e9 Nouvelles technologies<\/strong><\/big><\/td><\/tr><tr><td style=\"color: #333333;\" width=\"25%\"><strong>Pr\u00e9sident\u00a0:<\/strong><\/td><td style=\"color: #333333;\" width=\"75%\">Monsieur Jean-Marie LECERF<\/td><\/tr><tr><td style=\"color: #333333;\" width=\"25%\"><strong>Vice-Pr\u00e9sidente\u00a0:<\/strong><\/td><td style=\"color: #333333;\" width=\"75%\">Madame C\u00e9line DUMAINE<\/td><\/tr><tr><td style=\"color: #333333;\" width=\"25%\"><strong>Membres\u00a0:<\/strong><\/td><td style=\"color: #333333;\" width=\"75%\">&#8211; Madame Martine PREVOST<br \/>&#8211; Madame Sylvaine GERARD<br \/>&#8211; Madame C\u00e9line TRACHMAN<br \/>&#8211; Madame Sylvie NICOLAS<br \/>&#8211; Monsieur C\u00e9dric DUQUESNOY<br \/>&#8211; Monsieur Sylvain LEFEBVRE rempla\u00e7ant M Jimmy LAURENT<\/td><\/tr><tr><td style=\"color: #333333; text-align: center;\" colspan=\"2\"><big><strong>Affaires Scolaires Ecoles de Danse et Musique<\/strong><\/big><\/td><\/tr><tr><td style=\"color: #333333;\" width=\"25%\"><strong>Pr\u00e9sident\u00a0:<\/strong><\/td><td style=\"color: #333333;\" width=\"75%\">Monsieur Jean-Marie LECERF<\/td><\/tr><tr><td style=\"color: #333333;\" width=\"25%\"><strong>Vice-Pr\u00e9sident\u00a0:<\/strong><\/td><td style=\"color: #333333;\" width=\"75%\">Monsieur Marc WATTIEZ<\/td><\/tr><tr><td style=\"color: #333333;\" width=\"25%\"><strong>Membres\u00a0:<\/strong><\/td><td style=\"color: #333333;\" width=\"75%\">&#8211; Madame C\u00e9line TRACHMAN<br \/>&#8211; Madame Sylvaine GERARD<br \/>&#8211; Madame C\u00e9line DUMAINE<br \/>&#8211; Madame Raymonde BOHERE<br \/>&#8211; Madame Armelle BOURLET<br \/>&#8211; Madame Fran\u00e7oise BAR-DESESPRINGALLE rempla\u00e7ant M Sylvain LEFEBVRE<\/td><\/tr><tr><td style=\"color: #333333; text-align: center;\" colspan=\"2\"><big><strong>Informations Communications<\/strong><\/big><\/td><\/tr><tr><td style=\"color: #333333;\" width=\"25%\"><strong>Pr\u00e9sident\u00a0:<\/strong><\/td><td style=\"color: #333333;\" width=\"75%\">Monsieur Jean-Marie LECERF<\/td><\/tr><tr><td style=\"color: #333333;\" width=\"25%\"><strong>Vice-Pr\u00e9sidente\u00a0:<\/strong><\/td><td style=\"color: #333333;\" width=\"75%\">Madame St\u00e9phanie WATTIEZ<\/td><\/tr><tr><td style=\"color: #333333;\" width=\"25%\"><strong>Membres\u00a0:<\/strong><\/td><td style=\"color: #333333;\" width=\"75%\">&#8211; Madame Sylvaine GERARD<br \/>&#8211; Madame C\u00e9line DUMAINE<br \/>&#8211; Monsieur Philippe WAELKENS<br \/>&#8211; Monsieur Marc WATTIEZ<br \/>&#8211; Monsieur C\u00e9dric DUQUESNOY<br \/>&#8211; Madame Fran\u00e7oise BAR-DESESPRINGALLE rempla\u00e7ant M Sylvain LEFEBVRE<\/td><\/tr><tr><td style=\"color: #333333; text-align: center;\" colspan=\"2\"><big><strong>SIDEGAV<\/strong><\/big><\/td><\/tr><tr><td style=\"color: #333333;\" width=\"25%\"><strong>Titulaire\u00a0:<\/strong><\/td><td style=\"color: #333333;\" width=\"75%\">C\u00e9dric DUQUESNOY<\/td><\/tr><tr><td style=\"color: #333333;\" width=\"25%\"><strong>Suppl\u00e9ante\u00a0:<\/strong><\/td><td style=\"color: #333333;\" width=\"75%\">Sylvaine GERARD<\/td><\/tr><tr><td style=\"color: #333333; text-align: center;\" colspan=\"2\"><big><strong>Association remembrement<\/strong><\/big><\/td><\/tr><tr><td style=\"color: #333333;\" width=\"25%\"><strong>Titulaire\u00a0:<\/strong><\/td><td style=\"color: #333333;\" width=\"75%\">Monsieur Marc WATTIEZ<\/td><\/tr><tr><td style=\"color: #333333; text-align: center;\" colspan=\"2\"><big><strong>Comit\u00e9 des Ages<\/strong><\/big><\/td><\/tr><tr><td style=\"color: #333333;\" width=\"25%\"><strong>Suppl\u00e9ante\u00a0:<\/strong><\/td><td style=\"color: #333333;\" width=\"75%\">Madame St\u00e9phanie WATTIEZ<\/td><\/tr><\/tbody><\/table><ul style=\"color: #333333; text-align: justify;\"><li><strong>Etat financier actuel suite au v\u00e9hicule vol\u00e9\u00a0:<\/strong><br \/>Remboursement assurance\u00a0: 27\u00a0500\u20ac<br \/>Cout location\u00a0: 8484.92<br \/>Achat nouveau camion\u00a0: 46\u00a0795.44\u20ac<br \/>Porte du garage\u00a0: 7\u00a0536.00\u20ac<\/li><li><strong>Les Proc\u00e8s-verbaux du conseil <\/strong>:<br \/><em>Monsieur Sylvain LEFEBVRE pr\u00e9cise que les PV ne sont pas t\u00e9l\u00e9chargeables sur le site.<br \/>Ils seraient juste consultables et pas t\u00e9l\u00e9chargeables.<br \/>Apr\u00e8s v\u00e9rification en direct ils sont bien consultables et t\u00e9l\u00e9chargeables\u2026 pas de probl\u00e8me du c\u00f4t\u00e9 de la Mairie.<br \/>Cependant la pr\u00e9sentation va \u00eatre modifi\u00e9e pour un acc\u00e8s plus facile et plus pertinent.<br \/>Et l\u2019ordre chronologique va \u00eatre invers\u00e9.<\/em><\/li><li><strong>Organigramme op\u00e9rationnel des services a \u00e9t\u00e9 pr\u00e9sent\u00e9 au conseil municipal<\/strong><br \/><em>Pr\u00e9sentation des agents et des locaux sera envisag\u00e9e quand le contexte sanitaire sera plus sein.<\/em><\/li><li><strong>Protocole sanitaire de l\u2019\u00c9cole<\/strong><br \/><em>Madame Martine PREVOST pr\u00e9cise que le protocole sanitaire appliqu\u00e9 \u00e0 l\u2019\u00e9cole a \u00e9t\u00e9 vraiment bien pr\u00e9cis et respecte bien les consignes sanitaires, et \u00a0la distanciation\u2026 Un travail a \u00e9t\u00e9 fait et elle a pu le constater lors de son aide au sein de la cantine pendant 3 semaines<br \/>En effet, m\u00eame si le protocole sanitaire a \u00e9t\u00e9 parfois all\u00e9g\u00e9 par le minist\u00e8re de l\u2019\u00e9ducation nationale, celui qu\u2019on applique \u00e0 la commune est rest\u00e9 strict et n\u2019a pas \u00e9t\u00e9 all\u00e9g\u00e9 de notre cot\u00e9. Et aux vues des derni\u00e8res annonces gouvernementales, il n\u2019est n\u00e9cessaire de modifier pour notre part le protocole d\u2019ailleurs. Nous avons opt\u00e9 pour une continuit\u00e9 et les enfants comme le personnel s\u2019y retrouvent.<\/em><\/li><li><strong>Antenne 5G<\/strong><br \/><em>Madame Martine PREVOST demande si on peut faire un r\u00e9capitulatif des d\u00e9marches li\u00e9es sur l\u2019installation des antennes 5G<br \/>La commune n\u2019a pas de possibilit\u00e9 de s\u2019opposer \u00e0 l\u2019installation d\u2019antennes tant qu\u2019elles respectent les r\u00e8glements d\u2019urbanisme.<br \/>Monsieur Le Maire explique que l\u2019agglom\u00e9ration de la porte du hainaut a fait un moratoire.<\/em><\/li><li><strong>Test antig\u00e9nique \u00e0 la salle de l\u2019enfance en lien avec la pharmacie<\/strong><\/li><\/ul><p style=\"padding-left: 40px; color: #333333;\"><strong>Fin de s\u00e9ance lev\u00e9e \u00e0 21h<\/strong><\/p><p style=\"text-align: right; color: #333333;\"><strong>La Secr\u00e9taire de S\u00e9ance<br \/>C\u00e9line DUMAINE<\/strong><\/p><\/div>\n\t\t\t\t\t\t\t<\/div>\n\t\t<\/div>\n\t\t\t\t\t\t<\/div>\n\t\t\t\t<\/div>\n\t\t\t\t\t<\/div>\n\t\t<\/div>\n\t\t\t\t\t<\/div>\n\t\t<\/section>\n\t\t\t\t<\/div>\n\t\t","protected":false},"excerpt":{"rendered":"<p>Conseils Municipaux Conseils Municipaux 2021 07\/12 24\/09 29\/06 09\/04 19\/02 15\/01 07\/12 Compte-rendu du Conseil Municipal du 7 d\u00e9cembre 2021 \u00e0 18h30 Date de la convocation&nbsp;:&nbsp;&nbsp;&nbsp;&nbsp;&nbsp;&nbsp;&nbsp;&nbsp; 29 novembre 2021 Date de l\u2019affichage&nbsp;: &nbsp;&nbsp; &nbsp;&nbsp;&nbsp;&nbsp;&nbsp;&nbsp;&nbsp;&nbsp;&nbsp;&nbsp;&nbsp; 29 novembre 2021 L\u2019an deux mil vingt et un, le sept d\u00e9cembre \u00e0 dix-huit heures trente, le Conseil Municipal de Thiant, [&hellip;]<\/p>\n","protected":false},"author":1,"featured_media":0,"parent":1505,"menu_order":1,"comment_status":"closed","ping_status":"closed","template":"","meta":{"_crdt_document":"","ocean_post_layout":"","ocean_both_sidebars_style":"","ocean_both_sidebars_content_width":0,"ocean_both_sidebars_sidebars_width":0,"ocean_sidebar":"0","ocean_second_sidebar":"0","ocean_disable_margins":"enable","ocean_add_body_class":"","ocean_shortcode_before_top_bar":"","ocean_shortcode_after_top_bar":"","ocean_shortcode_before_header":"","ocean_shortcode_after_header":"","ocean_has_shortcode":"","ocean_shortcode_after_title":"","ocean_shortcode_before_footer_widgets":"","ocean_shortcode_after_footer_widgets":"","ocean_shortcode_before_footer_bottom":"","ocean_shortcode_after_footer_bottom":"","ocean_display_top_bar":"default","ocean_display_header":"default","ocean_header_style":"","ocean_center_header_left_menu":"0","ocean_custom_header_template":"0","ocean_custom_logo":0,"ocean_custom_retina_logo":0,"ocean_custom_logo_max_width":0,"ocean_custom_logo_tablet_max_width":0,"ocean_custom_logo_mobile_max_width":0,"ocean_custom_logo_max_height":0,"ocean_custom_logo_tablet_max_height":0,"ocean_custom_logo_mobile_max_height":0,"ocean_header_custom_menu":"0","ocean_menu_typo_font_family":"0","ocean_menu_typo_font_subset":"","ocean_menu_typo_font_size":0,"ocean_menu_typo_font_size_tablet":0,"ocean_menu_typo_font_size_mobile":0,"ocean_menu_typo_font_size_unit":"px","ocean_menu_typo_font_weight":"","ocean_menu_typo_font_weight_tablet":"","ocean_menu_typo_font_weight_mobile":"","ocean_menu_typo_transform":"","ocean_menu_typo_transform_tablet":"","ocean_menu_typo_transform_mobile":"","ocean_menu_typo_line_height":0,"ocean_menu_typo_line_height_tablet":0,"ocean_menu_typo_line_height_mobile":0,"ocean_menu_typo_line_height_unit":"","ocean_menu_typo_spacing":0,"ocean_menu_typo_spacing_tablet":0,"ocean_menu_typo_spacing_mobile":0,"ocean_menu_typo_spacing_unit":"","ocean_menu_link_color":"","ocean_menu_link_color_hover":"","ocean_menu_link_color_active":"","ocean_menu_link_background":"","ocean_menu_link_hover_background":"","ocean_menu_link_active_background":"","ocean_menu_social_links_bg":"","ocean_menu_social_hover_links_bg":"","ocean_menu_social_links_color":"","ocean_menu_social_hover_links_color":"","ocean_disable_title":"default","ocean_disable_heading":"default","ocean_post_title":"","ocean_post_subheading":"","ocean_post_title_style":"","ocean_post_title_background_color":"","ocean_post_title_background":0,"ocean_post_title_bg_image_position":"","ocean_post_title_bg_image_attachment":"","ocean_post_title_bg_image_repeat":"","ocean_post_title_bg_image_size":"","ocean_post_title_height":0,"ocean_post_title_bg_overlay":0.5,"ocean_post_title_bg_overlay_color":"","ocean_disable_breadcrumbs":"default","ocean_breadcrumbs_color":"","ocean_breadcrumbs_separator_color":"","ocean_breadcrumbs_links_color":"","ocean_breadcrumbs_links_hover_color":"","ocean_display_footer_widgets":"default","ocean_display_footer_bottom":"default","ocean_custom_footer_template":"0","footnotes":""},"class_list":["post-4283","page","type-page","status-publish","hentry","entry"],"yoast_head":"<!-- This site is optimized with the Yoast SEO plugin v27.3 - https:\/\/yoast.com\/product\/yoast-seo-wordpress\/ -->\n<title>Conseils Municipaux 2021 - Ville de Thiant<\/title>\n<meta name=\"robots\" content=\"index, follow, max-snippet:-1, max-image-preview:large, max-video-preview:-1\" \/>\n<link rel=\"canonical\" href=\"https:\/\/thiant.fr\/wordpress\/conseils-municipaux\/conseils-municipaux-2021\/\" \/>\n<meta property=\"og:locale\" content=\"fr_FR\" \/>\n<meta property=\"og:type\" content=\"article\" \/>\n<meta property=\"og:title\" content=\"Conseils Municipaux 2021 - Ville de Thiant\" \/>\n<meta property=\"og:description\" content=\"Conseils Municipaux Conseils Municipaux 2021 07\/12 24\/09 29\/06 09\/04 19\/02 15\/01 07\/12 Compte-rendu du Conseil Municipal du 7 d\u00e9cembre 2021 \u00e0 18h30 Date de la convocation&nbsp;:&nbsp;&nbsp;&nbsp;&nbsp;&nbsp;&nbsp;&nbsp;&nbsp; 29 novembre 2021 Date de l\u2019affichage&nbsp;: &nbsp;&nbsp; &nbsp;&nbsp;&nbsp;&nbsp;&nbsp;&nbsp;&nbsp;&nbsp;&nbsp;&nbsp;&nbsp; 29 novembre 2021 L\u2019an deux mil vingt et un, le sept d\u00e9cembre \u00e0 dix-huit heures trente, le Conseil Municipal de Thiant, [&hellip;]\" \/>\n<meta property=\"og:url\" content=\"https:\/\/thiant.fr\/wordpress\/conseils-municipaux\/conseils-municipaux-2021\/\" \/>\n<meta property=\"og:site_name\" content=\"Ville de Thiant\" \/>\n<meta property=\"article:modified_time\" content=\"2022-05-06T12:25:51+00:00\" \/>\n<meta property=\"og:image\" content=\"https:\/\/thiant.fr\/wordpress\/wp-content\/uploads\/2022\/05\/PV-CM-DU-07122021-SIGNE-212x300.png\" \/>\n<meta name=\"twitter:card\" content=\"summary_large_image\" \/>\n<meta name=\"twitter:label1\" content=\"Dur\u00e9e de lecture estim\u00e9e\" \/>\n\t<meta name=\"twitter:data1\" content=\"141 minutes\" \/>\n<script type=\"application\/ld+json\" class=\"yoast-schema-graph\">{\"@context\":\"https:\\\/\\\/schema.org\",\"@graph\":[{\"@type\":\"WebPage\",\"@id\":\"https:\\\/\\\/thiant.fr\\\/wordpress\\\/conseils-municipaux\\\/conseils-municipaux-2021\\\/\",\"url\":\"https:\\\/\\\/thiant.fr\\\/wordpress\\\/conseils-municipaux\\\/conseils-municipaux-2021\\\/\",\"name\":\"Conseils Municipaux 2021 - Ville de Thiant\",\"isPartOf\":{\"@id\":\"https:\\\/\\\/thiant.fr\\\/wordpress\\\/#website\"},\"primaryImageOfPage\":{\"@id\":\"https:\\\/\\\/thiant.fr\\\/wordpress\\\/conseils-municipaux\\\/conseils-municipaux-2021\\\/#primaryimage\"},\"image\":{\"@id\":\"https:\\\/\\\/thiant.fr\\\/wordpress\\\/conseils-municipaux\\\/conseils-municipaux-2021\\\/#primaryimage\"},\"thumbnailUrl\":\"https:\\\/\\\/thiant.fr\\\/wordpress\\\/wp-content\\\/uploads\\\/2022\\\/05\\\/PV-CM-DU-07122021-SIGNE-212x300.png\",\"datePublished\":\"2022-05-03T15:22:48+00:00\",\"dateModified\":\"2022-05-06T12:25:51+00:00\",\"breadcrumb\":{\"@id\":\"https:\\\/\\\/thiant.fr\\\/wordpress\\\/conseils-municipaux\\\/conseils-municipaux-2021\\\/#breadcrumb\"},\"inLanguage\":\"fr-FR\",\"potentialAction\":[{\"@type\":\"ReadAction\",\"target\":[\"https:\\\/\\\/thiant.fr\\\/wordpress\\\/conseils-municipaux\\\/conseils-municipaux-2021\\\/\"]}]},{\"@type\":\"ImageObject\",\"inLanguage\":\"fr-FR\",\"@id\":\"https:\\\/\\\/thiant.fr\\\/wordpress\\\/conseils-municipaux\\\/conseils-municipaux-2021\\\/#primaryimage\",\"url\":\"https:\\\/\\\/thiant.fr\\\/wordpress\\\/wp-content\\\/uploads\\\/2022\\\/05\\\/PV-CM-DU-07122021-SIGNE.png\",\"contentUrl\":\"https:\\\/\\\/thiant.fr\\\/wordpress\\\/wp-content\\\/uploads\\\/2022\\\/05\\\/PV-CM-DU-07122021-SIGNE.png\",\"width\":566,\"height\":800},{\"@type\":\"BreadcrumbList\",\"@id\":\"https:\\\/\\\/thiant.fr\\\/wordpress\\\/conseils-municipaux\\\/conseils-municipaux-2021\\\/#breadcrumb\",\"itemListElement\":[{\"@type\":\"ListItem\",\"position\":1,\"name\":\"Accueil\",\"item\":\"https:\\\/\\\/thiant.fr\\\/wordpress\\\/\"},{\"@type\":\"ListItem\",\"position\":2,\"name\":\"Conseils Municipaux\",\"item\":\"https:\\\/\\\/thiant.fr\\\/wordpress\\\/conseils-municipaux\\\/\"},{\"@type\":\"ListItem\",\"position\":3,\"name\":\"Conseils Municipaux 2021\"}]},{\"@type\":\"WebSite\",\"@id\":\"https:\\\/\\\/thiant.fr\\\/wordpress\\\/#website\",\"url\":\"https:\\\/\\\/thiant.fr\\\/wordpress\\\/\",\"name\":\"Ville de Thiant\",\"description\":\"Site officiel de la ville de Thiant\",\"publisher\":{\"@id\":\"https:\\\/\\\/thiant.fr\\\/wordpress\\\/#organization\"},\"potentialAction\":[{\"@type\":\"SearchAction\",\"target\":{\"@type\":\"EntryPoint\",\"urlTemplate\":\"https:\\\/\\\/thiant.fr\\\/wordpress\\\/?s={search_term_string}\"},\"query-input\":{\"@type\":\"PropertyValueSpecification\",\"valueRequired\":true,\"valueName\":\"search_term_string\"}}],\"inLanguage\":\"fr-FR\"},{\"@type\":\"Organization\",\"@id\":\"https:\\\/\\\/thiant.fr\\\/wordpress\\\/#organization\",\"name\":\"Ville de Thiant\",\"url\":\"https:\\\/\\\/thiant.fr\\\/wordpress\\\/\",\"logo\":{\"@type\":\"ImageObject\",\"inLanguage\":\"fr-FR\",\"@id\":\"https:\\\/\\\/thiant.fr\\\/wordpress\\\/#\\\/schema\\\/logo\\\/image\\\/\",\"url\":\"https:\\\/\\\/thiant.fr\\\/wordpress\\\/wp-content\\\/uploads\\\/2019\\\/08\\\/Thiant_Illdy_4.png\",\"contentUrl\":\"https:\\\/\\\/thiant.fr\\\/wordpress\\\/wp-content\\\/uploads\\\/2019\\\/08\\\/Thiant_Illdy_4.png\",\"width\":105,\"height\":75,\"caption\":\"Ville de Thiant\"},\"image\":{\"@id\":\"https:\\\/\\\/thiant.fr\\\/wordpress\\\/#\\\/schema\\\/logo\\\/image\\\/\"}}]}<\/script>\n<!-- \/ Yoast SEO plugin. -->","yoast_head_json":{"title":"Conseils Municipaux 2021 - Ville de Thiant","robots":{"index":"index","follow":"follow","max-snippet":"max-snippet:-1","max-image-preview":"max-image-preview:large","max-video-preview":"max-video-preview:-1"},"canonical":"https:\/\/thiant.fr\/wordpress\/conseils-municipaux\/conseils-municipaux-2021\/","og_locale":"fr_FR","og_type":"article","og_title":"Conseils Municipaux 2021 - Ville de Thiant","og_description":"Conseils Municipaux Conseils Municipaux 2021 07\/12 24\/09 29\/06 09\/04 19\/02 15\/01 07\/12 Compte-rendu du Conseil Municipal du 7 d\u00e9cembre 2021 \u00e0 18h30 Date de la convocation&nbsp;:&nbsp;&nbsp;&nbsp;&nbsp;&nbsp;&nbsp;&nbsp;&nbsp; 29 novembre 2021 Date de l\u2019affichage&nbsp;: &nbsp;&nbsp; &nbsp;&nbsp;&nbsp;&nbsp;&nbsp;&nbsp;&nbsp;&nbsp;&nbsp;&nbsp;&nbsp; 29 novembre 2021 L\u2019an deux mil vingt et un, le sept d\u00e9cembre \u00e0 dix-huit heures trente, le Conseil Municipal de Thiant, [&hellip;]","og_url":"https:\/\/thiant.fr\/wordpress\/conseils-municipaux\/conseils-municipaux-2021\/","og_site_name":"Ville de Thiant","article_modified_time":"2022-05-06T12:25:51+00:00","og_image":[{"url":"https:\/\/thiant.fr\/wordpress\/wp-content\/uploads\/2022\/05\/PV-CM-DU-07122021-SIGNE-212x300.png","type":"","width":"","height":""}],"twitter_card":"summary_large_image","twitter_misc":{"Dur\u00e9e de lecture estim\u00e9e":"141 minutes"},"schema":{"@context":"https:\/\/schema.org","@graph":[{"@type":"WebPage","@id":"https:\/\/thiant.fr\/wordpress\/conseils-municipaux\/conseils-municipaux-2021\/","url":"https:\/\/thiant.fr\/wordpress\/conseils-municipaux\/conseils-municipaux-2021\/","name":"Conseils Municipaux 2021 - Ville de Thiant","isPartOf":{"@id":"https:\/\/thiant.fr\/wordpress\/#website"},"primaryImageOfPage":{"@id":"https:\/\/thiant.fr\/wordpress\/conseils-municipaux\/conseils-municipaux-2021\/#primaryimage"},"image":{"@id":"https:\/\/thiant.fr\/wordpress\/conseils-municipaux\/conseils-municipaux-2021\/#primaryimage"},"thumbnailUrl":"https:\/\/thiant.fr\/wordpress\/wp-content\/uploads\/2022\/05\/PV-CM-DU-07122021-SIGNE-212x300.png","datePublished":"2022-05-03T15:22:48+00:00","dateModified":"2022-05-06T12:25:51+00:00","breadcrumb":{"@id":"https:\/\/thiant.fr\/wordpress\/conseils-municipaux\/conseils-municipaux-2021\/#breadcrumb"},"inLanguage":"fr-FR","potentialAction":[{"@type":"ReadAction","target":["https:\/\/thiant.fr\/wordpress\/conseils-municipaux\/conseils-municipaux-2021\/"]}]},{"@type":"ImageObject","inLanguage":"fr-FR","@id":"https:\/\/thiant.fr\/wordpress\/conseils-municipaux\/conseils-municipaux-2021\/#primaryimage","url":"https:\/\/thiant.fr\/wordpress\/wp-content\/uploads\/2022\/05\/PV-CM-DU-07122021-SIGNE.png","contentUrl":"https:\/\/thiant.fr\/wordpress\/wp-content\/uploads\/2022\/05\/PV-CM-DU-07122021-SIGNE.png","width":566,"height":800},{"@type":"BreadcrumbList","@id":"https:\/\/thiant.fr\/wordpress\/conseils-municipaux\/conseils-municipaux-2021\/#breadcrumb","itemListElement":[{"@type":"ListItem","position":1,"name":"Accueil","item":"https:\/\/thiant.fr\/wordpress\/"},{"@type":"ListItem","position":2,"name":"Conseils Municipaux","item":"https:\/\/thiant.fr\/wordpress\/conseils-municipaux\/"},{"@type":"ListItem","position":3,"name":"Conseils Municipaux 2021"}]},{"@type":"WebSite","@id":"https:\/\/thiant.fr\/wordpress\/#website","url":"https:\/\/thiant.fr\/wordpress\/","name":"Ville de Thiant","description":"Site officiel de la ville de Thiant","publisher":{"@id":"https:\/\/thiant.fr\/wordpress\/#organization"},"potentialAction":[{"@type":"SearchAction","target":{"@type":"EntryPoint","urlTemplate":"https:\/\/thiant.fr\/wordpress\/?s={search_term_string}"},"query-input":{"@type":"PropertyValueSpecification","valueRequired":true,"valueName":"search_term_string"}}],"inLanguage":"fr-FR"},{"@type":"Organization","@id":"https:\/\/thiant.fr\/wordpress\/#organization","name":"Ville de Thiant","url":"https:\/\/thiant.fr\/wordpress\/","logo":{"@type":"ImageObject","inLanguage":"fr-FR","@id":"https:\/\/thiant.fr\/wordpress\/#\/schema\/logo\/image\/","url":"https:\/\/thiant.fr\/wordpress\/wp-content\/uploads\/2019\/08\/Thiant_Illdy_4.png","contentUrl":"https:\/\/thiant.fr\/wordpress\/wp-content\/uploads\/2019\/08\/Thiant_Illdy_4.png","width":105,"height":75,"caption":"Ville de Thiant"},"image":{"@id":"https:\/\/thiant.fr\/wordpress\/#\/schema\/logo\/image\/"}}]}},"_links":{"self":[{"href":"https:\/\/thiant.fr\/wordpress\/wp-json\/wp\/v2\/pages\/4283","targetHints":{"allow":["GET"]}}],"collection":[{"href":"https:\/\/thiant.fr\/wordpress\/wp-json\/wp\/v2\/pages"}],"about":[{"href":"https:\/\/thiant.fr\/wordpress\/wp-json\/wp\/v2\/types\/page"}],"author":[{"embeddable":true,"href":"https:\/\/thiant.fr\/wordpress\/wp-json\/wp\/v2\/users\/1"}],"replies":[{"embeddable":true,"href":"https:\/\/thiant.fr\/wordpress\/wp-json\/wp\/v2\/comments?post=4283"}],"version-history":[{"count":0,"href":"https:\/\/thiant.fr\/wordpress\/wp-json\/wp\/v2\/pages\/4283\/revisions"}],"up":[{"embeddable":true,"href":"https:\/\/thiant.fr\/wordpress\/wp-json\/wp\/v2\/pages\/1505"}],"wp:attachment":[{"href":"https:\/\/thiant.fr\/wordpress\/wp-json\/wp\/v2\/media?parent=4283"}],"curies":[{"name":"wp","href":"https:\/\/api.w.org\/{rel}","templated":true}]}}