{"id":5359,"date":"2023-03-28T10:22:34","date_gmt":"2023-03-28T08:22:34","guid":{"rendered":"https:\/\/thiant.fr\/wordpress\/?page_id=5359"},"modified":"2024-11-29T15:28:53","modified_gmt":"2024-11-29T14:28:53","slug":"conseils-municipaux-2023","status":"publish","type":"page","link":"https:\/\/thiant.fr\/wordpress\/conseils-municipaux\/conseils-municipaux-2023\/","title":{"rendered":"Conseils Municipaux 2023"},"content":{"rendered":"\t\t<div data-elementor-type=\"wp-page\" data-elementor-id=\"5359\" class=\"elementor elementor-5359\">\n\t\t\t\t\t\t<section class=\"elementor-section elementor-top-section elementor-element elementor-element-6c1e98d elementor-section-boxed elementor-section-height-default elementor-section-height-default\" data-id=\"6c1e98d\" data-element_type=\"section\" data-e-type=\"section\">\n\t\t\t\t\t\t<div class=\"elementor-container elementor-column-gap-default\">\n\t\t\t\t\t<div class=\"elementor-column elementor-col-20 elementor-top-column elementor-element elementor-element-58c35031\" data-id=\"58c35031\" data-element_type=\"column\" data-e-type=\"column\">\n\t\t\t<div class=\"elementor-widget-wrap\">\n\t\t\t\t\t\t\t<\/div>\n\t\t<\/div>\n\t\t\t\t<div class=\"elementor-column elementor-col-20 elementor-top-column elementor-element elementor-element-6a98d1c3\" data-id=\"6a98d1c3\" data-element_type=\"column\" data-e-type=\"column\">\n\t\t\t<div class=\"elementor-widget-wrap\">\n\t\t\t\t\t\t\t<\/div>\n\t\t<\/div>\n\t\t\t\t<div class=\"elementor-column elementor-col-20 elementor-top-column elementor-element elementor-element-37bee498\" data-id=\"37bee498\" data-element_type=\"column\" data-e-type=\"column\">\n\t\t\t<div class=\"elementor-widget-wrap elementor-element-populated\">\n\t\t\t\t\t\t<div class=\"elementor-element elementor-element-7073dc0a elementor-align-center elementor-widget elementor-widget-button\" data-id=\"7073dc0a\" data-element_type=\"widget\" data-e-type=\"widget\" data-widget_type=\"button.default\">\n\t\t\t\t<div class=\"elementor-widget-container\">\n\t\t\t\t\t\t\t\t\t<div class=\"elementor-button-wrapper\">\n\t\t\t\t\t<a class=\"elementor-button elementor-button-link elementor-size-sm\" href=\"https:\/\/thiant.fr\/wordpress\/conseils-municipaux\/\">\n\t\t\t\t\t\t<span class=\"elementor-button-content-wrapper\">\n\t\t\t\t\t\t\t\t\t<span class=\"elementor-button-text\">Conseils Municipaux<\/span>\n\t\t\t\t\t<\/span>\n\t\t\t\t\t<\/a>\n\t\t\t\t<\/div>\n\t\t\t\t\t\t\t\t<\/div>\n\t\t\t\t<\/div>\n\t\t\t\t\t<\/div>\n\t\t<\/div>\n\t\t\t\t<div class=\"elementor-column elementor-col-20 elementor-top-column elementor-element elementor-element-6d8e5040\" data-id=\"6d8e5040\" data-element_type=\"column\" data-e-type=\"column\">\n\t\t\t<div class=\"elementor-widget-wrap\">\n\t\t\t\t\t\t\t<\/div>\n\t\t<\/div>\n\t\t\t\t<div class=\"elementor-column elementor-col-20 elementor-top-column elementor-element elementor-element-510ecc40\" data-id=\"510ecc40\" data-element_type=\"column\" data-e-type=\"column\">\n\t\t\t<div class=\"elementor-widget-wrap\">\n\t\t\t\t\t\t\t<\/div>\n\t\t<\/div>\n\t\t\t\t\t<\/div>\n\t\t<\/section>\n\t\t\t\t<section class=\"elementor-section elementor-top-section elementor-element elementor-element-3640b4a elementor-section-boxed elementor-section-height-default elementor-section-height-default\" data-id=\"3640b4a\" data-element_type=\"section\" data-e-type=\"section\">\n\t\t\t\t\t\t<div class=\"elementor-container elementor-column-gap-default\">\n\t\t\t\t\t<div class=\"elementor-column elementor-col-100 elementor-top-column elementor-element elementor-element-3de0e603\" data-id=\"3de0e603\" data-element_type=\"column\" data-e-type=\"column\">\n\t\t\t<div class=\"elementor-widget-wrap elementor-element-populated\">\n\t\t\t\t\t\t<div class=\"elementor-element elementor-element-2711d2a4 elementor-widget elementor-widget-heading\" data-id=\"2711d2a4\" data-element_type=\"widget\" data-e-type=\"widget\" data-widget_type=\"heading.default\">\n\t\t\t\t<div class=\"elementor-widget-container\">\n\t\t\t\t\t<h2 class=\"elementor-heading-title elementor-size-default\">Conseils Municipaux 2023<\/h2>\t\t\t\t<\/div>\n\t\t\t\t<\/div>\n\t\t\t\t\t<\/div>\n\t\t<\/div>\n\t\t\t\t\t<\/div>\n\t\t<\/section>\n\t\t\t\t<section class=\"elementor-section elementor-top-section elementor-element elementor-element-3a1e221a elementor-section-boxed elementor-section-height-default elementor-section-height-default\" data-id=\"3a1e221a\" data-element_type=\"section\" data-e-type=\"section\">\n\t\t\t\t\t\t<div class=\"elementor-container elementor-column-gap-default\">\n\t\t\t\t\t<div class=\"elementor-column elementor-col-100 elementor-top-column elementor-element elementor-element-77e30913\" data-id=\"77e30913\" data-element_type=\"column\" data-e-type=\"column\">\n\t\t\t<div class=\"elementor-widget-wrap elementor-element-populated\">\n\t\t\t\t\t\t<div class=\"elementor-element elementor-element-773a2a69 elementor-tabs-view-horizontal elementor-widget elementor-widget-tabs\" data-id=\"773a2a69\" data-element_type=\"widget\" data-e-type=\"widget\" data-widget_type=\"tabs.default\">\n\t\t\t\t<div class=\"elementor-widget-container\">\n\t\t\t\t\t\t\t<div class=\"elementor-tabs\">\n\t\t\t<div class=\"elementor-tabs-wrapper\" role=\"tablist\" >\n\t\t\t\t\t\t\t\t\t<div id=\"elementor-tab-title-2001\" class=\"elementor-tab-title elementor-tab-desktop-title\" aria-selected=\"true\" data-tab=\"1\" role=\"tab\" tabindex=\"0\" aria-controls=\"elementor-tab-content-2001\" aria-expanded=\"false\">28\/11<\/div>\n\t\t\t\t\t\t\t\t\t<div id=\"elementor-tab-title-2002\" class=\"elementor-tab-title elementor-tab-desktop-title\" aria-selected=\"false\" data-tab=\"2\" role=\"tab\" tabindex=\"-1\" aria-controls=\"elementor-tab-content-2002\" aria-expanded=\"false\">14\/09<\/div>\n\t\t\t\t\t\t\t\t\t<div id=\"elementor-tab-title-2003\" class=\"elementor-tab-title elementor-tab-desktop-title\" aria-selected=\"false\" data-tab=\"3\" role=\"tab\" tabindex=\"-1\" aria-controls=\"elementor-tab-content-2003\" aria-expanded=\"false\">14\/06<\/div>\n\t\t\t\t\t\t\t\t\t<div id=\"elementor-tab-title-2004\" class=\"elementor-tab-title elementor-tab-desktop-title\" aria-selected=\"false\" data-tab=\"4\" role=\"tab\" tabindex=\"-1\" aria-controls=\"elementor-tab-content-2004\" aria-expanded=\"false\">09\/06<\/div>\n\t\t\t\t\t\t\t\t\t<div id=\"elementor-tab-title-2005\" class=\"elementor-tab-title elementor-tab-desktop-title\" aria-selected=\"false\" data-tab=\"5\" role=\"tab\" tabindex=\"-1\" aria-controls=\"elementor-tab-content-2005\" aria-expanded=\"false\">24\/05<\/div>\n\t\t\t\t\t\t\t\t\t<div id=\"elementor-tab-title-2006\" class=\"elementor-tab-title elementor-tab-desktop-title\" aria-selected=\"false\" data-tab=\"6\" role=\"tab\" tabindex=\"-1\" aria-controls=\"elementor-tab-content-2006\" aria-expanded=\"false\">30\/03<\/div>\n\t\t\t\t\t\t\t\t\t<div id=\"elementor-tab-title-2007\" class=\"elementor-tab-title elementor-tab-desktop-title\" aria-selected=\"false\" data-tab=\"7\" role=\"tab\" tabindex=\"-1\" aria-controls=\"elementor-tab-content-2007\" aria-expanded=\"false\">27\/02<\/div>\n\t\t\t\t\t\t\t\t\t<div id=\"elementor-tab-title-2008\" class=\"elementor-tab-title elementor-tab-desktop-title\" aria-selected=\"false\" data-tab=\"8\" role=\"tab\" tabindex=\"-1\" aria-controls=\"elementor-tab-content-2008\" aria-expanded=\"false\">10\/01<\/div>\n\t\t\t\t\t\t\t<\/div>\n\t\t\t<div class=\"elementor-tabs-content-wrapper\" role=\"tablist\" aria-orientation=\"vertical\">\n\t\t\t\t\t\t\t\t\t<div class=\"elementor-tab-title elementor-tab-mobile-title\" aria-selected=\"true\" data-tab=\"1\" role=\"tab\" tabindex=\"0\" aria-controls=\"elementor-tab-content-2001\" aria-expanded=\"false\">28\/11<\/div>\n\t\t\t\t\t<div id=\"elementor-tab-content-2001\" class=\"elementor-tab-content elementor-clearfix\" data-tab=\"1\" role=\"tabpanel\" aria-labelledby=\"elementor-tab-title-2001\" tabindex=\"0\" hidden=\"false\"><h6><span style=\"color: #ff0000\">Proc\u00e8s verbal du Conseil Municipal du 28 novembre 2023 \u00e0 18h00<\/span><\/h6><p><a href=\"https:\/\/thiant.fr\/wordpress\/documents_ext\/CM\/CM_2023-11-28.pdf\" target=\"_blank\" rel=\"noopener\"><img fetchpriority=\"high\" decoding=\"async\" class=\"alignnone wp-image-6068 size-medium\" src=\"https:\/\/thiant.fr\/wordpress\/wp-content\/uploads\/2024\/01\/PV_CM28112023-212x300.png\" alt=\"\" width=\"212\" height=\"300\" srcset=\"https:\/\/thiant.fr\/wordpress\/wp-content\/uploads\/2024\/01\/PV_CM28112023-212x300.png 212w, https:\/\/thiant.fr\/wordpress\/wp-content\/uploads\/2024\/01\/PV_CM28112023.png 566w\" sizes=\"(max-width: 212px) 100vw, 212px\" \/><\/a><\/p><p style=\"color: #333333\"><strong>Date de la convocation\u00a0:<\/strong>\u00a0\u00a0\u00a0\u00a0\u00a0\u00a0\u00a0\u00a0 21 novembre 2023<\/p><p style=\"color: #333333\"><strong>Date de l\u2019affichage\u00a0:<\/strong> \u00a0\u00a0 \u00a0\u00a0\u00a0\u00a0\u00a0\u00a0\u00a0\u00a0\u00a0\u00a0\u00a0 21 novembre 2023<\/p><p style=\"color: #333333;padding-left: 40px;text-align: justify\">L&#8217;an deux mil vingt-trois, le 28 novembre \u00e0 dix-huit heures, le Conseil Municipal de Thiant, r\u00e9guli\u00e8rement convoqu\u00e9, s&#8217;est r\u00e9uni en la salle du conseil, rue Anatole France \u00e0 THIANT, sous la Pr\u00e9sidence de Monsieur Marc WATTIEZ, Maire de la Commune.<\/p><p style=\"color: #333333\"><strong>Pr\u00e9sents :<\/strong><\/p><p style=\"color: #333333;padding-left: 40px;text-align: justify\"><strong>Monsieur Marc WATTIEZ, Madame C\u00e9line DUMAINE, Madame St\u00e9phanie WATTIEZ, Monsieur Philippe WAELKENS, Madame Raymonde BOH\u00c8RE, Madame Martine PR\u00c9VOST, Madame Sylvaine G\u00c9RARD, Madame Sylvie DEVOS, Madame Sylvie NICOLAS (Arriv\u00e9e AU POINT N\u00b014), Monsieur Christophe DESPINOY, Madame Armelle BOURLET, Monsieur J\u00e9r\u00f4me CARLIER, Monsieur Bernard MALAQUIN, Madame C\u00e9line TRACHMAN, Monsieur Bernard LEPEZ, Madame Fran\u00e7oise BAR-DESESPRINGALLE, Monsieur Jimmy LAURENT, Monsieur Jean-Michel HARBONNIER<\/strong><\/p><p style=\"color: #333333\"><strong>Excus\u00e9s :<\/strong><\/p><p style=\"color: #333333;padding-left: 40px\"><strong>Monsieur Michel HENNAUT qui donne pouvoir \u00e0 Madame C\u00e9line TRACHMAN<br \/>Monsieur Guy VANDERBEC qui donne pouvoir \u00e0 Monsieur Marc WATTIEZ<br \/>Monsieur Jean-Claude BAH qui donne pouvoir \u00e0 Madame Sylvie DEVOS<br \/>Monsieur Sylvain LEFEBVRE qui donne pouvoir \u00e0 Monsieur Jean-Michel HARBONNIER<\/strong><\/p><p style=\"color: #333333\"><strong>Absents : MM.XXXXX<\/strong><\/p><p style=\"color: #333333\"><strong><u>Ordre du jour<\/u>\u00a0:<\/strong><\/p><ol style=\"color: #333333;padding-left: 40px\"><li><a href=\"#CM28112023Un\">D\u00e9lib\u00e9ration Approbation du proc\u00e8s-verbal du 14 septembre 2023<\/a><\/li><li><a href=\"#CM28112023Deux\">D\u00e9lib\u00e9ration autorisation de remboursement repas cantine et journ\u00e9e ALSH<\/a><\/li><li><a href=\"#CM28112023Trois\">D\u00e9lib\u00e9ration s\u00e9jour de neige 2024<\/a><\/li><li><a href=\"#CM28112023Quatre\">D\u00e9lib\u00e9ration autorisation de signatures pour Monsieur Le Maire convention d&#8217;objectifs m\u00e9diath\u00e8que d\u00e9partementale et lettre d&#8217;engagement<\/a><\/li><li><a href=\"#CM28112023Cinq\">D\u00e9lib\u00e9ration agent recenseur pour le recensement de la population 2024<\/a><\/li><li><a href=\"#CM28112023Six\">D\u00e9lib\u00e9ration annuelle autorisant le recrutement d&#8217;agents contractuels sur des emplois non permanent pour faire face \u00e0 un besoin li\u00e9 \u00e0 un accroissement saisonnier d&#8217;activit\u00e9 &#8211; Centre de Loisirs<\/a><\/li><li><a href=\"#CM28112023Sept\">D\u00e9lib\u00e9ration r\u00e9trocession Voirie Lucie Aubrac<\/a><\/li><li><a href=\"#CM28112023Huit\">Information concernant l&#8217;attribution March\u00e9 D&#8217;\u00c9clairage Public<\/a><\/li><li><a href=\"#CM28112023Neuf\">D\u00e9lib\u00e9ration achat de r\u00e9compenses cartes cadeaux pour bourses concours\u2026<\/a><\/li><li><a href=\"#CM28112023Dix\">D\u00e9lib\u00e9ration modificatives Budg\u00e9taires DM2 DM3 DM4<\/a><\/li><li><a href=\"#CM28112023Onze\">D\u00e9lib\u00e9ration autorisation d&#8217;engagement des d\u00e9penses avant vote du BP 2024<\/a><\/li><li><a href=\"#CM28112023Douze\">D\u00e9lib\u00e9ration subvention Amicale du personnel pour 2024<\/a><\/li><li><a href=\"#CM28112023Treize\">D\u00e9lib\u00e9ration tri s\u00e9lectif dans les b\u00e2timents communaux (rajout 1 du 23\/11\/2023)<\/a><\/li><li><a href=\"#CM28112023Quatorze\">D\u00e9lib\u00e9ration changement de Plan comptable passage de la nomenclature M14 \u00e0 M57 au 1<sup>er<\/sup> janvier 2024(rajout 2 du 24\/11\/2023)<\/a><\/li><li><a href=\"#CM28112023QD\">Questions diverses<\/a><\/li><\/ol><p style=\"color: #333333\"><strong>D\u00e9signation d&#8217;un Secr\u00e9taire de s\u00e9ance : Sylvaine G\u00c9RARD<\/strong><\/p><p style=\"color: #333333\"><strong>Nombre de pouvoirs\u00a0:\u2026 4 pouvoirs&#8230;&#8230;&#8230;&#8230;&#8230;&#8230;&#8230;&#8230;&#8230;&#8230;&#8230;..<\/strong><\/p><p style=\"color: #333333;padding-left: 40px;text-align: justify\"><em>Monsieur Le Maire informe le conseil municipal de la d\u00e9mission de Madame \u00c9milie LEBRUN \u00e0 la date du 29 septembre 2023.<\/em><\/p><div id=\"CM28112023Un\" style=\"color: #333333\"><strong><u>1 &#8211; Approbation du Proc\u00e8s-verbal du 14 septembre 2023<\/u><\/strong><\/div><p style=\"color: #333333;padding-left: 40px;text-align: justify\"><em>Madame St\u00e9phanie WATTIEZ remercie la secr\u00e9taire de s\u00e9ance Madame C\u00e9line DUMAINE pour le condens\u00e9 bibliographique des personnalit\u00e9s choisies pour les noms de Rues.<br \/>Madame Fran\u00e7oise BAR-DESESPRINGALLE demande si la convention correspondant au point 11 sera pr\u00e9sent\u00e9e aux membres du conseil municipal ? Monsieur Le Maire r\u00e9pond affirmativement mais qu&#8217;\u00e0 ce jour nous n&#8217;avons pas d&#8217;\u00e9l\u00e9ments nouveaux \u00e0 pr\u00e9senter.<\/em><\/p><table width=\"75%\"><tbody><tr><td style=\"color: #333333\" width=\"25%\">Consid\u00e9rant<\/td><td style=\"color: #333333;text-align: justify\" width=\"75%\">Le Code G\u00e9n\u00e9ral des Collectivit\u00e9s Territoriales, particuli\u00e8rement les articles L.2121-7 \u00e0 L.2121-28 ;<\/td><\/tr><tr><td style=\"color: #333333\">Consid\u00e9rant<\/td><td style=\"color: #333333;text-align: justify\">qu&#8217;il convient d&#8217;adopter les proc\u00e8s-verbaux des s\u00e9ances du Conseil Municipal.<\/td><\/tr><\/tbody><\/table><p style=\"color: #333333\"><strong>Le Conseil Municipal, apr\u00e8s en avoir d\u00e9lib\u00e9r\u00e9,<\/strong><br \/>par\u00a021 voix pour,\u00a00 voix contre,\u00a00\u00a0abstention<\/p><table><tbody><tr><td style=\"color: #333333\" width=\"25%\"><strong><u>APPROUVE<\/u><\/strong><\/td><td style=\"color: #333333;text-align: justify\" width=\"75%\">le contenu du proc\u00e8s-verbal du 14 septembre 2023, r\u00e9dig\u00e9 par son secr\u00e9taire de s\u00e9ance.<\/td><\/tr><\/tbody><\/table><p style=\"color: #333333;text-align: right\"><em><small>D\u00e9lib\u00e9ration n\u00b0 2023-11-28-D-01<\/small><\/em><\/p><table style=\"text-align: center\" bgcolor=\"#EEEEEE\"><tbody><tr><td style=\"color: #333333;text-align: left\" width=\"25%\"><strong><u>D\u00e9cision<\/u><\/strong><\/td><td style=\"color: #333333;text-align: left\" width=\"25%\">Sur :<\/td><td style=\"color: #333333;text-align: left\" width=\"50%\">17 pr\u00e9sents<\/td><\/tr><tr><td style=\"color: #333333;text-align: left\">\u00a0<\/td><td style=\"color: #333333;text-align: left\">Pour :<\/td><td style=\"color: #333333;text-align: left\">21 dont 4 pouvoirs<\/td><\/tr><tr><td style=\"color: #333333;text-align: left\">\u00a0<\/td><td style=\"color: #333333;text-align: left\">Contre :<\/td><td style=\"color: #333333;text-align: left\">0<\/td><\/tr><tr><td style=\"color: #333333;text-align: left\">\u00a0<\/td><td style=\"color: #333333;text-align: left\">Abstentions :<\/td><td style=\"color: #333333;text-align: left\">0<\/td><\/tr><\/tbody><\/table><div id=\"CM28112023Deux\" style=\"color: #333333\"><strong><u>2 &#8211; D\u00e9lib\u00e9ration autorisation de remboursement repas cantine alsh<\/u><\/strong><\/div><p style=\"color: #333333;padding-left: 40px;text-align: justify\">La facturation des ALSH est \u00e9tablie avant la p\u00e9riode de centre.<br \/>Il est demand\u00e9 aux parents d&#8217;effectuer le paiement des factures avant le premier jour.<br \/>Cependant il arrive que des enfants ne puissent pas participer \u00e0 l&#8217;ALSH pour des raisons m\u00e9dicales.<\/p><p style=\"color: #333333;padding-left: 40px;text-align: justify\">Madame St\u00e9phanie WATTIEZ, Adjointe aux finances, propose qu&#8217;il n&#8217;y ait pas de montant minimum de remboursement pour le moment. Si n\u00e9cessaire la question pourra \u00eatre red\u00e9battue.<\/p><p style=\"color: #333333\"><strong>Le Conseil Municipal, apr\u00e8s en avoir d\u00e9lib\u00e9r\u00e9,<\/strong><br \/>par\u00a021 voix pour,\u00a00 voix contre,\u00a00\u00a0abstention<\/p><table><tbody><tr><td style=\"color: #333333\" width=\"25%\"><strong><u>DECIDE<\/u><\/strong><\/td><td style=\"color: #333333;text-align: justify\" width=\"75%\">qu&#8217;\u00e0 compter du 1<sup>er<\/sup> d\u00e9cembre 2023 les familles pourront \u00eatre rembours\u00e9es pour des repas cantine ou des journ\u00e9es ALSH uniquement sur pr\u00e9sentation de justificatifs m\u00e9dicaux pour maladie et hospitalisation uniquement (certificat m\u00e9dical, certificat hospitalisation)<\/td><\/tr><\/tbody><\/table><p style=\"color: #333333;padding-left: 40px;text-align: right\"><em><small>D\u00e9lib\u00e9ration n\u00b0 2023-11-28-D-02<\/small><\/em><\/p><table align=\"right\" bgcolor=\"#EEEEEE\"><tbody><tr><td style=\"color: #333333;text-align: left\" width=\"25%\"><strong><u>D\u00e9cision<\/u><\/strong><\/td><td style=\"color: #333333;text-align: left\" width=\"25%\">Sur :<\/td><td style=\"color: #333333;text-align: left\" width=\"50%\">17 pr\u00e9sents<\/td><\/tr><tr><td style=\"color: #333333;text-align: left\">\u00a0<\/td><td style=\"color: #333333;text-align: left\">Pour :<\/td><td style=\"color: #333333;text-align: left\">21 dont 4 pouvoirs<\/td><\/tr><tr><td style=\"color: #333333;text-align: left\">\u00a0<\/td><td style=\"color: #333333;text-align: left\">Contre :<\/td><td style=\"color: #333333;text-align: left\">0<\/td><\/tr><tr><td style=\"color: #333333;text-align: left\">\u00a0<\/td><td style=\"color: #333333;text-align: left\">Abstentions :<\/td><td style=\"color: #333333;text-align: left\">0<\/td><\/tr><\/tbody><\/table><div id=\"CM28112023Trois\" style=\"color: #333333\"><strong><u>3 &#8211; D\u00e9lib\u00e9ration s\u00e9jour de neige 2024<\/u><\/strong><\/div><p style=\"color: #333333;padding-left: 40px;text-align: justify\"><em>Pr\u00e9sentation est faite par Madame Sylvie DEVOS<br \/>Date du s\u00e9jour du 02 mars au 09 mars 2024 avec l&#8217;organisme l&#8217;AEROVEN \u00e0 ALBIEZ MONTROND<br \/>37 \u00e9l\u00e8ves de CM2 \u00e0 ce jour inscrits<br \/>2 animateurs encadrant 12 jeunes de la maison des jeunes participeront au m\u00eame s\u00e9jour avec les \u00e9l\u00e8ves de CM2.<br \/>Une r\u00e9union de pr\u00e9sentation a eu lieu avec les parents le 9 novembre \u00e0 la salle des f\u00eates.<br \/>Monsieur Le Maire informe que seulement 2 conseillers municipaux accompagneront le s\u00e9jour.<\/em><\/p><p style=\"color: #333333\"><strong>Le Conseil Municipal, apr\u00e8s en avoir d\u00e9lib\u00e9r\u00e9,<\/strong><br \/>par\u00a021 voix pour,\u00a00 voix contre,\u00a00\u00a0abstention<\/p><table align=\"center\"><tbody><tr><td style=\"color: #333333\"><strong>AUTORISE<\/strong><\/td><td style=\"color: #333333;text-align: justify\">Monsieur Le Maire \u00e0 signer la convention classe de neige avec AROEVEN Nord\/Pas de Calais \u00e0 MARCQ EN BAROEUL pour un s\u00e9jour qui se d\u00e9roulera du 02 AU 09 MARS 2024 \u00e0 ALBIEZ MONTROND<\/td><\/tr><tr><td style=\"color: #333333\"><strong>AUTORISE<\/strong><\/td><td style=\"color: #333333;text-align: justify\">Monsieur le Maire \u00e0 engager toutes d\u00e9penses relative audit s\u00e9jour et que les cr\u00e9dits seront pr\u00e9vus au budget 2024.<\/td><\/tr><tr><td style=\"color: #333333\"><strong>ET DECIDE<\/strong><\/td><td style=\"color: #333333;text-align: justify\"><p>que cette action sera factur\u00e9e aux familles des \u00e9l\u00e8ves de CM2 selon les tarifs ci-dessous :<\/p><ul style=\"color: #333333\"><li>Famille domicili\u00e9e \u00e0 Thiant : <strong>80 \u20ac<\/strong> par enfant<\/li><li>Famille non domicili\u00e9e \u00e0 Thiant : <strong>400 \u20ac<\/strong> par enfant<\/li><\/ul><\/td><\/tr><\/tbody><\/table><p style=\"color: #333333;padding-left: 40px;text-align: right\"><em><small>D\u00e9lib\u00e9ration n\u00b0 2023-11-28-D-03<\/small><\/em><\/p><table align=\"right\" bgcolor=\"#EEEEEE\"><tbody><tr><td style=\"color: #333333;text-align: left\" width=\"25%\"><strong><u>D\u00e9cision<\/u><\/strong><\/td><td style=\"color: #333333;text-align: left\" width=\"25%\">Sur :<\/td><td style=\"color: #333333;text-align: left\" width=\"50%\">17 pr\u00e9sents<\/td><\/tr><tr><td style=\"color: #333333;text-align: left\">\u00a0<\/td><td style=\"color: #333333;text-align: left\">Pour :<\/td><td style=\"color: #333333;text-align: left\">21 Dont 4 pouvoirs<\/td><\/tr><tr><td style=\"color: #333333;text-align: left\">\u00a0<\/td><td style=\"color: #333333;text-align: left\">Contre :<\/td><td style=\"color: #333333;text-align: left\">0<\/td><\/tr><tr><td style=\"color: #333333;text-align: left\">\u00a0<\/td><td style=\"color: #333333;text-align: left\">Abstentions :<\/td><td style=\"color: #333333;text-align: left\">0<\/td><\/tr><\/tbody><\/table><p style=\"color: #333333;padding-left: 40px;text-align: justify\"><em>Remarques :<br \/>Il est possible que pour les prochaines ann\u00e9es le tarif soit r\u00e9\u00e9valu\u00e9.<br \/>Monsieur Le Maire explique que le tarif est inchang\u00e9 depuis de nombreuses ann\u00e9es, que les ext\u00e9rieurs payent 5 fois le tarif des thiantais soit 400\u20ac cependant il pr\u00e9cise que le s\u00e9jour d&#8217;un enfant co\u00fbte environ 800\u20ac. Donc lorsqu&#8217;un ext\u00e9rieur paye 400\u20ac, la commune de Thiant prend \u00e0 sa charge la moiti\u00e9 du s\u00e9jour.<br \/>Madame C\u00e9line DUMAINE trouve dommage qu&#8217;il n&#8217;y ait que deux \u00e9lus qui partent car les \u00e9lus n&#8217;y vont pas pour passer du bon temps ils sont \u00e0 proximit\u00e9 des enfants. Exemple l&#8217;ann\u00e9e derni\u00e8re les \u00e9lus dans le bus ont permis de recevoir les fiches sanitaires qui n&#8217;avaient pas \u00e9t\u00e9 confi\u00e9es aux animateurs avant le d\u00e9part.<br \/>A ce moment-l\u00e0 les \u00e9lus avaient leur importance. S&#8217;il a \u00e9t\u00e9 effectivement dit lors de la r\u00e9union, par des parents, que l&#8217;on ne comprenait pas pourquoi les \u00e9lus partaient, j&#8217;esp\u00e8re que la r\u00e9ponse a \u00e9t\u00e9 apport\u00e9e dans ce sens car en tant qu&#8217;\u00e9lu on a notre utilit\u00e9 quand m\u00eame et c&#8217;est dommage qu&#8217;il n&#8217;y ait que 2 \u00e9lus qui partent cette ann\u00e9e puisque tout \u00e9tait organis\u00e9 pour 4.<\/em><\/p><div id=\"CM28112023Quatre\" style=\"color: #333333\"><strong><u>4 &#8211; D\u00e9lib\u00e9ration autorisation de signatures pour Monsieur Le Maire convention d&#8217;objectifs m\u00e9diath\u00e8que d\u00e9partementale et lettre d&#8217;engagement<\/u><\/strong><\/div><p style=\"color: #333333;padding-left: 40px;text-align: justify\"><em>Le contrat d&#8217;objectifs vise \u00e0 remplacer les anciennes conventions et acte le partenariat entre votre m\u00e9diath\u00e8que et la M\u00e9diath\u00e8que du nord afin de continuer \u00e0 b\u00e9n\u00e9ficier des services de cette derni\u00e8re (pr\u00eat, formation\u2026) Et il permet aussi de voir avec leur service d&#8217;am\u00e9liorer le service de lecture publique de la commune.<\/em><\/p><p style=\"color: #333333;padding-left: 40px;text-align: justify\"><em>Pr\u00e9sentation est faite par Madame C\u00e9line DUMAINE &#8211; 1<sup>\u00e8re<\/sup> Adjointe<br \/>La commission citoyennet\u00e9 ce lundi 20 novembre 2023 a d\u00e9battu sur le projet de convention d&#8217;objectifs avec la m\u00e9diath\u00e8que d\u00e9partementale et sur une lettre d&#8217;engagement pour le projet \u00ab biblioth\u00e8que \u00e0 la maison \u00bb<br \/>Madame C\u00e9line DUMAINE fait lecture du pr\u00e9ambule qui parait porteur de tout l&#8217;int\u00e9r\u00eat du projet :<br \/>\u00ab Le d\u00e9partement du Nord affirme une politique volontariste en tant que chef de file des solidarit\u00e9s humaines et territoriales. Sur la base de l&#8217;\u00e9tat des lieux actualis\u00e9s, il accompagnera les communes de son territoire \u00e0 \u00e9voluer progressivement et \u00e0 proposer un service public culturel de proximit\u00e9, des services plus adapt\u00e9s r\u00e9pondant aux besoins de la population (lutte contre les exclusions, illectronisme\u2026) \u00bb<br \/>C&#8217;est un contrat qui nous apportera bien entendu de nombreux avantages. M\u00eame si nous travaillons d\u00e9j\u00e0 avec la m\u00e9diath\u00e8que du Nord, tout ce qu&#8217;elle peut nous apporter ne sera que d\u00e9velopp\u00e9. Ce contrat nous engage pour 3 ans. Voici quelques points sur lesquels nous nous engageons si nous signons cette convention :<\/em><\/p><ul style=\"list-style-type: '- ';color: #333333;padding-left: 40px;text-align: justify\"><li>on s&#8217;engage notamment sur les locaux, c&#8217;\u00e9tait le point qui pouvait para\u00eetre probl\u00e9matique puisqu&#8217;en fonction du nombre d&#8217;habitants on doit avoir une certaine surface pour la biblioth\u00e8que or comme vous le savez tous pour ceux qui la fr\u00e9quentent, l&#8217;endroit o\u00f9 est situ\u00e9e la biblioth\u00e8que pour l&#8217;instant ne r\u00e9pond pas aux crit\u00e8res. Il faudra un local plus adapt\u00e9, il y a aussi le projet d&#8217;accueillir en m\u00eame temps le mus\u00e9e d&#8217;histoire locale. Cela reste pour l&#8217;instant \u00e0 l&#8217;\u00e9tat de projet. Monsieur Philippe WAELKENS Adjoint aux travaux, a fait une \u00e9tude des b\u00e2timents donc on sait qu&#8217;on aura la capacit\u00e9 soit \u00e0 la maison des jeunes actuelle soit peut-\u00eatre en haut (salle du temps de vivre) de d\u00e9m\u00e9nager la biblioth\u00e8que, donc dans les 3 ans de remplir ce point-l\u00e0.<\/li><li>pour les assurances pas de difficult\u00e9<\/li><li>pour ce qui est du personnel que l&#8217;on doit mettre au service de la biblioth\u00e8que on remplit d\u00e9j\u00e0 les conditions<\/li><li>on s&#8217;engage \u00e0 accepter la formation de b\u00e9n\u00e9voles qui pourraient intervenir \u00e0 la biblioth\u00e8que selon les projets et les actions men\u00e9es<\/li><li>on est d\u00e9j\u00e0 partenaire de la m\u00e9diath\u00e8que du Nord, des m\u00e9diath\u00e8ques de la CAPH, de la ludoth\u00e8que, mais on va devoir d\u00e9velopper les partenariats notamment avec les associations locales, avec les \u00e9coles, avec le mus\u00e9e d&#8217;histoire locale,\u2026<\/li><\/ul><p style=\"color: #333333;padding-left: 40px;text-align: justify\"><em>Tous ces points vont permettre de d\u00e9velopper aussi l&#8217;action culturelle \u00e0 la biblioth\u00e8que avec les animations qui existent d\u00e9j\u00e0 (la derni\u00e8re autour des mangas), avec le portage \u00e0 domicile (lettre d&#8217;engagement qui formalise les choses),\u2026 on aimerait enfin vraiment s&#8217;appuyer sur le CLEA (le contrat local d&#8217;\u00e9ducation artistique) de la CAPH mais locaux tr\u00e8s inadapt\u00e9s pour le moment,\u2026 ,on souhaite aussi cibler le public de l&#8217;EHPAD et du futur b\u00e9guinage,\u2026<\/em><\/p><ul style=\"list-style-type: '- ';color: #333333;padding-left: 40px;text-align: justify\"><li>la gratuit\u00e9 : objectif d\u00e9j\u00e0\u00a0atteint<\/li><li>les horaires d&#8217;ouverture : objectif atteint<\/li><li>les moyens de fonctionnement, il faudra plus d&#8217;argent pour la culture, le budget de 5000\u20ac a \u00e9t\u00e9 bien d\u00e9pens\u00e9 pour l&#8217;achat de livres et r\u00e9pond aux objectifs, en revanche pour les animations seuls 500\u20ac sur 2023 ont \u00e9t\u00e9 d\u00e9pens\u00e9s pour le spectacle patoisant et l&#8217;objectif \u00e0 atteindre est de 1\u20ac par habitant soit 3000\u20ac<\/li><li>pour internet l&#8217;objectif est atteint<\/li><li>achat d&#8217;un logiciel \u00e0\u00a0 pr\u00e9voir qui va co\u00fbter une certaine somme aussi<\/li><\/ul><p style=\"color: #333333;padding-left: 40px;text-align: justify\"><em>Madame St\u00e9phanie WATTIEZ, Adjointe aux finances pr\u00e9cise que le budget des animations sera tel que d\u00e9fini dans le budget 2024 donc on ne pourra pas le d\u00e9passer. De plus, tout ce qui pourra servir \u00e0 l&#8217;animation, comme les d\u00e9corations de la biblioth\u00e8que sur les diff\u00e9rents espaces\u2026 seront comptabilis\u00e9s dans le budget des animations.<\/em><\/p><p style=\"color: #333333;padding-left: 40px;text-align: justify\"><em>Concernant la lettre d&#8217;engagement il s&#8217;agit par le biais des biblioth\u00e8ques partenaires volontaires de participer \u00e0 l&#8217;op\u00e9ration biblioth\u00e8que \u00e0 la maison. Le D\u00e9partement du Nord et la conf\u00e9rence des financeurs de la pr\u00e9vention de la perte d&#8217;autonomie souhaitent (CFPPA) r\u00e9pondre simultan\u00e9ment aux enjeux sociaux et culturels de la crise sanitaire. Ainsi ils favorisent l&#8217;acc\u00e8s \u00e0 la lecture aux films, \u00e0 la musique comme vecteur de lutte contre l&#8217;isolement des Nordistes \u00e2g\u00e9s de 60 ans et plus. En y participant je m&#8217;engage donc nous nous engageons \u00e0 mettre en place ou renforcer un service de portage de documents \u00e0 domicile ou dans les \u00e9tablissements pour les personnes \u00e2g\u00e9es de 60 ans et plus.<br \/>En y participant la commune s&#8217;engage :<\/em><\/p><ul style=\"list-style-type: '- ';color: #333333;padding-left: 40px;text-align: justify\"><li>mettre en place ou renforcer un service de portage de documents \u00e0 domicile ou dans les \u00e9tablissements (EHPAD, r\u00e9sidences autonomie) pour les personnes \u00e2g\u00e9es de 60 ans et plus<\/li><li>utiliser les collections d\u00e9di\u00e9es de la m\u00e9diath\u00e8que d\u00e9partementale du Nord<\/li><li>faire la promotion du dispositif en veillant \u00e0 renseigner les logos du d\u00e9partement du Nord et de la CFPPA<\/li><li>rep\u00e9rer le public isol\u00e9 en lien avec les partenaires du territoire d&#8217;intervention CCAS,\u2026<\/li><li>d\u00e9finir les besoins des personnes cibl\u00e9es et proposer une offre adapt\u00e9e<\/li><li>assurer le portage des documents soit en toute autonomie soit en partenariat avec une structure qui propose par exemple une offre de portage de repas \u00e0 domicile<\/li><li>renseigner les documents d&#8217;\u00e9valuation de l&#8217;action et informer le d\u00e9partement et la CFPPA de la mise en place de ce service<\/li><\/ul><p style=\"color: #333333;padding-left: 40px;text-align: justify\"><em>et en contrepartie le d\u00e9partement du Nord et la CFPPA s&#8217;engagent \u00e0 mettre \u00e0 disposition un fonds documentaire sp\u00e9cifique, des outils adapt\u00e9s et des sacs en tissu facilitant le portage des documents.<\/em><\/p><p style=\"color: #333333;padding-left: 40px;text-align: justify\"><em>Madame St\u00e9phanie WATTIEZ demande si sur le portage \u00e0 domicile se fera sur des cr\u00e9neaux horaires d\u00e9di\u00e9s ? Il faut penser que cela va avoir un coup de carburant, il faudra aussi pr\u00e9voir \u00e0 l&#8217;avance afin que Je v\u00e9hicule soit bien r\u00e9serv\u00e9. Et cela ne concerne que des personnes habitant la commune de Thiant.<br \/>Madame Martine PREVOST demande comment sera financ\u00e9e la formation des b\u00e9n\u00e9voles ?<br \/>Elle sera prise en charge par le d\u00e9partement.<br \/>Monsieur Philippe WAELKENS demande si dans la convention on ne pourrait pas avoir le financement d&#8217;un v\u00e9lo \u00e9lectrique pour le portage \u00e0 domicile\u2026<\/em><\/p><p style=\"color: #333333;padding-left: 40px;text-align: justify\"><em>La commission a \u00e9mis un avis favorable \u00e0 la signature de cette convention et \u00e0 la lettre d&#8217;engagement.<\/em><\/p><p style=\"color: #333333\"><strong>Le Conseil Municipal, apr\u00e8s en avoir d\u00e9lib\u00e9r\u00e9,<\/strong><br \/>par\u00a021 voix pour,\u00a00 voix contre,\u00a00\u00a0abstention<\/p><table align=\"center\"><tbody><tr><td style=\"color: #333333\"><strong><u>AUTORISE<\/u><\/strong><\/td><td style=\"color: #333333;text-align: justify\">Monsieur Le Maire \u00e0 signer la convention d&#8217;objectifs avec la m\u00e9diath\u00e8que d\u00e9partementale pour une dur\u00e9e de 3 ans et la lettre d&#8217;engagement pour le projet \u00ab biblioth\u00e8que \u00e0 la maison \u00bb<\/td><\/tr><\/tbody><\/table><p style=\"color: #333333;text-align: right\"><em><small>D\u00e9lib\u00e9ration n\u00b0 2023-11-28-D-04<\/small><\/em><\/p><table align=\"right\" bgcolor=\"#EEEEEE\"><tbody><tr><td style=\"color: #333333;text-align: left\"><strong><u>D\u00e9cision<\/u><\/strong><\/td><td style=\"color: #333333;text-align: left\">Sur :<\/td><td style=\"color: #333333;text-align: left\">17 pr\u00e9sents<\/td><\/tr><tr><td style=\"color: #333333;text-align: left\">\u00a0<\/td><td style=\"color: #333333;text-align: left\">Pour :<\/td><td style=\"color: #333333;text-align: left\">21 dont 4 pouvoirs<\/td><\/tr><tr><td style=\"color: #333333;text-align: left\">\u00a0<\/td><td style=\"color: #333333;text-align: left\">Contre :<\/td><td style=\"color: #333333;text-align: left\">0<\/td><\/tr><tr><td style=\"color: #333333;text-align: left\">\u00a0<\/td><td style=\"color: #333333;text-align: left\">Abstentions :<\/td><td style=\"color: #333333;text-align: left\">0<\/td><\/tr><\/tbody><\/table><div id=\"CM28112023Cinq\" style=\"color: #333333\"><strong><u>5 &#8211; D\u00e9lib\u00e9ration recensement de la population cr\u00e9ation de postes d&#8217;agents recenseurs<\/u><\/strong><\/div><p style=\"color: #333333;padding-left: 40px;text-align: justify\">La population totale l\u00e9gale de la Commune au 1<sup>er<\/sup> janvier 2020 en vigueur au 1<sup>er<\/sup> janvier 2024 est de 3000 habitants.<\/p><p style=\"color: #333333;padding-left: 40px;text-align: justify\">Monsieur le Maire rappelle \u00e0 l&#8217;assembl\u00e9e que le prochain recensement de la population se d\u00e9roulera du 18 Janvier au 17 F\u00e9vrier 2024.<\/p><p style=\"color: #333333;padding-left: 40px;text-align: justify\">A ce titre, la Commune se voit attribu\u00e9e une dotation d&#8217;un montant de 5607 \u20ac (839 logements et 3 024 habitants estim\u00e9s)<\/p><p style=\"color: #333333;padding-left: 40px;text-align: justify\">\u00ab La dotation forfaitaire de recensement ne pr\u00e9tend pas \u00e9viter toutes charges aux communes de tout temps parce qu&#8217;il consiste \u00e0 produire une information hautement utile \u00e0 tous le recensement est effectu\u00e9 \u00e0 frais partag\u00e9s entre les communes et l&#8217;\u00e9tat \u00bb<\/p><p style=\"color: #333333;padding-left: 40px;text-align: justify\"><em><small>Madame C\u00e9line DUMAINE ne prend pas part au vote.<\/small><\/em><\/p><p style=\"color: #333333;padding-left: 40px;text-align: justify\">Il est donc n\u00e9cessaire de d\u00e9signer des agents afin de r\u00e9aliser les op\u00e9rations du recensement 2024 ;<\/p><table align=\"center\"><tbody><tr><td style=\"color: #333333\">Vu<\/td><td style=\"color: #333333;text-align: justify\">Le Code G\u00e9n\u00e9ral des Collectivit\u00e9s Territoriales ;<\/td><\/tr><tr><td style=\"color: #333333\">Vu<\/td><td style=\"color: #333333;text-align: justify\">la loi du 26 janvier 1984 portant dispositions statutaires relatives \u00e0 la fonction publique territoriale ;<\/td><\/tr><tr><td style=\"color: #333333\">Vu<\/td><td style=\"color: #333333;text-align: justify\">la loi n\u00b0 2002-276 du 27 f\u00e9vrier 2002 relative \u00e0 la d\u00e9mocratie de proximit\u00e9 et notamment le titre V ;<\/td><\/tr><tr><td style=\"color: #333333\">Vu<\/td><td style=\"color: #333333;text-align: justify\">le d\u00e9cret n\u00b0 2003-485 du 5 juin 2003 relatif au recensement de la population ;<\/td><\/tr><tr><td style=\"color: #333333\">Vu<\/td><td style=\"color: #333333;text-align: justify\">le d\u00e9cret n\u00b0 2003-561 du 23 juin 2003 portant r\u00e9partition des communes pour les besoins de recensement de la population ;<\/td><\/tr><tr><td style=\"color: #333333\">Vu<\/td><td style=\"color: #333333;text-align: justify\">le d\u00e9cret n\u00b0 88-145 du 15 f\u00e9vrier 1988 modifi\u00e9 relatif aux agents non titulaires ;<\/td><\/tr><\/tbody><\/table><p style=\"color: #333333\"><strong>Le Conseil Municipal, apr\u00e8s en avoir d\u00e9lib\u00e9r\u00e9,<\/strong><br \/>par\u00a020 voix pour,\u00a00 voix contre,\u00a00\u00a0abstention<\/p><table align=\"center\"><tbody><tr><td style=\"color: #333333\"><strong><u>DECIDE<\/u><\/strong><\/td><td style=\"color: #333333;text-align: justify\">en application de l&#8217;alin\u00e9a 2 de l&#8217;article 3 de la loi pr\u00e9cit\u00e9e, pour faire face \u00e0 des besoins occasionnels ou saisonniers, de cr\u00e9er 6 postes d&#8217;agents recenseurs non titulaires \u00e0 temps non complet pour la p\u00e9riode du 1<sup>er<\/sup> janvier au 29 f\u00e9vrier 2024.<\/td><\/tr><tr><td style=\"color: #333333\"><strong><u>DIT<\/u><\/strong><\/td><td style=\"color: #333333;text-align: justify\"><p>que les agents seront pay\u00e9s \u00e0 raison de :<\/p><ul style=\"color: #333333\"><li value=\"-\">1.50 \u20ac brut par feuille de logement remplie<\/li><li value=\"-\">1.50\u20ac brut par dossier d&#8217;adresse collective rempli<\/li><li value=\"-\">2\u20ac brut par bulletin individuel rempli<\/li><li value=\"-\">150\u20ac brut par tourn\u00e9e de reconnaissance r\u00e9alis\u00e9e<\/li><\/ul><p>Les agents recenseurs recevront 50\u20ac brut pour chaque s\u00e9ance (demi-journ\u00e9e) de formation.<\/p><\/td><\/tr><tr><td style=\"color: #333333\"><strong><u>DIT<\/u><\/strong><\/td><td style=\"color: #333333;text-align: justify\">que les agents recenseurs qui, <strong><u>apr\u00e8s accord \u00e9crit de l&#8217;autorit\u00e9 territoriale,<\/u><\/strong> utiliseront leur v\u00e9hicule personnel, seront indemnis\u00e9s sur la base du dernier arr\u00eat\u00e9 fixant les taux des indemnit\u00e9s kilom\u00e9triques ainsi que les conditions et les modalit\u00e9s de r\u00e8glement des frais occasionn\u00e9s par les d\u00e9placements temporaires des personnels de l&#8217;Etat.<\/td><\/tr><\/tbody><\/table><p style=\"color: #333333;padding-left: 40px;text-align: right\"><em><small>D\u00e9lib\u00e9ration n\u00b0 2023-11-28-D-05<\/small><\/em><\/p><table align=\"right\" bgcolor=\"#EEEEEE\"><tbody><tr><td style=\"color: #333333;text-align: left\"><strong><u>D\u00e9cision<\/u><\/strong><\/td><td style=\"color: #333333;text-align: left\">Sur :<\/td><td style=\"color: #333333;text-align: left\">16 pr\u00e9sents<\/td><\/tr><tr><td style=\"color: #333333;text-align: left\">\u00a0<\/td><td style=\"color: #333333;text-align: left\">Pour :<\/td><td style=\"color: #333333;text-align: left\">20 dont 4 pouvoirs<\/td><\/tr><tr><td style=\"color: #333333;text-align: left\">\u00a0<\/td><td style=\"color: #333333;text-align: left\">Contre :<\/td><td style=\"color: #333333;text-align: left\">0<\/td><\/tr><tr><td style=\"color: #333333;text-align: left\">\u00a0<\/td><td style=\"color: #333333;text-align: left\">Abstentions :<\/td><td style=\"color: #333333;text-align: left\">0<\/td><\/tr><\/tbody><\/table><div id=\"CM28112023Six\" style=\"color: #333333\"><strong><u>6 &#8211; D\u00e9lib\u00e9ration annuelle autorisant le recrutement d&#8217;agents contractuels sur des emplois non permanents pour faire face \u00e0 un besoin li\u00e9 \u00e0 un accroissement saisonnier d&#8217;activit\u00e9 &#8211; Centre de Loisirs<\/u><\/strong><\/div><p style=\"color: #333333;text-align: center\"><em>La pr\u00e9c\u00e9dente d\u00e9lib\u00e9ration date du 24 mai 2023 cependant il faut actualiser cette derni\u00e8re. <\/em><\/p><p style=\"color: #333333;padding-left: 40px;text-align: justify\">Le Conseil Municipal<br \/>Vu le code g\u00e9n\u00e9ral de la fonction publique, notamment son article L.332-23-2\u00b0 ;<br \/>Consid\u00e9rant qu&#8217;en pr\u00e9vision de l&#8217;organisation des accueils de loisirs pendant les vacances scolaires, il est n\u00e9cessaire de renforcer les services des centres de loisirs pour la p\u00e9riode du 1<sup>er<\/sup> janvier 2024 au 30 d\u00e9cembre 2024 ;<br \/>Consid\u00e9rant qu&#8217;il peut \u00eatre fait appel \u00e0 du personnel recrut\u00e9 en qualit\u00e9 d&#8217;agent contractuel pour faire face \u00e0 des besoins li\u00e9s \u00e0 un accroissement saisonnier d&#8217;activit\u00e9 en application de l&#8217;article L.332-23-2\u00b0 du code pr\u00e9cit\u00e9 ;<br \/>Sur le rapport de Monsieur le Maire et apr\u00e8s en avoir d\u00e9lib\u00e9r\u00e9 ;<\/p><p style=\"color: #333333\"><strong>Le Conseil Municipal, apr\u00e8s en avoir d\u00e9lib\u00e9r\u00e9,<\/strong><br \/>par\u00a021 voix pour,\u00a00 voix contre,\u00a00\u00a0abstention<\/p><table align=\"center\"><tbody><tr><td style=\"color: #333333\"><strong><u>DECIDE<\/u><\/strong><\/td><td style=\"color: #333333;text-align: justify\">d&#8217;autoriser Monsieur le Maire \u00e0 recruter des agents contractuels pour faire face \u00e0 des besoins li\u00e9s \u00e0 un accroissement saisonnier d&#8217;activit\u00e9 pour une p\u00e9riode de 6 mois maximum pendant une m\u00eame p\u00e9riode de 12 mois en application de l&#8217;article L.332-23-2\u00b0 du code pr\u00e9cit\u00e9.<\/td><\/tr><\/tbody><\/table><p style=\"color: #333333;padding-left: 40px;text-align: justify\">A ce titre, seront cr\u00e9\u00e9s :<\/p><ul style=\"color: #333333;padding-left: 40px;text-align: justify;list-style-type: square\"><li>au maximum 2 emplois \u00e0 temps complet dans le grade d&#8217;Adjoint d&#8217;Animation (\u00e9chelle C1 \u00e9chelon 10) relevant de la cat\u00e9gorie hi\u00e9rarchique C pour exercer les fonctions d&#8217;Adjoint de direction ;<\/li><li>au maximum 20 emplois \u00e0 temps complet dans le grade d&#8217;Adjoint d&#8217;Animation (\u00e9chelle C1 \u00e9chelon 7) relevant de la cat\u00e9gorie hi\u00e9rarchique C pour exercer les fonctions d&#8217;Animateur, dipl\u00f4m\u00e9 ou titulaire d&#8217;une \u00e9quivalence ;<\/li><li>au maximum 10 emplois \u00e0 temps complet dans le grade d&#8217;Adjoint d&#8217;Animation (\u00e9chelle C1 \u00e9chelon 3) relevant de la cat\u00e9gorie hi\u00e9rarchique C pour exercer les fonctions d&#8217;Animateur, stagiaire (en cours de formation) ;<\/li><li>au maximum 4 emplois \u00e0 temps complet dans le grade d&#8217;Adjoint d&#8217;Animation (\u00e9chelle C1 \u00e9chelon 1) relevant de la cat\u00e9gorie hi\u00e9rarchique C pour exercer les fonctions d&#8217;Animateur, non dipl\u00f4m\u00e9 ;<\/li><\/ul><p style=\"color: #333333;padding-left: 40px;text-align: justify\">Les agents contractuels recrut\u00e9s pourront \u00eatre amen\u00e9s \u00e0 effectuer des heures compl\u00e9mentaires et\/ou suppl\u00e9mentaires.<br \/>Les heures compl\u00e9mentaires seront compens\u00e9es par l&#8217;attribution d&#8217;un repos compensateur et\/ou par le versement d&#8217;une indemnisation conform\u00e9ment au d\u00e9cret 202-592 du 15 mai 2020<br \/>Les heures suppl\u00e9mentaires seront compens\u00e9es par l&#8217;attribution d&#8217;un repos compensateur et\/ou par le versement de l&#8217;indemnit\u00e9 horaire pour travaux suppl\u00e9mentaires.<br \/>Monsieur le Maire sera charg\u00e9 de la constatation des besoins concern\u00e9s ainsi que de la d\u00e9termination des niveaux de recrutement et de r\u00e9mun\u00e9ration des candidats selon la nature des fonctions et de leur profil. La r\u00e9mun\u00e9ration sera limit\u00e9e \u00e0 l&#8217;indice terminal du grade de r\u00e9f\u00e9rence.<br \/>Les cr\u00e9dits correspondants sont inscrits au budget.<\/p><p style=\"color: #333333;padding-left: 40px;text-align: right\"><em><small>D\u00e9lib\u00e9ration n\u00b0 2023-11-28-D-06<\/small><\/em><\/p><table align=\"right\" bgcolor=\"#EEEEEE\"><tbody><tr><td style=\"color: #333333;text-align: left\"><strong><u>D\u00e9cision<\/u><\/strong><\/td><td style=\"color: #333333;text-align: left\">Sur :<\/td><td style=\"color: #333333;text-align: left\">17 pr\u00e9sents<\/td><\/tr><tr><td style=\"color: #333333;text-align: left\">\u00a0<\/td><td style=\"color: #333333;text-align: left\">Pour :<\/td><td style=\"color: #333333;text-align: left\">21 dont 4 pouvoirs<\/td><\/tr><tr><td style=\"color: #333333;text-align: left\">\u00a0<\/td><td style=\"color: #333333;text-align: left\">Contre :<\/td><td style=\"color: #333333;text-align: left\">0<\/td><\/tr><tr><td style=\"color: #333333;text-align: left\">\u00a0<\/td><td style=\"color: #333333;text-align: left\">Abstentions :<\/td><td style=\"color: #333333;text-align: left\">0<\/td><\/tr><\/tbody><\/table><p style=\"color: #333333;padding-left: 40px;text-align: justify\"><em>Remarque : Un avis sera publi\u00e9 sur les r\u00e9seaux sociaux, dans le bulletin pour faire appel \u00e0 candidature pour les postes d&#8217;animateurs<\/em><\/p><div id=\"CM28112023Sept\" style=\"color: #333333\"><strong><u>7 &#8211; D\u00e9lib\u00e9ration r\u00e9trocession Voirie Lucie Aubrac<\/u><\/strong><\/div><p style=\"color: #333333;padding-left: 40px\" align=\"justify\"><img decoding=\"async\" class=\"alignnone wp-image-6070 size-full\" src=\"https:\/\/thiant.fr\/wordpress\/wp-content\/uploads\/2024\/02\/Image1.png\" alt=\"\" width=\"864\" height=\"553\" srcset=\"https:\/\/thiant.fr\/wordpress\/wp-content\/uploads\/2024\/02\/Image1.png 864w, https:\/\/thiant.fr\/wordpress\/wp-content\/uploads\/2024\/02\/Image1-300x192.png 300w, https:\/\/thiant.fr\/wordpress\/wp-content\/uploads\/2024\/02\/Image1-768x492.png 768w\" sizes=\"(max-width: 864px) 100vw, 864px\" \/> <img decoding=\"async\" class=\"alignnone wp-image-6071 size-full\" src=\"https:\/\/thiant.fr\/wordpress\/wp-content\/uploads\/2024\/02\/Image2.png\" alt=\"\" width=\"377\" height=\"225\" srcset=\"https:\/\/thiant.fr\/wordpress\/wp-content\/uploads\/2024\/02\/Image2.png 377w, https:\/\/thiant.fr\/wordpress\/wp-content\/uploads\/2024\/02\/Image2-300x179.png 300w\" sizes=\"(max-width: 377px) 100vw, 377px\" \/> <img loading=\"lazy\" decoding=\"async\" class=\"alignnone wp-image-6072 size-full\" src=\"https:\/\/thiant.fr\/wordpress\/wp-content\/uploads\/2024\/02\/Image3.jpg\" alt=\"\" width=\"1138\" height=\"1089\" srcset=\"https:\/\/thiant.fr\/wordpress\/wp-content\/uploads\/2024\/02\/Image3.jpg 1138w, https:\/\/thiant.fr\/wordpress\/wp-content\/uploads\/2024\/02\/Image3-300x287.jpg 300w, https:\/\/thiant.fr\/wordpress\/wp-content\/uploads\/2024\/02\/Image3-1024x980.jpg 1024w, https:\/\/thiant.fr\/wordpress\/wp-content\/uploads\/2024\/02\/Image3-768x735.jpg 768w\" sizes=\"(max-width: 1138px) 100vw, 1138px\" \/><\/p><p style=\"color: #333333;text-align: center\"><em>Un diagnostic avant r\u00e9trocession et un \u00e9tat des lieux apr\u00e8s travaux ont \u00e9t\u00e9 effectu\u00e9s.<br \/>Un plan de recollement des r\u00e9seaux et un plan des voiries ont \u00e9t\u00e9 fournis en mairie.<br \/>Des arbres vont \u00eatre \u00e9lagu\u00e9s prochainement avant la r\u00e9trocession par LOGER HABITAT.<\/em><\/p><p style=\"color: #333333\"><strong>Le Conseil Municipal, apr\u00e8s en avoir d\u00e9lib\u00e9r\u00e9,<\/strong><br \/>par\u00a021 voix pour,\u00a00 voix contre,\u00a00\u00a0abstention<\/p><table align=\"center\"><tbody><tr><td style=\"color: #333333\"><strong><u>DECIDE<\/u><\/strong><\/td><td style=\"color: #333333;text-align: justify\"><strong>d&#8217;accepter la r\u00e9trocession des parcelles cadastr\u00e9es :<\/strong><br \/>&#8211; A2946, A2955, A2966, A2973, A2974, A2992, A2981, A3001 et A3013 dans le domaine communal public<\/td><\/tr><tr><td style=\"color: #333333\"><strong><u>DIT<\/u><\/strong><\/td><td style=\"color: #333333;text-align: justify\">que les frais seront \u00e0 la charge de la Soci\u00e9t\u00e9 LOGER HABITAT<\/td><\/tr><\/tbody><\/table><p style=\"color: #333333;padding-left: 40px;text-align: right\"><em><small>D\u00e9lib\u00e9ration n\u00b0 2023-11-28-D-07<\/small><\/em><\/p><table align=\"right\" bgcolor=\"#EEEEEE\"><tbody><tr><td style=\"color: #333333;text-align: left\"><strong><u>D\u00e9cision<\/u><\/strong><\/td><td style=\"color: #333333;text-align: left\">Sur :<\/td><td style=\"color: #333333;text-align: left\">17 pr\u00e9sents<\/td><\/tr><tr><td style=\"color: #333333;text-align: left\">\u00a0<\/td><td style=\"color: #333333;text-align: left\">Pour :<\/td><td style=\"color: #333333;text-align: left\">21 dont 4 pouvoirs<\/td><\/tr><tr><td style=\"color: #333333;text-align: left\">\u00a0<\/td><td style=\"color: #333333;text-align: left\">Contre :<\/td><td style=\"color: #333333;text-align: left\">0<\/td><\/tr><tr><td style=\"color: #333333;text-align: left\">\u00a0<\/td><td style=\"color: #333333;text-align: left\">Abstentions :<\/td><td style=\"color: #333333;text-align: left\">0<\/td><\/tr><\/tbody><\/table><div id=\"CM28112023Huit\" style=\"color: #333333\"><strong><u>8 &#8211; Suppression de la d\u00e9lib\u00e9ration du point N\u00b08 remplac\u00e9e par une information<\/u><\/strong><\/div><p style=\"color: #333333;text-align: justify\"><strong><u>Information concernant l&#8217;attribution du March\u00e9 D&#8217;Eclairage Public :<\/u><\/strong><\/p><p style=\"color: #333333;padding-left: 40px;text-align: justify\"><strong>Conform\u00e9ment \u00e0 la d\u00e9lib\u00e9ration du 18 septembre 2022 portant d\u00e9l\u00e9gations \u00e0 Monsieur Le Maire et notamment au point 4 qui lui accorde les d\u00e9l\u00e9gations suivantes :<\/strong><\/p><p style=\"color: #333333;padding-left: 40px;text-align: justify\"><em>\u00ab De prendre toute d\u00e9cision concernant la pr\u00e9paration, la passation, l&#8217;ex\u00e9cution et le r\u00e8glement des march\u00e9s et des accords-cadres ainsi que toute d\u00e9cision concernant leurs avenants lorsque les cr\u00e9dits sont inscrits au budget \u00bb, Monsieur Le Maire informe le conseil municipal suivre le classement issu de l&#8217;analyse des offres conform\u00e9ment au r\u00e8glement de consultation.<\/em><\/p><p style=\"color: #333333;padding-left: 40px;text-align: justify\"><strong>Monsieur Le Maire pr\u00e9sente les r\u00e9sultats du March\u00e9 \u00e0 proc\u00e9dure adapt\u00e9e selon Article R2123-1 du CCP (Code de la Commande Publique) dont l&#8217;objet du March\u00e9 est : <\/strong><\/p><p style=\"color: #333333;text-align: center\"><big><strong>ENTRETIEN, RENOVATION ET CREATION D&#8217;INSTALLATIONS D&#8217;ECLAIRAGE PUBLIC, ECLAIRAGES SPORTIFS ET ILLUMINATIONS FESTIVES<\/strong><\/big><\/p><p style=\"color: #333333;text-align: justify\"><strong><u>Rappel Proc\u00e9dure de passation du march\u00e9 public :<\/u><\/strong><\/p><p style=\"color: #333333;padding-left: 40px;text-align: justify\"><em>March\u00e9 \u00e0 proc\u00e9dure adapt\u00e9e selon Article R2123-1 du CCP (Code de la Commande Publique).<br \/>Il s&#8217;agit d&#8217;un accord-cadre \u00e0 bons de commande, mono attributaire (attribu\u00e9 \u00e0 un seul op\u00e9rateur \u00e9conomique), sans minimum et avec maximum pass\u00e9 en application des articles R2162-1 \u00e0 R2162-6 et R2162-13 et R2162-14 du Code de la Commande Publique.<br \/>L&#8217;accord cadre est ex\u00e9cut\u00e9 au fur et \u00e0 mesure de l&#8217;\u00e9mission de bons de commande \u00e9mis par le pouvoir adjudicateur.<br \/>Les bons de commande sont des documents \u00e9crits adress\u00e9s au titulaire de l&#8217;accord-cadre, qui pr\u00e9cisent celles des prestations, d\u00e9crites dans l&#8217;accord-cadre, dont l&#8217;ex\u00e9cution est demand\u00e9e et en d\u00e9terminent la quantit\u00e9. Les bons de commande seront notifi\u00e9s par le ma\u00cetre de l&#8217;ouvrage \u00e0 l&#8217;attributaire au fur et \u00e0 mesure des besoins. Les notifications des bons de commandes valent ordres de service.<br \/>Les bons de commande ne seront \u00e9mis que durant la p\u00e9riode de validit\u00e9 de l&#8217;accord-cadre.<\/em><\/p><p style=\"color: #333333;padding-left: 40px;text-align: justify\"><em>Le march\u00e9 est compos\u00e9 d&#8217;un seul lot (Trois objets)<\/em><\/p><ul style=\"list-style-type: '- ';color: #333333;padding-left: 40px;text-align: justify\"><li>Entretiens et d\u00e9pannages<\/li><li>Locations \u00e9ventuelles, pose et d\u00e9pannage, d\u00e9pose d&#8217;illuminations festives<\/li><li>R\u00e9novation de r\u00e9seaux et cr\u00e9ation<\/li><\/ul><p style=\"color: #333333;padding-left: 40px;text-align: justify\"><em>Chaque candidat devra r\u00e9pondre \u00e0 l&#8217;ensemble des trois objets &#8211; march\u00e9 unique<\/em><\/p><p style=\"color: #333333;text-align: justify\"><strong><u>Rappel Jugement des offres :<\/u><\/strong><\/p><p style=\"color: #333333;padding-left: 40px;text-align: justify\"><em>Le jugement des candidatures et des offres est effectu\u00e9 dans les conditions pr\u00e9vues aux articles R2152-1 \u00e0 10, du code de la commande publique<br \/>Les crit\u00e8res intervenant au moment du jugement des offres sont bas\u00e9s sur les niveaux de capacit\u00e9s professionnelles, ad\u00e9quation juridique, capacit\u00e9s et r\u00e9f\u00e9rences techniques, capacit\u00e9s financi\u00e8res, montant des prestations et d\u00e9lais d&#8217;intervention indiqu\u00e9s par le candidat dans les documents \u00e0 fournir, et qui doivent \u00eatre en ad\u00e9quation avec l&#8217;objet du march\u00e9 et l&#8217;importance des prestations \u00e0 r\u00e9aliser.<br \/>Les crit\u00e8res intervenant pour le jugement des offres sont indiqu\u00e9s ci-dessous et pond\u00e9r\u00e9s de la mani\u00e8re suivante :<\/em><\/p><p style=\"color: #333333;text-align: justify\"><em><strong>\u27a2 Valeur technique de l&#8217;offre, pour 60 % de la note finale.<\/strong><br \/>Appr\u00e9ci\u00e9e au vu des documents et informations transmis par le candidat, dont le m\u00e9moire justificatif et ses pi\u00e8ces jointes, demand\u00e9s ci-dessus, de sa conformit\u00e9 aux exigences du cahier des charges, et en particulier de la satisfaction \u00e0 apporter aux articles du CCTP.<\/em><\/p><ul style=\"color: #333333;padding-left: 40px;list-style-type: lower-alpha\"><li>Les d\u00e9lais d&#8217;interventions et moyens d&#8217;astreinte sur 20 points<\/li><li>Les moyens en personnel et techniques sur 20 points<\/li><li>L&#8217;organisation sur 20 points<\/li><\/ul><p style=\"color: #333333;text-align: justify\"><em><strong>\u27a2 Prix des prestations, pour 40 % de la note finale<\/strong><\/em><\/p><ol style=\"color: #333333;padding-left: 40px;list-style-type: lower-alpha\" start=\"5\"><li>Le devis quantitatif et estimatif entretien<\/li><li>Le devis quantitatif et estimatif renouvellement<\/li><\/ol><p style=\"color: #333333;padding-left: 40px;text-align: justify\"><em>Le crit\u00e8re du prix est jug\u00e9 \u00e0 partir du montant total TTC figurant aux devis quantitatifs estimatifs (DQE), eux-m\u00eames \u00e9tablis sur la base des bordereaux de prix unitaire de l&#8217;accord-cadre (BPU).<br \/>L&#8217;offre la moins disant se voit attribuer le maximum de % pour le crit\u00e8re, soit 40 %.<br \/>Les autres offres seront not\u00e9es sous la formule suivante :<br \/>Soit O l&#8217;offre ayant obtenu la meilleure note pour le prix ;<br \/>Soit O&#8217; l&#8217;offre examin\u00e9e au titre de l&#8217;\u00e9quation ;<br \/>La formule \u00e9tant (O&#8217;\/O) x 40 %.<br \/>En cas de discordance constat\u00e9e dans une offre, les indications port\u00e9es sur le bordereau des prix unitaires pr\u00e9vaudront sur toutes autres indications de l&#8217;offre et le montant du devis quantitatif et estimatif sera rectifi\u00e9 en cons\u00e9quence. Les erreurs de multiplication, d&#8217;addition ou de report qui seraient constat\u00e9es dans ce devis seront \u00e9galement rectifi\u00e9es et, pour le jugement des offres, c&#8217;est le montant ainsi rectifi\u00e9 qui sera pris en consid\u00e9ration.<br \/><strong>Les quantit\u00e9s indiqu\u00e9es au devis estimatif ne sont d\u00e9finies que pour permettre un jugement \u00e9quitable des offres. Elles ne pr\u00e9jugent en rien des quantit\u00e9s r\u00e9elles qui pourront \u00eatre effectivement command\u00e9es. Le devis estimatif ne figurera donc pas parmi les pi\u00e8ces constitutives du march\u00e9.<\/strong><\/em><\/p><p style=\"color: #333333;padding-left: 40px;text-align: justify\"><em>L&#8217;ouverture des plis a eu lieu le 06\/11\/2023, trois candidats ont d\u00e9pos\u00e9 une offre :<\/em><\/p><table align=\"left\"><tbody><tr><td style=\"color: #333333\">&#8211;<\/td><td style=\"color: #333333;text-align: left;vertical-align: middle\">E.I.T.F.<\/td><td style=\"color: #333333;text-align: right;vertical-align: middle\">N\u00b01<\/td><\/tr><tr><td style=\"color: #333333\">&#8211;<\/td><td style=\"color: #333333;text-align: left;vertical-align: middle\">SME GROUPE LECLERE SAS<\/td><td style=\"color: #333333;text-align: right;vertical-align: middle\">N\u00b02<\/td><\/tr><tr><td style=\"color: #333333\">&#8211;<\/td><td style=\"color: #333333;text-align: left;vertical-align: middle\">SNEF<\/td><td style=\"color: #333333;text-align: right;vertical-align: middle\">N\u00b03<\/td><\/tr><\/tbody><\/table><p style=\"color: #333333;padding-left: 40px;text-align: justify\">Les num\u00e9ros des candidats sont dans l&#8217;ordre des offres re\u00e7ues sur la plateforme.<\/p><p style=\"color: #333333;text-align: justify\"><strong><u>Proposition de notation :<\/u><\/strong><\/p><table align=\"center\" bgcolor=\"#EEEEEE\"><tbody><tr><td colspan=\"2\" bgcolor=\"white\">\u00a0<\/td><td style=\"color: #333333;text-align: center;vertical-align: middle\">Base<br \/>de<br \/>notation<\/td><td style=\"color: #333333;text-align: center;vertical-align: middle\">EITF<\/td><td style=\"color: #333333;text-align: center;vertical-align: middle\">SME<\/td><td style=\"color: #333333;text-align: center;vertical-align: middle\">SNEF<\/td><\/tr><tr><td style=\"color: #333333;text-align: center;vertical-align: middle\">7.4a<\/td><td style=\"color: #333333;text-align: left;vertical-align: middle\">Outils de tra\u00e7abilit\u00e9 des demandes<\/td><td style=\"color: #333333;text-align: center;vertical-align: middle\">7<\/td><td style=\"color: #333333;text-align: center;vertical-align: middle\">7<\/td><td style=\"color: #333333;text-align: center;vertical-align: middle\">7<\/td><td style=\"color: #333333;text-align: center;vertical-align: middle\">7<\/td><\/tr><tr><td style=\"color: #333333;text-align: center;vertical-align: middle\">7.4b<\/td><td style=\"color: #333333;text-align: left;vertical-align: middle\">Suivi des op\u00e9rations en ligne<\/td><td style=\"color: #333333;text-align: center;vertical-align: middle\">6<\/td><td style=\"color: #333333;text-align: center;vertical-align: middle\">6<\/td><td style=\"color: #333333;text-align: center;vertical-align: middle\">6<\/td><td style=\"color: #333333;text-align: center;vertical-align: middle\">6<\/td><\/tr><tr><td style=\"color: #333333;text-align: center;vertical-align: middle\">7.4c<\/td><td style=\"color: #333333;text-align: left;vertical-align: middle\">D\u00e9lais d&#8217;intervention<\/td><td style=\"color: #333333;text-align: center;vertical-align: middle\">7<\/td><td style=\"color: #333333;text-align: center;vertical-align: middle\">7<\/td><td style=\"color: #333333;text-align: center;vertical-align: middle\">7<\/td><td style=\"color: #333333;text-align: center;vertical-align: middle\">7<\/td><\/tr><tr><td style=\"color: #333333;text-align: center;vertical-align: middle\">7.5a<\/td><td style=\"color: #333333;text-align: left;vertical-align: middle\">C.V. des intervenants<\/td><td style=\"color: #333333;text-align: center;vertical-align: middle\">3<\/td><td style=\"color: #333333;text-align: center;vertical-align: middle\">3<\/td><td style=\"color: #333333;text-align: center;vertical-align: middle\">3<\/td><td style=\"color: #333333;text-align: center;vertical-align: middle\">1<\/td><\/tr><tr><td style=\"color: #333333;text-align: center;vertical-align: middle\">7.5b<\/td><td style=\"color: #333333;text-align: left;vertical-align: middle\">Suivi \u00e9volution et formation<\/td><td style=\"color: #333333;text-align: center;vertical-align: middle\">1<\/td><td style=\"color: #333333;text-align: center;vertical-align: middle\">1<\/td><td style=\"color: #333333;text-align: center;vertical-align: middle\">1<\/td><td style=\"color: #333333;text-align: center;vertical-align: middle\">1<\/td><\/tr><tr><td style=\"color: #333333;text-align: center;vertical-align: middle\">7.5c<\/td><td style=\"color: #333333;text-align: left;vertical-align: middle\">Attestation de qualification<\/td><td style=\"color: #333333;text-align: center;vertical-align: middle\">2<\/td><td style=\"color: #333333;text-align: center;vertical-align: middle\">0<\/td><td style=\"color: #333333;text-align: center;vertical-align: middle\">2<\/td><td style=\"color: #333333;text-align: center;vertical-align: middle\">0<\/td><\/tr><tr><td style=\"color: #333333;text-align: center;vertical-align: middle\">7.5d<\/td><td style=\"color: #333333;text-align: left;vertical-align: middle\">Habilitation \u00e9lectriques<\/td><td style=\"color: #333333;text-align: center;vertical-align: middle\">1<\/td><td style=\"color: #333333;text-align: center;vertical-align: middle\">0<\/td><td style=\"color: #333333;text-align: center;vertical-align: middle\">1<\/td><td style=\"color: #333333;text-align: center;vertical-align: middle\">0<\/td><\/tr><tr><td style=\"color: #333333;text-align: center;vertical-align: middle\">7.5e<\/td><td style=\"color: #333333;text-align: left;vertical-align: middle\">Caces<\/td><td style=\"color: #333333;text-align: center;vertical-align: middle\">1<\/td><td style=\"color: #333333;text-align: center;vertical-align: middle\">0<\/td><td style=\"color: #333333;text-align: center;vertical-align: middle\">1<\/td><td style=\"color: #333333;text-align: center;vertical-align: middle\">0<\/td><\/tr><tr><td style=\"color: #333333;text-align: center;vertical-align: middle\">7.5f<\/td><td style=\"color: #333333;text-align: left;vertical-align: middle\">Attestation de stages<\/td><td style=\"color: #333333;text-align: center;vertical-align: middle\">1<\/td><td style=\"color: #333333;text-align: center;vertical-align: middle\">0<\/td><td style=\"color: #333333;text-align: center;vertical-align: middle\">1<\/td><td style=\"color: #333333;text-align: center;vertical-align: middle\">0<\/td><\/tr><tr><td style=\"color: #333333;text-align: center;vertical-align: middle\">7.5g<\/td><td style=\"color: #333333;text-align: left;vertical-align: middle\">Outillages<\/td><td style=\"color: #333333;text-align: center;vertical-align: middle\">2<\/td><td style=\"color: #333333;text-align: center;vertical-align: middle\">2<\/td><td style=\"color: #333333;text-align: center;vertical-align: middle\">2<\/td><td style=\"color: #333333;text-align: center;vertical-align: middle\">2<\/td><\/tr><tr><td style=\"color: #333333;text-align: center;vertical-align: middle\">7.5h<\/td><td style=\"color: #333333;text-align: left;vertical-align: middle\">V\u00e9hicules d&#8217;intervention<\/td><td style=\"color: #333333;text-align: center;vertical-align: middle\">2<\/td><td style=\"color: #333333;text-align: center;vertical-align: middle\">2<\/td><td style=\"color: #333333;text-align: center;vertical-align: middle\">2<\/td><td style=\"color: #333333;text-align: center;vertical-align: middle\">2<\/td><\/tr><tr><td style=\"color: #333333;text-align: center;vertical-align: middle\">7.5i<\/td><td style=\"color: #333333;text-align: left;vertical-align: middle\">Levage et manutention<\/td><td style=\"color: #333333;text-align: center;vertical-align: middle\">2<\/td><td style=\"color: #333333;text-align: center;vertical-align: middle\">2<\/td><td style=\"color: #333333;text-align: center;vertical-align: middle\">2<\/td><td style=\"color: #333333;text-align: center;vertical-align: middle\">2<\/td><\/tr><tr><td style=\"color: #333333;text-align: center;vertical-align: middle\">7.5j<\/td><td style=\"color: #333333;text-align: left;vertical-align: middle\">Nacelles d&#8217;acc\u00e8s<\/td><td style=\"color: #333333;text-align: center;vertical-align: middle\">2<\/td><td style=\"color: #333333;text-align: center;vertical-align: middle\">2<\/td><td style=\"color: #333333;text-align: center;vertical-align: middle\">2<\/td><td style=\"color: #333333;text-align: center;vertical-align: middle\">2<\/td><\/tr><tr><td style=\"color: #333333;text-align: center;vertical-align: middle\">7.5k<\/td><td style=\"color: #333333;text-align: left;vertical-align: middle\">\u00c9quipements d&#8217;\u00e9tudes<\/td><td style=\"color: #333333;text-align: center;vertical-align: middle\">3<\/td><td style=\"color: #333333;text-align: center;vertical-align: middle\">3<\/td><td style=\"color: #333333;text-align: center;vertical-align: middle\">3<\/td><td style=\"color: #333333;text-align: center;vertical-align: middle\">1<\/td><\/tr><tr><td style=\"color: #333333;text-align: center;vertical-align: middle\">7.6a<\/td><td style=\"color: #333333;text-align: left;vertical-align: middle\">Organisation<\/td><td style=\"color: #333333;text-align: center;vertical-align: middle\">7<\/td><td style=\"color: #333333;text-align: center;vertical-align: middle\">7<\/td><td style=\"color: #333333;text-align: center;vertical-align: middle\">7<\/td><td style=\"color: #333333;text-align: center;vertical-align: middle\">7<\/td><\/tr><tr><td style=\"color: #333333;text-align: center;vertical-align: middle\">7.6b<\/td><td style=\"color: #333333;text-align: left;vertical-align: middle\">Abaissement des consommations<\/td><td style=\"color: #333333;text-align: center;vertical-align: middle\">6<\/td><td style=\"color: #333333;text-align: center;vertical-align: middle\">6<\/td><td style=\"color: #333333;text-align: center;vertical-align: middle\">6<\/td><td style=\"color: #333333;text-align: center;vertical-align: middle\">3<\/td><\/tr><tr><td style=\"color: #333333;text-align: center;vertical-align: middle\">7.6c<\/td><td style=\"color: #333333;text-align: left;vertical-align: middle\">Notices techniques<\/td><td style=\"color: #333333;text-align: center;vertical-align: middle\">7<\/td><td style=\"color: #333333;text-align: center;vertical-align: middle\">7<\/td><td style=\"color: #333333;text-align: center;vertical-align: middle\">7<\/td><td style=\"color: #333333;text-align: center;vertical-align: middle\">7<\/td><\/tr><tr><td style=\"color: #333333;text-align: center;vertical-align: middle\">\u00a0<\/td><td style=\"color: #333333;text-align: left;vertical-align: middle\">Valeur technique (60%)<\/td><td style=\"color: #333333;text-align: center;vertical-align: middle\">60,00<\/td><td style=\"color: #333333;text-align: center;vertical-align: middle\">55,00<\/td><td style=\"color: #333333;text-align: center;vertical-align: middle\">60,00<\/td><td style=\"color: #333333;text-align: center;vertical-align: middle\">48,00<\/td><\/tr><tr><td colspan=\"6\">\u00a0<\/td><\/tr><tr><td style=\"color: #333333;text-align: center;vertical-align: middle\" colspan=\"2\"><strong>\u20acuros TTC<\/strong><\/td><td style=\"color: #333333;text-align: center;vertical-align: middle\">Base<br \/>de<br \/>notation<\/td><td style=\"color: #333333;text-align: center;vertical-align: middle\">EITF<\/td><td style=\"color: #333333;text-align: center;vertical-align: middle\">SME<\/td><td style=\"color: #333333;text-align: center;vertical-align: middle\">SNEF<\/td><\/tr><tr><td style=\"color: #333333;text-align: center;vertical-align: middle\">\u00a0<\/td><td style=\"color: #333333;text-align: left;vertical-align: middle\">Travaux d&#8217;entretien<\/td><td style=\"color: #333333;text-align: center;vertical-align: middle\">\u00a0<\/td><td style=\"color: #333333;text-align: center;vertical-align: middle\">44 523,48<\/td><td style=\"color: #333333;text-align: center;vertical-align: middle\">42 262,00<\/td><td style=\"color: #333333;text-align: center;vertical-align: middle\">35 413,28<\/td><\/tr><tr><td style=\"color: #333333;text-align: center;vertical-align: middle\">\u00a0<\/td><td style=\"color: #333333;text-align: left;vertical-align: middle\">Travaux de renouvellement<\/td><td style=\"color: #333333;text-align: center;vertical-align: middle\">\u00a0<\/td><td style=\"color: #333333;text-align: center;vertical-align: middle\">308 237,69<\/td><td style=\"color: #333333;text-align: center;vertical-align: middle\">268 214,98<\/td><td style=\"color: #333333;text-align: center;vertical-align: middle\">263 917,68<\/td><\/tr><tr><td style=\"color: #333333;text-align: center;vertical-align: middle\">\u00a0<\/td><td style=\"color: #333333;text-align: left;vertical-align: middle\">Total du devis quantitatif et estimatif<\/td><td style=\"color: #333333;text-align: center;vertical-align: middle\">40<\/td><td style=\"color: #333333;text-align: center;vertical-align: middle\">352 761,17<\/td><td style=\"color: #333333;text-align: center;vertical-align: middle\">310 676,98<\/td><td style=\"color: #333333;text-align: center;vertical-align: middle\">299 330,96<\/td><\/tr><tr><td style=\"color: #333333;text-align: center;vertical-align: middle\">\u00a0<\/td><td style=\"color: #333333;text-align: left;vertical-align: middle\">Note prix (40 %)<\/td><td style=\"color: #333333;text-align: center;vertical-align: middle\">40<\/td><td style=\"color: #333333;text-align: center;vertical-align: middle\">33,94<\/td><td style=\"color: #333333;text-align: center;vertical-align: middle\">33,54<\/td><td style=\"color: #333333;text-align: center;vertical-align: middle\">40<\/td><\/tr><tr bgcolor=\"#F1AD3E\"><td style=\"color: #333333;text-align: center;vertical-align: middle\">\u00a0<\/td><td style=\"color: #333333;text-align: left;vertical-align: middle\">Note finale<\/td><td style=\"color: #333333;text-align: center;vertical-align: middle\">100<\/td><td style=\"color: #333333;text-align: center;vertical-align: middle\">88,94<\/td><td style=\"color: #333333;text-align: center;vertical-align: middle\">98,54<\/td><td style=\"color: #333333;text-align: center;vertical-align: middle\">88,00<\/td><\/tr><\/tbody><\/table><p style=\"color: #333333;padding-left: 40px;text-align: justify\"><em>Il en est ressorti le classement suivant :<br \/>1<sup>er<\/sup> : SME-Groupe Leclere<br \/>2<sup>\u00e8me<\/sup> : EITF<br \/>3<sup>\u00e8me<\/sup> : SNEF<\/em><\/p><p style=\"color: #333333;padding-left: 40px;text-align: justify\"><strong>Conform\u00e9ment \u00e0 l&#8217;analyse des offres de ce march\u00e9, le March\u00e9 est attribu\u00e9 \u00e0 SME &#8211; Groupe LECLERE<\/strong><br \/>(Pas de d\u00e9lib\u00e9ration)<\/p><p style=\"color: #333333;padding-left: 40px;text-align: justify\"><em>Remarque :<br \/>Monsieur Philippe WAELKENS :<br \/>\u00ab Lors des r\u00e9unions de commissions d&#8217;ouverture des plis et de retour d&#8217;analyse des offres, je n&#8217;\u00e9tais pas d&#8217;accord avec le choix qui a \u00e9t\u00e9 fait de choisir SME. J&#8217;aurai choisi la SNEF. Pourquoi ? Parce que Monsieur Le Maire m&#8217;a demand\u00e9 en d\u00e9but de mandat de r\u00e9duire les consommations. Et donc b\u00eate et disciplin\u00e9, ils sont les moins chers donc je choisis la SNEF. J&#8217;ai choisi aussi la SNEF en ne d\u00e9nigrant surtout pas SME puisque j&#8217;avais demand\u00e9 au service technique la note qu&#8217;il pouvait attribuer \u00e0 SME pour les services rendus sur les 4 ann\u00e9es et les services techniques m&#8217;ont r\u00e9pondu 8 sur 10. Et 8 sur 10 pour moi c&#8217;est correct. Le fait est que de SME on a re\u00e7u r\u00e9cemment au mois de septembre une analyse \u00e9nerg\u00e9tique de 2020 2021 2022. Or il s&#8217;av\u00e8re que nous ce qui nous int\u00e9ressait c&#8217;\u00e9taient les consommations que nous avions eues sur 2023 au niveau de l&#8217;\u00e9clairage public que nous avions \u00e9teint. Donc suite \u00e0 cette analyse de consommation qui nous avait \u00e9t\u00e9 distribu\u00e9e j&#8217;ai analys\u00e9 aussi loin que je pouvais et je me suis pos\u00e9 des questions. J&#8217;ai constat\u00e9 que des rues notamment la rue Salengro et la rue Barbusse et d&#8217;autres aussi avec des consommations \u00e9nergivores tr\u00e8s importantes par rapport \u00e0 la somme totale. Ces 3 rues repr\u00e9sentent 1\/3 de la consommation totale annuelle. De ce fait, j&#8217;avais demand\u00e9 au bureau d&#8217;\u00e9tudes et \u00e0 SME d&#8217;\u00e9tablir un constat pour ces 3 rues et de nous dire quelles solutions apporter pour baisser les consommations dans ces rues. De mon point de vue nous avons re\u00e7u un document qui ne me convenait pas et ne correspondait pas \u00e0 la demande et c&#8217;est pour cette raison que je n&#8217;\u00e9tais pas satisfait vis-\u00e0-vis de SME. Lors de l&#8217;analyse du dernier march\u00e9 en 2020 SME avez obtenu 5 sur 5 sur les propositions de baisse de consommation or nous n&#8217;avons rien re\u00e7u et c&#8217;est pour cela que je ne suis pas d&#8217;accord. \u00bb<br \/>Monsieur Jean-Michel HARBONNIER :<br \/>\u00ab L&#8217;\u00e9clairage nocturne a \u00e9t\u00e9 r\u00e9tabli ? Je m&#8217;en \u00e9tonne car le conseil a vot\u00e9 le 8 novembre 2022 la fin de l&#8217;\u00e9clairage et cela a \u00e9t\u00e9 r\u00e9tabli qui a d\u00e9cid\u00e9 ? \u00bb<br \/>Monsieur Le Maire :<br \/>\u00ab Il \u00e9tait pr\u00e9vu que l&#8217;\u00e9clairage public soit r\u00e9tabli lors des festivit\u00e9s du mois de juillet 2023 (notamment la f\u00eate du centre,\u2026) et la lib\u00e9ration de Thiant. De nombreuses personnes sont venues se plaindre parce qu&#8217;ils ne voient pas claires la nuit quand ils rentrent ou quand ils partent travailler, sans compter l&#8217;ins\u00e9curit\u00e9 (manque de visibilit\u00e9, d\u00e9gradations,\u2026)<br \/>Pour le moment nous gardons l&#8217;\u00e9clairage. Actuellement nous manquons de recul sur ce que nous avons \u00e9conomis\u00e9. Les factures d&#8217;\u00e9lectricit\u00e9 nous parviennent tr\u00e8s tardivement et nous ne pouvons pas faire de calcul comparatif par rapport \u00e0 l&#8217;ann\u00e9e derni\u00e8re.<br \/>\u2026<br \/>On a fait forc\u00e9ment une \u00e9conomie de consommation pour autant nous ne savons pas encore si cela aura permis une \u00e9conomie financi\u00e8re. On fera peut-\u00eatre une r\u00e9union de conseil \u00e0 part sur ce sujet, en d\u00e9finissant peut \u00eatre aussi d&#8217;autres horaires. \u00bb<br \/>Monsieur Jean-Michel HARBONNIER :<br \/>\u00ab Ce qui me chiffonnait ce n&#8217;est pas le principe, mais il a fallu une commission et un conseil municipal pour ent\u00e9riner le fait qu&#8217;on \u00e9teigne la nuit. Et ensuite on n&#8217;a plus besoin de nous pour prendre la d\u00e9cision contraire. Cela veut bien dire qu&#8217;on ne sert pas \u00e0 grand-chose \u00bb<br \/>Madame C\u00e9line DUMAINE :<br \/>\u00ab La remise de l&#8217;\u00e9clairage en route a \u00e9t\u00e9 faite le jour de l&#8217;accident Rue Barbusse lorsqu&#8217;une voiture a percut\u00e9 le compteur de gaz. Certes il ne faisait pas noir quand l&#8217;accident a eu lieu. Mais Philippe, comme moi, sommes rest\u00e9s jusqu&#8217;\u00e0 tr\u00e8s tard dans la nuit. Et heureusement que l&#8217;on r\u00e9ussi \u00e0 remettre l&#8217;\u00e9clairage\u2026 et comme les festivit\u00e9s du 14 juillet approchaient on a laiss\u00e9 l&#8217;\u00e9clairage\u2026 \u00bb<br \/>Madame Sylvie DEVOS :<br \/>\u00ab On avait dit que l&#8217;\u00e9clairage serait remis des festivit\u00e9s du 14 juillet au feu d&#8217;artifice du 2 septembre. Ce n&#8217;est peut-\u00eatre pas \u00e9crit mais on l&#8217;avait dit.3 \u00bb<br \/>Madame St\u00e9phanie WATTIEZ :<br \/>\u00ab Il faut savoir qu&#8217;\u00e0 chaque fois qu&#8217;on \u00e9teint ou qu&#8217;on rallume cela a un co\u00fbt. \u00bb<br \/>Monsieur Le Maire :<br \/>\u00ab Il y a 24 armoires cela fait 24 armoires \u00e0 r\u00e9gler \u00bb<br \/>Madame St\u00e9phanie WATTIEZ :<br \/>\u00ab Le probl\u00e8me est plus complexe que cela, Philippe en a parl\u00e9, mais il faudrait que l&#8217;on puisse se poser sur ce sujet-l\u00e0\u2026 parce que parmi plein d&#8217;autres points au Conseil municipal c&#8217;est compliqu\u00e9. \u00bb<br \/>Monsieur Jimmy LAURENT :<br \/>\u00ab Il n&#8217;y a qu&#8217;une seule solution pour satisfaire tout le monde c&#8217;est l&#8217;\u00e9clairage LED ! \u00bb<br \/>Monsieur Philippe WAELKENS :<br \/>\u00ab Non \u00bb<br \/>Monsieur J\u00e9r\u00f4me CARLIER :<br \/>\u00ab On en a d\u00e9j\u00e0 parl\u00e9 en commission Jimmy \u00bbMonsieur Jimmy LAURENT :<br \/>\u00ab C&#8217;est l&#8217;erreur du pass\u00e9 on a chang\u00e9 les \u00e9clairages sans mettre de LED \u00bb<br \/>Monsieur Le Maire donne la parole \u00e0 Monsieur Philippe WAELKENS pour faire un commentaire sur ce sujet.<br \/>Monsieur Philippe WAELKENS :<br \/>\u00ab La LED est int\u00e9ressante, si l&#8217;on change tout le parc lumineux. Si on le fait par tron\u00e7on cela peut \u00eatre int\u00e9ressant mais \u00e0 moindre \u00e9chelle. Il faut absolument qu&#8217;on se focalise avec SME sur les 3 Rues qui sont concern\u00e9es par 1\/3 de la consommation totale. Sur l&#8217;\u00e9clairage public il ne faut pas tout confondre il y a les lumens le flux et la puissance. Sur certaines rues on a une puissance de sodium extr\u00eamement \u00e9lev\u00e9e. Exemple: si on prend une lampe \u00e0 sodium de 100w si on la remplace par une lampe \u00e0 sodium de 20w on va \u00e9clairer de la m\u00eame fa\u00e7on 2500 lumens mais la consommation du luminaire est 5 fois plus faible. Donc si on baisse la puissance des \u00e9clairages c&#8217;est oblig\u00e9 que l&#8217;on va baisser la consommation \u00e9nerg\u00e9tique et le flux \u00e9nerg\u00e9tique. Donc dans un premier temps il faut voir avec SME pour qu&#8217;ils fassent des propositions de remplacement. Cependant on ne peut pas non plus faire ce que l&#8217;on veut avec l&#8217;\u00e9clairage car il y a diff\u00e9rentes zones et une r\u00e9glementation \u00e0 respecter. Exemple : sur les d\u00e9partementales si on modifie les puissances le d\u00e9partement va devoir valider et on doit respecter une certaine luminosit\u00e9 (risques accidents).<br \/>Sur un terrain de p\u00e9tanque ou sur un terrain de foot on peut baisser la puissance pour une moindre cons\u00e9quence. Tout cela pour vous dire que l&#8217;on peut baisser les puissances mais on devra aussi respecter la r\u00e9glementation. L&#8217;\u00e9conomie qu&#8217;on fera est certaine mais il ne faut pas oublier qu&#8217;il y a le co\u00fbt des changements de luminaires, l&#8217;achat de mat\u00e9riel, la maintenance, qui sont aussi \u00e0 pr\u00e9voir. Et tout cumuler on fera peut-\u00eatre des \u00e9conomies mais pas \u00e9norm\u00e9ment, par contre on consommera moins. Il faut aussi savoir que passer au LED cela peut \u00eatre int\u00e9ressant si le mat\u00e9riel a plus de 10 ans, sinon cela ne sert \u00e0 rien. Un parc entier cela vaut le co\u00fbt, sur du partiel ce n&#8217;est pas int\u00e9ressant. \u00bb<br \/>Monsieur Le Maire :<br \/>\u00ab Les lampes \u00e0 LED sont sur des m\u00e2ts plus bas que celles \u00e0 sodium. L&#8217;\u00e9clairage ne se fait pas de la m\u00eame fa\u00e7on. On sera peut-\u00eatre aussi oblig\u00e9 de changer des mats, des t\u00eates, et modifier l&#8217;\u00e9cartement des m\u00e2ts,\u2026 Il faut faire une \u00e9tude. \u00bb<br \/>Monsieur Philippe WAELKENS :<br \/>\u00ab Il faut que SME fasse des propositions \u00bb<br \/>\u2026<br \/>Madame Sylvie DEVOS :<br \/>\u00ab Nous sommes en plan Vigipirate, sans compter que certaines rues sont en travaux, avec des trous en voirie, on ne peut pas \u00e9teindre \u00e0 nouveau il faut laisser \u00e9clairer \u00bb<\/em><\/p><p style=\"color: #333333;padding-left: 40px;text-align: justify\"><em>Les zones du coll\u00e8ge et du groupe scolaire ont \u00e9t\u00e9 modifi\u00e9es afin d&#8217;\u00e9clairer et s\u00e9curiser les \u00e9tablissements.<\/em><\/p><div id=\"CM28112023Neuf\" style=\"color: #333333\"><strong><u>9 &#8211; D\u00e9lib\u00e9ration achat de r\u00e9compenses cartes cadeaux pour bourses concours<\/u><\/strong><\/div><p style=\"color: #333333;padding-left: 40px text-align: justify\">Suite \u00e0 la d\u00e9lib\u00e9ration du 14 d\u00e9cembre 2018 qui pr\u00e9cise les modalit\u00e9s d&#8217;achat de r\u00e9compenses carte cadeaux pour bourses et concours<\/p><p style=\"color: #333333;padding-left: 40px;text-align: justify\">C&#8217;est-\u00e0-dire<\/p><ul style=\"color: #333333;padding-left: 40px;text-align: justify\"><li>les modalit\u00e9s pour les bourses scolaires c&#8217;est-\u00e0-dire l&#8217;achat d&#8217;une carte cadeau ou d&#8217;un bon d&#8217;achat (TYPE CADHOC ou Autre) dans une enseigne commerciale \u00e0 caract\u00e8re culturel \u00e9ducative ou scolaire pour un montant maximum de 30\u20ac aux \u00e9l\u00e8ves scolaris\u00e9s de la 6<sup>\u00e8me<\/sup> \u00e0 la terminale, en secondaire et aux \u00e9tudiants \u00e2g\u00e9s de 18 ans au plus au 31 d\u00e9cembre de l&#8217;ann\u00e9e scolaire en cours.<\/li><li>Les m\u00eames modalit\u00e9s d&#8217;achat de r\u00e9compenses pour le concours de dessin et les r\u00e9compenses aux divers concours de la commune comme les Maisons Fleuries c&#8217;est-\u00e0-dire l&#8217;achat de cartes cadeaux ou bons d&#8217;achats dans une enseigne commerciale pour une valeur de 30\u20ac maximum<\/li><\/ul><p style=\"color: #333333\"><strong>Le Conseil Municipal, apr\u00e8s en avoir d\u00e9lib\u00e9r\u00e9,<\/strong><br \/>par\u00a021 voix pour,\u00a00 voix contre,\u00a00\u00a0abstention<\/p><table align=\"center\"><tbody><tr><td style=\"color: #333333\"><strong><u>DECIDE<\/u><\/strong><\/td><td style=\"color: #333333;text-align: justify\">de confirmer les modalit\u00e9s pour les bourses scolaires c&#8217;est-\u00e0-dire l&#8217;achat d&#8217;une carte cadeau ou d&#8217;un bon d&#8217;achat (TYPE CADHOC ou Autre) dans une enseigne commerciale \u00e0 caract\u00e8re culturel \u00e9ducative ou scolaire pour un montant maximum de 30\u20ac aux \u00e9l\u00e8ves scolaris\u00e9s de la 6<sup>\u00e8me<\/sup> \u00e0 la terminale, en secondaire et aux \u00e9tudiants \u00e2g\u00e9s de 18 ans au plus au 31 d\u00e9cembre de l&#8217;ann\u00e9e scolaire en cours.<\/td><\/tr><tr><td style=\"color: #333333;vertical-align: top\"><strong><u>AUTORISE<\/u><\/strong><\/td><td style=\"color: #333333;text-align: justify\">les modalit\u00e9s d&#8217;achat de r\u00e9compenses pour le concours de dessin et les r\u00e9compenses aux divers concours de la commune comme les Maisons Fleuries c&#8217;est-\u00e0-dire l&#8217;achat de cartes cadeaux ou bons d&#8217;achats dans une enseigne commerciale pour une valeur de 30\u20ac maximum.<\/td><\/tr><\/tbody><\/table><p style=\"color: #333333;text-align: right\"><em><small>D\u00e9lib\u00e9ration n\u00b0 2023-11-28-D-08<\/small><\/em><\/p><table align=\"right\" bgcolor=\"#EEEEEE\"><tbody><tr><td style=\"color: #333333;text-align: left\"><strong><u>D\u00e9cision<\/u><\/strong><\/td><td style=\"color: #333333;text-align: left\">Sur :<\/td><td style=\"color: #333333;text-align: left\">17 pr\u00e9sents<\/td><\/tr><tr><td style=\"color: #333333;text-align: left\">\u00a0<\/td><td style=\"color: #333333;text-align: left\">Pour :<\/td><td style=\"color: #333333;text-align: left\">21 dont 4 pouvoirs<\/td><\/tr><tr><td style=\"color: #333333;text-align: left\">\u00a0<\/td><td style=\"color: #333333;text-align: left\">Contre :<\/td><td style=\"color: #333333;text-align: left\">0<\/td><\/tr><tr><td style=\"color: #333333;text-align: left\">\u00a0<\/td><td style=\"color: #333333;text-align: left\">Abstentions :<\/td><td style=\"color: #333333;text-align: left\">0<\/td><\/tr><\/tbody><\/table><div id=\"CM28112023Dix\" style=\"color: #333333\"><strong><u>10 &#8211; D\u00e9lib\u00e9ration modificatives Budg\u00e9taires DM2 DM3 DM4<\/u><\/strong><\/div><p style=\"color: #333333;padding-left: 40px;text-align: justify\"><em>Pr\u00e9sentation est faite par Madame St\u00e9phanie WATTIEZ -Adjointe aux finances<\/em><br \/><strong>(Voir compte rendu de la commission finances du 15\/11\/2023)<\/strong><\/p><p style=\"color: #333333;padding-left: 40px;text-align: justify\"><strong>En fonctionnement les recettes et les d\u00e9penses restent conformes au pr\u00e9visionnel du BP2023 soit 4 202 456,02\u20ac<br \/>Le budget d&#8217;investissement \u00e9tait de 2 014 551,81\u20ac et sera apr\u00e8s les DM2 DM3 ET DM4 de 2 081 693,34\u20ac<\/strong><\/p><p style=\"color: #333333;padding-left: 40px;text-align: justify\"><em>Cependant en investissement quelques ajustements sont \u00e0 pr\u00e9voir m\u00eame ces ajustements sont internes au chapitre et pourrait ne pas faire l&#8217;objet d&#8217;une d\u00e9lib\u00e9ration modificative budg\u00e9taire :<\/em><\/p><ul style=\"list-style-type: circle;color: #333333;text-align: justify\"><li><strong>DM2<\/strong><\/li><\/ul><p style=\"color: #333333;padding-left: 40px;text-align: justify\"><em>Des relev\u00e9s topographiques ont \u00e9t\u00e9 n\u00e9cessaires pour inventorier le patrimoine communal<br \/>Il convient donc de rectifier les pr\u00e9visions budg\u00e9taires du compte 202<br \/>Madame St\u00e9phanie WATTIEZ propose que ce qui \u00e9tait pr\u00e9vu au 2051 soit bascul\u00e9 dans le m\u00eame chapitre au 202. Il s&#8217;agit d&#8217;un jeu d&#8217;\u00e9criture. Cette somme avait \u00e9t\u00e9 budg\u00e9tis\u00e9e il s&#8217;agit d&#8217;\u00eatre au plus juste sur les articles. Cette d\u00e9lib\u00e9ration n&#8217;\u00e9tait pas obligatoire.<br \/>Cela permet de mettre les sommes dans les bons comptes budg\u00e9taires, ces sommes utilis\u00e9es viennent apporter une valeur au patrimoine, soit ce sont des \u00e9tudes qui sont fi\u00e9es \u00e0 un projet d&#8217;investissement.<\/em><\/p><p style=\"color: #333333\"><strong>Le Conseil Municipal, apr\u00e8s en avoir d\u00e9lib\u00e9r\u00e9,<\/strong><br \/>par\u00a021 voix pour,\u00a00 voix contre,\u00a00\u00a0abstention<\/p><table align=\"center\"><tbody><tr><td style=\"color: #333333\"><strong><u>EFFECTUE<\/u><\/strong><\/td><td style=\"color: #333333;text-align: left\" colspan=\"2\">les modifications budg\u00e9taires suivantes :<\/td><\/tr><tr><td style=\"color: #333333;text-align: left\" colspan=\"2\">Investissement D\u00e9penses Chapitre 020<\/td><td style=\"color: #333333;text-align: left\">Compte 202 : + 7500,00<br \/>Compte 2051 : &#8211; 7500,00<\/td><\/tr><\/tbody><\/table><p style=\"color: #333333\" align=\"right\"><em><small>D\u00e9lib\u00e9ration n\u00b0 2023-11-28-D-09<\/small><\/em><\/p><table align=\"right\" bgcolor=\"#EEEEEE\"><tbody><tr><td style=\"color: #333333;text-align: left\"><strong><u>D\u00e9cision<\/u><\/strong><\/td><td style=\"color: #333333;text-align: left\">Sur :<\/td><td style=\"color: #333333;text-align: left\">17 pr\u00e9sents<\/td><\/tr><tr><td style=\"color: #333333;text-align: left\">\u00a0<\/td><td style=\"color: #333333;text-align: left\">Pour :<\/td><td style=\"color: #333333;text-align: left\">21 dont 4 pouvoirs<\/td><\/tr><tr><td style=\"color: #333333;text-align: left\">\u00a0<\/td><td style=\"color: #333333;text-align: left\">Contre :<\/td><td style=\"color: #333333;text-align: left\">0<\/td><\/tr><tr><td style=\"color: #333333;text-align: left\">\u00a0<\/td><td style=\"color: #333333;text-align: left\">Abstentions :<\/td><td style=\"color: #333333;text-align: left\">0<\/td><\/tr><\/tbody><\/table><p style=\"color: #333333;padding-left: 40px;text-align: justify\"><em>Remarques :<br \/>Madame Fran\u00e7oise BAR-DESESPRINGALLE :<br \/>\u00ab Peut-on savoir \u00e0 quoi cela correspondait il ? A quel b\u00e2timent ? \u00bb Madame St\u00e9phanie WATTIEZ :<br \/>Cela correspond \u00e0 une relev\u00e9 topographique cadastral de la commune<\/em><\/p><ul style=\"list-style-type: circle;color: #333333;text-align: justify\"><li><strong>DM3<\/strong><\/li><\/ul><p style=\"color: #333333;padding-left: 40px;text-align: justify\"><em>Madame St\u00e9phanie WATTIEZ propose de reprendre 295 000\u20ac du compte 21312 et d&#8217;affecter des cr\u00e9dits sur diff\u00e9rents comptes pour les travaux de menuiseries, toitures, alarme incendie, am\u00e9nagement foot, chauffage salle de sport\u2026<br \/>De transf\u00e9rer les cr\u00e9dits du compte 1328 au compte 1321 Subvention Etat, et notamment pour la DETR (Dotation des \u00e9quipements des territoires ruraux) vers\u00e9e par l&#8217;Etat pour les pr\u00e9aux.<\/em><\/p><p style=\"color: #333333\"><strong>Le Conseil Municipal, apr\u00e8s en avoir d\u00e9lib\u00e9r\u00e9,<\/strong><br \/>par\u00a021 voix pour,\u00a00 voix contre,\u00a00\u00a0abstention<\/p><table align=\"center\"><tbody><tr><td style=\"color: #333333\"><strong><u>EFFECTUE<\/u><\/strong><\/td><td style=\"color: #333333;text-align: left\" colspan=\"2\">les modifications budg\u00e9taires suivantes :<\/td><\/tr><tr><td style=\"color: #333333;text-align: left\" colspan=\"2\">Investissement D\u00e9penses Chapitre 021<\/td><td style=\"color: #333333;text-align: left\">Compte 21312: -295000,00<br \/>Compte 2135 : +170000,00<br \/>Compte 21538 : +25000,00<br \/>Compte 2158 : + 70000,00<br \/>Compte 2181 : +10000,00<br \/>Compte 2183: +10000,00<br \/>Compte 2188: +10000,00<\/td><\/tr><tr><td style=\"color: #333333;text-align: left\" colspan=\"2\">Investissement Recettes Chapitre 013<\/td><td style=\"color: #333333;text-align: left\">Compte 1321 : +88905,69<br \/>Compte 1328 : -88905,69<\/td><\/tr><\/tbody><\/table><p style=\"color: #333333\" align=\"right\"><em><small>D\u00e9lib\u00e9ration n\u00b0 2023-11-28-D-10<\/small><\/em><\/p><table align=\"right\" bgcolor=\"#EEEEEE\"><tbody><tr><td style=\"color: #333333;text-align: left\"><strong><u>D\u00e9cision<\/u><\/strong><\/td><td style=\"color: #333333;text-align: left\">Sur :<\/td><td style=\"color: #333333;text-align: left\">17 pr\u00e9sents<\/td><\/tr><tr><td style=\"color: #333333;text-align: left\">\u00a0<\/td><td style=\"color: #333333;text-align: left\">Pour :<\/td><td style=\"color: #333333;text-align: left\">21 dont 4 pouvoirs<\/td><\/tr><tr><td style=\"color: #333333;text-align: left\">\u00a0<\/td><td style=\"color: #333333;text-align: left\">Contre :<\/td><td style=\"color: #333333;text-align: left\">0<\/td><\/tr><tr><td style=\"color: #333333;text-align: left\">\u00a0<\/td><td style=\"color: #333333;text-align: left\">Abstentions :<\/td><td style=\"color: #333333;text-align: left\">0<\/td><\/tr><\/tbody><\/table><ul style=\"list-style-type: circle;color: #333333;text-align: justify\"><li><strong>DM4<\/strong><\/li><\/ul><p style=\"color: #333333;padding-left: 40px;text-align: justify\"><em>Madame St\u00e9phanie WATTIEZ propose d&#8217;inscrire au budget les subventions attribu\u00e9es par le d\u00e9partement et notifi\u00e9es apr\u00e8s le vote du BP<br \/>Attribution d&#8217;une subvention d\u00e9partementale pour travaux Eglise<br \/>Attribution d&#8217;une subvention d\u00e9partementale pour travaux s\u00e9curisation et bordures de trottoirs<br \/>Et des Op\u00e9rations patrimoniales<\/em><\/p><p style=\"color: #333333\"><strong>Le Conseil Municipal, apr\u00e8s en avoir d\u00e9lib\u00e9r\u00e9,<\/strong><br \/>par\u00a021 voix pour,\u00a00 voix contre,\u00a00\u00a0abstention<\/p><table align=\"center\"><tbody><tr><td style=\"color: #333333\"><strong><u>EFFECTUE<\/u><\/strong><\/td><td style=\"color: #333333;text-align: left\" colspan=\"2\">les modifications budg\u00e9taires suivantes :<\/td><\/tr><tr><td style=\"color: #333333;text-align: left\">Investissement<\/td><td style=\"color: #333333;text-align: left\">D\u00e9penses Chapitre 021<br \/>D\u00e9penses Chapitre 021<\/td><td style=\"color: #333333;text-align: left\">Compte 21318: +33141,00<br \/>Compte 2152: +33500,00<\/td><\/tr><tr><td style=\"color: #333333;text-align: left\">Investissement<\/td><td style=\"color: #333333;text-align: left\">Recettes Chapitre 013<\/td><td style=\"color: #333333;text-align: left\">Compte 1323 : +66641,00<\/td><\/tr><tr><td style=\"color: #333333\">Investissement<\/td><td style=\"color: #333333;text-align: left\" colspan=\"2\">D\u00e9penses Chapitre 041 : +500,53<\/td><\/tr><tr><td style=\"color: #333333\">Investissement<\/td><td style=\"color: #333333;text-align: left\" colspan=\"2\">Recettes Chapitre 041 : +500,53<\/td><\/tr><\/tbody><\/table><p style=\"color: #333333\" align=\"right\"><em><small>D\u00e9lib\u00e9ration n\u00b0 2023-11-28-D-11<\/small><\/em><\/p><table align=\"right\" bgcolor=\"#EEEEEE\"><tbody><tr><td style=\"color: #333333;text-align: left\"><strong><u>D\u00e9cision<\/u><\/strong><\/td><td style=\"color: #333333;text-align: left\">Sur :<\/td><td style=\"color: #333333;text-align: left\">17 pr\u00e9sents<\/td><\/tr><tr><td style=\"color: #333333;text-align: left\">\u00a0<\/td><td style=\"color: #333333;text-align: left\">Pour :<\/td><td style=\"color: #333333;text-align: left\">21 dont 4 pouvoirs<\/td><\/tr><tr><td style=\"color: #333333;text-align: left\">\u00a0<\/td><td style=\"color: #333333;text-align: left\">Contre :<\/td><td style=\"color: #333333;text-align: left\">0<\/td><\/tr><tr><td style=\"color: #333333;text-align: left\">\u00a0<\/td><td style=\"color: #333333;text-align: left\">Abstentions :<\/td><td style=\"color: #333333;text-align: left\">0<\/td><\/tr><\/tbody><\/table><p style=\"color: #333333;padding-left: 40px;text-align: justify\"><em>Remarques :<br \/>Apr\u00e8s application des d\u00e9lib\u00e9rations modificatives budg\u00e9taires du BP2023<br \/>Le budget de fonctionnement est inchang\u00e9 et s&#8217;\u00e9l\u00e8ve \u00e0 4 202 456,02\u20ac<br \/>Le budget d&#8217;investissement \u00e9tait de 2 014 551,81\u20ac et sera 2 081 693,34\u20ac<br \/>Liste des subventions en cours avec le d\u00e9partement pour un total de 225360\u20ac :<\/em><\/p><ul style=\"list-style-type: '- ';color: #333333;padding-left: 40px;text-align: justify\"><li>93351\u20ac les pr\u00e9aux<\/li><li>40368\u20ac solde d\u00e9molition biblioth\u00e8que et maison des jeunes<\/li><li>25000\u20ac chauffage de la salle DELAUNE<\/li><li>33141\u20ac \u00e9glise<\/li><li>33500\u20ac am\u00e9nagement de trottoir et s\u00e9curisation de la rue Jean-Jaur\u00e8s<\/li><\/ul><p style=\"color: #333333;padding-left: 40px;text-align: justify\"><em>Monsieur Le Maire f\u00e9licite les services financiers : Guillaume S\u00e9verine et Aur\u00e9lie ainsi que St\u00e9phanie (ma Bru) qui se d\u00e9m\u00e8nent pour obtenir toutes sortes de subventions.<\/em><\/p><div id=\"CM28112023Onze\" style=\"color: #333333\"><strong><u>11 &#8211; D\u00e9lib\u00e9ration autorisation d&#8217;engagement des d\u00e9penses avant vote du BP 2024<\/u><\/strong><\/div><p style=\"color: #333333;padding-left: 40px;text-align: justify\"><em>Pr\u00e9sentation sera faite par Madame St\u00e9phanie WATTIEZ &#8211; Adjointe aux finances<\/em><\/p><p style=\"color: #333333;padding-left: 40px;text-align: justify\"><em>Comme le pr\u00e9voit le code g\u00e9n\u00e9ral des collectivit\u00e9s territoriales en son article L 1612.1 une collectivit\u00e9 peut jusqu&#8217;\u00e0 l&#8217;adoption de son budget et sur autorisation de l&#8217;organe d\u00e9lib\u00e9rant engager liquider et mandater les d\u00e9penses d&#8217;investissement dans la limite du quart des cr\u00e9dits de l&#8217;exercice pr\u00e9c\u00e9dent non compris les cr\u00e9dits aff\u00e9rents au remboursement de la dette.<br \/>Le budget 2024 ne sera pas vot\u00e9 prochainement.<br \/>Il est donc n\u00e9cessaire de permettre \u00e0 Monsieur Le Maire d&#8217;effectuer les op\u00e9rations d&#8217;investissement en ce d\u00e9but d&#8217;ann\u00e9e 2024.<\/em><\/p><p style=\"color: #333333\"><strong>Le Conseil Municipal, apr\u00e8s en avoir d\u00e9lib\u00e9r\u00e9,<\/strong><br \/>par\u00a021 voix pour,\u00a00 voix contre,\u00a00\u00a0abstentions<\/p><table align=\"center\"><tbody><tr><td style=\"color: #333333\"><strong><u>DECIDE<\/u><\/strong><\/td><td style=\"color: #333333;text-align: justify\">d&#8217;autoriser Monsieur Le Maire \u00e0 effectuer des op\u00e9rations d&#8217;investissement avant le vote du budget 2024 dans la limite de 25% des cr\u00e9dits ouverts au budget de l&#8217;exercice 2023<\/td><\/tr><\/tbody><\/table><p style=\"color: #333333;text-align: right\"><em><small>D\u00e9lib\u00e9ration n\u00b0 2023-11-28-D-12<\/small><\/em><\/p><table align=\"right\" bgcolor=\"#EEEEEE\"><tbody><tr><td style=\"color: #333333;text-align: left\"><strong><u>D\u00e9cision<\/u><\/strong><\/td><td style=\"color: #333333;text-align: left\">Sur :<\/td><td style=\"color: #333333;text-align: left\">17 pr\u00e9sents<\/td><\/tr><tr><td style=\"color: #333333;text-align: left\">\u00a0<\/td><td style=\"color: #333333;text-align: left\">Pour :<\/td><td style=\"color: #333333;text-align: left\">21 dont 4 pouvoirs<\/td><\/tr><tr><td style=\"color: #333333;text-align: left\">\u00a0<\/td><td style=\"color: #333333;text-align: left\">Contre :<\/td><td style=\"color: #333333;text-align: left\">0<\/td><\/tr><tr><td style=\"color: #333333;text-align: left\">\u00a0<\/td><td style=\"color: #333333;text-align: left\">Abstentions :<\/td><td style=\"color: #333333;text-align: left\">0<\/td><\/tr><\/tbody><\/table><div id=\"CM28112023Douze\" style=\"color: #333333\"><strong><u>12 &#8211; D\u00e9lib\u00e9ration subvention Amicale du personnel pour 2024<\/u><\/strong><\/div><p style=\"color: #333333;padding-left: 40px;text-align: justify\"><em>Pr\u00e9sentation est faite par Monsieur Le Maire.<\/em><\/p><p style=\"color: #333333\"><strong>Le Conseil Municipal, apr\u00e8s en avoir d\u00e9lib\u00e9r\u00e9,<\/strong><br \/>par\u00a021 voix pour,\u00a00 voix contre,\u00a00\u00a0abstentions<\/p><table align=\"center\"><tbody><tr><td style=\"color: #333333\"><strong><u>ATTRIBUE<\/u><\/strong><\/td><td style=\"color: #333333;text-align: justify\">pour l&#8217;ann\u00e9e 2024 une subvention de 20 000 \u20ac \u00e0 l&#8217;Amicale du Personnel Communal.<\/td><\/tr><tr><td style=\"color: #333333\"><strong><u>DIT<\/u><\/strong><\/td><td style=\"color: #333333;text-align: justify\">que les cr\u00e9dits n\u00e9cessaires seront inscrits au budget 2024<\/td><\/tr><\/tbody><\/table><p style=\"color: #333333;text-align: right\"><em><small>D\u00e9lib\u00e9ration n\u00b0 2023-11-28-D-13<\/small><\/em><\/p><table align=\"right\" bgcolor=\"#EEEEEE\"><tbody><tr><td style=\"color: #333333;text-align: left\"><strong><u>D\u00e9cision<\/u><\/strong><\/td><td style=\"color: #333333;text-align: left\">Sur :<\/td><td style=\"color: #333333;text-align: left\">17 pr\u00e9sents<\/td><\/tr><tr><td style=\"color: #333333;text-align: left\">\u00a0<\/td><td style=\"color: #333333;text-align: left\">Pour :<\/td><td style=\"color: #333333;text-align: left\">21 dont 4 pouvoirs<\/td><\/tr><tr><td style=\"color: #333333;text-align: left\">\u00a0<\/td><td style=\"color: #333333;text-align: left\">Contre :<\/td><td style=\"color: #333333;text-align: left\">0<\/td><\/tr><tr><td style=\"color: #333333;text-align: left\">\u00a0<\/td><td style=\"color: #333333;text-align: left\">Abstentions :<\/td><td style=\"color: #333333;text-align: left\">0<\/td><\/tr><\/tbody><\/table><div id=\"CM28112023Treize\" style=\"color: #333333\"><strong><u>13 &#8211; D\u00e9lib\u00e9ration tri s\u00e9lectif dans les b\u00e2timents communaux<\/u><\/strong><\/div><p style=\"color: #333333;padding-left: 40px;text-align: justify\"><strong><u>Arriv\u00e9e de Madame Sylvie NICOLAS<\/u><\/strong><\/p><p style=\"color: #333333;padding-left: 40px;text-align: justify\"><em>Pr\u00e9sentation est faite par Monsieur Philippe WAELKENS<br \/>La commune s&#8217;est engag\u00e9e \u00e0 donner aux usagers la possibilit\u00e9 de faire le tri dans les b\u00e2timents communaux en mettant \u00e0 disposition des bacs jaunes pour le tri, des bacs verres pour le verre et des bacs gris pour les ordures m\u00e9nag\u00e8res. Un affichage des consignes de tri a \u00e9t\u00e9 mis en place dans chacun des b\u00e2timents. (Salle des f\u00eates, salle de l&#8217;enfance, salle du temps de vivre, salle de sport Delaune, salle de sport ANSART\u2026)<\/em><\/p><p style=\"color: #333333\"><strong>Le Conseil Municipal, apr\u00e8s en avoir d\u00e9lib\u00e9r\u00e9,<\/strong><br \/>par\u00a022 voix pour,\u00a00 voix contre,\u00a00\u00a0abstentions<\/p><table align=\"center\"><tbody><tr><td style=\"color: #333333\"><strong><u>DECIDE<\/u><\/strong><\/td><td style=\"color: #333333;text-align: justify\">d&#8217;appliquer une majoration de 50 euros sur le titre de paiement d\u00fb pour la location en l&#8217;absence de tri effectu\u00e9 correctement pour la salle des f\u00eates et pour la salle de l&#8217;enfance<\/td><\/tr><\/tbody><\/table><p style=\"color: #333333\" align=\"right\"><em><small>D\u00e9lib\u00e9ration n\u00b0 2023-11-28-D-14<\/small><\/em><\/p><table align=\"right\" bgcolor=\"#EEEEEE\"><tbody><tr><td style=\"color: #333333;text-align: left\"><strong><u>D\u00e9cision<\/u><\/strong><\/td><td style=\"color: #333333;text-align: left\">Sur :<\/td><td style=\"color: #333333;text-align: left\">18 pr\u00e9sents<\/td><\/tr><tr><td style=\"color: #333333;text-align: left\">\u00a0<\/td><td style=\"color: #333333;text-align: left\">Pour :<\/td><td style=\"color: #333333;text-align: left\">22 dont 4 pouvoirs<\/td><\/tr><tr><td style=\"color: #333333;text-align: left\">\u00a0<\/td><td style=\"color: #333333;text-align: left\">Contre :<\/td><td style=\"color: #333333;text-align: left\">0<\/td><\/tr><tr><td style=\"color: #333333;text-align: left\">\u00a0<\/td><td style=\"color: #333333;text-align: left\">Abstentions :<\/td><td style=\"color: #333333;text-align: left\">0<\/td><\/tr><\/tbody><\/table><p style=\"color: #333333;padding-left: 40px;text-align: justify\"><em>Remarques :<br \/>Monsieur Jimmy LAURENT dit qu&#8217;\u00e0 partir du 1<sup>er<\/sup> janvier 2024 on doit \u00e9viter de mettre les biod\u00e9chets dans les ordures m\u00e9nag\u00e8res. Est-ce qu&#8217;une solution a \u00e9t\u00e9 trouv\u00e9e pour les b\u00e2timents communaux et notamment pour la cantine.<br \/>Monsieur Philippe WAELKENS pr\u00e9cise qu&#8217;\u00e0 sa connaissance ce n&#8217;est pas obligatoire. M\u00eame si on essaye de sensibiliser et d&#8217;organiser diverses choses et d\u00e8s d\u00e9but d\u00e9cembre il y aura une exposition sur le compostage. En revanche pour faire du compostage collectif il faut absolument avoir un correspondant un lieu sp\u00e9cifique\u2026<br \/>Monsieur Jimmy LAURENT explique que dans son lyc\u00e9e \u00e0 compter de la rentr\u00e9e le ramassage des biod\u00e9chets ne sera plus effectu\u00e9 et il faut rechercher des solutions.<br \/>Madame C\u00e9line DUMAINE explique que c&#8217;est la m\u00eame probl\u00e9matique sur les \u00e9tablissements du secondaire. Le SIAVED et le d\u00e9partement se sont d\u00e9sengag\u00e9s. Chaque \u00e9tablissement doit trouver une solution or ils sont oblig\u00e9s de faire appel \u00e0 des organismes ext\u00e9rieurs car la r\u00e9glementation n&#8217;est pas si simple (compostage, d\u00e9ratisation\u2026)<br \/>Monsieur Jimmy LAURENT explique que la solution trouv\u00e9e au lyc\u00e9e a \u00e9t\u00e9 d&#8217;investir dans un digesteur (30000\u20ac la machine \u00e0 l&#8217;achat ou 300\u20ac \u00e0 la location) et un poulailler\u2026<\/em><\/p><div id=\"CM28112023Quatorze\" style=\"color: #333333\"><strong><u>14 &#8211; D\u00e9lib\u00e9ration changement de plan comptable passage de la nomenclature M14 \u00e0 la M57 (rajout)<\/u><\/strong><\/div><p style=\"color: #333333;padding-left: 40px;text-align: justify\"><em>Pr\u00e9sentation est faite par Madame St\u00e9phanie WATTIEZ Adjointe aux finances.<\/em><\/p><p style=\"color: #333333;padding-left: 40px;text-align: justify\"><em>Une g\u00e9n\u00e9ralisation du r\u00e9f\u00e9rentiel comptable M57 \u00e0 toutes les cat\u00e9gories de collectivit\u00e9s locales est programm\u00e9e au 1<sup>er<\/sup> janvier 2024.<br \/>En application de l&#8217;article 106111 de la loi n\u00b02015-991 portant nouvelle organisation territoriale de la r\u00e9publique (Loi NOTRe) modifi\u00e9, le r\u00e9f\u00e9rentiel M57 s&#8217;applique par droit d&#8217;option et par d\u00e9lib\u00e9ration de l&#8217;Assembl\u00e9e d\u00e9lib\u00e9rante, \u00e0 toutes les collectivit\u00e9s locales, leurs \u00e9tablissements publics locaux et l&#8217;ensemble des \u00e9tablissements publics mentionn\u00e9s \u00e0 l&#8217;article L.1612-20 du Code G\u00e9n\u00e9ral des Collectivit\u00e9s Territoriales (CGCT).<br \/>L&#8217;adoption du r\u00e9f\u00e9rentiel M57 est d\u00e9finitive et entre en vigueur au d\u00e9but de l&#8217;exercice budg\u00e9taire d\u00e9termin\u00e9 par la d\u00e9lib\u00e9ration.<br \/>Conform\u00e9ment \u00e0 l&#8217;article 1er du d\u00e9cret n\u00b0 2015-1899 du 30 d\u00e9cembre 2015 portant application du III de l&#8217;article 106 de la loi du 7 ao\u00fbt 2015 (Loi NOTRe), le comptable public a \u00e9t\u00e9 consult\u00e9 pour avis sur ce projet d&#8217;exercice du droit d&#8217;option de passage au r\u00e9f\u00e9rentiel M57 \u00e0 compter du 1<sup>er<\/sup> janvier 2024, et a \u00e9mis un avis favorable.<br \/>Le r\u00e9f\u00e9rentiel M57 \u00e9tend \u00e0 toutes les collectivit\u00e9s les r\u00e8gles budg\u00e9taires assouplies dont b\u00e9n\u00e9ficient d\u00e9j\u00e0 les r\u00e9gions offrant entre autres une plus grande marge de man\u0153uvre :<br \/>Ainsi :<\/em><\/p><ul style=\"list-style-type: '- ';color: #333333;padding-left: 40px;text-align: justify\"><li>en mati\u00e8re de gestion pluriannuelle des cr\u00e9dits : d\u00e9finition des autorisations de programme et des autorisations d&#8217;engagement, adoption d&#8217;un r\u00e8glement budg\u00e9taire et financier pour la dur\u00e9e du mandat, vote d&#8217;autorisations de programme et d&#8217;autorisations d&#8217;engagement lors de l&#8217;adoption du budget, pr\u00e9sentation du bilan de la gestion pluriannuelle lors du vote du compte administratif ;<\/li><li>en mati\u00e8re de fongibilit\u00e9 des cr\u00e9dits : facult\u00e9 pour l&#8217;organe d\u00e9lib\u00e9rant de d\u00e9l\u00e9guer \u00e0 l&#8217;ex\u00e9cutif la possibilit\u00e9 de proc\u00e9der \u00e0 des mouvements de cr\u00e9dits entre chapitres (dans la limite de 7,5 % des d\u00e9penses r\u00e9elles de chacune des sections, et \u00e0 l&#8217;exclusion des cr\u00e9dits relatifs aux d\u00e9penses de personnel)<\/li><li>en mati\u00e8re de gestion des cr\u00e9dits pour d\u00e9penses impr\u00e9vues : vote par l&#8217;organe d\u00e9lib\u00e9rant d&#8217;autorisations de programme et d&#8217;autorisations d&#8217;engagement de d\u00e9penses impr\u00e9vues dans la limite de 2 % des d\u00e9penses r\u00e9elles de chacune des sections.<\/li><\/ul><p style=\"color: #333333;padding-left: 40px;text-align: justify\"><em>Le p\u00e9rim\u00e8tre de cette nouvelle norme comptable sera celui des budgets g\u00e9r\u00e9s selon la M14 soit pour la Ville de Thiant son budget principal et son budget annexe : Lotissement Ferme Jourdan.<br \/>Pour information, cette modofication de nomenclature comptable entra\u00eene automatiquement un changement de maquette budg\u00e9taire. De ce fait, pour le budget primitif 2024, la colonne BP n-1 ne sera pas renseign\u00e9e car appartenant \u00e0 une autre nomenclature comptable.<br \/>VU :<\/em><\/p><ul style=\"list-style-type: '- ';color: #333333;padding-left: 40px;text-align: justify\"><li>L&#8217;article L.2121-29 du Code G\u00e9n\u00e9ral des Collectivit\u00e9s Territoriales,<\/li><li>L&#8217;article 242 de la loi n\u00b0 2018-1317 du 28 d\u00e9cembre 2018 de finances pour 2019,<\/li><li>L&#8217;arr\u00eat\u00e9 interminist\u00e9riel du ministre de la Coh\u00e9sion des territoires et des relations avec les collectivit\u00e9s territoriales et du ministre de l&#8217;Action et des comptes publics du 20 d\u00e9cembre 2018 relatif \u00e0 l&#8217;instruction budg\u00e9taire et comptable M57 applicable aux collectivit\u00e9s territoriales uniques,<\/li><\/ul><p style=\"color: #333333;padding-left: 40px;text-align: justify\"><em>CONSID\u00c9RANT que :<br \/>La collectivit\u00e9 souhaite adopter la nomenclature M57 \u00e0 compter du 1<sup>er<\/sup> janvier 2024.<br \/>&#8211; Que cette norme comptable s&#8217;appliquera \u00e0 tous les budgets de la Ville.<\/em><\/p><p style=\"color: #333333\"><strong>Le Conseil Municipal, apr\u00e8s en avoir d\u00e9lib\u00e9r\u00e9,<\/strong><br \/>par\u00a022 voix pour,\u00a00 voix contre,\u00a00\u00a0abstentions<\/p><table align=\"center\"><tbody><tr><td style=\"color: #333333\"><strong><u>AUTORISE<\/u><\/strong><\/td><td style=\"color: #333333;text-align: justify\">le changement de nomenclature budg\u00e9taire et comptable du budget de la Commune de Thiant, de la M14 vers la M57, \u00e0 compter du 1er janvier 2024.<\/td><\/tr><tr><td style=\"color: #333333\"><strong><u>AUTORISE<\/u><\/strong><\/td><td style=\"color: #333333;text-align: justify\">Monsieur le Maire \u00e0 signer toutes les pi\u00e8ces n\u00e9cessaires \u00e0 l&#8217;ex\u00e9cution de la pr\u00e9sente d\u00e9lib\u00e9ration.<\/td><\/tr><\/tbody><\/table><p style=\"color: #333333;padding-left: 40px;text-align: right\"><em><small>D\u00e9lib\u00e9ration n\u00b0 2023-11-28-D-15<\/small><\/em><\/p><table align=\"right\" bgcolor=\"#EEEEEE\"><tbody><tr><td style=\"color: #333333;text-align: left\"><strong><u>D\u00e9cision<\/u><\/strong><\/td><td style=\"color: #333333;text-align: left\">Sur :<\/td><td style=\"color: #333333;text-align: left\">18 pr\u00e9sents<\/td><\/tr><tr><td style=\"color: #333333;text-align: left\">\u00a0<\/td><td style=\"color: #333333;text-align: left\">Pour :<\/td><td style=\"color: #333333;text-align: left\">22 dont 4 pouvoirs<\/td><\/tr><tr><td style=\"color: #333333;text-align: left\">\u00a0<\/td><td style=\"color: #333333;text-align: left\">Contre :<\/td><td style=\"color: #333333;text-align: left\">0<\/td><\/tr><tr><td style=\"color: #333333;text-align: left\">\u00a0<\/td><td style=\"color: #333333;text-align: left\">Abstentions :<\/td><td style=\"color: #333333;text-align: left\">0<\/td><\/tr><\/tbody><\/table><div id=\"CM28112023QD\" style=\"color: #333333\"><strong><u>Questions diverses<\/u><\/strong><\/div><ul style=\"color: #333333;padding-left: 40px;text-align: justify\"><li><strong><u>Exposition le week-end du 8-9 d\u00e9cembre sur le compostage dans la salle des f\u00eates<\/u><\/strong><\/li><li><strong><u>Campagne de d\u00e9ratisation sur la commune en d\u00e9cembre<\/u><\/strong><\/li><li><strong><u>Pourquoi l&#8217;\u00e9clairage public a \u00e9t\u00e9 de nouveau mis en route la nuit ?<\/u><\/strong><br \/>Cette question a \u00e9t\u00e9 r\u00e9pondu au point 8<\/li><li><strong><u>Est-il pr\u00e9vu de passer \u00e0 l&#8217;\u00e9clairage LED ?<\/u><\/strong><br \/>Cette question a \u00e9t\u00e9 r\u00e9pondu au point 8<\/li><li><strong><u>O\u00f9 en sommes-nous du projet des cam\u00e9ras de vid\u00e9oprotection ?<\/u><\/strong><\/li><\/ul><p style=\"color: #333333;padding-left: 40px;text-align: justify\"><em>Monsieur Philippe WAELKENS<br \/>On avait parl\u00e9 des cam\u00e9ras de vid\u00e9oprotection une premi\u00e8re fois le 1er f\u00e9vrier 2022 lors d&#8217;un conseil municipal. Cela avait \u00e9t\u00e9 pr\u00e9sent\u00e9 par Monsieur Jean-Marie LECERF. Cette pr\u00e9sentation prenait en compte 11 p\u00e9rim\u00e8tres sur le territoire avec 22 cam\u00e9ras et cela co\u00fbtait 132000\u20ac pour uniquement le mat\u00e9riel sans maintenance\u2026<br \/>En septembre 2022 on a revu 2 soci\u00e9t\u00e9s, et une seule a r\u00e9pondu pour 13 cam\u00e9ras pour un montant de 37000\u20ac mais on s&#8217;\u00e9tait fix\u00e9 uniquement 3 p\u00e9rim\u00e8tres (garage serv technique, cimeti\u00e8re, salle des sports foot, groupe scolaire)<br \/>Le 06 octobre 2022 j&#8217;ai rencontr\u00e9 l&#8217;adjointe de la commune de MAING en charge de cam\u00e9ras sur sa commune. Bilan ni bien ni mal mais constat 2 cas r\u00e9solus en 10 ans (cas sur des d\u00e9p\u00f4ts sauvages). J&#8217;avais \u00e9t\u00e9 re\u00e7u aussi par les deux seules personnes \u00e0 \u00eatre habilit\u00e9 \u00e0 visionner les images. Nous avons parl\u00e9 fibre ou r\u00e9seau wifi, du type d&#8217;\u00e9clairage sur zone, du type de cam\u00e9ra (infra rouge), sauvegarde des donn\u00e9es, du changement de mat\u00e9riel ( tous les 3 ans)\u2026 Suite \u00e0 ce retour, sentiment que la mise en place des cam\u00e9ras c&#8217;\u00e9tait bien et pas bien \u00e0 la fois.<br \/>Juillet 2023 et octobre 2023 Cam\u00e9ra protect, il doit pr\u00e9senter un rapport prochainement.<br \/>En parall\u00e8le d&#8217;autres soci\u00e9t\u00e9s ont \u00e9t\u00e9 contact\u00e9es mais essentiellement pour du contr\u00f4le d&#8217;acc\u00e8s. Le 30 mai 2023 une personne mandat\u00e9e par la CAPH qui a propos\u00e9 de mutualiser la vid\u00e9oprotection. Le 7 octobre 2023 vous avez \u00e9t\u00e9 destinataire par la CAPH d&#8217;une \u00e9tude sur la mutualisation de la vid\u00e9oprotection.<br \/>Madame St\u00e9phanie WATTIEZ :<br \/>La CAPH propose de faire une \u00e9tude mais ensuite ce sont les communes qui devront faire leurs choix et les achats.<br \/>Madame Martine PREVOST :<br \/>L&#8217;\u00e9quipement risque de peser lourd sur le budget de la commune, mais l&#8217;exploitation aussi car il faut absolument des personnes asserment\u00e9es pour visionner les cam\u00e9ras. Il serait int\u00e9ressant de faire un diagnostic de l&#8217;\u00e9tat de la menace sur Thiant. Car la vid\u00e9oprotection est un des \u00e9l\u00e9ments pour lutter contre l&#8217;ins\u00e9curit\u00e9 parmi d&#8217;autres.<br \/>Madame C\u00e9line DUMAINE :<br \/>Lors de la derni\u00e8re rencontre avec le capitaine de police, on sait que l&#8217;\u00e9tat de la menace sur Thiant est proche de z\u00e9ro.<br \/>Madame St\u00e9phanie WATTIEZ :<br \/>Dans l&#8217;exemple pr\u00e9c\u00e9dent de la ville de MAING 2 cas r\u00e9solus sur 10 ans de d\u00e9p\u00f4ts sauvages on est loin du r\u00e9sultat que l&#8217;on peut escompter.<br \/>Monsieur Philippe WAELKENS :<br \/>Lors de la rencontre avec les services de police, en septembre 2022, il a bien \u00e9t\u00e9 dit que dans une commune comme celle de Thiant, ce n&#8217;\u00e9tait pas n\u00e9cessaire et qu&#8217;une vid\u00e9oprotection seule ne servait \u00e0 rien. Par contre une commune avec une vid\u00e9oprotection et une police municipale c&#8217;\u00e9tait bien voire tr\u00e8s bien. Et une vid\u00e9oprotection avec un ASVP, c&#8217;\u00e9tait bien mais sans plus. Et le co\u00fbt d&#8217;une police municipale, le co\u00fbt d&#8217;un ASVP c&#8217;est important et l&#8217;id\u00e9e de mutualiser est \u00e0 retenir.<br \/>Madame Sylvie NICOLAS :<br \/>Aujourd&#8217;hui les trafics ne seront pas arr\u00eat\u00e9s par les cam\u00e9ras car le mode a chang\u00e9 (livraison \u00e0 domicile\u2026)<br \/>\u2026<br \/>Type de cam\u00e9ra (infrarouge) et positionnement important (entr\u00e9e et sortie de ville)<br \/>De plus, la technologie \u00e9volue tr\u00e8s vite.<br \/>\u2026<br \/>Madame Martine PREVOST :\u00ab J&#8217;ai une question \u00e0 poser \u00e0 mes amis de l&#8217;opposition : Qu&#8217;est ce que vous attendez de l&#8217;efficacit\u00e9 de la vid\u00e9oprotection ? \u00bb<br \/>Monsieur Jimmy LAURENT :<br \/>\u00ab Je pense qu&#8217;il ne faut pas nier qu&#8217;il y a parfois des soucis sur certains v\u00e9hicules, des vols, des d\u00e9gradations, et cela touche aussi le portemonnaie des habitants. Des vols chez les habitants cela traumatise aussi des personnes. Je ne dis pas qu&#8217;il n&#8217;y a que cela \u00e0 Thiant mais il ne faut pas le nier. Mais je pense surtout que cela peut dissuader. Le probl\u00e8me aujourd&#8217;hui c&#8217;est que les communes environnantes n&#8217;ont pas de cam\u00e9ras et donc cela nous cr\u00e9e un point de faiblesse et on est plus soumis que les autres \u00e0 ce genre d&#8217;effractions. \u00bb<br \/>Madame C\u00e9line DUMAINE :<br \/>\u00ab Je ne nie pas le fait qu&#8217;il puisse y avoir des soucis dans Thiant. Martine parlait de bilan et les bilans faits par les services de police montrent qu&#8217;il y a moins de m\u00e9faits sur Thiant qu&#8217;aux alentours cam\u00e9ra ou pas. C&#8217;est un constat ! Les services de police de Denain tournent sur 17 communes. \u00bb<br \/>Monsieur Philippe WAELKENS :<br \/>\u00ab Il faut surtout voir que cela a un co\u00fbt au-del\u00e0 du fait de dissuader. Et il faut arriver \u00e0 mutualiser. J&#8217;ai r\u00e9pondu \u00e0 vos questions ? \u00bb<br \/>Monsieur Jimmy LAURENT :<br \/>\u00ab Oui \u00bb<br \/>Madame Sylvie DEVOS :<br \/>\u00ab En tous cas on ne peut pas dire qu&#8217;on ne s&#8217;en int\u00e9resse pas. On voit que tu as bien travaill\u00e9 sur le sujet. \u00bb<br \/>Madame Martine PREVOST :<br \/>\u00ab Il faut prendre en compte la r\u00e9flexion de St\u00e9phanie, qui est particuli\u00e8rement pertinente, puisqu&#8217;elle dit cela a un co\u00fbt, c&#8217;est un budget que l&#8217;on ne pourra plus mettre ailleurs c&#8217;est-\u00e0-dire que si par exemple on faisait des choses pour les personnes \u00e2g\u00e9es peut \u00eatre qu&#8217;on ne le pourra plus\u2026 car le co\u00fbt est quand m\u00eame excessif \u00bb<br \/>Monsieur Philippe WAELKENS :<br \/>\u00ab On sait aujourd&#8217;hui que la CAPH va investir dans des cam\u00e9ras sur les zones d&#8217;activit\u00e9s et pour Thiant cela fera d\u00e9j\u00e0 une cam\u00e9ra d&#8217;entr\u00e9e et sortie de ville. Ce sera un bon point de d\u00e9part. \u00bb<br \/>\u2026<br \/>Remarques :<br \/>Pas d&#8217;amortissement pour la commune de Thiant pour du mat\u00e9riel informatique<\/em><\/p><ul style=\"color: #333333;padding-left: 40px;text-align: justify\"><li><strong><u>Est-il possible d&#8217;avoir une pr\u00e9sentation des objectifs 2024 ? Notamment des travaux ?<\/u><\/strong><\/li><\/ul><ul style=\"list-style-type: '- ';color: #333333;padding-left: 40px;text-align: justify\"><li>les pr\u00e9aux aux \u00e9coles<\/li><li>salle Edmond CACHEUX sera r\u00e9am\u00e9nag\u00e9e en cours<\/li><li>l&#8217;ancienne caisse d&#8217;\u00e9pargne qui a pris un peu de retard \u00e0 cause des intemp\u00e9ries mais c&#8217;est en cours<\/li><li>la biblioth\u00e8que et le mus\u00e9e (recherche de subventions)<\/li><li>s\u00e9curisation marquage tra\u00e7age de la rue Jean Jaur\u00e8s<\/li><li>s\u00e9curisation marquage tra\u00e7age de la Rue Barbusse<\/li><li>mutation dans les b\u00e2timents; am\u00e9nagements internes\u2026<\/li><\/ul><p style=\"color: #333333\"><strong>Cette mutation a pour unique but de r\u00e9duire les consommations \u00e9nerg\u00e9tiques.<\/strong><\/p><ul style=\"list-style-type: '- ';color: #333333;padding-left: 40px;text-align: justify\"><li>petits travaux quotidiens ; signal\u00e9tiques, trous \u00e0 boucher\u2026<\/li><li>cl\u00f4ture de la halle couverte ??<\/li><\/ul><p style=\"color: #333333;padding-left: 40px;text-align: justify\"><em>Madame Fran\u00e7oise BAR-DESESPRINGALLE :<br \/>\u00ab On n&#8217;a jamais eu le bilan des \u00e9tudes de tous ces b\u00e2timents, de leurs consommations, de l&#8217;\u00e9tat\u2026 \u00bb<br \/>Monsieur Philippe WAELKENS :<br \/>\u00ab Si si\u2026 on a tout eu \u00bb<br \/>Madame Fran\u00e7oise BAR-DESESPRINGALLE :<br \/>\u00ab Ah non un bilan chiffr\u00e9\u2026 ? des visites de ces b\u00e2timents ? \u00bb<br \/>Monsieur Philippe WAELKENS :<br \/>\u00ab Je vais remettre les choses \u00e0 leur place. Pour avoir cela il faut assister aux commissions. \u00bb<br \/>Madame Fran\u00e7oise BAR-DESESPRINGALLE<br \/>\u00ab Oui mais je ne fais pas partie de la commission \u00bb<br \/>Monsieur Philippe WAELKENS :<br \/>\u00ab Il y a 8 commissions cette ann\u00e9e et les gens ne se sont d\u00e9plac\u00e9s que 2 fois. Je ne vais pas r\u00e9exposer \u00e0 chaque fois. \u00bb<br \/>Madame Fran\u00e7oise BAR-DESESPRINGALLE :<br \/>\u00ab On est quand m\u00eame 23 \u00e9lus et on a droit d&#8217;avoir les chiffres \u00bb<br \/>Monsieur Philippe WAELKENS :<br \/>\u00ab Les chiffres et les comptes-rendus se situent dans le classeur en bas \u00e0 cot\u00e9 des casiers des \u00e9lus \u00bb<br \/>Madame Fran\u00e7oise BAR-DESESPRINGALLE :<br \/>\u00ab J&#8217;ai regard\u00e9 et j&#8217;ai \u00e9tudi\u00e9 le classeur il n&#8217;y a pas de chiffres \u00bb<br \/>Monsieur Philippe WAELKENS :<br \/>\u00ab S&#8217;il n&#8217;y en a pas c&#8217;est que je ne les ai pas \u00bb<br \/>Madame Fran\u00e7oise BAR-DESESPRINGALLE :<br \/>\u00ab Donc on se d\u00e9cide \u00e0 faire des mutations de b\u00e2timents sans avoir d&#8217;\u00e9valuations ! \u00bb<br \/>Monsieur Philippe WAELKENS :<br \/>\u00ab Oui le but de mutualiser c&#8217;est de faire des \u00e9conomies d&#8217;\u00e9nergie, les chiffres on les aura en 2024. \u00bb<br \/>Madame Fran\u00e7oise BAR-DESESPRINGALLE :<br \/>\u00ab Pourquoi ne peut-on pas avoir les chiffres d&#8217;avant ? \u00bb<br \/>Monsieur Philippe WAELKENS :<br \/>\u00ab Pour avoir les chiffres il faut aller en mairie, voir la DGS, Monsieur le Maire, l&#8217;Adjointe aux finances, la comptabilit\u00e9\u2026 et tu auras des chiffres\u2026 \u00bb<br \/>Monsieur Jean-Michel HARBONNIER :<br \/>\u00ab Tu as parl\u00e9 d&#8217;un cout global pour l&#8217;ancienne caisse d&#8217;\u00e9pargne et l&#8217;Eglise ? Aura-t-on le cout par b\u00e2timent ? \u00bb<br \/>Monsieur Philippe WAELKENS :<br \/>\u00ab A la caisse d&#8217;\u00e9pargne on a d\u00e9mont\u00e9 des parois en verre qui vont \u00eatre r\u00e9cup\u00e9r\u00e9es pour les installer \u00e0 l&#8217;Eglise, je consid\u00e8re que cela rentre dans les travaux de la caisse d&#8217;\u00e9pargne (pose et d\u00e9pose) \u00bb<br \/>Madame Fran\u00e7oise BAR-DESESPRINGALLE :<br \/>\u00ab On n&#8217;a pas les d\u00e9tails ? Vous n&#8217;en avez pas besoin des d\u00e9tails ? \u00bb<br \/>Monsieur Philippe WAELKENS :<br \/>\u00ab On en parle en commission ! \u00bb<br \/>Madame Sylvie DEVOS :<br \/>\u00ab Celui qui fait partie de la commission peut envoyer un suppl\u00e9ant ! \u00bb<br \/>Madame St\u00e9phanie WATTIEZ :<br \/>\u00ab Lors de la derni\u00e8re commission finance, on a fait un \u00e9tat des diff\u00e9rentes d\u00e9penses et le d\u00e9tail a \u00e9t\u00e9 donn\u00e9, je ne vois pas en quoi il n&#8217;y a pas de transparence ! \u00bb<br \/>Monsieur Philippe WAELKENS :<br \/>\u00ab On va parler des commissions car je m&#8217;interroge si il faut encore en faire ? on a eu une r\u00e9union commission de la citoyennet\u00e9 : personne de l&#8217;opposition (Madame BAR-DESESPRINGALLE proteste car pr\u00e9sente) \u00e0 celle de novembre mais pas en octobre, en novembre il y a eu une commission de travaux personne de l&#8217;opposition, en octobre r\u00e9union o\u00f9 tout le conseil \u00e9tait convoqu\u00e9 pour l&#8217;assembl\u00e9e g\u00e9n\u00e9rale du futsal ; personne de l&#8217;opposition, une semaine apr\u00e8s la commission sport a convoqu\u00e9 pour une r\u00e9union pour le badminton : personne de l&#8217;opposition, r\u00e9union finances : personne de l&#8217;opposition et apr\u00e8s vous voulez des chiffres, assistez aux r\u00e9unions et ensuite on parlera \u00bb<\/em><\/p><ul style=\"color: #333333;padding-left: 40px;text-align: justify\"><li><strong><u>R\u00e9union de travaux \u00e0 compter du 29 novembre 2023<\/u><\/strong><\/li><\/ul><p style=\"color: #333333;padding-left: 40px;text-align: justify\">R\u00e9union tous les jeudis et la premi\u00e8re le jeudi 7 d\u00e9cembre 2023 \u00e0 18h00 salle du conseil<br \/>Pendant l&#8217;ann\u00e9e 2024 toutes les r\u00e9unions de travaux se feront les premiers jeudis de chaque mois \u00e0 18h00 salle du conseil municipal.<\/p><p style=\"color: #333333\"><strong>Fin de s\u00e9ance \u00e0 20h20<\/strong><\/p><p style=\"color: #333333\" align=\"right\"><strong>La Secr\u00e9taire de s\u00e9ance<br \/>Sylvaine G\u00c9RARD<\/strong><\/p><\/div>\n\t\t\t\t\t\t\t\t\t<div class=\"elementor-tab-title elementor-tab-mobile-title\" aria-selected=\"false\" data-tab=\"2\" role=\"tab\" tabindex=\"-1\" aria-controls=\"elementor-tab-content-2002\" aria-expanded=\"false\">14\/09<\/div>\n\t\t\t\t\t<div id=\"elementor-tab-content-2002\" class=\"elementor-tab-content elementor-clearfix\" data-tab=\"2\" role=\"tabpanel\" aria-labelledby=\"elementor-tab-title-2002\" tabindex=\"0\" hidden=\"hidden\"><h6><span style=\"color: #ff0000\">Proc\u00e8s verbal du Conseil Municipal du 14 septembre 2023 \u00e0 18h00<\/span><\/h6><p><a href=\"https:\/\/thiant.fr\/wordpress\/documents_ext\/CM\/CM_2023-09-14.pdf\" target=\"_blank\" rel=\"noopener\"><img loading=\"lazy\" decoding=\"async\" class=\"alignnone wp-image-5934 size-medium\" src=\"https:\/\/thiant.fr\/wordpress\/wp-content\/uploads\/2023\/11\/PV-CM-DU-14092023-signe-1-212x300.png\" alt=\"\" width=\"212\" height=\"300\" srcset=\"https:\/\/thiant.fr\/wordpress\/wp-content\/uploads\/2023\/11\/PV-CM-DU-14092023-signe-1-212x300.png 212w, https:\/\/thiant.fr\/wordpress\/wp-content\/uploads\/2023\/11\/PV-CM-DU-14092023-signe-1.png 566w\" sizes=\"(max-width: 212px) 100vw, 212px\" \/><\/a><\/p><p style=\"color: #333333\"><strong>Date de la convocation\u00a0:<\/strong>\u00a0\u00a0\u00a0\u00a0\u00a0\u00a0\u00a0\u00a0 05 septembre 2023<\/p><p style=\"color: #333333\"><strong>Date de l\u2019affichage\u00a0:<\/strong> \u00a0\u00a0 \u00a0\u00a0\u00a0\u00a0\u00a0\u00a0\u00a0\u00a0\u00a0\u00a0\u00a0 05 septembre 2023<\/p><p style=\"color: #333333;padding-left: 40px\" align=\"justify\">L&#8217;an deux mil vingt-trois, le 14 septembre \u00e0 dix-huit heures, le Conseil Municipal de Thiant, r\u00e9guli\u00e8rement convoqu\u00e9, se r\u00e9unira en la salle du conseil, rue Anatole France \u00e0 THIANT, sous la Pr\u00e9sidence de Monsieur Marc WATTIEZ, Maire de la Commune.<\/p><p style=\"color: #333333\"><strong>Pr\u00e9sents :<\/strong><\/p><p style=\"color: #333333;padding-left: 40px\" align=\"justify\"><strong>Monsieur Marc Wattiez, Madame St\u00e9phanie WATTIEZ, Madame C\u00e9line DUMAINE, Monsieur Philippe WAELKENS, Madame Raymonde BOHERE, Monsieur Michel HENNAUT, Madame Martine PREVOST, Madame Sylvaine GERARD, Madame Sylvie DEVOS, Madame Sylvie NICOLAS, Madame Armelle BOURLET, Madame C\u00e9line TRACHMAN, Monsieur Christophe DESPINOY, Monsieur Bernard LEPEZ, Madame Fran\u00e7oise BAR-DESESPRINGALLE, Monsieur Sylvain LEFEBVRE, Monsieur Jimmy LAURENT.<\/strong><\/p><p style=\"color: #333333\"><strong>Excus\u00e9s :<\/strong><\/p><p style=\"color: #333333;padding-left: 40px\"><strong>Monsieur Guy VANDERBEC qui donne pouvoir \u00e0 Monsieur Marc WATTIEZ<br \/>Monsieur J\u00e9r\u00f4me CARLIER qui donne pouvoir \u00e0 Madame Sylvie DEVOS<br \/>Monsieur Jean-Claude BAH qui donne pouvoir \u00e0 Monsieur Michel HENNAUT<br \/>Monsieur Bernard MALAQUIN qui donne pouvoir \u00e0 Monsieur Bernard LEPEZ<br \/>Madame Emilie LEBRUN<br \/>Monsieur Jean-Michel HARBONNIER<\/strong><\/p><p style=\"color: #333333\"><strong>Absents : MM.XXXXX<\/strong><\/p><p style=\"color: #333333\"><strong><u>Ordre du jour<\/u>\u00a0:<\/strong><\/p><ol style=\"color: #333333;padding-left: 40px\"><li><a href=\"#CM14092023Un\">D\u00e9lib\u00e9ration Approbation du proc\u00e8s-verbal du 14 juin 2023<\/a><\/li><li><a href=\"#CM14092023Deux\">D\u00e9lib\u00e9ration Renouvellement g\u00e9n\u00e9ral de la composition de la commission de contr\u00f4le des listes \u00e9lectorales<\/a><\/li><li><a href=\"#CM14092023Trois\">D\u00e9lib\u00e9ration ponctuelle portant cr\u00e9ation d&#8217;un emploi non permanent pour faire face \u00e0 une besoin lie \u00e0 un accroissement temporaire d&#8217;activit\u00e9<\/a><\/li><li><a href=\"#CM14092023Quatre\">D\u00e9lib\u00e9ration cr\u00e9ation d&#8217;emplois occasionnels et cr\u00e9ation d&#8217;emplois non permanent pour faire face \u00e0 des besoins d&#8217;accroissement temporaire de travail et\/ou \u00e0 un accroissement saisonnier d&#8217;activit\u00e9<\/a><\/li><li><a href=\"#CM14092023Cinq\">D\u00e9lib\u00e9ration tableau des effectifs au 15 septembre 2023<\/a><\/li><li><a href=\"#CM14092023Six\">D\u00e9lib\u00e9ration recensement de la population cr\u00e9ation d&#8217;un poste de coordonnateur et coordonnateur adjoint<\/a><\/li><li><a href=\"#CM14092023Sept\">D\u00e9lib\u00e9ration recensement de la population cr\u00e9ation de postes d&#8217;agents recenseurs<\/a><\/li><li><a href=\"#CM14092023Huit\">D\u00e9lib\u00e9ration remboursement de frais de d\u00e9placement et de mission des \u00e9lus<\/a><\/li><li><a href=\"#CM14092023Neuf\">D\u00e9lib\u00e9ration nom des rues de la ZAC<\/a><\/li><li><a href=\"#CM14092023Dix\">D\u00e9lib\u00e9ration renouvellement convention cantine \u00e0 1\u20ac<\/a><\/li><li><a href=\"#CM14092023Onze\">D\u00e9lib\u00e9ration Acquisition et cession de terrains avec la SIGH<\/a><\/li><\/ol><p style=\"color: #333333\"><strong>D\u00e9signation d&#8217;un Secr\u00e9taire de s\u00e9ance : C\u00e9line DUMAINE<\/strong><\/p><p style=\"color: #333333\"><strong>Nombre de pouvoirs\u00a0:\u2026 4 pouvoirs&#8230;&#8230;&#8230;&#8230;&#8230;&#8230;&#8230;&#8230;&#8230;&#8230;&#8230;..<\/strong><\/p><div id=\"CM14092023Un\" style=\"color: #333333\"><strong><u>1 &#8211; Approbation du Proc\u00e8s-verbal du 14 juin 2023<\/u><\/strong><\/div><p style=\"color: #333333;padding-left: 40px\" align=\"justify\"><em>Remarque :<br \/>Point 7 : Madame Sylvie DEVOS est conseill\u00e8re d\u00e9l\u00e9gu\u00e9e et non Adjointe<\/em><\/p><table width=\"75%\"><tbody><tr><td style=\"color: #333333\" width=\"25%\">Consid\u00e9rant<\/td><td style=\"color: #333333;text-align: justify\" width=\"75%\">Le Code G\u00e9n\u00e9ral des Collectivit\u00e9s Territoriales, particuli\u00e8rement les articles L.2121-7 \u00e0 L.2121-28 ;<\/td><\/tr><tr><td style=\"color: #333333\">Consid\u00e9rant<\/td><td style=\"color: #333333;text-align: justify\">qu&#8217;il convient d&#8217;adopter les proc\u00e8s-verbaux des s\u00e9ances du Conseil Municipal.<\/td><\/tr><\/tbody><\/table><p style=\"color: #333333\"><strong>Le Conseil Municipal, apr\u00e8s en avoir d\u00e9lib\u00e9r\u00e9,<\/strong><br \/>par\u00a021 voix pour,\u00a00 voix contre,\u00a00\u00a0abstention<\/p><table><tbody><tr><td style=\"color: #333333\" width=\"25%\"><strong><u>APPROUVE<\/u><\/strong><\/td><td style=\"color: #333333;text-align: justify\" width=\"75%\">le contenu du proc\u00e8s-verbal du 14 juin 2023, r\u00e9dig\u00e9 par son secr\u00e9taire de s\u00e9ance.<\/td><\/tr><\/tbody><\/table><p style=\"color: #333333\" align=\"right\"><em><small>D\u00e9lib\u00e9ration n\u00b0 2023-09-14-D-01<\/small><\/em><\/p><table align=\"right\" bgcolor=\"#EEEEEE\"><tbody><tr><td style=\"color: #333333;text-align: left\" width=\"25%\"><strong><u>D\u00e9cision<\/u><\/strong><\/td><td style=\"color: #333333;text-align: left\" width=\"25%\">Sur :<\/td><td style=\"color: #333333;text-align: left\" width=\"50%\">17 pr\u00e9sents<\/td><\/tr><tr><td style=\"color: #333333;text-align: left\">\u00a0<\/td><td style=\"color: #333333;text-align: left\">Pour :<\/td><td style=\"color: #333333;text-align: left\">21 dont 4 pouvoirs<\/td><\/tr><tr><td style=\"color: #333333;text-align: left\">\u00a0<\/td><td style=\"color: #333333;text-align: left\">Contre :<\/td><td style=\"color: #333333;text-align: left\">0<\/td><\/tr><tr><td style=\"color: #333333;text-align: left\">\u00a0<\/td><td style=\"color: #333333;text-align: left\">Abstentions :<\/td><td style=\"color: #333333;text-align: left\">0<\/td><\/tr><\/tbody><\/table><div id=\"CM14092023Deux\" style=\"color: #333333\"><strong><u>2 &#8211; D\u00e9lib\u00e9ration Renouvellement g\u00e9n\u00e9ral de la composition de la commission de contr\u00f4le des listes \u00e9lectorales<\/u><\/strong><\/div><p style=\"color: #333333;padding-left: 40px\" align=\"justify\">Conform\u00e9ment \u00e0 l&#8217;article L. 19 du code \u00e9lectoral, une commission de contr\u00f4le des listes \u00e9lectorales (CCLE) est instaur\u00e9e au sein de chaque commune.<br \/>En vertu des dispositions de l&#8217;article R. 7 du code \u00e9lectoral, les commissions de contr\u00f4le des listes \u00e9lectorales doivent \u00eatre renouvel\u00e9es tous les 3 ans et apr\u00e8s chaque renouvellement g\u00e9n\u00e9ral des conseils municipaux.<br \/>Les CCLE de l&#8217;arrondissement ayant \u00e9t\u00e9 institu\u00e9es par arr\u00eat\u00e9 pr\u00e9fectoral du 9 d\u00e9cembre 2020, leur renouvellement devra \u00eatre op\u00e9r\u00e9 le 8 d\u00e9cembre 2023 au plus tard.<br \/>L&#8217;ensemble des dispositions r\u00e9glementaires s&#8217;appliquant aux commissions de contr\u00f4le sont pr\u00e9cis\u00e9es par l&#8217;instruction minist\u00e9rielle du 21 novembre 2018 relative \u00e0 la tenue des listes \u00e9lectorales, compl\u00e9t\u00e9e par son addendum du 4 f\u00e9vrier 2021. Je vous communique ci-apr\u00e8s les modalit\u00e9s de leur renouvellement.<\/p><p style=\"color: #333333;padding-left: 40px\" align=\"justify\">Il existe une commission de contr\u00f4le par commune, qui a deux missions :<\/p><ul style=\"color: #333333;padding-left: 40px\"><li>elle s&#8217;assure de la r\u00e9gularit\u00e9 de la liste \u00e9lectorale, en examinant les inscriptions et radiations intervenues depuis sa derni\u00e8re r\u00e9union. Elle peut r\u00e9former les d\u00e9cisions du maire, proc\u00e9der \u00e0 l&#8217;inscription d&#8217;un \u00e9lecteur omis ou \u00e0 la radiation d&#8217;un \u00e9lecteur ind\u00fbment inscrit ;<\/li><li>elle statue sur les recours form\u00e9s par les \u00e9lecteurs contre les d\u00e9cisions de refus d&#8217;inscription ou de radiation prises \u00e0 leur \u00e9gard par le maire. Ce recours administratif pr\u00e9alable aupr\u00e8s de la commission de contr\u00f4le est obligatoire avant tout recours devant le tribunal judiciaire.<\/li><\/ul><p style=\"color: #333333;padding-left: 40px\" align=\"justify\">Composition de la commission dans les communes de 1 000habitants et plus pour lesquelles 2 listes ont obtenu des si\u00e8ges au conseil municipal :<\/p><ul style=\"color: #333333;padding-left: 40px\"><li>3 conseillers municipaux appartenant \u00e0 la liste ayant obtenu le plus grand nombre de si\u00e8ges, pris dans l&#8217;ordre du tableau parmi les membres volontaires pour participer aux travaux de la commission ;<\/li><li>2 conseillers appartenant \u00e0 la deuxi\u00e8me liste, pris dans l&#8217;ordre du tableau parmi les membres volontaires pour participer aux travaux de la commission.<\/li><\/ul><p style=\"color: #333333;padding-left: 40px\" align=\"justify\"><strong><u>J&#8217;attire votre attention sur le fait que dans tous les cas, les conseillers municipaux membres de la commission de contr\u00f4le ne peuvent \u00eatre ni maire, ni adjoint au maire (ni maire d\u00e9l\u00e9gu\u00e9 ni adjoint d\u00e9l\u00e9gu\u00e9 dans le cas d&#8217;une commune nouvelle), ni \u00eatre titulaire d&#8217;une d\u00e9l\u00e9gation en mati\u00e8re d&#8217;inscriptions sur les listes \u00e9lectorales.<\/u><\/strong><\/p><p style=\"color: #333333\"><strong>Le Conseil Municipal, apr\u00e8s en avoir d\u00e9lib\u00e9r\u00e9,<\/strong><br \/>par\u00a021 voix pour,\u00a00 voix contre,\u00a00\u00a0abstention<\/p><table><tbody><tr><td style=\"color: #333333\" width=\"25%\"><strong><u>DESIGNE<\/u><\/strong><\/td><td style=\"color: #333333;text-align: justify\" width=\"75%\">les membres de la commission de contr\u00f4le comme suit :<\/td><\/tr><\/tbody><\/table><p style=\"text-align: center;color: #333333;font-size: 2rem\"><strong>MEMBRES DE LA COMMISSION DE CONTR\u00d4LE<\/strong><br \/><small>(En application des articles L.19 et R.7 du code \u00e9lectoral)<\/small><\/p><p style=\"text-align: center;color: #333333;font-size: 2rem\"><strong>Commune de plus de 1000 habitants dans laquelle deux listes ont obtenu des si\u00e8ges au conseil municipal lors de son dernier renouvellement<\/strong><\/p><p style=\"text-align: center;color: #333333;font-size: 2rem\"><strong>COMMUNE DE THIANT<\/strong><\/p><p style=\"text-align: justify;color: #333333\">NB : Les conseillers municipaux membres de la commission de contr\u00f4le ne peuvent \u00eatre ni maire, ni adjoint au maire ni \u00eatre titulaire d&#8217;une d\u00e9l\u00e9gation en mati\u00e8re d&#8217;inscription sur les listes \u00e9lectorales.<\/p><p style=\"text-align: justify;color: #333333\">A. Conseillers issus de la liste ayant obtenu le plus grand nombre de si\u00e8ges, pris dans l&#8217;ordre du tableau, parmi les conseillers pr\u00eats \u00e0 participer aux travaux de la commission<\/p><table width=\"75%\" align=\"center\"><tbody><tr><td style=\"color: #333333;text-align: center;vertical-align: middle\" width=\"20%\"><strong>Titulaire<br \/>Suppl\u00e9ant<\/strong><\/td><td style=\"color: #333333;text-align: center;vertical-align: middle\" width=\"40%\"><strong>NOM<\/strong><\/td><td style=\"color: #333333;text-align: center;vertical-align: middle\" width=\"40%\"><strong>PR\u00c9NOM<\/strong><\/td><\/tr><tr><td style=\"color: #333333;text-align: center;vertical-align: middle\">Titulaire 1<br \/>(obligatoire)<\/td><td style=\"color: #333333;text-align: center;vertical-align: middle\">DEVOS<\/td><td style=\"color: #333333;text-align: center;vertical-align: middle\">SYLVIE<\/td><\/tr><tr><td style=\"color: #333333;text-align: center;vertical-align: middle\">Titulaire 2<br \/>(obligatoire)<\/td><td style=\"color: #333333;text-align: center;vertical-align: middle\">TRACHMAN<\/td><td style=\"color: #333333;text-align: center;vertical-align: middle\">CELINE<\/td><\/tr><tr><td style=\"color: #333333;text-align: center;vertical-align: middle\">Titulaire 3<br \/>(obligatoire)<\/td><td style=\"color: #333333;text-align: center;vertical-align: middle\">MENARD<\/td><td style=\"color: #333333;text-align: center;vertical-align: middle\">SYLVAINE<\/td><\/tr><tr><td style=\"color: #333333;text-align: center;vertical-align: middle\">Suppl\u00e9ant 1<br \/>(facultatif)<\/td><td style=\"color: #333333;text-align: center;vertical-align: middle\">BOURLET<\/td><td style=\"color: #333333;text-align: center;vertical-align: middle\">ARMELLE<\/td><\/tr><tr><td style=\"color: #333333;text-align: center;vertical-align: middle\">Suppl\u00e9ant 2<br \/>(facultatif)<\/td><td style=\"color: #333333;text-align: center;vertical-align: middle\">NICOLAS<\/td><td style=\"color: #333333;text-align: center;vertical-align: middle\">SYLVIE<\/td><\/tr><tr><td style=\"color: #333333;text-align: center;vertical-align: middle\">Suppl\u00e9ant 3<br \/>(facultatif)<\/td><td style=\"color: #333333;text-align: center;vertical-align: middle\">DESPINOY<\/td><td style=\"color: #333333;text-align: center;vertical-align: middle\">CHRISTOPHE<\/td><\/tr><\/tbody><\/table><p style=\"text-align: justify;color: #333333\">B. Conseillers issus de la 2\u00b0 liste ayant obtenu le plus grand nombre de si\u00e8ges, pris dans l&#8217;ordre du tableau parmi les conseillers pr\u00eats \u00e0 participer aux travaux de la commission<\/p><table width=\"75%\" align=\"center\"><tbody><tr><td style=\"color: #333333;text-align: center;vertical-align: middle\" width=\"20%\"><strong>Titulaire<br \/>Suppl\u00e9ant<\/strong><\/td><td style=\"color: #333333;text-align: center;vertical-align: middle\" width=\"40%\"><strong>NOM<\/strong><\/td><td style=\"color: #333333;text-align: center;vertical-align: middle\" width=\"40%\"><strong>PR\u00c9NOM<\/strong><\/td><\/tr><tr><td style=\"color: #333333;text-align: center;vertical-align: middle\">Titulaire 4<br \/>(obligatoire)<\/td><td style=\"color: #333333;text-align: center;vertical-align: middle\">BAR-DESESPRINGALLE<\/td><td style=\"color: #333333;text-align: center;vertical-align: middle\">FRANCOISE<\/td><\/tr><tr><td style=\"color: #333333;text-align: center;vertical-align: middle\">Titulaire 5<br \/>(obligatoire)<\/td><td style=\"color: #333333;text-align: center;vertical-align: middle\">HARBONNIER<\/td><td style=\"color: #333333;text-align: center;vertical-align: middle\">JEAN-MICHEL<\/td><\/tr><tr><td style=\"color: #333333;text-align: center;vertical-align: middle\">Suppl\u00e9ant 4<br \/>(facultatif)<\/td><td style=\"color: #333333;text-align: center;vertical-align: middle\">LAURENT<\/td><td style=\"color: #333333;text-align: center;vertical-align: middle\">JIMMY<\/td><\/tr><tr><td style=\"color: #333333;text-align: center;vertical-align: middle\">Suppl\u00e9ant 5<br \/>(facultatif)<\/td><td style=\"color: #333333;text-align: center;vertical-align: middle\">LEFEBVRE<\/td><td style=\"color: #333333;text-align: center;vertical-align: middle\">SYLVAIN<\/td><\/tr><\/tbody><\/table><p style=\"color: #333333\" align=\"right\"><em><small>D\u00e9lib\u00e9ration n\u00b0 2023-09-14-D-02<\/small><\/em><\/p><table width=\"75%\" align=\"right\" bgcolor=\"#EEEEEE\"><tbody><tr><td style=\"color: #333333;text-align: left\" width=\"25%\"><strong><u>D\u00e9cision<\/u><\/strong><\/td><td style=\"color: #333333;text-align: left\" width=\"25%\">Sur :<\/td><td style=\"color: #333333;text-align: left\" width=\"50%\">17 pr\u00e9sents<\/td><\/tr><tr><td style=\"color: #333333;text-align: left\">\u00a0<\/td><td style=\"color: #333333;text-align: left\">Pour :<\/td><td style=\"color: #333333;text-align: left\">21 dont 4 pouvoirs<\/td><\/tr><tr><td style=\"color: #333333;text-align: left\">\u00a0<\/td><td style=\"color: #333333;text-align: left\">Contre :<\/td><td style=\"color: #333333;text-align: left\">0<\/td><\/tr><tr><td style=\"color: #333333;text-align: left\">\u00a0<\/td><td style=\"color: #333333;text-align: left\">Abstentions :<\/td><td style=\"color: #333333;text-align: left\">0<\/td><\/tr><\/tbody><\/table><div id=\"CM14092023Trois\" style=\"color: #333333\"><strong><u>3 &#8211; D\u00e9lib\u00e9ration ponctuelle portant cr\u00e9ation d&#8217;un emploi non permanent pour faire face \u00e0 une besoin lie \u00e0 un accroissement temporaire d&#8217;activit\u00e9<\/u><\/strong><\/div><p style=\"text-align: center;color: #333333;font-size: 2rem\"><strong>DELIBERATION PONCTUELLE<\/strong><\/p><p style=\"text-align: center;color: #333333;font-size: 2rem\"><strong>PORTANT CREATION D&#8217;UN EMPLOI NON PERMANENT<br \/>POUR FAIRE FACE A UN BESOIN LIE A<br \/>UN ACCROISSEMENT TEMPORAIRE D&#8217;ACTIVITE<br \/><\/strong><small>(EN APPLICATION DE L&#8217;ARTICLE L.332-23-1\u00b0 DU CODE GENERAL DE LA FONCTION PUBLIQUE)<\/small><\/p><p style=\"color: #333333\">L&#8217;assembl\u00e9e d\u00e9lib\u00e9rante <em>(Conseil Municipal)<\/em> ;<br \/>par\u00a021 voix pour,\u00a00 voix contre,\u00a00\u00a0abstention<\/p><p style=\"text-align: justify;color: #333333\">Vu le code g\u00e9n\u00e9ral de la fonction publique, notamment son article L.332-23-1 \u00b0 ;<br \/>Consid\u00e9rant qu&#8217;il est n\u00e9cessaire de recruter un agent contractuel pour faire face \u00e0 un besoin li\u00e9 \u00e0 un accroissement temporaire d&#8217;activit\u00e9 \u00e0 savoir la mise en place de s\u00e9ances d&#8217;expression corporelle pour les tout-petits ;<br \/>Sur le rapport de Monsieur le Maire et apr\u00e8s en avoir d\u00e9lib\u00e9r\u00e9 ;<\/p><table align=\"center\"><tbody><tr><td style=\"color: #333333\"><strong><u>DECIDE<\/u><\/strong><\/td><td style=\"color: #333333;text-align: justify\">\u2022 la cr\u00e9ation \u00e0 compter du 15 septembre 2023 d&#8217;un emploi non permanent pour faire face \u00e0 un besoin li\u00e9 \u00e0 un accroissement temporaire d&#8217;activit\u00e9 dans le grade d&#8217;Adjoint d&#8217;animation (\u00e9chelle Cl \u00e9chelon 8)relevant de la cat\u00e9gorie hi\u00e9rarchique C \u00e0 temps non complet pour une dur\u00e9e hebdomadaire de service de 5 heures 30.<\/td><\/tr><tr><td style=\"color: #333333\"><strong>DIT<\/strong><\/td><td style=\"color: #333333;text-align: justify\">\u2022 Cet emploi non permanent sera occup\u00e9 par un agent contractuel recrut\u00e9 par voie de contrat \u00e0 dur\u00e9e d\u00e9termin\u00e9e pour une dur\u00e9e allant du 15 septembre 2023 au 30 juin 2024 inclus.<br \/>Il devra justifier du BAFA permettant l&#8217;animation de s\u00e9ances d&#8217;expression corporelle avec des tout-petits.<\/td><\/tr><tr><td style=\"color: #333333\"><strong>DIT<\/strong><\/td><td style=\"color: #333333;text-align: justify\">\u2022 La r\u00e9mun\u00e9ration de l&#8217;agent sera calcul\u00e9e par r\u00e9f\u00e9rence \u00e0 l&#8217;indice brut 387 du grade de recrutement.<\/td><\/tr><tr><td style=\"color: #333333\"><strong>DIT<\/strong><\/td><td style=\"color: #333333;text-align: justify\">\u2022 Les cr\u00e9dits correspondants sont et seront inscrits aux budgets.<\/td><\/tr><\/tbody><\/table><p style=\"color: #333333\" align=\"right\"><em><small>D\u00e9lib\u00e9ration n\u00b0 2023-09-14-D-03<\/small><\/em><\/p><table align=\"right\" bgcolor=\"#EEEEEE\"><tbody><tr><td style=\"color: #333333;text-align: left\" width=\"25%\"><strong><u>D\u00e9cision<\/u><\/strong><\/td><td style=\"color: #333333;text-align: left\" width=\"25%\">Sur :<\/td><td style=\"color: #333333;text-align: left\" width=\"50%\">17 pr\u00e9sents<\/td><\/tr><tr><td style=\"color: #333333;text-align: left\">\u00a0<\/td><td style=\"color: #333333;text-align: left\">Pour :<\/td><td style=\"color: #333333;text-align: left\">21 Dont 4 pouvoirs<\/td><\/tr><tr><td style=\"color: #333333;text-align: left\">\u00a0<\/td><td style=\"color: #333333;text-align: left\">Contre :<\/td><td style=\"color: #333333;text-align: left\">0<\/td><\/tr><tr><td style=\"color: #333333;text-align: left\">\u00a0<\/td><td style=\"color: #333333;text-align: left\">Abstentions :<\/td><td style=\"color: #333333;text-align: left\">0<\/td><\/tr><\/tbody><\/table><div id=\"CM14092023Quatre\" style=\"color: #333333\"><strong><u>4 &#8211; D\u00e9lib\u00e9ration cr\u00e9ation d&#8217;emplois occasionnels et cr\u00e9ation d&#8217;emplois non permanent pour faire face \u00e0 des besoins d&#8217;accroissement temporaire de travail et\/ou \u00e0 un accroissement saisonnier d&#8217;activit\u00e9<\/u><\/strong><\/div><p style=\"color: #333333;padding-left: 40px\" align=\"justify\">Consid\u00e9rant la d\u00e9lib\u00e9ration 2008-0030 du 4 juin 2008 et celle du 14 d\u00e9cembre 2018,<br \/>Consid\u00e9rant que les besoins du service peuvent justifier le remplacement rapide de fonctionnaires territoriaux indisponibles ;<br \/>Consid\u00e9rant que la loi permet aussi le recours \u00e0 des agents non titulaires pour des besoins sp\u00e9cifiques pour lesquels aucun cadre d&#8217;emploi de la Fonction Publique n&#8217;est pr\u00e9vu ou dans le cas de besoins ponctuels<br \/>Consid\u00e9rant qu&#8217;il est n\u00e9cessaire de recruter un agent contractuel pour faire face \u00e0 un besoin li\u00e9 \u00e0 un accroissement saisonnier d&#8217;activit\u00e9<\/p><p style=\"color: #333333\"><strong>Le Conseil Municipal, apr\u00e8s en avoir d\u00e9lib\u00e9r\u00e9,<br \/>Du 1<sup>er<\/sup> Octobre 2023 au 30 septembre 2024<\/strong><\/p><table align=\"center\"><tbody><tr><td style=\"color: #333333\"><strong><u>AUTORISE<\/u><\/strong><\/td><td style=\"color: #333333;text-align: justify\">\u2022 la cr\u00e9ation d&#8217;emploi non permanent pour faire face \u00e0 un accroissement saisonnier d&#8217;activit\u00e9 et pour un nombre maximum de 8.<\/td><\/tr><tr><td style=\"color: #333333\"><strong><u>AUTORISE<\/u><\/strong><\/td><td style=\"color: #333333;text-align: justify\">\u2022 la cr\u00e9ation d&#8217;emploi non permanent pour faire face \u00e0 un accroissement temporaire d&#8217;activit\u00e9 et pour un nombre maximum de 8.<\/td><\/tr><tr><td style=\"color: #333333\"><strong><u>DIT<\/u><\/strong><\/td><td style=\"color: #333333;text-align: justify\">\u2022 Les cr\u00e9dits correspondants sont et seront inscrits aux budgets.<\/td><\/tr><\/tbody><\/table><p style=\"color: #333333\" align=\"right\"><em><small>D\u00e9lib\u00e9ration n\u00b0 2023-09-14-D-04<\/small><\/em><\/p><table align=\"right\" bgcolor=\"#EEEEEE\"><tbody><tr><td style=\"color: #333333;text-align: left\"><strong><u>D\u00e9cision<\/u><\/strong><\/td><td style=\"color: #333333;text-align: left\">Sur :<\/td><td style=\"color: #333333;text-align: left\">17 pr\u00e9sents<\/td><\/tr><tr><td style=\"color: #333333;text-align: left\">\u00a0<\/td><td style=\"color: #333333;text-align: left\">Pour :<\/td><td style=\"color: #333333;text-align: left\">21 dont 4 pouvoirs<\/td><\/tr><tr><td style=\"color: #333333;text-align: left\">\u00a0<\/td><td style=\"color: #333333;text-align: left\">Contre :<\/td><td style=\"color: #333333;text-align: left\">0<\/td><\/tr><tr><td style=\"color: #333333;text-align: left\">\u00a0<\/td><td style=\"color: #333333;text-align: left\">Abstentions :<\/td><td style=\"color: #333333;text-align: left\">0<\/td><\/tr><\/tbody><\/table><div id=\"CM14092023Cinq\" style=\"color: #333333\"><strong><u>5 &#8211; D\u00e9lib\u00e9ration tableau des effectifs au 15 septembre 2023<\/u><\/strong><\/div><p style=\"color: #333333;padding-left: 40px\" align=\"justify\"><em>Monsieur le Maire expose qu&#8217;il appartient \u00e0 l&#8217;organe d\u00e9lib\u00e9rant de la collectivit\u00e9 sur proposition de l&#8217;autorit\u00e9 territoriale, de fixer les effectifs des emplois permanents n\u00e9cessaires au fonctionnement des services.<\/em><\/p><p style=\"color: #333333;padding-left: 40px\" align=\"justify\"><em>Consid\u00e9rant la loi n\u00b083-634 du 13 juillet 1983 modifi\u00e9e portant droits et obligations des fonctionnaires ;<\/em><\/p><p style=\"color: #333333;padding-left: 40px\" align=\"justify\"><em>Consid\u00e9rant la loi n\u00b084-53 du 26 janvier 1984 modifi\u00e9e portant dispositions statutaires relatives \u00e0 la fonction publique territoriale ;<\/em><\/p><p style=\"color: #333333;padding-left: 40px\" align=\"justify\"><em>Consid\u00e9rant les d\u00e9crets portant statuts particuliers des cadres d&#8217;emplois et organisant les grades s&#8217;y rapportant, pris en application de l&#8217;article 4 de la loi n\u00b0 84-53 du 26 janvier 1984 modifi\u00e9e ;<\/em><\/p><p style=\"color: #333333;padding-left: 40px\" align=\"justify\"><em>Vu les d\u00e9lib\u00e9ration n\u00b02023-05-24-D08 relative au tableau des effectifs des emplois permanents au 1<sup>er<\/sup> juin 2023 ;<\/em><\/p><table width=\"100%\" align=\"center\" bgcolor=\"#EEEEEE\"><tbody><tr><td style=\"color: #333333;text-align: center\" bgcolor=\"#FFFFFF\" width=\"5%\">\u00a0<\/td><td style=\"color: #333333;text-align: center\" width=\"10%\"><strong>Cat\u00e9gorie<\/strong><\/td><td style=\"color: #333333;text-align: center\" width=\"15%\"><strong>Cadre d\u2019emploi<\/strong><\/td><td style=\"color: #333333;text-align: center\" width=\"30%\"><strong>Grade \/ Emploi<\/strong><\/td><td style=\"color: #333333;text-align: center\" width=\"10%\"><strong>Dur\u00e9e hebdomadaire de service<\/strong><\/td><td style=\"color: red;text-align: center\" width=\"10%\"><strong>Total des postes au 01\/06\/2023<\/strong><\/td><td style=\"color: #333333;text-align: center\" width=\"10%\"><strong>Emplois pourvus<\/strong><\/td><td style=\"color: red;text-align: center\" width=\"10%\"><strong>Total des postes au 15\/09\/2023<\/strong><\/td><td style=\"color: #333333;text-align: center\" width=\"10%\"><strong>Emplois pourvus<\/strong><\/td><\/tr><tr bgcolor=\"#CCCCCC\"><td style=\"color: #333333\" colspan=\"5\" bgcolor=\"#FFFFFF\"><strong>Emplois de cabinet<\/strong><\/td><td style=\"color: #333333;text-align: center\">0<\/td><td style=\"color: #333333;text-align: center\">0<\/td><td style=\"color: #333333;text-align: center\">0<\/td><td style=\"color: #333333;text-align: center\">0<\/td><\/tr><tr><td colspan=\"3\" bgcolor=\"#FFFFFF\">\u00a0<\/td><td style=\"color: #333333\">Collaborateur de cabinet<\/td><td style=\"color: #333333;text-align: center\">XXX<\/td><td style=\"color: #333333;text-align: center\">0<\/td><td style=\"color: #333333;text-align: center\">0<\/td><td style=\"color: #333333;text-align: center\">0<\/td><td style=\"color: #333333;text-align: center\">0<\/td><\/tr><tr bgcolor=\"#CCCCCC\"><td style=\"color: #333333\" colspan=\"5\"><strong>Emplois fonctionnels<\/strong><\/td><td style=\"color: #333333;text-align: center\">1<\/td><td style=\"color: #333333;text-align: center\">1<\/td><td style=\"color: #333333;text-align: center\">1<\/td><td style=\"color: #333333;text-align: center\">1<\/td><\/tr><tr><td colspan=\"3\" bgcolor=\"#FFFFFF\">\u00a0<\/td><td style=\"color: #333333\">Directeur G\u00e9n\u00e9ral des Services<\/td><td style=\"color: #333333;text-align: center\">35\/35<\/td><td style=\"color: #333333;text-align: center\">1<\/td><td style=\"color: #333333;text-align: center\">1<\/td><td style=\"color: #333333;text-align: center\">1<\/td><td style=\"color: #333333;text-align: center\">1<\/td><\/tr><tr><td colspan=\"3\" bgcolor=\"#FFFFFF\">\u00a0<\/td><td style=\"color: #333333\">Directeur G\u00e9n\u00e9ral Adjoint des Services<\/td><td style=\"color: #333333;text-align: center\">XXX<\/td><td style=\"color: #333333;text-align: center\">0<\/td><td style=\"color: #333333;text-align: center\">0<\/td><td style=\"color: #333333;text-align: center\">0<\/td><td style=\"color: #333333;text-align: center\">0<\/td><\/tr><tr bgcolor=\"#CCCCCC\"><td style=\"color: #333333\" colspan=\"5\"><strong>Fili\u00e8re administrative<\/strong><\/td><td style=\"color: #333333;text-align: center\">12<\/td><td style=\"color: #333333;text-align: center\">7<\/td><td style=\"color: #333333;text-align: center\">12<\/td><td style=\"color: #333333;text-align: center\">7<\/td><\/tr><tr><td bgcolor=\"#FFFFFF\">\u00a0<\/td><td style=\"color: #333333;text-align: center\"><strong>A<\/strong><\/td><td colspan=\"7\"><strong>Attach\u00e9s territoriaux<\/strong><\/td><\/tr><tr><td colspan=\"3\" bgcolor=\"#FFFFFF\">\u00a0<\/td><td style=\"color: #333333\">Attach\u00e9 hors classe<\/td><td style=\"color: #333333;text-align: center\">XXX<\/td><td style=\"color: #333333;text-align: center\">0<\/td><td style=\"color: #333333;text-align: center\">0<\/td><td style=\"color: #333333;text-align: center\">0<\/td><td style=\"color: #333333;text-align: center\">0<\/td><\/tr><tr><td colspan=\"3\" bgcolor=\"#FFFFFF\">\u00a0<\/td><td style=\"color: #333333\">Attach\u00e9 principal<\/td><td style=\"color: #333333;text-align: center\">XXX<\/td><td style=\"color: #333333;text-align: center\">0<\/td><td style=\"color: #333333;text-align: center\">0<\/td><td style=\"color: #333333;text-align: center\">0<\/td><td style=\"color: #333333;text-align: center\">0<\/td><\/tr><tr><td colspan=\"3\" bgcolor=\"#FFFFFF\">\u00a0<\/td><td style=\"color: #333333\">Attach\u00e9<\/td><td style=\"color: #333333;text-align: center\">35\/35<\/td><td style=\"color: #333333;text-align: center\">2<\/td><td style=\"color: #333333;text-align: center\">1<\/td><td style=\"color: #333333;text-align: center\">2<\/td><td style=\"color: #333333;text-align: center\">1<\/td><\/tr><tr><td bgcolor=\"#FFFFFF\">\u00a0<\/td><td style=\"color: #333333;text-align: center\"><strong>B<\/strong><\/td><td style=\"color: #333333\" colspan=\"7\"><strong>R\u00e9dacteurs territoriaux<\/strong><\/td><\/tr><tr><td colspan=\"3\" bgcolor=\"#FFFFFF\">\u00a0<\/td><td style=\"color: #333333\">R\u00e9dacteur principal de 1<sup>\u00e8re<\/sup> classe<\/td><td style=\"color: #333333;text-align: center\">35\/35<\/td><td style=\"color: #333333;text-align: center\">0<\/td><td style=\"color: #333333;text-align: center\">0<\/td><td style=\"color: #333333;text-align: center\">0<\/td><td style=\"color: #333333;text-align: center\">0<\/td><\/tr><tr><td colspan=\"3\" bgcolor=\"#FFFFFF\">\u00a0<\/td><td style=\"color: #333333\">R\u00e9dacteur principal de 2<sup>\u00e8me<\/sup> classe<\/td><td style=\"color: #333333;text-align: center\">35\/35<\/td><td style=\"color: #333333;text-align: center\">1<\/td><td style=\"color: #333333;text-align: center\">0<\/td><td style=\"color: #333333;text-align: center\">0<\/td><td style=\"color: #333333;text-align: center\">0<\/td><\/tr><tr><td colspan=\"3\" bgcolor=\"#FFFFFF\">\u00a0<\/td><td style=\"color: #333333\">R\u00e9dacteur<\/td><td style=\"color: #333333;text-align: center\">35\/35<\/td><td style=\"color: #333333;text-align: center\">3<\/td><td style=\"color: #333333;text-align: center\">1<\/td><td style=\"color: #333333;text-align: center\">3<\/td><td style=\"color: #333333;text-align: center\">1<\/td><\/tr><tr><td bgcolor=\"#FFFFFF\">\u00a0<\/td><td style=\"color: #333333;text-align: center\"><strong>C<\/strong><\/td><td style=\"color: #333333\" colspan=\"7\"><strong>Adjoints administratifs territoriaux<\/strong><\/td><\/tr><tr><td colspan=\"3\" bgcolor=\"#FFFFFF\">\u00a0<\/td><td style=\"color: #333333\">Adjoint administratif principal de 1<sup>\u00e8re<\/sup> classe<\/td><td style=\"color: #333333;text-align: center\">35\/35<\/td><td style=\"color: #333333;text-align: center\">2<\/td><td style=\"color: #333333;text-align: center\">2<\/td><td style=\"color: #333333;text-align: center\">2<\/td><td style=\"color: #333333;text-align: center\">2<\/td><\/tr><tr><td colspan=\"3\" bgcolor=\"#FFFFFF\">\u00a0<\/td><td style=\"color: #333333\">Adjoint administratif principal 1<sup>\u00e8re<\/sup> classe<\/td><td style=\"color: #333333;text-align: center\">28\/35<\/td><td style=\"color: #333333;text-align: center\">0<\/td><td style=\"color: #333333;text-align: center\">0<\/td><td style=\"color: #333333;text-align: center\">0<\/td><td style=\"color: #333333;text-align: center\">0<\/td><\/tr><tr><td colspan=\"3\" bgcolor=\"#FFFFFF\">\u00a0<\/td><td style=\"color: #333333\">Adjoint administratif principal de 2<sup>\u00e8me<\/sup> classe<\/td><td style=\"color: #333333;text-align: center\">35\/35<\/td><td style=\"color: #333333;text-align: center\">2<\/td><td style=\"color: #333333;text-align: center\">1<\/td><td style=\"color: #333333;text-align: center\">2<\/td><td style=\"color: #333333;text-align: center\">1<\/td><\/tr><tr><td colspan=\"3\" bgcolor=\"#FFFFFF\">\u00a0<\/td><td style=\"color: #333333\">Adjoint administratif principal de 2<sup>\u00e8me<\/sup> classe<\/td><td style=\"color: #333333;text-align: center\">28\/35<\/td><td style=\"color: #333333;text-align: center\">0<\/td><td style=\"color: #333333;text-align: center\">0<\/td><td style=\"color: #333333;text-align: center\">0<\/td><td style=\"color: #333333;text-align: center\">0<\/td><\/tr><tr><td colspan=\"3\" bgcolor=\"#FFFFFF\">\u00a0<\/td><td style=\"color: #333333\">Adjoint administratif<\/td><td style=\"color: #333333;text-align: center\">35\/35<\/td><td style=\"color: #333333;text-align: center\">1<\/td><td style=\"color: #333333;text-align: center\">1<\/td><td style=\"color: #333333;text-align: center\">2<\/td><td style=\"color: #333333;text-align: center\">1<\/td><\/tr><tr><td colspan=\"3\" bgcolor=\"#FFFFFF\">\u00a0<\/td><td style=\"color: #333333\">Adjoint administratif<\/td><td style=\"color: #333333;text-align: center\">28\/35<\/td><td style=\"color: #333333;text-align: center\">1<\/td><td style=\"color: #333333;text-align: center\">1<\/td><td style=\"color: #333333;text-align: center\">1<\/td><td style=\"color: #333333;text-align: center\">1<\/td><\/tr><tr><td colspan=\"3\" bgcolor=\"#FFFFFF\">\u00a0<\/td><td style=\"color: #333333\">Adjoint administratif<\/td><td style=\"color: #333333;text-align: center\">XXX<\/td><td style=\"color: #333333;text-align: center\">0<\/td><td style=\"color: #333333;text-align: center\">0<\/td><td style=\"color: #333333;text-align: center\">0<\/td><td style=\"color: #333333;text-align: center\">0<\/td><\/tr><tr bgcolor=\"#CCCCCC\"><td style=\"color: #333333\" colspan=\"5\"><strong>Fili\u00e8re technique<\/strong><\/td><td style=\"color: #333333;text-align: center\">31<\/td><td style=\"color: #333333;text-align: center\">18<\/td><td style=\"color: #333333;text-align: center\">32<\/td><td style=\"color: #333333;text-align: center\">19<\/td><\/tr><tr><td bgcolor=\"#FFFFFF\">\u00a0<\/td><td style=\"color: #333333;text-align: center\"><strong>B<\/strong><\/td><td style=\"color: #333333\" colspan=\"7\"><strong>Technicien territorial<\/strong><\/td><\/tr><tr><td colspan=\"3\" bgcolor=\"#FFFFFF\">\u00a0<\/td><td style=\"color: #333333\">Technicien principal de 2<sup>\u00e8me<\/sup> classe<\/td><td style=\"color: #333333;text-align: center\">XXX<\/td><td style=\"color: #333333;text-align: center\">0<\/td><td style=\"color: #333333;text-align: center\">0<\/td><td style=\"color: #333333;text-align: center\">0<\/td><td style=\"color: #333333;text-align: center\">0<\/td><\/tr><tr><td colspan=\"3\" bgcolor=\"#FFFFFF\">\u00a0<\/td><td style=\"color: #333333\">Technicien<\/td><td style=\"color: #333333;text-align: center\">35\/35<\/td><td style=\"color: #333333;text-align: center\">1<\/td><td style=\"color: #333333;text-align: center\">0<\/td><td style=\"color: #333333;text-align: center\">1<\/td><td style=\"color: #333333;text-align: center\">0<\/td><\/tr><tr><td bgcolor=\"#FFFFFF\">\u00a0<\/td><td style=\"color: #333333;text-align: center\"><strong>C<\/strong><\/td><td style=\"color: #333333\" colspan=\"7\"><strong>Agent de ma\u00eetrise territorial<\/strong><\/td><\/tr><tr><td colspan=\"3\" bgcolor=\"#FFFFFF\">\u00a0<\/td><td style=\"color: #333333\">Agent de ma\u00eetrise principal<\/td><td style=\"color: #333333;text-align: center\">35\/35<\/td><td style=\"color: #333333;text-align: center\">1<\/td><td style=\"color: #333333;text-align: center\">0<\/td><td style=\"color: #333333;text-align: center\">1<\/td><td style=\"color: #333333;text-align: center\">0<\/td><\/tr><tr><td colspan=\"3\" bgcolor=\"#FFFFFF\">\u00a0<\/td><td style=\"color: #333333\">Agent de ma\u00eetrise<\/td><td style=\"color: #333333;text-align: center\">35\/35<\/td><td style=\"color: #333333;text-align: center\">2<\/td><td style=\"color: #333333;text-align: center\">2<\/td><td style=\"color: #333333;text-align: center\">2<\/td><td style=\"color: #333333;text-align: center\">2<\/td><\/tr><tr><td bgcolor=\"#FFFFFF\">\u00a0<\/td><td style=\"color: #333333;text-align: center\"><strong>C<\/strong><\/td><td style=\"color: #333333\" colspan=\"7\"><strong>Adjoint technique territorial<\/strong><\/td><\/tr><tr><td colspan=\"3\" bgcolor=\"#FFFFFF\">\u00a0<\/td><td style=\"color: #333333\">Adjoint technique principal de 1<sup>\u00e8re<\/sup> classe<\/td><td style=\"color: #333333;text-align: center\">35\/35<\/td><td style=\"color: #333333;text-align: center\">1<\/td><td style=\"color: #333333;text-align: center\">0<\/td><td style=\"color: #333333;text-align: center\">1<\/td><td style=\"color: #333333;text-align: center\">0<\/td><\/tr><tr><td colspan=\"3\" bgcolor=\"#FFFFFF\">\u00a0<\/td><td style=\"color: #333333\">Adjoint technique principal de 2<sup>\u00e8me<\/sup> classe<\/td><td style=\"color: #333333;text-align: center\">35\/35<\/td><td style=\"color: #333333;text-align: center\">1<\/td><td style=\"color: #333333;text-align: center\">1<\/td><td style=\"color: #333333;text-align: center\">2<\/td><td style=\"color: #333333;text-align: center\">1<\/td><\/tr><tr><td colspan=\"3\" bgcolor=\"#FFFFFF\">\u00a0<\/td><td style=\"color: #333333\">Adjoint technique<\/td><td style=\"color: #333333;text-align: center\">35\/35<\/td><td style=\"color: #333333;text-align: center\">8<\/td><td style=\"color: #333333;text-align: center\">6<\/td><td style=\"color: #333333;text-align: center\">9<\/td><td style=\"color: #333333;text-align: center\">6<\/td><\/tr><tr><td colspan=\"3\" bgcolor=\"#FFFFFF\">\u00a0<\/td><td style=\"color: #333333\">Adjoint technique<\/td><td style=\"color: #333333;text-align: center\">32\/35<\/td><td style=\"color: #333333;text-align: center\">1<\/td><td style=\"color: #333333;text-align: center\">0<\/td><td style=\"color: #333333;text-align: center\">0<\/td><td style=\"color: #333333;text-align: center\">0<\/td><\/tr><tr><td colspan=\"3\" bgcolor=\"#FFFFFF\">\u00a0<\/td><td style=\"color: #333333\">Adjoint technique<\/td><td style=\"color: #333333;text-align: center\">28\/35<\/td><td style=\"color: #333333;text-align: center\">3<\/td><td style=\"color: #333333;text-align: center\">0<\/td><td style=\"color: #333333;text-align: center\">3<\/td><td style=\"color: #333333;text-align: center\">2<\/td><\/tr><tr><td colspan=\"3\" bgcolor=\"#FFFFFF\">\u00a0<\/td><td style=\"color: #333333\">Adjoint technique<\/td><td style=\"color: #333333;text-align: center\">20\/35<\/td><td style=\"color: #333333;text-align: center\">7<\/td><td style=\"color: #333333;text-align: center\">5<\/td><td style=\"color: #333333;text-align: center\">7<\/td><td style=\"color: #333333;text-align: center\">5<\/td><\/tr><tr><td colspan=\"3\" bgcolor=\"#FFFFFF\">\u00a0<\/td><td style=\"color: #333333\">Adjoint technique<\/td><td style=\"color: #333333;text-align: center\">17\/35<\/td><td style=\"color: #333333;text-align: center\">6<\/td><td style=\"color: #333333;text-align: center\">4<\/td><td style=\"color: #333333;text-align: center\">6<\/td><td style=\"color: #333333;text-align: center\">3<\/td><\/tr><tr bgcolor=\"#CCCCCC\"><td style=\"color: #333333\" colspan=\"5\"><strong>Fili\u00e8re sportive<\/strong><\/td><td style=\"color: #333333;text-align: center\">1<\/td><td style=\"color: #333333;text-align: center\">1<\/td><td style=\"color: #333333;text-align: center\">1<\/td><td style=\"color: #333333;text-align: center\">1<\/td><\/tr><tr><td bgcolor=\"#FFFFFF\">\u00a0<\/td><td style=\"color: #333333;text-align: center\"><strong>B<\/strong><\/td><td style=\"color: #333333\" colspan=\"7\"><strong>\u00c9ducateur territorial des activit\u00e9s physiques et sportives<\/strong><\/td><\/tr><tr><td colspan=\"3\" bgcolor=\"#FFFFFF\">\u00a0<\/td><td style=\"color: #333333\">\u00c9ducateur des APS principal de 1<sup>\u00e8re<\/sup> classe<\/td><td style=\"color: #333333;text-align: center\">35\/35<\/td><td style=\"color: #333333;text-align: center\">1<\/td><td style=\"color: #333333;text-align: center\">1<\/td><td style=\"color: #333333;text-align: center\">1<\/td><td style=\"color: #333333;text-align: center\">1<\/td><\/tr><tr><td colspan=\"3\" bgcolor=\"#FFFFFF\">\u00a0<\/td><td style=\"color: #333333\">\u00c9ducateur des APS<\/td><td style=\"color: #333333;text-align: center\">XXX<\/td><td style=\"color: #333333;text-align: center\">0<\/td><td style=\"color: #333333;text-align: center\">0<\/td><td style=\"color: #333333;text-align: center\">0<\/td><td style=\"color: #333333;text-align: center\">0<\/td><\/tr><tr bgcolor=\"#CCCCCC\"><td style=\"color: #333333\" colspan=\"5\"><strong>Fili\u00e8re animation<\/strong><\/td><td style=\"color: #333333;text-align: center\">7<\/td><td style=\"color: #333333;text-align: center\">4<\/td><td style=\"color: #333333;text-align: center\">7<\/td><td style=\"color: #333333;text-align: center\">5<\/td><\/tr><tr><td bgcolor=\"#FFFFFF\">\u00a0<\/td><td style=\"color: #333333;text-align: center\"><strong>B<\/strong><\/td><td style=\"color: #333333\" colspan=\"7\"><strong>Animateur territorial<\/strong><\/td><\/tr><tr><td colspan=\"3\" bgcolor=\"#FFFFFF\">\u00a0<\/td><td style=\"color: #333333\">Animateur principal de 1<sup>\u00e8re<\/sup> classe<\/td><td style=\"color: #333333;text-align: center\">35\/35<\/td><td style=\"color: #333333;text-align: center\">1<\/td><td style=\"color: #333333;text-align: center\">0<\/td><td style=\"color: #333333;text-align: center\">0<\/td><td style=\"color: #333333;text-align: center\">0<\/td><\/tr><tr><td colspan=\"3\" bgcolor=\"#FFFFFF\">\u00a0<\/td><td style=\"color: #333333\">Animateur principal de 2<sup>\u00e8me<\/sup> classe<\/td><td style=\"color: #333333;text-align: center\">35\/35<\/td><td style=\"color: #333333;text-align: center\">1<\/td><td style=\"color: #333333;text-align: center\">1<\/td><td style=\"color: #333333;text-align: center\">1<\/td><td style=\"color: #333333;text-align: center\">1<\/td><\/tr><tr><td colspan=\"3\" bgcolor=\"#FFFFFF\">\u00a0<\/td><td style=\"color: #333333\">Animateur<\/td><td style=\"color: #333333;text-align: center\">35\/35<\/td><td style=\"color: #333333;text-align: center\">0<\/td><td style=\"color: #333333;text-align: center\">0<\/td><td style=\"color: #333333;text-align: center\">1<\/td><td style=\"color: #333333;text-align: center\">0<\/td><\/tr><tr><td bgcolor=\"#FFFFFF\">\u00a0<\/td><td style=\"color: #333333;text-align: center\"><strong>C<\/strong><\/td><td style=\"color: #333333\" colspan=\"7\"><strong>Adjoint territorial d&#8217;animation<\/strong><\/td><\/tr><tr><td colspan=\"3\" bgcolor=\"#FFFFFF\">\u00a0<\/td><td style=\"color: #333333\">Adjoint d&#8217;animation principal de 1<sup>\u00e8re<\/sup> classe<\/td><td style=\"color: #333333;text-align: center\">XXX<\/td><td style=\"color: #333333;text-align: center\">0<\/td><td style=\"color: #333333;text-align: center\">0<\/td><td style=\"color: #333333;text-align: center\">0<\/td><td style=\"color: #333333;text-align: center\">0<\/td><\/tr><tr><td colspan=\"3\" bgcolor=\"#FFFFFF\">\u00a0<\/td><td style=\"color: #333333\">Adjoint d&#8217;animation principal de 2<sup>\u00e8me<\/sup> classe<\/td><td style=\"color: #333333;text-align: center\">XXX<\/td><td style=\"color: #333333;text-align: center\">0<\/td><td style=\"color: #333333;text-align: center\">0<\/td><td style=\"color: #333333;text-align: center\">0<\/td><td style=\"color: #333333;text-align: center\">0<\/td><\/tr><tr><td colspan=\"3\" bgcolor=\"#FFFFFF\">\u00a0<\/td><td style=\"color: #333333\">Adjoint d&#8217;animation<\/td><td style=\"color: #333333;text-align: center\">35\/35<\/td><td style=\"color: #333333;text-align: center\">3<\/td><td style=\"color: #333333;text-align: center\">2<\/td><td style=\"color: #333333;text-align: center\">3<\/td><td style=\"color: #333333;text-align: center\">2<\/td><\/tr><tr><td colspan=\"3\" bgcolor=\"#FFFFFF\">\u00a0<\/td><td style=\"color: #333333\">Adjoint d&#8217;animation<\/td><td style=\"color: #333333;text-align: center\">28\/35<\/td><td style=\"color: #333333;text-align: center\">1<\/td><td style=\"color: #333333;text-align: center\">1<\/td><td style=\"color: #333333;text-align: center\">1<\/td><td style=\"color: #333333;text-align: center\">1<\/td><\/tr><tr><td colspan=\"3\" bgcolor=\"#FFFFFF\">\u00a0<\/td><td style=\"color: #333333\">Adjoint d&#8217;animation<\/td><td style=\"color: #333333;text-align: center\">8\/35<\/td><td style=\"color: #333333;text-align: center\">1<\/td><td style=\"color: #333333;text-align: center\">0<\/td><td style=\"color: #333333;text-align: center\">1<\/td><td style=\"color: #333333;text-align: center\">1<\/td><\/tr><tr bgcolor=\"#CCCCCC\"><td style=\"color: #333333\" colspan=\"5\"><strong>Fili\u00e8re culturelle \/ Enseignement artistique<\/strong><\/td><td style=\"color: #333333;text-align: center\">7<\/td><td style=\"color: #333333;text-align: center\">5<\/td><td style=\"color: #333333;text-align: center\">5<\/td><td style=\"color: #333333;text-align: center\">5<\/td><\/tr><tr><td bgcolor=\"#FFFFFF\">\u00a0<\/td><td style=\"color: #333333;text-align: center\"><strong>B<\/strong><\/td><td style=\"color: #333333\" colspan=\"7\"><strong>Assistant territorial d&#8217;enseignement artistique<\/strong><\/td><\/tr><tr><td colspan=\"3\" bgcolor=\"#FFFFFF\">\u00a0<\/td><td style=\"color: #333333\">Assistant d\u2019enseignement artistique (Musique)<\/td><td style=\"color: #333333;text-align: center\">1\/20<\/td><td style=\"color: #333333;text-align: center\">1<\/td><td style=\"color: #333333;text-align: center\">0<\/td><td style=\"color: #333333;text-align: center\">1<\/td><td style=\"color: #333333;text-align: center\">1<\/td><\/tr><tr><td colspan=\"3\" bgcolor=\"#FFFFFF\">\u00a0<\/td><td style=\"color: #333333\">Assistant d\u2019enseignement artistique 2<sup>nde<\/sup> classe (Musique)<\/td><td style=\"color: #333333;text-align: center\">3.5\/20<\/td><td style=\"color: #333333;text-align: center\">1<\/td><td style=\"color: #333333;text-align: center\">1<\/td><td style=\"color: #333333;text-align: center\">1<\/td><td style=\"color: #333333;text-align: center\">1<\/td><\/tr><tr><td colspan=\"3\" bgcolor=\"#FFFFFF\">\u00a0<\/td><td style=\"color: #333333\">Assistant d\u2019enseignement artistique (Musique)<\/td><td style=\"color: #333333;text-align: center\">4.5\/20<\/td><td style=\"color: #333333;text-align: center\">1<\/td><td style=\"color: #333333;text-align: center\">1<\/td><td style=\"color: #333333;text-align: center\">1<\/td><td style=\"color: #333333;text-align: center\">1<\/td><\/tr><tr><td colspan=\"3\" bgcolor=\"#FFFFFF\">\u00a0<\/td><td style=\"color: #333333\">Assistant d\u2019enseignement artistique (Musique)<\/td><td style=\"color: #333333;text-align: center\">5\/20<\/td><td style=\"color: #333333;text-align: center\">1<\/td><td style=\"color: #333333;text-align: center\">1<\/td><td style=\"color: #333333;text-align: center\">1<\/td><td style=\"color: #333333;text-align: center\">1<\/td><\/tr><tr><td colspan=\"3\" bgcolor=\"#FFFFFF\">\u00a0<\/td><td style=\"color: #333333\">Assistant d\u2019enseignement artistique (Danse)<\/td><td style=\"color: #333333;text-align: center\">6\/20<\/td><td style=\"color: #333333;text-align: center\">1<\/td><td style=\"color: #333333;text-align: center\">1<\/td><td style=\"color: #333333;text-align: center\">1<\/td><td style=\"color: #333333;text-align: center\">1<\/td><\/tr><tr bgcolor=\"#CCCCCC\"><td style=\"color: #333333\" colspan=\"5\"><strong>Fili\u00e8re culturelle \/ Patrimoine et biblioth\u00e8que<\/strong><\/td><td style=\"color: #333333;text-align: center\">1<\/td><td style=\"color: #333333;text-align: center\">1<\/td><td style=\"color: #333333;text-align: center\">1<\/td><td style=\"color: #333333;text-align: center\">1<\/td><\/tr><tr><td bgcolor=\"#FFFFFF\">\u00a0<\/td><td style=\"color: #333333;text-align: center\"><strong>C<\/strong><\/td><td style=\"color: #333333\" colspan=\"7\"><strong>Adjoint territorial du patrimoine<\/strong><\/td><\/tr><tr><td colspan=\"3\" bgcolor=\"#FFFFFF\">\u00a0<\/td><td style=\"color: #333333\">Adjoint du patrimoine principal de 1<sup>\u00e8re<\/sup> classe<\/td><td style=\"color: #333333;text-align: center\">XXX<\/td><td style=\"color: #333333;text-align: center\">0<\/td><td style=\"color: #333333;text-align: center\">0<\/td><td style=\"color: #333333;text-align: center\">0<\/td><td style=\"color: #333333;text-align: center\">0<\/td><\/tr><tr><td colspan=\"3\" bgcolor=\"#FFFFFF\">\u00a0<\/td><td style=\"color: #333333\">Adjoint du patrimoine principal de 2<sup>\u00e8me<\/sup> classe<\/td><td style=\"color: #333333;text-align: center\">35\/35<\/td><td style=\"color: #333333;text-align: center\">0<\/td><td style=\"color: #333333;text-align: center\">0<\/td><td style=\"color: #333333;text-align: center\">0<\/td><td style=\"color: #333333;text-align: center\">0<\/td><\/tr><tr><td colspan=\"3\" bgcolor=\"#FFFFFF\">\u00a0<\/td><td style=\"color: #333333\">Adjoint du patrimoine<\/td><td style=\"color: #333333;text-align: center\">35\/35<\/td><td style=\"color: #333333;text-align: center\">1<\/td><td style=\"color: #333333;text-align: center\">1<\/td><td style=\"color: #333333;text-align: center\">1<\/td><td style=\"color: #333333;text-align: center\">1<\/td><\/tr><tr><td colspan=\"3\" bgcolor=\"#FFFFFF\">\u00a0<\/td><td style=\"color: #333333\">Adjoint du patrimoine<\/td><td style=\"color: #333333;text-align: center\">20\/35<\/td><td style=\"color: #333333;text-align: center\">0<\/td><td style=\"color: #333333;text-align: center\">0<\/td><td style=\"color: #333333;text-align: center\">0<\/td><td style=\"color: #333333;text-align: center\">0<\/td><\/tr><tr bgcolor=\"#CCCCCC\"><td style=\"color: #333333\" colspan=\"5\"><strong>Fili\u00e8re M\u00e9dico-sociale \/ secteur m\u00e9dico-social<\/strong><\/td><td style=\"color: #333333;text-align: center\">5<\/td><td style=\"color: #333333;text-align: center\">2<\/td><td style=\"color: #333333;text-align: center\">5<\/td><td style=\"color: #333333;text-align: center\">2<\/td><\/tr><tr><td bgcolor=\"#FFFFFF\">\u00a0<\/td><td style=\"color: #333333;text-align: center\"><strong>C<\/strong><\/td><td style=\"color: #333333\" colspan=\"7\"><strong>Agent territorial sp\u00e9cialis\u00e9 des \u00e9coles maternelles (ATSEM)<\/strong><\/td><\/tr><tr><td colspan=\"3\">\u00a0<\/td><td style=\"color: #333333\">Agent sp\u00e9cialis\u00e9 principal de 1<sup>\u00e8re<\/sup> classe des \u00e9coles maternelles<\/td><td style=\"color: #333333;text-align: center\">35\/35<\/td><td style=\"color: #333333;text-align: center\">2<\/td><td style=\"color: #333333;text-align: center\">0<\/td><td style=\"color: #333333;text-align: center\">2<\/td><td style=\"color: #333333;text-align: center\">0<\/td><\/tr><tr><td colspan=\"3\">\u00a0<\/td><td style=\"color: #333333\">Agent sp\u00e9cialis\u00e9 principal de 2<sup>\u00e8me<\/sup> classe des \u00e9coles maternelles<\/td><td style=\"color: #333333;text-align: center\">35\/35<\/td><td style=\"color: #333333;text-align: center\">3<\/td><td style=\"color: #333333;text-align: center\">2<\/td><td style=\"color: #333333;text-align: center\">3<\/td><td style=\"color: #333333;text-align: center\">2<\/td><\/tr><tr bgcolor=\"#CCCCCC\"><td style=\"color: #333333\" colspan=\"5\"><strong>Fili\u00e8re M\u00e9dico-sociale \/ secteur m\u00e9dico-technique<\/strong><\/td><td style=\"color: #333333;text-align: center\">0<\/td><td style=\"color: #333333;text-align: center\">0<\/td><td style=\"color: #333333;text-align: center\">0<\/td><td style=\"color: #333333;text-align: center\">0<\/td><\/tr><tr><td colspan=\"9\" bgcolor=\"#FFFFFF\">\u00a0<\/td><\/tr><tr bgcolor=\"#CCCCCC\"><td style=\"color: #333333\" colspan=\"5\"><strong>Fili\u00e8re Police municipale<\/strong><\/td><td style=\"color: #333333;text-align: center\">0<\/td><td style=\"color: #333333;text-align: center\">0<\/td><td style=\"color: #333333;text-align: center\">0<\/td><td style=\"color: #333333;text-align: center\">0<\/td><\/tr><tr><td colspan=\"9\" bgcolor=\"#FFFFFF\">\u00a0<\/td><\/tr><tr bgcolor=\"#CCCCCC\"><td style=\"color: #333333\" colspan=\"5\"><strong>Fili\u00e8re Sapeurs pompiers professionnels<\/strong><\/td><td style=\"color: #333333;text-align: center\">0<\/td><td style=\"color: #333333;text-align: center\">0<\/td><td style=\"color: #333333;text-align: center\">0<\/td><td style=\"color: #333333;text-align: center\">0<\/td><\/tr><tr><td colspan=\"9\" bgcolor=\"#FFFFFF\">\u00a0<\/td><\/tr><tr bgcolor=\"#CCCCCC\"><td style=\"color: #333333\" colspan=\"5\"><strong><big>Total des effectifs<\/big><\/strong><\/td><td style=\"color: #333333;text-align: center\"><strong><big>65<\/big><\/strong><\/td><td style=\"color: #333333;text-align: center\"><strong><big>39<\/big><\/strong><\/td><td style=\"color: #333333;text-align: center\"><strong><big>64<\/big><\/strong><\/td><td style=\"color: #333333;text-align: center\"><strong><big>41<\/big><\/strong><\/td><\/tr><\/tbody><\/table><p style=\"color: #333333\"><strong>Le Conseil Municipal, apr\u00e8s en avoir d\u00e9lib\u00e9r\u00e9,<\/strong><br \/>par\u00a021 voix pour,\u00a00 voix contre,\u00a00\u00a0abstention<\/p><table align=\"center\"><tbody><tr><td style=\"color: #333333\"><strong><u>APPROUVE<\/u><\/strong><\/td><td style=\"color: #333333;text-align: justify\">la mise \u00e0 jour du tableau des emplois permanents de la collectivit\u00e9 \u00e0 compter du 15 SEPTEMBRE 2023 (ci-annex\u00e9).<\/td><\/tr><tr><td style=\"color: #333333\"><strong><u>ET DIT<\/u><\/strong><\/td><td style=\"color: #333333;text-align: justify\">que les cr\u00e9dits n\u00e9cessaires \u00e0 la r\u00e9mun\u00e9ration et aux charges sociales correspondant aux emplois et grades ainsi cr\u00e9\u00e9s sont et seront inscrits aux budgets.<\/td><\/tr><\/tbody><\/table><p style=\"color: #333333\" align=\"right\"><em><small>D\u00e9lib\u00e9ration n\u00b0 2023-09-14-D-05<\/small><\/em><\/p><table align=\"right\" bgcolor=\"#EEEEEE\"><tbody><tr><td style=\"color: #333333;text-align: left\"><strong><u>D\u00e9cision<\/u><\/strong><\/td><td style=\"color: #333333;text-align: left\">Sur :<\/td><td style=\"color: #333333;text-align: left\">17 pr\u00e9sents<\/td><\/tr><tr><td style=\"color: #333333;text-align: left\">\u00a0<\/td><td style=\"color: #333333;text-align: left\">Pour :<\/td><td style=\"color: #333333;text-align: left\">21 dont 4 pouvoirs<\/td><\/tr><tr><td style=\"color: #333333;text-align: left\">\u00a0<\/td><td style=\"color: #333333;text-align: left\">Contre :<\/td><td style=\"color: #333333;text-align: left\">0<\/td><\/tr><tr><td style=\"color: #333333;text-align: left\">\u00a0<\/td><td style=\"color: #333333;text-align: left\">Abstentions :<\/td><td style=\"color: #333333;text-align: left\">0<\/td><\/tr><\/tbody><\/table><p style=\"color: #333333;padding-left: 40px\" align=\"justify\"><em>Remarques :<br \/>Madame Sylvie DEVOS souhaite faire remarquer que parmi le personnel communal <strong>5 agents \u00e9quivalent temps plein<\/strong> sont \u00e0 la disposition de l&#8217;\u00e9cole maternelle en tant qu&#8217;ATSEM <strong><u>et durant tout le temps scolaire (pour 5 classes)<\/u><\/strong> m\u00eame avant pour aider aux pr\u00e9parations si n\u00e9cessaire. Et apr\u00e8s avoir interrog\u00e9 l&#8217;inspecteur l&#8217;obligation r\u00e9glementaire est d&#8217;un agent mais dans la pratique la moyenne est d&#8217;un agent pour deux classes. Thiant est largement au-dessus de la moyenne. De plus, il faut savoir que pour la rentr\u00e9e et pendant une p\u00e9riode de 15 jours minimum du personnel suppl\u00e9mentaire a \u00e9t\u00e9 affect\u00e9 \u00e0 l&#8217;\u00e9cole pour permettre un meilleur accueil des enfants.<\/em><\/p><p style=\"color: #333333;padding-left: 40px\" align=\"justify\"><em>Pour information sur l&#8217;\u00e9cole, il y a 23 agents minimum qui y travaillent quotidiennement pour 14 classes. Il s&#8217;agit de la s\u00e9curisation de l&#8217;\u00e9cole, des services p\u00e9riscolaires telle que la garderie, des services de restauration scolaire, de l&#8217;aide apport\u00e9e sur le temps scolaire maternelle (ATSEM), de l&#8217;aide apport\u00e9e aux activit\u00e9s physiques et sportives lors du temps scolaire (\u00e9ducateur sportif \u00e0 disposition des enseignants), et de l&#8217;entretien et l&#8217;hygi\u00e8ne des locaux.<\/em><\/p><div id=\"CM14092023Six\" style=\"color: #333333\"><strong><u>6 &#8211; D\u00e9lib\u00e9ration recensement de la population cr\u00e9ation d&#8217;un poste de coordonnateur et coordonnateur adjoint<\/u><\/strong><\/div><p style=\"color: #333333;padding-left: 40px\" align=\"justify\">La population totale l\u00e9gale de la Commune au 1<sup>er<\/sup> janvier 2020 en vigueur au 1<sup>er<\/sup> janvier 2024 est de 3000 habitants.<br \/>Monsieur le Maire rappelle \u00e0 l&#8217;assembl\u00e9e que le prochain recensement de la population se d\u00e9roulera du 18 Janvier au 17 F\u00e9vrier 2024.<br \/>Il est donc n\u00e9cessaire de d\u00e9signer un coordonnateur d&#8217;enqu\u00eate et un suppl\u00e9ant afin de r\u00e9aliser les op\u00e9rations du recensement 2024 ;<\/p><table align=\"center\"><tbody><tr><td style=\"color: #333333\">Vu<\/td><td style=\"color: #333333;text-align: justify\">le Code G\u00e9n\u00e9ral des Collectivit\u00e9s Territoriales ;<\/td><\/tr><tr><td style=\"color: #333333\">Vu<\/td><td style=\"color: #333333;text-align: justify\">la loi du 26 janvier 1984 portant dispositions statutaires relatives \u00e0 la fonction publique territoriale ;<\/td><\/tr><tr><td style=\"color: #333333\">Vu<\/td><td style=\"color: #333333;text-align: justify\">la loi n\u00b02002-276 du 27 f\u00e9vrier 2002 relative \u00e0 la d\u00e9mocratie de proximit\u00e9 et notamment le titre V ;<\/td><\/tr><tr><td style=\"color: #333333\">Vu<\/td><td style=\"color: #333333;text-align: justify\">le d\u00e9cret n\u00b02003-485 du 5 juin 2003 relatif au recensement de la population ;<\/td><\/tr><tr><td style=\"color: #333333\">Vu<\/td><td style=\"color: #333333;text-align: justify\">le d\u00e9cret n\u00b02003-561 du 23 juin 2003 portant r\u00e9partition des communes pour les besoins de recensement de la population ;<\/td><\/tr><\/tbody><\/table><p style=\"color: #333333\"><strong>Le Conseil Municipal, apr\u00e8s en avoir d\u00e9lib\u00e9r\u00e9,<\/strong><br \/>par\u00a021 voix pour,\u00a00 voix contre,\u00a00\u00a0abstention<\/p><table align=\"center\"><tbody><tr><td style=\"color: #333333\"><strong><u>DECIDE<\/u><\/strong><\/td><td style=\"color: #333333;text-align: justify\">de cr\u00e9er un poste de coordonnateur d&#8217;enqu\u00eate et un poste de coordonnateur suppl\u00e9ant charg\u00e9s de la pr\u00e9paration et de la r\u00e9alisation des enqu\u00eates de recensement.<\/td><\/tr><tr><td style=\"color: #333333\"><strong><u>DIT QUE<\/u><\/strong><\/td><td style=\"color: #333333;text-align: justify\">le coordonnateur et son suppl\u00e9ant b\u00e9n\u00e9ficieront de l&#8217;octroi ou d&#8217;une augmentation de leur r\u00e9gime indemnitaire ainsi que du paiement ou de la r\u00e9cup\u00e9ration de leurs heures compl\u00e9mentaires ou suppl\u00e9mentaires.<\/td><\/tr><\/tbody><\/table><p style=\"color: #333333\" align=\"right\"><em><small>D\u00e9lib\u00e9ration n\u00b0 2023-09-14-D-06<\/small><\/em><\/p><table align=\"right\" bgcolor=\"#EEEEEE\"><tbody><tr><td style=\"color: #333333;text-align: left\"><strong><u>D\u00e9cision<\/u><\/strong><\/td><td style=\"color: #333333;text-align: left\">Sur :<\/td><td style=\"color: #333333;text-align: left\">17 pr\u00e9sents<\/td><\/tr><tr><td style=\"color: #333333;text-align: left\">\u00a0<\/td><td style=\"color: #333333;text-align: left\">Pour :<\/td><td style=\"color: #333333;text-align: left\">21 dont 4 pouvoirs<\/td><\/tr><tr><td style=\"color: #333333;text-align: left\">\u00a0<\/td><td style=\"color: #333333;text-align: left\">Contre :<\/td><td style=\"color: #333333;text-align: left\">0<\/td><\/tr><tr><td style=\"color: #333333;text-align: left\">\u00a0<\/td><td style=\"color: #333333;text-align: left\">Abstentions :<\/td><td style=\"color: #333333;text-align: left\">0<\/td><\/tr><\/tbody><\/table><div id=\"CM14092023Sept\" style=\"color: #333333\"><strong><u>7 &#8211; D\u00e9lib\u00e9ration recensement de la population cr\u00e9ation de postes d&#8217;agents recenseurs<\/u><\/strong><\/div><p style=\"color: #333333;padding-left: 40px\" align=\"justify\">D\u00e9lib\u00e9ration report\u00e9e au prochain conseil municipal.<\/p><div id=\"CM14092023Huit\" style=\"color: #333333\"><strong><u>8 &#8211; D\u00e9lib\u00e9ration remboursement de frais de d\u00e9placement et de mission des \u00e9lus<\/u><\/strong><\/div><p><strong>Frais de d\u00e9placement et de mission des \u00e9lus (modification de la D\u00e9lib\u00e9ration 2008-0061-D) <\/strong><\/p><div style=\"color: #3072ef\">(D\u00e9lib\u00e9ration n\u00b02009-0023-D)<\/div><p style=\"color: #333333\"><strong>Le Conseil Municipal, apr\u00e8s en avoir d\u00e9lib\u00e9r\u00e9,<\/strong><br \/>par\u00a021 voix pour,\u00a00 voix contre,\u00a00\u00a0abstention<\/p><table align=\"center\"><tbody><tr><td style=\"color: #333333\"><strong><u>DECIDE<\/u><\/strong><\/td><td style=\"color: #333333;text-align: right;vertical-align: top\"><strong>Article 1 :<\/strong><\/td><td style=\"color: #333333;text-align: justify;vertical-align: top\">Apr\u00e8s accord et ordre de mission \u00e9crit d\u00e9livr\u00e9 par l&#8217;autorit\u00e9 territoriale, les personnels communaux sont autoris\u00e9s \u00e0 utiliser leur v\u00e9hicule personnel dans le cadre professionnel.<\/td><\/tr><tr><td style=\"color: #333333;text-align: right;vertical-align: top\" colspan=\"2\"><strong>Article 2 :<\/strong><\/td><td style=\"color: #333333;text-align: justify;vertical-align: top\">Les agents concern\u00e9s seront indemnis\u00e9s sur la base du dernier arr\u00eat\u00e9 en vigueur fixant les taux des indemnit\u00e9s kilom\u00e9triques ainsi que les conditions et les modalit\u00e9s de r\u00e8glement des frais occasionn\u00e9s par les d\u00e9placements temporaires des personnels de l&#8217;Etat.<\/td><\/tr><tr><td style=\"color: #333333;text-align: right;vertical-align: top\" colspan=\"2\"><strong>Article 3 :<\/strong><\/td><td style=\"color: #333333;text-align: justify;vertical-align: top\">L&#8217;autorit\u00e9 territoriale pourra autoriser le remboursement des frais d&#8217;utilisation de parcs de stationnement, de p\u00e9ages d&#8217;autoroute, d&#8217;utilisation d&#8217;un taxi, d&#8217;un v\u00e9hicule de location ou de tout autre moyen de transport sur pr\u00e9sentation des pi\u00e8ces justificatives au seul ordonnateur, quand l&#8217;int\u00e9r\u00eat du service le justifie et d\u00e8s lors que ces frais n&#8217;ont pas \u00e9t\u00e9 pris en charge au titre du remboursement des frais divers engag\u00e9s \u00e0 l&#8217;\u00e9tranger.<\/td><\/tr><tr><td style=\"color: #333333;text-align: right;vertical-align: top\" colspan=\"2\"><strong>Article 4 :<\/strong><\/td><td style=\"color: #333333;text-align: justify;vertical-align: top\">L&#8217;autorit\u00e9 territoriale pourra autoriser, sur pr\u00e9sentation de justificatifs, le remboursement des frais de restauration sur la base d&#8217;un forfait d\u00e9fini par arr\u00eat\u00e9 minist\u00e9riel.<\/td><\/tr><tr><td style=\"color: #333333;text-align: right;vertical-align: top\" colspan=\"2\"><strong>Article 5 :<\/strong><\/td><td style=\"color: #333333;text-align: justify;vertical-align: top\">L&#8217;autorit\u00e9 territoriale pourra autoriser, sur pr\u00e9sentation de justificatifs, le remboursement des frais d&#8217;h\u00e9bergement sur la base du montant r\u00e9el des frais engag\u00e9s plafonn\u00e9s au montant maximum du forfait d\u00e9fini par arr\u00eat\u00e9 minist\u00e9riel.<\/td><\/tr><tr><td style=\"color: #333333;text-align: right;vertical-align: top\" colspan=\"2\"><strong>Article 6 :<\/strong><\/td><td style=\"color: #333333;text-align: justify;vertical-align: top\">Les montants suivront l&#8217;\u00e9volution de la r\u00e9glementation en vigueur.<\/td><\/tr><tr><td style=\"color: #333333;text-align: right;vertical-align: top\" colspan=\"2\"><strong>Article 7 :<\/strong><\/td><td style=\"color: #333333;text-align: justify;vertical-align: top\">Ces dispositions s&#8217;appliquent aux \u00e9lus, membres du Conseil Municipal de la Ville de Thiant, dans les m\u00eames conditions que pour les agents communaux.<\/td><\/tr><tr><td style=\"color: #333333;text-align: right;vertical-align: top\" colspan=\"2\"><strong>Article 8 :<\/strong><\/td><td style=\"color: #333333;text-align: justify;vertical-align: top\">Les cr\u00e9dits correspondants seront pr\u00e9vus au budget aux articles 6251 \u00ab voyages et d\u00e9placements \u00bb, 6256 \u00ab frais de mission \u00bb et 6532 \u00ab frais de mission des \u00e9lus \u00bb.<\/td><\/tr><\/tbody><\/table><p style=\"color: #333333\" align=\"right\"><em><small>D\u00e9lib\u00e9ration n\u00b0 2023-09-14-D-07<\/small><\/em><\/p><table align=\"right\" bgcolor=\"#EEEEEE\"><tbody><tr><td style=\"color: #333333;text-align: left\"><strong><u>D\u00e9cision<\/u><\/strong><\/td><td style=\"color: #333333;text-align: left\">Sur :<\/td><td style=\"color: #333333;text-align: left\">17 pr\u00e9sents<\/td><\/tr><tr><td style=\"color: #333333;text-align: left\">\u00a0<\/td><td style=\"color: #333333;text-align: left\">Pour :<\/td><td style=\"color: #333333;text-align: left\">21 dont 4 pouvoirs<\/td><\/tr><tr><td style=\"color: #333333;text-align: left\">\u00a0<\/td><td style=\"color: #333333;text-align: left\">Contre :<\/td><td style=\"color: #333333;text-align: left\">0<\/td><\/tr><tr><td style=\"color: #333333;text-align: left\">\u00a0<\/td><td style=\"color: #333333;text-align: left\">Abstentions :<\/td><td style=\"color: #333333;text-align: left\">0<\/td><\/tr><\/tbody><\/table><div id=\"CM14092023Neuf\" style=\"color: #333333\"><strong><u>9 &#8211; D\u00e9lib\u00e9ration nom des rues de la ZAC<\/u><\/strong><\/div><table align=\"center\" bgcolor=\"#EEEEEE\"><tbody><tr><td style=\"color: #333333;text-align: left;text-decoration: line-through\">Proposition 1<\/td><td style=\"color: #333333;text-align: left;text-decoration: line-through\">Rue du G\u00e9n\u00e9ral De Gaulle<\/td><\/tr><tr><td style=\"color: #333333;text-align: left;text-decoration: line-through\">Proposition 2<\/td><td style=\"color: #333333;text-align: left;text-decoration: line-through\">Rue Henri Mallet<\/td><\/tr><tr><td style=\"color: #333333;text-align: left;text-decoration: line-through\">Proposition 3<\/td><td style=\"color: #333333;text-align: left;text-decoration: line-through\">Rue Robert Fromont<\/td><\/tr><tr><td style=\"color: #333333;text-align: left;text-decoration: line-through\">Proposition 4<\/td><td style=\"color: #333333;text-align: left;text-decoration: line-through\">Rue Roger Pamart<\/td><\/tr><tr><td style=\"color: #333333;text-align: left\">Proposition 5<\/td><td style=\"color: #333333;text-align: left\">Rue Simone Veil<\/td><\/tr><tr><td style=\"color: #333333;text-align: left;text-decoration: line-through\">Proposition 6<\/td><td style=\"color: #333333;text-align: left;text-decoration: line-through\">Rue Marie Curie<\/td><\/tr><tr><td style=\"color: #333333;text-align: left\">Proposition 7<\/td><td style=\"color: #333333;text-align: left\">Rue Olympe de Gouges<\/td><\/tr><tr><td style=\"color: #333333;text-align: left\">Proposition 8<\/td><td style=\"color: #333333;text-align: left\">Rue Martha Desrumaux<\/td><\/tr><tr><td style=\"color: #333333;text-align: left;text-decoration: line-through\">Proposition 9<\/td><td style=\"color: #333333;text-align: left;text-decoration: line-through\">Rue Samuel Paty<\/td><\/tr><tr><td style=\"color: #333333;text-align: left;text-decoration: line-through\">Proposition 10<\/td><td style=\"color: #333333;text-align: left;text-decoration: line-through\">Rue du Petit Bois<\/td><\/tr><tr><td style=\"color: #333333;text-align: left;text-decoration: line-through\">Proposition 11<\/td><td style=\"color: #333333;text-align: left;text-decoration: line-through\">Rue des Chardonnerets<\/td><\/tr><tr><td style=\"color: #333333;text-align: left;text-decoration: line-through\">Proposition 12<\/td><td style=\"color: #333333;text-align: left;text-decoration: line-through\">Rue de la vall\u00e9e de l&#8217;\u00c9caillon<\/td><\/tr><tr><td style=\"color: #333333;text-align: left;text-decoration: line-through\">Proposition 13<\/td><td style=\"color: #333333;text-align: left;text-decoration: line-through\">Rue Michel Haussy<\/td><\/tr><tr><td style=\"color: #333333;text-align: left\">Proposition 14<\/td><td style=\"color: #333333;text-align: left\">Rue Louise de Bettignies<\/td><\/tr><\/tbody><\/table><p><img loading=\"lazy\" decoding=\"async\" class=\"aligncenter wp-image-5935 size-full\" src=\"https:\/\/thiant.fr\/wordpress\/wp-content\/uploads\/2023\/11\/CM-2023-09-14_plan-nommage-rues-ZAC-Ecaillon.png\" alt=\"\" width=\"730\" height=\"398\" srcset=\"https:\/\/thiant.fr\/wordpress\/wp-content\/uploads\/2023\/11\/CM-2023-09-14_plan-nommage-rues-ZAC-Ecaillon.png 730w, https:\/\/thiant.fr\/wordpress\/wp-content\/uploads\/2023\/11\/CM-2023-09-14_plan-nommage-rues-ZAC-Ecaillon-300x164.png 300w\" sizes=\"(max-width: 730px) 100vw, 730px\" \/><\/p><p style=\"color: #333333\"><strong>Vu la n\u00e9cessit\u00e9 de nommer les rues dans la Zone d&#8217;activit\u00e9 de l&#8217;Ecaillon <\/strong><\/p><p style=\"color: #333333\"><strong>Le Conseil Municipal, apr\u00e8s en avoir d\u00e9lib\u00e9r\u00e9,<\/strong><br \/>par\u00a022 voix pour,\u00a00 voix contre,\u00a00\u00a0abstention<\/p><table align=\"center\"><tbody><tr><td style=\"color: #333333\"><strong><u>DECIDE<\/u><\/strong><\/td><td style=\"color: #333333;text-align: justify\"><strong>de retenir 4 tron\u00e7ons de rues dans la zone d&#8217;activit\u00e9 de la vall\u00e9e de l&#8217;Ecaillon<\/strong><\/td><\/tr><tr><td style=\"color: #333333;vertical-align: top\"><strong><u>NOMME<\/u><\/strong><\/td><td style=\"color: #333333;text-align: justify\">Le <strong>Tron\u00e7on 1 : <\/strong>Rue Martha DESRUMAUX<br \/>Le <strong>Tron\u00e7on 2 : <\/strong>Rue Simone VEIL<br \/>Le <strong>Tron\u00e7on 3 : <\/strong>Rue Olympe DE GOUGES<br \/>Le <strong>Tron\u00e7on 4 : <\/strong>Rue Louise DE BETTIGNIES<\/td><\/tr><\/tbody><\/table><p style=\"color: #333333\" align=\"right\"><em><small>D\u00e9lib\u00e9ration n\u00b0 2023-09-14-D-08<\/small><\/em><\/p><table align=\"right\" bgcolor=\"#EEEEEE\"><tbody><tr><td style=\"color: #333333;text-align: left\"><strong><u>D\u00e9cision<\/u><\/strong><\/td><td style=\"color: #333333;text-align: left\">Sur :<\/td><td style=\"color: #333333;text-align: left\">17 pr\u00e9sents<\/td><\/tr><tr><td style=\"color: #333333;text-align: left\">\u00a0<\/td><td style=\"color: #333333;text-align: left\">Pour :<\/td><td style=\"color: #333333;text-align: left\">21 dont 4 pouvoirs<\/td><\/tr><tr><td style=\"color: #333333;text-align: left\">\u00a0<\/td><td style=\"color: #333333;text-align: left\">Contre :<\/td><td style=\"color: #333333;text-align: left\">0<\/td><\/tr><tr><td style=\"color: #333333;text-align: left\">\u00a0<\/td><td style=\"color: #333333;text-align: left\">Abstentions :<\/td><td style=\"color: #333333;text-align: left\">0<\/td><\/tr><\/tbody><\/table><table align=\"center\"><tbody><tr><td style=\"vertical-align: top\"><img loading=\"lazy\" decoding=\"async\" class=\"alignnone size-medium wp-image-5937\" src=\"https:\/\/thiant.fr\/wordpress\/wp-content\/uploads\/2023\/11\/Martha-Desrumaux-232x300.png\" alt=\"\" width=\"232\" height=\"300\" srcset=\"https:\/\/thiant.fr\/wordpress\/wp-content\/uploads\/2023\/11\/Martha-Desrumaux-232x300.png 232w, https:\/\/thiant.fr\/wordpress\/wp-content\/uploads\/2023\/11\/Martha-Desrumaux.png 623w\" sizes=\"(max-width: 232px) 100vw, 232px\" \/><\/td><td style=\"color: #333333;text-align: justify\"><strong>Martha DESRUMAUX,<\/strong> n\u00e9e le 18 octobre 1897 \u00e0 <u>Comines (Nord)<\/u> et morte le 30 novembre 1982 \u00e0 <u>\u00c9venos (Var)<\/u>, est une figure embl\u00e9matique du <u>mouvement ouvrier<\/u> et de la <u>r\u00e9sistance int\u00e9rieure fran\u00e7aise<\/u>, o\u00f9 elle fut l&#8217;une des <u>femmes r\u00e9sistantes les plus remarqu\u00e9es<\/u>.<br \/>Ouvri\u00e8re, militante syndicale de la <u>Conf\u00e9d\u00e9ration g\u00e9n\u00e9rale du travail<\/u> (CGT) et cadre du <u>Parti communiste fran\u00e7ais<\/u> (PCF), elle s&#8217;investit durant la premi\u00e8re moiti\u00e9 du si\u00e8cle dans de nombreuses luttes sociales afin d&#8217;am\u00e9liorer les conditions de travail et de r\u00e9mun\u00e9ration des ouvriers, en particulier dans le <u>Nord<\/u>. Durant la <u>Seconde Guerre mondiale<\/u>, entr\u00e9e en R\u00e9sistance, elle est d\u00e9port\u00e9e au <u>camp de concentration de Ravensbr\u00fcck<\/u> pendant plus de trois ans. En 1945, elle est nomm\u00e9e d\u00e9l\u00e9gu\u00e9e repr\u00e9sentante des d\u00e9port\u00e9s dans l&#8217;<u>Assembl\u00e9e consultative<\/u> r\u00e9unie par le g\u00e9n\u00e9ral de Gaulle, devenant l&#8217;une des <u>seize premi\u00e8res repr\u00e9sentantes parlementaires en France<\/u><sup>1<\/sup>. Elle est \u00e9galement connue pour son engagement dans la d\u00e9fense <u>des droits des femmes<\/u>, leur reconnaissance et leur \u00e9mancipation dans la soci\u00e9t\u00e9.<\/td><\/tr><tr><td style=\"vertical-align: top\"><img loading=\"lazy\" decoding=\"async\" class=\"alignnone size-medium wp-image-5938\" src=\"https:\/\/thiant.fr\/wordpress\/wp-content\/uploads\/2023\/11\/Olympe-de-Gouges-286x300.png\" alt=\"\" width=\"286\" height=\"300\" srcset=\"https:\/\/thiant.fr\/wordpress\/wp-content\/uploads\/2023\/11\/Olympe-de-Gouges-286x300.png 286w, https:\/\/thiant.fr\/wordpress\/wp-content\/uploads\/2023\/11\/Olympe-de-Gouges.png 640w\" sizes=\"(max-width: 286px) 100vw, 286px\" \/><\/td><td style=\"color: #333333;text-align: justify\"><strong>Marie GOUZE,<\/strong> dite <strong>Olympe de Gouges,<\/strong> n\u00e9e le 7 mai 1748 \u00e0 <u>Montauban<\/u> et morte <u>guillotin\u00e9e<\/u> le 3 novembre 1793 \u00e0 <u>Paris<\/u>, est une <u>femme de lettres fran\u00e7aise<\/u>, devenue <u>femme politique<\/u>. Elle est consid\u00e9r\u00e9e comme l&#8217;une des pionni\u00e8res fran\u00e7aises du <u>f\u00e9minisme<\/u>. R\u00e9dactrice en <u>1791<\/u> de la <u><em>D\u00e9claration des droits de la femme et de la citoyenne<\/em><\/u>, elle a laiss\u00e9 de nombreux \u00e9crits et <u>pamphlets<\/u> en faveur des <u>droits civils et politiques<\/u> des femmes et de l&#8217;<u>abolition de l&#8217;esclavage des Noirs<\/u>. Elle est souvent prise pour embl\u00e8me par les mouvements pour la <u>lib\u00e9ration des femmes.<\/u><\/td><\/tr><tr><td style=\"vertical-align: top\"><img loading=\"lazy\" decoding=\"async\" class=\"alignnone wp-image-5939\" src=\"https:\/\/thiant.fr\/wordpress\/wp-content\/uploads\/2023\/11\/Simone-Veil-231x300.png\" alt=\"\" width=\"300\" height=\"390\" srcset=\"https:\/\/thiant.fr\/wordpress\/wp-content\/uploads\/2023\/11\/Simone-Veil-231x300.png 231w, https:\/\/thiant.fr\/wordpress\/wp-content\/uploads\/2023\/11\/Simone-Veil.png 501w\" sizes=\"(max-width: 300px) 100vw, 300px\" \/><\/td><td style=\"color: #333333;text-align: justify\"><strong>Simone VEIL<\/strong> (\/sim\u0254n v\u025bj\/), n\u00e9e <strong>Simone Jacob<\/strong> 13 juillet 1927 \u00e0 <u>Nice (Alpes-Maritimes)<\/u> et morte le 30 juin 2017 \u00e0 <u>Paris<\/u>, est une <u>magistrate<\/u> et une <u>femme d\u2019\u00c9tat fran\u00e7aise<\/u>.<br \/>N\u00e9e dans une famille <u>juive<\/u> aux origines <u>lorraines<\/u>, elle est <u>d\u00e9port\u00e9e \u00e0 Auschwitz<\/u> \u00e0 l&#8217;\u00e2ge de 16 ans, durant la <u>Shoah<\/u>, o\u00f9 elle perd son p\u00e8re, son fr\u00e8re et sa m\u00e8re. <u>Rescap\u00e9e<\/u> avec ses s\u0153urs Madeleine et <u>Denise<\/u>, elles aussi d\u00e9port\u00e9es, Simone Jacob \u00e9pouse <u>Antoine Veil<\/u> en 1946. Apr\u00e8s des \u00e9tudes de <u>droit<\/u> et de <u>science politique<\/u>, elle entre dans la <u>magistrature<\/u> comme <u>haut fonctionnaire<\/u>.<br \/>En 1974, elle est nomm\u00e9e <u>ministre de la Sant\u00e9<\/u> par le pr\u00e9sident <u>Val\u00e9ry Giscard d&#8217;Estaing<\/u>, qui la charge de faire adopter la loi <u>d\u00e9p\u00e9nalisant<\/u> le recours \u00e0 l&#8217;<u>interruption volontaire de grossesse<\/u> (IVG), loi qui sera ensuite couramment d\u00e9sign\u00e9e comme la \u00ab <u>loi Veil<\/u> \u00bb. Elle appara\u00eet d\u00e8s lors comme <u>ic\u00f4ne<\/u> de la lutte contre la <u>discrimination des femmes en France<\/u>.<br \/>Elle est la premi\u00e8re pr\u00e9sidente du <u>Parlement europ\u00e9en<\/u> \u2014 nouvellement \u00e9lu au <u>suffrage universel<\/u> \u2014, une fonction qu\u2019elle occupe de 1979 \u00e0 1982. De fa\u00e7on g\u00e9n\u00e9rale, elle est consid\u00e9r\u00e9e comme l&#8217;une des promotrices de la <u>r\u00e9conciliation franco-allemande<\/u> et de la <u>construction europ\u00e9enne<\/u>.<br \/>De 1993 \u00e0 1995, elle est <u>ministre d&#8217;\u00c9tat<\/u>, <u>ministre des Affaires sociales, de la Sant\u00e9 et de la Ville<\/u> au sein du <u>gouvernement \u00c9douard Balladur<\/u>. Elle si\u00e8ge au <u>Conseil constitutionnel<\/u> de 1998 \u00e0 2007, avant d&#8217;\u00eatre \u00e9lue \u00e0 l&#8217;<u>Acad\u00e9mie fran\u00e7aise<\/u> en 2008.<br \/>Sur d\u00e9cision du pr\u00e9sident <u>Emmanuel Macron<\/u>, Simone Veil fait son entr\u00e9e au <u>Panth\u00e9on<\/u> avec son \u00e9poux le 1<sup>er<\/sup> juillet 2018.<\/td><\/tr><tr><td style=\"vertical-align: top\"><img loading=\"lazy\" decoding=\"async\" class=\"alignnone wp-image-5936 size-large\" src=\"https:\/\/thiant.fr\/wordpress\/wp-content\/uploads\/2023\/11\/Louise-de-Bettignies-816x1024.png\" alt=\"\" width=\"816\" height=\"1024\" srcset=\"https:\/\/thiant.fr\/wordpress\/wp-content\/uploads\/2023\/11\/Louise-de-Bettignies-816x1024.png 816w, https:\/\/thiant.fr\/wordpress\/wp-content\/uploads\/2023\/11\/Louise-de-Bettignies-239x300.png 239w, https:\/\/thiant.fr\/wordpress\/wp-content\/uploads\/2023\/11\/Louise-de-Bettignies-768x964.png 768w, https:\/\/thiant.fr\/wordpress\/wp-content\/uploads\/2023\/11\/Louise-de-Bettignies.png 1153w\" sizes=\"(max-width: 816px) 100vw, 816px\" \/><\/td><td style=\"color: #333333;text-align: justify\"><strong>Louise DE BETTIGNIES<\/strong> (n\u00e9e le 15 juillet 1880 \u00e0 <u>Saint-Amand-les-Eaux<\/u>, morte le 27 septembre 1918 \u00e0 <u>Cologne<\/u>) est une agente du renseignement fran\u00e7aise qui travaille, sous le pseudonyme d\u2019Alice Dubois, pour le compte de l\u2019<u>arm\u00e9e britannique<\/u> durant la <u>Premi\u00e8re Guerre mondiale<\/u>. Son <em>r\u00e9seau Alice<\/em> contribue \u00e0 sauver la vie d&#8217;un millier de soldats britanniques. Arr\u00eat\u00e9e, elle meurt en prison \u00e0 la suite des mauvais traitements inflig\u00e9s.<\/td><\/tr><\/tbody><\/table><div id=\"CM14092023Dix\" style=\"color: #333333\"><strong><u>10 &#8211; D\u00e9lib\u00e9ration renouvellement convention cantine \u00e0 1\u20ac<\/u><\/strong><\/div><p style=\"color: #333333\"><strong>Le Conseil Municipal, apr\u00e8s en avoir d\u00e9lib\u00e9r\u00e9,<\/strong><br \/>par\u00a021 voix pour,\u00a00 voix contre,\u00a00\u00a0abstention<\/p><table align=\"center\"><tbody><tr><td style=\"color: #333333\"><strong><u>DECIDE<\/u><\/strong><\/td><td style=\"color: #333333;text-align: justify\">de continuer de mettre en place le dispositif de \u00ab la cantine \u00e0 1 \u20ac \u00bb<\/td><\/tr><tr><td style=\"color: #333333\"><strong><u>DIT<\/u><\/strong><\/td><td style=\"color: #333333;text-align: justify\">que la convention pluriannuelle avec l&#8217;Etat en date du 08\/12\/2021 pour une dur\u00e9e de 3 ans est toujours valide jusqu&#8217;au 07\/12\/2024<\/td><\/tr><tr><td style=\"color: #333333\"><strong><u>DECIDE<\/u><\/strong><\/td><td style=\"color: #333333;text-align: justify\">que les tarifs de restauration scolaire appliqu\u00e9s en 2022, en 2023 restent inchang\u00e9s et seront pour l&#8217;ann\u00e9e scolaire 2023 et 2024 identiques et tels que ci-dessous :<\/td><\/tr><\/tbody><\/table><table align=\"center\" bgcolor=\"#EEEEEE\"><tbody><tr><td style=\"color: #333333;text-align: center;vertical-align: middle\" width=\"75%\"><strong>Tarif suivant le coefficient familial<\/strong><\/td><td style=\"color: #333333;text-align: center;vertical-align: middle\" width=\"25%\"><strong>2023-2024<\/strong><\/td><\/tr><tr><td style=\"color: #333333\"><strong>&lt; 499\u20ac<\/strong><\/td><td style=\"color: #333333;text-align: justify\">0,80 \u20ac<\/td><\/tr><tr><td style=\"color: #333333\"><strong>Entre 500\u20ac et 899\u20ac<\/strong><\/td><td style=\"color: #333333;text-align: justify\">0,90 \u20ac<\/td><\/tr><tr><td style=\"color: #333333\"><strong>Entre 900\u20ac et 2999\u20ac<\/strong><\/td><td style=\"color: #333333;text-align: justify\">1,00 \u20ac<\/td><\/tr><tr><td style=\"color: #333333\"><strong>&gt; 3000\u20ac<\/strong><\/td><td style=\"color: #333333;text-align: justify\">3,00 \u20ac<\/td><\/tr><tr><td style=\"color: #333333\"><strong>Repas exceptionnel<\/strong><\/td><td style=\"color: #333333;text-align: justify\">4,95 \u20ac<\/td><\/tr><tr><td style=\"color: #333333\"><strong>Repas adulte<\/strong><\/td><td style=\"color: #333333;text-align: justify\">4,95 \u20ac<\/td><\/tr><\/tbody><\/table><table align=\"center\"><tbody><tr><td style=\"color: #333333\"><strong><u>ET DECIDE<\/u><\/strong><\/td><td style=\"color: #333333;text-align: justify\">qu&#8217;en cas de d\u00e9sengagement de l&#8217;\u00c9tat sur ce dispositif, les tarifs de restauration scolaire applicables seraient alors ceux en vigueur en d\u00e9cembre 2021.<\/td><\/tr><\/tbody><\/table><p style=\"color: #333333\" align=\"right\"><em><small>D\u00e9lib\u00e9ration n\u00b0 2023-09-14-D-09<\/small><\/em><\/p><table align=\"right\" bgcolor=\"#EEEEEE\"><tbody><tr><td style=\"color: #333333;text-align: left\"><strong><u>D\u00e9cision<\/u><\/strong><\/td><td style=\"color: #333333;text-align: left\">Sur :<\/td><td style=\"color: #333333;text-align: left\">17 pr\u00e9sents<\/td><\/tr><tr><td style=\"color: #333333;text-align: left\">\u00a0<\/td><td style=\"color: #333333;text-align: left\">Pour :<\/td><td style=\"color: #333333;text-align: left\">21 dont 4 pouvoirs<\/td><\/tr><tr><td style=\"color: #333333;text-align: left\">\u00a0<\/td><td style=\"color: #333333;text-align: left\">Contre :<\/td><td style=\"color: #333333;text-align: left\">0<\/td><\/tr><tr><td style=\"color: #333333;text-align: left\">\u00a0<\/td><td style=\"color: #333333;text-align: left\">Abstentions :<\/td><td style=\"color: #333333;text-align: left\">0<\/td><\/tr><\/tbody><\/table><p style=\"color: #333333;padding-left: 40px\" align=\"justify\"><em>Remarques :<br \/>Beaucoup d&#8217;enfants mangent quotidiennement \u00e0 la cantine. Actuellement il y a 3 services.<br \/>Quelques ajustements sont en cours pour permettre au dernier service notamment d&#8217;arriver en classe \u00e0 l&#8217;heure.<\/em><\/p><div id=\"CM14092023Onze\" style=\"color: #333333\"><strong><u>11 &#8211; D\u00e9lib\u00e9ration SIGH<\/u><\/strong><\/div><p style=\"color: #333333;padding-left: 40px\" align=\"justify\"><strong>Il faut distinguer deux dossiers :<\/strong><\/p><ul style=\"color: #333333;padding-left: 40px\"><li>Vente de terrain Rue Emile Zola pour la construction de 26 logements individuels de plein pied (Budget Annexe de la commune &#8211; Lotissement Ferme Jourdan)<\/li><li>Achat de terrain Rue Gambetta pour la construction d&#8217;un parking afin d&#8217;am\u00e9liorer le stationnement dans les rues Gambetta Pasteur notamment.<br \/>(Budget Principal de la Commune)<\/li><\/ul><p><span style=\"color: #333333\"><em>Madame Armelle BOURLET ne prend pas part au vote.<\/em><\/span><\/p><p style=\"color: #333333;padding-left: 40px\" align=\"justify\"><strong><u>D\u00e9lib\u00e9ration vente de terrain \u00e0 la SIGH pour la construction de logements Rue Emile ZOLA (Budget annexe Lotissement Ferme Jourdan)<\/u><\/strong><br \/><em>Remarques :<br \/>La convention annex\u00e9e \u00e0 J&#8217;acte de vente correspond au souhait du conseil municipal (d\u00e9lib\u00e9ration du 21\/11\/2022) de vouloir acter par \u00e9crit les engagements des deux parties et notamment sur la gestion future des logements et de la r\u00e9sidence.<br \/>Un d\u00e9bat a lieu<br \/>Le conseil municipal souhaite que la convention annex\u00e9e \u00e0 la vente soit pr\u00e9sent\u00e9e lors d&#8217;un prochain conseil municipal.<\/em><\/p><p style=\"color: #333333;padding-left: 40px\" align=\"justify\"><strong>Vente de terrain :<\/strong><br \/>Vu d\u00e9lib\u00e9ration du 21 NOVEMBRE 2022 n\u00b02022-11-21 D04<br \/>Consid\u00e9rant le projet d&#8217;am\u00e9nagement de 26 logements individuels de plain-pied en biosourc\u00e9 ainsi qu&#8217;un local commun r\u00e9sidentiel<br \/>Consid\u00e9rant les \u00e9valuations de la valeur des propri\u00e9t\u00e9s communales r\u00e9alis\u00e9es par la Brigade d&#8217;Evaluations Domaniale de la Tr\u00e9sorerie G\u00e9n\u00e9rale de Lille, en date du 29\/11\/2022 pour une valeur de 290000HT<br \/>Consid\u00e9rant que la SIGH s&#8217;engage \u00e0 r\u00e9aliser ses logements ainsi que tous les espaces ext\u00e9rieurs : voiries, espaces verts\u2026<\/p><p style=\"color: #333333\"><strong>Le Conseil Municipal, apr\u00e8s en avoir d\u00e9lib\u00e9r\u00e9,<\/strong><br \/>par\u00a018 voix pour,\u00a00 voix contre,\u00a02\u00a0abstentions<\/p><table align=\"center\"><tbody><tr><td style=\"color: #333333\"><strong><u>DECIDE<\/u><\/strong><\/td><td style=\"color: #333333;text-align: justify\">de c\u00e9der \u00e0 la SIGH, repr\u00e9sent\u00e9e par Monsieur Le Directeur, 40 Boulevard Saly BP 239 59305 Valenciennes CEDEX les terrains dont la commune est propri\u00e9taire pour un montant de 1\u20ac symbolique selon le d\u00e9tail que dessous et aux conditions ci-apr\u00e8s :<\/td><\/tr><tr><td style=\"color: #333333\">\u00a0<\/td><td><table align=\"left\" bgcolor=\"#EEEEEE\"><tbody><tr><td style=\"color: #333333;text-align: center\"><strong>Section<\/strong><\/td><td style=\"color: #333333;text-align: center\"><strong>Parcelle<\/strong><\/td><td style=\"color: #333333;text-align: center\"><strong>Type<\/strong><\/td><td style=\"color: #333333;text-align: center\"><strong>Contenance<\/strong><\/td><\/tr><tr><td style=\"color: #333333;text-align: center\">A<\/td><td style=\"color: #333333;text-align: center\">3543<\/td><td style=\"color: #333333;text-align: center\">non b\u00e2tie<\/td><td style=\"color: #333333;text-align: right\">70 a 62 ca<\/td><\/tr><tr><td bgcolor=\"#FFFFFF\">\u00a0<\/td><td bgcolor=\"#FFFFFF\">\u00a0<\/td><td bgcolor=\"#FFFFFF\">\u00a0<\/td><td style=\"color: #333333;text-align: right\"><strong>70 a 62 ca<\/strong><\/td><\/tr><\/tbody><\/table><\/td><\/tr><tr><td style=\"color: #333333;text-align: justify\" colspan=\"2\">Parcelle A 3543 d&#8217;une contenance cadastrale de 7062m<sup>2<\/sup> Parcelle issue de la parcelle A3534 r\u00e9unissant les parcelles a3272, 506,\u00e0 510 et 3271.<\/td><\/tr><tr><td style=\"color: #333333\"><strong><u>RAPPELLE<\/u><\/strong><\/td><td style=\"color: #333333;text-align: justify\">que la SIGH repr\u00e9sent\u00e9 par son Directeur prendra \u00e0 sa charge l&#8217;ensemble des frais, frais de g\u00e9om\u00e8tre et frais d&#8217;actes li\u00e9s \u00e0 la pr\u00e9sente transaction.<\/td><\/tr><tr><td style=\"color: #333333\"><strong><u>DIT<\/u><\/strong><\/td><td style=\"color: #333333;text-align: justify\"><p>que la vente est conditionn\u00e9e :<\/p><ul style=\"color: #333333;text-align: justify\"><li>au respect du projet pr\u00e9sent\u00e9 au Conseil Municipal<\/li><li>\u00e0 la signature d&#8217;une convention annex\u00e9e \u00e0 l&#8217;acte de vente<\/li><\/ul><\/td><\/tr><tr><td style=\"color: #333333\"><strong><u>S&#8217;EN REMET<\/u><\/strong><\/td><td style=\"color: #333333;text-align: justify\">\u00e0 l&#8217;appr\u00e9ciation de Monsieur le Maire pour juger de la qualit\u00e9 des accords conclus<\/td><\/tr><tr><td style=\"color: #333333\"><strong><u>DONNE POUVOIR<\/u><\/strong><\/td><td style=\"color: #333333;text-align: justify\">\u00e0 Monsieur le Maire pour arr\u00eater la surface exacte du terrain \u00e0 c\u00e9der<\/td><\/tr><tr><td style=\"color: #333333\"><strong><u>CONFIE<\/u><\/strong><\/td><td style=\"color: #333333;text-align: justify\">l&#8217;affaire \u00e0 Ma\u00eetre St\u00e9phanie THERY-MASSIN, Notaire (SCP Sophie DECIAN-LHERMIE, Caroline MASSIN, St\u00e9phanie THERY-MASSIN &#8211; 33 rue du Mar\u00e9chal Leclerc, BP 80011 DENAIN).<\/td><\/tr><\/tbody><\/table><p style=\"color: #333333;padding-left: 40px\" align=\"justify\"><em>Remarques :<br \/>Monsieur Philippe WAELKENS fait remarquer que lors des discussions avec la SIGH des remarques ont \u00e9t\u00e9 prises en compte et que les exigences de la commune seront bien act\u00e9es dans la convention. En effet, la commune a un recul sur deux r\u00e9sidences d\u00e9j\u00e0 existantes sur son territoire et cela devrait permettre de finaliser la convention.<\/em><\/p><p style=\"color: #333333\" align=\"right\"><em><small>D\u00e9lib\u00e9ration n\u00b0 2023-09-14-D-10<\/small><\/em><\/p><table align=\"right\" bgcolor=\"#EEEEEE\"><tbody><tr><td style=\"color: #333333;text-align: left\"><strong><u>D\u00e9cision<\/u><\/strong><\/td><td style=\"color: #333333;text-align: left\">Sur :<\/td><td style=\"color: #333333;text-align: left\">16 pr\u00e9sents<\/td><\/tr><tr><td style=\"color: #333333;text-align: left\">\u00a0<\/td><td style=\"color: #333333;text-align: left\">Pour :<\/td><td style=\"color: #333333;text-align: left\">20 dont 4 pouvoirs<\/td><\/tr><tr><td style=\"color: #333333;text-align: left\">\u00a0<\/td><td style=\"color: #333333;text-align: left\">Contre :<\/td><td style=\"color: #333333;text-align: left\">0<\/td><\/tr><tr><td style=\"color: #333333;text-align: left\">\u00a0<\/td><td style=\"color: #333333;text-align: left\">Abstentions :<\/td><td style=\"color: #333333;text-align: left\">0<\/td><\/tr><\/tbody><\/table><p style=\"color: #333333;padding-left: 40px\" align=\"justify\"><strong><u>D\u00e9lib\u00e9ration vente de terrain \u00e0 la SIGH pour la construction de logements Rue Emile ZOLA (Budget annexe Lotissement Ferme Jourdan)<\/u><\/strong><br \/><em>Remarques :<br \/>La cl\u00f4ture correspond \u00e0 une cl\u00f4ture s\u00e9parative entre le futur parking et l&#8217;habitation.<br \/>La d\u00e9molition et la d\u00e9pollution seront faites par la SIGH avant la vente du terrain.<br \/>Le nombre de stationnement pr\u00e9vu initialement \u00e9tait de 22. Maintenant apr\u00e8s n\u00e9gociation des limites parcellaires, il sera possible de cr\u00e9er 29 places maximum<br \/>Apr\u00e8s l&#8217;achat effectu\u00e9, il sera possible de discuter du projet de parking \u00e0 r\u00e9aliser.<\/em><\/p><p style=\"color: #333333;padding-left: 40px\" align=\"justify\"><strong>Achat de terrain :<\/strong><\/p><p><img loading=\"lazy\" decoding=\"async\" class=\"aligncenter wp-image-5940 size-full\" src=\"https:\/\/thiant.fr\/wordpress\/wp-content\/uploads\/2023\/11\/parkings-rue-Gambetta-Pasteur_opt.png\" alt=\"\" width=\"461\" height=\"605\" srcset=\"https:\/\/thiant.fr\/wordpress\/wp-content\/uploads\/2023\/11\/parkings-rue-Gambetta-Pasteur_opt.png 461w, https:\/\/thiant.fr\/wordpress\/wp-content\/uploads\/2023\/11\/parkings-rue-Gambetta-Pasteur_opt-229x300.png 229w\" sizes=\"(max-width: 461px) 100vw, 461px\" \/><\/p><p style=\"color: #333333;padding-left: 40px\" align=\"justify\">Consid\u00e9rant le projet de cession de la SIGH<\/p><p style=\"color: #333333;padding-left: 40px\" align=\"justify\">Consid\u00e9rant les \u00e9valuations de la valeur des propri\u00e9t\u00e9s communales r\u00e9alis\u00e9es par la Brigade d&#8217;Evaluations Domaniale de la Tr\u00e9sorerie G\u00e9n\u00e9rale de Lille, en date du 16\/11\/2022, pour une valeur de 55000\u20ac HT<\/p><p style=\"color: #333333;padding-left: 40px\" align=\"justify\">Consid\u00e9rant que le besoin en stationnement dans les rues Gambetta et Pasteur<\/p><p style=\"color: #333333\"><strong>Le Conseil Municipal, apr\u00e8s en avoir d\u00e9lib\u00e9r\u00e9,<\/strong><br \/>par\u00a020 voix pour,\u00a00 voix contre,\u00a00\u00a0abstention<\/p><table align=\"center\"><tbody><tr><td style=\"color: #333333\"><strong><u>DECIDE<\/u><\/strong><\/td><td style=\"color: #333333;text-align: justify\">D&#8217;acheter \u00e0 la SIGH, repr\u00e9sent\u00e9e par Monsieur Le Directeur, 40 Boulevard Saly BP 239 59305 Valenciennes CEDEX les terrains dont la SIGH est propri\u00e9taire pour un montant de <strong>1\u20ac symbolique<\/strong> selon le d\u00e9tail que dessous et aux conditions ci-apr\u00e8s :<\/td><\/tr><tr><td style=\"color: #333333\">\u00a0<\/td><td><table align=\"left\" bgcolor=\"#EEEEEE\"><tbody><tr><td style=\"color: #333333;text-align: center\"><strong>Section<\/strong><\/td><td style=\"color: #333333;text-align: center\"><strong>Parcelle<\/strong><\/td><td style=\"color: #333333;text-align: center\"><strong>Type<\/strong><\/td><td style=\"color: #333333;text-align: center\"><strong>Contenance<\/strong><\/td><\/tr><tr><td style=\"color: #333333;text-align: center\">A<\/td><td style=\"color: #333333;text-align: center\">3236P2<\/td><td style=\"color: #333333;text-align: center\">non b\u00e2tie<\/td><td style=\"color: #333333;text-align: right\">6 a 84 ca<\/td><\/tr><tr><td bgcolor=\"#FFFFFF\">\u00a0<\/td><td bgcolor=\"#FFFFFF\">\u00a0<\/td><td bgcolor=\"#FFFFFF\">\u00a0<\/td><td style=\"color: #333333;text-align: right\"><strong>6 a 84 ca<\/strong><\/td><\/tr><\/tbody><\/table><\/td><\/tr><tr><td style=\"color: #333333\"><strong><u>RAPPELLE<\/u><\/strong><\/td><td style=\"color: #333333;text-align: justify\">que la SIGH repr\u00e9sent\u00e9 par son Directeur prendra \u00e0 sa charge l&#8217;ensemble des frais, frais de g\u00e9om\u00e8tre et frais d&#8217;actes li\u00e9s \u00e0 la pr\u00e9sente transaction.<\/td><\/tr><tr><td style=\"color: #333333\"><strong><u>DIT<\/u><\/strong><\/td><td style=\"color: #333333;text-align: justify\"><p>que l&#8217;achat sera conditionn\u00e9 :<\/p><ul style=\"color: #333333;text-align: justify\"><li>au respect du projet pr\u00e9sent\u00e9 au Conseil Municipal<\/li><li>\u00e0 la signature d&#8217;une convention annex\u00e9e \u00e0 l&#8217;acte de vente<\/li><li>\u00e0 la prise en charge de la d\u00e9pollution du site par la SIGH de la d\u00e9molition de grange et de la pose d&#8217;une cl\u00f4ture s\u00e9parative<\/li><\/ul><\/td><\/tr><tr><td style=\"color: #333333\"><strong><u>S&#8217;EN REMET<\/u><\/strong><\/td><td style=\"color: #333333;text-align: justify\">\u00e0 l&#8217;appr\u00e9ciation de Monsieur le Maire pour juger de la qualit\u00e9 des accords conclus<\/td><\/tr><tr><td style=\"color: #333333\"><strong><u>DONNE POUVOIR<\/u><\/strong><\/td><td style=\"color: #333333;text-align: justify\">\u00e0 Monsieur le Maire pour arr\u00eater la surface exacte du terrain \u00e0 c\u00e9der<\/td><\/tr><tr><td style=\"color: #333333\"><strong><u>CONFIE<\/u><\/strong><\/td><td style=\"color: #333333;text-align: justify\">l&#8217;affaire \u00e0 Ma\u00eetre St\u00e9phanie THERY-MASSIN, Notaire (SCP Sophie DECIAN-LHERMIE, Caroline MASSIN, St\u00e9phanie THERY-MASSIN &#8211; 33 rue du Mar\u00e9chal Leclerc, BP 80011 DENAIN).<\/td><\/tr><tr><td style=\"color: #333333\"><strong><u>DONNE POUVOIR<\/u><\/strong><\/td><td style=\"color: #333333;text-align: justify\">\u00e0 Monsieur le Maire pour signer toute pi\u00e8ce se rapportant \u00e0 la pr\u00e9sente d\u00e9cision.<\/td><\/tr><\/tbody><\/table><p style=\"color: #333333\" align=\"right\"><em><small>D\u00e9lib\u00e9ration n\u00b0 2023-09-14-D-11<\/small><\/em><\/p><table align=\"right\" bgcolor=\"#EEEEEE\"><tbody><tr><td style=\"color: #333333;text-align: left\"><strong><u>D\u00e9cision<\/u><\/strong><\/td><td style=\"color: #333333;text-align: left\">Sur :<\/td><td style=\"color: #333333;text-align: left\">16 pr\u00e9sents<\/td><\/tr><tr><td style=\"color: #333333;text-align: left\">\u00a0<\/td><td style=\"color: #333333;text-align: left\">Pour :<\/td><td style=\"color: #333333;text-align: left\">20 dont 4 pouvoirs<\/td><\/tr><tr><td style=\"color: #333333;text-align: left\">\u00a0<\/td><td style=\"color: #333333;text-align: left\">Contre :<\/td><td style=\"color: #333333;text-align: left\">0<\/td><\/tr><tr><td style=\"color: #333333;text-align: left\">\u00a0<\/td><td style=\"color: #333333;text-align: left\">Abstentions :<\/td><td style=\"color: #333333;text-align: left\">0<\/td><\/tr><\/tbody><\/table><div id=\"CM14092023QD\" style=\"color: #333333\"><strong><u>Questions diverses<\/u><\/strong><\/div><ul style=\"color: #333333;padding-left: 40px\"><li><strong><u>Aucune question diverse<\/u><\/strong><\/li><\/ul><p style=\"color: #333333\"><strong>Fin de s\u00e9ance \u00e0 20h00<\/strong><\/p><p style=\"color: #333333\" align=\"right\"><strong>La Secr\u00e9taire de s\u00e9ance<br \/>C\u00e9line DUMAINE<\/strong><\/p><\/div>\n\t\t\t\t\t\t\t\t\t<div class=\"elementor-tab-title elementor-tab-mobile-title\" aria-selected=\"false\" data-tab=\"3\" role=\"tab\" tabindex=\"-1\" aria-controls=\"elementor-tab-content-2003\" aria-expanded=\"false\">14\/06<\/div>\n\t\t\t\t\t<div id=\"elementor-tab-content-2003\" class=\"elementor-tab-content elementor-clearfix\" data-tab=\"3\" role=\"tabpanel\" aria-labelledby=\"elementor-tab-title-2003\" tabindex=\"0\" hidden=\"hidden\"><h6><span style=\"color: #ff0000\">Proc\u00e8s verbal du Conseil Municipal du 14 Juin 2023 \u00e0 18h00<\/span><\/h6><p><a href=\"https:\/\/thiant.fr\/wordpress\/documents_ext\/CM\/CM_2023-06-14.pdf\" target=\"_blank\" rel=\"noopener\"><img loading=\"lazy\" decoding=\"async\" class=\"alignnone wp-image-5918 size-medium\" src=\"https:\/\/thiant.fr\/wordpress\/wp-content\/uploads\/2023\/10\/PV_CM14062023-signe-1-212x300.png\" alt=\"\" width=\"212\" height=\"300\" srcset=\"https:\/\/thiant.fr\/wordpress\/wp-content\/uploads\/2023\/10\/PV_CM14062023-signe-1-212x300.png 212w, https:\/\/thiant.fr\/wordpress\/wp-content\/uploads\/2023\/10\/PV_CM14062023-signe-1.png 566w\" sizes=\"(max-width: 212px) 100vw, 212px\" \/><\/a><\/p><p style=\"color: #333333\"><strong>Date de la convocation\u00a0:<\/strong>\u00a0\u00a0\u00a0\u00a0\u00a0\u00a0\u00a0\u00a0 06 JUIN 2023<\/p><p style=\"color: #333333\"><strong>Date de l\u2019affichage\u00a0:<\/strong> \u00a0\u00a0 \u00a0\u00a0\u00a0\u00a0\u00a0\u00a0\u00a0\u00a0\u00a0\u00a0\u00a0 06 JUIN 2023<\/p><p style=\"color: #333333;padding-left: 40px\" align=\"justify\">L&#8217;an deux mil vingt-trois, le 14 JUIN \u00e0 dix-huit heures, le Conseil Municipal de Thiant, r\u00e9guli\u00e8rement convoqu\u00e9, s&#8217;est r\u00e9uni en la salle du conseil, rue Anatole France \u00e0 THIANT, sous la Pr\u00e9sidence de Monsieur Marc WATTIEZ, Maire de la Commune.<\/p><p style=\"color: #333333\"><strong>Pr\u00e9sents :<\/strong><\/p><p style=\"color: #333333;padding-left: 40px\" align=\"justify\"><strong>Monsieur Marc WATTIEZ, Madame St\u00e9phanie WATTIEZ, Monsieur Philippe WAELKENS, Madame Raymonde BOHERE, Monsieur Michel HENNAUT, Madame Martine PREVOST, Madame Sylvaine GERARD, Madame Sylvie DEVOS, Madame Sylvie NICOLAS, Madame Armelle BOURLET, Monsieur Bernard MALAQUIN, Madame C\u00e9line TRACHMAN, Monsieur Bernard LEPEZ, Madame Fran\u00e7oise BAR-DESESPRINGALLE, Monsieur Sylvain LEFEBVRE, Monsieur Jimmy LAURENT, Monsieur Jean-Michel HARBONNIER.<\/strong><\/p><p style=\"color: #333333\"><strong>Excus\u00e9s :<\/strong><\/p><p style=\"color: #333333;padding-left: 40px\"><strong>Madame C\u00e9line DUMAINE qui donne pouvoir \u00e0 Monsieur Philippe WAELKENS<br \/>Monsieur Guy VANDERBEC qui donne pouvoir \u00e0 Monsieur Marc WATTIEZ<br \/>Monsieur Christophe DESPINOY qui donne pouvoir \u00e0 Monsieur Bernard MALAQUIN<br \/>Monsieur J\u00e9r\u00f4me CARLIER qui donne pouvoir \u00e0 Madame St\u00e9phanie WATTIEZ<br \/>Monsieur Jean-Claude BAH qui donne pouvoir \u00e0 Monsieur Michel HENNAUT<br \/>Madame Emilie LEBRUN<\/strong><\/p><p style=\"color: #333333\"><strong>Absents : MM.XXXXX<\/strong><\/p><p style=\"color: #333333\"><strong><u>Ordre du jour<\/u>\u00a0:<\/strong><\/p><ol style=\"color: #333333;padding-left: 40px\"><li><a href=\"#CM14062023Un\">D\u00e9lib\u00e9ration Approbation du proc\u00e8s-verbal du 24 mai 2023<\/a><\/li><li><a href=\"#CM14062023Trois\">D\u00e9lib\u00e9ration D\u00e9cision modificative budget annexe<\/a><\/li><li><a href=\"#CM14062023Quatre\">D\u00e9lib\u00e9ration D\u00e9cision modificative budget principal<\/a><\/li><li><a href=\"#CM14062023Cinq\">D\u00e9lib\u00e9ration subvention exceptionnelle VMT<\/a><\/li><li><a href=\"#CM14062023Six\">D\u00e9lib\u00e9ration Avenant SME March\u00e9 Eclairage Public<\/a><\/li><li><a href=\"#CM14062023Sept\">D\u00e9lib\u00e9ration autorisation pour Monsieur Le Maire de signer le bail avec la poste \u00e0 compter du 1<sup>er<\/sup> juillet 2023<\/a><\/li><li><a href=\"#CM14062023Huit\">D\u00e9lib\u00e9ration relative \u00e0 la cr\u00e9ation d&#8217;un emploi non permanent au titre d&#8217;une activit\u00e9 accessoire<\/a><\/li><li><a href=\"#CM14062023QD\">Questions diverses<\/a><\/li><\/ol><p style=\"color: #333333\"><strong>D\u00e9signation d&#8217;un Secr\u00e9taire de s\u00e9ance : Michel HENNAUT<\/strong><\/p><p style=\"color: #333333\"><strong>Nombre de pouvoirs\u00a0:\u2026 5 pouvoirs&#8230;&#8230;&#8230;&#8230;&#8230;&#8230;&#8230;&#8230;&#8230;&#8230;&#8230;..<\/strong><\/p><p style=\"color: #333333;padding-left: 40px\"><strong>A rajouter \u00e0 l&#8217;ordre du jour :<\/strong><\/p><ul style=\"color: #333333;padding-left: 40px\"><li><a href=\"#CM14062023Deux\">Approbation du proc\u00e8s-verbal du 09 juin 2023<\/a><\/li><li><a href=\"#CM14062023Neuf\">Fin de convention SFR<\/a><\/li><\/ul><p>L&#8217;ajout des deux points ci-dessus \u00e0 l&#8217;ordre du jour est accept\u00e9 \u00e0 l&#8217;unanimit\u00e9.<\/p><div id=\"CM14062023Un\" style=\"color: #333333\"><strong><u>1 &#8211; Approbation du Proc\u00e8s-verbal du 24 mai 2023<\/u><\/strong><\/div><p style=\"color: #333333;padding-left: 40px\" align=\"center\"><em>Remarque :<br \/>Point 7 : Madame Sylvie DEVOS est conseill\u00e8re d\u00e9l\u00e9gu\u00e9e et non Adjointe<\/em><\/p><table width=\"75%\"><tbody><tr><td style=\"color: #333333\" width=\"25%\">Consid\u00e9rant<\/td><td style=\"color: #333333;text-align: justify\" width=\"75%\">Le Code G\u00e9n\u00e9ral des Collectivit\u00e9s Territoriales, particuli\u00e8rement les articles L.2121-7 \u00e0 L.2121-28 ;<\/td><\/tr><tr><td style=\"color: #333333\">Consid\u00e9rant<\/td><td style=\"color: #333333;text-align: justify\">qu&#8217;il convient d&#8217;adopter les proc\u00e8s-verbaux des s\u00e9ances du Conseil Municipal.<\/td><\/tr><\/tbody><\/table><p style=\"color: #333333\"><strong>Le Conseil Municipal, apr\u00e8s en avoir d\u00e9lib\u00e9r\u00e9,<\/strong><br \/>par\u00a022 voix pour,\u00a00 voix contre,\u00a00\u00a0abstention<\/p><table><tbody><tr><td style=\"color: #333333\" width=\"25%\"><strong><u>APPROUVE<\/u><\/strong><\/td><td style=\"color: #333333;text-align: justify\" width=\"75%\">le contenu du proc\u00e8s-verbal du 24 mai 2023, r\u00e9dig\u00e9 par son secr\u00e9taire de s\u00e9ance.<\/td><\/tr><\/tbody><\/table><p style=\"color: #333333\" align=\"right\"><em><small>D\u00e9lib\u00e9ration n\u00b0 2023-06-14-D-01<\/small><\/em><\/p><table align=\"right\" bgcolor=\"#EEEEEE\"><tbody><tr><td style=\"color: #333333;text-align: left\" width=\"25%\"><strong><u>D\u00e9cision<\/u><\/strong><\/td><td style=\"color: #333333;text-align: left\" width=\"25%\">Sur :<\/td><td style=\"color: #333333;text-align: left\" width=\"50%\">17 pr\u00e9sents<\/td><\/tr><tr><td style=\"color: #333333;text-align: left\">\u00a0<\/td><td style=\"color: #333333;text-align: left\">Pour :<\/td><td style=\"color: #333333;text-align: left\">22 dont 5 pouvoirs<\/td><\/tr><tr><td style=\"color: #333333;text-align: left\">\u00a0<\/td><td style=\"color: #333333;text-align: left\">Contre :<\/td><td style=\"color: #333333;text-align: left\">0<\/td><\/tr><tr><td style=\"color: #333333;text-align: left\">\u00a0<\/td><td style=\"color: #333333;text-align: left\">Abstentions :<\/td><td style=\"color: #333333;text-align: left\">0<\/td><\/tr><\/tbody><\/table><div id=\"CM14062023Deux\" style=\"color: #333333\"><strong><u>2 &#8211; Approbation du Proc\u00e8s-verbal du 09 juin 2023 (rajout \u00e0 l&#8217;ordre du jour)<\/u><\/strong><\/div><table width=\"75%\"><tbody><tr><td style=\"color: #333333\" width=\"25%\">Consid\u00e9rant<\/td><td style=\"color: #333333;text-align: justify\" width=\"75%\">Le Code G\u00e9n\u00e9ral des Collectivit\u00e9s Territoriales, particuli\u00e8rement les articles L.2121-7 \u00e0 L.2121-28 ;<\/td><\/tr><tr><td style=\"color: #333333\">Consid\u00e9rant<\/td><td style=\"color: #333333;text-align: justify\">qu&#8217;il convient d&#8217;adopter les proc\u00e8s-verbaux des s\u00e9ances du Conseil Municipal.<\/td><\/tr><\/tbody><\/table><p style=\"color: #333333\"><strong>Le Conseil Municipal, apr\u00e8s en avoir d\u00e9lib\u00e9r\u00e9,<\/strong><br \/>par\u00a022 voix pour,\u00a00 voix contre,\u00a00\u00a0abstention<\/p><table><tbody><tr><td style=\"color: #333333\" width=\"25%\"><strong><u>APPROUVE<\/u><\/strong><\/td><td style=\"color: #333333;text-align: justify\" width=\"75%\">le contenu du proc\u00e8s-verbal du 24 mai 2023, r\u00e9dig\u00e9 par son secr\u00e9taire de s\u00e9ance.<\/td><\/tr><\/tbody><\/table><p style=\"color: #333333\" align=\"right\"><em><small>D\u00e9lib\u00e9ration n\u00b0 2023-06-14-D-02<\/small><\/em><\/p><table align=\"right\" bgcolor=\"#EEEEEE\"><tbody><tr><td style=\"color: #333333;text-align: left\" width=\"25%\"><strong><u>D\u00e9cision<\/u><\/strong><\/td><td style=\"color: #333333;text-align: left\" width=\"25%\">Sur :<\/td><td style=\"color: #333333;text-align: left\" width=\"50%\">17 pr\u00e9sents<\/td><\/tr><tr><td style=\"color: #333333;text-align: left\">\u00a0<\/td><td style=\"color: #333333;text-align: left\">Pour :<\/td><td style=\"color: #333333;text-align: left\">22 dont 5 pouvoirs<\/td><\/tr><tr><td style=\"color: #333333;text-align: left\">\u00a0<\/td><td style=\"color: #333333;text-align: left\">Contre :<\/td><td style=\"color: #333333;text-align: left\">0<\/td><\/tr><tr><td style=\"color: #333333;text-align: left\">\u00a0<\/td><td style=\"color: #333333;text-align: left\">Abstentions :<\/td><td style=\"color: #333333;text-align: left\">0<\/td><\/tr><\/tbody><\/table><div id=\"CM14062023Trois\" style=\"color: #333333\"><strong><u>3 &#8211; D\u00e9lib\u00e9ration d\u00e9cision modificative du budget annexe<\/u><\/strong><\/div><p style=\"color: #333333;padding-left: 40px\" align=\"justify\"><em>Pr\u00e9sentation est faite par Madame St\u00e9phanie WATTIEZ, Adjointe aux finances<\/em><\/p><p style=\"color: #333333;padding-left: 40px\" align=\"justify\">Les d\u00e9clarations de TVA sont faites \u00e0 l&#8217;arrondi sur le budget Annexe : Lotissement Ferme Jourdan. Il s&#8217;agit donc de r\u00e9gulariser des \u00e9critures de centimes li\u00e9es aux d\u00e9clarations de TVA sur le budget annexe. Afin d&#8217;\u00e9mettre un titre de 0.60 \u20ac il est n\u00e9cessaire d&#8217;ouvrir des cr\u00e9dits au compte 758 et 658.<\/p><p style=\"color: #333333\"><strong>Le Conseil Municipal, apr\u00e8s en avoir d\u00e9lib\u00e9r\u00e9,<\/strong><br \/>par\u00a022 voix pour,\u00a00 voix contre,\u00a00\u00a0abstention<\/p><table align=\"center\"><tbody><tr><td style=\"color: #333333\"><strong><u>DECIDE<\/u><\/strong><\/td><td style=\"color: #333333;text-align: justify\">D&#8217;inscrire les cr\u00e9dits comme suit sur le budget annexe de la commune :<\/td><\/tr><tr><td style=\"color: #333333\">\u00a0<\/td><td style=\"color: #333333;text-align: justify\">RECETTES compte 758 : 1\u20ac<br \/>DEPENSES compte 658 : 1\u20ac<\/td><\/tr><\/tbody><\/table><p style=\"color: #333333\" align=\"right\"><em><small>D\u00e9lib\u00e9ration n\u00b0 2023-06-14-D-03<\/small><\/em><\/p><table align=\"right\" bgcolor=\"#EEEEEE\"><tbody><tr><td style=\"color: #333333;text-align: left\" width=\"25%\"><strong><u>D\u00e9cision<\/u><\/strong><\/td><td style=\"color: #333333;text-align: left\" width=\"25%\">Sur :<\/td><td style=\"color: #333333;text-align: left\" width=\"50%\">17 pr\u00e9sents<\/td><\/tr><tr><td style=\"color: #333333;text-align: left\">\u00a0<\/td><td style=\"color: #333333;text-align: left\">Pour :<\/td><td style=\"color: #333333;text-align: left\">22 Dont 5 pouvoirs<\/td><\/tr><tr><td style=\"color: #333333;text-align: left\">\u00a0<\/td><td style=\"color: #333333;text-align: left\">Contre :<\/td><td style=\"color: #333333;text-align: left\">0<\/td><\/tr><tr><td style=\"color: #333333;text-align: left\">\u00a0<\/td><td style=\"color: #333333;text-align: left\">Abstentions :<\/td><td style=\"color: #333333;text-align: left\">0<\/td><\/tr><\/tbody><\/table><div id=\"CM14062023Quatre\" style=\"color: #333333\"><strong><u>4 &#8211; D\u00e9lib\u00e9ration d\u00e9cision modificative budget principal<\/u><\/strong><\/div><p style=\"color: #333333;padding-left: 40px\" align=\"justify\"><em>Pr\u00e9sentation est faite par Madame St\u00e9phanie WATTIEZ, Adjointe aux finances<\/em><\/p><p style=\"color: #333333;padding-left: 40px\" align=\"justify\">Lors des travaux Cit\u00e9 Sirot l&#8217;Entreprise ORANGE a effectu\u00e9 des travaux d&#8217;effacements de r\u00e9seaux, c&#8217;est-\u00e0-dire notamment la suppression de c\u00e2bles inutiles mais aussi de l&#8217;enfouissement des autres c\u00e2bles.<br \/>Une participation financi\u00e8re est demand\u00e9e \u00e0 la commune et il est donc n\u00e9cessaire d&#8217;ouvrir les cr\u00e9dits n\u00e9cessaires pour un montant de 3063.46\u20ac TTC<\/p><p style=\"color: #333333\"><strong>Le Conseil Municipal, apr\u00e8s en avoir d\u00e9lib\u00e9r\u00e9,<\/strong><br \/>par\u00a022 voix pour,\u00a00 voix contre,\u00a00\u00a0abstention<\/p><table align=\"center\"><tbody><tr><td style=\"color: #333333\"><strong><u>DECIDE<\/u><\/strong><\/td><td style=\"color: #333333;text-align: justify\">D&#8217;inscrire les cr\u00e9dits comme suit sur le budget annexe de la commune :<\/td><\/tr><tr><td style=\"color: #333333\">\u00a0<\/td><td style=\"color: #333333;text-align: justify\">DEPENSES 2315: -3 100,00<br \/>DEPENSES 20422 : 3 100,00<\/td><\/tr><\/tbody><\/table><p style=\"color: #333333\" align=\"right\"><em><small>D\u00e9lib\u00e9ration n\u00b0 2023-06-14-D-04<\/small><\/em><\/p><table align=\"right\" bgcolor=\"#EEEEEE\"><tbody><tr><td style=\"color: #333333;text-align: left\"><strong><u>D\u00e9cision<\/u><\/strong><\/td><td style=\"color: #333333;text-align: left\">Sur :<\/td><td style=\"color: #333333;text-align: left\">17 pr\u00e9sents<\/td><\/tr><tr><td style=\"color: #333333;text-align: left\">\u00a0<\/td><td style=\"color: #333333;text-align: left\">Pour :<\/td><td style=\"color: #333333;text-align: left\">22 dont 5 pouvoirs<\/td><\/tr><tr><td style=\"color: #333333;text-align: left\">\u00a0<\/td><td style=\"color: #333333;text-align: left\">Contre :<\/td><td style=\"color: #333333;text-align: left\">0<\/td><\/tr><tr><td style=\"color: #333333;text-align: left\">\u00a0<\/td><td style=\"color: #333333;text-align: left\">Abstentions :<\/td><td style=\"color: #333333;text-align: left\">0<\/td><\/tr><\/tbody><\/table><div id=\"CM14062023Cinq\" style=\"color: #333333\"><strong><u>5 &#8211; D\u00e9lib\u00e9ration subvention exceptionnelle VMT<\/u><\/strong><\/div><p style=\"color: #333333;padding-left: 40px\" align=\"justify\"><em>Pr\u00e9sentation est faite par Monsieur Le Maire et Madame L&#8217;Adjointe aux finances<\/em><\/p><p style=\"color: #333333;padding-left: 40px\" align=\"justify\">Dans le cadre des festivit\u00e9s pour la lib\u00e9ration de Thiant, l&#8217;organisation, la gestion des animations sont donn\u00e9es \u00e0 l&#8217;association des VMT.<br \/>Le budget allou\u00e9 pr\u00e9c\u00e9demment \u00e9tait de 3000\u20ac les ann\u00e9es pr\u00e9c\u00e9dentes, il est propos\u00e9 d&#8217;attribuer une subvention exceptionnelle de 3000\u20ac : camp, v\u00e9hicules militaires, ch\u00e2teau gonflable, groupe de musique d&#8217;\u00e9poque, animations, miniatures, expositions,\u2026<br \/>L&#8217;association fournira un bilan d\u00e9taill\u00e9.<br \/>Monsieur Philippe WAELKENS explique qu&#8217;il s&#8217;agit de d\u00e9l\u00e9guer la gestion \u00e0 l&#8217;association afin de simplifier l&#8217;organisation des festivit\u00e9s. Cela permet d&#8217;avoir un interlocuteur unique. Pour le feu d&#8217;artifice, la prestation est r\u00e9gl\u00e9e en direct avec la commune. (Spectacle pyrotechnique musical et synchronis\u00e9 : Th\u00e8me choisi : Hits 2023 pour un montant de 7500\u20acTTC)<\/p><p style=\"color: #333333\"><strong>Le Conseil Municipal, apr\u00e8s en avoir d\u00e9lib\u00e9r\u00e9,<\/strong><br \/>par\u00a022 voix pour,\u00a00 voix contre,\u00a00\u00a0abstention<\/p><table align=\"center\"><tbody><tr><td style=\"color: #333333\"><strong><u>DECIDE<\/u><\/strong><\/td><td style=\"color: #333333;text-align: justify\">D&#8217;attribuer une subvention exceptionnelle d&#8217;un montant de 3000\u20ac \u00e0 L&#8217;association des VMT (V\u00e9hicules Militaires Thiantais) pour l&#8217;organisation des festivit\u00e9s de la lib\u00e9ration de Thiant qui se d\u00e9rouleront le 02 et 03 septembre 2023.<\/td><\/tr><\/tbody><\/table><p style=\"color: #333333\" align=\"right\"><em><small>D\u00e9lib\u00e9ration n\u00b0 2023-06-14-D-05<\/small><\/em><\/p><table align=\"right\" bgcolor=\"#EEEEEE\"><tbody><tr><td style=\"color: #333333;text-align: left\"><strong><u>D\u00e9cision<\/u><\/strong><\/td><td style=\"color: #333333;text-align: left\">Sur :<\/td><td style=\"color: #333333;text-align: left\">17 pr\u00e9sents<\/td><\/tr><tr><td style=\"color: #333333;text-align: left\">\u00a0<\/td><td style=\"color: #333333;text-align: left\">Pour :<\/td><td style=\"color: #333333;text-align: left\">22 dont 5 pouvoirs<\/td><\/tr><tr><td style=\"color: #333333;text-align: left\">\u00a0<\/td><td style=\"color: #333333;text-align: left\">Contre :<\/td><td style=\"color: #333333;text-align: left\">0<\/td><\/tr><tr><td style=\"color: #333333;text-align: left\">\u00a0<\/td><td style=\"color: #333333;text-align: left\">Abstentions :<\/td><td style=\"color: #333333;text-align: left\">0<\/td><\/tr><\/tbody><\/table><div id=\"CM14062023Six\" style=\"color: #333333\"><strong><u>6 &#8211; D\u00e9lib\u00e9ration Avenant SME March\u00e9 Eclairage public<\/u><\/strong><\/div><p style=\"color: #333333;padding-left: 40px\" align=\"justify\">Dans le cadre du March\u00e9 D&#8217;entretien de r\u00e9novation et de cr\u00e9ations d&#8217;installations d&#8217;\u00e9clairage public \u00e9clairages sportifs et illuminations festives un avenant est n\u00e9cessaire.<\/p><table align=\"center\"><tbody><tr><td style=\"color: #333333\" colspan=\"2\" bgcolor=\"#217ED5\"><strong>D- Objet de l&#8217;avenant<\/strong><\/td><\/tr><tr><td style=\"color: #333333\" bgcolor=\"#217ED5\" width=\"5%\">\u00a0<\/td><td style=\"color: #333333;text-align: left\">Modifications introduites par le pr\u00e9sent avenant :<\/td><\/tr><tr><td style=\"color: #333333;text-align: justify\" colspan=\"2\"><strong>Concernant l&#8217;application des index de r\u00e9vision des prix :<br \/>L&#8217;article 3.5.1 du CCAP mentionne par erreur une r\u00e9f\u00e9rence au mois d&#8217;octobre 2019<br \/>L&#8217;article 3.5.2 du CCAP mentionne correctement que les index TP 12o applicables sont les index connus en d\u00e9cembre 2019.<br \/>Les index les plus r\u00e9cents qui \u00e9taient connus en d\u00e9cembre 2019 \u00e9taient ceux diffus\u00e9s le 15\/11\/2019.<br \/>Les index diffus\u00e9s le 15\/11\/2019 \u00e9talent ceux du mois d&#8217;Ao\u00fbt 2019, soit comme indiqu\u00e9s correctement au CCAP :<br \/>TP 12b : Travaux d&#8217;installation: 108,8 (Valeur de Ao\u00fbt 2019)<br \/>TP 12c : Travaux de maintenance: 114,5 (valeurs de Ao\u00fbt 2019) <\/strong><\/td><\/tr><tr><td style=\"color: #333333\" bgcolor=\"#217ED5\">\u00a0<\/td><td style=\"color: #333333;text-align: left\">Incidence financi\u00e8re de l&#8217;avenant :<\/td><\/tr><\/tbody><\/table><p style=\"color: #333333\">L&#8217;avenant a une incidence financi\u00e8re sur le montant du march\u00e9 public<br \/><small>(Cocher la case correspondante.)<\/small><\/p><p><img loading=\"lazy\" decoding=\"async\" class=\"aligncenter wp-image-5924 size-medium\" src=\"https:\/\/thiant.fr\/wordpress\/wp-content\/uploads\/2023\/10\/CM_2023-06-14_Incidence-financiere-300x26.png\" alt=\"\" width=\"300\" height=\"26\" srcset=\"https:\/\/thiant.fr\/wordpress\/wp-content\/uploads\/2023\/10\/CM_2023-06-14_Incidence-financiere-300x26.png 300w, https:\/\/thiant.fr\/wordpress\/wp-content\/uploads\/2023\/10\/CM_2023-06-14_Incidence-financiere.png 445w\" sizes=\"(max-width: 300px) 100vw, 300px\" \/><\/p><p style=\"color: #333333\"><strong>Le Conseil Municipal, apr\u00e8s en avoir d\u00e9lib\u00e9r\u00e9,<\/strong><br \/>par\u00a022 voix pour,\u00a00 voix contre,\u00a00\u00a0abstention<\/p><table align=\"center\"><tbody><tr><td style=\"color: #333333\"><strong><u>VALIDE<\/u><\/strong><\/td><td style=\"color: #333333;text-align: justify\">L&#8217;avenant n\u00b01 concernant le march\u00e9 d&#8217;entretien, r\u00e9novation et cr\u00e9ation d&#8217;installations d&#8217;\u00e9clairage public, \u00e9clairages sportifs et illuminations festives de la commune.<\/td><\/tr><tr><td style=\"color: #333333\"><strong><u>AUTORISE<\/u><\/strong><\/td><td style=\"color: #333333;text-align: justify\">Monsieur Le Maire \u00e0 signer cet avenant N\u00b01 et tous les documents n\u00e9cessaires \u00e0 son application.<\/td><\/tr><\/tbody><\/table><p style=\"color: #333333\" align=\"right\"><em><small>D\u00e9lib\u00e9ration n\u00b0 2023-06-14-D-06<\/small><\/em><\/p><table align=\"right\" bgcolor=\"#EEEEEE\"><tbody><tr><td style=\"color: #333333;text-align: left\"><strong><u>D\u00e9cision<\/u><\/strong><\/td><td style=\"color: #333333;text-align: left\">Sur :<\/td><td style=\"color: #333333;text-align: left\">17 pr\u00e9sents<\/td><\/tr><tr><td style=\"color: #333333;text-align: left\">\u00a0<\/td><td style=\"color: #333333;text-align: left\">Pour :<\/td><td style=\"color: #333333;text-align: left\">22 dont 5 pouvoirs<\/td><\/tr><tr><td style=\"color: #333333;text-align: left\">\u00a0<\/td><td style=\"color: #333333;text-align: left\">Contre :<\/td><td style=\"color: #333333;text-align: left\">0<\/td><\/tr><tr><td style=\"color: #333333;text-align: left\">\u00a0<\/td><td style=\"color: #333333;text-align: left\">Abstentions :<\/td><td style=\"color: #333333;text-align: left\">0<\/td><\/tr><\/tbody><\/table><p style=\"color: #333333;padding-left: 40px\" align=\"justify\"><em>Monsieur Jimmy LAURENT demande si une \u00e9tude a \u00e9t\u00e9 lanc\u00e9e pour passer au 100% Led dans la commune et quel serait le cout \u00e9ventuel ?<br \/>Monsieur Philippe WAELKENS r\u00e9pond que sur les nouveaux travaux d&#8217;investissement de voirie effectu\u00e9s, ces derni\u00e8res ann\u00e9es, l&#8217;\u00e9clairage a \u00e9t\u00e9 pos\u00e9 en LED. Cependant, il y a quelques ann\u00e9es l&#8217;int\u00e9gralit\u00e9 des \u00e9clairages a \u00e9t\u00e9 r\u00e9nov\u00e9, il faut donc pour le moment amortir ces travaux. Par ailleurs, le passage en LED pourra se faire mais progressivement pour ne pas impacter un seul exercice budg\u00e9taire.<br \/>Madame Armelle BOURLET demande si on a connaissance de l&#8217;\u00e9conomie faite \u00e0 la suite de l&#8217;extinction des lumi\u00e8res la nuit. Monsieur Philippe WAELKENS confirme que le calcul est en cours mais qu&#8217;il faut attendre d&#8217;avoir obtenu les factures de consommations.<br \/>Monsieur Bernard MALAQUIN pense que l&#8217;extinction de l&#8217;\u00e9clairage \u00e0 22h30 pour des personnes qui travaillent est t\u00f4t.<br \/>Madame St\u00e9phanie WATTIEZ demande si la g\u00eane est li\u00e9e \u00e0 l&#8217;absence de lumi\u00e8re sur la voirie ou sur les habitations.<br \/>Monsieur Philippe WAELKENS rappelle que le choix des horaires s&#8217;est fait en conseil municipal apr\u00e9s renseignements pris dans les autres communes\u2026<\/em><\/p><div id=\"CM14062023Sept\" style=\"color: #333333\"><strong><u>7 &#8211; D\u00e9lib\u00e9ration autorisation pour Monsieur Le Maire de signer le bail avec la poste \u00e0 compter du 1<sup>er<\/sup> juillet 2023<\/u><\/strong><\/div><p style=\"color: #333333;padding-left: 40px\" align=\"justify\">Le bail est arriv\u00e9 \u00e0 \u00e9ch\u00e9ance il faut le renouveler.<\/p><p style=\"color: #333333\"><strong>Le Conseil Municipal, apr\u00e8s en avoir d\u00e9lib\u00e9r\u00e9,<\/strong><br \/>par\u00a022 voix pour,\u00a00 voix contre,\u00a00\u00a0abstention<\/p><table align=\"center\"><tbody><tr><td style=\"color: #333333\"><strong><u>AUTORISE<\/u><\/strong><\/td><td style=\"color: #333333;text-align: justify\">Monsieur Le Maire \u00e0 signer un bail de location \u00e0 compter du 1<sup>er<\/sup> juillet 2023 avec les services de la poste pour la location des locaux au 1 Rue Gustave DELORY pour un montant annuel r\u00e9visable de 15 000\u20ac.<\/td><\/tr><\/tbody><\/table><p style=\"color: #333333\" align=\"right\"><em><small>D\u00e9lib\u00e9ration n\u00b0 2023-06-14-D-07<\/small><\/em><\/p><table align=\"right\" bgcolor=\"#EEEEEE\"><tbody><tr><td style=\"color: #333333;text-align: left\"><strong><u>D\u00e9cision<\/u><\/strong><\/td><td style=\"color: #333333;text-align: left\">Sur :<\/td><td style=\"color: #333333;text-align: left\">17 pr\u00e9sents<\/td><\/tr><tr><td style=\"color: #333333;text-align: left\">\u00a0<\/td><td style=\"color: #333333;text-align: left\">Pour :<\/td><td style=\"color: #333333;text-align: left\">22 dont 5 pouvoirs<\/td><\/tr><tr><td style=\"color: #333333;text-align: left\">\u00a0<\/td><td style=\"color: #333333;text-align: left\">Contre :<\/td><td style=\"color: #333333;text-align: left\">0<\/td><\/tr><tr><td style=\"color: #333333;text-align: left\">\u00a0<\/td><td style=\"color: #333333;text-align: left\">Abstentions :<\/td><td style=\"color: #333333;text-align: left\">0<\/td><\/tr><\/tbody><\/table><p style=\"color: #333333;padding-left: 40px\" align=\"justify\"><em>Monsieur Sylvain LEFEBVRE rappelle qu&#8217;une fissure sur le pignon de la poste est existante.<br \/>Monsieur Philippe WAELKENS va faire le n\u00e9cessaire afin de v\u00e9rifier si cette fissure \u00e9volue. Bureau d&#8217;\u00e9tude \u00e0 mandater.<\/em><\/p><div id=\"CM14062023Huit\" style=\"color: #333333\"><strong><u>8 &#8211; D\u00e9lib\u00e9ration relative \u00e0 la cr\u00e9ation d&#8217;un emploi non permanent au titre d&#8217;une activit\u00e9 accessoire<\/u><\/strong><\/div><p style=\"color: #333333;padding-left: 40px\" align=\"justify\">Vu le code g\u00e9n\u00e9ral de la fonction publique, notamment son article L332-23-2 ;<br \/>Vu le d\u00e9cret 2020-69 du 30 janvier 2020 relatif aux contr\u00f4le d\u00e9ontologiques dans la fonction publique, et notamment son article 11 alin\u00e9a 2<br \/>Consid\u00e9rant qu&#8217;il convient de recruter dans le cadre de l&#8217;activit\u00e9 de l&#8217;\u00e9cole musique un intervenant musique et coordinateur des manifestations auxquelles participe l&#8217;\u00e9cole de musique pour une dur\u00e9e maximale de 10 mois,<br \/>Sur le rapport de Monsieur le Maire et apr\u00e8s en avoir d\u00e9lib\u00e9r\u00e9 ;<\/p><p style=\"color: #333333\"><strong>Le Conseil Municipal, apr\u00e8s en avoir d\u00e9lib\u00e9r\u00e9,<\/strong><br \/>par\u00a022 voix pour,\u00a00 voix contre,\u00a00\u00a0abstention<\/p><table align=\"center\"><tbody><tr><td style=\"color: #333333\"><strong><u>DECIDE<\/u><\/strong><\/td><td style=\"color: #333333;text-align: justify\"><ol style=\"color: #333333;text-align: justify\"><li>De cr\u00e9er, \u00e0 compter du 1<sup>er<\/sup> septembre 2023 jusqu&#8217;au 30 juin 2024, 1 poste non permanent au titre d&#8217;une activit\u00e9 accessoire sur le grade d&#8217;assistant d&#8217;enseignement artistique (cat\u00e9gorie B), non titulaire et autoriser le Maire \u00e0 recruter un agent contractuel pour pourvoir \u00e0 cet emploi dans les conditions susvis\u00e9es ;<\/li><li>D&#8217;autoriser le Maire \u00e0 signer le contrat de recrutement et ses \u00e9ventuels renouvellements dans la limite des dispositions de l&#8217;article L 332-23 du Code G\u00e9n\u00e9ral de la Fonction Publique ;<\/li><li>De fixer la r\u00e9mun\u00e9ration de l&#8217;agent recrut\u00e9 au titre d&#8217;une activit\u00e9 accessoire comme suit :<br \/>L&#8217;agent percevra au titre des fonctions susvis\u00e9es une indemnit\u00e9 accessoire forfaitaire mensuelle maximale de 500 euros brut correspondant \u00e0 5 heures et 30 minutes hebdomadaires.<\/li><li>Les cr\u00e9dits correspondants sont inscrits au budget.<\/li><\/ol><\/td><\/tr><\/tbody><\/table><p style=\"color: #333333\" align=\"right\"><em><small>D\u00e9lib\u00e9ration n\u00b0 2023-06-14-D-08<\/small><\/em><\/p><table align=\"right\" bgcolor=\"#EEEEEE\"><tbody><tr><td style=\"color: #333333;text-align: left\"><strong><u>D\u00e9cision<\/u><\/strong><\/td><td style=\"color: #333333;text-align: left\">Sur :<\/td><td style=\"color: #333333;text-align: left\">17 pr\u00e9sents<\/td><\/tr><tr><td style=\"color: #333333;text-align: left\">\u00a0<\/td><td style=\"color: #333333;text-align: left\">Pour :<\/td><td style=\"color: #333333;text-align: left\">22 dont 5 pouvoirs<\/td><\/tr><tr><td style=\"color: #333333;text-align: left\">\u00a0<\/td><td style=\"color: #333333;text-align: left\">Contre :<\/td><td style=\"color: #333333;text-align: left\">0<\/td><\/tr><tr><td style=\"color: #333333;text-align: left\">\u00a0<\/td><td style=\"color: #333333;text-align: left\">Abstentions :<\/td><td style=\"color: #333333;text-align: left\">0<\/td><\/tr><\/tbody><\/table><p style=\"color: #333333;padding-left: 40px\" align=\"justify\"><em>Monsieur Jimmy LAURENT demande si les professeurs de danse sont concern\u00e9s par cette d\u00e9lib\u00e9ration. En fait, non car elles n&#8217;ont pas le m\u00eame statut. Par ailleurs, le conseil remercie les deux professeurs de danse pour le superbe gala de danse du week-end dernier.<br \/>Monsieur Bernard MALAQUIN demande combien il y a d&#8217;\u00e9l\u00e8ves inscrits \u00e0 l&#8217;\u00e9cole de musique.<br \/>A l&#8217;\u00e9cole de musique il y a 23 \u00e9l\u00e8ves.<\/em><\/p><div id=\"CM14062023Neuf\" style=\"color: #333333\"><strong><u>9 &#8211; D\u00e9lib\u00e9ration Fin de Convention SFR<\/u><\/strong><\/div><p style=\"color: #333333;padding-left: 40px\" align=\"justify\"><em>Pr\u00e9sentation est faite par Monsieur Guillaume SIMON Responsable des finances.<\/em><\/p><p style=\"color: #333333;padding-left: 40px\" align=\"justify\">En 1997 Convention avec TDF devenu Num\u00e9ricable puis SFR pour installer des r\u00e9seaux cabl\u00e9s<br \/>Le 20 08 1998 le conseil sup\u00e9rieur de l&#8217;audiovisuel a donn\u00e9 son accord pour une convention de 25 ans.<br \/>Celle-ci arrive \u00e0 son terme.<br \/>Actuellement ce type de convention correspond \u00e0 une d\u00e9l\u00e9gation de service public<br \/>Lorsque la commune d\u00e9l\u00e8gue : elle d\u00e9l\u00e8gue une r\u00e9seau et l&#8217;exploitation de celui-ci\u2026<br \/>Au terme des 25 ans la commune redevient propri\u00e9taire de l&#8217;int\u00e9gralit\u00e9 de ce qu&#8217;il reste.<br \/>Le 19 aout 2023 SFR r\u00e9troc\u00e9dera ce qui reste du patrimoine \u00e0 la commune c&#8217;est-\u00e0-dire le mat\u00e9riel informatique qui permettait la diffusion, les paraboles, les c\u00e2bles, l&#8217;int\u00e9gralit\u00e9 du r\u00e9seau,\u2026<br \/>La commune s&#8217;est assur\u00e9e d&#8217;avoir une carte avec l&#8217;int\u00e9gralit\u00e9 des r\u00e9seaux et une liste relativement exhaustive du patrimoine.<br \/>R\u00e9trocession \u00e0 titre gratuit<br \/>Pas d&#8217;entretien r\u00e9glementaire \u00e0 faire<br \/>Ce mat\u00e9riel sera d\u00e9clar\u00e9 aux assurances d\u00e8s que la commune en sera propri\u00e9taire.<br \/>SFR n&#8217;a plus fait de travaux neufs depuis quelques ann\u00e9es.<br \/>Le r\u00e9seau correspond environ \u00e0 9kms a\u00e9riens et 3 kms en souterrains.<\/p><p style=\"color: #333333\"><strong>Le Conseil Municipal, apr\u00e8s en avoir d\u00e9lib\u00e9r\u00e9,<\/strong><br \/>par\u00a022 voix pour,\u00a00 voix contre,\u00a00\u00a0abstention<\/p><table align=\"center\"><tbody><tr><td style=\"color: #333333\"><strong><u>ACCEPTE<\/u><\/strong><\/td><td style=\"color: #333333;text-align: justify\">la r\u00e9trocession du patrimoine li\u00e9 \u00e0 cette convention<\/td><\/tr><tr><td style=\"color: #333333\"><strong><u>AUTORISE<\/u><\/strong><\/td><td style=\"color: #333333;text-align: justify\">Monsieur Le Maire \u00e0 signer le protocole d&#8217;accord et tous les documents n\u00e9cessaires \u00e0 cette r\u00e9trocession<\/td><\/tr><\/tbody><\/table><p style=\"color: #333333\" align=\"right\"><em><small>D\u00e9lib\u00e9ration n\u00b0 2023-06-14-D-09<\/small><\/em><\/p><table align=\"right\" bgcolor=\"#EEEEEE\"><tbody><tr><td style=\"color: #333333;text-align: left\"><strong><u>D\u00e9cision<\/u><\/strong><\/td><td style=\"color: #333333;text-align: left\">Sur :<\/td><td style=\"color: #333333;text-align: left\">17 pr\u00e9sents<\/td><\/tr><tr><td style=\"color: #333333;text-align: left\">\u00a0<\/td><td style=\"color: #333333;text-align: left\">Pour :<\/td><td style=\"color: #333333;text-align: left\">22 dont 5 pouvoirs<\/td><\/tr><tr><td style=\"color: #333333;text-align: left\">\u00a0<\/td><td style=\"color: #333333;text-align: left\">Contre :<\/td><td style=\"color: #333333;text-align: left\">0<\/td><\/tr><tr><td style=\"color: #333333;text-align: left\">\u00a0<\/td><td style=\"color: #333333;text-align: left\">Abstentions :<\/td><td style=\"color: #333333;text-align: left\">0<\/td><\/tr><\/tbody><\/table><div id=\"CM27022023QD\" style=\"color: #333333\"><strong><u>Questions diverses<\/u><\/strong><\/div><ul style=\"color: #333333;padding-left: 40px\"><li>Samedi 17 juin \u00e0 17h concert de l&#8217;Harmonie sous la halle couverte<\/li><li>Monsieur Sylvain LEFEBVRE demande si on peut pr\u00e9voir un d\u00e9sherbage de la Chapelle Rue Barbusse.<br \/>La commune n&#8217;est pas propri\u00e9taire de celle-ci et de ce fait il n&#8217;est pas possible d&#8217;y intervenir.<br \/>La commune a tent\u00e9 \u00e0 plusieurs reprises de joindre le dioc\u00e8se \u00e0 ce sujet en vain.<br \/>Par ailleurs cette chapelle a tendance \u00e0 pencher et il y a un risque d&#8217;effondrement.<\/li><li>SIGH &#8211; point sera fait lors d&#8217;une prochaine commission travaux<\/li><\/ul><p style=\"color: #333333\"><strong>Fin de s\u00e9ance \u00e0 19h10<\/strong><\/p><p style=\"color: #333333\" align=\"right\"><strong>Le Secr\u00e9taire de s\u00e9ance<br \/>Michel HENNAUT<\/strong><\/p><\/div>\n\t\t\t\t\t\t\t\t\t<div class=\"elementor-tab-title elementor-tab-mobile-title\" aria-selected=\"false\" data-tab=\"4\" role=\"tab\" tabindex=\"-1\" aria-controls=\"elementor-tab-content-2004\" aria-expanded=\"false\">09\/06<\/div>\n\t\t\t\t\t<div id=\"elementor-tab-content-2004\" class=\"elementor-tab-content elementor-clearfix\" data-tab=\"4\" role=\"tabpanel\" aria-labelledby=\"elementor-tab-title-2004\" tabindex=\"0\" hidden=\"hidden\"><h6><span style=\"color: #ff0000\">Proc\u00e8s verbal du Conseil Municipal du 09 JUIN 2023 \u00e0 18h<\/span><\/h6><p><a href=\"https:\/\/thiant.fr\/wordpress\/documents_ext\/CM\/CM_2023-06-09.pdf\" target=\"_blank\" rel=\"noopener\"><img loading=\"lazy\" decoding=\"async\" class=\"alignnone wp-image-5899 size-medium\" src=\"https:\/\/thiant.fr\/wordpress\/wp-content\/uploads\/2023\/10\/PV-CONSEIL-MUNICIPAL-DU-09-JUIN-2023-SENATORIALES-SIGNE-1-212x300.png\" alt=\"\" width=\"212\" height=\"300\" srcset=\"https:\/\/thiant.fr\/wordpress\/wp-content\/uploads\/2023\/10\/PV-CONSEIL-MUNICIPAL-DU-09-JUIN-2023-SENATORIALES-SIGNE-1-212x300.png 212w, https:\/\/thiant.fr\/wordpress\/wp-content\/uploads\/2023\/10\/PV-CONSEIL-MUNICIPAL-DU-09-JUIN-2023-SENATORIALES-SIGNE-1.png 566w\" sizes=\"(max-width: 212px) 100vw, 212px\" \/><\/a><\/p><p style=\"color: #333333\"><strong>Date de la convocation\u00a0:<\/strong>\u00a0\u00a0\u00a0\u00a0\u00a0\u00a0\u00a0\u00a0 03 juin 2023<\/p><p style=\"color: #333333\"><strong>Date de l\u2019affichage\u00a0:<\/strong> \u00a0\u00a0 \u00a0\u00a0\u00a0\u00a0\u00a0\u00a0\u00a0\u00a0\u00a0\u00a0\u00a0 03 juin 2023<\/p><p style=\"color: #333333;padding-left: 40px\" align=\"justify\">L&#8217;an deux mil vingt-trois, le 09 JUIN \u00e0 dix-huit heures, le Conseil Municipal de Thiant, r\u00e9guli\u00e8rement convoqu\u00e9, s&#8217;est r\u00e9uni en la salle du conseil, rue Anatole France \u00e0 THIANT, sous la Pr\u00e9sidence de Monsieur Marc WATTIEZ, Maire de la Commune.<\/p><p style=\"color: #333333\"><strong>Pr\u00e9sents :<\/strong><\/p><p style=\"color: #333333;padding-left: 40px\" align=\"justify\"><strong>Monsieur Marc WATTIEZ, Madame St\u00e9phanie WATTIEZ, Madame C\u00e9line DUMAINE, Monsieur Philippe WAELKENS, Monsieur Michel HENNAUT, Madame Martine PREVOST, Madame Raymonde BOHERE, Madame Sylvaine GERARD, Madame Sylvie DEVOS, Monsieur Christophe DESPINOY, Monsieur Bernard LEPEZ, Monsieur Bernard MALAQUIN, Monsieur Jean-Michel HARBONNIER, Monsieur Jimmy LAURENT<\/strong><\/p><p style=\"color: #333333\"><strong>Excus\u00e9s :<\/strong><\/p><p style=\"color: #333333;padding-left: 40px\"><strong>Monsieur Guy VANDERBEC qui donne pouvoir \u00e0 Monsieur Marc WATTIEZ<br \/>Monsieur J\u00e9r\u00f4me CARLIER qui donne pouvoir \u00e0 Madame St\u00e9phanie WATTIEZ<br \/>Monsieur Jean-Claude BAH qui donne pouvoir \u00e0 Monsieur Michel HENNAUT<br \/>Monsieur Sylvain LEFEBVRE qui donne pouvoir \u00e0 Monsieur Jimmy LAURENT<br \/>Madame Fran\u00e7oise BAR-DESESPRINGALLE qui donne pouvoir \u00e0 Monsieur Jean-Michel HARBONNIER<br \/>Madame C\u00e9line TRACHMAN qui donne pouvoir \u00e0 Monsieur Philippe WAELKENS<br \/>Madame Emilie LEBRUN<br \/>Madame Armelle BOURLET<br \/>Madame Sylvie NICOLAS<\/strong><\/p><p style=\"color: #333333\"><strong>Absents : MM.XXXXX<\/strong><\/p><p style=\"color: #333333\"><strong><u>Ordre du jour<\/u>\u00a0:<\/strong><\/p><ol style=\"padding-left: 40px\"><li><a href=\"#CM09062023Un\">Elections des d\u00e9l\u00e9gu\u00e9s et suppl\u00e9ants pour les \u00e9lections s\u00e9natoriales 2023<\/a><\/li><\/ol><p style=\"color: #333333\">D\u00e9signation d\u2019un Secr\u00e9taire de s\u00e9ance\u00a0:\u00a0Madame C\u00e9line DUMAINE<\/p><p style=\"color: #333333\">Etat des pouvoirs\u00a0: &#8230;. 6 pouvoirs&#8230;&#8230;&#8230;&#8230;&#8230;&#8230;&#8230;&#8230;&#8230;..<\/p><div id=\"CM24052023Un\" style=\"color: #333333\"><strong><u>1 &#8211; Election des d\u00e9l\u00e9gu\u00e9s et suppl\u00e9ants pour les \u00e9lections s\u00e9natoriales 2023<\/u><\/strong><\/div><p style=\"color: #333333;padding-left: 40px\" align=\"justify\"><strong>Application des articles L.289 et R.133 du code \u00e9lectoral, les d\u00e9l\u00e9gu\u00e9s et leurs suppl\u00e9ants sont \u00e9lus sur la m\u00eame liste sans d\u00e9bat, \u00e0 la repr\u00e9sentation proportionnelle suivant la r\u00e8gle de la plus forte moyenne, sans panachage, ni vote pr\u00e9f\u00e9rentiel.<br \/>Liste compl\u00e8te ou incompl\u00e8te compos\u00e9e alternativement d&#8217;un candidat de chaque sexe. (art. L. 289 du code \u00e9lectoral)<br \/>Les membres du conseil municipal qui n&#8217;ont pas la nationalit\u00e9 fran\u00e7aise ne peuvent ni \u00eatre \u00e9lus membres du coll\u00e8ge \u00e9lectoral s\u00e9natorial, ni participer \u00e0 l&#8217;\u00e9lection des d\u00e9l\u00e9gu\u00e9s et des suppl\u00e9ants (art. L.O. 286-1 du code \u00e9lectoral).<br \/>Les membres du conseil municipal qui sont \u00e9galement d\u00e9put\u00e9s, s\u00e9nateurs, conseillers r\u00e9gionaux, ou conseillers d\u00e9partementaux, peuvent participer \u00e0 l&#8217;\u00e9lection des d\u00e9l\u00e9gu\u00e9s et suppl\u00e9ants mais ne peuvent \u00eatre \u00e9lus d\u00e9l\u00e9gu\u00e9s ou suppl\u00e9ants (art. L. 287, L. 445 et L. 556 du code \u00e9lectoral).<br \/>Les militaires en position d&#8217;activit\u00e9 membres du conseil municipal peuvent participer \u00e0 l&#8217;\u00e9lection des d\u00e9l\u00e9gu\u00e9s et suppl\u00e9ants mais ne peuvent \u00eatre \u00e9lus d\u00e9l\u00e9gu\u00e9s ou suppl\u00e9ants (art. L. 287-1 du code \u00e9lectoral).<br \/>Les d\u00e9l\u00e9gu\u00e9s sont \u00e9lus, dans les communes de 1 000 \u00e0 8 999 habitants, parmi les membres du conseil municipal, et que les suppl\u00e9ants sont \u00e9lus soit parmi les membres du conseil municipal, soit parmi les \u00e9lecteurs de la commune, de nationalit\u00e9 fran\u00e7aise.<br \/>Conform\u00e9ment aux articles L. 284 \u00e0 L. 286 du code \u00e9lectoral, le cas \u00e9ch\u00e9ant l&#8217;article L. 290-1 ou L. 290-2, le conseil municipal devait \u00e9lire 7 d\u00e9l\u00e9gu\u00e9s et 4 suppl\u00e9ants.<br \/>Pour la commune de Thiant : 7 d\u00e9l\u00e9gu\u00e9s et 4 suppl\u00e9ants<br \/>Avant l&#8217;ouverture du scrutin, le maire (ou son rempla\u00e7ant) a constat\u00e9 que 2 listes de candidats avaient \u00e9t\u00e9 d\u00e9pos\u00e9es. Un exemplaire de chaque liste de candidats a \u00e9t\u00e9 joint au proc\u00e8s-verbal (annexe 1).<\/strong><\/p><p style=\"color: #333333;padding-left: 40px\" align=\"justify\"><em>D\u00e9signation des d\u00e9l\u00e9gu\u00e9s et de leurs suppl\u00e9ants en vue de l&#8217;\u00e9lection des s\u00e9nateurs.<br \/>Bureau \u00e9lectoral :<\/em><\/p><ul style=\"color: #333333;padding-left: 40px\"><li>Maire : Marc WATTIEZ<\/li><li>Secr\u00e9taire : C\u00e9line DUMAINE<\/li><li>Conseillers municipaux plus \u00e2g\u00e9s :<br \/><ul style=\"color: #333333;padding-left: 40px\"><li>Raymonde BOHERE<\/li><li>Bernard MALAQUIN<\/li><\/ul><\/li><li>Conseillers municipaux plus jeunes :<br \/><ul style=\"color: #333333;padding-left: 40px\"><li>Jimmy LAURENT<\/li><li>Christophe DESPINOY<\/li><\/ul><\/li><\/ul><p style=\"color: #333333;padding-left: 40px\" align=\"justify\"><strong><u>R\u00e9sultats de l&#8217;\u00e9lection<\/u><\/strong><\/p><table align=\"center\" bgcolor=\"#EEEEEE\"><tbody><tr><td style=\"color: #333333;text-align: left\"><strong>a.<\/strong> Nombre de conseillers pr\u00e9sents et repr\u00e9sent\u00e9s<\/td><td style=\"color: #333333;text-align: right\"><strong><u>20<\/u><\/strong><\/td><\/tr><tr><td style=\"color: #333333;text-align: left\"><strong>b.<\/strong> Nombre de conseillers pr\u00e9sents \u00e0 l&#8217;appel n&#8217;ayant pas pris part au vote (abstention)<\/td><td style=\"color: #333333;text-align: right\"><strong><u>0<\/u><\/strong><\/td><\/tr><tr><td style=\"color: #333333;text-align: left\"><strong>c.<\/strong> Nombre de votants (enveloppes ou bulletins d\u00e9pos\u00e9s dans l&#8217;urne)<br \/>(a-b)<\/td><td style=\"color: #333333;text-align: right\"><strong><u>20<\/u><\/strong><\/td><\/tr><tr><td style=\"color: #333333;text-align: left\"><strong>d.<\/strong> Nombre de suffrages d\u00e9clar\u00e9s nuls par le bureau<\/td><td style=\"color: #333333;text-align: right\"><strong><u>0<\/u><\/strong><\/td><\/tr><tr><td style=\"color: #333333;text-align: left\"><strong>e.<\/strong> Nombre de suffrages d\u00e9clar\u00e9s blancs par le bureau<\/td><td style=\"color: #333333;text-align: right\"><strong><u>0<\/u><\/strong><\/td><\/tr><tr><td style=\"color: #333333;text-align: left\"><strong>f.<\/strong> Nombre de suffrages exprim\u00e9s [c- (d + e)]<\/td><td style=\"color: #333333;text-align: right\"><strong><u>20<\/u><\/strong><\/td><\/tr><\/tbody><\/table><table align=\"center\" bgcolor=\"#EEEEEE\"><tbody><tr><td style=\"color: #333333;text-align: left\">Quotient \u00e9lectoral pour l&#8217;\u00e9lection des d\u00e9l\u00e9gu\u00e9s<\/td><td style=\"color: #333333;text-align: right\"><strong><u>20\/7 = 2.857<\/u><\/strong><\/td><\/tr><\/tbody><\/table><table align=\"center\" bgcolor=\"#EEEEEE\"><tbody><tr><td style=\"color: #333333;text-align: center\">Une \u00c9quipe pour l&#8217;Avenir<\/td><td style=\"color: #333333;text-align: center\">16<\/td><td style=\"color: #333333;text-align: center\">16\/2.857=5.60<\/td><td style=\"color: #333333;text-align: center\">5<\/td><\/tr><tr><td style=\"color: #333333;text-align: center\">Agir avec les Thiantais<\/td><td style=\"color: #333333;text-align: center\">4<\/td><td style=\"color: #333333;text-align: center\">4\/2.857=1.40<\/td><td style=\"color: #333333;text-align: center\">1<\/td><\/tr><\/tbody><\/table><table align=\"center\" bgcolor=\"#EEEEEE\"><tbody><tr><td style=\"color: #333333;text-align: center\">Une \u00c9quipe pour l&#8217;Avenir<\/td><td style=\"color: #333333;text-align: center\">16<\/td><td style=\"color: #333333;text-align: center\">16\/(5+1)=2.666<\/td><td style=\"color: #333333;text-align: center\">1<\/td><\/tr><tr><td style=\"color: #333333;text-align: center\">Agir avec les Thiantais<\/td><td style=\"color: #333333;text-align: center\">4<\/td><td style=\"color: #333333;text-align: center\">4\/(1+1)=2<\/td><td style=\"color: #333333;text-align: center\">0<\/td><\/tr><\/tbody><\/table><table align=\"center\" bgcolor=\"#EEEEEE\"><tbody><tr><td style=\"color: #333333;text-align: center\">Une \u00c9quipe pour l&#8217;Avenir<\/td><td style=\"color: #333333;text-align: center\">16<\/td><td style=\"color: #333333;text-align: center\">16\/(6+1)=2.285<\/td><td style=\"color: #333333;text-align: center\">1<\/td><\/tr><tr><td style=\"color: #333333;text-align: center\">Agir avec les Thiantais<\/td><td style=\"color: #333333;text-align: center\">4<\/td><td style=\"color: #333333;text-align: center\">4\/(1+1)=2<\/td><td style=\"color: #333333;text-align: center\">0<\/td><\/tr><\/tbody><\/table><table align=\"center\" bgcolor=\"#EEEEEE\"><tbody><tr><td style=\"color: #333333;text-align: center\">Quotient \u00e9lectoral pour l&#8217;\u00e9lection des suppl\u00e9ants<\/td><td style=\"color: #333333;text-align: center\"><strong><u>20\/4 = 5<\/u><\/strong><\/td><\/tr><\/tbody><\/table><table align=\"center\" bgcolor=\"#EEEEEE\"><tbody><tr><td style=\"color: #333333;text-align: center\">Une \u00c9quipe pour l&#8217;Avenir<\/td><td style=\"color: #333333;text-align: center\">16<\/td><td style=\"color: #333333;text-align: center\">16\/5=3.2<\/td><td style=\"color: #333333;text-align: center\">3<\/td><\/tr><tr><td style=\"color: #333333;text-align: center\">Agir avec les Thiantais<\/td><td style=\"color: #333333;text-align: center\">4<\/td><td style=\"color: #333333;text-align: center\">4\/5=0.8<\/td><td style=\"color: #333333;text-align: center\">0<\/td><\/tr><\/tbody><\/table><table align=\"center\" bgcolor=\"#EEEEEE\"><tbody><tr><td style=\"color: #333333;text-align: center\">Une \u00c9quipe pour l&#8217;Avenir<\/td><td style=\"color: #333333;text-align: center\">16<\/td><td style=\"color: #333333;text-align: center\">16\/(3+1)=4<\/td><td style=\"color: #333333;text-align: center\">1<\/td><\/tr><tr><td style=\"color: #333333;text-align: center\">Agir avec les Thiantais<\/td><td style=\"color: #333333;text-align: center\">4<\/td><td style=\"color: #333333;text-align: center\">4\/(1+1)=2<\/td><td style=\"color: #333333;text-align: center\">0<\/td><\/tr><\/tbody><\/table><table align=\"center\" bgcolor=\"#EEEEEE\"><tbody><tr><td style=\"color: #333333;text-align: left\">INDIQUER LE NOM DE LA LISTE OU DU CANDIDAT T\u00caTE DE LISTE<br \/>(dans l&#8217;ordre <strong>d\u00e9croissant<\/strong> des suffrages obtenus)<\/td><td style=\"color: #333333;text-align: center;vertical-align: middle\"><strong>Suffrages obtenus<\/strong><\/td><td style=\"color: #333333;text-align: center;vertical-align: middle\"><strong>Nombre de d\u00e9l\u00e9gu\u00e9s obtenus<\/strong><\/td><td style=\"color: #333333;text-align: center;vertical-align: middle\"><strong>Nombre de suppl\u00e9ants obtenus<\/strong><\/td><\/tr><tr><td style=\"color: #333333;text-align: left\">Une \u00c9quipe pour l&#8217;Avenir<\/td><td style=\"color: #333333;text-align: right\">17<\/td><td style=\"color: #333333;text-align: left\">6<\/td><td style=\"color: #333333;text-align: right\">4<\/td><\/tr><tr><td style=\"color: #333333;text-align: left\">Agir avec les Thiantais<\/td><td style=\"color: #333333;text-align: right\">4<\/td><td style=\"color: #333333;text-align: left\">1<\/td><td style=\"color: #333333;text-align: right\">0<\/td><\/tr><\/tbody><\/table><p style=\"color: #333333;padding-left: 40px\" align=\"justify\"><strong><u>Proclamation des \u00e9lus<\/u><br \/>Le maire a proclam\u00e9 \u00e9lus d\u00e9l\u00e9gu\u00e9s les candidats des listes ayant obtenu des mandats de d\u00e9l\u00e9gu\u00e9s dans l&#8217;ordre de pr\u00e9sentation sur chaque liste et dans la limite du nombre de mandats de d\u00e9l\u00e9gu\u00e9s obtenus, soit :<\/strong><\/p><ul style=\"color: #333333;padding-left: 40px\"><li>sur la liste <mark>\u00ab Une \u00c9quipe pour l&#8217;Avenir \u00bb :<\/mark><br \/><ul style=\"color: #333333\"><li>Mme DEVAUX-DUMAINE C\u00e9line<\/li><li>M HENNAUT Michel<\/li><li>Mme BOHERE Raymonde<\/li><li>M DESPINOY Christophe<\/li><li>Mme MENARD-GERARD Sylvaine<\/li><li>M MALAQUIN Bernard<\/li><\/ul><\/li><li>sur la liste <mark>\u00ab Agir avec les Thiantais \u00bb<\/mark> :<br \/><ul style=\"color: #333333\"><li>Mme BAR-DESESPRINGALLE Fran\u00e7oise<\/li><\/ul><\/li><\/ul><p style=\"color: #333333;padding-left: 40px\" align=\"justify\"><strong>Il a ensuite proclam\u00e9 \u00e9lus suppl\u00e9ants les autres candidats des listes pris \u00e0 la suite du dernier candidat \u00e9lu d\u00e9l\u00e9gu\u00e9 dans l&#8217;ordre de pr\u00e9sentation sur chaque liste et dans la limite du nombre de mandats de suppl\u00e9ants obtenus, soit :<\/strong><\/p><ul style=\"color: #333333;padding-left: 40px\"><li>sur la liste <mark>\u00ab Une \u00c9quipe pour l&#8217;Avenir \u00bb :<\/mark><br \/><ul style=\"color: #333333\"><li>Mme PREVOST Martine<\/li><li>M LEPEZ Bernard<\/li><li>Mme DEVOS Sylvie\u2026<\/li><li>M WATTIEZ Marc<\/li><\/ul><p style=\"color: #333333;padding-left: 40px\" align=\"justify\"><strong>A la suite des refus des d\u00e9l\u00e9gu\u00e9s et suppl\u00e9ants pr\u00e9sents lors de la s\u00e9ance, la liste des d\u00e9l\u00e9gu\u00e9s et suppl\u00e9ants de la commune est \u00e9tablie conform\u00e9ment \u00e0 la feuille nominative jointe au pr\u00e9sent proc\u00e8s-verbal<\/strong><\/p><table align=\"center\" bgcolor=\"#EEEEEE\"><tbody><tr><td style=\"color: #ffffff;text-align: center\" colspan=\"3\" bgcolor=\"#000000\"><strong>Liste des d\u00e9l\u00e9gu\u00e9s et suppl\u00e9ants \u00e9lus repr\u00e9sentant la commune de THIANT<\/strong><\/td><\/tr><tr><td style=\"color: #333333;text-align: center\">Nom de la liste<\/td><td style=\"color: #333333;text-align: center\">Nom<\/td><td style=\"color: #333333;text-align: center\">Pr\u00e9nom<\/td><\/tr><tr><td style=\"color: #ffffff;text-align: center\" colspan=\"3\" bgcolor=\"#000000\"><strong>D\u00e9l\u00e9gu\u00e9s \u00e9lus<\/strong><\/td><\/tr><tr><td style=\"color: #333333;text-align: left\">Une \u00c9quipe pour l&#8217;Avenir<\/td><td style=\"color: #333333;text-align: left\">DEVAUX-DUMAINE<\/td><td style=\"color: #333333;text-align: left\">C\u00e9line<\/td><\/tr><tr><td style=\"color: #333333;text-align: left\">Une \u00c9quipe pour l&#8217;Avenir<\/td><td style=\"color: #333333;text-align: left\">HENNAUT<\/td><td style=\"color: #333333;text-align: left\">Michel<\/td><\/tr><tr><td style=\"color: #333333;text-align: left\">Une \u00c9quipe pour l&#8217;Avenir<\/td><td style=\"color: #333333;text-align: left\">BOHERE<\/td><td style=\"color: #333333;text-align: left\">Raymonde<\/td><\/tr><tr><td style=\"color: #333333;text-align: left\">Une \u00c9quipe pour l&#8217;Avenir<\/td><td style=\"color: #333333;text-align: left\">DESPINOY<\/td><td style=\"color: #333333;text-align: left\">Christophe<\/td><\/tr><tr><td style=\"color: #333333;text-align: left\">Une \u00c9quipe pour l&#8217;Avenir<\/td><td style=\"color: #333333;text-align: left\">MENARD-GERARD<\/td><td style=\"color: #333333;text-align: left\">Sylvaine<\/td><\/tr><tr><td style=\"color: #333333;text-align: left\">Une \u00c9quipe pour l&#8217;Avenir<\/td><td style=\"color: #333333;text-align: left\">MALAQUIN<\/td><td style=\"color: #333333;text-align: left\">Bernard<\/td><\/tr><tr><td style=\"color: #333333;text-align: left\">Agir avec les Thiantais<\/td><td style=\"color: #333333;text-align: left\">BAR-DESESPRINGALLE-PREVOST<\/td><td style=\"color: #333333;text-align: left\">Fran\u00e7oise<\/td><\/tr><tr><td style=\"color: #ffffff;text-align: center\" colspan=\"3\" bgcolor=\"#000000\"><strong>Suppl\u00e9ants \u00e9lus<\/strong><\/td><\/tr><tr><td style=\"color: #333333;text-align: left\">Une \u00c9quipe pour l&#8217;Avenir<\/td><td style=\"color: #333333;text-align: left\">PREVOST<\/td><td style=\"color: #333333;text-align: left\">Martine<\/td><\/tr><tr><td style=\"color: #333333;text-align: left\">Une \u00c9quipe pour l&#8217;Avenir<\/td><td style=\"color: #333333;text-align: left\">LEPEZ<\/td><td style=\"color: #333333;text-align: left\">Bernard<\/td><\/tr><tr><td style=\"color: #333333;text-align: left\">Une \u00c9quipe pour l&#8217;Avenir<\/td><td style=\"color: #333333;text-align: left\">DEVOS<\/td><td style=\"color: #333333;text-align: left\">Sylvie<\/td><\/tr><tr><td style=\"color: #333333;text-align: left\">Une \u00c9quipe pour l&#8217;Avenir<\/td><td style=\"color: #333333;text-align: left\">WATTIEZ<\/td><td style=\"color: #333333;text-align: left\">Marc<\/td><\/tr><\/tbody><\/table><p style=\"color: #333333\" align=\"right\"><em><small>D\u00e9lib\u00e9ration n\u00b0 2023-06-09-D-01<\/small><\/em><\/p><table align=\"right\" bgcolor=\"#EEEEEE\"><tbody><tr><td style=\"color: #333333;text-align: left\" width=\"25%\"><strong><u>D\u00e9cision<\/u><\/strong><\/td><td style=\"color: #333333;text-align: left\" width=\"25%\">Sur :<\/td><td style=\"color: #333333;text-align: left\" width=\"50%\">14 pr\u00e9sents<\/td><\/tr><tr><td style=\"color: #333333;text-align: left\">\u00a0<\/td><td style=\"color: #333333;text-align: left\">Votant :<\/td><td style=\"color: #333333;text-align: left\">20 dont 6 pvrs<\/td><\/tr><\/tbody><\/table><p style=\"color: #333333\"><strong>Fin de s\u00e9ance \u00e0 18h45<\/strong><\/p><p style=\"color: #333333\" align=\"right\"><strong>La Secr\u00e9taire de S\u00e9ance<br \/>C\u00e9line DUMAINE<\/strong><\/p><\/li><\/ul><\/div>\n\t\t\t\t\t\t\t\t\t<div class=\"elementor-tab-title elementor-tab-mobile-title\" aria-selected=\"false\" data-tab=\"5\" role=\"tab\" tabindex=\"-1\" aria-controls=\"elementor-tab-content-2005\" aria-expanded=\"false\">24\/05<\/div>\n\t\t\t\t\t<div id=\"elementor-tab-content-2005\" class=\"elementor-tab-content elementor-clearfix\" data-tab=\"5\" role=\"tabpanel\" aria-labelledby=\"elementor-tab-title-2005\" tabindex=\"0\" hidden=\"hidden\"><h6><span style=\"color: #ff0000\">Proc\u00e8s verbal du Conseil Municipal du 24 mai 2023 \u00e0 18h<\/span><\/h6><p><a href=\"https:\/\/thiant.fr\/wordpress\/documents_ext\/CM\/CM_2023-05-24.pdf\"><img loading=\"lazy\" decoding=\"async\" class=\"alignnone wp-image-5883 size-medium\" src=\"https:\/\/thiant.fr\/wordpress\/wp-content\/uploads\/2023\/10\/PV-CM-24052023-SIGNE-1-212x300.png\" alt=\"\" width=\"212\" height=\"300\" srcset=\"https:\/\/thiant.fr\/wordpress\/wp-content\/uploads\/2023\/10\/PV-CM-24052023-SIGNE-1-212x300.png 212w, https:\/\/thiant.fr\/wordpress\/wp-content\/uploads\/2023\/10\/PV-CM-24052023-SIGNE-1.png 566w\" sizes=\"(max-width: 212px) 100vw, 212px\" \/><\/a><\/p><p style=\"color: #333333\"><strong>Date de la convocation\u00a0:<\/strong>\u00a0\u00a0\u00a0\u00a0\u00a0\u00a0\u00a0\u00a0 15 mai 2023<\/p><p style=\"color: #333333\"><strong>Date de l\u2019affichage\u00a0:<\/strong> \u00a0\u00a0 \u00a0\u00a0\u00a0\u00a0\u00a0\u00a0\u00a0\u00a0\u00a0\u00a0\u00a0 15 mai 2023<\/p><p style=\"color: #333333;padding-left: 40px\" align=\"justify\">L&#8217;an deux mil vingt-trois, le 24 MAI \u00e0 dix-huit heures, le Conseil Municipal de Thiant, r\u00e9guli\u00e8rement convoqu\u00e9, s&#8217;est r\u00e9uni en la salle du conseil, rue Anatole France \u00e0 THIANT, sous la Pr\u00e9sidence de Monsieur Marc WATTIEZ, Maire de la Commune.<\/p><p style=\"color: #333333\"><strong>Pr\u00e9sents :<\/strong><\/p><p style=\"color: #333333;padding-left: 40px\" align=\"justify\"><strong>Monsieur Marc WATTIEZ, Madame St\u00e9phanie WATTIEZ, Madame C\u00e9line DUMAINE, Monsieur Michel HENNAUT, Madame Martine PREVOST, Madame Raymonde BOHERE, Madame Sylvaine GERARD, Madame Sylvie DEVOS, Madame C\u00e9line TRACHMAN, Madame Sylvie NICOLAS (Arriv\u00e9e au point 4), Monsieur Christophe DESPINOY, Monsieur Bernard LEPEZ, Madame Fran\u00e7oise BAR-DESESPRINGALLE, Monsieur Jean-Michel HARBONNIER, Monsieur Jimmy LAURENT (Arriv\u00e9 au point 10)<\/strong><\/p><p style=\"color: #333333\"><strong>Excus\u00e9s :<\/strong><\/p><p style=\"color: #333333;padding-left: 40px\"><strong>Monsieur Philippe WAELKENS qui donne pouvoir \u00e0 Madame C\u00e9line TRACHMAN<br \/>Monsieur Guy VANDERBEC qui donne pouvoir \u00e0 Monsieur Marc WATTIEZ<br \/>Monsieur J\u00e9r\u00f4me CARLIER qui donne pouvoir \u00e0 Madame St\u00e9phanie WATTIEZ<br \/>Madame Armelle BOURLET qui donne pouvoir \u00e0 Madame Martine PREVOST<br \/>Monsieur Jean-Claude BAH qui donne pouvoir \u00e0 Monsieur Michel HENNAUT<br \/>Monsieur Bernard MALAQUIN qui donne pouvoir \u00e0 Monsieur Bernard LEPEZ<br \/>Monsieur Sylvain LEFEBVRE qui donne pouvoir \u00e0 Monsieur Jean-Michel HARBONNIER<br \/>Monsieur Jimmy LAURENT qui donne pouvoir \u00e0 Madame Fran\u00e7oise BAR-DESESPRINGALLE<br \/>Madame Emilie LEBRUN<\/strong><\/p><p style=\"color: #333333\"><strong>Absents : MM.XXXXX<\/strong><\/p><p style=\"color: #333333\"><strong><u>Ordre du jour<\/u>\u00a0:<\/strong><\/p><ol style=\"padding-left: 40px\"><li><a href=\"#CM24052023Un\">D\u00e9lib\u00e9ration Approbation du Proc\u00e8s-verbal du 30 mars 2023<\/a><\/li><li><a href=\"#CM24052023Deux\">Compte de gestion budget principal 2022<\/a><\/li><li><a href=\"#CM24052023Trois\">Compte administratif budget principal 2022<\/a><\/li><li><a href=\"#CM24052023Quatre\">Compte de gestion budget annexe Lotissement Ferme Jourdan 2022<\/a><\/li><li><a href=\"#CM24052023Cinq\">Compte administratif budget annexe Lotissement Ferme Jourdan 2022<\/a><\/li><li><a href=\"#CM24052023Six\">D\u00e9lib\u00e9ration Tarifs f\u00eate du Centre \u00e0 compter de juillet 2023<\/a><\/li><li><a href=\"#CM24052023Sept\">D\u00e9lib\u00e9ration Tarifs ALSH (Confirmation ALSH Ados)<\/a><\/li><li><a href=\"#CM24052023Huit\">D\u00e9lib\u00e9ration Tableau des effectifs au 1<sup>er<\/sup> juin 2023<\/a><\/li><li><a href=\"#CM24052023Neuf\">D\u00e9lib\u00e9ration annuelle autorisant le recrutement d&#8217;agents contractuels sur des emplois non permanent pour faire face \u00e0 un besoin li\u00e9 \u00e0 un accroissement saisonnier d&#8217;activit\u00e9<\/a><\/li><li><a href=\"#CM24052023Dix\">D\u00e9lib\u00e9ration autorisation recrutement d&#8217;agents sur des emplois en contrats aid\u00e9s 2023-2024<\/a><\/li><\/ol><ul><li><a href=\"#CM24052023QD\">Questions diverses<\/a><\/li><\/ul><p style=\"color: #333333\">D\u00e9signation d\u2019un Secr\u00e9taire de s\u00e9ance\u00a0:\u00a0Madame C\u00e9line DUMAINE<\/p><p style=\"color: #333333\">Etat des pouvoirs\u00a0: &#8230;. 8 pouvoirs&#8230;&#8230;&#8230;&#8230;&#8230;&#8230;&#8230;&#8230;&#8230;..<\/p><div id=\"CM24052023Un\" style=\"color: #333333\"><strong><u>1 &#8211; Approbation du Proc\u00e8s-verbal du 30 mars 2023<\/u><\/strong><\/div><p style=\"color: #333333;padding-left: 40px\" align=\"justify\"><em>Aucune remarque<\/em><\/p><div><table><tbody><tr><td style=\"color: #333333\">Consid\u00e9rant<\/td><td style=\"color: #333333;text-align: justify\">Le Code G\u00e9n\u00e9ral des Collectivit\u00e9s Territoriales, particuli\u00e8rement les articles L.2121-7 \u00e0 L.2121-28\u00a0;<\/td><\/tr><tr><td style=\"color: #333333\">Consid\u00e9rant<\/td><td style=\"color: #333333;text-align: justify\">qu\u2019il convient d\u2019adopter les proc\u00e8s-verbaux des s\u00e9ances du Conseil Municipal.<\/td><\/tr><\/tbody><\/table><\/div><p style=\"color: #333333\"><strong>Le Conseil Municipal,<\/strong> apr\u00e8s en avoir d\u00e9lib\u00e9r\u00e9,<br \/>par\u00a021 voix pour,\u00a00 voix contre,\u00a00\u00a0abstention<\/p><table><tbody><tr><td style=\"color: #333333\"><strong><u>APPROUVE<\/u><\/strong><\/td><td style=\"color: #333333;text-align: justify\">le contenu du proc\u00e8s-verbal du 30 mars 2023, r\u00e9dig\u00e9 par son secr\u00e9taire de s\u00e9ance.<\/td><\/tr><\/tbody><\/table><p style=\"color: #333333\" align=\"right\"><em><small>D\u00e9lib\u00e9ration n\u00b0 2023-05-24-D-01<\/small><\/em><\/p><table align=\"right\" bgcolor=\"#EEEEEE\"><tbody><tr><td style=\"color: #333333;text-align: left\" width=\"25%\"><strong><u>D\u00e9cision<\/u><\/strong><\/td><td style=\"color: #333333;text-align: left\" width=\"25%\">Sur :<\/td><td style=\"color: #333333;text-align: left\" width=\"50%\">13 pr\u00e9sents<\/td><\/tr><tr><td style=\"color: #333333;text-align: left\">\u00a0<\/td><td style=\"color: #333333;text-align: left\">Pour :<\/td><td style=\"color: #333333;text-align: left\">21 dont 8 pvrs<\/td><\/tr><tr><td style=\"color: #333333;text-align: left\">\u00a0<\/td><td style=\"color: #333333;text-align: left\">Contre :<\/td><td style=\"color: #333333;text-align: left\">0<\/td><\/tr><tr><td style=\"color: #333333;text-align: left\">\u00a0<\/td><td style=\"color: #333333;text-align: left\">Abstentions :<\/td><td style=\"color: #333333;text-align: left\">0<\/td><\/tr><\/tbody><\/table><p style=\"color: #333333;padding-left: 40px\" align=\"justify\"><strong><u>Monsieur Le Maire donne la Pr\u00e9sidence du conseil \u00e0 Madame L&#8217;Adjointe aux finances et quitte la s\u00e9ance.<\/u><\/strong><\/p><div id=\"CM24052023Deux\" style=\"color: #333333\"><strong><u>2 &#8211; Compte de Gestion budget principal de la commune 2022<\/u><\/strong><\/div><p>&lt;!&#8211;<\/p>\n<p><code style=\"font-size: 1rem;text-align: center\">N\u00b0 CODIQUE DU POSTE COMPTABLE : 059511 | NOM DU POSTE COMPTABLE : TRES. TRITH-SAINT-LEGER | ETABLISSEMENT : THIANT<\/code><\/p>\n<p style=\"color: #333333;text-align: center;font-size: 2rem\"><b>R\u00e9sultats d&#8217;ex\u00e9cution du budget principal et des budgets des services non personnalis\u00e9s<\/b><\/p>\n<p><code style=\"font-size: 1rem;text-align: center\">35800 - THIANT -&nbsp;&nbsp;&nbsp;&nbsp;&nbsp;&nbsp;&nbsp;&nbsp;&nbsp;&nbsp;&nbsp;&nbsp;&nbsp;&nbsp;&nbsp;&nbsp;&nbsp;&nbsp;&nbsp;Exercice 2022<\/code><\/p>\n<p>&#8211;&gt;<\/p><table align=\"center\" bgcolor=\"#EEEEEE\"><tbody><tr><td style=\"text-align: left\" colspan=\"2\" bgcolor=\"#FFFFFF\"><code style=\"color: #333333;font-size: 1rem\">N\u00b0 CODIQUE DU POSTE COMPTABLE : 059511<\/code><\/td><td style=\"text-align: center\" colspan=\"2\" bgcolor=\"#FFFFFF\"><code style=\"color: #333333;font-size: 1rem\">NOM DU POSTE COMPTABLE : TRES. TRITH-SAINT-LEGER<\/code><\/td><td style=\"text-align: right\" colspan=\"2\" bgcolor=\"#FFFFFF\"><code style=\"color: #333333;font-size: 1rem\">ETABLISSEMENT : THIANT<\/code><\/td><\/tr><tr><td style=\"color: #333333;font-size: 2rem;text-align: center\" colspan=\"6\" bgcolor=\"#FFFFFF\"><b>R\u00e9sultats d&#8217;ex\u00e9cution du budget principal et des budgets des services non personnalis\u00e9s<\/b><\/td><\/tr><tr><td style=\"text-align: left\" colspan=\"3\" bgcolor=\"#FFFFFF\"><code style=\"color: #333333;font-size: 1rem\">35800 - THIANT -<\/code><\/td><td style=\"text-align: right\" colspan=\"3\" bgcolor=\"#FFFFFF\"><code style=\"color: #333333;font-size: 1rem\">Exercice 2022<\/code><\/td><\/tr><tr><td bgcolor=\"#000000;\">\u00a0<\/td><td style=\"text-align: center\" bgcolor=\"#000000;\"><code style=\"color: #ffffff;font-size: 1rem\"><strong>RESULTAT A LA CLOTURE DE L'EXERCICE PRECEDENT : 2021<\/strong><\/code><\/td><td style=\"text-align: center\" bgcolor=\"#000000;\"><code style=\"color: #ffffff;font-size: 1rem\"><strong>PART AFFECTEE A L'INVESTISSEMENT : EXERCICE 2022<\/strong><\/code><\/td><td style=\"text-align: center\" bgcolor=\"#000000;\"><code style=\"color: #ffffff;font-size: 1rem\"><strong>RESULTAT DE L'EXERCICE 2022<\/strong><\/code><\/td><td style=\"text-align: center\" bgcolor=\"#000000;\"><code style=\"color: #ffffff;font-size: 1rem\"><strong>TRANSFERRT OU INTEGRATION DE RESULTATS PAR OPERATION D'ORDRE NON BUDGETAIRE<\/strong><\/code><\/td><td style=\"text-align: center\" bgcolor=\"#000000;\"><code style=\"color: #ffffff;font-size: 1rem\"><strong>RESULTAT DE CLOTURE DE L'EXERCICE 2022<\/strong><\/code><\/td><\/tr><tr><td style=\"text-align: left\"><code style=\"color: #000000;font-size: 1rem\">I - Budget principal<\/code><\/td><td>\u00a0<\/td><td>\u00a0<\/td><td>\u00a0<\/td><td>\u00a0<\/td><td>\u00a0<\/td><\/tr><tr><td style=\"text-align: left\" bgcolor=\"gold\"><code style=\"color: #333333;font-size: 1rem\">Investissement<\/code><\/td><td style=\"text-align: right\" bgcolor=\"gold\"><code style=\"color: #333333;font-size: 1rem\">-438 427,39<\/code><\/td><td style=\"text-align: right\" bgcolor=\"gold\"><code style=\"color: #333333;font-size: 1rem\">\u00a0<\/code><\/td><td style=\"text-align: right\" bgcolor=\"gold\"><code style=\"color: #333333;font-size: 1rem\">-417 016,58<\/code><\/td><td style=\"text-align: right\" bgcolor=\"gold\"><code style=\"color: #333333;font-size: 1rem\">\u00a0<\/code><\/td><td style=\"text-align: right\" bgcolor=\"gold\"><code style=\"color: #333333;font-size: 1rem\">-21 410,81<\/code><\/td><\/tr><tr><td style=\"text-align: left\" bgcolor=\"silver\"><code style=\"color: #333333;font-size: 1rem\">Fonctionnement<\/code><\/td><td style=\"text-align: right\" bgcolor=\"silver\"><code style=\"color: #333333;font-size: 1rem\">1 670 149,63<\/code><\/td><td style=\"text-align: right\" bgcolor=\"silver\"><code style=\"color: #333333;font-size: 1rem\">777 627,39<\/code><\/td><td style=\"text-align: right\" bgcolor=\"silver\"><code style=\"color: #333333;font-size: 1rem\">726 809,98<\/code><\/td><td style=\"text-align: right\" bgcolor=\"silver\"><code style=\"color: #333333;font-size: 1rem\">\u00a0<\/code><\/td><td style=\"text-align: right\" bgcolor=\"silver\"><code style=\"color: #333333;font-size: 1rem\">1 619 332,22<\/code><\/td><\/tr><tr><td style=\"text-align: right\" bgcolor=\"gold\"><code style=\"color: #333333;font-size: 1rem\"><strong>TOTAL I<\/strong><\/code><\/td><td style=\"text-align: right\" bgcolor=\"gold\"><code style=\"color: #333333;font-size: 1rem\"><strong>1 231 722,24<\/strong><\/code><\/td><td style=\"text-align: right\" bgcolor=\"gold\"><code style=\"color: #333333;font-size: 1rem\"><strong>777 627,39<\/strong><\/code><\/td><td style=\"text-align: right\" bgcolor=\"gold\"><code style=\"color: #333333;font-size: 1rem\"><strong>1 143 826,56<\/strong><\/code><\/td><td style=\"text-align: right\" bgcolor=\"gold\"><code style=\"color: #333333;font-size: 1rem\">\u00a0<\/code><\/td><td style=\"text-align: right\" bgcolor=\"gold\"><code style=\"color: #333333;font-size: 1rem\"><strong>1 597 921,41<\/strong><\/code><\/td><\/tr><tr><td style=\"text-align: left\"><code style=\"color: #000000;font-size: 1rem\">II - Budget des services \u00e0 caract\u00e8re administratif<br \/>35801-LOTISSEMENT FERME JOURDAN<\/code><\/td><td>\u00a0<\/td><td>\u00a0<\/td><td>\u00a0<\/td><td>\u00a0<\/td><td>\u00a0<\/td><\/tr><tr><td style=\"text-align: left\" bgcolor=\"gold\"><code style=\"color: #333333;font-size: 1rem\">Investissement<\/code><\/td><td style=\"text-align: right\" bgcolor=\"gold\"><code style=\"color: #333333;font-size: 1rem\">756 777,66<\/code><\/td><td style=\"text-align: right\" bgcolor=\"gold\"><code style=\"color: #333333;font-size: 1rem\">\u00a0<\/code><\/td><td style=\"text-align: right\" bgcolor=\"gold\"><code style=\"color: #333333;font-size: 1rem\">-81 429,68<\/code><\/td><td style=\"text-align: right\" bgcolor=\"gold\"><code style=\"color: #333333;font-size: 1rem\">\u00a0<\/code><\/td><td style=\"text-align: right\" bgcolor=\"gold\"><code style=\"color: #333333;font-size: 1rem\">675 347,98<\/code><\/td><\/tr><tr><td style=\"text-align: left\" bgcolor=\"silver\"><code style=\"color: #333333;font-size: 1rem\">Fonctionnement<\/code><\/td><td style=\"text-align: right\" bgcolor=\"silver\"><code style=\"color: #333333;font-size: 1rem\">\u00a0<\/code><\/td><td style=\"text-align: right\" bgcolor=\"silver\"><code style=\"color: #333333;font-size: 1rem\">\u00a0<\/code><\/td><td style=\"text-align: right\" bgcolor=\"silver\"><code style=\"color: #333333;font-size: 1rem\">\u00a0<\/code><\/td><td style=\"text-align: right\" bgcolor=\"silver\"><code style=\"color: #333333;font-size: 1rem\">\u00a0<\/code><\/td><td style=\"text-align: right\" bgcolor=\"silver\"><code style=\"color: #333333;font-size: 1rem\">\u00a0<\/code><\/td><\/tr><tr><td style=\"text-align: right\" bgcolor=\"gold\"><code style=\"color: #333333;font-size: 1rem\"><strong>Sous-Total<\/strong><\/code><\/td><td style=\"text-align: right\" bgcolor=\"gold\"><code style=\"color: #333333;font-size: 1rem\"><strong>756 777,66<\/strong><\/code><\/td><td style=\"text-align: right\" bgcolor=\"gold\"><code style=\"color: #333333;font-size: 1rem\">\u00a0<\/code><\/td><td style=\"text-align: right\" bgcolor=\"gold\"><code style=\"color: #333333;font-size: 1rem\"><strong>-81 429,68<\/strong><\/code><\/td><td style=\"text-align: right\" bgcolor=\"gold\"><code style=\"color: #333333;font-size: 1rem\">\u00a0<\/code><\/td><td style=\"text-align: right\" bgcolor=\"gold\"><code style=\"color: #333333;font-size: 1rem\"><strong>675 347,98<\/strong><\/code><\/td><\/tr><tr><td style=\"text-align: right\" bgcolor=\"silver\"><code style=\"color: #333333;font-size: 1rem\"><strong>TOTAL II<\/strong><\/code><\/td><td style=\"text-align: right\" bgcolor=\"silver\"><code style=\"color: #333333;font-size: 1rem\"><strong>756 777,66<\/strong><\/code><\/td><td style=\"text-align: right\" bgcolor=\"silver\"><code style=\"color: #333333;font-size: 1rem\">\u00a0<\/code><\/td><td style=\"text-align: right\" bgcolor=\"silver\"><code style=\"color: #333333;font-size: 1rem\"><strong>-81 429,68<\/strong><\/code><\/td><td style=\"text-align: right\" bgcolor=\"silver\"><code style=\"color: #333333;font-size: 1rem\">\u00a0<\/code><\/td><td style=\"text-align: right\" bgcolor=\"silver\"><code style=\"color: #333333;font-size: 1rem\"><strong>675 347,98<\/strong><\/code><\/td><\/tr><tr><td style=\"text-align: left\"><code style=\"color: #000000;font-size: 1rem\">III - Budget des services \u00e0 caract\u00e8re industriel et commercial<\/code><\/td><td><code>\u00a0<\/code><\/td><td><code>\u00a0<\/code><\/td><td><code>\u00a0<\/code><\/td><td><code>\u00a0<\/code><\/td><td><code>\u00a0<\/code><\/td><\/tr><tr><td style=\"text-align: right\" bgcolor=\"gold\"><code style=\"color: #333333;font-size: 1rem\"><strong>TOTAL III<\/strong><\/code><\/td><td style=\"text-align: right\" bgcolor=\"gold\"><code style=\"color: #333333;font-size: 1rem\">\u00a0<\/code><\/td><td style=\"text-align: right\" bgcolor=\"gold\"><code style=\"color: #333333;font-size: 1rem\">\u00a0<\/code><\/td><td style=\"text-align: right\" bgcolor=\"gold\"><code style=\"color: #333333;font-size: 1rem\">\u00a0<\/code><\/td><td style=\"text-align: right\" bgcolor=\"gold\"><code style=\"color: #333333;font-size: 1rem\">\u00a0<\/code><\/td><td style=\"text-align: right\" bgcolor=\"gold\"><code style=\"color: #333333;font-size: 1rem\">\u00a0<\/code><\/td><\/tr><tr><td style=\"text-align: right\" bgcolor=\"silver\"><code style=\"color: #333333;font-size: 1rem\"><strong>TOTAL I + II + III<\/strong><\/code><\/td><td style=\"text-align: right\" bgcolor=\"silver\"><code style=\"color: #333333;font-size: 1rem\"><strong>1 988 499,90<\/strong><\/code><\/td><td style=\"text-align: right\" bgcolor=\"silver\"><code style=\"color: #333333;font-size: 1rem\"><strong>777 627,39<\/strong><\/code><\/td><td style=\"text-align: right\" bgcolor=\"silver\"><code style=\"color: #333333;font-size: 1rem\"><strong>1 062 396,88<\/strong><\/code><\/td><td style=\"text-align: right\" bgcolor=\"silver\"><code style=\"color: #333333;font-size: 1rem\">\u00a0<\/code><\/td><td style=\"text-align: right\" bgcolor=\"silver\"><code style=\"color: #333333;font-size: 1rem\"><strong>2 273 269,39<\/strong><\/code><\/td><\/tr><\/tbody><\/table><p style=\"color: #333333;padding-left: 40px\" align=\"justify\">Statuant sur l\u2019ensemble des op\u00e9rations effectu\u00e9es du 1<sup>er<\/sup> janvier 2022 au 31 d\u00e9cembre 2022 y compris celles relatives \u00e0 la journ\u00e9e compl\u00e9mentaire ;<br \/>Statuant sur l\u2019ex\u00e9cution du budget principal de l\u2019exercice 2022 en ce qui concerne les diff\u00e9rentes sections budg\u00e9taires ;<br \/>Statuant sur la comptabilit\u00e9 des valeurs inactives ;<\/p><p style=\"color: #333333\"><strong>Le Conseil Municipal apr\u00e8s en avoir d\u00e9lib\u00e9r\u00e9,<\/strong><br \/>par\u00a019 voix pour,\u00a00 voix contre,\u00a00\u00a0abstention<\/p><table width=\"75%\"><tbody><tr><td style=\"color: #333333\" width=\"25%\"><strong>DECLARE<\/strong><\/td><td style=\"color: #333333;text-align: justify\" width=\"75%\">que le compte de gestion dress\u00e9, pour l&#8217;exercice 2022 par le Receveur, vis\u00e9 et certifi\u00e9 conforme par l&#8217;ordonnateur, n&#8217;appelle ni observation ni r\u00e9serve de sa part.<\/td><\/tr><\/tbody><\/table><p style=\"color: #333333\" align=\"right\"><em><small>D\u00e9lib\u00e9ration n\u00b0 2023-05-24-D-02<\/small><\/em><\/p><table align=\"right\" bgcolor=\"#EEEEEE\"><tbody><tr><td style=\"color: #333333;text-align: left\" width=\"25%\"><strong><u>D\u00e9cision<\/u><\/strong><\/td><td style=\"color: #333333;text-align: left\" width=\"25%\">Sur :<\/td><td style=\"color: #333333;text-align: left\" width=\"50%\">12 pr\u00e9sents<\/td><\/tr><tr><td style=\"color: #333333;text-align: left\">\u00a0<\/td><td style=\"color: #333333;text-align: left\">Pour :<\/td><td style=\"color: #333333;text-align: left\">19 dont 7 pvrs<\/td><\/tr><tr><td style=\"color: #333333;text-align: left\">\u00a0<\/td><td style=\"color: #333333;text-align: left\">Contre :<\/td><td style=\"color: #333333;text-align: left\">0<\/td><\/tr><tr><td style=\"color: #333333;text-align: left\">\u00a0<\/td><td style=\"color: #333333;text-align: left\">Abstentions :<\/td><td style=\"color: #333333;text-align: left\">0<\/td><\/tr><\/tbody><\/table><div id=\"CM24052023Trois\" style=\"color: #333333\"><strong><u>3 &#8211; Compte administratif budget principal de la commune 2022<\/u><\/strong><\/div><p style=\"color: #333333;padding-left: 40px\" align=\"justify\">St\u00e9phanie WATTIEZ, Adjointe aux finances, donne lecture du compte administratif 2022, qu&#8217;elle commente en d\u00e9taillant les points principaux.<\/p><p style=\"color: #333333;padding-left: 40px\" align=\"justify\"><em>Le compte administratif ce sont les r\u00e9alisations de l&#8217;exercice 2021<\/em><\/p><table align=\"left\" bgcolor=\"#EEEEEE\"><tbody><tr><td style=\"color: #ffffff;text-align: center;vertical-align: middle;font-size: 1rem\" rowspan=\"2\" bgcolor=\"#000000;\">Libell\u00e9s<\/td><td style=\"color: #ffffff;text-align: center;font-size: 1rem\" colspan=\"2\" bgcolor=\"#000000;\"><strong>Investissements<\/strong><\/td><td style=\"color: #ffffff;text-align: center;font-size: 1rem\" colspan=\"2\" bgcolor=\"#000000;\"><strong>Fonctionnement<\/strong><\/td><td style=\"color: #ffffff;text-align: center;font-size: 1rem\" colspan=\"2\" bgcolor=\"#000000;\"><strong>Ensemble<\/strong><\/td><\/tr><tr><td style=\"color: #ffffff;text-align: center;font-size: 1rem\" bgcolor=\"#000000;\">D\u00e9penses ou d\u00e9ficits (1)<\/td><td style=\"color: #ffffff;text-align: center;font-size: 1rem\" bgcolor=\"#000000;\">Recettes ou exc\u00e9dents (1)<\/td><td style=\"color: #ffffff;text-align: center;font-size: 1rem\" bgcolor=\"#000000;\">D\u00e9penses ou d\u00e9ficits (1)<\/td><td style=\"color: #ffffff;text-align: center;font-size: 1rem\" bgcolor=\"#000000;\">Recettes ou exc\u00e9dents (1)<\/td><td style=\"color: #ffffff;text-align: center;font-size: 1rem\" bgcolor=\"#000000;\">D\u00e9penses ou d\u00e9ficits (1)<\/td><td style=\"color: #ffffff;text-align: center;font-size: 1rem\" bgcolor=\"#000000;\">Recettes ou exc\u00e9dents (1)<\/td><\/tr><tr><td style=\"color: #000000;text-align: center;font-size: 1rem\" colspan=\"7\"><strong>COMPTE ADMINISTRATIF PRINCIPAL<\/strong><\/td><\/tr><tr><td style=\"color: #333333;text-align: left;font-size: 1rem\" bgcolor=\"gold\">R\u00e9sultats report\u00e9s<\/td><td style=\"color: #333333;text-align: right;font-size: 1rem\" bgcolor=\"gold\">438 427,39<\/td><td style=\"color: #333333;text-align: right;font-size: 1rem\" bgcolor=\"gold\">\u00a0<\/td><td style=\"color: #333333;text-align: right;font-size: 1rem\" bgcolor=\"gold\">\u00a0<\/td><td style=\"color: #333333;text-align: right;font-size: 1rem\" bgcolor=\"gold\">892 522,24<\/td><td style=\"color: #333333;text-align: right;font-size: 1rem\" bgcolor=\"gold\">438 427,39<\/td><td style=\"color: #333333;text-align: right;font-size: 1rem\" bgcolor=\"gold\">892 522,24<\/td><\/tr><tr><td style=\"color: #333333;text-align: left;font-size: 1rem\" bgcolor=\"gold\">Op\u00e9rations de l&#8217;exercice<\/td><td style=\"color: #333333;text-align: right;font-size: 1rem\" bgcolor=\"gold\">3 231 433,95<\/td><td style=\"color: #333333;text-align: right;font-size: 1rem\" bgcolor=\"gold\">3 648 450,53<\/td><td style=\"color: #333333;text-align: right;font-size: 1rem\" bgcolor=\"gold\">5 009 594,27<\/td><td style=\"color: #333333;text-align: right;font-size: 1rem\" bgcolor=\"gold\">5 736 404,25<\/td><td style=\"color: #333333;text-align: right;font-size: 1rem\" bgcolor=\"gold\">8 241 028,22<\/td><td style=\"color: #333333;text-align: right;font-size: 1rem\" bgcolor=\"gold\">9 384 854,78<\/td><\/tr><tr><td style=\"color: #333333;text-align: left;font-size: 1rem\">TOTAUX<\/td><td style=\"color: #333333;text-align: right;font-size: 1rem\">3 669 861,34<\/td><td style=\"color: #333333;text-align: right;font-size: 1rem\">3 648 450,53<\/td><td style=\"color: #333333;text-align: right;font-size: 1rem\">5 009 594,27<\/td><td style=\"color: #333333;text-align: right;font-size: 1rem\">6 628 926,49<\/td><td style=\"color: #333333;text-align: right;font-size: 1rem\">8 679 455,61<\/td><td style=\"color: #333333;text-align: right;font-size: 1rem\">10 277 377,02<\/td><\/tr><tr><td style=\"color: #333333;text-align: left;font-size: 1rem\" bgcolor=\"silver\">R\u00e9sultats de cl\u00f4ture<\/td><td style=\"color: #333333;text-align: right;font-size: 1rem\" bgcolor=\"silver\">21 410,81<\/td><td style=\"color: #333333;text-align: right;font-size: 1rem\" bgcolor=\"silver\">\u00a0<\/td><td style=\"color: #333333;text-align: right;font-size: 1rem\" bgcolor=\"silver\">\u00a0<\/td><td style=\"color: #333333;text-align: right;font-size: 1rem\" bgcolor=\"silver\">1619 332,22<\/td><td style=\"color: #333333;text-align: right;font-size: 1rem\" bgcolor=\"silver\">21 410,81<\/td><td style=\"color: #333333;text-align: right;font-size: 1rem\" bgcolor=\"silver\">1 619 322,22<\/td><\/tr><tr><td style=\"color: #333333;text-align: left;font-size: 1rem\" bgcolor=\"silver\">Restes \u00e0 r\u00e9aliser<\/td><td style=\"color: #333333;text-align: right;font-size: 1rem\" bgcolor=\"silver\">58 000,00<\/td><td style=\"color: #333333;text-align: right;font-size: 1rem\" bgcolor=\"silver\">40 368,00<\/td><td style=\"color: #333333;text-align: right;font-size: 1rem\" bgcolor=\"silver\">\u00a0<\/td><td style=\"color: #333333;text-align: right;font-size: 1rem\" bgcolor=\"silver\">\u00a0<\/td><td style=\"color: #333333;text-align: right;font-size: 1rem\" bgcolor=\"silver\">58 000,00<\/td><td style=\"color: #333333;text-align: right;font-size: 1rem\" bgcolor=\"silver\">40 368,00<\/td><\/tr><tr><td style=\"color: #333333;text-align: left;font-size: 1rem\">TOTAUX CUMUL\u00c9S<\/td><td style=\"color: #333333;text-align: right;font-size: 1rem\">79 410,81<\/td><td style=\"color: #333333;text-align: right;font-size: 1rem\">40 368,00<\/td><td style=\"color: #333333;text-align: right;font-size: 1rem\">\u00a0<\/td><td style=\"color: #333333;text-align: right;font-size: 1rem\">1 619 332,22<\/td><td style=\"color: #333333;text-align: right;font-size: 1rem\">79 410,81<\/td><td style=\"color: #333333;text-align: right;font-size: 1rem\">1 659 700,22<\/td><\/tr><tr><td style=\"color: #333333;text-align: left;font-size: 1rem\" bgcolor=\"gold\">R\u00c9SULTATS D\u00c9FINITIFS<\/td><td style=\"color: #333333;text-align: right;font-size: 1rem\" bgcolor=\"gold\">39 042,81<\/td><td style=\"color: #333333;text-align: right;font-size: 1rem\" bgcolor=\"gold\">\u00a0<\/td><td style=\"color: #333333;text-align: right;font-size: 1rem\" bgcolor=\"gold\">\u00a0<\/td><td style=\"color: #333333;text-align: right;font-size: 1rem\" bgcolor=\"gold\">1 619 332,22<\/td><td style=\"color: #333333;text-align: right;font-size: 1rem\" bgcolor=\"gold\">\u00a0<\/td><td style=\"color: #333333;text-align: right;font-size: 1rem\" bgcolor=\"gold\">1 580 289,41<\/td><\/tr><\/tbody><\/table><p style=\"color: #333333\"><strong>Le Conseil Municipal apr\u00e8s en avoir d\u00e9lib\u00e9r\u00e9,<\/strong><br \/>par\u00a019 voix pour,\u00a00 voix contre,\u00a00\u00a0abstention<\/p><table><tbody><tr><td style=\"color: #333333\"><strong>APPROUVE<\/strong><\/td><td style=\"color: #333333;text-align: justify\">le compte administratif 2022 de la commune.<\/td><\/tr><\/tbody><\/table><p style=\"color: #333333\" align=\"right\"><em><small>D\u00e9lib\u00e9ration n\u00b0 2023-05-24-D-03<\/small><\/em><\/p><table align=\"right\" bgcolor=\"#EEEEEE\"><tbody><tr><td style=\"color: #333333;text-align: left\" width=\"25%\"><strong><u>D\u00e9cision<\/u><\/strong><\/td><td style=\"color: #333333;text-align: left\" width=\"25%\">Sur :<\/td><td style=\"color: #333333;text-align: left\" width=\"50%\">12 pr\u00e9sents<\/td><\/tr><tr><td style=\"color: #333333;text-align: left\">\u00a0<\/td><td style=\"color: #333333;text-align: left\">Pour :<\/td><td style=\"color: #333333;text-align: left\">19 dont 7 pvrs<\/td><\/tr><tr><td style=\"color: #333333;text-align: left\">\u00a0<\/td><td style=\"color: #333333;text-align: left\">Contre :<\/td><td style=\"color: #333333;text-align: left\">0<\/td><\/tr><tr><td style=\"color: #333333;text-align: left\">\u00a0<\/td><td style=\"color: #333333;text-align: left\">Abstentions :<\/td><td style=\"color: #333333;text-align: left\">0<\/td><\/tr><\/tbody><\/table><p style=\"color: #333333;padding-left: 40px\" align=\"justify\"><strong><u>Arriv\u00e9e de Madame Sylvie NICOLAS<\/u><\/strong><\/p><div id=\"CM24052023Quatre\" style=\"color: #333333\"><strong><u>4 &#8211; Compte de Gestion budget ANNEXE Lotissement Ferme Jourdan 2022<\/u><\/strong><\/div><p>&lt;!&#8211;<\/p>\n<p><code style=\"font-size: 1rem;text-align: center\">N\u00b0 CODIQUE DU POSTE COMPTABLE : 059511 | NOM DU POSTE COMPTABLE : TRES. TRITH-SAINT-LEGER | ETABLISSEMENT : THIANT<\/code><\/p>\n<p style=\"color: #333333;text-align: center;font-size: 2rem\"><b>R\u00e9sultats budg\u00e9taires de l&#8217;exercice<\/b><\/p>\n<p><code style=\"font-size: 1rem;text-align: center\">35801 - THIANT -&nbsp;&nbsp;&nbsp;&nbsp;&nbsp;&nbsp;&nbsp;&nbsp;&nbsp;&nbsp;&nbsp;&nbsp;&nbsp;&nbsp;&nbsp;&nbsp;&nbsp;&nbsp;&nbsp;Exercice 2022<\/code><\/p>\n<p>&#8211;&gt;<\/p><table align=\"center\" bgcolor=\"#EEEEEE\"><tbody><tr><td style=\"text-align: left\" bgcolor=\"#FFFFFF\"><code style=\"color: #333333;font-size: 1rem\">N\u00b0 CODIQUE DU POSTE COMPTABLE : 059511 <\/code><\/td><td style=\"text-align: center\" colspan=\"2\" bgcolor=\"#FFFFFF\"><code style=\"color: #333333;font-size: 1rem\">NOM DU POSTE COMPTABLE : TRES. TRITH-SAINT-LEGER<\/code><\/td><td style=\"text-align: right\" bgcolor=\"#FFFFFF\"><code style=\"color: #333333;font-size: 1rem\">ETABLISSEMENT : LOTISSEMENT FERME JOURDAN<\/code><\/td><\/tr><tr><td style=\"color: #333333;font-size: 2rem;text-align: center\" colspan=\"4\" bgcolor=\"#FFFFFF\"><b>R\u00e9sultats budg\u00e9taires de l&#8217;exercice<\/b><\/td><\/tr><tr><td style=\"text-align: left\" colspan=\"2\" bgcolor=\"#FFFFFF\"><code style=\"color: #333333;font-size: 1rem\">35801 - LOTISSEMENT FERME JOURDAN<\/code><\/td><td style=\"text-align: right\" colspan=\"2\" bgcolor=\"#FFFFFF\"><code style=\"color: #333333;font-size: 1rem\">Exercice 2022<\/code><\/td><\/tr><tr><td bgcolor=\"#000000;\">\u00a0<\/td><td style=\"text-align: center\" bgcolor=\"#000000;\"><code style=\"color: #ffffff;font-size: 1rem\"><strong>SECTION D'INVESTISSEMENT<\/strong><\/code><\/td><td style=\"text-align: center\" bgcolor=\"#000000;\"><code style=\"color: #ffffff;font-size: 1rem\"><strong>SECTION DE FONCTIONNEMENT<\/strong><\/code><\/td><td style=\"text-align: center\" bgcolor=\"#000000;\"><code style=\"color: #ffffff;font-size: 1rem\"><strong>TOTAL DES SECTIONS<\/strong><\/code><\/td><\/tr><tr><td style=\"text-align: left\"><code style=\"color: #000000;font-size: 1rem\"><strong>RECETTES<\/strong><\/code><\/td><td>\u00a0<\/td><td>\u00a0<\/td><td>\u00a0<\/td><\/tr><tr><td style=\"text-align: left\" bgcolor=\"gold\"><code style=\"color: #333333;font-size: 1rem\">Pr\u00e9visions budg\u00e9taires totales (a)<\/code><\/td><td style=\"text-align: right\" bgcolor=\"gold\"><code style=\"color: #333333;font-size: 1rem\">926 384,50<\/code><\/td><td style=\"text-align: right\" bgcolor=\"gold\"><code style=\"color: #333333;font-size: 1rem\">481 101,97<\/code><\/td><td style=\"text-align: right\" bgcolor=\"gold\"><code style=\"color: #333333;font-size: 1rem\">1 407 486,47<\/code><\/td><\/tr><tr><td style=\"text-align: left\" bgcolor=\"silver\"><code style=\"color: #333333;font-size: 1rem\">Titres de recette \u00e9mis (b)<\/code><\/td><td style=\"text-align: right\" bgcolor=\"silver\"><code style=\"color: #333333;font-size: 1rem\">5 270,00<\/code><\/td><td style=\"text-align: right\" bgcolor=\"silver\"><code style=\"color: #333333;font-size: 1rem\">86 699,68<\/code><\/td><td style=\"text-align: right\" bgcolor=\"silver\"><code style=\"color: #333333;font-size: 1rem\">91 969,68<\/code><\/td><\/tr><tr><td style=\"text-align: left\" bgcolor=\"gold\"><code style=\"color: #333333;font-size: 1rem\"><strong>R\u00e9ductions de titres (c)<\/strong><\/code><\/td><td style=\"text-align: right\" bgcolor=\"gold\"><code style=\"color: #333333;font-size: 1rem\">\u00a0<\/code><\/td><td style=\"text-align: right\" bgcolor=\"gold\"><code style=\"color: #333333;font-size: 1rem\">\u00a0<\/code><\/td><td style=\"text-align: right\" bgcolor=\"gold\"><code style=\"color: #333333;font-size: 1rem\">\u00a0<\/code><\/td><\/tr><tr><td style=\"text-align: left\"><code style=\"color: #000000;font-size: 1rem\">Recettes nettes (d = b - c)<\/code><\/td><td style=\"text-align: right\" bgcolor=\"silver\"><code style=\"color: #333333;font-size: 1rem\">5 270,00<\/code><\/td><td style=\"text-align: right\" bgcolor=\"silver\"><code style=\"color: #333333;font-size: 1rem\">86 699,68<\/code><\/td><td style=\"text-align: right\" bgcolor=\"silver\"><code style=\"color: #333333;font-size: 1rem\">91 969,68<\/code><\/td><\/tr><tr><td style=\"text-align: left\"><code style=\"color: #000000;font-size: 1rem\"><strong>DEPENSES<\/strong><\/code><\/td><td>\u00a0<\/td><td>\u00a0<\/td><td>\u00a0<\/td><\/tr><tr><td style=\"text-align: left\" bgcolor=\"gold\"><code style=\"color: #333333;font-size: 1rem\">Autorisations budg\u00e9taires totales (e)<\/code><\/td><td style=\"text-align: right\" bgcolor=\"gold\"><code style=\"color: #333333;font-size: 1rem\">926 384,50<\/code><\/td><td style=\"text-align: right\" bgcolor=\"gold\"><code style=\"color: #333333;font-size: 1rem\">481 101,97<\/code><\/td><td style=\"text-align: right\" bgcolor=\"gold\"><code style=\"color: #333333;font-size: 1rem\">1 407 486,47<\/code><\/td><\/tr><tr><td style=\"text-align: left\" bgcolor=\"silver\"><code style=\"color: #333333;font-size: 1rem\">Mandats \u00e9mis (f)<\/code><\/td><td style=\"text-align: right\" bgcolor=\"silver\"><code style=\"color: #333333;font-size: 1rem\">86 699,68<\/code><\/td><td style=\"text-align: right\" bgcolor=\"silver\"><code style=\"color: #333333;font-size: 1rem\">86 699,68<\/code><\/td><td style=\"text-align: right\" bgcolor=\"silver\"><code style=\"color: #333333;font-size: 1rem\">173 399,36<\/code><\/td><\/tr><tr><td style=\"text-align: left\" bgcolor=\"gold\"><code style=\"color: #333333;font-size: 1rem\">Annulations de mandats (g)<\/code><\/td><td style=\"text-align: right\" bgcolor=\"gold\"><code style=\"color: #333333;font-size: 1rem\">\u00a0<\/code><\/td><td style=\"text-align: right\" bgcolor=\"gold\"><code style=\"color: #333333;font-size: 1rem\">\u00a0<\/code><\/td><td style=\"text-align: right\" bgcolor=\"gold\"><code style=\"color: #333333;font-size: 1rem\">\u00a0<\/code><\/td><\/tr><tr><td style=\"text-align: left\" bgcolor=\"silver\"><code style=\"color: #333333;font-size: 1rem\">D\u00e9penses nettes (h = f-g)<\/code><\/td><td style=\"text-align: right\" bgcolor=\"silver\"><code style=\"color: #333333;font-size: 1rem\">86 699,68<\/code><\/td><td style=\"text-align: right\" bgcolor=\"silver\"><code style=\"color: #333333;font-size: 1rem\">86 699,68<\/code><\/td><td style=\"text-align: right\" bgcolor=\"silver\"><code style=\"color: #333333;font-size: 1rem\">173 399,36<\/code><\/td><\/tr><tr><td style=\"text-align: left\"><code style=\"color: #000000;font-size: 1rem\"><strong>RESULTAT DE L'EXERCICE<\/strong><\/code><\/td><td><code>\u00a0<\/code><\/td><td><code>\u00a0<\/code><\/td><td><code>\u00a0<\/code><\/td><\/tr><tr><td style=\"text-align: left\" bgcolor=\"gold\"><code style=\"color: #333333;font-size: 1rem\">(d - h) Exc\u00e9dent<\/code><\/td><td style=\"text-align: right\" bgcolor=\"gold\"><code style=\"color: #333333;font-size: 1rem\">\u00a0<\/code><\/td><td style=\"text-align: right\" bgcolor=\"gold\"><code style=\"color: #333333;font-size: 1rem\">\u00a0<\/code><\/td><td style=\"text-align: right\" bgcolor=\"gold\"><code style=\"color: #333333;font-size: 1rem\">\u00a0<\/code><\/td><\/tr><tr><td style=\"text-align: left\" bgcolor=\"silver\"><code style=\"color: #333333;font-size: 1rem\">(h - d) D\u00e9ficit<\/code><\/td><td style=\"text-align: right\" bgcolor=\"silver\"><code style=\"color: #333333;font-size: 1rem\">81 429,68<\/code><\/td><td style=\"text-align: right\" bgcolor=\"silver\"><code style=\"color: #333333;font-size: 1rem\">\u00a0<\/code><\/td><td style=\"text-align: right\" bgcolor=\"silver\"><code style=\"color: #333333;font-size: 1rem\">81 429,68<\/code><\/td><\/tr><\/tbody><\/table><p style=\"color: #333333;padding-left: 40px\" align=\"justify\">Statuant sur l\u2019ensemble des op\u00e9rations effectu\u00e9es du 1<sup>er<\/sup> janvier 2022 au 31 d\u00e9cembre 2022 y compris celles relatives \u00e0 la journ\u00e9e compl\u00e9mentaire ;<br \/>Statuant sur l\u2019ex\u00e9cution du budget annexe de l\u2019exercice 2022 en ce qui concerne les diff\u00e9rentes sections budg\u00e9taires ;<br \/>Statuant sur la comptabilit\u00e9 des valeurs inactives ;<\/p><p style=\"color: #333333\"><strong>Le Conseil Municipal apr\u00e8s en avoir d\u00e9lib\u00e9r\u00e9,<\/strong><br \/>par\u00a020 voix pour,\u00a00 voix contre,\u00a00\u00a0abstention<\/p><table width=\"75%\"><tbody><tr><td style=\"color: #333333\" width=\"25%\"><strong>DECLARE<\/strong><\/td><td style=\"color: #333333;text-align: justify\" width=\"75%\">que le compte de gestion du budget annexe Lotissement Ferme Jourdan dress\u00e9, pour l&#8217;exercice 2022 par le Receveur, vis\u00e9 et certifi\u00e9 conforme par l&#8217;ordonnateur, n&#8217;appelle ni observation ni r\u00e9serve de sa part.<\/td><\/tr><\/tbody><\/table><p style=\"color: #333333\" align=\"right\"><em><small>D\u00e9lib\u00e9ration n\u00b0 2023-05-24-D-04<\/small><\/em><\/p><table align=\"right\" bgcolor=\"#EEEEEE\"><tbody><tr><td style=\"color: #333333;text-align: left\" width=\"25%\"><strong><u>D\u00e9cision<\/u><\/strong><\/td><td style=\"color: #333333;text-align: left\" width=\"25%\">Sur :<\/td><td style=\"color: #333333;text-align: left\" width=\"50%\">13 pr\u00e9sents<\/td><\/tr><tr><td style=\"color: #333333;text-align: left\">\u00a0<\/td><td style=\"color: #333333;text-align: left\">Pour :<\/td><td style=\"color: #333333;text-align: left\">20 dont 7 pvrs<\/td><\/tr><tr><td style=\"color: #333333;text-align: left\">\u00a0<\/td><td style=\"color: #333333;text-align: left\">Contre :<\/td><td style=\"color: #333333;text-align: left\">0<\/td><\/tr><tr><td style=\"color: #333333;text-align: left\">\u00a0<\/td><td style=\"color: #333333;text-align: left\">Abstentions :<\/td><td style=\"color: #333333;text-align: left\">0<\/td><\/tr><\/tbody><\/table><div id=\"CM24052023Cinq\" style=\"color: #333333\"><strong><u>5 &#8211; Compte administratif budget annexe Lotissement de la Ferme Jourdan 2022<\/u><\/strong><\/div><p style=\"color: #333333;padding-left: 40px\" align=\"justify\">St\u00e9phanie WATTIEZ, Adjointe aux finances, donne lecture du compte administratif Lotissement Ferme Jourdan 2022, qu&#8217;elle commente en d\u00e9taillant les points principaux.<\/p><table align=\"left\" bgcolor=\"#EEEEEE\"><tbody><tr><td style=\"color: #ffffff;text-align: center;vertical-align: middle;font-size: 1rem\" rowspan=\"2\" bgcolor=\"#000000;\">Libell\u00e9s<\/td><td style=\"color: #ffffff;text-align: center;font-size: 1rem\" colspan=\"2\" bgcolor=\"#000000;\"><strong>Investissements<\/strong><\/td><td style=\"color: #ffffff;text-align: center;font-size: 1rem\" colspan=\"2\" bgcolor=\"#000000;\"><strong>Fonctionnement<\/strong><\/td><td style=\"color: #ffffff;text-align: center;font-size: 1rem\" colspan=\"2\" bgcolor=\"#000000;\"><strong>Ensemble<\/strong><\/td><\/tr><tr><td style=\"color: #ffffff;text-align: center;font-size: 1rem\" bgcolor=\"#000000;\">D\u00e9penses ou d\u00e9ficits (1)<\/td><td style=\"color: #ffffff;text-align: center;font-size: 1rem\" bgcolor=\"#000000;\">Recettes ou exc\u00e9dents (1)<\/td><td style=\"color: #ffffff;text-align: center;font-size: 1rem\" bgcolor=\"#000000;\">D\u00e9penses ou d\u00e9ficits (1)<\/td><td style=\"color: #ffffff;text-align: center;font-size: 1rem\" bgcolor=\"#000000;\">Recettes ou exc\u00e9dents (1)<\/td><td style=\"color: #ffffff;text-align: center;font-size: 1rem\" bgcolor=\"#000000;\">D\u00e9penses ou d\u00e9ficits (1)<\/td><td style=\"color: #ffffff;text-align: center;font-size: 1rem\" bgcolor=\"#000000;\">Recettes ou exc\u00e9dents (1)<\/td><\/tr><tr><td style=\"color: #000000;text-align: center;font-size: 1rem\" colspan=\"7\"><strong>COMPTE ADMINISTRATIF PRINCIPAL<\/strong><\/td><\/tr><tr><td style=\"color: #333333;text-align: left;font-size: 1rem\" bgcolor=\"gold\">R\u00e9sultats report\u00e9s<\/td><td style=\"color: #333333;text-align: right;font-size: 1rem\" bgcolor=\"gold\">\u00a0<\/td><td style=\"color: #333333;text-align: right;font-size: 1rem\" bgcolor=\"gold\">756 777,66<\/td><td style=\"color: #333333;text-align: right;font-size: 1rem\" bgcolor=\"gold\">\u00a0<\/td><td style=\"color: #333333;text-align: right;font-size: 1rem\" bgcolor=\"gold\">\u00a0<\/td><td style=\"color: #333333;text-align: right;font-size: 1rem\" bgcolor=\"gold\">\u00a0<\/td><td style=\"color: #333333;text-align: right;font-size: 1rem\" bgcolor=\"gold\">756 777,66<\/td><\/tr><tr><td style=\"color: #333333;text-align: left;font-size: 1rem\" bgcolor=\"gold\">Op\u00e9rations de l&#8217;exercice<\/td><td style=\"color: #333333;text-align: right;font-size: 1rem\" bgcolor=\"gold\">86 699,68<\/td><td style=\"color: #333333;text-align: right;font-size: 1rem\" bgcolor=\"gold\">5 270,00<\/td><td style=\"color: #333333;text-align: right;font-size: 1rem\" bgcolor=\"gold\">86 699,68<\/td><td style=\"color: #333333;text-align: right;font-size: 1rem\" bgcolor=\"gold\">86 699,68<\/td><td style=\"color: #333333;text-align: right;font-size: 1rem\" bgcolor=\"gold\">173 399,36<\/td><td style=\"color: #333333;text-align: right;font-size: 1rem\" bgcolor=\"gold\">91 969,68<\/td><\/tr><tr><td style=\"color: #333333;text-align: left;font-size: 1rem\">TOTAUX<\/td><td style=\"color: #333333;text-align: right;font-size: 1rem\">86 699,68<\/td><td style=\"color: #333333;text-align: right;font-size: 1rem\">762 047,66<\/td><td style=\"color: #333333;text-align: right;font-size: 1rem\">86 699,68<\/td><td style=\"color: #333333;text-align: right;font-size: 1rem\">86 699,68<\/td><td style=\"color: #333333;text-align: right;font-size: 1rem\">173 399,36<\/td><td style=\"color: #333333;text-align: right;font-size: 1rem\">848 747,34<\/td><\/tr><tr><td style=\"color: #333333;text-align: left;font-size: 1rem\" bgcolor=\"silver\">R\u00e9sultats de cl\u00f4ture<\/td><td style=\"color: #333333;text-align: right;font-size: 1rem\" bgcolor=\"silver\">\u00a0<\/td><td style=\"color: #333333;text-align: right;font-size: 1rem\" bgcolor=\"silver\">675 347,98<\/td><td style=\"color: #333333;text-align: right;font-size: 1rem\" bgcolor=\"silver\">\u00a0<\/td><td style=\"color: #333333;text-align: right;font-size: 1rem\" bgcolor=\"silver\">\u00a0<\/td><td style=\"color: #333333;text-align: right;font-size: 1rem\" bgcolor=\"silver\">\u00a0<\/td><td style=\"color: #333333;text-align: right;font-size: 1rem\" bgcolor=\"silver\">848 747,34<\/td><\/tr><tr><td style=\"color: #333333;text-align: left;font-size: 1rem\" bgcolor=\"silver\">Restes \u00e0 r\u00e9aliser<\/td><td style=\"color: #333333;text-align: right;font-size: 1rem\" bgcolor=\"silver\">\u00a0<\/td><td style=\"color: #333333;text-align: right;font-size: 1rem\" bgcolor=\"silver\">0<\/td><td style=\"color: #333333;text-align: right;font-size: 1rem\" bgcolor=\"silver\">\u00a0<\/td><td style=\"color: #333333;text-align: right;font-size: 1rem\" bgcolor=\"silver\">\u00a0<\/td><td style=\"color: #333333;text-align: right;font-size: 1rem\" bgcolor=\"silver\">\u00a0<\/td><td style=\"color: #333333;text-align: right;font-size: 1rem\" bgcolor=\"silver\">\u00a0<\/td><\/tr><tr><td style=\"color: #333333;text-align: left;font-size: 1rem\">TOTAUX CUMUL\u00c9S<\/td><td style=\"color: #333333;text-align: right;font-size: 1rem\">\u00a0<\/td><td style=\"color: #333333;text-align: right;font-size: 1rem\">675 347,98<\/td><td style=\"color: #333333;text-align: right;font-size: 1rem\">\u00a0<\/td><td style=\"color: #333333;text-align: right;font-size: 1rem\">0<\/td><td style=\"color: #333333;text-align: right;font-size: 1rem\">173 399,36<\/td><td style=\"color: #333333;text-align: right;font-size: 1rem\">848 747,34<\/td><\/tr><tr><td style=\"color: #333333;text-align: left;font-size: 1rem\" bgcolor=\"gold\">R\u00c9SULTATS D\u00c9FINITIFS<\/td><td style=\"color: #333333;text-align: right;font-size: 1rem\" bgcolor=\"gold\">\u00a0<\/td><td style=\"color: #333333;text-align: right;font-size: 1rem\" bgcolor=\"gold\">675 347,98<\/td><td style=\"color: #333333;text-align: right;font-size: 1rem\" bgcolor=\"gold\">\u00a0<\/td><td style=\"color: #333333;text-align: right;font-size: 1rem\" bgcolor=\"gold\">0<\/td><td style=\"color: #333333;text-align: right;font-size: 1rem\" bgcolor=\"gold\">\u00a0<\/td><td style=\"color: #333333;text-align: right;font-size: 1rem\" bgcolor=\"gold\">675 347,98<\/td><\/tr><\/tbody><\/table><p style=\"color: #333333\"><strong>Le Conseil Municipal apr\u00e8s en avoir d\u00e9lib\u00e9r\u00e9,<\/strong><br \/>par\u00a020 voix pour,\u00a00 voix contre,\u00a00\u00a0abstention<\/p><table width=\"75%\"><tbody><tr><td style=\"color: #333333\" width=\"25%\"><strong>APPROUVE<\/strong><\/td><td style=\"color: #333333;text-align: justify\" width=\"75%\">le compte administratif 2022 du budget annexe Lotissement Ferme Jourdan de la commune.<\/td><\/tr><\/tbody><\/table><p style=\"color: #333333\" align=\"right\"><em><small>D\u00e9lib\u00e9ration n\u00b0 2023-05-24-D-05<\/small><\/em><\/p><table align=\"right\" bgcolor=\"#EEEEEE\"><tbody><tr><td style=\"color: #333333;text-align: left\" width=\"25%\"><strong><u>D\u00e9cision<\/u><\/strong><\/td><td style=\"color: #333333;text-align: left\" width=\"25%\">Sur :<\/td><td style=\"color: #333333;text-align: left\" width=\"50%\">13 pr\u00e9sents<\/td><\/tr><tr><td style=\"color: #333333;text-align: left\">\u00a0<\/td><td style=\"color: #333333;text-align: left\">Pour :<\/td><td style=\"color: #333333;text-align: left\">20 dont 7 pvrs<\/td><\/tr><tr><td style=\"color: #333333;text-align: left\">\u00a0<\/td><td style=\"color: #333333;text-align: left\">Contre :<\/td><td style=\"color: #333333;text-align: left\">0<\/td><\/tr><tr><td style=\"color: #333333;text-align: left\">\u00a0<\/td><td style=\"color: #333333;text-align: left\">Abstentions :<\/td><td style=\"color: #333333;text-align: left\">0<\/td><\/tr><\/tbody><\/table><div id=\"CM24052023Six\" style=\"color: #333333\"><strong><u>6 &#8211; Tarifs F\u00eate du Centre \u00e0 compter de juillet 2023<\/u><\/strong><\/div><p style=\"color: #333333;padding-left: 40px\" align=\"justify\"><em>Monsieur Michel HENNAUT, Adjoint aux sports et associations, fait une pr\u00e9sentation des tarifs.<br \/>Chaque ann\u00e9e pour la f\u00eate du centre il est n\u00e9cessaire de d\u00e9lib\u00e9rer sur les tarifs.<br \/>Thiant fait partie des derni\u00e8res communes \u00e0 faire une f\u00eate des centres ALSH.<br \/>Le contexte d&#8217;augmentation des prix tend \u00e0 ne pas vouloir augmenter les tarifs pour autant les co\u00fbts des mati\u00e8res sont importants pour la commune et donc il est souhaitable d&#8217;augmenter un peu certaines prestations propos\u00e9es qui restent \u00e0 des tarifs tr\u00e8s bas.<br \/>Un d\u00e9bat a lieu sur les tarifs.<\/em><\/p><p style=\"color: #333333\"><strong>Le Conseil Municipal apr\u00e8s en avoir d\u00e9lib\u00e9r\u00e9,<\/strong><br \/>par\u00a021 voix pour,\u00a00 voix contre,\u00a00\u00a0abstention<\/p><table width=\"75%\"><tbody><tr><td style=\"color: #333333\" width=\"25%\"><strong>DECIDE<\/strong><\/td><td style=\"color: #333333;text-align: justify\" width=\"75%\">d&#8217;appliquer les tarifs pour la f\u00eate du Centre ALSH \u00e0 compter de 2023 comme ci-dessous :<\/td><\/tr><\/tbody><\/table><table width=\"100%\" bgcolor=\"#EEEEEE\"><tbody><tr><td style=\"color: #333333\" width=\"70%\">Moules \/ frites<\/td><td bgcolor=\"#FFFFFF\" width=\"5%\">\u00a0<\/td><td style=\"color: #333333;text-align: right\" width=\"25%\">8,00\u20ac<\/td><\/tr><tr><td style=\"color: #333333\">R\u00f4ti de b\u0153uf \/ frites \/ salade<\/td><td bgcolor=\"#FFFFFF\">\u00a0<\/td><td style=\"color: #333333;text-align: right\">8,00\u20ac<\/td><\/tr><tr><td style=\"color: #333333\">Jambon \/ frites \/ salade<\/td><td bgcolor=\"#FFFFFF\">\u00a0<\/td><td style=\"color: #333333;text-align: right\">6,00\u20ac<\/td><\/tr><tr><td style=\"color: #333333\">Saucisse \/ frites<\/td><td bgcolor=\"#FFFFFF\">\u00a0<\/td><td style=\"color: #333333;text-align: right\">6,00\u20ac<\/td><\/tr><tr><td style=\"color: #333333\">Sandwich<\/td><td bgcolor=\"#FFFFFF\">\u00a0<\/td><td style=\"color: #333333;text-align: right\">3,00\u20ac<\/td><\/tr><tr><td style=\"color: #333333\">Paquet de frites<\/td><td bgcolor=\"#FFFFFF\">\u00a0<\/td><td style=\"color: #333333;text-align: right\">3,00\u20ac<\/td><\/tr><tr><td style=\"color: #333333\">Whisky<\/td><td bgcolor=\"#FFFFFF\">\u00a0<\/td><td style=\"color: #333333;text-align: right\">3,00\u20ac<\/td><\/tr><tr><td style=\"color: #333333\">Ap\u00e9ritifs<\/td><td bgcolor=\"#FFFFFF\">\u00a0<\/td><td style=\"color: #333333;text-align: right\">2,00\u20ac<\/td><\/tr><tr><td style=\"color: #333333\">Bi\u00e8re bouteille<\/td><td bgcolor=\"#FFFFFF\">\u00a0<\/td><td style=\"color: #333333;text-align: right\">2,00\u20ac<\/td><\/tr><tr><td style=\"color: #333333\">Bi\u00e8re pression<\/td><td bgcolor=\"#FFFFFF\">\u00a0<\/td><td style=\"color: #333333;text-align: right\">2,00\u20ac<\/td><\/tr><tr><td style=\"color: #333333\">Soda \/ Coca \/ Perrier<\/td><td bgcolor=\"#FFFFFF\">\u00a0<\/td><td style=\"color: #333333;text-align: right\">2,00\u20ac<\/td><\/tr><tr><td style=\"color: #333333\">Vin rouge \/ blanc \/ ros\u00e9 (la bouteille)<\/td><td bgcolor=\"#FFFFFF\">\u00a0<\/td><td style=\"color: #333333;text-align: right\">7,00\u20ac<\/td><\/tr><tr><td style=\"color: #333333\">Vin rouge \/ blanc \/ ros\u00e9 (le verre)<\/td><td bgcolor=\"#FFFFFF\">\u00a0<\/td><td style=\"color: #333333;text-align: right\">2,00\u20ac<\/td><\/tr><tr><td style=\"color: #333333\">Eau min\u00e9rale (0,5 L)<\/td><td bgcolor=\"#FFFFFF\">\u00a0<\/td><td style=\"color: #333333;text-align: right\">0,50\u20ac<\/td><\/tr><tr><td style=\"color: #333333\">Champagne (la bouteille)<\/td><td bgcolor=\"#FFFFFF\">\u00a0<\/td><td style=\"color: #333333;text-align: right\">20,00\u20ac<\/td><\/tr><tr><td style=\"color: #333333\">M\u00e9thode champenoise (la bouteille)<\/td><td bgcolor=\"#FFFFFF\">\u00a0<\/td><td style=\"color: #333333;text-align: right\">12,00\u20ac<\/td><\/tr><tr><td style=\"color: #333333\">M\u00e9thode champenoise (la coupe)<\/td><td bgcolor=\"#FFFFFF\">\u00a0<\/td><td style=\"color: #333333;text-align: right\">2,00\u20ac<\/td><\/tr><tr><td style=\"color: #333333\">Glaces<\/td><td bgcolor=\"#FFFFFF\">\u00a0<\/td><td style=\"color: #333333;text-align: right\">1,00\u20ac<\/td><\/tr><tr><td style=\"color: #333333\">Enveloppes<\/td><td bgcolor=\"#FFFFFF\">\u00a0<\/td><td style=\"color: #333333;text-align: right\">1,00\u20ac<\/td><\/tr><tr><td style=\"color: #333333\">Caf\u00e9<\/td><td bgcolor=\"#FFFFFF\">\u00a0<\/td><td style=\"color: #333333;text-align: right\">0,50\u20ac<\/td><\/tr><\/tbody><\/table><p style=\"color: #333333\" align=\"right\"><em><small>D\u00e9lib\u00e9ration n\u00b0 2023-05-24-D-06<\/small><\/em><\/p><table align=\"right\" bgcolor=\"#EEEEEE\"><tbody><tr><td style=\"color: #333333;text-align: left\" width=\"25%\"><strong><u>D\u00e9cision<\/u><\/strong><\/td><td style=\"color: #333333;text-align: left\" width=\"25%\">Sur :<\/td><td style=\"color: #333333;text-align: left\" width=\"50%\">14 pr\u00e9sents<\/td><\/tr><tr><td style=\"color: #333333;text-align: left\">\u00a0<\/td><td style=\"color: #333333;text-align: left\">Pour :<\/td><td style=\"color: #333333;text-align: left\">21 dont 8 pvrs<\/td><\/tr><tr><td style=\"color: #333333;text-align: left\">\u00a0<\/td><td style=\"color: #333333;text-align: left\">Contre :<\/td><td style=\"color: #333333;text-align: left\">0<\/td><\/tr><tr><td style=\"color: #333333;text-align: left\">\u00a0<\/td><td style=\"color: #333333;text-align: left\">Abstentions :<\/td><td style=\"color: #333333;text-align: left\">0<\/td><\/tr><\/tbody><\/table><div id=\"CM30032022Sept\" style=\"color: #333333\"><strong><u>7 &#8211; D\u00e9lib\u00e9ration ALSH \u00e0 compter de 2023 &#8211; Tarifs &#8211;<\/u><\/strong><\/div><p style=\"color: #333333;padding-left: 40px\" align=\"justify\"><em>Madame Sylvie DEVOS, Adjointe \u00e0 la Jeunesse, fait une pr\u00e9sentation.<br \/>Point sur l&#8217;organisation des ALSH pr\u00e9vue, les recrutements qui ont \u00e9t\u00e9 faits\u2026 (Voir le compte-rendu de la commission jeunesse)<br \/>Le centre de ce mois de juillet sera de 14 jours d&#8217;activit\u00e9s.<br \/>St\u00e9phanie WATTIEZ, Adjointe aux finances, pr\u00e9sente les propositions de la commission enfance jeunesse<\/em><\/p><p style=\"color: #333333;padding-left: 40px;text-align: justify\"><strong>Tranches propos\u00e9es<\/strong><br \/>T1 : \u2264499\u20ac<br \/>T2 : entre 500\u20ac et 899\u20ac<br \/>T3 : entre 900\u20ac et 2999\u20ac<br \/>T4 : \u22653000\u20ac<\/p><p style=\"color: #333333;padding-left: 40px;text-align: justify\"><strong>Tarifs ALSH<\/strong><br \/>Avec la mise en place de l&#8217;accueil \u00e0 la journ\u00e9e et l&#8217;augmentation des co\u00fbts pour la commune, il est propos\u00e9 les tarifs suivants (tarif identique pour petites vacances et juillet) d\u00e8s juillet 2023 :<br \/>T1 : 4\u20ac par jour et par enfant<br \/>T2 : 6\u20ac<br \/>T3 : 8\u20ac<br \/>T4 : 10\u20ac<br \/>Tarif ext\u00e9rieur (sans distinction) : 20\u20ac<\/p><p style=\"color: #333333\"><strong>Le Conseil Municipal apr\u00e8s en avoir d\u00e9lib\u00e9r\u00e9,<\/strong><br \/>par\u00a021 voix pour,\u00a00 voix contre,\u00a00\u00a0abstention<\/p><table width=\"75%\"><tbody><tr><td style=\"color: #333333\" width=\"25%\"><strong>CONFIRME<\/strong><\/td><td style=\"color: #333333;text-align: justify\" width=\"75%\">que les tarifs ci-dessus sont applicables pour les ALSH maternel\/es, \u00e9l\u00e9mentaires et Ados.<\/td><\/tr><\/tbody><\/table><p style=\"color: #333333\" align=\"right\"><em><small>D\u00e9lib\u00e9ration n\u00b0 2023-05-24-D-07<\/small><\/em><\/p><table align=\"right\" bgcolor=\"#EEEEEE\"><tbody><tr><td style=\"color: #333333;text-align: left\" width=\"25%\"><strong><u>D\u00e9cision<\/u><\/strong><\/td><td style=\"color: #333333;text-align: left\" width=\"25%\">Sur :<\/td><td style=\"color: #333333;text-align: left\" width=\"50%\">14 pr\u00e9sents<\/td><\/tr><tr><td style=\"color: #333333;text-align: left\">\u00a0<\/td><td style=\"color: #333333;text-align: left\">Pour :<\/td><td style=\"color: #333333;text-align: left\">21 dont 8 pvrs<\/td><\/tr><tr><td style=\"color: #333333;text-align: left\">\u00a0<\/td><td style=\"color: #333333;text-align: left\">Contre :<\/td><td style=\"color: #333333;text-align: left\">0<\/td><\/tr><tr><td style=\"color: #333333;text-align: left\">\u00a0<\/td><td style=\"color: #333333;text-align: left\">Abstentions :<\/td><td style=\"color: #333333;text-align: left\">0<\/td><\/tr><\/tbody><\/table><div id=\"CM24052023Huit\" style=\"color: #333333\"><strong><u>8 &#8211; D\u00e9lib\u00e9ration Tableau des effectifs au 1<sup>er<\/sup> juin 2023<\/u><\/strong><\/div><p style=\"color: #333333;padding-left: 40px\" align=\"justify\"><em>Monsieur le Maire expose qu&#8217;il appartient \u00e0 l&#8217;organe d\u00e9lib\u00e9rant de la collectivit\u00e9 sur proposition de l&#8217;autorit\u00e9 territoriale, de fixer les effectifs des emplois permanents n\u00e9cessaires au fonctionnement des services.<\/em><\/p><p style=\"color: #333333;padding-left: 40px\" align=\"justify\"><em>Consid\u00e9rant la loi n\u00b083-634 du 13 juillet 1983 modifi\u00e9e portant droits et obligations des fonctionnaires ;<\/em><\/p><p style=\"color: #333333;padding-left: 40px\" align=\"justify\"><em>Consid\u00e9rant la loi n\u00b084-53 du 26 janvier 1984 modifi\u00e9e portant dispositions statutaires relatives \u00e0 la fonction publique territoriale ;<\/em><\/p><p style=\"color: #333333;padding-left: 40px\" align=\"justify\"><em>Consid\u00e9rant les d\u00e9crets portant statuts particuliers des cadres d&#8217;emplois et organisant les grades s&#8217;y rapportant, pris en application de l&#8217;article 4 de la loi n\u00b0 84-53 du 26 janvier 1984 modifi\u00e9e ;<\/em><\/p><p style=\"color: #333333;padding-left: 40px\" align=\"justify\"><em>Vu les d\u00e9lib\u00e9ration n\u00b02022-10-03-D02 relative au tableau des effectifs des emplois permanents au 04 Octobre 2022 ;<\/em><\/p><table width=\"100%\" align=\"center\" bgcolor=\"#EEEEEE\"><tbody><tr><td style=\"color: #333333;text-align: center\" width=\"5%\">\u00a0<\/td><td style=\"color: #333333;text-align: center\" width=\"10%\"><strong>Cat\u00e9gorie<\/strong><\/td><td style=\"color: #333333;text-align: center\" width=\"15%\"><strong>Cadre d\u2019emploi<\/strong><\/td><td style=\"color: #333333;text-align: center\" width=\"30%\"><strong>Grade \/ Emploi<\/strong><\/td><td style=\"color: #333333;text-align: center\" width=\"10%\"><strong>Dur\u00e9e hebdomadaire de service<\/strong><\/td><td style=\"color: red;text-align: center\" width=\"10%\"><strong>Total des postes au 01\/06\/2023<\/strong><\/td><td style=\"color: #333333;text-align: center\" width=\"10%\"><strong>Emplois pourvus<\/strong><\/td><\/tr><tr bgcolor=\"#CCCCCC\"><td style=\"color: #333333\" colspan=\"5\"><strong>Emplois de cabinet<\/strong><\/td><td style=\"color: #333333;text-align: center\">0<\/td><td style=\"color: #333333;text-align: center\">0<\/td><\/tr><tr><td colspan=\"3\">\u00a0<\/td><td style=\"color: #333333\">Collaborateur de cabinet<\/td><td style=\"color: #333333;text-align: center\">XXX<\/td><td style=\"color: #333333;text-align: center\">0<\/td><td style=\"color: #333333;text-align: center\">0<\/td><\/tr><tr bgcolor=\"#CCCCCC\"><td style=\"color: #333333\" colspan=\"5\"><strong>Emplois fonctionnels<\/strong><\/td><td style=\"color: #333333;text-align: center\">1<\/td><td style=\"color: #333333;text-align: center\">1<\/td><\/tr><tr><td colspan=\"3\">\u00a0<\/td><td style=\"color: #333333\">Directeur G\u00e9n\u00e9ral des Services<\/td><td style=\"color: #333333;text-align: center\">35\/35<\/td><td style=\"color: #333333;text-align: center\">1<\/td><td style=\"color: #333333;text-align: center\">1<\/td><\/tr><tr><td colspan=\"3\">\u00a0<\/td><td style=\"color: #333333\">Directeur G\u00e9n\u00e9ral Adjoint des Services<\/td><td style=\"color: #333333;text-align: center\">XXX<\/td><td style=\"color: #333333;text-align: center\">0<\/td><td style=\"color: #333333;text-align: center\">0<\/td><\/tr><tr bgcolor=\"#CCCCCC\"><td style=\"color: #333333\" colspan=\"5\"><strong>Fili\u00e8re administrative<\/strong><\/td><td style=\"color: #333333;text-align: center\">12<\/td><td style=\"color: #333333;text-align: center\">7<\/td><\/tr><tr><td>\u00a0<\/td><td style=\"color: #333333;text-align: center\"><strong>A<\/strong><\/td><td colspan=\"5\"><strong>Attach\u00e9s territoriaux<\/strong><\/td><\/tr><tr><td colspan=\"3\">\u00a0<\/td><td style=\"color: #333333\">Attach\u00e9 hors classe<\/td><td style=\"color: #333333;text-align: center\">XXX<\/td><td style=\"color: #333333;text-align: center\">0<\/td><td style=\"color: #333333;text-align: center\">0<\/td><\/tr><tr><td colspan=\"3\">\u00a0<\/td><td style=\"color: #333333\">Attach\u00e9 principal<\/td><td style=\"color: #333333;text-align: center\">XXX<\/td><td style=\"color: #333333;text-align: center\">0<\/td><td style=\"color: #333333;text-align: center\">0<\/td><\/tr><tr><td colspan=\"3\">\u00a0<\/td><td style=\"color: #333333\">Attach\u00e9<\/td><td style=\"color: #333333;text-align: center\">35\/35<\/td><td style=\"color: #333333;text-align: center\">2<\/td><td style=\"color: #333333;text-align: center\">1<\/td><\/tr><tr><td>\u00a0<\/td><td style=\"color: #333333;text-align: center\"><strong>B<\/strong><\/td><td style=\"color: #333333\" colspan=\"5\"><strong>R\u00e9dacteurs territoriaux<\/strong><\/td><\/tr><tr><td colspan=\"3\">\u00a0<\/td><td style=\"color: #333333\">R\u00e9dacteur principal de 1<sup>\u00e8re<\/sup> classe<\/td><td style=\"color: #333333;text-align: center\">35\/35<\/td><td style=\"color: #333333;text-align: center\">0<\/td><td style=\"color: #333333;text-align: center\">0<\/td><\/tr><tr><td colspan=\"3\">\u00a0<\/td><td style=\"color: #333333\">R\u00e9dacteur principal de 2<sup>\u00e8me<\/sup> classe<\/td><td style=\"color: #333333;text-align: center\">35\/35<\/td><td style=\"color: #333333;text-align: center\">1<\/td><td style=\"color: #333333;text-align: center\">0<\/td><\/tr><tr><td colspan=\"3\">\u00a0<\/td><td style=\"color: #333333\">R\u00e9dacteur<\/td><td style=\"color: #333333;text-align: center\">35\/35<\/td><td style=\"color: #333333;text-align: center\">3<\/td><td style=\"color: #333333;text-align: center\">1<\/td><\/tr><tr><td>\u00a0<\/td><td style=\"color: #333333;text-align: center\"><strong>C<\/strong><\/td><td style=\"color: #333333\" colspan=\"5\"><strong>Adjoints administratifs territoriaux<\/strong><\/td><\/tr><tr><td colspan=\"3\">\u00a0<\/td><td style=\"color: #333333\">Adjoint administratif principal de 1<sup>\u00e8re<\/sup> classe<\/td><td style=\"color: #333333;text-align: center\">35\/35<\/td><td style=\"color: #333333;text-align: center\">2<\/td><td style=\"color: #333333;text-align: center\">2<\/td><\/tr><tr><td colspan=\"3\">\u00a0<\/td><td style=\"color: #333333\">Adjoint administratif principal 1<sup>\u00e8re<\/sup> classe<\/td><td style=\"color: #333333;text-align: center\">28\/35<\/td><td style=\"color: #333333;text-align: center\">0<\/td><td style=\"color: #333333;text-align: center\">0<\/td><\/tr><tr><td colspan=\"3\">\u00a0<\/td><td style=\"color: #333333\">Adjoint administratif principal de 2<sup>\u00e8me<\/sup> classe<\/td><td style=\"color: #333333;text-align: center\">35\/35<\/td><td style=\"color: #333333;text-align: center\">2<\/td><td style=\"color: #333333;text-align: center\">1<\/td><\/tr><tr><td colspan=\"3\">\u00a0<\/td><td style=\"color: #333333\">Adjoint administratif principal de 2<sup>\u00e8me<\/sup> classe<\/td><td style=\"color: #333333;text-align: center\">28\/35<\/td><td style=\"color: #333333;text-align: center\">0<\/td><td style=\"color: #333333;text-align: center\">0<\/td><\/tr><tr><td colspan=\"3\">\u00a0<\/td><td style=\"color: #333333\">Adjoint administratif<\/td><td style=\"color: #333333;text-align: center\">35\/35<\/td><td style=\"color: #333333;text-align: center\">1<\/td><td style=\"color: #333333;text-align: center\">1<\/td><\/tr><tr><td colspan=\"3\">\u00a0<\/td><td style=\"color: #333333\">Adjoint administratif<\/td><td style=\"color: #333333;text-align: center\">28\/35<\/td><td style=\"color: #333333;text-align: center\">1<\/td><td style=\"color: #333333;text-align: center\">1<\/td><\/tr><tr><td colspan=\"3\">\u00a0<\/td><td style=\"color: #333333\">Adjoint administratif<\/td><td style=\"color: #333333;text-align: center\">XXX<\/td><td style=\"color: #333333;text-align: center\">0<\/td><td style=\"color: #333333;text-align: center\">0<\/td><\/tr><tr bgcolor=\"#CCCCCC\"><td style=\"color: #333333\" colspan=\"5\"><strong>Fili\u00e8re technique<\/strong><\/td><td style=\"color: #333333;text-align: center\">31<\/td><td style=\"color: #333333;text-align: center\">18<\/td><\/tr><tr><td>\u00a0<\/td><td style=\"color: #333333;text-align: center\"><strong>B<\/strong><\/td><td style=\"color: #333333\" colspan=\"5\"><strong>Technicien territorial<\/strong><\/td><\/tr><tr><td colspan=\"3\">\u00a0<\/td><td style=\"color: #333333\">Technicien principal de 2<sup>\u00e8me<\/sup> classe<\/td><td style=\"color: #333333;text-align: center\">XXX<\/td><td style=\"color: #333333;text-align: center\">0<\/td><td style=\"color: #333333;text-align: center\">0<\/td><\/tr><tr><td colspan=\"3\">\u00a0<\/td><td style=\"color: #333333\">Technicien<\/td><td style=\"color: #333333;text-align: center\">35\/35<\/td><td style=\"color: #333333;text-align: center\">1<\/td><td style=\"color: #333333;text-align: center\">0<\/td><\/tr><tr><td>\u00a0<\/td><td style=\"color: #333333;text-align: center\"><strong>C<\/strong><\/td><td style=\"color: #333333\" colspan=\"5\"><strong>Agent de ma\u00eetrise territorial<\/strong><\/td><\/tr><tr><td colspan=\"3\">\u00a0<\/td><td style=\"color: #333333\">Agent de ma\u00eetrise principal<\/td><td style=\"color: #333333;text-align: center\">35\/35<\/td><td style=\"color: #333333;text-align: center\">1<\/td><td style=\"color: #333333;text-align: center\">0<\/td><\/tr><tr><td colspan=\"3\">\u00a0<\/td><td style=\"color: #333333\">Agent de ma\u00eetrise<\/td><td style=\"color: #333333;text-align: center\">35\/35<\/td><td style=\"color: #333333;text-align: center\">2<\/td><td style=\"color: #333333;text-align: center\">2<\/td><\/tr><tr><td>\u00a0<\/td><td style=\"color: #333333;text-align: center\"><strong>C<\/strong><\/td><td style=\"color: #333333\" colspan=\"5\"><strong>Adjoint technique territorial<\/strong><\/td><\/tr><tr><td colspan=\"3\">\u00a0<\/td><td style=\"color: #333333\">Adjoint technique principal de 1<sup>\u00e8re<\/sup> classe<\/td><td style=\"color: #333333;text-align: center\">35\/35<\/td><td style=\"color: #333333;text-align: center\">1<\/td><td style=\"color: #333333;text-align: center\">0<\/td><\/tr><tr><td colspan=\"3\">\u00a0<\/td><td style=\"color: #333333\">Adjoint technique principal de 2<sup>\u00e8me<\/sup> classe<\/td><td style=\"color: #333333;text-align: center\">35\/35<\/td><td style=\"color: #333333;text-align: center\">1<\/td><td style=\"color: #333333;text-align: center\">1<\/td><\/tr><tr><td colspan=\"3\">\u00a0<\/td><td style=\"color: #333333\">Adjoint technique<\/td><td style=\"color: #333333;text-align: center\">35\/35<\/td><td style=\"color: #333333;text-align: center\">8<\/td><td style=\"color: #333333;text-align: center\">6<\/td><\/tr><tr><td colspan=\"3\">\u00a0<\/td><td style=\"color: #333333\">Adjoint technique<\/td><td style=\"color: #333333;text-align: center\">32\/35<\/td><td style=\"color: #333333;text-align: center\">1<\/td><td style=\"color: #333333;text-align: center\">0<\/td><\/tr><tr><td colspan=\"3\">\u00a0<\/td><td style=\"color: #333333\">Adjoint technique<\/td><td style=\"color: #333333;text-align: center\">28\/35<\/td><td style=\"color: #333333;text-align: center\">3<\/td><td style=\"color: #333333;text-align: center\">0<\/td><\/tr><tr><td colspan=\"3\">\u00a0<\/td><td style=\"color: #333333\">Adjoint technique<\/td><td style=\"color: #333333;text-align: center\">20\/35<\/td><td style=\"color: #333333;text-align: center\">7<\/td><td style=\"color: #333333;text-align: center\">5<\/td><\/tr><tr><td colspan=\"3\">\u00a0<\/td><td style=\"color: #333333\">Adjoint technique<\/td><td style=\"color: #333333;text-align: center\">17\/35<\/td><td style=\"color: #333333;text-align: center\">6<\/td><td style=\"color: #333333;text-align: center\">4<\/td><\/tr><tr bgcolor=\"#CCCCCC\"><td style=\"color: #333333\" colspan=\"5\"><strong>Fili\u00e8re sportive<\/strong><\/td><td style=\"color: #333333;text-align: center\">1<\/td><td style=\"color: #333333;text-align: center\">1<\/td><\/tr><tr><td>\u00a0<\/td><td style=\"color: #333333;text-align: center\"><strong>B<\/strong><\/td><td style=\"color: #333333\" colspan=\"5\"><strong>\u00c9ducateur territorial des activit\u00e9s physiques et sportives<\/strong><\/td><\/tr><tr><td colspan=\"3\">\u00a0<\/td><td style=\"color: #333333\">\u00c9ducateur des APS principal de 1<sup>\u00e8re<\/sup> classe<\/td><td style=\"color: #333333;text-align: center\">35\/35<\/td><td style=\"color: #333333;text-align: center\">1<\/td><td style=\"color: #333333;text-align: center\">1<\/td><\/tr><tr><td colspan=\"3\">\u00a0<\/td><td style=\"color: #333333\">\u00c9ducateur des APS<\/td><td style=\"color: #333333;text-align: center\">XXX<\/td><td style=\"color: #333333;text-align: center\">0<\/td><td style=\"color: #333333;text-align: center\">0<\/td><\/tr><tr bgcolor=\"#CCCCCC\"><td style=\"color: #333333\" colspan=\"5\"><strong>Fili\u00e8re animation<\/strong><\/td><td style=\"color: #333333;text-align: center\">7<\/td><td style=\"color: #333333;text-align: center\">4<\/td><\/tr><tr><td>\u00a0<\/td><td style=\"color: #333333;text-align: center\"><strong>B<\/strong><\/td><td style=\"color: #333333\" colspan=\"5\"><strong>Animateur territorial<\/strong><\/td><\/tr><tr><td colspan=\"3\">\u00a0<\/td><td style=\"color: #333333\">Animateur principal de 1<sup>\u00e8re<\/sup> classe<\/td><td style=\"color: #333333;text-align: center\">35\/35<\/td><td style=\"color: #333333;text-align: center\">1<\/td><td style=\"color: #333333;text-align: center\">0<\/td><\/tr><tr><td colspan=\"3\">\u00a0<\/td><td style=\"color: #333333\">Animateur principal de 2<sup>\u00e8me<\/sup> classe<\/td><td style=\"color: #333333;text-align: center\">35\/35<\/td><td style=\"color: #333333;text-align: center\">1<\/td><td style=\"color: #333333;text-align: center\">1<\/td><\/tr><tr><td colspan=\"3\">\u00a0<\/td><td style=\"color: #333333\">Animateur<\/td><td style=\"color: #333333;text-align: center\">35\/35<\/td><td style=\"color: #333333;text-align: center\">0<\/td><td style=\"color: #333333;text-align: center\">0<\/td><\/tr><tr><td>\u00a0<\/td><td style=\"color: #333333;text-align: center\"><strong>C<\/strong><\/td><td style=\"color: #333333\" colspan=\"5\"><strong>Adjoint territorial d&#8217;animation<\/strong><\/td><\/tr><tr><td colspan=\"3\">\u00a0<\/td><td style=\"color: #333333\">Adjoint d&#8217;animation principal de 1<sup>\u00e8re<\/sup> classe<\/td><td style=\"color: #333333;text-align: center\">XXX<\/td><td style=\"color: #333333;text-align: center\">0<\/td><td style=\"color: #333333;text-align: center\">0<\/td><\/tr><tr><td colspan=\"3\">\u00a0<\/td><td style=\"color: #333333\">Adjoint d&#8217;animation principal de 2<sup>\u00e8me<\/sup> classe<\/td><td style=\"color: #333333;text-align: center\">XXX<\/td><td style=\"color: #333333;text-align: center\">0<\/td><td style=\"color: #333333;text-align: center\">0<\/td><\/tr><tr><td colspan=\"3\">\u00a0<\/td><td style=\"color: #333333\">Adjoint d&#8217;animation<\/td><td style=\"color: #333333;text-align: center\">35\/35<\/td><td style=\"color: #333333;text-align: center\">3<\/td><td style=\"color: #333333;text-align: center\">2<\/td><\/tr><tr><td colspan=\"3\">\u00a0<\/td><td style=\"color: #333333\">Adjoint d&#8217;animation<\/td><td style=\"color: #333333;text-align: center\">28\/35<\/td><td style=\"color: #333333;text-align: center\">1<\/td><td style=\"color: #333333;text-align: center\">1<\/td><\/tr><tr><td colspan=\"3\">\u00a0<\/td><td style=\"color: #333333\">Adjoint d&#8217;animation<\/td><td style=\"color: #333333;text-align: center\">8\/35<\/td><td style=\"color: #333333;text-align: center\">1<\/td><td style=\"color: #333333;text-align: center\">0<\/td><\/tr><tr bgcolor=\"#CCCCCC\"><td style=\"color: #333333\" colspan=\"5\"><strong>Fili\u00e8re culturelle \/ Enseignement artistique<\/strong><\/td><td style=\"color: #333333;text-align: center\">7<\/td><td style=\"color: #333333;text-align: center\">5<\/td><\/tr><tr><td>\u00a0<\/td><td style=\"color: #333333;text-align: center\"><strong>B<\/strong><\/td><td style=\"color: #333333\" colspan=\"5\"><strong>Assistant territorial d&#8217;enseignement artistique<\/strong><\/td><\/tr><tr><td colspan=\"3\">\u00a0<\/td><td style=\"color: #333333\">Assistant d\u2019enseignement artistique (Musique)<\/td><td style=\"color: #333333;text-align: center\">2\/20<\/td><td style=\"color: #333333;text-align: center\">1<\/td><td style=\"color: #333333;text-align: center\">0<\/td><\/tr><tr><td colspan=\"3\">\u00a0<\/td><td style=\"color: #333333\">Assistant d\u2019enseignement artistique 2<sup>nde<\/sup> classe (Musique)<\/td><td style=\"color: #333333;text-align: center\">2.5\/20<\/td><td style=\"color: #333333;text-align: center\">1<\/td><td style=\"color: #333333;text-align: center\">1<\/td><\/tr><tr><td colspan=\"3\">\u00a0<\/td><td style=\"color: #333333\">Assistant d\u2019enseignement artistique (Musique)<\/td><td style=\"color: #333333;text-align: center\">3.5\/20<\/td><td style=\"color: #333333;text-align: center\">1<\/td><td style=\"color: #333333;text-align: center\">1<\/td><\/tr><tr><td colspan=\"3\">\u00a0<\/td><td style=\"color: #333333\">Assistant d\u2019enseignement artistique (Musique)<\/td><td style=\"color: #333333;text-align: center\">1\/20<\/td><td style=\"color: #333333;text-align: center\">1<\/td><td style=\"color: #333333;text-align: center\">1<\/td><\/tr><tr><td colspan=\"3\">\u00a0<\/td><td style=\"color: #333333\">Assistant d\u2019enseignement artistique (Musique)<\/td><td style=\"color: #333333;text-align: center\">4.5\/20<\/td><td style=\"color: #333333;text-align: center\">2<\/td><td style=\"color: #333333;text-align: center\">1<\/td><\/tr><tr><td colspan=\"3\">\u00a0<\/td><td style=\"color: #333333\">Assistant d\u2019enseignement artistique (Danse)<\/td><td style=\"color: #333333;text-align: center\">9\/20<\/td><td style=\"color: #333333;text-align: center\">1<\/td><td style=\"color: #333333;text-align: center\">1<\/td><\/tr><tr bgcolor=\"#CCCCCC\"><td style=\"color: #333333\" colspan=\"5\"><strong>Fili\u00e8re culturelle \/ Patrimoine et biblioth\u00e8que<\/strong><\/td><td style=\"color: #333333;text-align: center\">1<\/td><td style=\"color: #333333;text-align: center\">1<\/td><\/tr><tr><td>\u00a0<\/td><td style=\"color: #333333;text-align: center\"><strong>C<\/strong><\/td><td style=\"color: #333333\" colspan=\"5\"><strong>Adjoint territorial du patrimoine<\/strong><\/td><\/tr><tr><td colspan=\"3\">\u00a0<\/td><td style=\"color: #333333\">Adjoint du patrimoine principal de 1<sup>\u00e8re<\/sup> classe<\/td><td style=\"color: #333333;text-align: center\">XXX<\/td><td style=\"color: #333333;text-align: center\">0<\/td><td style=\"color: #333333;text-align: center\">0<\/td><\/tr><tr><td colspan=\"3\">\u00a0<\/td><td style=\"color: #333333\">Adjoint du patrimoine principal de 2<sup>\u00e8me<\/sup> classe<\/td><td style=\"color: #333333;text-align: center\">35\/35<\/td><td style=\"color: #333333;text-align: center\">0<\/td><td style=\"color: #333333;text-align: center\">0<\/td><\/tr><tr><td colspan=\"3\">\u00a0<\/td><td style=\"color: #333333\">Adjoint du patrimoine<\/td><td style=\"color: #333333;text-align: center\">35\/35<\/td><td style=\"color: #333333;text-align: center\">1<\/td><td style=\"color: #333333;text-align: center\">1<\/td><\/tr><tr><td colspan=\"3\">\u00a0<\/td><td style=\"color: #333333\">Adjoint du patrimoine<\/td><td style=\"color: #333333;text-align: center\">20\/35<\/td><td style=\"color: #333333;text-align: center\">0<\/td><td style=\"color: #333333;text-align: center\">0<\/td><\/tr><tr bgcolor=\"#CCCCCC\"><td style=\"color: #333333\" colspan=\"5\"><strong>Fili\u00e8re M\u00e9dico-sociale \/ secteur m\u00e9dico-social<\/strong><\/td><td style=\"color: #333333;text-align: center\">5<\/td><td style=\"color: #333333;text-align: center\">2<\/td><\/tr><tr><td>\u00a0<\/td><td style=\"color: #333333;text-align: center\"><strong>C<\/strong><\/td><td style=\"color: #333333\" colspan=\"5\"><strong>Agent territorial sp\u00e9cialis\u00e9 des \u00e9coles maternelles (ATSEM)<\/strong><\/td><\/tr><tr><td colspan=\"3\">\u00a0<\/td><td style=\"color: #333333\">Agent sp\u00e9cialis\u00e9 principal de 1<sup>\u00e8re<\/sup> classe des \u00e9coles maternelles<\/td><td style=\"color: #333333;text-align: center\">35\/35<\/td><td style=\"color: #333333;text-align: center\">2<\/td><td style=\"color: #333333;text-align: center\">0<\/td><\/tr><tr><td colspan=\"3\">\u00a0<\/td><td style=\"color: #333333\">Agent sp\u00e9cialis\u00e9 principal de 2<sup>\u00e8me<\/sup> classe des \u00e9coles maternelles<\/td><td style=\"color: #333333;text-align: center\">35\/35<\/td><td style=\"color: #333333;text-align: center\">3<\/td><td style=\"color: #333333;text-align: center\">2<\/td><\/tr><tr bgcolor=\"#CCCCCC\"><td style=\"color: #333333\" colspan=\"5\"><strong>Fili\u00e8re M\u00e9dico-sociale \/ secteur m\u00e9dico-technique<\/strong><\/td><td style=\"color: #333333;text-align: center\">0<\/td><td style=\"color: #333333;text-align: center\">0<\/td><\/tr><tr><td colspan=\"7\">\u00a0<\/td><\/tr><tr bgcolor=\"#CCCCCC\"><td style=\"color: #333333\" colspan=\"5\"><strong>Fili\u00e8re Police municipale<\/strong><\/td><td style=\"color: #333333;text-align: center\">0<\/td><td style=\"color: #333333;text-align: center\">0<\/td><\/tr><tr><td colspan=\"7\">\u00a0<\/td><\/tr><tr bgcolor=\"#CCCCCC\"><td style=\"color: #333333\" colspan=\"5\"><strong>Fili\u00e8re Sapeurs pompiers professionnels<\/strong><\/td><td style=\"color: #333333;text-align: center\">0<\/td><td style=\"color: #333333;text-align: center\">0<\/td><\/tr><tr><td colspan=\"7\">\u00a0<\/td><\/tr><tr bgcolor=\"#CCCCCC\"><td style=\"color: #333333\" colspan=\"5\"><strong><big>Total des effectifs<\/big><\/strong><\/td><td style=\"color: #333333;text-align: center\"><strong><big>65<\/big><\/strong><\/td><td style=\"color: #333333;text-align: center\"><strong><big>39<\/big><\/strong><\/td><\/tr><\/tbody><\/table><p style=\"color: #333333\"><strong>Le Conseil Municipal apr\u00e8s en avoir d\u00e9lib\u00e9r\u00e9,<\/strong><br \/>par\u00a021 voix pour,\u00a00 voix contre,\u00a00\u00a0abstention<\/p><table width=\"75%\"><tbody><tr><td style=\"color: #333333\" width=\"25%\"><strong>APPROUVE<\/strong><\/td><td style=\"color: #333333;text-align: justify\" width=\"75%\">la mise \u00e0 jour du tableau des emplois permanents de la collectivit\u00e9 \u00e0 compter du 01 JUIN 2023 (ci-annex\u00e9).<\/td><\/tr><tr><td style=\"color: #333333\"><strong>ET DIT<\/strong><\/td><td style=\"color: #333333;text-align: justify\">que les cr\u00e9dits n\u00e9cessaires \u00e0 la r\u00e9mun\u00e9ration et aux charges sociales correspondant aux emplois et grades ainsi cr\u00e9\u00e9s sont inscrits au budget de l&#8217;exercice en cours.<\/td><\/tr><\/tbody><\/table><p style=\"color: #333333\" align=\"right\"><em><small>D\u00e9lib\u00e9ration n\u00b0 2023-05-24-D-08<\/small><\/em><\/p><table width=\"50%\" align=\"center\" bgcolor=\"#EEEEEE\"><tbody><tr><td style=\"color: #333333;text-align: left\" width=\"25%\"><strong><u>D\u00e9cision<\/u><\/strong><\/td><td style=\"color: #333333;text-align: left\" width=\"25%\">Sur :<\/td><td style=\"color: #333333;text-align: left\" width=\"50%\">14 pr\u00e9sents<\/td><\/tr><tr><td style=\"color: #333333;text-align: left\">\u00a0<\/td><td style=\"color: #333333;text-align: left\">Pour :<\/td><td style=\"color: #333333;text-align: left\">21 dont 8 pvrs<\/td><\/tr><tr><td style=\"color: #333333;text-align: left\">\u00a0<\/td><td style=\"color: #333333;text-align: left\">Contre :<\/td><td style=\"color: #333333;text-align: left\">0<\/td><\/tr><tr><td style=\"color: #333333;text-align: left\">\u00a0<\/td><td style=\"color: #333333;text-align: left\">Abstentions :<\/td><td style=\"color: #333333;text-align: left\">0<\/td><\/tr><\/tbody><\/table><div id=\"CM24052023Neuf\" style=\"color: #333333\"><strong><u>9 &#8211; D\u00e9lib\u00e9ration annuelle autorisant le recrutement d&#8217;agents contractuels sur des emplois non permanent pour faire face \u00e0 un besoin li\u00e9 \u00e0 un accroissement saisonnier d&#8217;activit\u00e9<\/u><\/strong><\/div><p style=\"color: #333333;padding-left: 40px\" align=\"center\">(EN APPLICATION DE L&#8217;ARTICLE L.332-23-2\u00b0 DU CODE GENERAL DE LA FONCTION PUBLIQUE)<\/p><p style=\"color: #333333;padding-left: 40px\" align=\"justify\">Le Conseil Municipal ;<br \/>Vu le code g\u00e9n\u00e9ral de la fonction publique, notamment son article L.332-23-2\u00b0 ;<br \/>Consid\u00e9rant qu&#8217;en pr\u00e9vision de l&#8217;organisation des accueils de loisirs pendant les vacances scolaires, il est n\u00e9cessaire de renforcer les services des centres de loisirs pour la p\u00e9riode du 1<sup>er<\/sup> juillet 2023 au 30 juin 2024 ;<br \/>Consid\u00e9rant qu&#8217;il peut \u00eatre fait appel \u00e0 du personnel recrut\u00e9 en qualit\u00e9 d&#8217;agent contractuel pour faire face \u00e0 des besoins li\u00e9s \u00e0 un accroissement saisonnier d&#8217;activit\u00e9 en application de l&#8217;article L.332-23-2\u00b0 du code pr\u00e9cit\u00e9 ;<br \/>Sur le rapport de Monsieur le Maire et apr\u00e8s en avoir d\u00e9lib\u00e9r\u00e9 ;<\/p><p style=\"color: #333333\"><strong>Le Conseil Municipal apr\u00e8s en avoir d\u00e9lib\u00e9r\u00e9,<\/strong><br \/>par\u00a021 voix pour,\u00a00 voix contre,\u00a00\u00a0abstention<\/p><table width=\"75%\"><tbody><tr><td style=\"color: #333333\" width=\"25%\"><strong>DECIDE<\/strong><\/td><td style=\"color: #333333;text-align: justify\" width=\"75%\">&#8211; d&#8217;autoriser Monsieur le Maire \u00e0 recruter des agents contractuels pour faire face \u00e0 des besoins li\u00e9s \u00e0 un accroissement saisonnier d&#8217;activit\u00e9 pour une p\u00e9riode de 6 mois maximum pendant une m\u00eame p\u00e9riode de 12 mois en application de l&#8217;article L.332-23-2\u00b0 du code pr\u00e9cit\u00e9.<\/td><\/tr><\/tbody><\/table><p style=\"color: #333333;padding-left: 40px\" align=\"justify\">A ce titre, seront cr\u00e9\u00e9s :<\/p><ul><li>au maximum 2 emplois \u00e0 temps complet dans le grade d&#8217;Adjoint d&#8217;Animation principal de 2\u00e8me classe (\u00e9chelle C2 \u00e9chelon 6) relevant de la cat\u00e9gorie hi\u00e9rarchique C pour exercer les fonctions d&#8217;Adjoint de direction<\/li><li>au maximum 20 emplois \u00e0 temps complet dans le grade d&#8217;Adjoint d&#8217;Animation (\u00e9chelle C1 \u00e9chelon 9) relevant de la cat\u00e9gorie hi\u00e9rarchique C pour exercer les fonctions d&#8217;Animateur, dipl\u00f4m\u00e9 ou titulaire d&#8217;une \u00e9quivalence ;<\/li><li>au maximum 6 emplois \u00e0 temps complet dans le grade d&#8217;Adjoint d&#8217;Animation (\u00e9chelle C1 \u00e9chelon 3) relevant de la cat\u00e9gorie hi\u00e9rarchique C pour exercer les fonctions d&#8217;Animateur, stagiaire (en cours de formation);<\/li><li>au maximum 4 emplois \u00e0 temps complet dans le grade d&#8217;Adjoint d&#8217;Animation (\u00e9chelle C1 \u00e9chelon 1) relevant de la cat\u00e9gorie hi\u00e9rarchique C pour exercer les fonctions d&#8217;Animateur, non dipl\u00f4m\u00e9 ;<\/li><\/ul><p>Les agents contractuels recrut\u00e9s pourront \u00eatre amen\u00e9s \u00e0 effectuer des heures compl\u00e9mentaires et\/ou suppl\u00e9mentaires.<br \/>Les heures compl\u00e9mentaires seront compens\u00e9es par l&#8217;attribution d&#8217;un repos compensateur et\/ou par le versement d&#8217;une indemnisation conform\u00e9ment au d\u00e9cret 202-592 du 15 mai 2020<br \/>Les heures suppl\u00e9mentaires seront compens\u00e9es par l&#8217;attribution d&#8217;un repos compensateur et\/ou par le versement de l&#8217;indemnit\u00e9 horaire pour travaux suppl\u00e9mentaires.<br \/>Monsieur le Maire sera charg\u00e9 de la constatation des besoins concern\u00e9s ainsi que de la d\u00e9termination des niveaux de recrutement et de r\u00e9mun\u00e9ration des candidats selon la nature des fonctions et de leur profil. La r\u00e9mun\u00e9ration sera limit\u00e9e \u00e0 l&#8217;indice terminal du grade de r\u00e9f\u00e9rence.<br \/>&#8211; Les cr\u00e9dits correspondants sont inscrits au budget.<\/p><p style=\"color: #333333\" align=\"right\"><em><small>D\u00e9lib\u00e9ration n\u00b0 2023-05-24-D-09<\/small><\/em><\/p><table width=\"50%\" align=\"center\" bgcolor=\"#EEEEEE\"><tbody><tr><td style=\"color: #333333;text-align: left\" width=\"25%\"><strong><u>D\u00e9cision<\/u><\/strong><\/td><td style=\"color: #333333;text-align: left\" width=\"25%\">Sur :<\/td><td style=\"color: #333333;text-align: left\" width=\"50%\">14 pr\u00e9sents<\/td><\/tr><tr><td style=\"color: #333333;text-align: left\">\u00a0<\/td><td style=\"color: #333333;text-align: left\">Pour :<\/td><td style=\"color: #333333;text-align: left\">21 dont 8 pvrs<\/td><\/tr><tr><td style=\"color: #333333;text-align: left\">\u00a0<\/td><td style=\"color: #333333;text-align: left\">Contre :<\/td><td style=\"color: #333333;text-align: left\">0<\/td><\/tr><tr><td style=\"color: #333333;text-align: left\">\u00a0<\/td><td style=\"color: #333333;text-align: left\">Abstentions :<\/td><td style=\"color: #333333;text-align: left\">0<\/td><\/tr><\/tbody><\/table><p style=\"color: #333333;padding-left: 40px\" align=\"justify\"><strong><u>Arriv\u00e9e de Monsieur Jimmy LAURENT<\/u><\/strong><\/p><div id=\"CM24052023Dix\" style=\"color: #333333\"><strong><u>10 &#8211; D\u00e9lib\u00e9ration autorisant recrutement d&#8217;agents sur des emplois en contrats aid\u00e9s 2023-2024<\/u><\/strong><\/div><p style=\"color: #333333;padding-left: 40px\" align=\"justify\"><em>Pr\u00e9sentation est faite par Monsieur Le Maire<br \/>D\u00e9lib\u00e9ration du 02 juin 2022<br \/>Actuellement la commune a 2 agents en contrats aid\u00e9s.<br \/>Le dispositif actuel est le PEC (PARCOURS EMPLOI COMPETENCE)<br \/>Ils travaillent entre 20h et 35h suivant le contrat qui sont pris en charge et rembours\u00e9s pour partie.<\/em><\/p><p style=\"color: #333333\"><strong>Le Conseil Municipal apr\u00e8s en avoir d\u00e9lib\u00e9r\u00e9,<\/strong><br \/>par\u00a021 voix pour,\u00a00 voix contre,\u00a00\u00a0abstention<\/p><table width=\"75%\"><tbody><tr><td style=\"color: #333333\" width=\"25%\"><strong>AUTORISE<\/strong><\/td><td style=\"color: #333333;text-align: justify\" width=\"75%\">Monsieur Le Maire \u00e0 pouvoir embaucher 20 agents maximum en contrat aid\u00e9 PEC (Parcours emploi comp\u00e9tence).<\/td><\/tr><\/tbody><\/table><p style=\"color: #333333\" align=\"right\"><em><small>D\u00e9lib\u00e9ration n\u00b0 2023-05-24-D-10<\/small><\/em><\/p><table width=\"50%\" align=\"center\" bgcolor=\"#EEEEEE\"><tbody><tr><td style=\"color: #333333;text-align: left\" width=\"25%\"><strong><u>D\u00e9cision<\/u><\/strong><\/td><td style=\"color: #333333;text-align: left\" width=\"25%\">Sur :<\/td><td style=\"color: #333333;text-align: left\" width=\"50%\">15 pr\u00e9sents<\/td><\/tr><tr><td style=\"color: #333333;text-align: left\">\u00a0<\/td><td style=\"color: #333333;text-align: left\">Pour :<\/td><td style=\"color: #333333;text-align: left\">22 dont 8 pvrs<\/td><\/tr><tr><td style=\"color: #333333;text-align: left\">\u00a0<\/td><td style=\"color: #333333;text-align: left\">Contre :<\/td><td style=\"color: #333333;text-align: left\">0<\/td><\/tr><tr><td style=\"color: #333333;text-align: left\">\u00a0<\/td><td style=\"color: #333333;text-align: left\">Abstentions :<\/td><td style=\"color: #333333;text-align: left\">0<\/td><\/tr><\/tbody><\/table><div id=\"CM24052023QD\" style=\"color: #333333\"><strong><u>Questions diverses<\/u><\/strong><\/div><ul><li>Une commission finance sera pr\u00e9vue \u00e0 mi-septembre octobre pour faire un premier bilan de l&#8217;ann\u00e9e<\/li><li>Projet SIGH &#8211; Rue Gambetta et B\u00e9guinage Rue Emile Zola &#8211; Les discussions sont en cours<\/li><\/ul><p style=\"color: #333333\"><strong>Fin de s\u00e9ance \u00e0 19h15<\/strong><\/p><p style=\"color: #333333\" align=\"right\"><strong>La Secr\u00e9taire de S\u00e9ance<br \/>C\u00e9line DUMAINE<\/strong><\/p><\/div>\n\t\t\t\t\t\t\t\t\t<div class=\"elementor-tab-title elementor-tab-mobile-title\" aria-selected=\"false\" data-tab=\"6\" role=\"tab\" tabindex=\"-1\" aria-controls=\"elementor-tab-content-2006\" aria-expanded=\"false\">30\/03<\/div>\n\t\t\t\t\t<div id=\"elementor-tab-content-2006\" class=\"elementor-tab-content elementor-clearfix\" data-tab=\"6\" role=\"tabpanel\" aria-labelledby=\"elementor-tab-title-2006\" tabindex=\"0\" hidden=\"hidden\"><h6><span style=\"color: #ff0000\">Proc\u00e8s verbal du Conseil Municipal du 30 mars 2023 \u00e0 18h<\/span><\/h6>\n<a href=\"https:\/\/thiant.fr\/wordpress\/documents_ext\/CM\/CM_2023-03-30.pdf\" target=\"_blank\" rel=\"noopener\"><img loading=\"lazy\" decoding=\"async\" class=\"alignnone wp-image-5858 size-medium\" src=\"https:\/\/thiant.fr\/wordpress\/wp-content\/uploads\/2023\/10\/PV-CM-DU-30-03-2023_SIGNE-212x300.png\" alt=\"\" width=\"212\" height=\"300\" srcset=\"https:\/\/thiant.fr\/wordpress\/wp-content\/uploads\/2023\/10\/PV-CM-DU-30-03-2023_SIGNE-212x300.png 212w, https:\/\/thiant.fr\/wordpress\/wp-content\/uploads\/2023\/10\/PV-CM-DU-30-03-2023_SIGNE.png 566w\" sizes=\"(max-width: 212px) 100vw, 212px\" \/><\/a>\n<p style=\"color: #333333\"><strong>Date de la convocation\u00a0:<\/strong>\u00a0\u00a0\u00a0\u00a0\u00a0\u00a0\u00a0\u00a0 24 MARS 2023<\/p>\n<p style=\"color: #333333\"><strong>Date de l\u2019affichage\u00a0:<\/strong> \u00a0\u00a0 \u00a0\u00a0\u00a0\u00a0\u00a0\u00a0\u00a0\u00a0\u00a0\u00a0\u00a0 24 MARS 2023<\/p>\n<p style=\"color: #333333;padding-left: 40px\" align=\"justify\">L&#8217;an deux mil vingt-trois, le 30 mars \u00e0 dix-huit heures, le Conseil Municipal de Thiant, r\u00e9guli\u00e8rement convoqu\u00e9, s&#8217;est r\u00e9uni en la salle du conseil, rue Anatole France \u00e0 THIANT, sous la Pr\u00e9sidence de Monsieur Marc WATTIEZ, Maire de la Commune et de St\u00e9phanie WATTIEZ, Adjointe aux finances.<\/p>\n<p style=\"color: #333333\"><strong>Pr\u00e9sents :<\/strong><\/p>\n<p style=\"color: #333333;padding-left: 40px\" align=\"justify\"><strong>Monsieur Marc WATTIEZ, Madame St\u00e9phanie WATTIEZ, Madame C\u00e9line DUMAINE, Madame Raymonde BOHERE, Monsieur Philippe WAELKENS, Monsieur Michel HENNAUT, Madame Sylvaine GERARD, Monsieur Christophe DESPINOY, Monsieur Bernard LEPEZ, Monsieur Bernard MALAQUIN, Madame C\u00e9line TRACHMAN, Madame Fran\u00e7oise BAR-DESESPRINGALLE, Monsieur Jimmy LAURENT, Monsieur Sylvain LEFEBVRE, Monsieur Jean-Michel HARBONNIER<\/strong><\/p>\n<p style=\"color: #333333\"><strong>Excus\u00e9s :<\/strong><\/p>\n<p style=\"color: #333333;padding-left: 40px\"><strong>Monsieur Guy VANDERBEC qui donne pouvoir \u00e0 Monsieur Marc WATTIEZ\nMadame Sylvie DEVOS qui donne pouvoir \u00e0 Madame Sylvaine GERARD\nMadame Martine PREVOST qui donne pouvoir \u00e0 Madame Raymonde BOHERE\nMonsieur Jean-Claude BAH qui donne pouvoir \u00e0 Monsieur Michel HENNAUT\nMonsieur J\u00e9r\u00f4me CARLIER qui donne pouvoir \u00e0 Monsieur Philippe WAELKENS\nMadame Armelle BOURLET qui donne pouvoir \u00e0 Madame St\u00e9phanie WATTIEZ\nMadame Sylvie NICOLAS\nMadame Emilie LEBRUN<\/strong><\/p>\n<p style=\"color: #333333\"><strong>Absents : MM.XXXXX<\/strong><\/p>\n<p style=\"color: #333333\"><strong><u>Ordre du jour<\/u>\u00a0: <a href=\"#MODIF\">Ordre du jour modifi\u00e9 apr\u00e8s le point 1.<\/a><\/strong><\/p>\n\n<ol style=\"padding-left: 40px\">\n \t<li>D\u00e9lib\u00e9ration approbation du Proc\u00e8s-verbal du 27 f\u00e9vrier 2023<\/li>\n \t<li>Compte de gestion budget principal 2022<\/li>\n \t<li>Compte administratif budget principal 2022<\/li>\n \t<li>D\u00e9termination et affectation du r\u00e9sultat 2022 budget principal<\/li>\n \t<li>Bilan des acquisitions et cessions 2023 budget principal<\/li>\n \t<li>Compte de gestion budget annexe Lotissement Ferme Jourdan 2022<\/li>\n \t<li>Compte administratif budget annexe Lotissement Ferme Jourdan 2022<\/li>\n \t<li>D\u00e9termination et affectation du r\u00e9sultat 2022 budget annexe Lotissement Ferme Jourdan<\/li>\n \t<li>Bilan des acquisitions et cessions 2022 budget annexe Lotissement Ferme Jourdan<\/li>\n \t<li>Taux des taxes locales 2023<\/li>\n \t<li>Budget Principal 2023<\/li>\n \t<li>Budget Annexe Lotissement Ferme Jourdan 2023<\/li>\n \t<li>Subvention 2023 au CCAS<\/li>\n \t<li>Subventions 2023 aux associations<\/li>\n \t<li>D\u00e9lib\u00e9ration tarifs ALSH \u00e0 compter de mai 2023<\/li>\n \t<li>D\u00e9lib\u00e9ration demande de pr\u00eat agent communal<\/li>\n \t<li>D\u00e9lib\u00e9ration cadeau de f\u00eate des m\u00e8res<\/li>\n \t<li>D\u00e9lib\u00e9ration personnel saisonnier vacances d&#8217;\u00e9t\u00e9 2023<\/li>\n<\/ol>\n<ul>\n \t<li>Questions diverses<\/li>\n<\/ul>\n<p style=\"color: #333333\">D\u00e9signation d\u2019un Secr\u00e9taire de s\u00e9ance\u00a0:\u00a0Monsieur Philippe WAELKENS<\/p>\n<p style=\"color: #333333\">Etat des pouvoirs\u00a0: &#8230;.6 pouvoirs&#8230;&#8230;&#8230;&#8230;&#8230;&#8230;&#8230;&#8230;&#8230;..<\/p>\n\n<div id=\"CM30032023Un\" style=\"color: #333333\"><strong><u>1 &#8211; Approbation du Proc\u00e8s-verbal du 27 f\u00e9vrier 2023<\/u><\/strong><\/div>\n<p style=\"color: #333333;padding-left: 40px\" align=\"justify\"><em>Document transmis par mail le 22 mars 2023 et dans les casiers des \u00e9lus ce m\u00eame jour.<\/em><\/p>\nAucune remarque\n<table width=\"75%\">\n<tbody>\n<tr>\n<td style=\"color: #333333\" width=\"25%\">Consid\u00e9rant<\/td>\n<td style=\"color: #333333;text-align: justify\" width=\"75%\">Le Code G\u00e9n\u00e9ral des Collectivit\u00e9s Territoriales, particuli\u00e8rement les articles L.2121-7 \u00e0 L.2121-28\u00a0;<\/td>\n<\/tr>\n<tr>\n<td style=\"color: #333333\">Consid\u00e9rant<\/td>\n<td style=\"color: #333333;text-align: justify\">qu\u2019il convient d\u2019adopter les proc\u00e8s-verbaux des s\u00e9ances du Conseil Municipal.<\/td>\n<\/tr>\n<\/tbody>\n<\/table>\n<p style=\"color: #333333\"><strong>Le Conseil Municipal,<\/strong> apr\u00e8s en avoir d\u00e9lib\u00e9r\u00e9,\npar\u00a020 voix pour,\u00a00 voix contre,\u00a00\u00a0abstention<\/p>\n\n<table width=\"75%\">\n<tbody>\n<tr>\n<td style=\"color: #333333\" width=\"25%\"><strong><u>APPROUVE<\/u><\/strong><\/td>\n<td style=\"color: #333333;text-align: justify\" width=\"75%\">le contenu du proc\u00e8s-verbal du 27 f\u00e9vrier 2023, r\u00e9dig\u00e9 par son secr\u00e9taire de s\u00e9ance.<\/td>\n<\/tr>\n<\/tbody>\n<\/table>\n<p style=\"color: #333333\" align=\"right\"><em><small>D\u00e9lib\u00e9ration n\u00b0 2023-03-30-D-01<\/small><\/em><\/p>\n\n<table align=\"right\" bgcolor=\"#EEEEEE\">\n<tbody>\n<tr>\n<td style=\"color: #333333;text-align: left\" width=\"25%\"><strong><u>D\u00e9cision<\/u><\/strong><\/td>\n<td style=\"color: #333333;text-align: left\" width=\"25%\">Sur :<\/td>\n<td style=\"color: #333333;text-align: left\" width=\"50%\">14 pr\u00e9sents<\/td>\n<\/tr>\n<tr>\n<td style=\"color: #333333;text-align: left\"><\/td>\n<td style=\"color: #333333;text-align: left\">Pour :<\/td>\n<td style=\"color: #333333;text-align: left\">20 dont 6 pvrs<\/td>\n<\/tr>\n<tr>\n<td style=\"color: #333333;text-align: left\"><\/td>\n<td style=\"color: #333333;text-align: left\">Contre :<\/td>\n<td style=\"color: #333333;text-align: left\">0<\/td>\n<\/tr>\n<tr>\n<td style=\"color: #333333;text-align: left\"><\/td>\n<td style=\"color: #333333;text-align: left\">Abstentions :<\/td>\n<td style=\"color: #333333;text-align: left\">0<\/td>\n<\/tr>\n<\/tbody>\n<\/table>\n<p style=\"color: #333333;padding-left: 40px\" align=\"justify\"><em>L&#8217;adjointe aux finances remercie Madame Aur\u00e9lie GAMEZ DGS et Monsieur Guillaume SIMON Responsable financier pour le travail effectu\u00e9 ces derni\u00e8res semaines m\u00eame si cela rel\u00e8ve de leurs t\u00e2ches habituelles.\nA la suite d&#8217;anomalies techniques apparues sur le compte de gestion de la tr\u00e9sorerie li\u00e9es \u00e0 une d\u00e9lib\u00e9ration modificative du budget de novembre 2022. Les votes du compte de gestion et du compte administratif ne pourront pas se faire ce jour. Ils devront \u00eatre vot\u00e9s avant fin juin 2023.\nPour les votes des budgets : principal et annexe, il est donc propos\u00e9 au conseil municipal de voter la reprise anticip\u00e9e des r\u00e9sultats et de permettre ainsi les votes des budgets avec ceux-ci.<\/em><\/p>\n<p style=\"color: #333333;padding-left: 40px\" align=\"justify\"><em>Le conseil municipal \u00e0 l&#8217;unanimit\u00e9 accepte que les points 2 et 3 soient retir\u00e9s de l&#8217;ordre du jour.\nLe conseil municipal \u00e0 l&#8217;unanimit\u00e9 accepte de d\u00e9lib\u00e9rer sur la reprise des r\u00e9sultats par anticipation.<\/em><\/p>\n<p style=\"color: #333333\"><b>Arriv\u00e9e de Madame C\u00e9line DUMAINE<\/b><\/p>\n<p id=\"MODIF\" style=\"color: #333333\"><b>Nouvel ordre du jour :<\/b><\/p>\n\n<ol style=\"padding-left: 40px\">\n \t<li><a href=\"#CM30032023Un\">D\u00e9lib\u00e9ration approbation du Proc\u00e8s-verbal du 27 f\u00e9vrier 2023<\/a><\/li>\n \t<li><a href=\"#CM30032023Deux\">Reprise du r\u00e9sultat 2022 par anticipation du budget principal de la commune<\/a><\/li>\n \t<li><a href=\"#CM30032023Trois\">D\u00e9termination et affectation des r\u00e9sultats anticip\u00e9s du budget principal de la commune<\/a><\/li>\n \t<li><a href=\"#CM30032023Quatre\">Bilan des acquisitions et cessions 2022 budget principal<\/a><\/li>\n \t<li><a href=\"#CM30032023Cinq\">Reprise des r\u00e9sultats 2022 pour le budget annexe Lotissement Ferme Jourdan<\/a><\/li>\n \t<li><a href=\"#CM30032023Six\">Affectation du r\u00e9sultat 2022 annexe Lotissement Ferme Jourdan<\/a><\/li>\n \t<li><a href=\"#CM30032023Sept\">Bilan des acquisitions et cessions 2022 annexe Lotissement Ferme Jourdan<\/a><\/li>\n \t<li><a href=\"#CM30032023Huit\">Taux des taxes locales 2023<\/a><\/li>\n \t<li><a href=\"#CM30032023Neuf\">Budget Principal commune 2023<\/a><\/li>\n \t<li><a href=\"#CM30032023Dix\">Budget Annexe Lottissement Ferme Jourdan 2023<\/a><\/li>\n \t<li><a href=\"#CM30032023Onze\">Subvention 2023 au CCAS<\/a><\/li>\n \t<li><a href=\"#CM30032023Douze\">Subventions 2023 aux associations<\/a><\/li>\n \t<li><a href=\"#CM30032023Treize\">D\u00e9lib\u00e9ration ALSH \u00e0 compter de 2023 &#8211; Tarifs &#8211;<\/a><\/li>\n \t<li><a href=\"#CM30032023Quatorze\">D\u00e9lib\u00e9ration demande de pr\u00eat agent communal<\/a><\/li>\n \t<li><a href=\"#CM30032023Quinze\">D\u00e9lib\u00e9ration cadeau de f\u00eate des m\u00e8res<\/a><\/li>\n \t<li><a href=\"#CM30032023Seize\">D\u00e9lib\u00e9ration personnel saisonnier vacances d&#8217;\u00e9t\u00e9 2023<\/a><\/li>\n<\/ol>\n<ul>\n \t<li><a href=\"#CM30032023QD\">Questions diverses<\/a><\/li>\n<\/ul>\n<div id=\"CM30032023Deux\" style=\"color: #333333\"><strong><u>2 &#8211; Reprise du r\u00e9sultat 2022 par anticipation du budget principal de la commune :<\/u><\/strong><\/div>\n<p style=\"color: #333333;padding-left: 40px\" align=\"justify\"><em>Pr\u00e9sentation est faite par Madame L&#8217;Adjointe aux finances.<\/em><\/p>\n<p style=\"color: #333333;padding-left: 40px\" align=\"justify\"><em>Consid\u00e9rant les r\u00e9sultats par anticipation ci-dessous de cl\u00f4ture de l&#8217;exercice 2022,\nConsid\u00e9rant la validation des r\u00e9sultats anticip\u00e9s par la tr\u00e9sorerie<\/em><\/p>\n<p style=\"color: #333333\"><strong>Le Conseil Municipal,<\/strong> apr\u00e8s en avoir d\u00e9lib\u00e9r\u00e9,\npar\u00a021 voix pour,\u00a00 voix contre,\u00a00\u00a0abstention<\/p>\n\n<table width=\"75%\">\n<tbody>\n<tr>\n<td style=\"color: #333333\" width=\"25%\"><strong><u>DECIDE<\/u><\/strong><\/td>\n<td style=\"color: #333333;text-align: justify\" width=\"75%\">de valider les r\u00e9sultats ci-dessous par anticipation de l&#8217;exercice 2022 :<\/td>\n<\/tr>\n<\/tbody>\n<\/table>\n<p style=\"color: #333333\" align=\"right\"><em><small>D\u00e9lib\u00e9ration n\u00b0 2023-03-30-D-02<\/small><\/em><\/p>\n\n<table align=\"right\" bgcolor=\"#EEEEEE\">\n<tbody>\n<tr>\n<td style=\"color: #333333;text-align: left\" width=\"25%\"><strong><u>D\u00e9cision<\/u><\/strong><\/td>\n<td style=\"color: #333333;text-align: left\" width=\"25%\">Sur :<\/td>\n<td style=\"color: #333333;text-align: left\" width=\"50%\">15 pr\u00e9sents<\/td>\n<\/tr>\n<tr>\n<td style=\"color: #333333;text-align: left\"><\/td>\n<td style=\"color: #333333;text-align: left\">Pour :<\/td>\n<td style=\"color: #333333;text-align: left\">21 dont 6 pvrs<\/td>\n<\/tr>\n<tr>\n<td style=\"color: #333333;text-align: left\"><\/td>\n<td style=\"color: #333333;text-align: left\">Contre :<\/td>\n<td style=\"color: #333333;text-align: left\">0<\/td>\n<\/tr>\n<tr>\n<td style=\"color: #333333;text-align: left\"><\/td>\n<td style=\"color: #333333;text-align: left\">Abstentions :<\/td>\n<td style=\"color: #333333;text-align: left\">0<\/td>\n<\/tr>\n<\/tbody>\n<\/table>\n\n<hr \/>\n<p style=\"color: #333333\" align=\"center\"><strong>R\u00e9sultats anticip\u00e9s de la commune de Thiant\n2022\npour une reprise sur le budget 2023<\/strong><\/p>\n\n<table width=\"100%\" align=\"center\" bgcolor=\"#EEEEEE\">\n<tbody>\n<tr>\n<td width=\"33%\"><\/td>\n<td style=\"color: #333333;text-align: left;font-size: 1rem\" width=\"33%\"><strong>R\u00e9sultat de cl\u00f4ture 2021<\/strong><\/td>\n<td style=\"color: #333333;text-align: right;font-size: 1rem\" width=\"33%\"><strong>1 670 149,63 \u20ac<\/strong><\/td>\n<\/tr>\n<tr>\n<td><\/td>\n<td style=\"color: #333333;text-align: left;font-size: 1rem\"><strong>Affectation \u00e0 l&#8217;investissement<\/strong><\/td>\n<td style=\"color: #333333;text-align: right;font-size: 1rem\"><strong>777 627,39 \u20ac<\/strong><\/td>\n<\/tr>\n<tr>\n<td><\/td>\n<td><\/td>\n<td style=\"color: #333333;text-align: right;font-size: 1rem\"><strong>892 522,24 \u20ac<\/strong><\/td>\n<\/tr>\n<tr>\n<td style=\"color: #333333;text-align: left;font-size: 1rem\" colspan=\"3\"><strong>FONCTIONNEMENT<\/strong><\/td>\n<\/tr>\n<tr>\n<td><\/td>\n<td style=\"color: #333333;text-align: left;font-size: 1rem\"><strong>RECETTES<\/strong><\/td>\n<td style=\"color: #333333;text-align: right;font-size: 1rem\"><strong>3 605 839,36 \u20ac<\/strong><\/td>\n<\/tr>\n<tr>\n<td><\/td>\n<td style=\"color: #333333;text-align: left;font-size: 1rem\"><strong>DEPENSES<\/strong><\/td>\n<td style=\"color: #333333;text-align: right;font-size: 1rem\"><strong>2 534 897,86 \u20ac<\/strong><\/td>\n<\/tr>\n<tr>\n<td><\/td>\n<td style=\"color: #333333;text-align: left;font-size: 1rem\"><strong>RECETTES<\/strong><\/td>\n<td style=\"color: #333333;text-align: right;font-size: 1rem\"><strong>2 130 564,89 \u20ac<\/strong><\/td>\n<\/tr>\n<tr>\n<td><\/td>\n<td style=\"color: #333333;text-align: left;font-size: 1rem\"><strong>DEPENSES<\/strong><\/td>\n<td style=\"color: #333333;text-align: right;font-size: 1rem\"><strong>2 474 696,41 \u20ac<\/strong><\/td>\n<\/tr>\n<tr>\n<td><\/td>\n<td style=\"color: #333333;text-align: left;font-size: 1rem\"><strong>SOLDE 2022<\/strong><\/td>\n<td style=\"color: #333333;text-align: right;font-size: 1rem\"><strong>726 809,98 \u20ac<\/strong><\/td>\n<\/tr>\n<tr>\n<td style=\"color: #333333;text-align: left;font-size: 1rem\" colspan=\"2\" bgcolor=\"gold\">RESULTAT FONCTIONNEMENT CUMULE<\/td>\n<td style=\"color: #333333;text-align: right;font-size: 1rem\" bgcolor=\"pink\">1 619 332,22 \u20ac<\/td>\n<\/tr>\n<tr>\n<td><\/td>\n<td style=\"color: #333333;text-align: left;font-size: 1rem\"><strong>AVANT 2022<\/strong><\/td>\n<td style=\"color: red;text-align: right;font-size: 1rem\"><strong>&#8211; 438 427,39 \u20ac<\/strong><\/td>\n<\/tr>\n<tr>\n<td style=\"color: #333333;text-align: left;font-size: 1rem\" colspan=\"3\"><strong>INVESTISSEMENT<\/strong><\/td>\n<\/tr>\n<tr>\n<td><\/td>\n<td style=\"color: #333333;text-align: left;font-size: 1rem\"><strong>RECETTES<\/strong><\/td>\n<td style=\"color: #333333;text-align: right;font-size: 1rem\"><strong>1 095 331,32 \u20ac<\/strong><\/td>\n<\/tr>\n<tr>\n<td><\/td>\n<td style=\"color: #333333;text-align: left;font-size: 1rem\"><strong>DEPENSES<\/strong><\/td>\n<td style=\"color: #333333;text-align: right;font-size: 1rem\"><strong>1 022 446,26 \u20ac<\/strong><\/td>\n<\/tr>\n<tr>\n<td><\/td>\n<td style=\"color: #333333;text-align: left;font-size: 1rem\"><strong>RECETTES<\/strong><\/td>\n<td style=\"color: #333333;text-align: right;font-size: 1rem\"><strong>2 553 119,21 \u20ac<\/strong><\/td>\n<\/tr>\n<tr>\n<td><\/td>\n<td style=\"color: #333333;text-align: left;font-size: 1rem\"><strong>DEPENSES<\/strong><\/td>\n<td style=\"color: #333333;text-align: right;font-size: 1rem\"><strong>2 208 987,69 \u20ac<\/strong><\/td>\n<\/tr>\n<tr>\n<td><\/td>\n<td style=\"color: #333333;text-align: left;font-size: 1rem\"><strong>SOLDE 2022<\/strong><\/td>\n<td style=\"color: #333333;text-align: right;font-size: 1rem\"><strong>417 016,58 \u20ac<\/strong><\/td>\n<\/tr>\n<tr>\n<td style=\"color: #333333;text-align: left;font-size: 1rem\" colspan=\"2\" bgcolor=\"gold\">RESULTAT INVESTISSEMENT CUMULE<\/td>\n<td style=\"color: red;text-align: right;font-size: 1rem\" bgcolor=\"gold\">&#8211; 21 410,81 \u20ac<\/td>\n<\/tr>\n<tr>\n<td><\/td>\n<td><\/td>\n<td><\/td>\n<\/tr>\n<tr>\n<td style=\"color: #333333;text-align: left;font-size: 1rem\" colspan=\"2\" bgcolor=\"orange\">R\u00e9sultat global fonctionnement et investissement<\/td>\n<td style=\"color: #333333;text-align: right;font-size: 1rem\" bgcolor=\"orange\">1 597 921,41 \u20ac<\/td>\n<\/tr>\n<tr>\n<td><\/td>\n<td><\/td>\n<td><\/td>\n<\/tr>\n<tr>\n<td><\/td>\n<td style=\"color: #333333;text-align: left;font-size: 1rem\" bgcolor=\"CornflowerBlue\">RESTES A REALISER<\/td>\n<td style=\"color: red;text-align: right;font-size: 1rem\" bgcolor=\"CornflowerBlue\">&#8211; 58 000,00 \u20ac<\/td>\n<\/tr>\n<tr>\n<td><\/td>\n<td><\/td>\n<td style=\"color: #333333;text-align: right;font-size: 1rem\" bgcolor=\"CornflowerBlue\">40 368,00 \u20ac<\/td>\n<\/tr>\n<tr>\n<td style=\"color: #333333;text-align: left;font-size: 1rem\" colspan=\"2\">RESULTAT INVESTISSEMENT CUMULE net<\/td>\n<td style=\"color: red;text-align: right;font-size: 1rem\" bgcolor=\"gold\">&#8211; 39 042,81 \u20ac<\/td>\n<\/tr>\n<\/tbody>\n<\/table>\n\n<hr \/>\n\n<div id=\"CM30032023Trois\" style=\"color: #333333\"><strong><u>3 &#8211; D\u00e9termination et affectation des r\u00e9sultats anticip\u00e9s du budget principal de la commune<\/u><\/strong><\/div>\n<p style=\"color: #333333;padding-left: 40px\" align=\"justify\"><em>Pr\u00e9sentation est faite par Madame L&#8217;Adjointe aux finances.<\/em><\/p>\n\n<table width=\"75%\">\n<tbody>\n<tr>\n<td style=\"color: #333333\" width=\"25%\"><strong>Consid\u00e9rant<\/strong><\/td>\n<td style=\"color: #333333;text-align: justify\" width=\"75%\">les articles L. 2311-5 et R.2311-11 du Code G\u00e9n\u00e9ral des Collectivit\u00e9s Territoriales ;<\/td>\n<\/tr>\n<tr>\n<td style=\"color: #333333\" width=\"25%\"><strong>Consid\u00e9rant<\/strong><\/td>\n<td style=\"color: #333333;text-align: justify\" width=\"75%\">l&#8217;instruction comptable M14 et notamment son tome II, titre 3, chapitre 5, relatif \u00e0 la d\u00e9termination des r\u00e9sultats ;\n\nApr\u00e8s avoir approuv\u00e9 les r\u00e9sultats par anticipation 2022 qui pr\u00e9sentent un exc\u00e9dent de fonctionnement de 1 619 332,22 \u20ac selon le d\u00e9tail dessous (H);<\/td>\n<\/tr>\n<tr>\n<td style=\"color: #333333\" width=\"25%\"><strong>Constatant<\/strong><\/td>\n<td style=\"color: #333333;text-align: justify\" width=\"75%\">que la section d&#8217;investissement fait apparaitre :\n<ul style=\"color: #333333;text-align: justify\">\n \t<li>un solde d&#8217;ex\u00e9cution global d\u00e9ficitaire de -21 410,81 (C),<\/li>\n \t<li>un solde des restes \u00e0 r\u00e9aliser de -17 632,00 \u20ac (D),<\/li>\n<\/ul>\nselon le d\u00e9tail ci dessous, et d\u00e9gageant un besoin de financement 39 042,81 \u20ac (E);<\/td>\n<\/tr>\n<tr>\n<td style=\"color: #333333\" width=\"25%\"><strong>Constatant<\/strong><\/td>\n<td style=\"color: #333333;text-align: justify\" width=\"75%\">les \u00e9tats des restes \u00e0 r\u00e9aliser au 31 D\u00e9cembre de l&#8217;ann\u00e9e consid\u00e9r\u00e9e ;<\/td>\n<\/tr>\n<tr>\n<td style=\"color: #333333\" width=\"25%\"><strong>Constatant<\/strong><\/td>\n<td style=\"color: #333333;text-align: justify\" width=\"75%\">que le budget 2022 comportait en pr\u00e9vision un virement de la section de fonctionnement (compte 023) \u00e0 la section d&#8217;investissement (compte 021) de 980 864,84 \u20ac.<\/td>\n<\/tr>\n<\/tbody>\n<\/table>\n<p style=\"color: #333333\"><strong>Le Conseil Municipal apr\u00e8s en avoir d\u00e9lib\u00e9r\u00e9,<\/strong>\npar\u00a021 voix pour,\u00a00 voix contre,\u00a00\u00a0abstention<\/p>\n\n<table width=\"75%\">\n<tbody>\n<tr>\n<td style=\"color: #333333\" width=\"25%\"><strong>DECIDE<\/strong><\/td>\n<td style=\"color: #333333;text-align: justify\" width=\"75%\">d&#8217;affecter au budget de l&#8217;exercice 2023, l&#8217;exc\u00e9dent de cl\u00f4ture de la section de fonctionnement de l&#8217;exercice 2023- comme suit 1 619 332,22 \u20ac (H).<\/td>\n<\/tr>\n<\/tbody>\n<\/table>\n<table width=\"75%\" align=\"left\" bgcolor=\"#EEEEEE\">\n<tbody>\n<tr>\n<td style=\"color: #333333;text-align: left;vertical-align: top;font-size: 1rem\" rowspan=\"3\" width=\"5%\"><strong>A<\/strong><\/td>\n<td style=\"color: #333333;text-align: left;font-size: 1rem\" colspan=\"3\" width=\"45%\"><strong>D\u00e9termination du r\u00e9sultat d&#8217;investissement de l&#8217;exercice<\/strong><\/td>\n<\/tr>\n<tr>\n<td style=\"color: #333333;text-align: left;font-size: 1rem\">Recettes d&#8217;investissement (H)<\/td>\n<td style=\"color: #333333;text-align: right;font-size: 1rem\">3 648 450,53 \u20ac<\/td>\n<td style=\"color: #333333;text-align: right;font-size: 1rem\" rowspan=\"2\">417 016,58 \u20ac<\/td>\n<\/tr>\n<tr>\n<td style=\"color: #333333;text-align: left;font-size: 1rem\">D\u00e9penses d&#8217;investissement (B)<\/td>\n<td style=\"color: #333333;text-align: right;font-size: 1rem\">3 231 433,95 \u20ac<\/td>\n<\/tr>\n<tr>\n<td style=\"color: #333333;text-align: left;font-size: 1rem\" width=\"5%\"><strong>B<\/strong><\/td>\n<td style=\"color: #333333;text-align: left;font-size: 1rem\" width=\"45%\">R\u00e9sultats ann\u00e9e N-1 (D ou J)<\/td>\n<td width=\"25%\"><\/td>\n<td style=\"color: #333333;text-align: right;font-size: 1rem\" width=\"25%\">&#8211; 438 427,39\u20ac<\/td>\n<\/tr>\n<tr>\n<td style=\"color: #333333;text-align: left;font-size: 1rem\"><strong>C<\/strong><\/td>\n<td style=\"color: #333333;text-align: left;font-size: 1rem\"><strong>R\u00e9sultat comptable cumul\u00e9 (A + B)<\/strong><\/td>\n<td><\/td>\n<td style=\"color: red;text-align: right;font-size: 1rem\"><strong>&#8211; 21 410,81 \u20ac<\/strong><\/td>\n<\/tr>\n<tr>\n<td style=\"color: #333333;text-align: left;vertical-align: top;font-size: 1rem\" rowspan=\"3\" width=\"5%\"><strong>D<\/strong><\/td>\n<td style=\"color: #333333;text-align: left;font-size: 1rem\"><strong>Solde des cr\u00e9dits report\u00e9s 2021<\/strong><\/td>\n<td><\/td>\n<td><\/td>\n<\/tr>\n<tr>\n<td style=\"color: #333333;text-align: left;font-size: 1rem\">Recettes<\/td>\n<td style=\"color: #333333;text-align: right;font-size: 1rem\">40 368,00 \u20ac<\/td>\n<td style=\"color: #333333;text-align: right;font-size: 1rem\" rowspan=\"2\">&#8211; 17 632,00 \u20ac<\/td>\n<\/tr>\n<tr>\n<td style=\"color: #333333;text-align: left;font-size: 1rem\">D\u00e9penses<\/td>\n<td style=\"color: #333333;text-align: right;font-size: 1rem\">58 000,00 \u20ac<\/td>\n<\/tr>\n<tr>\n<td style=\"color: #333333;text-align: left;font-size: 1rem\"><strong>E<\/strong><\/td>\n<td style=\"color: #333333;text-align: left;font-size: 1rem\"><strong>R\u00e9sultat Budg\u00e9taire (C + D)<\/strong><\/td>\n<td><\/td>\n<td style=\"color: red;text-align: right;font-size: 1rem\"><strong>&#8211; 39 042,81 \u20ac<\/strong><\/td>\n<\/tr>\n<tr>\n<td style=\"color: #333333;text-align: left;vertical-align: top;font-size: 1rem\" rowspan=\"3\" width=\"5%\"><strong>F<\/strong><\/td>\n<td style=\"color: #333333;text-align: left;font-size: 1rem\" colspan=\"3\" width=\"45%\"><strong>D\u00e9termination du r\u00e9sultat de fonctionnement de l&#8217;exercice<\/strong><\/td>\n<\/tr>\n<tr>\n<td style=\"color: #333333;text-align: left;font-size: 1rem\">Recettes de fonctionnement<\/td>\n<td style=\"color: #333333;text-align: right;font-size: 1rem\">5 736 404,25 \u20ac<\/td>\n<td style=\"color: #333333;text-align: right;font-size: 1rem\" rowspan=\"2\">726 809,98 \u20ac<\/td>\n<\/tr>\n<tr>\n<td style=\"color: #333333;text-align: left;font-size: 1rem\">D\u00e9penses de fonctionnement<\/td>\n<td style=\"color: #333333;text-align: right;font-size: 1rem\">5 009 594,27 \u20ac<\/td>\n<\/tr>\n<tr>\n<td style=\"color: #333333;text-align: left;font-size: 1rem\"><strong>G<\/strong><\/td>\n<td style=\"color: #333333;text-align: left;font-size: 1rem\">R\u00e9sultats ann\u00e9e N-1 (D ou J)<\/td>\n<td><\/td>\n<td style=\"color: #333333;text-align: right;font-size: 1rem\">892 522,24 \u20ac<\/td>\n<\/tr>\n<tr>\n<td style=\"color: #333333;text-align: left;font-size: 1rem\"><strong>H<\/strong><\/td>\n<td style=\"color: #333333;text-align: left;font-size: 1rem\"><strong>R\u00e9sultat comptable cumul\u00e9 (F + G)<\/strong><\/td>\n<td><\/td>\n<td style=\"color: #333333;text-align: right;font-size: 1rem\"><strong>1 619 332,22 \u20ac<\/strong><\/td>\n<\/tr>\n<tr>\n<td colspan=\"4\" bgcolor=\"#777777\" height=\"1px\"><\/td>\n<\/tr>\n<tr>\n<td style=\"color: #333333;text-align: left;vertical-align: top;font-size: 1rem\" rowspan=\"2\" width=\"5%\"><strong>G<\/strong><\/td>\n<td style=\"color: #333333;text-align: left;font-size: 1rem\" colspan=\"3\" width=\"45%\"><strong>Affectation du r\u00e9sultat de fonctionnement<\/strong><\/td>\n<\/tr>\n<tr>\n<td style=\"color: #333333;text-align: left;font-size: 1rem\">R\u00e9sultat ann\u00e9e N<\/td>\n<td><\/td>\n<td style=\"color: #333333;text-align: right;font-size: 1rem\">1 012 423,41 \u20ac<\/td>\n<\/tr>\n<tr>\n<td style=\"color: #333333;text-align: left;vertical-align: top;font-size: 1rem\" rowspan=\"5\" width=\"5%\"><strong>H<\/strong><\/td>\n<td style=\"color: #333333;text-align: left;font-size: 1rem\"><strong>R\u00e9sultat \u00e0 affecter<\/strong><\/td>\n<td><\/td>\n<td><\/td>\n<\/tr>\n<tr>\n<td style=\"color: #333333;text-align: left;font-size: 1rem\" colspan=\"2\">Couverture du d\u00e9ficit de fonctionnement par r\u00e9duction des charges<\/td>\n<td style=\"color: #333333;text-align: right;vertical-align: middle;font-size: 1rem\" rowspan=\"4\">606 908,81 \u20ac<\/td>\n<\/tr>\n<tr>\n<td style=\"color: #333333;text-align: left;font-size: 1rem\">Couverture du d\u00e9ficit d&#8217;investissement (C \/ 1068)<\/td>\n<td style=\"color: #333333;text-align: right;font-size: 1rem\">39 042,81 \u20ac<\/td>\n<\/tr>\n<tr>\n<td style=\"color: #333333;text-align: left;font-size: 1rem\">Autofinancement compl\u00e9mentaire (C \/ 1068)<\/td>\n<td style=\"color: #333333;text-align: right;font-size: 1rem\">567 866,00 \u20ac<\/td>\n<\/tr>\n<tr>\n<td style=\"color: #333333;text-align: left;font-size: 1rem\">Report \u00e0 nouveau<\/td>\n<td><\/td>\n<\/tr>\n<\/tbody>\n<\/table>\n<p style=\"color: #333333;padding-left: 40px\" align=\"justify\">Consid\u00e9rant le r\u00e9sultat de cl\u00f4ture de l&#8217;exercice 2022,<\/p>\n<p style=\"color: #333333\"><strong>Le Conseil Municipal apr\u00e8s en avoir d\u00e9lib\u00e9r\u00e9,<\/strong>\npar\u00a021 voix pour,\u00a00 voix contre,\u00a00\u00a0abstention<\/p>\n\n<table width=\"75%\">\n<tbody>\n<tr>\n<td style=\"color: #333333\" width=\"25%\"><strong>DECIDE<\/strong><\/td>\n<td style=\"color: #333333;text-align: justify\" width=\"75%\">de reprendre comme suit au budget 2023 les exc\u00e9dents de l&#8217;exercice 2022 :<\/td>\n<\/tr>\n<\/tbody>\n<\/table>\n<table width=\"75%\" align=\"left\">\n<tbody>\n<tr>\n<td width=\"30%\"><\/td>\n<td style=\"color: #333333;text-align: center;font-size: 1rem\" bgcolor=\"#EEEEEE\" width=\"35%\"><strong>Recettes<\/strong><\/td>\n<td style=\"color: #333333;text-align: center;font-size: 1rem\" colspan=\"2\" bgcolor=\"#EEEEEE\" width=\"35%\"><strong>D\u00e9penses<\/strong><\/td>\n<\/tr>\n<tr bgcolor=\"#EEEEEE\">\n<td style=\"color: #333333;text-align: left;font-size: 1rem\"><strong>Section de fonctionnement<\/strong>\nC \/ 002<\/td>\n<td style=\"color: #333333;text-align: right;font-size: 1rem\">1 012 423,41 \u20ac<\/td>\n<td style=\"color: #333333;text-align: right;font-size: 1rem\" colspan=\"2\"><\/td>\n<\/tr>\n<tr bgcolor=\"#EEEEEE\">\n<td style=\"color: #333333;text-align: left;font-size: 1rem\"><strong>Section d&#8217;investissement<\/strong><\/td>\n<td style=\"color: #333333;text-align: center;font-size: 1rem\"><strong>Recettes<\/strong><\/td>\n<td style=\"color: #333333;text-align: center;font-size: 1rem\" colspan=\"2\"><strong>D\u00e9penses<\/strong><\/td>\n<\/tr>\n<tr bgcolor=\"#EEEEEE\">\n<td style=\"color: #333333;text-align: left;font-size: 1rem\"><\/td>\n<td style=\"color: #333333;text-align: right;font-size: 1rem\"><\/td>\n<td style=\"color: #333333;text-align: center;font-size: 1rem\" colspan=\"2\">cr\u00e9dits report\u00e9s<\/td>\n<\/tr>\n<tr bgcolor=\"#EEEEEE\">\n<td style=\"color: #333333;text-align: left;font-size: 1rem\">C \/ 001<\/td>\n<td style=\"color: #333333;text-align: right;font-size: 1rem\" bgcolor=\"#EEEEEE\"><\/td>\n<td style=\"color: #333333;text-align: right;font-size: 1rem\" colspan=\"2\" bgcolor=\"#EEEEEE\"><strong>21 410,81 \u20ac<\/strong><\/td>\n<\/tr>\n<tr bgcolor=\"#EEEEEE\">\n<td style=\"color: #333333;text-align: left;font-size: 1rem\">C \/ 1068\n<small>(couverture d\u00e9ficit d&#8217;investissement)<\/small><\/td>\n<td style=\"color: #333333;text-align: right;font-size: 1rem\">39 042,81 \u20ac<\/td>\n<td style=\"color: #333333;text-align: left;font-size: 1rem\">C 20 \/ 2031\nC 21 \/<\/td>\n<td style=\"color: #333333;text-align: right;font-size: 1rem\">&#8211; \u20ac\n5 000,00\u20ac<\/td>\n<\/tr>\n<tr bgcolor=\"#EEEEEE\">\n<td style=\"color: #333333;text-align: left;font-size: 1rem\">C 13\/ 13251\n<small>(cr\u00e9dits report\u00e9s)<\/small><\/td>\n<td style=\"color: #333333;text-align: right;font-size: 1rem\">40 368,00 \u20ac<\/td>\n<td style=\"color: #333333;text-align: left;font-size: 1rem\">C 23 \/<\/td>\n<td style=\"color: #333333;text-align: right;font-size: 1rem\">53 000,00\u20ac<\/td>\n<\/tr>\n<tr bgcolor=\"#EEEEEE\">\n<td height=\"1px\"><\/td>\n<td bgcolor=\"#777777\"><\/td>\n<td><\/td>\n<td bgcolor=\"#777777\"><\/td>\n<\/tr>\n<tr bgcolor=\"#EEEEEE\">\n<td style=\"color: #333333;text-align: left;font-size: 1rem\"><strong>Sous total<\/strong><\/td>\n<td style=\"color: #333333;text-align: right;font-size: 1rem\"><strong>79 410,81 \u20ac<\/strong><\/td>\n<td><\/td>\n<td style=\"color: #333333;text-align: right;font-size: 1rem\"><strong>79 410,81 \u20ac<\/strong><\/td>\n<\/tr>\n<tr bgcolor=\"#EEEEEE\">\n<td style=\"color: #333333;text-align: left;font-size: 1rem\">C \/ 1068\n<small>(autofinancement compl\u00e9mentaire)<\/small><\/td>\n<td style=\"color: #333333;text-align: right;font-size: 1rem\"><strong>567 866,00 \u20ac<\/strong><\/td>\n<td style=\"color: #333333;text-align: right;font-size: 1rem\" colspan=\"2\"><\/td>\n<\/tr>\n<tr bgcolor=\"#EEEEEE\">\n<td style=\"color: #333333;text-align: left;font-size: 1rem\"><strong>TOTAL<\/strong><\/td>\n<td style=\"color: #333333;text-align: right;font-size: 1rem\" bgcolor=\"#EEEEEE\"><strong>647 276,81 \u20ac<\/strong><\/td>\n<td style=\"color: #333333;text-align: center;font-size: 1rem\" colspan=\"2\" bgcolor=\"#EEEEEE\"><strong>79 410,81 \u20ac<\/strong><\/td>\n<\/tr>\n<\/tbody>\n<\/table>\n<p style=\"color: #333333\" align=\"right\"><em><small>D\u00e9lib\u00e9ration n\u00b0 2023-03-30-D-03<\/small><\/em><\/p>\n\n<table align=\"right\" bgcolor=\"#EEEEEE\">\n<tbody>\n<tr>\n<td style=\"color: #333333;text-align: left\" width=\"25%\"><strong><u>D\u00e9cision<\/u><\/strong><\/td>\n<td style=\"color: #333333;text-align: left\" width=\"25%\">Sur :<\/td>\n<td style=\"color: #333333;text-align: left\" width=\"50%\">15 pr\u00e9sents<\/td>\n<\/tr>\n<tr>\n<td style=\"color: #333333;text-align: left\"><\/td>\n<td style=\"color: #333333;text-align: left\">Pour :<\/td>\n<td style=\"color: #333333;text-align: left\">21 dont 6 pvrs<\/td>\n<\/tr>\n<tr>\n<td style=\"color: #333333;text-align: left\"><\/td>\n<td style=\"color: #333333;text-align: left\">Contre :<\/td>\n<td style=\"color: #333333;text-align: left\">0<\/td>\n<\/tr>\n<tr>\n<td style=\"color: #333333;text-align: left\"><\/td>\n<td style=\"color: #333333;text-align: left\">Abstentions :<\/td>\n<td style=\"color: #333333;text-align: left\">0<\/td>\n<\/tr>\n<\/tbody>\n<\/table>\n<div id=\"CM30032023Quatre\" style=\"color: #333333\"><strong><u>4 &#8211; Bilan des acquisitions et cessions 2022 budget principal<\/u><\/strong><\/div>\n<p style=\"color: #333333;padding-left: 40px\" align=\"justify\"><em>Pr\u00e9sentation est faite par Madame L&#8217;Adjointe aux finances.<\/em><\/p>\n<p style=\"color: #333333;padding-left: 40px\" align=\"justify\">Consid\u00e9rant que l&#8217;article L. 2241-1 du Code g\u00e9n\u00e9ral des collectivit\u00e9s territoriales pr\u00e9voit la tenue par les communes de plus de 2000 habitants, d&#8217;un bilan des acquisitions et cessions op\u00e9r\u00e9es sur le territoire de la commune par celle-ci ou par une personne publique ou priv\u00e9e agissant dans le cadre d&#8217;une convention ou d\u00e9l\u00e9gation avec cette commune ;\nConsid\u00e9rant que, chaque ann\u00e9e, selon ce m\u00eame article, le bilan, qui doit \u00eatre annex\u00e9 au compte administratif de la commune, donne lieu \u00e0 d\u00e9lib\u00e9ration du conseil municipal ;<\/p>\n<p style=\"color: #333333\"><strong>Le Conseil Municipal apr\u00e8s en avoir d\u00e9lib\u00e9r\u00e9,<\/strong>\npar\u00a021 voix pour,\u00a00 voix contre,\u00a00\u00a0abstention<\/p>\n\n<table width=\"75%\">\n<tbody>\n<tr>\n<td style=\"color: #333333\" width=\"25%\"><strong>APPROUVE<\/strong><\/td>\n<td style=\"color: #333333;text-align: justify\" width=\"75%\">le bilan ci-dessous.<\/td>\n<\/tr>\n<\/tbody>\n<\/table>\n<p style=\"color: #333333;padding-left: 40px\" align=\"justify\"><strong>Acquisitions et cessions r\u00e9alis\u00e9es entre le 1<sup>er<\/sup> janvier et le 31 d\u00e9cembre 2022<\/strong><\/p>\n\n<table width=\"75%\" align=\"left\" bgcolor=\"#EEEEEE\">\n<tbody>\n<tr>\n<td style=\"color: #333333;text-align: center;font-size: 1rem\" width=\"16%\"><strong>D\u00e9signation des biens<\/strong><\/td>\n<td style=\"color: #333333;text-align: center;font-size: 1rem\" width=\"16%\"><strong>R\u00e9f\u00e9rences cadastrales<\/strong><\/td>\n<td style=\"color: #333333;text-align: center;font-size: 1rem\" width=\"16%\"><strong>Surfaces<\/strong><\/td>\n<td style=\"color: #333333;text-align: left;font-size: 1rem\" width=\"16%\"><strong>Adresse des biens<\/strong><\/td>\n<td style=\"color: #333333;text-align: center;font-size: 1rem\" width=\"16%\"><strong>Propri\u00e9taire<\/strong><\/td>\n<td style=\"color: #333333;text-align: center;font-size: 1rem\" width=\"16%\"><strong>Montant de la transaction (hors frais)<\/strong><\/td>\n<\/tr>\n<tr>\n<td style=\"color: #333333;text-align: center;font-size: 1rem\">VENTE<\/td>\n<td style=\"color: #333333;text-align: center;font-size: 1rem\">A3584<\/td>\n<td style=\"color: #333333;text-align: center;font-size: 1rem\">24a44ca<\/td>\n<td style=\"color: #333333;text-align: center;font-size: 1rem\">Rue du 19 mars<\/td>\n<td style=\"color: #333333;text-align: center;font-size: 1rem\">COMMUNE<\/td>\n<td style=\"color: #333333;text-align: center;vertical-align: middle;font-size: 1rem\" rowspan=\"2\">285 498,00<\/td>\n<\/tr>\n<tr>\n<td style=\"color: #333333;text-align: center;font-size: 1rem\">VENTE<\/td>\n<td style=\"color: #333333;text-align: center;font-size: 1rem\">A2718<\/td>\n<td style=\"color: #333333;text-align: center;font-size: 1rem\">1ha33a70ca<\/td>\n<td style=\"color: #333333;text-align: center;font-size: 1rem\">Rue du 19 mars<\/td>\n<td style=\"color: #333333;text-align: center;font-size: 1rem\">COMMUNE<\/td>\n<\/tr>\n<\/tbody>\n<\/table>\n<p style=\"color: #333333\" align=\"right\"><em><small>D\u00e9lib\u00e9ration n\u00b0 2023-03-30-D-04<\/small><\/em><\/p>\n\n<table align=\"right\" bgcolor=\"#EEEEEE\">\n<tbody>\n<tr>\n<td style=\"color: #333333;text-align: left\" width=\"25%\"><strong><u>D\u00e9cision<\/u><\/strong><\/td>\n<td style=\"color: #333333;text-align: left\" width=\"25%\">Sur :<\/td>\n<td style=\"color: #333333;text-align: left\" width=\"50%\">15 pr\u00e9sents<\/td>\n<\/tr>\n<tr>\n<td style=\"color: #333333;text-align: left\"><\/td>\n<td style=\"color: #333333;text-align: left\">Pour :<\/td>\n<td style=\"color: #333333;text-align: left\">21 dont 6 pvrs<\/td>\n<\/tr>\n<tr>\n<td style=\"color: #333333;text-align: left\"><\/td>\n<td style=\"color: #333333;text-align: left\">Contre :<\/td>\n<td style=\"color: #333333;text-align: left\">0<\/td>\n<\/tr>\n<tr>\n<td style=\"color: #333333;text-align: left\"><\/td>\n<td style=\"color: #333333;text-align: left\">Abstentions :<\/td>\n<td style=\"color: #333333;text-align: left\">0<\/td>\n<\/tr>\n<\/tbody>\n<\/table>\n<div id=\"CM30032023Cinq\" style=\"color: #333333\"><strong><u>5 &#8211; Reprise des r\u00e9sultats 2022 pour le budget annexe Lotissement Ferme Jourdan<\/u><\/strong><\/div>\n<p style=\"color: #333333;padding-left: 40px\" align=\"justify\"><em>Pr\u00e9sentation est faite par Madame L&#8217;Adjointe aux finances.<\/em><\/p>\n<p style=\"color: #333333;padding-left: 40px\" align=\"justify\">Consid\u00e9rant les r\u00e9sultats par anticipation ci dessous de cl\u00f4ture de l&#8217;exercice 2022,\nConsid\u00e9rant la validation des r\u00e9sultats anticip\u00e9s par la tr\u00e9sorerie<\/p>\n<p style=\"color: #333333\"><strong>Le Conseil Municipal apr\u00e8s en avoir d\u00e9lib\u00e9r\u00e9,<\/strong>\npar\u00a021 voix pour,\u00a00 voix contre,\u00a00\u00a0abstention<\/p>\n\n<table width=\"75%\">\n<tbody>\n<tr>\n<td style=\"color: #333333\" width=\"25%\"><strong>DECIDE<\/strong><\/td>\n<td style=\"color: #333333;text-align: justify\" width=\"75%\">de valider les r\u00e9sultats ci-dessous par anticipation de l&#8217;exercice 2022<\/td>\n<\/tr>\n<\/tbody>\n<\/table>\n\n<hr \/>\n<p style=\"color: #333333\" align=\"center\"><strong>R\u00e9sultats du budget annexe Lotissement Ferme JOURDAN de la commune de Thiant 2022<\/strong><\/p>\n\n<table width=\"100%\" align=\"center\" bgcolor=\"#EEEEEE\">\n<tbody>\n<tr>\n<td width=\"33%\"><\/td>\n<td style=\"color: #333333;text-align: left;font-size: 1rem\" width=\"33%\"><strong>AVANT 2022<\/strong><\/td>\n<td style=\"color: #333333;text-align: right;font-size: 1rem\" width=\"33%\"><strong>&#8211; \u20ac<\/strong><\/td>\n<\/tr>\n<tr>\n<td style=\"color: #333333;text-align: left;font-size: 1rem\" colspan=\"3\"><strong>FONCTIONNEMENT<\/strong><\/td>\n<\/tr>\n<tr>\n<td><\/td>\n<td style=\"color: #333333;text-align: left;font-size: 1rem\"><strong>RECETTES<\/strong><\/td>\n<td style=\"color: #333333;text-align: right;font-size: 1rem\"><strong>86 699,68 \u20ac<\/strong><\/td>\n<\/tr>\n<tr>\n<td><\/td>\n<td style=\"color: #333333;text-align: left;font-size: 1rem\"><strong>DEPENSES<\/strong><\/td>\n<td style=\"color: #333333;text-align: right;font-size: 1rem\"><strong>86 699,68 \u20ac<\/strong><\/td>\n<\/tr>\n<tr>\n<td><\/td>\n<td style=\"color: #333333;text-align: left;font-size: 1rem\"><strong>SOLDE 2022<\/strong><\/td>\n<td style=\"color: #333333;text-align: right;font-size: 1rem\"><strong>&#8211; \u20ac<\/strong><\/td>\n<\/tr>\n<tr>\n<td style=\"color: #333333;text-align: left;font-size: 1rem\" colspan=\"2\" bgcolor=\"gold\">RESULTAT FONCTIONNEMENT CUMULE<\/td>\n<td style=\"color: #333333;text-align: right;font-size: 1rem\" bgcolor=\"gold\">&#8211; \u20ac<\/td>\n<\/tr>\n<tr>\n<td><\/td>\n<td style=\"color: #333333;text-align: left;font-size: 1rem\"><strong>AVANT 2022<\/strong><\/td>\n<td style=\"color: #333333;text-align: right;font-size: 1rem\"><strong>756 777,66 \u20ac<\/strong><\/td>\n<\/tr>\n<tr>\n<td style=\"color: #333333;text-align: left;font-size: 1rem\" colspan=\"3\"><strong>INVESTISSEMENT<\/strong><\/td>\n<\/tr>\n<tr>\n<td><\/td>\n<td style=\"color: #333333;text-align: left;font-size: 1rem\"><strong>RECETTES<\/strong><\/td>\n<td style=\"color: #333333;text-align: right;font-size: 1rem\"><strong>5 270,00 \u20ac<\/strong><\/td>\n<\/tr>\n<tr>\n<td><\/td>\n<td style=\"color: #333333;text-align: left;font-size: 1rem\"><strong>DEPENSES<\/strong><\/td>\n<td style=\"color: #333333;text-align: right;font-size: 1rem\"><strong>86 699,68 \u20ac<\/strong><\/td>\n<\/tr>\n<tr>\n<td><\/td>\n<td style=\"color: #333333;text-align: left;font-size: 1rem\"><strong>SOLDE 2022<\/strong><\/td>\n<td style=\"color: red;text-align: right;font-size: 1rem\"><strong>&#8211; 81 429,68 \u20ac<\/strong><\/td>\n<\/tr>\n<tr>\n<td style=\"color: #333333;text-align: left;font-size: 1rem\" colspan=\"2\" bgcolor=\"gold\">RESULTAT INVESTISSEMENT CUMULE<\/td>\n<td style=\"color: red;text-align: right;font-size: 1rem\" bgcolor=\"gold\">675 347,98 \u20ac<\/td>\n<\/tr>\n<tr>\n<td><\/td>\n<td><\/td>\n<td><\/td>\n<\/tr>\n<tr>\n<td style=\"color: #333333;text-align: left;font-size: 1rem\">SOLDE<\/td>\n<td style=\"color: #333333;text-align: right;font-size: 1rem\">756 777,66<\/td>\n<td><\/td>\n<\/tr>\n<tr>\n<td><\/td>\n<td style=\"color: #333333;text-align: left;font-size: 1rem\">8 622,5<\/td>\n<td style=\"color: #333333;text-align: right;font-size: 1rem\">ETUDE<\/td>\n<\/tr>\n<tr>\n<td><\/td>\n<td style=\"color: #333333;text-align: left;font-size: 1rem\">72 807,18<\/td>\n<td style=\"color: red;text-align: right;font-size: 1rem\">TRAVAUX<\/td>\n<\/tr>\n<tr>\n<td style=\"color: #333333;text-align: left;font-size: 1rem\">Solde fin 2022<\/td>\n<td style=\"color: #333333;text-align: right;font-size: 1rem\">675 347,98<\/td>\n<td><\/td>\n<\/tr>\n<\/tbody>\n<\/table>\n\n<hr \/>\n<p style=\"color: #333333\" align=\"right\"><em><small>D\u00e9lib\u00e9ration n\u00b0 2023-03-30-D-05<\/small><\/em><\/p>\n\n<table align=\"right\" bgcolor=\"#EEEEEE\">\n<tbody>\n<tr>\n<td style=\"color: #333333;text-align: left\" width=\"25%\"><strong><u>D\u00e9cision<\/u><\/strong><\/td>\n<td style=\"color: #333333;text-align: left\" width=\"25%\">Sur :<\/td>\n<td style=\"color: #333333;text-align: left\" width=\"50%\">15 pr\u00e9sents<\/td>\n<\/tr>\n<tr>\n<td style=\"color: #333333;text-align: left\"><\/td>\n<td style=\"color: #333333;text-align: left\">Pour :<\/td>\n<td style=\"color: #333333;text-align: left\">21 dont 6 pvrs<\/td>\n<\/tr>\n<tr>\n<td style=\"color: #333333;text-align: left\"><\/td>\n<td style=\"color: #333333;text-align: left\">Contre :<\/td>\n<td style=\"color: #333333;text-align: left\">0<\/td>\n<\/tr>\n<tr>\n<td style=\"color: #333333;text-align: left\"><\/td>\n<td style=\"color: #333333;text-align: left\">Abstentions :<\/td>\n<td style=\"color: #333333;text-align: left\">0<\/td>\n<\/tr>\n<\/tbody>\n<\/table>\n<div id=\"CM30032023Six\" style=\"color: #333333\"><strong><u>6 &#8211; Affectation du r\u00e9sultat 2022 annexe Lotissement Ferme Jourdan<\/u><\/strong><\/div>\n<p style=\"color: #333333;padding-left: 40px\" align=\"justify\"><em>Pr\u00e9sentation est faite par Madame L&#8217;Adjointe aux finances.<\/em><\/p>\n\n<table width=\"75%\">\n<tbody>\n<tr>\n<td style=\"color: #333333\" width=\"25%\"><strong>Consid\u00e9rant<\/strong><\/td>\n<td style=\"color: #333333;text-align: justify\" width=\"75%\">les articles L. 2311-5 et R.2311-11 du Code G\u00e9n\u00e9ral des Collectivit\u00e9s Territoriales ;<\/td>\n<\/tr>\n<tr>\n<td style=\"color: #333333\" width=\"25%\"><strong>Consid\u00e9rant<\/strong><\/td>\n<td style=\"color: #333333;text-align: justify\" width=\"75%\">l&#8217;instruction comptable M14 et notamment son tome II, titre 3, chapitre 5, relatif \u00e0 la d\u00e9termination des r\u00e9sultats ;\n\nApr\u00e8s avoir approuv\u00e9 les r\u00e9sultats anticip\u00e9s 2022 qui pr\u00e9sentent un exc\u00e9dent de fonctionnement de 0\u20ac selon le d\u00e9tail dessous (H) ;<\/td>\n<\/tr>\n<tr>\n<td style=\"color: #333333\" width=\"25%\"><strong>Constatant<\/strong><\/td>\n<td style=\"color: #333333;text-align: justify\" width=\"75%\">que la section d&#8217;investissement fait appara\u00eetre :\n<ul style=\"color: #333333;text-align: justify\">\n \t<li>un solde d&#8217;ex\u00e9cution global de 675 347,98 (C),<\/li>\n \t<li>un solde des restes \u00e0 r\u00e9aliser de 0\u20ac (D),<\/li>\n<\/ul>\nselon le d\u00e9tail ci dessous, et d\u00e9gageant une capacit\u00e9 de financement 675 347.98\u20ac (E);<\/td>\n<\/tr>\n<\/tbody>\n<\/table>\n<p style=\"color: #333333\"><strong>Le Conseil Municipal apr\u00e8s en avoir d\u00e9lib\u00e9r\u00e9,<\/strong>\npar\u00a021 voix pour,\u00a00 voix contre,\u00a00\u00a0abstention<\/p>\n\n<table width=\"75%\">\n<tbody>\n<tr>\n<td style=\"color: #333333\" width=\"25%\"><strong>DECIDE<\/strong><\/td>\n<td style=\"color: #333333;text-align: justify\" width=\"75%\">d&#8217;affecter au budget de l&#8217;exercice 2023, l&#8217;exc\u00e9dent de cl\u00f4ture de la section de fonctionnement de fonctionnement de l&#8217;exercice 2022 &#8211; comme suit 0\u20ac (H).<\/td>\n<\/tr>\n<\/tbody>\n<\/table>\n<table width=\"75%\" align=\"left\" bgcolor=\"#EEEEEE\">\n<tbody>\n<tr>\n<td style=\"color: #333333;text-align: left;vertical-align: top;font-size: 1rem\" rowspan=\"3\" width=\"5%\"><strong>A<\/strong><\/td>\n<td style=\"color: #333333;text-align: left;font-size: 1rem\" colspan=\"3\" width=\"45%\"><strong>D\u00e9termination du r\u00e9sultat d&#8217;investissement de l&#8217;exercice<\/strong><\/td>\n<\/tr>\n<tr>\n<td style=\"color: #333333;text-align: left;font-size: 1rem\">Recettes d&#8217;investissement (H)<\/td>\n<td style=\"color: #333333;text-align: right;font-size: 1rem\">5 270,08 \u20ac<\/td>\n<td style=\"color: red;text-align: right;font-size: 1rem\" rowspan=\"2\">81 429,68 \u20ac<\/td>\n<\/tr>\n<tr>\n<td style=\"color: #333333;text-align: left;font-size: 1rem\">D\u00e9penses d&#8217;investissement (B)<\/td>\n<td style=\"color: #333333;text-align: right;font-size: 1rem\">86 699,68 \u20ac<\/td>\n<\/tr>\n<tr>\n<td style=\"color: #333333;text-align: left;font-size: 1rem\" width=\"5%\"><strong>B<\/strong><\/td>\n<td style=\"color: #333333;text-align: left;font-size: 1rem\" width=\"45%\">R\u00e9sultats ann\u00e9e N-1 (D ou J)<\/td>\n<td width=\"25%\"><\/td>\n<td style=\"color: #333333;text-align: right;font-size: 1rem\" width=\"25%\">756 777,66 \u20ac<\/td>\n<\/tr>\n<tr>\n<td style=\"color: #333333;text-align: left;font-size: 1rem\"><strong>C<\/strong><\/td>\n<td style=\"color: #333333;text-align: left;font-size: 1rem\"><strong>R\u00e9sultat comptable cumul\u00e9 (A + B)<\/strong><\/td>\n<td><\/td>\n<td style=\"color: #333333;text-align: right;font-size: 1rem\"><strong>675 347,98 \u20ac<\/strong><\/td>\n<\/tr>\n<tr>\n<td style=\"color: #333333;text-align: left;vertical-align: top;font-size: 1rem\" rowspan=\"3\" width=\"5%\"><strong>D<\/strong><\/td>\n<td style=\"color: #333333;text-align: left;font-size: 1rem\"><strong>Solde des cr\u00e9dits report\u00e9s 2022<\/strong><\/td>\n<td><\/td>\n<td><\/td>\n<\/tr>\n<tr>\n<td style=\"color: #333333;text-align: left;font-size: 1rem\">Recettes<\/td>\n<td style=\"color: #333333;text-align: right;font-size: 1rem\">0,00 \u20ac<\/td>\n<td style=\"color: #333333;text-align: right;font-size: 1rem\" rowspan=\"2\">0,00 \u20ac<\/td>\n<\/tr>\n<tr>\n<td style=\"color: #333333;text-align: left;font-size: 1rem\">D\u00e9penses<\/td>\n<td style=\"color: #333333;text-align: right;font-size: 1rem\">0,00 \u20ac<\/td>\n<\/tr>\n<tr>\n<td style=\"color: #333333;text-align: left;font-size: 1rem\"><strong>E<\/strong><\/td>\n<td style=\"color: #333333;text-align: left;font-size: 1rem\"><strong>R\u00e9sultat Budg\u00e9taire (C + D)<\/strong><\/td>\n<td><\/td>\n<td style=\"color: #333333;text-align: right;font-size: 1rem\"><strong>675 347,98 \u20ac<\/strong><\/td>\n<\/tr>\n<tr>\n<td style=\"color: #333333;text-align: left;vertical-align: top;font-size: 1rem\" rowspan=\"3\" width=\"5%\"><strong>F<\/strong><\/td>\n<td style=\"color: #333333;text-align: left;font-size: 1rem\" colspan=\"3\" width=\"45%\"><strong>D\u00e9termination du r\u00e9sultat de fonctionnement de l&#8217;exercice<\/strong><\/td>\n<\/tr>\n<tr>\n<td style=\"color: #333333;text-align: left;font-size: 1rem\">Recettes de fonctionnement<\/td>\n<td style=\"color: #333333;text-align: right;font-size: 1rem\">86 699,68 \u20ac<\/td>\n<td style=\"color: #333333;text-align: right;font-size: 1rem\" rowspan=\"2\">&#8211; \u20ac<\/td>\n<\/tr>\n<tr>\n<td style=\"color: #333333;text-align: left;font-size: 1rem\">D\u00e9penses de fonctionnement<\/td>\n<td style=\"color: #333333;text-align: right;font-size: 1rem\">86 699,68 \u20ac<\/td>\n<\/tr>\n<tr>\n<td style=\"color: #333333;text-align: left;font-size: 1rem\"><strong>G<\/strong><\/td>\n<td style=\"color: #333333;text-align: left;font-size: 1rem\">R\u00e9sultats ann\u00e9e N-1 (D ou J)<\/td>\n<td><\/td>\n<td style=\"color: #333333;text-align: right;font-size: 1rem\">&#8211; \u20ac<\/td>\n<\/tr>\n<tr>\n<td style=\"color: #333333;text-align: left;font-size: 1rem\"><strong>H<\/strong><\/td>\n<td style=\"color: #333333;text-align: left;font-size: 1rem\"><strong>R\u00e9sultat comptable cumul\u00e9 (F + G)<\/strong><\/td>\n<td><\/td>\n<td style=\"color: #333333;text-align: right;font-size: 1rem\"><strong>&#8211; \u20ac<\/strong><\/td>\n<\/tr>\n<tr>\n<td colspan=\"4\" bgcolor=\"#777777\"><\/td>\n<\/tr>\n<tr>\n<td style=\"color: #333333;text-align: left;vertical-align: top;font-size: 1rem\" rowspan=\"2\" width=\"5%\"><strong>G<\/strong><\/td>\n<td style=\"color: #333333;text-align: left;font-size: 1rem\" colspan=\"3\" width=\"45%\"><strong>Affectation du r\u00e9sultat de fonctionnement<\/strong><\/td>\n<\/tr>\n<tr>\n<td style=\"color: #333333;text-align: left;font-size: 1rem\">R\u00e9sultat ann\u00e9e N<\/td>\n<td><\/td>\n<td style=\"color: #333333;text-align: right;font-size: 1rem\">&#8211; \u20ac<\/td>\n<\/tr>\n<tr>\n<td style=\"color: #333333;text-align: left;vertical-align: top;font-size: 1rem\" rowspan=\"5\" width=\"5%\"><strong>H<\/strong><\/td>\n<td style=\"color: #333333;text-align: left;font-size: 1rem\"><strong>R\u00e9sultat \u00e0 affecter<\/strong><\/td>\n<td><\/td>\n<td><\/td>\n<\/tr>\n<tr>\n<td style=\"color: #333333;text-align: left;font-size: 1rem\" colspan=\"2\">Couverture du d\u00e9ficit de fonctionnement par r\u00e9duction des charges<\/td>\n<td style=\"color: #333333;text-align: right;vertical-align: middle;font-size: 1rem\" rowspan=\"4\">0,00 \u20ac<\/td>\n<\/tr>\n<tr>\n<td style=\"color: #333333;text-align: left;font-size: 1rem\">Couverture du d\u00e9ficit d&#8217;investissement (C \/ 1068)<\/td>\n<td style=\"color: #333333;text-align: right;font-size: 1rem\">0,00 \u20ac<\/td>\n<\/tr>\n<tr>\n<td style=\"color: #333333;text-align: left;font-size: 1rem\">Autofinancement compl\u00e9mentaire (C \/ 1068)<\/td>\n<td style=\"color: #333333;text-align: right;font-size: 1rem\">0,00 \u20ac<\/td>\n<\/tr>\n<tr>\n<td style=\"color: #333333;text-align: left;font-size: 1rem\">Report \u00e0 nouveau<\/td>\n<td><\/td>\n<\/tr>\n<\/tbody>\n<\/table>\n<p style=\"color: #333333;padding-left: 40px\" align=\"justify\">Consid\u00e9rant les r\u00e9sultats anticip\u00e9s de cl\u00f4ture de l&#8217;exercice 2022 du budget annexe Lotissement Ferme Jourdan,<\/p>\n<p style=\"color: #333333\"><strong>Le Conseil Municipal apr\u00e8s en avoir d\u00e9lib\u00e9r\u00e9,<\/strong>\npar\u00a021 voix pour,\u00a00 voix contre,\u00a00\u00a0abstention<\/p>\n\n<table width=\"75%\">\n<tbody>\n<tr>\n<td style=\"color: #333333\" width=\"25%\"><strong>DECIDE<\/strong><\/td>\n<td style=\"color: #333333;text-align: justify\" width=\"75%\">de reprendre comme suit au budget 2023 les exc\u00e9dents de l&#8217;exercice 2022 :<\/td>\n<\/tr>\n<\/tbody>\n<\/table>\n<table width=\"75%\" align=\"left\">\n<tbody>\n<tr>\n<td width=\"30%\"><\/td>\n<td style=\"color: #333333;text-align: center;font-size: 1rem\" bgcolor=\"#EEEEEE\" width=\"35%\"><strong>Recettes<\/strong><\/td>\n<td style=\"color: #333333;text-align: center;font-size: 1rem\" colspan=\"2\" bgcolor=\"#EEEEEE\" width=\"35%\"><strong>D\u00e9penses<\/strong><\/td>\n<\/tr>\n<tr bgcolor=\"#EEEEEE\">\n<td style=\"color: #333333;text-align: left;font-size: 1rem\"><strong>Section de fonctionnement<\/strong>\nC \/ 002<\/td>\n<td style=\"color: #333333;text-align: right;font-size: 1rem\">&#8211; \u20ac<\/td>\n<td style=\"color: #333333;text-align: right;font-size: 1rem\" colspan=\"2\"><\/td>\n<\/tr>\n<tr bgcolor=\"#EEEEEE\">\n<td style=\"color: #333333;text-align: left;font-size: 1rem\"><strong>Section d&#8217;investissement<\/strong><\/td>\n<td style=\"color: #333333;text-align: center;font-size: 1rem\"><strong>Recettes<\/strong><\/td>\n<td style=\"color: #333333;text-align: center;font-size: 1rem\" colspan=\"2\"><strong>D\u00e9penses<\/strong><\/td>\n<\/tr>\n<tr bgcolor=\"#EEEEEE\">\n<td style=\"color: #333333;text-align: left;font-size: 1rem\"><\/td>\n<td style=\"color: #333333;text-align: right;font-size: 1rem\"><\/td>\n<td style=\"color: #333333;text-align: center;font-size: 1rem\" colspan=\"2\">cr\u00e9dits report\u00e9s<\/td>\n<\/tr>\n<tr bgcolor=\"#EEEEEE\">\n<td style=\"color: #333333;text-align: left;font-size: 1rem\">C \/ 001<\/td>\n<td style=\"color: #333333;text-align: right;font-size: 1rem\" bgcolor=\"#EEEEEE\"><strong>675 347,98 \u20ac<\/strong><\/td>\n<td style=\"color: #333333;text-align: right;font-size: 1rem\" colspan=\"2\" bgcolor=\"#EEEEEE\"><\/td>\n<\/tr>\n<tr bgcolor=\"#EEEEEE\">\n<td style=\"color: #333333;text-align: left;font-size: 1rem\"><strong>TOTAL<\/strong><\/td>\n<td style=\"color: #333333;text-align: right;font-size: 1rem\" bgcolor=\"#EEEEEE\"><strong>675 347,98 \u20ac<\/strong><\/td>\n<td style=\"color: #333333;text-align: center;font-size: 1rem\" colspan=\"2\" bgcolor=\"#EEEEEE\"><strong>0,00 \u20ac<\/strong><\/td>\n<\/tr>\n<\/tbody>\n<\/table>\n<p style=\"color: #333333\" align=\"right\"><em><small>D\u00e9lib\u00e9ration n\u00b0 2023-03-30-D-06<\/small><\/em><\/p>\n\n<table align=\"right\" bgcolor=\"#EEEEEE\">\n<tbody>\n<tr>\n<td style=\"color: #333333;text-align: left\" width=\"25%\"><strong><u>D\u00e9cision<\/u><\/strong><\/td>\n<td style=\"color: #333333;text-align: left\" width=\"25%\">Sur :<\/td>\n<td style=\"color: #333333;text-align: left\" width=\"50%\">15 pr\u00e9sents<\/td>\n<\/tr>\n<tr>\n<td style=\"color: #333333;text-align: left\"><\/td>\n<td style=\"color: #333333;text-align: left\">Pour :<\/td>\n<td style=\"color: #333333;text-align: left\">21 dont 6 pvrs<\/td>\n<\/tr>\n<tr>\n<td style=\"color: #333333;text-align: left\"><\/td>\n<td style=\"color: #333333;text-align: left\">Contre :<\/td>\n<td style=\"color: #333333;text-align: left\">0<\/td>\n<\/tr>\n<tr>\n<td style=\"color: #333333;text-align: left\"><\/td>\n<td style=\"color: #333333;text-align: left\">Abstentions :<\/td>\n<td style=\"color: #333333;text-align: left\">0<\/td>\n<\/tr>\n<\/tbody>\n<\/table>\n<div id=\"CM30032023Sept\" style=\"color: #333333\"><strong><u>7 &#8211; D\u00e9termination et affectation du r\u00e9sultat 2021 annexe Lotissement Ferme Jourdan<\/u><\/strong><\/div>\n<p style=\"color: #333333;padding-left: 40px\" align=\"justify\"><em>Pr\u00e9sentation est faite par Madame L&#8217;Adjointe aux finances.<\/em><\/p>\n<p style=\"color: #333333;padding-left: 40px\" align=\"justify\">Consid\u00e9rant que l&#8217;article L. 2241-1 du Code g\u00e9n\u00e9ral des collectivit\u00e9s territoriales pr\u00e9voit la tenue par les communes de plus de 2000 habitants, d&#8217;un bilan des acquisitions et cessions op\u00e9r\u00e9es sur le territoire de la commune par celle-ci ou par une personne publique ou priv\u00e9e agissant dans le cadre d&#8217;une convention ou d\u00e9l\u00e9gation avec cette commune ;<\/p>\n<p style=\"color: #333333;padding-left: 40px\" align=\"justify\">Consid\u00e9rant que, chaque ann\u00e9e, selon ce m\u00eame article, le bilan, qui doit \u00eatre annex\u00e9 au compte administratif de la commune, donne lieu \u00e0 d\u00e9lib\u00e9ration du conseil municipal ;<\/p>\n<p style=\"color: #333333\"><strong>Le Conseil Municipal apr\u00e8s en avoir d\u00e9lib\u00e9r\u00e9,<\/strong>\npar\u00a021 voix pour,\u00a00 voix contre,\u00a00\u00a0abstention<\/p>\n\n<table width=\"75%\">\n<tbody>\n<tr>\n<td style=\"color: #333333\" width=\"25%\"><strong>APPROUVE<\/strong><\/td>\n<td style=\"color: #333333;text-align: justify\" width=\"75%\">le bilan ci-dessous<\/td>\n<\/tr>\n<\/tbody>\n<\/table>\n<p style=\"color: #333333;padding-left: 40px\" align=\"justify\"><strong>Acquisitions et cessions r\u00e9alis\u00e9es entre le 1<sup>er<\/sup> janvier et le 31 d\u00e9cembre 2022<\/strong><\/p>\n\n<table width=\"75%\" align=\"left\" bgcolor=\"#EEEEEE\">\n<tbody>\n<tr>\n<td style=\"color: #333333;text-align: center;font-size: 1rem\" width=\"16%\"><strong>D\u00e9signation des biens<\/strong><\/td>\n<td style=\"color: #333333;text-align: center;font-size: 1rem\" width=\"16%\"><strong>R\u00e9f\u00e9rences cadastrales<\/strong><\/td>\n<td style=\"color: #333333;text-align: center;font-size: 1rem\" width=\"16%\"><strong>Surfaces<\/strong><\/td>\n<td style=\"color: #333333;text-align: left;font-size: 1rem\" width=\"16%\"><strong>Adresse des biens<\/strong><\/td>\n<td style=\"color: #333333;text-align: center;font-size: 1rem\" width=\"16%\"><strong>Propri\u00e9taires<\/strong><\/td>\n<td style=\"color: #333333;text-align: center;font-size: 1rem\" width=\"16%\"><strong>Montant de la transaction (hors frais)<\/strong><\/td>\n<\/tr>\n<tr>\n<td style=\"color: #333333;text-align: center;font-size: 1rem\">N<\/td>\n<td style=\"color: #333333;text-align: center;font-size: 1rem\">\u00c9<\/td>\n<td style=\"color: #333333;text-align: center;font-size: 1rem\">A<\/td>\n<td style=\"color: #333333;text-align: center;font-size: 1rem\">N<\/td>\n<td style=\"color: #333333;text-align: center;font-size: 1rem\">T<\/td>\n<td style=\"color: #333333;text-align: center;font-size: 1rem\"><\/td>\n<\/tr>\n<tr>\n<td style=\"color: #333333;text-align: center;font-size: 1rem\"><\/td>\n<td style=\"color: #333333;text-align: center;font-size: 1rem\">N<\/td>\n<td style=\"color: #333333;text-align: center;font-size: 1rem\">\u00c9<\/td>\n<td style=\"color: #333333;text-align: center;font-size: 1rem\">A<\/td>\n<td style=\"color: #333333;text-align: center;font-size: 1rem\">N<\/td>\n<td style=\"color: #333333;text-align: center;font-size: 1rem\">T<\/td>\n<\/tr>\n<\/tbody>\n<\/table>\n<p style=\"color: #333333\" align=\"right\"><em><small>D\u00e9lib\u00e9ration n\u00b0 2023-03-30-D-07<\/small><\/em><\/p>\n\n<table align=\"right\" bgcolor=\"#EEEEEE\">\n<tbody>\n<tr>\n<td style=\"color: #333333;text-align: left\" width=\"25%\"><strong><u>D\u00e9cision<\/u><\/strong><\/td>\n<td style=\"color: #333333;text-align: left\" width=\"25%\">Sur :<\/td>\n<td style=\"color: #333333;text-align: left\" width=\"50%\">15 pr\u00e9sents<\/td>\n<\/tr>\n<tr>\n<td style=\"color: #333333;text-align: left\"><\/td>\n<td style=\"color: #333333;text-align: left\">Pour :<\/td>\n<td style=\"color: #333333;text-align: left\">21 dont 6 pvrs<\/td>\n<\/tr>\n<tr>\n<td style=\"color: #333333;text-align: left\"><\/td>\n<td style=\"color: #333333;text-align: left\">Contre :<\/td>\n<td style=\"color: #333333;text-align: left\">0<\/td>\n<\/tr>\n<tr>\n<td style=\"color: #333333;text-align: left\"><\/td>\n<td style=\"color: #333333;text-align: left\">Abstentions :<\/td>\n<td style=\"color: #333333;text-align: left\">0<\/td>\n<\/tr>\n<\/tbody>\n<\/table>\n<div id=\"CM30032023Huit\" style=\"color: #333333\"><strong><u>8 &#8211; Taux des taxes locales 2023<\/u><\/strong><\/div>\n<p style=\"color: #333333;padding-left: 40px\" align=\"justify\"><em>Pr\u00e9sentation est faite par Madame L&#8217;Adjointe aux finances.\nLa commission finances propose de ne pas augmenter les taux.\nMadame C\u00e9line DUMAINE et Monsieur Michel HENNAUT pr\u00e9cisent que tout augmentant, il faut effectivement \u00e9viter d&#8217;augmenter les taux.\nMadame St\u00e9phanie WATTIEZ propose que par la suite une r\u00e9flexion soit men\u00e9e afin d&#8217;anticiper d&#8217;\u00e9ventuelles variations \u00e0 venir des taux.<\/em><\/p>\n<p style=\"color: #333333\"><strong>Le Conseil Municipal apr\u00e8s en avoir d\u00e9lib\u00e9r\u00e9,<\/strong>\npar\u00a021 voix pour,\u00a00 voix contre,\u00a00\u00a0abstention<\/p>\n\n<table width=\"75%\">\n<tbody>\n<tr>\n<td style=\"color: #333333\" width=\"25%\"><strong>DECIDE<\/strong><\/td>\n<td style=\"color: #333333;text-align: justify\" width=\"75%\">de ne pas modifier le taux communal des taxes locales soit un total pour le foncier b\u00e2ti de 38.51 et de 66.78 pour le non b\u00e2ti et la taxe d&#8217;habitation de 19,40% (Etat 1259 en annexe)<\/td>\n<\/tr>\n<\/tbody>\n<\/table>\n<table width=\"75%\" align=\"left\">\n<tbody>\n<tr>\n<td colspan=\"2\"><\/td>\n<td style=\"color: #333333;text-align: center;font-size: 1rem\" colspan=\"2\" bgcolor=\"#EEEEEE\"><strong>Proposition 2023<\/strong><\/td>\n<\/tr>\n<tr>\n<td width=\"25%\"><\/td>\n<td style=\"color: #333333;text-align: center;font-size: 1rem\" bgcolor=\"#EEEEEE\" width=\"25%\"><strong>Base 2023<\/strong><\/td>\n<td style=\"color: #333333;text-align: center;font-size: 1rem\" bgcolor=\"#EEEEEE\" width=\"25%\"><strong>Proposition d&#8217;\u00e9volution du taux de 0%<\/strong><\/td>\n<td style=\"color: #333333;text-align: center;font-size: 1rem\" bgcolor=\"#EEEEEE\" width=\"25%\"><strong>Simulation des recettes \u00e0 taux major\u00e9 de 0%<\/strong><\/td>\n<\/tr>\n<tr>\n<td style=\"color: #333333;text-align: left;font-size: 1rem\" bgcolor=\"#EEEEEE\"><strong>Taxe fonci\u00e8re b\u00e2ti<\/strong><\/td>\n<td style=\"color: #333333;text-align: right;font-size: 1rem\" bgcolor=\"#EEEEEE\">2 306 000 \u20ac<\/td>\n<td style=\"color: #333333;text-align: center;font-size: 1rem\" bgcolor=\"#EEEEEE\">38,51%<\/td>\n<td style=\"color: #333333;text-align: right;font-size: 1rem\" bgcolor=\"#EEEEEE\">888 041 \u20ac<\/td>\n<\/tr>\n<tr>\n<td style=\"color: #333333;text-align: left;font-size: 1rem\" bgcolor=\"#EEEEEE\"><strong>Taxe fonci\u00e8re non b\u00e2ti<\/strong><\/td>\n<td style=\"color: #333333;text-align: right;font-size: 1rem\" bgcolor=\"#EEEEEE\">71 100 \u20ac<\/td>\n<td style=\"color: #333333;text-align: center;font-size: 1rem\" bgcolor=\"#EEEEEE\">66,78%<\/td>\n<td style=\"color: #333333;text-align: right;font-size: 1rem\" bgcolor=\"#EEEEEE\">47 481 \u20ac<\/td>\n<\/tr>\n<tr>\n<td style=\"color: #333333;text-align: left;font-size: 1rem\" bgcolor=\"#EEEEEE\"><strong>Taxe habitation<\/strong><\/td>\n<td style=\"color: #333333;text-align: right;font-size: 1rem\" bgcolor=\"#EEEEEE\">51 947 \u20ac<\/td>\n<td style=\"color: #333333;text-align: center;font-size: 1rem\" bgcolor=\"#EEEEEE\">19,40%<\/td>\n<td style=\"color: #333333;text-align: right;font-size: 1rem\" bgcolor=\"#EEEEEE\">10 078 \u20ac<\/td>\n<\/tr>\n<tr>\n<td colspan=\"3\"><\/td>\n<td style=\"color: #333333;text-align: right;font-size: 1rem\" bgcolor=\"#EEEEEE\"><strong>945 599 \u20ac<\/strong><\/td>\n<\/tr>\n<\/tbody>\n<\/table>\n<p style=\"color: #333333\" align=\"right\"><em><small>D\u00e9lib\u00e9ration n\u00b0 2023-03-30-D-08<\/small><\/em><\/p>\n\n<table align=\"right\" bgcolor=\"#EEEEEE\">\n<tbody>\n<tr>\n<td style=\"color: #333333;text-align: left\" width=\"25%\"><strong><u>D\u00e9cision<\/u><\/strong><\/td>\n<td style=\"color: #333333;text-align: left\" width=\"25%\">Sur :<\/td>\n<td style=\"color: #333333;text-align: left\" width=\"50%\">15 pr\u00e9sents<\/td>\n<\/tr>\n<tr>\n<td style=\"color: #333333;text-align: left\"><\/td>\n<td style=\"color: #333333;text-align: left\">Pour :<\/td>\n<td style=\"color: #333333;text-align: left\">21 dont 6 pvrs<\/td>\n<\/tr>\n<tr>\n<td style=\"color: #333333;text-align: left\"><\/td>\n<td style=\"color: #333333;text-align: left\">Contre :<\/td>\n<td style=\"color: #333333;text-align: left\">0<\/td>\n<\/tr>\n<tr>\n<td style=\"color: #333333;text-align: left\"><\/td>\n<td style=\"color: #333333;text-align: left\">Abstentions :<\/td>\n<td style=\"color: #333333;text-align: left\">0<\/td>\n<\/tr>\n<\/tbody>\n<\/table>\n<div id=\"CM30032023Neuf\" style=\"color: #333333\"><strong><u>9 &#8211; Budget Principal commune 2023<\/u><\/strong><\/div>\n<p style=\"color: #333333;padding-left: 40px\" align=\"justify\">St\u00e9phanie WATTIEZ, Adjointe aux finances, donne lecture du budget principal 2023, qu&#8217;elle commente en d\u00e9taillant les points principaux.<\/p>\n<p style=\"color: #333333;text-align: center\"><strong>Budget Primitif Principal &#8211; Exercice 2023 &#8211; Ville de Thiant<\/strong><\/p>\n\n<table width=\"75%\" align=\"left\">\n<tbody>\n<tr>\n<td style=\"color: #333333;text-align: left;font-size: 1rem\" width=\"50%\"><\/td>\n<td style=\"color: #333333;text-align: center;font-size: 1rem\" bgcolor=\"#EEEEEE\" width=\"25%\"><strong>D\u00e9penses<\/strong><\/td>\n<td style=\"color: #333333;text-align: center;font-size: 1rem\" bgcolor=\"#EEEEEE\" width=\"25%\"><strong>Recettes<\/strong><\/td>\n<\/tr>\n<tr bgcolor=\"#EEEEEE\">\n<td style=\"color: #333333;text-align: left;font-size: 1rem\"><strong>Section de fonctionnement<\/strong><\/td>\n<td style=\"color: #333333;text-align: right;font-size: 1rem\">4 202 456,02\u20ac<\/td>\n<td style=\"color: #333333;text-align: right;font-size: 1rem\">3 190 032,61\u20ac<\/td>\n<\/tr>\n<tr bgcolor=\"#EEEEEE\">\n<td style=\"color: #333333;text-align: left;font-size: 1rem\"><strong>Restes \u00e0 r\u00e9aliser de l&#8217;exercice pr\u00e9c\u00e9dent<\/strong><\/td>\n<td style=\"color: #333333;text-align: right;font-size: 1rem\">0,00\u20ac<\/td>\n<td style=\"color: #333333;text-align: right;font-size: 1rem\">0,00\u20ac<\/td>\n<\/tr>\n<tr bgcolor=\"#EEEEEE\">\n<td style=\"color: #333333;text-align: left;font-size: 1rem\"><strong>002 &#8211; Solde d&#8217;ex\u00e9cution de la section de fonctionnement report\u00e9<\/strong><\/td>\n<td style=\"color: #333333;text-align: right;font-size: 1rem\">0,00\u20ac<\/td>\n<td style=\"color: #333333;text-align: right;font-size: 1rem\">1 012 423,41\u20ac<\/td>\n<\/tr>\n<tr>\n<td style=\"color: #333333;text-align: left;font-size: 1rem\"><\/td>\n<td style=\"color: #333333;text-align: right;font-size: 1rem\" bgcolor=\"#EEEEEE\"><strong>4 202 456,02\u20ac<\/strong><\/td>\n<td style=\"color: #333333;text-align: right;font-size: 1rem\" bgcolor=\"#EEEEEE\"><strong>4 202 456,02\u20ac<\/strong><\/td>\n<\/tr>\n<tr>\n<td colspan=\"3\"><\/td>\n<\/tr>\n<tr bgcolor=\"#EEEEEE\">\n<td style=\"color: #333333;text-align: left;font-size: 1rem\"><strong>Section d&#8217;investissement<\/strong><\/td>\n<td style=\"color: #333333;text-align: right;font-size: 1rem\">1 935 141,00\u20ac<\/td>\n<td style=\"color: #333333;text-align: right;font-size: 1rem\">1 974 183,81\u20ac<\/td>\n<\/tr>\n<tr bgcolor=\"#EEEEEE\">\n<td style=\"color: #333333;text-align: left;font-size: 1rem\"><strong>Restes \u00e0 r\u00e9aliser de l&#8217;exercice pr\u00e9c\u00e9dent<\/strong><\/td>\n<td style=\"color: #333333;text-align: right;font-size: 1rem\">58 000,00\u20ac<\/td>\n<td style=\"color: #333333;text-align: right;font-size: 1rem\">40368,00\u20ac<\/td>\n<\/tr>\n<tr bgcolor=\"#EEEEEE\">\n<td style=\"color: #333333;text-align: left;font-size: 1rem\"><strong>001 &#8211; Solde d&#8217;ex\u00e9cution de la section d&#8217;investissement report\u00e9<\/strong><\/td>\n<td style=\"color: #333333;text-align: right;font-size: 1rem\">21 410,81\u20ac<\/td>\n<td style=\"color: #333333;text-align: right;font-size: 1rem\"><\/td>\n<\/tr>\n<tr>\n<td style=\"color: #333333;text-align: left;font-size: 1rem\"><\/td>\n<td style=\"color: #333333;text-align: right;font-size: 1rem\" bgcolor=\"#EEEEEE\"><strong>2 014 551,81\u20ac<\/strong><\/td>\n<td style=\"color: #333333;text-align: right;font-size: 1rem\" bgcolor=\"#EEEEEE\"><strong>2 014 551,81\u20ac<\/strong><\/td>\n<\/tr>\n<tr>\n<td colspan=\"3\"><\/td>\n<\/tr>\n<tr>\n<td style=\"color: #333333;text-align: left;font-size: 1rem\"><\/td>\n<td style=\"color: #333333;text-align: right;font-size: 1rem\" bgcolor=\"#EEEEEE\"><strong>6 217 007,83\u20ac<\/strong><\/td>\n<td style=\"color: #333333;text-align: right;font-size: 1rem\" bgcolor=\"#EEEEEE\"><strong>6 217 007,83\u20ac<\/strong><\/td>\n<\/tr>\n<\/tbody>\n<\/table>\n<p style=\"color: #333333\"><strong>Le Conseil Municipal apr\u00e8s en avoir d\u00e9lib\u00e9r\u00e9,<\/strong>\npar\u00a017 voix pour,\u00a00 voix contre,\u00a04\u00a0abstention<\/p>\n\n<table width=\"75%\">\n<tbody>\n<tr>\n<td style=\"color: #333333\" width=\"25%\"><strong>VOTE<\/strong><\/td>\n<td style=\"color: #333333;text-align: justify\" width=\"75%\">le budget primitif 2023 tel que pr\u00e9sent\u00e9 ci-dessus et en annexe<\/td>\n<\/tr>\n<\/tbody>\n<\/table>\n<p style=\"color: #333333\" align=\"right\"><em><small>D\u00e9lib\u00e9ration n\u00b0 2023-03-30-D-09<\/small><\/em><\/p>\n\n<table align=\"right\" bgcolor=\"#EEEEEE\">\n<tbody>\n<tr>\n<td style=\"color: #333333;text-align: left\" width=\"25%\"><strong><u>D\u00e9cision<\/u><\/strong><\/td>\n<td style=\"color: #333333;text-align: left\" width=\"25%\">Sur :<\/td>\n<td style=\"color: #333333;text-align: left\" width=\"50%\">15 pr\u00e9sents<\/td>\n<\/tr>\n<tr>\n<td style=\"color: #333333;text-align: left\"><\/td>\n<td style=\"color: #333333;text-align: left\">Pour :<\/td>\n<td style=\"color: #333333;text-align: left\">17 dont 6 pvrs<\/td>\n<\/tr>\n<tr>\n<td style=\"color: #333333;text-align: left\"><\/td>\n<td style=\"color: #333333;text-align: left\">Contre :<\/td>\n<td style=\"color: #333333;text-align: left\">0<\/td>\n<\/tr>\n<tr>\n<td style=\"color: #333333;text-align: left\"><\/td>\n<td style=\"color: #333333;text-align: left\">Abstentions :<\/td>\n<td style=\"color: #333333;text-align: left\">4<\/td>\n<\/tr>\n<\/tbody>\n<\/table>\n<p style=\"color: #333333;padding-left: 40px\" align=\"justify\"><em>Madame C\u00e9line DUMAINE demande si le budget allou\u00e9 au compte 6288 soit 30000\u20ac est destin\u00e9 \u00e0 la commission culture.\nMonsieur Philippe WAELKENS pr\u00e9cise que sur ce compte ont \u00e9t\u00e9 pay\u00e9es des factures pour la SACEM, pour des bennes pour des d\u00e9p\u00f4ts sauvages,\u2026\nActuellement on a un d\u00e9p\u00f4t sauvage en cours pour lequel la commune a demand\u00e9 un devis et le cout est de pr\u00e8s de 8000\u20ac.\nMonsieur Le Maire trouve que c&#8217;est scandaleux de devoir se restreindre sur certains budgets pour pouvoir payer l&#8217;\u00e9vacuation de ces d\u00e9chets d\u00e9pos\u00e9s par des personnes peu scrupuleuses.\nMadame St\u00e9phanie WATTIEZ pense qu&#8217;on peut communiquer \u00e0 la population sur ce sujet.\nMonsieur Sylvain LEFEBVRE propose que l&#8217;on installe une cam\u00e9ra ou deux dans cette zone notamment.\nMonsieur Philippe WAELKENS explique qu&#8217;il serait int\u00e9ressant d&#8217;installer des cam\u00e9ras nomades et de plus de n\u00e9gocier avec la CAPH afin qu&#8217;elles soient financ\u00e9es par l&#8217;agglo et mises \u00e0 la disposition de diverses communes.\nMonsieur Jimmy LAURENT explique que la commune de Marly a mis en place ces cam\u00e9ras nomades et que cela a permis de r\u00e9duire les d\u00e9p\u00f4ts sauvages.\nMonsieur Philippe WAELKENS explique que ces cam\u00e9ras nomades pourraient permettre de minimiser l&#8217;installation de certaines cam\u00e9ras fixes dont les prix sont plus \u00e9lev\u00e9s.\nMonsieur Philippe WAELKENS explique que le sujet des cam\u00e9ras est \u00e0 l&#8217;\u00e9tude.\nMadame St\u00e9phanie WATTIEZ fait remarquer que la mise en place et l&#8217;utilisation de la vid\u00e9oprotection a des co\u00fbts : d&#8217;achat, de maintenance, d&#8217;utilisation, et ces co\u00fbts mis face au co\u00fbt de d\u00e9gradations il faut aussi voir si cela est favorable.\nMonsieur Philippe WAELKENS pr\u00e9cise de plus que la r\u00e9glementation est particuli\u00e8re et qu&#8217;il faut bien r\u00e9fl\u00e9chir sur le sujet.\nMadame C\u00e9line DUMAINE fait aussi remarquer que l&#8217;utilisation des images d&#8217;une cam\u00e9ra nomade est la m\u00eame que celle des cam\u00e9ras fixes et que l&#8217;on ne peut pas faire ce que l&#8217;on veut. L&#8217;exploitation des images ne peut pas \u00eatre faite par n&#8217;impo,te qui, n&#8217;importe comment.\nMonsieur Le Maire fait remarquer que les auteurs des d\u00e9gradations qui ont eu lieu ces derniers jours dans la commune ont \u00e9t\u00e9 arr\u00eat\u00e9es gr\u00e2ce \u00e0 des riverains qui ont imm\u00e9diatement fait le 17, ce qui a permis l&#8217;intervention rapide des forces de l&#8217;ordre.\nMadame St\u00e9phanie WATTIEZ explique que lors des \u00e9changes avec les services de police, ces derniers ont expliqu\u00e9 que plus des plaintes seront d\u00e9pos\u00e9es au lieu de poster sur les r\u00e9seaux sociaux, plus les moyens seront mis en place sur le territoire. Il faut vraiment inciter ces d\u00e9marches citoyennes.\nMadame C\u00e9line DUMAINE explique que prochainement elle proposera d&#8217;\u00e9tudier la mise en place du dispositif \u00ab participation citoyenne \u00bb avec sa commission, des thiantais et les services de Police. Et il faut que les personnes appellent les services de Police plut\u00f4t que d&#8217;\u00e9taler leurs probl\u00e8mes sur les r\u00e9seaux sociaux.\n\u2026\nLes comptes-rendus des commissions travaux sont dans le classeur \u00e0 destination des \u00e9lus au niveau des casiers. (Commune z\u00e9ro d\u00e9chet: L&#8217;adjoint aux travaux ne souhaite pas la distribution papier)\nMonsieur Sylvain LEFEBVRE demande quel est l&#8217;objectif d&#8217;achat de l&#8217;ancienne Caisse d&#8217;Epargne.\nMonsieur Le Maire informe que l&#8217;achat est de 64000\u20ac frais compris et une estimation de 25000\u20ac de travaux a \u00e9t\u00e9 faite. Le projet pr\u00e9vu est un projet associatif.\nMonsieur Philippe WAELKENS rappelle qu&#8217;une analyse des b\u00e2timents communaux est en cours. Elle permettra pour chaque b\u00e2timent de proposer : leur vente, leur location, leur r\u00e9novation.<\/em><\/p>\n\n<div id=\"CM30032023Dix\" style=\"color: #333333\"><strong><u>10 &#8211; Budget Annexe Lotissement Ferme Jourdan 2023<\/u><\/strong><\/div>\n<p style=\"color: #333333;padding-left: 40px\" align=\"justify\">St\u00e9phanie WATTIEZ, Adjointe aux finances donne lecture du budget Annexe 2023, qu&#8217;elle commente en d\u00e9taillant les points principaux.<\/p>\n<p style=\"color: #333333;text-align: center\"><strong>Budget annexe ferme jourdan &#8211; Exercice 2023 &#8211; Ville de Thiant<\/strong><\/p>\n\n<table width=\"75%\" align=\"left\">\n<tbody>\n<tr>\n<td style=\"color: #333333;text-align: left;font-size: 1rem\" width=\"50%\"><\/td>\n<td style=\"color: #333333;text-align: center;font-size: 1rem\" bgcolor=\"#EEEEEE\" width=\"25%\"><strong>D\u00e9penses<\/strong><\/td>\n<td style=\"color: #333333;text-align: center;font-size: 1rem\" bgcolor=\"#EEEEEE\" width=\"25%\"><strong>Recettes<\/strong><\/td>\n<\/tr>\n<tr bgcolor=\"#EEEEEE\">\n<td style=\"color: #333333;text-align: left;font-size: 1rem\"><strong>Section de fonctionnement<\/strong><\/td>\n<td style=\"color: #333333;text-align: right;font-size: 1rem\">159 024,35\u20ac<\/td>\n<td style=\"color: #333333;text-align: right;font-size: 1rem\">159 024,35\u20ac<\/td>\n<\/tr>\n<tr bgcolor=\"#EEEEEE\">\n<td style=\"color: #333333;text-align: left;font-size: 1rem\"><strong>Restes \u00e0 r\u00e9aliser de l&#8217;exercice pr\u00e9c\u00e9dent<\/strong><\/td>\n<td style=\"color: #333333;text-align: right;font-size: 1rem\">0,00\u20ac<\/td>\n<td style=\"color: #333333;text-align: right;font-size: 1rem\">0,00\u20ac<\/td>\n<\/tr>\n<tr bgcolor=\"#EEEEEE\">\n<td style=\"color: #333333;text-align: left;font-size: 1rem\"><strong>002 &#8211; Solde d&#8217;ex\u00e9cution de la section de fonctionnement report\u00e9<\/strong><\/td>\n<td style=\"color: #333333;text-align: right;font-size: 1rem\">0,00\u20ac<\/td>\n<td style=\"color: #333333;text-align: right;font-size: 1rem\">0,00\u20ac<\/td>\n<\/tr>\n<tr>\n<td style=\"color: #333333;text-align: left;font-size: 1rem\"><\/td>\n<td style=\"color: #333333;text-align: right;font-size: 1rem\" bgcolor=\"#EEEEEE\"><strong>159 024,35\u20ac<\/strong><\/td>\n<td style=\"color: #333333;text-align: right;font-size: 1rem\" bgcolor=\"#EEEEEE\"><strong>159 024,35\u20ac<\/strong><\/td>\n<\/tr>\n<tr>\n<td colspan=\"3\"><\/td>\n<\/tr>\n<tr bgcolor=\"#EEEEEE\">\n<td style=\"color: #333333;text-align: left;font-size: 1rem\"><strong>Section d&#8217;investissement<\/strong><\/td>\n<td style=\"color: #333333;text-align: right;font-size: 1rem\">830 372,33\u20ac<\/td>\n<td style=\"color: #333333;text-align: right;font-size: 1rem\">155 024,35\u20ac<\/td>\n<\/tr>\n<tr bgcolor=\"#EEEEEE\">\n<td style=\"color: #333333;text-align: left;font-size: 1rem\"><strong>Restes \u00e0 r\u00e9aliser de l&#8217;exercice pr\u00e9c\u00e9dent<\/strong><\/td>\n<td style=\"color: #333333;text-align: right;font-size: 1rem\">0,00\u20ac<\/td>\n<td style=\"color: #333333;text-align: right;font-size: 1rem\">0,00\u20ac<\/td>\n<\/tr>\n<tr bgcolor=\"#EEEEEE\">\n<td style=\"color: #333333;text-align: left;font-size: 1rem\"><strong>001 &#8211; Solde d&#8217;ex\u00e9cution de la section d&#8217;investissement report\u00e9<\/strong><\/td>\n<td style=\"color: #333333;text-align: right;font-size: 1rem\">0,00\u20ac<\/td>\n<td style=\"color: #333333;text-align: right;font-size: 1rem\">675 347,98\u20ac<\/td>\n<\/tr>\n<tr>\n<td style=\"color: #333333;text-align: left;font-size: 1rem\"><\/td>\n<td style=\"color: #333333;text-align: right;font-size: 1rem\" bgcolor=\"#EEEEEE\"><strong>830 372,33\u20ac<\/strong><\/td>\n<td style=\"color: #333333;text-align: right;font-size: 1rem\" bgcolor=\"#EEEEEE\"><strong>830 372,33\u20ac<\/strong><\/td>\n<\/tr>\n<tr>\n<td colspan=\"3\"><\/td>\n<\/tr>\n<tr>\n<td style=\"color: #333333;text-align: left;font-size: 1rem\"><\/td>\n<td style=\"color: #333333;text-align: right;font-size: 1rem\" bgcolor=\"#EEEEEE\"><strong>989 396,68\u20ac<\/strong><\/td>\n<td style=\"color: #333333;text-align: right;font-size: 1rem\" bgcolor=\"#EEEEEE\"><strong>989 396,68\u20ac<\/strong><\/td>\n<\/tr>\n<\/tbody>\n<\/table>\n<p style=\"color: #333333\"><strong>Le Conseil Municipal apr\u00e8s en avoir d\u00e9lib\u00e9r\u00e9,<\/strong>\npar\u00a021 voix pour,\u00a00 voix contre,\u00a00\u00a0abstention<\/p>\n\n<table width=\"75%\">\n<tbody>\n<tr>\n<td style=\"color: #333333\" width=\"25%\"><strong>VOTE<\/strong><\/td>\n<td style=\"color: #333333;text-align: justify\" width=\"75%\">le budget annexe 2023 tel que pr\u00e9sent\u00e9 ci-dessus et en annexe<\/td>\n<\/tr>\n<\/tbody>\n<\/table>\n<p style=\"color: #333333\" align=\"right\"><em><small>D\u00e9lib\u00e9ration n\u00b0 2023-03-30-D-10<\/small><\/em><\/p>\n\n<table align=\"right\" bgcolor=\"#EEEEEE\">\n<tbody>\n<tr>\n<td style=\"color: #333333;text-align: left\" width=\"25%\"><strong><u>D\u00e9cision<\/u><\/strong><\/td>\n<td style=\"color: #333333;text-align: left\" width=\"25%\">Sur :<\/td>\n<td style=\"color: #333333;text-align: left\" width=\"50%\">15 pr\u00e9sents<\/td>\n<\/tr>\n<tr>\n<td style=\"color: #333333;text-align: left\"><\/td>\n<td style=\"color: #333333;text-align: left\">Pour :<\/td>\n<td style=\"color: #333333;text-align: left\">21 dont 6 pvrs<\/td>\n<\/tr>\n<tr>\n<td style=\"color: #333333;text-align: left\"><\/td>\n<td style=\"color: #333333;text-align: left\">Contre :<\/td>\n<td style=\"color: #333333;text-align: left\">0<\/td>\n<\/tr>\n<tr>\n<td style=\"color: #333333;text-align: left\"><\/td>\n<td style=\"color: #333333;text-align: left\">Abstentions :<\/td>\n<td style=\"color: #333333;text-align: left\">0<\/td>\n<\/tr>\n<\/tbody>\n<\/table>\n<div id=\"CM30032023Onze\" style=\"color: #333333\"><strong><u>11 &#8211; Subvention 2023 au CCAS<\/u><\/strong><\/div>\n<p style=\"color: #333333;padding-left: 40px\" align=\"justify\"><em>Pr\u00e9sentation est faite par Madame L&#8217;Adjointe aux finances.<\/em><\/p>\n<p style=\"color: #333333\"><strong>Le Conseil Municipal apr\u00e8s en avoir d\u00e9lib\u00e9r\u00e9,<\/strong>\npar\u00a021 voix pour,\u00a00 voix contre,\u00a00\u00a0abstention<\/p>\n\n<table width=\"75%\">\n<tbody>\n<tr>\n<td style=\"color: #333333\" width=\"25%\"><strong>ATTRIBUE<\/strong><\/td>\n<td style=\"color: #333333;text-align: justify\" width=\"75%\">au Centre Communal d&#8217;Action Sociale une dotation de 30.000 \u20ac au titre de l&#8217;ann\u00e9e 2023.<\/td>\n<\/tr>\n<\/tbody>\n<\/table>\n<p style=\"color: #333333\" align=\"right\"><em><small>D\u00e9lib\u00e9ration n\u00b0 2023-03-30-D-11<\/small><\/em><\/p>\n\n<table align=\"right\" bgcolor=\"#EEEEEE\">\n<tbody>\n<tr>\n<td style=\"color: #333333;text-align: left\" width=\"25%\"><strong><u>D\u00e9cision<\/u><\/strong><\/td>\n<td style=\"color: #333333;text-align: left\" width=\"25%\">Sur :<\/td>\n<td style=\"color: #333333;text-align: left\" width=\"50%\">15 pr\u00e9sents<\/td>\n<\/tr>\n<tr>\n<td style=\"color: #333333;text-align: left\"><\/td>\n<td style=\"color: #333333;text-align: left\">Pour :<\/td>\n<td style=\"color: #333333;text-align: left\">21 dont 6 pvrs<\/td>\n<\/tr>\n<tr>\n<td style=\"color: #333333;text-align: left\"><\/td>\n<td style=\"color: #333333;text-align: left\">Contre :<\/td>\n<td style=\"color: #333333;text-align: left\">0<\/td>\n<\/tr>\n<tr>\n<td style=\"color: #333333;text-align: left\"><\/td>\n<td style=\"color: #333333;text-align: left\">Abstentions :<\/td>\n<td style=\"color: #333333;text-align: left\">0<\/td>\n<\/tr>\n<\/tbody>\n<\/table>\n<div id=\"CM30032022Douze\" style=\"color: #333333\"><strong><u>12 &#8211; Subventions 2022 aux associations<\/u><\/strong><\/div>\n<p style=\"color: #333333;padding-left: 40px\" align=\"justify\"><em>Pr\u00e9sentation est faite par Madame L&#8217;Adjointe aux finances.<\/em><\/p>\n<p style=\"color: #333333;padding-left: 40px\" align=\"justify\">St\u00e9phanie WATTIEZ, Adjointe aux finances, rappelle \u00e0 l&#8217;Assembl\u00e9e que chaque ann\u00e9e le Conseil Municipal attribue des subventions \u00e0 certaines associations qui le sollicitent. Dans un souci de transparence et d&#8217;\u00e9galit\u00e9 de traitement, il pr\u00e9cise que les \u00e9lus qui ont un int\u00e9r\u00eat dans l&#8217;une ou l&#8217;autre des associations demandeuses sont invit\u00e9s \u00e0 ne pas participer aux votes concern\u00e9s.\nConsid\u00e9rant les cr\u00e9dits inscrits au Budget Primitif de la commune au titre de l&#8217;ann\u00e9e 2023, (65 000\u20ac)<\/p>\n<p style=\"color: #333333\"><strong>Le Conseil Municipal,<\/strong> apr\u00e8s en avoir d\u00e9lib\u00e9r\u00e9,<\/p>\n\n<table width=\"75%\">\n<tbody>\n<tr>\n<td style=\"color: #333333\" width=\"25%\"><strong>ATTRIBUE<\/strong><\/td>\n<td style=\"color: #333333;text-align: justify\" width=\"75%\">comme suit les subventions aux associations pour l&#8217;ann\u00e9e 2023 :<\/td>\n<\/tr>\n<\/tbody>\n<\/table>\n<table width=\"100%\" align=\"center\" bgcolor=\"#EEEEEE\">\n<tbody>\n<tr>\n<td colspan=\"2\" bgcolor=\"white\" width=\"50%\"><\/td>\n<td style=\"color: #333333;text-align: center;vertical-align: middle;font-size: 1rem\" width=\"20%\"><strong>Subvention 2023 propos\u00e9e<\/strong><\/td>\n<td style=\"color: #333333;text-align: center;vertical-align: middle;font-size: 1rem\" width=\"10%\"><strong>Vote<\/strong><\/td>\n<td style=\"color: #333333;text-align: center;vertical-align: middle;font-size: 1rem\" width=\"20%\"><strong>Ne participent pas au vote<\/strong><\/td>\n<\/tr>\n<tr>\n<td style=\"color: #333333;text-align: center;vertical-align: middle;font-size: 1rem\" width=\"5%\"><strong>1.<\/strong><\/td>\n<td style=\"color: #333333;text-align: left;vertical-align: middle;font-size: 1rem\" width=\"45%\"><strong>Association des &#8220;Randonneurs de Thiant&#8221;<\/strong><\/td>\n<td style=\"color: #333333;text-align: right;vertical-align: middle;font-size: 1rem\">1 100<\/td>\n<td style=\"color: #333333;text-align: center;vertical-align: middle;font-size: 1rem\">P :\nC :\nA :<\/td>\n<td style=\"color: #333333;text-align: center;vertical-align: middle;font-size: 1rem\">Unanimit\u00e9<\/td>\n<\/tr>\n<tr>\n<td style=\"color: #333333;text-align: center;vertical-align: middle;font-size: 1rem\"><strong>2.<\/strong><\/td>\n<td style=\"color: #333333;text-align: left;vertical-align: middle;font-size: 1rem\"><strong>Soci\u00e9t\u00e9 de p\u00eache &#8220;La truite de Thiant&#8221;<\/strong><\/td>\n<td style=\"color: #333333;text-align: right;vertical-align: middle;font-size: 1rem\">600<\/td>\n<td style=\"color: #333333;text-align: center;vertical-align: middle;font-size: 1rem\">P :\nC :\nA :<\/td>\n<td style=\"color: #333333;text-align: center;vertical-align: middle;font-size: 1rem\">Unanimit\u00e9<\/td>\n<\/tr>\n<tr>\n<td style=\"color: #333333;text-align: center;vertical-align: middle;font-size: 1rem\"><strong>3.<\/strong><\/td>\n<td style=\"color: #333333;text-align: left;vertical-align: middle;font-size: 1rem\"><strong>Gymnastique Volontaire F\u00e9minine de Thiant<\/strong><\/td>\n<td style=\"color: #333333;text-align: right;vertical-align: middle;font-size: 1rem\">800<\/td>\n<td style=\"color: #333333;text-align: center;vertical-align: middle;font-size: 1rem\">P :\nC :\nA :<\/td>\n<td style=\"color: #333333;text-align: center;vertical-align: middle;font-size: 1rem\">Unanimit\u00e9<\/td>\n<\/tr>\n<tr>\n<td style=\"color: #333333;text-align: center;vertical-align: middle;font-size: 1rem\"><strong>4.<\/strong><\/td>\n<td style=\"color: #333333;text-align: left;vertical-align: middle;font-size: 1rem\"><strong>Club de p\u00e9tanque &#8220;La Boule Thiantaise&#8221;<\/strong><\/td>\n<td style=\"color: #333333;text-align: right;vertical-align: middle;font-size: 1rem\">1 000<\/td>\n<td style=\"color: #333333;text-align: center;vertical-align: middle;font-size: 1rem\">P :\nC :\nA :<\/td>\n<td style=\"color: #333333;text-align: center;vertical-align: middle;font-size: 1rem\">Sylvie Devos\nUnanimit\u00e9<\/td>\n<\/tr>\n<tr>\n<td style=\"color: #333333;text-align: center;vertical-align: middle;font-size: 1rem\"><strong>5.<\/strong><\/td>\n<td style=\"color: #333333;text-align: left;vertical-align: middle;font-size: 1rem\"><strong>Soci\u00e9t\u00e9 Colombophile &#8220;La Revanche de Thiant&#8221;<\/strong><\/td>\n<td style=\"color: #333333;text-align: right;vertical-align: middle;font-size: 1rem\">0<\/td>\n<td style=\"color: #333333;text-align: center;vertical-align: middle;font-size: 1rem\">P :\nC :\nA :<\/td>\n<td><\/td>\n<\/tr>\n<tr>\n<td style=\"color: #333333;text-align: center;vertical-align: middle;font-size: 1rem\"><strong>6.<\/strong><\/td>\n<td style=\"color: #333333;text-align: left vertical-align: middle;;font-size: 1rem\"><strong>Athl\u00e9tic 2000 &#8211; Club de Musculation de Thiant<\/strong><\/td>\n<td style=\"color: #333333;text-align: right;vertical-align: middle;font-size: 1rem\">700<\/td>\n<td style=\"color: #333333;text-align: center;vertical-align: middle;font-size: 1rem\">P :\nC :\nA :<\/td>\n<td style=\"color: #333333;text-align: center;vertical-align: middle;font-size: 1rem\">Unanimit\u00e9<\/td>\n<\/tr>\n<tr>\n<td style=\"color: #333333;text-align: center;vertical-align: middle;font-size: 1rem\"><strong>7.<\/strong><\/td>\n<td style=\"color: #333333;text-align: left;vertical-align: middle;font-size: 1rem\"><strong>Harmonie Municipale N 2 de Thiant<\/strong><\/td>\n<td style=\"color: #333333;text-align: right;vertical-align: middle;font-size: 1rem\">1 850<\/td>\n<td style=\"color: #333333;text-align: center;vertical-align: middle;font-size: 1rem\">P :\nC :\nA :<\/td>\n<td style=\"color: #333333;text-align: center;vertical-align: middle;font-size: 1rem\">Unanimit\u00e9<\/td>\n<\/tr>\n<tr>\n<td style=\"color: #333333;text-align: center;vertical-align: middle;font-size: 1rem\"><strong>8.<\/strong><\/td>\n<td style=\"color: #333333;text-align: left;vertical-align: middle;font-size: 1rem\"><strong>Soci\u00e9t\u00e9 d&#8217;Histoire Locale de Thiant<\/strong><\/td>\n<td style=\"color: #333333;text-align: right;vertical-align: middle;font-size: 1rem\">600<\/td>\n<td style=\"color: #333333;text-align: center;vertical-align: middle;font-size: 1rem\">P :\nC :\nA :<\/td>\n<td style=\"color: #333333;text-align: center;vertical-align: middle;font-size: 1rem\">Unanimit\u00e9<\/td>\n<\/tr>\n<tr>\n<td style=\"color: #333333;text-align: center;vertical-align: middle;font-size: 1rem\"><strong>9.<\/strong><\/td>\n<td style=\"color: #333333;text-align: left;vertical-align: middle;font-size: 1rem\"><strong>Soci\u00e9t\u00e9 d&#8217;Histoire Locale de Thiant\nExceptionnelle<\/strong><\/td>\n<td style=\"color: #333333;text-align: right;vertical-align: middle;font-size: 1rem\">400<\/td>\n<td style=\"color: #333333;text-align: center;vertical-align: middle;font-size: 1rem\">P :\nC :\nA :<\/td>\n<td style=\"color: #333333;text-align: center;vertical-align: middle;font-size: 1rem\">Unanimit\u00e9<\/td>\n<\/tr>\n<tr>\n<td style=\"color: #333333;text-align: center;vertical-align: middle;font-size: 1rem\"><strong>10.<\/strong><\/td>\n<td style=\"color: #333333;text-align: left;vertical-align: middle;font-size: 1rem\"><strong>Club des Anciens de Thiant<\/strong><\/td>\n<td style=\"color: #333333;text-align: right;vertical-align: middle;font-size: 1rem\">0<\/td>\n<td style=\"color: #333333;text-align: center;vertical-align: middle;font-size: 1rem\">P :\nC :\nA :<\/td>\n<td style=\"color: #333333;text-align: center;vertical-align: middle;font-size: 1rem\">Unanimit\u00e9<\/td>\n<\/tr>\n<tr>\n<td style=\"color: #333333;text-align: center;vertical-align: middle;font-size: 1rem\"><strong>11.<\/strong><\/td>\n<td style=\"color: #333333;text-align: left;vertical-align: middle;font-size: 1rem\"><strong>Football RCT<\/strong><\/td>\n<td style=\"color: #333333;text-align: right;vertical-align: middle;font-size: 1rem\">2 500<\/td>\n<td style=\"color: #333333;text-align: center;vertical-align: middle;font-size: 1rem\">P :\nC :\nA :<\/td>\n<td style=\"color: #333333;text-align: center;vertical-align: middle;font-size: 1rem\">Philippe WAELKENS\nC\u00e9line TRACHMAN\nUnanimit\u00e9<\/td>\n<\/tr>\n<tr>\n<td style=\"color: #333333;text-align: center;vertical-align: middle;font-size: 1rem\"><strong>12.<\/strong><\/td>\n<td style=\"color: #333333;text-align: left;vertical-align: middle;font-size: 1rem\"><strong>Club de Belote &#8220;Association le Carr\u00e9 d&#8217;As&#8221; de Thiant<\/strong><\/td>\n<td style=\"color: #333333;text-align: right;vertical-align: middle;font-size: 1rem\">300<\/td>\n<td style=\"color: #333333;text-align: center;vertical-align: middle;font-size: 1rem\">P :\nC :\nA :<\/td>\n<td style=\"color: #333333;text-align: center;vertical-align: middle;font-size: 1rem\">Unanimit\u00e9<\/td>\n<\/tr>\n<tr>\n<td style=\"color: #333333;text-align: center;vertical-align: middle;font-size: 1rem\"><strong>13.<\/strong><\/td>\n<td style=\"color: #333333;text-align: left;vertical-align: middle;font-size: 1rem\"><strong>Donneurs de sang b\u00e9n\u00e9voles du Valenciennois <small> &#8211; Section de Trith-Saint-L\u00e9ger et environs<\/small><\/strong><\/td>\n<td style=\"color: #333333;text-align: right;vertical-align: middle;font-size: 1rem\">160<\/td>\n<td style=\"color: #333333;text-align: center;vertical-align: middle;font-size: 1rem\">P :\nC :\nA :<\/td>\n<td style=\"color: #333333;text-align: center;vertical-align: middle;font-size: 1rem\">Unanimit\u00e9<\/td>\n<\/tr>\n<tr>\n<td style=\"color: #333333;text-align: center;vertical-align: middle;font-size: 1rem\"><strong>14.<\/strong><\/td>\n<td style=\"color: #333333;text-align: left;vertical-align: middle;font-size: 1rem\"><strong>Association &#8220;Comit\u00e9 Amiante Pr\u00e9venir&#8221; &#8211; CAPER de Thiant<\/strong><\/td>\n<td style=\"color: #333333;text-align: right;vertical-align: middle;font-size: 1rem\">1 000<\/td>\n<td style=\"color: #333333;text-align: center;vertical-align: middle;font-size: 1rem\">P :\nC :\nA :<\/td>\n<td style=\"color: #333333;text-align: center;vertical-align: middle;font-size: 1rem\">Unanimit\u00e9<\/td>\n<\/tr>\n<tr>\n<td style=\"color: #333333;text-align: center;vertical-align: middle;font-size: 1rem\"><strong>15.<\/strong><\/td>\n<td style=\"color: #333333;text-align: left;vertical-align: middle;font-size: 1rem\"><strong>Association Jeunesse de Thiant<\/strong><\/td>\n<td style=\"color: #333333;text-align: right;vertical-align: middle;font-size: 1rem\">2 000<\/td>\n<td style=\"color: #333333;text-align: center;vertical-align: middle;font-size: 1rem\">P :\nC :\nA :<\/td>\n<td style=\"color: #333333;text-align: center;vertical-align: middle;font-size: 1rem\">Unanimit\u00e9<\/td>\n<\/tr>\n<tr>\n<td style=\"color: #333333;text-align: center;vertical-align: middle;font-size: 1rem\"><strong>16.<\/strong><\/td>\n<td style=\"color: #333333;text-align: left;vertical-align: middle;font-size: 1rem\"><strong>Association Jeunesse de Thiant <\/strong>(subvention compl\u00e9mentaire)<\/td>\n<td style=\"color: #333333;text-align: right;vertical-align: middle;font-size: 1rem\">0<\/td>\n<td style=\"color: #333333;text-align: center;vertical-align: middle;font-size: 1rem\">P :\nC :\nA :<\/td>\n<td><\/td>\n<\/tr>\n<tr>\n<td style=\"color: #333333;text-align: center;vertical-align: middle;font-size: 1rem\"><strong>17.<\/strong><\/td>\n<td style=\"color: #333333;text-align: left;vertical-align: middle;font-size: 1rem\"><strong>Parents d&#8217;\u00e9l\u00e8ves Primaire et Maternelle de Thiant<\/strong><\/td>\n<td style=\"color: #333333;text-align: right;vertical-align: middle;font-size: 1rem\">0<\/td>\n<td style=\"color: #333333;text-align: center;vertical-align: middle;font-size: 1rem\">P :\nC :\nA :<\/td>\n<td style=\"color: #333333;text-align: center;vertical-align: middle;font-size: 1rem\">C\u00e9line TRACHMAN<\/td>\n<\/tr>\n<tr>\n<td style=\"color: #333333;text-align: center;vertical-align: middle;font-size: 1rem\"><strong>18.<\/strong><\/td>\n<td style=\"color: #333333;text-align: left;vertical-align: middle;font-size: 1rem\"><strong>Amicale du personnel municipal de la Mairie de Thiant<\/strong><\/td>\n<td style=\"color: #333333;text-align: right;vertical-align: middle;font-size: 1rem\">20 000<\/td>\n<td style=\"color: #333333;text-align: center;vertical-align: middle;font-size: 1rem\">P :\nC :\nA :<\/td>\n<td style=\"color: #333333;text-align: center;vertical-align: middle;font-size: 1rem\">D\u00e9j\u00e0 vot\u00e9<\/td>\n<\/tr>\n<tr>\n<td style=\"color: #333333;text-align: center;vertical-align: middle;font-size: 1rem\"><strong>19.<\/strong><\/td>\n<td style=\"color: #333333;text-align: left;vertical-align: middle;font-size: 1rem\"><strong>Amicale du personnel municipal de la Mairie de Thiant\nExceptionnelle<\/strong><\/td>\n<td style=\"color: #333333;text-align: right;vertical-align: middle;font-size: 1rem\">0<\/td>\n<td style=\"color: #333333;text-align: center;vertical-align: middle;font-size: 1rem\">P :\nC :\nA :<\/td>\n<td><\/td>\n<\/tr>\n<tr>\n<td style=\"color: #333333;text-align: center;vertical-align: middle;font-size: 1rem\"><strong>20.<\/strong><\/td>\n<td style=\"color: #333333;text-align: left;vertical-align: middle;font-size: 1rem\"><strong>Association &#8220;les anciens du foyer des jeunes&#8221; de Thiant<\/strong><\/td>\n<td style=\"color: #333333;text-align: right;vertical-align: middle;font-size: 1rem\">300<\/td>\n<td style=\"color: #333333;text-align: center;vertical-align: middle;font-size: 1rem\">P :\nC :\nA :<\/td>\n<td style=\"color: #333333;text-align: center;vertical-align: middle;font-size: 1rem\">Unanimit\u00e9<\/td>\n<\/tr>\n<tr>\n<td style=\"color: #333333;text-align: center;vertical-align: middle;font-size: 1rem\"><strong>21.<\/strong><\/td>\n<td style=\"color: #333333;text-align: left;vertical-align: middle;font-size: 1rem\"><strong>Secours Catholique (d\u00e9l\u00e9gation de Cambrai)<\/strong><\/td>\n<td style=\"color: #333333;text-align: right;vertical-align: middle;font-size: 1rem\">176<\/td>\n<td style=\"color: #333333;text-align: center;vertical-align: middle;font-size: 1rem\">P :\nC :\nA :<\/td>\n<td style=\"color: #333333;text-align: center;vertical-align: middle;font-size: 1rem\">Unanimit\u00e9<\/td>\n<\/tr>\n<tr>\n<td style=\"color: #333333;text-align: center;vertical-align: middle;font-size: 1rem\"><strong>22.<\/strong><\/td>\n<td style=\"color: #333333;text-align: left;vertical-align: middle;font-size: 1rem\"><strong>Secours Populaire Fran\u00e7ais du Nord (Lille)<\/strong><\/td>\n<td style=\"color: #333333;text-align: right;vertical-align: middle;font-size: 1rem\">0<\/td>\n<td style=\"color: #333333;text-align: center;vertical-align: middle;font-size: 1rem\">P :\nC :\nA :<\/td>\n<td><\/td>\n<\/tr>\n<tr>\n<td style=\"color: #333333;text-align: center;vertical-align: middle;font-size: 1rem\"><strong>23.<\/strong><\/td>\n<td style=\"color: #333333;text-align: left;vertical-align: middle;font-size: 1rem\"><strong>Anciens \u00e9l\u00e8ves Amicale de KASTLER<\/strong><\/td>\n<td style=\"color: #333333;text-align: right;vertical-align: middle;font-size: 1rem\">0<\/td>\n<td style=\"color: #333333;text-align: center;vertical-align: middle;font-size: 1rem\">P :\nC :\nA :<\/td>\n<td><\/td>\n<\/tr>\n<tr>\n<td style=\"color: #333333;text-align: center;vertical-align: middle;font-size: 1rem\"><strong>24.<\/strong><\/td>\n<td style=\"color: #333333;text-align: left;vertical-align: middle;font-size: 1rem\"><strong>Association Familiale des &#8220;Papillons Blancs&#8221; de Denain<\/strong><\/td>\n<td style=\"color: #333333;text-align: right;vertical-align: middle;font-size: 1rem\">1 000<\/td>\n<td style=\"color: #333333;text-align: center;vertical-align: middle;font-size: 1rem\">P :\nC :\nA :<\/td>\n<td style=\"color: #333333;text-align: center;vertical-align: middle;font-size: 1rem\">Unanimit\u00e9<\/td>\n<\/tr>\n<tr>\n<td style=\"color: #333333;text-align: center;vertical-align: middle;font-size: 1rem\"><strong>25.<\/strong><\/td>\n<td style=\"color: #333333;text-align: left;vertical-align: middle;font-size: 1rem\"><strong>V\u00e9hicules Militaires<\/strong><\/td>\n<td style=\"color: #333333;text-align: right;vertical-align: middle;font-size: 1rem\">500<\/td>\n<td style=\"color: #333333;text-align: center;vertical-align: middle;font-size: 1rem\">P :\nC :\nA :<\/td>\n<td style=\"color: #333333;text-align: center;vertical-align: middle;font-size: 1rem\">J\u00e9r\u00f4me CARLIER\nUnanimit\u00e9<\/td>\n<\/tr>\n<tr>\n<td style=\"color: #333333;text-align: center;vertical-align: middle;font-size: 1rem\"><strong>26.<\/strong><\/td>\n<td style=\"color: #333333;text-align: left;vertical-align: middle;font-size: 1rem\"><strong>Les restaurants du c\u0153ur<\/strong><\/td>\n<td style=\"color: #333333;text-align: right;vertical-align: middle;font-size: 1rem\">120<\/td>\n<td style=\"color: #333333;text-align: center;vertical-align: middle;font-size: 1rem\">P :\nC :\nA :<\/td>\n<td style=\"color: #333333;text-align: center;vertical-align: middle;font-size: 1rem\">Unanimit\u00e9<\/td>\n<\/tr>\n<tr>\n<td style=\"color: #333333;text-align: center;vertical-align: middle;font-size: 1rem\"><strong>27.<\/strong><\/td>\n<td style=\"color: #333333;text-align: left;vertical-align: middle;font-size: 1rem\"><strong>Office des Sports et des Associations de Thiant &#8211; &#8220;OSAT&#8221;<\/strong><\/td>\n<td style=\"color: #333333;text-align: right;vertical-align: middle;font-size: 1rem\">9 000<\/td>\n<td style=\"color: #333333;text-align: center;vertical-align: middle;font-size: 1rem\">P :\nC :\nA :<\/td>\n<td style=\"color: #333333;text-align: center;vertical-align: middle;font-size: 1rem\">Michel HENNAUT\nC\u00e9line DUMAINE\nPhilippe WAELKENS\nC\u00e9line TRACHMAN<\/td>\n<\/tr>\n<tr>\n<td style=\"color: #333333;text-align: center;vertical-align: middle;font-size: 1rem\"><strong>28.<\/strong><\/td>\n<td style=\"color: #333333;text-align: left;vertical-align: middle;font-size: 1rem\"><strong>Les jardiniers de Thiant<\/strong><\/td>\n<td style=\"color: #333333;text-align: right;vertical-align: middle;font-size: 1rem\">500<\/td>\n<td style=\"color: #333333;text-align: center;vertical-align: middle;font-size: 1rem\">P :\nC :\nA :<\/td>\n<td style=\"color: #333333;text-align: center;vertical-align: middle;font-size: 1rem\">Jimmy LAURENT\nUnanimit\u00e9<\/td>\n<\/tr>\n<tr>\n<td style=\"color: #333333;text-align: center;vertical-align: middle;font-size: 1rem\"><strong>29.<\/strong><\/td>\n<td style=\"color: #333333;text-align: left;vertical-align: middle;font-size: 1rem\"><strong>A\u00e9romod\u00e9lisme<\/strong><\/td>\n<td style=\"color: #333333;text-align: right;vertical-align: middle;font-size: 1rem\">250<\/td>\n<td style=\"color: #333333;text-align: center;vertical-align: middle;font-size: 1rem\">P :\nC :\nA :<\/td>\n<td style=\"color: #333333;text-align: center;vertical-align: middle;font-size: 1rem\">Unanimit\u00e9<\/td>\n<\/tr>\n<tr>\n<td style=\"color: #333333;text-align: center;vertical-align: middle;font-size: 1rem\"><strong>30.<\/strong><\/td>\n<td style=\"color: #333333;text-align: left;vertical-align: middle;font-size: 1rem\"><strong>A\u00e9romod\u00e9lisme\nExceptionnelle<\/strong><\/td>\n<td style=\"color: #333333;text-align: right;vertical-align: middle;font-size: 1rem\">0<\/td>\n<td style=\"color: #333333;text-align: center;vertical-align: middle;font-size: 1rem\">P :\nC :\nA :<\/td>\n<td><\/td>\n<\/tr>\n<tr>\n<td style=\"color: #333333;text-align: center;vertical-align: middle;font-size: 1rem\"><strong>31.<\/strong><\/td>\n<td style=\"color: #333333;text-align: left;vertical-align: middle;font-size: 1rem\"><strong>Yoga<\/strong><\/td>\n<td style=\"color: #333333;text-align: right;vertical-align: middle;font-size: 1rem\">150<\/td>\n<td style=\"color: #333333;text-align: center;vertical-align: middle;font-size: 1rem\">P :\nC :\nA : 1<\/td>\n<td style=\"color: #333333;text-align: center;vertical-align: middle;font-size: 1rem\">Unanimit\u00e9<\/td>\n<\/tr>\n<tr>\n<td style=\"color: #333333;text-align: center;vertical-align: middle;font-size: 1rem\"><strong>32.<\/strong><\/td>\n<td style=\"color: #333333;text-align: left;vertical-align: middle;font-size: 1rem\"><strong>Association \u00c9caillon Parc<\/strong><\/td>\n<td style=\"color: #333333;text-align: right;vertical-align: middle;font-size: 1rem\">0<\/td>\n<td style=\"color: #333333;text-align: center;vertical-align: middle;font-size: 1rem\">P :\nC :\nA :<\/td>\n<td><\/td>\n<\/tr>\n<tr>\n<td style=\"color: #333333;text-align: center;vertical-align: middle;font-size: 1rem\"><strong>33.<\/strong><\/td>\n<td style=\"color: #333333;text-align: left;vertical-align: middle;font-size: 1rem\"><strong>Association Volley<\/strong><\/td>\n<td style=\"color: #333333;text-align: right;vertical-align: middle;font-size: 1rem\">2 600<\/td>\n<td style=\"color: #333333;text-align: center;vertical-align: middle;font-size: 1rem\">P :\nC :\nA :<\/td>\n<td style=\"color: #333333;text-align: center;vertical-align: middle;font-size: 1rem\">Unanimit\u00e9<\/td>\n<\/tr>\n<tr>\n<td style=\"color: #333333;text-align: center;vertical-align: middle;font-size: 1rem\"><strong>34.<\/strong><\/td>\n<td style=\"color: #333333;text-align: left;vertical-align: middle;font-size: 1rem\"><strong>Association Citoyenne<\/strong><\/td>\n<td style=\"color: #333333;text-align: right;vertical-align: middle;font-size: 1rem\">500<\/td>\n<td style=\"color: #333333;text-align: center;vertical-align: middle;font-size: 1rem\">P :\nC :\nA :<\/td>\n<td style=\"color: #333333;text-align: center;vertical-align: middle;font-size: 1rem\">Sylvain LEFEBVRE\nJimmy LAURENT\nUnanimit\u00e9<\/td>\n<\/tr>\n<tr>\n<td style=\"color: #333333;text-align: center;vertical-align: middle;font-size: 1rem\"><strong>35.<\/strong><\/td>\n<td style=\"color: #333333;text-align: left;vertical-align: middle;font-size: 1rem\"><strong>Association RCT Foot Loisirs<\/strong><\/td>\n<td style=\"color: #333333;text-align: right;vertical-align: middle;font-size: 1rem\">700<\/td>\n<td style=\"color: #333333;text-align: center;vertical-align: middle;font-size: 1rem\">P :\nC :\nA :<\/td>\n<td style=\"color: #333333;text-align: center;vertical-align: middle;font-size: 1rem\">Unanimit\u00e9<\/td>\n<\/tr>\n<tr>\n<td style=\"color: #333333;text-align: center;vertical-align: middle;font-size: 1rem\"><strong>36.<\/strong><\/td>\n<td style=\"color: #333333;text-align: left;vertical-align: middle;font-size: 1rem\"><strong>Association BCT Basket<\/strong><\/td>\n<td style=\"color: #333333;text-align: right;vertical-align: middle;font-size: 1rem\">3 000<\/td>\n<td style=\"color: #333333;text-align: center;vertical-align: middle;font-size: 1rem\">P :\nC :\nA :<\/td>\n<td style=\"color: #333333;text-align: center;vertical-align: middle;font-size: 1rem\">Sylvaine GERARD\nC\u00e9line DUMAINE\nUnanimit\u00e9<\/td>\n<\/tr>\n<\/tbody>\n<\/table>\n<p style=\"color: #333333\" align=\"right\"><em><small>D\u00e9lib\u00e9ration n\u00b0 2023-03-30-D-12<\/small><\/em><\/p>\n\n<table align=\"right\" bgcolor=\"#EEEEEE\">\n<tbody>\n<tr>\n<td style=\"color: #333333;text-align: left\" width=\"25%\"><strong><u>D\u00e9cision<\/u><\/strong><\/td>\n<td style=\"color: #333333;text-align: left\" width=\"25%\">Sur :<\/td>\n<td style=\"color: #333333;text-align: left\" width=\"50%\">15 pr\u00e9sents<\/td>\n<\/tr>\n<tr>\n<td style=\"color: #333333;text-align: left\"><\/td>\n<td style=\"color: #333333;text-align: left\">Pour :<\/td>\n<td style=\"color: #333333;text-align: left\">21 dont 6 pvrs<\/td>\n<\/tr>\n<tr>\n<td style=\"color: #333333;text-align: left\"><\/td>\n<td style=\"color: #333333;text-align: left\">Contre :<\/td>\n<td style=\"color: #333333;text-align: left\">0<\/td>\n<\/tr>\n<tr>\n<td style=\"color: #333333;text-align: left\"><\/td>\n<td style=\"color: #333333;text-align: left\">Abstentions :<\/td>\n<td style=\"color: #333333;text-align: left\">0<\/td>\n<\/tr>\n<\/tbody>\n<\/table>\n<p style=\"color: #333333;padding-left: 40px\" align=\"justify\">Monsieur Philippe WAELKENS souhaite que des conventions soient pass\u00e9es entre la Mairie et les associations afin de d\u00e9finir ce qui appartient \u00e0 ces derni\u00e8res ou \u00e0 la mairie. De plus, il serait bien qu&#8217;un inventaire soit fait dans chaque association, cela pourrait ainsi \u00e9viter des disparitions de mat\u00e9riels quand une association arr\u00eate de fonctionner.\nPar ailleurs, les associations doivent fournir une attestation et les garanties pour lesquelles elles sont couvertes.<\/p>\n<p style=\"color: #333333;padding-left: 40px\" align=\"justify\">Madame St\u00e9phanie WATTIEZ pr\u00e9cise que le document synth\u00e9tique transmis pr\u00e9c\u00e9demment reprenant les \u00e9l\u00e9ments des budgets 2022 et 2023 sera communiqu\u00e9 \u00e0 la population par divers moyens.<\/p>\n\n<div id=\"CM30032023Treize\" style=\"color: #333333\"><strong><u>13 &#8211; D\u00e9lib\u00e9ration ALSH juillet 2023 &#8211; Tarifs &#8211;<\/u><\/strong><\/div>\n<p style=\"color: #333333;padding-left: 40px;text-align: justify\">St\u00e9phanie WATTIEZ, Adjointe aux finances, pr\u00e9sente les propositions de la commission enfance jeunesse<\/p>\n<p style=\"color: #333333;padding-left: 40px;text-align: justify\"><strong>Tranches propos\u00e9es<\/strong>\nT1: \u2264499\u20ac\nT2 : entre 500\u20ac et 899\u20ac\nT3 : entre 900\u20ac et 2999\u20ac\nT4 : \u22653000\u20ac<\/p>\n<p style=\"color: #333333;padding-left: 40px;text-align: justify\"><strong>Tarifs ALSH<\/strong>\nAvec la mise en place de l&#8217;accueil \u00e0 la journ\u00e9e et l&#8217;augmentation des co\u00fbts pour la commune, il est propos\u00e9 les tarifs suivants (tarif identique pour petites vacances et juillet) d\u00e8s 2023 :\nT1 : 4\u20ac par jour et par enfant\nT2 : 6\u20ac\nT3 : 8\u20ac\nT4 : 10\u20ac\nTarif ext\u00e9rieur (sans distinction) : 20\u20ac<\/p>\n<p style=\"color: #333333\"><strong>Le Conseil Municipal apr\u00e8s en avoir d\u00e9lib\u00e9r\u00e9,<\/strong>\npar\u00a021 voix pour,\u00a00 voix contre,\u00a00\u00a0abstention<\/p>\n\n<table width=\"75%\">\n<tbody>\n<tr>\n<td style=\"color: #333333\" width=\"25%\"><strong>VALIDE<\/strong><\/td>\n<td style=\"color: #333333;text-align: justify\" width=\"75%\">\u00e0 compter de 2023, les tarifs des ALSH tels qu&#8217;indiqu\u00e9s ci-dessus.<\/td>\n<\/tr>\n<tr>\n<td style=\"color: #333333\"><strong>DIT<\/strong><\/td>\n<td style=\"color: #333333;text-align: justify\">que les cr\u00e9dits n\u00e9cessaires seront inscrits aux budgets chaque ann\u00e9e.<\/td>\n<\/tr>\n<\/tbody>\n<\/table>\n<p style=\"color: #333333\" align=\"right\"><em><small>D\u00e9lib\u00e9ration n\u00b0 2023-03-30-D-13<\/small><\/em><\/p>\n\n<table align=\"right\" bgcolor=\"#EEEEEE\">\n<tbody>\n<tr>\n<td style=\"color: #333333;text-align: left\" width=\"25%\"><strong><u>D\u00e9cision<\/u><\/strong><\/td>\n<td style=\"color: #333333;text-align: left\" width=\"25%\">Sur :<\/td>\n<td style=\"color: #333333;text-align: left\" width=\"50%\">15 pr\u00e9sents<\/td>\n<\/tr>\n<tr>\n<td style=\"color: #333333;text-align: left\"><\/td>\n<td style=\"color: #333333;text-align: left\">Pour :<\/td>\n<td style=\"color: #333333;text-align: left\">21 dont 6 pvrs<\/td>\n<\/tr>\n<tr>\n<td style=\"color: #333333;text-align: left\"><\/td>\n<td style=\"color: #333333;text-align: left\">Contre :<\/td>\n<td style=\"color: #333333;text-align: left\">0<\/td>\n<\/tr>\n<tr>\n<td style=\"color: #333333;text-align: left\"><\/td>\n<td style=\"color: #333333;text-align: left\">Abstentions :<\/td>\n<td style=\"color: #333333;text-align: left\">0<\/td>\n<\/tr>\n<\/tbody>\n<\/table>\n<div id=\"CM30032023Quatorze\" style=\"color: #333333\"><strong><u>14 &#8211; D\u00e9lib\u00e9ration demande de pr\u00eat agent communal<\/u><\/strong><\/div>\n<p style=\"text-align: justify;color: #333333;padding-left: 40px\">Monsieur le Maire rappelle \u00e0 l&#8217;Assembl\u00e9e que les membres du personnel communal qui le sollicitent peuvent b\u00e9n\u00e9ficier d&#8217;un pr\u00eat de 3.000 \u20ac maximum au taux d&#8217;int\u00e9r\u00eat de 0,65 % remboursable sur 10 ans.<\/p>\n<p style=\"color: #333333\"><strong>Le Conseil Municipal apr\u00e8s en avoir d\u00e9lib\u00e9r\u00e9,<\/strong>\npar\u00a021 voix pour,\u00a00 voix contre,\u00a00\u00a0abstention<\/p>\n\n<table width=\"75%\">\n<tbody>\n<tr>\n<td style=\"color: #333333\" width=\"25%\"><strong>ACCORDE<\/strong><\/td>\n<td style=\"color: #333333;text-align: justify\" width=\"75%\">sur l&#8217;exercice 2023 un maximum de 3 pr\u00eats<\/td>\n<\/tr>\n<tr>\n<td style=\"color: #333333\" width=\"25%\"><strong>ACCORDE<\/strong><\/td>\n<td style=\"color: #333333;text-align: justify\" width=\"75%\">audit membre du personnel communal un pr\u00eat de 3.000 \u20ac \u00e0 un taux d&#8217;int\u00e9r\u00eat de 0,65 % remboursable sur 10 ans.<\/td>\n<\/tr>\n<tr>\n<td style=\"color: #333333\"><strong>DONNE POUVOIR<\/strong><\/td>\n<td style=\"color: #333333;text-align: justify\">\u00e0 Monsieur le Maire pour signer toute convention, tout tableau d&#8217;amortissement ou toute pi\u00e8ce se rapportant \u00e0 la pr\u00e9sente d\u00e9cision.<\/td>\n<\/tr>\n<\/tbody>\n<\/table>\n<p style=\"color: #333333\" align=\"right\"><em><small>D\u00e9lib\u00e9ration n\u00b0 2023-03-30-D-14<\/small><\/em><\/p>\n\n<table align=\"right\" bgcolor=\"#EEEEEE\">\n<tbody>\n<tr>\n<td style=\"color: #333333;text-align: left\" width=\"25%\"><strong><u>D\u00e9cision<\/u><\/strong><\/td>\n<td style=\"color: #333333;text-align: left\" width=\"25%\">Sur :<\/td>\n<td style=\"color: #333333;text-align: left\" width=\"50%\">15 pr\u00e9sents<\/td>\n<\/tr>\n<tr>\n<td style=\"color: #333333;text-align: left\"><\/td>\n<td style=\"color: #333333;text-align: left\">Pour :<\/td>\n<td style=\"color: #333333;text-align: left\">21 dont 6 pvrs<\/td>\n<\/tr>\n<tr>\n<td style=\"color: #333333;text-align: left\"><\/td>\n<td style=\"color: #333333;text-align: left\">Contre :<\/td>\n<td style=\"color: #333333;text-align: left\">0<\/td>\n<\/tr>\n<tr>\n<td style=\"color: #333333;text-align: left\"><\/td>\n<td style=\"color: #333333;text-align: left\">Abstentions :<\/td>\n<td style=\"color: #333333;text-align: left\">0<\/td>\n<\/tr>\n<\/tbody>\n<\/table>\n<div id=\"CM30032023Quinze\" style=\"color: #333333\"><strong><u>15 &#8211; D\u00e9lib\u00e9ration cadeau de f\u00eate des m\u00e8res<\/u><\/strong><\/div>\n<p style=\"text-align: justify;color: #333333;padding-left: 40px\"><em>Pr\u00e9sentation est faite par Madame Sylvaine GERARD Conseill\u00e8re d\u00e9l\u00e9gu\u00e9e<\/em><\/p>\n<p style=\"text-align: justify;color: #333333;padding-left: 40px\"><em>Pour la derni\u00e8re f\u00eate des m\u00e8res une carte cadeau de 15\u20ac a \u00e9t\u00e9 attribu\u00e9e\nUn d\u00e9bat a eu lieu sur le montant \u00e0 pr\u00e9voir pour cette ann\u00e9e<\/em><\/p>\n<p style=\"color: #333333\"><strong>Le Conseil Municipal apr\u00e8s en avoir d\u00e9lib\u00e9r\u00e9,<\/strong>\npar\u00a019 voix pour,\u00a00 voix contre,\u00a02\u00a0abstention<\/p>\n\n<table width=\"75%\">\n<tbody>\n<tr>\n<td style=\"color: #333333\" width=\"25%\"><strong>DECIDE<\/strong><\/td>\n<td style=\"color: #333333;text-align: justify\" width=\"75%\">de fixer \u00e0 20\u20ac le montant de la carte cadeau distribu\u00e9e comme cadeau de f\u00eate des m\u00e8res<\/td>\n<\/tr>\n<tr>\n<td style=\"color: #333333\"><strong>DIT<\/strong><\/td>\n<td style=\"color: #333333;text-align: justify\">que les cr\u00e9dits n\u00e9cessaires sont inscrits au budget.<\/td>\n<\/tr>\n<\/tbody>\n<\/table>\n<p style=\"color: #333333\" align=\"right\"><em><small>D\u00e9lib\u00e9ration n\u00b0 2023-03-30-D-15<\/small><\/em><\/p>\n\n<table align=\"right\" bgcolor=\"#EEEEEE\">\n<tbody>\n<tr>\n<td style=\"color: #333333;text-align: left\" width=\"25%\"><strong><u>D\u00e9cision<\/u><\/strong><\/td>\n<td style=\"color: #333333;text-align: left\" width=\"25%\">Sur :<\/td>\n<td style=\"color: #333333;text-align: left\" width=\"50%\">15 pr\u00e9sents<\/td>\n<\/tr>\n<tr>\n<td style=\"color: #333333;text-align: left\"><\/td>\n<td style=\"color: #333333;text-align: left\">Pour :<\/td>\n<td style=\"color: #333333;text-align: left\">19 dont 5 pvrs<\/td>\n<\/tr>\n<tr>\n<td style=\"color: #333333;text-align: left\"><\/td>\n<td style=\"color: #333333;text-align: left\">Contre :<\/td>\n<td style=\"color: #333333;text-align: left\">0<\/td>\n<\/tr>\n<tr>\n<td style=\"color: #333333;text-align: left\"><\/td>\n<td style=\"color: #333333;text-align: left\">Abstentions :<\/td>\n<td style=\"color: #333333;text-align: left\">2 dont 1 pvr<\/td>\n<\/tr>\n<\/tbody>\n<\/table>\n<div id=\"CM30032023Seize\" style=\"color: #333333\"><strong><u>16 &#8211; D\u00e9lib\u00e9ration personnel saisonnier vacances d&#8217;\u00e9t\u00e9 2023<\/u><\/strong><\/div>\n<p style=\"text-align: justify;color: #333333;padding-left: 40px\"><em>Pr\u00e9sentation est faite par Monsieur le Maire<\/em><\/p>\n<p style=\"text-align: justify;color: #333333;padding-left: 40px\"><em>Consid\u00e9rant qu&#8217;il est n\u00e9cessaire de recruter des agents contractuels pour faire face \u00e0 un besoin li\u00e9 \u00e0 un accroissement saisonnier d&#8217;activit\u00e9 \u00e0 savoir renforcer les services techniques pendant la p\u00e9riode estivale 2023\nCes emplois permettront \u00e0 des jeunes de financer leur permis, leurs \u00e9tudes\u2026<\/em><\/p>\n<p style=\"color: #333333\"><strong>Le Conseil Municipal apr\u00e8s en avoir d\u00e9lib\u00e9r\u00e9,<\/strong>\npar\u00a021 voix pour,\u00a00 voix contre,\u00a00\u00a0abstention<\/p>\n\n<table width=\"75%\">\n<tbody>\n<tr>\n<td style=\"color: #333333\" width=\"25%\"><strong>DECIDE DE CREER<\/strong><\/td>\n<td style=\"color: #333333;text-align: justify\" width=\"75%\">4 emplois saisonniers \u00e0 20h\/hebdomadaire pour la p\u00e9riode du 1<sup>er<\/sup> juillet 2022 au 31 aout 2022<\/td>\n<\/tr>\n<\/tbody>\n<\/table>\n<p style=\"color: #333333\" align=\"right\"><em><small>D\u00e9lib\u00e9ration n\u00b0 2023-03-30-D-16<\/small><\/em><\/p>\n\n<table align=\"right\" bgcolor=\"#EEEEEE\">\n<tbody>\n<tr>\n<td style=\"color: #333333;text-align: left\" width=\"25%\"><strong><u>D\u00e9cision<\/u><\/strong><\/td>\n<td style=\"color: #333333;text-align: left\" width=\"25%\">Sur :<\/td>\n<td style=\"color: #333333;text-align: left\" width=\"50%\">15 pr\u00e9sents<\/td>\n<\/tr>\n<tr>\n<td style=\"color: #333333;text-align: left\"><\/td>\n<td style=\"color: #333333;text-align: left\">Pour :<\/td>\n<td style=\"color: #333333;text-align: left\">21 dont 6 pvrs<\/td>\n<\/tr>\n<tr>\n<td style=\"color: #333333;text-align: left\"><\/td>\n<td style=\"color: #333333;text-align: left\">Contre :<\/td>\n<td style=\"color: #333333;text-align: left\">0<\/td>\n<\/tr>\n<tr>\n<td style=\"color: #333333;text-align: left\"><\/td>\n<td style=\"color: #333333;text-align: left\">Abstentions :<\/td>\n<td style=\"color: #333333;text-align: left\">0<\/td>\n<\/tr>\n<\/tbody>\n<\/table>\n<div id=\"CM30032023QD\" style=\"color: #333333\"><strong><u>Questions diverses<\/u><\/strong><\/div>\n<ul>\n \t<li>La distribution des documents \u00e0 la population par les \u00e9lus a \u00e9t\u00e9 modifi\u00e9e<\/li>\n \t<li>Samedi 8 avril \u00e0 partir de 13h30 tournoi de volley pour les plus jeunes salle Delaune<\/li>\n \t<li>Dimanche 9 avril Paris Roubaix passe \u00e0 Thiant<\/li>\n<\/ul>\n<p style=\"color: #333333;padding-left: 40px\" align=\"justify\">Madame C\u00e9line Dumaine souhaite revenir sur les propos de Monsieur Sylvain LEFEBVRE afin qu&#8217;ils ne soient pas relay\u00e9s tels quels dans la presse lorsqu&#8217;il a \u00e9voqu\u00e9 la caisse d&#8217;\u00e9pargne. Monsieur Sylvain LEFEBVRE a dit qu&#8217;il n&#8217;\u00e9tait pas inform\u00e9, sans doute parce qu&#8217;il ne faisait pas partie \u00ab du cercle priv\u00e9 \u00bb. Madame C\u00e9line DUMAINE tient \u00e0 rappeler qu&#8217;en mati\u00e8re de communication il a \u00e9t\u00e9 fait des efforts et que les \u00e9lus tendent \u00e0 r\u00e9pondre en commission \u00e0 tout ce qui est demand\u00e9 et il ne faut pas repartir du conseil en pensant qu&#8217;il y a des cachotteries qui se font car ce n&#8217;est pas du tout le cas. Et Monsieur Philippe Waelkens a pr\u00e9cis\u00e9 \u00e0 plusieurs reprises que les comptes rendus de sa commission sont disponibles. \u00ab Il n&#8217;y a pas de pol\u00e9miques \u00e0 faire sur ce sujet \u00bb.\nMonsieur Philippe WAELKENS pr\u00e9cise qu&#8217;il y a des permanences en mairie et qu&#8217;il est possible de prendre rendez-vous aupr\u00e8s des adjoints qui r\u00e9pondront sans probl\u00e8me aux diverses questions.<\/p>\n<p style=\"color: #333333\" align=\"right\"><strong>Fin de s\u00e9ance \u00e0 20h50\nLe Secr\u00e9taire de s\u00e9ance\nPhilippe WAELKENS<\/strong><\/p>\nre<\/div>\n\t\t\t\t\t\t\t\t\t<div class=\"elementor-tab-title elementor-tab-mobile-title\" aria-selected=\"false\" data-tab=\"7\" role=\"tab\" tabindex=\"-1\" aria-controls=\"elementor-tab-content-2007\" aria-expanded=\"false\">27\/02<\/div>\n\t\t\t\t\t<div id=\"elementor-tab-content-2007\" class=\"elementor-tab-content elementor-clearfix\" data-tab=\"7\" role=\"tabpanel\" aria-labelledby=\"elementor-tab-title-2007\" tabindex=\"0\" hidden=\"hidden\"><h6><span style=\"color: #ff0000\">Proc\u00e8s verbal du Conseil Municipal du 27 F\u00e9vrier 2023 \u00e0 18h00<\/span><\/h6><p><a href=\"https:\/\/thiant.fr\/wordpress\/documents_ext\/CM\/CM_2023-02-27.pdf\" target=\"_blank\" rel=\"noopener\"><img loading=\"lazy\" decoding=\"async\" class=\"alignnone wp-image-5440 size-medium\" src=\"https:\/\/thiant.fr\/wordpress\/wp-content\/uploads\/2023\/04\/PV_2023-02-27-signe-212x300.png\" alt=\"\" width=\"212\" height=\"300\" srcset=\"https:\/\/thiant.fr\/wordpress\/wp-content\/uploads\/2023\/04\/PV_2023-02-27-signe-212x300.png 212w, https:\/\/thiant.fr\/wordpress\/wp-content\/uploads\/2023\/04\/PV_2023-02-27-signe.png 566w\" sizes=\"(max-width: 212px) 100vw, 212px\" \/><\/a><\/p><p style=\"color: #333333\"><strong>Date de la convocation\u00a0:<\/strong>\u00a0\u00a0\u00a0\u00a0\u00a0\u00a0\u00a0\u00a0 Vendredi 17 f\u00e9vrier 2023<\/p><p style=\"color: #333333\"><strong>Date de l\u2019affichage\u00a0:<\/strong> \u00a0\u00a0 \u00a0\u00a0\u00a0\u00a0\u00a0\u00a0\u00a0\u00a0\u00a0\u00a0\u00a0 Vendredi 17 f\u00e9vrier 2023<\/p><p style=\"color: #333333;padding-left: 40px\" align=\"justify\">L&#8217;an deux mil vingt-trois, le vingt-sept f\u00e9vrier \u00e0 dix-huit heures, le Conseil Municipal de Thiant, r\u00e9guli\u00e8rement convoqu\u00e9, s&#8217;est r\u00e9uni \u00e0 la Salle du Conseil en Mairie, rue Anatole France \u00e0 THIANT, sous la Pr\u00e9sidence de Monsieur Marc WATTIEZ Maire de la Commune.<\/p><p style=\"color: #333333\"><strong>Pr\u00e9sents :<\/strong><\/p><p style=\"color: #333333;padding-left: 40px\" align=\"justify\"><strong>Monsieur Marc WATTIEZ, Madame C\u00e9line DUMAINE, Madame St\u00e9phanie WATTIEZ, Monsieur Philippe WAELKENS, Madame Raymonde BOHERE, Monsieur Michel HENNAUT, Madame Sylvie DEVOS, Madame Sylvaine GERARD, Madame Martine PREVOST, Madame Armelle BOURLET, Monsieur J\u00e9r\u00f4me CARLIER, Madame Emilie LEBRUN, Monsieur Christophe DESPINOY, Madame Sylvie NICOLAS, Monsieur Bernard MALAQUIN, Monsieur Bernard LEPEZ, Monsieur Jean-Claude BAH, Madame Fran\u00e7oise BAR-DESESPRINGALLE, Monsieur Jimmy LAURENT, Monsieur Jean-Michel HARBONNIER, Monsieur Sylvain LEFEBVRE<\/strong><\/p><p style=\"color: #333333\"><strong>Excus\u00e9s :<\/strong><\/p><p style=\"color: #333333;padding-left: 40px\"><strong>Monsieur Guy VANDERBEC<br \/>Madame C\u00e9line TRACHMAN qui donne pouvoir \u00e0 Monsieur Philippe WAELKENS<\/strong><\/p><p>&lt;!&#8211;<\/p>\n<p style=\"color: #333333\"><strong>Absents : MM.XXXXX<\/strong><\/p>\n<p>&#8211;&gt;<\/p><p style=\"color: #333333\"><strong><u>Ordre du jour<\/u>\u00a0:<\/strong><\/p><ol style=\"color: #333333;padding-left: 40px\"><li><a href=\"#CM27022023Un\">D\u00e9lib\u00e9ration Approbation du proc\u00e8s-verbal du 10 janvier 2023<\/a><\/li><li><a href=\"#CM27022023Deux\">D\u00e9lib\u00e9ration proposition Avenant March\u00e9 Restauration<\/a><\/li><li><a href=\"#CM27022023Trois\">D\u00e9lib\u00e9ration modificative de la d\u00e9lib\u00e9ration du 10 janvier 2023 sur les indemnit\u00e9s des \u00e9lus<\/a><\/li><li><a href=\"#CM27022023Quatre\">D\u00e9signation commissions suite d\u00e9mission d&#8217;un conseiller municipal et int\u00e9gration d&#8217;un nouveau<\/a><\/li><li><a href=\"#CM27022023QD\">Questions diverses<\/a><\/li><\/ol><p style=\"color: #333333\"><strong>D\u00e9signation d&#8217;un Secr\u00e9taire de s\u00e9ance : Madame St\u00e9phanie WATTIEZ<\/strong><\/p><p style=\"color: #333333\"><strong>Nombre de pouvoirs\u00a0: 1<\/strong><\/p><div id=\"CM27022023Un\" style=\"color: #333333\"><strong><u>1 &#8211; Approbation du Proc\u00e8s-verbal du 08 novembre 2022<\/u><\/strong><\/div><p style=\"color: #333333;padding-left: 40px\" align=\"center\"><strong>Aucune remarque<\/strong><\/p><p>&lt;!&#8211;<\/p>\n<table width=\"75%\">\n<tbody>\n<tr>\n<td width=\"25%\" style=\"color: #333333\">Consid\u00e9rant<\/td>\n<td width=\"75%\" style=\"color: #333333;text-align: justify\">Le Code G\u00e9n\u00e9ral des Collectivit\u00e9s Territoriales, particuli\u00e8rement les articles L.2121-7 \u00e0 L.2121-28 ;<\/td>\n<\/tr>\n<tr>\n<td style=\"color: #333333\">Consid\u00e9rant<\/td>\n<td style=\"color: #333333;text-align: justify\">qu&#8217;il convient d&#8217;adopter les proc\u00e8s-verbaux des s\u00e9ances du Conseil Municipal.<\/td>\n<\/tr>\n<\/tbody>\n<\/table>\n<p>&#8211;&gt;<\/p><p style=\"color: #333333\"><strong>Le Conseil Municipal,<\/strong><br \/>par\u00a020 voix pour,\u00a00 voix contre,\u00a00\u00a0abstention<\/p><table><tbody><tr><td style=\"color: #333333\" width=\"25%\"><strong><u>APPROUVE<\/u><\/strong><\/td><td style=\"color: #333333;text-align: justify\" width=\"75%\">le contenu du proc\u00e8s-verbal du 10 janvier 2023, r\u00e9dig\u00e9 par son secr\u00e9taire de s\u00e9ance.<\/td><\/tr><\/tbody><\/table><p style=\"color: #333333\" align=\"right\"><em><small>D\u00e9lib\u00e9ration n\u00b0 2023-02-27-D-01<\/small><\/em><\/p><table align=\"right\" bgcolor=\"#EEEEEE\"><tbody><tr><td style=\"color: #333333;text-align: left\" width=\"25%\"><strong><u>D\u00e9cision<\/u><\/strong><\/td><td style=\"color: #333333;text-align: left\" width=\"25%\">Sur :<\/td><td style=\"color: #333333;text-align: left\" width=\"50%\">19 pr\u00e9sents<\/td><\/tr><tr><td style=\"color: #333333;text-align: left\">\u00a0<\/td><td style=\"color: #333333;text-align: left\">Pour :<\/td><td style=\"color: #333333;text-align: left\">20 dont 1 pvr<\/td><\/tr><tr><td style=\"color: #333333;text-align: left\">\u00a0<\/td><td style=\"color: #333333;text-align: left\">Contre :<\/td><td style=\"color: #333333;text-align: left\">0<\/td><\/tr><tr><td style=\"color: #333333;text-align: left\">\u00a0<\/td><td style=\"color: #333333;text-align: left\">Abstentions :<\/td><td style=\"color: #333333;text-align: left\">0<\/td><\/tr><\/tbody><\/table><p style=\"color: #333333;padding-left: 40px\" align=\"justify\"><em>\u00c0 la suite de la d\u00e9mission de Monsieur Jean-Marie LECERF, Monsieur Christophe DESPINOY int\u00e8gre le conseil municipal.<br \/>Monsieur Christophe DESPINOY s&#8217;est pr\u00e9sent\u00e9 : habitant de Thiant depuis une vingtaine d&#8217;ann\u00e9es travaillant au lyc\u00e9e de l&#8217;Escaut \u00e0 Valenciennes, participe d\u00e8s qu&#8217;il le peut aux activit\u00e9s de la commune.<\/em><\/p><div id=\"CM27022023Deux\" style=\"color: #333333\"><strong><u>2 &#8211; D\u00e9lib\u00e9ration proposition Avenant March\u00e9 Restauration<\/u><\/strong><\/div><p style=\"color: #333333;padding-left: 40px\" align=\"justify\"><strong>Arriv\u00e9e de Madame Armelle BOURLET.<\/strong><\/p><p style=\"color: #333333;padding-left: 40px\" align=\"justify\"><em>Pr\u00e9sentation est faite par Monsieur Le Maire.<\/em><\/p><p style=\"color: #333333;padding-left: 40px\" align=\"justify\"><em>Pour donner suite \u00e0 l&#8217;augmentation des prix des denr\u00e9es, le prestataire API Restauration a sollicit\u00e9 la commune et souhaite la validation d&#8217;un avenant.<\/em><\/p><p style=\"color: #333333;padding-left: 40px\" align=\"justify\"><em>Monsieur Michel HENNAUT :<br \/>Le contrat qui a \u00e9t\u00e9 sign\u00e9 avec API \u00e9tait valable pour combien de temps ?<br \/>Monsieur Le Maire :<br \/>Le March\u00e9 est d&#8217;une dur\u00e9e d&#8217;une ann\u00e9e renouvelable 3 fois donc d&#8217;une dur\u00e9e maxi de 4 ans.<br \/>Les prix des B.P.U sont r\u00e9put\u00e9s fermes la premi\u00e8re ann\u00e9e, ils sont r\u00e9visables annuellement.<br \/>Monsieur Jean-Claude BAH :<br \/>Les prix augmentent en France. A quel pourcentage sommes-nous d&#8217;inflation ?<br \/>Monsieur Le Maire :<br \/>On peut difficilement r\u00e9pondre \u00e0 cela et \u00e0 sa future \u00e9volution mais on sait qu&#8217;il est actuellement nettement sup\u00e9rieur \u00e0 5%.<\/em><\/p><p style=\"color: #333333;padding-left: 80px\" align=\"justify\"><em>(L&#8217;alimentation augmente de 1.7% sur un mois, sur 12 mois elle a augment\u00e9 de 14.8%<br \/>En moyenne glissante sur les 12 derniers mois, l&#8217;alimentation a augment\u00e9 de 8.8%.)<\/em><\/p><p style=\"color: #333333;padding-left: 40px\" align=\"justify\"><em>Monsieur Jean-Claude BAH :<br \/>Aura-t-on un autre avenant demain ?<br \/>Monsieur Le Maire :<br \/>Nous ne pouvons pas passer d&#8217;avenant tous les mois.<br \/>Actuellement nous restons aux tarifs de la cantine actuelle c&#8217;est-\u00e0-dire 1\u20ac majoritairement pour les familles.<br \/>Madame St\u00e9phanie WATTIEZ :<br \/>Est-ce qu&#8217;Api s&#8217;engage \u00e0 maintenir la qualit\u00e9 des prestations ?<br \/>Monsieur Le Maire :<br \/>Oui, m\u00eame garantie pour les repas avec le m\u00eame nombre de composants.<br \/>Monsieur Jean-Claude BAH :<br \/>Que livrent-ils ? Quelles sont les quantit\u00e9s ?<br \/>Madame St\u00e9phanie WATTIEZ :<br \/>Il n&#8217;y a pas de livraison de repas car ils sont pr\u00e9par\u00e9s sur place dans la cuisine de l&#8217;\u00e9cole.<br \/>Monsieur Sylvain LEFEBVRE :<br \/>Quel va \u00eatre la somme globale que la commune va devoir payer en plus sur l&#8217;ann\u00e9e ?<br \/>Monsieur Le Maire :<br \/>L&#8217;augmentation sera environ de 5000\u20ac<\/em><\/p><p style=\"color: #333333;padding-left: 80px\" align=\"justify\"><em>(Pour information 112800\u20ac pay\u00e9s sur 2022 \u00e0 API soit 5%<br \/>Cela repr\u00e9sente 5700\u20ac environ pour l&#8217;ann\u00e9e)<\/em><\/p><p style=\"color: #333333;padding-left: 40px\" align=\"justify\"><em>Monsieur Le Maire :<br \/>Il faut faire la diff\u00e9rence entre l&#8217;impact financier de cette augmentation sur les d\u00e9penses et les recettes qui resteront fixes.<br \/>Le dispositif de l&#8217;\u00e9tat ne bougera pas et les tarifs fix\u00e9s par le conseil restent inchang\u00e9s tant que le dispositif \u00ab ETAT : CANTINE \u00e0 1\u20ac \u00bb sera appliqu\u00e9.<br \/>Madame Sylvie NICOLAS :<br \/>A-t-on eu une augmentation des effectifs avec les tarifs \u00e0 1\u20ac ?<br \/>Monsieur Le Maire :<br \/>Pour cette ann\u00e9e nous avons eu une augmentation des effectifs \u00e0 la cantine mais pas n\u00e9cessairement li\u00e9e aux tarifs des 1 \u20ac.<br \/>Madame St\u00e9phanie WATTIEZ :<br \/>Les enfants ont \u00e0 la cantine un repas \u00e9quilibr\u00e9.<\/em><\/p><p style=\"color: #333333;padding-left: 40px\" align=\"justify\"><em>Demande faite par API restauration \u00e0 la suite de l&#8217;augmentation des prix.<\/em><\/p><p style=\"color: #333333;padding-left: 40px\" align=\"justify\"><strong><em>L&#8217;impact financier est de 5% par rapport au March\u00e9 de base :<\/em><\/strong><\/p><table align=\"center\"><tbody><tr><td style=\"color: #333333;text-align: center;font-size: 2rem\" colspan=\"4\"><strong>VILLE DE THIANT<\/strong><\/td><\/tr><tr><td style=\"color: #333333;text-align: center\" colspan=\"4\"><strong>March\u00e9 de prestation de service et d&#8217;assistance \u00e0 la restauration municipale<\/strong><\/td><\/tr><tr><td style=\"color: #48c49b;text-align: center\" colspan=\"4\">BORDEREAU DE PRIX AU 01\/03\/2023<\/td><\/tr><tr bgcolor=\"#EEEEEE\"><td style=\"color: #333333;text-align: center;font-size: 1rem\"><strong>D\u00c9SIGNATI0N<\/strong><\/td><td style=\"color: #333333;text-align: center;font-size: 1rem\"><strong>Prix HT au 01\/03\/2022<\/strong><\/td><td style=\"color: #333333;text-align: center;font-size: 1rem\"><strong>INDICE<\/strong><\/td><td style=\"color: #333333;text-align: center;font-size: 1rem\"><strong>Prix HT au 01\/03\/2023<\/strong><\/td><\/tr><tr bgcolor=\"#EEEEEE\"><td style=\"color: #333333;text-align: left;font-size: 1rem\">Repas scolaire maternelle<\/td><td style=\"color: #333333;padding-right: 60px;text-align: right;font-size: 1rem\">2,809\u20ac<\/td><td style=\"color: #333333;text-align: center;font-size: 1rem\">1,05<\/td><td style=\"color: #333333;padding-right: 60px;text-align: right;font-size: 1rem\">2,949\u20ac<\/td><\/tr><tr bgcolor=\"#EEEEEE\"><td style=\"color: #333333;text-align: left;font-size: 1rem\">Repas scolaire primaire<\/td><td style=\"color: #333333;padding-right: 60px;text-align: right;font-size: 1rem\">2,949\u20ac<\/td><td style=\"color: #333333;text-align: center;font-size: 1rem\">1,05<\/td><td style=\"color: #333333;padding-right: 60px;text-align: right;font-size: 1rem\">3,096\u20ac<\/td><\/tr><tr bgcolor=\"#EEEEEE\"><td style=\"color: #333333;text-align: left;font-size: 1rem\">Repas scolaire adulte<\/td><td style=\"color: #333333;padding-right: 60px;text-align: right;font-size: 1rem\">3,092\u20ac<\/td><td style=\"color: #333333;text-align: center;font-size: 1rem\">1,05<\/td><td style=\"color: #333333;padding-right: 60px;text-align: right;font-size: 1rem\">3,247\u20ac<\/td><\/tr><tr bgcolor=\"#EEEEEE\"><td style=\"color: #333333;text-align: left;font-size: 1rem\">ALSH Repas maternelle\/primaire<\/td><td style=\"color: #333333;padding-right: 60px;text-align: right;font-size: 1rem\">2,949\u20ac<\/td><td style=\"color: #333333;text-align: center;font-size: 1rem\">1,05<\/td><td style=\"color: #333333;padding-right: 60px;text-align: right;font-size: 1rem\">3,096\u20ac<\/td><\/tr><tr bgcolor=\"#EEEEEE\"><td style=\"color: #333333;text-align: left;font-size: 1rem\">ALSH Repas adulte<\/td><td style=\"color: #333333;padding-right: 60px;text-align: right;font-size: 1rem\">3,092\u20ac<\/td><td style=\"color: #333333;text-align: center;font-size: 1rem\">1,05<\/td><td style=\"color: #333333;padding-right: 60px;text-align: right;font-size: 1rem\">3,247\u20ac<\/td><\/tr><tr bgcolor=\"#EEEEEE\"><td style=\"color: #333333;text-align: left;font-size: 1rem\">ALSH Menu froid<\/td><td style=\"color: #333333;padding-right: 60px;text-align: right;font-size: 1rem\">2,949\u20ac<\/td><td style=\"color: #333333;text-align: center;font-size: 1rem\">1,05<\/td><td style=\"color: #333333;padding-right: 60px;text-align: right;font-size: 1rem\">3,096\u20ac<\/td><\/tr><tr bgcolor=\"#EEEEEE\"><td style=\"color: #333333;text-align: left;font-size: 1rem\">ALSH Menu sandwich<\/td><td style=\"color: #333333;padding-right: 60px;text-align: right;font-size: 1rem\">2,949\u20ac<\/td><td style=\"color: #333333;text-align: center;font-size: 1rem\">1,05<\/td><td style=\"color: #333333;padding-right: 60px;text-align: right;font-size: 1rem\">3,096\u20ac<\/td><\/tr><tr bgcolor=\"#EEEEEE\"><td style=\"color: #333333;text-align: left;font-size: 1rem\">ALSH Menu barbecue<\/td><td style=\"color: #333333;padding-right: 60px;text-align: right;font-size: 1rem\">2,949\u20ac<\/td><td style=\"color: #333333;text-align: center;font-size: 1rem\">1,05<\/td><td style=\"color: #333333;padding-right: 60px;text-align: right;font-size: 1rem\">3,096\u20ac<\/td><\/tr><tr bgcolor=\"#EEEEEE\"><td style=\"color: #333333;text-align: left;font-size: 1rem\">Go\u00fbter 3 composantes<\/td><td style=\"color: #333333;padding-right: 60px;text-align: right;font-size: 1rem\">0,710\u20ac<\/td><td style=\"color: #333333;text-align: center;font-size: 1rem\">1,05<\/td><td style=\"color: #333333;padding-right: 60px;text-align: right;font-size: 1rem\">0,745\u20ac<\/td><\/tr>&lt;!&#8211;<\/p>\n<tr bgcolor=\"#F0F8FF\">\n<td style=\"color: #333333;text-align: left\">Adresse<\/td>\n<td bgcolor=\"#000000\" style=\"color: #333333;text-align: left\"><\/td>\n<td style=\"color: #333333;text-align: left\"><strong>3 RUE DU DOCTEUR ROUX<br \/>59224 THIANT<\/strong><\/td>\n<\/tr>\n<p>&#8211;&gt;<\/tbody><\/table><p style=\"color: #333333\"><strong>Le Conseil Municipal, apr\u00e8s en avoir d\u00e9lib\u00e9r\u00e9,<\/strong><br \/>par\u00a022 voix pour,\u00a00 voix contre,\u00a00\u00a0abstention<\/p><table align=\"center\"><tbody><tr><td style=\"color: #333333\"><strong>VALIDE<\/strong><\/td><td style=\"color: #333333;text-align: justify\">L&#8217;avenant N\u00b01 pour un montant de 5% par rapport au March\u00e9 de base<\/td><\/tr><tr><td style=\"color: #333333\"><strong>AUTORISE<\/strong><\/td><td style=\"color: #333333;text-align: justify\">Monsieur Le Maire \u00e0 signer tous les documents n\u00e9cessaires.<\/td><\/tr><\/tbody><\/table><p style=\"color: #333333\" align=\"right\"><em><small>D\u00e9lib\u00e9ration n\u00b0 2023-02-27-D-02<\/small><\/em><\/p><table align=\"right\" bgcolor=\"#EEEEEE\"><tbody><tr><td style=\"color: #333333;text-align: left\" width=\"25%\"><strong><u>D\u00e9cision<\/u><\/strong><\/td><td style=\"color: #333333;text-align: left\" width=\"25%\">Sur :<\/td><td style=\"color: #333333;text-align: left\" width=\"50%\">21 pr\u00e9sents<\/td><\/tr><tr><td style=\"color: #333333;text-align: left\">\u00a0<\/td><td style=\"color: #333333;text-align: left\">Pour :<\/td><td style=\"color: #333333;text-align: left\">22 Dont 1 pvr<\/td><\/tr><tr><td style=\"color: #333333;text-align: left\">\u00a0<\/td><td style=\"color: #333333;text-align: left\">Contre :<\/td><td style=\"color: #333333;text-align: left\">0<\/td><\/tr><tr><td style=\"color: #333333;text-align: left\">\u00a0<\/td><td style=\"color: #333333;text-align: left\">Abstentions :<\/td><td style=\"color: #333333;text-align: left\">0<\/td><\/tr><\/tbody><\/table><div id=\"CM27022023Trois\" style=\"color: #333333\"><strong><u>3 &#8211; D\u00e9lib\u00e9ration modificative de la d\u00e9lib\u00e9ration du 10 janvier 2023 sur les indemnit\u00e9s des \u00e9lus<\/u><\/strong><\/div><table><tbody><tr><td style=\"color: #333333\">Vu<\/td><td style=\"color: #333333;text-align: justify\">Le Code G\u00e9n\u00e9ral des Collectivit\u00e9s Territoriales, particuli\u00e8rement :<\/td><\/tr><tr><td style=\"color: #333333\">\u00a0<\/td><td><ul style=\"color: #333333;text-align: justify\"><li>l&#8217;article L.2123-20 du Code G\u00e9n\u00e9ral des Collectivit\u00e9s Territoriales qui pr\u00e9voit que l&#8217;indemnit\u00e9 du Maire des Adjoints est fix\u00e9e en r\u00e9f\u00e9rence \u00e0 l&#8217;indice brut terminal de l&#8217;\u00e9chelle indiciaire de la fonction publique ;<\/li><li>l&#8217;article L.2123-23 du Code G\u00e9n\u00e9ral des Collectivit\u00e9s Territoriales qui dispose que l&#8217;indemnit\u00e9 maximale pour l&#8217;exercice effectif des fonctions du Maire d&#8217;une commune de 1 000 \u00e0 3 499 habitants \u00e9quivaut \u00e0 51,60 % de l&#8217;indice brut terminal de l&#8217;\u00e9chelle indiciaire de la fonction publique ;<\/li><li>le 1<sup>er<\/sup> paragraphe de l&#8217;article L.2123-24 du Code G\u00e9n\u00e9ral des Collectivit\u00e9s Territoriales qui dispose que l&#8217;indemnit\u00e9 maximale pour l&#8217;exercice des fonctions d&#8217;adjoint d&#8217;une commune de 1 000 \u00e0 3 499 habitants \u00e9quivaut 19,80 % de l&#8217;indice brut terminal de l&#8217;\u00e9chelle indiciaire de la fonction publique. Toutefois, le 2<sup>\u00e8me<\/sup> paragraphe du m\u00eame article pr\u00e9voit \u00e9galement que l&#8217;indemnit\u00e9 vers\u00e9e \u00e0 un adjoint peut d\u00e9passer ce maximum (19,80%) \u00e0 condition que le montant total des indemnit\u00e9s maximales pouvant \u00eatre allou\u00e9es au Maire et \u00e0 ces adjoints ne soit pas d\u00e9pass\u00e9 (312.5% de l&#8217;indice brut terminal de la fonction publique) ;<\/li><li>Le 3<sup>\u00e8me<\/sup> paragraphe de l&#8217;article L2123-24-1 du Code G\u00e9n\u00e9ral des Collectivit\u00e9s Territoriales qui dispose que les conseillers municipaux auxquels le Maire d\u00e9l\u00e8gue une partie de ses fonctions en application des articles L.2122-18 et L.2122-20 peuvent percevoir une indemnit\u00e9 allou\u00e9e par le Conseil Municipal dans les limites pr\u00e9vues par le II de l&#8217;article L.2123-24. Cette indemnit\u00e9 n&#8217;est pas cumulable avec celle pr\u00e9vue par le 2<sup>\u00e8me<\/sup> paragraphe de l&#8217;article L.2123-24-1 ;<\/li><\/ul><\/td><\/tr><tr><td style=\"color: #333333\">Vu<\/td><td style=\"color: #333333;text-align: justify\">la loi n\u00b092-108 du 3 f\u00e9vrier 1992 relative aux conditions d&#8217;exercice des mandats locaux ;<\/td><\/tr><tr><td style=\"color: #333333\">Vu<\/td><td style=\"color: #333333;text-align: justify\">la loi n\u00b02002-276 du 27 f\u00e9vrier 2002 relative \u00e0 la d\u00e9mocratie de proximit\u00e9 ;<\/td><\/tr><tr><td style=\"color: #333333\">Vu<\/td><td style=\"color: #333333;text-align: justify\">la note d&#8217;information NOR INTB9200118C du 15 avril 1992 relative aux conditions d&#8217;exercice des mandats locaux ;<\/td><\/tr><tr><td style=\"color: #333333\">Vu<\/td><td style=\"color: #333333;text-align: justify\">la d\u00e9lib\u00e9ration n\u00b0 2022-12-16-D2 du 16 d\u00e9cembre 2022 fixant \u00e0 5 le nombre d&#8217;adjoints au Maire ;<\/td><\/tr><tr><td style=\"color: #333333\">Vu<\/td><td style=\"color: #333333;text-align: justify\">la d\u00e9lib\u00e9ration n\u00b0 2023-01-10-D5 du 10 janvier 2023 d\u00e9terminant les taux des indemnit\u00e9s des \u00e9lus ;<\/td><\/tr><tr><td style=\"color: #333333\">Vu<\/td><td style=\"color: #333333;text-align: justify\">le courrier de monsieur le sous-pr\u00e9fet de valenciennes en date du 25 janvier 2023 demandant le retrait de la d\u00e9lib\u00e9ration 2023-01-10-D5 du 10 janvier 2023 et inviter le conseil municipal \u00e0 se prononcer de nouveau sur les taux des indemnit\u00e9s des \u00e9lus ;<\/td><\/tr><tr><td style=\"color: #333333\">Consid\u00e9rant<\/td><td style=\"color: #333333;text-align: justify\">que la commune compte plus de 1 000 habitants et moins de 3 499 habitants ;<\/td><\/tr><tr><td style=\"color: #333333\">Consid\u00e9rant<\/td><td style=\"color: #333333;text-align: justify\">l&#8217;obligation de respecter l&#8217;enveloppe indemnitaire globale compos\u00e9e du montant des indemnit\u00e9s maximales susceptibles d&#8217;\u00eatre allou\u00e9e au Maire, aux adjoints et aux conseillers investis d&#8217;une d\u00e9l\u00e9gation de comp\u00e9tence du Maire, en exercice ;<\/td><\/tr><tr><td style=\"color: #333333\">Consid\u00e9rant<\/td><td style=\"color: #333333;text-align: justify\">qu&#8217;il appartient au Conseil Municipal de d\u00e9terminer les taux des indemnit\u00e9s des adjoints, des conseillers municipaux et du Maire, \u00e0 sa demande, pour l&#8217;exercice de leurs fonctions dans la limite des taux maxima fix\u00e9s par la loi ;<\/td><\/tr><\/tbody><\/table><p style=\"color: #333333\"><strong>Le Conseil Municipal, apr\u00e8s en avoir d\u00e9lib\u00e9r\u00e9,<\/strong><\/p><table align=\"center\"><tbody><tr><td style=\"color: #333333\"><strong>RETIRE ET ANNULE<\/strong><\/td><td style=\"color: #333333;text-align: justify\">la d\u00e9lib\u00e9ration n\u00b0 2023-01-10-D5 du 10 janvier 2023 d\u00e9terminant les taux des indemnit\u00e9s des \u00e9lus<\/td><\/tr><tr><td style=\"color: #333333\"><strong>FIXE<\/strong><\/td><td style=\"color: #333333;text-align: justify\">les indemnit\u00e9s pour l&#8217;exercice effectif des fonctions de Maire et d&#8217;Adjoint au Maire et de Conseiller d\u00e9l\u00e9gu\u00e9 dans la limite de l&#8217;enveloppe budg\u00e9taire constitu\u00e9e par le montant des indemnit\u00e9s maximales susceptibles d&#8217;\u00eatre allou\u00e9es aux titulaires de mandats locaux, aux taux suivants :<\/td><\/tr><tr><td style=\"color: #333333\">\u00a0<\/td><td><ul style=\"color: #333333;text-align: justify\"><li>attribution d&#8217;une indemnit\u00e9 de fonction au Maire au taux de 42,40 % de l&#8217;indice brut terminal de l&#8217;\u00e9chelle indiciaire de la fonction publique<\/li><li>attribution d&#8217;une indemnit\u00e9 de fonction aux Adjoints au Maire au taux de 13,40 % de l&#8217;indice brut terminal de l&#8217;\u00e9chelle indiciaire de la fonction publique<\/li><li>attribution d&#8217;une indemnit\u00e9 de fonction aux Conseillers d\u00e9l\u00e9gu\u00e9s au taux de 13,40 % de de l&#8217;indice brut terminal de l&#8217;\u00e9chelle indiciaire de la fonction publique<\/li><\/ul><\/td><\/tr><tr><td style=\"color: #333333\">\u00a0<\/td><td style=\"color: #333333;text-align: justify\">conform\u00e9ment au bar\u00e8me fix\u00e9 par les articles L. 2123-23 et L. 2123-24 du Code G\u00e9n\u00e9ral des Collectivit\u00e9s Territoriales :<\/td><\/tr><tr><td style=\"color: #333333\"><strong>REVALORISE<\/strong><\/td><td style=\"color: #333333;text-align: justify\">les indemnit\u00e9s de fonction automatiquement en fonction de l&#8217;\u00e9volution de la valeur du point de l&#8217;indice.<\/td><\/tr><tr><td style=\"color: #333333\"><strong>DIT<\/strong><\/td><td style=\"color: #333333;text-align: justify\">que la pr\u00e9sente d\u00e9cision prendra effet au 1<sup>er<\/sup> mars 2023.<\/td><\/tr><tr><td style=\"color: #333333\"><strong>PREVOIT ET INSCRIT<\/strong><\/td><td style=\"color: #333333;text-align: justify\">les cr\u00e9dits n\u00e9cessaires au budget.<\/td><\/tr><tr><td style=\"color: #333333\">Tableau annex\u00e9<\/td><td style=\"color: #333333;text-align: justify\">\u00a0<\/td><\/tr><\/tbody><\/table><table align=\"left\" bgcolor=\"#EEEEEE\"><tbody><tr><td style=\"color: #333333;text-align: left;font-size: 1.5rem\">FONCTION<\/td><td style=\"color: #333333;text-align: center;font-size: 1.5rem\">% &#8211; indemnit\u00e9 mensuelle calcul\u00e9e en r\u00e9f\u00e9rence \u00e0 l&#8217;indice brut terminal<br \/>de l&#8217;\u00e9chelle indiciaire de la fonction publique<\/td><\/tr><tr><td style=\"color: #333333;text-align: left;font-size: 1rem\">Maire<\/td><td style=\"color: #333333;text-align: center;font-size: 1rem\">42,40<\/td><\/tr><tr><td style=\"color: #333333;text-align: left;font-size: 1rem\">1<sup>er(\u00e8re)<\/sup> Adjoint(e)<\/td><td style=\"color: #333333;text-align: center;font-size: 1rem\">13,40<\/td><\/tr><tr><td style=\"color: #333333;text-align: left;font-size: 1rem\">2<sup>\u00e8me<\/sup> Adjoint(e)<\/td><td style=\"color: #333333;text-align: center;font-size: 1rem\">13,40<\/td><\/tr><tr><td style=\"color: #333333;text-align: left;font-size: 1rem\">3<sup>\u00e8me<\/sup> Adjoint(e)<\/td><td style=\"color: #333333;text-align: center;font-size: 1rem\">13,40<\/td><\/tr><tr><td style=\"color: #333333;text-align: left;font-size: 1rem\">4<sup>\u00e8me<\/sup> Adjoint(e)<\/td><td style=\"color: #333333;text-align: center;font-size: 1rem\">13,40<\/td><\/tr><tr><td style=\"color: #333333;text-align: left;font-size: 1rem\">5<sup>\u00e8me<\/sup> Adjoint(e)<\/td><td style=\"color: #333333;text-align: center;font-size: 1rem\">13,40<\/td><\/tr><tr><td style=\"color: #333333;text-align: left;font-size: 1rem\">Conseiller(\u00e8re) d\u00e9l\u00e9gu\u00e9(e)<\/td><td style=\"color: #333333;text-align: center;font-size: 1rem\">13,40<\/td><\/tr><tr><td style=\"color: #333333;text-align: left;font-size: 1rem\">Conseiller(\u00e8re) d\u00e9l\u00e9gu\u00e9(e)<\/td><td style=\"color: #333333;text-align: center;font-size: 1rem\">13,40<\/td><\/tr><tr><td style=\"color: #333333;text-align: left;font-size: 1rem\">Conseiller(\u00e8re) d\u00e9l\u00e9gu\u00e9(e)<\/td><td style=\"color: #333333;text-align: center;font-size: 1rem\">13,40<\/td><\/tr><tr><td style=\"color: #333333;text-align: left;font-size: 1rem\">\u00a0<\/td><td style=\"color: #333333;text-align: center;font-size: 1rem\">149,60<\/td><\/tr><\/tbody><\/table><p style=\"color: #333333\" align=\"right\"><em><small>D\u00e9lib\u00e9ration n\u00b0 2023-02-27-D-03<\/small><\/em><\/p><table align=\"right\" bgcolor=\"#EEEEEE\"><tbody><tr><td style=\"color: #333333;text-align: left\" width=\"25%\"><strong><u>D\u00e9cision<\/u><\/strong><\/td><td style=\"color: #333333;text-align: left\" width=\"25%\">Sur :<\/td><td style=\"color: #333333;text-align: left\" width=\"50%\">21 pr\u00e9sents<\/td><\/tr><tr><td style=\"color: #333333;text-align: left\">\u00a0<\/td><td style=\"color: #333333;text-align: left\">Pour :<\/td><td style=\"color: #333333;text-align: left\">22 Dont 1 pvr<\/td><\/tr><tr><td style=\"color: #333333;text-align: left\">\u00a0<\/td><td style=\"color: #333333;text-align: left\">Contre :<\/td><td style=\"color: #333333;text-align: left\">0<\/td><\/tr><tr><td style=\"color: #333333;text-align: left\">\u00a0<\/td><td style=\"color: #333333;text-align: left\">Abstentions :<\/td><td style=\"color: #333333;text-align: left\">0<\/td><\/tr><\/tbody><\/table><div id=\"CM27022023Quatre\" style=\"color: #333333\"><strong><u>4 &#8211; D\u00e9signation commissions suite d\u00e9mission d&#8217;un conseiller municipal et int\u00e9gration d&#8217;un nouveau<\/u><\/strong><\/div><p style=\"color: #333333;padding-left: 40px\" align=\"justify\"><em>Pr\u00e9sentation est faite par Monsieur Le Maire<\/em><\/p><p style=\"color: #333333;padding-left: 40px\" align=\"justify\"><strong><u>Actualisations des commissions<\/u><\/strong><\/p><table align=\"center\"><tbody><tr><td style=\"color: #333333;text-align: left\" colspan=\"2\"><strong>\u2022 Finances<\/strong><\/td><\/tr><tr><td style=\"color: #333333;text-align: right\" width=\"25%\">Pr\u00e9sident :<\/td><td style=\"color: #333333;text-align: left\" width=\"75%\">Monsieur Marc WATTIEZ<\/td><\/tr><tr><td style=\"color: #333333;text-align: right\">Vice-Pr\u00e9sidente :<\/td><td style=\"color: #333333;text-align: left\">Madame St\u00e9phanie WATTIEZ<\/td><\/tr><tr><td style=\"color: #333333;text-align: right\">Membres :<\/td><td style=\"color: #333333;text-align: left\">&#8211; Madame C\u00e9line TRACHMAN<br \/>&#8211; Monsieur Jean-Claude BAH<\/td><\/tr><tr><td style=\"color: #333333;text-align: right\">Suppl\u00e9ant :<\/td><td style=\"color: #333333;text-align: left\">&#8211; N\u00e9ant<br \/>&#8211; Monsieur Sylvain LEFEBVRE rempla\u00e7ant Monsieur Jean-Michel HARBONNIER<\/td><\/tr><tr><td style=\"color: #333333;text-align: left\" colspan=\"2\"><strong>\u2022 F\u00eates et c\u00e9r\u00e9monies<\/strong><\/td><\/tr><tr><td style=\"color: #333333;text-align: right\">Pr\u00e9sident :<\/td><td style=\"color: #333333;text-align: left\">Monsieur Marc WATTIEZ<\/td><\/tr><tr><td style=\"color: #333333;text-align: right\">Membres :<\/td><td style=\"color: #333333;text-align: left\">&#8211; Monsieur J\u00e9r\u00f4me CARLIER<br \/>&#8211; Madame C\u00e9line TRACHMAN<br \/>&#8211; Madame Sylvie NICOLAS<br \/>&#8211; Monsieur Bernard MALAQUIN<br \/>&#8211; Monsieur Bernard LEPEZ<br \/>&#8211; Madame \u00c9milie LEBRUN<\/td><\/tr><tr><td style=\"color: #333333;text-align: right\">Suppl\u00e9ant :<\/td><td style=\"color: #333333;text-align: left\">&#8211; Monsieur Christophe DESPINOY<br \/>&#8211; Monsieur Jean-Michel HARBONNIER rempla\u00e7ant Monsieur Jimmy LAURENT<\/td><\/tr><tr><td style=\"color: #333333;text-align: left\" colspan=\"2\"><strong>\u2022 Travaux Urbanisme S\u00e9curit\u00e9 et Environnement<\/strong><\/td><\/tr><tr><td style=\"color: #333333;text-align: right\">Pr\u00e9sident :<\/td><td style=\"color: #333333;text-align: left\">Monsieur Marc WATTIEZ<\/td><\/tr><tr><td style=\"color: #333333;text-align: right\">Vice-Pr\u00e9sident :<\/td><td style=\"color: #333333;text-align: left\">Monsieur Philippe WAELKENS<\/td><\/tr><tr><td style=\"color: #333333;text-align: right\">Membres :<\/td><td style=\"color: #333333;text-align: left\">&#8211; Monsieur J\u00e9r\u00f4me CARLIER<br \/>&#8211; Monsieur Bernard LEPEZ<br \/>&#8211; Monsieur Bernard MALAQUIN<br \/>&#8211; Madame C\u00e9line TRACHMAN<\/td><\/tr><tr><td style=\"color: #333333;text-align: right\">Suppl\u00e9ant :<\/td><td style=\"color: #333333;text-align: left\">&#8211; Madame Sylvie NICOLAS<br \/>&#8211; Monsieur Jimmy LAURENT rempla\u00e7ant Monsieur Jean-Michel HARBONNIER<\/td><\/tr><tr><td style=\"color: #333333;text-align: left\" colspan=\"2\"><strong>\u2022 Sports et vie associative<\/strong><\/td><\/tr><tr><td style=\"color: #333333;text-align: right\">Pr\u00e9sident :<\/td><td style=\"color: #333333;text-align: left\">Monsieur Marc WATTIEZ<\/td><\/tr><tr><td style=\"color: #333333;text-align: right\">Vice-Pr\u00e9sident :<\/td><td style=\"color: #333333;text-align: left\">Monsieur Michel HENNAUT<\/td><\/tr><tr><td style=\"color: #333333;text-align: right\">Membres :<\/td><td style=\"color: #333333;text-align: left\">&#8211; Madame C\u00e9line TRACHMAN<br \/>&#8211; Monsieur J\u00e9r\u00f4me CARLIER<br \/>&#8211; Madame \u00c9milie LEBRUN<\/td><\/tr><tr><td style=\"color: #333333;text-align: right\">Suppl\u00e9ant :<\/td><td style=\"color: #333333;text-align: left\">&#8211; N\u00e9ant<br \/>&#8211; Monsieur Jean-Michel HARBONNIER rempla\u00e7ant Monsieur Jimmy LAURENT<\/td><\/tr><tr><td style=\"color: #333333;text-align: left\" colspan=\"2\"><strong>\u2022 Logement, Affaires sociales<\/strong><\/td><\/tr><tr><td style=\"color: #333333;text-align: right\">Pr\u00e9sident :<\/td><td style=\"color: #333333;text-align: left\">Monsieur Marc WATTIEZ<\/td><\/tr><tr><td style=\"color: #333333;text-align: right\">Vice-Pr\u00e9sidente :<\/td><td style=\"color: #333333;text-align: left\">Madame Raymonde BOHERE<\/td><\/tr><tr><td style=\"color: #333333;text-align: right\">Membres :<\/td><td style=\"color: #333333;text-align: left\">&#8211; Monsieur Jean-Claude BAH<br \/>&#8211; Madame Armelle BOURLET<br \/>&#8211; Madame Sylvie NICOLAS<\/td><\/tr><tr><td style=\"color: #333333;text-align: right\">Suppl\u00e9ant :<\/td><td style=\"color: #333333;text-align: left\">&#8211; N\u00e9ant<br \/>&#8211; Monsieur Jean-Michel HARBONNIER rempla\u00e7ant Mme Fran\u00e7oise BAR-DESESPRINGALLE<\/td><\/tr><tr><td style=\"color: #333333;text-align: left\" colspan=\"2\"><strong>\u2022 Culture et citoyennet\u00e9<\/strong><\/td><\/tr><tr><td style=\"color: #333333;text-align: right\">Pr\u00e9sident :<\/td><td style=\"color: #333333;text-align: left\">Monsieur Marc WATTIEZ<\/td><\/tr><tr><td style=\"color: #333333;text-align: right\">Vice-Pr\u00e9sidente :<\/td><td style=\"color: #333333;text-align: left\">Madame C\u00e9line DUMAINE<\/td><\/tr><tr><td style=\"color: #333333;text-align: right\">Membres :<\/td><td style=\"color: #333333;text-align: left\">&#8211; Madame C\u00e9line TRACHMAN<br \/>&#8211; Madame Sylvie NICOLAS<br \/>&#8211; Monsieur Christophe DESPINOY4<\/td><\/tr><tr><td style=\"color: #333333;text-align: right\">Suppl\u00e9ant :<\/td><td style=\"color: #333333;text-align: left\">&#8211; N\u00e9ant<br \/>&#8211; Monsieur Sylvain LEFEBVRE rempla\u00e7ant Monsieur Jimmy LAURENT<\/td><\/tr><tr><td style=\"color: #333333;text-align: left\" colspan=\"2\"><strong>\u2022 Education Jeunesse ALSH<\/strong><\/td><\/tr><tr><td style=\"color: #333333;text-align: right\">Pr\u00e9sident :<\/td><td style=\"color: #333333;text-align: left\">Monsieur Marc WATTIEZ<\/td><\/tr><tr><td style=\"color: #333333;text-align: right\">Vice-Pr\u00e9sidente :<\/td><td style=\"color: #333333;text-align: left\">Madame Sylvie DEVOS<\/td><\/tr><tr><td style=\"color: #333333;text-align: right\">Membres :<\/td><td style=\"color: #333333;text-align: left\">&#8211; Madame C\u00e9line TRACHMAN<br \/>&#8211; Madame Armelle BOURLET<br \/>&#8211; Madame \u00c9milie LEBRUN<\/td><\/tr><tr><td style=\"color: #333333;text-align: right\">Suppl\u00e9ant :<\/td><td style=\"color: #333333;text-align: left\">&#8211; N\u00e9ant<br \/>&#8211; Madame Fran\u00e7oise BAR-DESESPRINGALLE rempla\u00e7ant Monsieur Sylvain LEFEBVRE<\/td><\/tr><tr><td style=\"color: #333333;text-align: left\" colspan=\"2\"><strong>\u2022 Informations, Communications<\/strong><\/td><\/tr><tr><td style=\"color: #333333;text-align: right\">Pr\u00e9sident :<\/td><td style=\"color: #333333;text-align: left\">Monsieur Marc WATTIEZ<\/td><\/tr><tr><td style=\"color: #333333;text-align: right\">Vice-Pr\u00e9sidente :<\/td><td style=\"color: #333333;text-align: left\">Madame Sylvaine GERARD<\/td><\/tr><tr><td style=\"color: #333333;text-align: right\">Membres :<\/td><td style=\"color: #333333;text-align: left\">&#8211; Madame C\u00e9line TRACHMAN<br \/>&#8211; Madame \u00c9milie LEBRUN<\/td><\/tr><tr><td style=\"color: #333333;text-align: right\">Suppl\u00e9ant :<\/td><td style=\"color: #333333;text-align: left\">&#8211; N\u00e9ant<br \/>&#8211; Madame Fran\u00e7oise BAR-DESESPRINGALLE rempla\u00e7ant Monsieur Sylvain LEFEBVRE<\/td><\/tr><tr><td style=\"color: #333333;text-align: left\" colspan=\"2\"><strong>\u2022 Solidarit\u00e9<\/strong><\/td><\/tr><tr><td style=\"color: #333333;text-align: right\">Pr\u00e9sident :<\/td><td style=\"color: #333333;text-align: left\">Monsieur Marc WATTIEZ<\/td><\/tr><tr><td style=\"color: #333333;text-align: right\">Vice-Pr\u00e9sidente :<\/td><td style=\"color: #333333;text-align: left\">Madame Martine PREVOST<\/td><\/tr><tr><td style=\"color: #333333;text-align: right\">Membres :<\/td><td style=\"color: #333333;text-align: left\">&#8211; Madame Sylvie NICOLAS<br \/>&#8211; Madame Armelle BOURLET<\/td><\/tr><tr><td style=\"color: #333333;text-align: right\">Suppl\u00e9ant :<\/td><td style=\"color: #333333;text-align: left\">&#8211; N\u00e9ant<br \/>&#8211; Madame Fran\u00e7oise BAR-DESESPRINGALLE rempla\u00e7ant Monsieur Sylvain LEFEBVRE<\/td><\/tr><\/tbody><\/table><p style=\"color: #333333\" align=\"center\"><strong>\u2022 Commission d&#8217;Appel d&#8217;Offres<br \/>(Le Maire + 3 titulaires + 3 suppl\u00e9ants)<\/strong><\/p><p style=\"color: #333333\" align=\"left\">3 titulaires + 3 suppl\u00e9ants<br \/>Pr\u00e9sident : Monsieur Marc WATTIEZ &#8211; Maire<\/p><p style=\"color: #333333\" align=\"justify\"><strong>Membres de la CAO (scrutin de liste)<\/strong><\/p><table align=\"center\"><tbody><tr><td style=\"color: #333333;text-align: center\"><strong>Nom du ou des candidats<\/strong><br \/>(6 noms par liste maximum)<\/td><td style=\"color: #333333;text-align: center\"><strong>Sont \u00e9lus<\/strong><\/td><\/tr><tr><td style=\"color: #333333;text-align: left\">&#8211; Monsieur Philippe WAELKENS<br \/>&#8211; Monsieur Bernard MALAQUIN<br \/>&#8211; Madame Raymonde BOHERE<br \/>&#8211; Monsieur Christophe DESPINOY<\/td><td style=\"color: #333333;text-align: left\" rowspan=\"2\"><p><strong>sont \u00e9lus titulaires<\/strong><\/p><p>&#8211; Monsieur Philippe WAELKENS<br \/>&#8211; Monsieur Bernard MALAQUIN<br \/>&#8211; Monsieur Sylvain LEFEBVRE<\/p><p><strong>sont \u00e9lus suppl\u00e9ants<\/strong><\/p><p>&#8211; Madame Raymonde BOHERE<br \/>&#8211; Monsieur Christophe DESPINOY<br \/>&#8211; Monsieur Jean-Michel HARBONNIER<\/p><\/td><\/tr><tr><td style=\"color: #333333;text-align: left\">&#8211; Monsieur Sylvain LEFEBVRE<br \/>&#8211; Monsieur Jean Michel HARBONNIER<br \/>&#8211;<br \/>&#8211;<\/td><\/tr><\/tbody><\/table><table align=\"center\"><tbody><tr><td style=\"color: #333333;text-align: left\" colspan=\"2\"><strong>\u2022 Comit\u00e9 des Ages du Pays Trithois<\/strong><\/td><\/tr><tr><td style=\"color: #333333;text-align: right\">1<sup>er<\/sup> d\u00e9l\u00e9gu\u00e9 titulaire :<\/td><td style=\"color: #333333;text-align: left\">Madame Raymonde BOHERE<\/td><\/tr><tr><td style=\"color: #333333;text-align: right\">2<sup>\u00e8me<\/sup> d\u00e9l\u00e9gu\u00e9 titulaire :<\/td><td style=\"color: #333333;text-align: left\">Madame Martine PREVOST<\/td><\/tr><tr><td style=\"color: #333333;text-align: right\">1<sup>er<\/sup> d\u00e9l\u00e9gu\u00e9 suppl\u00e9ant :<\/td><td style=\"color: #333333;text-align: left\">Madame St\u00e9phanie WATTIEZ<\/td><\/tr><tr><td style=\"color: #333333;text-align: right\">2<sup>\u00e8me<\/sup> d\u00e9l\u00e9gu\u00e9 suppl\u00e9ant :<\/td><td style=\"color: #333333;text-align: left\">Madame C\u00e9line DUMAINE<\/td><\/tr><tr><td style=\"color: #333333;text-align: left\" colspan=\"2\"><strong>\u2022 SIDEGAV<\/strong><\/td><\/tr><tr><td style=\"color: #333333;text-align: right\">1<sup>er<\/sup> d\u00e9l\u00e9gu\u00e9 titulaire :<\/td><td style=\"color: #333333;text-align: left\">Madame Sylvaine GERARD<\/td><\/tr><tr><td style=\"color: #333333;text-align: right\">2<sup>\u00e8me<\/sup> d\u00e9l\u00e9gu\u00e9 titulaire :<\/td><td style=\"color: #333333;text-align: left\">Monsieur Michel HENNAUT<\/td><\/tr><tr><td style=\"color: #333333;text-align: right\">1<sup>er<\/sup> d\u00e9l\u00e9gu\u00e9 suppl\u00e9ant :<\/td><td style=\"color: #333333;text-align: left\">Madame C\u00e9line DUMAINE<\/td><\/tr><tr><td style=\"color: #333333;text-align: left\" colspan=\"2\"><strong>\u2022 L&#8217;Association Fonci\u00e8re de Remembrement<\/strong><\/td><\/tr><tr><td style=\"color: #333333;text-align: right\">1<sup>er<\/sup> d\u00e9l\u00e9gu\u00e9 titulaire :<\/td><td style=\"color: #333333;text-align: left\">Monsieur Philippe WAELKENS<\/td><\/tr><tr><td style=\"color: #333333;text-align: right\">1<sup>er<\/sup> d\u00e9l\u00e9gu\u00e9 suppl\u00e9ant :<\/td><td style=\"color: #333333;text-align: left\">Monsieur Marc WATTIEZ<br \/>De plus ont \u00e9t\u00e9 propos\u00e9s :<br \/>Les agriculteurs repr\u00e9sentant la commune :<br \/>Monsieur Bruno BOTTIN<br \/>Monsieur Maurice WASHEUL<br \/>Les agriculteurs repr\u00e9sentant pour la chambre d&#8217;agriculture :<br \/>Monsieur Alain DUPONT<br \/>Monsieur Gr\u00e9gory NOCQS<\/td><\/tr><tr><td style=\"color: #333333;text-align: left\" colspan=\"2\"><strong>\u2022 Syndicat de la Selle<\/strong><\/td><\/tr><tr><td style=\"color: #333333;text-align: right\">1<sup>er<\/sup> d\u00e9l\u00e9gu\u00e9 titulaire :<\/td><td style=\"color: #333333;text-align: left\">Monsieur Marc WATTIEZ<\/td><\/tr><tr><td style=\"color: #333333;text-align: right\">1<sup>er<\/sup> d\u00e9l\u00e9gu\u00e9 suppl\u00e9ant :<\/td><td style=\"color: #333333;text-align: left\">Monsieur Philippe WAELKENS<\/td><\/tr><tr><td style=\"color: #333333;text-align: left\" colspan=\"2\"><strong>\u2022 Conseil Administration du Coll\u00e8ge<\/strong><\/td><\/tr><tr><td style=\"color: #333333;text-align: right\">1<sup>er<\/sup> d\u00e9l\u00e9gu\u00e9 titulaire :<\/td><td style=\"color: #333333;text-align: left\">Madame C\u00e9line DUMAINE<\/td><\/tr><tr><td style=\"color: #333333;text-align: right\">2<sup>\u00e8me<\/sup> d\u00e9l\u00e9gu\u00e9 titulaire :<\/td><td style=\"color: #333333;text-align: left\">Madame Sylvaine GERARD<\/td><\/tr><tr><td style=\"color: #333333;text-align: right\">1<sup>er<\/sup> d\u00e9l\u00e9gu\u00e9 suppl\u00e9ant :<\/td><td style=\"color: #333333;text-align: left\">Madame Raymonde BOHERE<\/td><\/tr><tr><td style=\"color: #333333;text-align: right\">2<sup>\u00e8me<\/sup> d\u00e9l\u00e9gu\u00e9 suppl\u00e9ant :<\/td><td style=\"color: #333333;text-align: left\">Madame St\u00e9phanie WATTIEZ<\/td><\/tr><tr><td style=\"color: #333333;text-align: left\" colspan=\"2\"><strong>\u2022 CAPH<\/strong><\/td><\/tr><tr><td style=\"color: #333333;text-align: right\">1<sup>er<\/sup> d\u00e9l\u00e9gu\u00e9 titulaire :<\/td><td style=\"color: #333333;text-align: left\">Madame St\u00e9phanie WATTIEZ<\/td><\/tr><tr><td style=\"color: #333333;text-align: right\">1<sup>er<\/sup> d\u00e9l\u00e9gu\u00e9 suppl\u00e9ant :<\/td><td style=\"color: #333333;text-align: left\">Madame C\u00e9line DUMAINE<\/td><\/tr><tr><td style=\"color: #333333;text-align: left\" colspan=\"2\"><strong>\u2022 OSAT <\/strong>(10 membres des associations un \u00e9ducateur sportif et 5 membres du conseil municipal)<\/td><\/tr><tr><td style=\"color: #333333;text-align: right\">\u00a0<\/td><td style=\"color: #333333;text-align: left\">Monsieur Michel HENNAUT<br \/>Madame C\u00e9line DUMAINE<br \/>Madame Sylvaine GERARD<br \/>Monsieur Philippe WAELKENS<br \/>Madame Fran\u00e7oise BAR-DESESPRINGALLE<\/td><\/tr><tr><td style=\"color: #333333;text-align: left\" colspan=\"2\"><strong>\u2022 CCAS<\/strong><\/td><\/tr><tr><td style=\"color: #333333;text-align: right\">Pr\u00e9sident :<\/td><td style=\"color: #333333;text-align: left\">Monsieur Marc WATTIEZ<\/td><\/tr><tr><td style=\"color: #333333;text-align: right\">Vice-Pr\u00e9sidente :<\/td><td style=\"color: #333333;text-align: left\">Madame Raymonde BOHERE<\/td><\/tr><tr><td style=\"color: #333333;text-align: right\">\u00a0<\/td><td style=\"color: #333333;text-align: left\">Madame Martine PREVOST<br \/>Madame Armelle BOURLET<br \/>Madame C\u00e9line DUMAINE<br \/>Madame St\u00e9phanie WATTIEZ<br \/>Madame Fran\u00e7oise BAR-DESESPRINGALLE<\/td><\/tr><tr><td style=\"color: #333333;text-align: left\" colspan=\"2\"><strong>\u2022 Commission Cimeti\u00e8re<\/strong><\/td><\/tr><tr><td style=\"color: #333333;text-align: right\" colspan=\"2\"><strong>Responsable : Madame Vanessa Flamme <\/strong>(sic Aur\u00e9lie GAMEZ DGS) avec Madame Sabrina BERTHE<\/td><\/tr><tr><td style=\"color: #333333;text-align: right\">\u00a0<\/td><td style=\"color: #333333;text-align: left\">Monsieur Bernard LEPEZ<br \/>Madame Sylvie DEVOS<br \/>Madame Sylvaine GERARD<br \/>Monsieur Bernard MALAQUIN<br \/>Madame Martine PREVOST<br \/>Madame Fran\u00e7oise BAR-DESESPRINGALLE<\/td><\/tr><tr><td style=\"color: #333333;text-align: left\" colspan=\"2\"><strong><span style=\"color: red\">\u2022 <\/span>Commission des imp\u00f4ts directs <span style=\"color: red\"><small>(Apr\u00e8s v\u00e9rification pas de changement possible pour cette commission avant la fin du mandat)<\/small><\/span><\/strong><\/td><\/tr><tr><td style=\"color: #333333;text-align: right\">\u00a0<\/td><td style=\"color: #333333;text-align: left\">Monsieur J\u00e9r\u00f4me CARLIER<br \/>Monsieur Philippe WAELKENS<br \/>Monsieur Bernard MALAQUIN<br \/>Madame Raymonde BOHERE<br \/>Madame Martine PREVOST<br \/>Monsieur Jean-Claude BAH<br \/>Monsieur Sylvain LEFEBVRE<br \/>Madame Fran\u00e7oise BAR-DESESPRINGALLE<\/td><\/tr><tr><td style=\"color: #333333;text-align: left\" colspan=\"2\"><strong>\u2022 Commission r\u00e9vision des listes \u00e9lectorales<\/strong><\/td><\/tr><tr><td style=\"color: #333333;text-align: right\">\u00a0<\/td><td style=\"color: #333333;text-align: left\">Monsieur Bernard MALAQUIN<br \/>Madame Sylvie DEVOS<br \/>Monsieur Philippe WAELKENS<br \/>Madame Fran\u00e7oise BAR-DESESPRINGALLE<\/td><\/tr><\/tbody><\/table><p style=\"color: #333333\" align=\"justify\"><em>Pour information Monsieur Philippe WAELKENS est membre du SIAVED qui a \u00e9t\u00e9 d\u00e9sign\u00e9 par la CAPH.<\/em><\/p><p style=\"color: #333333\" align=\"right\"><em><small>D\u00e9lib\u00e9ration n\u00b0 2023-02-27-D-04<\/small><\/em><\/p><table align=\"right\" bgcolor=\"#EEEEEE\"><tbody><tr><td style=\"color: #333333;text-align: left\"><strong><u>D\u00e9cision<\/u><\/strong><\/td><td style=\"color: #333333;text-align: left\">Sur :<\/td><td style=\"color: #333333;text-align: left\">21 pr\u00e9sents<\/td><\/tr><tr><td style=\"color: #333333;text-align: left\">\u00a0<\/td><td style=\"color: #333333;text-align: left\">Pour :<\/td><td style=\"color: #333333;text-align: left\">22 dont 1 pvr<\/td><\/tr><tr><td style=\"color: #333333;text-align: left\">\u00a0<\/td><td style=\"color: #333333;text-align: left\">Contre :<\/td><td style=\"color: #333333;text-align: left\">0<\/td><\/tr><tr><td style=\"color: #333333;text-align: left\">\u00a0<\/td><td style=\"color: #333333;text-align: left\">Abstentions :<\/td><td style=\"color: #333333;text-align: left\">0<\/td><\/tr><\/tbody><\/table><div id=\"CM27022023QD\" style=\"color: #333333\"><strong><u>Questions diverses<\/u><\/strong><\/div><ul style=\"color: #333333;padding-left: 40px\"><li>Commissions finances : jeudi 2 mars 18h00 et lundi 13 mars 18h00<\/li><li>Voici la liste des sujets transmis par Monsieur Sylvain LEFEBVRE pour la liste Agir :<br \/>Le mur de la poste,<br \/>Le projet de l&#8217;ancienne caisse d&#8217;\u00e9pargne,<br \/>Les cam\u00e9ras,<br \/>Le parking de l&#8217;\u00e9cole,<br \/>Le bilan \u00e9crit du jury ville et village fleuris,<br \/>Le compostage collectif,<br \/>Les arbres fruitiers de l&#8217;\u00e9cole<\/li><li>Monsieur Le Maire pr\u00e9cise que ces questions seront abord\u00e9es lors des prochaines commissions.<\/li><li>Monsieur Philippe WAELKENS pr\u00e9cise que le bilan des villes et villages fleuris est \u00e0 disposition des \u00e9lus dans le classeur \u00e0 c\u00f4t\u00e9 des casiers. La commune a obtenu une mention bien.<\/li><li>Monsieur Philippe WAELKENS pr\u00e9cise que la commune s&#8217;est inscrite aupr\u00e8s de la CAPH pour des plantations, mais nous n&#8217;avons pas de retour \u00e0 ce jour.<\/li><li>Jeudi 16 mars : Grand Prix de Denain<\/li><li>Monsieur Le Maire informe le conseil qu&#8217;il a demand\u00e9 aux services de la Police d&#8217;intervenir sur la commune \u00e0 la suite de divers constats d&#8217;infractions.<\/li><li>Monsieur Le Maire informe le conseil municipal de l&#8217;ouverture d&#8217;une classe en \u00e9l\u00e9mentaire pour la rentr\u00e9e prochaine (septembre 2023)<\/li><li>Intervention Monsieur Jean Claude BAH concernant des travaux de signalisation : ce point n&#8217;\u00e9tant pas \u00e0 l&#8217;ordre du jour, le d\u00e9bat est transmis aux commissions concern\u00e9es.<\/li><\/ul><p style=\"color: #333333\"><strong>Fin de s\u00e9ance \u00e0 19h20<\/strong><\/p><p style=\"color: #333333\" align=\"right\"><strong>La secr\u00e9taire de s\u00e9ance<br \/>Madame St\u00e9phanie WATTIEZ<\/strong><\/p><\/div>\n\t\t\t\t\t\t\t\t\t<div class=\"elementor-tab-title elementor-tab-mobile-title\" aria-selected=\"false\" data-tab=\"8\" role=\"tab\" tabindex=\"-1\" aria-controls=\"elementor-tab-content-2008\" aria-expanded=\"false\">10\/01<\/div>\n\t\t\t\t\t<div id=\"elementor-tab-content-2008\" class=\"elementor-tab-content elementor-clearfix\" data-tab=\"8\" role=\"tabpanel\" aria-labelledby=\"elementor-tab-title-2008\" tabindex=\"0\" hidden=\"hidden\"><h6><span style=\"color: #ff0000\">Proc\u00e8s verbal du Conseil Municipal du 10 Janvier 2023 \u00e0 18h00<\/span><\/h6><p><a href=\"https:\/\/thiant.fr\/wordpress\/documents_ext\/CM\/CM_2023-01-10.pdf\" target=\"_blank\" rel=\"noopener\"><img loading=\"lazy\" decoding=\"async\" class=\"alignnone wp-image-5394 size-medium\" src=\"https:\/\/thiant.fr\/wordpress\/wp-content\/uploads\/2023\/03\/PV_CM-2023-01-10-212x300.png\" alt=\"\" width=\"212\" height=\"300\" srcset=\"https:\/\/thiant.fr\/wordpress\/wp-content\/uploads\/2023\/03\/PV_CM-2023-01-10-212x300.png 212w, https:\/\/thiant.fr\/wordpress\/wp-content\/uploads\/2023\/03\/PV_CM-2023-01-10.png 566w\" sizes=\"(max-width: 212px) 100vw, 212px\" \/><\/a><\/p><p style=\"color: #333333\"><strong>Date de la convocation\u00a0:<\/strong>\u00a0\u00a0\u00a0\u00a0\u00a0\u00a0\u00a0\u00a0 Jeudi 05 janvier 2023<\/p><p style=\"color: #333333\"><strong>Date de l\u2019affichage\u00a0:<\/strong> \u00a0\u00a0 \u00a0\u00a0\u00a0\u00a0\u00a0\u00a0\u00a0\u00a0\u00a0\u00a0\u00a0 Jeudi 05 janvier 2023<\/p><p style=\"color: #333333;padding-left: 40px\" align=\"justify\">L&#8217;an deux mil vingt-trois, le dix janvier \u00e0 dix-huit heures, le Conseil Municipal de Thiant, r\u00e9guli\u00e8rement convoqu\u00e9, s&#8217;est r\u00e9uni \u00e0 la Salle du Conseil en Mairie, rue Anatole France \u00e0 THIANT, sous la Pr\u00e9sidence de Monsieur Marc WATTIEZ Maire de la Commune.<\/p><p style=\"color: #333333\"><strong>Pr\u00e9sents :<\/strong><\/p><p style=\"color: #333333;padding-left: 40px\" align=\"justify\"><strong>Monsieur Marc WATTIEZ, Monsieur Jean-Marie LECERF, Madame St\u00e9phanie WATTIEZ, Madame C\u00e9line DUMAINE, Monsieur Michel HENNAUT, Madame Martine PREVOST, Monsieur Philippe WAELKENS, Madame Raymonde BOHERE, Madame Sylvie NICOLAS, Madame Sylvaine GERARD, Madame Armelle BOURLET, Monsieur Jean-Claude BAH, Madame Sylvie DEVOS, Monsieur Bernard MALAQUIN, Madame C\u00e9line TRACHMAN, Monsieur Bernard LEPEZ, Madame Emilie LEBRUN, Madame Fran\u00e7oise BAR-DESESPRINGALLE, Monsieur Jimmy LAURENT, Monsieur Jean-Michel HARBONNIER<\/strong><\/p><p style=\"color: #333333\"><strong>Excus\u00e9s :<\/strong><\/p><p style=\"color: #333333;padding-left: 40px\"><strong>Monsieur Guy VANDERBEC<br \/>Monsieur J\u00e9r\u00f4me CARLIER qui donne pouvoir \u00e0 Madame Martine PREVOST<br \/>Monsieur Sylvain LEFEBVRE qui donne pouvoir \u00e0 Monsieur Jean-Michel HARBONNIER<br \/><\/strong><\/p><p>&lt;!&#8211;<\/p>\n<p style=\"color: #333333\"><strong>Absents : MM.XXXXX<\/strong><\/p>\n<p>&#8211;&gt;<\/p><p style=\"color: #333333\"><strong><u>Ordre du jour<\/u>\u00a0:<\/strong><\/p><ol style=\"color: #333333;padding-left: 40px\"><li><a href=\"#CM10012023Un\">D\u00e9lib\u00e9ration Approbation du proc\u00e8s-verbal du 16 d\u00e9cembre 2022<\/a><\/li><li><a href=\"#CM10012023Deux\">D\u00e9lib\u00e9ration Droit de pr\u00e9emption commerciale communale<\/a><\/li><li><a href=\"#CM10012023Trois\">D\u00e9lib\u00e9ration Projet SIGH-CAPH-THIANT \u2013 Rue Emile Zola<\/a><\/li><li><a href=\"#CM10012023Quatre\">D\u00e9lib\u00e9ration modification budg\u00e9taire<\/a><\/li><li><a href=\"#CM10012023QD\">Questions diverses<\/a><\/li><\/ol><p style=\"color: #333333\"><strong>D\u00e9signation d&#8217;un Secr\u00e9taire de s\u00e9ance: Madame Sylvie DEVOS et Madame Emilie LEBRUN<\/strong><\/p><p style=\"color: #333333\"><strong>Nombre de pouvoirs\u00a0: 2 POUVOIRS<\/strong><\/p><p style=\"color: #333333\" align=\"justify\"><em>Monsieur Le Maire pr\u00e9sente ses v\u0153ux.<br \/>Madame Emilie LEBRUN participe pour la premi\u00e8re\u00a0fois au conseil municipal suite \u00e0 son int\u00e9gration et se pr\u00e9sente succinctement au conseil.<\/em><\/p><p style=\"color: #333333\" align=\"justify\"><em><strong>Arriv\u00e9e de Madame Sylvie NICOLAS<\/strong><\/em><\/p><p>&lt;!&#8211;<\/p>\n<div style=\"color: #333333\">Monsieur Le Maire rappelle qu&#8217;un \u00e9lu municipal a un devoir de r\u00e9serve et qu&#8217;il ne doit pas colporter des informations infond\u00e9es ou dont il n&#8217;est pas s\u00fbr qui seront \u00e0 tous coups, d\u00e9form\u00e9es en passant d&#8217;une oreille \u00e0 l&#8217;autre.<\/div>\n<p>&#8211;&gt;<\/p><div id=\"CM10012023Un\" style=\"color: #333333\"><strong><u>1 &#8211; Approbation du Proc\u00e8s-verbal du 08 novembre 2022<\/u><\/strong><\/div><p style=\"color: #333333;padding-left: 40px\" align=\"justify\"><em><strong>Arriv\u00e9e de Madame Armelle BOURLET<\/strong><\/em><\/p><p style=\"color: #333333;padding-left: 40px\" align=\"justify\"><em>Madame Martine PREVOST: \u00ab page 8 y a-t-il un oubli sur le lot 4 car pas de prix ? \u00bb<br \/>Monsieur Le Maire : \u00ab pas de montant annuel car pour ce lot ce qui fixe le montant c&#8217;est le taux vot\u00e9 (la masse salariale pouvant varier) \u00bb<\/em><\/p><p style=\"color: #333333;padding-left: 40px\" align=\"justify\">Les 15 \u00e9lus pr\u00e9sents au dernier conseil participent au vote<\/p><table width=\"75%\"><tbody><tr><td style=\"color: #333333\" width=\"25%\">Consid\u00e9rant<\/td><td style=\"color: #333333;text-align: justify\" width=\"75%\">Le Code G\u00e9n\u00e9ral des Collectivit\u00e9s Territoriales, particuli\u00e8rement les articles L.2121-7 \u00e0 L.2121-28 ;<\/td><\/tr><tr><td style=\"color: #333333\">Consid\u00e9rant<\/td><td style=\"color: #333333;text-align: justify\">qu&#8217;il convient d&#8217;adopter les proc\u00e8s-verbaux des s\u00e9ances du Conseil Municipal.<\/td><\/tr><\/tbody><\/table><p style=\"color: #333333\"><strong>Le Conseil Municipal, apr\u00e8s en avoir d\u00e9lib\u00e9r\u00e9,<\/strong><br \/>par\u00a015 voix pour,\u00a00 voix contre,\u00a00\u00a0abstention<\/p><table width=\"75%\"><tbody><tr><td style=\"color: #333333\" width=\"25%\"><strong><u>APPROUVE<\/u><\/strong><\/td><td style=\"color: #333333;text-align: justify\" width=\"75%\">le contenu du proc\u00e8s-verbal du 16 d\u00e9cembre 2022, r\u00e9dig\u00e9 par son secr\u00e9taire de s\u00e9ance.<\/td><\/tr><\/tbody><\/table><p style=\"color: #333333\" align=\"right\"><em><small>D\u00e9lib\u00e9ration n\u00b0 2023-01-10-D-01<\/small><\/em><\/p><table width=\"50%\" align=\"center\" bgcolor=\"#EEEEEE\"><tbody><tr><td style=\"color: #333333;text-align: left\" width=\"25%\"><strong><u>D\u00e9cision<\/u><\/strong><\/td><td style=\"color: #333333;text-align: left\" width=\"25%\">Sur :<\/td><td style=\"color: #333333;text-align: left\" width=\"50%\">13 pr\u00e9sents<\/td><\/tr><tr><td style=\"color: #333333;text-align: left\">\u00a0<\/td><td style=\"color: #333333;text-align: left\">Pour :<\/td><td style=\"color: #333333;text-align: left\">15 dont 2 pvrs<\/td><\/tr><tr><td style=\"color: #333333;text-align: left\">\u00a0<\/td><td style=\"color: #333333;text-align: left\">Contre :<\/td><td style=\"color: #333333;text-align: left\">0<\/td><\/tr><tr><td style=\"color: #333333;text-align: left\">\u00a0<\/td><td style=\"color: #333333;text-align: left\">Abstentions :<\/td><td style=\"color: #333333;text-align: left\">0<\/td><\/tr><\/tbody><\/table><div id=\"CM10012023Deux\" style=\"color: #333333\"><strong><u>2 &#8211; D\u00e9lib\u00e9ration pr\u00e9emption sur l&#8217;ancienne Caisse d&#8217;\u00e9pargne<\/u><\/strong><\/div><p style=\"color: #333333;padding-left: 40px\" align=\"justify\"><em>Pr\u00e9sentation est faite par Monsieur Philippe WAELKENS<\/em><\/p><p style=\"color: #6495ed;padding-left: 60px\" align=\"justify\">Informations litt\u00e9rales relatives \u00e0 2 parcelles sur la commune : THIANT (59).<\/p><table width=\"75%\" align=\"center\"><tbody><tr bgcolor=\"#F0F8FF\"><td style=\"color: #333333;text-align: left\" colspan=\"3\"><strong>R\u00e9f\u00e9rences de la parcelle 000 A 2459<\/strong><\/td><\/tr><tr bgcolor=\"#F0F8FF\"><td style=\"color: #333333;text-align: left\" width=\"70%\">R\u00e9f\u00e9rence cadastrale de la parcelle<\/td><td style=\"color: #333333;text-align: left\" width=\"1%\">\u00a0<\/td><td style=\"color: #333333;text-align: left\" width=\"29%\"><strong>000 A 2459<\/strong><\/td><\/tr><tr bgcolor=\"#F0F8FF\"><td style=\"color: #333333;text-align: left\">Contenance cadastrale<\/td><td style=\"color: #333333;text-align: left\">\u00a0<\/td><td style=\"color: #333333;text-align: left\"><strong>31 m\u00e8tres carr\u00e9s<\/strong><\/td><\/tr><tr bgcolor=\"#F0F8FF\"><td style=\"color: #333333;text-align: left\">Adresse<\/td><td style=\"color: #333333;text-align: left\" bgcolor=\"#000000\">\u00a0<\/td><td style=\"color: #333333;text-align: left\"><strong>3 RUE DU DOCTEUR ROUX<br \/>59224 THIANT<\/strong><\/td><\/tr><tr bgcolor=\"#FFFFFF\"><td colspan=\"3\">\u00a0<\/td><\/tr><tr bgcolor=\"#F0F8FF\"><td style=\"color: #333333;text-align: left\" colspan=\"3\"><strong>R\u00e9f\u00e9rences de la parcelle 000 A 2460<\/strong><\/td><\/tr><tr bgcolor=\"#F0F8FF\"><td style=\"color: #333333;text-align: left\" width=\"70%\">R\u00e9f\u00e9rence cadastrale de la parcelle<\/td><td style=\"color: #333333;text-align: left\" width=\"1%\">\u00a0<\/td><td style=\"color: #333333;text-align: left\" width=\"29%\"><strong>000 A 2460<\/strong><\/td><\/tr><tr bgcolor=\"#F0F8FF\"><td style=\"color: #333333;text-align: left\">Contenance cadastrale<\/td><td style=\"color: #333333;text-align: left\">\u00a0<\/td><td style=\"color: #333333;text-align: left\"><strong>96 m\u00e8tres carr\u00e9s<\/strong><\/td><\/tr><tr bgcolor=\"#F0F8FF\"><td style=\"color: #333333;text-align: left\">Adresse<\/td><td style=\"color: #333333;text-align: left\" bgcolor=\"#000000\">\u00a0<\/td><td style=\"color: #333333;text-align: left\"><strong>RUE DU DOCTEUR ROUX<br \/>59224 THIANT<\/strong><\/td><\/tr><\/tbody><\/table><p><img loading=\"lazy\" decoding=\"async\" class=\"alignnone wp-image-5393 size-full\" src=\"https:\/\/thiant.fr\/wordpress\/wp-content\/uploads\/2023\/03\/cadastre.png\" alt=\"\" width=\"533\" height=\"390\" srcset=\"https:\/\/thiant.fr\/wordpress\/wp-content\/uploads\/2023\/03\/cadastre.png 533w, https:\/\/thiant.fr\/wordpress\/wp-content\/uploads\/2023\/03\/cadastre-300x220.png 300w\" sizes=\"(max-width: 533px) 100vw, 533px\" \/><\/p><p style=\"color: #333333;padding-left: 40px\" align=\"justify\"><em>Monsieur Philippe WAELKENS :<br \/>\u00ab La Mairie peut acheter un bien via le droit de pr\u00e9emption.<br \/>Le b\u00e2timent est en vente pour 60 000\u20ac (Parcelles 2459 et 2460 pour un total de 127m<sup style=\"color: #333333\">2<\/sup>)<br \/>La parcelle attenante 1050 appartient d\u00e9j\u00e0 \u00e0 la commune.<br \/>Une visite des locaux a eu lieu une premi\u00e8re\u00a0fois.<br \/>Une deuxi\u00e8me visite a \u00e9t\u00e9 faite avec des experts notamment de la CAPH.<br \/>Le bas est viable cependant \u00e0 l&#8217;\u00e9tage se sont des combles \u00e0 am\u00e9nager.<br \/>La toiture est correcte avec quelques travaux de renforcement \u00e0 faire pour une estimation de 20000 \u00e0 30000\u20ac.<br \/>Des travaux d&#8217;am\u00e9nagement pourront \u00eatre faits en r\u00e9gie par les services publics \u00bb<br \/>Madame C\u00e9line DUMAINE :<br \/>\u00ab Qu&#8217;en est-il de l&#8217;accessibilit\u00e9 du b\u00e2timent ? \u00bb<br \/>Monsieur Philippe WAELKENS :<br \/>\u00ab Le b\u00e2timent est accessible PMR pour le rez-de-chauss\u00e9e. Ce qui est un avantage. Car si l&#8217;on souhaite aujourd&#8217;hui cr\u00e9er ou acqu\u00e9rir un b\u00e2timent il devra \u00eatre mis en accessibilit\u00e9. Et le cout peut \u00eatre important \u00bb<br \/>Monsieur Philippe WAELKENS :<br \/>\u00ab Pour pr\u00e9empter il faut un projet.<br \/>Monsieur Jean-Claude BAH : \u00ab Quel est le projet ? \u00bb<br \/>Apr\u00e8s diverses r\u00e9flexions : local pour des consultations m\u00e9dicales, modification de la place et de la s\u00e9curisation du carrefour,\u2026 Il est retenu le projet d&#8217;un usage associatif. \u00bb<br \/>Monsieur Michel HENNAUT :<br \/>\u00ab A-t-on financi\u00e8rement les moyens d&#8217;acheter ce b\u00e2timent ? \u00bb<br \/>Madame St\u00e9phanie WATTIEZ :<br \/>\u00ab Oui sinon on ne le proposerait pas. \u00bb<br \/>Madame Sylvie NICOLAS : \u00ab Si nous changeons d&#8217;avis qu&#8217;arrive-t-il ? \u00bb<br \/>Tant que ce n&#8217;est pas sign\u00e9 chez le notaire, rien n&#8217;est acquis r\u00e9ponds Mr le Maire.<br \/>Madame Armelle BOURLET : \u00ab Y a-t-il\u00a0un autre acqu\u00e9reur ?<br \/>Monsieur WAELKENS r\u00e9pond : \u00ab Non \u00bb.<\/em><\/p><p style=\"color: #333333;padding-left: 40px\" align=\"justify\"><em>Les \u00e9lus souhaitent faire une visite du b\u00e2timent.<br \/>Une r\u00e9flexion et un d\u00e9bat se sont engag\u00e9s entre les \u00e9lus.<br \/>Monsieur Philippe WAELKENS rappelle qu&#8217;une \u00e9tude est en cours sur les b\u00e2timents dans laquelle sont \u00e9tudi\u00e9s les couts \u00e0 court moyen et long terme, la chauffe, l&#8217;eau, l&#8217;\u00e9lectricit\u00e9, accessibilit\u00e9, utilisation vente location\u2026<br \/>Martine PREVOST fait remarquer, que le patronage a \u00e9t\u00e9 rachet\u00e9 par la commune en 2014 et que, vu l&#8217;\u00e9tat actuel, il serait bien de faire attention \u00e0 ce que l&#8217;on veut faire des b\u00e2timents rachet\u00e9s.<br \/>Monsieur Jean-Marie LECERF explique que la derni\u00e8re fois que la commune a pr\u00e9empt\u00e9 c&#8217;\u00e9tait pour le b\u00e2timent de l&#8217;ancien patronage mais cela n&#8217;a rien \u00e0 voir avec le b\u00e2timent propos\u00e9 aujourd&#8217;hui.<br \/>Le contexte n&#8217;est pas le m\u00eame.<br \/>A l&#8217;\u00e9poque le rachat \u00e9tait dans le but d&#8217;avoir une r\u00e9serve fonci\u00e8re, on ne peut pas comparer les 2 sites.<br \/>Mr le Maire estime que le droit de pr\u00e9emption sur l&#8217;ancienne Caisse d&#8217;Epargne est une bonne affaire, car il y a des possibilit\u00e9s de partage de salle entre associations.<\/em><br \/>Le 28 octobre 2022, la commune a re\u00e7u une D\u00e9claration d&#8217;intention d&#8217;ali\u00e9ner concernant les parcelles A 2459 et A 2460. Il convient donc de s&#8217;interroger sur l&#8217;opportunit\u00e9 de faire valoir le droit de pr\u00e9emption communal.<br \/>Les services des domaines ont \u00e9t\u00e9 sollicit\u00e9 le 13 d\u00e9cembre 2022 par courrier pour avoir une estimation. Ce courrier a \u00e9t\u00e9 r\u00e9ceptionn\u00e9 le 19 d\u00e9cembre 2022 par leurs services. Une r\u00e9ponse le 20 d\u00e9cembre a \u00e9t\u00e9 re\u00e7ue le 20 d\u00e9cembre 2022 : \u00ab <em>La charte de l&#8217;\u00e9valuation pr\u00e9voit que les acquisitions font l&#8217;objet d&#8217;une saisine lorsque l&#8217;op\u00e9ration d\u00e9passe 180 000\u20ac. Par cons\u00e9quent, votre demande ne peut \u00eatre prise en compte.<\/em> \u00bb<\/p><p style=\"color: #333333;padding-left: 40px\" align=\"justify\">Comme le Maire s&#8217;y est engag\u00e9 lors du conseil du 18 septembre 2022 (D\u00e9lib\u00e9ration N\u00b0 2022-09-18-D06), il sollicite l&#8217;avis de l&#8217;Assembl\u00e9e.<\/p><p style=\"color: #333333;padding-left: 40px\" align=\"justify\">La d\u00e9cision du maire sera prise par arr\u00eat\u00e9 dans le cadre de ses d\u00e9l\u00e9gations.<\/p><p style=\"color: #333333\"><strong>Le Conseil Municipal, apr\u00e8s en avoir d\u00e9lib\u00e9r\u00e9,<\/strong><br \/>par\u00a015 voix pour,\u00a03 voix contre,\u00a04\u00a0abstention<\/p><table width=\"75%\"><tbody><tr><td style=\"color: #333333\" width=\"25%\"><strong><u>EMET<\/u><\/strong><\/td><td style=\"color: #333333;text-align: justify\" width=\"75%\">Un avis de principe favorable \u00e0 faire valoir le droit de pr\u00e9emption de la commune pour les parcelles A2459 ET A2460.<\/td><\/tr><\/tbody><\/table><p style=\"color: #333333\" align=\"right\"><em><small>D\u00e9lib\u00e9ration n\u00b0 2023-01-10-D-02<\/small><\/em><\/p><table width=\"50%\" align=\"center\" bgcolor=\"#EEEEEE\"><tbody><tr><td style=\"color: #333333;text-align: left\" width=\"25%\"><strong><u>D\u00e9cision<\/u><\/strong><\/td><td style=\"color: #333333;text-align: left\" width=\"25%\">Sur :<\/td><td style=\"color: #333333;text-align: left\" width=\"50%\">20 pr\u00e9sents<\/td><\/tr><tr><td style=\"color: #333333;text-align: left\">\u00a0<\/td><td style=\"color: #333333;text-align: left\">Pour :<\/td><td style=\"color: #333333;text-align: left\">15<\/td><\/tr><tr><td style=\"color: #333333;text-align: left\">\u00a0<\/td><td style=\"color: #333333;text-align: left\">Contre :<\/td><td style=\"color: #333333;text-align: left\">3 dont 1 pvr<\/td><\/tr><tr><td style=\"color: #333333;text-align: left\">\u00a0<\/td><td style=\"color: #333333;text-align: left\">Abstentions :<\/td><td style=\"color: #333333;text-align: left\">4 dont 1 pvr<\/td><\/tr><\/tbody><\/table><div id=\"CM10012023Trois\" style=\"color: #333333\"><strong><u>3 &#8211; D\u00e9lib\u00e9ration D\u00e9signation Membres des commissions<\/u><\/strong><\/div><p style=\"color: #333333;padding-left: 40px\" align=\"justify\"><em>Pr\u00e9sentation est faite par Monsieur Le Maire.<\/em><\/p><p style=\"color: #333333;padding-left: 80px\" align=\"justify\"><strong><u>Actualisations des commissions<\/u><\/strong><\/p><table width=\"75%\" align=\"center\"><tbody><tr><td style=\"color: #333333;text-align: left\" colspan=\"2\"><strong>\u2022 Finances<\/strong><\/td><\/tr><tr><td style=\"color: #333333;text-align: right\" width=\"25%\">Pr\u00e9sident :<\/td><td style=\"color: #333333;text-align: left\" width=\"75%\">Monsieur Marc WATTIEZ<\/td><\/tr><tr><td style=\"color: #333333;text-align: right\">Vice-Pr\u00e9sidente :<\/td><td style=\"color: #333333;text-align: left\">Madame St\u00e9phanie WATTIEZ<\/td><\/tr><tr><td style=\"color: #333333;text-align: right\">Membres :<\/td><td style=\"color: #333333;text-align: left\">&#8211; Madame C\u00e9line TRACHMAN<br \/>&#8211; Monsieur Jean-Claude BAH<br \/>&#8211; Monsieur Jean-Marie LECERF<\/td><\/tr><tr><td style=\"color: #333333;text-align: right\">Suppl\u00e9ant :<\/td><td style=\"color: #333333;text-align: left\">&#8211; N\u00e9ant<br \/>&#8211; Monsieur Sylvain LEFEBVRE rempla\u00e7ant Monsieur Jean-Michel HARBONNIER<\/td><\/tr><tr><td style=\"color: #333333;text-align: left\" colspan=\"2\"><strong>\u2022 Travaux Urbanisme S\u00e9curit\u00e9 et Environnement<\/strong><\/td><\/tr><tr><td style=\"color: #333333;text-align: right\">Pr\u00e9sident :<\/td><td style=\"color: #333333;text-align: left\">Monsieur Marc WATTIEZ<\/td><\/tr><tr><td style=\"color: #333333;text-align: right\">Vice-Pr\u00e9sident :<\/td><td style=\"color: #333333;text-align: left\">Monsieur Philippe WAELKENS<\/td><\/tr><tr><td style=\"color: #333333;text-align: right\">Membres :<\/td><td style=\"color: #333333;text-align: left\">&#8211; Monsieur J\u00e9r\u00f4me CARLIER<br \/>&#8211; Monsieur Bernard LEPEZ<br \/>&#8211; Monsieur Jean-Marie LECERF<br \/>&#8211; Monsieur Bernard MALAQUIN<br \/>&#8211; Madame C\u00e9line TRACHMAN<\/td><\/tr><tr><td style=\"color: #333333;text-align: right\">Suppl\u00e9ant :<\/td><td style=\"color: #333333;text-align: left\">&#8211; Madame Sylvie NICOLAS<br \/>&#8211; Monsieur Jimmy LAURENT rempla\u00e7ant Monsieur Jean-Michel HARBONNIER<\/td><\/tr><tr><td style=\"color: #333333;text-align: left\" colspan=\"2\"><strong>\u2022 Sports et vie associative<\/strong><\/td><\/tr><tr><td style=\"color: #333333;text-align: right\">Pr\u00e9sident :<\/td><td style=\"color: #333333;text-align: left\">Monsieur Marc WATTIEZ<\/td><\/tr><tr><td style=\"color: #333333;text-align: right\">Vice-Pr\u00e9sident :<\/td><td style=\"color: #333333;text-align: left\">Monsieur Michel HENNAUT<\/td><\/tr><tr><td style=\"color: #333333;text-align: right\">Membres :<\/td><td style=\"color: #333333;text-align: left\">&#8211; Madame C\u00e9line TRACHMAN<br \/>&#8211; Monsieur J\u00e9r\u00f4me CARLIER<br \/>&#8211; Madame \u00c9milie LEBRUN<\/td><\/tr><tr><td style=\"color: #333333;text-align: right\">Suppl\u00e9ant :<\/td><td style=\"color: #333333;text-align: left\">&#8211; N\u00e9ant<br \/>&#8211; Monsieur Jean-Michel HARBONNIER rempla\u00e7ant Monsieur Jimmy LAURENT<\/td><\/tr><tr><td style=\"color: #333333;text-align: left\" colspan=\"2\"><strong>\u2022 Logement, Affaires sociales<\/strong><\/td><\/tr><tr><td style=\"color: #333333;text-align: right\">Pr\u00e9sident :<\/td><td style=\"color: #333333;text-align: left\">Monsieur Marc WATTIEZ<\/td><\/tr><tr><td style=\"color: #333333;text-align: right\">Vice-Pr\u00e9sidente :<\/td><td style=\"color: #333333;text-align: left\">Madame Raymonde BOHERE<\/td><\/tr><tr><td style=\"color: #333333;text-align: right\">Membres :<\/td><td style=\"color: #333333;text-align: left\">&#8211; Monsieur Jean-Claude BAH<br \/>&#8211; Madame Armelle BOURLET<br \/>&#8211; Madame Sylvie NICOLAS<\/td><\/tr><tr><td style=\"color: #333333;text-align: right\">Suppl\u00e9ant :<\/td><td style=\"color: #333333;text-align: left\">&#8211; N\u00e9ant<br \/>&#8211; Monsieur Jean-Michel HARBONNIER rempla\u00e7ant Mme Fran\u00e7oise BAR-DESESPRINGALLE<\/td><\/tr><tr><td style=\"color: #333333;text-align: left\" colspan=\"2\"><strong>\u2022 Culture et citoyennet\u00e9<\/strong><\/td><\/tr><tr><td style=\"color: #333333;text-align: right\">Pr\u00e9sident :<\/td><td style=\"color: #333333;text-align: left\">Monsieur Marc WATTIEZ<\/td><\/tr><tr><td style=\"color: #333333;text-align: right\">Vice-Pr\u00e9sidente :<\/td><td style=\"color: #333333;text-align: left\">Madame C\u00e9line DUMAINE<\/td><\/tr><tr><td style=\"color: #333333;text-align: right\">Membres :<\/td><td style=\"color: #333333;text-align: left\">&#8211; Madame C\u00e9line TRACHMAN<br \/>&#8211; Madame Sylvie NICOLAS<\/td><\/tr><tr><td style=\"color: #333333;text-align: right\">Suppl\u00e9ant :<\/td><td style=\"color: #333333;text-align: left\">&#8211; N\u00e9ant<br \/>&#8211; Monsieur Sylvain LEFEBVRE rempla\u00e7ant Monsieur Jimmy LAURENT<\/td><\/tr><tr><td style=\"color: #333333;text-align: left\" colspan=\"2\"><strong>\u2022 Education Jeunesse ALSH<\/strong><\/td><\/tr><tr><td style=\"color: #333333;text-align: right\">Pr\u00e9sident :<\/td><td style=\"color: #333333;text-align: left\">Monsieur Marc WATTIEZ<\/td><\/tr><tr><td style=\"color: #333333;text-align: right\">Vice-Pr\u00e9sidente :<\/td><td style=\"color: #333333;text-align: left\">Madame Sylvie DEVOS<\/td><\/tr><tr><td style=\"color: #333333;text-align: right\">Membres :<\/td><td style=\"color: #333333;text-align: left\">&#8211; Madame C\u00e9line TRACHMAN<br \/>&#8211; Madame Armelle BOURLET<br \/>&#8211; Madame \u00c9milie LEBRUN<\/td><\/tr><tr><td style=\"color: #333333;text-align: right\">Suppl\u00e9ant :<\/td><td style=\"color: #333333;text-align: left\">&#8211; N\u00e9ant<br \/>&#8211; Madame Fran\u00e7oise BAR-DESESPRINGALLE rempla\u00e7ant Monsieur Sylvain LEFEBVRE<\/td><\/tr><tr><td style=\"color: #333333;text-align: left\" colspan=\"2\"><strong>\u2022 Informations, Communications<\/strong><\/td><\/tr><tr><td style=\"color: #333333;text-align: right\">Pr\u00e9sident :<\/td><td style=\"color: #333333;text-align: left\">Monsieur Marc WATTIEZ<\/td><\/tr><tr><td style=\"color: #333333;text-align: right\">Vice-Pr\u00e9sidente :<\/td><td style=\"color: #333333;text-align: left\">Madame Sylvaine GERARD<\/td><\/tr><tr><td style=\"color: #333333;text-align: right\">Membres :<\/td><td style=\"color: #333333;text-align: left\">&#8211; Madame C\u00e9line TRACHMAN<br \/>&#8211; Madame \u00c9milie LEBRUN<\/td><\/tr><tr><td style=\"color: #333333;text-align: right\">Suppl\u00e9ant :<\/td><td style=\"color: #333333;text-align: left\">&#8211; N\u00e9ant<br \/>&#8211; Madame Fran\u00e7oise BAR-DESESPRINGALLE rempla\u00e7ant Monsieur Sylvain LEFEBVRE<\/td><\/tr><tr><td style=\"color: #333333;text-align: left\" colspan=\"2\"><strong>\u2022 Solidarit\u00e9<\/strong><\/td><\/tr><tr><td style=\"color: #333333;text-align: right\">Pr\u00e9sident :<\/td><td style=\"color: #333333;text-align: left\">Monsieur Marc WATTIEZ<\/td><\/tr><tr><td style=\"color: #333333;text-align: right\">Vice-Pr\u00e9sidente :<\/td><td style=\"color: #333333;text-align: left\">Madame Martine PREVOST<\/td><\/tr><tr><td style=\"color: #333333;text-align: right\">Membres :<\/td><td style=\"color: #333333;text-align: left\">&#8211; Madame Sylvie NICOLAS<br \/>&#8211; Madame Armelle BOURLET<\/td><\/tr><tr><td style=\"color: #333333;text-align: right\">Suppl\u00e9ant :<\/td><td style=\"color: #333333;text-align: left\">&#8211; N\u00e9ant<br \/>&#8211; Madame Fran\u00e7oise BAR-DESESPRINGALLE rempla\u00e7ant Monsieur Sylvain LEFEBVRE<\/td><\/tr><\/tbody><\/table><p style=\"color: #333333\" align=\"right\"><em><small>D\u00e9lib\u00e9ration n\u00b0 2023-01-10-D-03<\/small><\/em><\/p><table width=\"50%\" align=\"center\" bgcolor=\"#EEEEEE\"><tbody><tr><td style=\"color: #333333;text-align: left\" width=\"25%\"><strong><u>D\u00e9cision<\/u><\/strong><\/td><td style=\"color: #333333;text-align: left\" width=\"25%\">Sur :<\/td><td style=\"color: #333333;text-align: left\" width=\"50%\">20 pr\u00e9sents<\/td><\/tr><tr><td style=\"color: #333333;text-align: left\">\u00a0<\/td><td style=\"color: #333333;text-align: left\">Pour :<\/td><td style=\"color: #333333;text-align: left\">22<\/td><\/tr><tr><td style=\"color: #333333;text-align: left\">\u00a0<\/td><td style=\"color: #333333;text-align: left\">Contre :<\/td><td style=\"color: #333333;text-align: left\">0<\/td><\/tr><tr><td style=\"color: #333333;text-align: left\">\u00a0<\/td><td style=\"color: #333333;text-align: left\">Abstentions :<\/td><td style=\"color: #333333;text-align: left\">0<\/td><\/tr><\/tbody><\/table><p style=\"color: #333333;padding-left: 40px\" align=\"justify\"><strong><u>Pour rappel :<\/u><\/strong><\/p><p style=\"color: #333333\" align=\"center\"><strong>\u2022 Commission d&#8217;Appel d&#8217;Offres (vot\u00e9 le dimanche 18 septembre)<br \/>(Le Maire + 3 titulaires + 3 suppl\u00e9ants)<\/strong><\/p><p style=\"color: #333333\" align=\"left\">3 titulaires + 3 suppl\u00e9ants<br \/>Pr\u00e9sident : Monsieur Marc WATTIEZ &#8211; Maire<\/p><p style=\"color: #333333\" align=\"justify\"><strong>Membres de la CAO (scrutin de liste)<\/strong><\/p><table width=\"75%\" align=\"center\"><tbody><tr><td style=\"color: #333333;text-align: center\" width=\"50%\"><strong>Nom du ou des candidats<\/strong><br \/>(6 noms par liste maximum)<\/td><td style=\"color: #333333;text-align: center\" width=\"50%\"><strong>Sont \u00e9lus<\/strong><\/td><\/tr><tr><td style=\"color: #333333;text-align: left\">&#8211; Monsieur Philippe WAELKENS<br \/>&#8211; Monsieur Bernard MALAQUIN<br \/>&#8211; Madame Raymonde BOHERE<br \/>&#8211; Monsieur Jean-Marie LECERF<br \/>&#8211;<br \/>&#8211;<\/td><td style=\"color: #333333;text-align: left\" rowspan=\"2\"><p><strong>sont \u00e9lus titulaires<\/strong><\/p><p>&#8211; Monsieur Philippe WAELKENS<br \/>&#8211; Monsieur Bernard MALAQUIN<br \/>&#8211; Monsieur Sylvain LEFEBVRE<\/p><p><strong>sont \u00e9lus suppl\u00e9ants<\/strong><\/p><p>&#8211; Madame Raymonde BOHERE<br \/>&#8211; Monsieur Jean-Marie LECERF<br \/>&#8211; Monsieur Jean-Michel HARBONNIER<\/p><\/td><\/tr><tr><td style=\"color: #333333;text-align: left\">&#8211; Monsieur Sylvain LEFEBVRE<br \/>&#8211; Monsieur Jean Michel HARBONNIER<br \/>&#8211;<br \/>&#8211;<\/td><\/tr><\/tbody><\/table><table width=\"75%\" align=\"center\"><tbody><tr><td style=\"color: #333333;text-align: left\" colspan=\"2\"><strong>\u2022 Comit\u00e9 des Ages du Pays Trithois<\/strong><\/td><\/tr><tr><td style=\"color: #333333;text-align: right\" width=\"25%\">1<sup>er<\/sup> d\u00e9l\u00e9gu\u00e9 titulaire :<\/td><td style=\"color: #333333;text-align: left\" width=\"75%\">Madame Raymonde BOHERE<\/td><\/tr><tr><td style=\"color: #333333;text-align: right\">2<sup>\u00e8me<\/sup> d\u00e9l\u00e9gu\u00e9 titulaire :<\/td><td style=\"color: #333333;text-align: left\">Madame Martine PREVOST<\/td><\/tr><tr><td style=\"color: #333333;text-align: right\">1<sup>er<\/sup> d\u00e9l\u00e9gu\u00e9 suppl\u00e9ant :<\/td><td style=\"color: #333333;text-align: left\">Madame St\u00e9phanie WATTIEZ<\/td><\/tr><tr><td style=\"color: #333333;text-align: right\">2<sup>\u00e8me<\/sup> d\u00e9l\u00e9gu\u00e9 suppl\u00e9ant :<\/td><td style=\"color: #333333;text-align: left\">Madame C\u00e9line DUMAINE<\/td><\/tr><tr><td style=\"color: #333333;text-align: left\" colspan=\"2\"><strong>\u2022 SIDEGAV<\/strong><\/td><\/tr><tr><td style=\"color: #333333;text-align: right\">1<sup>er<\/sup> d\u00e9l\u00e9gu\u00e9 titulaire :<\/td><td style=\"color: #333333;text-align: left\">Madame Sylvaine GERARD<\/td><\/tr><tr><td style=\"color: #333333;text-align: right\">2<sup>\u00e8me<\/sup> d\u00e9l\u00e9gu\u00e9 titulaire :<\/td><td style=\"color: #333333;text-align: left\">Monsieur Michel HENNAUT<\/td><\/tr><tr><td style=\"color: #333333;text-align: right\">1<sup>er<\/sup> d\u00e9l\u00e9gu\u00e9 suppl\u00e9ant :<\/td><td style=\"color: #333333;text-align: left\">Madame C\u00e9line DUMAINE<\/td><\/tr><tr><td style=\"color: #333333;text-align: left\" colspan=\"2\"><strong>\u2022 L&#8217;Association Fonci\u00e8re de Remembrement<\/strong><\/td><\/tr><tr><td style=\"color: #333333;text-align: right\">1<sup>er<\/sup> d\u00e9l\u00e9gu\u00e9 titulaire :<\/td><td style=\"color: #333333;text-align: left\">Monsieur Philippe WAELKENS<\/td><\/tr><tr><td style=\"color: #333333;text-align: right\">1<sup>er<\/sup> d\u00e9l\u00e9gu\u00e9 suppl\u00e9ant :<\/td><td style=\"color: #333333;text-align: left\">Monsieur Marc WATTIEZ<br \/>De plus ont \u00e9t\u00e9 propos\u00e9s :<br \/>Les agriculteurs repr\u00e9sentant la commune :<br \/>Monsieur Bruno BOTTIN<br \/>Monsieur Maurice WASHEUL<br \/>Les agriculteurs repr\u00e9sentant pour la chambre d&#8217;agriculture :<br \/>Monsieur Alain DUPONT<br \/>Monsieur Gr\u00e9gory NOCQS<\/td><\/tr><tr><td style=\"color: #333333;text-align: left\" colspan=\"2\"><strong>\u2022 Syndicat de la Selle<\/strong><\/td><\/tr><tr><td style=\"color: #333333;text-align: right\">1<sup>er<\/sup> d\u00e9l\u00e9gu\u00e9 titulaire :<\/td><td style=\"color: #333333;text-align: left\">Monsieur Marc WATTIEZ<\/td><\/tr><tr><td style=\"color: #333333;text-align: right\">1<sup>er<\/sup> d\u00e9l\u00e9gu\u00e9 suppl\u00e9ant :<\/td><td style=\"color: #333333;text-align: left\">Monsieur Philippe WAELKENS<\/td><\/tr><tr><td style=\"color: #333333;text-align: left\" colspan=\"2\"><strong>\u2022 Conseil Administration du Coll\u00e8ge<\/strong><\/td><\/tr><tr><td style=\"color: #333333;text-align: right\">1<sup>er<\/sup> d\u00e9l\u00e9gu\u00e9 titulaire :<\/td><td style=\"color: #333333;text-align: left\">Madame C\u00e9line DUMAINE<\/td><\/tr><tr><td style=\"color: #333333;text-align: right\">2<sup>\u00e8me<\/sup> d\u00e9l\u00e9gu\u00e9 titulaire :<\/td><td style=\"color: #333333;text-align: left\">Madame Sylvaine GERARD<\/td><\/tr><tr><td style=\"color: #333333;text-align: right\">1<sup>er<\/sup> d\u00e9l\u00e9gu\u00e9 suppl\u00e9ant :<\/td><td style=\"color: #333333;text-align: left\">Madame Raymonde BOHERE<\/td><\/tr><tr><td style=\"color: #333333;text-align: right\">2<sup>\u00e8me<\/sup> d\u00e9l\u00e9gu\u00e9 suppl\u00e9ant :<\/td><td style=\"color: #333333;text-align: left\">Madame St\u00e9phanie WATTIEZ<\/td><\/tr><tr><td style=\"color: #333333;text-align: left\" colspan=\"2\"><strong>\u2022 CAPH<\/strong><\/td><\/tr><tr><td style=\"color: #333333;text-align: right\">1<sup>er<\/sup> d\u00e9l\u00e9gu\u00e9 titulaire :<\/td><td style=\"color: #333333;text-align: left\">Madame St\u00e9phanie WATTIEZ<\/td><\/tr><tr><td style=\"color: #333333;text-align: right\">1<sup>er<\/sup> d\u00e9l\u00e9gu\u00e9 suppl\u00e9ant :<\/td><td style=\"color: #333333;text-align: left\">Madame C\u00e9line DUMAINE<\/td><\/tr><\/tbody><\/table><p style=\"color: #333333\" align=\"left\"><strong><u>Election :<\/u><\/strong><br \/>Il manque un membre pour l&#8217;OSAT.<\/p><p style=\"color: #333333\" align=\"left\"><em>Monsieur Jean-Claude BAH :<br \/>\u00ab Lors d\u2019un pr\u00e9c\u00e9dent conseil, j\u2019avais dit que je ne comprenais pas que l\u2019on ne puisse pas impulser la d\u00e9mocratie et qu\u2019on ne permette pas \u00e0 la leader de la liste de l\u2019opposition d\u2019avoir un poste dans une commission \u00bb \u00ab De l\u2019eau a coul\u00e9 sous les ponts et donc je reviens sur le sujet, car cela va permettre \u00e0 Thiant de se glorifier d\u2019\u00eatre un conseil municipal tr\u00e8s d\u00e9mocrate avec une notion et une \u00e9thique de la d\u00e9mocratie. Je vous supplie et je vous demande, et pourtant je ne fais pas partie de l\u2019opposition, mais pour un principe d\u2019\u00e9quit\u00e9, ne pourrions nous pas faire ce geste l\u00e0 ?<br \/>Monsieur Le Maire :<br \/>\u00ab Madame BAR-DESESPRINGALLE est elle d\u00e9j\u00e0 int\u00e9ress\u00e9e par ce poste ? \u00bb<br \/>Et d\u2019autres le sont-ils ? \u00bb<br \/>Madame BAR-DESESPRINGALLE se pr\u00e9sente \u00e0 l\u2019\u00e9lection.<\/em><\/p><p style=\"color: #333333\" align=\"left\">Madame Emilie LEBRUN et Madame Fran\u00e7oise BAR-DESESPRINGALLE sont candidates :<br \/>Madame Fran\u00e7oise BAR-DESESPRINGALLE obtient 13 voix (dont 2 pouvoirs)<br \/>Madame Emilie LEBRUN obtient 8 voix<br \/>1 abstention<br \/>Madame Fran\u00e7oise BAR-DESESPRINGALLE est \u00e9lue.<\/p><table width=\"75%\" align=\"center\"><tbody><tr><td style=\"color: #333333;text-align: left\" colspan=\"2\"><strong>\u2022 OSAT <\/strong>(10 membres des associations un \u00e9ducateur sportif et 5 membres du conseil municipal)<\/td><\/tr><tr><td style=\"color: #333333;text-align: right\" width=\"25%\">\u00a0<\/td><td style=\"color: #333333;text-align: left\" width=\"75%\">Monsieur Michel HENNAUT<br \/>Madame C\u00e9line DUMAINE<br \/>Madame Sylvaine GERARD<br \/>Monsieur Philippe WAELKENS<br \/>Madame Fran\u00e7oise BAR-DESESPRINGALLE<\/td><\/tr><tr><td style=\"color: #333333;text-align: right\">\u00a0<\/td><td style=\"color: #333333;text-align: right\"><small><em>D\u00e9lib\u00e9ration n\u00b02023-01-10-D-04<\/em><\/small><\/td><\/tr><tr><td style=\"color: #333333;text-align: left\" colspan=\"2\"><strong>\u2022 CCAS<\/strong><\/td><\/tr><tr><td style=\"color: #333333;text-align: right\">Pr\u00e9sident :<\/td><td style=\"color: #333333;text-align: left\">Monsieur Marc WATTIEZ<\/td><\/tr><tr><td style=\"color: #333333;text-align: right\">Vice-Pr\u00e9sidente :<\/td><td style=\"color: #333333;text-align: left\">Madame Raymonde BOHERE<\/td><\/tr><tr><td style=\"color: #333333;text-align: right\">\u00a0<\/td><td style=\"color: #333333;text-align: left\">Madame Martine PREVOST<br \/>Madame Armelle BOURLET<br \/>Madame C\u00e9line DUMAINE<br \/>Madame St\u00e9phanie WATTIEZ<br \/>Madame Fran\u00e7oise BAR-DESESPRINGALLE<\/td><\/tr><tr><td style=\"color: #333333;text-align: left\" colspan=\"2\"><strong>\u2022 Commission Cimeti\u00e8re<\/strong><\/td><\/tr><tr><td style=\"color: #333333;text-align: right\" colspan=\"2\"><strong><u>Responsable : Madame Vanessa Flamme<\/u> <\/strong>(s\/c Aur\u00e9lie GAMEZ DGS) avec Madame Sabrina BERTHE<\/td><\/tr><tr><td style=\"color: #333333;text-align: right\">\u00a0<\/td><td style=\"color: #333333;text-align: left\">Monsieur Bernard LEPEZ<br \/>Madame Sylvie DEVOS<br \/>Madame Sylvaine GERARD<br \/>Monsieur Bernard MALAQUIN<br \/>Madame Martine PREVOST<br \/>Madame Fran\u00e7oise BAR-DESESPRINGALLE<\/td><\/tr><tr><td style=\"color: #333333;text-align: left\" colspan=\"2\"><strong>\u2022 Commission des imp\u00f4ts directs<\/strong><\/td><\/tr><tr><td style=\"color: #333333;text-align: right\">\u00a0<\/td><td style=\"color: #333333;text-align: left\">Madame C\u00e9line DUMAINE<br \/>Monsieur Philippe WAELKENS<br \/>Monsieur Bernard MALAQUIN<br \/>Madame Raymonde BOHERE<br \/>Madame Martine PREVOST<br \/>Monsieur Jean-Claude BAH<br \/>Monsieur Sylvain LEFEBVRE<br \/>Madame Fran\u00e7oise BAR-DESESPRINGALLE<\/td><\/tr><tr><td style=\"color: #333333;text-align: left\" colspan=\"2\"><strong>\u2022 Commission r\u00e9vision des listes \u00e9lectorales<\/strong><\/td><\/tr><tr><td style=\"color: #333333;text-align: right\">\u00a0<\/td><td style=\"color: #333333;text-align: left\">Monsieur Bernard MALAQUIN<br \/>Madame Sylvie DEVOS<br \/>Monsieur Philippe WAELKENS<br \/>Madame Fran\u00e7oise BAR-DESESPRINGALLE<\/td><\/tr><\/tbody><\/table><p style=\"color: #333333\" align=\"justify\"><em>Pour information Monsieur Philippe WAELKENS est membre du SIAVED qui a \u00e9t\u00e9 d\u00e9sign\u00e9 par la CAPH.<\/em><\/p><div id=\"CM10012023Quatre\" style=\"color: #333333\"><strong><u>4 &#8211; D\u00e9lib\u00e9ration Indemnit\u00e9s des \u00e9lus<\/u><\/strong><\/div><p style=\"color: #333333;padding-left: 40px\" align=\"justify\"><em>Pr\u00e9sentation est faite par Monsieur Le Maire Et Madame St\u00e9phanie WATTIEZ Adjointe aux finances<\/em><\/p><p style=\"color: #333333;padding-left: 40px\" align=\"justify\"><em>Le Code G\u00e9n\u00e9ral des Collectivit\u00e9s territoriales fixe par ses articles L. 2123-20 \u00e0 L. 2123-24-1 les indemnit\u00e9s maximales pour l&#8217;exercice des fonctions de Maire, Adjoint au Maire des Communes et Conseillers d\u00e9l\u00e9gu\u00e9s, dont le calcul est effectu\u00e9 \u00e0 partir de la valeur de r\u00e9f\u00e9rence qui est celle de l&#8217;indice terminal de l&#8217;\u00e9chelle indiciaire de la fonction publique, soit 1.027 major\u00e9 d&#8217;un taux de 51.6% pour le Maire et de 19,8% pour les Adjoints au Maire (article L. 2123-23 du Code g\u00e9n\u00e9ral des Collectivit\u00e9s territoriales). Concernant les Conseillers, ils peuvent percevoir une indemnit\u00e9, pour l&#8217;exercice effectif d&#8217;une d\u00e9l\u00e9gation (Art. L. 2123-24-1 III et Art. L. 2122-18 du Code g\u00e9n\u00e9ral des Collectivit\u00e9s territoriales). Dans ce cas, l&#8217;indemnit\u00e9 ne peut d\u00e9passer l&#8217;indemnit\u00e9 maximale susceptible d&#8217;\u00eatre allou\u00e9e au Maire (Art. L. 2123-24-1 V du Code g\u00e9n\u00e9ral des Collectivit\u00e9s territoriales).<\/em><\/p><p style=\"color: #333333\" align=\"center\"><strong>INDEMNIT\u00c9S DE FONCTION BRUTES MENSUELLES DES MAIRES<\/strong><br \/><em><small>(VALEUR DU POINT D&#8217;INDICE AU 1<sup>ER<\/sup> JUILLET 2022)<br \/>Art. L. 2123-23 et L. 2511-35 du Code g\u00e9n\u00e9rale des Collectivit\u00e9s territoriales<\/small><\/em><\/p><table width=\"100%\" align=\"center\" bgcolor=\"#EEEEEE\"><tbody><tr><td style=\"color: #333333;text-align: center\" width=\"50%\"><strong>POPULATION<br \/>(nombre d&#8217;habitants)<\/strong><\/td><td style=\"color: #333333;text-align: center\" width=\"25%\"><strong>TAUX<br \/>(en % de l&#8217;IB 1027)<\/strong><\/td><td style=\"color: #333333;text-align: center\" width=\"25%\"><strong>INDEMNITE BRUTE<br \/>(en euros)<\/strong><\/td><\/tr><tr><td style=\"color: #333333;text-align: left\">Moins de 500<\/td><td style=\"color: #333333;text-align: center\">25,5<\/td><td style=\"color: #333333;text-align: center\">1 026,51<\/td><\/tr><tr><td style=\"color: #333333;text-align: left\">De 500 \u00e0 999<\/td><td style=\"color: #333333;text-align: center\">40,3<\/td><td style=\"color: #333333;text-align: center\">1 622,29<\/td><\/tr><tr><td style=\"color: #333333;text-align: left\">de 1 000 \u00e0 3 499<\/td><td style=\"color: #333333;text-align: center\">51,6<\/td><td style=\"color: #333333;text-align: center\">2 077,17<\/td><\/tr><tr><td style=\"color: #333333;text-align: left\">De 3 500 \u00e0 9 999<\/td><td style=\"color: #333333;text-align: center\">55<\/td><td style=\"color: #333333;text-align: center\">2 214,04<\/td><\/tr><tr><td style=\"color: #333333;text-align: left\">De 10 000 \u00e0 19 999<\/td><td style=\"color: #333333;text-align: center\">65<\/td><td style=\"color: #333333;text-align: center\">2 616,59<\/td><\/tr><tr><td style=\"color: #333333;text-align: left\">de 20 000 \u00e0 49 999<\/td><td style=\"color: #333333;text-align: center\">90<\/td><td style=\"color: #333333;text-align: center\">3 622,97<\/td><\/tr><tr><td style=\"color: #333333;text-align: left\">De 50 000 \u00e0 99 999<\/td><td style=\"color: #333333;text-align: center\">110<\/td><td style=\"color: #333333;text-align: center\">4 428,08<\/td><\/tr><tr><td style=\"color: #333333;text-align: left\">100 000 et plus <small>(y compris Marseille et Lyon)<\/small><\/td><td style=\"color: #333333;text-align: center\">145<\/td><td style=\"color: #333333;text-align: center\">5 837,01<\/td><\/tr><tr><td style=\"color: #333333;text-align: left\">Maires d&#8217;arrondissement <small>(Marseille et Lyon)<\/small><\/td><td style=\"color: #333333;text-align: center\">72,5<\/td><td style=\"color: #333333;text-align: center\">2 918,51<\/td><\/tr><\/tbody><\/table><p style=\"color: #333333\" align=\"justify\"><small>Majoration maximale de l&#8217;indemnit\u00e9 des maires de communes de 100 000 habitants et plus : 40% = 2 334,81\u20ac<\/small><\/p><p style=\"color: #333333\" align=\"center\"><strong>INDEMNIT\u00c9S DE FONCTION BRUTES MENSUELLES DES ADJOINTS AU MAIRE<\/strong><br \/><em><small>(VALEUR DU POINT D&#8217;INDICE AU 1<sup>ER<\/sup> JUILLET 2022)<br \/>Art. L. 2123-24, L. 2511-34 et L. 2511-35 du CGCT<\/small><\/em><\/p><table width=\"100%\" align=\"center\" bgcolor=\"#EEEEEE\"><tbody><tr><td style=\"color: #333333;text-align: center\" width=\"50%\"><strong>POPULATION<br \/>(nombre d&#8217;habitants)<\/strong><\/td><td style=\"color: #333333;text-align: center\" width=\"25%\"><strong>TAUX MAXIMAL<br \/>(en % de l&#8217;IB 1027)<\/strong><\/td><td style=\"color: #333333;text-align: center\" width=\"25%\"><strong>INDEMNITE BRUTE<br \/>(en euros)<\/strong><\/td><\/tr><tr><td style=\"color: #333333;text-align: left\">Moins de 500<\/td><td style=\"color: #333333;text-align: center\">9,9<\/td><td style=\"color: #333333;text-align: center\">398,53<\/td><\/tr><tr><td style=\"color: #333333;text-align: left\">De 500 \u00e0 999<\/td><td style=\"color: #333333;text-align: center\">10,7<\/td><td style=\"color: #333333;text-align: center\">430,73<\/td><\/tr><tr><td style=\"color: #333333;text-align: left\">de 1 000 \u00e0 3 499<\/td><td style=\"color: #333333;text-align: center\">19,8<\/td><td style=\"color: #333333;text-align: center\">797,05<\/td><\/tr><tr><td style=\"color: #333333;text-align: left\">De 3 500 \u00e0 9 999<\/td><td style=\"color: #333333;text-align: center\">22<\/td><td style=\"color: #333333;text-align: center\">885,62<\/td><\/tr><tr><td style=\"color: #333333;text-align: left\">De 10 000 \u00e0 19 999<\/td><td style=\"color: #333333;text-align: center\">27,5<\/td><td style=\"color: #333333;text-align: center\">1 107,02<\/td><\/tr><tr><td style=\"color: #333333;text-align: left\">de 20 000 \u00e0 49 999<\/td><td style=\"color: #333333;text-align: center\">33<\/td><td style=\"color: #333333;text-align: center\">1 328,42<\/td><\/tr><tr><td style=\"color: #333333;text-align: left\">De 50 000 \u00e0 99 999<\/td><td style=\"color: #333333;text-align: center\">44<\/td><td style=\"color: #333333;text-align: center\">1 771,23<\/td><\/tr><tr><td style=\"color: #333333;text-align: left\">De 100 000 \u00e0 200 000<\/td><td style=\"color: #333333;text-align: center\">66<\/td><td style=\"color: #333333;text-align: center\">2 656,85<\/td><\/tr><tr><td style=\"color: #333333;text-align: left\">Plus de 200 000<\/td><td style=\"color: #333333;text-align: center\">72,5<\/td><td style=\"color: #333333;text-align: center\">2 918,51<\/td><\/tr><tr><td style=\"color: #333333;text-align: left\"><small>Adjoints au maire d&#8217;arrondissement (Marseille et Lyon)<\/small><\/td><td style=\"color: #333333;text-align: center\">34,5<\/td><td style=\"color: #333333;text-align: center\">1 3898,81<\/td><\/tr><\/tbody><\/table><p style=\"color: #333333;padding-left: 40px\" align=\"justify\">Explication :<br \/>On ne peut d\u00e9passer une enveloppe budg\u00e9taire maximale calcul\u00e9e au taux maxi du maire et au taux maxi pour les adjoints. Pour Thiant compos\u00e9 d&#8217;un maire et <mark>5 adjoints<\/mark> l&#8217;enveloppe annuelle maximale budg\u00e9taire est donc de 72 749,20\u20ac brut.<br \/>Suivant la proposition ci-dessous en consid\u00e9rant qu&#8217;il y a 1 maire, 5 adjoints et 3 conseillers d\u00e9l\u00e9gu\u00e9s mais pas au taux maxi au taux de 42,5% et 13,5% cela repr\u00e9sente une enveloppe budg\u00e9taire annuelle de 72 700,89\u20ac brut.<\/p><p style=\"color: #333333;padding-left: 40px\" align=\"justify\">(Actuellement taux de 43% et 14%)<\/p><p style=\"color: #333333;padding-left: 40px\" align=\"justify\">Soit 1710,85\u20ac brut ou 1472,99\u20ac net pour Monsieur Le Maire<br \/>Soit 543,45\u20ac brut ou 470,09\u20ac net pour un adjoint ou un conseiller d\u00e9l\u00e9gu\u00e9<\/p><p style=\"color: #333333\"><strong>Le Conseil Municipal, apr\u00e8s en avoir d\u00e9lib\u00e9r\u00e9,<\/strong><\/p><table width=\"75%\"><tbody><tr><td style=\"color: #333333\" width=\"25%\"><strong>DECIDE<\/strong><\/td><td style=\"color: #333333;text-align: justify\" width=\"75%\">de fixer le montant des indemnit\u00e9s pour l&#8217;exercice effectif des fonctions de Maire et d&#8217;Adjoint au Maire et de Conseiller d\u00e9l\u00e9gu\u00e9 dans la limite de l&#8217;enveloppe budg\u00e9taire constitu\u00e9e par le montant des indemnit\u00e9s maximales susceptibles d&#8217;\u00eatre allou\u00e9es aux titulaires de mandats locaux, aux taux suivants :<br \/>conform\u00e9ment au bar\u00e8me fix\u00e9 par les articles L. 2123-23 et L. 2123-24 du Code G\u00e9n\u00e9ral des Collectivit\u00e9s Territoriales :<br \/>(taux de 51,6 de l&#8217;indice 1.027 pour le maire et taux de 19,8 de l&#8217;indice 1.027 pour les adjoints)<\/td><\/tr><tr><td>\u00a0<\/td><td style=\"color: #333333;text-align: left\">\u2022 attribution d&#8217;une indemnit\u00e9 de fonction au Maire au taux de 42,5% de l&#8217;indice 1.027.<br \/>\u2022 attribution d&#8217;une indemnit\u00e9 de fonction aux Adjoints au Maire au taux de 13,5% de l&#8217;indice 1.027.<br \/>\u2022 attribution d&#8217;une indemnit\u00e9 de fonction au Conseiller d\u00e9l\u00e9gu\u00e9 au taux de 13,5% de l&#8217;indice 1.027<\/td><\/tr><tr><td style=\"color: #333333\" width=\"25%\"><strong>DIT<\/strong><\/td><td style=\"color: #333333;text-align: justify\" width=\"75%\">que la pr\u00e9sente d\u00e9lib\u00e9ration annule et remplace toute d\u00e9lib\u00e9ration ant\u00e9rieure prise par le Conseil Municipal fixant les indemnit\u00e9s de fonction au Maire et aux Adjoints.<\/td><\/tr><tr><td style=\"color: #333333\" width=\"25%\"><strong>DIT<\/strong><\/td><td style=\"color: #333333;text-align: justify\" width=\"75%\">que la pr\u00e9sente d\u00e9lib\u00e9ration prendra effet le 1<sup>ER<\/sup> JANVIER 2023.<\/td><\/tr><tr><td style=\"color: #333333\" width=\"25%\"><strong>DIT<\/strong><\/td><td style=\"color: #333333;text-align: justify\" width=\"75%\">que les cr\u00e9dits n\u00e9cessaires seront inscrits au budget communal.<\/td><\/tr><\/tbody><\/table><p style=\"color: #333333\" align=\"right\"><em><small>D\u00e9lib\u00e9ration n\u00b0 2023-01-10-D-05<\/small><\/em><\/p><table width=\"50%\" align=\"center\" bgcolor=\"#EEEEEE\"><tbody><tr><td style=\"color: #333333;text-align: left\" width=\"25%\"><strong><u>D\u00e9cision<\/u><\/strong><\/td><td style=\"color: #333333;text-align: left\" width=\"25%\">Sur :<\/td><td style=\"color: #333333;text-align: left\" width=\"50%\">20 pr\u00e9sents<\/td><\/tr><tr><td style=\"color: #333333;text-align: left\">\u00a0<\/td><td style=\"color: #333333;text-align: left\">Pour :<\/td><td style=\"color: #333333;text-align: left\">22<\/td><\/tr><tr><td style=\"color: #333333;text-align: left\">\u00a0<\/td><td style=\"color: #333333;text-align: left\">Contre :<\/td><td style=\"color: #333333;text-align: left\">0<\/td><\/tr><tr><td style=\"color: #333333;text-align: left\">\u00a0<\/td><td style=\"color: #333333;text-align: left\">Abstentions :<\/td><td style=\"color: #333333;text-align: left\">0<\/td><\/tr><\/tbody><\/table><div id=\"CM10012023QD\" style=\"color: #333333\"><strong><u>Questions diverses<\/u><\/strong><\/div><ul style=\"color: #333333;padding-left: 40px\"><li>Monsieur Michel HENNAUT :<br \/>Point sur la vente du terrain de la boulonnerie : c&#8217;est en cours chez les notaires.<\/li><\/ul><p style=\"color: #333333\"><strong>La s\u00e9ance est lev\u00e9e \u00e0 19h05<\/strong><\/p><p style=\"color: #333333\" align=\"right\"><strong>Les secr\u00e9taires de s\u00e9ance<br \/>Madame \u00c9milie LEBRUN et Madame Sylvie DEVOS<\/strong><\/p><\/div>\n\t\t\t\t\t\t\t<\/div>\n\t\t<\/div>\n\t\t\t\t\t\t<\/div>\n\t\t\t\t<\/div>\n\t\t\t\t\t<\/div>\n\t\t<\/div>\n\t\t\t\t\t<\/div>\n\t\t<\/section>\n\t\t\t\t<\/div>\n\t\t","protected":false},"excerpt":{"rendered":"<p>Conseils Municipaux Conseils Municipaux 2023 28\/11 14\/09 14\/06 09\/06 24\/05 30\/03 27\/02 10\/01 28\/11 Proc\u00e8s verbal du Conseil Municipal du 28 novembre 2023 \u00e0 18h00 Date de la convocation\u00a0:\u00a0\u00a0\u00a0\u00a0\u00a0\u00a0\u00a0\u00a0 21 novembre 2023 Date de l\u2019affichage\u00a0: \u00a0\u00a0 \u00a0\u00a0\u00a0\u00a0\u00a0\u00a0\u00a0\u00a0\u00a0\u00a0\u00a0 21 novembre 2023 L&#8217;an deux mil vingt-trois, le 28 novembre \u00e0 dix-huit heures, le Conseil Municipal de Thiant, [&hellip;]<\/p>\n","protected":false},"author":1,"featured_media":0,"parent":1505,"menu_order":4,"comment_status":"closed","ping_status":"closed","template":"","meta":{"_crdt_document":"","ocean_post_layout":"","ocean_both_sidebars_style":"","ocean_both_sidebars_content_width":0,"ocean_both_sidebars_sidebars_width":0,"ocean_sidebar":"0","ocean_second_sidebar":"0","ocean_disable_margins":"enable","ocean_add_body_class":"","ocean_shortcode_before_top_bar":"","ocean_shortcode_after_top_bar":"","ocean_shortcode_before_header":"","ocean_shortcode_after_header":"","ocean_has_shortcode":"","ocean_shortcode_after_title":"","ocean_shortcode_before_footer_widgets":"","ocean_shortcode_after_footer_widgets":"","ocean_shortcode_before_footer_bottom":"","ocean_shortcode_after_footer_bottom":"","ocean_display_top_bar":"default","ocean_display_header":"default","ocean_header_style":"","ocean_center_header_left_menu":"0","ocean_custom_header_template":"0","ocean_custom_logo":0,"ocean_custom_retina_logo":0,"ocean_custom_logo_max_width":0,"ocean_custom_logo_tablet_max_width":0,"ocean_custom_logo_mobile_max_width":0,"ocean_custom_logo_max_height":0,"ocean_custom_logo_tablet_max_height":0,"ocean_custom_logo_mobile_max_height":0,"ocean_header_custom_menu":"0","ocean_menu_typo_font_family":"0","ocean_menu_typo_font_subset":"","ocean_menu_typo_font_size":0,"ocean_menu_typo_font_size_tablet":0,"ocean_menu_typo_font_size_mobile":0,"ocean_menu_typo_font_size_unit":"px","ocean_menu_typo_font_weight":"","ocean_menu_typo_font_weight_tablet":"","ocean_menu_typo_font_weight_mobile":"","ocean_menu_typo_transform":"","ocean_menu_typo_transform_tablet":"","ocean_menu_typo_transform_mobile":"","ocean_menu_typo_line_height":0,"ocean_menu_typo_line_height_tablet":0,"ocean_menu_typo_line_height_mobile":0,"ocean_menu_typo_line_height_unit":"","ocean_menu_typo_spacing":0,"ocean_menu_typo_spacing_tablet":0,"ocean_menu_typo_spacing_mobile":0,"ocean_menu_typo_spacing_unit":"","ocean_menu_link_color":"","ocean_menu_link_color_hover":"","ocean_menu_link_color_active":"","ocean_menu_link_background":"","ocean_menu_link_hover_background":"","ocean_menu_link_active_background":"","ocean_menu_social_links_bg":"","ocean_menu_social_hover_links_bg":"","ocean_menu_social_links_color":"","ocean_menu_social_hover_links_color":"","ocean_disable_title":"default","ocean_disable_heading":"default","ocean_post_title":"","ocean_post_subheading":"","ocean_post_title_style":"","ocean_post_title_background_color":"","ocean_post_title_background":0,"ocean_post_title_bg_image_position":"","ocean_post_title_bg_image_attachment":"","ocean_post_title_bg_image_repeat":"","ocean_post_title_bg_image_size":"","ocean_post_title_height":0,"ocean_post_title_bg_overlay":0.5,"ocean_post_title_bg_overlay_color":"","ocean_disable_breadcrumbs":"default","ocean_breadcrumbs_color":"","ocean_breadcrumbs_separator_color":"","ocean_breadcrumbs_links_color":"","ocean_breadcrumbs_links_hover_color":"","ocean_display_footer_widgets":"default","ocean_display_footer_bottom":"default","ocean_custom_footer_template":"0","footnotes":""},"class_list":["post-5359","page","type-page","status-publish","hentry","entry"],"yoast_head":"<!-- This site is optimized with the Yoast SEO plugin v27.3 - https:\/\/yoast.com\/product\/yoast-seo-wordpress\/ -->\n<title>Conseils Municipaux 2023 - Ville de Thiant<\/title>\n<meta name=\"robots\" content=\"index, follow, max-snippet:-1, max-image-preview:large, max-video-preview:-1\" \/>\n<link rel=\"canonical\" href=\"https:\/\/thiant.fr\/wordpress\/conseils-municipaux\/conseils-municipaux-2023\/\" \/>\n<meta property=\"og:locale\" content=\"fr_FR\" \/>\n<meta property=\"og:type\" content=\"article\" \/>\n<meta property=\"og:title\" content=\"Conseils Municipaux 2023 - Ville de Thiant\" \/>\n<meta property=\"og:description\" content=\"Conseils Municipaux Conseils Municipaux 2023 28\/11 14\/09 14\/06 09\/06 24\/05 30\/03 27\/02 10\/01 28\/11 Proc\u00e8s verbal du Conseil Municipal du 28 novembre 2023 \u00e0 18h00 Date de la convocation\u00a0:\u00a0\u00a0\u00a0\u00a0\u00a0\u00a0\u00a0\u00a0 21 novembre 2023 Date de l\u2019affichage\u00a0: \u00a0\u00a0 \u00a0\u00a0\u00a0\u00a0\u00a0\u00a0\u00a0\u00a0\u00a0\u00a0\u00a0 21 novembre 2023 L&#8217;an deux mil vingt-trois, le 28 novembre \u00e0 dix-huit heures, le Conseil Municipal de Thiant, [&hellip;]\" \/>\n<meta property=\"og:url\" content=\"https:\/\/thiant.fr\/wordpress\/conseils-municipaux\/conseils-municipaux-2023\/\" \/>\n<meta property=\"og:site_name\" content=\"Ville de Thiant\" \/>\n<meta property=\"article:modified_time\" content=\"2024-11-29T14:28:53+00:00\" \/>\n<meta property=\"og:image\" content=\"https:\/\/thiant.fr\/wordpress\/wp-content\/uploads\/2024\/01\/PV_CM28112023.png\" \/>\n\t<meta property=\"og:image:width\" content=\"566\" \/>\n\t<meta property=\"og:image:height\" content=\"800\" \/>\n\t<meta property=\"og:image:type\" content=\"image\/png\" \/>\n<meta name=\"twitter:card\" content=\"summary_large_image\" \/>\n<meta name=\"twitter:label1\" content=\"Dur\u00e9e de lecture estim\u00e9e\" \/>\n\t<meta name=\"twitter:data1\" content=\"156 minutes\" \/>\n<script type=\"application\/ld+json\" class=\"yoast-schema-graph\">{\"@context\":\"https:\\\/\\\/schema.org\",\"@graph\":[{\"@type\":\"WebPage\",\"@id\":\"https:\\\/\\\/thiant.fr\\\/wordpress\\\/conseils-municipaux\\\/conseils-municipaux-2023\\\/\",\"url\":\"https:\\\/\\\/thiant.fr\\\/wordpress\\\/conseils-municipaux\\\/conseils-municipaux-2023\\\/\",\"name\":\"Conseils Municipaux 2023 - Ville de Thiant\",\"isPartOf\":{\"@id\":\"https:\\\/\\\/thiant.fr\\\/wordpress\\\/#website\"},\"primaryImageOfPage\":{\"@id\":\"https:\\\/\\\/thiant.fr\\\/wordpress\\\/conseils-municipaux\\\/conseils-municipaux-2023\\\/#primaryimage\"},\"image\":{\"@id\":\"https:\\\/\\\/thiant.fr\\\/wordpress\\\/conseils-municipaux\\\/conseils-municipaux-2023\\\/#primaryimage\"},\"thumbnailUrl\":\"https:\\\/\\\/thiant.fr\\\/wordpress\\\/wp-content\\\/uploads\\\/2024\\\/01\\\/PV_CM28112023-212x300.png\",\"datePublished\":\"2023-03-28T08:22:34+00:00\",\"dateModified\":\"2024-11-29T14:28:53+00:00\",\"breadcrumb\":{\"@id\":\"https:\\\/\\\/thiant.fr\\\/wordpress\\\/conseils-municipaux\\\/conseils-municipaux-2023\\\/#breadcrumb\"},\"inLanguage\":\"fr-FR\",\"potentialAction\":[{\"@type\":\"ReadAction\",\"target\":[\"https:\\\/\\\/thiant.fr\\\/wordpress\\\/conseils-municipaux\\\/conseils-municipaux-2023\\\/\"]}]},{\"@type\":\"ImageObject\",\"inLanguage\":\"fr-FR\",\"@id\":\"https:\\\/\\\/thiant.fr\\\/wordpress\\\/conseils-municipaux\\\/conseils-municipaux-2023\\\/#primaryimage\",\"url\":\"https:\\\/\\\/thiant.fr\\\/wordpress\\\/wp-content\\\/uploads\\\/2024\\\/01\\\/PV_CM28112023.png\",\"contentUrl\":\"https:\\\/\\\/thiant.fr\\\/wordpress\\\/wp-content\\\/uploads\\\/2024\\\/01\\\/PV_CM28112023.png\",\"width\":566,\"height\":800},{\"@type\":\"BreadcrumbList\",\"@id\":\"https:\\\/\\\/thiant.fr\\\/wordpress\\\/conseils-municipaux\\\/conseils-municipaux-2023\\\/#breadcrumb\",\"itemListElement\":[{\"@type\":\"ListItem\",\"position\":1,\"name\":\"Accueil\",\"item\":\"https:\\\/\\\/thiant.fr\\\/wordpress\\\/\"},{\"@type\":\"ListItem\",\"position\":2,\"name\":\"Conseils Municipaux\",\"item\":\"https:\\\/\\\/thiant.fr\\\/wordpress\\\/conseils-municipaux\\\/\"},{\"@type\":\"ListItem\",\"position\":3,\"name\":\"Conseils Municipaux 2023\"}]},{\"@type\":\"WebSite\",\"@id\":\"https:\\\/\\\/thiant.fr\\\/wordpress\\\/#website\",\"url\":\"https:\\\/\\\/thiant.fr\\\/wordpress\\\/\",\"name\":\"Ville de Thiant\",\"description\":\"Site officiel de la ville de Thiant\",\"publisher\":{\"@id\":\"https:\\\/\\\/thiant.fr\\\/wordpress\\\/#organization\"},\"potentialAction\":[{\"@type\":\"SearchAction\",\"target\":{\"@type\":\"EntryPoint\",\"urlTemplate\":\"https:\\\/\\\/thiant.fr\\\/wordpress\\\/?s={search_term_string}\"},\"query-input\":{\"@type\":\"PropertyValueSpecification\",\"valueRequired\":true,\"valueName\":\"search_term_string\"}}],\"inLanguage\":\"fr-FR\"},{\"@type\":\"Organization\",\"@id\":\"https:\\\/\\\/thiant.fr\\\/wordpress\\\/#organization\",\"name\":\"Ville de Thiant\",\"url\":\"https:\\\/\\\/thiant.fr\\\/wordpress\\\/\",\"logo\":{\"@type\":\"ImageObject\",\"inLanguage\":\"fr-FR\",\"@id\":\"https:\\\/\\\/thiant.fr\\\/wordpress\\\/#\\\/schema\\\/logo\\\/image\\\/\",\"url\":\"https:\\\/\\\/thiant.fr\\\/wordpress\\\/wp-content\\\/uploads\\\/2019\\\/08\\\/Thiant_Illdy_4.png\",\"contentUrl\":\"https:\\\/\\\/thiant.fr\\\/wordpress\\\/wp-content\\\/uploads\\\/2019\\\/08\\\/Thiant_Illdy_4.png\",\"width\":105,\"height\":75,\"caption\":\"Ville de Thiant\"},\"image\":{\"@id\":\"https:\\\/\\\/thiant.fr\\\/wordpress\\\/#\\\/schema\\\/logo\\\/image\\\/\"}}]}<\/script>\n<!-- \/ Yoast SEO plugin. -->","yoast_head_json":{"title":"Conseils Municipaux 2023 - Ville de Thiant","robots":{"index":"index","follow":"follow","max-snippet":"max-snippet:-1","max-image-preview":"max-image-preview:large","max-video-preview":"max-video-preview:-1"},"canonical":"https:\/\/thiant.fr\/wordpress\/conseils-municipaux\/conseils-municipaux-2023\/","og_locale":"fr_FR","og_type":"article","og_title":"Conseils Municipaux 2023 - Ville de Thiant","og_description":"Conseils Municipaux Conseils Municipaux 2023 28\/11 14\/09 14\/06 09\/06 24\/05 30\/03 27\/02 10\/01 28\/11 Proc\u00e8s verbal du Conseil Municipal du 28 novembre 2023 \u00e0 18h00 Date de la convocation\u00a0:\u00a0\u00a0\u00a0\u00a0\u00a0\u00a0\u00a0\u00a0 21 novembre 2023 Date de l\u2019affichage\u00a0: \u00a0\u00a0 \u00a0\u00a0\u00a0\u00a0\u00a0\u00a0\u00a0\u00a0\u00a0\u00a0\u00a0 21 novembre 2023 L&#8217;an deux mil vingt-trois, le 28 novembre \u00e0 dix-huit heures, le Conseil Municipal de Thiant, [&hellip;]","og_url":"https:\/\/thiant.fr\/wordpress\/conseils-municipaux\/conseils-municipaux-2023\/","og_site_name":"Ville de Thiant","article_modified_time":"2024-11-29T14:28:53+00:00","og_image":[{"width":566,"height":800,"url":"https:\/\/thiant.fr\/wordpress\/wp-content\/uploads\/2024\/01\/PV_CM28112023.png","type":"image\/png"}],"twitter_card":"summary_large_image","twitter_misc":{"Dur\u00e9e de lecture estim\u00e9e":"156 minutes"},"schema":{"@context":"https:\/\/schema.org","@graph":[{"@type":"WebPage","@id":"https:\/\/thiant.fr\/wordpress\/conseils-municipaux\/conseils-municipaux-2023\/","url":"https:\/\/thiant.fr\/wordpress\/conseils-municipaux\/conseils-municipaux-2023\/","name":"Conseils Municipaux 2023 - Ville de Thiant","isPartOf":{"@id":"https:\/\/thiant.fr\/wordpress\/#website"},"primaryImageOfPage":{"@id":"https:\/\/thiant.fr\/wordpress\/conseils-municipaux\/conseils-municipaux-2023\/#primaryimage"},"image":{"@id":"https:\/\/thiant.fr\/wordpress\/conseils-municipaux\/conseils-municipaux-2023\/#primaryimage"},"thumbnailUrl":"https:\/\/thiant.fr\/wordpress\/wp-content\/uploads\/2024\/01\/PV_CM28112023-212x300.png","datePublished":"2023-03-28T08:22:34+00:00","dateModified":"2024-11-29T14:28:53+00:00","breadcrumb":{"@id":"https:\/\/thiant.fr\/wordpress\/conseils-municipaux\/conseils-municipaux-2023\/#breadcrumb"},"inLanguage":"fr-FR","potentialAction":[{"@type":"ReadAction","target":["https:\/\/thiant.fr\/wordpress\/conseils-municipaux\/conseils-municipaux-2023\/"]}]},{"@type":"ImageObject","inLanguage":"fr-FR","@id":"https:\/\/thiant.fr\/wordpress\/conseils-municipaux\/conseils-municipaux-2023\/#primaryimage","url":"https:\/\/thiant.fr\/wordpress\/wp-content\/uploads\/2024\/01\/PV_CM28112023.png","contentUrl":"https:\/\/thiant.fr\/wordpress\/wp-content\/uploads\/2024\/01\/PV_CM28112023.png","width":566,"height":800},{"@type":"BreadcrumbList","@id":"https:\/\/thiant.fr\/wordpress\/conseils-municipaux\/conseils-municipaux-2023\/#breadcrumb","itemListElement":[{"@type":"ListItem","position":1,"name":"Accueil","item":"https:\/\/thiant.fr\/wordpress\/"},{"@type":"ListItem","position":2,"name":"Conseils Municipaux","item":"https:\/\/thiant.fr\/wordpress\/conseils-municipaux\/"},{"@type":"ListItem","position":3,"name":"Conseils Municipaux 2023"}]},{"@type":"WebSite","@id":"https:\/\/thiant.fr\/wordpress\/#website","url":"https:\/\/thiant.fr\/wordpress\/","name":"Ville de Thiant","description":"Site officiel de la ville de Thiant","publisher":{"@id":"https:\/\/thiant.fr\/wordpress\/#organization"},"potentialAction":[{"@type":"SearchAction","target":{"@type":"EntryPoint","urlTemplate":"https:\/\/thiant.fr\/wordpress\/?s={search_term_string}"},"query-input":{"@type":"PropertyValueSpecification","valueRequired":true,"valueName":"search_term_string"}}],"inLanguage":"fr-FR"},{"@type":"Organization","@id":"https:\/\/thiant.fr\/wordpress\/#organization","name":"Ville de Thiant","url":"https:\/\/thiant.fr\/wordpress\/","logo":{"@type":"ImageObject","inLanguage":"fr-FR","@id":"https:\/\/thiant.fr\/wordpress\/#\/schema\/logo\/image\/","url":"https:\/\/thiant.fr\/wordpress\/wp-content\/uploads\/2019\/08\/Thiant_Illdy_4.png","contentUrl":"https:\/\/thiant.fr\/wordpress\/wp-content\/uploads\/2019\/08\/Thiant_Illdy_4.png","width":105,"height":75,"caption":"Ville de Thiant"},"image":{"@id":"https:\/\/thiant.fr\/wordpress\/#\/schema\/logo\/image\/"}}]}},"_links":{"self":[{"href":"https:\/\/thiant.fr\/wordpress\/wp-json\/wp\/v2\/pages\/5359","targetHints":{"allow":["GET"]}}],"collection":[{"href":"https:\/\/thiant.fr\/wordpress\/wp-json\/wp\/v2\/pages"}],"about":[{"href":"https:\/\/thiant.fr\/wordpress\/wp-json\/wp\/v2\/types\/page"}],"author":[{"embeddable":true,"href":"https:\/\/thiant.fr\/wordpress\/wp-json\/wp\/v2\/users\/1"}],"replies":[{"embeddable":true,"href":"https:\/\/thiant.fr\/wordpress\/wp-json\/wp\/v2\/comments?post=5359"}],"version-history":[{"count":136,"href":"https:\/\/thiant.fr\/wordpress\/wp-json\/wp\/v2\/pages\/5359\/revisions"}],"predecessor-version":[{"id":6699,"href":"https:\/\/thiant.fr\/wordpress\/wp-json\/wp\/v2\/pages\/5359\/revisions\/6699"}],"up":[{"embeddable":true,"href":"https:\/\/thiant.fr\/wordpress\/wp-json\/wp\/v2\/pages\/1505"}],"wp:attachment":[{"href":"https:\/\/thiant.fr\/wordpress\/wp-json\/wp\/v2\/media?parent=5359"}],"curies":[{"name":"wp","href":"https:\/\/api.w.org\/{rel}","templated":true}]}}