{"id":6175,"date":"2024-05-22T13:20:01","date_gmt":"2024-05-22T11:20:01","guid":{"rendered":"https:\/\/thiant.fr\/wordpress\/?page_id=6175"},"modified":"2025-03-17T15:30:58","modified_gmt":"2025-03-17T14:30:58","slug":"conseils-municipaux-2024","status":"publish","type":"page","link":"https:\/\/thiant.fr\/wordpress\/conseils-municipaux\/conseils-municipaux-2024\/","title":{"rendered":"Conseils Municipaux 2024"},"content":{"rendered":"\t\t<div data-elementor-type=\"wp-page\" data-elementor-id=\"6175\" class=\"elementor elementor-6175\">\n\t\t\t\t\t\t<section class=\"elementor-section elementor-top-section elementor-element elementor-element-31326a1f elementor-section-boxed elementor-section-height-default elementor-section-height-default\" data-id=\"31326a1f\" data-element_type=\"section\" data-e-type=\"section\">\n\t\t\t\t\t\t<div class=\"elementor-container elementor-column-gap-default\">\n\t\t\t\t\t<div class=\"elementor-column elementor-col-20 elementor-top-column elementor-element elementor-element-160bc4f3\" data-id=\"160bc4f3\" data-element_type=\"column\" data-e-type=\"column\">\n\t\t\t<div class=\"elementor-widget-wrap\">\n\t\t\t\t\t\t\t<\/div>\n\t\t<\/div>\n\t\t\t\t<div class=\"elementor-column elementor-col-20 elementor-top-column elementor-element elementor-element-27ad281c\" data-id=\"27ad281c\" data-element_type=\"column\" data-e-type=\"column\">\n\t\t\t<div class=\"elementor-widget-wrap\">\n\t\t\t\t\t\t\t<\/div>\n\t\t<\/div>\n\t\t\t\t<div class=\"elementor-column elementor-col-20 elementor-top-column elementor-element elementor-element-58e80db7\" data-id=\"58e80db7\" data-element_type=\"column\" data-e-type=\"column\">\n\t\t\t<div class=\"elementor-widget-wrap elementor-element-populated\">\n\t\t\t\t\t\t<div class=\"elementor-element elementor-element-6fd19f4e elementor-align-center elementor-widget elementor-widget-button\" data-id=\"6fd19f4e\" data-element_type=\"widget\" data-e-type=\"widget\" data-widget_type=\"button.default\">\n\t\t\t\t<div class=\"elementor-widget-container\">\n\t\t\t\t\t\t\t\t\t<div class=\"elementor-button-wrapper\">\n\t\t\t\t\t<a class=\"elementor-button elementor-button-link elementor-size-sm\" href=\"https:\/\/thiant.fr\/wordpress\/conseils-municipaux\/\">\n\t\t\t\t\t\t<span class=\"elementor-button-content-wrapper\">\n\t\t\t\t\t\t\t\t\t<span class=\"elementor-button-text\">Conseils Municipaux<\/span>\n\t\t\t\t\t<\/span>\n\t\t\t\t\t<\/a>\n\t\t\t\t<\/div>\n\t\t\t\t\t\t\t\t<\/div>\n\t\t\t\t<\/div>\n\t\t\t\t\t<\/div>\n\t\t<\/div>\n\t\t\t\t<div class=\"elementor-column elementor-col-20 elementor-top-column elementor-element elementor-element-1d3a1b96\" data-id=\"1d3a1b96\" data-element_type=\"column\" data-e-type=\"column\">\n\t\t\t<div class=\"elementor-widget-wrap\">\n\t\t\t\t\t\t\t<\/div>\n\t\t<\/div>\n\t\t\t\t<div class=\"elementor-column elementor-col-20 elementor-top-column elementor-element elementor-element-7c84fd0a\" data-id=\"7c84fd0a\" data-element_type=\"column\" data-e-type=\"column\">\n\t\t\t<div class=\"elementor-widget-wrap\">\n\t\t\t\t\t\t\t<\/div>\n\t\t<\/div>\n\t\t\t\t\t<\/div>\n\t\t<\/section>\n\t\t\t\t<section class=\"elementor-section elementor-top-section elementor-element elementor-element-48e30e46 elementor-section-boxed elementor-section-height-default elementor-section-height-default\" data-id=\"48e30e46\" data-element_type=\"section\" data-e-type=\"section\">\n\t\t\t\t\t\t<div class=\"elementor-container elementor-column-gap-default\">\n\t\t\t\t\t<div class=\"elementor-column elementor-col-100 elementor-top-column elementor-element elementor-element-42baf472\" data-id=\"42baf472\" data-element_type=\"column\" data-e-type=\"column\">\n\t\t\t<div class=\"elementor-widget-wrap elementor-element-populated\">\n\t\t\t\t\t\t<div class=\"elementor-element elementor-element-25c7c437 elementor-widget elementor-widget-heading\" data-id=\"25c7c437\" data-element_type=\"widget\" data-e-type=\"widget\" data-widget_type=\"heading.default\">\n\t\t\t\t<div class=\"elementor-widget-container\">\n\t\t\t\t\t<h2 class=\"elementor-heading-title elementor-size-default\">Conseils Municipaux 2024<\/h2>\t\t\t\t<\/div>\n\t\t\t\t<\/div>\n\t\t\t\t\t<\/div>\n\t\t<\/div>\n\t\t\t\t\t<\/div>\n\t\t<\/section>\n\t\t<div class=\"elementor-element elementor-element-37974fb e-flex e-con-boxed e-con e-parent\" data-id=\"37974fb\" data-element_type=\"container\" data-e-type=\"container\">\n\t\t\t\t\t<div class=\"e-con-inner\">\n\t\t\t\t<div class=\"elementor-element elementor-element-08630e5 e-n-tabs-mobile elementor-widget elementor-widget-n-tabs\" data-id=\"08630e5\" data-element_type=\"widget\" data-e-type=\"widget\" data-settings=\"{&quot;tabs_justify_horizontal&quot;:&quot;start&quot;,&quot;horizontal_scroll&quot;:&quot;disable&quot;}\" data-widget_type=\"nested-tabs.default\">\n\t\t\t\t<div class=\"elementor-widget-container\">\n\t\t\t\t\t\t\t<div class=\"e-n-tabs\" data-widget-number=\"8794341\" aria-label=\"Onglets. Ouvrez des \u00e9l\u00e9ments avec Entrer ou Espace, fermez-les avec Echape et naviguez \u00e0 l&#039;aide des touches fl\u00e9ch\u00e9es.\">\n\t\t\t<div class=\"e-n-tabs-heading\" role=\"tablist\">\n\t\t\t\t\t<button id=\"e-n-tab-title-87943411\" data-tab-title-id=\"e-n-tab-title-87943411\" class=\"e-n-tab-title\" aria-selected=\"true\" data-tab-index=\"1\" role=\"tab\" tabindex=\"0\" aria-controls=\"e-n-tab-content-87943411\" style=\"--n-tabs-title-order: 1;\">\n\t\t\t\t\t\t<span class=\"e-n-tab-title-text\">\n\t\t\t\t10\/12\t\t\t<\/span>\n\t\t<\/button>\n\t\t\t\t<button id=\"e-n-tab-title-87943412\" data-tab-title-id=\"e-n-tab-title-87943412\" class=\"e-n-tab-title\" aria-selected=\"false\" data-tab-index=\"2\" role=\"tab\" tabindex=\"-1\" aria-controls=\"e-n-tab-content-87943412\" style=\"--n-tabs-title-order: 2;\">\n\t\t\t\t\t\t<span class=\"e-n-tab-title-text\">\n\t\t\t\t15\/10\t\t\t<\/span>\n\t\t<\/button>\n\t\t\t\t<button id=\"e-n-tab-title-87943413\" data-tab-title-id=\"e-n-tab-title-87943413\" class=\"e-n-tab-title\" aria-selected=\"false\" data-tab-index=\"3\" role=\"tab\" tabindex=\"-1\" aria-controls=\"e-n-tab-content-87943413\" style=\"--n-tabs-title-order: 3;\">\n\t\t\t\t\t\t<span class=\"e-n-tab-title-text\">\n\t\t\t\t25\/06\t\t\t<\/span>\n\t\t<\/button>\n\t\t\t\t<button id=\"e-n-tab-title-87943414\" data-tab-title-id=\"e-n-tab-title-87943414\" class=\"e-n-tab-title\" aria-selected=\"false\" data-tab-index=\"4\" role=\"tab\" tabindex=\"-1\" aria-controls=\"e-n-tab-content-87943414\" style=\"--n-tabs-title-order: 4;\">\n\t\t\t\t\t\t<span class=\"e-n-tab-title-text\">\n\t\t\t\t06\/06\t\t\t<\/span>\n\t\t<\/button>\n\t\t\t\t<button id=\"e-n-tab-title-87943415\" data-tab-title-id=\"e-n-tab-title-87943415\" class=\"e-n-tab-title\" aria-selected=\"false\" data-tab-index=\"5\" role=\"tab\" tabindex=\"-1\" aria-controls=\"e-n-tab-content-87943415\" style=\"--n-tabs-title-order: 5;\">\n\t\t\t\t\t\t<span class=\"e-n-tab-title-text\">\n\t\t\t\t08\/04\t\t\t<\/span>\n\t\t<\/button>\n\t\t\t\t<button id=\"e-n-tab-title-87943416\" data-tab-title-id=\"e-n-tab-title-87943416\" class=\"e-n-tab-title\" aria-selected=\"false\" data-tab-index=\"6\" role=\"tab\" tabindex=\"-1\" aria-controls=\"e-n-tab-content-87943416\" style=\"--n-tabs-title-order: 6;\">\n\t\t\t\t\t\t<span class=\"e-n-tab-title-text\">\n\t\t\t\t06\/02\t\t\t<\/span>\n\t\t<\/button>\n\t\t\t\t\t<\/div>\n\t\t\t<div class=\"e-n-tabs-content\">\n\t\t\t\t<div id=\"e-n-tab-content-87943411\" role=\"tabpanel\" aria-labelledby=\"e-n-tab-title-87943411\" data-tab-index=\"1\" style=\"--n-tabs-title-order: 1;\" class=\"e-active elementor-element elementor-element-c020512 e-flex e-con-boxed e-con e-child\" data-id=\"c020512\" data-element_type=\"container\" data-e-type=\"container\">\n\t\t\t\t\t<div class=\"e-con-inner\">\n\t\t\t\t<div class=\"elementor-element elementor-element-60c55e8 elementor-widget elementor-widget-text-editor\" data-id=\"60c55e8\" data-element_type=\"widget\" data-e-type=\"widget\" data-widget_type=\"text-editor.default\">\n\t\t\t\t<div class=\"elementor-widget-container\">\n\t\t\t\t\t\t\t\t\t<h6><span style=\"color: #ee0700;\">Proc\u00e8s Verbal du Conseil Municipal du 10 d\u00e9cembre 2024 \u00e0 18h00<\/span><\/h6><p><a href=\"https:\/\/thiant.fr\/wordpress\/documents_ext\/CM\/CM_2024-12-10.pdf\" target=\"_blank\" rel=\"noopener\"><img fetchpriority=\"high\" decoding=\"async\" class=\"alignnone wp-image-6937 size-medium\" src=\"https:\/\/thiant.fr\/wordpress\/wp-content\/uploads\/2025\/03\/PV_CM10122024-210x300.png\" alt=\"T\u00e9l\u00e9charger le PDF du proc\u00e8s verbal du Conseil municipal du 10 d\u00e9cembre 2024\" width=\"210\" height=\"300\" srcset=\"https:\/\/thiant.fr\/wordpress\/wp-content\/uploads\/2025\/03\/PV_CM10122024-210x300.png 210w, https:\/\/thiant.fr\/wordpress\/wp-content\/uploads\/2025\/03\/PV_CM10122024.png 559w\" sizes=\"(max-width: 210px) 100vw, 210px\" \/><\/a><\/p><p style=\"color: #333333;\"><strong>Date de la convocation\u00a0:<\/strong>\u00a0\u00a0\u00a0\u00a0\u00a0\u00a0\u00a0\u00a0 02 et 05 d\u00e9cembre 2024<\/p><p style=\"color: #333333;\"><strong>Date de l\u2019affichage\u00a0:<\/strong> \u00a0\u00a0 \u00a0\u00a0\u00a0\u00a0\u00a0\u00a0\u00a0\u00a0\u00a0\u00a0\u00a0 02 et 05 d\u00e9cembre 2024<\/p><p style=\"color: #333333; padding-left: 40px;\" align=\"justify\">L&#8217;an deux mil vingt-quatre, le dix d\u00e9cembre 2024 \u00e0 dix-huit heures, le Conseil Municipal de Thiant, r\u00e9guli\u00e8rement convoqu\u00e9, s&#8217;est r\u00e9uni en la salle du conseil, rue Anatole France \u00e0 THIANT, sous la Pr\u00e9sidence de Monsieur Marc WATTIEZ, Maire de la Commune.<\/p><p style=\"color: #333333;\"><strong>Pr\u00e9sents :<\/strong><\/p><p style=\"color: #333333; padding-left: 40px;\" align=\"justify\"><strong>Monsieur Marc WATTIEZ, Madame St\u00e9phanie WATTIEZ, Madame C\u00e9line DUMAINE, Monsieur Philippe WAELKENS, Monsieur Michel HENNAUT, Madame Raymonde BOHERE, Madame Sylvaine GERARD, Madame Martine PREVOST, Monsieur Christophe DESPINOY, Madame Armelle BOURLET, Monsieur Bernard MALAQUIN, Monsieur Bernard LEPEZ, Madame Fran\u00e7oise BAR-DESESPRINGALLE, Monsieur Jimmy LAURENT, Monsieur Jean-Michel HARBONNIER<\/strong><\/p><p style=\"color: #333333;\"><strong>Excus\u00e9s :<\/strong><\/p><p style=\"color: #333333; padding-left: 40px;\"><strong>Monsieur Guy VANDERBEC qui donne pouvoir \u00e0 Monsieur Marc WATTIEZ<br \/>Madame Sylvie NICOLAS<br \/>Monsieur Jean Claude BAH qui donne pouvoir \u00e0 Monsieur Michel HENNAUT<br \/>Madame Virginie LARIVE qui donne pouvoir \u00e0 Monsieur Jimmy LAURENT<br \/>Madame Sylvie DEVOS qui donne pouvoir \u00e0 Madame Sylvaine GERARD<br \/>Monsieur J\u00e9r\u00f4me CARLIER qui donne pouvoir \u00e0 Monsieur Philippe WAELKENS<br \/>Madame C\u00e9line TRACHMAN qui donne pouvoir \u00e0 Monsieur Christophe DESPINOY<\/strong><\/p><p style=\"color: #333333;\"><strong>Absents :<\/strong><\/p><p style=\"color: #333333; padding-left: 60px;\"><big><strong><u>Ordre du jour<\/u>\u00a0:<\/strong><\/big><\/p><ol style=\"color: #333333; padding-left: 40px;\"><li><a href=\"#CM10122024Un\">D\u00e9lib\u00e9ration approbation du proc\u00e8s-verbal du 15 OCTOBRE 2024<\/a><\/li><li><a href=\"#CM10122024Deux\">D\u00e9lib\u00e9ration de cession de parcelle avec condition suspensive : obtention du PA modificatif<\/a><\/li><li><a href=\"#CM10122024Trois\">D\u00e9lib\u00e9ration autorisant le d\u00e9marrage anticip\u00e9 par la SIGH sur le terrain 3635 et autorisant la signature de la d\u00e9l\u00e9gation de ma\u00eetrise d\u2019ouvrage pour l\u2019intervention SIGH sur le terrain 3638 et 3637<\/a><\/li><li><a href=\"#CM10122024Quatre\">D\u00e9lib\u00e9ration autorisation de Monsieur Le Maire pour signature convention cantine \u00e0 1\u20ac \u00e0 compter du 1<sup>er<\/sup> janvier 2025<\/a><\/li><li><a href=\"#CM10122024Cinq\">D\u00e9lib\u00e9ration tarifs cantine \u00e0 compter du 1<sup>er<\/sup> janvier 2025<\/a><\/li><li><a href=\"#CM10122024Six\">D\u00e9lib\u00e9ration annuelle autorisant le recrutement d\u2019agents contractuels sur des emplois non permanent pour faire face \u00e0 un besoin li\u00e9 \u00e0 un accroissement saisonnier d\u2019activit\u00e9 \u2013 Centre de Loisirs<\/a><\/li><li><a href=\"#CM10122024Sept\">D\u00e9lib\u00e9ration cr\u00e9ation d\u2019emplois occasionnels et cr\u00e9ation d\u2019emplois non permanent pour faire face \u00e0 des besoins d\u2019accroissement temporaire de travail et\/ou \u00e0 un accroissement saisonnier d\u2019activit\u00e9<\/a><\/li><li><a href=\"#CM10122024Huit\">D\u00e9lib\u00e9ration pour l\u2019instauration d\u2019une participation au financement des contrats et r\u00e8glements labellises des agents de la collectivit\u00e9 pour le risque sant\u00e9<\/a><\/li><li><a href=\"#CM10122024Neuf\">D\u00e9lib\u00e9ration pour l\u2019instauration d\u2019une participation au financement des contrats et r\u00e8glements labellises des agents de la collectivit\u00e9 pour le risque pr\u00e9voyance<\/a><\/li><li><a href=\"#CM10122024Dix\">D\u00e9lib\u00e9ration modificatives Budg\u00e9taires DM1 DM2<\/a><\/li><li><a href=\"#CM10122024Onze\">D\u00e9lib\u00e9ration autorisation d\u2019engagement des d\u00e9penses avant vote du BP 2025 et de son annexe<\/a><\/li><li><a href=\"#CM10122024Douze\">D\u00e9lib\u00e9ration tableau des effectifs au 11 d\u00e9cembre 2024<\/a><\/li><li><a href=\"#CM10122024Treize\">D\u00e9lib\u00e9ration subvention Association Pachatsanstoit<\/a><\/li><li><a href=\"#CM10122024Quatorze\">D\u00e9lib\u00e9ration subvention Amicale du personnel pour 2024.<\/a><\/li><li><a href=\"#CM10122024QD\">Questions diverses<\/a><\/li><\/ol><p style=\"color: #333333;\"><strong>D\u00e9signation d&#8217;un Secr\u00e9taire de s\u00e9ance : Philippe WAELKENS<\/strong><\/p><p style=\"color: #333333;\"><strong>Etat des pouvoirs\u00a0: &#8230;.6 pouvoirs&#8230;&#8230;..<\/strong><\/p><div id=\"CM10122024Un\" style=\"color: #333333;\"><strong><u>1 &#8211; Approbation du Proc\u00e8s-verbal du 15 octobre 2024<\/u><\/strong><\/div><p style=\"color: #333333; text-align: justify;\"><em>Document transmis par mail et dans les casiers des \u00e9lus<\/em><\/p><table width=\"75%\"><tbody><tr><td style=\"color: #333333;\" width=\"25%\">Consid\u00e9rant<\/td><td style=\"color: #333333; text-align: justify;\" width=\"75%\">Le Code G\u00e9n\u00e9ral des Collectivit\u00e9s Territoriales, particuli\u00e8rement les articles L.2121-7 \u00e0 L.2121-28 ;<\/td><\/tr><tr><td style=\"color: #333333;\">Consid\u00e9rant<\/td><td style=\"color: #333333; text-align: justify;\">qu&#8217;il convient d&#8217;adopter les proc\u00e8s-verbaux des s\u00e9ances du Conseil Municipal.<\/td><\/tr><\/tbody><\/table><p style=\"color: #333333;\"><strong>Le Conseil Municipal, apr\u00e8s en avoir d\u00e9lib\u00e9r\u00e9,<\/strong><br \/>par\u00a021 voix pour,\u00a0voix contre,\u00a0abstention<\/p><table width=\"75%\"><tbody><tr><td style=\"color: #333333;\" width=\"25%\"><strong><u>APPROUVE<\/u><\/strong><\/td><td style=\"color: #333333; text-align: justify;\" width=\"75%\">le contenu du proc\u00e8s-verbal du 15 octobre 2024, r\u00e9dig\u00e9 par son secr\u00e9taire de s\u00e9ance.<\/td><\/tr><\/tbody><\/table><p><!--<\/p>\n<p style=\"color: #333333; padding-left: 40px;\" align=\"right\"><small><em>D\u00e9lib\u00e9ration 2024-12-10-D01<\/em><\/small><\/p>\n<p>--><\/p><table align=\"right\" bgcolor=\"#EEEEEE\"><caption style=\"color: #333333; text-align: right; font-size: 0.75rem;\"><em>D\u00e9lib\u00e9ration 2024-12-10-D01<\/em><\/caption><tbody><tr><td style=\"color: #333333; text-align: left;\" width=\"25%\"><strong><u>D\u00e9cision<\/u><\/strong><\/td><td style=\"color: #333333; text-align: right;\" width=\"25%\">Pr\u00e9sent :<\/td><td style=\"color: #333333; text-align: left;\" width=\"50%\">15<\/td><\/tr><tr><td style=\"color: #333333; text-align: left;\">\u00a0<\/td><td style=\"color: #333333; text-align: right;\">Pour :<\/td><td style=\"color: #333333; text-align: left;\">21 dont 6 pouvoirs<\/td><\/tr><tr><td style=\"color: #333333; text-align: left;\">\u00a0<\/td><td style=\"color: #333333; text-align: right;\">Contre :<\/td><td style=\"color: #333333; text-align: left;\">0<\/td><\/tr><tr><td style=\"color: #333333; text-align: left;\">\u00a0<\/td><td style=\"color: #333333; text-align: right;\">Abstentions :<\/td><td style=\"color: #333333; text-align: left;\">0<\/td><\/tr><\/tbody><\/table><div id=\"CM10122024Deux\" style=\"color: #333333;\"><strong><u>2 &#8211; D\u00e9lib\u00e9ration de cession de parcelle avec condition suspensive : obtention d\u2019un Permis d\u2019Am\u00e9nager modificatif Lotissement Ferme Jourdan<\/u><\/strong><\/div><p style=\"color: #333333;\"><strong><em>Plans<\/em><\/strong><\/p><p><img decoding=\"async\" class=\"wp-image-6938 size-full aligncenter\" src=\"https:\/\/thiant.fr\/wordpress\/wp-content\/uploads\/2025\/03\/Plan_01.png\" alt=\"\" width=\"584\" height=\"469\" srcset=\"https:\/\/thiant.fr\/wordpress\/wp-content\/uploads\/2025\/03\/Plan_01.png 584w, https:\/\/thiant.fr\/wordpress\/wp-content\/uploads\/2025\/03\/Plan_01-300x241.png 300w\" sizes=\"(max-width: 584px) 100vw, 584px\" \/><img decoding=\"async\" class=\"aligncenter wp-image-6939 size-full\" src=\"https:\/\/thiant.fr\/wordpress\/wp-content\/uploads\/2025\/03\/Plan_02.png\" alt=\"\" width=\"634\" height=\"722\" srcset=\"https:\/\/thiant.fr\/wordpress\/wp-content\/uploads\/2025\/03\/Plan_02.png 634w, https:\/\/thiant.fr\/wordpress\/wp-content\/uploads\/2025\/03\/Plan_02-263x300.png 263w\" sizes=\"(max-width: 634px) 100vw, 634px\" \/><img loading=\"lazy\" decoding=\"async\" class=\"aligncenter wp-image-6940 size-full\" src=\"https:\/\/thiant.fr\/wordpress\/wp-content\/uploads\/2025\/03\/Plan_03.png\" alt=\"\" width=\"601\" height=\"761\" srcset=\"https:\/\/thiant.fr\/wordpress\/wp-content\/uploads\/2025\/03\/Plan_03.png 601w, https:\/\/thiant.fr\/wordpress\/wp-content\/uploads\/2025\/03\/Plan_03-237x300.png 237w\" sizes=\"(max-width: 601px) 100vw, 601px\" \/><\/p><p style=\"color: #333333; padding-left: 40px;\"><em>En l\u2019absence de Monsieur Le Maire et de Monsieur L\u2019Adjoint aux travaux, Madame La 1<sup>\u00e8re<\/sup> Adjointe a assist\u00e9 \u00e0 la r\u00e9union de travail sur ce sujet.<br \/>Madame C\u00e9line DUMAINE explique le contexte :<br \/>\u00ab Le conseil municipal avait renonc\u00e9 \u00e0 la construction d\u2019un local commun dans le projet avec la SIGH. \u00bb<br \/>\u00ab La modification porte sur le lot C qui dans le nouveau r\u00e8glement du lotissement deviendra le lot C pour la parcelle 3635 et fera apparaitre un lot D et ainsi que deux parcelles suppl\u00e9mentaires de voiries 3637 et 3638. \u00bb<\/em><\/p><p style=\"color: #333333; padding-left: 40px;\"><em>La commune est propri\u00e9taire de la parcelle n\u00b03635 d\u2019une surface de 6394m\u00b2 situ\u00e9e sur le plan ci-dessus.<\/em><\/p><p style=\"color: #333333; padding-left: 40px;\"><em><u>Madame Armelle BOURLET ne participe pas au vote<\/u><\/em><\/p><p style=\"color: #333333;\"><strong>Le Conseil Municipal, apr\u00e8s en avoir d\u00e9lib\u00e9r\u00e9,<\/strong><br \/>par 20 voix pour, 0 voix contre, 0 abstention<\/p><table width=\"75%\"><tbody><tr><td style=\"color: #333333;\" width=\"25%\"><strong><u>DECIDE DE VALIDER<\/u><\/strong><\/td><td style=\"color: #333333; text-align: justify;\" width=\"75%\">le nouveau r\u00e8glement du permis d\u2019am\u00e9nager modificatif <u><strong>(<a href=\"https:\/\/thiant.fr\/wordpress\/documents_ext\/CM\/CM_2024-12-10_reglement-permis-amenager-modificatif.pdf\" target=\"_blank\" rel=\"noopener\">ci-joint en annexe<\/a>)<\/strong><\/u><\/td><\/tr><tr><td style=\"color: #333333;\" width=\"25%\"><strong><u>DECIDE D&#8217;AUTORISER<\/u><\/strong><\/td><td style=\"color: #333333; text-align: justify;\">le maire \u00e0 effectuer toutes les d\u00e9marches n\u00e9cessaires au d\u00e9p\u00f4t du permis d\u2019am\u00e9nager modificatif du lotissement de la Ferme Jourdan<\/td><\/tr><tr><td style=\"color: #333333;\" width=\"25%\"><strong><u>DECIDE DE CEDER<\/u><\/strong><\/td><td style=\"color: #333333; text-align: justify;\">la parcelle n\u00b03635 d\u2019une surface de 6394m\u00b2 \u00e0 la SIGH \u00e0 l\u2019euro symbolique<\/td><\/tr><tr><td style=\"color: #333333;\" width=\"25%\"><strong><u>DECIDE DE DIRE<\/u><\/strong><\/td><td style=\"color: #333333; text-align: justify;\">que la parcelle sera vendue d\u00e9finitivement \u00e0 la condition que le permis d\u2019am\u00e9nag\u00e9 modificatif soit valid\u00e9 et que dans le cas contraire la vente sera nulle<\/td><\/tr><tr><td style=\"color: #333333;\" width=\"25%\"><strong><u>DECIDE DE RAPPELER<\/u><\/strong><\/td><td style=\"color: #333333; text-align: justify;\">que la SIGH repr\u00e9sent\u00e9 par son directeur prendra \u00e0 sa charge l\u2019ensemble des frais, frais de g\u00e9om\u00e8tre et frais d\u2019actes li\u00e9s \u00e0 la pr\u00e9sente transaction<\/td><\/tr><tr><td style=\"color: #333333;\" width=\"25%\"><strong><u>DECIDE DE DONNER POUVOIR<\/u><\/strong><\/td><td style=\"color: #333333; text-align: justify;\">\u00e0 Monsieur Le Maire pour signer toutes pi\u00e8ces se rapportant \u00e0 la pr\u00e9sente d\u00e9cision<\/td><\/tr><tr><td style=\"color: #333333;\" width=\"25%\"><strong><u>DECIDE DE CONFIER<\/u><\/strong><\/td><td style=\"color: #333333; text-align: justify;\">l\u2019affaire \u00e0 Maitre St\u00e9phanie THERY-MASSIN, Notaire (SCP Sophie DECIAN-LHERMIE, Caroline MASSIN, St\u00e9phanie THERY-MASSIN \u2013 33 Rue du Mar\u00e9chal Leclerc BP 80011 DENAIN)<\/td><\/tr><\/tbody><\/table><p><img loading=\"lazy\" decoding=\"async\" class=\"aligncenter wp-image-6941 size-full\" src=\"https:\/\/thiant.fr\/wordpress\/wp-content\/uploads\/2025\/03\/Plan_04.png\" alt=\"\" width=\"421\" height=\"336\" srcset=\"https:\/\/thiant.fr\/wordpress\/wp-content\/uploads\/2025\/03\/Plan_04.png 421w, https:\/\/thiant.fr\/wordpress\/wp-content\/uploads\/2025\/03\/Plan_04-300x239.png 300w\" sizes=\"(max-width: 421px) 100vw, 421px\" \/><br \/><!--<\/p>\n<p style=\"color: #333333; padding-left: 40px;\" align=\"right\"><small><em>D\u00e9lib\u00e9ration 2024-12-10-D02<\/em><\/small><\/p>\n<p>--><\/p><table width=\"50%\" align=\"center\" bgcolor=\"#EEEEEE\"><caption style=\"color: #333333; text-align: right; font-size: 0.75rem;\"><em>D\u00e9lib\u00e9ration 2024-12-10-D02<\/em><\/caption><tbody><tr><td style=\"color: #333333; text-align: left;\" width=\"25%\"><strong><u>D\u00e9cision<\/u><\/strong><\/td><td style=\"color: #333333; text-align: right;\" width=\"25%\">Pr\u00e9sent :<\/td><td style=\"color: #333333; text-align: left;\" width=\"50%\">14<\/td><\/tr><tr><td style=\"color: #333333; text-align: left;\">\u00a0<\/td><td style=\"color: #333333; text-align: right;\">Pour :<\/td><td style=\"color: #333333; text-align: left;\">20 dont 6 pouvoirs<\/td><\/tr><tr><td style=\"color: #333333; text-align: left;\">\u00a0<\/td><td style=\"color: #333333; text-align: right;\">Contre :<\/td><td style=\"color: #333333; text-align: left;\">0<\/td><\/tr><tr><td style=\"color: #333333; text-align: left;\">\u00a0<\/td><td style=\"color: #333333; text-align: right;\">Abstentions :<\/td><td style=\"color: #333333; text-align: left;\">0<\/td><\/tr><\/tbody><\/table><div id=\"CM10122024Trois\" style=\"color: #333333;\"><strong><u>3 &#8211; D\u00e9lib\u00e9ration autorisant le d\u00e9marrage anticip\u00e9 par la SIGH sur la parcelle 3635 et autorisant la signature de la d\u00e9l\u00e9gation de ma\u00eetrise d\u2019ouvrage pour l\u2019intervention SIGH sur les parcelles 3638 et 3637<\/u><\/strong><\/div><p><img loading=\"lazy\" decoding=\"async\" class=\"aligncenter wp-image-6942 size-full\" src=\"https:\/\/thiant.fr\/wordpress\/wp-content\/uploads\/2025\/03\/Plan_05.png\" alt=\"\" width=\"1421\" height=\"1866\" srcset=\"https:\/\/thiant.fr\/wordpress\/wp-content\/uploads\/2025\/03\/Plan_05.png 1421w, https:\/\/thiant.fr\/wordpress\/wp-content\/uploads\/2025\/03\/Plan_05-228x300.png 228w, https:\/\/thiant.fr\/wordpress\/wp-content\/uploads\/2025\/03\/Plan_05-780x1024.png 780w, https:\/\/thiant.fr\/wordpress\/wp-content\/uploads\/2025\/03\/Plan_05-768x1009.png 768w, https:\/\/thiant.fr\/wordpress\/wp-content\/uploads\/2025\/03\/Plan_05-1170x1536.png 1170w\" sizes=\"(max-width: 1421px) 100vw, 1421px\" \/><br \/><img loading=\"lazy\" decoding=\"async\" class=\"aligncenter wp-image-6943 size-full\" src=\"https:\/\/thiant.fr\/wordpress\/wp-content\/uploads\/2025\/03\/Plan_06.png\" alt=\"\" width=\"607\" height=\"390\" srcset=\"https:\/\/thiant.fr\/wordpress\/wp-content\/uploads\/2025\/03\/Plan_06.png 607w, https:\/\/thiant.fr\/wordpress\/wp-content\/uploads\/2025\/03\/Plan_06-300x193.png 300w\" sizes=\"(max-width: 607px) 100vw, 607px\" \/><\/p><p style=\"color: #333333; padding-left: 40px;\" align=\"justify\"><em>Madame la premi\u00e8re Adjointe explique que la SIGH demande \u00e0 \u00eatre autoris\u00e9e \u00e0 commencer les travaux avant la vente d\u00e9finitive. En cas de probl\u00e9matique sur ce d\u00e9marrage anticip\u00e9 la SIGH en assumerait l&#8217;enti\u00e8re responsabilit\u00e9.<\/em><\/p><p style=\"color: #333333; padding-left: 40px;\" align=\"justify\"><em>Monsieur Philippe WAELKENS demande si une \u00e9tude de sol a \u00e9t\u00e9 effectu\u00e9e sur la parcelle ?<br \/>R\u00e9ponse : En 2018, une \u00e9tude g\u00e9otechnique a \u00e9t\u00e9 effectu\u00e9e par l\u2019Entreprise SOREG mandat\u00e9e par la commune sur le budget annexe (essais de p\u00e9n\u00e9trations dynamiques, sondages g\u00e9ologiques, \u00e9tablissement des documents d\u2019\u00e9tudes et de rapports\u2026)<\/em><\/p><p style=\"color: #333333; padding-left: 40px;\" align=\"justify\"><em>Monsieur Philippe WAELKENS souhaite que la SIGH fasse une \u00e9tude de sol si cela est compatible avec une construction.<br \/>Madame St\u00e9phanie WATTIEZ r\u00e9pond que c\u2019est de leur responsabilit\u00e9, on n\u2019a pas \u00e0 leur dire ce qu\u2019ils doivent faire.<\/em><\/p><p style=\"color: #333333; padding-left: 40px;\" align=\"justify\"><em>Monsieur Philippe Waelkens indique que le document remis concernant le r\u00e8glement de lotissement permis d&#8217;am\u00e9nager modificatif est un PROJET de lotissement en 10 parcelles.et demande QUAND ce r\u00e8glement sera applicable.<br \/>Madame St\u00e9phanie WATTIEZ a r\u00e9pondu d\u00e8s que la d\u00e9lib\u00e9ration aura valid\u00e9 le projet et que le permis d&#8217;am\u00e9nager sera d\u00e9pos\u00e9 instruit et accord\u00e9.<\/em><\/p><p style=\"color: #333333; padding-left: 40px;\"><em><u>Madame Armelle BOURLET ne participe pas au vote<\/u><\/em><\/p><p style=\"color: #333333;\"><strong>Le Conseil Municipal, apr\u00e8s en avoir d\u00e9lib\u00e9r\u00e9,<\/strong><br \/>par 18 voix pour, voix contre, 2 abstentions<\/p><table width=\"75%\"><tbody><tr><td style=\"color: #333333;\" width=\"25%\"><strong><u>AUTORISE<\/u><\/strong><\/td><td style=\"color: #333333; text-align: justify;\" width=\"75%\">la SIGH a commenc\u00e9 les travaux sur la parcelle n\u00b03635 avant la vente d\u00e9finitive de celle-ci qui aura lieu en 2025<\/td><\/tr><tr><td style=\"color: #333333;\"><strong><u>DONNE<\/u><\/strong><\/td><td style=\"color: #333333; text-align: justify;\">d\u00e9l\u00e9gation de maitrise d\u2019ouvrage pour intervenir sur les parcelles 3638 et 3637 dans le cadre des travaux de prolongation de voirie, d\u2019am\u00e9nagement des r\u00e9seaux\u2026 sur celles-ci<\/td><\/tr><\/tbody><\/table><table width=\"50%\" align=\"center\" bgcolor=\"#EEEEEE\"><caption style=\"color: #333333; text-align: right; font-size: 0.75rem;\"><em>D\u00e9lib\u00e9ration 2024-12-10-D03<\/em><\/caption><tbody><tr><td style=\"color: #333333; text-align: left;\" width=\"25%\"><strong><u>D\u00e9cision<\/u><\/strong><\/td><td style=\"color: #333333; text-align: right;\" width=\"25%\">Pr\u00e9sent :<\/td><td style=\"color: #333333; text-align: left;\" width=\"50%\">14<\/td><\/tr><tr><td style=\"color: #333333; text-align: left;\">\u00a0<\/td><td style=\"color: #333333; text-align: right;\">Pour :<\/td><td style=\"color: #333333; text-align: left;\">20 dont 6 pouvoirs<\/td><\/tr><tr><td style=\"color: #333333; text-align: left;\">\u00a0<\/td><td style=\"color: #333333; text-align: right;\">Contre :<\/td><td style=\"color: #333333; text-align: left;\">0<\/td><\/tr><tr><td style=\"color: #333333; text-align: left;\">\u00a0<\/td><td style=\"color: #333333; text-align: right;\">Abstentions :<\/td><td style=\"color: #333333; text-align: left;\">2<\/td><\/tr><\/tbody><\/table><div id=\"CM15102024Quatre\" style=\"color: #333333;\"><strong><u>4 &#8211; D\u00e9lib\u00e9ration autorisation de Monsieur Le Maire pour signature de la convention cantine \u00e0 1\u20ac \u00e0 compter du 1<sup>er<\/sup> janvier 2025<\/u><\/strong><\/div><p style=\"color: #333333; padding-left: 40px; text-align: justify;\"><em>Lanc\u00e9e en septembre 2018, la strat\u00e9gie de pr\u00e9vention et de lutte contre la pauvret\u00e9 compte parmi ses engagements celui de conforter les droits fondamentaux des enfants et r\u00e9duire les privations au quotidien.<br \/>Afin d&#8217;all\u00e9ger le poids des d\u00e9penses d&#8217;alimentation pour les familles d\u00e9favoris\u00e9es am\u00e9liorer la qualit\u00e9 des repas servis aux enfants et donner \u00e0 chacun les moyens de la r\u00e9ussite, l&#8217;Etat soutient la mise en place par les collectivit\u00e9s de tarifications sociales des cantines scolaires.<br \/>\u00c0 cette fin, il verse une aide financi\u00e8re de 3\u20ac par repas servi au tarif maximal d&#8217;un euro, dans le cadre d&#8217;une grille tarifaire progressive calcul\u00e9e selon les revenus et le nombre d&#8217;enfants du foyer.<br \/>La restauration scolaire est un service public indispensable aux familles, notamment lorsque les parents exercent des activit\u00e9s professionnelles \u00e9loign\u00e9es du domicile, que g\u00e8rent les collectivit\u00e9s.<br \/>Elle apporte aux enfants des repas complets et \u00e9quilibr\u00e9s, constitu\u00e9s de produits de qualit\u00e9 et durables. Ce temps de restauration collective contribue \u00e9galement \u00e0 l&#8217;apprentissage du \u00ab vivre-ensemble \u00bb, et participe de l&#8217;inclusion sociale de chaque \u00e9l\u00e8ve.<br \/>Les enfants issus des familles d\u00e9favoris\u00e9es sont 2 fois plus nombreux \u00e0 ne pas manger \u00e0 la cantine que les enfants issus des familles favoris\u00e9es et tr\u00e8s favoris\u00e9es selon une \u00e9tude du Cnesco.( Conseil nationale conseil national d&#8217;\u00e9valuation du syst\u00e8me scolaire)<br \/>C&#8217;est pour r\u00e9duire cette in\u00e9galit\u00e9 que l&#8217;\u00e9tat soutient financi\u00e8rement les collectivit\u00e9s dans la mise en place de tarifications sociales de leur cantine scolaire.<br \/>La derni\u00e8re convention sign\u00e9e par la commune arrive \u00e0 \u00e9ch\u00e9ance.<br \/>Il faut donc signer une nouvelle convention si la commune souhaite continuer de b\u00e9n\u00e9ficier du dispositif cantine \u00e0 1\u20ac.<\/em><\/p><p style=\"color: #333333;\"><strong>Le Conseil Municipal, apr\u00e8s en avoir d\u00e9lib\u00e9r\u00e9,<\/strong><br \/>par 21 voix pour, voix contre, abstention<\/p><table width=\"75%\"><tbody><tr><td style=\"color: #333333;\" width=\"25%\"><strong><u>D\u00c9CIDE D\u2019AUTORISER<\/u><\/strong><\/td><td style=\"color: #333333; text-align: justify;\" width=\"75%\">Monsieur Le Maire a sign\u00e9 la convention triennale : Tarification sociale des cantines scolaires et ainsi obtenir une Aide de l\u2019Etat \u00e0 la mise en place d\u2019une tarification sociale de la cantine scolaire et tous les documents qui en d\u00e9coulent (en annexe jointe)<\/td><\/tr><\/tbody><\/table><table width=\"50%\" align=\"center\" bgcolor=\"#EEEEEE\"><caption style=\"color: #333333; text-align: right; font-size: 0.75rem;\"><em>D\u00e9lib\u00e9ration 2024-12-10-D04<\/em><\/caption><tbody><tr><td style=\"color: #333333; text-align: left;\" width=\"25%\"><strong><u>D\u00e9cision<\/u><\/strong><\/td><td style=\"color: #333333; text-align: right;\" width=\"25%\">Pr\u00e9sent :<\/td><td style=\"color: #333333; text-align: left;\" width=\"50%\">15<\/td><\/tr><tr><td style=\"color: #333333; text-align: left;\">\u00a0<\/td><td style=\"color: #333333; text-align: right;\">Pour :<\/td><td style=\"color: #333333; text-align: left;\">21 dont 6 pouvoirs<\/td><\/tr><tr><td style=\"color: #333333; text-align: left;\">\u00a0<\/td><td style=\"color: #333333; text-align: right;\">Contre :<\/td><td style=\"color: #333333; text-align: left;\">0<\/td><\/tr><tr><td style=\"color: #333333; text-align: left;\">\u00a0<\/td><td style=\"color: #333333; text-align: right;\">Abstentions :<\/td><td style=\"color: #333333; text-align: left;\">0<\/td><\/tr><\/tbody><\/table><p style=\"color: #333333; padding-left: 40px; text-align: justify;\"><em>Remarques\u00a0:<br \/>Madame Armelle BOURLET : \u00ab Est-ce que cette d\u00e9lib\u00e9ration reste d\u2019actualit\u00e9 \u00e9tant donn\u00e9 l\u2019actualit\u00e9 et le vote du budget national ? \u00bb<br \/>Madame St\u00e9phanie WATTIEZ : \u00ab A partir du moment o\u00f9 l\u2019on signe cette convention, on aura une subvention. Apr\u00e8s on ne sait jamais trop quand l\u2019\u00e9tat nous paiera exactement. \u00bb<\/em><\/p><div id=\"CM10122024Cinq\" style=\"color: #333333;\"><strong><u>5 &#8211; D\u00e9lib\u00e9ration tarifs cantine \u00e0 compter du 1<sup>er<\/sup> janvier 2025<\/u><\/strong><\/div><p style=\"color: #333333; padding-left: 20px; text-align: justify;\"><em>Pr\u00e9sentation est faite par Madame St\u00e9phanie WATTIEZ Adjointe aux finances, des \u00e9changes lors de la pr\u00e9sentation en commission finances.<\/em><\/p><p style=\"color: #333333; padding-left: 50px; text-align: justify;\"><em>Depuis 3 ans, la commune a pu b\u00e9n\u00e9ficier d\u2019une aide de l\u2019Etat et a mis en place le dispositif de la cantine \u00e0 1\u20ac. Jusqu\u2019ici, les foyers \u00e9ligibles concernaient ceux dont le quotient familial \u00e9tait inf\u00e9rieur ou \u00e9gal \u00e0 3000\u20ac.<br \/>Rappel : Quotient familial = revenus bruts annuels (avant tout abattement fiscal) divis\u00e9s par 12 mois + prestations \/ nombre de parts.<br \/>Au 01\/01\/2025, l\u2019Etat a r\u00e9duit \u00e0 la strate du quotient familial maximal de 1000\u20ac.<br \/>Il s\u2019agissait donc de revoir les tarifs.<br \/>Apr\u00e8s une analyse par Mme Li\u00e9nard de la r\u00e9partition de nos demi-pensionnaires et apr\u00e8s des \u00e9changes o\u00f9 ont \u00e9t\u00e9 pris en compte :<\/em><\/p><ul style=\"color: #333333; padding-left: 50px; text-align: justify;\"><li>L\u2019augmentation des co\u00fbts (\u00e9nergie, personnel\u2026) pour la collectivit\u00e9 et donc le co\u00fbt r\u00e9el pour la collectivit\u00e9 estim\u00e9 \u00e0 10\u20ac\/repas minimum<\/li><li>L\u2019avertissement qui avait \u00e9t\u00e9 fait aux familles d\u2019un retour a minima des tarifs initiaux en cas de d\u00e9sengagement de l\u2019Etat<\/li><li>L\u2019approche des \u00e9lections en 2026<\/li><li>La r\u00e9partition des familles<\/li><li>L\u2019int\u00e9r\u00eat d\u2019un repas de qualit\u00e9 complet et \u00e9quilibr\u00e9 pour les enfants<\/li><li>Le nombre croissant d\u2019enfants fr\u00e9quentant la restauration scolaire chaque jour<\/li><\/ul><p>A ce jour, il n\u2019y a pas de distinction Thiantais ou ext\u00e9rieur<br \/>Pour information, 294 \u00e9l\u00e8ves fr\u00e9quentent la cantine plus ou moins r\u00e9guli\u00e8rement.<\/p><p><!--<\/p>\n<p style=\"color: #333333; padding-left: 40px; text-align: justify;\">La commission propose les tarifs suivants :<\/p>\n<p>--><\/p><table width=\"100%\" bgcolor=\"#EEEEEE\"><caption style=\"color: #333333; text-align: left; vertical-align: bottom;\">La commission propose les tarifs suivants :<\/caption><tbody><tr><td style=\"color: #333333; text-align: center; vertical-align: bottom;\" width=\"33%\">Coefficient familial<\/td><td style=\"color: #333333; text-align: center; vertical-align: bottom;\" width=\"33%\">Prix du repas<\/td><td style=\"color: #333333; text-align: center; vertical-align: bottom;\" width=\"33%\">Part \u00e0 ce jour des enfants qui fr\u00e9quentent la cantine<\/td><\/tr><tr><td style=\"color: #333333; text-align: center;\">\u2264 1 000 \u20ac<\/td><td style=\"color: #333333; text-align: center;\">1 \u20ac<\/td><td style=\"color: #333333; text-align: center;\">43.5 %<\/td><\/tr><tr bgcolor=\"#FFFFFF\"><td style=\"color: #333333; text-align: center;\">1 001 &#8211; 1 500\u20ac<\/td><td style=\"color: #333333; text-align: center;\">3 \u20ac<\/td><td style=\"color: #333333; text-align: center;\">31.5 %<\/td><\/tr><tr><td style=\"color: #333333; text-align: center;\">1 501 \u2013 2 000 \u20ac<\/td><td style=\"color: #333333; text-align: center;\">4 \u20ac<\/td><td style=\"color: #333333; text-align: center;\">18 %<\/td><\/tr><tr bgcolor=\"#FFFFFF\"><td style=\"color: #333333; text-align: center;\">\u2265 2 000 \u20ac<\/td><td style=\"color: #333333; text-align: center;\">5 \u20ac<\/td><td style=\"color: #333333; text-align: center;\">7 %<\/td><\/tr><tr><td style=\"color: #333333; text-align: center;\">Adulte<\/td><td style=\"color: #333333; text-align: center;\">7 \u20ac<\/td><td style=\"color: #333333; text-align: center;\">\u00a0<\/td><\/tr><tr bgcolor=\"#FFFFFF\"><td style=\"color: #333333; text-align: center;\">Exceptionnel<\/td><td style=\"color: #333333; text-align: center;\">7 \u20ac<\/td><td style=\"color: #333333; text-align: center;\">\u00a0<\/td><\/tr><\/tbody><\/table><p style=\"color: #333333;\"><strong>Le Conseil Municipal, apr\u00e8s en avoir d\u00e9lib\u00e9r\u00e9,<\/strong><br \/>par 17 voix pour, 2 voix contre, 2 abstentions<\/p><table width=\"75%\"><tbody><tr><td style=\"color: #333333;\" width=\"25%\"><strong><u>VALIDE<\/u> <\/strong><\/td><td style=\"color: #333333; text-align: justify;\" width=\"75%\">les tarifs ci-dessus pour la cantine scolaire \u00e0 compter du 1<sup>er<\/sup> janvier 2025<\/td><\/tr><\/tbody><\/table><table align=\"right\" bgcolor=\"#EEEEEE\"><caption style=\"color: #333333; text-align: right; font-size: 0.75rem;\"><em>D\u00e9lib\u00e9ration 2024-12-10-D05<\/em><\/caption><tbody><tr><td style=\"color: #333333; text-align: left;\" width=\"25%\"><strong><u>D\u00e9cision<\/u><\/strong><\/td><td style=\"color: #333333; text-align: right;\" width=\"25%\">Pr\u00e9sent :<\/td><td style=\"color: #333333; text-align: left;\" width=\"50%\">15<\/td><\/tr><tr><td style=\"color: #333333; text-align: left;\">\u00a0<\/td><td style=\"color: #333333; text-align: right;\">Pour :<\/td><td style=\"color: #333333; text-align: left;\">17 dont 2 pouvoirs<\/td><\/tr><tr><td style=\"color: #333333; text-align: left;\">\u00a0<\/td><td style=\"color: #333333; text-align: right;\">Contre :<\/td><td style=\"color: #333333; text-align: left;\">2 dont 1 pouvoir<\/td><\/tr><tr><td style=\"color: #333333; text-align: left;\">\u00a0<\/td><td style=\"color: #333333; text-align: right;\">Abstentions :<\/td><td style=\"color: #333333; text-align: left;\">2 dont 1 pouvoir<\/td><\/tr><\/tbody><\/table><p style=\"color: #333333; padding-left: 40px; text-align: justify;\"><em>Remarques\u00a0:<br \/>Monsieur Michel HENNAUT pense qu\u2019avec la modification des prix il y aura beaucoup moins d\u2019\u00e9l\u00e8ves qui mangeront \u00e0 la cantine.<br \/>Madame St\u00e9phanie WATTIEZ pense que cela ne devrait pas \u00eatre le cas<br \/>Madame Sylvaine GERARD fait remarquer que 75% des enfants vont manger pour 1 ou 3 \u20ac.<br \/>Madame C\u00e9line DUMAINE pr\u00e9cise que les familles avaient \u00e9t\u00e9 inform\u00e9es d\u00e8s le d\u00e9part que les tarifs pourraient revenir \u00e0 ceux d\u2019origine en fonction de la continuit\u00e9 ou non des aides de l\u2019\u00e9tat.<br \/>Monsieur Philippe WAELKENS pr\u00e9cise :<br \/>La commune d\u2019ONNAING \u00e0 titre indicatif qui fait partie des 31% des communes fran\u00e7aises de moins de 10000 habitants a fait une tranche \u00e0 1\u20ac une \u00e0 2.80\u20ac et une \u00e0 3.60\u20ac.<br \/>294 \u00e9l\u00e8ves *142 jours *10\u20ac\/repas\/jour cela fait environ un cout global de 417 000,00\u20ac \/an de frais pour la restauration scolaire et son encadrement<br \/>Monsieur Philippe WAELKENS pr\u00e9cise que la commune avec les nouveaux tarifs pourrait avoir 102 000\u20ac \u00e0 r\u00e9cup\u00e9rer, de moins \u00e0 payer\u2026 ???<br \/>Madame St\u00e9phanie WATTIEZ pr\u00e9cise que sur le compte administratif 2023 au compte 6042 vous retrouvez le cout du prestataire API + AROEVEN on est \u00e0 peu pr\u00e8s sur une d\u00e9pense de 170000\u20ac et en parall\u00e8le au niveau des recettes factur\u00e9es aux familles au compte 7067 on est \u00e0 55000\u20ac.<br \/>Madame Fran\u00e7oise BAR-DESESPRINGALLE demande une explication sur le fait que l\u2019approche des \u00e9lections municipales soit un facteur dans le choix des tarifications.<br \/>Madame St\u00e9phanie WATTIEZ explique qu\u2019effectivement il fallait prendre en compte le contexte et l\u2019approche des \u00e9lections municipales pour faire des propositions de nouveaux tarifs.<br \/>Monsieur Le Maire que le menu de la restauration scolaire est \u00e0 5 composantes :<\/em><\/p><ul style=\"color: #333333; padding-left: 80px; text-align: justify;\"><li>Entr\u00e9e<\/li><li>Plat<\/li><li>L\u00e9gumes<\/li><li>Fromages<\/li><li>Dessert<\/li><\/ul><p style=\"color: #333333; padding-left: 40px; text-align: justify;\"><em>Madame Martine PREVOST rappelle que cela va permettre \u00e0 certains enfants d\u2019avoir au moins un repas complet \u00e9quilibr\u00e9 dans leur journ\u00e9e.<br \/>Madame Sylvaine GERARD explique que la commission a voulu scinder en deux la tranche de 1000 \u00e0 2000 car 32% des parents se situaient entre 1000 et 1500. Et ainsi 75% des familles paieront entre 1 et 3\u20ac<br \/>Monsieur Philippe WAELKENS pr\u00e9cise que seulement 20 \u00e9l\u00e8ves font partie de la tranche sup\u00e9rieure.<br \/>Monsieur Jimmy LAURENT explique qu\u2019il ne va pas voter pour la mise en place de ces tarifs car il en a \u00ab ras le bol \u00bb des augmentations car si on accumule toutes les augmentations \u00e9nergie, taxe des ordures m\u00e9nag\u00e8res,\u2026<br \/>Madame St\u00e9phanie WATTIEZ r\u00e9pond que ce n\u2019est jamais de gait\u00e9 de c\u0153ur que l\u2019on applique des augmentations et elle ne trouve pas cette position tr\u00e8s courageuse. Les gens vont pouvoir comprendre quand on leur aura bien expliqu\u00e9 ce que cela coute un repas \u00e0 la collectivit\u00e9 par rapport \u00e0 ce qu\u2019ils payent.<br \/>Et elle met au d\u00e9fi les familles de faire un repas \u00e9quilibr\u00e9 \u00e0 leur enfant pour 3\u20ac.<br \/>Madame Sylvaine GERARD dit qu\u2019il faut informer les familles sur le co\u00fbt r\u00e9el d\u2019un repas y compris avec les prestations \u00e0 cot\u00e9 qui font que l\u2019on est au-del\u00e0 des 10\u20ac\/repas et \/jour.<br \/>Madame C\u00e9line DUMAINE rappelle que quand on a pu b\u00e9n\u00e9ficier du dispositif on s\u2019est tous r\u00e9joui de cela mais on savait aussi que cela pouvait ne pas durer et que l\u2019on reviendrait potentiellement aux anciens tarifs<br \/>\u2026<br \/>Monsieur Jimmy LAURENT concernant les 10\u20ac\/repas\/jour je trouve cela injuste de calculer les frais d\u2019\u00e9nergie et de personnels car je consid\u00e8re que nos imp\u00f4ts sont aussi l\u00e0 pour financer cela et l\u00e0 on retaxe une deuxi\u00e8me fois les parents dont les enfants mangent \u00e0 la cantine\u2026<br \/>Madame C\u00e9line DUMAINE explique que dans tous les \u00e9tablissements le calcul du prix d\u2019un repas est bas\u00e9 sur le prix r\u00e9el du repas avec tous les \u00e0 cot\u00e9s.(Energie, mat\u00e9riel, personnel,\u2026)<br \/>Monsieur Philippe WAELKENS dit qu\u2019il faudra \u00eatre vigilant sur la fr\u00e9quentation \u00e0 venir de la restauration scolaire et que si une baisse est constat\u00e9e il faudra s\u2019interroger si les enfants ont bien un repas convenable chez eux\u2026 et si on a des recettes suppl\u00e9mentaires ce gain soit revers\u00e9 sur quelque chose pour l\u2019\u00e9cole.<br \/>Madame St\u00e9phanie WATTIEZ rappelle qu\u2019il n\u2019y aura pas de gain car ce service est d\u00e9ficitaire\u2026<\/em><\/p><p><!--<\/p>\n<p style=\"color: #EE0700; padding-left: 40px; text-align: justify;\"><strong><u>A titre indicatif Tableaux de recettes approximatives avec participation des familles et de l\u2019\u00e9tat :<\/u><\/strong><\/p>\n<table width=\"100%\" bgcolor=\"#EEEEEE;\">\n<tbody>\n<tr>\n<td style=\"color: #EE0700; text-align: center;\" width=\"20%\">Coefficient familial<\/td>\n<td style=\"color: #EE0700; text-align: center;\" width=\"20%\">Prix du repas<\/td>\n<td style=\"color: #EE0700; text-align: center;\" width=\"20%\">Part \u00e0 ce jour des enfants qui fr\u00e9quentent la cantine<\/td>\n<td style=\"color: #EE0700; text-align: center;\" width=\"20%\">294 enfants*142j<\/td>\n<td style=\"color: #EE0700; text-align: center;\" width=\"20%\">Aide de l'&Eacute;tat sur 142j<\/td>\n<\/tr>\n<tr>\n<td style=\"color: #EE0700; text-align: center;\">&le; 1 000 \u20ac<\/td>\n<td style=\"color: #EE0700; text-align: right;\">1 \u20ac<\/td>\n<td style=\"color: #EE0700; text-align: center;\">44 %<\/td>\n<td style=\"color: #EE0700; text-align: right;\">18 160 \u20ac<\/td>\n<td style=\"color: #EE0700; text-align: right;\">54 481,14<\/td>\n<\/tr>\n<tr bgcolor=\"white;\">\n<td style=\"color: #EE0700; text-align: center;\">1 001 - 1 500\u20ac<\/td>\n<td style=\"color: #EE0700; text-align: right;\">3  \u20ac<\/td>\n<td style=\"color: #EE0700; text-align: right;\">32 %<\/td>\n<td style=\"color: #EE0700; text-align: right;\">39 452 \u20ac<\/td>\n<td style=\"color: #EE0700; text-align: right;\">0<\/td>\n<\/tr>\n<tr>\n<td style=\"color: #EE0700; text-align: center;\">1 501 \u2013 2 000 \u20ac<\/td>\n<td style=\"color: #EE0700; text-align: right;\">4 \u20ac<\/td>\n<td style=\"color: #EE0700; text-align: right;\">18 %<\/td>\n<td style=\"color: #EE0700; text-align: right;\">30 059 \u20ac<\/td>\n<td style=\"color: #EE0700; text-align: right;\">0<\/td>\n<\/tr>\n<tr bgcolor=\"white;\">\n<td style=\"color: #EE0700; text-align: center;\">&ge; 2 000 \u20ac<\/td>\n<td style=\"color: #EE0700; text-align: right;\">5  \u20ac<\/td>\n<td style=\"color: #EE0700; text-align: right;\">7 %<\/td>\n<td style=\"color: #EE0700; text-align: right;\">14 612 \u20ac<\/td>\n<td style=\"color: #EE0700; text-align: right;\">0<\/td>\n<\/tr>\n<tr>\n<td style=\"color: #EE0700; text-align: center;\">Adulte<\/td>\n<td style=\"color: #EE0700; text-align: right;\">7 \u20ac<\/td>\n<td style=\"color: #EE0700; text-align: right;\">&nbsp;<\/td>\n<td style=\"color: #EE0700; text-align: right;\">&nbsp;<\/td>\n<td style=\"color: #EE0700; text-align: right;\">&nbsp;<\/td>\n<\/tr>\n<tr bgcolor=\"white;\">\n<td style=\"color: #EE0700; text-align: center;\">Exceptionnel<\/td>\n<td style=\"color: #EE0700; text-align: right;\">7 \u20ac<\/td>\n<td style=\"color: #EE0700; text-align: right;\">&nbsp;<\/td>\n<td style=\"color: #EE0700; text-align: right;\">&nbsp;<\/td>\n<td style=\"color: #EE0700; text-align: right;\">&nbsp;<\/td>\n<\/tr>\n<tr>\n<td colspan=\"3\" rawspan=\"3\" style=\"color: #EE0700; text-align: right; valign: center;\">100%<\/td>\n<td style=\"color: #EE0700; text-align: right;\">&nbsp;<\/td>\n<td style=\"color: #EE0700; text-align: right;\">&nbsp;<\/td>\n<\/tr>\n<tr>\n<td style=\"color: #EE0700; text-align: right;\">102 283 \u20ac<\/td>\n<td style=\"color: #EE0700; text-align: right;\">54 481,14<\/td>\n<\/tr>\n<tr>\n<td colspan=\"2\" style=\"color: #EE0700; text-align: center;\">156 764 \u20ac<\/td>\n<\/tr>\n<\/tbody>\n<\/table>\n<p style=\"color: #EE0700; padding-left: 40px; text-align: justify;\">Avant 2025 :<\/p>\n<table width=\"100%\" bgcolor=\"#EEEEEE;\">\n<tbody>\n<tr>\n<td style=\"color: #EE0700; text-align: center;\" width=\"20%\">Coefficient familial<\/td>\n<td style=\"color: #EE0700; text-align: center;\" width=\"20%\">Prix du repas<\/td>\n<td style=\"color: #EE0700; text-align: center;\" width=\"20%\">Part \u00e0 ce jour des enfants qui fr\u00e9quentent la cantine<\/td>\n<td style=\"color: #EE0700; text-align: center;\" width=\"20%\">294 enfants*142j<\/td>\n<td style=\"color: #EE0700; text-align: center;\" width=\"20%\">Aide de l'&Eacute;tat sur 142j<\/td>\n<\/tr>\n<tr>\n<td style=\"color: #EE0700; text-align: center;\">&le; 499 \u20ac<\/td>\n<td style=\"color: #EE0700; text-align: right;\">0,80 \u20ac<\/td>\n<td style=\"color: #EE0700; text-align: center;\">18%<\/td>\n<td style=\"color: #EE0700; text-align: right;\">6 045 \u20ac<\/td>\n<td style=\"color: #EE0700; text-align: right;\">22669,164<\/td>\n<\/tr>\n<tr bgcolor=\"white;\">\n<td style=\"color: #EE0700; text-align: center;\">500 - 899\u20ac<\/td>\n<td style=\"color: #EE0700; text-align: right;\">0,90 \u20ac<\/td>\n<td style=\"color: #EE0700; text-align: right;\">22 %<\/td>\n<td style=\"color: #EE0700; text-align: right;\">8 116\u20ac<\/td>\n<td style=\"color: #EE0700; text-align: right;\">27052,704<\/td>\n<\/tr>\n<tr>\n<td style=\"color: #EE0700; text-align: center;\">900 \u2013 999 \u20ac<\/td>\n<td style=\"color: #EE0700; text-align: right;\">1,00 \u20ac<\/td>\n<td style=\"color: #EE0700; text-align: right;\">5 %<\/td>\n<td style=\"color: #EE0700; text-align: right;\">2 004\u20ac<\/td>\n<td style=\"color: #EE0700; text-align: right;\">6011,712<\/td>\n<\/tr>\n<tr bgcolor=\"white;\">\n<td style=\"color: #EE0700; text-align: center;\">1 000 \u2013 1 999 \u20ac<\/td>\n<td style=\"color: #EE0700; text-align: right;\">1,00 \u20ac<\/td>\n<td style=\"color: #EE0700; text-align: right;\">49 %<\/td>\n<td style=\"color: #EE0700; text-align: right;\">20 290\u20ac<\/td>\n<td style=\"color: #EE0700; text-align: right;\">60868,584<\/td>\n<\/tr>\n<tr>\n<td style=\"color: #EE0700; text-align: center;\">2 000 \u2013 2 999 \u20ac<\/td>\n<td style=\"color: #EE0700; text-align: right;\">1,00 \u20ac<\/td>\n<td style=\"color: #EE0700; text-align: right;\">4,80 %<\/td>\n<td style=\"color: #EE0700; text-align: right;\">2 004\u20ac<\/td>\n<td style=\"color: #EE0700; text-align: right;\">6011,712<\/td>\n<\/tr>\n<tr bgcolor=\"white;\">\n<td style=\"color: #EE0700; text-align: center;\">&ge; 3 000 \u20ac<\/td>\n<td style=\"color: #EE0700; text-align: right;\">3,00 \u20ac<\/td>\n<td style=\"color: #EE0700; text-align: right;\">2,10 %<\/td>\n<td style=\"color: #EE0700; text-align: right;\">2 630 \u20ac<\/td>\n<td style=\"color: #EE0700; text-align: right;\">0<\/td>\n<\/tr>\n<tr>\n<td colspan=\"3\" rawspan=\"3\" style=\"color: #EE0700; text-align: right; valign: center;\">100%<\/td>\n<td style=\"color: #EE0700; text-align: right;\">&nbsp;<\/td>\n<td style=\"color: #EE0700; text-align: right;\">&nbsp;<\/td>\n<\/tr>\n<tr>\n<td style=\"color: #EE0700; text-align: right;\">41 088 \u20ac<\/td>\n<td style=\"color: #EE0700; text-align: right;\">116602,164<\/td>\n<\/tr>\n<tr>\n<td colspan=\"2\" style=\"color: #EE0700; text-align: center;\">157 691 \u20ac<\/td>\n<\/tr>\n<\/tbody>\n<\/table>\n<p>--><\/p><div id=\"CM10122024Six\" style=\"color: #333333;\"><strong><u>6 &#8211; D\u00e9lib\u00e9ration annuelle autorisant le recrutement d\u2019agents contractuels sur des emplois non permanent pour faire face \u00e0 un besoin li\u00e9 \u00e0 un accroissement saisonnier d\u2019activit\u00e9 \u2013 Centre Alsh<\/u><\/strong><\/div><p style=\"color: #333333; padding-left: 40px;\" align=\"justify\"><em>Le Conseil Municipal ;<br \/>Vu le code g\u00e9n\u00e9ral de la fonction publique, notamment son article L.332-23-2\u00b0 ;<br \/>Consid\u00e9rant qu\u2019en pr\u00e9vision de l\u2019organisation des accueils de loisirs pendant les vacances scolaires, il est n\u00e9cessaire de renforcer les services des centres de loisirs pour la p\u00e9riode du 1<sup>er<\/sup> janvier 2025 au 31 d\u00e9cembre 2025 ;<br \/>Consid\u00e9rant qu\u2019il peut \u00eatre fait appel \u00e0 du personnel recrut\u00e9 en qualit\u00e9 d\u2019agent contractuel pour faire face \u00e0 des besoins li\u00e9s \u00e0 un accroissement saisonnier d\u2019activit\u00e9 en application de l\u2019article L.332-23-2\u00b0 du code pr\u00e9cit\u00e9 ;<br \/>Sur le rapport de Monsieur le Maire et apr\u00e8s en avoir d\u00e9lib\u00e9r\u00e9 ;<\/em><\/p><p style=\"color: #333333;\"><strong>Le Conseil Municipal, apr\u00e8s en avoir d\u00e9lib\u00e9r\u00e9,<\/strong><br \/>par 21 voix pour, 0 voix contre, 0 abstention<\/p><table width=\"75%\"><tbody><tr><td style=\"color: #333333;\" width=\"25%\"><strong><u>D\u00c9CIDE<\/u><\/strong><\/td><td style=\"color: #333333; text-align: justify;\" width=\"75%\">d\u2019autoriser Monsieur le Maire \u00e0 recruter des agents contractuels pour faire face \u00e0 des besoins li\u00e9s \u00e0 un accroissement saisonnier d\u2019activit\u00e9 pour une p\u00e9riode de 6 mois maximum pendant une m\u00eame p\u00e9riode de 12 mois en application de l\u2019article L.332-23-2\u00b0 du code pr\u00e9cit\u00e9.<\/td><\/tr><\/tbody><\/table><p style=\"color: #333333; padding-left: 40px;\" align=\"justify\">A ce titre, seront cr\u00e9\u00e9s :<\/p><ul style=\"color: #333333; padding-left: 60px; align: justify; list-style-type: square;\"><li>au maximum 2 emplois \u00e0 temps complet dans le grade d\u2019Adjoint d\u2019Animation (\u00e9chelle C1 \u00e9chelon 10) relevant de la cat\u00e9gorie hi\u00e9rarchique C pour exercer les fonctions d\u2019Adjoint de direction ;<\/li><li>au maximum 20 emplois \u00e0 temps complet dans le grade d\u2019Adjoint d\u2019Animation (\u00e9chelle C1 \u00e9chelon 7) relevant de la cat\u00e9gorie hi\u00e9rarchique C pour exercer les fonctions d\u2019Animateur, dipl\u00f4m\u00e9 ou titulaire d\u2019une \u00e9quivalence ;<\/li><li>au maximum 10 emplois \u00e0 temps complet dans le grade d\u2019Adjoint d\u2019Animation (\u00e9chelle C1 \u00e9chelon 3) relevant de la cat\u00e9gorie hi\u00e9rarchique C pour exercer les fonctions d\u2019Animateur, stagiaire (en cours de formation) ;<\/li><li>au maximum 4 emplois \u00e0 temps complet dans le grade d\u2019Adjoint d\u2019Animation (\u00e9chelle C1 \u00e9chelon 1) relevant de la cat\u00e9gorie hi\u00e9rarchique C pour exercer les fonctions d\u2019Animateur, non dipl\u00f4m\u00e9 ;<\/li><\/ul><p style=\"color: #333333; padding-left: 40px;\" align=\"justify\">Les agents contractuels recrut\u00e9s pourront \u00eatre amen\u00e9s \u00e0 effectuer des heures compl\u00e9mentaires et\/ou suppl\u00e9mentaires.<br \/>Les heures compl\u00e9mentaires seront compens\u00e9es par l\u2019attribution d\u2019un repos compensateur et\/ou par le versement d\u2019une indemnisation conform\u00e9ment au d\u00e9cret 202-592 du 15 mai 2020<br \/>Les heures suppl\u00e9mentaires seront compens\u00e9es par l\u2019attribution d\u2019un repos compensateur et\/ou par le versement de l\u2019indemnit\u00e9 horaire pour travaux suppl\u00e9mentaires.<br \/>Monsieur le Maire sera charg\u00e9 de la constatation des besoins concern\u00e9s ainsi que de la d\u00e9termination des niveaux de recrutement et de r\u00e9mun\u00e9ration des candidats selon la nature des fonctions et de leur profil. La r\u00e9mun\u00e9ration sera limit\u00e9e \u00e0 l\u2019indice terminal du grade de r\u00e9f\u00e9rence.<br \/>&#8211; Les cr\u00e9dits correspondants sont inscrits au budget.<\/p><table align=\"right\" bgcolor=\"#EEEEEE\"><caption style=\"color: #333333; text-align: right; font-size: 0.75rem;\"><em>D\u00e9lib\u00e9ration 2024-12-10-D06<\/em><\/caption><tbody><tr><td style=\"color: #333333; text-align: left;\" width=\"25%\"><strong><u>D\u00e9cision<\/u><\/strong><\/td><td style=\"color: #333333; text-align: right;\" width=\"25%\">Pr\u00e9sent :<\/td><td style=\"color: #333333; text-align: left;\" width=\"50%\">15<\/td><\/tr><tr><td style=\"color: #333333; text-align: left;\">\u00a0<\/td><td style=\"color: #333333; text-align: right;\">Pour :<\/td><td style=\"color: #333333; text-align: left;\">21 dont 4 pouvoirs<\/td><\/tr><tr><td style=\"color: #333333; text-align: left;\">\u00a0<\/td><td style=\"color: #333333; text-align: right;\">Contre :<\/td><td style=\"color: #333333; text-align: left;\">0<\/td><\/tr><tr><td style=\"color: #333333; text-align: left;\">\u00a0<\/td><td style=\"color: #333333; text-align: right;\">Abstentions :<\/td><td style=\"color: #333333; text-align: left;\">0<\/td><\/tr><\/tbody><\/table><div id=\"CM10122024Sept\" style=\"color: #333333;\"><strong><u>7 &#8211; D\u00e9lib\u00e9ration cr\u00e9ation d\u2019emplois occasionnels et cr\u00e9ation d\u2019emplois non permanent pour faire face \u00e0 des besoins d\u2019accroissement temporaire de travail et\/ou \u00e0 un accroissement saisonnier d\u2019activit\u00e9<\/u><\/strong><\/div><p style=\"color: #333333; padding-left: 40px;\" align=\"justify\"><em>Consid\u00e9rant la d\u00e9lib\u00e9ration D06 du 6 f\u00e9vrier 2024<br \/>Consid\u00e9rant que les besoins du service peuvent justifier le remplacement rapide de fonctionnaires territoriaux indisponibles ;<br \/>Consid\u00e9rant que la loi permet aussi le recours \u00e0 des agents non titulaires pour des besoins sp\u00e9cifiques pour lesquels aucun cadre d\u2019emploi de la Fonction Publique n\u2019est pr\u00e9vu ou dans le cas de besoins ponctuels<br \/>Consid\u00e9rant qu\u2019il est n\u00e9cessaire de recruter un agent contractuel pour faire face \u00e0 un besoin li\u00e9 \u00e0 un accroissement saisonnier d\u2019activit\u00e9<\/em><\/p><p style=\"color: #333333;\"><strong>Le Conseil Municipal, apr\u00e8s en avoir d\u00e9lib\u00e9r\u00e9,<\/strong><br \/>par 21 voix pour, 0 voix contre, 0 abstention<\/p><p style=\"color: #333333;\"><strong>Du 1<sup>er<\/sup> janvier au 31 d\u00e9cembre 2025<\/strong><\/p><table width=\"75%\"><tbody><tr><td style=\"color: #333333;\" width=\"25%\"><strong>AUTORISE <\/strong><\/td><td style=\"color: #333333; text-align: justify;\" width=\"75%\">la cr\u00e9ation d\u2019emploi non permanent pour faire face \u00e0 un accroissement saisonnier d\u2019activit\u00e9 et pour un nombre maximum de 8.<\/td><\/tr><tr><td style=\"color: #333333;\"><strong>AUTORISE<\/strong><\/td><td style=\"color: #333333; text-align: justify;\">la cr\u00e9ation d\u2019emploi non permanent pour faire face \u00e0 un accroissement temporaire d\u2019activit\u00e9 et pour un nombre maximum de 8.<\/td><\/tr><tr><td style=\"color: #333333;\"><strong>DIT QUE<\/strong><\/td><td style=\"color: #333333; text-align: justify;\">les cr\u00e9dits correspondants sont et seront inscrits aux budgets.<\/td><\/tr><tr><td style=\"color: #333333; vertical-align: top;\"><strong>DIT QUE<\/strong><\/td><td style=\"color: #333333; text-align: justify;\">les agents contractuels recrut\u00e9s pourront \u00eatre amen\u00e9s \u00e0 effectuer des heures compl\u00e9mentaires et\/ou suppl\u00e9mentaires. Les heures compl\u00e9mentaires seront compens\u00e9es par l\u2019attribution d\u2019un repos compensateur et\/ou par le versement d\u2019une indemnisation conform\u00e9ment au d\u00e9cret 202-592 du 15 mai 2020. Les heures suppl\u00e9mentaires seront compens\u00e9es par l\u2019attribution d\u2019un repos compensateur et\/ou par le versement de l\u2019indemnit\u00e9 horaire pour travaux suppl\u00e9mentaires. Monsieur le Maire sera charg\u00e9 de la constatation des besoins concern\u00e9s ainsi que de la d\u00e9termination des niveaux de recrutement et de r\u00e9mun\u00e9ration des candidats selon la nature des fonctions et de leur profil. La r\u00e9mun\u00e9ration sera limit\u00e9e \u00e0 l\u2019indice terminal du grade de r\u00e9f\u00e9rence.<\/td><\/tr><\/tbody><\/table><table align=\"right\" bgcolor=\"#EEEEEE\"><caption style=\"color: #333333; text-align: right; font-size: 0.75rem;\"><em>D\u00e9lib\u00e9ration 2024-12-10-D07<\/em><\/caption><tbody><tr><td style=\"color: #333333; text-align: left;\" width=\"25%\"><strong><u>D\u00e9cision<\/u><\/strong><\/td><td style=\"color: #333333; text-align: right;\" width=\"25%\">Pr\u00e9sent :<\/td><td style=\"color: #333333; text-align: left;\" width=\"50%\">15<\/td><\/tr><tr><td style=\"color: #333333; text-align: left;\">\u00a0<\/td><td style=\"color: #333333; text-align: right;\">Pour :<\/td><td style=\"color: #333333; text-align: left;\">21 dont 6 pouvoirs<\/td><\/tr><tr><td style=\"color: #333333; text-align: left;\">\u00a0<\/td><td style=\"color: #333333; text-align: right;\">Contre :<\/td><td style=\"color: #333333; text-align: left;\">0<\/td><\/tr><tr><td style=\"color: #333333; text-align: left;\">\u00a0<\/td><td style=\"color: #333333; text-align: right;\">Abstentions :<\/td><td style=\"color: #333333; text-align: left;\">0<\/td><\/tr><\/tbody><\/table><div id=\"CM15102024Huit\" style=\"color: #333333;\"><strong><u>8 &#8211; D\u00e9lib\u00e9ration pour l\u2019instauration d\u2019une participation au financement des contrats et r\u00e8glements labellis\u00e9s des agents de la collectivit\u00e9 pour le risque sant\u00e9<\/u><\/strong><\/div><p style=\"color: #333333; padding-left: 40px; text-align: justify;\"><em>L\u2019assembl\u00e9e d\u00e9lib\u00e9rante (Conseil Municipal) ;<br \/>Vu le code g\u00e9n\u00e9ral des collectivit\u00e9s,<br \/>Vu le code g\u00e9n\u00e9ral de la fonction publique,<br \/>Vu le d\u00e9cret n\u00b02011-1474 du 8 novembre 2011 relatif \u00e0 la participation des collectivit\u00e9s territoriales et de leurs \u00e9tablissements publics au financement de la protection compl\u00e9mentaire de leurs agents,<br \/>Vu le d\u00e9cret n\u00b0 2022-581 du 20 avril 2022 relatif aux garanties de protection sociale compl\u00e9mentaire et \u00e0 la participation obligatoire des collectivit\u00e9s territoriales et de leurs \u00e9tablissements publics \u00e0 leur financement,<br \/><strong><u>Vu l\u2019avis du comit\u00e9 social territorial en date du 29\/11\/2024.<\/u><\/strong><br \/>Consid\u00e9rant que les collectivit\u00e9s territoriales et leurs \u00e9tablissements participent, dans les conditions d\u00e9finies \u00e0 l&#8217;article L. 827-11 du code g\u00e9n\u00e9ral de la fonction publique, au financement des garanties de protection sociale compl\u00e9mentaire destin\u00e9es \u00e0 couvrir les risques d&#8217;incapacit\u00e9 de travail, d&#8217;invalidit\u00e9, d&#8217;inaptitude ou de d\u00e9c\u00e8s auxquelles souscrivent les agents qu&#8217;elles emploient,<br \/>Consid\u00e9rant que sont \u00e9ligibles \u00e0 la participation des collectivit\u00e9s territoriales et de leurs \u00e9tablissements publics les contrats destin\u00e9s \u00e0 couvrir les risques mentionn\u00e9s \u00e0 l&#8217;article L. 827-1 mettant en \u0153uvre les dispositifs de solidarit\u00e9 mentionn\u00e9s \u00e0 l&#8217;article L. 827-3, cette condition pouvant \u00eatre attest\u00e9e par la d\u00e9livrance d&#8217;un label dans les conditions pr\u00e9vues \u00e0 l&#8217;article L. 310-12-2 du code des assurances.<br \/>Apr\u00e8s avoir recueilli l\u2019avis du comit\u00e9 social territorial, La Mairie de THIANT souhaite participer au financement des contrats et r\u00e8glements labellis\u00e9s auxquels les agents choisissent de souscrire pour le risque sant\u00e9.<\/em><\/p><p style=\"color: #333333;\"><strong>Le Conseil Municipal, apr\u00e8s en avoir d\u00e9lib\u00e9r\u00e9,<\/strong><br \/>par 21 voix pour, 0 voix contre, 0 abstention<\/p><p><!--<\/p>\n<style>\n\t.olart{<br \/>\t\tol{<br \/>\t\t\tlist-style-type: none;<br \/>\t\t\tcounter-reset: compteur;<br \/>\t\t}<br \/>\t\tol li{<br \/>\t\t\tcounter-increment: compteur;<br \/>\t\t}<br \/>\t\tol li::before{<br \/>\t\t\tmargin-right: 1rem;<br \/>\t\t\tcontent: \"Article \" counter(compteur) \" :\"; color: #333333;\"\"<br \/>\t\t}<br \/>\t}<br \/><\/style>\n<p>--><\/p><table><tbody><tr><td style=\"color: #333333; text-align: right;\" width=\"25%\"><u>Article 1 :<\/u><\/td><td style=\"color: #333333; text-align: justify;\" width=\"75%\"><em>\u00a0La participation en Sant\u00e9 est fix\u00e9e \u00e0 40\u20ac par mois et par agent, dans la limite maximum de la cotisation vers\u00e9e.<\/em><\/td><\/tr><tr><td style=\"color: #333333; text-align: right;\"><u>Article 2 :<\/u><\/td><td style=\"color: #333333; text-align: justify;\"><em>\u00a0Chaque agent d\u00e9cide d\u2019adh\u00e9rer par contrat individuel aux garanties auxquelles il souhaite souscrire.<\/em><\/td><\/tr><tr><td style=\"color: #333333; text-align: right;\"><u>Article 3 :<\/u><\/td><td style=\"color: #333333; text-align: justify;\"><em>\u00a0Le montant total de la participation de l\u2019employeur sera revaloris\u00e9 en mars (date de la parution de l\u2019indice) de chaque ann\u00e9e en fonction de l\u2019 \u00ab indice des prix \u00e0 la consommation \u2013 y compris tabac \u00bb sur un an constat\u00e9 en janvier de l\u2019ann\u00e9e consid\u00e9r\u00e9e (source INSEE).<\/em><\/td><\/tr><tr><td style=\"color: #333333; text-align: right;\"><u>Article 4 :<\/u><\/td><td style=\"color: #333333; text-align: justify;\"><em>\u00a0L\u2019agent devra produire tous les ans, une attestation \u00e9manant d\u2019un contrat labellis\u00e9 \u00e0 son nom, en janvier de l\u2019ann\u00e9e N ou \u00e0 la date du 1<sup>er<\/sup> jour du contrat.<\/em><\/td><\/tr><tr><td style=\"color: #333333; vertical-align: top; text-align: right;\"><u>Article 5 :<\/u><\/td><td style=\"color: #333333; text-align: justify;\"><p><em>\u00a0L\u2019assembl\u00e9e d\u00e9lib\u00e9rante d\u00e9cide :<\/em><\/p><ul style=\"color: #333333; padding-left: 30px; text-align: justify;\"><li>d\u2019instaurer la participation au financement des contrats et r\u00e8glements labellis\u00e9s des agents de la collectivit\u00e9 pour le risque Sant\u00e9, selon les conditions reprises ci-dessus ;<\/li><li>d\u2019inscrire au budget les cr\u00e9dits n\u00e9cessaires \u00e0 leurs paiements.<\/li><\/ul><\/td><\/tr><\/tbody><\/table><p><!--<\/p>\n<p style=\"color: #333333; padding-left: 40px; text-align: justify;\"><em>Article 1 : La participation en Sant\u00e9 est fix\u00e9e \u00e0 40\u20ac par mois et par agent, dans la limite maximum de la cotisation vers\u00e9e.<br \/>\nArticle 2 : Chaque agent d\u00e9cide d\u2019adh\u00e9rer par contrat individuel aux garanties auxquelles il souhaite souscrire.<br \/>\nArticle 3 : Le montant total de la participation de l\u2019employeur sera revaloris\u00e9 en mars (date de la parution de l\u2019indice) de chaque ann\u00e9e en fonction de l\u2019 \u00ab indice des prix \u00e0 la consommation \u2013 y compris tabac \u00bb sur un an constat\u00e9 en janvier de l\u2019ann\u00e9e consid\u00e9r\u00e9e (source INSEE).<br \/>\nArticle 4 : L\u2019agent devra produire tous les ans, une attestation \u00e9manant d\u2019un contrat labellis\u00e9 \u00e0 son nom, en janvier de l\u2019ann\u00e9e N ou \u00e0 la date du 1<sup>er<\/sup> jour du contrat.<br \/>\nArticle 5 : L\u2019assembl\u00e9e d\u00e9lib\u00e9rante d\u00e9cide :<\/p>\n<ul style=\"color: #333333; padding-left: 60px; text-align: justify;\">\n<li>d\u2019instaurer la participation au financement des contrats et r\u00e8glements labellis\u00e9s des agents de la collectivit\u00e9 pour le risque Sant\u00e9, selon les conditions reprises ci-dessus ;<\/li>\n<li>d\u2019inscrire au budget les cr\u00e9dits n\u00e9cessaires \u00e0 leurs paiements.<\/li>\n<\/ul>\n<p><\/em><\/p>\n<p>--><\/p><table align=\"right\" bgcolor=\"#EEEEEE\"><caption style=\"color: #333333; text-align: right; font-size: 0.75rem;\"><em>D\u00e9lib\u00e9ration 2024-12-10-D08<\/em><\/caption><tbody><tr><td style=\"color: #333333; text-align: left;\" width=\"25%\"><strong><u>D\u00e9cision<\/u><\/strong><\/td><td style=\"color: #333333; text-align: right;\" width=\"25%\">Pr\u00e9sent :<\/td><td style=\"color: #333333; text-align: left;\" width=\"50%\">15<\/td><\/tr><tr><td style=\"color: #333333; text-align: left;\">\u00a0<\/td><td style=\"color: #333333; text-align: right;\">Pour :<\/td><td style=\"color: #333333; text-align: left;\">21 dont 6 pouvoirs<\/td><\/tr><tr><td style=\"color: #333333; text-align: left;\">\u00a0<\/td><td style=\"color: #333333; text-align: right;\">Contre :<\/td><td style=\"color: #333333; text-align: left;\">0<\/td><\/tr><tr><td style=\"color: #333333; text-align: left;\">\u00a0<\/td><td style=\"color: #333333; text-align: right;\">Abstentions :<\/td><td style=\"color: #333333; text-align: left;\">0<\/td><\/tr><\/tbody><\/table><div id=\"CM10122024Neuf\" style=\"color: #333333;\"><strong><u>9 &#8211; D\u00e9lib\u00e9ration pour l\u2019instauration d\u2019une participation au financement des contrats et r\u00e8glements labellis\u00e9s des agents de la collectivit\u00e9 pour le risque pr\u00e9voyance<\/u><\/strong><\/div><p style=\"color: #333333; padding-left: 40px; text-align: justify;\"><em>L\u2019assembl\u00e9e d\u00e9lib\u00e9rante (Conseil Municipal) ;<br \/>Vu le code g\u00e9n\u00e9ral des collectivit\u00e9s,<br \/>Vu le code g\u00e9n\u00e9ral de la fonction publique,<br \/>Vu le d\u00e9cret n\u00b02011-1474 du 8 novembre 2011 relatif \u00e0 la participation des collectivit\u00e9s territoriales et de leurs \u00e9tablissements publics au financement de la protection compl\u00e9mentaire de leurs agents,<br \/>Vu le d\u00e9cret n\u00b0 2022-581 du 20 avril 2022 relatif aux garanties de protection sociale compl\u00e9mentaire et \u00e0 la participation obligatoire des collectivit\u00e9s territoriales et de leurs \u00e9tablissements publics \u00e0 leur financement,<br \/><strong><u>Vu l\u2019avis du comit\u00e9 social territorial en date du 29\/11\/2024.<\/u><\/strong><br \/>Consid\u00e9rant que les collectivit\u00e9s territoriales et leurs \u00e9tablissements participent, dans les conditions d\u00e9finies \u00e0 l&#8217;article L. 827-11 du code g\u00e9n\u00e9ral de la fonction publique, au financement des garanties de protection sociale compl\u00e9mentaire destin\u00e9es \u00e0 couvrir les risques d&#8217;incapacit\u00e9 de travail, d&#8217;invalidit\u00e9, d&#8217;inaptitude ou de d\u00e9c\u00e8s auxquelles souscrivent les agents qu&#8217;elles emploient,<br \/>Consid\u00e9rant que sont \u00e9ligibles \u00e0 la participation des collectivit\u00e9s territoriales et de leurs \u00e9tablissements publics les contrats destin\u00e9s \u00e0 couvrir les risques mentionn\u00e9s \u00e0 l&#8217;article L. 827-1 mettant en \u0153uvre les dispositifs de solidarit\u00e9 mentionn\u00e9s \u00e0 l&#8217;article L. 827-3, cette condition pouvant \u00eatre attest\u00e9e par la d\u00e9livrance d&#8217;un label dans les conditions pr\u00e9vues \u00e0 l&#8217;article L. 310-12-2 du code des assurances.<br \/>Apr\u00e8s avoir recueilli l\u2019avis du comit\u00e9 social territorial, <b>La Mairie de THIANT<\/b> souhaite participer au financement des contrats et r\u00e8glements labellis\u00e9s auxquels les agents choisissent de souscrire pour le risque pr\u00e9voyance.<\/em><\/p><p style=\"color: #333333;\"><strong>Le Conseil Municipal, apr\u00e8s en avoir d\u00e9lib\u00e9r\u00e9,<\/strong><br \/>par 21 voix pour, 0 voix contre, 0 abstention<\/p><p><!--<\/p>\n<style>ol{list-style-type: none; couter-reset: compteur;}ol li{counter-increment: compteur;}ol li::before{margin-right: 1rem; content: \"Article \" counter(compteur) \" :\"; color: #333333;\"}<\/style>\n<p>--><\/p><table><tbody><tr style=\"cellspacing: 5px;\"><td style=\"color: #333333; text-align: right;\" width=\"25%\"><u>Article 1 :<\/u><\/td><td style=\"color: #333333; text-align: justify;\" width=\"75%\"><em>\u00a0La <b>participation en Pr\u00e9voyance<\/b> est fix\u00e9e \u00e0 <b>20\u20ac<\/b> par mois et par agent, dans la limite maximum de la cotisation vers\u00e9e.<\/em><\/td><\/tr><tr><td style=\"color: #333333; text-align: right;\"><u>Article 2 :<\/u><\/td><td style=\"color: #333333; text-align: justify;\"><em>\u00a0Chaque agent d\u00e9cide d\u2019adh\u00e9rer par contrat individuel aux garanties auxquelles il souhaite souscrire.<\/em><\/td><\/tr><tr><td style=\"color: #333333; text-align: right;\"><u>Article 3 :<\/u><\/td><td style=\"color: #333333; text-align: justify;\"><em>\u00a0Le montant total de la participation de l\u2019employeur sera revaloris\u00e9 en mars (date de la parution de l\u2019indice) de chaque ann\u00e9e en fonction de l\u2019 \u00ab indice des prix \u00e0 la consommation \u2013 y compris tabac \u00bb sur un an constat\u00e9 en janvier de l\u2019ann\u00e9e consid\u00e9r\u00e9e (source INSEE).<\/em><\/td><\/tr><tr><td style=\"color: #333333; text-align: right;\"><u>Article 4 :<\/u><\/td><td style=\"color: #333333; text-align: justify;\"><em>\u00a0L\u2019agent devra produire tous les ans, une attestation \u00e9manant d\u2019un contrat labellis\u00e9 \u00e0 son nom, en janvier de l\u2019ann\u00e9e N ou \u00e0 la date du 1<sup>er<\/sup> jour du contrat.<\/em><\/td><\/tr><tr><td style=\"color: #333333; vertical-align: top; text-align: right;\"><u>Article 5 :<\/u><\/td><td style=\"color: #333333; text-align: justify;\"><p><em>\u00a0L\u2019assembl\u00e9e d\u00e9lib\u00e9rante d\u00e9cide :<\/em><\/p><ul style=\"color: #333333; padding-left: 30px; text-align: justify;\"><li>d\u2019instaurer la participation au financement des contrats et r\u00e8glements labellis\u00e9s des agents de la collectivit\u00e9 pour le risque Pr\u00e9voyance, selon les conditions reprises ci-dessus ;<\/li><li>d\u2019inscrire au budget les cr\u00e9dits n\u00e9cessaires \u00e0 leurs paiements.<\/li><\/ul><\/td><\/tr><\/tbody><\/table><p><!--<\/p>\n<p style=\"color: #333333; padding-left: 40px; text-align: justify;\"><em>Article 1 : La <b>participation en Pr\u00e9voyance<\/b> est fix\u00e9e \u00e0 <b>20\u20ac<\/b> par mois et par agent, dans la limite maximum de la cotisation vers\u00e9e.<br \/>\nArticle 2 : Chaque agent d\u00e9cide d\u2019adh\u00e9rer par contrat individuel aux garanties auxquelles il souhaite souscrire.<br \/>\nArticle 3 : Le montant total de la participation de l\u2019employeur sera revaloris\u00e9 en mars (date de la parution de l\u2019indice) de chaque ann\u00e9e en fonction de l\u2019 \u00ab indice des prix \u00e0 la consommation \u2013 y compris tabac \u00bb sur un an constat\u00e9 en janvier de l\u2019ann\u00e9e consid\u00e9r\u00e9e (source INSEE).<br \/>\nArticle 4 : L\u2019agent devra produire tous les ans, une attestation \u00e9manant d\u2019un contrat labellis\u00e9 \u00e0 son nom, en janvier de l\u2019ann\u00e9e N ou \u00e0 la date du 1<sup>er<\/sup> jour du contrat.<br \/>\nArticle 5 : L\u2019assembl\u00e9e d\u00e9lib\u00e9rante d\u00e9cide :<\/p>\n<ul style=\"color: #333333; padding-left: 60px; text-align: justify;\">\n<li>d\u2019instaurer la participation au financement des contrats et r\u00e8glements labellis\u00e9s des agents de la collectivit\u00e9 pour le risque Pr\u00e9voyance, selon les conditions reprises ci-dessus ;<\/li>\n<li>d\u2019inscrire au budget les cr\u00e9dits n\u00e9cessaires \u00e0 leurs paiements.<\/li>\n<\/ul>\n<p><\/em><\/p>\n<p>--><\/p><table align=\"right\" bgcolor=\"#EEEEEE\"><caption style=\"color: #333333; text-align: right; font-size: 0.75rem;\"><em>D\u00e9lib\u00e9ration 2024-12-10-D09<\/em><\/caption><tbody><tr><td style=\"color: #333333; text-align: left;\" width=\"25%\"><strong><u>D\u00e9cision<\/u><\/strong><\/td><td style=\"color: #333333; text-align: right;\" width=\"25%\">Pr\u00e9sent :<\/td><td style=\"color: #333333; text-align: left;\" width=\"50%\">15<\/td><\/tr><tr><td style=\"color: #333333; text-align: left;\">\u00a0<\/td><td style=\"color: #333333; text-align: right;\">Pour :<\/td><td style=\"color: #333333; text-align: left;\">21 dont 6 pouvoirs<\/td><\/tr><tr><td style=\"color: #333333; text-align: left;\">\u00a0<\/td><td style=\"color: #333333; text-align: right;\">Contre :<\/td><td style=\"color: #333333; text-align: left;\">0<\/td><\/tr><tr><td style=\"color: #333333; text-align: left;\">\u00a0<\/td><td style=\"color: #333333; text-align: right;\">Abstentions :<\/td><td style=\"color: #333333; text-align: left;\">0<\/td><\/tr><\/tbody><\/table><div id=\"CM10122024Dix\" style=\"color: #333333;\"><strong><u>10 &#8211; D\u00e9lib\u00e9ration modificatives Budg\u00e9taires DM1 DM2<\/u><\/strong><\/div><p style=\"color: #333333; padding-left: 40px;\" align=\"justify\"><em>Voir le compte rendu de la commission finance du 25\/11\/2024<br \/>Pr\u00e9sentation est faite par Madame St\u00e9phanie WATTIEZ Adjointe aux finances<\/em><\/p><ul style=\"color: #333333; padding-left: 40px;\"><li>Il s\u2019agit d\u2019une op\u00e9ration d\u2019ordre (inventaire) concernant des \u00e9tudes topographiques ruelle Jaur\u00e8s en 2020 pour un montant de 1 320.00\u20ac<\/li><\/ul><p style=\"color: #333333;\"><strong>Le Conseil Municipal, apr\u00e8s en avoir d\u00e9lib\u00e9r\u00e9,<\/strong><br \/>par 21 voix pour, 0 voix contre, 0 abstention<\/p><table width=\"75%\"><tbody><tr><td style=\"color: #333333;\" width=\"25%\"><strong>EFFECTUE<\/strong><\/td><td style=\"color: #333333; text-align: justify;\" width=\"75%\">les modifications budg\u00e9taires suivantes :<\/td><\/tr><\/tbody><\/table><table width=\"75%\"><tbody><tr><td style=\"color: #333333; text-align: left;\" width=\"50%\">Investissement D\u00e9penses Chapitre 041<\/td><td style=\"color: #333333; text-align: left;\" width=\"50%\">Compte 2152 : 1 320,00<\/td><\/tr><tr><td style=\"color: #333333; text-align: left;\">Investissement Recettes Chapitre 041<\/td><td style=\"color: #333333; text-align: left;\">Compte 203 : 1 320,00<\/td><\/tr><\/tbody><\/table><table align=\"right\" bgcolor=\"#EEEEEE\"><caption style=\"color: #333333; text-align: right; font-size: 0.75rem;\"><em>D\u00e9lib\u00e9ration 2024-12-10-D10<\/em><\/caption><tbody><tr><td style=\"color: #333333; text-align: left;\" width=\"25%\"><strong><u>D\u00e9cision<\/u><\/strong><\/td><td style=\"color: #333333; text-align: right;\" width=\"25%\">Pr\u00e9sent :<\/td><td style=\"color: #333333; text-align: left;\" width=\"50%\">15<\/td><\/tr><tr><td style=\"color: #333333; text-align: left;\">\u00a0<\/td><td style=\"color: #333333; text-align: right;\">Pour :<\/td><td style=\"color: #333333; text-align: left;\">21 dont 6 pouvoirs<\/td><\/tr><tr><td style=\"color: #333333; text-align: left;\">\u00a0<\/td><td style=\"color: #333333; text-align: right;\">Contre :<\/td><td style=\"color: #333333; text-align: left;\">0<\/td><\/tr><tr><td style=\"color: #333333; text-align: left;\">\u00a0<\/td><td style=\"color: #333333; text-align: right;\">Abstentions :<\/td><td style=\"color: #333333; text-align: left;\">0<\/td><\/tr><\/tbody><\/table><ul style=\"color: #333333; padding-left: 40px;\"><li>Il s\u2019agit de subventions dont nous avons re\u00e7u derni\u00e8rement les notifications.<\/li><\/ul><p>Pour rappels :<\/p><ul style=\"list-style-type: circle; color: #333333; padding-left: 40px;\"><li>Ces subventions n\u2019avaient pas \u00e9t\u00e9 inscrites au budget mais les d\u00e9penses qui y sont li\u00e9es \u00e9taient inscrites et donc pr\u00e9vues<\/li><li>Les d\u00e9penses ne peuvent \u00eatre engag\u00e9es avant la notification par le D\u00e9partement<\/li><\/ul><p style=\"color: #333333;\"><strong>Le Conseil Municipal, apr\u00e8s en avoir d\u00e9lib\u00e9r\u00e9,<\/strong><br \/>par 21 voix pour, 0 voix contre, 0 abstention<\/p><table width=\"75%\"><tbody><tr><td style=\"color: #333333;\" width=\"25%\"><strong>EFFECTUE<\/strong><\/td><td style=\"color: #333333; text-align: justify;\" width=\"75%\">les modifications budg\u00e9taires suivantes :<\/td><\/tr><\/tbody><\/table><table width=\"75%\"><tbody><tr><td style=\"color: #333333; text-align: left;\" width=\"50%\">Investissement D\u00e9penses Chapitre 023<\/td><td style=\"color: #333333; text-align: left;\" width=\"50%\">Compte 231 : travaux : 75 455,50<\/td><\/tr><tr><td style=\"color: #333333; text-align: left; vertical-align: top;\">Recettes Chapitre 013<\/td><td style=\"color: #333333; text-align: left;\">Compte 1323 subvention d\u00e9partement : 25 000,00 (ADVB Energie Eclairage public Leds)<br \/>Compte 1323 subvention d\u00e9partement : 35 556,00 (ADVB Voirie communale Ruelle Jaur\u00e8s et Cit\u00e9 Ambroise Croizat)<br \/>Compte 1335 amende de police : 14 899,50 (S\u00e9curit\u00e9 chicanes)<\/td><\/tr><\/tbody><\/table><table align=\"right\" bgcolor=\"#EEEEEE\"><caption style=\"color: #333333; text-align: right; font-size: 0.75rem;\"><em>D\u00e9lib\u00e9ration 2024-12-10-D11<\/em><\/caption><tbody><tr><td style=\"color: #333333; text-align: left;\" width=\"25%\"><strong><u>D\u00e9cision<\/u><\/strong><\/td><td style=\"color: #333333; text-align: right;\" width=\"25%\">Pr\u00e9sent :<\/td><td style=\"color: #333333; text-align: left;\" width=\"50%\">15<\/td><\/tr><tr><td style=\"color: #333333; text-align: left;\">\u00a0<\/td><td style=\"color: #333333; text-align: right;\">Pour :<\/td><td style=\"color: #333333; text-align: left;\">21 dont 6 pouvoirs<\/td><\/tr><tr><td style=\"color: #333333; text-align: left;\">\u00a0<\/td><td style=\"color: #333333; text-align: right;\">Contre :<\/td><td style=\"color: #333333; text-align: left;\">0<\/td><\/tr><tr><td style=\"color: #333333; text-align: left;\">\u00a0<\/td><td style=\"color: #333333; text-align: right;\">Abstentions :<\/td><td style=\"color: #333333; text-align: left;\">0<\/td><\/tr><\/tbody><\/table><div id=\"CM10122024Onze\" style=\"color: #333333;\"><strong><u>11 &#8211; D\u00e9lib\u00e9ration autorisation d\u2019engagement des d\u00e9penses avant vote du BP 2025 et de son annexe<\/u><\/strong><\/div><p style=\"color: #333333; padding-left: 40px; text-align: justify;\"><em>Pr\u00e9sentation sera faite par Madame St\u00e9phanie WATTIEZ \u2013 Adjointe aux finances<br \/>Comme le pr\u00e9voit le code g\u00e9n\u00e9ral des collectivit\u00e9s territoriales en son article L 1612.1 une collectivit\u00e9 peut jusqu\u2019\u00e0 l\u2019adoption de son budget et sur autorisation de l\u2019organe d\u00e9lib\u00e9rant engager liquider et mandater les d\u00e9penses d\u2019investissement dans la limite du quart des cr\u00e9dits de l\u2019exercice pr\u00e9c\u00e9dent non compris les cr\u00e9dits aff\u00e9rents au remboursement de la dette.<br \/>Le budget 2025 ne sera pas vot\u00e9 prochainement.<br \/>Il est donc n\u00e9cessaire de permettre \u00e0 Monsieur Le Maire d\u2019effectuer les op\u00e9rations d\u2019investissement en ce d\u00e9but d\u2019ann\u00e9e 2025.<\/em><\/p><p style=\"color: #333333;\"><strong>Le Conseil Municipal, apr\u00e8s en avoir d\u00e9lib\u00e9r\u00e9,<\/strong><br \/>par 21 voix pour, 0 voix contre, 0 abstention<\/p><table width=\"75%\"><tbody><tr><td style=\"color: #333333;\" width=\"25%\"><strong><u>D\u00c9CIDE<\/u><\/strong><\/td><td style=\"color: #333333; text-align: justify;\" width=\"75%\">d\u2019autoriser Monsieur Le Maire \u00e0 effectuer des op\u00e9rations d\u2019investissement avant le vote du budget 2025 dans la limite de 25% des cr\u00e9dits ouverts au budget de l\u2019exercice 2024 conform\u00e9ment au tableau annex\u00e9 ci-dessous \u00e0 la pr\u00e9sente d\u00e9lib\u00e9ration.<\/td><\/tr><\/tbody><\/table><table align=\"right\" bgcolor=\"#EEEEEE\"><caption style=\"color: #333333; text-align: right; font-size: 0.75rem;\"><em>D\u00e9lib\u00e9ration 2024-12-10-D12<\/em><\/caption><tbody><tr><td style=\"color: #333333; text-align: left;\" width=\"25%\"><strong><u>D\u00e9cision<\/u><\/strong><\/td><td style=\"color: #333333; text-align: right;\" width=\"25%\">Pr\u00e9sent :<\/td><td style=\"color: #333333; text-align: left;\" width=\"50%\">15<\/td><\/tr><tr><td style=\"color: #333333; text-align: left;\">\u00a0<\/td><td style=\"color: #333333; text-align: right;\">Pour :<\/td><td style=\"color: #333333; text-align: left;\">21 dont 6 pouvoirs<\/td><\/tr><tr><td style=\"color: #333333; text-align: left;\">\u00a0<\/td><td style=\"color: #333333; text-align: right;\">Contre :<\/td><td style=\"color: #333333; text-align: left;\">0<\/td><\/tr><tr><td style=\"color: #333333; text-align: left;\">\u00a0<\/td><td style=\"color: #333333; text-align: right;\">Abstentions :<\/td><td style=\"color: #333333; text-align: left;\">0<\/td><\/tr><\/tbody><\/table><p><img loading=\"lazy\" decoding=\"async\" class=\"aligncenter wp-image-6944 size-full\" src=\"https:\/\/thiant.fr\/wordpress\/wp-content\/uploads\/2025\/03\/Annexe-delib-autorisation-25.png\" alt=\"\" width=\"887\" height=\"800\" srcset=\"https:\/\/thiant.fr\/wordpress\/wp-content\/uploads\/2025\/03\/Annexe-delib-autorisation-25.png 887w, https:\/\/thiant.fr\/wordpress\/wp-content\/uploads\/2025\/03\/Annexe-delib-autorisation-25-300x271.png 300w, https:\/\/thiant.fr\/wordpress\/wp-content\/uploads\/2025\/03\/Annexe-delib-autorisation-25-768x693.png 768w\" sizes=\"(max-width: 887px) 100vw, 887px\" \/><br \/><!--<\/p>\n<table align=\"center\" bgcolor=\"#EEEEEE\">\n<tbody>\n<tr bgcolor=\"#FFFFFF;\">\n<td style=\"color: #333333; text-align: center; vertical-align: middle; font-size: 1rem;\" width=\"10%\"><strong>Chapitres \/ Articles<\/strong><\/td>\n<td style=\"color: #333333; text-align: center; vertical-align: middle; font-size: 1rem;\" width=\"25%\"><strong>D\u00e9signation<\/strong><\/td>\n<td style=\"color: #333333; text-align: center; vertical-align: middle; font-size: 1rem;\" width=\"15%\"><strong>BP<\/strong><\/td>\n<td style=\"color: #333333; text-align: center; vertical-align: middle; font-size: 1rem;\" width=\"5%\"><strong>BS<\/strong><\/td>\n<td style=\"color: #333333; text-align: center; vertical-align: middle; font-size: 1rem;\" width=\"10%\"><strong>DM<\/strong><\/td>\n<td style=\"color: #333333; text-align: center; vertical-align: middle; font-size: 1rem;\" width=\"15%\"><strong>Total Budget vot\u00e9<\/strong><\/td>\n<td style=\"color: #333333; text-align: center; vertical-align: middle; font-size: 1rem;\" width=\"15%\"><strong>autorisation 25%<\/strong><\/td>\n<\/tr>\n<tr>\n<td style=\"color: #333333; text-align: center; vertical-align: middle; font-size: 1rem;\"><strong>16<\/strong><\/td>\n<td style=\"color: #333333; text-align: center; vertical-align: middle; font-size: 1rem;\"><strong>Emprunts et dettes assimil\u00e9es<\/strong><\/td>\n<td style=\"color: #333333; text-align: right; vertical-align: middle; font-size: 1rem;\"><strong>115 000,00<\/strong><\/td>\n<td style=\"color: #333333; text-align: right; vertical-align: middle; font-size: 1rem;\"><strong>0,00<\/strong><\/td>\n<td style=\"color: #333333; text-align: right; vertical-align: middle; font-size: 1rem;\"><strong>0,00<\/strong><\/td>\n<td style=\"color: #333333; text-align: right; vertical-align: middle; font-size: 1rem;\"><strong>115 000,00<\/strong><\/td>\n<td rawspan=\"2\" bgcolor=\"#000000;\">&nbsp;<br \/>\n&nbsp;<\/td>\n<\/tr>\n<tr bgcolor=\"#FFFFFF;\">\n<td style=\"color: #333333; text-align: left; vertical-align: middle; font-size: 1rem;\">1641<\/td>\n<td style=\"color: #333333; text-align: left; vertical-align: middle; font-size: 1rem;\">Emprunts en euros<\/td>\n<td style=\"color: #333333; text-align: right; vertical-align: middle; font-size: 1rem;\">115 000,00<\/td>\n<td style=\"color: #333333; text-align: right; vertical-align: middle; font-size: 1rem;\">0,00<\/td>\n<td style=\"color: #333333; text-align: right; vertical-align: middle; font-size: 1rem;\">0,00<\/td>\n<td style=\"color: #333333; text-align: right; vertical-align: middle; font-size: 1rem;\">115 000,00<\/td>\n<\/tr>\n<tr>\n<td style=\"color: #333333; text-align: center; vertical-align: middle; font-size: 1rem;\"><strong>20<\/strong><\/td>\n<td style=\"color: #333333; text-align: center; vertical-align: middle; font-size: 1rem;\"><strong>Immobilisations incorporelles<\/strong><\/td>\n<td style=\"color: #333333; text-align: right; vertical-align: middle; font-size: 1rem;\"><strong>32 000,00<\/strong><\/td>\n<td style=\"color: #333333; text-align: right; vertical-align: middle; font-size: 1rem;\"><strong>0,00<\/strong><\/td>\n<td style=\"color: #333333; text-align: right; vertical-align: middle; font-size: 1rem;\"><strong>0,00<\/strong><\/td>\n<td style=\"color: #333333; text-align: right; vertical-align: middle; font-size: 1rem;\"><strong>32 000,00<\/strong><\/td>\n<td style=\"color: #333333; text-align: right; vertical-align: middle; font-size: 1rem;\"><strong>8 000,00<\/strong><\/td>\n<\/tr>\n<tr bgcolor=\"#FFFFFF;\">\n<td style=\"color: #333333; text-align: left; vertical-align: middle; font-size: 1rem;\">202<\/td>\n<td style=\"color: #333333; text-align: left; vertical-align: middle; font-size: 1rem;\">Frais \u00e9tudes, \u00e9lab. Modif Et r\u00e9v. doc.Urban.<\/td>\n<td style=\"color: #333333; text-align: right; vertical-align: middle; font-size: 1rem;\">8 500,00<\/td>\n<td style=\"color: #333333; text-align: right; vertical-align: middle; font-size: 1rem;\">0,00<\/td>\n<td style=\"color: #333333; text-align: right; vertical-align: middle; font-size: 1rem;\">0,00<\/td>\n<td style=\"color: #333333; text-align: right; vertical-align: middle; font-size: 1rem;\">115 000,00<\/td>\n<td rawspan=\"3\" style=\"color: #333333; text-align: right; vertical-align: middle; font-size: 1rem;\">8 000,00<\/td>\n<\/tr>\n<tr bgcolor=\"#FFFFFF;\">\n<td style=\"color: #333333; text-align: left; vertical-align: middle; font-size: 1rem;\">203<\/td>\n<td style=\"color: #333333; text-align: left; vertical-align: middle; font-size: 1rem;\">Frais d'\u00e9tudes, rech. &amp; d\u00e9v. &amp; frais d'insertion<\/td>\n<td style=\"color: #333333; text-align: right; vertical-align: middle; font-size: 1rem;\">13 500,00<\/td>\n<td style=\"color: #333333; text-align: right; vertical-align: middle; font-size: 1rem;\">0,00<\/td>\n<td style=\"color: #333333; text-align: right; vertical-align: middle; font-size: 1rem;\">0,00<\/td>\n<td style=\"color: #333333; text-align: right; vertical-align: middle; font-size: 1rem;\">13 500,00<\/td>\n<\/tr>\n<tr bgcolor=\"#FFFFFF;\">\n<td style=\"color: #333333; text-align: left; vertical-align: middle; font-size: 1rem;\">2051<\/td>\n<td style=\"color: #333333; text-align: left; vertical-align: middle; font-size: 1rem;\">Concessions et droits similaires<\/td>\n<td style=\"color: #333333; text-align: right; vertical-align: middle; font-size: 1rem;\">10 000,00<\/td>\n<td style=\"color: #333333; text-align: right; vertical-align: middle; font-size: 1rem;\">0,00<\/td>\n<td style=\"color: #333333; text-align: right; vertical-align: middle; font-size: 1rem;\">0,00<\/td>\n<td style=\"color: #333333; text-align: right; vertical-align: middle; font-size: 1rem;\">10 000,00<\/td>\n<\/tr>\n<tr>\n<td style=\"color: #333333; text-align: center; vertical-align: middle; font-size: 1rem;\"><strong>204<\/strong><\/td>\n<td style=\"color: #333333; text-align: center; vertical-align: middle; font-size: 1rem;\"><strong>Subventions d'\u00e9quipement vers\u00e9es<\/strong><\/td>\n<td style=\"color: #333333; text-align: right; vertical-align: middle; font-size: 1rem;\"><strong>3 100,00<\/strong><\/td>\n<td style=\"color: #333333; text-align: right; vertical-align: middle; font-size: 1rem;\"><strong>0,00<\/strong><\/td>\n<td style=\"color: #333333; text-align: right; vertical-align: middle; font-size: 1rem;\"><strong>0,00<\/strong><\/td>\n<td style=\"color: #333333; text-align: right; vertical-align: middle; font-size: 1rem;\"><strong>3 100,00<\/strong><\/td>\n<td style=\"color: #333333; text-align: right; vertical-align: middle; font-size: 1rem;\"><strong>775,00<\/strong><\/td>\n<\/tr>\n<tr bgcolor=\"#FFFFFF;\">\n<td style=\"color: #333333; text-align: left; vertical-align: middle; font-size: 1rem;\">20422<\/td>\n<td style=\"color: #333333; text-align: left; vertical-align: middle; font-size: 1rem;\">B\u00e2timents et installations<\/td>\n<td style=\"color: #333333; text-align: right; vertical-align: middle; font-size: 1rem;\">3 100,00<\/td>\n<td style=\"color: #333333; text-align: right; vertical-align: middle; font-size: 1rem;\">0,00<\/td>\n<td style=\"color: #333333; text-align: right; vertical-align: middle; font-size: 1rem;\">0,00<\/td>\n<td style=\"color: #333333; text-align: right; vertical-align: middle; font-size: 1rem;\">3 100,00<\/td>\n<td style=\"color: #333333; text-align: right; vertical-align: middle; font-size: 1rem;\">775,00<\/td>\n<\/tr>\n<tr>\n<td style=\"color: #333333; text-align: center; vertical-align: middle; font-size: 1rem;\"><strong>21<\/strong><\/td>\n<td style=\"color: #333333; text-align: center; vertical-align: middle; font-size: 1rem;\"><strong>Immobilisations corporelles<\/strong><\/td>\n<td style=\"color: #333333; text-align: right; vertical-align: middle; font-size: 1rem;\"><strong>892 065,79<\/strong><\/td>\n<td style=\"color: #333333; text-align: right; vertical-align: middle; font-size: 1rem;\"><strong>0,00<\/strong><\/td>\n<td style=\"color: #333333; text-align: right; vertical-align: middle; font-size: 1rem;\"><strong>0,00<\/strong><\/td>\n<td style=\"color: #333333; text-align: right; vertical-align: middle; font-size: 1rem;\"><strong>892 065,79<\/strong><\/td>\n<td style=\"color: #333333; text-align: right; vertical-align: middle; font-size: 1rem;\"><strong>223 016,45<\/strong><\/td>\n<\/tr>\n<tr bgcolor=\"#FFFFFF;\">\n<td style=\"color: #333333; text-align: left; vertical-align: middle; font-size: 1rem;\">2111<\/td>\n<td style=\"color: #333333; text-align: left; vertical-align: middle; font-size: 1rem;\">Terrains nus<\/td>\n<td style=\"color: #333333; text-align: right; vertical-align: middle; font-size: 1rem;\">50 000,00<\/td>\n<td style=\"color: #333333; text-align: right; vertical-align: middle; font-size: 1rem;\">0,00<\/td>\n<td style=\"color: #333333; text-align: right; vertical-align: middle; font-size: 1rem;\">0,00<\/td>\n<td style=\"color: #333333; text-align: right; vertical-align: middle; font-size: 1rem;\">50 000,00<\/td>\n<td rawspan=\"16\" style=\"color: #333333; text-align: right; vertical-align: middle; font-size: 1rem;\">223 016,45<\/td>\n<\/tr>\n<tr bgcolor=\"FFFFFF;\">\n<td style=\"color: #333333; text-align: left; vertical-align: middle; font-size: 1rem;\">212<\/td>\n<td style=\"color: #333333; text-align: left; vertical-align: middle; font-size: 1rem;\">Agencements et am\u00e9nagements de terrains<\/td>\n<td style=\"color: #333333; text-align: right; vertical-align: middle; font-size: 1rem;\">10 000,00<\/td>\n<td style=\"color: #333333; text-align: right; vertical-align: middle; font-size: 1rem;\">0,00<\/td>\n<td style=\"color: #333333; text-align: right; vertical-align: middle; font-size: 1rem;\">0,00<\/td>\n<td style=\"color: #333333; text-align: right; vertical-align: middle; font-size: 1rem;\">10 000,00<\/td>\n<\/tr>\n<tr bgcolor=\"#FFFFFF;\">\n<td style=\"color: #333333; text-align: left; vertical-align: middle; font-size: 1rem;\">2131<\/td>\n<td style=\"color: #333333; text-align: left; vertical-align: middle; font-size: 1rem;\">B\u00e2timents publics<\/td>\n<td style=\"color: #333333; text-align: right; vertical-align: middle; font-size: 1rem;\">472 325,11<\/td>\n<td style=\"color: #333333; text-align: right; vertical-align: middle; font-size: 1rem;\">0,00<\/td>\n<td style=\"color: #333333; text-align: right; vertical-align: middle; font-size: 1rem;\">0,00<\/td>\n<td style=\"color: #333333; text-align: right; vertical-align: middle; font-size: 1rem;\">472 325,11<\/td>\n<\/tr>\n<tr bgcolor=\"#FFFFFF;\">\n<td style=\"color: #333333; text-align: left; vertical-align: middle; font-size: 1rem;\">2132<\/td>\n<td style=\"color: #333333; text-align: left; vertical-align: middle; font-size: 1rem;\">B\u00e2timents priv\u00e9s<\/td>\n<td style=\"color: #333333; text-align: right; vertical-align: middle; font-size: 1rem;\">5 000,00<\/td>\n<td style=\"color: #333333; text-align: right; vertical-align: middle; font-size: 1rem;\">0,00<\/td>\n<td style=\"color: #333333; text-align: right; vertical-align: middle; font-size: 1rem;\">0,00<\/td>\n<td style=\"color: #333333; text-align: right; vertical-align: middle; font-size: 1rem;\">5 000,00<\/td>\n<\/tr>\n<tr bgcolor=\"#FFFFFF;\">\n<td style=\"color: #333333; text-align: left; vertical-align: middle; font-size: 1rem;\">2135<\/td>\n<td style=\"color: #333333; text-align: left; vertical-align: middle; font-size: 1rem;\">Instal. g\u00e9n\u00e9., agencements, am\u00e9nagements des constr.<\/td>\n<td style=\"color: #333333; text-align: right; vertical-align: middle; font-size: 1rem;\">60 000,00<\/td>\n<td style=\"color: #333333; text-align: right; vertical-align: middle; font-size: 1rem;\">0,00<\/td>\n<td style=\"color: #333333; text-align: right; vertical-align: middle; font-size: 1rem;\">0,00<\/td>\n<td style=\"color: #333333; text-align: right; vertical-align: middle; font-size: 1rem;\">60 000,00<\/td>\n<\/tr>\n<tr bgcolor=\"#FFFFFF;\">\n<td style=\"color: #333333; text-align: left; vertical-align: middle; font-size: 1rem;\">2138<\/td>\n<td style=\"color: #333333; text-align: left; vertical-align: middle; font-size: 1rem;\">Autres constructions<\/td>\n<td style=\"color: #333333; text-align: right; vertical-align: middle; font-size: 1rem;\">0,00<\/td>\n<td style=\"color: #333333; text-align: right; vertical-align: middle; font-size: 1rem;\">0,00<\/td>\n<td style=\"color: #333333; text-align: right; vertical-align: middle; font-size: 1rem;\">0,00<\/td>\n<td style=\"color: #333333; text-align: right; vertical-align: middle; font-size: 1rem;\">0,00<\/td>\n<\/tr>\n<tr bgcolor=\"#FFFFFF;\">\n<td style=\"color: #333333; text-align: left; vertical-align: middle; font-size: 1rem;\">2152<\/td>\n<td style=\"color: #333333; text-align: left; vertical-align: middle; font-size: 1rem;\">Installations de voirie<\/td>\n<td style=\"color: #333333; text-align: right; vertical-align: middle; font-size: 1rem;\">0,00<\/td>\n<td style=\"color: #333333; text-align: right; vertical-align: middle; font-size: 1rem;\">0,00<\/td>\n<td style=\"color: #333333; text-align: right; vertical-align: middle; font-size: 1rem;\">0,00<\/td>\n<td style=\"color: #333333; text-align: right; vertical-align: middle; font-size: 1rem;\">0,00<\/td>\n<\/tr>\n<tr bgcolor=\"#FFFFFF;\">\n<td style=\"color: #333333; text-align: left; vertical-align: middle; font-size: 1rem;\">21538<\/td>\n<td style=\"color: #333333; text-align: left; vertical-align: middle; font-size: 1rem;\">Autres r\u00e9seaux<\/td>\n<td style=\"color: #333333; text-align: right; vertical-align: middle; font-size: 1rem;\">0,00<\/td>\n<td style=\"color: #333333; text-align: right; vertical-align: middle; font-size: 1rem;\">0,00<\/td>\n<td style=\"color: #333333; text-align: right; vertical-align: middle; font-size: 1rem;\">0,00<\/td>\n<td style=\"color: #333333; text-align: right; vertical-align: middle; font-size: 1rem;\">0,00<\/td>\n<\/tr>\n<tr bgcolor=\"#FFFFFF;\">\n<td style=\"color: #333333; text-align: left; vertical-align: middle; font-size: 1rem;\">2156<\/td>\n<td style=\"color: #333333; text-align: left; vertical-align: middle; font-size: 1rem;\">Mat\u00e9riel &amp; outillage d'incendie et de d\u00e9fense civile<\/td>\n<td style=\"color: #333333; text-align: right; vertical-align: middle; font-size: 1rem;\">4 740,68<\/td>\n<td style=\"color: #333333; text-align: right; vertical-align: middle; font-size: 1rem;\">0,00<\/td>\n<td style=\"color: #333333; text-align: right; vertical-align: middle; font-size: 1rem;\">0,00<\/td>\n<td style=\"color: #333333; text-align: right; vertical-align: middle; font-size: 1rem;\">4 740,68<\/td>\n<\/tr>\n<tr bgcolor=\"#FFFFFF;\">\n<td style=\"color: #333333; text-align: left; vertical-align: middle; font-size: 1rem;\">2157<\/td>\n<td style=\"color: #333333; text-align: left; vertical-align: middle; font-size: 1rem;\">Mat\u00e9riel et outillage technique<\/td>\n<td style=\"color: #333333; text-align: right; vertical-align: middle; font-size: 1rem;\">60 000,00<\/td>\n<td style=\"color: #333333; text-align: right; vertical-align: middle; font-size: 1rem;\">0,00<\/td>\n<td style=\"color: #333333; text-align: right; vertical-align: middle; font-size: 1rem;\">0,00<\/td>\n<td style=\"color: #333333; text-align: right; vertical-align: middle; font-size: 1rem;\">60 000,00<\/td>\n<\/tr>\n<tr bgcolor=\"#FFFFFF;\">\n<td style=\"color: #333333; text-align: left; vertical-align: middle; font-size: 1rem;\">2158<\/td>\n<td style=\"color: #333333; text-align: left; vertical-align: middle; font-size: 1rem;\">Autres install. mat\u00e9riel et outillage techniques<\/td>\n<td style=\"color: #333333; text-align: right; vertical-align: middle; font-size: 1rem;\">60 000,00<\/td>\n<td style=\"color: #333333; text-align: right; vertical-align: middle; font-size: 1rem;\">0,00<\/td>\n<td style=\"color: #333333; text-align: right; vertical-align: middle; font-size: 1rem;\">0,00<\/td>\n<td style=\"color: #333333; text-align: right; vertical-align: middle; font-size: 1rem;\">60 000,00<\/td>\n<\/tr>\n<tr bgcolor=\"#FFFFFF;\">\n<td style=\"color: #333333; text-align: left; vertical-align: middle; font-size: 1rem;\">21758<\/td>\n<td style=\"color: #333333; text-align: left; vertical-align: middle; font-size: 1rem;\">Autres install. mat\u00e9riel et outillage techniques<\/td>\n<td style=\"color: #333333; text-align: right; vertical-align: middle; font-size: 1rem;\">0,00<\/td>\n<td style=\"color: #333333; text-align: right; vertical-align: middle; font-size: 1rem;\">0,00<\/td>\n<td style=\"color: #333333; text-align: right; vertical-align: middle; font-size: 1rem;\">0,00<\/td>\n<td style=\"color: #333333; text-align: right; vertical-align: middle; font-size: 1rem;\">0,00<\/td>\n<\/tr>\n<tr bgcolor=\"#FFFFFF;\">\n<td style=\"color: #333333; text-align: left; vertical-align: middle; font-size: 1rem;\">2181<\/td>\n<td style=\"color: #333333; text-align: left; vertical-align: middle; font-size: 1rem;\">Install. g\u00e9n\u00e9rales, agencements &amp; am\u00e9nagements divers<\/td>\n<td style=\"color: #333333; text-align: right; vertical-align: middle; font-size: 1rem;\">40 000,00<\/td>\n<td style=\"color: #333333; text-align: right; vertical-align: middle; font-size: 1rem;\">0,00<\/td>\n<td style=\"color: #333333; text-align: right; vertical-align: middle; font-size: 1rem;\">0,00<\/td>\n<td style=\"color: #333333; text-align: right; vertical-align: middle; font-size: 1rem;\">40 000,00<\/td>\n<\/tr>\n<tr bgcolor=\"#FFFFFF;\">\n<td style=\"color: #333333; text-align: left; vertical-align: middle; font-size: 1rem;\">2183<\/td>\n<td style=\"color: #333333; text-align: left; vertical-align: middle; font-size: 1rem;\">Mat\u00e9riel informatique<\/td>\n<td style=\"color: #333333; text-align: right; vertical-align: middle; font-size: 1rem;\">50 000,00<\/td>\n<td style=\"color: #333333; text-align: right; vertical-align: middle; font-size: 1rem;\">0,00<\/td>\n<td style=\"color: #333333; text-align: right; vertical-align: middle; font-size: 1rem;\">0,00<\/td>\n<td style=\"color: #333333; text-align: right; vertical-align: middle; font-size: 1rem;\">50 000,00<\/td>\n<\/tr>\n<tr bgcolor=\"#FFFFFF;\">\n<td style=\"color: #333333; text-align: left; vertical-align: middle; font-size: 1rem;\">2184<\/td>\n<td style=\"color: #333333; text-align: left; vertical-align: middle; font-size: 1rem;\">Mat\u00e9riel de bureau et mobilier<\/td>\n<td style=\"color: #333333; text-align: right; vertical-align: middle; font-size: 1rem;\">65 000,00<\/td>\n<td style=\"color: #333333; text-align: right; vertical-align: middle; font-size: 1rem;\">0,00<\/td>\n<td style=\"color: #333333; text-align: right; vertical-align: middle; font-size: 1rem;\">0,00<\/td>\n<td style=\"color: #333333; text-align: right; vertical-align: middle; font-size: 1rem;\">65 000,00<\/td>\n<\/tr>\n<tr bgcolor=\"#FFFFFF;\">\n<td style=\"color: #333333; text-align: left; vertical-align: middle; font-size: 1rem;\">2188<\/td>\n<td style=\"color: #333333; text-align: left; vertical-align: middle; font-size: 1rem;\">Autres immobilisations corporelles<\/td>\n<td style=\"color: #333333; text-align: right; vertical-align: middle; font-size: 1rem;\">15 000,00<\/td>\n<td style=\"color: #333333; text-align: right; vertical-align: middle; font-size: 1rem;\">0,00<\/td>\n<td style=\"color: #333333; text-align: right; vertical-align: middle; font-size: 1rem;\">0,00<\/td>\n<td style=\"color: #333333; text-align: right; vertical-align: middle; font-size: 1rem;\">15 000,00<\/td>\n<\/tr>\n<tr>\n<td style=\"color: #333333; text-align: center; vertical-align: middle; font-size: 1rem;\"><strong>23<\/strong><\/td>\n<td style=\"color: #333333; text-align: center; vertical-align: middle; font-size: 1rem;\"><strong>Immobilisations corporelles<\/strong><\/td>\n<td style=\"color: #333333; text-align: right; vertical-align: middle; font-size: 1rem;\"><strong>419 922,00<\/strong><\/td>\n<td style=\"color: #333333; text-align: right; vertical-align: middle; font-size: 1rem;\"><strong>0,00<\/strong><\/td>\n<td style=\"color: #333333; text-align: right; vertical-align: middle; font-size: 1rem;\"><strong>75 455,50<\/strong><\/td>\n<td style=\"color: #333333; text-align: right; vertical-align: middle; font-size: 1rem;\"><strong>495 377,50<\/strong><\/td>\n<td style=\"color: #333333; text-align: right; vertical-align: middle; font-size: 1rem;\"><strong>123 844,38<\/strong><\/td>\n<\/tr>\n<tr bgcolor=\"#FFFFFF;\">\n<td style=\"color: #333333; text-align: left; vertical-align: middle; font-size: 1rem;\">231<\/td>\n<td style=\"color: #333333; text-align: left; vertical-align: middle; font-size: 1rem;\">Immobilisations corporelles en cours<\/td>\n<td style=\"color: #333333; text-align: right; vertical-align: middle; font-size: 1rem;\">419 922,00<\/td>\n<td style=\"color: #333333; text-align: right; vertical-align: middle; font-size: 1rem;\">0,00<\/td>\n<td style=\"color: #333333; text-align: right; vertical-align: middle; font-size: 1rem;\">75 455,50<\/td>\n<td style=\"color: #333333; text-align: right; vertical-align: middle; font-size: 1rem;\">495 377,50<\/td>\n<td style=\"color: #333333; text-align: right; vertical-align: middle; font-size: 1rem;\">123 844,38<\/td>\n<\/tr>\n<tr>\n<td style=\"color: #333333; text-align: center; vertical-align: middle; font-size: 1rem;\"><strong>27<\/strong><\/td>\n<td style=\"color: #333333; text-align: center; vertical-align: middle; font-size: 1rem;\"><strong>Autres immobilisations<\/strong><\/td>\n<td style=\"color: #333333; text-align: right; vertical-align: middle; font-size: 1rem;\"><strong>9 000,00<\/strong><\/td>\n<td style=\"color: #333333; text-align: right; vertical-align: middle; font-size: 1rem;\"><strong>0,00<\/strong><\/td>\n<td style=\"color: #333333; text-align: right; vertical-align: middle; font-size: 1rem;\"><strong>0,00<\/strong><\/td>\n<td style=\"color: #333333; text-align: right; vertical-align: middle; font-size: 1rem;\"><strong>9 000,00<\/strong><\/td>\n<td style=\"color: #333333; text-align: right; vertical-align: middle; font-size: 1rem;\"><strong>2 250,00<\/strong><\/td>\n<\/tr>\n<tr bgcolor=\"#FFFFFF;\">\n<td style=\"color: #333333; text-align: left; vertical-align: middle; font-size: 1rem;\">231<\/td>\n<td style=\"color: #333333; text-align: left; vertical-align: middle; font-size: 1rem;\">Immobilisations corporelles en cours<\/td>\n<td style=\"color: #333333; text-align: right; vertical-align: middle; font-size: 1rem;\">9 000,00<\/td>\n<td style=\"color: #333333; text-align: right; vertical-align: middle; font-size: 1rem;\">0,00<\/td>\n<td style=\"color: #333333; text-align: right; vertical-align: middle; font-size: 1rem;\">0,00<\/td>\n<td style=\"color: #333333; text-align: right; vertical-align: middle; font-size: 1rem;\">9 000,00<\/td>\n<td style=\"color: #333333; text-align: right; vertical-align: middle; font-size: 1rem;\">2 250,00<\/td>\n<\/tr>\n<tr>\n<td style=\"color: #333333; text-align: center; vertical-align: middle; font-size: 1rem;\"><strong>041<\/strong><\/td>\n<td style=\"color: #333333; text-align: center; vertical-align: middle; font-size: 1rem;\"><strong>Op\u00e9rations patrimoiniales<\/strong><\/td>\n<td style=\"color: #333333; text-align: right; vertical-align: middle; font-size: 1rem;\"><strong>0,00<\/strong><\/td>\n<td style=\"color: #333333; text-align: right; vertical-align: middle; font-size: 1rem;\"><strong>0,00<\/strong><\/td>\n<td style=\"color: #333333; text-align: right; vertical-align: middle; font-size: 1rem;\"><strong>1 320,00<\/strong><\/td>\n<td style=\"color: #333333; text-align: right; vertical-align: middle; font-size: 1rem;\"><strong>1 320,00<\/strong><\/td>\n<td style=\"color: #333333; text-align: right; vertical-align: middle; font-size: 1rem;\"><strong>330,00<\/strong><\/td>\n<\/tr>\n<tr bgcolor=\"#F0E68C;\">\n<td style=\"color: #333333; text-align: left; vertical-align: middle; font-size: 1rem;\">&nbsp;<\/td>\n<td style=\"color: #333333; text-align: right; vertical-align: middle; font-size: 1rem;\">Total G\u00e9n\u00e9ral<\/td>\n<td style=\"color: #333333; text-align: right; vertical-align: middle; font-size: 1rem;\">1 471 087,79<\/td>\n<td style=\"color: #333333; text-align: right; vertical-align: middle; font-size: 1rem;\">0,00<\/td>\n<td style=\"color: #333333; text-align: right; vertical-align: middle; font-size: 1rem;\">76 775,50<\/td>\n<td style=\"color: #333333; text-align: right; vertical-align: middle; font-size: 1rem;\">1 547 863,29<\/td>\n<td style=\"color: #333333; text-align: right; vertical-align: middle; font-size: 1rem;\">358 215,83<\/td>\n<\/tr>\n<\/tbody>\n<\/table>\n<table align=\"center\" bgcolor=\"#EEEEEE\">\n<tbody>\n<tr bgcolor=\"#FFFFFF;\">\n<td style=\"color: #333333; text-align: center; vertical-align: middle; font-size: 1rem;\" width=\"50%\">&nbsp;<\/td>\n<td style=\"color: #333333; text-align: center; vertical-align: middle; font-size: 1rem;\" width=\"25%\">&nbsp;<\/td>\n<td style=\"color: #333333; text-align: center; vertical-align: middle; font-size: 1rem;\" width=\"25%\">&nbsp;<\/td>\n<\/tr>\n<tr bgcolor=\"#FFFFFF;\">\n<td style=\"color: #333333; text-align: left; vertical-align: middle; font-size: 1rem;\">Total budget primitif<\/td>\n<td style=\"color: #333333; text-align: right; vertical-align: middle; font-size: 1rem;\">1 471 087,79<\/td>\n<td style=\"color: #333333; text-align: center; vertical-align: middle; font-size: 1rem;\">&nbsp;<\/td>\n<\/tr>\n<tr bgcolor=\"#FFFFFF;\">\n<td style=\"color: #333333; text-align: left; vertical-align: middle; font-size: 1rem;\">Total DM<\/td>\n<td style=\"color: #333333; text-align: right; vertical-align: middle; font-size: 1rem;\">76 775,50<\/td>\n<td style=\"color: #333333; text-align: center; vertical-align: middle; font-size: 1rem;\">&nbsp;<\/td>\n<\/tr>\n<tr bgcolor=\"#FFFFFF;\">\n<td style=\"color: #333333; text-align: left; vertical-align: middle; font-size: 1rem;\">Total budget vot\u00e9<\/td>\n<td style=\"color: #333333; text-align: right; vertical-align: middle; font-size: 1rem;\">1 547 863,29<\/td>\n<td style=\"color: #333333; text-align: center; vertical-align: middle; font-size: 1rem;\">&nbsp;<\/td>\n<\/tr>\n<tr bgcolor=\"#FFFFFF;\">\n<td style=\"color: #333333; text-align: left; vertical-align: middle; font-size: 1rem;\">25% du budget vot\u00e9<\/td>\n<td style=\"color: #333333; text-align: right; vertical-align: middle; font-size: 1rem;\">386 965,82<\/td>\n<td style=\"color: #333333; text-align: center; vertical-align: middle; font-size: 1rem;\">&nbsp;<\/td>\n<\/tr>\n<tr bgcolor=\"#000000;\">\n<td style=\"color: #ffffff; text-align: left; vertical-align: middle; font-size: 1rem;\">25% chapitres 20, 204, 21, 23, 27, 041<\/td>\n<td style=\"color: #ffffff; text-align: right; vertical-align: middle; font-size: 1rem;\"><strong>358 215,83<\/strong><\/td>\n<td rowspan=\"7\" style=\"color: #ffffff; text-align: center; vertical-align: middle; font-size: 1rem;\"><strong>doit appara\u00eetre dans le corps de la d\u00e9lib\u00e9ration<\/strong><\/td>\n<\/tr>\n<tr bgcolor=\"#000000;\">\n<td style=\"color: #ffffff; text-align: right; vertical-align: middle; font-size: 1rem;\">soit chapitres 20<\/td>\n<td style=\"color: #ffffff; text-align: right; vertical-align: middle; font-size: 1rem;\">8 000,00<\/td>\n<\/tr>\n<tr bgcolor=\"#000000;\">\n<td style=\"color: #ffffff; text-align: right; vertical-align: middle; font-size: 1rem;\">soit chapitres 204<\/td>\n<td style=\"color: #ffffff; text-align: right; vertical-align: middle; font-size: 1rem;\">775,00<\/td>\n<\/tr>\n<tr bgcolor=\"#000000;\">\n<td style=\"color: #ffffff; text-align: right; vertical-align: middle; font-size: 1rem;\">soit chapitres 21<\/td>\n<td style=\"color: #ffffff; text-align: right; vertical-align: middle; font-size: 1rem;\">223016,45<\/td>\n<\/tr>\n<tr bgcolor=\"#000000;\">\n<td style=\"color: #ffffff; text-align: right; vertical-align: middle; font-size: 1rem;\">soit chapitres 23<\/td>\n<td style=\"color: #ffffff; text-align: right; vertical-align: middle; font-size: 1rem;\">123 844,38<\/td>\n<\/tr>\n<tr bgcolor=\"#000000;\">\n<td style=\"color: #ffffff; text-align: right; vertical-align: middle; font-size: 1rem;\">soit chapitres 27<\/td>\n<td style=\"color: #ffffff; text-align: right; vertical-align: middle; font-size: 1rem;\">2 250,00<\/td>\n<\/tr>\n<tr bgcolor=\"#000000;\">\n<td style=\"color: #ffffff; text-align: right; vertical-align: middle; font-size: 1rem;\">soit chapitres 041<\/td>\n<td style=\"color: #ffffff; text-align: right; vertical-align: middle; font-size: 1rem;\">330,00<\/td>\n<\/tr>\n<tr bgcolor=\"#FFFFFF;\">\n<td style=\"color: #333333; text-align: left; vertical-align: middle; font-size: 1rem;\">&nbsp;<\/td>\n<td style=\"color: #333333; text-align: right; vertical-align: middle; font-size: 1rem;\">358 215,83<\/td>\n<td style=\"color: #333333; text-align: center; vertical-align: middle; font-size: 1rem;\">&nbsp;<\/td>\n<\/tr>\n<\/tbody>\n<\/table>\n<p>--><\/p><div id=\"CM10122024Douze\" style=\"color: #333333;\"><strong><u>12 &#8211; D\u00e9lib\u00e9ration tableau des effectifs au 11 d\u00e9cembre 2024<\/u><\/strong><\/div><p style=\"color: #333333; padding-left: 40px; text-align: justify;\"><em>Monsieur le Maire expose qu\u2019il appartient \u00e0 l\u2019organe d\u00e9lib\u00e9rant de la collectivit\u00e9 sur proposition de l\u2019autorit\u00e9 territoriale, de fixer les effectifs des emplois permanents n\u00e9cessaires au fonctionnement des services.<br \/>Consid\u00e9rant la loi n\u00b083-634 du 13 juillet 1983 modifi\u00e9e portant droits et obligations des fonctionnaires ;<br \/>Consid\u00e9rant la loi n\u00b084-53 du 26 janvier 1984 modifi\u00e9e portant dispositions statutaires relatives \u00e0 la fonction publique territoriale ;<br \/>Consid\u00e9rant les d\u00e9crets portant statuts particuliers des cadres d\u2019emplois et organisant les grades s\u2019y rapportant, pris en application de l\u2019article 4 de la loi n\u00b0 84-53 du 26 janvier 1984 modifi\u00e9e ;<br \/>Vu les d\u00e9lib\u00e9ration n\u00b02024-06-06-D13 relative au tableau des effectifs des emplois permanents au 06 JUIN 2024;<\/em><\/p><table width=\"100%\" align=\"center\" bgcolor=\"#EEEEEE\"><tbody><tr><td style=\"color: #333333; text-align: center; vertical-align: middle;\" width=\"5%\">\u00a0<\/td><td style=\"color: #333333; text-align: center; vertical-align: middle; webkit-transform: rotate(270deg); moz-transform: rotate(270deg); ms-transform: rotate(270deg);\" width=\"10%\"><strong>Cat\u00e9gorie<\/strong><\/td><td style=\"color: #333333; text-align: center; vertical-align: middle; webkit-transform: rotate(270deg); moz-transform: rotate(270deg); ms-transform: rotate(270deg);\" width=\"15%\"><strong>Cadre<\/strong><\/td><td style=\"color: #333333; text-align: center; vertical-align: middle;\" width=\"30%\"><strong>Grade \/ Emploi<\/strong><\/td><td style=\"color: #333333; text-align: center; vertical-align: middle; webkit-transform: rotate(270deg); moz-transform: rotate(270deg); ms-transform: rotate(270deg);\" width=\"10%\"><strong>Dur\u00e9e hebdomadaire<\/strong><\/td><td style=\"color: #ee0700; text-align: center; vertical-align: middle;\" width=\"10%\"><strong>Total des postes au 06\/06\/2024<\/strong><\/td><td style=\"color: #333333; text-align: center; vertical-align: middle; webkit-transform: rotate(270deg); moz-transform: rotate(270deg); ms-transform: rotate(270deg);\" width=\"10%\"><strong>Emplois pourvus<\/strong><\/td><td style=\"color: #ee0700; text-align: center; vertical-align: middle;\" width=\"10%\"><strong>Total des postes au 10\/12\/2024<\/strong><\/td><td style=\"color: #333333; text-align: center; vertical-align: middle; webkit-transform: rotate(270deg); moz-transform: rotate(270deg); ms-transform: rotate(270deg);\" width=\"10%\"><strong>Emplois pourvus<\/strong><\/td><\/tr><tr bgcolor=\"#CCCCCC\"><td style=\"color: #333333;\" colspan=\"5\"><strong>Emplois de cabinet<\/strong><\/td><td style=\"color: #333333; text-align: center;\">0<\/td><td style=\"color: #333333; text-align: center;\">0<\/td><td style=\"color: #333333; text-align: center;\">0<\/td><td style=\"color: #333333; text-align: center;\">0<\/td><\/tr><tr><td colspan=\"3\">\u00a0<\/td><td style=\"color: #333333;\">Collaborateur de cabinet<\/td><td style=\"color: #333333; text-align: center;\">XXX<\/td><td style=\"color: #333333; text-align: center;\">0<\/td><td style=\"color: #333333; text-align: center;\">0<\/td><td style=\"color: #333333; text-align: center;\">0<\/td><td style=\"color: #333333; text-align: center;\">0<\/td><\/tr><tr bgcolor=\"#CCCCCC\"><td style=\"color: #333333;\" colspan=\"5\"><strong>Emplois fonctionnels<\/strong><\/td><td style=\"color: #333333; text-align: center;\">1<\/td><td style=\"color: #333333; text-align: center;\">1<\/td><td style=\"color: #333333; text-align: center;\">1<\/td><td style=\"color: #333333; text-align: center;\">1<\/td><\/tr><tr><td colspan=\"3\">\u00a0<\/td><td style=\"color: #333333;\">Directeur G\u00e9n\u00e9ral des Services<\/td><td style=\"color: #333333; text-align: center;\">35\/35<\/td><td style=\"color: #333333; text-align: center;\">1<\/td><td style=\"color: #333333; text-align: center;\">1<\/td><td style=\"color: #333333; text-align: center;\">1<\/td><td style=\"color: #333333; text-align: center;\">1<\/td><\/tr><tr><td colspan=\"3\">\u00a0<\/td><td style=\"color: #333333;\">Directeur G\u00e9n\u00e9ral Adjoint des Services<\/td><td style=\"color: #333333; text-align: center;\">XXX<\/td><td style=\"color: #333333; text-align: center;\">0<\/td><td style=\"color: #333333; text-align: center;\">0<\/td><td style=\"color: #333333; text-align: center;\">0<\/td><td style=\"color: #333333; text-align: center;\">0<\/td><\/tr><tr bgcolor=\"#CCCCCC\"><td style=\"color: #333333;\" colspan=\"5\"><strong>Fili\u00e8re administrative<\/strong><\/td><td style=\"color: #333333; text-align: center;\">12<\/td><td style=\"color: #333333; text-align: center;\">7<\/td><td style=\"color: #333333; text-align: center;\">12<\/td><td style=\"color: #333333; text-align: center;\">7<\/td><\/tr><tr><td>\u00a0<\/td><td style=\"color: #333333; text-align: center;\"><strong>A<\/strong><\/td><td colspan=\"5\"><strong>Attach\u00e9s territoriaux<\/strong><\/td><\/tr><tr><td colspan=\"3\">\u00a0<\/td><td style=\"color: #333333;\">Attach\u00e9 hors classe<\/td><td style=\"color: #333333; text-align: center;\">XXX<\/td><td style=\"color: #333333; text-align: center;\">0<\/td><td style=\"color: #333333; text-align: center;\">0<\/td><td style=\"color: #333333; text-align: center;\">0<\/td><td style=\"color: #333333; text-align: center;\">0<\/td><\/tr><tr><td colspan=\"3\">\u00a0<\/td><td style=\"color: #333333;\">Attach\u00e9 principal<\/td><td style=\"color: #333333; text-align: center;\">XXX<\/td><td style=\"color: #333333; text-align: center;\">0<\/td><td style=\"color: #333333; text-align: center;\">0<\/td><td style=\"color: #333333; text-align: center;\">0<\/td><td style=\"color: #333333; text-align: center;\">0<\/td><\/tr><tr><td colspan=\"3\">\u00a0<\/td><td style=\"color: #333333;\">Attach\u00e9<\/td><td style=\"color: #333333; text-align: center;\">35\/35<\/td><td style=\"color: #333333; text-align: center;\">2<\/td><td style=\"color: #333333; text-align: center;\">1<\/td><td style=\"color: #333333; text-align: center;\">2<\/td><td style=\"color: #333333; text-align: center;\">1<\/td><\/tr><tr><td>\u00a0<\/td><td style=\"color: #333333; text-align: center;\"><strong>B<\/strong><\/td><td style=\"color: #333333;\" colspan=\"5\"><strong>R\u00e9dacteurs territoriaux<\/strong><\/td><\/tr><tr><td colspan=\"3\">\u00a0<\/td><td style=\"color: #333333;\">R\u00e9dacteur principal de 1<sup>\u00e8re<\/sup> classe<\/td><td style=\"color: #333333; text-align: center;\">35\/35<\/td><td style=\"color: #333333; text-align: center;\">0<\/td><td style=\"color: #333333; text-align: center;\">0<\/td><td style=\"color: #333333; text-align: center;\">0<\/td><td style=\"color: #333333; text-align: center;\">0<\/td><\/tr><tr><td colspan=\"3\">\u00a0<\/td><td style=\"color: #333333;\">R\u00e9dacteur principal de 2<sup>\u00e8me<\/sup> classe<\/td><td style=\"color: #333333; text-align: center;\">35\/35<\/td><td style=\"color: #333333; text-align: center;\">0<\/td><td style=\"color: #333333; text-align: center;\">0<\/td><td style=\"color: #333333; text-align: center;\">0<\/td><td style=\"color: #333333; text-align: center;\">0<\/td><\/tr><tr><td colspan=\"3\">\u00a0<\/td><td style=\"color: #333333;\">R\u00e9dacteur<\/td><td style=\"color: #333333; text-align: center;\">35\/35<\/td><td style=\"color: #333333; text-align: center;\">3<\/td><td style=\"color: #333333; text-align: center;\">2<\/td><td style=\"color: #333333; text-align: center;\">3<\/td><td style=\"color: #333333; text-align: center;\">2<\/td><\/tr><tr><td>\u00a0<\/td><td style=\"color: #333333; text-align: center;\"><strong>C<\/strong><\/td><td style=\"color: #333333;\" colspan=\"5\"><strong>Adjoints administratifs territoriaux<\/strong><\/td><\/tr><tr><td colspan=\"3\">\u00a0<\/td><td style=\"color: #333333;\">Adjoint administratif principal de 1<sup>\u00e8re<\/sup> classe<\/td><td style=\"color: #333333; text-align: center;\">35\/35<\/td><td style=\"color: #333333; text-align: center;\">2<\/td><td style=\"color: #333333; text-align: center;\">1<\/td><td style=\"color: #333333; text-align: center;\">2<\/td><td style=\"color: #333333; text-align: center;\">1<\/td><\/tr><tr><td colspan=\"3\">\u00a0<\/td><td style=\"color: #333333;\">Adjoint administratif principal 1<sup>\u00e8re<\/sup> classe<\/td><td style=\"color: #333333; text-align: center;\">28\/35<\/td><td style=\"color: #333333; text-align: center;\">0<\/td><td style=\"color: #333333; text-align: center;\">0<\/td><td style=\"color: #333333; text-align: center;\">0<\/td><td style=\"color: #333333; text-align: center;\">0<\/td><\/tr><tr><td colspan=\"3\">\u00a0<\/td><td style=\"color: #333333;\">Adjoint administratif principal de 2<sup>\u00e8me<\/sup> classe<\/td><td style=\"color: #333333; text-align: center;\">35\/35<\/td><td style=\"color: #333333; text-align: center;\">2<\/td><td style=\"color: #333333; text-align: center;\">1<\/td><td style=\"color: #333333; text-align: center;\">2<\/td><td style=\"color: #333333; text-align: center;\">1<\/td><\/tr><tr><td colspan=\"3\">\u00a0<\/td><td style=\"color: #333333;\">Adjoint administratif principal de 2<sup>\u00e8me<\/sup> classe<\/td><td style=\"color: #333333; text-align: center;\">28\/35<\/td><td style=\"color: #333333; text-align: center;\">0<\/td><td style=\"color: #333333; text-align: center;\">0<\/td><td style=\"color: #333333; text-align: center;\">0<\/td><td style=\"color: #333333; text-align: center;\">0<\/td><\/tr><tr><td colspan=\"3\">\u00a0<\/td><td style=\"color: #333333;\">Adjoint administratif<\/td><td style=\"color: #333333; text-align: center;\">35\/35<\/td><td style=\"color: #333333; text-align: center;\">2<\/td><td style=\"color: #333333; text-align: center;\">1<\/td><td style=\"color: #333333; text-align: center;\">2<\/td><td style=\"color: #333333; text-align: center;\">1<\/td><\/tr><tr><td colspan=\"3\">\u00a0<\/td><td style=\"color: #333333;\">Adjoint administratif<\/td><td style=\"color: #333333; text-align: center;\">28\/35<\/td><td style=\"color: #333333; text-align: center;\">1<\/td><td style=\"color: #333333; text-align: center;\">1<\/td><td style=\"color: #333333; text-align: center;\">1<\/td><td style=\"color: #333333; text-align: center;\">1<\/td><\/tr><tr><td colspan=\"3\">\u00a0<\/td><td style=\"color: #333333;\">Adjoint administratif<\/td><td style=\"color: #333333; text-align: center;\">XXX<\/td><td style=\"color: #333333; text-align: center;\">0<\/td><td style=\"color: #333333; text-align: center;\">0<\/td><td style=\"color: #333333; text-align: center;\">0<\/td><td style=\"color: #333333; text-align: center;\">0<\/td><\/tr><tr bgcolor=\"#CCCCCC\"><td style=\"color: #333333;\" colspan=\"5\"><strong>Fili\u00e8re technique<\/strong><\/td><td style=\"color: #333333; text-align: center;\">33<\/td><td style=\"color: #333333; text-align: center;\">19<\/td><td style=\"color: #333333; text-align: center;\">33<\/td><td style=\"color: #333333; text-align: center;\">19<\/td><\/tr><tr><td>\u00a0<\/td><td style=\"color: #333333; text-align: center;\"><strong>B<\/strong><\/td><td style=\"color: #333333;\" colspan=\"5\"><strong>Technicien territorial<\/strong><\/td><\/tr><tr><td colspan=\"3\">\u00a0<\/td><td style=\"color: #333333;\">Technicien principal de 2<sup>\u00e8me<\/sup> classe<\/td><td style=\"color: #333333; text-align: center;\">XXX<\/td><td style=\"color: #333333; text-align: center;\">0<\/td><td style=\"color: #333333; text-align: center;\">0<\/td><td style=\"color: #333333; text-align: center;\">0<\/td><td style=\"color: #333333; text-align: center;\">0<\/td><\/tr><tr><td colspan=\"3\">\u00a0<\/td><td style=\"color: #333333;\">Technicien<\/td><td style=\"color: #333333; text-align: center;\">35\/35<\/td><td style=\"color: #333333; text-align: center;\">1<\/td><td style=\"color: #333333; text-align: center;\">0<\/td><td style=\"color: #333333; text-align: center;\">1<\/td><td style=\"color: #333333; text-align: center;\">0<\/td><\/tr><tr><td>\u00a0<\/td><td style=\"color: #333333; text-align: center;\"><strong>C<\/strong><\/td><td style=\"color: #333333;\" colspan=\"5\"><strong>Agent de ma\u00eetrise territorial<\/strong><\/td><\/tr><tr><td colspan=\"3\">\u00a0<\/td><td style=\"color: #333333;\">Agent de ma\u00eetrise principal<\/td><td style=\"color: #333333; text-align: center;\">35\/35<\/td><td style=\"color: #333333; text-align: center;\">2<\/td><td style=\"color: #333333; text-align: center;\">0<\/td><td style=\"color: #ee0700; text-align: center;\">2<\/td><td style=\"color: #333333; text-align: center;\">0<\/td><\/tr><tr><td colspan=\"3\">\u00a0<\/td><td style=\"color: #333333;\">Agent de ma\u00eetrise<\/td><td style=\"color: #333333; text-align: center;\">35\/35<\/td><td style=\"color: #333333; text-align: center;\">2<\/td><td style=\"color: #333333; text-align: center;\">2<\/td><td style=\"color: #333333; text-align: center;\">2<\/td><td style=\"color: #333333; text-align: center;\">2<\/td><\/tr><tr><td>\u00a0<\/td><td style=\"color: #333333; text-align: center;\"><strong>C<\/strong><\/td><td style=\"color: #333333;\" colspan=\"5\"><strong>Adjoint technique territorial<\/strong><\/td><\/tr><tr><td colspan=\"3\">\u00a0<\/td><td style=\"color: #333333;\">Adjoint technique principal de 1<sup>\u00e8re<\/sup> classe<\/td><td style=\"color: #333333; text-align: center;\">35\/35<\/td><td style=\"color: #333333; text-align: center;\">1<\/td><td style=\"color: #333333; text-align: center;\">0<\/td><td style=\"color: #333333; text-align: center;\">1<\/td><td style=\"color: #333333; text-align: center;\">0<\/td><\/tr><tr><td colspan=\"3\">\u00a0<\/td><td style=\"color: #333333;\">Adjoint technique principal de 2<sup>\u00e8me<\/sup> classe<\/td><td style=\"color: #333333; text-align: center;\">35\/35<\/td><td style=\"color: #333333; text-align: center;\">2<\/td><td style=\"color: #333333; text-align: center;\">1<\/td><td style=\"color: #333333; text-align: center;\">2<\/td><td style=\"color: #333333; text-align: center;\">1<\/td><\/tr><tr><td colspan=\"3\">\u00a0<\/td><td style=\"color: #333333;\">Adjoint technique<\/td><td style=\"color: #333333; text-align: center;\">35\/35<\/td><td style=\"color: #333333; text-align: center;\">9<\/td><td style=\"color: #333333; text-align: center;\">6<\/td><td style=\"color: #333333; text-align: center;\">9<\/td><td style=\"color: #333333; text-align: center;\">6<\/td><\/tr><tr><td colspan=\"3\">\u00a0<\/td><td style=\"color: #333333;\">Adjoint technique<\/td><td style=\"color: #333333; text-align: center;\">32\/35<\/td><td style=\"color: #333333; text-align: center;\">0<\/td><td style=\"color: #333333; text-align: center;\">0<\/td><td style=\"color: #333333; text-align: center;\">0<\/td><td style=\"color: #333333; text-align: center;\">0<\/td><\/tr><tr><td colspan=\"3\">\u00a0<\/td><td style=\"color: #333333;\">Adjoint technique<\/td><td style=\"color: #333333; text-align: center;\">28\/35<\/td><td style=\"color: #333333; text-align: center;\">3<\/td><td style=\"color: #333333; text-align: center;\">2<\/td><td style=\"color: #333333; text-align: center;\">3<\/td><td style=\"color: #333333; text-align: center;\">2<\/td><\/tr><tr><td colspan=\"3\">\u00a0<\/td><td style=\"color: #333333;\">Adjoint technique<\/td><td style=\"color: #333333; text-align: center;\">20\/35<\/td><td style=\"color: #333333; text-align: center;\">7<\/td><td style=\"color: #333333; text-align: center;\">5<\/td><td style=\"color: #333333; text-align: center;\">7<\/td><td style=\"color: #333333; text-align: center;\">5<\/td><\/tr><tr><td colspan=\"3\">\u00a0<\/td><td style=\"color: #333333;\">Adjoint technique<\/td><td style=\"color: #333333; text-align: center;\">17\/35<\/td><td style=\"color: #333333; text-align: center;\">6<\/td><td style=\"color: #333333; text-align: center;\">3<\/td><td style=\"color: #333333; text-align: center;\">6<\/td><td style=\"color: #333333; text-align: center;\">3<\/td><\/tr><tr bgcolor=\"#CCCCCC\"><td style=\"color: #333333;\" colspan=\"5\"><strong>Fili\u00e8re sportive<\/strong><\/td><td style=\"color: #333333; text-align: center;\">1<\/td><td style=\"color: #333333; text-align: center;\">1<\/td><td style=\"color: #333333; text-align: center;\">1<\/td><td style=\"color: #333333; text-align: center;\">1<\/td><\/tr><tr><td>\u00a0<\/td><td style=\"color: #333333; text-align: center;\"><strong>B<\/strong><\/td><td style=\"color: #333333;\" colspan=\"5\"><strong>\u00c9ducateur territorial des activit\u00e9s physiques et sportives<\/strong><\/td><\/tr><tr><td colspan=\"3\">\u00a0<\/td><td style=\"color: #333333;\">\u00c9ducateur des APS principal de 1<sup>\u00e8re<\/sup> classe<\/td><td style=\"color: #333333; text-align: center;\">35\/35<\/td><td style=\"color: #333333; text-align: center;\">1<\/td><td style=\"color: #333333; text-align: center;\">1<\/td><td style=\"color: #333333; text-align: center;\">1<\/td><td style=\"color: #333333; text-align: center;\">1<\/td><\/tr><tr><td colspan=\"3\">\u00a0<\/td><td style=\"color: #333333;\">\u00c9ducateur des APS<\/td><td style=\"color: #333333; text-align: center;\">XXX<\/td><td style=\"color: #333333; text-align: center;\">0<\/td><td style=\"color: #333333; text-align: center;\">0<\/td><td style=\"color: #333333; text-align: center;\">0<\/td><td style=\"color: #333333; text-align: center;\">0<\/td><\/tr><tr bgcolor=\"#CCCCCC\"><td style=\"color: #333333;\" colspan=\"5\"><strong>Fili\u00e8re animation<\/strong><\/td><td style=\"color: #333333; text-align: center;\">8<\/td><td style=\"color: #333333; text-align: center;\">5<\/td><td style=\"color: #333333; text-align: center;\">8<\/td><td style=\"color: #333333; text-align: center;\">5<\/td><\/tr><tr><td>\u00a0<\/td><td style=\"color: #333333; text-align: center;\"><strong>B<\/strong><\/td><td style=\"color: #333333;\" colspan=\"5\"><strong>Animateur territorial<\/strong><\/td><\/tr><tr><td colspan=\"3\">\u00a0<\/td><td style=\"color: #333333;\">Animateur principal de 1<sup>\u00e8re<\/sup> classe<\/td><td style=\"color: #333333; text-align: center;\">35\/35<\/td><td style=\"color: #333333; text-align: center;\">0<\/td><td style=\"color: #333333; text-align: center;\">0<\/td><td style=\"color: #333333; text-align: center;\">0<\/td><td style=\"color: #333333; text-align: center;\">0<\/td><\/tr><tr><td colspan=\"3\">\u00a0<\/td><td style=\"color: #333333;\">Animateur principal de 2<sup>\u00e8me<\/sup> classe<\/td><td style=\"color: #333333; text-align: center;\">35\/35<\/td><td style=\"color: #333333; text-align: center;\">1<\/td><td style=\"color: #333333; text-align: center;\">1<\/td><td style=\"color: #333333; text-align: center;\">1<\/td><td style=\"color: #333333; text-align: center;\">1<\/td><\/tr><tr><td colspan=\"3\">\u00a0<\/td><td style=\"color: #333333;\">Animateur<\/td><td style=\"color: #333333; text-align: center;\">35\/35<\/td><td style=\"color: #333333; text-align: center;\">1<\/td><td style=\"color: #333333; text-align: center;\">0<\/td><td style=\"color: #333333; text-align: center;\">1<\/td><td style=\"color: #333333; text-align: center;\">0<\/td><\/tr><tr><td>\u00a0<\/td><td style=\"color: #333333; text-align: center;\"><strong>C<\/strong><\/td><td style=\"color: #333333;\" colspan=\"5\"><strong>Adjoint territorial d&#8217;animation<\/strong><\/td><\/tr><tr><td colspan=\"3\">\u00a0<\/td><td style=\"color: #333333;\">Adjoint d&#8217;animation principal de 1<sup>\u00e8re<\/sup> classe<\/td><td style=\"color: #333333; text-align: center;\">XXX<\/td><td style=\"color: #333333; text-align: center;\">0<\/td><td style=\"color: #333333; text-align: center;\">0<\/td><td style=\"color: #333333; text-align: center;\">0<\/td><td style=\"color: #333333; text-align: center;\">0<\/td><\/tr><tr><td colspan=\"3\">\u00a0<\/td><td style=\"color: #333333;\">Adjoint d&#8217;animation principal de 2<sup>\u00e8me<\/sup> classe<\/td><td style=\"color: #333333; text-align: center;\">XXX<\/td><td style=\"color: #333333; text-align: center;\">0<\/td><td style=\"color: #333333; text-align: center;\">0<\/td><td style=\"color: #333333; text-align: center;\">0<\/td><td style=\"color: #333333; text-align: center;\">0<\/td><\/tr><tr><td colspan=\"3\">\u00a0<\/td><td style=\"color: #333333;\">Adjoint d&#8217;animation<\/td><td style=\"color: #333333; text-align: center;\">35\/35<\/td><td style=\"color: #333333; text-align: center;\">3<\/td><td style=\"color: #333333; text-align: center;\">2<\/td><td style=\"color: #333333; text-align: center;\">3<\/td><td style=\"color: #333333; text-align: center;\">3<\/td><\/tr><tr><td colspan=\"3\">\u00a0<\/td><td style=\"color: #333333;\">Adjoint d&#8217;animation<\/td><td style=\"color: #333333; text-align: center;\">28\/35<\/td><td style=\"color: #333333; text-align: center;\">1<\/td><td style=\"color: #333333; text-align: center;\">1<\/td><td style=\"color: #333333; text-align: center;\">1<\/td><td style=\"color: #333333; text-align: center;\">0<\/td><\/tr><tr><td colspan=\"3\">\u00a0<\/td><td style=\"color: #333333;\">Adjoint d&#8217;animation<\/td><td style=\"color: #333333; text-align: center;\">8\/35<\/td><td style=\"color: #333333; text-align: center;\">2<\/td><td style=\"color: #333333; text-align: center;\">1<\/td><td style=\"color: #333333; text-align: center;\">2<\/td><td style=\"color: #333333; text-align: center;\">1<\/td><\/tr><tr bgcolor=\"#CCCCCC\"><td style=\"color: #333333;\" colspan=\"5\"><strong>Fili\u00e8re culturelle \/ Enseignement artistique<\/strong><\/td><td style=\"color: #333333; text-align: center;\">5<\/td><td style=\"color: #333333; text-align: center;\">0<\/td><td style=\"color: #333333; text-align: center;\">5<\/td><td style=\"color: #333333; text-align: center;\">5<\/td><\/tr><tr><td>\u00a0<\/td><td style=\"color: #333333; text-align: center;\"><strong>B<\/strong><\/td><td style=\"color: #333333;\" colspan=\"5\"><strong>Assistant territorial d&#8217;enseignement artistique<\/strong><\/td><\/tr><tr><td colspan=\"3\">\u00a0<\/td><td style=\"color: #333333;\">Assistant d\u2019enseignement artistique 2<sup>nde<\/sup> classe (Musique)<\/td><td style=\"color: #333333; text-align: center;\">3,5\/20<\/td><td style=\"color: #333333; text-align: center;\">1<\/td><td style=\"color: #333333; text-align: center;\">0<\/td><td style=\"color: #333333; text-align: center;\">1<\/td><td style=\"color: #333333; text-align: center;\">1<\/td><\/tr><tr><td colspan=\"3\">\u00a0<\/td><td style=\"color: #333333;\">Assistant d\u2019enseignement artistique (Musique)<\/td><td style=\"color: #333333; text-align: center;\">4,5\/20<\/td><td style=\"color: #333333; text-align: center;\">1<\/td><td style=\"color: #333333; text-align: center;\">0<\/td><td style=\"color: #333333; text-align: center;\">1<\/td><td style=\"color: #333333; text-align: center;\">1<\/td><\/tr><tr><td colspan=\"3\">\u00a0<\/td><td style=\"color: #333333;\">Assistant d\u2019enseignement artistique (Musique)<\/td><td style=\"color: #333333; text-align: center;\">1\/20<\/td><td style=\"color: #333333; text-align: center;\">1<\/td><td style=\"color: #333333; text-align: center;\">0<\/td><td style=\"color: #333333; text-align: center;\">1<\/td><td style=\"color: #333333; text-align: center;\">1<\/td><\/tr><tr><td colspan=\"3\">\u00a0<\/td><td style=\"color: #333333;\">Assistant d\u2019enseignement artistique (Musique)<\/td><td style=\"color: #333333; text-align: center;\">5\/20<\/td><td style=\"color: #333333; text-align: center;\">1<\/td><td style=\"color: #333333; text-align: center;\">0<\/td><td style=\"color: #333333; text-align: center;\">1<\/td><td style=\"color: #333333; text-align: center;\">1<\/td><\/tr><tr><td colspan=\"3\">\u00a0<\/td><td style=\"color: #333333;\">Assistant d\u2019enseignement artistique (Danse)<\/td><td style=\"color: #333333; text-align: center;\">6\/20<\/td><td style=\"color: #333333; text-align: center;\">1<\/td><td style=\"color: #333333; text-align: center;\">0<\/td><td style=\"color: #333333; text-align: center;\">1<\/td><td style=\"color: #333333; text-align: center;\">1<\/td><\/tr><tr bgcolor=\"#CCCCCC\"><td style=\"color: #333333;\" colspan=\"5\"><strong>Fili\u00e8re culturelle \/ Patrimoine et biblioth\u00e8que<\/strong><\/td><td style=\"color: #333333; text-align: center;\">1<\/td><td style=\"color: #333333; text-align: center;\">1<\/td><td style=\"color: #333333; text-align: center;\">1<\/td><td style=\"color: #333333; text-align: center;\">1<\/td><\/tr><tr><td>\u00a0<\/td><td style=\"color: #333333; text-align: center;\"><strong>C<\/strong><\/td><td style=\"color: #333333;\" colspan=\"5\"><strong>Adjoint territorial du patrimoine<\/strong><\/td><\/tr><tr><td colspan=\"3\">\u00a0<\/td><td style=\"color: #333333;\">Adjoint du patrimoine principal de 1<sup>\u00e8re<\/sup> classe<\/td><td style=\"color: #333333; text-align: center;\">XXX<\/td><td style=\"color: #333333; text-align: center;\">0<\/td><td style=\"color: #333333; text-align: center;\">0<\/td><td style=\"color: #333333; text-align: center;\">0<\/td><td style=\"color: #333333; text-align: center;\">0<\/td><\/tr><tr><td colspan=\"3\">\u00a0<\/td><td style=\"color: #333333;\">Adjoint du patrimoine principal de 2<sup>\u00e8me<\/sup> classe<\/td><td style=\"color: #333333; text-align: center;\">35\/35<\/td><td style=\"color: #333333; text-align: center;\">0<\/td><td style=\"color: #333333; text-align: center;\">0<\/td><td style=\"color: #333333; text-align: center;\">0<\/td><td style=\"color: #333333; text-align: center;\">0<\/td><\/tr><tr><td colspan=\"3\">\u00a0<\/td><td style=\"color: #333333;\">Adjoint du patrimoine<\/td><td style=\"color: #333333; text-align: center;\">35\/35<\/td><td style=\"color: #333333; text-align: center;\">1<\/td><td style=\"color: #333333; text-align: center;\">1<\/td><td style=\"color: #333333; text-align: center;\">1<\/td><td style=\"color: #333333; text-align: center;\">1<\/td><\/tr><tr><td colspan=\"3\">\u00a0<\/td><td style=\"color: #333333;\">Adjoint du patrimoine<\/td><td style=\"color: #333333; text-align: center;\">20\/35<\/td><td style=\"color: #333333; text-align: center;\">0<\/td><td style=\"color: #333333; text-align: center;\">0<\/td><td style=\"color: #333333; text-align: center;\">0<\/td><td style=\"color: #333333; text-align: center;\">0<\/td><\/tr><tr bgcolor=\"#CCCCCC\"><td style=\"color: #333333;\" colspan=\"5\"><strong>Fili\u00e8re M\u00e9dico-sociale \/ secteur m\u00e9dico-social<\/strong><\/td><td style=\"color: #333333; text-align: center;\">5<\/td><td style=\"color: #333333; text-align: center;\">2<\/td><td style=\"color: #333333; text-align: center;\">5<\/td><td style=\"color: #333333; text-align: center;\">2<\/td><\/tr><tr><td>\u00a0<\/td><td style=\"color: #333333; text-align: center;\"><strong>C<\/strong><\/td><td style=\"color: #333333;\" colspan=\"5\"><strong>Agent territorial sp\u00e9cialis\u00e9 des \u00e9coles maternelles (ATSEM)<\/strong><\/td><\/tr><tr><td colspan=\"3\">\u00a0<\/td><td style=\"color: #333333;\">Agent sp\u00e9cialis\u00e9 principal de 1<sup>\u00e8re<\/sup> classe des \u00e9coles maternelles<\/td><td style=\"color: #333333; text-align: center;\">35\/35<\/td><td style=\"color: #333333; text-align: center;\">2<\/td><td style=\"color: #333333; text-align: center;\">0<\/td><td style=\"color: #333333; text-align: center;\">2<\/td><td style=\"color: #333333; text-align: center;\">0<\/td><\/tr><tr><td colspan=\"3\">\u00a0<\/td><td style=\"color: #333333;\">Agent sp\u00e9cialis\u00e9 principal de 2<sup>\u00e8me<\/sup> classe des \u00e9coles maternelles<\/td><td style=\"color: #333333; text-align: center;\">35\/35<\/td><td style=\"color: #333333; text-align: center;\">3<\/td><td style=\"color: #333333; text-align: center;\">2<\/td><td style=\"color: #333333; text-align: center;\">3<\/td><td style=\"color: #333333; text-align: center;\">2<\/td><\/tr><tr bgcolor=\"#CCCCCC\"><td style=\"color: #333333;\" colspan=\"5\"><strong>Fili\u00e8re M\u00e9dico-sociale \/ secteur m\u00e9dico-technique<\/strong><\/td><td style=\"color: #333333; text-align: center;\">0<\/td><td style=\"color: #333333; text-align: center;\">0<\/td><td style=\"color: #333333; text-align: center;\">0<\/td><td style=\"color: #333333; text-align: center;\">0<\/td><\/tr><tr><td colspan=\"7\">\u00a0<\/td><\/tr><tr bgcolor=\"#CCCCCC\"><td style=\"color: #333333;\" colspan=\"5\"><strong>Fili\u00e8re Police municipale<\/strong><\/td><td style=\"color: #333333; text-align: center;\">0<\/td><td style=\"color: #333333; text-align: center;\">0<\/td><td style=\"color: #333333; text-align: center;\">0<\/td><td style=\"color: #333333; text-align: center;\">0<\/td><\/tr><tr><td colspan=\"7\">\u00a0<\/td><\/tr><tr bgcolor=\"#CCCCCC\"><td style=\"color: #333333;\" colspan=\"5\"><strong>Fili\u00e8re Sapeurs pompiers professionnels<\/strong><\/td><td style=\"color: #333333; text-align: center;\">0<\/td><td style=\"color: #333333; text-align: center;\">0<\/td><td style=\"color: #333333; text-align: center;\">0<\/td><td style=\"color: #333333; text-align: center;\">0<\/td><\/tr><tr><td colspan=\"7\">\u00a0<\/td><\/tr><tr bgcolor=\"#CCCCCC\"><td style=\"color: #333333;\" colspan=\"5\"><strong><big>Total des effectifs<\/big><\/strong><\/td><td style=\"color: #333333; text-align: center;\"><strong><big>66<\/big><\/strong><\/td><td style=\"color: #333333; text-align: center;\"><strong><big>36<\/big><\/strong><\/td><td style=\"color: #333333; text-align: center;\"><strong><big>66<\/big><\/strong><\/td><td style=\"color: #333333; text-align: center;\"><strong><big>41<\/big><\/strong><\/td><\/tr><\/tbody><\/table><p style=\"color: #333333;\"><strong>Le Conseil Municipal, apr\u00e8s en avoir d\u00e9lib\u00e9r\u00e9,<\/strong><br \/>par 21 voix pour, 0 voix contre, 0 abstention<\/p><table width=\"75%\"><tbody><tr><td style=\"color: #333333;\" width=\"25%\"><strong>APPROUVE<\/strong><\/td><td style=\"color: #333333; text-align: justify;\" width=\"75%\">la mise \u00e0 jour du tableau des emplois permanents de la collectivit\u00e9 \u00e0 compter du 11 DECEMBRE 2024 (ci-annex\u00e9 CI DESSUS).<\/td><\/tr><tr><td style=\"color: #333333;\"><strong>ET DIT<\/strong><\/td><td style=\"color: #333333; text-align: justify;\">que les cr\u00e9dits n\u00e9cessaires \u00e0 la r\u00e9mun\u00e9ration et aux charges sociales correspondant aux emplois et grades ainsi cr\u00e9\u00e9s sont et seront inscrits aux budgets.<\/td><\/tr><\/tbody><\/table><table align=\"right\" bgcolor=\"#EEEEEE\"><caption style=\"color: #333333; text-align: right; font-size: 0.75rem;\"><em>D\u00e9lib\u00e9ration 2024-12-10-D13<\/em><\/caption><tbody><tr><td style=\"color: #333333; text-align: left;\" width=\"25%\"><strong><u>D\u00e9cision<\/u><\/strong><\/td><td style=\"color: #333333; text-align: right;\" width=\"25%\">Pr\u00e9sent :<\/td><td style=\"color: #333333; text-align: left;\" width=\"50%\">15<\/td><\/tr><tr><td style=\"color: #333333; text-align: left;\">\u00a0<\/td><td style=\"color: #333333; text-align: right;\">Pour :<\/td><td style=\"color: #333333; text-align: left;\">21 dont 6 pouvoirs<\/td><\/tr><tr><td style=\"color: #333333; text-align: left;\">\u00a0<\/td><td style=\"color: #333333; text-align: right;\">Contre :<\/td><td style=\"color: #333333; text-align: left;\">0<\/td><\/tr><tr><td style=\"color: #333333; text-align: left;\">\u00a0<\/td><td style=\"color: #333333; text-align: right;\">Abstentions :<\/td><td style=\"color: #333333; text-align: left;\">0<\/td><\/tr><\/tbody><\/table><div id=\"CM10122024Treize\" style=\"color: #333333;\"><strong><u>13 &#8211; D\u00e9lib\u00e9ration subvention Association PACHA(T) SANS TOIT<\/u><\/strong><\/div><p style=\"color: #333333; padding-left: 40px; text-align: justify;\"><em>Madame C\u00e9line DUMAINE fait un r\u00e9capitulatif de la situation sur la commune.<br \/>La SPA intervient mais diff\u00e9remment de l\u2019association PACHA(T) SANS TOIT Cette derni\u00e8re est intervenue pour prendre en charge des chats sauvages qu\u2019ils ont st\u00e9rilis\u00e9, puc\u00e9 et remis sur leur territoire initial. Ils sont intervenus 5 fois.(R\u00e9sidence des arts et cit\u00e9 Maurice Thorez) Ils sont intervenus aussi pour un chat qui a \u00e9t\u00e9 retrouv\u00e9 mort (suspicion d\u2019empoisonnement mais apr\u00e8s autopsie il souffrait du typhus).<br \/>Cette association intervient quand la mairie est pr\u00e9venue via ma mairie en poche ou directement en mairie et pas par les r\u00e9seaux sociaux. Une publication injurieuse sur les r\u00e9seaux derri\u00e8re un pseudo ne fera pas intervenir la mairie il faut que l\u2019on soit sollicit\u00e9 officiellement.<br \/>L\u2019association finance elle-m\u00eame les interventions.<br \/>Madame St\u00e9phanie WATTIEZ lit le bilan financier de l\u2019association<br \/>Cette association est tr\u00e8s sensible \u00e0 la cause animale.<br \/>Elle r\u00e9introduit les chats st\u00e9rilis\u00e9s car si plus de chats pr\u00e9sents d\u2019autres viendront sur le secteur.<br \/>Ils communiquent beaucoup sur leurs interventions.<br \/>On peut les aider via une subvention pour qu\u2019ils puissent fonctionner correctement.<br \/>Un d\u00e9bat a lieu pour le choix du montant a attribu\u00e9.<br \/>\u2026<\/em><\/p><p style=\"color: #333333;\"><strong>Le Conseil Municipal, apr\u00e8s en avoir d\u00e9lib\u00e9r\u00e9,<\/strong><br \/>par 11 voix pour 300\u20ac, 10 voix pour 500\u20ac, 0 abstention<\/p><table width=\"75%\"><tbody><tr><td style=\"color: #333333;\" width=\"25%\"><strong>ATTRIBUE<\/strong><\/td><td style=\"color: #333333; text-align: justify;\" width=\"75%\">pour l\u2019ann\u00e9e 2024 une subvention de 300\u20ac<\/td><\/tr><tr><td style=\"color: #333333;\"><strong>DIT<\/strong><\/td><td style=\"color: #333333; text-align: justify;\">que les cr\u00e9dits n\u00e9cessaires seront inscrits au budget 2024<\/td><\/tr><\/tbody><\/table><table align=\"right\" bgcolor=\"#EEEEEE\"><caption style=\"color: #333333; text-align: right; font-size: 0.75rem;\"><em>D\u00e9lib\u00e9ration 2024-12-10-D14<\/em><\/caption><tbody><tr><td style=\"color: #333333; text-align: left;\" width=\"25%\"><strong><u>D\u00e9cision<\/u><\/strong><\/td><td style=\"color: #333333; text-align: right;\" width=\"25%\">Pr\u00e9sent :<\/td><td style=\"color: #333333; text-align: left;\" width=\"50%\">15<\/td><\/tr><tr><td style=\"color: #333333; text-align: left;\">\u00a0<\/td><td style=\"color: #333333; text-align: right;\">Pour :<\/td><td style=\"color: #333333; text-align: left;\">11 dont pouvoirs<\/td><\/tr><tr><td style=\"color: #333333; text-align: left;\">\u00a0<\/td><td style=\"color: #333333; text-align: right;\">Contre :<\/td><td style=\"color: #333333; text-align: left;\">\u00a0<\/td><\/tr><tr><td style=\"color: #333333; text-align: left;\">\u00a0<\/td><td style=\"color: #333333; text-align: right;\">Abstentions :<\/td><td style=\"color: #333333; text-align: left;\">0<\/td><\/tr><\/tbody><\/table><div id=\"CM10122024Quatorze\" style=\"color: #333333;\"><strong><u>14 &#8211; D\u00e9lib\u00e9ration subvention Association Amicale du personnel pour 2025<\/u><\/strong><\/div><p style=\"color: #333333;\"><strong>Le Conseil Municipal, apr\u00e8s en avoir d\u00e9lib\u00e9r\u00e9,<\/strong><br \/>par 21 voix pour, voix contre, abstention<\/p><table width=\"75%\"><tbody><tr><td style=\"color: #333333;\" width=\"25%\"><strong>ATTRIBUE<\/strong><\/td><td style=\"color: #333333; text-align: justify;\" width=\"75%\">pour l\u2019ann\u00e9e 2025 une subvention de 20 000 \u20ac \u00e0 l\u2019Amicale du Personnel Communal.<\/td><\/tr><tr><td style=\"color: #333333;\"><strong>DIT<\/strong><\/td><td style=\"color: #333333; text-align: justify;\">que les cr\u00e9dits n\u00e9cessaires seront inscrits au budget 2025<\/td><\/tr><\/tbody><\/table><table align=\"right\" bgcolor=\"#EEEEEE\"><caption style=\"color: #333333; text-align: right; font-size: 0.75rem;\"><em>D\u00e9lib\u00e9ration 2024-12-10-D15<\/em><\/caption><tbody><tr><td style=\"color: #333333; text-align: left;\" width=\"25%\"><strong><u>D\u00e9cision<\/u><\/strong><\/td><td style=\"color: #333333; text-align: right;\" width=\"25%\">Pr\u00e9sent :<\/td><td style=\"color: #333333; text-align: left;\" width=\"50%\">15<\/td><\/tr><tr><td style=\"color: #333333; text-align: left;\">\u00a0<\/td><td style=\"color: #333333; text-align: right;\">Pour :<\/td><td style=\"color: #333333; text-align: left;\">21 dont 6 pouvoirs<\/td><\/tr><tr><td style=\"color: #333333; text-align: left;\">\u00a0<\/td><td style=\"color: #333333; text-align: right;\">Contre :<\/td><td style=\"color: #333333; text-align: left;\">0<\/td><\/tr><tr><td style=\"color: #333333; text-align: left;\">\u00a0<\/td><td style=\"color: #333333; text-align: right;\">Abstentions :<\/td><td style=\"color: #333333; text-align: left;\">0<\/td><\/tr><\/tbody><\/table><p id=\"CM10122024QD\" style=\"color: #333333;\"><strong>Questions diverses\u00a0:<\/strong><\/p><p style=\"color: #333333; padding-left: 40px;\" align=\"justify\"><em>Questions diverses transmises par Monsieur Jimmy LAURENT par mail \u00e0 23h19 le dimanche 8 d\u00e9cembre 2024.<\/em><\/p><p style=\"color: #333333; padding-left: 40px;\" align=\"justify\"><strong>\u2192 La commune a-t-elle enfin r\u00e9pondu au projet de la CAPH : plantons des vergers ?<\/strong><\/p><p style=\"color: #333333; padding-left: 40px;\" align=\"justify\"><strong>Monsieur Philippe WAELKENS r\u00e9pond :<\/strong><\/p><p style=\"color: #333333; padding-left: 40px;\" align=\"justify\">Le sujet a \u00e9t\u00e9 \u00e9voqu\u00e9 \u00e0 la r\u00e9union de travaux du 04\/04\/2024 question N\u00b06 de l&#8217;ordre du jour<br \/>Une pr\u00e9sentation compl\u00e8te a \u00e9t\u00e9 pr\u00e9sent\u00e9e et des propositions faites lors de la r\u00e9union sur le fleurissement et plantations des arbres sur la commune le 28\/04\/2024<br \/>Nous avons jusqu&#8217;au 15 janvier 2025 pour commander des arbres \u00e0 la CAPH pour l&#8217;action \u00ab plantons le d\u00e9cor \u00bb<br \/><u>Je propose une r\u00e9union pour finaliser le dossier le jeudi 19 d\u00e9cembre \u00e0 17h30<\/u><\/p><p style=\"color: #333333; padding-left: 40px;\" align=\"justify\"><strong>\u2192 O\u00f9 en sommes-nous avec le dossier probl\u00e9matique des d\u00e9gradations des trottoirs et parking de la rue Jean Jaur\u00e8s \u00e0 proximit\u00e9 du pont de Prouvy ?<\/strong><\/p><p style=\"color: #333333; padding-left: 40px;\" align=\"justify\"><strong>Voir mail du 23\/04\/2024 de Monsieur Philippe WAELKENS de d\u00e9but d\u2019ann\u00e9e des travaux possibles<br \/>Sur le parking du chemin de hallage voir si butte de terre \u00e0 installer<br \/>\u2026<\/strong><\/p><p style=\"color: #333333; padding-left: 40px;\" align=\"justify\"><small>Bonjour,<br \/>Nous recevons en marie diverses plaintes des habitants concernant le parking et les d\u00e9p\u00f4ts sauvages en haut de la rue Jean Jaur\u00e8s<br \/>Nous avons rencontr\u00e9 \u00e0 plusieurs reprises les services d&#8217;ordre de Denain et St Amand , qui ont verbaliser les infractions<br \/>A ce Jour et afin de terminer les travaux de tra\u00e7age et de pose de panneaux signal\u00e9tiques<\/small><\/p><p style=\"color: #333333; padding-left: 40px;\" align=\"justify\"><small>je propose :<br \/>de faire un arr\u00eat\u00e9 municipal pour &#8220;interdiction de stationner sur les parkings durant les travaux&#8221;<br \/>de positionner des bornes b\u00e9tons &#8220;anti intrusion&#8221; sur le parking et aussi sur le stationnement au chemin d&#8217;halage pour pouvoir acc\u00e9der et r\u00e9alisar le marquage ad\u00eaquat<br \/>de pr\u00e9venir les forces de l&#8217;ordre pour le bon d\u00e9roulement et la verbalisation si n\u00e9cessaire<\/small><\/p><p style=\"color: #333333; padding-left: 40px;\" align=\"justify\"><small>le tra\u00e7age effectu\u00e9, la signal\u00e9tique instal\u00e9e, voir la cr\u00e9ation d&#8217;une butte de terre en remplacement des emplacements de parking c\u00f4t\u00e9 halage, nous pourrons remettre les installations \u00e0 disposition<br \/>Cordialement<\/small><\/p><p style=\"color: #333333; padding-left: 40px;\" align=\"justify\"><strong>\u2192 La commune a-t-elle eu des informations concernant la d\u00e9molition de l\u2019ex ferme de la rue Gambetta ?<\/strong><\/p><p style=\"color: #333333; padding-left: 40px;\" align=\"justify\"><strong>Pas de permis de d\u00e9molition<br \/>Travaux pr\u00e9vus courant 1<sup>er<\/sup> trimestre 2025<\/strong><\/p><p style=\"color: #333333;\" align=\"left\"><strong><em>Fin de s\u00e9ance \u00e0 20h05<\/em><\/strong><\/p><p style=\"color: #333333;\" align=\"right\"><strong><em>Le secr\u00e9taire de S\u00e9ance<br \/>Philippe WAELKENS<\/em><\/strong><\/p>\t\t\t\t\t\t\t\t<\/div>\n\t\t\t\t<\/div>\n\t\t\t\t\t<\/div>\n\t\t\t\t<\/div>\n\t\t<div id=\"e-n-tab-content-87943412\" role=\"tabpanel\" aria-labelledby=\"e-n-tab-title-87943412\" data-tab-index=\"2\" style=\"--n-tabs-title-order: 2;\" class=\" elementor-element elementor-element-e4f14bb e-flex e-con-boxed e-con e-child\" data-id=\"e4f14bb\" data-element_type=\"container\" data-e-type=\"container\">\n\t\t\t\t\t<div class=\"e-con-inner\">\n\t\t\t\t<div class=\"elementor-element elementor-element-02eae70 elementor-widget elementor-widget-text-editor\" data-id=\"02eae70\" data-element_type=\"widget\" data-e-type=\"widget\" data-widget_type=\"text-editor.default\">\n\t\t\t\t<div class=\"elementor-widget-container\">\n\t\t\t\t\t\t\t\t\t<h6><span style=\"color: #ee0700;\">Proc\u00e8s Verbal du Conseil Municipal du 15 octobre 2024 \u00e0 18h00<\/span><\/h6><p><a href=\"https:\/\/thiant.fr\/wordpress\/documents_ext\/CM\/CM_2024-10-15.pdf\"><img loading=\"lazy\" decoding=\"async\" class=\"alignnone wp-image-6707 size-medium\" src=\"https:\/\/thiant.fr\/wordpress\/wp-content\/uploads\/2024\/12\/PV_CM15102024-signe-212x300.jpg\" alt=\"\" width=\"212\" height=\"300\" srcset=\"https:\/\/thiant.fr\/wordpress\/wp-content\/uploads\/2024\/12\/PV_CM15102024-signe-212x300.jpg 212w, https:\/\/thiant.fr\/wordpress\/wp-content\/uploads\/2024\/12\/PV_CM15102024-signe.jpg 566w\" sizes=\"(max-width: 212px) 100vw, 212px\" \/><\/a><\/p><p style=\"color: #333333;\"><strong>Date de la convocation\u00a0:<\/strong>\u00a0\u00a0\u00a0\u00a0\u00a0\u00a0\u00a0\u00a0 10 OCTOBRE 2024<\/p><p style=\"color: #333333;\"><strong>Date de l\u2019affichage\u00a0:<\/strong> \u00a0\u00a0 \u00a0\u00a0\u00a0\u00a0\u00a0\u00a0\u00a0\u00a0\u00a0\u00a0\u00a0 10 OCTOBRE 2024<\/p><p style=\"color: #333333; padding-left: 40px;\" align=\"justify\">L&#8217;an deux mil vingt-quatre, le quinze octobre 2024 \u00e0 dix-huit heures, le Conseil Municipal de Thiant, r\u00e9guli\u00e8rement convoqu\u00e9, s&#8217;est r\u00e9uni en la salle du conseil, rue Anatole France \u00e0 THIANT, sous la Pr\u00e9sidence de Monsieur Marc WATTIEZ, Maire de la Commune<\/p><p style=\"color: #333333;\"><strong>Pr\u00e9sents :<\/strong><\/p><p style=\"color: #333333; padding-left: 40px;\" align=\"justify\"><strong>Monsieur Marc WATTIEZ, Madame St\u00e9phanie WATTIEZ, Madame C\u00e9line DUMAINE, Monsieur Michel HENNAUT, Monsieur Philippe WAELKENS, Madame Raymonde BOHERE, Madame Sylvie NICOLAS (Arriv\u00e9e AU POINT n\u00b05) Monsieur Christophe DESPINOY, Madame Sylvaine GERARD, Madame Armelle BOURLET, Madame Sylvie DEVOS, Monsieur Bernard MALAQUIN, Madame C\u00e9line TRACHMAN, Monsieur Bernard LEPEZ, Madame Fran\u00e7oise BAR-DESESPRINGALLE, Monsieur Jimmy LAURENT, Madame LARIVE Virginie, Monsieur Jean-Michel HARBONNIER<\/strong><\/p><p style=\"color: #333333;\"><strong>Excus\u00e9s :<\/strong><\/p><p style=\"color: #333333; padding-left: 40px;\"><strong>Monsieur Jean-Claude BAH qui donne pouvoir \u00e0 Monsieur Michel HENNAUT<br \/>Madame Martine PREVOST qui donne pouvoir \u00e0 Madame Sylvie DEVOS<br \/>Monsieur Guy VANDERBEC qui donne pouvoir \u00e0 Monsieur Marc WATTIEZ<br \/>Monsieur J\u00e9r\u00f4me CARLIER qui donne pouvoir \u00e0 Madame St\u00e9phanie WATTIEZ<\/strong><\/p><p style=\"color: #333333;\"><strong><u>Ordre du jour<\/u>\u00a0:<\/strong><\/p><ol style=\"color: #333333; padding-left: 40px;\"><li><a href=\"#CM15102024Un\">D\u00e9lib\u00e9ration approbation du proc\u00e8s-verbal du 06 juin 2024<\/a><\/li><li><a href=\"#CM15102024Deux\">D\u00e9lib\u00e9ration approbation du proc\u00e8s-verbal du 25 juin 2024<\/a><\/li><li><a href=\"#CM15102024Trois\">D\u00e9lib\u00e9ration cession de parcelle N\u00b0473 \u00e0 la SIGH &#8211; Cit\u00e9 Marc Lanvin du 15 au 25<\/a><\/li><li><a href=\"#CM15102024Quatre\">D\u00e9lib\u00e9ration achat de la parcelle 3624 \u00e0 la SIGH &#8211; Rue Gambetta &#8211; Projet Parking<\/a><\/li><li><a href=\"#CM15102024Cinq\">D\u00e9lib\u00e9ration avis sur le PLH 2025-2030 de la CAPH<\/a><\/li><li><a href=\"#CM15102024Six\">D\u00e9lib\u00e9ration r\u00e9trocession parcelles de la SIGH \u00e0 la commune et cession de parcelles de la commune \u00e0 la SIGH &#8211; Cit\u00e9 Maurice Thorez<\/a><\/li><li><a href=\"#CM15102024Sept\">D\u00e9lib\u00e9ration s\u00e9jour de neige et tarifs 2025<\/a><\/li><li><a href=\"#CM15102024Huit\">D\u00e9lib\u00e9ration r\u00e8glement des salles<\/a><\/li><li><a href=\"#CM15102024Neuf\">D\u00e9lib\u00e9ration commission du conseil municipal 2024<\/a><\/li><li><a href=\"#CM15102024QD\">Questions diverses<\/a><\/li><\/ol><p style=\"color: #333333;\"><strong>D\u00e9signation d&#8217;un Secr\u00e9taire de s\u00e9ance : Philippe WAELKENS<\/strong><\/p><p style=\"color: #333333;\"><strong>Etat des pouvoirs\u00a0: &#8230;.4 pouvoirs&#8230;&#8230;..<\/strong><\/p><div id=\"CM15102024Un\" style=\"color: #333333;\"><strong><u>1 &#8211; Approbation du Proc\u00e8s-verbal du 06 juin 2024<\/u><\/strong><\/div><p style=\"color: #333333; text-align: justify;\"><em>Document transmis par mail le 11 octobre 2024 et dans les casiers des \u00e9lus ce m\u00eame jour.<\/em><\/p><table width=\"75%\"><tbody><tr><td style=\"color: #333333;\" width=\"25%\">Consid\u00e9rant<\/td><td style=\"color: #333333; text-align: justify;\" width=\"75%\">Le Code G\u00e9n\u00e9ral des Collectivit\u00e9s Territoriales, particuli\u00e8rement les articles L.2121-7 \u00e0 L.2121-28 ;<\/td><\/tr><tr><td style=\"color: #333333;\">Consid\u00e9rant<\/td><td style=\"color: #333333; text-align: justify;\">qu&#8217;il convient d&#8217;adopter les proc\u00e8s-verbaux des s\u00e9ances du Conseil Municipal.<\/td><\/tr><\/tbody><\/table><p style=\"color: #333333;\"><strong>Le Conseil Municipal, apr\u00e8s en avoir d\u00e9lib\u00e9r\u00e9,<\/strong><br \/>par\u00a020 voix pour,\u00a00 voix contre,\u00a00 abstention<\/p><table width=\"75%\"><tbody><tr><td style=\"color: #333333;\" width=\"25%\"><strong>APPROUVE<\/strong><\/td><td style=\"color: #333333; text-align: justify;\" width=\"75%\">le contenu du proc\u00e8s-verbal du 06 juin 2024, r\u00e9dig\u00e9 par son secr\u00e9taire de s\u00e9ance.<\/td><\/tr><\/tbody><\/table><p style=\"color: #333333; padding-left: 40px;\" align=\"right\"><small><em>D\u00e9lib\u00e9ration 2024-10-15-D01<\/em><\/small><\/p><table align=\"right\" bgcolor=\"#EEEEEE\"><tbody><tr><td style=\"color: #333333; text-align: left;\" width=\"25%\"><strong><u>D\u00e9cision<\/u><\/strong><\/td><td style=\"color: #333333; text-align: right;\" width=\"25%\">Pr\u00e9sent :<\/td><td style=\"color: #333333; text-align: left;\" width=\"50%\">16<\/td><\/tr><tr><td style=\"color: #333333; text-align: left;\">\u00a0<\/td><td style=\"color: #333333; text-align: right;\">Pour :<\/td><td style=\"color: #333333; text-align: left;\">20 dont 4 pouvoirs<\/td><\/tr><tr><td style=\"color: #333333; text-align: left;\">\u00a0<\/td><td style=\"color: #333333; text-align: right;\">Contre :<\/td><td style=\"color: #333333; text-align: left;\">0<\/td><\/tr><tr><td style=\"color: #333333; text-align: left;\">\u00a0<\/td><td style=\"color: #333333; text-align: right;\">Abstentions :<\/td><td style=\"color: #333333; text-align: left;\">0<\/td><\/tr><\/tbody><\/table><p style=\"color: #333333; padding-left: 40px;\" align=\"justify\"><em>Remarques :<br \/>Monsieur Jean-Michel HARBONNIER demande si le conseil sera inform\u00e9 des accords ou non des subventions sollicit\u00e9es ?<br \/>R\u00e9ponse : Oui<br \/>Suite \u00e0 la s\u00e9ance pl\u00e9ni\u00e8re du conseil d\u00e9partemental qui s&#8217;est tenue le 23 septembre 2024, la commune a obtenu les subventions suivantes :<\/em><\/p><ul style=\"color: #333333; padding-left: 40px;\"><li><em>ADVB \u00ab Voirie communale \u00bb 35 556\u20ac<\/em><\/li><li><em>ADVB \u00ab Energie \u00bb 25 000\u20ac<\/em><\/li><\/ul><p>Madame St\u00e9phanie WATTIEZ : Lors du 80<sup>\u00e8me<\/sup> anniversaire de la lib\u00e9ration, la commune avait sollicit\u00e9 l&#8217;attribution d&#8217;une subvention aupr\u00e8s du minist\u00e8re de la d\u00e9fense et a obtenu 1500\u20ac.<\/p><div id=\"CM15102024Deux\" style=\"color: #333333;\"><strong><u>2 &#8211; Approbation du Proc\u00e8s-verbal du 25 juin 2024<\/u><\/strong><\/div><p style=\"color: #333333;\"><strong><em>Document transmis par mail le 11 octobre 2024 et dans les casiers des \u00e9lus ce m\u00eame jour.<\/em><\/strong><\/p><table width=\"75%\"><tbody><tr><td style=\"color: #333333;\" width=\"25%\">Consid\u00e9rant<\/td><td style=\"color: #333333; text-align: justify;\" width=\"75%\">Le Code G\u00e9n\u00e9ral des Collectivit\u00e9s Territoriales, particuli\u00e8rement les articles L.2121-7 \u00e0 L.2121-28 ;<\/td><\/tr><tr><td style=\"color: #333333;\">Consid\u00e9rant<\/td><td style=\"color: #333333; text-align: justify;\">qu&#8217;il convient d&#8217;adopter les proc\u00e8s-verbaux des s\u00e9ances du Conseil Municipal.<\/td><\/tr><\/tbody><\/table><p style=\"color: #333333;\"><strong>Le Conseil Municipal, apr\u00e8s en avoir d\u00e9lib\u00e9r\u00e9,<\/strong><br \/>par 21 voix pour, 0 voix contre, 1 abstention<\/p><table width=\"75%\"><tbody><tr><td style=\"color: #333333;\" width=\"25%\"><strong>APPROUVE<\/strong><\/td><td style=\"color: #333333; text-align: justify;\" width=\"75%\">le contenu du proc\u00e8s-verbal du 6 juin 2024, r\u00e9dig\u00e9 par son secr\u00e9taire de s\u00e9ance.<\/td><\/tr><\/tbody><\/table><p style=\"color: #333333; padding-left: 40px;\" align=\"right\"><small><em>D\u00e9lib\u00e9ration 2024-10-15-D02<\/em><\/small><\/p><table width=\"50%\" align=\"center\" bgcolor=\"#EEEEEE\"><tbody><tr><td style=\"color: #333333; text-align: left;\" width=\"25%\"><strong><u>D\u00e9cision<\/u><\/strong><\/td><td style=\"color: #333333; text-align: right;\" width=\"25%\">Pr\u00e9sent :<\/td><td style=\"color: #333333; text-align: left;\" width=\"50%\">17<\/td><\/tr><tr><td style=\"color: #333333; text-align: left;\">\u00a0<\/td><td style=\"color: #333333; text-align: right;\">Pour :<\/td><td style=\"color: #333333; text-align: left;\">21 dont 4 pouvoirs<\/td><\/tr><tr><td style=\"color: #333333; text-align: left;\">\u00a0<\/td><td style=\"color: #333333; text-align: right;\">Contre :<\/td><td style=\"color: #333333; text-align: left;\">0<\/td><\/tr><tr><td style=\"color: #333333; text-align: left;\">\u00a0<\/td><td style=\"color: #333333; text-align: right;\">Abstentions :<\/td><td style=\"color: #333333; text-align: left;\">1<\/td><\/tr><\/tbody><\/table><p style=\"color: #333333; padding-left: 40px;\"><em>Remarques :<br \/>Monsieur Philippe WAELKENS demande o\u00f9 nous en sommes concernant la mise en place du nouveau RPE et le remboursement a effectu\u00e9 aupr\u00e8s de la CAF ?<br \/>Madame St\u00e9phanie WATTIEZ :<br \/>La participation de la CAF a \u00e9t\u00e9 la suivante : 7926,98\u20ac HT *80%= 6341,58\u20ac<br \/>Sur ces 6341.58\u20ac de financement seulement 3 points ne sont pas transf\u00e9rables dans les nouveaux locaux :<br \/>D\u00e9placement de radiateur : 765\u20ac HT<br \/>Porte coupe-feu : 111,67\u20ac HT<br \/>Fourniture et pose d&#8217;une porte d&#8217;entr\u00e9e : 2 122,03\u20acHT<br \/>Soit au total: 2 998,70\u20ac HT et donc soit 2 398,96\u20ac de participation CAF pour 10 ans<br \/><strong><u>La commune avait donc propos\u00e9 de rembourser suivant le calcul suivant : 2 398,96 \/ 10*2 = 479,80\u20ac HT<\/u><\/strong><br \/>La CAF a calcul\u00e9 autrement soit en reprenant les 2 398,96\u20ac d&#8217;aide octroy\u00e9 pour les achats concern\u00e9s.<br \/>Cependant la fermeture est effective \u00e0 partir du 01\/07\/2024, donc il reste 2 ans et demi.<br \/>On calcule sur le nombre de jours pour l&#8217;obligation de maintien soit 3652 jours du 1\/01\/2017 au 01\/01\/2027.<br \/>Il reste donc 914 jours de non-maintien pour calculer l&#8217;indu.<br \/>2398,96\/3652X914=600,40\u20ac<\/em><\/p><div id=\"CM15102024Trois\" style=\"color: #333333;\"><strong><u>3 &#8211; D\u00e9lib\u00e9ration cession de parcelle N\u00b0473 \u00e0 la SIGH &#8211; Cit\u00e9 Marc Lanvin du 15 au 25<\/u><\/strong><\/div><p style=\"color: #333333;\"><img loading=\"lazy\" decoding=\"async\" class=\"aligncenter size-full wp-image-6780\" src=\"https:\/\/thiant.fr\/wordpress\/wp-content\/uploads\/2024\/12\/PARCELLE473.png\" alt=\"PARCELLE473 \" width=\"999\" height=\"641\" srcset=\"https:\/\/thiant.fr\/wordpress\/wp-content\/uploads\/2024\/12\/PARCELLE473.png 999w, https:\/\/thiant.fr\/wordpress\/wp-content\/uploads\/2024\/12\/PARCELLE473-300x192.png 300w, https:\/\/thiant.fr\/wordpress\/wp-content\/uploads\/2024\/12\/PARCELLE473-768x493.png 768w\" sizes=\"(max-width: 999px) 100vw, 999px\" \/><\/p><p style=\"color: #333333; padding-left: 40px;\" align=\"justify\"><em>La commune est propri\u00e9taire de la parcelle n\u00b0473 d\u2019une surface de 149m\u00b2 situ\u00e9e sur le plan ci-dessus.<br \/>La SIGH propri\u00e9taire des parcelles 355 \u00e0 365 souhaite remettre en \u00e9tat les jardins, les cl\u00f4turer.<br \/>Pas d\u2019estimation des domaines au jour du conseil municipal. Demande en cours.<br \/><strong>Madame Armelle BOURLET ne participe pas \u00e0 ce vote.<\/strong><\/em><\/p><p style=\"color: #333333; padding-left: 40px;\" align=\"justify\"><em>Remarques\u00a0:<br \/>Monsieur Philippe WAELKENS\u00a0:<br \/>\u00ab\u00a0Qu\u2019en est-il des autres parcelles de la cit\u00e9 Marc Lanvin que traite la SIGH\u00a0? On a re\u00e7u des propositions de la SIGH qui concerne des am\u00e9nagements qui concerne la parcelle 473 mais \u00e9galement deux autres sites sur Marc Lanvin et Cacheux\u00a0?\u00a0\u00bb<br \/>Une pr\u00e9sentation de 3 secteurs est faite par Monsieur Philippe WAELKENS (l\u2019int\u00e9gralit\u00e9 du document pr\u00e9sent\u00e9 est disponible dans le classeur \u00e0 destination des \u00e9lus)<\/em><\/p><p style=\"color: #333333; text-align: center;\"><img loading=\"lazy\" decoding=\"async\" class=\"aligncenter size-full wp-image-6781\" src=\"https:\/\/thiant.fr\/wordpress\/wp-content\/uploads\/2024\/12\/VUE_CADASTE_lanvin_cacheux.png\" alt=\"cadastre vue d'ensemble cit\u00e9 Lanvin et Cacheux\" width=\"943\" height=\"530\" srcset=\"https:\/\/thiant.fr\/wordpress\/wp-content\/uploads\/2024\/12\/VUE_CADASTE_lanvin_cacheux.png 943w, https:\/\/thiant.fr\/wordpress\/wp-content\/uploads\/2024\/12\/VUE_CADASTE_lanvin_cacheux-300x169.png 300w, https:\/\/thiant.fr\/wordpress\/wp-content\/uploads\/2024\/12\/VUE_CADASTE_lanvin_cacheux-768x432.png 768w, https:\/\/thiant.fr\/wordpress\/wp-content\/uploads\/2024\/12\/VUE_CADASTE_lanvin_cacheux-800x450.png 800w\" sizes=\"(max-width: 943px) 100vw, 943px\" \/><br \/><img loading=\"lazy\" decoding=\"async\" class=\"aligncenter wp-image-6782\" src=\"https:\/\/thiant.fr\/wordpress\/wp-content\/uploads\/2024\/12\/lanvin1.png\" alt=\"photo espace vert cit\u00e9e Marc Lanvin\" width=\"800\" height=\"450\" srcset=\"https:\/\/thiant.fr\/wordpress\/wp-content\/uploads\/2024\/12\/lanvin1.png 943w, https:\/\/thiant.fr\/wordpress\/wp-content\/uploads\/2024\/12\/lanvin1-300x169.png 300w, https:\/\/thiant.fr\/wordpress\/wp-content\/uploads\/2024\/12\/lanvin1-768x432.png 768w, https:\/\/thiant.fr\/wordpress\/wp-content\/uploads\/2024\/12\/lanvin1-800x450.png 800w\" sizes=\"(max-width: 800px) 100vw, 800px\" \/><br \/><img loading=\"lazy\" decoding=\"async\" class=\"aligncenter wp-image-6783\" src=\"https:\/\/thiant.fr\/wordpress\/wp-content\/uploads\/2024\/12\/lanvin2.png\" alt=\"photo espace vert cit\u00e9e Marc Lanvin\" width=\"800\" height=\"533\" srcset=\"https:\/\/thiant.fr\/wordpress\/wp-content\/uploads\/2024\/12\/lanvin2.png 652w, https:\/\/thiant.fr\/wordpress\/wp-content\/uploads\/2024\/12\/lanvin2-300x200.png 300w\" sizes=\"(max-width: 800px) 100vw, 800px\" \/><br \/><img loading=\"lazy\" decoding=\"async\" class=\"aligncenter wp-image-6784\" src=\"https:\/\/thiant.fr\/wordpress\/wp-content\/uploads\/2024\/12\/lanvin3.png\" alt=\"photo espace vert cit\u00e9e Marc Lanvin\" width=\"800\" height=\"533\" srcset=\"https:\/\/thiant.fr\/wordpress\/wp-content\/uploads\/2024\/12\/lanvin3.png 764w, https:\/\/thiant.fr\/wordpress\/wp-content\/uploads\/2024\/12\/lanvin3-300x200.png 300w\" sizes=\"(max-width: 800px) 100vw, 800px\" \/><br \/><img loading=\"lazy\" decoding=\"async\" class=\"aligncenter wp-image-6785\" src=\"https:\/\/thiant.fr\/wordpress\/wp-content\/uploads\/2024\/12\/lanvin4.png\" alt=\"photo espace vert cit\u00e9e Marc Lanvin\" width=\"800\" height=\"533\" srcset=\"https:\/\/thiant.fr\/wordpress\/wp-content\/uploads\/2024\/12\/lanvin4.png 1317w, https:\/\/thiant.fr\/wordpress\/wp-content\/uploads\/2024\/12\/lanvin4-300x200.png 300w, https:\/\/thiant.fr\/wordpress\/wp-content\/uploads\/2024\/12\/lanvin4-1024x683.png 1024w, https:\/\/thiant.fr\/wordpress\/wp-content\/uploads\/2024\/12\/lanvin4-768x512.png 768w\" sizes=\"(max-width: 800px) 100vw, 800px\" \/><br \/><img loading=\"lazy\" decoding=\"async\" class=\"aligncenter wp-image-6809\" src=\"https:\/\/thiant.fr\/wordpress\/wp-content\/uploads\/2024\/12\/lanvin5-1024x576.png\" alt=\"photo espace vert cit\u00e9e Marc Lanvin\" width=\"800\" height=\"450\" srcset=\"https:\/\/thiant.fr\/wordpress\/wp-content\/uploads\/2024\/12\/lanvin5-1024x576.png 1024w, https:\/\/thiant.fr\/wordpress\/wp-content\/uploads\/2024\/12\/lanvin5-300x169.png 300w, https:\/\/thiant.fr\/wordpress\/wp-content\/uploads\/2024\/12\/lanvin5-768x432.png 768w, https:\/\/thiant.fr\/wordpress\/wp-content\/uploads\/2024\/12\/lanvin5-800x450.png 800w, https:\/\/thiant.fr\/wordpress\/wp-content\/uploads\/2024\/12\/lanvin5.png 1264w\" sizes=\"(max-width: 800px) 100vw, 800px\" \/><br \/><img loading=\"lazy\" decoding=\"async\" class=\"aligncenter wp-image-6788\" src=\"https:\/\/thiant.fr\/wordpress\/wp-content\/uploads\/2024\/12\/lanvin7.png\" alt=\"photo espace vert cit\u00e9e Marc Lanvin\" width=\"800\" height=\"450\" srcset=\"https:\/\/thiant.fr\/wordpress\/wp-content\/uploads\/2024\/12\/lanvin7.png 787w, https:\/\/thiant.fr\/wordpress\/wp-content\/uploads\/2024\/12\/lanvin7-300x169.png 300w, https:\/\/thiant.fr\/wordpress\/wp-content\/uploads\/2024\/12\/lanvin7-768x432.png 768w\" sizes=\"(max-width: 800px) 100vw, 800px\" \/><br \/><img loading=\"lazy\" decoding=\"async\" class=\"aligncenter wp-image-6789\" src=\"https:\/\/thiant.fr\/wordpress\/wp-content\/uploads\/2024\/12\/lanvin8.png\" alt=\"photo espace vert cit\u00e9e Marc Lanvin\" width=\"800\" height=\"450\" srcset=\"https:\/\/thiant.fr\/wordpress\/wp-content\/uploads\/2024\/12\/lanvin8.png 1415w, https:\/\/thiant.fr\/wordpress\/wp-content\/uploads\/2024\/12\/lanvin8-300x169.png 300w, https:\/\/thiant.fr\/wordpress\/wp-content\/uploads\/2024\/12\/lanvin8-1024x576.png 1024w, https:\/\/thiant.fr\/wordpress\/wp-content\/uploads\/2024\/12\/lanvin8-768x432.png 768w, https:\/\/thiant.fr\/wordpress\/wp-content\/uploads\/2024\/12\/lanvin8-800x450.png 800w\" sizes=\"(max-width: 800px) 100vw, 800px\" \/><br \/><img loading=\"lazy\" decoding=\"async\" class=\"aligncenter wp-image-6790\" src=\"https:\/\/thiant.fr\/wordpress\/wp-content\/uploads\/2024\/12\/cacheux1.png\" alt=\"photo espace vert cit\u00e9e Cacheux\" width=\"800\" height=\"450\" srcset=\"https:\/\/thiant.fr\/wordpress\/wp-content\/uploads\/2024\/12\/cacheux1.png 943w, https:\/\/thiant.fr\/wordpress\/wp-content\/uploads\/2024\/12\/cacheux1-300x169.png 300w, https:\/\/thiant.fr\/wordpress\/wp-content\/uploads\/2024\/12\/cacheux1-768x432.png 768w, https:\/\/thiant.fr\/wordpress\/wp-content\/uploads\/2024\/12\/cacheux1-800x450.png 800w\" sizes=\"(max-width: 800px) 100vw, 800px\" \/><br \/><img loading=\"lazy\" decoding=\"async\" class=\"aligncenter wp-image-6791\" src=\"https:\/\/thiant.fr\/wordpress\/wp-content\/uploads\/2024\/12\/cacheux2.png\" alt=\"photo espace vert cit\u00e9e Cacheux\" width=\"800\" height=\"450\" srcset=\"https:\/\/thiant.fr\/wordpress\/wp-content\/uploads\/2024\/12\/cacheux2.png 1226w, https:\/\/thiant.fr\/wordpress\/wp-content\/uploads\/2024\/12\/cacheux2-300x169.png 300w, https:\/\/thiant.fr\/wordpress\/wp-content\/uploads\/2024\/12\/cacheux2-1024x575.png 1024w, https:\/\/thiant.fr\/wordpress\/wp-content\/uploads\/2024\/12\/cacheux2-768x432.png 768w, https:\/\/thiant.fr\/wordpress\/wp-content\/uploads\/2024\/12\/cacheux2-800x450.png 800w\" sizes=\"(max-width: 800px) 100vw, 800px\" \/><br \/><img loading=\"lazy\" decoding=\"async\" class=\"aligncenter wp-image-6792\" src=\"https:\/\/thiant.fr\/wordpress\/wp-content\/uploads\/2024\/12\/cacheux3.png\" alt=\"photo espace vert cit\u00e9e Cacheux\" width=\"800\" height=\"450\" srcset=\"https:\/\/thiant.fr\/wordpress\/wp-content\/uploads\/2024\/12\/cacheux3.png 1226w, https:\/\/thiant.fr\/wordpress\/wp-content\/uploads\/2024\/12\/cacheux3-300x169.png 300w, https:\/\/thiant.fr\/wordpress\/wp-content\/uploads\/2024\/12\/cacheux3-1024x575.png 1024w, https:\/\/thiant.fr\/wordpress\/wp-content\/uploads\/2024\/12\/cacheux3-768x432.png 768w, https:\/\/thiant.fr\/wordpress\/wp-content\/uploads\/2024\/12\/cacheux3-800x450.png 800w\" sizes=\"(max-width: 800px) 100vw, 800px\" \/><br \/><strong>Espaces verts sur parcelles Mairie Marc Lanvin<\/strong><br \/><img loading=\"lazy\" decoding=\"async\" class=\"aligncenter wp-image-6793\" src=\"https:\/\/thiant.fr\/wordpress\/wp-content\/uploads\/2024\/12\/Espacevert1.png\" alt=\"photo espace vert sur parcelle maire cit\u00e9e Lanvin\" width=\"800\" height=\"450\" srcset=\"https:\/\/thiant.fr\/wordpress\/wp-content\/uploads\/2024\/12\/Espacevert1.png 880w, https:\/\/thiant.fr\/wordpress\/wp-content\/uploads\/2024\/12\/Espacevert1-300x169.png 300w, https:\/\/thiant.fr\/wordpress\/wp-content\/uploads\/2024\/12\/Espacevert1-768x432.png 768w, https:\/\/thiant.fr\/wordpress\/wp-content\/uploads\/2024\/12\/Espacevert1-800x450.png 800w\" sizes=\"(max-width: 800px) 100vw, 800px\" \/><br \/><img loading=\"lazy\" decoding=\"async\" class=\"aligncenter wp-image-6794\" src=\"https:\/\/thiant.fr\/wordpress\/wp-content\/uploads\/2024\/12\/espacevert2.jpg\" alt=\"photo espace vert sur parcelle maire cit\u00e9e Lanvin\" width=\"800\" height=\"533\" srcset=\"https:\/\/thiant.fr\/wordpress\/wp-content\/uploads\/2024\/12\/espacevert2.jpg 882w, https:\/\/thiant.fr\/wordpress\/wp-content\/uploads\/2024\/12\/espacevert2-300x200.jpg 300w, https:\/\/thiant.fr\/wordpress\/wp-content\/uploads\/2024\/12\/espacevert2-768x512.jpg 768w\" sizes=\"(max-width: 800px) 100vw, 800px\" \/><br \/><img loading=\"lazy\" decoding=\"async\" class=\"aligncenter wp-image-6795\" src=\"https:\/\/thiant.fr\/wordpress\/wp-content\/uploads\/2024\/12\/espacevert3.jpg\" alt=\"photo espace vert sur parcelle maire cit\u00e9e Lanvin\" width=\"800\" height=\"499\" srcset=\"https:\/\/thiant.fr\/wordpress\/wp-content\/uploads\/2024\/12\/espacevert3.jpg 874w, https:\/\/thiant.fr\/wordpress\/wp-content\/uploads\/2024\/12\/espacevert3-300x187.jpg 300w, https:\/\/thiant.fr\/wordpress\/wp-content\/uploads\/2024\/12\/espacevert3-768x479.jpg 768w\" sizes=\"(max-width: 800px) 100vw, 800px\" \/><br \/><img loading=\"lazy\" decoding=\"async\" class=\"aligncenter wp-image-6796\" src=\"https:\/\/thiant.fr\/wordpress\/wp-content\/uploads\/2024\/12\/espacevert4.png\" alt=\"photo espace vert sur parcelle maire cit\u00e9e Lanvin\" width=\"800\" height=\"533\" srcset=\"https:\/\/thiant.fr\/wordpress\/wp-content\/uploads\/2024\/12\/espacevert4.png 856w, https:\/\/thiant.fr\/wordpress\/wp-content\/uploads\/2024\/12\/espacevert4-300x200.png 300w, https:\/\/thiant.fr\/wordpress\/wp-content\/uploads\/2024\/12\/espacevert4-768x511.png 768w\" sizes=\"(max-width: 800px) 100vw, 800px\" \/><\/p><p style=\"color: #333333; padding-left: 40px;\" align=\"justify\"><em>Madame St\u00e9phanie WATTIEZ\u00a0:<br \/>Ce qui a \u00e9t\u00e9 propos\u00e9 par le bureau c\u2019est qu\u2019il n\u2019y ait pas de convention sign\u00e9e avec la SIGH que l\u2019on nettoie les terrains appartenant \u00e0 la commune \u00e0 nos frais et qu\u2019en suite ces terrains soient c\u00e9d\u00e9s \u00e0 la SIGH.<br \/>En effet, la commune a obtenu des devis inf\u00e9rieurs \u00e0 la participation demand\u00e9e par la SIGH.<\/em><\/p><p style=\"color: #333333; padding-left: 40px;\" align=\"justify\"><em>Monsieur Philippe WAELKENS se demande si la SIGH va continuer son projet d\u2019am\u00e9nagement pour ses locataires si la commune ne participe pas financi\u00e8rement de la mani\u00e8re dont le souhaitait la SIGH\u00a0?<\/em><\/p><p style=\"color: #333333; padding-left: 40px;\" align=\"justify\"><em>Madame C\u00e9line DUMAINE dit que cela ne change rien puisque la commune s\u2019engage \u00e0 leur r\u00e9troc\u00e9der \u00e0 l\u2019euro symbolique le terrain nettoy\u00e9.<\/em><\/p><p style=\"color: #333333; padding-left: 40px;\" align=\"justify\"><em>Monsieur Michel HENNAUT pr\u00e9cise que les autres parcelles du projet de la SIGH n\u2019appartiennent pas \u00e0 la commune et on ne peut pas financer des travaux sur des parcelles qui n\u2019appartiennent pas \u00e0 la commune.<\/em><\/p><p style=\"color: #333333;\"><strong>Le Conseil Municipal, apr\u00e8s en avoir d\u00e9lib\u00e9r\u00e9,<\/strong><br \/>par 15 voix pour, 1 voix contre, 4 abstentions<\/p><table width=\"75%\"><tbody><tr><td style=\"color: #333333;\" width=\"25%\"><strong><u>C\u00c8DE<\/u><\/strong><\/td><td style=\"color: #333333; text-align: justify;\" width=\"75%\">la parcelle n\u00b0473 d\u2019une surface de 149m\u00b2 \u00e0 la SIGH \u00e0 l\u2019euro symbolique<\/td><\/tr><tr><td style=\"color: #333333;\"><strong><u>RAPPELLE<\/u><\/strong><\/td><td style=\"color: #333333; text-align: justify;\">que la SIGH repr\u00e9sent\u00e9 par son directeur prendra \u00e0 sa charge l\u2019ensemble des frais, frais de g\u00e9om\u00e8tre et frais d\u2019actes li\u00e9s \u00e0 la pr\u00e9sente transaction<\/td><\/tr><tr><td style=\"color: #333333;\"><strong><u>DONNE POUVOIR<\/u><\/strong><\/td><td style=\"color: #333333; text-align: justify;\">\u00e0 Monsieur Le Maire pour signer toute pi\u00e8ce se rapportant \u00e0 la pr\u00e9sente d\u00e9cision<\/td><\/tr><tr><td style=\"color: #333333;\"><strong><u>CONFIE<\/u><\/strong><\/td><td style=\"color: #333333; text-align: justify;\">l\u2019affaire \u00e0 Maitre St\u00e9phanie THERY-MASSIN, Notaire (SCP Sophie DECIAN-LHERMIE, Caroline MASSIN, St\u00e9phanie THERY-MASSIN \u2013 33 Rue du Mar\u00e9chal Leclerc BP 80011 DENAIN)<\/td><\/tr><\/tbody><\/table><p style=\"color: #333333; padding-left: 40px;\" align=\"right\"><small><em>D\u00e9lib\u00e9ration 2024-10-15-D03<\/em><\/small><\/p><table width=\"50%\" align=\"center\" bgcolor=\"#EEEEEE\"><tbody><tr><td style=\"color: #333333; text-align: left;\" width=\"25%\"><strong><u>D\u00e9cision<\/u><\/strong><\/td><td style=\"color: #333333; text-align: right;\" width=\"25%\">Pr\u00e9sent :<\/td><td style=\"color: #333333; text-align: left;\" width=\"50%\">16<\/td><\/tr><tr><td style=\"color: #333333; text-align: left;\">\u00a0<\/td><td style=\"color: #333333; text-align: right;\">Pour :<\/td><td style=\"color: #333333; text-align: left;\">15 dont 4 pouvoirs<\/td><\/tr><tr><td style=\"color: #333333; text-align: left;\">\u00a0<\/td><td style=\"color: #333333; text-align: right;\">Contre :<\/td><td style=\"color: #333333; text-align: left;\">1<\/td><\/tr><tr><td style=\"color: #333333; text-align: left;\">\u00a0<\/td><td style=\"color: #333333; text-align: right;\">Abstentions :<\/td><td style=\"color: #333333; text-align: left;\">4<\/td><\/tr><\/tbody><\/table><div id=\"CM15102024Quatre\" style=\"color: #333333;\"><strong><u>4 &#8211; D\u00e9lib\u00e9ration achat de parcelle N\u00b03624 \u00e0 la SIGH \u2013 Rue Gambetta \u2013 Projet Parking<\/u><\/strong><\/div><p style=\"color: #333333; padding-left: 40px; text-align: justify;\"><em>Annule et remplace la d\u00e9lib\u00e9ration du 14 septembre 2023 N\u00b0 20230914D11<\/em><\/p><p><img loading=\"lazy\" decoding=\"async\" class=\"aligncenter size-full wp-image-6798\" src=\"https:\/\/thiant.fr\/wordpress\/wp-content\/uploads\/2024\/12\/photo-plan-cadastral-3624.png\" alt=\"photo plan cadastral 3624\" width=\"915\" height=\"694\" srcset=\"https:\/\/thiant.fr\/wordpress\/wp-content\/uploads\/2024\/12\/photo-plan-cadastral-3624.png 915w, https:\/\/thiant.fr\/wordpress\/wp-content\/uploads\/2024\/12\/photo-plan-cadastral-3624-300x228.png 300w, https:\/\/thiant.fr\/wordpress\/wp-content\/uploads\/2024\/12\/photo-plan-cadastral-3624-768x583.png 768w\" sizes=\"(max-width: 915px) 100vw, 915px\" \/><\/p><p style=\"color: #333333; padding-left: 40px; text-align: justify;\"><em><strong>Madame Armelle BOURLET ne participe pas \u00e0 ce vote.<\/strong><\/em><\/p><p style=\"color: #333333; padding-left: 40px; text-align: justify;\"><em>La SIGH est propri\u00e9taire de la parcelle n\u00b03624 d\u2019une surface de 676m\u00b2 situ\u00e9e sur le plan ci-dessus.<br \/>La commune souhaite acqu\u00e9rir cette parcelle afin de construire un parking et cr\u00e9er du stationnement pour les riverains de la Rue Gambetta.<br \/>Les n\u00e9gociations avec les propri\u00e9taires riverains sont termin\u00e9es et la d\u00e9molition des b\u00e2timents devrait avoir lieu d\u2019ici la fin de l\u2019ann\u00e9e.<br \/>La division parcellaire a \u00e9t\u00e9 finalis\u00e9e telle que sur le plan ci-dessus.<br \/>La SIGH assurera le d\u00e9samiantage des ouvrages d\u00e9molis.<br \/>La commune souhaite une attestation ou un certificat provenant de la SIGH sp\u00e9cifiant qu\u2019il n\u2019y a pas de polluants dans les sols avant la cession du terrain.<br \/>Le service des domaines a estim\u00e9 la valeur de ce terrain \u00e0 55\u00a0000\u20ac<br \/>Le cout de la d\u00e9molition et de remise en \u00e9tat du terrain est estim\u00e9 \u00e0 180\u00a0000\u20ac HT et sera \u00e0 la charge de la SIGH<\/em><\/p><p style=\"color: #333333;\"><strong>Le Conseil Municipal, apr\u00e8s en avoir d\u00e9lib\u00e9r\u00e9,<\/strong><br \/>par 21 voix pour, 0 voix contre, 0 abstention<\/p><table width=\"75%\"><tbody><tr><td style=\"color: #333333;\" width=\"25%\"><strong>D\u00c9CIDE D\u2019ACQU\u00c9RIR <\/strong><\/td><td style=\"color: #333333; text-align: justify;\" width=\"75%\">la parcelle n\u00b03624 d\u2019une surface de 676m\u00b2 appartenant \u00e0 la SIGH \u00e0 l\u2019euro symbolique<\/td><\/tr><tr><td style=\"color: #333333;\"><strong>RAPPELLE<\/strong><\/td><td style=\"color: #333333; text-align: justify;\">que la SIGH repr\u00e9sent\u00e9 par son directeur prendre \u00e0 sa charge l\u2019ensemble des frais, frais de g\u00e9om\u00e8tre et frais d\u2019actes li\u00e9s \u00e0 la pr\u00e9sente transaction<\/td><\/tr><tr><td style=\"color: #333333;\"><strong>DONNE POUVOIR<\/strong><\/td><td style=\"color: #333333; text-align: justify;\">\u00e0 Monsieur Le Maire pour signer toute pi\u00e8ce se rapportant \u00e0 la pr\u00e9sente d\u00e9cision<\/td><\/tr><tr><td style=\"color: #333333;\"><strong>CONFIE<\/strong><\/td><td style=\"color: #333333; text-align: justify;\">l\u2019affaire \u00e0 Maitre St\u00e9phanie THERY-MASSIN, Notaire (SCP Sophie DECIAN-LHERMIE, Caroline MASSIN, St\u00e9phanie THERY-MASSIN \u2013 33 Rue du Mar\u00e9chal Leclerc BP 80011 DENAIN)<\/td><\/tr><\/tbody><\/table><p style=\"color: #333333; padding-left: 40px;\" align=\"right\"><small><em>D\u00e9lib\u00e9ration 2024-10-15-D04<\/em><\/small><\/p><table width=\"50%\" align=\"center\" bgcolor=\"#EEEEEE\"><tbody><tr><td style=\"color: #333333; text-align: left;\" width=\"25%\"><strong><u>D\u00e9cision<\/u><\/strong><\/td><td style=\"color: #333333; text-align: right;\" width=\"25%\">Pr\u00e9sent :<\/td><td style=\"color: #333333; text-align: left;\" width=\"50%\">17<\/td><\/tr><tr><td style=\"color: #333333; text-align: left;\">\u00a0<\/td><td style=\"color: #333333; text-align: right;\">Pour :<\/td><td style=\"color: #333333; text-align: left;\">21 dont 4 pouvoirs<\/td><\/tr><tr><td style=\"color: #333333; text-align: left;\">\u00a0<\/td><td style=\"color: #333333; text-align: right;\">Contre :<\/td><td style=\"color: #333333; text-align: left;\">0<\/td><\/tr><tr><td style=\"color: #333333; text-align: left;\">\u00a0<\/td><td style=\"color: #333333; text-align: right;\">Abstentions :<\/td><td style=\"color: #333333; text-align: left;\">0<\/td><\/tr><\/tbody><\/table><p style=\"color: #333333; padding-left: 40px; text-align: justify;\"><em>Remarques\u00a0:<br \/>Le nombre de places de parking envisag\u00e9s pourra \u00eatre de 29.<br \/>Monsieur Jimmy LAURENT\u00a0: A-t-on une id\u00e9e du cout estim\u00e9 du parking\u00a0? Parce que si c\u2019est d\u00e9moli en d\u00e9cembre on peut lancer les travaux \u00e0 la suite\u00a0?<br \/>Madame St\u00e9phanie WATTIEZ explique que la cession se fera en d\u00e9but d\u2019ann\u00e9e prochaine et que de plus pour effectuer les travaux d\u2019am\u00e9nagement d\u2019un parking il faudra imp\u00e9rativement faire un appel d\u2019offre et donc respecter les d\u00e9lais r\u00e9glementaires et cela va prendre du temps.<br \/>Monsieur Jimmy LAURENT\u00a0: \u00ab\u00a0J\u2019imaginais que l\u2019on pouvait impliquer les habitants du quartier, pour les espaces verts\u2026<br \/>Madame Sylvie DEVOS\u00a0: \u00ab\u00a0Qui ira r\u00e9ellement garer sa voiture\u00a0?\u00a0\u00bb<br \/>Monsieur Philippe WAELKENS\u00a0: \u00ab\u00a0Il faudra pr\u00e9voir un portique\u00a0!\u00a0\u00bb<br \/>Madame Armelle BOURLET\u00a0: \u00ab\u00a0Il faudra pr\u00e9voir l\u2019\u00e9clairage public\u00a0!\u00a0\u00bb<br \/>\u2026<\/em><\/p><div id=\"CM15102024Cinq\" style=\"color: #333333;\"><strong><u>5 &#8211; D\u00e9lib\u00e9ration avis sur le PLH2025-2030 de la CAPH<\/u><\/strong><\/div><p style=\"color: #333333; padding-left: 40px; text-align: justify;\"><em>Remarques\u00a0:<br \/>Madame St\u00e9phanie WATTIEZ en tant que d\u00e9l\u00e9gu\u00e9e communautaire explique que ce dossier est l\u2019aboutissement d\u2019un travail qui a commenc\u00e9 d\u00e9but 2023 d\u2019abord par un diagnostic de plusieurs mois entre f\u00e9vrier et juillet. Ensuite des ateliers ont eu lieu avec des orientations et des priorit\u00e9s identifi\u00e9es. Un programme d\u2019action s\u2019est mis en place au printemps de cette ann\u00e9e et un projet finalis\u00e9 au mois de juin.<br \/>L\u2019avis de ce soir est juste informatif car le conseil communautaire a d\u00e9j\u00e0 valid\u00e9 le projet lors de sa s\u00e9ance du 14 octobre 2024.<br \/>Les orientations correspondent tout \u00e0 fait \u00e0 nos objectifs communaux concernant le logement et l\u2019habitat\u00a0:<br \/>Plus sp\u00e9cifiquement dans la lutte contre l\u2019habitat indigne et pour la construction de logements qui seront adapt\u00e9s aux seniors ou aux personnes en situation de handicapes avec une mixit\u00e9 sociale.<\/em><\/p><div style=\"color: #333333; padding-left: 40px; text-align: center;\"><strong>Objet\u00a0: Avis de la commune de Thiant<br \/>sur le projet de Programme Local de l\u2019Habitat 2025-2030<\/strong><\/div><p style=\"color: #333333; padding-left: 50px; text-align: justify;\">Vu le Code G\u00e9n\u00e9ral des Collectivit\u00e9s Territoriales,<br \/>Vu le Code de la Construction et de l\u2019Habitation,<br \/><strong>Vu la loi n\u00b02004-809 du 13 ao\u00fbt 2004 relative aux libert\u00e9s et responsabilit\u00e9s locales,<br \/>Vu la loi n\u00b02005-102 du 11 f\u00e9vrier 2005 pour l\u2019\u00e9galit\u00e9 des droits et des chances, la participation et la citoyennet\u00e9 des personnes handicap\u00e9es,<br \/>Vu la loi n\u00b02006-672 du 13 juillet 2006 portant engagement national pour le logement,<br \/>Vu la loi 2014-366 du 24 mars 2014 dite loi Alur,<br \/>Vu les comp\u00e9tences de la CAPH en mati\u00e8re d\u2019\u00e9quilibre social de l\u2019habitat,<\/strong><br \/>Vu la d\u00e9lib\u00e9ration du Conseil Communautaire n\u00b0 22\/109 en date du 27 juin 2022 relative \u00e0 l\u2019engagement de la proc\u00e9dure d\u2019\u00e9laboration et de concertation du Programme Local de l\u2019Habitat 2017-2022,<br \/>Vu les d\u00e9lib\u00e9rations n\u00b022\/181 du Conseil Communautaire du 17 octobre 2022 et n\u00b023\/229 du Conseil Communautaire du 11 d\u00e9cembre 2023, validant chacune la prorogation du Programme Local de l\u2019Habitat 2017-2022, pour une ann\u00e9e suppl\u00e9mentaire, soit jusque fin d\u00e9cembre 2024,<br \/>Vu le Projet de Territoire de La Porte du Hainaut 2024-2044, adopt\u00e9 par le Conseil Communautaire le 16 octobre 2023, et en particulier l\u2019Engagement n\u00b01 qui vise \u00e0 rattraper les retards de d\u00e9veloppement et agir l\u00e0 o\u00f9 un accompagnement \u00e9quitable est n\u00e9cessaire,<br \/>Vu la d\u00e9lib\u00e9ration du Conseil Communautaire n\u00b0 231\/16 en date du 8 juillet 2024 relative \u00e0 l\u2019arr\u00eat de projet du Programme Local de l\u2019Habitat 2017-2022,<\/p><p style=\"color: #0e75c0; padding-left: 50px; text-align: justify;\">Par lettre du 25 juillet 2024 re\u00e7ue le 02 aout 2024 en recommand\u00e9, la Communaut\u00e9 d\u2019Agglom\u00e9ration de La Porte du Hainaut a notifi\u00e9 \u00e0 la commune de Thiant le projet de Programme Local de l\u2019Habitat 2025-2030 (PLH) arr\u00eat\u00e9 par d\u00e9lib\u00e9ration communautaire du 8 juillet 2024 et sollicite son avis sous deux mois, conform\u00e9ment \u00e0 la proc\u00e9dure pr\u00e9vue par l\u2019article L302-2 du Code de la Construction et de l\u2019Habitation.<\/p><p style=\"color: #333333; padding-left: 50px; text-align: justify;\">Au vu des avis qui seront remis par les communes, le Conseil communautaire d\u00e9lib\u00e8rera \u00e0 nouveau sur le projet et le transmettra au repr\u00e9sentant de l\u2019Etat.<\/p><p style=\"color: #333333; padding-left: 40px; text-align: justify;\">Le nouveau Programme Local de l\u2019Habitat communautaire d\u00e9finit pour une dur\u00e9e de 6 ans les objectifs et les principes d\u2019une politique visant \u00e0 r\u00e9pondre aux besoins en logements et en h\u00e9bergement, \u00e0 favoriser le renouvellement urbain et la mixit\u00e9 sociale et \u00e0 am\u00e9liorer l\u2019accessibilit\u00e9 du cadre b\u00e2ti aux personnes \u00e0 mobilit\u00e9 r\u00e9duite en assurant entre les communes et entre les quartiers d\u2019une m\u00eame commune une r\u00e9partition \u00e9quilibr\u00e9e et diversifi\u00e9e de l\u2019offre de logements.<\/p><p style=\"color: #333333; padding-left: 40px; text-align: justify;\">Le bilan du pr\u00e9c\u00e9dent PLH et la phase d\u2019actualisation du diagnostic ont conduit \u00e0 identifier les principaux enjeux suivants :<\/p><p style=\"color: #333333; padding-left: 40px; text-align: justify;\"><strong><u>L\u2019attractivit\u00e9 r\u00e9sidentielle et le peuplement<\/u><\/strong><\/p><ul style=\"list-style-type: square; color: #333333; padding-left: 40px;\"><li>Redonner de l\u2019attractivit\u00e9 aux communes urbaines, ma\u00eetriser le d\u00e9veloppement des communes rurales,<\/li><li>Diversifier l\u2019offre r\u00e9sidentielle afin de r\u00e9pondre aux besoins locaux,<\/li><li>Cr\u00e9er les conditions d\u2019un habitat plus inclusif et solidaire, dans une optique de favoriser la mixit\u00e9 sociale.<\/li><\/ul><p style=\"color: #333333; padding-left: 40px; text-align: justify;\"><strong><u>Les besoins d\u2019h\u00e9bergements et de logements des publics sp\u00e9cifiques<\/u><\/strong><\/p><ul style=\"list-style-type: square; color: #333333; padding-left: 40px;\"><li>Anticiper le vieillissement de la population : adaptation des logements, cr\u00e9ation d\u2019une offre adapt\u00e9e aux nouveaux besoins des seniors,<\/li><li>Favoriser l\u2019acc\u00e8s au logement adapt\u00e9 pour les personnes handicap\u00e9es,<\/li><li>D\u00e9velopper et soutenir une offre abordable, y compris pour les jeunes<\/li><li>\u00catre vigilant \u00e0 produire une offre adapt\u00e9e en droit commun (renforcer le PLAi) et\/ou en h\u00e9bergement sp\u00e9cifique<\/li><li>R\u00e9pondre au ph\u00e9nom\u00e8ne de s\u00e9dentarisation des gens du voyage<\/li><\/ul><p style=\"color: #333333; padding-left: 40px; text-align: justify;\"><strong><u>L\u2019am\u00e9lioration du parc existant<\/u><\/strong><\/p><ul style=\"list-style-type: square; color: #333333; padding-left: 40px;\"><li>Poursuivre, intensifier les actions visant l\u2019am\u00e9lioration de la performance \u00e9nerg\u00e9tique du parc immobilier, et la lutte contre la pr\u00e9carit\u00e9 \u00e9nerg\u00e9tique,<\/li><li>Poursuivre les actions en mati\u00e8re de lutte contre l\u2019habitat indigne,<\/li><li>Travailler sur la r\u00e9duction de la vacance pour les communes les plus touch\u00e9es<\/li><\/ul><p style=\"color: #333333; padding-left: 40px; text-align: justify;\"><strong><u>La production de logements et la ma\u00eetrise fonci\u00e8re (parc social et priv\u00e9)<\/u><\/strong><\/p><ul style=\"list-style-type: square; color: #333333; padding-left: 40px;\"><li>Bien calibrer et quantifier le volume de logements \u00e0 produire, notamment en reconqu\u00eate de l\u2019espace urbain et en remettant une partie des logements vacants sur le march\u00e9,<\/li><li>Poursuivre l\u2019effort en mati\u00e8re de consommation fonci\u00e8re et tendre vers l\u2019objectif Z\u00e9ro Artificialisation Nette des Sols,<\/li><li>Poursuivre l\u2019effort en mati\u00e8re de consommation fonci\u00e8re et tendre vers l\u2019objectif Z\u00e9ro Artificialisation Nette des Sols,<\/li><li>Renforcer l\u2019offre locative sociale en petits logements,<\/li><\/ul><p style=\"color: #333333; padding-left: 40px; text-align: justify;\"><strong><u>Les diff\u00e9rents march\u00e9s du logement<\/u><\/strong><\/p><ul style=\"list-style-type: square; color: #333333; padding-left: 40px;\"><li>Accompagner les parcours r\u00e9sidentiels des m\u00e9nages,<\/li><li>Assurer l\u2019adaptation de l\u2019offre aux besoins des m\u00e9nages, en qualit\u00e9, quantit\u00e9 et prix,<\/li><li>D\u00e9velopper une offre en accession abordable de qualit\u00e9 dans une logique de diversification de l\u2019offre,<\/li><\/ul><p style=\"color: #333333; padding-left: 40px; text-align: justify;\"><strong>Pour r\u00e9pondre \u00e0 ces enjeux, en coh\u00e9rence avec les attendus et les trois grands engagements du projet de territoire,<\/strong><\/p><ul style=\"list-style-type: square; color: #333333; padding-left: 40px;\"><li>Rattraper les retards de d\u00e9veloppement et agir l\u00e0 ou un accompagnement \u00e9quitable est n\u00e9cessaire,<\/li><li>Faire face collectivement aux enjeux globaux,<\/li><li>Accompagner les conversions et la r\u00e9silience,<\/li><\/ul><p style=\"color: #333333; padding-left: 40px; text-align: justify;\">et conform\u00e9ment aux principes d\u2019une intervention adapt\u00e9e, repris ci-dessous :<\/p><ul style=\"color: #333333; padding-left: 40px;\"><li>une \u00ab politique diff\u00e9renci\u00e9e, territorialis\u00e9e et adaptative en fonction des besoins \u00e9volutifs de la population \u00bb.<\/li><li>un appui diff\u00e9renci\u00e9 de l\u2019agglom\u00e9ration aux bassins de vie et aux communes concern\u00e9s en fonction des besoins de rattrapage identifi\u00e9.<\/li><\/ul><p style=\"color: #333333; padding-left: 40px; text-align: justify;\">Il a \u00e9t\u00e9 propos\u00e9 de porter une d\u00e9marche d\u2019intervention strat\u00e9gique et op\u00e9rationnelle, organis\u00e9e autour\u00a0:<\/p><p style=\"color: #333333; padding-left: 40px; text-align: justify;\"><u>De 4 grandes orientions strat\u00e9giques,<\/u> pr\u00e9cis\u00e9es au sein du document d\u2019orientation strat\u00e9gique annex\u00e9 \u00e0 la pr\u00e9sente d\u00e9lib\u00e9ration :<\/p><p style=\"color: #333333; padding-left: 60px;\">Orientation 1 : Apporter des solutions de logement et d\u2019h\u00e9bergement \u00e0 tous les m\u00e9nages<br \/>Orientation 2 : Poursuivre la reconqu\u00eate du parc existant<br \/>Orientation 3 : Ma\u00eetriser le d\u00e9veloppement de l\u2019offre nouvelle tout en veillant \u00e0 sa qualit\u00e9<br \/>Orientation 4 : Assurer le pilotage et la mise en \u0153uvre du PLH<\/p><p style=\"color: #333333; padding-left: 40px; text-align: justify;\"><u>D\u2019un programme d\u2019actions resserr\u00e9 organis\u00e9 selon les 4 orientations strat\u00e9giques<\/u>, couvrant les champs de la politique habitat, \u00e0 actionner de mani\u00e8re diff\u00e9renci\u00e9e selon les probl\u00e9matiques des territoires, des communes.<br \/>Le programme constitu\u00e9 de 17 actions est la base op\u00e9rationnelle de la politique de l\u2019habitat et du logement de la CAPH pour les 6 ans \u00e0 venir.<\/p><p style=\"color: #0e75c0; padding-left: 40px; text-align: justify;\">Consid\u00e9rant la politique men\u00e9e par la commune en mati\u00e8re d\u2019habitat et plus particuli\u00e8rement\u00a0:<\/p><ul style=\"color: #0e75c0; padding-left: 40px;\"><li>la lutte contre l\u2019habitat indigne et ind\u00e9cent et plus particuli\u00e8rement dans le parc priv\u00e9<\/li><li>l\u2019anticipation du vieillissement de la population et donc renforcer l\u2019offre adapt\u00e9e aux nouveaux besoins des s\u00e9niors<\/li><\/ul><p style=\"color: #333333; padding-left: 40px; text-align: justify;\">Apr\u00e8s avoir pris connaissance des documents, les objectifs d\u00e9finis dans l\u2019arr\u00eat de projet du Programme Local de l&#8217;Habitat correspondent \u00e0 ceux que poursuivent la Ville de Thiant<\/p><p style=\"color: #333333;\"><strong>Le Conseil Municipal, apr\u00e8s en avoir d\u00e9lib\u00e9r\u00e9,<\/strong><br \/>par 22 voix pour, 0 voix contre, 0 abstention<\/p><table width=\"75%\"><tbody><tr><td style=\"color: #333333;\" width=\"25%\"><strong>\u00c9MET <\/strong><\/td><td style=\"color: #333333; text-align: justify;\" width=\"75%\">un avis favorable sur le Programme Local de l&#8217;Habitat 2025-2030<\/td><\/tr><\/tbody><\/table><p style=\"color: #333333; padding-left: 40px;\" align=\"right\"><small><em>D\u00e9lib\u00e9ration 2024-10-15-D05<\/em><\/small><\/p><table align=\"right\" bgcolor=\"#EEEEEE\"><tbody><tr><td style=\"color: #333333; text-align: left;\" width=\"25%\"><strong><u>D\u00e9cision<\/u><\/strong><\/td><td style=\"color: #333333; text-align: right;\" width=\"25%\">Pr\u00e9sent :<\/td><td style=\"color: #333333; text-align: left;\" width=\"50%\">18<\/td><\/tr><tr><td style=\"color: #333333; text-align: left;\">\u00a0<\/td><td style=\"color: #333333; text-align: right;\">Pour :<\/td><td style=\"color: #333333; text-align: left;\">22 dont 4 pouvoirs<\/td><\/tr><tr><td style=\"color: #333333; text-align: left;\">\u00a0<\/td><td style=\"color: #333333; text-align: right;\">Contre :<\/td><td style=\"color: #333333; text-align: left;\">0<\/td><\/tr><tr><td style=\"color: #333333; text-align: left;\">\u00a0<\/td><td style=\"color: #333333; text-align: right;\">Abstentions :<\/td><td style=\"color: #333333; text-align: left;\">0<\/td><\/tr><\/tbody><\/table><p style=\"color: #333333; padding-left: 40px; text-align: justify;\"><em>Remarques\u00a0:<br \/>Monsieur Philippe Waelkens a remarqu\u00e9 que l&#8217;\u00e9volution de la population de Thiant est la plus importante entre 3 et 7% sur les secteurs Amandinois, Corridor Minier, Couronne Ouest Valenciennois, Denaisis et\u00a0Ostrevant : soit\u00a0sur un total de 47 communes<\/em><\/p><p style=\"color: #333333; padding-left: 40px; text-align: justify;\"><strong>\u00c9volution de la population de 2013 \u00e0 2019 Thiant 1<sup>er<\/sup> position sur 47 communes de la CAPH avec +3 % \u00e0 +7%<\/strong><\/p><p style=\"color: #333333;\"><img loading=\"lazy\" decoding=\"async\" class=\"aligncenter size-full wp-image-6799\" src=\"https:\/\/thiant.fr\/wordpress\/wp-content\/uploads\/2024\/12\/dignostic-plh.png\" alt=\"carte : diagnostic du plh\" width=\"658\" height=\"654\" srcset=\"https:\/\/thiant.fr\/wordpress\/wp-content\/uploads\/2024\/12\/dignostic-plh.png 658w, https:\/\/thiant.fr\/wordpress\/wp-content\/uploads\/2024\/12\/dignostic-plh-300x298.png 300w, https:\/\/thiant.fr\/wordpress\/wp-content\/uploads\/2024\/12\/dignostic-plh-150x150.png 150w\" sizes=\"(max-width: 658px) 100vw, 658px\" \/><\/p><p style=\"color: #333333; padding-left: 40px;\" align=\"justify\"><strong>Objectifs PLH 2025-2030<br \/>Thiant 43<sup>\u00e8me<\/sup> position sur 47 communes de la CAPH avec 22% sur le nombre de logement \u00e0 produire<\/strong><\/p><p><img loading=\"lazy\" decoding=\"async\" class=\"alignnone wp-image-6902 size-full\" src=\"https:\/\/thiant.fr\/wordpress\/wp-content\/uploads\/2025\/02\/tableau-objectif-de-production_titre.png\" alt=\"Titre du tableau des objectifs de production de logement par commune\" width=\"786\" height=\"97\" srcset=\"https:\/\/thiant.fr\/wordpress\/wp-content\/uploads\/2025\/02\/tableau-objectif-de-production_titre.png 786w, https:\/\/thiant.fr\/wordpress\/wp-content\/uploads\/2025\/02\/tableau-objectif-de-production_titre-300x37.png 300w, https:\/\/thiant.fr\/wordpress\/wp-content\/uploads\/2025\/02\/tableau-objectif-de-production_titre-768x95.png 768w\" sizes=\"(max-width: 786px) 100vw, 786px\" \/><br \/><img loading=\"lazy\" decoding=\"async\" class=\"alignnone wp-image-6900 size-full\" src=\"https:\/\/thiant.fr\/wordpress\/wp-content\/uploads\/2025\/02\/tableau-objectif-de-production_01.png\" alt=\"Premi\u00e8re partie du tableau des objectifs de production de logement par commune\" width=\"766\" height=\"555\" srcset=\"https:\/\/thiant.fr\/wordpress\/wp-content\/uploads\/2025\/02\/tableau-objectif-de-production_01.png 766w, https:\/\/thiant.fr\/wordpress\/wp-content\/uploads\/2025\/02\/tableau-objectif-de-production_01-300x217.png 300w\" sizes=\"(max-width: 766px) 100vw, 766px\" \/><br \/><img loading=\"lazy\" decoding=\"async\" class=\"alignnone wp-image-6901 size-full\" src=\"https:\/\/thiant.fr\/wordpress\/wp-content\/uploads\/2025\/02\/tableau-objectif-de-production_02.png\" alt=\"Deuxi\u00e8me partie du tableau des objectifs de production de logement par commune\" width=\"761\" height=\"344\" srcset=\"https:\/\/thiant.fr\/wordpress\/wp-content\/uploads\/2025\/02\/tableau-objectif-de-production_02.png 761w, https:\/\/thiant.fr\/wordpress\/wp-content\/uploads\/2025\/02\/tableau-objectif-de-production_02-300x136.png 300w\" sizes=\"(max-width: 761px) 100vw, 761px\" \/><\/p><p style=\"color: #333333; padding-left: 40px;\" align=\"justify\"><em>Madame St\u00e9phanie WATTIEZ ne souhaite pas que la commune augmente sa population. Cette augmentation aurait de nombreuses r\u00e9percussions sur la strate dans laquelle se situe actuellement la commune. De plus, une augmentation importante aurait un impact sur les infrastructures actuelles (\u00e9cole, services\u2026) et n\u00e9cessiterait de nouveaux services sans avoir pour autant plus de ressources financi\u00e8res.<\/em><\/p><div id=\"CM15102024Six\" style=\"color: #333333;\"><strong><u>6 &#8211; D\u00e9lib\u00e9ration r\u00e9trocession parcelles de la SIGH \u00e0 la commune et cession de parcelles de la commune \u00e0 la SIGH \u2013 Cit\u00e9 Maurice Thorez<\/u><\/strong><\/div><p><img loading=\"lazy\" decoding=\"async\" class=\"aligncenter size-full wp-image-6801\" src=\"https:\/\/thiant.fr\/wordpress\/wp-content\/uploads\/2024\/12\/parcelle-SIGH.png\" alt=\"plan cadastral Cit\u00e9 Maurice Thorez\" width=\"997\" height=\"627\" srcset=\"https:\/\/thiant.fr\/wordpress\/wp-content\/uploads\/2024\/12\/parcelle-SIGH.png 997w, https:\/\/thiant.fr\/wordpress\/wp-content\/uploads\/2024\/12\/parcelle-SIGH-300x189.png 300w, https:\/\/thiant.fr\/wordpress\/wp-content\/uploads\/2024\/12\/parcelle-SIGH-768x483.png 768w\" sizes=\"(max-width: 997px) 100vw, 997px\" \/><img loading=\"lazy\" decoding=\"async\" class=\"aligncenter size-full wp-image-6802\" src=\"https:\/\/thiant.fr\/wordpress\/wp-content\/uploads\/2024\/12\/detail-parcelle-sigh.png\" alt=\"\" width=\"976\" height=\"398\" srcset=\"https:\/\/thiant.fr\/wordpress\/wp-content\/uploads\/2024\/12\/detail-parcelle-sigh.png 976w, https:\/\/thiant.fr\/wordpress\/wp-content\/uploads\/2024\/12\/detail-parcelle-sigh-300x122.png 300w, https:\/\/thiant.fr\/wordpress\/wp-content\/uploads\/2024\/12\/detail-parcelle-sigh-768x313.png 768w\" sizes=\"(max-width: 976px) 100vw, 976px\" \/><\/p><p style=\"color: #333333; padding-left: 40px;\" align=\"justify\"><em>La SIGH est propri\u00e9taire des parcelles suivantes situ\u00e9es sur le plan ci-dessus\u00a0:<\/em><\/p><ul style=\"color: #333333; padding-left: 40px;\"><li>AB 306p2 pour 793 m\u00b2<\/li><li>AB 307p2 pour 1 m\u00b2<\/li><li>AB 308p2 pour 1 m\u00b2<\/li><li>AB 309p2 pour 1 m\u00b2<\/li><li>AB 310p2 pour 2 m\u00b2<\/li><li>AB 311p2 pour 1 m\u00b2<\/li><li>AB 312p2 pour 1 m\u00b2<\/li><li>AB 296 pour 98 m\u00b2<\/li><li>AB 301 pour 18 m\u00b2<\/li><li>AB 302 pour 25 m\u00b2<\/li><\/ul><p style=\"color: #333333; padding-left: 40px;\" align=\"justify\"><em>La commune est propri\u00e9taire des parcelles suivantes situ\u00e9es sur le plan ci-dessus\u00a0:<\/em><\/p><ul style=\"color: #333333; padding-left: 40px;\"><li>AB 261p3 pour 4 m\u00b2<\/li><li>AB 261p4 pour 44 m\u00b2<\/li><\/ul><p style=\"color: #333333; padding-left: 40px;\" align=\"justify\"><em>Le cout des frais de g\u00e9om\u00e8tre et le cout des frais de notaire seront \u00e0 la charge de la SIGH.<\/em><\/p><p style=\"color: #333333; padding-left: 40px;\" align=\"justify\"><em>Remarques\u00a0:<br \/>Monsieur Philippe WAELKENS\u00a0: Sur la parcelle 308p2 il reste un exc\u00e8dent de muret en brique la SIGH doit enlever.<\/em><\/p><table style=\"color: #333333; text-align: center;\" width=\"50%\" bgcolor=\"#EEEEEE\"><tbody><tr><td style=\"color: #333333; text-align: center;\" colspan=\"4\">ECHANGE DE PARCELLES SIGH\/COMMUNE DE THIANT<\/td><\/tr><tr><td style=\"color: #333333; text-align: center;\">\u00a0<\/td><td style=\"color: #333333; text-align: center;\">\u00a0<\/td><td style=\"color: #333333; text-align: center;\">\u00a0<\/td><td style=\"color: #333333; text-align: center;\">\u00a0<\/td><\/tr><tr><td style=\"color: #333333; text-align: center;\" colspan=\"4\">R\u00e9sidence Maurice THOREZ<\/td><\/tr><tr><td style=\"color: #333333; text-align: center;\">\u00a0<\/td><td style=\"color: #333333; text-align: center;\">\u00a0<\/td><td style=\"color: #333333; text-align: center;\">\u00a0<\/td><td style=\"color: #333333; text-align: center;\">\u00a0<\/td><\/tr><tr><td style=\"color: #333333; text-align: center;\" colspan=\"4\">La SIGH c\u00e8de \u00e0 la commune<\/td><\/tr><tr><td style=\"color: #333333; text-align: center;\">\u00a0<\/td><td style=\"color: #333333; text-align: center;\">\u00a0<\/td><td style=\"color: #333333; text-align: center;\">\u00a0<\/td><td style=\"color: #333333; text-align: center;\">\u00a0<\/td><\/tr><tr><td style=\"color: #333333; text-align: center;\" width=\"25%\">SECTION<\/td><td style=\"color: #333333; text-align: center;\" width=\"25%\">ANCIENNES<br \/>PARCELLES<\/td><td style=\"color: #333333; text-align: center;\" width=\"25%\">NOUVELLES<br \/>PARCELLES<\/td><td style=\"color: #333333; text-align: center;\" width=\"25%\">SUPERFICIE<\/td><\/tr><tr><td style=\"color: #333333; text-align: center;\">AB<\/td><td style=\"color: #333333; text-align: center;\">296<\/td><td style=\"color: #333333; text-align: center;\">\u00a0<\/td><td style=\"color: #333333; text-align: center;\">98<\/td><\/tr><tr><td style=\"color: #333333; text-align: center;\">AB<\/td><td style=\"color: #333333; text-align: center;\">301<\/td><td style=\"color: #333333; text-align: center;\">\u00a0<\/td><td style=\"color: #333333; text-align: center;\">18<\/td><\/tr><tr><td style=\"color: #333333; text-align: center;\">AB<\/td><td style=\"color: #333333; text-align: center;\">302<\/td><td style=\"color: #333333; text-align: center;\">\u00a0<\/td><td style=\"color: #333333; text-align: center;\">25<\/td><\/tr><tr><td style=\"color: #333333; text-align: center;\">AB<\/td><td style=\"color: #333333; text-align: center;\">306<\/td><td style=\"color: #333333; text-align: center;\">330<\/td><td style=\"color: #333333; text-align: center;\">793<\/td><\/tr><tr><td style=\"color: #333333; text-align: center;\">AB<\/td><td style=\"color: #333333; text-align: center;\">307<\/td><td style=\"color: #333333; text-align: center;\">334<\/td><td style=\"color: #333333; text-align: center;\">1<\/td><\/tr><tr><td style=\"color: #333333; text-align: center;\">AB<\/td><td style=\"color: #333333; text-align: center;\">308<\/td><td style=\"color: #333333; text-align: center;\">336<\/td><td style=\"color: #333333; text-align: center;\">1<\/td><\/tr><tr><td style=\"color: #333333; text-align: center;\">AB<\/td><td style=\"color: #333333; text-align: center;\">309<\/td><td style=\"color: #333333; text-align: center;\">338<\/td><td style=\"color: #333333; text-align: center;\">1<\/td><\/tr><tr><td style=\"color: #333333; text-align: center;\">AB<\/td><td style=\"color: #333333; text-align: center;\">310<\/td><td style=\"color: #333333; text-align: center;\">340<\/td><td style=\"color: #333333; text-align: center;\">2<\/td><\/tr><tr><td style=\"color: #333333; text-align: center;\">AB<\/td><td style=\"color: #333333; text-align: center;\">311<\/td><td style=\"color: #333333; text-align: center;\">342<\/td><td style=\"color: #333333; text-align: center;\">1<\/td><\/tr><tr><td style=\"color: #333333; text-align: center;\">AB<\/td><td style=\"color: #333333; text-align: center;\">312<\/td><td style=\"color: #333333; text-align: center;\">344<\/td><td style=\"color: #333333; text-align: center;\">1<\/td><\/tr><tr><td style=\"color: #333333; text-align: center;\">AB<\/td><td style=\"color: #333333; text-align: center;\">312<\/td><td style=\"color: #333333; text-align: center;\">345<\/td><td style=\"color: #333333; text-align: center;\">1<\/td><\/tr><tr><td style=\"color: #333333; text-align: center;\">AB<\/td><td style=\"color: #333333; text-align: center;\">312<\/td><td style=\"color: #333333; text-align: center;\">346<\/td><td style=\"color: #333333; text-align: center;\">1<\/td><\/tr><tr><td style=\"color: #333333; text-align: center;\">\u00a0<\/td><td style=\"color: #333333; text-align: center;\">\u00a0<\/td><td style=\"color: #333333; text-align: center;\">\u00a0<\/td><td style=\"color: #333333; text-align: center;\">\u00a0<\/td><\/tr><tr><td style=\"color: #333333; text-align: center;\">\u00a0<\/td><td style=\"color: #333333; text-align: center;\">\u00a0<\/td><td style=\"color: #333333; text-align: center;\">\u00a0<\/td><td style=\"color: #333333; text-align: center;\">\u00a0<\/td><\/tr><tr><td style=\"color: #333333; text-align: center;\">\u00a0<\/td><td style=\"color: #333333; text-align: center;\">\u00a0<\/td><td style=\"color: #333333; text-align: center;\">\u00a0<\/td><td style=\"color: #333333; text-align: center;\">\u00a0<\/td><\/tr><tr><td style=\"color: #333333; text-align: center;\" colspan=\"4\">La commune c\u00e8de \u00e0 la SIGH<\/td><\/tr><tr><td style=\"color: #333333; text-align: center;\">\u00a0<\/td><td style=\"color: #333333; text-align: center;\">\u00a0<\/td><td style=\"color: #333333; text-align: center;\">\u00a0<\/td><td style=\"color: #333333; text-align: center;\">\u00a0<\/td><\/tr><tr><td style=\"color: #333333; text-align: center;\" width=\"25%\">SECTION<\/td><td style=\"color: #333333; text-align: center;\" width=\"25%\">ANCIENNES<br \/>PARCELLES<\/td><td style=\"color: #333333; text-align: center;\" width=\"25%\">NOUVELLES<br \/>PARCELLES<\/td><td style=\"color: #333333; text-align: center;\" width=\"25%\">SUPERFICIE<\/td><\/tr><tr><td style=\"color: #333333; text-align: center;\">AB<\/td><td style=\"color: #333333; text-align: center;\">261<\/td><td style=\"color: #333333; text-align: center;\">327<\/td><td style=\"color: #333333; text-align: center;\">4<\/td><\/tr><tr><td style=\"color: #333333; text-align: center;\">AB<\/td><td style=\"color: #333333; text-align: center;\">261<\/td><td style=\"color: #333333; text-align: center;\">328<\/td><td style=\"color: #333333; text-align: center;\">44<\/td><\/tr><\/tbody><\/table><p style=\"color: #333333; padding-left: 40px;\" align=\"justify\"><em><strong>Madame Armelle BOURLET ne participe pas \u00e0 ce vote.<\/strong><\/em><\/p><p style=\"color: #333333;\"><strong>Le Conseil Municipal, apr\u00e8s en avoir d\u00e9lib\u00e9r\u00e9,<\/strong><br \/>par 21 voix pour, 0 voix contre, 0 abstention<\/p><table width=\"75%\"><tbody><tr><td style=\"color: #333333;\" width=\"25%\"><strong><u>D\u00c9CIDE D\u2019ACQU\u00c9RIR<\/u><\/strong><\/td><td style=\"color: #333333; text-align: justify;\" width=\"75%\">les parcelles suivantes\u00a0: AB 306p2(330) pour 793 m\u00b2, AB 307p2(334) pour 1 m\u00b2, AB 308p2(336) pour 1 m\u00b2, AB 309p2(338) pour 1 m\u00b2, AB 310p2(340) pour 2 m\u00b2, AB 311p2(342) pour 1 m\u00b2, AB 312p2(344,345,346) pour 1 m\u00b2, AB 296 pour 98 m\u00b2, AB 301 pour 18 m\u00b2<\/td><\/tr><tr><td style=\"color: #333333;\"><strong><u>D\u00c9CIDE<\/u><\/strong><\/td><td style=\"color: #333333; text-align: justify;\">de laisser la parcelle AB 302 pour 25 m\u00b2 propri\u00e9t\u00e9 de la SIGH<\/td><\/tr><tr><td style=\"color: #333333;\"><strong><u>D\u00c9CIDE DE C\u00c9DER<\/u><\/strong><\/td><td style=\"color: #333333; text-align: justify;\">\u00e0 la SIGH les parcelles suivantes\u00a0: AB 261p3(327) pour 4 m\u00b2, AB 261p4(328) pour 44 m\u00b2<\/td><\/tr><tr><td style=\"color: #333333;\"><strong><u>RAPPELLE<\/u><\/strong><\/td><td style=\"color: #333333; text-align: justify;\">que la SIGH repr\u00e9sent\u00e9 par son directeur prendre \u00e0 sa charge l\u2019ensemble des frais, frais de g\u00e9om\u00e8tre et frais d\u2019actes li\u00e9s \u00e0 la pr\u00e9sente transaction<\/td><\/tr><tr><td style=\"color: #333333;\"><strong><u>DONNE POUVOIR<\/u><\/strong><\/td><td style=\"color: #333333; text-align: justify;\">\u00e0 Monsieur Le Maire pour signer toute pi\u00e8ce se rapportant \u00e0 la pr\u00e9sente d\u00e9cision<\/td><\/tr><tr><td style=\"color: #333333;\"><strong><u>CONFIE<\/u><\/strong><\/td><td style=\"color: #333333; text-align: justify;\">l\u2019affaire \u00e0 Ma\u00eetre St\u00e9phanie THERY-MASSIN, Notaire (SCP Sophie DECIAN-LHERMIE, Caroline MASSIN, St\u00e9phanie THERY-MASSIN \u2013 33 Rue du Mar\u00e9chal Leclerc BP 80011 DENAIN)<\/td><\/tr><\/tbody><\/table><p style=\"color: #333333; padding-left: 40px;\" align=\"right\"><small><em>D\u00e9lib\u00e9ration 2024-10-15-D06<\/em><\/small><\/p><table align=\"right\" bgcolor=\"#EEEEEE\"><tbody><tr><td style=\"color: #333333; text-align: left;\" width=\"25%\"><strong><u>D\u00e9cision<\/u><\/strong><\/td><td style=\"color: #333333; text-align: right;\" width=\"25%\">Pr\u00e9sent :<\/td><td style=\"color: #333333; text-align: left;\" width=\"50%\">17<\/td><\/tr><tr><td style=\"color: #333333; text-align: left;\">\u00a0<\/td><td style=\"color: #333333; text-align: right;\">Pour :<\/td><td style=\"color: #333333; text-align: left;\">21 dont 4 pouvoirs<\/td><\/tr><tr><td style=\"color: #333333; text-align: left;\">\u00a0<\/td><td style=\"color: #333333; text-align: right;\">Contre :<\/td><td style=\"color: #333333; text-align: left;\">0<\/td><\/tr><tr><td style=\"color: #333333; text-align: left;\">\u00a0<\/td><td style=\"color: #333333; text-align: right;\">Abstentions :<\/td><td style=\"color: #333333; text-align: left;\">0<\/td><\/tr><\/tbody><\/table><div id=\"CM15102024Sept\" style=\"color: #333333;\"><strong><u>7 &#8211; D\u00e9lib\u00e9ration s\u00e9jour de neige\u00a0et tarifs 2025<\/u><\/strong><\/div><p style=\"color: #333333; padding-left: 40px;\" align=\"justify\"><em>Pr\u00e9sentation est faite par Madame Sylvie DEVOS<br \/>Date du s\u00e9jour du samedi 15 f\u00e9vrier au samedi 22 f\u00e9vrier 2025 avec l\u2019organisme l\u2019AEROVEN \u00e0 ALBIEZ MONTROND<br \/>Il y a 2 classes de CM2 soit 26 \u00e9l\u00e8ves et 25 \u00e9l\u00e8ves, donc au total 51 \u00e9l\u00e8ves susceptibles de partir.<br \/>Une r\u00e9union d\u2019information aux familles aura lieu le jeudi 14 novembre 2024 \u00e0 18h00 \u00e0 la salle des f\u00eates.<br \/>Un seul bus sera pr\u00e9vu pour le s\u00e9jour de neige, et donc la Maison des jeunes ne pourra pas b\u00e9n\u00e9ficier du bus cette ann\u00e9e.<br \/>Des \u00e9l\u00e8ves de CM2 Thiantais non scolaris\u00e9s sur Thiant peuvent aussi b\u00e9n\u00e9ficier du s\u00e9jour<\/em><\/p><p style=\"color: #333333;\"><strong>Le Conseil Municipal, apr\u00e8s en avoir d\u00e9lib\u00e9r\u00e9,<\/strong><br \/>par 22 voix pour, 0 voix contre, 0 abstention<\/p><table width=\"75%\"><tbody><tr><td style=\"color: #333333;\" width=\"25%\"><strong>AUTORISE <\/strong><\/td><td style=\"color: #333333; text-align: justify;\" width=\"75%\">Monsieur Le Maire \u00e0 signer la convention classe de neige avec AROEVEN Nord\/Pas de Calais \u00e0 MARCQ EN BAROEUL pour un s\u00e9jour qui se d\u00e9roulera du 15 f\u00e9vrier au samedi 22 f\u00e9vrier 2025 \u00e0 ALBIEZ-MONTROND<\/td><\/tr><tr><td style=\"color: #333333;\"><strong>AUTORISE<\/strong><\/td><td style=\"color: #333333; text-align: justify;\">Monsieur le Maire \u00e0 engager toutes d\u00e9penses relative audit s\u00e9jour et que les cr\u00e9dits seront pr\u00e9vus au budget 2025.<\/td><\/tr><tr><td style=\"color: #333333;\"><strong>ET D\u00c9CIDE <\/strong><\/td><td style=\"color: #333333; text-align: justify;\"><p>que cette action sera factur\u00e9e aux familles des \u00e9l\u00e8ves de CM2 selon les tarifs ci-dessous\u00a0:<\/p><ul style=\"color: #333333; text-align: justify;\"><li>Famille domicili\u00e9e \u00e0 Thiant\u00a0: 100 \u20ac par enfant<\/li><li>Famille non domicili\u00e9e \u00e0 Thiant\u00a0: 500 \u20ac par enfant<\/li><\/ul><\/td><\/tr><tr><td style=\"color: #333333;\"><strong>ET D\u00c9CIDE<\/strong><\/td><td style=\"color: #333333; text-align: justify;\">que deux \u00e9lus accompagneront le s\u00e9jour<\/td><\/tr><\/tbody><\/table><p style=\"color: #333333; padding-left: 40px;\" align=\"right\"><small><em>D\u00e9lib\u00e9ration 2024-10-15-D07<\/em><\/small><\/p><table align=\"right\" bgcolor=\"#EEEEEE\"><tbody><tr><td style=\"color: #333333; text-align: left;\" width=\"25%\"><strong><u>D\u00e9cision<\/u><\/strong><\/td><td style=\"color: #333333; text-align: right;\" width=\"25%\">Pr\u00e9sent :<\/td><td style=\"color: #333333; text-align: left;\" width=\"50%\">18<\/td><\/tr><tr><td style=\"color: #333333; text-align: left;\">\u00a0<\/td><td style=\"color: #333333; text-align: right;\">Pour :<\/td><td style=\"color: #333333; text-align: left;\">18 dont 3 pouvoirs<\/td><\/tr><tr><td style=\"color: #333333; text-align: left;\">\u00a0<\/td><td style=\"color: #333333; text-align: right;\">Contre :<\/td><td style=\"color: #333333; text-align: left;\">0<\/td><\/tr><tr><td style=\"color: #333333; text-align: left;\">\u00a0<\/td><td style=\"color: #333333; text-align: right;\">Abstentions :<\/td><td style=\"color: #333333; text-align: left;\">4 dont 1 pouvoir<\/td><\/tr><\/tbody><\/table><div id=\"CM15102024Huit\" style=\"color: #333333;\"><strong><u>8 &#8211; D\u00e9lib\u00e9ration r\u00e8glement des salles<\/u><\/strong><\/div><p style=\"color: #333333; padding-left: 40px; text-align: justify;\"><em>Pr\u00e9sentation est faite par Monsieur Michel HENNAUT<br \/>Document transmis par mail<\/em><\/p><p style=\"color: #333333;\"><strong>Le Conseil Municipal, apr\u00e8s en avoir d\u00e9lib\u00e9r\u00e9,<\/strong><br \/>par 22 voix pour, 0 voix contre, 0 abstention<\/p><table width=\"75%\"><tbody><tr><td style=\"color: #333333;\" width=\"25%\"><strong>VALIDE<\/strong><\/td><td style=\"color: #333333; text-align: justify;\" width=\"75%\">le r\u00e8glement int\u00e9rieur des salles de sports de la commune (ANSART et DELAUNE)<\/td><\/tr><tr><td style=\"color: #333333;\"><strong>AUTORISE<\/strong><\/td><td style=\"color: #333333; text-align: justify;\">Monsieur Le Maire \u00e0 signer ce r\u00e8glement int\u00e9rieur ci-dessous<\/td><\/tr><tr><td style=\"color: #333333;\"><strong>DIT<\/strong><\/td><td style=\"color: #333333; text-align: justify;\">que le r\u00e8glement sera applicable \u00e0 compter du 16 octobre 2024<\/td><\/tr><\/tbody><\/table><p align=\"justify\"><a href=\"https:\/\/thiant.fr\/wordpress\/documents_ext\/CM\/2024-10_reglement_salles-de-sport.pdf\" target=\"_blank\" rel=\"noopener\"><img loading=\"lazy\" decoding=\"async\" class=\"alignnone wp-image-6903 size-full\" src=\"https:\/\/thiant.fr\/wordpress\/wp-content\/uploads\/2025\/02\/Reglement-interieur-salles-Ansart-Delaune_01.png\" alt=\"R\u00e8glement int\u00e9rieur des salles Ansart et Delaune.\" width=\"566\" height=\"800\" srcset=\"https:\/\/thiant.fr\/wordpress\/wp-content\/uploads\/2025\/02\/Reglement-interieur-salles-Ansart-Delaune_01.png 566w, https:\/\/thiant.fr\/wordpress\/wp-content\/uploads\/2025\/02\/Reglement-interieur-salles-Ansart-Delaune_01-212x300.png 212w\" sizes=\"(max-width: 566px) 100vw, 566px\" \/><img loading=\"lazy\" decoding=\"async\" class=\"alignnone wp-image-6904 size-full\" src=\"https:\/\/thiant.fr\/wordpress\/wp-content\/uploads\/2025\/02\/Reglement-interieur-salles-Ansart-Delaune_02.png\" alt=\"R\u00e8glement int\u00e9rieur des salles Ansart et Delaune.\" width=\"566\" height=\"800\" srcset=\"https:\/\/thiant.fr\/wordpress\/wp-content\/uploads\/2025\/02\/Reglement-interieur-salles-Ansart-Delaune_02.png 566w, https:\/\/thiant.fr\/wordpress\/wp-content\/uploads\/2025\/02\/Reglement-interieur-salles-Ansart-Delaune_02-212x300.png 212w\" sizes=\"(max-width: 566px) 100vw, 566px\" \/><\/a><\/p><p><a style=\"text-align: center;\" href=\"https:\/\/thiant.fr\/wordpress\/documents_ext\/CM\/2024-10_reglement_salles-de-sport.pdf\" target=\"_blank\" rel=\"noopener\">\u2192 R\u00e8glement int\u00e9rieur des salles de sport au format PDF \u2190<\/a><\/p><p style=\"color: #333333; padding-left: 40px;\" align=\"right\"><small><em>D\u00e9lib\u00e9ration 2024-10-15-D08<\/em><\/small><\/p><table align=\"right\" bgcolor=\"#EEEEEE\"><tbody><tr><td style=\"color: #333333; text-align: left;\" width=\"25%\"><strong><u>D\u00e9cision<\/u><\/strong><\/td><td style=\"color: #333333; text-align: right;\" width=\"25%\">Pr\u00e9sent :<\/td><td style=\"color: #333333; text-align: left;\" width=\"50%\">18<\/td><\/tr><tr><td style=\"color: #333333; text-align: left;\">\u00a0<\/td><td style=\"color: #333333; text-align: right;\">Pour :<\/td><td style=\"color: #333333; text-align: left;\">22 dont 4 pouvoirs<\/td><\/tr><tr><td style=\"color: #333333; text-align: left;\">\u00a0<\/td><td style=\"color: #333333; text-align: right;\">Contre :<\/td><td style=\"color: #333333; text-align: left;\">0<\/td><\/tr><tr><td style=\"color: #333333; text-align: left;\">\u00a0<\/td><td style=\"color: #333333; text-align: right;\">Abstentions :<\/td><td style=\"color: #333333; text-align: left;\">0<\/td><\/tr><\/tbody><\/table><div id=\"CM15102024Neuf\" style=\"color: #333333;\"><strong><u>9 &#8211; D\u00e9lib\u00e9ration commission du conseil municipal \u00e0 compter du 15 octobre 2024<\/u><\/strong><\/div><p style=\"color: #333333; padding-left: 40px;\" align=\"justify\"><em>Pr\u00e9sentation est faite par Monsieur Le Maire<\/em><\/p><table style=\"color: #333333; text-align: center;\" width=\"75%\"><tbody><tr><td style=\"color: #333333; text-align: left;\" colspan=\"2\"><strong><u>Actualisations des commissions<\/u><\/strong><\/td><\/tr><tr bgcolor=\"#EEEEEE\"><td style=\"color: #333333; text-align: center; text-transform: uppercase;\" colspan=\"2\"><strong>Finances<\/strong><\/td><\/tr><tr><td style=\"color: #333333;\" width=\"25%\"><strong>Pr\u00e9sident\u00a0:<\/strong><\/td><td style=\"color: #333333; text-align: justify;\" width=\"75%\">Monsieur Marc WATTIEZ<\/td><\/tr><tr><td style=\"color: #333333;\"><strong>Vice-Pr\u00e9sident\u00a0: <\/strong><\/td><td style=\"color: #333333; text-align: justify;\">Madame St\u00e9phanie WATTIEZ<\/td><\/tr><tr><td style=\"color: #333333; vertical-align: top;\"><strong>Membres\u00a0: <\/strong><\/td><td style=\"color: #333333; text-align: justify;\">Madame C\u00e9line TRACHMAN<br \/>Monsieur Jean-Claude BAH<\/td><\/tr><tr><td style=\"color: #333333; vertical-align: top;\"><strong>Suppl\u00e9ant\u00a0: <\/strong><\/td><td style=\"color: #333333; text-align: justify;\">N\u00e9ant<br \/>Madame Virginie LARIVE rempla\u00e7ant Monsieur Jean Michel HARBONNIER<\/td><\/tr><tr bgcolor=\"#EEEEEE\"><td style=\"color: #333333; text-align: center; text-transform: uppercase;\" colspan=\"2\"><strong>F\u00eates et c\u00e9r\u00e9monies<\/strong><\/td><\/tr><tr><td style=\"color: #333333;\"><strong>Pr\u00e9sident\u00a0:<\/strong><\/td><td style=\"color: #333333; text-align: justify;\">Monsieur Marc WATTIEZ<\/td><\/tr><tr><td style=\"color: #333333; vertical-align: top;\"><strong>Membres\u00a0: <\/strong><\/td><td style=\"color: #333333; text-align: justify;\">Monsieur J\u00e9r\u00f4me CARLIER<br \/>Madame C\u00e9line TRACHMAN<br \/>Madame Sylvie NICOLAS<br \/>Monsieur Bernard MALAQUIN<br \/>Monsieur Bernard LEPEZ<br \/>Monsieur Christophe DESPINOY<\/td><\/tr><tr><td style=\"color: #333333; vertical-align: top;\"><strong>Suppl\u00e9ant\u00a0: <\/strong><\/td><td style=\"color: #333333; text-align: justify;\">Monsieur Jean Michel HARBONNIER rempla\u00e7ant Monsieur Jimmy LAURENT<\/td><\/tr><tr bgcolor=\"#EEEEEE\"><td style=\"color: #333333; text-align: center; text-transform: uppercase;\" colspan=\"2\"><strong>Travaux Urbanisme S\u00e9curit\u00e9 et Environnement<\/strong><\/td><\/tr><tr><td style=\"color: #333333;\"><strong>Pr\u00e9sident\u00a0:<\/strong><\/td><td style=\"color: #333333; text-align: justify;\">Monsieur Marc WATTIEZ<\/td><\/tr><tr><td style=\"color: #333333;\"><strong>Vice-Pr\u00e9sident\u00a0: <\/strong><\/td><td style=\"color: #333333; text-align: justify;\">Monsieur Philippe WAELKENS<\/td><\/tr><tr><td style=\"color: #333333; vertical-align: top;\"><strong>Membres\u00a0: <\/strong><\/td><td style=\"color: #333333; text-align: justify;\">Monsieur J\u00e9r\u00f4me CARLIER<br \/>Monsieur Bernard LEPEZ<br \/>Monsieur Bernard MALAQUIN<br \/>Madame C\u00e9line TRACHMAN<\/td><\/tr><tr><td style=\"color: #333333; vertical-align: top;\"><strong>Suppl\u00e9ant\u00a0: <\/strong><\/td><td style=\"color: #333333; text-align: justify;\">Madame Sylvie NICOLAS<br \/>Monsieur Jimmy LAURENT rempla\u00e7ant Monsieur Jean-Michel HARBONNIER<\/td><\/tr><tr bgcolor=\"#EEEEEE\"><td style=\"color: #333333; text-align: center; text-transform: uppercase;\" colspan=\"2\"><strong>Sports et vie associative<\/strong><\/td><\/tr><tr><td style=\"color: #333333;\"><strong>Pr\u00e9sident\u00a0:<\/strong><\/td><td style=\"color: #333333; text-align: justify;\">Monsieur Marc WATTIEZ<\/td><\/tr><tr><td style=\"color: #333333;\"><strong>Vice-Pr\u00e9sident\u00a0: <\/strong><\/td><td style=\"color: #333333; text-align: justify;\">Monsieur Michel HENNAUT<\/td><\/tr><tr><td style=\"color: #333333; vertical-align: top;\"><strong>Membres\u00a0: <\/strong><\/td><td style=\"color: #333333; text-align: justify;\">Madame C\u00e9line TRACHMAN<br \/>Monsieur J\u00e9r\u00f4me CARLIER<\/td><\/tr><tr><td style=\"color: #333333; vertical-align: top;\"><strong>Suppl\u00e9ant\u00a0: <\/strong><\/td><td style=\"color: #333333; text-align: justify;\">N\u00e9ant<br \/>Monsieur Jean Michel HARBONNIER rempla\u00e7ant Monsieur Jimmy LAURENT<\/td><\/tr><tr bgcolor=\"#EEEEEE\"><td style=\"color: #333333; text-align: center; text-transform: uppercase;\" colspan=\"2\"><strong>Logement, Affaires sociales<\/strong><\/td><\/tr><tr><td style=\"color: #333333;\"><strong>Pr\u00e9sident\u00a0:<\/strong><\/td><td style=\"color: #333333; text-align: justify;\">Monsieur Marc WATTIEZ<\/td><\/tr><tr><td style=\"color: #333333;\"><strong>Vice-Pr\u00e9sident\u00a0:<\/strong><\/td><td style=\"color: #333333; text-align: justify;\">Madame Raymonde BOHERE<\/td><\/tr><tr><td style=\"color: #333333; vertical-align: top;\"><strong>Membres\u00a0:<\/strong><\/td><td style=\"color: #333333; text-align: justify;\">Monsieur Jean Claude BAH<br \/>Madame Armelle BOURLET<br \/>Madame Sylvie NICOLAS<\/td><\/tr><tr><td style=\"color: #333333; vertical-align: top;\"><strong>Suppl\u00e9ant\u00a0: <\/strong><\/td><td style=\"color: #333333; text-align: justify;\">N\u00e9ant<br \/>Monsieur Jean Michel HARBONNIER rempla\u00e7ant Mme Fran\u00e7oise BAR-DESESPRINGALLE<\/td><\/tr><tr bgcolor=\"#EEEEEE\"><td style=\"color: #333333; text-align: center; text-transform: uppercase;\" colspan=\"2\"><strong>Culture et citoyennet\u00e9<\/strong><\/td><\/tr><tr><td style=\"color: #333333;\"><strong>Pr\u00e9sident\u00a0:<\/strong><\/td><td style=\"color: #333333; text-align: justify;\">Monsieur Marc WATTIEZ<\/td><\/tr><tr><td style=\"color: #333333;\"><strong>Vice-Pr\u00e9sident\u00a0: <\/strong><\/td><td style=\"color: #333333; text-align: justify;\">Madame C\u00e9line DUMAINE<\/td><\/tr><tr><td style=\"color: #333333; vertical-align: top;\"><strong>Membres\u00a0: <\/strong><\/td><td style=\"color: #333333; text-align: justify;\">Madame C\u00e9line TRACHMAN<br \/>Madame Sylvie NICOLAS<br \/>Monsieur Christophe DESPINOY<\/td><\/tr><tr><td style=\"color: #333333; vertical-align: top;\"><strong>Suppl\u00e9ant\u00a0: <\/strong><\/td><td style=\"color: #333333; text-align: justify;\">N\u00e9ant<br \/>Madame Virginie LARIVE rempla\u00e7ant Monsieur Jimmy LAURENT<\/td><\/tr><tr bgcolor=\"#EEEEEE\"><td style=\"color: #333333; text-align: center; text-transform: uppercase;\" colspan=\"2\"><strong>Education Jeunesse ALSH<\/strong><\/td><\/tr><tr><td style=\"color: #333333;\"><strong>Pr\u00e9sident\u00a0:<\/strong><\/td><td style=\"color: #333333; text-align: justify;\">Monsieur Marc WATTIEZ<\/td><\/tr><tr><td style=\"color: #333333;\"><strong>Vice-Pr\u00e9sident\u00a0: <\/strong><\/td><td style=\"color: #333333; text-align: justify;\">Madame Sylvie DEVOS<\/td><\/tr><tr><td style=\"color: #333333; vertical-align: top;\"><strong>Membres\u00a0: <\/strong><\/td><td style=\"color: #333333; text-align: justify;\">Madame C\u00e9line TRACHMANvMadame Armelle BOURLET<\/td><\/tr><tr><td style=\"color: #333333; vertical-align: top;\"><strong>Suppl\u00e9ant\u00a0: <\/strong><\/td><td style=\"color: #333333; text-align: justify;\">N\u00e9ant<br \/>Madame Fran\u00e7oise BAR-DESESPRINGALLE rempla\u00e7ante Madame Virginie LARIVE<\/td><\/tr><tr bgcolor=\"#EEEEEE\"><td style=\"color: #333333; text-align: center; text-transform: uppercase;\" colspan=\"2\"><strong>Informations, Communications<\/strong><\/td><\/tr><tr><td style=\"color: #333333;\"><strong>Pr\u00e9sident\u00a0:<\/strong><\/td><td style=\"color: #333333; text-align: justify;\">Monsieur Marc WATTIEZ<\/td><\/tr><tr><td style=\"color: #333333;\"><strong>Vice-Pr\u00e9sident\u00a0: <\/strong><\/td><td style=\"color: #333333; text-align: justify;\">Madame Sylvaine GERARD<\/td><\/tr><tr><td style=\"color: #333333; vertical-align: top;\"><strong>Membres\u00a0: <\/strong><\/td><td style=\"color: #333333; text-align: justify;\">Madame C\u00e9line TRACHMAN<\/td><\/tr><tr><td style=\"color: #333333; vertical-align: top;\"><strong>Suppl\u00e9ant\u00a0: <\/strong><\/td><td style=\"color: #333333; text-align: justify;\">N\u00e9ant<br \/>Madame Fran\u00e7oise BAR-DESESPRINGALLE rempla\u00e7ante Madame Virginie LARIVE<\/td><\/tr><tr bgcolor=\"#EEEEEE\"><td style=\"color: #333333; text-align: center; text-transform: uppercase;\" colspan=\"2\"><strong>Solidarit\u00e9<\/strong><\/td><\/tr><tr><td style=\"color: #333333;\"><strong>Pr\u00e9sident\u00a0:<\/strong><\/td><td style=\"color: #333333; text-align: justify;\">Monsieur Marc WATTIEZ<\/td><\/tr><tr><td style=\"color: #333333;\"><strong>Vice-Pr\u00e9sident\u00a0: <\/strong><\/td><td style=\"color: #333333; text-align: justify;\">Madame Martine PREVOST<\/td><\/tr><tr><td style=\"color: #333333; vertical-align: top;\"><strong>Membres\u00a0: <\/strong><\/td><td style=\"color: #333333; text-align: justify;\">Madame Sylvie NICOLAS<br \/>Madame Armelle BOURLET<\/td><\/tr><tr><td style=\"color: #333333; vertical-align: top;\"><strong>Suppl\u00e9ant\u00a0: <\/strong><\/td><td style=\"color: #333333; text-align: justify;\">N\u00e9ant<br \/>Madame Fran\u00e7oise BAR-DESESPRINGALLE rempla\u00e7ante Madame Virginie LARIVE<\/td><\/tr><\/tbody><\/table><p style=\"color: #333333;\"><strong><u>Ajout des r\u00e9compenses pour les maisons fleuries\u00a0:<\/u><\/strong><\/p><div style=\"color: #333333;\"><strong><u>10 &#8211; D\u00e9lib\u00e9ration achat de r\u00e9compenses cartes cadeaux Maisons fleuries<\/u><\/strong><\/div><p style=\"color: #333333; padding-left: 40px;\" align=\"justify\">Suite \u00e0 la d\u00e9lib\u00e9ration du 14 d\u00e9cembre 2018 et celle du 28 novembre 2023 qui pr\u00e9cisent les modalit\u00e9s d\u2019achat de r\u00e9compenses carte cadeaux pour bourses et concours<br \/>Et notamment :<\/p><ul style=\"color: #333333; padding-left: 40px;\"><li>les m\u00eames modalit\u00e9s d\u2019achat de r\u00e9compenses pour le concours de dessin et les r\u00e9compenses aux divers concours de la commune comme les Maisons Fleuries c\u2019est-\u00e0-dire l\u2019achat de cartes cadeaux ou bons d\u2019achats dans une enseigne commerciale pour une valeur de 30\u20ac maximum<\/li><\/ul><p style=\"color: #333333;\"><strong>Le Conseil Municipal, apr\u00e8s en avoir d\u00e9lib\u00e9r\u00e9,<\/strong><br \/>par 22 voix pour, 0 voix contre, 0 abstention<\/p><table width=\"75%\"><tbody><tr><td style=\"color: #333333;\" width=\"25%\"><strong>D\u00c9CIDE <\/strong><\/td><td style=\"color: #333333; text-align: justify;\" width=\"75%\">de modifier les modalit\u00e9s de r\u00e9compenses pour les r\u00e9compenses des maisons fleuries (3 Cat\u00e9gories de r\u00e9compenses\u00a0avec 1<sup>er<\/sup> prix 100\u20ac 2<sup>\u00e8me<\/sup> prix 80\u20ac et 3<sup>\u00e8me<\/sup> prix 60\u20ac et divers lots de consolation pour une valeur maxi de 100\u20ac)<\/td><\/tr><tr><td style=\"color: #333333;\" width=\"25%\"><strong>AUTORISE<\/strong><\/td><td style=\"color: #333333; text-align: justify;\" width=\"75%\">les modalit\u00e9s d\u2019achat de r\u00e9compenses pour le concours des Maisons Fleuries c\u2019est-\u00e0-dire l\u2019achat de cartes cadeaux ou bons d\u2019achats dans une enseigne commerciale pour une valeur de 100\u20ac maximum et pour un budget global maximum de 1000\u20ac.<\/td><\/tr><\/tbody><\/table><p style=\"color: #333333; padding-left: 40px;\" align=\"right\"><small><em>D\u00e9lib\u00e9ration 2024-10-15-D09<\/em><\/small><\/p><table align=\"right\" bgcolor=\"#EEEEEE\"><tbody><tr><td style=\"color: #333333; text-align: left;\" width=\"25%\"><strong><u>D\u00e9cision<\/u><\/strong><\/td><td style=\"color: #333333; text-align: right;\" width=\"25%\">Pr\u00e9sent :<\/td><td style=\"color: #333333; text-align: left;\" width=\"50%\">18<\/td><\/tr><tr><td style=\"color: #333333; text-align: left;\">\u00a0<\/td><td style=\"color: #333333; text-align: right;\">Pour :<\/td><td style=\"color: #333333; text-align: left;\">22 dont 4 pouvoirs<\/td><\/tr><tr><td style=\"color: #333333; text-align: left;\">\u00a0<\/td><td style=\"color: #333333; text-align: right;\">Contre :<\/td><td style=\"color: #333333; text-align: left;\">0<\/td><\/tr><tr><td style=\"color: #333333; text-align: left;\">\u00a0<\/td><td style=\"color: #333333; text-align: right;\">Abstentions :<\/td><td style=\"color: #333333; text-align: left;\">0<\/td><\/tr><\/tbody><\/table><p id=\"CM15102024QD\" style=\"color: #333333;\"><strong>Questions diverses\u00a0:<\/strong><\/p><p style=\"color: #333333; padding-left: 40px;\" align=\"justify\">Pas de questions diverses<\/p><p style=\"color: #333333;\"><em>Remarques :<\/em><\/p><p style=\"color: #333333;\"><em>Pour information La CAPH a chang\u00e9 son logo <\/em><\/p><p style=\"color: #333333;\" align=\"right\"><strong><em>S\u00e9ance lev\u00e9e \u00e0 18h30<br \/>Le secr\u00e9taire de s\u00e9ance<br \/>Philippe WAELKENS<\/em><\/strong><\/p>\t\t\t\t\t\t\t\t<\/div>\n\t\t\t\t<\/div>\n\t\t\t\t\t<\/div>\n\t\t\t\t<\/div>\n\t\t<div id=\"e-n-tab-content-87943413\" role=\"tabpanel\" aria-labelledby=\"e-n-tab-title-87943413\" data-tab-index=\"3\" style=\"--n-tabs-title-order: 3;\" class=\" elementor-element elementor-element-bd4fc21 e-flex e-con-boxed e-con e-child\" data-id=\"bd4fc21\" data-element_type=\"container\" data-e-type=\"container\">\n\t\t\t\t\t<div class=\"e-con-inner\">\n\t\t\t\t<div class=\"elementor-element elementor-element-fd887f2 elementor-widget elementor-widget-text-editor\" data-id=\"fd887f2\" data-element_type=\"widget\" data-e-type=\"widget\" data-widget_type=\"text-editor.default\">\n\t\t\t\t<div class=\"elementor-widget-container\">\n\t\t\t\t\t\t\t\t\t<h6><span style=\"color: #ee0700;\">Proc\u00e8s verbal du Conseil Municipal du 25 juin 2024 \u00e0 18h00<\/span><\/h6><p><a href=\"https:\/\/thiant.fr\/wordpress\/documents_ext\/CM\/CM_2024-06-25.pdf\" target=\"_blank\" rel=\"noopener\"><img loading=\"lazy\" decoding=\"async\" class=\"alignnone wp-image-6682 size-medium\" src=\"https:\/\/thiant.fr\/wordpress\/wp-content\/uploads\/2024\/11\/PV-CM-25062024-212x300.jpg\" alt=\"\" width=\"212\" height=\"300\" srcset=\"https:\/\/thiant.fr\/wordpress\/wp-content\/uploads\/2024\/11\/PV-CM-25062024-212x300.jpg 212w, https:\/\/thiant.fr\/wordpress\/wp-content\/uploads\/2024\/11\/PV-CM-25062024.jpg 566w\" sizes=\"(max-width: 212px) 100vw, 212px\" \/><\/a><\/p><p style=\"color: #333333;\"><strong>Date de la convocation\u00a0:<\/strong>\u00a0\u00a0\u00a0\u00a0\u00a0\u00a0\u00a0\u00a0 Jeudi 20 juin 2024<\/p><p style=\"color: #333333;\"><strong>Date de l\u2019affichage\u00a0:<\/strong> \u00a0\u00a0 \u00a0\u00a0\u00a0\u00a0\u00a0\u00a0\u00a0\u00a0\u00a0\u00a0\u00a0 Jeudi 20 juin 2024<\/p><p style=\"color: #333333; padding-left: 40px;\" align=\"justify\">L\u2019an deux mil vingt-quatre, le vingt-cinq juin \u00e0 dix-huit heures, le Conseil Municipal de Thiant, r\u00e9guli\u00e8rement convoqu\u00e9, s\u2019est r\u00e9uni en la salle du conseil, rue Anatole France \u00e0 THIANT, sous la Pr\u00e9sidence de Monsieur Marc WATTIEZ, Maire de la Commune.<\/p><p style=\"color: #333333;\"><strong>Pr\u00e9sents :<\/strong><\/p><p style=\"color: #333333; padding-left: 40px;\" align=\"justify\"><strong>Madame St\u00e9phanie WATTIEZ, Madame C\u00e9line DUMAINE, Madame Sylvaine GERARD, Madame Sylvie NICOLAS, Madame Sylvie DEVOS, Madame Raymonde BOHERE, Madame Martine PREVOST, Monsieur Bernard MALAQUIN, Monsieur Bernard LEPEZ, Madame Fran\u00e7oise BAR-DESESPRINGALLE, Monsieur Jimmy LAURENT, Monsieur Jean-Michel HARBONNIER<\/strong><\/p><p style=\"color: #333333;\"><strong>Excus\u00e9s :<\/strong><\/p><p style=\"color: #333333; padding-left: 40px;\"><strong>Monsieur Marc WATTIEZ qui donne pouvoir \u00e0 Madame St\u00e9phanie WATTIEZ<br \/>Monsieur Guy VANDERBEC qui donne pouvoir \u00e0 Madame Sylvie NICOLAS<br \/>Monsieur J\u00e9r\u00f4me CARLIER qui donne pouvoir \u00e0 Madame Raymonde BOHERE<br \/>Monsieur Jean Claude BAH qui donne pouvoir \u00e0 Madame Sylvie DEVOS<br \/>Monsieur Christophe DESPINOY qui donne pourvoir \u00e0 Madame C\u00e9line DUMAINE<br \/>Madame Virginie LARIVE qui donne pouvoir \u00e0 Monsieur Jimmy LAURENT<br \/>Monsieur Philippe WAELKENS<br \/>Monsieur Michel HENNAUT<br \/>Madame Armelle BOURLET<br \/>Madame C\u00e9line TRACHMAN<\/strong><\/p><p style=\"color: #333333;\"><strong><u>Ordre du jour<\/u>\u00a0:<\/strong><\/p><ol style=\"color: #333333; padding-left: 40px;\"><li><a href=\"#CM25062024Un\">D\u00e9lib\u00e9ration approbation du proc\u00e8s-verbal du 06 juin 2024<\/a><\/li><li><a href=\"#CM25062024Deux\">D\u00e9lib\u00e9ration autorisation de signature\u00a0: Convention pour le transfert de comp\u00e9tences de prestation de service dans le cadre du fonctionnement du relais petite enfance avec l\u2019association l\u2019Ile aux marmots \u00e0 compter du 1<sup>er<\/sup> juillet 2024<\/a><\/li><li><a href=\"#CM25062024QD\">Questions diverses<\/a><\/li><\/ol><p style=\"color: #333333;\"><strong>D\u00e9signation d&#8217;un Secr\u00e9taire de s\u00e9ance : Madame C\u00e9line DUMAINE<\/strong><\/p><p style=\"color: #333333;\"><strong>Etat des pouvoirs\u00a0: &#8230;.6 pouvoirs&#8230;&#8230;&#8230;&#8230;&#8230;&#8230;&#8230;&#8230;&#8230;&#8230;&#8230;.<\/strong><\/p><div style=\"color: #333333;\"><strong>Suppression du point N\u00b01<\/strong><\/div><div id=\"CM25062024Un\" style=\"color: #333333;\"><strong><u>1 &#8211; Approbation du Proc\u00e8s-verbal du 06 juin 2024<\/u><\/strong><\/div><p style=\"color: #333333;\"><i><u>D\u00e9lib\u00e9ration report\u00e9e au prochain conseil municipal<\/u><\/i><\/p><table width=\"75%\"><tbody><tr bgcolor=\"#EEEEEE\"><td style=\"color: #333333;\" width=\"25%\"><del>Consid\u00e9rant<\/del><\/td><td style=\"color: #333333; text-align: justify;\" width=\"75%\"><del>Le Code G\u00e9n\u00e9ral des Collectivit\u00e9s Territoriales, particuli\u00e8rement les articles L.2121-7 \u00e0 L.2121-28 ;<\/del><\/td><\/tr><tr bgcolor=\"#EEEEEE\"><td style=\"color: #333333;\"><del>Consid\u00e9rant<\/del><\/td><td style=\"color: #333333; text-align: justify;\"><del>qu&#8217;il convient d&#8217;adopter les proc\u00e8s-verbaux des s\u00e9ances du Conseil Municipal.<\/del><\/td><\/tr><\/tbody><\/table><p style=\"color: #333333;\"><strong><del>Il est propos\u00e9 au Conseil Municipal, <\/del><\/strong><\/p><p style=\"color: #333333;\"><del>par\u00a0\u00a0\u00a0 voix pour,\u00a0\u00a0\u00a0 voix contre,\u00a0\u00a0\u00a0\u00a0abstention<\/del><\/p><table width=\"75%\"><tbody><tr bgcolor=\"#EEEEEE\"><td style=\"color: #333333;\" width=\"25%\"><del><strong>D\u2019APPROUVER<\/strong><\/del><\/td><td style=\"color: #333333; text-align: justify;\" width=\"75%\"><del>le contenu du proc\u00e8s-verbal du 06 juin 2024, r\u00e9dig\u00e9 par son secr\u00e9taire de s\u00e9ance.<\/del><\/td><\/tr><\/tbody><\/table><p style=\"color: #333333;\" align=\"right\"><small><em>\u2026 Remarques et d\u00e9cision du Conseil Municipal\u00a0???<\/em><\/small><\/p><table align=\"right\" bgcolor=\"#EEEEEE\"><tbody><tr><td style=\"color: #333333; text-align: left;\" width=\"25%\"><strong><u>D\u00e9cision<\/u><\/strong><\/td><td style=\"color: #333333; text-align: left;\" width=\"25%\">Sur :<\/td><td style=\"color: #333333; text-align: left;\" width=\"50%\">\u00a0<\/td><\/tr><tr><td style=\"color: #333333; text-align: left;\">\u00a0<\/td><td style=\"color: #333333; text-align: left;\">Pour :<\/td><td style=\"color: #333333; text-align: left;\">\u00a0<\/td><\/tr><tr><td style=\"color: #333333; text-align: left;\">\u00a0<\/td><td style=\"color: #333333; text-align: left;\">Contre :<\/td><td style=\"color: #333333; text-align: left;\">\u00a0<\/td><\/tr><tr><td style=\"color: #333333; text-align: left;\">\u00a0<\/td><td style=\"color: #333333; text-align: left;\">Abstentions :<\/td><td style=\"color: #333333; text-align: left;\">\u00a0<\/td><\/tr><\/tbody><\/table><div id=\"CM25062024Deux\" style=\"text-align: justify; color: #333333;\"><strong><u>2. D\u00e9lib\u00e9ration autorisation de signature\u00a0: Convention pour le transfert de comp\u00e9tences de prestation de service dans le cadre du fonctionnement du relais petite enfance avec l\u2019association l\u2019Ile aux marmots \u00e0 compter du 1<sup>er<\/sup> juillet 2024 <\/u><\/strong><\/div><p style=\"color: #333333;\" align=\"justify\"><em>Compte rendu de la commission affaires sociales et jeunesse du 19 juin transmis le 20 juin 2024 Pr\u00e9sentation est faite par Madame L\u2019adjointe aux finances <\/em><\/p><p style=\"color: #333333; padding-left: 40px;\" align=\"justify\">Madame L\u2019adjointe aux finances rappelle au Conseil municipal qu\u2019a \u00e9t\u00e9 cr\u00e9\u00e9 un Relais d\u2019Assistant(e)s Maternel(le)s intercommunal avec les communes de La Sentinelle \u2013 Prouvy \u2013 Haulchin et Rouvignies.<\/p><p style=\"color: #333333; padding-left: 40px;\" align=\"justify\">Le RAM intercommunal offre un service qui couvre l\u2019ensemble des cinq territoires et dont la mission est de cr\u00e9er un environnement favorable \u00e0 l\u2019accueil collectif des enfants \u00e2g\u00e9s de 0 \u00e0 3 ans encadr\u00e9s par des Assistant(e)s Maternel(le)s.<\/p><p style=\"color: #333333; padding-left: 40px;\" align=\"justify\">Ses missions fondamentales du Relais sont d\u00e9finies selon 4 axes principaux\u00a0:<\/p><ul style=\"color: #333333; text-align: justify; padding-left: 80px;\"><li style=\"color: #333333; padding-left: 20px;\">Organiser un lieu d\u2019information, d\u2019orientation et d\u2019acc\u00e8s aux droits pour les parents, les professionnel(le)s ou les candidat(e)s \u00e0 l\u2019agr\u00e9ment,<\/li><li style=\"color: #333333; padding-left: 20px;\">Animer un lieu o\u00f9 professionnel(le)s de l\u2019accueil \u00e0 domicile, enfants et parents se rencontrent, s\u2019expriment et tissent des liens sociaux,<\/li><li style=\"color: #333333; padding-left: 20px;\">Contribuer \u00e0 la professionnalisation de l\u2019accueil individuel,<\/li><li style=\"color: #333333; padding-left: 20px;\">Participer \u00e0 une fonction d\u2019observation des conditions locales d\u2019accueil des jeunes enfants.<\/li><\/ul><p style=\"color: #333333; padding-left: 40px;\" align=\"justify\">Depuis la cr\u00e9ation du Relais d\u2019Assistant(e)s Maternel(le)s intercommunal en mai 2016, La commune de Prouvy assurait la gestion de ce service intercommunal selon les conditions de fonctionnement fix\u00e9es dans une convention.<\/p><p style=\"color: #333333; padding-left: 40px;\" align=\"justify\">Cette convention fixe les participations financi\u00e8res dues par les diff\u00e9rentes Collectivit\u00e9s pour les prestations qui seront effectu\u00e9es par l\u2019\u00e9ducateur \u00e0 r\u00e9mun\u00e9rer sur le budget de la commune de Prouvy.<\/p><p style=\"color: #333333; padding-left: 40px;\" align=\"justify\">Suite au d\u00e9part en retraite de la responsable en charge de l\u2019animation du RAMi, le COPIL du Relais s\u2019est r\u00e9uni et a fait le choix \u00e0 l\u2019unanimit\u00e9 de donner la responsabilit\u00e9 du service d\u2019un Relais d\u2019Assistant(e)s Maternel(le)s \u00e0 l\u2019association L\u2019ILE AUX MARMOTS sous la direction de monsieur PREVOST.<\/p><p style=\"color: #333333; padding-left: 40px;\" align=\"justify\">De plus, La loi du 18 d\u00e9cembre 2023 pour le plein emploi cr\u00e9e le statut d\u2019autorit\u00e9 organisatrice de la politique d\u2019accueil du jeune enfant pour toutes les communes d\u00e8s 2025 ainsi que de nouvelles obligations.<\/p><p style=\"color: #333333; padding-left: 60px;\" align=\"justify\">Le nouvel article L.214-1-3 du Code de l\u2019action sociale et des familles (CASF), qui entrera en vigueur au 1er janvier 2025, pr\u00e9voit\u00a0que les communes, autorit\u00e9s organisatrices, seront comp\u00e9tentes pour\u00a0:<\/p><ol style=\"color: #333333; text-align: justify; padding-left: 80px;\"><li style=\"color: #333333;\">Recenser les besoins des enfants \u00e2g\u00e9s de moins de 3 ans et de leurs familles en mati\u00e8re de services aux familles ainsi que les modes d&#8217;accueil disponibles sur leur territoire ;<\/li><li style=\"color: #333333;\">Informer et accompagner les familles ayant un ou plusieurs enfants \u00e2g\u00e9s de moins de 3 ans ainsi que les futurs parents ;<\/li><li style=\"color: #333333;\">Planifier, au vu du recensement des besoins, le d\u00e9veloppement des modes d&#8217;accueil\u00a0;<\/li><li style=\"color: #333333;\">Soutenir la qualit\u00e9 des modes d&#8217;accueil.<\/li><\/ol><p style=\"color: #333333; padding-left: 60px;\" align=\"justify\">Les comp\u00e9tences mentionn\u00e9es aux 3. et 4. seront obligatoirement exerc\u00e9es par les communes de plus de 3 500 habitants.<\/p><p style=\"color: #333333; padding-left: 60px;\" align=\"justify\">Ainsi avec cette convention la commune r\u00e9pondra \u00e0 cette obligation,<\/p><p style=\"color: #333333; padding-left: 60px;\" align=\"justify\">Apr\u00e8s un avis favorable des commissions affaires sociales et jeunesse r\u00e9unie en date du 19 juin 2024\u00a0;<\/p><p style=\"color: #333333; padding-left: 60px;\" align=\"justify\">Apr\u00e8s lecture du projet de convention,<\/p><p style=\"color: #333333; padding-left: 60px;\" align=\"justify\">Et apr\u00e8s avoir entendu les arguments de ce projet,<\/p><p style=\"color: #333333;\"><strong>Le Conseil Municipal, <\/strong><\/p><p style=\"color: #333333;\">par\u00a0\u00a0\u00a0 17 voix pour,\u00a0\u00a0\u00a00 voix contre,\u00a0\u00a0\u00a0\u00a01 abstention<\/p><table align=\"center\"><tbody><tr><td style=\"color: #333333;\"><strong>AUTORISE<\/strong><\/td><td style=\"color: #333333; text-align: justify; padding-left: 60px;\">Monsieur Le Maire \u00e0 signer la convention de prestation de service pour la gestion du Relais d\u2019Assistant(e)s Maternel(le)s intercommunal avec l\u2019association l\u2019IL\u00d4 RAM OUEST<\/td><\/tr><tr><td style=\"color: #333333;\"><strong>DIT<\/strong><\/td><td style=\"color: #333333; text-align: justify; padding-left: 60px;\">que les cr\u00e9dits budg\u00e9taires seront inscrits au budget de la commune<\/td><\/tr><tr><td style=\"color: #333333;\"><strong>DECIDE<\/strong><\/td><td style=\"color: #333333; text-align: justify; padding-left: 60px;\">de mettre fin \u00e0 la convention intercommunale sign\u00e9e le 18\/10\/2016 avec les communes de La Sentinelle \u2013 Prouvy \u2013 Haulchin et Rouvignies \u00e0 compter du 30 juin 2024.<\/td><\/tr><\/tbody><\/table><p style=\"color: #333333; padding-left: 40px;\" align=\"right\"><small><em>D\u00e9lib\u00e9ration 2024-06-25 D01<\/em><\/small><\/p><table align=\"right\" bgcolor=\"#EEEEEE\"><tbody><tr><td style=\"color: #333333; text-align: left;\" width=\"25%\"><strong><u>D\u00e9cision<\/u><\/strong><\/td><td style=\"color: #333333; text-align: left;\" width=\"25%\">Pr\u00e9sents\u00a0: 12<\/td><td style=\"color: #333333; text-align: left;\" width=\"50%\">\u00a0<\/td><\/tr><tr><td style=\"color: #333333; text-align: left;\">\u00a0<\/td><td style=\"color: #333333; text-align: left;\">Pour\u00a0: 17 dont 6 pouvoirs<\/td><td style=\"color: #333333; text-align: left;\">\u00a0<\/td><\/tr><tr><td style=\"color: #333333; text-align: left;\">\u00a0<\/td><td style=\"color: #333333; text-align: left;\">Contre\u00a0: 0<\/td><td style=\"color: #333333; text-align: left;\">\u00a0<\/td><\/tr><tr><td style=\"color: #333333; text-align: left;\">\u00a0<\/td><td style=\"color: #333333; text-align: left;\">Abstentions\u00a0: 1<\/td><td style=\"color: #333333; text-align: left;\">\u00a0<\/td><\/tr><\/tbody><\/table><p id=\"CM25062024QD\" style=\"color: #333333;\" align=\"left\"><strong><i>Questions diverses\u00a0: Aucune<\/i><\/strong><\/p><p style=\"color: #333333;\" align=\"left\"><strong><i>S\u00e9ance lev\u00e9e \u00e0 18h30<\/i><\/strong><\/p><p style=\"color: #333333;\" align=\"right\"><strong><i>La secr\u00e9taire de s\u00e9ance<\/i><\/strong><\/p><p style=\"color: #333333;\" align=\"right\"><strong><i>Madame C\u00e9line DUMAINE<\/i><\/strong><\/p>\t\t\t\t\t\t\t\t<\/div>\n\t\t\t\t<\/div>\n\t\t\t\t\t<\/div>\n\t\t\t\t<\/div>\n\t\t<div id=\"e-n-tab-content-87943414\" role=\"tabpanel\" aria-labelledby=\"e-n-tab-title-87943414\" data-tab-index=\"4\" style=\"--n-tabs-title-order: 4;\" class=\" elementor-element elementor-element-a258ab4 e-flex e-con-boxed e-con e-child\" data-id=\"a258ab4\" data-element_type=\"container\" data-e-type=\"container\">\n\t\t\t\t\t<div class=\"e-con-inner\">\n\t\t\t\t<div class=\"elementor-element elementor-element-4fa1d0b elementor-widget elementor-widget-text-editor\" data-id=\"4fa1d0b\" data-element_type=\"widget\" data-e-type=\"widget\" data-widget_type=\"text-editor.default\">\n\t\t\t\t<div class=\"elementor-widget-container\">\n\t\t\t\t\t\t\t\t\t<h6><span style=\"color: #ff0000;\">Proc\u00e8s verbal du Conseil Municipal du 6 Juin 2024 \u00e0 18h00<\/span><\/h6><p><a href=\"https:\/\/thiant.fr\/wordpress\/documents_ext\/CM\/CM_2024-06-06.pdf\" target=\"_blank\" rel=\"noopener\"><img loading=\"lazy\" decoding=\"async\" class=\"alignnone wp-image-6874 size-medium\" src=\"https:\/\/thiant.fr\/wordpress\/wp-content\/uploads\/2025\/02\/PV_CM06062024-212x300.png\" alt=\"\" width=\"212\" height=\"300\" srcset=\"https:\/\/thiant.fr\/wordpress\/wp-content\/uploads\/2025\/02\/PV_CM06062024-212x300.png 212w, https:\/\/thiant.fr\/wordpress\/wp-content\/uploads\/2025\/02\/PV_CM06062024.png 566w\" sizes=\"(max-width: 212px) 100vw, 212px\" \/><\/a><\/p><p style=\"color: #333333;\"><strong>Date de la convocation\u00a0:<\/strong>\u00a0\u00a0\u00a0\u00a0\u00a0\u00a0\u00a0\u00a0 30 mai 2024<\/p><p style=\"color: #333333;\"><strong>Date de l\u2019affichage\u00a0:<\/strong> \u00a0\u00a0 \u00a0\u00a0\u00a0\u00a0\u00a0\u00a0\u00a0\u00a0\u00a0\u00a0\u00a0 30 mai 2024<\/p><p style=\"color: #333333; padding-left: 40px;\" align=\"justify\">L&#8217;an deux mil vingt-quatre, le six juin \u00e0 dix-huit heures, le Conseil Municipal de Thiant, r\u00e9guli\u00e8rement convoqu\u00e9, s&#8217;est r\u00e9uni en la salle du conseil, rue Anatole France \u00e0 THIANT, sous la Pr\u00e9sidence de Monsieur Marc WATTIEZ, Maire de la Commune.<\/p><p style=\"color: #333333;\"><strong>Pr\u00e9sents :<\/strong><\/p><p style=\"color: #333333; padding-left: 40px;\" align=\"justify\"><strong>Pr\u00e9sents: Monsieur Marc WATTIEZ, Madame St\u00e9phanie WATTIEZ, Madame C\u00e9line DUMAINE, Monsieur Philippe WAELKENS, Madame Raymonde BOHERE, Monsieur Michel HENNAUT, Madame Sylvie DEVOS, Madame Martine PREVOST, Monsieur Bernard LEPEZ, Madame Sylvie NICOLAS, Madame C\u00e9line TRACHMAN, Monsieur Christophe DESPINOY, Madame Fran\u00e7oise BAR-DESESPRINGALLE, Monsieur Jimmy LAURENT, Monsieur Jean-Michel HARBONNIER.<\/strong><\/p><p style=\"color: #333333;\"><strong>Excus\u00e9s :<\/strong><\/p><p style=\"color: #333333; padding-left: 40px;\"><strong>Monsieur J\u00e9r\u00f4me CARLIER qui donne pouvoir \u00e0 Monsieur Philippe WAELKENS<br \/>Monsieur Guy VANDERBEC qui donne pouvoir \u00e0 Monsieur Marc WATTIEZ<br \/>Madame Sylvaine GERARD qui donne pouvoir \u00e0 Madame C\u00e9line DUMAINE<br \/>Monsieur Bernard MALAQUIN qui donne pouvoir \u00e0 Madame Raymonde BOHERE<br \/>Monsieur Jean Claude BAH qui donne pouvoir \u00e0 Madame Sylvie DEVOS<br \/>Madame Armelle BOURLET qui donne pouvoir \u00e0 Madame Martine PREVOST<br \/>Madame Virginie LARIVE qui donne pouvoir \u00e0 Monsieur Jimmy LAURENT<\/strong><\/p><p style=\"color: #333333;\"><strong><u>Ordre du jour<\/u>\u00a0:<\/strong><\/p><ol style=\"color: #333333; padding-left: 40px;\"><li><a href=\"#CM06062024Un\">D\u00e9lib\u00e9ration Approbation du proc\u00e8s-verbal du 08 avril 2024<\/a><\/li><li><a href=\"#CM06062024Deux\">D\u00e9lib\u00e9ration subvention exceptionnelle pour l&#8217;association VMT : aide \u00e0 l&#8217;organisation de la f\u00eate de la lib\u00e9ration de Thiant<\/a><\/li><li><a href=\"#CM06062024Trois\">D\u00e9lib\u00e9ration demande de subvention lyc\u00e9e Kastler<\/a><\/li><li><a href=\"#CM06062024Quatre\">D\u00e9lib\u00e9ration subventions avec le d\u00e9partement<\/a><\/li><li><a href=\"#CM06062024Cinq\">D\u00e9lib\u00e9ration signatures de conventions avec le d\u00e9partement pour les travaux sur les d\u00e9partementales<\/a><\/li><li><a href=\"#CM06062024Six\">D\u00e9lib\u00e9ration Tarifs f\u00eate du Centre \u00e0 compter de juillet 2024<\/a><\/li><li><a href=\"#CM06062024Sept\">D\u00e9lib\u00e9ration personnel saisonnier pour l&#8217;\u00e9t\u00e9 2024<\/a><\/li><li><a href=\"#CM06062024Huit\">D\u00e9lib\u00e9ration tableau des effectifs au 1<sup>er<\/sup> juillet 2024<\/a><\/li><li><a href=\"#CM06062024Neuf\">D\u00e9lib\u00e9ration relative \u00e0 la cr\u00e9ation d&#8217;un emploi non permanent au titre d&#8217;une activit\u00e9 accessoire<\/a><\/li><li><a href=\"#CM06062024Dix\">D\u00e9lib\u00e9ration autorisant le recrutement d&#8217;agents sur des emplois aid\u00e9s de 2024 &#8211; 2025<\/a><\/li><li><a href=\"#CM06062024Onze\">D\u00e9lib\u00e9ration autorisation de signature de Monsieur le Maire pour convention avec le coll\u00e8ge<\/a><\/li><li><a href=\"#CM06062024Douze\">D\u00e9lib\u00e9ration autorisation de signature de Monsieur le Maire pour convention inter-centre ALSH avec la commune d&#8217;HAULCHIN<\/a><\/li><li><a href=\"#CM06062024QD\">Questions diverses<\/a><\/li><\/ol><p style=\"color: #333333;\"><strong>D\u00e9signation d&#8217;un Secr\u00e9taire de s\u00e9ance : St\u00e9phanie WATTIEZ<\/strong><\/p><p style=\"color: #333333;\"><strong>Nombre de pouvoirs\u00a0:\u2026 7 pouvoirs&#8230;&#8230;&#8230;&#8230;&#8230;&#8230;&#8230;&#8230;&#8230;&#8230;&#8230;..<\/strong><\/p><div id=\"CM06062024Un\" style=\"color: #333333;\"><strong><u>1 &#8211; Approbation du Proc\u00e8s-verbal du 08 avril 2024<\/u><\/strong><\/div><p style=\"color: #333333; padding-left: 40px;\" align=\"justify\"><em>Document transmis par mail le 24 avril 2024 et dans les casiers des \u00e9lus ce m\u00eame jour.<\/em><\/p><p style=\"color: #333333; padding-left: 40px;\" align=\"justify\"><em>La d\u00e9lib\u00e9ration 2024-04-08D20 comporte une erreur dans le nombre de voix car vot\u00e9e \u00e0 l&#8217;unanimit\u00e9 soit 20 votes pour.<br \/>Pour information la participation pour cette sortie pr\u00e9sent\u00e9e dans cette d\u00e9lib\u00e9ration n&#8217;a d&#8217;ailleurs pas eu lieu LILI LEIGNEL \u00e9tant souffrante.<br \/>Monsieur Jimmy LAURENT demande s&#8217;il est possible de noter le nom des personnes qui posent des questions diverses.<\/em><\/p><table width=\"75%\"><tbody><tr><td style=\"color: #333333;\" width=\"25%\">Consid\u00e9rant<\/td><td style=\"color: #333333; text-align: justify;\" width=\"75%\">Le Code G\u00e9n\u00e9ral des Collectivit\u00e9s Territoriales, particuli\u00e8rement les articles L.2121-7 \u00e0 L.2121-28 ;<\/td><\/tr><tr><td style=\"color: #333333;\">Consid\u00e9rant<\/td><td style=\"color: #333333; text-align: justify;\">qu&#8217;il convient d&#8217;adopter les proc\u00e8s-verbaux des s\u00e9ances du Conseil Municipal.<\/td><\/tr><\/tbody><\/table><p style=\"color: #333333;\"><strong>Le Conseil Municipal, apr\u00e8s en avoir d\u00e9lib\u00e9r\u00e9,<\/strong><br \/>par\u00a022 voix pour,\u00a0voix contre,\u00a0abstention<\/p><table style=\"table-layout: auto;\"><tbody><tr><td style=\"color: #333333;\" width=\"25%\"><strong><u>APPROUVE<\/u><\/strong><\/td><td style=\"color: #333333; text-align: justify;\" width=\"75%\">le contenu du proc\u00e8s-verbal du 08 avril 2024, r\u00e9dig\u00e9 par son secr\u00e9taire de s\u00e9ance.<\/td><\/tr><\/tbody><\/table><p style=\"color: #333333;\" align=\"right\"><em><small>D\u00e9lib\u00e9ration n\u00b0 2024-06-06-D-01<\/small><\/em><\/p><table style=\"table-layout: auto;\" align=\"right\" bgcolor=\"#EEEEEE\"><tbody><tr><td style=\"color: #333333; text-align: left;\" width=\"25%\"><strong><u>D\u00e9cision<\/u><\/strong><\/td><td style=\"color: #333333; text-align: left;\" width=\"25%\">Sur :<\/td><td style=\"color: #333333; text-align: left;\" width=\"50%\">15 pr\u00e9sents<\/td><\/tr><tr><td style=\"color: #333333; text-align: left;\">\u00a0<\/td><td style=\"color: #333333; text-align: left;\">Pour :<\/td><td style=\"color: #333333; text-align: left;\">22 dont 7 pouvoirs<\/td><\/tr><tr><td style=\"color: #333333; text-align: left;\">\u00a0<\/td><td style=\"color: #333333; text-align: left;\">Contre :<\/td><td style=\"color: #333333; text-align: left;\">0<\/td><\/tr><tr><td style=\"color: #333333; text-align: left;\">\u00a0<\/td><td style=\"color: #333333; text-align: left;\">Abstentions :<\/td><td style=\"color: #333333; text-align: left;\">0<\/td><\/tr><\/tbody><\/table><div id=\"CM06062024Deux\" style=\"color: #333333;\"><strong><u>2 &#8211; D\u00e9lib\u00e9ration subvention exceptionnelle pour l\u2019association VMT : aide \u00e0 l\u2019organisation de la f\u00eate de la lib\u00e9ration de Thiant<\/u><\/strong><\/div><p style=\"color: #333333; padding-left: 40px;\" align=\"justify\"><em>Pr\u00e9sentation est faite par Madame L\u2019adjointe aux finances.<br \/>L\u2019association des VMT organise un camp militaire \u00e0 l\u2019occasion de l\u2019anniversaire de la lib\u00e9ration de notre village. Cela fait plusieurs ann\u00e9es que pour une question d\u2019organisation nous laissons la gestion de cette manifestation \u00e0 l\u2019association. Cela leur permet de faire appel \u00e0 de nombreux partenaires. Et pour cela on leur verse une subvention.<\/em><\/p><p style=\"color: #333333;\"><strong>Le Conseil Municipal, apr\u00e8s en avoir d\u00e9lib\u00e9r\u00e9,<\/strong><br \/>par\u00a022 voix pour,\u00a0voix contre,\u00a0abstention<\/p><table style=\"table-layout: auto;\"><tbody><tr><td style=\"color: #333333;\" width=\"25%\"><strong><u>DECIDE<\/u><\/strong><\/td><td style=\"color: #333333; text-align: justify;\" width=\"75%\">d\u2019attribuer une subvention exceptionnelle d\u2019un montant de 3000\u20ac \u00e0 L\u2019association des VMT (V\u00e9hicules Militaires Thiantais) pour l\u2019organisation des festivit\u00e9s de la lib\u00e9ration de Thiant qui se d\u00e9rouleront le 31 aout et le 1<sup>er<\/sup> septembre 2024.<\/td><\/tr><\/tbody><\/table><p style=\"color: #333333;\" align=\"right\"><em><small>D\u00e9lib\u00e9ration n\u00b0 2024-06-06-D-02<\/small><\/em><\/p><table style=\"table-layout: auto;\" align=\"right\" bgcolor=\"#EEEEEE\"><tbody><tr><td style=\"color: #333333; text-align: left;\" width=\"25%\"><strong><u>D\u00e9cision<\/u><\/strong><\/td><td style=\"color: #333333; text-align: left;\" width=\"25%\">Sur :<\/td><td style=\"color: #333333; text-align: left;\" width=\"50%\">15 pr\u00e9sents<\/td><\/tr><tr><td style=\"color: #333333; text-align: left;\">\u00a0<\/td><td style=\"color: #333333; text-align: left;\">Pour :<\/td><td style=\"color: #333333; text-align: left;\">22 dont 7 pouvoirs<\/td><\/tr><tr><td style=\"color: #333333; text-align: left;\">\u00a0<\/td><td style=\"color: #333333; text-align: left;\">Contre :<\/td><td style=\"color: #333333; text-align: left;\">0<\/td><\/tr><tr><td style=\"color: #333333; text-align: left;\">\u00a0<\/td><td style=\"color: #333333; text-align: left;\">Abstentions :<\/td><td style=\"color: #333333; text-align: left;\">0<\/td><\/tr><\/tbody><\/table><p style=\"color: #333333; padding-left: 40px;\" align=\"justify\"><em>Monsieur Jimmy LAURENT demande si un feu d\u2019artifice aura lieu ?<br \/>Monsieur Le Maire confirme qu\u2019un feu d\u2019artifice est pr\u00e9vu pour cette manifestation le samedi 31 aout 2024 \u00e0 22h30.<br \/>Monsieur Michel HENNAUT demande si cette subvention peut \u00eatre d\u00e9lib\u00e9r\u00e9e au moment du vote de toutes les subventions ?<br \/>Madame l\u2019Adjointe aux finances dit que cela peut \u00eatre possible mais cela d\u00e9pend aussi de l\u2019avancement des dossiers au moment du vote du budget.<\/em><\/p><p style=\"color: #333333;\"><strong>Le Conseil Municipal, apr\u00e8s en avoir d\u00e9lib\u00e9r\u00e9,<\/strong><br \/>par\u00a022 voix pour,\u00a0voix contre,\u00a0abstention<\/p><table style=\"table-layout: auto;\"><tbody><tr><td style=\"color: #333333;\" width=\"25%\"><strong><u>DECIDE<\/u><\/strong><\/td><td style=\"color: #333333; text-align: justify;\" width=\"75%\">de solliciter l\u2019aide du minist\u00e8re de la d\u00e9fense pour l\u2019obtention d\u2019une subvention du fond de soutien aux projets communaux li\u00e9s au 80<sup>\u00e8me<\/sup> anniversaire du d\u00e9barquement, de la lib\u00e9ration et de la victoire.<\/td><\/tr><tr><td style=\"color: #333333;\" width=\"25%\"><strong><u>DECIDE<\/u><\/strong><\/td><td style=\"color: #333333; text-align: justify;\" width=\"75%\">que la commune a pour projet de f\u00eater le 80<sup>\u00e8me<\/sup> anniversaire de sa lib\u00e9ration le weekend du 31 aout et 1<sup>er<\/sup> septembre 2024<\/td><\/tr><tr><td style=\"color: #333333;\" width=\"25%\"><strong><u>AUTORISE<\/u><\/strong><\/td><td style=\"color: #333333; text-align: justify;\" width=\"75%\">Monsieur Le Maire \u00e0 signer tous les documents n\u00e9cessaires au bon d\u00e9roulement de cette manifestation<\/td><\/tr><tr><td style=\"color: #333333;\" width=\"25%\"><strong><u>DIT<\/u><\/strong><\/td><td style=\"color: #333333; text-align: justify;\" width=\"75%\">que les cr\u00e9dits n\u00e9cessaires sont inscrits au budget.<\/td><\/tr><\/tbody><\/table><p style=\"color: #333333;\" align=\"right\"><em><small>D\u00e9lib\u00e9ration n\u00b0 2024-06-06-D-03<\/small><\/em><\/p><table style=\"table-layout: auto;\" align=\"right\" bgcolor=\"#EEEEEE\"><tbody><tr><td style=\"color: #333333; text-align: left;\" width=\"25%\"><strong><u>D\u00e9cision<\/u><\/strong><\/td><td style=\"color: #333333; text-align: left;\" width=\"25%\">Sur :<\/td><td style=\"color: #333333; text-align: left;\" width=\"50%\">15 pr\u00e9sents<\/td><\/tr><tr><td style=\"color: #333333; text-align: left;\">\u00a0<\/td><td style=\"color: #333333; text-align: left;\">Pour :<\/td><td style=\"color: #333333; text-align: left;\">22 dont 7 pouvoirs<\/td><\/tr><tr><td style=\"color: #333333; text-align: left;\">\u00a0<\/td><td style=\"color: #333333; text-align: left;\">Contre :<\/td><td style=\"color: #333333; text-align: left;\">0<\/td><\/tr><tr><td style=\"color: #333333; text-align: left;\">\u00a0<\/td><td style=\"color: #333333; text-align: left;\">Abstentions :<\/td><td style=\"color: #333333; text-align: left;\">0<\/td><\/tr><\/tbody><\/table><div id=\"CM06062024Trois\" style=\"color: #333333;\"><strong><u>3 &#8211; D\u00e9lib\u00e9ration demande de subvention lyc\u00e9e Kastler<\/u><\/strong><\/div><p style=\"color: #333333; padding-left: 40px;\" align=\"justify\"><em>Pr\u00e9sentation est faite par Madame L\u2019adjointe aux finances<br \/>Le lyc\u00e9e KASTLER souhaite r\u00e9compenser leurs \u00e9l\u00e8ves m\u00e9ritants lors d\u2019une c\u00e9r\u00e9monie de remise des prix, le 2 juillet 2024 au th\u00e9\u00e2tre de Denain.<\/em><\/p><p style=\"color: #333333;\"><strong>Le Conseil Municipal, apr\u00e8s en avoir d\u00e9lib\u00e9r\u00e9,<\/strong><br \/>par\u00a021 voix pour, voix contre,\u00a01\u00a0abstention<\/p><table style=\"table-layout: auto;\" align=\"center\"><tbody><tr><td style=\"color: #333333;\"><strong><u>DECIDE<\/u><\/strong><\/td><td style=\"color: #333333; text-align: justify;\">d\u2019attribuer une subvention d\u2019un montant de 100\u20ac au lyc\u00e9e KASTLER.<\/td><\/tr><\/tbody><\/table><p style=\"color: #333333;\" align=\"right\"><em><small>D\u00e9lib\u00e9ration n\u00b0 2024-06-06-D-04<\/small><\/em><\/p><table style=\"table-layout: auto;\" align=\"right\" bgcolor=\"#EEEEEE\"><tbody><tr><td style=\"color: #333333; text-align: left;\" width=\"25%\"><strong><u>D\u00e9cision<\/u><\/strong><\/td><td style=\"color: #333333; text-align: left;\" width=\"25%\">Sur :<\/td><td style=\"color: #333333; text-align: left;\" width=\"50%\">15 pr\u00e9sents<\/td><\/tr><tr><td style=\"color: #333333; text-align: left;\">\u00a0<\/td><td style=\"color: #333333; text-align: left;\">Pour :<\/td><td style=\"color: #333333; text-align: left;\">21 dont 6 pouvoirs<\/td><\/tr><tr><td style=\"color: #333333; text-align: left;\">\u00a0<\/td><td style=\"color: #333333; text-align: left;\">Contre :<\/td><td style=\"color: #333333; text-align: left;\">0<\/td><\/tr><tr><td style=\"color: #333333; text-align: left;\">\u00a0<\/td><td style=\"color: #333333; text-align: left;\">Abstentions :<\/td><td style=\"color: #333333; text-align: left;\">1 dont 1 pouvoir<\/td><\/tr><\/tbody><\/table><div id=\"CM06062024Quatre\" style=\"color: #333333;\"><strong><u>4 &#8211; D\u00e9lib\u00e9ration subventions avec le d\u00e9partement<\/u><\/strong><\/div><p style=\"color: #333333; padding-left: 40px;\" align=\"justify\"><em>Pr\u00e9sentation est faite par Monsieur L\u2019Adjoint aux travaux<br \/>La d\u00e9lib\u00e9ration g\u00e9n\u00e9rale autorisant Monsieur Le Maire \u00e0 faire des demandes de subventions aupr\u00e8s de divers organismes n\u2019est pas suffisante pour le d\u00e9partement.<\/em><\/p><ul style=\"color: #333333; padding-left: 40px;\"><li><u>Projet \u00e9conomies d\u2019\u00e9nergies li\u00e9es aux syst\u00e8mes LED sur \u00e9clairage public public<\/u> : ADVB Energie 25 000,00 sollicit\u00e9s de subvention pour un cout global estimatif de 63 758,00\u20ac<\/li><\/ul><p style=\"color: #333333;\"><strong>Le Conseil Municipal, apr\u00e8s en avoir d\u00e9lib\u00e9r\u00e9,<\/strong><br \/>par\u00a022 voix pour,\u00a0voix contre,\u00a0abstention<\/p><table style=\"table-layout: auto;\" align=\"center\"><tbody><tr><td style=\"color: #333333;\"><strong><u>AUTORISE<\/u><\/strong><\/td><td style=\"color: #333333; text-align: justify;\">Monsieur le Maire \u00e0 engager toutes d\u00e9penses relatives audit projet et que les cr\u00e9dits seront pr\u00e9vus au budget 2024 et 2025.<\/td><\/tr><tr><td style=\"color: #333333;\"><strong><u>AUTORISE<\/u><\/strong><\/td><td style=\"color: #333333; text-align: justify;\">Monsieur le Maire \u00e0 lancer toutes proc\u00e9dures pour obtenir des subventions dans le cadre de ce dit projet (Aide de l\u2019\u00c9tat, dossier DSIL, fond de concours CAPH, aide d\u00e9partement\u2026)<\/td><\/tr><tr><td style=\"color: #333333;\"><strong><u>AUTORISE<\/u><\/strong><\/td><td style=\"color: #333333; text-align: justify;\">Monsieur Le Maire \u00e0 lancer toutes les proc\u00e9dures de march\u00e9s li\u00e9es \u00e0 ce projet<\/td><\/tr><tr><td style=\"color: #333333;\"><strong><u>AUTORISE<\/u><\/strong><\/td><td style=\"color: #333333; text-align: justify;\">Monsieur le Maire \u00e0 signer toutes les autorisations n\u00e9cessaires \u00e0 la r\u00e9alisation de ce dit projet et tous les documents n\u00e9cessaires \u00e0 cela aussi.<\/td><\/tr><\/tbody><\/table><p style=\"color: #333333;\" align=\"right\"><em><small>D\u00e9lib\u00e9ration n\u00b0 2024-06-06-D-05<\/small><\/em><\/p><table style=\"table-layout: auto;\" align=\"right\" bgcolor=\"#EEEEEE\"><tbody><tr><td style=\"color: #333333; text-align: left;\"><strong><u>D\u00e9cision<\/u><\/strong><\/td><td style=\"color: #333333; text-align: left;\">Sur :<\/td><td style=\"color: #333333; text-align: left;\">15 pr\u00e9sents<\/td><\/tr><tr><td style=\"color: #333333; text-align: left;\">\u00a0<\/td><td style=\"color: #333333; text-align: left;\">Pour :<\/td><td style=\"color: #333333; text-align: left;\">22 dont 7 pouvoirs<\/td><\/tr><tr><td style=\"color: #333333; text-align: left;\">\u00a0<\/td><td style=\"color: #333333; text-align: left;\">Contre :<\/td><td style=\"color: #333333; text-align: left;\">0<\/td><\/tr><tr><td style=\"color: #333333; text-align: left;\">\u00a0<\/td><td style=\"color: #333333; text-align: left;\">Abstentions :<\/td><td style=\"color: #333333; text-align: left;\">0<\/td><\/tr><\/tbody><\/table><ul style=\"color: #333333; padding-left: 40px;\"><li><u>Projet r\u00e9partition des amendes de police<\/u> :<br \/>14 899,50 sollicit\u00e9s de subvention pour un cout global estimatif de 19 866,00\u20ac<\/li><\/ul><p style=\"color: #333333;\"><strong>Le Conseil Municipal, apr\u00e8s en avoir d\u00e9lib\u00e9r\u00e9,<\/strong><br \/>par\u00a022 voix pour,\u00a0voix contre,\u00a0abstention<\/p><table style=\"table-layout: auto;\" align=\"center\"><tbody><tr><td style=\"color: #333333;\"><strong><u>AUTORISE<\/u><\/strong><\/td><td style=\"color: #333333; text-align: justify;\">Monsieur le Maire \u00e0 engager toutes d\u00e9penses relatives audit projet et que les cr\u00e9dits seront pr\u00e9vus au budget 2024 et 2025.<\/td><\/tr><tr><td style=\"color: #333333;\"><strong><u>AUTORISE<\/u><\/strong><\/td><td style=\"color: #333333; text-align: justify;\">Monsieur le Maire \u00e0 lancer toutes proc\u00e9dures pour obtenir des subventions dans le cadre de ce dit projet (Aide de l\u2019\u00c9tat, dossier DSIL, fond de concours CAPH, aide d\u00e9partement\u2026)<\/td><\/tr><tr><td style=\"color: #333333;\"><strong><u>AUTORISE<\/u><\/strong><\/td><td style=\"color: #333333; text-align: justify;\">Monsieur Le Maire \u00e0 lancer toutes les proc\u00e9dures de march\u00e9s li\u00e9es \u00e0 ce projet<\/td><\/tr><tr><td style=\"color: #333333;\"><strong><u>AUTORISE<\/u><\/strong><\/td><td style=\"color: #333333; text-align: justify;\">Monsieur le Maire \u00e0 signer toutes les autorisations n\u00e9cessaires \u00e0 la r\u00e9alisation de ce dit projet et tous les documents n\u00e9cessaires \u00e0 cela aussi.<\/td><\/tr><\/tbody><\/table><p style=\"color: #333333;\" align=\"right\"><em><small>D\u00e9lib\u00e9ration n\u00b0 2024-06-06-D-06<\/small><\/em><\/p><table style=\"table-layout: auto;\" align=\"right\" bgcolor=\"#EEEEEE\"><tbody><tr><td style=\"color: #333333; text-align: left;\"><strong><u>D\u00e9cision<\/u><\/strong><\/td><td style=\"color: #333333; text-align: left;\">Sur :<\/td><td style=\"color: #333333; text-align: left;\">15 pr\u00e9sents<\/td><\/tr><tr><td style=\"color: #333333; text-align: left;\">\u00a0<\/td><td style=\"color: #333333; text-align: left;\">Pour :<\/td><td style=\"color: #333333; text-align: left;\">22 dont 7 pouvoirs<\/td><\/tr><tr><td style=\"color: #333333; text-align: left;\">\u00a0<\/td><td style=\"color: #333333; text-align: left;\">Contre :<\/td><td style=\"color: #333333; text-align: left;\">0<\/td><\/tr><tr><td style=\"color: #333333; text-align: left;\">\u00a0<\/td><td style=\"color: #333333; text-align: left;\">Abstentions :<\/td><td style=\"color: #333333; text-align: left;\">0<\/td><\/tr><\/tbody><\/table><ul style=\"color: #333333; padding-left: 40px;\"><li><u>Projet s\u00e9curisation routes d\u00e9partementales<\/u> feux tricolores : ASRDA<br \/>30 000,00 sollicit\u00e9s de subvention pour un cout global estimatif de 52 415,00\u20ac<\/li><\/ul><p style=\"color: #333333;\"><strong>Le Conseil Municipal, apr\u00e8s en avoir d\u00e9lib\u00e9r\u00e9,<\/strong><br \/>par\u00a022 voix pour,\u00a0voix contre,\u00a0abstention<\/p><table style=\"table-layout: auto;\" align=\"center\"><tbody><tr><td style=\"color: #333333;\"><strong><u>AUTORISE<\/u><\/strong><\/td><td style=\"color: #333333; text-align: justify;\">Monsieur le Maire \u00e0 engager toutes d\u00e9penses relatives audit projet et que les cr\u00e9dits seront pr\u00e9vus au budget 2024 et 2025.<\/td><\/tr><tr><td style=\"color: #333333;\"><strong><u>AUTORISE<\/u><\/strong><\/td><td style=\"color: #333333; text-align: justify;\">Monsieur le Maire \u00e0 lancer toutes proc\u00e9dures pour obtenir des subventions dans le cadre de ce dit projet (Aide de l\u2019\u00c9tat, dossier DSIL, fond de concours CAPH, aide d\u00e9partement\u2026)<\/td><\/tr><tr><td style=\"color: #333333;\"><strong><u>AUTORISE<\/u><\/strong><\/td><td style=\"color: #333333; text-align: justify;\">Monsieur Le Maire \u00e0 lancer toutes les proc\u00e9dures de march\u00e9s li\u00e9es \u00e0 ce projet<\/td><\/tr><tr><td style=\"color: #333333;\"><strong><u>AUTORISE<\/u><\/strong><\/td><td style=\"color: #333333; text-align: justify;\">Monsieur le Maire \u00e0 signer toutes les autorisations n\u00e9cessaires \u00e0 la r\u00e9alisation de ce dit projet et tous les documents n\u00e9cessaires \u00e0 cela aussi.<\/td><\/tr><\/tbody><\/table><p style=\"color: #333333;\" align=\"right\"><em><small>D\u00e9lib\u00e9ration n\u00b0 2024-06-06-D-07<\/small><\/em><\/p><table style=\"table-layout: auto;\" align=\"right\" bgcolor=\"#EEEEEE\"><tbody><tr><td style=\"color: #333333; text-align: left;\"><strong><u>D\u00e9cision<\/u><\/strong><\/td><td style=\"color: #333333; text-align: left;\">Sur :<\/td><td style=\"color: #333333; text-align: left;\">15 pr\u00e9sents<\/td><\/tr><tr><td style=\"color: #333333; text-align: left;\">\u00a0<\/td><td style=\"color: #333333; text-align: left;\">Pour :<\/td><td style=\"color: #333333; text-align: left;\">22 dont 7 pouvoirs<\/td><\/tr><tr><td style=\"color: #333333; text-align: left;\">\u00a0<\/td><td style=\"color: #333333; text-align: left;\">Contre :<\/td><td style=\"color: #333333; text-align: left;\">0<\/td><\/tr><tr><td style=\"color: #333333; text-align: left;\">\u00a0<\/td><td style=\"color: #333333; text-align: left;\">Abstentions :<\/td><td style=\"color: #333333; text-align: left;\">0<\/td><\/tr><\/tbody><\/table><ul style=\"color: #333333; padding-left: 40px;\"><li><u>Projet Travaux de r\u00e9novation et de r\u00e9fection de la couche de roulement de plusieurs tron\u00e7ons : Ruelle Jaur\u00e8s et Cit\u00e9 Ambroise Croizat<\/u> : ADVB VC<br \/>35 556,00 sollicit\u00e9s de subvention pour un cout global estimatif de 190 222,63\u20ac<\/li><\/ul><p style=\"color: #333333;\"><strong>Le Conseil Municipal, apr\u00e8s en avoir d\u00e9lib\u00e9r\u00e9,<\/strong><br \/>par\u00a022 voix pour,\u00a0voix contre,\u00a0abstention<\/p><table style=\"table-layout: auto;\" align=\"center\"><tbody><tr><td style=\"color: #333333;\"><strong><u>AUTORISE<\/u><\/strong><\/td><td style=\"color: #333333; text-align: justify;\">Monsieur le Maire \u00e0 engager toutes d\u00e9penses relatives audit projet et que les cr\u00e9dits seront pr\u00e9vus au budget 2024 et 2025.<\/td><\/tr><tr><td style=\"color: #333333;\"><strong><u>AUTORISE<\/u><\/strong><\/td><td style=\"color: #333333; text-align: justify;\">Monsieur le Maire \u00e0 lancer toutes proc\u00e9dures pour obtenir des subventions dans le cadre de ce dit projet (Aide de l\u2019\u00c9tat, dossier DSIL, fond de concours CAPH, aide d\u00e9partement\u2026)<\/td><\/tr><tr><td style=\"color: #333333;\"><strong><u>AUTORISE<\/u><\/strong><\/td><td style=\"color: #333333; text-align: justify;\">Monsieur Le Maire \u00e0 lancer toutes les proc\u00e9dures de march\u00e9s li\u00e9es \u00e0 ce projet<\/td><\/tr><tr><td style=\"color: #333333;\"><strong><u>AUTORISE<\/u><\/strong><\/td><td style=\"color: #333333; text-align: justify;\">Monsieur le Maire \u00e0 signer toutes les autorisations n\u00e9cessaires \u00e0 la r\u00e9alisation de ce dit projet et tous les documents n\u00e9cessaires \u00e0 cela aussi.<\/td><\/tr><\/tbody><\/table><p style=\"color: #333333;\" align=\"right\"><em><small>D\u00e9lib\u00e9ration n\u00b0 2024-06-06-D-08<\/small><\/em><\/p><table style=\"table-layout: auto;\" align=\"right\" bgcolor=\"#EEEEEE\"><tbody><tr><td style=\"color: #333333; text-align: left;\"><strong><u>D\u00e9cision<\/u><\/strong><\/td><td style=\"color: #333333; text-align: left;\">Sur :<\/td><td style=\"color: #333333; text-align: left;\">15 pr\u00e9sents<\/td><\/tr><tr><td style=\"color: #333333; text-align: left;\">\u00a0<\/td><td style=\"color: #333333; text-align: left;\">Pour :<\/td><td style=\"color: #333333; text-align: left;\">22 dont 7 pouvoirs<\/td><\/tr><tr><td style=\"color: #333333; text-align: left;\">\u00a0<\/td><td style=\"color: #333333; text-align: left;\">Contre :<\/td><td style=\"color: #333333; text-align: left;\">0<\/td><\/tr><tr><td style=\"color: #333333; text-align: left;\">\u00a0<\/td><td style=\"color: #333333; text-align: left;\">Abstentions :<\/td><td style=\"color: #333333; text-align: left;\">0<\/td><\/tr><\/tbody><\/table><div id=\"CM06062024Cinq\" style=\"color: #333333;\"><strong><u>5 &#8211; D\u00e9lib\u00e9ration signatures de conventions avec le d\u00e9partement pour les travaux sur les d\u00e9partementales<\/u><\/strong><\/div><p style=\"color: #333333; padding-left: 40px;\" align=\"justify\"><em>Pr\u00e9sentation est faite par Monsieur L\u2019Adjoint aux travaux<br \/>La commune a fait des demandes de subventions au titre des amendes de polices.<br \/>Cependant avant d\u2019effectuer les travaux sur la RD70 il faut passer une convention avec le d\u00e9partement et autoriser Monsieur Le Maire \u00e0 signer ces conventions avant le d\u00e9marrage des travaux.<\/em><\/p><p style=\"color: #333333;\"><strong>Le Conseil Municipal, apr\u00e8s en avoir d\u00e9lib\u00e9r\u00e9,<\/strong><br \/>par\u00a022 voix pour,\u00a0voix contre,\u00a0abstention<\/p><table style=\"table-layout: auto;\" align=\"center\"><tbody><tr><td style=\"color: #333333;\"><strong><u>AUTORISE<\/u><\/strong><\/td><td style=\"color: #333333; text-align: justify;\">Monsieur le Maire \u00e0 signer la convention relative \u00e0 la pose de feux tricolores et \u00e0 leur entretien ult\u00e9rieur avec le d\u00e9partement du nord (RD 70 dite \u00ab Rue Jean Jaur\u00e8s \u00bb : Thiant feux) et tous documents n\u00e9cessaires afin de pouvoir effectuer des travaux de mise en s\u00e9curit\u00e9 sur les voiries d\u00e9partementales situ\u00e9es en agglom\u00e9ration<\/td><\/tr><\/tbody><\/table><p style=\"color: #333333;\" align=\"right\"><em><small>D\u00e9lib\u00e9ration n\u00b0 2024-06-06-D-09<\/small><\/em><\/p><table style=\"table-layout: auto;\" align=\"right\" bgcolor=\"#EEEEEE\"><tbody><tr><td style=\"color: #333333; text-align: left;\"><strong><u>D\u00e9cision<\/u><\/strong><\/td><td style=\"color: #333333; text-align: left;\">Sur :<\/td><td style=\"color: #333333; text-align: left;\">15 pr\u00e9sents<\/td><\/tr><tr><td style=\"color: #333333; text-align: left;\">\u00a0<\/td><td style=\"color: #333333; text-align: left;\">Pour :<\/td><td style=\"color: #333333; text-align: left;\">22 dont 7 pouvoirs<\/td><\/tr><tr><td style=\"color: #333333; text-align: left;\">\u00a0<\/td><td style=\"color: #333333; text-align: left;\">Contre :<\/td><td style=\"color: #333333; text-align: left;\">0<\/td><\/tr><tr><td style=\"color: #333333; text-align: left;\">\u00a0<\/td><td style=\"color: #333333; text-align: left;\">Abstentions :<\/td><td style=\"color: #333333; text-align: left;\">0<\/td><\/tr><\/tbody><\/table><p style=\"color: #333333;\"><strong>Le Conseil Municipal, apr\u00e8s en avoir d\u00e9lib\u00e9r\u00e9,<\/strong><br \/>par\u00a022 voix pour,\u00a0voix contre,\u00a0abstention<\/p><table style=\"table-layout: auto;\" align=\"center\"><tbody><tr><td style=\"color: #333333;\"><strong><u>AUTORISE<\/u><\/strong><\/td><td style=\"color: #333333; text-align: justify;\">Monsieur le Maire \u00e0 signer la convention relative \u00e0 l\u2019implantation de chicane et \u00e0 son entretien ult\u00e9rieur avec le d\u00e9partement du nord (RD 70 dite \u00ab Rue Jean Jaur\u00e8s \u00bb : Thiant chicane) et tous documents n\u00e9cessaires afin de pouvoir effectuer des travaux de mise en s\u00e9curit\u00e9 sur les voiries d\u00e9partementales situ\u00e9es en agglom\u00e9ration<\/td><\/tr><\/tbody><\/table><p style=\"color: #333333;\" align=\"right\"><em><small>D\u00e9lib\u00e9ration n\u00b0 2024-06-06-D-10<\/small><\/em><\/p><table style=\"table-layout: auto;\" align=\"right\" bgcolor=\"#EEEEEE\"><tbody><tr><td style=\"color: #333333; text-align: left;\"><strong><u>D\u00e9cision<\/u><\/strong><\/td><td style=\"color: #333333; text-align: left;\">Sur :<\/td><td style=\"color: #333333; text-align: left;\">15 pr\u00e9sents<\/td><\/tr><tr><td style=\"color: #333333; text-align: left;\">\u00a0<\/td><td style=\"color: #333333; text-align: left;\">Pour :<\/td><td style=\"color: #333333; text-align: left;\">22 dont 7 pouvoirs<\/td><\/tr><tr><td style=\"color: #333333; text-align: left;\">\u00a0<\/td><td style=\"color: #333333; text-align: left;\">Contre :<\/td><td style=\"color: #333333; text-align: left;\">0<\/td><\/tr><tr><td style=\"color: #333333; text-align: left;\">\u00a0<\/td><td style=\"color: #333333; text-align: left;\">Abstentions :<\/td><td style=\"color: #333333; text-align: left;\">0<\/td><\/tr><\/tbody><\/table><p style=\"color: #333333; padding-left: 40px;\" align=\"justify\"><em>Monsieur Philippe WAELKENS : pour info les travaux ne pourront pas commencer tant que l\u2019on n\u2019aura pas vu certains prestataires comme ENEDIS.<br \/>Madame Fran\u00e7oise BAR-DESESPRINGALLE demande s\u2019il sera possible d\u2019avoir un plan pr\u00e9cis des am\u00e9nagements avant le d\u00e9but des travaux rue Jean Jaur\u00e8s et Rue Barbusse aussi.<br \/>Monsieur Philippe WAELKENS dit qu\u2019un plan sera produit et sera pr\u00e9sent\u00e9 avant travaux.<\/em><\/p><div id=\"CM06062024Six\" style=\"color: #333333;\"><strong><u>6 &#8211; D\u00e9lib\u00e9ration Tarifs f\u00eate du Centre \u00e0 compter de juillet 2024<\/u><\/strong><\/div><p style=\"color: #333333; padding-left: 40px;\" align=\"justify\"><em>Pr\u00e9sentation est faite par Monsieur Michel HENNAUT<br \/>La f\u00eate des centres de loisirs aura lieu les 20 juillet et 21 juillet 2024.<\/em><\/p><table width=\"75%\"><tbody><tr><td style=\"color: #333333;\" width=\"25%\"><strong>DECIDE<\/strong><\/td><td style=\"color: #333333; text-align: justify;\" width=\"75%\">d&#8217;appliquer les tarifs pour la f\u00eate du Centre ALSH \u00e0 compter de 2024 comme ci-dessous :<\/td><\/tr><\/tbody><\/table><table width=\"100%\" bgcolor=\"#EEEEEE\"><tbody><tr><td style=\"color: #333333;\" width=\"70%\">Moules \/ frites<\/td><td bgcolor=\"#FFFFFF\" width=\"5%\">\u00a0<\/td><td style=\"color: #333333; text-align: right;\" width=\"25%\">8,00\u20ac<\/td><\/tr><tr><td style=\"color: #333333;\">R\u00f4ti de b\u0153uf \/ frites \/ salade<\/td><td bgcolor=\"#FFFFFF\">\u00a0<\/td><td style=\"color: #333333; text-align: right;\">8,00\u20ac<\/td><\/tr><tr><td style=\"color: #333333;\">Jambon \/ frites \/ salade<\/td><td bgcolor=\"#FFFFFF\">\u00a0<\/td><td style=\"color: #333333; text-align: right;\">6,00\u20ac<\/td><\/tr><tr><td style=\"color: #333333;\">Saucisse \/ frites<\/td><td bgcolor=\"#FFFFFF\">\u00a0<\/td><td style=\"color: #333333; text-align: right;\">6,00\u20ac<\/td><\/tr><tr><td style=\"color: #333333;\">Sandwich<\/td><td bgcolor=\"#FFFFFF\">\u00a0<\/td><td style=\"color: #333333; text-align: right;\">3,00\u20ac<\/td><\/tr><tr><td style=\"color: #333333;\">Paquet de frites<\/td><td bgcolor=\"#FFFFFF\">\u00a0<\/td><td style=\"color: #333333; text-align: right;\">3,00\u20ac<\/td><\/tr><tr><td style=\"color: #333333;\">Whisky<\/td><td bgcolor=\"#FFFFFF\">\u00a0<\/td><td style=\"color: #333333; text-align: right;\">3,00\u20ac<\/td><\/tr><tr><td style=\"color: #333333;\">Ap\u00e9ritifs<\/td><td bgcolor=\"#FFFFFF\">\u00a0<\/td><td style=\"color: #333333; text-align: right;\">2,00\u20ac<\/td><\/tr><tr><td style=\"color: #333333;\">Bi\u00e8re bouteille<\/td><td bgcolor=\"#FFFFFF\">\u00a0<\/td><td style=\"color: #333333; text-align: right;\">2,00\u20ac<\/td><\/tr><tr><td style=\"color: #333333;\">Bi\u00e8re pression<\/td><td bgcolor=\"#FFFFFF\">\u00a0<\/td><td style=\"color: #333333; text-align: right;\">2,00\u20ac<\/td><\/tr><tr><td style=\"color: #333333;\">Soda \/ Coca \/ Perrier<\/td><td bgcolor=\"#FFFFFF\">\u00a0<\/td><td style=\"color: #333333; text-align: right;\">2,00\u20ac<\/td><\/tr><tr><td style=\"color: #333333;\">Vin rouge \/ blanc \/ ros\u00e9 (la bouteille)<\/td><td bgcolor=\"#FFFFFF\">\u00a0<\/td><td style=\"color: #333333; text-align: right;\">7,00\u20ac<\/td><\/tr><tr><td style=\"color: #333333;\">Vin rouge \/ blanc \/ ros\u00e9 (le verre)<\/td><td bgcolor=\"#FFFFFF\">\u00a0<\/td><td style=\"color: #333333; text-align: right;\">2,00\u20ac<\/td><\/tr><tr><td style=\"color: #333333;\">Eau min\u00e9rale (0,5 L)<\/td><td bgcolor=\"#FFFFFF\">\u00a0<\/td><td style=\"color: #333333; text-align: right;\">0,50\u20ac<\/td><\/tr><tr><td style=\"color: #333333;\">Champagne (la bouteille)<\/td><td bgcolor=\"#FFFFFF\">\u00a0<\/td><td style=\"color: #333333; text-align: right;\">20,00\u20ac<\/td><\/tr><tr><td style=\"color: #333333;\">M\u00e9thode champenoise (la bouteille)<\/td><td bgcolor=\"#FFFFFF\">\u00a0<\/td><td style=\"color: #333333; text-align: right;\">12,00\u20ac<\/td><\/tr><tr><td style=\"color: #333333;\">M\u00e9thode champenoise (la coupe)<\/td><td bgcolor=\"#FFFFFF\">\u00a0<\/td><td style=\"color: #333333; text-align: right;\">2,00\u20ac<\/td><\/tr><tr><td style=\"color: #333333;\">Glaces<\/td><td bgcolor=\"#FFFFFF\">\u00a0<\/td><td style=\"color: #333333; text-align: right;\">1,00\u20ac<\/td><\/tr><tr><td style=\"color: #333333;\">Enveloppes<\/td><td bgcolor=\"#FFFFFF\">\u00a0<\/td><td style=\"color: #333333; text-align: right;\">1,00\u20ac<\/td><\/tr><tr><td style=\"color: #333333;\">Caf\u00e9<\/td><td bgcolor=\"#FFFFFF\">\u00a0<\/td><td style=\"color: #333333; text-align: right;\">0,50\u20ac<\/td><\/tr><\/tbody><\/table><p style=\"color: #333333;\" align=\"right\"><em><small>D\u00e9lib\u00e9ration n\u00b0 2024-06-06-D-11<\/small><\/em><\/p><table style=\"table-layout: auto;\" align=\"right\" bgcolor=\"#EEEEEE\"><tbody><tr><td style=\"color: #333333; text-align: left;\"><strong><u>D\u00e9cision<\/u><\/strong><\/td><td style=\"color: #333333; text-align: left;\">Sur :<\/td><td style=\"color: #333333; text-align: left;\">15 pr\u00e9sents<\/td><\/tr><tr><td style=\"color: #333333; text-align: left;\">\u00a0<\/td><td style=\"color: #333333; text-align: left;\">Pour :<\/td><td style=\"color: #333333; text-align: left;\">22 dont 7 pouvoirs<\/td><\/tr><tr><td style=\"color: #333333; text-align: left;\">\u00a0<\/td><td style=\"color: #333333; text-align: left;\">Contre :<\/td><td style=\"color: #333333; text-align: left;\">0<\/td><\/tr><tr><td style=\"color: #333333; text-align: left;\">\u00a0<\/td><td style=\"color: #333333; text-align: left;\">Abstentions :<\/td><td style=\"color: #333333; text-align: left;\">0<\/td><\/tr><\/tbody><\/table><p style=\"color: #333333; padding-left: 40px;\" align=\"justify\"><em>Samedi 15 juin 2024 \u00e0 11h salle du temps de vivre r\u00e9union avec les b\u00e9n\u00e9voles.<br \/>La r\u00e9gie sera reconduite avec Madame Martine PREVOST et avec Madame Sylvie DEVOS.<\/em><\/p><div id=\"CM06062024Sept\" style=\"color: #333333;\"><strong><u>7 &#8211; D\u00e9lib\u00e9ration personnel saisonnier pour l\u2019\u00e9t\u00e9 2024<\/u><\/strong><\/div><p style=\"color: #333333; padding-left: 40px;\" align=\"justify\">Pr\u00e9sentation est faite par Madame La 1<sup>\u00e8re<\/sup> adjointe<br \/>Ces emplois permettent aux jeunes de financer leur permis, leurs \u00e9tudes, leurs loisirs\u2026 et cela permet aussi d\u2019apporter une aide aux services techniques. Les contrats sont pr\u00e9vus du 1<sup>er<\/sup> au 31 juillet et du 1<sup>er<\/sup> au 31 ao\u00fbt 2024.<br \/>Pr\u00e9sentation est faite par Madame L\u2019adjointe aux finances.<br \/>Il est propos\u00e9 d\u2019ouvrir 8 postes cette ann\u00e9e au lieu de 6 l\u2019ann\u00e9e derni\u00e8re pour une dur\u00e9e de 28h par semaine plut\u00f4t que 20 heures l\u2019ann\u00e9e derni\u00e8re.<\/p><p style=\"color: #333333;\"><strong>Le Conseil Municipal, apr\u00e8s en avoir d\u00e9lib\u00e9r\u00e9,<\/strong><br \/>par\u00a022 voix pour,\u00a0voix contre,\u00a0abstention<\/p><table style=\"table-layout: auto;\" align=\"center\"><tbody><tr><td style=\"color: #333333;\"><strong>DECIDE DE CREER<\/strong><\/td><td style=\"color: #333333; text-align: justify;\">8 emplois saisonniers \u00e0 28 heures hebdomadaires pour la p\u00e9riode du 1<sup>er<\/sup> juillet 2024 au 31 ao\u00fbt 2024 (4 en juillet et 4 en ao\u00fbt)<\/td><\/tr><tr><td style=\"color: #333333;\"><strong>DIT<\/strong><\/td><td style=\"color: #333333; text-align: justify;\">que les agents contractuels recrut\u00e9s pourront \u00eatre amen\u00e9s \u00e0 effectuer des heures compl\u00e9mentaires et\/ou suppl\u00e9mentaires. Les heures compl\u00e9mentaires seront compens\u00e9es par l\u2019attribution d\u2019un repos compensateur et\/ou par le versement d\u2019une indemnisation conform\u00e9ment au d\u00e9cret 202-592 du 15 mai 2020. Les heures suppl\u00e9mentaires seront compens\u00e9es par l\u2019attribution d\u2019un repos compensateur et\/ou par le versement de l\u2019indemnit\u00e9 horaire pour travaux suppl\u00e9mentaires. Monsieur le Maire sera charg\u00e9 de la constatation des besoins concern\u00e9s ainsi que de la d\u00e9termination des niveaux de recrutement et de r\u00e9mun\u00e9ration des candidats selon la nature des fonctions et de leur profil. La r\u00e9mun\u00e9ration sera limit\u00e9e \u00e0 l\u2019indice terminal du grade de r\u00e9f\u00e9rence.<\/td><\/tr><\/tbody><\/table><p style=\"color: #333333;\" align=\"right\"><em><small>D\u00e9lib\u00e9ration n\u00b0 2024-06-06-D-12<\/small><\/em><\/p><table style=\"table-layout: auto;\" align=\"right\" bgcolor=\"#EEEEEE\"><tbody><tr><td style=\"color: #333333; text-align: left;\"><strong><u>D\u00e9cision<\/u><\/strong><\/td><td style=\"color: #333333; text-align: left;\">Sur :<\/td><td style=\"color: #333333; text-align: left;\">15 pr\u00e9sents<\/td><\/tr><tr><td style=\"color: #333333; text-align: left;\">\u00a0<\/td><td style=\"color: #333333; text-align: left;\">Pour :<\/td><td style=\"color: #333333; text-align: left;\">22 dont 7 pouvoirs<\/td><\/tr><tr><td style=\"color: #333333; text-align: left;\">\u00a0<\/td><td style=\"color: #333333; text-align: left;\">Contre :<\/td><td style=\"color: #333333; text-align: left;\">0<\/td><\/tr><tr><td style=\"color: #333333; text-align: left;\">\u00a0<\/td><td style=\"color: #333333; text-align: left;\">Abstentions :<\/td><td style=\"color: #333333; text-align: left;\">0<\/td><\/tr><\/tbody><\/table><div id=\"CM06062024Huit\" style=\"color: #333333;\"><strong><u>8 &#8211; D\u00e9lib\u00e9ration tableau des effectifs au 1<sup>er<\/sup> juillet 2024<\/u><\/strong><\/div><p style=\"color: #333333; padding-left: 40px;\" align=\"justify\"><em>Monsieur le Maire expose qu&#8217;il appartient \u00e0 l&#8217;organe d\u00e9lib\u00e9rant de la collectivit\u00e9 sur proposition de l&#8217;autorit\u00e9 territoriale, de fixer les effectifs des emplois permanents n\u00e9cessaires au fonctionnement des services.<\/em><\/p><p style=\"color: #333333; padding-left: 40px;\" align=\"justify\"><em>Consid\u00e9rant la loi n\u00b083-634 du 13 juillet 1983 modifi\u00e9e portant droits et obligations des fonctionnaires ;<\/em><\/p><p style=\"color: #333333; padding-left: 40px;\" align=\"justify\"><em>Consid\u00e9rant la loi n\u00b084-53 du 26 janvier 1984 modifi\u00e9e portant dispositions statutaires relatives \u00e0 la fonction publique territoriale ;<\/em><\/p><p style=\"color: #333333; padding-left: 40px;\" align=\"justify\"><em>Consid\u00e9rant les d\u00e9crets portant statuts particuliers des cadres d&#8217;emplois et organisant les grades s&#8217;y rapportant, pris en application de l&#8217;article 4 de la loi n\u00b0 84-53 du 26 janvier 1984 modifi\u00e9e ;<\/em><\/p><p style=\"color: #333333; padding-left: 40px;\" align=\"justify\"><em>Vu les d\u00e9lib\u00e9ration n\u00b02022-10-03-D02 relative au tableau des effectifs des emplois permanents au 15 septembre 2023 ;<\/em><\/p><table width=\"100%\" align=\"center\" bgcolor=\"#EEEEEE\"><tbody><tr><td style=\"color: #333333; text-align: center; vertical-align: middle;\" width=\"5%\">\u00a0<\/td><td style=\"color: #333333; text-align: center; vertical-align: middle; webkit-transform: rotate(270deg); moz-transform: rotate(270deg); ms-transform: rotate(270deg);\" width=\"10%\"><strong>Cat\u00e9gorie<\/strong><\/td><td style=\"color: #333333; text-align: center; vertical-align: middle; webkit-transform: rotate(270deg); moz-transform: rotate(270deg); ms-transform: rotate(270deg);\" width=\"15%\"><strong>Cadre d\u2019emploi<\/strong><\/td><td style=\"color: #333333; text-align: center; vertical-align: middle;\" width=\"30%\"><strong>Grade \/ Emploi<\/strong><\/td><td style=\"color: #333333; text-align: center; vertical-align: middle; webkit-transform: rotate(270deg); moz-transform: rotate(270deg); ms-transform: rotate(270deg);\" width=\"10%\"><strong>Dur\u00e9e hebdomadaire de service<\/strong><\/td><td style=\"color: #ee0700; text-align: center; vertical-align: middle;\" width=\"10%\"><strong>Total des postes au 15\/09\/2023<\/strong><\/td><td style=\"color: #333333; text-align: center; vertical-align: middle; webkit-transform: rotate(270deg); moz-transform: rotate(270deg); ms-transform: rotate(270deg);\" width=\"10%\"><strong>Emplois pourvus<\/strong><\/td><td style=\"color: #ee0700; text-align: center; vertical-align: middle;\" width=\"10%\"><strong>Total des postes au 06\/06\/2024<\/strong><\/td><td style=\"color: #333333; text-align: center; vertical-align: middle; webkit-transform: rotate(270deg); moz-transform: rotate(270deg); ms-transform: rotate(270deg);\" width=\"10%\"><strong>Emplois pourvus<\/strong><\/td><\/tr><tr bgcolor=\"#CCCCCC\"><td style=\"color: #333333;\" colspan=\"5\"><strong>Emplois de cabinet<\/strong><\/td><td style=\"color: #333333; text-align: center;\">0<\/td><td style=\"color: #333333; text-align: center;\">0<\/td><td style=\"color: #333333; text-align: center;\">0<\/td><td style=\"color: #333333; text-align: center;\">0<\/td><\/tr><tr><td colspan=\"3\">\u00a0<\/td><td style=\"color: #333333;\">Collaborateur de cabinet<\/td><td style=\"color: #333333; text-align: center;\">XXX<\/td><td style=\"color: #333333; text-align: center;\">0<\/td><td style=\"color: #333333; text-align: center;\">0<\/td><td style=\"color: #333333; text-align: center;\">0<\/td><td style=\"color: #333333; text-align: center;\">0<\/td><\/tr><tr bgcolor=\"#CCCCCC\"><td style=\"color: #333333;\" colspan=\"5\"><strong>Emplois fonctionnels<\/strong><\/td><td style=\"color: #333333; text-align: center;\">1<\/td><td style=\"color: #333333; text-align: center;\">1<\/td><td style=\"color: #333333; text-align: center;\">1<\/td><td style=\"color: #333333; text-align: center;\">1<\/td><\/tr><tr><td colspan=\"3\">\u00a0<\/td><td style=\"color: #333333;\">Directeur G\u00e9n\u00e9ral des Services<\/td><td style=\"color: #333333; text-align: center;\">35\/35<\/td><td style=\"color: #333333; text-align: center;\">1<\/td><td style=\"color: #333333; text-align: center;\">1<\/td><td style=\"color: #333333; text-align: center;\">1<\/td><td style=\"color: #333333; text-align: center;\">1<\/td><\/tr><tr><td colspan=\"3\">\u00a0<\/td><td style=\"color: #333333;\">Directeur G\u00e9n\u00e9ral Adjoint des Services<\/td><td style=\"color: #333333; text-align: center;\">XXX<\/td><td style=\"color: #333333; text-align: center;\">0<\/td><td style=\"color: #333333; text-align: center;\">0<\/td><td style=\"color: #333333; text-align: center;\">0<\/td><td style=\"color: #333333; text-align: center;\">0<\/td><\/tr><tr bgcolor=\"#CCCCCC\"><td style=\"color: #333333;\" colspan=\"5\"><strong>Fili\u00e8re administrative<\/strong><\/td><td style=\"color: #333333; text-align: center;\">12<\/td><td style=\"color: #333333; text-align: center;\">7<\/td><td style=\"color: #333333; text-align: center;\">12<\/td><td style=\"color: #333333; text-align: center;\">7<\/td><\/tr><tr><td>\u00a0<\/td><td style=\"color: #333333; text-align: center;\"><strong>A<\/strong><\/td><td colspan=\"5\"><strong>Attach\u00e9s territoriaux<\/strong><\/td><\/tr><tr><td colspan=\"3\">\u00a0<\/td><td style=\"color: #333333;\">Attach\u00e9 hors classe<\/td><td style=\"color: #333333; text-align: center;\">XXX<\/td><td style=\"color: #333333; text-align: center;\">0<\/td><td style=\"color: #333333; text-align: center;\">0<\/td><td style=\"color: #333333; text-align: center;\">0<\/td><td style=\"color: #333333; text-align: center;\">0<\/td><\/tr><tr><td colspan=\"3\">\u00a0<\/td><td style=\"color: #333333;\">Attach\u00e9 principal<\/td><td style=\"color: #333333; text-align: center;\">XXX<\/td><td style=\"color: #333333; text-align: center;\">0<\/td><td style=\"color: #333333; text-align: center;\">0<\/td><td style=\"color: #333333; text-align: center;\">0<\/td><td style=\"color: #333333; text-align: center;\">0<\/td><\/tr><tr><td colspan=\"3\">\u00a0<\/td><td style=\"color: #333333;\">Attach\u00e9<\/td><td style=\"color: #333333; text-align: center;\">35\/35<\/td><td style=\"color: #333333; text-align: center;\">2<\/td><td style=\"color: #333333; text-align: center;\">1<\/td><td style=\"color: #333333; text-align: center;\">2<\/td><td style=\"color: #333333; text-align: center;\">1<\/td><\/tr><tr><td>\u00a0<\/td><td style=\"color: #333333; text-align: center;\"><strong>B<\/strong><\/td><td style=\"color: #333333;\" colspan=\"5\"><strong>R\u00e9dacteurs territoriaux<\/strong><\/td><\/tr><tr><td colspan=\"3\">\u00a0<\/td><td style=\"color: #333333;\">R\u00e9dacteur principal de 1<sup>\u00e8re<\/sup> classe<\/td><td style=\"color: #333333; text-align: center;\">35\/35<\/td><td style=\"color: #333333; text-align: center;\">0<\/td><td style=\"color: #333333; text-align: center;\">0<\/td><td style=\"color: #333333; text-align: center;\">0<\/td><td style=\"color: #333333; text-align: center;\">0<\/td><\/tr><tr><td colspan=\"3\">\u00a0<\/td><td style=\"color: #333333;\">R\u00e9dacteur principal de 2<sup>\u00e8me<\/sup> classe<\/td><td style=\"color: #333333; text-align: center;\">35\/35<\/td><td style=\"color: #333333; text-align: center;\">0<\/td><td style=\"color: #333333; text-align: center;\">0<\/td><td style=\"color: #333333; text-align: center;\">0<\/td><td style=\"color: #333333; text-align: center;\">0<\/td><\/tr><tr><td colspan=\"3\">\u00a0<\/td><td style=\"color: #333333;\">R\u00e9dacteur<\/td><td style=\"color: #333333; text-align: center;\">35\/35<\/td><td style=\"color: #333333; text-align: center;\">3<\/td><td style=\"color: #333333; text-align: center;\">1<\/td><td style=\"color: #333333; text-align: center;\">3<\/td><td style=\"color: #333333; text-align: center;\">2<\/td><\/tr><tr><td>\u00a0<\/td><td style=\"color: #333333; text-align: center;\"><strong>C<\/strong><\/td><td style=\"color: #333333;\" colspan=\"5\"><strong>Adjoints administratifs territoriaux<\/strong><\/td><\/tr><tr><td colspan=\"3\">\u00a0<\/td><td style=\"color: #333333;\">Adjoint administratif principal de 1<sup>\u00e8re<\/sup> classe<\/td><td style=\"color: #333333; text-align: center;\">35\/35<\/td><td style=\"color: #333333; text-align: center;\">2<\/td><td style=\"color: #333333; text-align: center;\">2<\/td><td style=\"color: #333333; text-align: center;\">2<\/td><td style=\"color: #333333; text-align: center;\">1<\/td><\/tr><tr><td colspan=\"3\">\u00a0<\/td><td style=\"color: #333333;\">Adjoint administratif principal 1<sup>\u00e8re<\/sup> classe<\/td><td style=\"color: #333333; text-align: center;\">28\/35<\/td><td style=\"color: #333333; text-align: center;\">0<\/td><td style=\"color: #333333; text-align: center;\">0<\/td><td style=\"color: #333333; text-align: center;\">0<\/td><td style=\"color: #333333; text-align: center;\">0<\/td><\/tr><tr><td colspan=\"3\">\u00a0<\/td><td style=\"color: #333333;\">Adjoint administratif principal de 2<sup>\u00e8me<\/sup> classe<\/td><td style=\"color: #333333; text-align: center;\">35\/35<\/td><td style=\"color: #333333; text-align: center;\">2<\/td><td style=\"color: #333333; text-align: center;\">1<\/td><td style=\"color: #333333; text-align: center;\">2<\/td><td style=\"color: #333333; text-align: center;\">1<\/td><\/tr><tr><td colspan=\"3\">\u00a0<\/td><td style=\"color: #333333;\">Adjoint administratif principal de 2<sup>\u00e8me<\/sup> classe<\/td><td style=\"color: #333333; text-align: center;\">28\/35<\/td><td style=\"color: #333333; text-align: center;\">0<\/td><td style=\"color: #333333; text-align: center;\">0<\/td><td style=\"color: #333333; text-align: center;\">0<\/td><td style=\"color: #333333; text-align: center;\">0<\/td><\/tr><tr><td colspan=\"3\">\u00a0<\/td><td style=\"color: #333333;\">Adjoint administratif<\/td><td style=\"color: #333333; text-align: center;\">35\/35<\/td><td style=\"color: #333333; text-align: center;\">2<\/td><td style=\"color: #333333; text-align: center;\">1<\/td><td style=\"color: #333333; text-align: center;\">2<\/td><td style=\"color: #333333; text-align: center;\">1<\/td><\/tr><tr><td colspan=\"3\">\u00a0<\/td><td style=\"color: #333333;\">Adjoint administratif<\/td><td style=\"color: #333333; text-align: center;\">28\/35<\/td><td style=\"color: #333333; text-align: center;\">1<\/td><td style=\"color: #333333; text-align: center;\">1<\/td><td style=\"color: #333333; text-align: center;\">1<\/td><td style=\"color: #333333; text-align: center;\">1<\/td><\/tr><tr><td colspan=\"3\">\u00a0<\/td><td style=\"color: #333333;\">Adjoint administratif<\/td><td style=\"color: #333333; text-align: center;\">XXX<\/td><td style=\"color: #333333; text-align: center;\">0<\/td><td style=\"color: #333333; text-align: center;\">0<\/td><td style=\"color: #333333; text-align: center;\">0<\/td><td style=\"color: #333333; text-align: center;\">0<\/td><\/tr><tr bgcolor=\"#CCCCCC\"><td style=\"color: #333333;\" colspan=\"5\"><strong>Fili\u00e8re technique<\/strong><\/td><td style=\"color: #333333; text-align: center;\">32<\/td><td style=\"color: #333333; text-align: center;\">19<\/td><td style=\"color: #333333; text-align: center;\">33<\/td><td style=\"color: #333333; text-align: center;\">19<\/td><\/tr><tr><td>\u00a0<\/td><td style=\"color: #333333; text-align: center;\"><strong>B<\/strong><\/td><td style=\"color: #333333;\" colspan=\"5\"><strong>Technicien territorial<\/strong><\/td><\/tr><tr><td colspan=\"3\">\u00a0<\/td><td style=\"color: #333333;\">Technicien principal de 2<sup>\u00e8me<\/sup> classe<\/td><td style=\"color: #333333; text-align: center;\">XXX<\/td><td style=\"color: #333333; text-align: center;\">0<\/td><td style=\"color: #333333; text-align: center;\">0<\/td><td style=\"color: #333333; text-align: center;\">0<\/td><td style=\"color: #333333; text-align: center;\">0<\/td><\/tr><tr><td colspan=\"3\">\u00a0<\/td><td style=\"color: #333333;\">Technicien<\/td><td style=\"color: #333333; text-align: center;\">35\/35<\/td><td style=\"color: #333333; text-align: center;\">1<\/td><td style=\"color: #333333; text-align: center;\">0<\/td><td style=\"color: #333333; text-align: center;\">1<\/td><td style=\"color: #333333; text-align: center;\">0<\/td><\/tr><tr><td>\u00a0<\/td><td style=\"color: #333333; text-align: center;\"><strong>C<\/strong><\/td><td style=\"color: #333333;\" colspan=\"5\"><strong>Agent de ma\u00eetrise territorial<\/strong><\/td><\/tr><tr><td colspan=\"3\">\u00a0<\/td><td style=\"color: #333333;\">Agent de ma\u00eetrise principal<\/td><td style=\"color: #333333; text-align: center;\">35\/35<\/td><td style=\"color: #333333; text-align: center;\">1<\/td><td style=\"color: #333333; text-align: center;\">0<\/td><td style=\"color: #ee0700; text-align: center;\">2<\/td><td style=\"color: #333333; text-align: center;\">0<\/td><\/tr><tr><td colspan=\"3\">\u00a0<\/td><td style=\"color: #333333;\">Agent de ma\u00eetrise<\/td><td style=\"color: #333333; text-align: center;\">35\/35<\/td><td style=\"color: #333333; text-align: center;\">2<\/td><td style=\"color: #333333; text-align: center;\">2<\/td><td style=\"color: #333333; text-align: center;\">2<\/td><td style=\"color: #333333; text-align: center;\">2<\/td><\/tr><tr><td>\u00a0<\/td><td style=\"color: #333333; text-align: center;\"><strong>C<\/strong><\/td><td style=\"color: #333333;\" colspan=\"5\"><strong>Adjoint technique territorial<\/strong><\/td><\/tr><tr><td colspan=\"3\">\u00a0<\/td><td style=\"color: #333333;\">Adjoint technique principal de 1<sup>\u00e8re<\/sup> classe<\/td><td style=\"color: #333333; text-align: center;\">35\/35<\/td><td style=\"color: #333333; text-align: center;\">1<\/td><td style=\"color: #333333; text-align: center;\">0<\/td><td style=\"color: #333333; text-align: center;\">1<\/td><td style=\"color: #333333; text-align: center;\">0<\/td><\/tr><tr><td colspan=\"3\">\u00a0<\/td><td style=\"color: #333333;\">Adjoint technique principal de 2<sup>\u00e8me<\/sup> classe<\/td><td style=\"color: #333333; text-align: center;\">35\/35<\/td><td style=\"color: #333333; text-align: center;\">2<\/td><td style=\"color: #333333; text-align: center;\">1<\/td><td style=\"color: #333333; text-align: center;\">2<\/td><td style=\"color: #333333; text-align: center;\">1<\/td><\/tr><tr><td colspan=\"3\">\u00a0<\/td><td style=\"color: #333333;\">Adjoint technique<\/td><td style=\"color: #333333; text-align: center;\">35\/35<\/td><td style=\"color: #333333; text-align: center;\">9<\/td><td style=\"color: #333333; text-align: center;\">6<\/td><td style=\"color: #333333; text-align: center;\">9<\/td><td style=\"color: #333333; text-align: center;\">6<\/td><\/tr><tr><td colspan=\"3\">\u00a0<\/td><td style=\"color: #333333;\">Adjoint technique<\/td><td style=\"color: #333333; text-align: center;\">32\/35<\/td><td style=\"color: #333333; text-align: center;\">0<\/td><td style=\"color: #333333; text-align: center;\">0<\/td><td style=\"color: #333333; text-align: center;\">0<\/td><td style=\"color: #333333; text-align: center;\">0<\/td><\/tr><tr><td colspan=\"3\">\u00a0<\/td><td style=\"color: #333333;\">Adjoint technique<\/td><td style=\"color: #333333; text-align: center;\">28\/35<\/td><td style=\"color: #333333; text-align: center;\">3<\/td><td style=\"color: #333333; text-align: center;\">2<\/td><td style=\"color: #333333; text-align: center;\">3<\/td><td style=\"color: #333333; text-align: center;\">2<\/td><\/tr><tr><td colspan=\"3\">\u00a0<\/td><td style=\"color: #333333;\">Adjoint technique<\/td><td style=\"color: #333333; text-align: center;\">20\/35<\/td><td style=\"color: #333333; text-align: center;\">7<\/td><td style=\"color: #333333; text-align: center;\">5<\/td><td style=\"color: #333333; text-align: center;\">7<\/td><td style=\"color: #333333; text-align: center;\">5<\/td><\/tr><tr><td colspan=\"3\">\u00a0<\/td><td style=\"color: #333333;\">Adjoint technique<\/td><td style=\"color: #333333; text-align: center;\">17\/35<\/td><td style=\"color: #333333; text-align: center;\">6<\/td><td style=\"color: #333333; text-align: center;\">3<\/td><td style=\"color: #333333; text-align: center;\">6<\/td><td style=\"color: #333333; text-align: center;\">3<\/td><\/tr><tr bgcolor=\"#CCCCCC\"><td style=\"color: #333333;\" colspan=\"5\"><strong>Fili\u00e8re sportive<\/strong><\/td><td style=\"color: #333333; text-align: center;\">1<\/td><td style=\"color: #333333; text-align: center;\">1<\/td><td style=\"color: #333333; text-align: center;\">1<\/td><td style=\"color: #333333; text-align: center;\">1<\/td><\/tr><tr><td>\u00a0<\/td><td style=\"color: #333333; text-align: center;\"><strong>B<\/strong><\/td><td style=\"color: #333333;\" colspan=\"5\"><strong>\u00c9ducateur territorial des activit\u00e9s physiques et sportives<\/strong><\/td><\/tr><tr><td colspan=\"3\">\u00a0<\/td><td style=\"color: #333333;\">\u00c9ducateur des APS principal de 1<sup>\u00e8re<\/sup> classe<\/td><td style=\"color: #333333; text-align: center;\">35\/35<\/td><td style=\"color: #333333; text-align: center;\">1<\/td><td style=\"color: #333333; text-align: center;\">1<\/td><td style=\"color: #333333; text-align: center;\">1<\/td><td style=\"color: #333333; text-align: center;\">1<\/td><\/tr><tr><td colspan=\"3\">\u00a0<\/td><td style=\"color: #333333;\">\u00c9ducateur des APS<\/td><td style=\"color: #333333; text-align: center;\">XXX<\/td><td style=\"color: #333333; text-align: center;\">0<\/td><td style=\"color: #333333; text-align: center;\">0<\/td><td style=\"color: #333333; text-align: center;\">0<\/td><td style=\"color: #333333; text-align: center;\">0<\/td><\/tr><tr bgcolor=\"#CCCCCC\"><td style=\"color: #333333;\" colspan=\"5\"><strong>Fili\u00e8re animation<\/strong><\/td><td style=\"color: #333333; text-align: center;\">7<\/td><td style=\"color: #333333; text-align: center;\">5<\/td><td style=\"color: #333333; text-align: center;\">8<\/td><td style=\"color: #333333; text-align: center;\">5<\/td><\/tr><tr><td>\u00a0<\/td><td style=\"color: #333333; text-align: center;\"><strong>B<\/strong><\/td><td style=\"color: #333333;\" colspan=\"5\"><strong>Animateur territorial<\/strong><\/td><\/tr><tr><td colspan=\"3\">\u00a0<\/td><td style=\"color: #333333;\">Animateur principal de 1<sup>\u00e8re<\/sup> classe<\/td><td style=\"color: #333333; text-align: center;\">35\/35<\/td><td style=\"color: #333333; text-align: center;\">0<\/td><td style=\"color: #333333; text-align: center;\">0<\/td><td style=\"color: #333333; text-align: center;\">0<\/td><td style=\"color: #333333; text-align: center;\">0<\/td><\/tr><tr><td colspan=\"3\">\u00a0<\/td><td style=\"color: #333333;\">Animateur principal de 2<sup>\u00e8me<\/sup> classe<\/td><td style=\"color: #333333; text-align: center;\">35\/35<\/td><td style=\"color: #333333; text-align: center;\">1<\/td><td style=\"color: #333333; text-align: center;\">1<\/td><td style=\"color: #333333; text-align: center;\">1<\/td><td style=\"color: #333333; text-align: center;\">1<\/td><\/tr><tr><td colspan=\"3\">\u00a0<\/td><td style=\"color: #333333;\">Animateur<\/td><td style=\"color: #333333; text-align: center;\">35\/35<\/td><td style=\"color: #333333; text-align: center;\">1<\/td><td style=\"color: #333333; text-align: center;\">0<\/td><td style=\"color: #333333; text-align: center;\">1<\/td><td style=\"color: #333333; text-align: center;\">0<\/td><\/tr><tr><td>\u00a0<\/td><td style=\"color: #333333; text-align: center;\"><strong>C<\/strong><\/td><td style=\"color: #333333;\" colspan=\"5\"><strong>Adjoint territorial d&#8217;animation<\/strong><\/td><\/tr><tr><td colspan=\"3\">\u00a0<\/td><td style=\"color: #333333;\">Adjoint d&#8217;animation principal de 1<sup>\u00e8re<\/sup> classe<\/td><td style=\"color: #333333; text-align: center;\">XXX<\/td><td style=\"color: #333333; text-align: center;\">0<\/td><td style=\"color: #333333; text-align: center;\">0<\/td><td style=\"color: #333333; text-align: center;\">0<\/td><td style=\"color: #333333; text-align: center;\">0<\/td><\/tr><tr><td colspan=\"3\">\u00a0<\/td><td style=\"color: #333333;\">Adjoint d&#8217;animation principal de 2<sup>\u00e8me<\/sup> classe<\/td><td style=\"color: #333333; text-align: center;\">XXX<\/td><td style=\"color: #333333; text-align: center;\">0<\/td><td style=\"color: #333333; text-align: center;\">0<\/td><td style=\"color: #333333; text-align: center;\">0<\/td><td style=\"color: #333333; text-align: center;\">0<\/td><\/tr><tr><td colspan=\"3\">\u00a0<\/td><td style=\"color: #333333;\">Adjoint d&#8217;animation<\/td><td style=\"color: #333333; text-align: center;\">35\/35<\/td><td style=\"color: #333333; text-align: center;\">3<\/td><td style=\"color: #333333; text-align: center;\">2<\/td><td style=\"color: #333333; text-align: center;\">3<\/td><td style=\"color: #333333; text-align: center;\">2<\/td><\/tr><tr><td colspan=\"3\">\u00a0<\/td><td style=\"color: #333333;\">Adjoint d&#8217;animation<\/td><td style=\"color: #333333; text-align: center;\">28\/35<\/td><td style=\"color: #333333; text-align: center;\">1<\/td><td style=\"color: #333333; text-align: center;\">1<\/td><td style=\"color: #333333; text-align: center;\">1<\/td><td style=\"color: #333333; text-align: center;\">1<\/td><\/tr><tr><td colspan=\"3\">\u00a0<\/td><td style=\"color: #333333;\">Adjoint d&#8217;animation<\/td><td style=\"color: #333333; text-align: center;\">8\/35<\/td><td style=\"color: #333333; text-align: center;\">1<\/td><td style=\"color: #333333; text-align: center;\">1<\/td><td style=\"color: #ee0700; text-align: center;\">2<\/td><td style=\"color: #333333; text-align: center;\">1<\/td><\/tr><tr bgcolor=\"#CCCCCC\"><td style=\"color: #333333;\" colspan=\"5\"><strong>Fili\u00e8re culturelle \/ Enseignement artistique<\/strong><\/td><td style=\"color: #333333; text-align: center;\">5<\/td><td style=\"color: #333333; text-align: center;\">5<\/td><td style=\"color: #333333; text-align: center;\">5<\/td><td style=\"color: #333333; text-align: center;\">0<\/td><\/tr><tr><td>\u00a0<\/td><td style=\"color: #333333; text-align: center;\"><strong>B<\/strong><\/td><td style=\"color: #333333;\" colspan=\"5\"><strong>Assistant territorial d&#8217;enseignement artistique<\/strong><\/td><\/tr><tr><td colspan=\"3\">\u00a0<\/td><td style=\"color: #333333;\">Assistant d\u2019enseignement artistique 2<sup>nde<\/sup> classe (Musique)<\/td><td style=\"color: #333333; text-align: center;\">3,5\/20<\/td><td style=\"color: #333333; text-align: center;\">1<\/td><td style=\"color: #333333; text-align: center;\">1<\/td><td style=\"color: #333333; text-align: center;\">1<\/td><td style=\"color: #333333; text-align: center;\">0<\/td><\/tr><tr><td colspan=\"3\">\u00a0<\/td><td style=\"color: #333333;\">Assistant d\u2019enseignement artistique (Musique)<\/td><td style=\"color: #333333; text-align: center;\">4,5\/20<\/td><td style=\"color: #333333; text-align: center;\">1<\/td><td style=\"color: #333333; text-align: center;\">1<\/td><td style=\"color: #333333; text-align: center;\">1<\/td><td style=\"color: #333333; text-align: center;\">0<\/td><\/tr><tr><td colspan=\"3\">\u00a0<\/td><td style=\"color: #333333;\">Assistant d\u2019enseignement artistique (Musique)<\/td><td style=\"color: #333333; text-align: center;\">1\/20<\/td><td style=\"color: #333333; text-align: center;\">1<\/td><td style=\"color: #333333; text-align: center;\">1<\/td><td style=\"color: #333333; text-align: center;\">1<\/td><td style=\"color: #333333; text-align: center;\">0<\/td><\/tr><tr><td colspan=\"3\">\u00a0<\/td><td style=\"color: #333333;\">Assistant d\u2019enseignement artistique (Musique)<\/td><td style=\"color: #333333; text-align: center;\">5\/20<\/td><td style=\"color: #333333; text-align: center;\">1<\/td><td style=\"color: #333333; text-align: center;\">1<\/td><td style=\"color: #333333; text-align: center;\">1<\/td><td style=\"color: #333333; text-align: center;\">0<\/td><\/tr><tr><td colspan=\"3\">\u00a0<\/td><td style=\"color: #333333;\">Assistant d\u2019enseignement artistique (Danse)<\/td><td style=\"color: #333333; text-align: center;\">6\/20<\/td><td style=\"color: #333333; text-align: center;\">1<\/td><td style=\"color: #333333; text-align: center;\">1<\/td><td style=\"color: #333333; text-align: center;\">1<\/td><td style=\"color: #333333; text-align: center;\">0<\/td><\/tr><tr bgcolor=\"#CCCCCC\"><td style=\"color: #333333;\" colspan=\"5\"><strong>Fili\u00e8re culturelle \/ Patrimoine et biblioth\u00e8que<\/strong><\/td><td style=\"color: #333333; text-align: center;\">1<\/td><td style=\"color: #333333; text-align: center;\">1<\/td><td style=\"color: #333333; text-align: center;\">1<\/td><td style=\"color: #333333; text-align: center;\">1<\/td><\/tr><tr><td>\u00a0<\/td><td style=\"color: #333333; text-align: center;\"><strong>C<\/strong><\/td><td style=\"color: #333333;\" colspan=\"5\"><strong>Adjoint territorial du patrimoine<\/strong><\/td><\/tr><tr><td colspan=\"3\">\u00a0<\/td><td style=\"color: #333333;\">Adjoint du patrimoine principal de 1<sup>\u00e8re<\/sup> classe<\/td><td style=\"color: #333333; text-align: center;\">XXX<\/td><td style=\"color: #333333; text-align: center;\">0<\/td><td style=\"color: #333333; text-align: center;\">0<\/td><td style=\"color: #333333; text-align: center;\">0<\/td><td style=\"color: #333333; text-align: center;\">0<\/td><\/tr><tr><td colspan=\"3\">\u00a0<\/td><td style=\"color: #333333;\">Adjoint du patrimoine principal de 2<sup>\u00e8me<\/sup> classe<\/td><td style=\"color: #333333; text-align: center;\">35\/35<\/td><td style=\"color: #333333; text-align: center;\">0<\/td><td style=\"color: #333333; text-align: center;\">0<\/td><td style=\"color: #333333; text-align: center;\">0<\/td><td style=\"color: #333333; text-align: center;\">0<\/td><\/tr><tr><td colspan=\"3\">\u00a0<\/td><td style=\"color: #333333;\">Adjoint du patrimoine<\/td><td style=\"color: #333333; text-align: center;\">35\/35<\/td><td style=\"color: #333333; text-align: center;\">1<\/td><td style=\"color: #333333; text-align: center;\">1<\/td><td style=\"color: #333333; text-align: center;\">1<\/td><td style=\"color: #333333; text-align: center;\">1<\/td><\/tr><tr><td colspan=\"3\">\u00a0<\/td><td style=\"color: #333333;\">Adjoint du patrimoine<\/td><td style=\"color: #333333; text-align: center;\">20\/35<\/td><td style=\"color: #333333; text-align: center;\">0<\/td><td style=\"color: #333333; text-align: center;\">0<\/td><td style=\"color: #333333; text-align: center;\">0<\/td><td style=\"color: #333333; text-align: center;\">0<\/td><\/tr><tr bgcolor=\"#CCCCCC\"><td style=\"color: #333333;\" colspan=\"5\"><strong>Fili\u00e8re M\u00e9dico-sociale \/ secteur m\u00e9dico-social<\/strong><\/td><td style=\"color: #333333; text-align: center;\">5<\/td><td style=\"color: #333333; text-align: center;\">2<\/td><td style=\"color: #333333; text-align: center;\">5<\/td><td style=\"color: #333333; text-align: center;\">2<\/td><\/tr><tr><td>\u00a0<\/td><td style=\"color: #333333; text-align: center;\"><strong>C<\/strong><\/td><td style=\"color: #333333;\" colspan=\"5\"><strong>Agent territorial sp\u00e9cialis\u00e9 des \u00e9coles maternelles (ATSEM)<\/strong><\/td><\/tr><tr><td colspan=\"3\">\u00a0<\/td><td style=\"color: #333333;\">Agent sp\u00e9cialis\u00e9 principal de 1<sup>\u00e8re<\/sup> classe des \u00e9coles maternelles<\/td><td style=\"color: #333333; text-align: center;\">35\/35<\/td><td style=\"color: #333333; text-align: center;\">2<\/td><td style=\"color: #333333; text-align: center;\">0<\/td><td style=\"color: #333333; text-align: center;\">2<\/td><td style=\"color: #333333; text-align: center;\">0<\/td><\/tr><tr><td colspan=\"3\">\u00a0<\/td><td style=\"color: #333333;\">Agent sp\u00e9cialis\u00e9 principal de 2<sup>\u00e8me<\/sup> classe des \u00e9coles maternelles<\/td><td style=\"color: #333333; text-align: center;\">35\/35<\/td><td style=\"color: #333333; text-align: center;\">3<\/td><td style=\"color: #333333; text-align: center;\">2<\/td><td style=\"color: #333333; text-align: center;\">3<\/td><td style=\"color: #333333; text-align: center;\">2<\/td><\/tr><tr bgcolor=\"#CCCCCC\"><td style=\"color: #333333;\" colspan=\"5\"><strong>Fili\u00e8re M\u00e9dico-sociale \/ secteur m\u00e9dico-technique<\/strong><\/td><td style=\"color: #333333; text-align: center;\">0<\/td><td style=\"color: #333333; text-align: center;\">0<\/td><td style=\"color: #333333; text-align: center;\">0<\/td><td style=\"color: #333333; text-align: center;\">0<\/td><\/tr><tr><td colspan=\"7\">\u00a0<\/td><\/tr><tr bgcolor=\"#CCCCCC\"><td style=\"color: #333333;\" colspan=\"5\"><strong>Fili\u00e8re Police municipale<\/strong><\/td><td style=\"color: #333333; text-align: center;\">0<\/td><td style=\"color: #333333; text-align: center;\">0<\/td><td style=\"color: #333333; text-align: center;\">0<\/td><td style=\"color: #333333; text-align: center;\">0<\/td><\/tr><tr><td colspan=\"7\">\u00a0<\/td><\/tr><tr bgcolor=\"#CCCCCC\"><td style=\"color: #333333;\" colspan=\"5\"><strong>Fili\u00e8re <u>Sapeurs pompiers<\/u> professionnels<\/strong><\/td><td style=\"color: #333333; text-align: center;\">0<\/td><td style=\"color: #333333; text-align: center;\">0<\/td><td style=\"color: #333333; text-align: center;\">0<\/td><td style=\"color: #333333; text-align: center;\">0<\/td><\/tr><tr><td colspan=\"7\">\u00a0<\/td><\/tr><tr bgcolor=\"#CCCCCC\"><td style=\"color: #333333;\" colspan=\"5\"><strong><big>Total des effectifs<\/big><\/strong><\/td><td style=\"color: #333333; text-align: center;\"><strong><big>65<\/big><\/strong><\/td><td style=\"color: #333333; text-align: center;\"><strong><big>41<\/big><\/strong><\/td><td style=\"color: #333333; text-align: center;\"><strong><big>66<\/big><\/strong><\/td><td style=\"color: #333333; text-align: center;\"><strong><big>36<\/big><\/strong><\/td><\/tr><\/tbody><\/table><p style=\"color: #333333;\"><strong>Le Conseil Municipal apr\u00e8s en avoir d\u00e9lib\u00e9r\u00e9,<\/strong><br \/>par\u00a022 voix pour, voix contre,\u00a0abstention<\/p><table width=\"75%\"><tbody><tr><td style=\"color: #333333;\" width=\"25%\"><strong>APPROUVE<\/strong><\/td><td style=\"color: #333333; text-align: justify;\" width=\"75%\">la mise \u00e0 jour du tableau des emplois permanents de la collectivit\u00e9 \u00e0 compter du 06 JUIN 2024 (ci-annex\u00e9).<\/td><\/tr><tr><td style=\"color: #333333;\"><strong>ET DIT<\/strong><\/td><td style=\"color: #333333; text-align: justify;\">que les cr\u00e9dits n\u00e9cessaires \u00e0 la r\u00e9mun\u00e9ration et aux charges sociales correspondant aux emplois et grades ainsi cr\u00e9\u00e9s sont et seront inscrits aux budgets.<\/td><\/tr><\/tbody><\/table><p style=\"color: #333333;\" align=\"right\"><em><small>D\u00e9lib\u00e9ration n\u00b0 2024-06-06-D-13<\/small><\/em><\/p><table width=\"50%\" align=\"center\" bgcolor=\"#EEEEEE\"><tbody><tr><td style=\"color: #333333; text-align: left;\" width=\"25%\"><strong><u>D\u00e9cision<\/u><\/strong><\/td><td style=\"color: #333333; text-align: left;\" width=\"25%\">Sur :<\/td><td style=\"color: #333333; text-align: left;\" width=\"50%\">15 pr\u00e9sents<\/td><\/tr><tr><td style=\"color: #333333; text-align: left;\">\u00a0<\/td><td style=\"color: #333333; text-align: left;\">Pour :<\/td><td style=\"color: #333333; text-align: left;\">22 dont 7 pouvoirs<\/td><\/tr><tr><td style=\"color: #333333; text-align: left;\">\u00a0<\/td><td style=\"color: #333333; text-align: left;\">Contre :<\/td><td style=\"color: #333333; text-align: left;\">0<\/td><\/tr><tr><td style=\"color: #333333; text-align: left;\">\u00a0<\/td><td style=\"color: #333333; text-align: left;\">Abstentions :<\/td><td style=\"color: #333333; text-align: left;\">0<\/td><\/tr><\/tbody><\/table><div id=\"CM06062024Neuf\" style=\"color: #333333;\"><strong><u>9 &#8211; D\u00e9lib\u00e9ration relative \u00e0 la cr\u00e9ation d&#8217;un emploi non permanent au titre d&#8217;une activit\u00e9 accessoire<\/u><\/strong><\/div><p style=\"color: #333333; padding-left: 40px;\" align=\"justify\">Vu le code g\u00e9n\u00e9ral de la fonction publique, notamment son article L332-23-2 ;<br \/>Vu le d\u00e9cret 2020-69 du 30 janvier 2020 relatif aux contr\u00f4le d\u00e9ontologiques dans la fonction publique, et notamment son article 11 alin\u00e9a 2<br \/>Consid\u00e9rant qu&#8217;il convient de recruter dans le cadre de l&#8217;activit\u00e9 de l&#8217;\u00e9cole musique un intervenant musique et coordinateur des manifestations auxquelles participe l&#8217;\u00e9cole de musique pour une dur\u00e9e maximale de 10 mois,<br \/>Sur le rapport de Monsieur le Maire et apr\u00e8s en avoir d\u00e9lib\u00e9r\u00e9 ;<\/p><p style=\"color: #333333;\"><strong>Le Conseil Municipal, apr\u00e8s en avoir d\u00e9lib\u00e9r\u00e9,<\/strong><br \/>par\u00a022 voix pour,\u00a0voix contre,\u00a0abstention<\/p><table style=\"table-layout: auto;\" align=\"center\"><tbody><tr><td style=\"color: #333333;\"><strong><u>DECIDE<\/u><\/strong><\/td><td style=\"color: #333333; text-align: justify;\"><ol style=\"color: #333333; text-align: justify;\"><li>De cr\u00e9er, \u00e0 compter du 1<sup>er<\/sup> septembre 2024 jusqu&#8217;au 30 juin 2025, 1 poste non permanent au titre d&#8217;une activit\u00e9 accessoire sur le grade d&#8217;assistant d&#8217;enseignement artistique (cat\u00e9gorie B), non titulaire et autoriser le Maire \u00e0 recruter un agent contractuel pour pourvoir \u00e0 cet emploi dans les conditions susvis\u00e9es ;<\/li><li>D&#8217;autoriser le Maire \u00e0 signer le contrat de recrutement et ses \u00e9ventuels renouvellements dans la limite des dispositions de l&#8217;article L 332-23 du Code G\u00e9n\u00e9ral de la Fonction Publique ;<\/li><li>De fixer la r\u00e9mun\u00e9ration de l&#8217;agent recrut\u00e9 au titre d&#8217;une activit\u00e9 accessoire comme suit :<br \/>L&#8217;agent percevra au titre des fonctions susvis\u00e9es une indemnit\u00e9 accessoire forfaitaire mensuelle maximale de 500 euros brut correspondant \u00e0 5 heures et 30 minutes hebdomadaires.<\/li><li>Les cr\u00e9dits correspondants sont inscrits au budget.<\/li><\/ol><\/td><\/tr><\/tbody><\/table><p style=\"color: #333333;\" align=\"right\"><em><small>D\u00e9lib\u00e9ration n\u00b0 2024-06-06-D-14<\/small><\/em><\/p><table style=\"table-layout: auto;\" align=\"right\" bgcolor=\"#EEEEEE\"><tbody><tr><td style=\"color: #333333; text-align: left;\"><strong><u>D\u00e9cision<\/u><\/strong><\/td><td style=\"color: #333333; text-align: left;\">Sur :<\/td><td style=\"color: #333333; text-align: left;\">15 pr\u00e9sents<\/td><\/tr><tr><td style=\"color: #333333; text-align: left;\">\u00a0<\/td><td style=\"color: #333333; text-align: left;\">Pour :<\/td><td style=\"color: #333333; text-align: left;\">22 dont 7 pouvoirs<\/td><\/tr><tr><td style=\"color: #333333; text-align: left;\">\u00a0<\/td><td style=\"color: #333333; text-align: left;\">Contre :<\/td><td style=\"color: #333333; text-align: left;\">0<\/td><\/tr><tr><td style=\"color: #333333; text-align: left;\">\u00a0<\/td><td style=\"color: #333333; text-align: left;\">Abstentions :<\/td><td style=\"color: #333333; text-align: left;\">0<\/td><\/tr><\/tbody><\/table><div id=\"CM06062024Dix\" style=\"color: #333333;\"><strong><u>10 &#8211; D\u00e9lib\u00e9ration autorisant le recrutement d\u2019agents sur des emplois aid\u00e9s de 2024 -2025<\/u><\/strong><\/div><p style=\"color: #333333;\"><strong>Le Conseil Municipal, apr\u00e8s en avoir d\u00e9lib\u00e9r\u00e9,<\/strong><br \/>par\u00a022 voix pour,\u00a0voix contre,\u00a0abstention<\/p><table style=\"table-layout: auto;\" align=\"center\"><tbody><tr><td style=\"color: #333333;\"><strong>AUTORISE<\/strong><\/td><td style=\"color: #333333; text-align: justify;\">Monsieur Le Maire \u00e0 pouvoir embaucher 20 agents maximum en contrat aid\u00e9 PEC (Parcours emploi comp\u00e9tence).<\/td><\/tr><tr><td style=\"color: #333333;\"><strong>DIT<\/strong><\/td><td style=\"color: #333333; text-align: justify;\">que les cr\u00e9dits n\u00e9cessaires \u00e0 la r\u00e9mun\u00e9ration et aux charges sociales correspondant aux emplois et grades ainsi cr\u00e9\u00e9s sont et seront inscrits aux budgets.<\/td><\/tr><tr><td style=\"color: #333333;\"><strong>DIT<\/strong><\/td><td style=\"color: #333333; text-align: justify;\">que les agents contractuels recrut\u00e9s pourront \u00eatre amen\u00e9s \u00e0 effectuer des heures compl\u00e9mentaires et\/ou suppl\u00e9mentaires. Les heures compl\u00e9mentaires seront compens\u00e9es par l\u2019attribution d\u2019un repos compensateur et\/ou par le versement d\u2019une indemnisation conform\u00e9ment au d\u00e9cret 202-592 du 15 mai 2020. Les heures suppl\u00e9mentaires seront compens\u00e9es par l\u2019attribution d\u2019un repos compensateur et\/ou par le versement de l\u2019indemnit\u00e9 horaire pour travaux suppl\u00e9mentaires. Monsieur le Maire sera charg\u00e9 de la constatation des besoins concern\u00e9s ainsi que de la d\u00e9termination des niveaux de recrutement et de r\u00e9mun\u00e9ration des candidats selon la nature des fonctions et de leur profil. La r\u00e9mun\u00e9ration sera limit\u00e9e \u00e0 l\u2019indice terminal du grade de r\u00e9f\u00e9rence.<\/td><\/tr><\/tbody><\/table><p style=\"color: #333333;\" align=\"right\"><em><small>D\u00e9lib\u00e9ration n\u00b0 2024-06-06-D-15<\/small><\/em><\/p><table style=\"table-layout: auto;\" align=\"right\" bgcolor=\"#EEEEEE\"><tbody><tr><td style=\"color: #333333; text-align: left;\"><strong><u>D\u00e9cision<\/u><\/strong><\/td><td style=\"color: #333333; text-align: left;\">Sur :<\/td><td style=\"color: #333333; text-align: left;\">15 pr\u00e9sents<\/td><\/tr><tr><td style=\"color: #333333; text-align: left;\">\u00a0<\/td><td style=\"color: #333333; text-align: left;\">Pour :<\/td><td style=\"color: #333333; text-align: left;\">22 dont 7 pouvoirs<\/td><\/tr><tr><td style=\"color: #333333; text-align: left;\">\u00a0<\/td><td style=\"color: #333333; text-align: left;\">Contre :<\/td><td style=\"color: #333333; text-align: left;\">0<\/td><\/tr><tr><td style=\"color: #333333; text-align: left;\">\u00a0<\/td><td style=\"color: #333333; text-align: left;\">Abstentions :<\/td><td style=\"color: #333333; text-align: left;\">0<\/td><\/tr><\/tbody><\/table><div id=\"CM06062024Onze\" style=\"color: #333333;\"><strong><u>11 &#8211; D\u00e9lib\u00e9ration autorisation de signature de Monsieur le Maire pour convention avec le coll\u00e8ge<\/u><\/strong><\/div><p style=\"color: #333333; padding-left: 40px;\" align=\"justify\"><em>Pr\u00e9sentation est faite par Monsieur Le Maire<\/em><\/p><p style=\"color: #333333;\"><strong>Le Conseil Municipal, apr\u00e8s en avoir d\u00e9lib\u00e9r\u00e9,<\/strong><br \/>par\u00a013 voix pour,\u00a04 voix contre,\u00a05 abstentions<\/p><table style=\"table-layout: auto;\" align=\"center\"><tbody><tr><td style=\"color: #333333;\"><strong>AUTORISE<\/strong><\/td><td style=\"color: #333333; text-align: justify;\">Monsieur le Maire \u00e0 signer les conventions n\u00e9cessaires au bon fonctionnement de l\u2019\u00e9tablissement : Coll\u00e8ge Jean Jacques ROUSSEAU \u00e0 Thiant et notamment celle pour l\u2019utilisation des locaux du coll\u00e8ge pour le bal des 3<sup>\u00e8me<\/sup> en fin d\u2019ann\u00e9e (le 2 juillet 2024).<\/td><\/tr><\/tbody><\/table><p style=\"color: #333333; padding-left: 40px;\" align=\"justify\"><em>Remarque : Un d\u00e9bat a lieu. Avis est donn\u00e9 qu\u2019avant signature de cette convention par Monsieur Le Maire, un compl\u00e9ment d\u2019informations sera demand\u00e9 au coll\u00e8ge avec notamment un plan de s\u00e9curit\u00e9\u2026<\/em><\/p><p style=\"color: #333333;\" align=\"right\"><em><small>D\u00e9lib\u00e9ration n\u00b0 2024-06-06-D-16<\/small><\/em><\/p><table style=\"table-layout: auto;\" align=\"right\" bgcolor=\"#EEEEEE\"><tbody><tr><td style=\"color: #333333; text-align: left;\"><strong><u>D\u00e9cision<\/u><\/strong><\/td><td style=\"color: #333333; text-align: left;\">Sur :<\/td><td style=\"color: #333333; text-align: left;\">15 pr\u00e9sents<\/td><\/tr><tr><td style=\"color: #333333; text-align: left;\">\u00a0<\/td><td style=\"color: #333333; text-align: left;\">Pour :<\/td><td style=\"color: #333333; text-align: left;\">13 dont 6 pouvoirs<\/td><\/tr><tr><td style=\"color: #333333; text-align: left;\">\u00a0<\/td><td style=\"color: #333333; text-align: left;\">Contre :<\/td><td style=\"color: #333333; text-align: left;\">4<\/td><\/tr><tr><td style=\"color: #333333; text-align: left;\">\u00a0<\/td><td style=\"color: #333333; text-align: left;\">Abstentions :<\/td><td style=\"color: #333333; text-align: left;\">5<\/td><\/tr><\/tbody><\/table><div id=\"CM06062024Douze\" style=\"color: #333333;\"><strong><u>12 &#8211; D\u00e9lib\u00e9ration autorisation de signature de Monsieur le Maire pour convention inter-centre ALSH avec la commune d\u2019HAULCHIN<\/u><\/strong><\/div><p style=\"color: #333333; padding-left: 40px;\" align=\"justify\"><em>Pr\u00e9sentation est faite par Madame Sylvie DEVOS, Conseill\u00e8re d\u00e9l\u00e9gu\u00e9e<br \/>Lors du centre de loisirs du 8 juillet au 26 juillet 2024, sur le th\u00e8me des jeux olympiques, des rencontres inter centre (avec Haulchin) vont avoir lieu.<br \/>Une rencontre par semaine dont deux auront lieu \u00e0 Thiant.<br \/>Les tranches d\u2019\u00e2ge concern\u00e9es seront les 6-8ans et les 9-11 ans et les 12-14 ans.<br \/>Le d\u00e9partement du Nord interviendra pour des activit\u00e9s sportives\u2026<br \/>La CAPH participera aussi sur le th\u00e8me de la sant\u00e9 du sportif, il y aura des ateliers culinaires, manuelles, alimentation du sportif\u2026<br \/>La convention explique le r\u00f4le de chaque commune lors des rencontres inter-centre.<br \/>Chaque commune prendra \u00e0 sa charge les frais li\u00e9s aux enfants de leur propre centre.<\/em><\/p><p style=\"color: #333333;\"><strong>Le Conseil Municipal, apr\u00e8s en avoir d\u00e9lib\u00e9r\u00e9,<\/strong><br \/>par\u00a022 voix pour,\u00a00 voix contre,\u00a00 abstention<\/p><table style=\"table-layout: auto;\" align=\"center\"><tbody><tr><td style=\"color: #333333;\"><strong>AUTORISE<\/strong><\/td><td style=\"color: #333333; text-align: justify;\">Monsieur le Maire \u00e0 signer la convention inter-centre avec la commune d\u2019Haulchin.<\/td><\/tr><\/tbody><\/table><p style=\"color: #333333;\" align=\"right\"><em><small>D\u00e9lib\u00e9ration n\u00b0 2024-06-06-D-17<\/small><\/em><\/p><table style=\"table-layout: auto;\" align=\"right\" bgcolor=\"#EEEEEE\"><tbody><tr><td style=\"color: #333333; text-align: left;\"><strong><u>D\u00e9cision<\/u><\/strong><\/td><td style=\"color: #333333; text-align: left;\">Sur :<\/td><td style=\"color: #333333; text-align: left;\">15 pr\u00e9sents<\/td><\/tr><tr><td style=\"color: #333333; text-align: left;\">\u00a0<\/td><td style=\"color: #333333; text-align: left;\">Pour :<\/td><td style=\"color: #333333; text-align: left;\">22 dont 7 pouvoirs<\/td><\/tr><tr><td style=\"color: #333333; text-align: left;\">\u00a0<\/td><td style=\"color: #333333; text-align: left;\">Contre :<\/td><td style=\"color: #333333; text-align: left;\">0<\/td><\/tr><tr><td style=\"color: #333333; text-align: left;\">\u00a0<\/td><td style=\"color: #333333; text-align: left;\">Abstentions :<\/td><td style=\"color: #333333; text-align: left;\">0<\/td><\/tr><\/tbody><\/table><div id=\"CM06062024QD\" style=\"color: #333333;\"><strong><u>Questions diverses<\/u><\/strong><\/div><p style=\"color: #333333; padding-left: 40px;\" align=\"justify\">Monsieur Jimmy LAURENT :<\/p><ol style=\"color: #333333; padding-left: 40px;\"><li>Quel est le co\u00fbt total du projet de la caisse d&#8217;\u00e9pargne (achat, frais de notaire, travaux) ?<br \/>(question pos\u00e9e lors du dernier conseil)<br \/>Madame L\u2019Adjointe aux finances r\u00e9pond :<br \/>Cout total 125 588,00\u20ac TTC<br \/>Acquisition : 66 677\u20ac<br \/>Travaux : 52 651\u20ac<br \/>Cl\u00f4ture : 3 711\u20ac<br \/>Am\u00e9nagement fournitures : 2 547\u20ac<\/li><li>O\u00f9 en est-on dans le projet de &#8221; b\u00e9guinage &#8221; ? D\u00e9but des travaux ?<br \/>Pour le moment c\u2019est en cours. La vente des terrains n\u2019est pas encore act\u00e9e.<\/li><li>Quelle est la raison de l&#8217;annulation de la f\u00eate foraine initialement pr\u00e9vue ce mois-ci ?<br \/>&#8211; annulation car vigilance attentat maximum (contexte actuel et dispositifs \u00e0 la charge des communes)<br \/>&#8211; emplacement de la ducasse est \u00e0 revoir pour la s\u00e9curisation des abords (voirie d\u00e9partementale traversant difficile \u00e0 s\u00e9curiser)<br \/>&#8211; mois de juin est surcharg\u00e9 de manifestations<br \/>La porte n\u2019est pas ferm\u00e9e pour une ducasse au mois d\u2019octobre\u2026<br \/>Un d\u00e9bat a eu lieu : budget, responsabilit\u00e9, s\u00e9curit\u00e9\u2026<\/li><\/ol><p style=\"color: #333333;\"><strong>Fin de s\u00e9ance \u00e0 19h50<\/strong><\/p><p style=\"color: #333333;\" align=\"right\"><strong>St\u00e9phanie WATTIEZ<\/strong><\/p>\t\t\t\t\t\t\t\t<\/div>\n\t\t\t\t<\/div>\n\t\t\t\t\t<\/div>\n\t\t\t\t<\/div>\n\t\t<div id=\"e-n-tab-content-87943415\" role=\"tabpanel\" aria-labelledby=\"e-n-tab-title-87943415\" data-tab-index=\"5\" style=\"--n-tabs-title-order: 5;\" class=\" elementor-element elementor-element-e043800 e-con-full e-flex e-con e-child\" data-id=\"e043800\" data-element_type=\"container\" data-e-type=\"container\">\n\t\t\t\t<div class=\"elementor-element elementor-element-a29d793 elementor-widget elementor-widget-text-editor\" data-id=\"a29d793\" data-element_type=\"widget\" data-e-type=\"widget\" data-widget_type=\"text-editor.default\">\n\t\t\t\t<div class=\"elementor-widget-container\">\n\t\t\t\t\t\t\t\t\t<h6><span style=\"color: #ff0000\">Proc\u00e8s verbal du Conseil Municipal du 8 avril 2024 \u00e0 18h<\/span><\/h6><p><img loading=\"lazy\" decoding=\"async\" class=\"alignnone wp-image-6651 size-medium\" src=\"https:\/\/thiant.fr\/wordpress\/wp-content\/uploads\/2024\/11\/PV_CM08042024-212x300.png\" alt=\"\" width=\"212\" height=\"300\" srcset=\"https:\/\/thiant.fr\/wordpress\/wp-content\/uploads\/2024\/11\/PV_CM08042024-212x300.png 212w, https:\/\/thiant.fr\/wordpress\/wp-content\/uploads\/2024\/11\/PV_CM08042024.png 566w\" sizes=\"(max-width: 212px) 100vw, 212px\" \/><\/p><p style=\"color: #333333\"><strong>Date de la convocation\u00a0:<\/strong>\u00a0\u00a0\u00a0\u00a0\u00a0\u00a0\u00a0\u00a0 22 mars 2024<\/p><p style=\"color: #333333\"><strong>Date de l\u2019affichage\u00a0:<\/strong> \u00a0\u00a0 \u00a0\u00a0\u00a0\u00a0\u00a0\u00a0\u00a0\u00a0\u00a0\u00a0\u00a0 22 mars 2024<\/p><p style=\"color: #333333;padding-left: 40px\" align=\"justify\">L&#8217;an deux mil vingt-quatre, le huit avril \u00e0 dix-huit heures, le Conseil Municipal de Thiant, r\u00e9guli\u00e8rement convoqu\u00e9, s&#8217;est r\u00e9uni en la salle du conseil, rue Anatole France \u00e0 THIANT, sous la Pr\u00e9sidence de Monsieur Marc WATTIEZ, Maire de la Commune.<\/p><p style=\"color: #333333\"><strong>Pr\u00e9sents :<\/strong><\/p><p style=\"color: #333333;padding-left: 40px\" align=\"justify\"><strong>Monsieur Marc WATTIEZ, Madame C\u00e9line DUMAINE, Madame St\u00e9phanie WATTIEZ, Madame Raymonde BOHERE, Monsieur Michel HENNAUT, Madame Sylvie DEVOS, Madame Martine PREVOST, Madame Sylvaine GERARD, Monsieur Christophe DESPINOY, Monsieur Jimmy LAURENT, Monsieur Jean-Michel HARBONNIER, Monsieur Bernard LEPEZ, Monsieur Bernard MALAQUIN<\/strong><\/p><p style=\"color: #333333\"><strong>Excus\u00e9s :<\/strong><\/p><p style=\"color: #333333;padding-left: 40px\"><strong>Monsieur Philippe WAELKENS<br \/>Monsieur J\u00e9r\u00f4me CARLIER qui donne pouvoir \u00e0 Madame St\u00e9phanie WATTIEZ<br \/>Monsieur Guy VANDERBEC qui donne pouvoir \u00e0 Monsieur Marc WATTIEZ<br \/>Madame C\u00e9line TRACHMAN qui donne pouvoir \u00e0 Monsieur Michel HENNAUT<br \/>Fran\u00e7oise BAR-DESESPRINGALLE qui donne pouvoir \u00e0 Monsieur Jimmy LAURENT<br \/>Monsieur Sylvain LEFEBVRE<br \/>Monsieur Jean-Claude BAH qui donne pouvoir \u00e0 Madame Sylvie DEVOS<br \/>Madame Armelle BOURLET qui donne pouvoir \u00e0 Madame Martine PREVOST<br \/>Madame Sylvie NICOLAS qui donne pouvoir \u00e0 Madame C\u00e9line DUMAINE<\/strong><\/p><p style=\"color: #333333\"><strong>Absents : MM.XXXXX<\/strong><\/p><p style=\"color: #333333\"><strong><u>Ordre du jour<\/u>\u00a0:<\/strong><\/p><ol style=\"padding-left: 40px\"><li><a href=\"#CM08042024Un\">D\u00e9lib\u00e9ration Approbation du Proc\u00e8s-verbal du 06 f\u00e9vrier 2024<\/a><\/li><li><a href=\"#CM08042024Deux\">Compte de gestion budget principal 2023<\/a><\/li><li><a href=\"#CM08042024Trois\">Compte administratif budget principal 2023<\/a><\/li><li><a href=\"#CM08042024Quatre\">D\u00e9termination et affectation du r\u00e9sultat 2023 budget principal<\/a><\/li><li><a href=\"#CM08042024Cinq\">Bilan des acquisitions et cessions 2023 budget principal<\/a><\/li><li><a href=\"#CM08042024Six\">Compte de gestion budget annexe Lotissement Ferme Jourdan 2023<\/a><\/li><li><a href=\"#CM08042024Sept\">Compte administratif budget annexe Lotissement Ferme Jourdan 2023<\/a><\/li><li><a href=\"#CM08042024Huit\">D\u00e9termination et affectation du r\u00e9sultat 2023 budget annexe Lotissement Ferme Jourdan<\/a><\/li><li><a href=\"#CM08042024Neuf\">Bilan des acquisitions et cessions 2023 budget annexe Lotissement Ferme Jourdan<\/a><\/li><li><a href=\"#CM08042024Dix\">Taux des taxes locales 2024<\/a><\/li><li><a href=\"#CM08042024Onze\">Budget Principal 2024<\/a><\/li><li><a href=\"#CM08042024Douze\">Budget Annexe Lotissement Ferme Jourdan 2024<\/a><\/li><li><a href=\"#CM08042024Treize\">Subvention 2024 au CCAS<\/a><\/li><li><a href=\"#CM08042024Quatorze\">Subventions 2024 aux associations<\/a><\/li><li><a href=\"#CM08042024Quinze\">D\u00e9lib\u00e9ration tarifs ALSH \u00e0 compter de mai 2024<\/a><\/li><li><a href=\"#CM08042024Seize\">D\u00e9lib\u00e9ration demande de pr\u00eat agent communal<\/a><\/li><li><a href=\"#CM08042024DixSept\">D\u00e9lib\u00e9ration participation communale \u00e0 la sortie des coll\u00e9giens : conf\u00e9rence de Lili LEIGNEL<\/a><\/li><li><a href=\"#CM08042024DixHuit\">D\u00e9lib\u00e9ration avis des communes sur le PLUI modifi\u00e9<\/a><\/li><li><a href=\"#CM08042024DixNeuf\">D\u00e9lib\u00e9ration approbation du rapport de la commission Locale d&#8217;\u00e9valuation des transferts de charges de la CAPH en date du 29 janvier 2024<\/a><\/li><li><a href=\"#CM08042024Vingt\">D\u00e9lib\u00e9ration participation de la commune sur les strat\u00e9gies communautaires de transition \u00e9nerg\u00e9tique avec la CAPH<\/a><\/li><\/ol><ul><li><a href=\"#CM08042024QD\">Questions diverses<\/a><\/li><\/ul><p style=\"color: #333333\">D\u00e9signation d\u2019un Secr\u00e9taire de s\u00e9ance\u00a0:\u00a0Madame Sylvaine GERARD<\/p><p style=\"color: #333333\">Etat des pouvoirs\u00a0: &#8230;.7 pouvoirs&#8230;&#8230;&#8230;&#8230;&#8230;&#8230;&#8230;&#8230;&#8230;..<\/p><div id=\"CM08042024Un\" style=\"color: #333333\"><strong><u>1 &#8211; Approbation du Proc\u00e8s-verbal du 06 f\u00e9vrier 2024<\/u><\/strong><\/div><p style=\"color: #333333;padding-left: 40px\" align=\"justify\"><em>Document transmis par mail le 01 mars 2024 et dans les casiers des \u00e9lus ce m\u00eame jour.<\/em><\/p><p style=\"color: #333333;padding-left: 40px\" align=\"justify\"><em>Aucune remarque<\/em><\/p><table width=\"75%\"><tbody><tr><td style=\"color: #333333\" width=\"25%\">Consid\u00e9rant<\/td><td style=\"color: #333333;text-align: justify\" width=\"75%\">Le Code G\u00e9n\u00e9ral des Collectivit\u00e9s Territoriales, particuli\u00e8rement les articles L.2121-7 \u00e0 L.2121-28\u00a0;<\/td><\/tr><tr><td style=\"color: #333333\">Consid\u00e9rant<\/td><td style=\"color: #333333;text-align: justify\">qu\u2019il convient d\u2019adopter les proc\u00e8s-verbaux des s\u00e9ances du Conseil Municipal.<\/td><\/tr><\/tbody><\/table><p style=\"color: #333333\"><strong>Le Conseil Municipal, apr\u00e8s en avoir d\u00e9lib\u00e9r\u00e9,<\/strong><br \/>par\u00a020 voix pour,\u00a00 voix contre,\u00a00\u00a0abstention<\/p><table width=\"75%\"><tbody><tr><td style=\"color: #333333\" width=\"25%\"><strong><u>APPROUVE<\/u><\/strong><\/td><td style=\"color: #333333;text-align: justify\" width=\"75%\">le contenu du proc\u00e8s-verbal du 06 f\u00e9vrier 2024, r\u00e9dig\u00e9 par son secr\u00e9taire de s\u00e9ance.<\/td><\/tr><\/tbody><\/table><p style=\"color: #333333\" align=\"right\"><em><small>D\u00e9lib\u00e9ration n\u00b0 2024-04-08-D-01<\/small><\/em><\/p><table align=\"right\" bgcolor=\"#EEEEEE\"><tbody><tr><td style=\"color: #333333;text-align: left\" width=\"25%\"><strong><u>D\u00e9cision<\/u><\/strong><\/td><td style=\"color: #333333;text-align: left\" width=\"25%\">Sur :<\/td><td style=\"color: #333333;text-align: left\" width=\"50%\">13 pr\u00e9sents<\/td><\/tr><tr><td style=\"color: #333333;text-align: left\">\u00a0<\/td><td style=\"color: #333333;text-align: left\">Pour :<\/td><td style=\"color: #333333;text-align: left\">20 dont 7 pvrs<\/td><\/tr><tr><td style=\"color: #333333;text-align: left\">\u00a0<\/td><td style=\"color: #333333;text-align: left\">Contre :<\/td><td style=\"color: #333333;text-align: left\">0<\/td><\/tr><tr><td style=\"color: #333333;text-align: left\">\u00a0<\/td><td style=\"color: #333333;text-align: left\">Abstentions :<\/td><td style=\"color: #333333;text-align: left\">0<\/td><\/tr><\/tbody><\/table><p style=\"color: #333333;padding-left: 40px\" align=\"justify\"><em><strong>Monsieur Le Maire passe la pr\u00e9sidence \u00e0 Madame St\u00e9phanie WATTIEZ<\/strong><br \/>Madame St\u00e9phanie WATTIEZ demande l&#8217;autorisation au conseil de rajouter avant le point 10 (avant le vote du budget) une autorisation pour la fongibilit\u00e9 des cr\u00e9dits.<\/em><\/p><p style=\"color: #333333\"><strong>Le Conseil Municipal, apr\u00e8s en avoir d\u00e9lib\u00e9r\u00e9,<\/strong><br \/>par\u00a020 voix pour,\u00a00 voix contre,\u00a00\u00a0abstention<\/p><table width=\"75%\"><tbody><tr><td style=\"color: #333333\" width=\"25%\"><strong><u>ACCEPTE<\/u><\/strong><\/td><td style=\"color: #333333;text-align: justify\" width=\"75%\">de rajouter ce point \u00e0 l&#8217;ordre du jour.<\/td><\/tr><\/tbody><\/table><div id=\"CM08042024Deux\" style=\"color: #333333\"><strong><u>2 &#8211; Compte de Gestion budget principal de la commune 2023 :<\/u><\/strong><\/div><p style=\"color: #333333;padding-left: 40px\" align=\"justify\"><small><em>(voir document transmis le 22 mars 2024)<\/em><\/small><\/p><p style=\"color: #333333;padding-left: 40px\" align=\"justify\"><em>Aucune remarque<\/em><\/p><p style=\"color: #333333;padding-left: 40px\" align=\"justify\"><em>Statuant sur l&#8217;ensemble des op\u00e9rations effectu\u00e9es du 1<sup>er<\/sup> janvier 2023 au 31 d\u00e9cembre 2023 y compris celles relatives \u00e0 la journ\u00e9e compl\u00e9mentaire ;<br \/>Statuant sur l&#8217;ex\u00e9cution du budget principal de l&#8217;exercice 2023 en ce qui concerne les diff\u00e9rentes sections budg\u00e9taires ;<br \/>Statuant sur la comptabilit\u00e9 des valeurs inactives ;<\/em><\/p><p style=\"color: #333333\"><strong>Le Conseil Municipal,<\/strong> apr\u00e8s en avoir d\u00e9lib\u00e9r\u00e9,<br \/>par\u00a017 voix pour,\u00a00 voix contre,\u00a03\u00a0abstention<\/p><table width=\"75%\"><tbody><tr><td style=\"color: #333333\" width=\"25%\"><strong><u>DECLARE<\/u><\/strong><\/td><td style=\"color: #333333;text-align: justify\" width=\"75%\">que le compte de gestion dress\u00e9, pour l&#8217;exercice 2023 par le Receveur, vis\u00e9 et certifi\u00e9 conforme par l&#8217;ordonnateur, n&#8217;appelle ni observation ni r\u00e9serve de sa part.<\/td><\/tr><\/tbody><\/table><table align=\"center\" bgcolor=\"#EEEEEE\"><tbody><tr><td style=\"text-align: left\" bgcolor=\"#FFFFFF\"><code style=\"color: #333333;font-size: 1rem\">N\u00b0 CODIQUE DU POSTE COMPTABLE : 059512<\/code><\/td><td style=\"text-align: center\" colspan=\"2\" bgcolor=\"#FFFFFF\"><code style=\"color: #333333;font-size: 1rem\">NOM DU POSTE COMPTABLE : SGC WALLERS<\/code><\/td><td style=\"text-align: right\" bgcolor=\"#FFFFFF\"><code style=\"color: #333333;font-size: 1rem\">ETABLISSEMENT : THIANT<\/code><\/td><\/tr><tr><td style=\"color: #333333;font-size: 2rem;text-align: center\" colspan=\"4\" bgcolor=\"#FFFFFF\"><b>R\u00e9sultats budg\u00e9taires de l&#8217;exercice<\/b><\/td><\/tr><tr><td style=\"text-align: left\" colspan=\"2\" bgcolor=\"#FFFFFF\"><code style=\"color: #333333;font-size: 1rem\">35800 - THIANT -<\/code><\/td><td style=\"text-align: right\" colspan=\"2\" bgcolor=\"#FFFFFF\"><code style=\"color: #333333;font-size: 1rem\">Exercice 2023<\/code><\/td><\/tr><tr><td bgcolor=\"#000000;\">\u00a0<\/td><td style=\"text-align: center\" bgcolor=\"#000000;\"><code style=\"color: #ffffff;font-size: 1rem\"><strong>SECTION D'INVESTISSEMENT<\/strong><\/code><\/td><td style=\"text-align: center\" bgcolor=\"#000000;\"><code style=\"color: #ffffff;font-size: 1rem\"><strong>SECTION DE FONCTIONNEMENT<\/strong><\/code><\/td><td style=\"text-align: center\" bgcolor=\"#000000;\"><code style=\"color: #ffffff;font-size: 1rem\"><strong>TOTAL DES SECTIONS<\/strong><\/code><\/td><\/tr><tr><td style=\"text-align: left\" colspan=\"4\"><code style=\"color: #000000;font-size: 1rem\">RECETTES<\/code><\/td><\/tr><tr bgcolor=\"gold\"><td style=\"text-align: left\"><code style=\"color: #333333;font-size: 1rem\">Pr\u00e9visions budg\u00e9taires totales (a)<\/code><\/td><td style=\"text-align: right\"><code style=\"color: #333333;font-size: 1rem\">2 081 693,34<\/code><\/td><td style=\"text-align: right\"><code style=\"color: #333333;font-size: 1rem\">4 202 456,02<\/code><\/td><td style=\"text-align: right\"><code style=\"color: #333333;font-size: 1rem\">6 284 149,36<\/code><\/td><\/tr><tr bgcolor=\"LightYellow\"><td style=\"text-align: left\"><code style=\"color: #333333;font-size: 1rem\">Titres de recette \u00e9mis (b)<\/code><\/td><td style=\"text-align: right\"><code style=\"color: #333333;font-size: 1rem\">949 728,16<\/code><\/td><td style=\"text-align: right\"><code style=\"color: #333333;font-size: 1rem\">3 512 761,31<\/code><\/td><td style=\"text-align: right\"><code style=\"color: #333333;font-size: 1rem\">4 462 489,47<\/code><\/td><\/tr><tr bgcolor=\"gold\"><td style=\"text-align: left\"><code style=\"color: #333333;font-size: 1rem\">R\u00e9ductions de titres (c)<\/code><\/td><td style=\"text-align: right\"><code style=\"color: #333333;font-size: 1rem\">\u00a0<\/code><\/td><td style=\"text-align: right\"><code style=\"color: #333333;font-size: 1rem\">18 146,85<\/code><\/td><td style=\"text-align: right\"><code style=\"color: #333333;font-size: 1rem\">18 146,85<\/code><\/td><\/tr><tr bgcolor=\"LightYellow\"><td style=\"text-align: left\"><code style=\"color: #333333;font-size: 1rem\">Recettes nettes (d = b - c)<\/code><\/td><td style=\"text-align: right\"><code style=\"color: #333333;font-size: 1rem\">949 728,16<\/code><\/td><td style=\"text-align: right\"><code style=\"color: #333333;font-size: 1rem\">3 494 614,46<\/code><\/td><td style=\"text-align: right\"><code style=\"color: #333333;font-size: 1rem\">4 444 342,62<\/code><\/td><\/tr><tr><td style=\"text-align: left\" colspan=\"4\"><code style=\"color: #000000;font-size: 1rem\">DEPENSES<\/code><\/td><\/tr><tr bgcolor=\"gold\"><td style=\"text-align: left\"><code style=\"color: #333333;font-size: 1rem\">Autorisations budg\u00e9taires totales (e)<\/code><\/td><td style=\"text-align: right\"><code style=\"color: #333333;font-size: 1rem\">2 081 693,34<\/code><\/td><td style=\"text-align: right\"><code style=\"color: #333333;font-size: 1rem\">4 202 456,02<\/code><\/td><td style=\"text-align: right\"><code style=\"color: #333333;font-size: 1rem\">6 284 149,36<\/code><\/td><\/tr><tr bgcolor=\"LightYellow\"><td style=\"text-align: left\"><code style=\"color: #333333;font-size: 1rem\">Mandats \u00e9mis (f)<\/code><\/td><td style=\"text-align: right\"><code style=\"color: #333333;font-size: 1rem\">459 628,26<\/code><\/td><td style=\"text-align: right\"><code style=\"color: #333333;font-size: 1rem\">2 862 024,66<\/code><\/td><td style=\"text-align: right\"><code style=\"color: #333333;font-size: 1rem\">3 321 852,92<\/code><\/td><\/tr><tr bgcolor=\"gold\"><td style=\"text-align: left\"><code style=\"color: #333333;font-size: 1rem\">Annulations de mandats (g)<\/code><\/td><td style=\"text-align: right\"><code style=\"color: #333333;font-size: 1rem\">\u00a0<\/code><\/td><td style=\"text-align: right\"><code style=\"color: #333333;font-size: 1rem\">6 800,55<\/code><\/td><td style=\"text-align: right\"><code style=\"color: #333333;font-size: 1rem\">6 800,55<\/code><\/td><\/tr><tr bgcolor=\"LightYellow\"><td style=\"text-align: left\"><code style=\"color: #333333;font-size: 1rem\">Depenses nettes (h = f - g)<\/code><\/td><td style=\"text-align: right\"><code style=\"color: #333333;font-size: 1rem\">459 828,26<\/code><\/td><td style=\"text-align: right\"><code style=\"color: #333333;font-size: 1rem\">2 855 224, 11<\/code><\/td><td style=\"text-align: right\"><code style=\"color: #333333;font-size: 1rem\">3 315 052,37<\/code><\/td><\/tr><tr><td style=\"text-align: left\" colspan=\"4\"><code style=\"color: #000000;font-size: 1rem\">RESULTAT DE L'EXERCICE<\/code><\/td><\/tr><tr bgcolor=\"gold\"><td style=\"text-align: left\"><code style=\"color: #333333;font-size: 1rem\">(d - h) Exc\u00e9dent<\/code><\/td><td style=\"text-align: right\"><code style=\"color: #333333;font-size: 1rem\">489 899,90<\/code><\/td><td style=\"text-align: right\"><code style=\"color: #333333;font-size: 1rem\">639 390,35<\/code><\/td><td style=\"text-align: right\"><code style=\"color: #333333;font-size: 1rem\">1 129 290,25<\/code><\/td><\/tr><tr bgcolor=\"LightYellow\"><td style=\"text-align: left\"><code style=\"color: #333333;font-size: 1rem\">(h - d) D\u00e9ficit<\/code><\/td><td style=\"text-align: right\"><code style=\"color: #333333;font-size: 1rem\">\u00a0<\/code><\/td><td style=\"text-align: right\"><code style=\"color: #333333;font-size: 1rem\">\u00a0<\/code><\/td><td style=\"text-align: right\"><code style=\"color: #333333;font-size: 1rem\">\u00a0<\/code><\/td><\/tr><\/tbody><\/table><table align=\"center\" bgcolor=\"#EEEEEE\"><tbody><tr><td style=\"text-align: left\" colspan=\"2\" bgcolor=\"#FFFFFF\"><code style=\"color: #333333;font-size: 1rem\">N\u00b0 CODIQUE DU POSTE COMPTABLE : 059512<\/code><\/td><td style=\"text-align: center\" colspan=\"2\" bgcolor=\"#FFFFFF\"><code style=\"color: #333333;font-size: 1rem\">NOM DU POSTE COMPTABLE : SGC WALLERS<\/code><\/td><td style=\"text-align: right\" colspan=\"2\" bgcolor=\"#FFFFFF\"><code style=\"color: #333333;font-size: 1rem\">ETABLISSEMENT : THIANT<\/code><\/td><\/tr><tr><td style=\"color: #333333;font-size: 2rem;text-align: center\" colspan=\"6\" bgcolor=\"#FFFFFF\"><b>R\u00e9sultats d&#8217;ex\u00e9cution du budget principal et des budgets des services non personnalis\u00e9s<\/b><\/td><\/tr><tr><td style=\"text-align: left\" colspan=\"3\" bgcolor=\"#FFFFFF\"><code style=\"color: #333333;font-size: 1rem\">35800 - THIANT -<\/code><\/td><td style=\"text-align: right\" colspan=\"3\" bgcolor=\"#FFFFFF\"><code style=\"color: #333333;font-size: 1rem\">Exercice 2023<\/code><\/td><\/tr><tr><td bgcolor=\"#000000;\">\u00a0<\/td><td style=\"text-align: center\" bgcolor=\"#000000;\"><code style=\"color: #ffffff;font-size: 1rem\"><strong>RESULTAT A LA CLOTURE DE<br \/>L'EXERCICE PRECEDENT : 2022<\/strong><\/code><\/td><td style=\"text-align: center\" bgcolor=\"#000000;\"><code style=\"color: #ffffff;font-size: 1rem\"><strong>PART AFFECTEE A<br \/>L'INVESTISSEMENT :<br \/>EXERCICE 2023<\/strong><\/code><\/td><td style=\"text-align: center\" bgcolor=\"#000000;\"><code style=\"color: #ffffff;font-size: 1rem\"><strong>RESULTAT DE L'EXERCICE 2023<\/strong><\/code><\/td><td style=\"text-align: center\" bgcolor=\"#000000;\"><code style=\"color: #ffffff;font-size: 1rem\"><strong>TRANSFERT OU INTEGRATION<br \/>DE RESULTATS PAR OPERATION<br \/>D'ORDRE NON BUDGETAIRE<\/strong><\/code><\/td><td style=\"text-align: center\" bgcolor=\"#000000;\"><code style=\"color: #ffffff;font-size: 1rem\"><strong>RESULTAT DE CLOTURE<br \/>DE L'EXERCICE 2023<\/strong><\/code><\/td><\/tr><tr bgcolor=\"LightYellow\"><td style=\"text-align: left\"><code style=\"color: #000000;font-size: 1rem\">I - Budget principal<\/code><\/td><td style=\"text-align: left\"><code style=\"color: #000000;font-size: 1rem\">\u00a0<\/code><\/td><td style=\"text-align: left\"><code style=\"color: #000000;font-size: 1rem\">\u00a0<\/code><\/td><td style=\"text-align: left\"><code style=\"color: #000000;font-size: 1rem\">\u00a0<\/code><\/td><td style=\"text-align: left\"><code style=\"color: #000000;font-size: 1rem\">\u00a0<\/code><\/td><td style=\"text-align: left\"><code style=\"color: #000000;font-size: 1rem\">\u00a0<\/code><\/td><\/tr><tr bgcolor=\"gold\"><td style=\"text-align: left\"><code style=\"color: #333333;font-size: 1rem\">Investissement<\/code><\/td><td style=\"text-align: right\"><code style=\"color: #333333;font-size: 1rem\">-21 410,81<\/code><\/td><td style=\"text-align: right\"><code style=\"color: #333333;font-size: 1rem\">\u00a0<\/code><\/td><td style=\"text-align: right\"><code style=\"color: #333333;font-size: 1rem\">489 899,90<\/code><\/td><td style=\"text-align: right\"><code style=\"color: #333333;font-size: 1rem\">\u00a0<\/code><\/td><td style=\"text-align: right\"><code style=\"color: #333333;font-size: 1rem\">468 489,09<\/code><\/td><\/tr><tr bgcolor=\"LightYellow\"><td style=\"text-align: left\"><code style=\"color: #333333;font-size: 1rem\">Fonctionnement<\/code><\/td><td style=\"text-align: right\"><code style=\"color: #333333;font-size: 1rem\">1 619 332,22<\/code><\/td><td style=\"text-align: right\"><code style=\"color: #333333;font-size: 1rem\">606 908,81<\/code><\/td><td style=\"text-align: right\"><code style=\"color: #333333;font-size: 1rem\">639 390,35<\/code><\/td><td style=\"text-align: right\"><code style=\"color: #333333;font-size: 1rem\">\u00a0<\/code><\/td><td style=\"text-align: right\"><code style=\"color: #333333;font-size: 1rem\">1 651 813,76<\/code><\/td><\/tr><tr bgcolor=\"gold\"><td style=\"text-align: right\"><code style=\"color: #333333;font-size: 1rem\"><strong>TOTAL I<\/strong><\/code><\/td><td style=\"text-align: right\"><code style=\"color: #333333;font-size: 1rem\"><strong>1 597 921,41<\/strong><\/code><\/td><td style=\"text-align: right\"><code style=\"color: #333333;font-size: 1rem\"><strong>606 908,81<\/strong><\/code><\/td><td style=\"text-align: right\"><code style=\"color: #333333;font-size: 1rem\"><strong>1 129 290,25<\/strong><\/code><\/td><td style=\"text-align: right\"><code style=\"color: #333333;font-size: 1rem\">\u00a0<\/code><\/td><td style=\"text-align: right\"><code style=\"color: #333333;font-size: 1rem\"><strong>2 120 302,85<\/strong><\/code><\/td><\/tr><tr bgcolor=\"LightYellow\"><td style=\"text-align: left\"><code style=\"color: #000000;font-size: 1rem\">II - Budgets des services \u00e0<br \/>caract\u00e8re administratif<br \/>35801-LOTISSEMENT FERME<br \/>JOURDAN<\/code><\/td><td style=\"text-align: left\"><code style=\"color: #000000;font-size: 1rem\">\u00a0<\/code><\/td><td style=\"text-align: left\"><code style=\"color: #000000;font-size: 1rem\">\u00a0<\/code><\/td><td style=\"text-align: left\"><code style=\"color: #000000;font-size: 1rem\">\u00a0<\/code><\/td><td style=\"text-align: left\"><code style=\"color: #000000;font-size: 1rem\">\u00a0<\/code><\/td><td style=\"text-align: left\"><code style=\"color: #000000;font-size: 1rem\">\u00a0<\/code><\/td><\/tr><tr bgcolor=\"gold\"><td style=\"text-align: left\"><code style=\"color: #333333;font-size: 1rem\">Investissement<\/code><\/td><td style=\"text-align: right\"><code style=\"color: #333333;font-size: 1rem\">675 347,98<\/code><\/td><td style=\"text-align: right\"><code style=\"color: #333333;font-size: 1rem\">\u00a0<\/code><\/td><td style=\"text-align: right\"><code style=\"color: #333333;font-size: 1rem\">-1 568,13<\/code><\/td><td style=\"text-align: right\"><code style=\"color: #333333;font-size: 1rem\">\u00a0<\/code><\/td><td style=\"text-align: right\"><code style=\"color: #333333;font-size: 1rem\">673 779,85<\/code><\/td><\/tr><tr bgcolor=\"LightYellow\"><td style=\"text-align: left\"><code style=\"color: #333333;font-size: 1rem\">Fonctionnement<\/code><\/td><td style=\"text-align: right\"><code style=\"color: #333333;font-size: 1rem\">\u00a0<\/code><\/td><td style=\"text-align: right\"><code style=\"color: #333333;font-size: 1rem\">\u00a0<\/code><\/td><td style=\"text-align: right\"><code style=\"color: #333333;font-size: 1rem\">\u00a0<\/code><\/td><td style=\"text-align: right\"><code style=\"color: #333333;font-size: 1rem\">\u00a0<\/code><\/td><td style=\"text-align: right\"><code style=\"color: #333333;font-size: 1rem\">\u00a0<\/code><\/td><\/tr><tr bgcolor=\"gold\"><td style=\"text-align: right\"><code style=\"color: #333333;font-size: 1rem\"><strong>Sous-Total<\/strong><\/code><\/td><td style=\"text-align: right\"><code style=\"color: #333333;font-size: 1rem\"><strong>675 347,98<\/strong><\/code><\/td><td style=\"text-align: right\"><code style=\"color: #333333;font-size: 1rem\">\u00a0<\/code><\/td><td style=\"text-align: right\"><code style=\"color: #333333;font-size: 1rem\"><strong>-1 568,13<\/strong><\/code><\/td><td style=\"text-align: right\"><code style=\"color: #333333;font-size: 1rem\">\u00a0<\/code><\/td><td style=\"text-align: right\"><code style=\"color: #333333;font-size: 1rem\"><strong>673 779,85<\/strong><\/code><\/td><\/tr><tr bgcolor=\"LightYellow\"><td style=\"text-align: right\"><code style=\"color: #333333;font-size: 1rem\"><strong>TOTAL II<\/strong><\/code><\/td><td style=\"text-align: right\"><code style=\"color: #333333;font-size: 1rem\"><strong>675 347,98<\/strong><\/code><\/td><td style=\"text-align: right\"><code style=\"color: #333333;font-size: 1rem\">\u00a0<\/code><\/td><td style=\"text-align: right\"><code style=\"color: #333333;font-size: 1rem\"><strong>-1 568,13<\/strong><\/code><\/td><td style=\"text-align: right\"><code style=\"color: #333333;font-size: 1rem\">\u00a0<\/code><\/td><td style=\"text-align: right\"><code style=\"color: #333333;font-size: 1rem\"><strong>673 779,85<\/strong><\/code><\/td><\/tr><tr bgcolor=\"gold\"><td style=\"text-align: left\"><code style=\"color: #000000;font-size: 1rem\">III - Budgets des services<br \/>\u00e0 caract\u00e8re industriel<br \/>et commercial<br \/><\/code><\/td><td style=\"text-align: left\"><code style=\"color: #000000;font-size: 1rem\">\u00a0<\/code><\/td><td style=\"text-align: left\"><code style=\"color: #000000;font-size: 1rem\">\u00a0<\/code><\/td><td style=\"text-align: left\"><code style=\"color: #000000;font-size: 1rem\">\u00a0<\/code><\/td><td style=\"text-align: left\"><code style=\"color: #000000;font-size: 1rem\">\u00a0<\/code><\/td><td style=\"text-align: left\"><code style=\"color: #000000;font-size: 1rem\">\u00a0<\/code><\/td><\/tr><tr bgcolor=\"LightYellow\"><td style=\"text-align: right\"><code style=\"color: #333333;font-size: 1rem\"><strong>TOTAL III<\/strong><\/code><\/td><td style=\"text-align: left\"><code style=\"color: #000000;font-size: 1rem\">\u00a0<\/code><\/td><td style=\"text-align: left\"><code style=\"color: #000000;font-size: 1rem\">\u00a0<\/code><\/td><td style=\"text-align: left\"><code style=\"color: #000000;font-size: 1rem\">\u00a0<\/code><\/td><td style=\"text-align: left\"><code style=\"color: #000000;font-size: 1rem\">\u00a0<\/code><\/td><td style=\"text-align: left\"><code style=\"color: #000000;font-size: 1rem\">\u00a0<\/code><\/td><\/tr><tr bgcolor=\"gold\"><td style=\"text-align: right\"><code style=\"color: #333333;font-size: 1rem\"><strong>TOTAL I + II + III<\/strong><\/code><\/td><td style=\"text-align: right\"><code style=\"color: #333333;font-size: 1rem\"><strong>2 273 269,39<\/strong><\/code><\/td><td style=\"text-align: right\"><code style=\"color: #333333;font-size: 1rem\"><strong>606 908,81<\/strong><\/code><\/td><td style=\"text-align: right\"><code style=\"color: #333333;font-size: 1rem\"><strong>1 127 722,12<\/strong><\/code><\/td><td style=\"text-align: right\"><code style=\"color: #333333;font-size: 1rem\">\u00a0<\/code><\/td><td style=\"text-align: right\"><code style=\"color: #333333;font-size: 1rem\"><strong>2 794 082,70<\/strong><\/code><\/td><\/tr><\/tbody><\/table><p style=\"color: #333333\" align=\"right\"><em><small>D\u00e9lib\u00e9ration n\u00b0 2024-04-08-D-02<\/small><\/em><\/p><table align=\"right\" bgcolor=\"#EEEEEE\"><tbody><tr><td style=\"color: #333333;text-align: left\" width=\"25%\"><strong><u>D\u00e9cision<\/u><\/strong><\/td><td style=\"color: #333333;text-align: left\" width=\"25%\">Sur :<\/td><td style=\"color: #333333;text-align: left\" width=\"50%\">13 pr\u00e9sents<\/td><\/tr><tr><td style=\"color: #333333;text-align: left\">\u00a0<\/td><td style=\"color: #333333;text-align: left\">Pour :<\/td><td style=\"color: #333333;text-align: left\">17 dont 6 pouvoirs<\/td><\/tr><tr><td style=\"color: #333333;text-align: left\">\u00a0<\/td><td style=\"color: #333333;text-align: left\">Contre :<\/td><td style=\"color: #333333;text-align: left\">0<\/td><\/tr><tr><td style=\"color: #333333;text-align: left\">\u00a0<\/td><td style=\"color: #333333;text-align: left\">Abstentions :<\/td><td style=\"color: #333333;text-align: left\">3 dont 1 pouvoir<\/td><\/tr><\/tbody><\/table><p style=\"color: #333333;padding-left: 40px\" align=\"justify\"><em>Madame St\u00e9phanie WATTIEZ demande aux \u00e9lus pour quel motif ils se sont abstenus.<br \/>Monsieur Jimmy LAURENT r\u00e9pond:\u00ab Ce n&#8217;est pas contre vous, c&#8217;est juste une s\u00e9curit\u00e9\u2026 on se dit que si on valide et que plus tard on nous le reproche\u2026 \u00bb<br \/>Madame C\u00e9line DUMAINE et Madame Sylvaine GERARD r\u00e9pondent qu&#8217;il n&#8217;y a aucun risque puisque c&#8217;est valid\u00e9 par la perception.<br \/>Monsieur Jean-Michel HARBONNIER r\u00e9pond que c&#8217;est leur droit.<br \/>Madame St\u00e9phanie WATTIEZ conclut: \u00ab C&#8217;est un vote de principe ! \u00bb<br \/>Monsieur Jimmy LAURENT r\u00e9pond : \u00ab Oui c&#8217;est cela ! \u00bb<br \/>Madame St\u00e9phanie WATTIEZ : \u00ab Je ne le prenez pas pour moi, je voulais juste clarifier la situation \u00bb<\/em><\/p><p style=\"color: #333333;padding-left: 40px\" align=\"justify\"><em><strong>Monsieur Le Maire quitte la salle du conseil Municipal<\/strong><\/em><\/p><div id=\"CM08042024Trois\" style=\"color: #333333\"><strong><u>3 &#8211; Compte administratif budget principal de la commune 2023<\/u><\/strong><\/div><p style=\"color: #333333;padding-left: 40px\" align=\"justify\">St\u00e9phanie WATTIEZ, Adjointe aux finances, donne lecture du compte administratif 2023, qu&#8217;elle commente en d\u00e9taillant les points principaux.<\/p><table align=\"left\" bgcolor=\"#EEEEEE\"><tbody><tr><td style=\"color: #ffffff;text-align: center;vertical-align: middle;font-size: 1rem\" rowspan=\"2\" bgcolor=\"#000000;\">Libell\u00e9s<\/td><td style=\"color: #ffffff;text-align: center;font-size: 1rem\" colspan=\"2\" bgcolor=\"#000000;\"><strong>Investissements<\/strong><\/td><td style=\"color: #ffffff;text-align: center;font-size: 1rem\" colspan=\"2\" bgcolor=\"#000000;\"><strong>Fonctionnement<\/strong><\/td><td style=\"color: #ffffff;text-align: center;font-size: 1rem\" colspan=\"2\" bgcolor=\"#000000;\"><strong>Ensemble<\/strong><\/td><\/tr><tr><td style=\"color: #ffffff;text-align: center;font-size: 1rem\" bgcolor=\"#000000;\">D\u00e9penses ou d\u00e9ficits (1)<\/td><td style=\"color: #ffffff;text-align: center;font-size: 1rem\" bgcolor=\"#000000;\">Recettes ou exc\u00e9dents (1)<\/td><td style=\"color: #ffffff;text-align: center;font-size: 1rem\" bgcolor=\"#000000;\">D\u00e9penses ou d\u00e9ficits (1)<\/td><td style=\"color: #ffffff;text-align: center;font-size: 1rem\" bgcolor=\"#000000;\">Recettes ou exc\u00e9dents (1)<\/td><td style=\"color: #ffffff;text-align: center;font-size: 1rem\" bgcolor=\"#000000;\">D\u00e9penses ou d\u00e9ficits (1)<\/td><td style=\"color: #ffffff;text-align: center;font-size: 1rem\" bgcolor=\"#000000;\">Recettes ou exc\u00e9dents (1)<\/td><\/tr><tr><td style=\"color: #000000;text-align: center;font-size: 1rem\" colspan=\"7\"><strong>COMPTE ADMINISTRATIF PRINCIPAL<\/strong><\/td><\/tr><tr><td style=\"color: #333333;text-align: left;font-size: 1rem\" bgcolor=\"gold\">R\u00e9sultats report\u00e9s<\/td><td style=\"color: #333333;text-align: right;font-size: 1rem\" bgcolor=\"gold\">21 410,81<\/td><td style=\"color: #333333;text-align: right;font-size: 1rem\" bgcolor=\"gold\">\u00a0<\/td><td style=\"color: #333333;text-align: right;font-size: 1rem\" bgcolor=\"gold\">\u00a0<\/td><td style=\"color: #333333;text-align: right;font-size: 1rem\" bgcolor=\"gold\">1 012 423,41<\/td><td style=\"color: #333333;text-align: right;font-size: 1rem\" bgcolor=\"gold\">21 410,81<\/td><td style=\"color: #333333;text-align: right;font-size: 1rem\" bgcolor=\"gold\">1 012 423,41<\/td><\/tr><tr><td style=\"color: #333333;text-align: left;font-size: 1rem\" bgcolor=\"gold\">Op\u00e9rations de l&#8217;exercice<\/td><td style=\"color: #333333;text-align: right;font-size: 1rem\" bgcolor=\"gold\">459 828 26<\/td><td style=\"color: #333333;text-align: right;font-size: 1rem\" bgcolor=\"gold\">949 728,16<\/td><td style=\"color: #333333;text-align: right;font-size: 1rem\" bgcolor=\"gold\">2 855 224,11<\/td><td style=\"color: #333333;text-align: right;font-size: 1rem\" bgcolor=\"gold\">3 494 614,46<\/td><td style=\"color: #333333;text-align: right;font-size: 1rem\" bgcolor=\"gold\">3 315 052,37<\/td><td style=\"color: #333333;text-align: right;font-size: 1rem\" bgcolor=\"gold\">4 444 342,62<\/td><\/tr><tr><td style=\"color: #333333;text-align: left;font-size: 1rem\">TOTAUX<\/td><td style=\"color: #333333;text-align: right;font-size: 1rem\">481 239,07<\/td><td style=\"color: #333333;text-align: right;font-size: 1rem\">949 728,16<\/td><td style=\"color: #333333;text-align: right;font-size: 1rem\">2 855 224,11<\/td><td style=\"color: #333333;text-align: right;font-size: 1rem\">4 507 037,87<\/td><td style=\"color: #333333;text-align: right;font-size: 1rem\">3 336 463,18<\/td><td style=\"color: #333333;text-align: right;font-size: 1rem\">5 456 766,03<\/td><\/tr><tr><td style=\"color: #333333;text-align: left;font-size: 1rem\" bgcolor=\"silver\">R\u00e9sultats de cl\u00f4ture<\/td><td style=\"color: #333333;text-align: right;font-size: 1rem\" bgcolor=\"silver\">\u00a0<\/td><td style=\"color: #333333;text-align: right;font-size: 1rem\" bgcolor=\"silver\">468 489,09<\/td><td style=\"color: #333333;text-align: right;font-size: 1rem\" bgcolor=\"silver\">\u00a0<\/td><td style=\"color: #333333;text-align: right;font-size: 1rem\" bgcolor=\"silver\">1 651 813,76<\/td><td style=\"color: #333333;text-align: right;font-size: 1rem\" bgcolor=\"silver\">\u00a0<\/td><td style=\"color: #333333;text-align: right;font-size: 1rem\" bgcolor=\"silver\">2 120 302,85<\/td><\/tr><tr><td style=\"color: #333333;text-align: left;font-size: 1rem\" bgcolor=\"silver\">Restes \u00e0 r\u00e9aliser<\/td><td style=\"color: #333333;text-align: right;font-size: 1rem\" bgcolor=\"silver\">548 326,65<\/td><td style=\"color: #333333;text-align: right;font-size: 1rem\" bgcolor=\"silver\">182 495,99<\/td><td style=\"color: #333333;text-align: right;font-size: 1rem\" bgcolor=\"silver\">\u00a0<\/td><td style=\"color: #333333;text-align: right;font-size: 1rem\" bgcolor=\"silver\">\u00a0<\/td><td style=\"color: #333333;text-align: right;font-size: 1rem\" bgcolor=\"silver\">548 326,65<\/td><td style=\"color: #333333;text-align: right;font-size: 1rem\" bgcolor=\"silver\">182 495,99<\/td><\/tr><tr><td style=\"color: #333333;text-align: left;font-size: 1rem\">TOTAUX CUMUL\u00c9S<\/td><td style=\"color: #333333;text-align: right;font-size: 1rem\">548 326,65<\/td><td style=\"color: #333333;text-align: right;font-size: 1rem\">650 985,08<\/td><td style=\"color: #333333;text-align: right;font-size: 1rem\">\u00a0<\/td><td style=\"color: #333333;text-align: right;font-size: 1rem\">1 651 813,76<\/td><td style=\"color: #333333;text-align: right;font-size: 1rem\">548 326,65<\/td><td style=\"color: #333333;text-align: right;font-size: 1rem\">2 302 798,84<\/td><\/tr><tr><td style=\"color: #333333;text-align: left;font-size: 1rem\" bgcolor=\"gold\">R\u00c9SULTATS D\u00c9FINITIFS<\/td><td style=\"color: #333333;text-align: right;font-size: 1rem\" bgcolor=\"gold\">\u00a0<\/td><td style=\"color: #333333;text-align: right;font-size: 1rem\" bgcolor=\"gold\">102 658,43<\/td><td style=\"color: #333333;text-align: right;font-size: 1rem\" bgcolor=\"gold\">\u00a0<\/td><td style=\"color: #333333;text-align: right;font-size: 1rem\" bgcolor=\"gold\">1 651 813,76<\/td><td style=\"color: #333333;text-align: right;font-size: 1rem\" bgcolor=\"gold\">\u00a0<\/td><td style=\"color: #333333;text-align: right;font-size: 1rem\" bgcolor=\"gold\">1 754 472,19<\/td><\/tr><\/tbody><\/table><p style=\"color: #333333\" align=\"left\"><strong>COMMUNE DE THIANT<br \/>CA 2023<\/strong><\/p><table align=\"left\" bgcolor=\"#EEEEEE\"><tbody><tr bgcolor=\"#8C9883\"><td style=\"color: #333333;text-align: center;font-size: 1.5rem\" colspan=\"4\"><strong>II &#8211; PRESENTATION GENERALE DU COMPTE ADMINISTRATIF<\/strong><\/td><td style=\"color: #333333;text-align: center;font-size: 1.5rem\" colspan=\"2\"><strong>II<\/strong><\/td><\/tr><tr bgcolor=\"#8C9883\"><td style=\"color: #333333;text-align: center;font-size: 1.5rem\" colspan=\"4\"><strong>VUE D&#8217;ENSEMBLE<\/strong><\/td><td style=\"color: #333333;text-align: center;font-size: 1.5rem\" colspan=\"2\"><strong>A1<\/strong><\/td><\/tr><tr><td style=\"color: #333333;text-align: center;font-size: 1.5rem\" colspan=\"6\"><strong>EXECUTION DU BUDGET<\/strong><\/td><\/tr><tr><td bgcolor=\"#EEEEEE\">\u00a0<\/td><td bgcolor=\"#EEEEEE\">\u00a0<\/td><td style=\"color: #333333;text-align: right;font-size: 1.5rem\" colspan=\"2\"><strong>DEPENSES<\/strong><\/td><td style=\"color: #333333;text-align: right;font-size: 1.5rem\" colspan=\"2\"><strong>RECETTES<\/strong><\/td><\/tr><tr><td style=\"color: #333333;text-align: left;font-size: 1rem\" rowspan=\"2\"><strong>REALISATIONS<br \/>DE L&#8217;EXERCICE<br \/>(mandats et titres)<\/strong><\/td><td style=\"color: #333333;text-align: left;font-size: 1rem\">Section de fonctionnement<\/td><td style=\"color: #333333;text-align: left;font-size: 1rem\">A<\/td><td style=\"color: #333333;text-align: right;font-size: 1rem\">2 855 224,11<\/td><td style=\"color: #333333;text-align: left;font-size: 1rem\">G<\/td><td style=\"color: #333333;text-align: right;font-size: 1rem\">3 494 614,46<\/td><\/tr><tr><td style=\"color: #333333;text-align: left;font-size: 1rem\">Section d&#8217;investissement<\/td><td style=\"color: #333333;text-align: left;font-size: 1rem\">B<\/td><td style=\"color: #333333;text-align: right;font-size: 1rem\">459 828,26<\/td><td style=\"color: #333333;text-align: left;font-size: 1rem\">H<\/td><td style=\"color: #333333;text-align: right;font-size: 1rem\">949 728,16<\/td><\/tr><tr><td colspan=\"2\">\u00a0<\/td><td style=\"color: #333333;text-align: center;font-size: 1rem\" colspan=\"2\"><strong>+<\/strong><\/td><td style=\"color: #333333;text-align: center;font-size: 1rem\" colspan=\"2\"><strong>+<\/strong><\/td><\/tr><tr><td style=\"color: #333333;text-align: left;font-size: 1rem\" rowspan=\"2\"><strong>REPORTS<br \/>DE L&#8217;EXERCICE<br \/>N-1<\/strong><\/td><td style=\"color: #333333;text-align: left;font-size: 1rem\">Report en section de<br \/>fonctionnement (002)<\/td><td style=\"color: #333333;text-align: left;font-size: 1rem\">C<\/td><td style=\"color: #333333;text-align: right;font-size: 1rem\">\u00a0<\/td><td style=\"color: #333333;text-align: left;font-size: 1rem\">I<\/td><td style=\"color: #333333;text-align: right;font-size: 1rem\">1 012 423,41<\/td><\/tr><tr><td style=\"color: #333333;text-align: left;font-size: 1rem\">Report en section<br \/>d&#8217;investissement (001)<\/td><td style=\"color: #333333;text-align: left;font-size: 1rem\">D<\/td><td style=\"color: #333333;text-align: right;font-size: 1rem\">21 410,81<\/td><td style=\"color: #333333;text-align: left;font-size: 1rem\">J<\/td><td style=\"color: #333333;text-align: right;font-size: 1rem\">\u00a0<\/td><\/tr><tr><td colspan=\"2\">\u00a0<\/td><td style=\"color: #333333;text-align: center;font-size: 1rem\" colspan=\"2\"><strong>=<\/strong><\/td><td style=\"color: #333333;text-align: center;font-size: 1rem\" colspan=\"2\"><strong>=<\/strong><\/td><\/tr><tr><td>\u00a0<\/td><td style=\"color: #333333;text-align: center;font-size: 1rem\">TOTAL (r\u00e9alisations +<br \/>reports)<\/td><td style=\"color: #333333;text-align: left;font-size: 1rem\"><small>=A+B+C+D<\/small><\/td><td style=\"color: #333333;text-align: right;font-size: 1rem\">3 336 463,18<\/td><td style=\"color: #333333;text-align: left;font-size: 1rem\"><small>=G+H+I+J<\/small><\/td><td style=\"color: #333333;text-align: right;font-size: 1rem\">5 456 766,03<\/td><\/tr><tr><td colspan=\"6\">\u00a0<\/td><\/tr><tr><td style=\"color: #333333;vertical-align: middle;text-align: left;font-size: 1rem\" rowspan=\"3\"><strong>RESTES A<br \/>REALISER A<br \/>REPORTER EN<br \/>N+1 (1)<\/strong><\/td><td style=\"color: #333333;text-align: left;font-size: 1rem\">Section de fonctionnement<\/td><td style=\"color: #333333;text-align: left;font-size: 1rem\">E<\/td><td style=\"color: #333333;text-align: right;font-size: 1rem\">\u00a0<\/td><td style=\"color: #333333;text-align: left;font-size: 1rem\">K<\/td><td style=\"color: #333333;text-align: right;font-size: 1rem\">\u00a0<\/td><\/tr><tr><td style=\"color: #333333;text-align: left;font-size: 1rem\">Section d&#8217;investissement<\/td><td style=\"color: #333333;text-align: left;font-size: 1rem\">F<\/td><td style=\"color: #333333;text-align: right;font-size: 1rem\">548 326,65<\/td><td style=\"color: #333333;text-align: left;font-size: 1rem\">L<\/td><td style=\"color: #333333;text-align: right;font-size: 1rem\">182 495,99<\/td><\/tr><tr><td style=\"color: #333333;text-align: left;font-size: 1rem\">TOTAL des restes \u00e0 r\u00e9aliser<br \/>\u00e0 reporter en N+1<\/td><td style=\"color: #333333;text-align: left;font-size: 1rem\"><small>=E+F<\/small><\/td><td style=\"color: #333333;text-align: right;font-size: 1rem\">548 326,65<\/td><td style=\"color: #333333;text-align: left;font-size: 1rem\"><small>=K+L<\/small><\/td><td style=\"color: #333333;text-align: right;font-size: 1rem\">182 495,99<\/td><\/tr><tr><td colspan=\"6\">\u00a0<\/td><\/tr><tr><td style=\"color: #333333;vertical-align: middle;text-align: left;font-size: 1rem\" rowspan=\"3\"><strong>RESULTAT<br \/>CUMULE<\/strong><\/td><td style=\"color: #333333;text-align: left;font-size: 1rem\">Section de fonctionnement<\/td><td style=\"color: #333333;text-align: left;font-size: 1rem\"><small>=A+C+E<\/small><\/td><td style=\"color: #333333;text-align: right;font-size: 1rem\">2 855 224,11<\/td><td style=\"color: #333333;text-align: left;font-size: 1rem\"><small>+G+I+K<\/small><\/td><td style=\"color: #333333;text-align: right;font-size: 1rem\">4 507 037,87<\/td><\/tr><tr><td style=\"color: #333333;text-align: left;font-size: 1rem\">Section d&#8217;investissement<\/td><td style=\"color: #333333;text-align: left;font-size: 1rem\"><small>=B+D+F<\/small><\/td><td style=\"color: #333333;text-align: right;font-size: 1rem\">1 029 565,72<\/td><td style=\"color: #333333;text-align: left;font-size: 1rem\"><small>=H+J+L<\/small><\/td><td style=\"color: #333333;text-align: right;font-size: 1rem\">1 132 224,15<\/td><\/tr><tr><td style=\"color: #333333;text-align: left;font-size: 1rem\">TOTAL CUMULE<\/td><td style=\"color: #333333;text-align: left;font-size: 1rem\"><small>=A+B+C+D+E+F<\/small><\/td><td style=\"color: #333333;text-align: right;font-size: 1rem\">3 884 789,83<\/td><td style=\"color: #333333;text-align: left;font-size: 1rem\"><small>=G+H+I+J+K+L<\/small><\/td><td style=\"color: #333333;text-align: right;font-size: 1rem\">5 639 262,02<\/td><\/tr><tr><td style=\"color: #333333;text-align: center;font-size: 1.5rem\" colspan=\"6\"><strong>DETAIL DES RESTES A REALISER<\/strong><\/td><\/tr><tr><td style=\"color: #333333;text-align: left;font-size: 1rem\"><strong>Chap.<br \/>\/ Art.<\/strong><\/td><td style=\"color: #333333;text-align: center;vertical-align: middle;font-size: 1rem\"><strong>Libell\u00e9<\/strong><\/td><td style=\"color: #333333;text-align: center;font-size: 1rem\" colspan=\"2\"><strong>D\u00e9penses engag\u00e9es<br \/>non mandat\u00e9es<\/strong><\/td><td style=\"color: #333333;text-align: center;font-size: 1rem\" colspan=\"2\"><strong>Titres restants<br \/>\u00e0 \u00e9mettre<\/strong><\/td><\/tr><tr><td style=\"color: #333333;text-align: left;font-size: 1rem\" colspan=\"2\"><strong>TOTAL DE LA SECTION DE FONCTIONNEMENT<\/strong><\/td><td style=\"color: #333333;text-align: left;font-size: 1rem\">E<\/td><td style=\"color: #333333;text-align: right;font-size: 1rem\">\u00a0<\/td><td style=\"color: #333333;text-align: left;font-size: 1rem\">K<\/td><td style=\"color: #333333;text-align: right;font-size: 1rem\">\u00a0<\/td><\/tr><tr><td style=\"color: #333333;text-align: right;font-size: 1rem\">\u00a0<\/td><td style=\"color: #333333;text-align: left;font-size: 1rem\">\u00a0<\/td><td style=\"color: #333333;text-align: right;font-size: 1rem\" colspan=\"2\">\u00a0<\/td><td style=\"color: #333333;text-align: left;font-size: 1rem\" colspan=\"2\">\u00a0<\/td><\/tr><tr><td style=\"color: #333333;text-align: left;font-size: 1rem\" colspan=\"2\"><strong>TOTAL DE LA SECTION D&#8217;INVESTISSEMENT<\/strong><\/td><td style=\"color: #333333;text-align: left;font-size: 1rem\">F<\/td><td style=\"color: #333333;text-align: right;font-size: 1rem\">546 326,65<\/td><td style=\"color: #333333;text-align: left;font-size: 1rem\">L<\/td><td style=\"color: #333333;text-align: right;font-size: 1rem\">182 495,99<\/td><\/tr><tr><td style=\"color: #333333;text-align: left;font-size: 1rem\">13<\/td><td style=\"color: #333333;text-align: left;font-size: 1rem\">Subvention d&#8217;investissement re\u00e7ues<\/td><td style=\"color: #333333;text-align: left;font-size: 1rem\">\u00a0<\/td><td style=\"color: #333333;text-align: left;font-size: 1rem\">\u00a0<\/td><td style=\"color: #333333;text-align: left;font-size: 1rem\">\u00a0<\/td><td style=\"color: #333333;text-align: right;font-size: 1rem\">182 495,99<\/td><\/tr><tr><td style=\"color: #333333;text-align: left;font-size: 1rem\">21<\/td><td style=\"color: #333333;text-align: left;font-size: 1rem\">Immobilisations corporelles<\/td><td style=\"color: #333333;text-align: left;font-size: 1rem\">\u00a0<\/td><td style=\"color: #333333;text-align: left;font-size: 1rem\">318 625,61<\/td><td style=\"color: #333333;text-align: left;font-size: 1rem\">\u00a0<\/td><td style=\"color: #333333;text-align: right;font-size: 1rem\">\u00a0<\/td><\/tr><tr><td style=\"color: #333333;text-align: left;font-size: 1rem\">23<\/td><td style=\"color: #333333;text-align: left;font-size: 1rem\">Immobilisations en cours<\/td><td style=\"color: #333333;text-align: left;font-size: 1rem\">\u00a0<\/td><td style=\"color: #333333;text-align: left;font-size: 1rem\">229 701,04<\/td><td style=\"color: #333333;text-align: left;font-size: 1rem\">\u00a0<\/td><td style=\"color: #333333;text-align: right;font-size: 1rem\">\u00a0<\/td><\/tr><\/tbody><\/table><p style=\"color: #333333\"><strong>Le Conseil Municipal, apr\u00e8s en avoir d\u00e9lib\u00e9r\u00e9,<\/strong><br \/>par\u00a015 voix pour,\u00a00 voix contre,\u00a03\u00a0abstentions<\/p><table width=\"75%\"><tbody><tr><td style=\"color: #333333\" width=\"25%\"><strong><u>ADOPTE<\/u><\/strong><\/td><td style=\"color: #333333;text-align: justify\" width=\"75%\">le compte administratif 2023 de la commune.<\/td><\/tr><\/tbody><\/table><p style=\"color: #333333\" align=\"right\"><em><small>D\u00e9lib\u00e9ration n\u00b0 2024-04-08-D-03<\/small><\/em><\/p><table align=\"right\" bgcolor=\"#EEEEEE\"><tbody><tr><td style=\"color: #333333;text-align: left\" width=\"25%\"><strong><u>D\u00e9cision<\/u><\/strong><\/td><td style=\"color: #333333;text-align: left\" width=\"25%\">Sur :<\/td><td style=\"color: #333333;text-align: left\" width=\"50%\">12 pr\u00e9sents<\/td><\/tr><tr><td style=\"color: #333333;text-align: left\">\u00a0<\/td><td style=\"color: #333333;text-align: left\">Pour :<\/td><td style=\"color: #333333;text-align: left\">15 dont 5 pouvoirs<\/td><\/tr><tr><td style=\"color: #333333;text-align: left\">\u00a0<\/td><td style=\"color: #333333;text-align: left\">Contre :<\/td><td style=\"color: #333333;text-align: left\">0<\/td><\/tr><tr><td style=\"color: #333333;text-align: left\">\u00a0<\/td><td style=\"color: #333333;text-align: left\">Abstentions :<\/td><td style=\"color: #333333;text-align: left\">3 dont 1 pouvoir<\/td><\/tr><\/tbody><\/table><p style=\"color: #333333;padding-left: 40px\" align=\"justify\"><strong>Retour de Monsieur Le Maire au conseil municipal.<\/strong><\/p><div id=\"CM08042024Quatre\" style=\"color: #333333\"><strong><u>4 &#8211; D\u00e9termination et affectation du r\u00e9sultat 2023 du budget principal de la commune<\/u><\/strong><\/div><table width=\"75%\"><tbody><tr><td style=\"color: #333333\" width=\"25%\"><strong>Consid\u00e9rant<\/strong><\/td><td style=\"color: #333333;text-align: justify\" width=\"75%\">les articles L. 2311-5 et R.2311-11 du Code G\u00e9n\u00e9ral des Collectivit\u00e9s Territoriales ;<\/td><\/tr><tr><td style=\"color: #333333\" width=\"25%\"><strong>Consid\u00e9rant<\/strong><\/td><td style=\"color: #333333;text-align: justify\" width=\"75%\"><p>l&#8217;instruction comptable M14 et notamment son tome II, titre 3, chapitre 5, relatif \u00e0 la d\u00e9termination des r\u00e9sultats ;<\/p><p>Apr\u00e8s avoir approuv\u00e9 le Compte administratif 2023 qui pr\u00e9sente un exc\u00e9dent de fonctionnement de 1 651 813,76 \u20ac selon le d\u00e9tail dessous (H);<\/p><\/td><\/tr><tr><td style=\"color: #333333\" width=\"25%\"><strong>Constatant<\/strong><\/td><td style=\"color: #333333;text-align: justify\" width=\"75%\"><p>que la section d&#8217;investissement dudit Compte administratif fait apparaitre :<\/p><ul style=\"color: #333333;text-align: justify\"><li>un solde d&#8217;ex\u00e9cution global de 468 489,09 (C),<\/li><li>un solde des restes \u00e0 r\u00e9aliser de -365 830,66 \u20ac (D),<\/li><\/ul><p>selon le d\u00e9tail ci dessous, et d\u00e9gageant <b>une capacit\u00e9 de financement<\/b> 102 658,43\u20ac (E);<\/p><\/td><\/tr><tr><td style=\"color: #333333\" width=\"25%\"><strong>Constatant<\/strong><\/td><td style=\"color: #333333;text-align: justify\" width=\"75%\">les \u00e9tats des restes \u00e0 r\u00e9aliser au 31 D\u00e9cembre de l&#8217;ann\u00e9e consid\u00e9r\u00e9e ;<\/td><\/tr><tr><td style=\"color: #333333\" width=\"25%\"><strong>Constatant<\/strong><\/td><td style=\"color: #333333;text-align: justify\" width=\"75%\">que le budget 2023 comportait en pr\u00e9vision un virement de la section de fonctionnement (compte 023) \u00e0 la section d&#8217;investissement (compte 021) de 954 756,02\u20ac.<\/td><\/tr><\/tbody><\/table><p style=\"color: #333333\"><strong>Le Conseil Municipal apr\u00e8s en avoir d\u00e9lib\u00e9r\u00e9,<\/strong><br \/>par\u00a017 voix pour,\u00a00 voix contre,\u00a03\u00a0abstentions<\/p><table width=\"75%\"><tbody><tr><td style=\"color: #333333\" width=\"25%\"><strong>DECIDE<\/strong><\/td><td style=\"color: #333333;text-align: justify\" width=\"75%\">d&#8217;affecter au budget de l&#8217;exercice 2024, l&#8217;exc\u00e9dent de cl\u00f4ture de la section de fonctionnement de l&#8217;exercice 2023 comme suit 1 651 813,76\u20ac (H).<\/td><\/tr><\/tbody><\/table><table align=\"center\" bgcolor=\"#EEEEEE\"><tbody><tr><td style=\"color: #333333;text-align: left;vertical-align: top;font-size: 1rem\" rowspan=\"3\"><strong>A<\/strong><\/td><td style=\"color: #333333;text-align: left;font-size: 1rem\" colspan=\"3\"><strong>D\u00e9termination du r\u00e9sultat d&#8217;investissement de l&#8217;exercice<\/strong><\/td><\/tr><tr><td style=\"color: #333333;text-align: left;font-size: 1rem\">Recettes d&#8217;investissement (H)<\/td><td style=\"color: #333333;text-align: right;font-size: 1rem\">949 728,16 \u20ac<\/td><td style=\"color: #333333;text-align: right;vertical-align: middle;font-size: 1rem\" rowspan=\"2\">489 899,90 \u20ac<\/td><\/tr><tr><td style=\"color: #333333;text-align: left;font-size: 1rem\">D\u00e9penses d&#8217;investissement (B)<\/td><td style=\"color: #333333;text-align: right;font-size: 1rem\">459 828,26 \u20ac<\/td><\/tr><tr><td style=\"color: #333333;text-align: left;font-size: 1rem\" width=\"5%\"><strong>B<\/strong><\/td><td style=\"color: #333333;text-align: left;font-size: 1rem\" width=\"45%\">R\u00e9sultats ann\u00e9e N-1 (D ou J)<\/td><td width=\"25%\">\u00a0<\/td><td style=\"color: #333333;text-align: right;font-size: 1rem\" width=\"25%\">21 410,81 \u20ac<\/td><\/tr><tr><td style=\"color: #333333;text-align: left;font-size: 1rem\"><strong>C<\/strong><\/td><td style=\"color: #333333;text-align: left;font-size: 1rem\"><strong>R\u00e9sultat comptable cumul\u00e9 (A + B)<\/strong><\/td><td>\u00a0<\/td><td style=\"color: #333333;text-align: right;font-size: 1rem\"><strong>468 489,09 \u20ac<\/strong><\/td><\/tr><tr><td style=\"color: #333333;text-align: left;vertical-align: top;font-size: 1rem\" rowspan=\"3\" width=\"5%\"><strong>D<\/strong><\/td><td style=\"color: #333333;text-align: left;font-size: 1rem\"><strong>Solde des cr\u00e9dits report\u00e9s 2023<\/strong><\/td><td>\u00a0<\/td><td>\u00a0<\/td><\/tr><tr><td style=\"color: #333333;text-align: left;font-size: 1rem\">Recettes :<\/td><td style=\"color: #333333;text-align: right;font-size: 1rem\">182 495,99 \u20ac<\/td><td style=\"color: #333333;text-align: right;vertical-align: middle;font-size: 1rem\" rowspan=\"2\">&#8211; 365 830,66 \u20ac<\/td><\/tr><tr><td style=\"color: #333333;text-align: left;font-size: 1rem\">D\u00e9penses :<\/td><td style=\"color: #333333;text-align: right;font-size: 1rem\">548 326,65 \u20ac<\/td><\/tr><tr><td style=\"color: #333333;text-align: left;font-size: 1rem\"><strong>E<\/strong><\/td><td style=\"color: #333333;text-align: left;font-size: 1rem\"><strong>R\u00e9sultat Budg\u00e9taire (C + D)<\/strong><\/td><td>\u00a0<\/td><td style=\"color: #333333;text-align: right;font-size: 1rem\"><strong>102 658,43 \u20ac<\/strong><\/td><\/tr><tr><td style=\"color: #333333;text-align: left;vertical-align: top;font-size: 1rem\" rowspan=\"3\"><strong>F<\/strong><\/td><td style=\"color: #333333;text-align: left;font-size: 1rem\" colspan=\"3\"><strong>D\u00e9termination du r\u00e9sultat de fonctionnement de l&#8217;exercice<\/strong><\/td><\/tr><tr><td style=\"color: #333333;text-align: left;font-size: 1rem\">Recettes de fonctionnement :<\/td><td style=\"color: #333333;text-align: right;font-size: 1rem\">3 494 614,46 \u20ac<\/td><td style=\"color: #333333;text-align: right;vertical-align: middle;font-size: 1rem\" rowspan=\"2\">639 390,35 \u20ac<\/td><\/tr><tr><td style=\"color: #333333;text-align: left;font-size: 1rem\">D\u00e9penses de fonctionnement<\/td><td style=\"color: #333333;text-align: right;font-size: 1rem\">2 855 224,11 \u20ac<\/td><\/tr><tr><td style=\"color: #333333;text-align: left;font-size: 1rem\"><strong>G<\/strong><\/td><td style=\"color: #333333;text-align: left;font-size: 1rem\">R\u00e9sultats ann\u00e9e N-1<\/td><td>\u00a0<\/td><td style=\"color: #333333;text-align: right;font-size: 1rem\">1 012 423,41 \u20ac<\/td><\/tr><tr><td style=\"color: #333333;text-align: left;font-size: 1rem\"><strong>H<\/strong><\/td><td style=\"color: #333333;text-align: left;font-size: 1rem\"><strong>R\u00e9sultat comptable cumul\u00e9 (F + G)<\/strong><\/td><td>\u00a0<\/td><td style=\"color: #333333;text-align: right;font-size: 1rem\"><strong>1 651 813,76 \u20ac<\/strong><\/td><\/tr><tr><td colspan=\"4\" bgcolor=\"#777777\">\u00a0<\/td><\/tr><tr><td style=\"color: #333333;text-align: left;vertical-align: top;font-size: 1rem\" rowspan=\"2\"><strong>G<\/strong><\/td><td style=\"color: #333333;text-align: left;font-size: 1rem\" colspan=\"3\"><strong>Affectation du r\u00e9sultat de fonctionnement<\/strong><\/td><\/tr><tr><td style=\"color: #333333;text-align: left;font-size: 1rem\">R\u00e9sultat ann\u00e9e N :<\/td><td>\u00a0<\/td><td style=\"color: #333333;text-align: right;font-size: 1rem\">1 175 983,10 \u20ac<\/td><\/tr><tr><td style=\"color: #333333;text-align: left;vertical-align: top;font-size: 1rem\" rowspan=\"5\"><strong>H<\/strong><\/td><td style=\"color: #333333;text-align: left;font-size: 1rem\"><strong>R\u00e9sultat \u00e0 affecter<\/strong><\/td><td>\u00a0<\/td><td>\u00a0<\/td><\/tr><tr><td style=\"color: #333333;text-align: left;font-size: 1rem\" colspan=\"2\">Couverture du d\u00e9ficit de fonctionnement par r\u00e9duction des charges :<\/td><td style=\"color: #333333;text-align: right;vertical-align: middle;font-size: 1rem\" rowspan=\"4\">475 830,66 \u20ac<\/td><\/tr><tr><td style=\"color: #333333;text-align: left;font-size: 1rem\">Couverture du d\u00e9ficit d&#8217;investissement (C \/ 1068)<\/td><td style=\"color: #333333;text-align: right;font-size: 1rem\">0,00 \u20ac<\/td><\/tr><tr><td style=\"color: #333333;text-align: left;font-size: 1rem\">Autofinancement compl\u00e9mentaire (C \/ 1068) :<\/td><td style=\"color: #333333;text-align: right;font-size: 1rem\">475 830,66 \u20ac<\/td><\/tr><tr><td style=\"color: #333333;text-align: left;font-size: 1rem\">Report \u00e0 nouveau :<\/td><td>\u00a0<\/td><\/tr><\/tbody><\/table><p style=\"color: #333333;padding-left: 40px\" align=\"justify\"><strong><u>Reprise des r\u00e9sultats 2023 commune<\/u><\/strong><\/p><p style=\"color: #333333;padding-left: 40px\" align=\"justify\">Consid\u00e9rant le r\u00e9sultat de cl\u00f4ture de l&#8217;exercice 2022,<\/p><p style=\"color: #333333\"><strong>Le Conseil Municipal apr\u00e8s en avoir d\u00e9lib\u00e9r\u00e9,<\/strong><br \/>par\u00a017 voix pour,\u00a00 voix contre,\u00a03\u00a0abstentions<\/p><table width=\"75%\"><tbody><tr><td style=\"color: #333333\" width=\"25%\"><strong>DECIDE<\/strong><\/td><td style=\"color: #333333;text-align: justify\" width=\"75%\">de reprendre comme suit au budget 2024 les exc\u00e9dents de l&#8217;exercice 2023 :<\/td><\/tr><\/tbody><\/table><table align=\"center\" bgcolor=\"#EEEEEE\"><tbody><tr><td>\u00a0<\/td><td style=\"color: #333333;text-align: center;font-size: 1rem\"><strong>Recettes<\/strong><\/td><td style=\"color: #333333;text-align: center;font-size: 1rem\" colspan=\"2\"><strong>D\u00e9penses<\/strong><\/td><\/tr><tr><td style=\"color: #333333;text-align: left;font-size: 1rem\"><strong>Section de fonctionnement<\/strong><br \/>C \/ 002<\/td><td style=\"color: #333333;text-align: right;font-size: 1rem\">1 175 983,10 \u20ac<\/td><td style=\"color: #333333;text-align: right;font-size: 1rem\" colspan=\"2\">\u00a0<\/td><\/tr><tr><td style=\"color: #333333;text-align: left;font-size: 1rem\"><strong>Section d&#8217;investissement<\/strong><\/td><td style=\"color: #333333;text-align: center;font-size: 1rem\"><strong>Recettes<\/strong><\/td><td style=\"color: #333333;text-align: center;font-size: 1rem\" colspan=\"2\"><strong>D\u00e9penses<\/strong><\/td><\/tr><tr><td style=\"color: #333333;text-align: left;font-size: 1rem\">\u00a0<\/td><td style=\"color: #333333;text-align: right;font-size: 1rem\">\u00a0<\/td><td style=\"color: #333333;text-align: center;font-size: 1rem\" colspan=\"2\">cr\u00e9dits report\u00e9s<\/td><\/tr><tr><td style=\"color: #333333;text-align: left;font-size: 1rem\">C \/ 001<\/td><td style=\"color: #333333;text-align: right;font-size: 1rem\">\u00a0<\/td><td style=\"color: #333333;text-align: right;font-size: 1rem\" colspan=\"2\"><strong>468 489,09 \u20ac<\/strong><\/td><\/tr><tr><td style=\"color: #333333;text-align: left;font-size: 1rem\">C \/ 1068<br \/><small>(couverture d\u00e9ficit d&#8217;investissement)<\/small><\/td><td style=\"color: #333333;text-align: right;font-size: 1rem\">\u00a0<\/td><td style=\"color: #333333;text-align: left;font-size: 1rem\">C 20 \/ 2031<br \/>C 21 \/<\/td><td style=\"color: #333333;text-align: right;font-size: 1rem\">&#8211; \u20ac<br \/>318 625,61 \u20ac<\/td><\/tr><tr><td style=\"color: #333333;text-align: left;font-size: 1rem\">C 13\/ <small>(cr\u00e9dits report\u00e9s)<\/small><\/td><td style=\"color: #333333;text-align: right;font-size: 1rem\">182 495,99 \u20ac<\/td><td style=\"color: #333333;text-align: left;font-size: 1rem\">C 23 \/<\/td><td style=\"color: #333333;text-align: right;font-size: 1rem\">229 701,04 \u20ac<\/td><\/tr><tr><td height=\"1px\">\u00a0<\/td><td bgcolor=\"#777777\">\u00a0<\/td><td>\u00a0<\/td><td bgcolor=\"#777777\">\u00a0<\/td><\/tr><tr><td style=\"color: #333333;text-align: left;font-size: 1rem\"><strong>Sous total<\/strong><\/td><td style=\"color: #333333;text-align: right;font-size: 1rem\"><strong>650 985,08 \u20ac<\/strong><\/td><td>\u00a0<\/td><td style=\"color: #333333;text-align: right;font-size: 1rem\"><strong>548 326,65 \u20ac<\/strong><\/td><\/tr><tr><td style=\"color: #333333;text-align: left;font-size: 1rem\">C \/ 1068<br \/><small>(autofinancement compl\u00e9mentaire)<\/small><\/td><td style=\"color: #333333;text-align: right;font-size: 1rem\"><strong>475 830,66 \u20ac<\/strong><\/td><td style=\"color: #333333;text-align: right;font-size: 1rem\" colspan=\"2\">\u00a0<\/td><\/tr><tr><td style=\"color: #333333;text-align: left;font-size: 1rem\"><strong>TOTAL<\/strong><\/td><td style=\"color: #333333;text-align: right;font-size: 1rem\"><strong>1 126 815,74 \u20ac<\/strong><\/td><td style=\"color: #333333;text-align: center;font-size: 1rem\" colspan=\"2\"><strong>548 326,65 \u20ac<\/strong><\/td><\/tr><\/tbody><\/table><p style=\"text-align: center;color: #333333;padding-left: 40px\"><strong>R\u00e9sultat de la commune de<br \/>Thiant 2023<\/strong><\/p><table align=\"center\" bgcolor=\"#EEEEEE\"><tbody><tr><td style=\"color: #333333;text-align: center\" colspan=\"2\"><strong>AVANT 2023<\/strong><\/td><td style=\"color: #333333;text-align: right\">1 012 423,41 \u20ac<\/td><\/tr><tr><td style=\"color: #333333;text-align: left\" colspan=\"3\">FONCTIONNEMENT<\/td><\/tr><tr><td style=\"color: #333333;text-align: left\" width=\"20%\">\u00a0<\/td><td style=\"color: #333333;text-align: left\">RECETTES<\/td><td style=\"color: #333333;text-align: right\">3 494 614,46 \u20ac<\/td><\/tr><tr><td style=\"color: #333333;text-align: left\">\u00a0<\/td><td style=\"color: #333333;text-align: left\">DEPENSES<\/td><td style=\"color: #333333;text-align: right\">2 855 224,11 \u20ac<\/td><\/tr><tr><td style=\"color: #333333;text-align: left\">\u00a0<\/td><td style=\"color: #333333;text-align: left\"><strong>SOLDE 2023<\/strong><\/td><td style=\"color: #333333;text-align: right\"><strong>639 390,35 \u20ac<\/strong><\/td><\/tr><tr bgcolor=\"Gold\"><td style=\"color: #333333;text-align: left\" colspan=\"2\"><strong>RESULTAT FONCTIONNEMENT CUMULE<\/strong><\/td><td style=\"color: #333333;text-align: right\" bgcolor=\"LightCoral\">1 651 813,76 \u20ac<\/td><\/tr><tr><td style=\"color: #333333;text-align: center\" colspan=\"2\"><strong>AVANT 2023<\/strong><\/td><td style=\"color: darkred;text-align: right\">&#8211; 21 410,81 \u20ac<\/td><\/tr><tr><td style=\"color: #333333;text-align: left\" colspan=\"3\">INVESTISSEMENT<\/td><\/tr><tr><td style=\"color: #333333;text-align: left\">\u00a0<\/td><td style=\"color: #333333;text-align: left\">RECETTES<\/td><td style=\"color: #333333;text-align: right\">949 728,16 \u20ac<\/td><\/tr><tr><td style=\"color: #333333;text-align: left\">\u00a0<\/td><td style=\"color: #333333;text-align: left\">DEPENSES<\/td><td style=\"color: #333333;text-align: right\">459 828,26 \u20ac<\/td><\/tr><tr><td style=\"color: #333333;text-align: left\">\u00a0<\/td><td style=\"color: #333333;text-align: left\"><strong>SOLDE 2023<\/strong><\/td><td style=\"color: #333333;text-align: right\"><strong>489 899,90 \u20ac<\/strong><\/td><\/tr><tr bgcolor=\"Gold\"><td style=\"color: #333333;text-align: left\" colspan=\"2\"><strong>RESULTAT INVESTISSEMENT CUMULE<\/strong><\/td><td style=\"color: #333333;text-align: right\">469 489,09 \u20ac<\/td><\/tr><tr bgcolor=\"OliveDrab\"><td style=\"color: #ffffff;text-align: left\" colspan=\"2\"><strong>R\u00e9sultat global investissement et fonctionnement<\/strong><\/td><td style=\"color: #ffffff;text-align: right\">2 120 302,85 \u20ac<\/td><\/tr><tr><td style=\"color: #333333;text-align: left\">\u00a0<\/td><td style=\"color: #333333;text-align: left\">RESTES A REALISER<\/td><td style=\"color: darkred;text-align: right\">&#8211; 365 830,66 \u20ac<\/td><\/tr><tr><td style=\"color: #333333;text-align: left\" colspan=\"2\">RESULTAT INVESTISSEMENT CUMULE net<\/td><td style=\"color: #333333;text-align: right\" bgcolor=\"PaleTurquoise\">102 658,43 \u20ac<\/td><\/tr><\/tbody><\/table><p style=\"color: #333333\" align=\"right\"><em><small>D\u00e9lib\u00e9ration n\u00b0 2024-04-08-D-04 et D05<\/small><\/em><\/p><table align=\"right\" bgcolor=\"#EEEEEE\"><tbody><tr><td style=\"color: #333333;text-align: left\" width=\"25%\"><strong><u>D\u00e9cision<\/u><\/strong><\/td><td style=\"color: #333333;text-align: left\" width=\"25%\">Sur :<\/td><td style=\"color: #333333;text-align: left\" width=\"50%\">13 pr\u00e9sents<\/td><\/tr><tr><td style=\"color: #333333;text-align: left\">\u00a0<\/td><td style=\"color: #333333;text-align: left\">Pour :<\/td><td style=\"color: #333333;text-align: left\">17 dont 6 pouvoirs<\/td><\/tr><tr><td style=\"color: #333333;text-align: left\">\u00a0<\/td><td style=\"color: #333333;text-align: left\">Contre :<\/td><td style=\"color: #333333;text-align: left\">0<\/td><\/tr><tr><td style=\"color: #333333;text-align: left\">\u00a0<\/td><td style=\"color: #333333;text-align: left\">Abstentions :<\/td><td style=\"color: #333333;text-align: left\">3 dont 1 pouvoir<\/td><\/tr><\/tbody><\/table><div id=\"CM08042024Cinq\" style=\"color: #333333\"><strong><u>5 &#8211; Bilan des acquisitions et cessions 2023 commune<\/u><\/strong><\/div><p style=\"color: #333333;padding-left: 40px\" align=\"justify\"><em>Pr\u00e9sentation est faite par Madame L&#8217;Adjointe aux finances.<\/em><\/p><p style=\"color: #333333;padding-left: 40px\" align=\"justify\">Consid\u00e9rant que l&#8217;article L. 2241-1 du Code g\u00e9n\u00e9ral des collectivit\u00e9s territoriales pr\u00e9voit la tenue par les communes de plus de 2000 habitants, d&#8217;un bilan des acquisitions et cessions op\u00e9r\u00e9es sur le territoire de la commune par celle-ci ou par une personne publique ou priv\u00e9e agissant dans le cadre d&#8217;une convention ou d\u00e9l\u00e9gation avec cette commune ;<br \/>Consid\u00e9rant que, chaque ann\u00e9e, selon ce m\u00eame article, le bilan, qui doit \u00eatre annex\u00e9 au compte administratif de la commune, donne lieu \u00e0 d\u00e9lib\u00e9ration du conseil municipal ;<\/p><p style=\"color: #333333\"><strong>Le Conseil Municipal apr\u00e8s en avoir d\u00e9lib\u00e9r\u00e9,<\/strong><br \/>par\u00a017 voix pour,\u00a00 voix contre,\u00a03\u00a0abstentions<\/p><table width=\"75%\"><tbody><tr><td style=\"color: #333333\" width=\"25%\"><strong>APPROUVE<\/strong><\/td><td style=\"color: #333333;text-align: justify\" width=\"75%\">le bilan ci-dessous.<\/td><\/tr><\/tbody><\/table><p style=\"color: #333333;padding-left: 40px\" align=\"justify\"><strong>Acquisitions et cessions r\u00e9alis\u00e9es entre le 1<sup>er<\/sup> janvier et le 31 d\u00e9cembre 2022<\/strong><\/p><table width=\"75%\" align=\"left\" bgcolor=\"#EEEEEE\"><tbody><tr><td style=\"color: #333333;text-align: center;font-size: 1rem\" width=\"16%\"><strong>D\u00e9signation des biens<\/strong><\/td><td style=\"color: #333333;text-align: center;font-size: 1rem\" width=\"16%\"><strong>R\u00e9f\u00e9rences cadastrales<\/strong><\/td><td style=\"color: #333333;text-align: center;font-size: 1rem\" width=\"16%\"><strong>Surfaces<\/strong><\/td><td style=\"color: #333333;text-align: left;font-size: 1rem\" width=\"16%\"><strong>Adresse des biens<\/strong><\/td><td style=\"color: #333333;text-align: center;font-size: 1rem\" width=\"16%\"><strong>Propri\u00e9taire<\/strong><\/td><td style=\"color: #333333;text-align: center;font-size: 1rem\" width=\"16%\"><strong>Montant de la transaction (hors frais)<\/strong><\/td><\/tr><tr><td style=\"color: #333333;text-align: center;font-size: 1rem\">Acquisition<\/td><td style=\"color: #333333;text-align: center;font-size: 1rem\">A 2459<br \/>A 2460<\/td><td style=\"color: #333333;text-align: center;font-size: 1rem\">1a27ca<\/td><td style=\"color: #333333;text-align: center;font-size: 1rem\">Rue du Docteur Roux<\/td><td style=\"color: #333333;text-align: center;font-size: 1rem\">Caisse d&#8217;\u00e9pargne et de<br \/>pr\u00e9voyance des hauts de<br \/>France<\/td><td style=\"color: #333333;text-align: center;vertical-align: middle;font-size: 1rem\" rowspan=\"2\">60 000,00 \u20ac<br \/>soit 64 855,14 \u20ac avec<br \/>les taxes et frais<\/td><\/tr><\/tbody><\/table><p style=\"color: #333333\" align=\"right\"><em><small>D\u00e9lib\u00e9ration n\u00b0 2024-04-08-D-06<\/small><\/em><\/p><table align=\"right\" bgcolor=\"#EEEEEE\"><tbody><tr><td style=\"color: #333333;text-align: left\" width=\"25%\"><strong><u>D\u00e9cision<\/u><\/strong><\/td><td style=\"color: #333333;text-align: left\" width=\"25%\">Sur :<\/td><td style=\"color: #333333;text-align: left\" width=\"50%\">13 pr\u00e9sents<\/td><\/tr><tr><td style=\"color: #333333;text-align: left\">\u00a0<\/td><td style=\"color: #333333;text-align: left\">Pour :<\/td><td style=\"color: #333333;text-align: left\">17 pr\u00e9sents dont 6 pouvoirs<\/td><\/tr><tr><td style=\"color: #333333;text-align: left\">\u00a0<\/td><td style=\"color: #333333;text-align: left\">Contre :<\/td><td style=\"color: #333333;text-align: left\">0<\/td><\/tr><tr><td style=\"color: #333333;text-align: left\">\u00a0<\/td><td style=\"color: #333333;text-align: left\">Abstentions :<\/td><td style=\"color: #333333;text-align: left\">3 dont 1 pouvoir<\/td><\/tr><\/tbody><\/table><div id=\"CM08042024Six\" style=\"color: #333333\"><strong><u>6 &#8211; Compte de Gestion budget ANNEXE Lotissement Ferme Jourdan 2023<\/u><\/strong><\/div><p style=\"color: #333333;padding-left: 40px\" align=\"justify\">Statuant sur l&#8217;ensemble des op\u00e9rations effectu\u00e9es du 1<sup>er<\/sup> janvier 2023 au 31 d\u00e9cembre 2023 y compris celles relatives \u00e0 la journ\u00e9e compl\u00e9mentaire ;<\/p><p style=\"color: #333333;padding-left: 40px\" align=\"justify\">Statuant sur l&#8217;ex\u00e9cution du budget annexe de l&#8217;exercice 2023 en ce qui concerne les diff\u00e9rentes sections budg\u00e9taires ;<\/p><p style=\"color: #333333;padding-left: 40px\" align=\"justify\">Statuant sur la comptabilit\u00e9 des valeurs inactives ;<\/p><p style=\"color: #333333\"><strong>Le Conseil Municipal apr\u00e8s en avoir d\u00e9lib\u00e9r\u00e9,<\/strong><br \/>par\u00a017 voix pour,\u00a00 voix contre,\u00a03\u00a0abstentions<\/p><table width=\"75%\"><tbody><tr><td style=\"color: #333333\" width=\"25%\"><strong>DECLARE<\/strong><\/td><td style=\"color: #333333;text-align: justify\" width=\"75%\">que le compte de gestion du budget annexe Lotissement Ferme Jourdan dress\u00e9, pour l&#8217;exercice 2023 par le Receveur, vis\u00e9 et certifi\u00e9 conforme par l&#8217;ordonnateur, n&#8217;appelle ni observation ni r\u00e9serve de sa part.<\/td><\/tr><\/tbody><\/table><table align=\"center\" bgcolor=\"#EEEEEE\"><tbody><tr><td style=\"text-align: left\" bgcolor=\"#FFFFFF\"><code style=\"color: #333333;font-size: 1rem\">N\u00b0 CODIQUE DU POSTE COMPTABLE : 059512<\/code><\/td><td style=\"text-align: center\" colspan=\"2\" bgcolor=\"#FFFFFF\"><code style=\"color: #333333;font-size: 1rem\">NOM DU POSTE COMPTABLE : SGC WALLERS<\/code><\/td><td style=\"text-align: right\" bgcolor=\"#FFFFFF\"><code style=\"color: #333333;font-size: 1rem\">ETABLISSEMENT : LOTISSEMENT FERME JOURDAN<\/code><\/td><\/tr><tr><td style=\"color: #333333;font-size: 2rem;text-align: center\" colspan=\"4\" bgcolor=\"#FFFFFF\"><b>R\u00e9sultats budg\u00e9taires de l&#8217;exercice<\/b><\/td><\/tr><tr><td style=\"text-align: left\" colspan=\"2\" bgcolor=\"#FFFFFF\"><code style=\"color: #333333;font-size: 1rem\">35801 - LOTISSEMENT FERME JOURDAN<\/code><\/td><td style=\"text-align: right\" colspan=\"2\" bgcolor=\"#FFFFFF\"><code style=\"color: #333333;font-size: 1rem\">Exercice 2023<\/code><\/td><\/tr><tr><td bgcolor=\"#000000;\">\u00a0<\/td><td style=\"text-align: center\" bgcolor=\"#000000;\"><code style=\"color: #ffffff;font-size: 1rem\"><strong>SECTION D'INVESTISSEMENT<\/strong><\/code><\/td><td style=\"text-align: center\" bgcolor=\"#000000;\"><code style=\"color: #ffffff;font-size: 1rem\"><strong>SECTION DE FONCTIONNEMENT<\/strong><\/code><\/td><td style=\"text-align: center\" bgcolor=\"#000000;\"><code style=\"color: #ffffff;font-size: 1rem\"><strong>TOTAL DES SECTIONS<\/strong><\/code><\/td><\/tr><tr><td style=\"text-align: left\" colspan=\"4\"><code style=\"color: #000000;font-size: 1rem\">RECETTES<\/code><\/td><\/tr><tr bgcolor=\"gold\"><td style=\"text-align: left\"><code style=\"color: #333333;font-size: 1rem\">Pr\u00e9visions budg\u00e9taires totales (a)<\/code><\/td><td style=\"text-align: right\"><code style=\"color: #333333;font-size: 1rem\">830 372,33<\/code><\/td><td style=\"text-align: right\"><code style=\"color: #333333;font-size: 1rem\">159 025,35<\/code><\/td><td style=\"text-align: right\"><code style=\"color: #333333;font-size: 1rem\">989 397,68<\/code><\/td><\/tr><tr bgcolor=\"LightYellow\"><td style=\"text-align: left\"><code style=\"color: #333333;font-size: 1rem\">Titres de recette \u00e9mis (b)<\/code><\/td><td style=\"text-align: right\"><code style=\"color: #333333;font-size: 1rem\">86 699,68<\/code><\/td><td style=\"text-align: right\"><code style=\"color: #333333;font-size: 1rem\">88 269,12<\/code><\/td><td style=\"text-align: right\"><code style=\"color: #333333;font-size: 1rem\">174 968,80<\/code><\/td><\/tr><tr bgcolor=\"gold\"><td style=\"text-align: left\"><code style=\"color: #333333;font-size: 1rem\">R\u00e9ductions de titres (c)<\/code><\/td><td style=\"text-align: right\"><code style=\"color: #333333;font-size: 1rem\">\u00a0<\/code><\/td><td style=\"text-align: right\"><code style=\"color: #333333;font-size: 1rem\">\u00a0<\/code><\/td><td style=\"text-align: right\"><code style=\"color: #333333;font-size: 1rem\">\u00a0<\/code><\/td><\/tr><tr bgcolor=\"LightYellow\"><td style=\"text-align: left\"><code style=\"color: #333333;font-size: 1rem\">Recettes nettes (d = b - c)<\/code><\/td><td style=\"text-align: right\"><code style=\"color: #333333;font-size: 1rem\">86 699,68<\/code><\/td><td style=\"text-align: right\"><code style=\"color: #333333;font-size: 1rem\">88 269,12<\/code><\/td><td style=\"text-align: right\"><code style=\"color: #333333;font-size: 1rem\">174 968,80<\/code><\/td><\/tr><tr><td style=\"text-align: left\" colspan=\"4\"><code style=\"color: #000000;font-size: 1rem\">DEPENSES<\/code><\/td><\/tr><tr bgcolor=\"gold\"><td style=\"text-align: left\"><code style=\"color: #333333;font-size: 1rem\">Autorisations budg\u00e9taires totales (e)<\/code><\/td><td style=\"text-align: right\"><code style=\"color: #333333;font-size: 1rem\">830 372,33<\/code><\/td><td style=\"text-align: right\"><code style=\"color: #333333;font-size: 1rem\">159 025,35<\/code><\/td><td style=\"text-align: right\"><code style=\"color: #333333;font-size: 1rem\">989 397,68<\/code><\/td><\/tr><tr bgcolor=\"LightYellow\"><td style=\"text-align: left\"><code style=\"color: #333333;font-size: 1rem\">Mandats \u00e9mis (f)<\/code><\/td><td style=\"text-align: right\"><code style=\"color: #333333;font-size: 1rem\">88 267,81<\/code><\/td><td style=\"text-align: right\"><code style=\"color: #333333;font-size: 1rem\">88 269,12<\/code><\/td><td style=\"text-align: right\"><code style=\"color: #333333;font-size: 1rem\">176 536,93<\/code><\/td><\/tr><tr bgcolor=\"gold\"><td style=\"text-align: left\"><code style=\"color: #333333;font-size: 1rem\">Annulations de mandats (g)<\/code><\/td><td style=\"text-align: right\"><code style=\"color: #333333;font-size: 1rem\">\u00a0<\/code><\/td><td style=\"text-align: right\"><code style=\"color: #333333;font-size: 1rem\">\u00a0<\/code><\/td><td style=\"text-align: right\"><code style=\"color: #333333;font-size: 1rem\">\u00a0<\/code><\/td><\/tr><tr bgcolor=\"LightYellow\"><td style=\"text-align: left\"><code style=\"color: #333333;font-size: 1rem\">Depenses nettes (h = f - g)<\/code><\/td><td style=\"text-align: right\"><code style=\"color: #333333;font-size: 1rem\">88 267,81<\/code><\/td><td style=\"text-align: right\"><code style=\"color: #333333;font-size: 1rem\">88 269,12<\/code><\/td><td style=\"text-align: right\"><code style=\"color: #333333;font-size: 1rem\">176 536,93<\/code><\/td><\/tr><tr><td style=\"text-align: left\" colspan=\"4\"><code style=\"color: #000000;font-size: 1rem\">RESULTAT DE L'EXERCICE<\/code><\/td><\/tr><tr bgcolor=\"gold\"><td style=\"text-align: left\"><code style=\"color: #333333;font-size: 1rem\">(d - h) Exc\u00e9dent<\/code><\/td><td style=\"text-align: right\"><code style=\"color: #333333;font-size: 1rem\">\u00a0<\/code><\/td><td style=\"text-align: right\"><code style=\"color: #333333;font-size: 1rem\">\u00a0<\/code><\/td><td style=\"text-align: right\"><code style=\"color: #333333;font-size: 1rem\">\u00a0<\/code><\/td><\/tr><tr bgcolor=\"LightYellow\"><td style=\"text-align: left\"><code style=\"color: #333333;font-size: 1rem\">(h - d) D\u00e9ficit<\/code><\/td><td style=\"text-align: right\"><code style=\"color: #333333;font-size: 1rem\">1 568,13<\/code><\/td><td style=\"text-align: right\"><code style=\"color: #333333;font-size: 1rem\">\u00a0<\/code><\/td><td style=\"text-align: right\"><code style=\"color: #333333;font-size: 1rem\">1 568,13<\/code><\/td><\/tr><\/tbody><\/table><table align=\"center\" bgcolor=\"#EEEEEE\"><tbody><tr><td style=\"text-align: left\" colspan=\"2\" bgcolor=\"#FFFFFF\"><code style=\"color: #333333;font-size: 1rem\">N\u00b0 CODIQUE DU POSTE COMPTABLE : 059512<\/code><\/td><td style=\"text-align: center\" colspan=\"2\" bgcolor=\"#FFFFFF\"><code style=\"color: #333333;font-size: 1rem\">NOM DU POSTE COMPTABLE : SGC WALLERS<\/code><\/td><td style=\"text-align: right\" colspan=\"2\" bgcolor=\"#FFFFFF\"><code style=\"color: #333333;font-size: 1rem\">ETABLISSEMENT : LOTISSEMENT FERME JOURDAN<\/code><\/td><\/tr><tr><td style=\"color: #333333;font-size: 2rem;text-align: center\" colspan=\"6\" bgcolor=\"#FFFFFF\"><b>R\u00e9sultats d&#8217;ex\u00e9cution du budget principal et des budgets des services non personnalis\u00e9s<\/b><\/td><\/tr><tr><td style=\"text-align: left\" colspan=\"3\" bgcolor=\"#FFFFFF\"><code style=\"color: #333333;font-size: 1rem\">35801 - LOTISSEMENT FERME JOURDAN<\/code><\/td><td style=\"text-align: right\" colspan=\"3\" bgcolor=\"#FFFFFF\"><code style=\"color: #333333;font-size: 1rem\">Exercice 2023<\/code><\/td><\/tr><tr><td bgcolor=\"#000000;\">\u00a0<\/td><td style=\"text-align: center\" bgcolor=\"#000000;\"><code style=\"color: #ffffff;font-size: 1rem\"><strong>RESULTAT A LA CLOTURE DE<br \/>L'EXERCICE PRECEDENT : 2022<\/strong><\/code><\/td><td style=\"text-align: center\" bgcolor=\"#000000;\"><code style=\"color: #ffffff;font-size: 1rem\"><strong>PART AFFECTEE A<br \/>L'INVESTISSEMENT :<br \/>EXERCICE 2023<\/strong><\/code><\/td><td style=\"text-align: center\" bgcolor=\"#000000;\"><code style=\"color: #ffffff;font-size: 1rem\"><strong>RESULTAT DE L'EXERCICE 2023<\/strong><\/code><\/td><td style=\"text-align: center\" bgcolor=\"#000000;\"><code style=\"color: #ffffff;font-size: 1rem\"><strong>TRANSFERT OU INTEGRATION<br \/>DE RESULTATS PAR OPERATION<br \/>D'ORDRE NON BUDGETAIRE<\/strong><\/code><\/td><td style=\"text-align: center\" bgcolor=\"#000000;\"><code style=\"color: #ffffff;font-size: 1rem\"><strong>RESULTAT DE CLOTURE<br \/>DE L'EXERCICE 2023<\/strong><\/code><\/td><\/tr><tr bgcolor=\"LightYellow\"><td style=\"text-align: left\"><code style=\"color: #000000;font-size: 1rem\">I - Budget principal<\/code><\/td><td style=\"text-align: left\"><code style=\"color: #000000;font-size: 1rem\">\u00a0<\/code><\/td><td style=\"text-align: left\"><code style=\"color: #000000;font-size: 1rem\">\u00a0<\/code><\/td><td style=\"text-align: left\"><code style=\"color: #000000;font-size: 1rem\">\u00a0<\/code><\/td><td style=\"text-align: left\"><code style=\"color: #000000;font-size: 1rem\">\u00a0<\/code><\/td><td style=\"text-align: left\"><code style=\"color: #000000;font-size: 1rem\">\u00a0<\/code><\/td><\/tr><tr bgcolor=\"gold\"><td style=\"text-align: left\"><code style=\"color: #333333;font-size: 1rem\">Investissement<\/code><\/td><td style=\"text-align: right\"><code style=\"color: #333333;font-size: 1rem\">\u00a0<\/code><\/td><td style=\"text-align: right\"><code style=\"color: #333333;font-size: 1rem\">\u00a0<\/code><\/td><td style=\"text-align: right\"><code style=\"color: #333333;font-size: 1rem\">\u00a0<\/code><\/td><td style=\"text-align: right\"><code style=\"color: #333333;font-size: 1rem\">\u00a0<\/code><\/td><td style=\"text-align: right\"><code style=\"color: #333333;font-size: 1rem\">\u00a0<\/code><\/td><\/tr><tr bgcolor=\"LightYellow\"><td style=\"text-align: left\"><code style=\"color: #333333;font-size: 1rem\">Fonctionnement<\/code><\/td><td style=\"text-align: right\"><code style=\"color: #333333;font-size: 1rem\">\u00a0<\/code><\/td><td style=\"text-align: right\"><code style=\"color: #333333;font-size: 1rem\">\u00a0<\/code><\/td><td style=\"text-align: right\"><code style=\"color: #333333;font-size: 1rem\">\u00a0<\/code><\/td><td style=\"text-align: right\"><code style=\"color: #333333;font-size: 1rem\">\u00a0<\/code><\/td><td style=\"text-align: right\"><code style=\"color: #333333;font-size: 1rem\">\u00a0<\/code><\/td><\/tr><tr bgcolor=\"gold\"><td style=\"text-align: right\"><code style=\"color: #333333;font-size: 1rem\"><strong>TOTAL I<\/strong><\/code><\/td><td style=\"text-align: right\"><code style=\"color: #333333;font-size: 1rem\"><strong>\u00a0<\/strong><\/code><\/td><td style=\"text-align: right\"><code style=\"color: #333333;font-size: 1rem\"><strong>\u00a0<\/strong><\/code><\/td><td style=\"text-align: right\"><code style=\"color: #333333;font-size: 1rem\"><strong>\u00a0<\/strong><\/code><\/td><td style=\"text-align: right\"><code style=\"color: #333333;font-size: 1rem\">\u00a0<\/code><\/td><td style=\"text-align: right\"><code style=\"color: #333333;font-size: 1rem\"><strong>\u00a0<\/strong><\/code><\/td><\/tr><tr bgcolor=\"LightYellow\"><td style=\"text-align: left\"><code style=\"color: #000000;font-size: 1rem\">II - Budgets des services \u00e0<br \/>caract\u00e8re administratif<br \/>LOTISSEMENT FERME JOURDAN<\/code><\/td><td style=\"text-align: left\"><code style=\"color: #000000;font-size: 1rem\">\u00a0<\/code><\/td><td style=\"text-align: left\"><code style=\"color: #000000;font-size: 1rem\">\u00a0<\/code><\/td><td style=\"text-align: left\"><code style=\"color: #000000;font-size: 1rem\">\u00a0<\/code><\/td><td style=\"text-align: left\"><code style=\"color: #000000;font-size: 1rem\">\u00a0<\/code><\/td><td style=\"text-align: left\"><code style=\"color: #000000;font-size: 1rem\">\u00a0<\/code><\/td><\/tr><tr bgcolor=\"gold\"><td style=\"text-align: left\"><code style=\"color: #333333;font-size: 1rem\">Investissement<\/code><\/td><td style=\"text-align: right\"><code style=\"color: #333333;font-size: 1rem\">675 347,98<\/code><\/td><td style=\"text-align: right\"><code style=\"color: #333333;font-size: 1rem\">\u00a0<\/code><\/td><td style=\"text-align: right\"><code style=\"color: #333333;font-size: 1rem\">-1 568,13<\/code><\/td><td style=\"text-align: right\"><code style=\"color: #333333;font-size: 1rem\">\u00a0<\/code><\/td><td style=\"text-align: right\"><code style=\"color: #333333;font-size: 1rem\">673 779,85<\/code><\/td><\/tr><tr bgcolor=\"LightYellow\"><td style=\"text-align: left\"><code style=\"color: #333333;font-size: 1rem\">Fonctionnement<\/code><\/td><td style=\"text-align: right\"><code style=\"color: #333333;font-size: 1rem\">\u00a0<\/code><\/td><td style=\"text-align: right\"><code style=\"color: #333333;font-size: 1rem\">\u00a0<\/code><\/td><td style=\"text-align: right\"><code style=\"color: #333333;font-size: 1rem\">\u00a0<\/code><\/td><td style=\"text-align: right\"><code style=\"color: #333333;font-size: 1rem\">\u00a0<\/code><\/td><td style=\"text-align: right\"><code style=\"color: #333333;font-size: 1rem\">\u00a0<\/code><\/td><\/tr><tr bgcolor=\"gold\"><td style=\"text-align: right\"><code style=\"color: #333333;font-size: 1rem\"><strong>Sous-Total<\/strong><\/code><\/td><td style=\"text-align: right\"><code style=\"color: #333333;font-size: 1rem\"><strong>675 347,98<\/strong><\/code><\/td><td style=\"text-align: right\"><code style=\"color: #333333;font-size: 1rem\">\u00a0<\/code><\/td><td style=\"text-align: right\"><code style=\"color: #333333;font-size: 1rem\"><strong>-1 568,13<\/strong><\/code><\/td><td style=\"text-align: right\"><code style=\"color: #333333;font-size: 1rem\">\u00a0<\/code><\/td><td style=\"text-align: right\"><code style=\"color: #333333;font-size: 1rem\"><strong>673 779,85<\/strong><\/code><\/td><\/tr><tr bgcolor=\"LightYellow\"><td style=\"text-align: right\"><code style=\"color: #333333;font-size: 1rem\"><strong>TOTAL II<\/strong><\/code><\/td><td style=\"text-align: right\"><code style=\"color: #333333;font-size: 1rem\"><strong>675 347,98<\/strong><\/code><\/td><td style=\"text-align: right\"><code style=\"color: #333333;font-size: 1rem\">\u00a0<\/code><\/td><td style=\"text-align: right\"><code style=\"color: #333333;font-size: 1rem\"><strong>-1 568,13<\/strong><\/code><\/td><td style=\"text-align: right\"><code style=\"color: #333333;font-size: 1rem\">\u00a0<\/code><\/td><td style=\"text-align: right\"><code style=\"color: #333333;font-size: 1rem\"><strong>673 779,85<\/strong><\/code><\/td><\/tr><tr bgcolor=\"gold\"><td style=\"text-align: left\"><code style=\"color: #000000;font-size: 1rem\">III - Budgets des services<br \/>\u00e0 caract\u00e8re industriel<br \/>et commercial<br \/><\/code><\/td><td style=\"text-align: left\"><code style=\"color: #000000;font-size: 1rem\">\u00a0<\/code><\/td><td style=\"text-align: left\"><code style=\"color: #000000;font-size: 1rem\">\u00a0<\/code><\/td><td style=\"text-align: left\"><code style=\"color: #000000;font-size: 1rem\">\u00a0<\/code><\/td><td style=\"text-align: left\"><code style=\"color: #000000;font-size: 1rem\">\u00a0<\/code><\/td><td style=\"text-align: left\"><code style=\"color: #000000;font-size: 1rem\">\u00a0<\/code><\/td><\/tr><tr bgcolor=\"LightYellow\"><td style=\"text-align: right\"><code style=\"color: #333333;font-size: 1rem\"><strong>TOTAL III<\/strong><\/code><\/td><td style=\"text-align: left\"><code style=\"color: #000000;font-size: 1rem\">\u00a0<\/code><\/td><td style=\"text-align: left\"><code style=\"color: #000000;font-size: 1rem\">\u00a0<\/code><\/td><td style=\"text-align: left\"><code style=\"color: #000000;font-size: 1rem\">\u00a0<\/code><\/td><td style=\"text-align: left\"><code style=\"color: #000000;font-size: 1rem\">\u00a0<\/code><\/td><td style=\"text-align: left\"><code style=\"color: #000000;font-size: 1rem\">\u00a0<\/code><\/td><\/tr><tr bgcolor=\"gold\"><td style=\"text-align: right\"><code style=\"color: #333333;font-size: 1rem\"><strong>TOTAL I + II + III<\/strong><\/code><\/td><td style=\"text-align: right\"><code style=\"color: #333333;font-size: 1rem\"><strong>675 347,98<\/strong><\/code><\/td><td style=\"text-align: right\"><code style=\"color: #333333;font-size: 1rem\"><strong>\u00a0<\/strong><\/code><\/td><td style=\"text-align: right\"><code style=\"color: #333333;font-size: 1rem\"><strong>-1 568,13<\/strong><\/code><\/td><td style=\"text-align: right\"><code style=\"color: #333333;font-size: 1rem\">\u00a0<\/code><\/td><td style=\"text-align: right\"><code style=\"color: #333333;font-size: 1rem\"><strong>673 779,85<\/strong><\/code><\/td><\/tr><\/tbody><\/table><p style=\"color: #333333\" align=\"right\"><em><small>D\u00e9lib\u00e9ration n\u00b0 2024-04-08-D-07<\/small><\/em><\/p><table align=\"right\" bgcolor=\"#EEEEEE\"><tbody><tr><td style=\"color: #333333;text-align: left\" width=\"25%\"><strong><u>D\u00e9cision<\/u><\/strong><\/td><td style=\"color: #333333;text-align: left\" width=\"25%\">Sur :<\/td><td style=\"color: #333333;text-align: left\" width=\"50%\">13 pr\u00e9sents<\/td><\/tr><tr><td style=\"color: #333333;text-align: left\">\u00a0<\/td><td style=\"color: #333333;text-align: left\">Pour :<\/td><td style=\"color: #333333;text-align: left\">17 pr\u00e9sents dont 6 pouvoirs<\/td><\/tr><tr><td style=\"color: #333333;text-align: left\">\u00a0<\/td><td style=\"color: #333333;text-align: left\">Contre :<\/td><td style=\"color: #333333;text-align: left\">0<\/td><\/tr><tr><td style=\"color: #333333;text-align: left\">\u00a0<\/td><td style=\"color: #333333;text-align: left\">Abstentions :<\/td><td style=\"color: #333333;text-align: left\">3 dont 1 pouvoir<\/td><\/tr><\/tbody><\/table><p style=\"color: #333333;padding-left: 40px\" align=\"justify\"><em><strong>Monsieur Le Maire quitte la salle du conseil Municipal<\/strong><\/em><\/p><div id=\"CM08042024Sept\" style=\"color: #333333\"><strong><u>7 &#8211; Compte administratif budget annexe Lotissement de la Ferme Jourdan 2023<\/u><\/strong><\/div><p style=\"color: #333333;padding-left: 40px\" align=\"justify\">St\u00e9phanie WATTIEZ, Adjointe aux finances, donne lecture du compte administratif Lotissement Ferme Jourdan 2023, qu&#8217;elle commente en d\u00e9taillant les points principaux<\/p><table align=\"center\" bgcolor=\"#EEEEEE\"><tbody><tr><td style=\"text-align: center;color: #333333;font-size: 2rem\" colspan=\"7\"><strong>Ville de THIANT<br \/>Compte Administratif annexe 2023 &#8220;Lotissement&#8221;<\/strong><\/td><\/tr><tr><td style=\"text-align: center;color: #333333;font-size: 1.3rem\" colspan=\"7\"><strong>SECTION D&#8217;INVESTISSEMENT<\/strong><\/td><\/tr><tr><td style=\"text-align: left;color: #333333;font-size: 1rem\" colspan=\"3\"><strong>D\u00e9penses<\/strong><\/td><td bgcolor=\"#FFFFFF\">\u00a0<\/td><td style=\"text-align: left;color: #333333;font-size: 1rem\" colspan=\"3\"><strong>Recettes<\/strong><\/td><\/tr><tr><td style=\"text-align: center;color: #333333;font-size: 1.3rem\" colspan=\"7\">\u00a0<\/td><\/tr><tr><td style=\"color: #333333;font-size: 1rem;text-align: left\" colspan=\"2\" bgcolor=\"#BBBBBB\"><strong>D\u00e9penses autres que stock<\/strong><\/td><td style=\"color: #333333;font-size: 1rem;text-align: left\" bgcolor=\"#BBBBBB\"><strong>0,00 \u20ac<\/strong><\/td><td bgcolor=\"#FFFFFF\">\u00a0<\/td><td style=\"color: #333333;font-size: 1rem;text-align: left\" colspan=\"2\" bgcolor=\"#BBBBBB\"><strong>Recettes autres que stock<\/strong><\/td><td style=\"color: #333333;font-size: 1rem;text-align: left\" bgcolor=\"#BBBBBB\"><strong>0,00 \u20ac<\/strong><\/td><\/tr><tr><td style=\"text-align: left;color: #333333;font-size: 1rem\">\u00a0<\/td><td style=\"text-align: left;color: #333333;font-size: 1rem\">\u00a0<\/td><td style=\"text-align: left;color: #333333;font-size: 1rem\">\u00a0<\/td><td bgcolor=\"#FFFFFF\">\u00a0<\/td><td style=\"text-align: left;color: #333333;font-size: 1rem\">1328<\/td><td style=\"text-align: left;color: #333333;font-size: 1rem\">\u00a0<\/td><td style=\"text-align: left;color: #333333;font-size: 1rem\">\u00a0<\/td><\/tr><tr><td style=\"text-align: left;color: #333333;font-size: 1rem\">164<\/td><td style=\"text-align: left;color: #333333;font-size: 1rem\">Emprunts<\/td><td style=\"text-align: left;color: #333333;font-size: 1rem\">0,00 \u20ac<\/td><td bgcolor=\"#FFFFFF\">\u00a0<\/td><td style=\"text-align: left;color: #333333;font-size: 1rem\">164<\/td><td style=\"text-align: left;color: #333333;font-size: 1rem\">Emprunts<\/td><td style=\"text-align: left;color: #333333;font-size: 1rem\">0,00 \u20ac<\/td><\/tr><tr><td style=\"text-align: left;color: #333333;font-size: 1rem\">168741<\/td><td style=\"text-align: left;color: #333333;font-size: 1rem\">Avance de la Commune<\/td><td style=\"text-align: left;color: #333333;font-size: 1rem\">\u00a0<\/td><td bgcolor=\"#FFFFFF\">\u00a0<\/td><td style=\"text-align: left;color: #333333;font-size: 1rem\">168741<\/td><td style=\"text-align: left;color: #333333;font-size: 1rem\">Avance de la Commune (1)<\/td><td style=\"text-align: left;color: #333333;font-size: 1rem\">\u00a0<\/td><\/tr><tr><td style=\"text-align: left;color: #333333;font-size: 1rem\" bgcolor=\"#BBBBBB\">001<\/td><td style=\"text-align: left;color: #333333;font-size: 1rem\" bgcolor=\"#BBBBBB\">D\u00e9ficit report\u00e9<\/td><td style=\"text-align: left;color: #333333;font-size: 1rem\" bgcolor=\"#BBBBBB\">0,00 \u20ac<\/td><td bgcolor=\"#FFFFFF\">\u00a0<\/td><td style=\"text-align: left;color: #333333;font-size: 1rem\" bgcolor=\"#BBBBBB\">001<\/td><td style=\"text-align: left;color: #333333;font-size: 1rem\" bgcolor=\"#BBBBBB\">Exc\u00e9dent report\u00e9<\/td><td style=\"text-align: left;color: #333333;font-size: 1rem\" bgcolor=\"#BBBBBB\">\u00a0<\/td><\/tr><tr><td style=\"text-align: left;color: #333333;font-size: 1rem\" bgcolor=\"#BBBBBB\">040<\/td><td style=\"text-align: left;color: #333333;font-size: 1rem\" bgcolor=\"#BBBBBB\">Op\u00e9rat&#8217; ordre transfert entre sec<\/td><td style=\"text-align: left;color: #333333;font-size: 1rem\" bgcolor=\"#BBBBBB\">88 267,81 \u20ac<\/td><td bgcolor=\"#FFFFFF\">\u00a0<\/td><td style=\"text-align: left;color: #333333;font-size: 1rem\" bgcolor=\"#BBBBBB\">010<\/td><td style=\"text-align: left;color: #333333;font-size: 1rem\" bgcolor=\"#BBBBBB\">Stocks<\/td><td style=\"text-align: left;color: #333333;font-size: 1rem\" bgcolor=\"#BBBBBB\">86 699,68 \u20ac<\/td><\/tr><tr><td style=\"text-align: left;color: #333333;font-size: 1rem\">3351<\/td><td style=\"text-align: left;color: #333333;font-size: 1rem\">terrains<\/td><td style=\"text-align: left;color: #333333;font-size: 1rem\" bgcolor=\"#99c893\">\u00a0<\/td><td bgcolor=\"#FFFFFF\">\u00a0<\/td><td style=\"text-align: left;color: #333333;font-size: 1rem\">3351<\/td><td style=\"text-align: left;color: #333333;font-size: 1rem\">Travaux<\/td><td style=\"text-align: left;color: #333333;font-size: 1rem\">\u00a0<\/td><\/tr><tr><td style=\"text-align: left;color: #333333;font-size: 1rem\">3354<\/td><td style=\"text-align: left;color: #333333;font-size: 1rem\">Etudes<\/td><td style=\"text-align: left;color: #333333;font-size: 1rem\" bgcolor=\"#99c893\">\u00a0<\/td><td bgcolor=\"#FFFFFF\">\u00a0<\/td><td style=\"text-align: left;color: #333333;font-size: 1rem\" colspan=\"2\">3354<\/td><td style=\"text-align: left;color: #333333;font-size: 1rem\">8 622,50 \u20ac<\/td><\/tr><tr><td style=\"text-align: left;color: #333333;font-size: 1rem\">3355<\/td><td style=\"text-align: left;color: #333333;font-size: 1rem\">travaux<\/td><td style=\"text-align: left;color: darkred;font-size: 1rem\" bgcolor=\"#99c893\">88 267,81 \u20ac<\/td><td bgcolor=\"#FFFFFF\">\u00a0<\/td><td style=\"text-align: left;color: #333333;font-size: 1rem\" colspan=\"2\">3355<\/td><td style=\"text-align: left;color: #333333;font-size: 1rem\">78 077,18 \u20ac<\/td><\/tr><tr><td style=\"text-align: left;color: #333333;font-size: 1rem\" colspan=\"2\">3355<\/td><td style=\"text-align: left;color: darkred;font-size: 1rem\" bgcolor=\"#99c893\">\u00a0<\/td><td bgcolor=\"#FFFFFF\">\u00a0<\/td><td style=\"text-align: left;color: darkgreen;font-size: 1rem\" colspan=\"2\" bgcolor=\"#99c893\">3355<\/td><td style=\"text-align: left;color: #333333;font-size: 1rem\" bgcolor=\"#99c893\">\u00a0<\/td><\/tr><tr><td style=\"text-align: left;color: #333333;font-size: 1rem\" colspan=\"2\"><strong>TOTAL<\/strong><\/td><td style=\"text-align: left;color: #333333;font-size: 1rem\" bgcolor=\"#99c893\"><strong>88 267,81 \u20ac<\/strong><\/td><td bgcolor=\"#FFFFFF\">\u00a0<\/td><td style=\"text-align: left;color: #333333;font-size: 1rem\" colspan=\"2\"><strong>TOTAL<\/strong><\/td><td style=\"text-align: left;color: #333333;font-size: 1rem\" bgcolor=\"#99c893\"><strong>86 699,68 \u20ac<\/strong><\/td><\/tr><tr><td style=\"text-align: left;color: #333333;font-size: 1rem\" colspan=\"3\">\u00a0<\/td><td bgcolor=\"#FFFFFF\">\u00a0<\/td><td style=\"text-align: left;color: #333333;font-size: 1rem\" colspan=\"3\"><small>(1) Avance sur le Budget principal de la Commune<\/small><\/td><\/tr><tr><td style=\"text-align: center;color: #333333;font-size: 1.3rem\" colspan=\"7\"><strong>SECTION DE FONCTIONNEMENT<\/strong><\/td><\/tr><tr><td style=\"text-align: left;color: #333333;font-size: 1rem\" colspan=\"3\"><strong>D\u00e9penses<\/strong><\/td><td bgcolor=\"#FFFFFF\">\u00a0<\/td><td style=\"text-align: left;color: #333333;font-size: 1rem\" colspan=\"3\"><strong>Recettes<\/strong><\/td><\/tr><tr><td style=\"text-align: center;color: #333333;font-size: 1.3rem\" colspan=\"7\">\u00a0<\/td><\/tr><tr><td style=\"color: #333333;font-size: 1rem;text-align: left\" bgcolor=\"#BBBBBB\"><strong>011<\/strong><\/td><td style=\"color: #333333;font-size: 1rem;text-align: left\" bgcolor=\"#BBBBBB\"><strong>Charges \u00e0 caract\u00e8re g\u00e9n\u00e9ral<\/strong><\/td><td style=\"color: #333333;font-size: 1rem;text-align: left\" bgcolor=\"#BBBBBB\"><strong>1 569,44 \u20ac<\/strong><\/td><td bgcolor=\"#FFFFFF\">\u00a0<\/td><td style=\"color: #333333;font-size: 1rem;text-align: left\" bgcolor=\"#BBBBBB\"><strong>70<\/strong><\/td><td style=\"color: #333333;font-size: 1rem;text-align: left\" bgcolor=\"#BBBBBB\"><strong>Produit des ventes<\/strong><\/td><td style=\"color: #333333;font-size: 1rem;text-align: left\" bgcolor=\"#BBBBBB\"><strong>1,31 \u20ac<\/strong><\/td><\/tr><tr><td style=\"text-align: left;color: #333333;font-size: 1rem\">6015<\/td><td style=\"text-align: left;color: #333333;font-size: 1rem\">Terrains \u00e0 am\u00e9nager<\/td><td style=\"text-align: left;color: #333333;font-size: 1rem\">\u00a0<\/td><td bgcolor=\"#FFFFFF\">\u00a0<\/td><td style=\"text-align: left;color: #333333;font-size: 1rem\">7015<\/td><td style=\"text-align: left;color: #333333;font-size: 1rem\">Vente de terrains am\u00e9nag\u00e9s<\/td><td style=\"text-align: left;color: #333333;font-size: 1rem\">\u00a0<\/td><\/tr><tr><td style=\"text-align: left;color: #333333;font-size: 1rem\">6045<\/td><td style=\"text-align: left;color: #333333;font-size: 1rem\">Etudes<\/td><td style=\"text-align: left;color: #333333;font-size: 1rem\">\u00a0<\/td><td bgcolor=\"#FFFFFF\">\u00a0<\/td><td style=\"text-align: left;color: #333333;font-size: 1rem\">7588<\/td><td style=\"text-align: left;color: #333333;font-size: 1rem\">Autres produits de gestion courante<\/td><td style=\"text-align: left;color: #333333;font-size: 1rem\">1,31 \u20ac<\/td><\/tr><tr><td style=\"text-align: left;color: #333333;font-size: 1rem\">605<\/td><td style=\"text-align: left;color: #333333;font-size: 1rem\">Travaux<\/td><td style=\"text-align: left;color: #333333;font-size: 1rem\">1 569,44 \u20ac<\/td><td bgcolor=\"#FFFFFF\">\u00a0<\/td><td style=\"text-align: left;color: #333333;font-size: 1rem\" bgcolor=\"#BBBBBB\">\u00a0<\/td><td style=\"text-align: left;color: #333333;font-size: 1rem\" bgcolor=\"#BBBBBB\"><strong>Autres recettes d&#8217;exploitation<\/strong><\/td><td style=\"text-align: left;color: #333333;font-size: 1rem\" bgcolor=\"#BBBBBB\"><strong>0,00 \u20ac<\/strong><\/td><\/tr><tr><td style=\"text-align: left;color: #333333;font-size: 1rem\" bgcolor=\"#BBBBBB\">001<\/td><td style=\"text-align: left;color: #333333;font-size: 1rem\" bgcolor=\"#BBBBBB\">D\u00e9ficit report\u00e9<\/td><td style=\"text-align: left;color: #333333;font-size: 1rem\" bgcolor=\"#BBBBBB\">0,00 \u20ac<\/td><td bgcolor=\"#FFFFFF\">\u00a0<\/td><td style=\"text-align: left;color: #333333;font-size: 1rem\" bgcolor=\"#BBBBBB\">001<\/td><td style=\"text-align: left;color: #333333;font-size: 1rem\" bgcolor=\"#BBBBBB\">Exc\u00e9dent report\u00e9<\/td><td style=\"text-align: left;color: #333333;font-size: 1rem\" bgcolor=\"#BBBBBB\">\u00a0<\/td><\/tr><tr><td style=\"text-align: left;color: #333333;font-size: 1rem\" bgcolor=\"#BBBBBB\">040<\/td><td style=\"text-align: left;color: #333333;font-size: 1rem\" bgcolor=\"#BBBBBB\">Op\u00e9rat&#8217; ordre transfert entre sec<\/td><td style=\"text-align: left;color: #333333;font-size: 1rem\" bgcolor=\"#BBBBBB\">88 267,81 \u20ac<\/td><td bgcolor=\"#FFFFFF\">\u00a0<\/td><td style=\"text-align: left;color: #333333;font-size: 1rem\" bgcolor=\"#BBBBBB\">010<\/td><td style=\"text-align: left;color: #333333;font-size: 1rem\" bgcolor=\"#BBBBBB\">Stocks<\/td><td style=\"text-align: left;color: #333333;font-size: 1rem\" bgcolor=\"#BBBBBB\">86 699,68 \u20ac<\/td><\/tr><tr><td style=\"text-align: left;color: #333333;font-size: 1rem\">3351<\/td><td style=\"text-align: left;color: #333333;font-size: 1rem\">terrains<\/td><td style=\"text-align: left;color: #333333;font-size: 1rem\" bgcolor=\"#99c893\">\u00a0<\/td><td bgcolor=\"#FFFFFF\">\u00a0<\/td><td style=\"text-align: left;color: #333333;font-size: 1rem\">3351<\/td><td style=\"text-align: left;color: #333333;font-size: 1rem\">Travaux<\/td><td style=\"text-align: left;color: #333333;font-size: 1rem\">\u00a0<\/td><\/tr><tr><td style=\"text-align: left;color: #333333;font-size: 1rem\">3354<\/td><td style=\"text-align: left;color: #333333;font-size: 1rem\">Etudes<\/td><td style=\"text-align: left;color: #333333;font-size: 1rem\" bgcolor=\"#99c893\">\u00a0<\/td><td bgcolor=\"#FFFFFF\">\u00a0<\/td><td style=\"text-align: left;color: #333333;font-size: 1rem\" colspan=\"2\">3354<\/td><td style=\"text-align: left;color: #333333;font-size: 1rem\">8 622,50 \u20ac<\/td><\/tr><tr><td style=\"text-align: left;color: #333333;font-size: 1rem\">3355<\/td><td style=\"text-align: left;color: #333333;font-size: 1rem\">travaux<\/td><td style=\"text-align: left;color: darkred;font-size: 1rem\" bgcolor=\"#99c893\">88 267,81 \u20ac<\/td><td bgcolor=\"#FFFFFF\">\u00a0<\/td><td style=\"text-align: left;color: #333333;font-size: 1rem\" colspan=\"2\">3355<\/td><td style=\"text-align: left;color: #333333;font-size: 1rem\">78 077,18 \u20ac<\/td><\/tr><tr><td style=\"text-align: left;color: #333333;font-size: 1rem\" colspan=\"2\">3355<\/td><td style=\"text-align: left;color: darkred;font-size: 1rem\" bgcolor=\"#99c893\">\u00a0<\/td><td bgcolor=\"#FFFFFF\">\u00a0<\/td><td style=\"text-align: left;color: darkgreen;font-size: 1rem\" colspan=\"2\" bgcolor=\"#99c893\">3355<\/td><td style=\"text-align: left;color: #333333;font-size: 1rem\" bgcolor=\"#99c893\">\u00a0<\/td><\/tr><tr><td style=\"text-align: left;color: #333333;font-size: 1rem\" colspan=\"2\"><strong>TOTAL<\/strong><\/td><td style=\"text-align: left;color: #333333;font-size: 1rem\" bgcolor=\"#99c893\"><strong>88 267,81 \u20ac<\/strong><\/td><td bgcolor=\"#FFFFFF\">\u00a0<\/td><td style=\"text-align: left;color: #333333;font-size: 1rem\" colspan=\"2\"><strong>TOTAL<\/strong><\/td><td style=\"text-align: left;color: #333333;font-size: 1rem\" bgcolor=\"#99c893\"><strong>86 699,68 \u20ac<\/strong><\/td><\/tr><\/tbody><\/table><table width=\"20%\" align=\"center\" bgcolor=\"#EEEEEE\"><tbody><tr><td width=\"30%\">\u00a0<\/td><td style=\"color: #333333;text-align: left;font-size: 1rem\" width=\"70%\">D\u00e9penses r\u00e9elles (mandats)<\/td><\/tr><tr><td>\u00a0<\/td><td style=\"color: #333333;text-align: left;font-size: 1rem\">Recettes r\u00e9elles (titres)<\/td><\/tr><tr><td bgcolor=\"#99c893\">\u00a0<\/td><td style=\"color: #333333;text-align: left;font-size: 1rem\">Op\u00e9rations d&#8217;ordre budg\u00e9taire<\/td><\/tr><\/tbody><\/table><table align=\"left\" bgcolor=\"#EEEEEE\"><tbody><tr><td style=\"color: #ffffff;text-align: center;vertical-align: middle;font-size: 1rem\" rowspan=\"2\" bgcolor=\"#000000;\">Libell\u00e9s<\/td><td style=\"color: #ffffff;text-align: center;font-size: 1rem\" colspan=\"2\" bgcolor=\"#000000;\"><strong>Investissements<\/strong><\/td><td style=\"color: #ffffff;text-align: center;font-size: 1rem\" colspan=\"2\" bgcolor=\"#000000;\"><strong>Fonctionnement<\/strong><\/td><td style=\"color: #ffffff;text-align: center;font-size: 1rem\" colspan=\"2\" bgcolor=\"#000000;\"><strong>Ensemble<\/strong><\/td><\/tr><tr><td style=\"color: #ffffff;text-align: center;font-size: 1rem\" bgcolor=\"#000000;\">D\u00e9penses ou d\u00e9ficits (1)<\/td><td style=\"color: #ffffff;text-align: center;font-size: 1rem\" bgcolor=\"#000000;\">Recettes ou exc\u00e9dents (1)<\/td><td style=\"color: #ffffff;text-align: center;font-size: 1rem\" bgcolor=\"#000000;\">D\u00e9penses ou d\u00e9ficits (1)<\/td><td style=\"color: #ffffff;text-align: center;font-size: 1rem\" bgcolor=\"#000000;\">Recettes ou exc\u00e9dents (1)<\/td><td style=\"color: #ffffff;text-align: center;font-size: 1rem\" bgcolor=\"#000000;\">D\u00e9penses ou d\u00e9ficits (1)<\/td><td style=\"color: #ffffff;text-align: center;font-size: 1rem\" bgcolor=\"#000000;\">Recettes ou exc\u00e9dents (1)<\/td><\/tr><tr><td style=\"color: #000000;text-align: center;font-size: 1rem\" colspan=\"7\"><strong>COMPTE ADMINISTRATIF PRINCIPAL<\/strong><\/td><\/tr><tr><td style=\"color: #333333;text-align: left;font-size: 1rem\" bgcolor=\"gold\">R\u00e9sultats report\u00e9s<\/td><td style=\"color: #333333;text-align: right;font-size: 1rem\" bgcolor=\"gold\">\u00a0<\/td><td style=\"color: #333333;text-align: right;font-size: 1rem\" bgcolor=\"gold\">675 347,98<\/td><td style=\"color: #333333;text-align: right;font-size: 1rem\" bgcolor=\"gold\">\u00a0<\/td><td style=\"color: #333333;text-align: right;font-size: 1rem\" bgcolor=\"gold\">\u00a0<\/td><td style=\"color: #333333;text-align: right;font-size: 1rem\" bgcolor=\"gold\">\u00a0<\/td><td style=\"color: #333333;text-align: right;font-size: 1rem\" bgcolor=\"gold\">675 347,98<\/td><\/tr><tr><td style=\"color: #333333;text-align: left;font-size: 1rem\" bgcolor=\"gold\">Op\u00e9rations de l&#8217;exercice<\/td><td style=\"color: #333333;text-align: right;font-size: 1rem\" bgcolor=\"gold\">88 267,81<\/td><td style=\"color: #333333;text-align: right;font-size: 1rem\" bgcolor=\"gold\">86 699,68<\/td><td style=\"color: #333333;text-align: right;font-size: 1rem\" bgcolor=\"gold\">88 269,12<\/td><td style=\"color: #333333;text-align: right;font-size: 1rem\" bgcolor=\"gold\">88 269,12<\/td><td style=\"color: #333333;text-align: right;font-size: 1rem\" bgcolor=\"gold\">176 536,93<\/td><td style=\"color: #333333;text-align: right;font-size: 1rem\" bgcolor=\"gold\">174 968,80<\/td><\/tr><tr><td style=\"color: #333333;text-align: left;font-size: 1rem\">TOTAUX<\/td><td style=\"color: #333333;text-align: right;font-size: 1rem\">88 267,81<\/td><td style=\"color: #333333;text-align: right;font-size: 1rem\">762 047,66<\/td><td style=\"color: #333333;text-align: right;font-size: 1rem\">88 269,12<\/td><td style=\"color: #333333;text-align: right;font-size: 1rem\">88 269,12<\/td><td style=\"color: #333333;text-align: right;font-size: 1rem\">176 536,93<\/td><td style=\"color: #333333;text-align: right;font-size: 1rem\">850 316,78<\/td><\/tr><tr><td style=\"color: #333333;text-align: left;font-size: 1rem\" bgcolor=\"silver\">R\u00e9sultats de cl\u00f4ture<\/td><td style=\"color: #333333;text-align: right;font-size: 1rem\" bgcolor=\"silver\">1 568,13<\/td><td style=\"color: #333333;text-align: right;font-size: 1rem\" bgcolor=\"silver\">\u00a0<\/td><td style=\"color: #333333;text-align: right;font-size: 1rem\" bgcolor=\"silver\">\u00a0<\/td><td style=\"color: #333333;text-align: right;font-size: 1rem\" bgcolor=\"silver\">0<\/td><td style=\"color: #333333;text-align: right;font-size: 1rem\" bgcolor=\"silver\">1 568,13<\/td><td style=\"color: #333333;text-align: right;font-size: 1rem\" bgcolor=\"silver\">\u00a0<\/td><\/tr><tr><td style=\"color: #333333;text-align: left;font-size: 1rem\" bgcolor=\"silver\">Restes \u00e0 r\u00e9aliser<\/td><td style=\"color: #333333;text-align: right;font-size: 1rem\" bgcolor=\"silver\">\u00a0<\/td><td style=\"color: #333333;text-align: right;font-size: 1rem\" bgcolor=\"silver\">\u00a0<\/td><td style=\"color: #333333;text-align: right;font-size: 1rem\" bgcolor=\"silver\">\u00a0<\/td><td style=\"color: #333333;text-align: right;font-size: 1rem\" bgcolor=\"silver\">\u00a0<\/td><td style=\"color: #333333;text-align: right;font-size: 1rem\" bgcolor=\"silver\">\u00a0<\/td><td style=\"color: #333333;text-align: right;font-size: 1rem\" bgcolor=\"silver\">\u00a0<\/td><\/tr><tr><td style=\"color: #333333;text-align: left;font-size: 1rem\">TOTAUX CUMUL\u00c9S<\/td><td style=\"color: #333333;text-align: right;font-size: 1rem\">88 267,81<\/td><td style=\"color: #333333;text-align: right;font-size: 1rem\">762 047,66<\/td><td style=\"color: #333333;text-align: right;font-size: 1rem\">88 269,12<\/td><td style=\"color: #333333;text-align: right;font-size: 1rem\">88 269,12<\/td><td style=\"color: #333333;text-align: right;font-size: 1rem\">176 536,93<\/td><td style=\"color: #333333;text-align: right;font-size: 1rem\">850 316,78<\/td><\/tr><tr><td style=\"color: #333333;text-align: left;font-size: 1rem\" bgcolor=\"gold\">R\u00c9SULTATS D\u00c9FINITIFS<\/td><td style=\"color: #333333;text-align: right;font-size: 1rem\" bgcolor=\"gold\">\u00a0<\/td><td style=\"color: #333333;text-align: right;font-size: 1rem\" bgcolor=\"gold\">673 779,85<\/td><td style=\"color: #333333;text-align: right;font-size: 1rem\" bgcolor=\"gold\">\u00a0<\/td><td style=\"color: #333333;text-align: right;font-size: 1rem\" bgcolor=\"gold\">0<\/td><td style=\"color: #333333;text-align: right;font-size: 1rem\" bgcolor=\"gold\">\u00a0<\/td><td style=\"color: #333333;text-align: right;font-size: 1rem\" bgcolor=\"gold\">673 779,85<\/td><\/tr><\/tbody><\/table><p style=\"color: #333333\"><strong>Le Conseil Municipal apr\u00e8s en avoir d\u00e9lib\u00e9r\u00e9,<\/strong><br \/>par\u00a015 voix pour,\u00a00 voix contre,\u00a03\u00a0abstentions<\/p><table><tbody><tr><td style=\"color: #333333\"><strong>ADOPTE<\/strong><\/td><td style=\"color: #333333;text-align: justify\">le compte administratif 2023 du budget annexe de la commune.<\/td><\/tr><\/tbody><\/table><p style=\"color: #333333\" align=\"right\"><em><small>D\u00e9lib\u00e9ration n\u00b0 2024-04-08-D-08<\/small><\/em><\/p><table align=\"right\" bgcolor=\"#EEEEEE\"><tbody><tr><td style=\"color: #333333;text-align: left\" width=\"25%\"><strong><u>D\u00e9cision<\/u><\/strong><\/td><td style=\"color: #333333;text-align: left\" width=\"25%\">Sur :<\/td><td style=\"color: #333333;text-align: left\" width=\"50%\">12 pr\u00e9sents<\/td><\/tr><tr><td style=\"color: #333333;text-align: left\">\u00a0<\/td><td style=\"color: #333333;text-align: left\">Pour :<\/td><td style=\"color: #333333;text-align: left\">15 dont 5 pouvoirs<\/td><\/tr><tr><td style=\"color: #333333;text-align: left\">\u00a0<\/td><td style=\"color: #333333;text-align: left\">Contre :<\/td><td style=\"color: #333333;text-align: left\">0<\/td><\/tr><tr><td style=\"color: #333333;text-align: left\">\u00a0<\/td><td style=\"color: #333333;text-align: left\">Abstentions :<\/td><td style=\"color: #333333;text-align: left\">3 dont 1 pouvoir<\/td><\/tr><\/tbody><\/table><p style=\"color: #333333;padding-left: 40px\" align=\"justify\"><strong>Retour de Monsieur Le Maire au conseil municipal.<\/strong><\/p><div id=\"CM08042024Huit\" style=\"color: #333333\"><strong><u>8 &#8211; D\u00e9termination et affectation du r\u00e9sultat 2023 annexe Lotissement Ferme Jourdan<\/u><\/strong><\/div><table width=\"75%\"><tbody><tr><td style=\"color: #333333\" width=\"25%\"><strong>Consid\u00e9rant<\/strong><\/td><td style=\"color: #333333;text-align: justify\" width=\"75%\">les articles L. 2311-5 et R.2311-11 du Code G\u00e9n\u00e9ral des Collectivit\u00e9s Territoriales ;<\/td><\/tr><tr><td style=\"color: #333333\" width=\"25%\"><strong>Consid\u00e9rant<\/strong><\/td><td style=\"color: #333333;text-align: justify\" width=\"75%\"><p>l&#8217;instruction comptable M14 et notamment son tome II, titre 3, chapitre 5, relatif \u00e0 la d\u00e9termination des r\u00e9sultats ;<\/p><p>Apr\u00e8s avoir approuv\u00e9 le Compte administratif 2023 qui pr\u00e9sente un exc\u00e9dent de fonctionnement de 0\u20ac selon le d\u00e9tail dessous (H) ;<\/p><\/td><\/tr><tr><td style=\"color: #333333\" width=\"25%\"><strong>Constatant<\/strong><\/td><td style=\"color: #333333;text-align: justify\" width=\"75%\"><p>que la section d&#8217;investissement dudit Compte administratif fait appara\u00eetre :<\/p><ul style=\"color: #333333;text-align: justify\"><li>un solde d&#8217;ex\u00e9cution global de 673 779,85(C),<\/li><li>un solde des restes \u00e0 r\u00e9aliser de 0\u20ac (D),<\/li><\/ul><p>selon le d\u00e9tail ci dessous, et d\u00e9gageant une capacit\u00e9 de financement 673 779,85\u20ac (E);<\/p><\/td><\/tr><tr><td style=\"color: #333333\" width=\"25%\"><strong>Constatant<\/strong><\/td><td style=\"color: #333333;text-align: justify\" width=\"75%\">les \u00e9tats des restes \u00e0 r\u00e9aliser au 31 D\u00e9cembre de l&#8217;ann\u00e9e consid\u00e9r\u00e9e ;<\/td><\/tr><tr><td style=\"color: #333333\" width=\"25%\"><strong>Constatant<\/strong><\/td><td style=\"color: #333333;text-align: justify\" width=\"75%\">que le budget 2022 comportati en pr\u00e9vision un virement de la section de fonctionnement (compte 023) \u00e0 la section d&#8217;investissement (compte 021) de 0\u20ac.<\/td><\/tr><\/tbody><\/table><p style=\"color: #333333\"><strong>Le Conseil Municipal apr\u00e8s en avoir d\u00e9lib\u00e9r\u00e9,<\/strong><br \/>par\u00a017 voix pour,\u00a00 voix contre,\u00a03\u00a0abstentions<\/p><table width=\"75%\"><tbody><tr><td style=\"color: #333333\" width=\"25%\"><strong>DECIDE<\/strong><\/td><td style=\"color: #333333;text-align: justify\" width=\"75%\">d&#8217;affecter au budget de l&#8217;exercice 2024, l&#8217;exc\u00e9dent de cl\u00f4ture de la section de fonctionnement de fonctionnement de l&#8217;exercice 2023 &#8211; comme suit 0\u20ac (H).<\/td><\/tr><\/tbody><\/table><table width=\"75%\" align=\"left\" bgcolor=\"#EEEEEE\"><tbody><tr><td style=\"color: #333333;text-align: left;vertical-align: top;font-size: 1rem\" rowspan=\"3\" width=\"5%\"><strong>A<\/strong><\/td><td style=\"color: #333333;text-align: left;font-size: 1rem\" colspan=\"3\" width=\"45%\"><strong>D\u00e9termination du r\u00e9sultat d&#8217;investissement de l&#8217;exercice<\/strong><\/td><\/tr><tr><td style=\"color: #333333;text-align: left;font-size: 1rem\">Recettes d&#8217;investissement (H)<\/td><td style=\"color: #333333;text-align: right;font-size: 1rem\">86 699,68 \u20ac<\/td><td style=\"color: red;text-align: right;font-size: 1rem\" rowspan=\"2\">1 568,13 \u20ac<\/td><\/tr><tr><td style=\"color: #333333;text-align: left;font-size: 1rem\">D\u00e9penses d&#8217;investissement (B)<\/td><td style=\"color: #333333;text-align: right;font-size: 1rem\">88 267,81 \u20ac<\/td><\/tr><tr><td style=\"color: #333333;text-align: left;font-size: 1rem\" width=\"5%\"><strong>B<\/strong><\/td><td style=\"color: #333333;text-align: left;font-size: 1rem\" width=\"45%\">R\u00e9sultats ann\u00e9e N-1 (D ou J)<\/td><td width=\"25%\">\u00a0<\/td><td style=\"color: #333333;text-align: right;font-size: 1rem\" width=\"25%\">675 347,98 \u20ac<\/td><\/tr><tr><td style=\"color: #333333;text-align: left;font-size: 1rem\"><strong>C<\/strong><\/td><td style=\"color: #333333;text-align: left;font-size: 1rem\"><strong>R\u00e9sultat comptable cumul\u00e9 (A + B)<\/strong><\/td><td>\u00a0<\/td><td style=\"color: #333333;text-align: right;font-size: 1rem\"><strong>673 779,85 \u20ac<\/strong><\/td><\/tr><tr><td style=\"color: #333333;text-align: left;vertical-align: top;font-size: 1rem\" rowspan=\"3\" width=\"5%\"><strong>D<\/strong><\/td><td style=\"color: #333333;text-align: left;font-size: 1rem\"><strong>Solde des cr\u00e9dits report\u00e9s 2022<\/strong><\/td><td>\u00a0<\/td><td>\u00a0<\/td><\/tr><tr><td style=\"color: #333333;text-align: left;font-size: 1rem\">Recettes<\/td><td style=\"color: #333333;text-align: right;font-size: 1rem\">0,00 \u20ac<\/td><td style=\"color: #333333;text-align: right;font-size: 1rem\" rowspan=\"2\">0,00 \u20ac<\/td><\/tr><tr><td style=\"color: #333333;text-align: left;font-size: 1rem\">D\u00e9penses<\/td><td style=\"color: #333333;text-align: right;font-size: 1rem\">0,00 \u20ac<\/td><\/tr><tr><td style=\"color: #333333;text-align: left;font-size: 1rem\"><strong>E<\/strong><\/td><td style=\"color: #333333;text-align: left;font-size: 1rem\"><strong>R\u00e9sultat Budg\u00e9taire (C + D)<\/strong><\/td><td>\u00a0<\/td><td style=\"color: #333333;text-align: right;font-size: 1rem\"><strong>673 779,85 \u20ac<\/strong><\/td><\/tr><tr><td style=\"color: #333333;text-align: left;vertical-align: top;font-size: 1rem\" rowspan=\"3\" width=\"5%\"><strong>F<\/strong><\/td><td style=\"color: #333333;text-align: left;font-size: 1rem\" colspan=\"3\" width=\"45%\"><strong>D\u00e9termination du r\u00e9sultat de fonctionnement de l&#8217;exercice<\/strong><\/td><\/tr><tr><td style=\"color: #333333;text-align: left;font-size: 1rem\">Recettes de fonctionnement<\/td><td style=\"color: #333333;text-align: right;font-size: 1rem\">88 269,12 \u20ac<\/td><td style=\"color: #333333;text-align: right;font-size: 1rem\" rowspan=\"2\">&#8211; \u20ac<\/td><\/tr><tr><td style=\"color: #333333;text-align: left;font-size: 1rem\">D\u00e9penses de fonctionnement<\/td><td style=\"color: #333333;text-align: right;font-size: 1rem\">88 269,12 \u20ac<\/td><\/tr><tr><td style=\"color: #333333;text-align: left;font-size: 1rem\"><strong>G<\/strong><\/td><td style=\"color: #333333;text-align: left;font-size: 1rem\">R\u00e9sultats ann\u00e9e N-1 (D ou J)<\/td><td>\u00a0<\/td><td style=\"color: #333333;text-align: right;font-size: 1rem\">&#8211; \u20ac<\/td><\/tr><tr><td style=\"color: #333333;text-align: left;font-size: 1rem\"><strong>H<\/strong><\/td><td style=\"color: #333333;text-align: left;font-size: 1rem\"><strong>R\u00e9sultat comptable cumul\u00e9 (F + G)<\/strong><\/td><td>\u00a0<\/td><td style=\"color: #333333;text-align: right;font-size: 1rem\"><strong>&#8211; \u20ac<\/strong><\/td><\/tr><tr><td colspan=\"4\" bgcolor=\"#777777\" height=\"1px\">\u00a0<\/td><\/tr><tr><td style=\"color: #333333;text-align: left;vertical-align: top;font-size: 1rem\" rowspan=\"2\" width=\"5%\"><strong>G<\/strong><\/td><td style=\"color: #333333;text-align: left;font-size: 1rem\" colspan=\"3\" width=\"45%\"><strong>Affectation du r\u00e9sultat de fonctionnement<\/strong><\/td><\/tr><tr><td style=\"color: #333333;text-align: left;font-size: 1rem\">R\u00e9sultat ann\u00e9e N<\/td><td>\u00a0<\/td><td style=\"color: #333333;text-align: right;font-size: 1rem\">&#8211; \u20ac<\/td><\/tr><tr><td style=\"color: #333333;text-align: left;vertical-align: top;font-size: 1rem\" rowspan=\"5\" width=\"5%\"><strong>H<\/strong><\/td><td style=\"color: #333333;text-align: left;font-size: 1rem\"><strong>R\u00e9sultat \u00e0 affecter<\/strong><\/td><td>\u00a0<\/td><td>\u00a0<\/td><\/tr><tr><td style=\"color: #333333;text-align: left;font-size: 1rem\" colspan=\"2\">Couverture du d\u00e9ficit de fonctionnement par r\u00e9duction des charges<\/td><td style=\"color: #333333;text-align: right;vertical-align: middle;font-size: 1rem\" rowspan=\"4\">0,00 \u20ac<\/td><\/tr><tr><td style=\"color: #333333;text-align: left;font-size: 1rem\">Couverture du d\u00e9ficit d&#8217;investissement (C \/ 1068)<\/td><td style=\"color: #333333;text-align: right;font-size: 1rem\">0,00 \u20ac<\/td><\/tr><tr><td style=\"color: #333333;text-align: left;font-size: 1rem\">Autofinancement compl\u00e9mentaire (C \/ 1068)<\/td><td style=\"color: #333333;text-align: right;font-size: 1rem\">0,00 \u20ac<\/td><\/tr><tr><td style=\"color: #333333;text-align: left;font-size: 1rem\">Report \u00e0 nouveau<\/td><td>\u00a0<\/td><\/tr><\/tbody><\/table><p style=\"color: #333333;padding-left: 40px\" align=\"justify\">Consid\u00e9rant le r\u00e9sultat de cl\u00f4ture de l&#8217;exercice 2023 du budget annexe Lotissement Ferme Jourdan,<\/p><p style=\"color: #333333\"><strong>Le Conseil Municipal apr\u00e8s en avoir d\u00e9lib\u00e9r\u00e9,<\/strong><br \/>par\u00a017 voix pour,\u00a00 voix contre,\u00a03\u00a0abstentions<\/p><table width=\"75%\"><tbody><tr><td style=\"color: #333333\" width=\"25%\"><strong>DECIDE<\/strong><\/td><td style=\"color: #333333;text-align: justify\" width=\"75%\">de reprendre comme suit au budget 2024 les exc\u00e9dents de l&#8217;exercice 2023 :<\/td><\/tr><\/tbody><\/table><table width=\"75%\" align=\"left\"><tbody><tr><td width=\"30%\">\u00a0<\/td><td style=\"color: #333333;text-align: center;font-size: 1rem\" bgcolor=\"#EEEEEE\" width=\"35%\"><strong>Recettes<\/strong><\/td><td style=\"color: #333333;text-align: center;font-size: 1rem\" colspan=\"2\" bgcolor=\"#EEEEEE\" width=\"35%\"><strong>D\u00e9penses<\/strong><\/td><\/tr><tr bgcolor=\"#EEEEEE\"><td style=\"color: #333333;text-align: left;font-size: 1rem\"><strong>Section de fonctionnement<\/strong><br \/>C \/ 002<\/td><td style=\"color: #333333;text-align: right;font-size: 1rem\">&#8211; \u20ac<\/td><td style=\"color: #333333;text-align: right;font-size: 1rem\" colspan=\"2\">\u00a0<\/td><\/tr><tr bgcolor=\"#EEEEEE\"><td style=\"color: #333333;text-align: left;font-size: 1rem\"><strong>Section d&#8217;investissement<\/strong><\/td><td style=\"color: #333333;text-align: center;font-size: 1rem\"><strong>Recettes<\/strong><\/td><td style=\"color: #333333;text-align: center;font-size: 1rem\" colspan=\"2\"><strong>D\u00e9penses<\/strong><\/td><\/tr><tr bgcolor=\"#EEEEEE\"><td style=\"color: #333333;text-align: left;font-size: 1rem\">\u00a0<\/td><td style=\"color: #333333;text-align: right;font-size: 1rem\">\u00a0<\/td><td style=\"color: #333333;text-align: center;font-size: 1rem\" colspan=\"2\">cr\u00e9dits report\u00e9s<\/td><\/tr><tr bgcolor=\"#EEEEEE\"><td style=\"color: #333333;text-align: left;font-size: 1rem\">C \/ 001<\/td><td style=\"color: #333333;text-align: right;font-size: 1rem\" bgcolor=\"#EEEEEE\"><strong>673 779,85 \u20ac<\/strong><\/td><td style=\"color: #333333;text-align: right;font-size: 1rem\" colspan=\"2\" bgcolor=\"#EEEEEE\">\u00a0<\/td><\/tr><tr bgcolor=\"#EEEEEE\"><td style=\"color: #333333;text-align: left;font-size: 1rem\"><strong>TOTAL<\/strong><\/td><td style=\"color: #333333;text-align: right;font-size: 1rem\" bgcolor=\"#EEEEEE\"><strong>673 779,85 \u20ac<\/strong><\/td><td style=\"color: #333333;text-align: center;font-size: 1rem\" colspan=\"2\" bgcolor=\"#EEEEEE\"><strong>0,00 \u20ac<\/strong><\/td><\/tr><\/tbody><\/table><table width=\"100%\" align=\"center\" bgcolor=\"#EEEEEE\"><tbody><tr><td style=\"color: #333333;text-align: left;font-size: 1rem\"><strong>R\u00e9sultat du budget annexe Lotissement Ferme JOURDAN de la commune de Thiant 2023<\/strong><\/td><\/tr><tr><td width=\"33%\">\u00a0<\/td><td style=\"color: #333333;text-align: left;font-size: 1rem\" width=\"33%\"><strong>Avant 2023<\/strong><\/td><td style=\"color: #333333;text-align: right;font-size: 1rem\" width=\"33%\"><strong>&#8211; \u20ac<\/strong><\/td><\/tr><tr><td style=\"color: #333333;text-align: left;font-size: 1rem\" colspan=\"3\"><strong>FONCTIONNEMENT<\/strong><\/td><\/tr><tr><td>\u00a0<\/td><td style=\"color: #333333;text-align: left;font-size: 1rem\"><strong>RECETTES<\/strong><\/td><td style=\"color: #333333;text-align: right;font-size: 1rem\"><strong>88 269,12 \u20ac<\/strong><\/td><\/tr><tr><td>\u00a0<\/td><td style=\"color: #333333;text-align: left;font-size: 1rem\"><strong>DEPENSES<\/strong><\/td><td style=\"color: #333333;text-align: right;font-size: 1rem\"><strong>88 269,12 \u20ac<\/strong><\/td><\/tr><tr><td>\u00a0<\/td><td style=\"color: #333333;text-align: left;font-size: 1rem\"><strong>SOLDE 2023<\/strong><\/td><td style=\"color: #333333;text-align: right;font-size: 1rem\"><strong>&#8211; \u20ac<\/strong><\/td><\/tr><tr><td style=\"color: #333333;text-align: left;font-size: 1rem\" colspan=\"2\" bgcolor=\"gold\">RESULTAT FONCTIONNEMENT CUMULE<\/td><td style=\"color: #333333;text-align: right;font-size: 1rem\" bgcolor=\"pink\">&#8211; \u20ac<\/td><\/tr><tr><td>\u00a0<\/td><td style=\"color: #333333;text-align: left;font-size: 1rem\"><strong>AVANT 2023<\/strong><\/td><td style=\"color: red;text-align: right;font-size: 1rem\"><strong>675 347,98 \u20ac<\/strong><\/td><\/tr><tr><td style=\"color: #333333;text-align: left;font-size: 1rem\" colspan=\"3\"><strong>INVESTISSEMENT<\/strong><\/td><\/tr><tr><td>\u00a0<\/td><td style=\"color: #333333;text-align: left;font-size: 1rem\"><strong>RECETTES<\/strong><\/td><td style=\"color: #333333;text-align: right;font-size: 1rem\"><strong>86 699,68 \u20ac<\/strong><\/td><\/tr><tr><td>\u00a0<\/td><td style=\"color: #333333;text-align: left;font-size: 1rem\"><strong>DEPENSES<\/strong><\/td><td style=\"color: #333333;text-align: right;font-size: 1rem\"><strong>88 267,81 \u20ac<\/strong><\/td><\/tr><tr><td>\u00a0<\/td><td style=\"color: #333333;text-align: left;font-size: 1rem\"><strong>SOLDE 2023<\/strong><\/td><td style=\"color: red;text-align: right;font-size: 1rem\"><strong>&#8211; 1 568,13 \u20ac<\/strong><\/td><\/tr><tr><td style=\"color: #333333;text-align: left;font-size: 1rem\" colspan=\"2\" bgcolor=\"gold\">RESULTAT INVESTISSEMENT CUMULE<\/td><td style=\"color: red;text-align: right;font-size: 1rem\" bgcolor=\"gold\">673 779,85 \u20ac<\/td><\/tr><\/tbody><\/table><p style=\"color: #333333\" align=\"right\"><em><small>D\u00e9lib\u00e9ration n\u00b0 2024-04-08-D09 ET D10<\/small><\/em><\/p><table align=\"right\" bgcolor=\"#EEEEEE\"><tbody><tr><td style=\"color: #333333;text-align: left\" width=\"25%\"><strong><u>D\u00e9cision<\/u><\/strong><\/td><td style=\"color: #333333;text-align: left\" width=\"25%\">Sur :<\/td><td style=\"color: #333333;text-align: left\" width=\"50%\">13 pr\u00e9sents<\/td><\/tr><tr><td style=\"color: #333333;text-align: left\">\u00a0<\/td><td style=\"color: #333333;text-align: left\">Pour :<\/td><td style=\"color: #333333;text-align: left\">17 dont 6 pvrs<\/td><\/tr><tr><td style=\"color: #333333;text-align: left\">\u00a0<\/td><td style=\"color: #333333;text-align: left\">Contre :<\/td><td style=\"color: #333333;text-align: left\">0<\/td><\/tr><tr><td style=\"color: #333333;text-align: left\">\u00a0<\/td><td style=\"color: #333333;text-align: left\">Abstentions :<\/td><td style=\"color: #333333;text-align: left\">3 dont 1 pouvoir<\/td><\/tr><\/tbody><\/table><div id=\"CM08042024Neuf\" style=\"color: #333333\"><strong><u>9 &#8211; Bilan des acquisitions et cessions 2023 annexe Lotissement Ferme Jourdan<\/u><\/strong><\/div><p style=\"color: #333333;padding-left: 40px\" align=\"justify\"><em>Pr\u00e9sentation est faite par Madame L&#8217;Adjointe aux finances.<\/em><\/p><p style=\"color: #333333;padding-left: 40px\" align=\"justify\">Consid\u00e9rant que l&#8217;article L. 2241-1 du Code g\u00e9n\u00e9ral des collectivit\u00e9s territoriales pr\u00e9voit la tenue par les communes de plus de 2000 habitants, d&#8217;un bilan des acquisitions et cessions op\u00e9r\u00e9es sur le territoire de la commune par celle-ci ou par une personne publique ou priv\u00e9e agissant dans le cadre d&#8217;une convention ou d\u00e9l\u00e9gation avec cette commune ;<br \/>Consid\u00e9rant que, chaque ann\u00e9e, selon ce m\u00eame article, le bilan, qui doit \u00eatre annex\u00e9 au compte administratif du budget annexe de la commune, donne lieu \u00e0 d\u00e9lib\u00e9ration du conseil municipal ;<\/p><p style=\"color: #333333\"><strong>Le Conseil Municipal apr\u00e8s en avoir d\u00e9lib\u00e9r\u00e9,<\/strong><br \/>par\u00a020 voix pour,\u00a00 voix contre,\u00a00\u00a0abstention<\/p><table width=\"75%\"><tbody><tr><td style=\"color: #333333\" width=\"25%\"><strong>APPROUVE<\/strong><\/td><td style=\"color: #333333;text-align: justify\" width=\"75%\">le bilan ci-dessous<\/td><\/tr><\/tbody><\/table><p style=\"color: #333333;padding-left: 40px\" align=\"justify\"><strong>Acquisitions et cessions r\u00e9alis\u00e9es entre le 1<sup>er<\/sup> janvier et le 31 d\u00e9cembre 2023<\/strong><\/p><table width=\"75%\" align=\"left\" bgcolor=\"#EEEEEE\"><tbody><tr><td style=\"color: #333333;text-align: center;font-size: 1rem\" width=\"16%\"><strong>D\u00e9signation des biens<\/strong><\/td><td style=\"color: #333333;text-align: center;font-size: 1rem\" width=\"16%\"><strong>R\u00e9f\u00e9rences cadastrales<\/strong><\/td><td style=\"color: #333333;text-align: center;font-size: 1rem\" width=\"16%\"><strong>Surfaces<\/strong><\/td><td style=\"color: #333333;text-align: left;font-size: 1rem\" width=\"16%\"><strong>Adresse des biens<\/strong><\/td><td style=\"color: #333333;text-align: center;font-size: 1rem\" width=\"16%\"><strong>Propri\u00e9taires<\/strong><\/td><td style=\"color: #333333;text-align: center;font-size: 1rem\" width=\"16%\"><strong>Montant de la transaction (hors frais)<\/strong><\/td><\/tr><tr><td style=\"color: #333333;text-align: center;font-size: 1rem\">N<\/td><td style=\"color: #333333;text-align: center;font-size: 1rem\">\u00c9<\/td><td style=\"color: #333333;text-align: center;font-size: 1rem\">A<\/td><td style=\"color: #333333;text-align: center;font-size: 1rem\">N<\/td><td style=\"color: #333333;text-align: center;font-size: 1rem\">T<\/td><td style=\"color: #333333;text-align: center;font-size: 1rem\">\u00a0<\/td><\/tr><tr><td style=\"color: #333333;text-align: center;font-size: 1rem\">\u00a0<\/td><td style=\"color: #333333;text-align: center;font-size: 1rem\">N<\/td><td style=\"color: #333333;text-align: center;font-size: 1rem\">\u00c9<\/td><td style=\"color: #333333;text-align: center;font-size: 1rem\">A<\/td><td style=\"color: #333333;text-align: center;font-size: 1rem\">N<\/td><td style=\"color: #333333;text-align: center;font-size: 1rem\">T<\/td><\/tr><\/tbody><\/table><p style=\"color: #333333\" align=\"right\"><em><small>D\u00e9lib\u00e9ration n\u00b0 2024-04-08-D11<\/small><\/em><\/p><table align=\"right\" bgcolor=\"#EEEEEE\"><tbody><tr><td style=\"color: #333333;text-align: left\" width=\"25%\"><strong><u>D\u00e9cision<\/u><\/strong><\/td><td style=\"color: #333333;text-align: left\" width=\"25%\">Sur :<\/td><td style=\"color: #333333;text-align: left\" width=\"50%\">13 pr\u00e9sents<\/td><\/tr><tr><td style=\"color: #333333;text-align: left\">\u00a0<\/td><td style=\"color: #333333;text-align: left\">Pour :<\/td><td style=\"color: #333333;text-align: left\">20 dont 7 pvrs<\/td><\/tr><tr><td style=\"color: #333333;text-align: left\">\u00a0<\/td><td style=\"color: #333333;text-align: left\">Contre :<\/td><td style=\"color: #333333;text-align: left\">0<\/td><\/tr><tr><td style=\"color: #333333;text-align: left\">\u00a0<\/td><td style=\"color: #333333;text-align: left\">Abstentions :<\/td><td style=\"color: #333333;text-align: left\">0<\/td><\/tr><\/tbody><\/table><div id=\"CM08042024Dix\" style=\"color: #333333\"><strong><u>10 &#8211; Taux des taxes locales 2024<\/u><\/strong><\/div><p style=\"color: #333333;padding-left: 40px\" align=\"justify\"><em>Pr\u00e9sentation est faite par Madame St\u00e9phanie WATTIEZ et explication est donn\u00e9e du choix de la commission finances d\u2019augmenter de 1% les taux.<\/em><\/p><p><img loading=\"lazy\" decoding=\"async\" class=\"aligncenter wp-image-6653 size-full\" src=\"https:\/\/thiant.fr\/wordpress\/wp-content\/uploads\/2024\/11\/CM_2024-04-08_tableau-taxe-locales_01.png\" alt=\"\" width=\"578\" height=\"372\" srcset=\"https:\/\/thiant.fr\/wordpress\/wp-content\/uploads\/2024\/11\/CM_2024-04-08_tableau-taxe-locales_01.png 578w, https:\/\/thiant.fr\/wordpress\/wp-content\/uploads\/2024\/11\/CM_2024-04-08_tableau-taxe-locales_01-300x193.png 300w\" sizes=\"(max-width: 578px) 100vw, 578px\" \/><img loading=\"lazy\" decoding=\"async\" class=\"aligncenter wp-image-6652 size-full\" src=\"https:\/\/thiant.fr\/wordpress\/wp-content\/uploads\/2024\/11\/CM_2024-04-08_tableau-taxe-locales_02.png\" alt=\"\" width=\"561\" height=\"383\" srcset=\"https:\/\/thiant.fr\/wordpress\/wp-content\/uploads\/2024\/11\/CM_2024-04-08_tableau-taxe-locales_02.png 561w, https:\/\/thiant.fr\/wordpress\/wp-content\/uploads\/2024\/11\/CM_2024-04-08_tableau-taxe-locales_02-300x205.png 300w\" sizes=\"(max-width: 561px) 100vw, 561px\" \/><\/p><p style=\"color: #333333\"><strong>Le Conseil Municipal apr\u00e8s en avoir d\u00e9lib\u00e9r\u00e9,<\/strong><br \/>par\u00a017 voix pour,\u00a00 voix contre,\u00a03\u00a0abstentions<\/p><table width=\"75%\"><tbody><tr><td style=\"color: #333333\" width=\"25%\"><strong>DECIDE<\/strong><\/td><td style=\"color: #333333;text-align: justify\" width=\"75%\">de modifier le taux communal des taxes locales d&#8217;environ 1 % comme suit soit des taux pour le foncier b\u00e2ti de 38.90, pour le non bati de 67.45 et la taxe d&#8217;habitation de 19,60%<\/td><\/tr><\/tbody><\/table><table width=\"75%\" align=\"left\"><tbody><tr><td colspan=\"2\">\u00a0<\/td><td style=\"color: #333333;text-align: center;font-size: 1rem\" colspan=\"2\" bgcolor=\"#EEEEEE\"><strong>Proposition 2024<\/strong><\/td><\/tr><tr><td width=\"25%\">\u00a0<\/td><td style=\"color: #333333;text-align: center;font-size: 1rem\" bgcolor=\"#EEEEEE\" width=\"25%\">Base 2024<\/td><td style=\"color: #333333;text-align: center;font-size: 1rem\" bgcolor=\"#EEEEEE\" width=\"25%\"><strong>Proposition d&#8217;\u00e9volution du taux de 1,01%<\/strong><\/td><td style=\"color: #333333;text-align: center;font-size: 1rem\" bgcolor=\"#EEEEEE\" width=\"25%\"><strong>Simulation des recettes \u00e0 taux major\u00e9 de 1%<\/strong><\/td><\/tr><tr><td style=\"color: #333333;text-align: left;font-size: 1rem\" bgcolor=\"#EEEEEE\"><strong>Taxe fonci\u00e8re b\u00e2ti<\/strong><\/td><td style=\"color: #333333;text-align: right;font-size: 1rem\" bgcolor=\"#EEEEEE\">2 409 000\u20ac<\/td><td style=\"color: #333333;text-align: center;font-size: 1rem\" bgcolor=\"#EEEEEE\">38,90%<\/td><td style=\"color: #333333;text-align: right;font-size: 1rem\" bgcolor=\"#EEEEEE\">937 101\u20ac<\/td><\/tr><tr><td style=\"color: #333333;text-align: left;font-size: 1rem\" bgcolor=\"#EEEEEE\"><strong>Taxe fonci\u00e8re non b\u00e2ti<\/strong><\/td><td style=\"color: #333333;text-align: right;font-size: 1rem\" bgcolor=\"#EEEEEE\">73 300\u20ac<\/td><td style=\"color: #333333;text-align: center;font-size: 1rem\" bgcolor=\"#EEEEEE\">67,45%<\/td><td style=\"color: #333333;text-align: right;font-size: 1rem\" bgcolor=\"#EEEEEE\">49 440\u20ac<\/td><\/tr><tr><td style=\"color: #333333;text-align: left;font-size: 1rem\" bgcolor=\"#EEEEEE\"><strong>Taxe habitation<\/strong><\/td><td style=\"color: #333333;text-align: right;font-size: 1rem\" bgcolor=\"#EEEEEE\">76 900\u20ac<\/td><td style=\"color: #333333;text-align: center;font-size: 1rem\" bgcolor=\"#EEEEEE\">19,60%<\/td><td style=\"color: #333333;text-align: right;font-size: 1rem\" bgcolor=\"#EEEEEE\">15 072\u20ac<\/td><\/tr><tr><td colspan=\"3\">\u00a0<\/td><td style=\"color: #333333;text-align: right;font-size: 1rem\" bgcolor=\"#EEEEEE\"><strong>1 001 613\u20ac<\/strong><\/td><\/tr><\/tbody><\/table><p style=\"color: #333333\" align=\"right\"><em><small>D\u00e9lib\u00e9ration n\u00b0 2024-04-08-D12<\/small><\/em><\/p><table align=\"right\" bgcolor=\"#EEEEEE\"><tbody><tr><td style=\"color: #333333;text-align: left\" width=\"25%\"><strong><u>D\u00e9cision<\/u><\/strong><\/td><td style=\"color: #333333;text-align: left\" width=\"25%\">Sur :<\/td><td style=\"color: #333333;text-align: left\" width=\"50%\">13 pr\u00e9sents<\/td><\/tr><tr><td style=\"color: #333333;text-align: left\">\u00a0<\/td><td style=\"color: #333333;text-align: left\">Pour :<\/td><td style=\"color: #333333;text-align: left\">17 dont 6 pvrs<\/td><\/tr><tr><td style=\"color: #333333;text-align: left\">\u00a0<\/td><td style=\"color: #333333;text-align: left\">Contre :<\/td><td style=\"color: #333333;text-align: left\">0<\/td><\/tr><tr><td style=\"color: #333333;text-align: left\">\u00a0<\/td><td style=\"color: #333333;text-align: left\">Abstentions :<\/td><td style=\"color: #333333;text-align: left\">3 dont 1 pouvoir<\/td><\/tr><\/tbody><\/table><p style=\"color: #333333;padding-left: 40px\" align=\"justify\"><em>Remarques :<br \/>Les bases d&#8217;imposition changent aussi mais c&#8217;est l&#8217;\u00c9tat qui d\u00e9cide de ces changements.<br \/>La commission finances a d\u00e9cid\u00e9 de modifier les taux d&#8217;une augmentation de 1%. La commune n&#8217;a pas augment\u00e9 ces taux depuis plusieurs ann\u00e9es. Pour autant, il faut anticiper les besoins, et pour \u00e9viter que dans peu de temps peut-\u00eatre les taux soient augment\u00e9s de mani\u00e8re cons\u00e9quente la commission a fait le choix de proposer d&#8217;augmenter progressivement et donc une augmentation de 1%. Cela ne fait plaisir \u00e0 personne mais cela est n\u00e9cessaire pour pr\u00e9voir un peu l&#8217;avenir.<br \/>Monsieur Le Maire pr\u00e9cise que le taux d&#8217;inflation est de 5,5 et donc que l&#8217;augmentation est en dessous.<\/em><\/p><div id=\"CM08042024Onze\" style=\"color: #333333\"><strong><u>11 &#8211; Rajout pour la fongibilit\u00e9 des cr\u00e9dits<\/u><\/strong><\/div><p style=\"color: #333333;padding-left: 40px\" align=\"justify\">St\u00e9phanie WATTIEZ, Adjointe aux finances, donne une explication quant \u00e0 cette possibilit\u00e9 qu&#8217;offre l&#8217;instruction budg\u00e9taire et comptable de la M57.<\/p><p style=\"color: #0045ea;padding-left: 40px\" align=\"justify\"><strong>La fongibilit\u00e9 des cr\u00e9dits (sous instruction budg\u00e9taire et comptable M57)<\/strong><\/p><p style=\"color: #333333;padding-left: 40px\" align=\"justify\"><strong>La fongibilit\u00e9 des cr\u00e9dits permet \u00e0 l&#8217;ex\u00e9cutif, sous forme d&#8217;arr\u00eat\u00e9, de proc\u00e9der \u00e0 des mouvements de cr\u00e9dits de chapitre \u00e0 chapitre dans la limite de 7,5% maximum (\u00e0 d\u00e9finir par l&#8217;assembl\u00e9e d\u00e9lib\u00e9rante) des d\u00e9penses r\u00e9elles de chaque section (investissement et fonctionnement).<br \/><span style=\"color: #0045ea\">\u2714 <\/span>Si le % est pr\u00e9cis\u00e9 dans la maquette budg\u00e9taire, une d\u00e9lib\u00e9ration n&#8217;est pas n\u00e9cessaire ;<br \/><span style=\"color: #0045ea\">\u2714<\/span> La d\u00e9lib\u00e9ration doit intervenir avant le vote du budget primitif<\/strong><\/p><table width=\"75%\" bgcolor=\"#FCAC9F;\"><tbody><tr><td style=\"color: #333333;text-align: justify\"><p><strong>Partie \u00e0 compl\u00e9ter sur les maquettes budg\u00e9taires<\/strong><\/p><p>II &#8211; Conform\u00e9ment \u00e0 l&#8217;article I.5217-10-6 du CGCT, l&#8217;assembl\u00e9e d\u00e9lib\u00e9rante autorise le pr\u00e9sident \u00e0 op\u00e9rer des virements de cr\u00e9dits-de-paiement de chapitre \u00e0 chapitre, \u00e0 l&#8217;exclusion des cr\u00e9dits relatifs aux d\u00e9penses de personnel, dans les limites suivantes (3) :<\/p><ul><li>Fonctionnement : %<\/li><li>Investissement : %<\/li><\/ul><\/td><\/tr><\/tbody><\/table><p style=\"color: #333333\"><strong>Le Conseil Municipal apr\u00e8s en avoir d\u00e9lib\u00e9r\u00e9,<\/strong><br \/>par\u00a017 voix pour,\u00a00 voix contre,\u00a03\u00a0abstentions<\/p><table width=\"75%\"><tbody><tr><td style=\"color: #333333\" width=\"25%\"><strong>DECIDE<\/strong><\/td><td style=\"color: #333333;text-align: justify\" width=\"75%\">d&#8217;autoriser la fongibilit\u00e9 des cr\u00e9dits du budget communal au taux maximum de 7,5% des d\u00e9penses r\u00e9elles de chaque section c&#8217;est-\u00e0-dire pour le fonctionnement et l&#8217;investissement.<\/td><\/tr><\/tbody><\/table><p style=\"color: #333333\" align=\"right\"><em><small>D\u00e9lib\u00e9ration n\u00b0 2024-04-08-D13<\/small><\/em><\/p><table align=\"right\" bgcolor=\"#EEEEEE\"><tbody><tr><td style=\"color: #333333;text-align: left\" width=\"25%\"><strong><u>D\u00e9cision<\/u><\/strong><\/td><td style=\"color: #333333;text-align: left\" width=\"25%\">Sur :<\/td><td style=\"color: #333333;text-align: left\" width=\"50%\">13 pr\u00e9sents<\/td><\/tr><tr><td style=\"color: #333333;text-align: left\">\u00a0<\/td><td style=\"color: #333333;text-align: left\">Pour :<\/td><td style=\"color: #333333;text-align: left\">17 dont 6 pvrs<\/td><\/tr><tr><td style=\"color: #333333;text-align: left\">\u00a0<\/td><td style=\"color: #333333;text-align: left\">Contre :<\/td><td style=\"color: #333333;text-align: left\">0<\/td><\/tr><tr><td style=\"color: #333333;text-align: left\">\u00a0<\/td><td style=\"color: #333333;text-align: left\">Abstentions :<\/td><td style=\"color: #333333;text-align: left\">3 dont 1 pouvoir<\/td><\/tr><\/tbody><\/table><div id=\"CM08042024Douze\" style=\"color: #333333\"><strong><u>12 &#8211; Budget Principal commune 2024<\/u><\/strong><\/div><p style=\"color: #333333;padding-left: 40px\" align=\"justify\">St\u00e9phanie WATTIEZ, Adjointe aux finances, donne lecture du budget principal 2024, qu&#8217;elle commente en d\u00e9taillant les points principaux.<\/p><p style=\"color: #333333;text-align: center\"><strong>Budget Primitif Principal &#8211; Exercice 2024 &#8211; Ville de Thiant<\/strong><\/p><table width=\"75%\" align=\"left\"><tbody><tr><td style=\"color: #333333;text-align: left;font-size: 1rem\" width=\"50%\">\u00a0<\/td><td style=\"color: #333333;text-align: center;font-size: 1rem\" bgcolor=\"#EEEEEE\" width=\"25%\"><strong>D\u00e9penses<\/strong><\/td><td style=\"color: #333333;text-align: center;font-size: 1rem\" bgcolor=\"#EEEEEE\" width=\"25%\"><strong>Recettes<\/strong><\/td><\/tr><tr bgcolor=\"#EEEEEE\"><td style=\"color: #333333;text-align: left;font-size: 1rem\"><strong>Section de fonctionnement<\/strong><\/td><td style=\"color: #333333;text-align: right;font-size: 1rem\">4 420 255,70\u20ac<\/td><td style=\"color: #333333;text-align: right;font-size: 1rem\">3 244 272,60\u20ac<\/td><\/tr><tr bgcolor=\"#EEEEEE\"><td style=\"color: #333333;text-align: left;font-size: 1rem\"><strong>Restes \u00e0 r\u00e9aliser de l&#8217;exercice pr\u00e9c\u00e9dent<\/strong><\/td><td style=\"color: #333333;text-align: right;font-size: 1rem\">0,00\u20ac<\/td><td style=\"color: #333333;text-align: right;font-size: 1rem\">0,00\u20ac<\/td><\/tr><tr bgcolor=\"#EEEEEE\"><td style=\"color: #333333;text-align: left;font-size: 1rem\"><strong>002 &#8211; Solde d&#8217;ex\u00e9cution de la section de fonctionnement report\u00e9<\/strong><\/td><td style=\"color: #333333;text-align: right;font-size: 1rem\">0,00\u20ac<\/td><td style=\"color: #333333;text-align: right;font-size: 1rem\">1 175 983,10\u20ac<\/td><\/tr><tr><td style=\"color: #333333;text-align: left;font-size: 1rem\">\u00a0<\/td><td style=\"color: #333333;text-align: right;font-size: 1rem\" bgcolor=\"#EEEEEE\"><strong>4 420 255,70\u20ac<\/strong><\/td><td style=\"color: #333333;text-align: right;font-size: 1rem\" bgcolor=\"#EEEEEE\"><strong>4 420 255,70\u20ac<\/strong><\/td><\/tr><tr><td colspan=\"3\">\u00a0<\/td><\/tr><tr bgcolor=\"#EEEEEE\"><td style=\"color: #333333;text-align: left;font-size: 1rem\"><strong>Section d&#8217;investissement<\/strong><\/td><td style=\"color: #333333;text-align: right;font-size: 1rem\">1 471 087,79\u20ac<\/td><td style=\"color: #333333;text-align: right;font-size: 1rem\">1 368 429,36\u20ac<\/td><\/tr><tr bgcolor=\"#EEEEEE\"><td style=\"color: #333333;text-align: left;font-size: 1rem\"><strong>Restes \u00e0 r\u00e9aliser de l&#8217;exercice pr\u00e9c\u00e9dent<\/strong><\/td><td style=\"color: #333333;text-align: right;font-size: 1rem\">548 326,65\u20ac<\/td><td style=\"color: #333333;text-align: right;font-size: 1rem\">182 495,99\u20ac<\/td><\/tr><tr bgcolor=\"#EEEEEE\"><td style=\"color: #333333;text-align: left;font-size: 1rem\"><strong>001 &#8211; Solde d&#8217;ex\u00e9cution de la section d&#8217;investissement report\u00e9<\/strong><\/td><td style=\"color: #333333;text-align: right;font-size: 1rem\">\u00a0<\/td><td style=\"color: #333333;text-align: right;font-size: 1rem\">468 489,09\u20ac<\/td><\/tr><tr><td style=\"color: #333333;text-align: left;font-size: 1rem\">\u00a0<\/td><td style=\"color: #333333;text-align: right;font-size: 1rem\" bgcolor=\"#EEEEEE\"><strong>2 019 414,44\u20ac<\/strong><\/td><td style=\"color: #333333;text-align: right;font-size: 1rem\" bgcolor=\"#EEEEEE\"><strong>2 019 414,44\u20ac<\/strong><\/td><\/tr><tr><td colspan=\"3\">\u00a0<\/td><\/tr><tr><td style=\"color: #333333;text-align: left;font-size: 1rem\">\u00a0<\/td><td style=\"color: #333333;text-align: right;font-size: 1rem\" bgcolor=\"#EEEEEE\"><strong>s 439 670,14\u20ac<\/strong><\/td><td style=\"color: #333333;text-align: right;font-size: 1rem\" bgcolor=\"#EEEEEE\"><strong>s 439 670,14\u20ac<\/strong><\/td><\/tr><\/tbody><\/table><p style=\"color: #333333\"><strong>Le Conseil Municipal apr\u00e8s en avoir d\u00e9lib\u00e9r\u00e9,<\/strong><br \/>par\u00a017 voix pour,\u00a00 voix contre,\u00a03\u00a0abstentions<\/p><table width=\"75%\"><tbody><tr><td style=\"color: #333333\" width=\"25%\"><strong>VOTE<\/strong><\/td><td style=\"color: #333333;text-align: justify\" width=\"75%\">le budget primitif 2024 tel que pr\u00e9sent\u00e9 ci-dessus<\/td><\/tr><\/tbody><\/table><p style=\"color: #333333\" align=\"right\"><em><small>D\u00e9lib\u00e9ration n\u00b0 2024-04-08-D14<\/small><\/em><\/p><table align=\"right\" bgcolor=\"#EEEEEE\"><tbody><tr><td style=\"color: #333333;text-align: left\" width=\"25%\"><strong><u>D\u00e9cision<\/u><\/strong><\/td><td style=\"color: #333333;text-align: left\" width=\"25%\">Sur :<\/td><td style=\"color: #333333;text-align: left\" width=\"50%\">13 pr\u00e9sents<\/td><\/tr><tr><td style=\"color: #333333;text-align: left\">\u00a0<\/td><td style=\"color: #333333;text-align: left\">Pour :<\/td><td style=\"color: #333333;text-align: left\">17 dont 6 pvrs<\/td><\/tr><tr><td style=\"color: #333333;text-align: left\">\u00a0<\/td><td style=\"color: #333333;text-align: left\">Contre :<\/td><td style=\"color: #333333;text-align: left\">0<\/td><\/tr><tr><td style=\"color: #333333;text-align: left\">\u00a0<\/td><td style=\"color: #333333;text-align: left\">Abstentions :<\/td><td style=\"color: #333333;text-align: left\">3 dont 1 pouvoir<\/td><\/tr><\/tbody><\/table><div id=\"CM08042024Treize\" style=\"color: #333333\"><strong><u>13 &#8211; Budget Annexe Lotissement Ferme Jourdan 2024<\/u><\/strong><\/div><p style=\"color: #333333;padding-left: 40px\" align=\"justify\">St\u00e9phanie WATTIEZ, Adjointe aux finances donne lecture du budget Annexe 2024, qu&#8217;elle commente en d\u00e9taillant les points principaux.<\/p><p style=\"color: #333333;text-align: center\"><strong>Budget annexe ferme jourdan &#8211; Exercice 2024 &#8211; Ville de Thiant<\/strong><\/p><table width=\"75%\" align=\"left\"><tbody><tr><td style=\"color: #333333;text-align: left;font-size: 1rem\" width=\"50%\">\u00a0<\/td><td style=\"color: #333333;text-align: center;font-size: 1rem\" bgcolor=\"#EEEEEE\" width=\"25%\"><strong>D\u00e9penses<\/strong><\/td><td style=\"color: #333333;text-align: center;font-size: 1rem\" bgcolor=\"#EEEEEE\" width=\"25%\"><strong>Recettes<\/strong><\/td><\/tr><tr bgcolor=\"#EEEEEE\"><td style=\"color: #333333;text-align: left;font-size: 1rem\"><strong>Section de fonctionnement<\/strong><\/td><td style=\"color: #333333;text-align: right;font-size: 1rem\">156 592,48\u20ac<\/td><td style=\"color: #333333;text-align: right;font-size: 1rem\">156 592,48\u20ac<\/td><\/tr><tr bgcolor=\"#EEEEEE\"><td style=\"color: #333333;text-align: left;font-size: 1rem\"><strong>Restes \u00e0 r\u00e9aliser de l&#8217;exercice pr\u00e9c\u00e9dent<\/strong><\/td><td style=\"color: #333333;text-align: right;font-size: 1rem\">0,00\u20ac<\/td><td style=\"color: #333333;text-align: right;font-size: 1rem\">0,00\u20ac<\/td><\/tr><tr bgcolor=\"#EEEEEE\"><td style=\"color: #333333;text-align: left;font-size: 1rem\"><strong>002 &#8211; Solde d&#8217;ex\u00e9cution de la section de fonctionnement report\u00e9<\/strong><\/td><td style=\"color: #333333;text-align: right;font-size: 1rem\">0,00\u20ac<\/td><td style=\"color: #333333;text-align: right;font-size: 1rem\">0,00\u20ac<\/td><\/tr><tr><td style=\"color: #333333;text-align: left;font-size: 1rem\">\u00a0<\/td><td style=\"color: #333333;text-align: right;font-size: 1rem\" bgcolor=\"#EEEEEE\"><strong>156 592,48\u20ac<\/strong><\/td><td style=\"color: #333333;text-align: right;font-size: 1rem\" bgcolor=\"#EEEEEE\"><strong>156 592,48\u20ac<\/strong><\/td><\/tr><tr><td colspan=\"3\">\u00a0<\/td><\/tr><tr bgcolor=\"#EEEEEE\"><td style=\"color: #333333;text-align: left;font-size: 1rem\"><strong>Section d&#8217;investissement<\/strong><\/td><td style=\"color: #333333;text-align: right;font-size: 1rem\">826 372,33\u20ac<\/td><td style=\"color: #333333;text-align: right;font-size: 1rem\">156 592,48\u20ac<\/td><\/tr><tr bgcolor=\"#EEEEEE\"><td style=\"color: #333333;text-align: left;font-size: 1rem\"><strong>Restes \u00e0 r\u00e9aliser de l&#8217;exercice pr\u00e9c\u00e9dent<\/strong><\/td><td style=\"color: #333333;text-align: right;font-size: 1rem\">0,00\u20ac<\/td><td style=\"color: #333333;text-align: right;font-size: 1rem\">0,00\u20ac<\/td><\/tr><tr bgcolor=\"#EEEEEE\"><td style=\"color: #333333;text-align: left;font-size: 1rem\"><strong>001 &#8211; Solde d&#8217;ex\u00e9cution de la section d&#8217;investissement report\u00e9<\/strong><\/td><td style=\"color: #333333;text-align: right;font-size: 1rem\">0,00\u20ac<\/td><td style=\"color: #333333;text-align: right;font-size: 1rem\">673 779,85\u20ac<\/td><\/tr><tr><td style=\"color: #333333;text-align: left;font-size: 1rem\">\u00a0<\/td><td style=\"color: #333333;text-align: right;font-size: 1rem\" bgcolor=\"#EEEEEE\"><strong>826 372,33\u20ac<\/strong><\/td><td style=\"color: #333333;text-align: right;font-size: 1rem\" bgcolor=\"#EEEEEE\"><strong>826 372,33\u20ac<\/strong><\/td><\/tr><tr><td colspan=\"3\">\u00a0<\/td><\/tr><tr><td style=\"color: #333333;text-align: left;font-size: 1rem\">\u00a0<\/td><td style=\"color: #333333;text-align: right;font-size: 1rem\" bgcolor=\"#EEEEEE\"><strong>982 964,81\u20ac<\/strong><\/td><td style=\"color: #333333;text-align: right;font-size: 1rem\" bgcolor=\"#EEEEEE\"><strong>982 964,81\u20ac<\/strong><\/td><\/tr><\/tbody><\/table><p style=\"color: #333333\"><strong>Le Conseil Municipal apr\u00e8s en avoir d\u00e9lib\u00e9r\u00e9,<\/strong><br \/>par\u00a017 voix pour,\u00a00 voix contre,\u00a03\u00a0abstentions<\/p><table width=\"75%\"><tbody><tr><td style=\"color: #333333\" width=\"25%\"><strong>VOTE<\/strong><\/td><td style=\"color: #333333;text-align: justify\" width=\"75%\">le budget annexe 2024 tel que pr\u00e9sent\u00e9 ci-dessus<\/td><\/tr><\/tbody><\/table><p style=\"color: #333333\" align=\"right\"><em><small>D\u00e9lib\u00e9ration n\u00b0 2024-04-08-D15<\/small><\/em><\/p><table align=\"right\" bgcolor=\"#EEEEEE\"><tbody><tr><td style=\"color: #333333;text-align: left\" width=\"25%\"><strong><u>D\u00e9cision<\/u><\/strong><\/td><td style=\"color: #333333;text-align: left\" width=\"25%\">Sur :<\/td><td style=\"color: #333333;text-align: left\" width=\"50%\">13 pr\u00e9sents<\/td><\/tr><tr><td style=\"color: #333333;text-align: left\">\u00a0<\/td><td style=\"color: #333333;text-align: left\">Pour :<\/td><td style=\"color: #333333;text-align: left\">17 dont 6 pvrs<\/td><\/tr><tr><td style=\"color: #333333;text-align: left\">\u00a0<\/td><td style=\"color: #333333;text-align: left\">Contre :<\/td><td style=\"color: #333333;text-align: left\">0<\/td><\/tr><tr><td style=\"color: #333333;text-align: left\">\u00a0<\/td><td style=\"color: #333333;text-align: left\">Abstentions :<\/td><td style=\"color: #333333;text-align: left\">3 dont 1 pouvoir<\/td><\/tr><\/tbody><\/table><div id=\"CM08042024Quatorze\" style=\"color: #333333\"><strong><u>14 &#8211; Subvention 2024 au CCAS<\/u><\/strong><\/div><p style=\"color: #333333\"><strong>Le Conseil Municipal apr\u00e8s en avoir d\u00e9lib\u00e9r\u00e9,<\/strong><br \/>par\u00a017 voix pour,\u00a00 voix contre,\u00a03\u00a0abstentions<\/p><table width=\"75%\"><tbody><tr><td style=\"color: #333333\" width=\"25%\"><strong>ATTRIBUE<\/strong><\/td><td style=\"color: #333333;text-align: justify\" width=\"75%\">au Centre Communal d&#8217;Action Sociale une dotation de 30.000 \u20ac au titre de l&#8217;ann\u00e9e 2024.<\/td><\/tr><\/tbody><\/table><p style=\"color: #333333\" align=\"right\"><em><small>D\u00e9lib\u00e9ration n\u00b0 2024-04-08-D16<\/small><\/em><\/p><table align=\"right\" bgcolor=\"#EEEEEE\"><tbody><tr><td style=\"color: #333333;text-align: left\" width=\"25%\"><strong><u>D\u00e9cision<\/u><\/strong><\/td><td style=\"color: #333333;text-align: left\" width=\"25%\">Sur :<\/td><td style=\"color: #333333;text-align: left\" width=\"50%\">13 pr\u00e9sents<\/td><\/tr><tr><td style=\"color: #333333;text-align: left\">\u00a0<\/td><td style=\"color: #333333;text-align: left\">Pour :<\/td><td style=\"color: #333333;text-align: left\">17 dont 6 pvrs<\/td><\/tr><tr><td style=\"color: #333333;text-align: left\">\u00a0<\/td><td style=\"color: #333333;text-align: left\">Contre :<\/td><td style=\"color: #333333;text-align: left\">0<\/td><\/tr><tr><td style=\"color: #333333;text-align: left\">\u00a0<\/td><td style=\"color: #333333;text-align: left\">Abstentions :<\/td><td style=\"color: #333333;text-align: left\">3 dont 1 pouvoir<\/td><\/tr><\/tbody><\/table><div id=\"CM08042024Quinze\" style=\"color: #333333\"><strong><u>15 &#8211; Subventions 2024 aux associations<\/u><\/strong><\/div><p style=\"color: #333333;padding-left: 40px\" align=\"justify\">St\u00e9phanie WATTIEZ, Adjointe aux finances, rappelle \u00e0 l&#8217;Assembl\u00e9e que chaque ann\u00e9e le Conseil Municipal attribue des subventions \u00e0 certaines associations qui le sollicitent. Dans un souci de transparence et d&#8217;\u00e9galit\u00e9 de traitement, il pr\u00e9cise que les \u00e9lus qui ont un int\u00e9r\u00eat dans l&#8217;une ou l&#8217;autre des associations demandeuses sont invit\u00e9s \u00e0 ne pas participer aux votes concern\u00e9s.<br \/>Consid\u00e9rant les cr\u00e9dits inscrits au Budget Primitif de la commune au titre de l&#8217;ann\u00e9e 2024,<\/p><p style=\"color: #333333\"><strong>Le Conseil Municipal,<\/strong> apr\u00e8s en avoir d\u00e9lib\u00e9r\u00e9,<\/p><table width=\"75%\"><tbody><tr><td style=\"color: #333333\" width=\"25%\"><strong>ATTRIBUE<\/strong><\/td><td style=\"color: #333333;text-align: justify\" width=\"75%\">comme suit les subventions aux associations pour l&#8217;ann\u00e9e 2024 :<\/td><\/tr><\/tbody><\/table><table width=\"100%\" align=\"center\" bgcolor=\"#EEEEEE\"><tbody><tr><td colspan=\"2\" bgcolor=\"white\" width=\"50%\">\u00a0<\/td><td style=\"color: #333333;text-align: center;vertical-align: middle;font-size: 1rem\" width=\"20%\"><strong>Subvention 2024 propos\u00e9e<\/strong><\/td><td style=\"color: #333333;text-align: center;vertical-align: middle;font-size: 1rem\" width=\"10%\"><strong>Vote<\/strong><\/td><td style=\"color: #333333;text-align: center;vertical-align: middle;font-size: 1rem\" width=\"20%\"><strong>Ne participent pas au vote<\/strong><\/td><\/tr><tr><td style=\"color: #333333;text-align: center;vertical-align: middle;font-size: 1rem\" width=\"5%\"><strong>1.<\/strong><\/td><td style=\"color: #333333;text-align: left;vertical-align: middle;font-size: 1rem\" width=\"45%\"><strong>Association des &#8220;Randonneurs de Thiant&#8221;<\/strong><\/td><td style=\"color: #333333;text-align: right;vertical-align: middle;font-size: 1rem\">1 100<\/td><td style=\"color: #333333;text-align: center;vertical-align: middle;font-size: 1rem\">P : U<br \/>C :<br \/>A :<\/td><td style=\"color: #333333;text-align: center;vertical-align: middle;font-size: 1rem\">\u00a0<\/td><\/tr><tr><td style=\"color: #333333;text-align: center;vertical-align: middle;font-size: 1rem\"><strong>2.<\/strong><\/td><td style=\"color: #333333;text-align: left;vertical-align: middle;font-size: 1rem\"><strong>Soci\u00e9t\u00e9 de p\u00eache &#8220;La truite de Thiant&#8221;<\/strong><\/td><td style=\"color: #333333;text-align: right;vertical-align: middle;font-size: 1rem\">600<\/td><td style=\"color: #333333;text-align: center;vertical-align: middle;font-size: 1rem\">P : U<br \/>C :<br \/>A :<\/td><td style=\"color: #333333;text-align: center;vertical-align: middle;font-size: 1rem\">\u00a0<\/td><\/tr><tr><td style=\"color: #333333;text-align: center;vertical-align: middle;font-size: 1rem\"><strong>3.<\/strong><\/td><td style=\"color: #333333;text-align: left;vertical-align: middle;font-size: 1rem\"><strong>Gymnastique Volontaire F\u00e9minine de Thiant<\/strong><\/td><td style=\"color: #333333;text-align: right;vertical-align: middle;font-size: 1rem\">600<\/td><td style=\"color: #333333;text-align: center;vertical-align: middle;font-size: 1rem\">P :<br \/>C :<br \/>A :<\/td><td style=\"color: #333333;text-align: center;vertical-align: middle;font-size: 1rem\">\u00a0<\/td><\/tr><tr><td style=\"color: #333333;text-align: center;vertical-align: middle;font-size: 1rem\"><strong>4.<\/strong><\/td><td style=\"color: #333333;text-align: left;vertical-align: middle;font-size: 1rem\"><strong>Club de p\u00e9tanque &#8220;La Boule Thiantaise&#8221;<\/strong><\/td><td style=\"color: #333333;text-align: right;vertical-align: middle;font-size: 1rem\">1 000<\/td><td style=\"color: #333333;text-align: center;vertical-align: middle;font-size: 1rem\">P : U<br \/>C :<br \/>A :<\/td><td style=\"color: #333333;text-align: center;vertical-align: middle;font-size: 1rem\">Sylvie Devos<\/td><\/tr><tr><td style=\"color: #333333;text-align: center;vertical-align: middle;font-size: 1rem\"><strong>5.<\/strong><\/td><td style=\"color: #333333;text-align: left;vertical-align: middle;font-size: 1rem\"><strong>Club de p\u00e9tanque &#8220;La Boule Thiantaise&#8221; (Exceptionnelle)<\/strong><\/td><td style=\"color: #333333;text-align: right;vertical-align: middle;font-size: 1rem\">500<\/td><td style=\"color: #333333;text-align: center;vertical-align: middle;font-size: 1rem\">P : U<br \/>C :<br \/>A :<\/td><td style=\"color: #333333;text-align: center;vertical-align: middle;font-size: 1rem\">Sylvie Devos<\/td><\/tr><tr><td style=\"color: #333333;text-align: center;vertical-align: middle;font-size: 1rem\"><strong>6.<\/strong><\/td><td style=\"color: #333333;text-align: left vertical-align: middle;;font-size: 1rem\"><strong>Athl\u00e9tic 2000 &#8211; Club de Musculation de Thiant<\/strong><\/td><td style=\"color: #333333;text-align: right;vertical-align: middle;font-size: 1rem\">700<\/td><td style=\"color: #333333;text-align: center;vertical-align: middle;font-size: 1rem\">P : U<br \/>C :<br \/>A :<\/td><td style=\"color: #333333;text-align: center;vertical-align: middle;font-size: 1rem\">\u00a0<\/td><\/tr><tr><td style=\"color: #333333;text-align: center;vertical-align: middle;font-size: 1rem\"><strong>7.<\/strong><\/td><td style=\"color: #333333;text-align: left;vertical-align: middle;font-size: 1rem\"><strong>Harmonie Municipale de Thiant<\/strong><\/td><td style=\"color: #333333;text-align: right;vertical-align: middle;font-size: 1rem\">500<\/td><td style=\"color: #333333;text-align: center;vertical-align: middle;font-size: 1rem\">P : U<br \/>C :<br \/>A :<\/td><td style=\"color: #333333;text-align: center;vertical-align: middle;font-size: 1rem\">\u00a0<\/td><\/tr><tr><td style=\"color: #333333;text-align: center;vertical-align: middle;font-size: 1rem\"><strong>8.<\/strong><\/td><td style=\"color: #333333;text-align: left;vertical-align: middle;font-size: 1rem\"><strong>Football RCT<\/strong><\/td><td style=\"color: #333333;text-align: right;vertical-align: middle;font-size: 1rem\">3 500<\/td><td style=\"color: #333333;text-align: center;vertical-align: middle;font-size: 1rem\">P : U<br \/>C :<br \/>A :<\/td><td style=\"color: #333333;text-align: center;vertical-align: middle;font-size: 1rem\">Philippe WAELKENS<br \/>C\u00e9line TRACHMAN<\/td><\/tr><tr><td style=\"color: #333333;text-align: center;vertical-align: middle;font-size: 1rem\"><strong>9.<\/strong><\/td><td style=\"color: #333333;text-align: left;vertical-align: middle;font-size: 1rem\"><strong>Club de Belote &#8211; &#8220;Association le Carr\u00e9 d&#8217;As&#8221; de Thiant<\/strong><\/td><td style=\"color: #333333;text-align: right;vertical-align: middle;font-size: 1rem\">400<\/td><td style=\"color: #333333;text-align: center;vertical-align: middle;font-size: 1rem\">P : U<br \/>C :<br \/>A :<\/td><td style=\"color: #333333;text-align: center;vertical-align: middle;font-size: 1rem\">\u00a0<\/td><\/tr><tr><td style=\"color: #333333;text-align: center;vertical-align: middle;font-size: 1rem\"><strong>10.<\/strong><\/td><td style=\"color: #333333;text-align: left;vertical-align: middle;font-size: 1rem\"><strong>Donneurs de sang b\u00e9n\u00e9voles du Valenciennois <small> &#8211; Section de Trith-Saint-L\u00e9ger et environs<\/small><\/strong><\/td><td style=\"color: #333333;text-align: right;vertical-align: middle;font-size: 1rem\">200<\/td><td style=\"color: #333333;text-align: center;vertical-align: middle;font-size: 1rem\">P : U<br \/>C :<br \/>A :<\/td><td style=\"color: #333333;text-align: center;vertical-align: middle;font-size: 1rem\">\u00a0<\/td><\/tr><tr><td style=\"color: #333333;text-align: center;vertical-align: middle;font-size: 1rem\"><strong>11.<\/strong><\/td><td style=\"color: #333333;text-align: left;vertical-align: middle;font-size: 1rem\"><strong>Association &#8220;Comit\u00e9 Amiante Pr\u00e9venir&#8221; &#8211; CAPER de Thiant<\/strong><\/td><td style=\"color: #333333;text-align: right;vertical-align: middle;font-size: 1rem\">1 000<\/td><td style=\"color: #333333;text-align: center;vertical-align: middle;font-size: 1rem\">P : U<br \/>C :<br \/>A :<\/td><td style=\"color: #333333;text-align: center;vertical-align: middle;font-size: 1rem\">\u00a0<\/td><\/tr><tr><td style=\"color: #333333;text-align: center;vertical-align: middle;font-size: 1rem\"><strong>12.<\/strong><\/td><td style=\"color: #333333;text-align: left;vertical-align: middle;font-size: 1rem\"><strong>Association Jeunesse de Thiant<\/strong><\/td><td style=\"color: #333333;text-align: right;vertical-align: middle;font-size: 1rem\">4 000<\/td><td style=\"color: #333333;text-align: center;vertical-align: middle;font-size: 1rem\">P : U<br \/>C :<br \/>A :<\/td><td style=\"color: #333333;text-align: center;vertical-align: middle;font-size: 1rem\">\u00a0<\/td><\/tr><tr><td style=\"color: #333333;text-align: center;vertical-align: middle;font-size: 1rem\"><strong>13.<\/strong><\/td><td style=\"color: #333333;text-align: left;vertical-align: middle;font-size: 1rem\"><strong>Amicale du personnel municipal de la Mairie de Thiant<\/strong><\/td><td style=\"color: #333333;text-align: right;vertical-align: middle;font-size: 1rem\">20 000<\/td><td style=\"color: #333333;text-align: center;vertical-align: middle;font-size: 1rem\">P : U<br \/>C :<br \/>A :<\/td><td style=\"color: #333333;text-align: center;vertical-align: middle;font-size: 1rem\">D\u00e9j\u00e0 vot\u00e9<\/td><\/tr><tr><td style=\"color: #333333;text-align: center;vertical-align: middle;font-size: 1rem\"><strong>14.<\/strong><\/td><td style=\"color: #333333;text-align: left;vertical-align: middle;font-size: 1rem\"><strong>Secours Catholique (d\u00e9l\u00e9gation de Cambrai)<\/strong><\/td><td style=\"color: #333333;text-align: right;vertical-align: middle;font-size: 1rem\">200<\/td><td style=\"color: #333333;text-align: center;vertical-align: middle;font-size: 1rem\">P : U<br \/>C :<br \/>A :<\/td><td style=\"color: #333333;text-align: center;vertical-align: middle;font-size: 1rem\">\u00a0<\/td><\/tr><tr><td style=\"color: #333333;text-align: center;vertical-align: middle;font-size: 1rem\"><strong>15.<\/strong><\/td><td style=\"color: #333333;text-align: left;vertical-align: middle;font-size: 1rem\"><strong>Association Familiale des &#8220;Papillons Blancs&#8221; de Denain<\/strong><\/td><td style=\"color: #333333;text-align: right;vertical-align: middle;font-size: 1rem\">1 000<\/td><td style=\"color: #333333;text-align: center;vertical-align: middle;font-size: 1rem\">P : U<br \/>C :<br \/>A :<\/td><td style=\"color: #333333;text-align: center;vertical-align: middle;font-size: 1rem\">\u00a0<\/td><\/tr><tr><td style=\"color: #333333;text-align: center;vertical-align: middle;font-size: 1rem\"><strong>16.<\/strong><\/td><td style=\"color: #333333;text-align: left;vertical-align: middle;font-size: 1rem\"><strong>V\u00e9hicules Militaires<\/strong><\/td><td style=\"color: #333333;text-align: right;vertical-align: middle;font-size: 1rem\">500<\/td><td style=\"color: #333333;text-align: center;vertical-align: middle;font-size: 1rem\">P : U<br \/>C :<br \/>A :<\/td><td style=\"color: #333333;text-align: center;vertical-align: middle;font-size: 1rem\">\u00a0<\/td><\/tr><tr><td style=\"color: #333333;text-align: center;vertical-align: middle;font-size: 1rem\"><strong>17.<\/strong><\/td><td style=\"color: #333333;text-align: left;vertical-align: middle;font-size: 1rem\"><strong>Office des Sports et des Associations de Thiant &#8211; &#8220;OSAT&#8221;<\/strong><\/td><td style=\"color: #333333;text-align: right;vertical-align: middle;font-size: 1rem\">9 000<\/td><td style=\"color: #333333;text-align: center;vertical-align: middle;font-size: 1rem\">P : U<br \/>C :<br \/>A :<\/td><td style=\"color: #333333;text-align: center;vertical-align: middle;font-size: 1rem\">Michel HENNAUT<br \/>C\u00e9line DUMAINE<br \/>Philippe WAELKENS<\/td><\/tr><tr><td style=\"color: #333333;text-align: center;vertical-align: middle;font-size: 1rem\"><strong>18.<\/strong><\/td><td style=\"color: #333333;text-align: left;vertical-align: middle;font-size: 1rem\"><strong>Les jardiniers de Thiant<\/strong><\/td><td style=\"color: #333333;text-align: right;vertical-align: middle;font-size: 1rem\">500<\/td><td style=\"color: #333333;text-align: center;vertical-align: middle;font-size: 1rem\">P : U<br \/>C :<br \/>A :<\/td><td style=\"color: #333333;text-align: center;vertical-align: middle;font-size: 1rem\">\u00a0<\/td><\/tr><tr><td style=\"color: #333333;text-align: center;vertical-align: middle;font-size: 1rem\"><strong>19.<\/strong><\/td><td style=\"color: #333333;text-align: left;vertical-align: middle;font-size: 1rem\"><strong>A\u00e9romod\u00e9lisme<\/strong><\/td><td style=\"color: #333333;text-align: right;vertical-align: middle;font-size: 1rem\">500<\/td><td style=\"color: #333333;text-align: center;vertical-align: middle;font-size: 1rem\">P : U<br \/>C :<br \/>A :<\/td><td style=\"color: #333333;text-align: center;vertical-align: middle;font-size: 1rem\">\u00a0<\/td><\/tr><tr><td style=\"color: #333333;text-align: center;vertical-align: middle;font-size: 1rem\"><strong>20.<\/strong><\/td><td style=\"color: #333333;text-align: left;vertical-align: middle;font-size: 1rem\"><strong>Yoga<\/strong><\/td><td style=\"color: #333333;text-align: right;vertical-align: middle;font-size: 1rem\">200<\/td><td style=\"color: #333333;text-align: center;vertical-align: middle;font-size: 1rem\">P : U<br \/>C :<br \/>A : 1<\/td><td style=\"color: #333333;text-align: center;vertical-align: middle;font-size: 1rem\">\u00a0<\/td><\/tr><tr><td style=\"color: #333333;text-align: center;vertical-align: middle;font-size: 1rem\"><strong>21.<\/strong><\/td><td style=\"color: #333333;text-align: left;vertical-align: middle;font-size: 1rem\"><strong>Association Volley<\/strong><\/td><td style=\"color: #333333;text-align: right;vertical-align: middle;font-size: 1rem\">2 600<\/td><td style=\"color: #333333;text-align: center;vertical-align: middle;font-size: 1rem\">P : U<br \/>C :<br \/>A :<\/td><td style=\"color: #333333;text-align: center;vertical-align: middle;font-size: 1rem\">\u00a0<\/td><\/tr><tr><td style=\"color: #333333;text-align: center;vertical-align: middle;font-size: 1rem\"><strong>22.<\/strong><\/td><td style=\"color: #333333;text-align: left;vertical-align: middle;font-size: 1rem\"><strong>Association Citoyenne<\/strong><\/td><td style=\"color: #333333;text-align: right;vertical-align: middle;font-size: 1rem\">500<\/td><td style=\"color: #333333;text-align: center;vertical-align: middle;font-size: 1rem\">P : U<br \/>C :<br \/>A :<\/td><td style=\"color: #333333;text-align: center;vertical-align: middle;font-size: 1rem\">Jimmy LAURENT<\/td><\/tr><tr><td style=\"color: #333333;text-align: center;vertical-align: middle;font-size: 1rem\"><strong>23.<\/strong><\/td><td style=\"color: #333333;text-align: left;vertical-align: middle;font-size: 1rem\"><strong>Association RCT Foot Loisirs<\/strong><\/td><td style=\"color: #333333;text-align: right;vertical-align: middle;font-size: 1rem\">700<\/td><td style=\"color: #333333;text-align: center;vertical-align: middle;font-size: 1rem\">P : U<br \/>C :<br \/>A :<\/td><td style=\"color: #333333;text-align: center;vertical-align: middle;font-size: 1rem\">\u00a0<\/td><\/tr><tr><td style=\"color: #333333;text-align: center;vertical-align: middle;font-size: 1rem\"><strong>24.<\/strong><\/td><td style=\"color: #333333;text-align: left;vertical-align: middle;font-size: 1rem\"><strong>Association BCT Basket<\/strong><\/td><td style=\"color: #333333;text-align: right;vertical-align: middle;font-size: 1rem\">4 000<\/td><td style=\"color: #333333;text-align: center;vertical-align: middle;font-size: 1rem\">P : U<br \/>C :<br \/>A :<\/td><td style=\"color: #333333;text-align: center;vertical-align: middle;font-size: 1rem\">C\u00e9line DUMAINE<br \/>Sylvaine GERARD<\/td><\/tr><tr><td style=\"color: #333333;text-align: center;vertical-align: middle;font-size: 1rem\"><strong>25.<\/strong><\/td><td style=\"color: #333333;text-align: left;vertical-align: middle;font-size: 1rem\"><strong>Association FUTSAL<\/strong><\/td><td style=\"color: #333333;text-align: right;vertical-align: middle;font-size: 1rem\">500<\/td><td style=\"color: #333333;text-align: center;vertical-align: middle;font-size: 1rem\">P : U<br \/>C :<br \/>A :<\/td><td style=\"color: #333333;text-align: center;vertical-align: middle;font-size: 1rem\">\u00a0<\/td><\/tr><tr><td style=\"color: #333333;text-align: center;vertical-align: middle;font-size: 1rem\"><strong>26.<\/strong><\/td><td style=\"color: #333333;text-align: left;vertical-align: middle;font-size: 1rem\"><strong>Association badminton<\/strong><\/td><td style=\"color: #333333;text-align: right;vertical-align: middle;font-size: 1rem\">250<\/td><td style=\"color: #333333;text-align: center;vertical-align: middle;font-size: 1rem\">P : U<br \/>C :<br \/>A :<\/td><td style=\"color: #333333;text-align: center;vertical-align: middle;font-size: 1rem\">\u00a0<\/td><\/tr><tr><td style=\"color: #333333;text-align: center;vertical-align: middle;font-size: 1rem\"><strong>27.<\/strong><\/td><td style=\"color: #333333;text-align: left;vertical-align: middle;font-size: 1rem\"><strong>Association &#8220;les anciens du foyer des jeunes&#8221; de Thiant<\/strong><\/td><td style=\"color: #333333;text-align: right;vertical-align: middle;font-size: 1rem\">300<\/td><td style=\"color: #333333;text-align: center;vertical-align: middle;font-size: 1rem\">P : U<br \/>C :<br \/>A :<\/td><td style=\"color: #333333;text-align: center;vertical-align: middle;font-size: 1rem\">\u00a0<\/td><\/tr><\/tbody><\/table><p style=\"color: #333333\" align=\"right\"><em><small>D\u00e9lib\u00e9ration n\u00b0 2024-04-08-D-16<\/small><\/em><\/p><table align=\"right\" bgcolor=\"#EEEEEE\"><tbody><tr><td style=\"color: #333333;text-align: left\" width=\"25%\"><strong><u>D\u00e9cision<\/u><\/strong><\/td><td style=\"color: #333333;text-align: left\" width=\"25%\">Sur :<\/td><td style=\"color: #333333;text-align: left\" width=\"50%\">13 pr\u00e9sents<\/td><\/tr><tr><td style=\"color: #333333;text-align: left\">\u00a0<\/td><td style=\"color: #333333;text-align: left\">Pour :<\/td><td style=\"color: #333333;text-align: left\">20 dont 7 pvrs<\/td><\/tr><tr><td style=\"color: #333333;text-align: left\">\u00a0<\/td><td style=\"color: #333333;text-align: left\">Contre :<\/td><td style=\"color: #333333;text-align: left\">0<\/td><\/tr><tr><td style=\"color: #333333;text-align: left\">\u00a0<\/td><td style=\"color: #333333;text-align: left\">Abstentions :<\/td><td style=\"color: #333333;text-align: left\">0<\/td><\/tr><\/tbody><\/table><p style=\"color: #333333;padding-left: 40px\" align=\"justify\"><em>Remarque : L&#8217;histoire locale fera prochainement une demande qui sera \u00e9tudi\u00e9e pour un prochain conseil municipal<\/em><\/p><div id=\"CM08042024Seize\" style=\"color: #333333\"><strong><u>16 &#8211; D\u00e9lib\u00e9ration ALSH juillet 2024 &#8211; Tarifs &#8211;<\/u><\/strong><\/div><p style=\"color: #333333;padding-left: 40px;text-align: justify\"><strong>Actuellement d\u00e9lib\u00e9ration du 24 mai 2023 n\u00b02023-05-24-D07<\/strong><br \/>Pas de changement propos\u00e9 par la commission<br \/><strong>Tranches propos\u00e9es<\/strong><br \/>T1: \u2264499\u20ac<br \/>T2 : entre 500\u20ac et 899\u20ac<br \/>T3 : entre 900\u20ac et 2999\u20ac<br \/>T4 : \u22653000\u20ac<\/p><p style=\"color: #333333;padding-left: 40px;text-align: justify\"><strong>Tarifs ALSH<\/strong><br \/>T1 : 4\u20ac par jour et par enfant<br \/>T2 : 6\u20ac<br \/>T3 : 8\u20ac<br \/>T4 : 10\u20ac<br \/>Tarif ext\u00e9rieur (sans distinction) : 20\u20ac<\/p><p style=\"color: #333333\"><strong>Le Conseil Municipal apr\u00e8s en avoir d\u00e9lib\u00e9r\u00e9,<\/strong><br \/>par\u00a017 voix pour,\u00a00 voix contre,\u00a03\u00a0abstentions<\/p><table width=\"75%\"><tbody><tr><td style=\"color: #333333\" width=\"25%\"><strong>CONFIRME<\/strong><\/td><td style=\"color: #333333;text-align: justify\" width=\"75%\">que les tarifs ci-dessus restent inchang\u00e9s et applicables pour les ALSH maternelles, \u00e9l\u00e9mentaires et Ados \u00e0 compter du 1<sup>er<\/sup> juin 2024<\/td><\/tr><\/tbody><\/table><p style=\"color: #333333\" align=\"right\"><em><small>D\u00e9lib\u00e9ration n\u00b0 2024-04-08-D-17<\/small><\/em><\/p><table align=\"right\" bgcolor=\"#EEEEEE\"><tbody><tr><td style=\"color: #333333;text-align: left\" width=\"25%\"><strong><u>D\u00e9cision<\/u><\/strong><\/td><td style=\"color: #333333;text-align: left\" width=\"25%\">Sur :<\/td><td style=\"color: #333333;text-align: left\" width=\"50%\">13 pr\u00e9sents<\/td><\/tr><tr><td style=\"color: #333333;text-align: left\">\u00a0<\/td><td style=\"color: #333333;text-align: left\">Pour :<\/td><td style=\"color: #333333;text-align: left\">20 dont 7 pvrs<\/td><\/tr><tr><td style=\"color: #333333;text-align: left\">\u00a0<\/td><td style=\"color: #333333;text-align: left\">Contre :<\/td><td style=\"color: #333333;text-align: left\">0<\/td><\/tr><tr><td style=\"color: #333333;text-align: left\">\u00a0<\/td><td style=\"color: #333333;text-align: left\">Abstentions :<\/td><td style=\"color: #333333;text-align: left\">0<\/td><\/tr><\/tbody><\/table><div id=\"CM08042024DixSept\" style=\"color: #333333\"><strong><u>17 &#8211; D\u00e9lib\u00e9ration demande de pr\u00eat agent communal<\/u><\/strong><\/div><p style=\"text-align: justify;color: #333333;padding-left: 40px\">Monsieur le Maire rappelle \u00e0 l&#8217;Assembl\u00e9e que les membres du personnel communal qui le sollicitent peuvent b\u00e9n\u00e9ficier d&#8217;un pr\u00eat de 3.000 \u20ac maximum au taux d&#8217;int\u00e9r\u00eat de 0,65 % remboursable sur 10 ans.<\/p><p style=\"text-align: justify;color: #333333;padding-left: 40px\">Consid\u00e9rant le budget vot\u00e9<\/p><p style=\"color: #333333\"><strong>Le Conseil Municipal apr\u00e8s en avoir d\u00e9lib\u00e9r\u00e9,<\/strong><br \/>par\u00a017 voix pour,\u00a00 voix contre,\u00a03\u00a0abstentions<\/p><table width=\"75%\"><tbody><tr><td style=\"color: #333333\" width=\"25%\"><strong>ACCORDE<\/strong><\/td><td style=\"color: #333333;text-align: justify\" width=\"75%\">sur l&#8217;exercice 2024 un maximum de 3 pr\u00eats<\/td><\/tr><tr><td style=\"color: #333333\" width=\"25%\"><strong>ACCORDE<\/strong><\/td><td style=\"color: #333333;text-align: justify\" width=\"75%\">audit membre du personnel communal un pr\u00eat de 3.000 \u20ac \u00e0 un taux d&#8217;int\u00e9r\u00eat de 0,65 % remboursable sur 10 ans.<\/td><\/tr><tr><td style=\"color: #333333\"><strong>DONNE POUVOIR<\/strong><\/td><td style=\"color: #333333;text-align: justify\">\u00e0 Monsieur le Maire pour signer toute convention, tout tableau d&#8217;amortissement ou toute pi\u00e8ce se rapportant \u00e0 la pr\u00e9sente d\u00e9cision.<\/td><\/tr><\/tbody><\/table><p style=\"color: #333333\" align=\"right\"><em><small>D\u00e9lib\u00e9ration n\u00b0 2024-04-08-D-19<\/small><\/em><\/p><table align=\"right\" bgcolor=\"#EEEEEE\"><tbody><tr><td style=\"color: #333333;text-align: left\" width=\"25%\"><strong><u>D\u00e9cision<\/u><\/strong><\/td><td style=\"color: #333333;text-align: left\" width=\"25%\">Sur :<\/td><td style=\"color: #333333;text-align: left\" width=\"50%\">13 pr\u00e9sents<\/td><\/tr><tr><td style=\"color: #333333;text-align: left\">\u00a0<\/td><td style=\"color: #333333;text-align: left\">Pour :<\/td><td style=\"color: #333333;text-align: left\">20 dont 7 pvrs<\/td><\/tr><tr><td style=\"color: #333333;text-align: left\">\u00a0<\/td><td style=\"color: #333333;text-align: left\">Contre :<\/td><td style=\"color: #333333;text-align: left\">0<\/td><\/tr><tr><td style=\"color: #333333;text-align: left\">\u00a0<\/td><td style=\"color: #333333;text-align: left\">Abstentions :<\/td><td style=\"color: #333333;text-align: left\">0<\/td><\/tr><\/tbody><\/table><div id=\"CM08042024DixHuit\" style=\"color: #333333\"><strong><u>18 &#8211; D\u00e9lib\u00e9ration participation communale \u00e0 la sortie des coll\u00e9giens : conf\u00e9rence de Lili LEIGNEL<\/u><\/strong><\/div><p style=\"text-align: justify;color: #333333;padding-left: 40px\"><em>Pr\u00e9sentation est faite par Madame C\u00e9line DUMAINE<br \/>La venue de Madame LILI LEIGNEL devrait avoir lieu le 18 avril 2024<br \/>Madame LILI LEIGNEL est une conf\u00e9renci\u00e8re, elle a \u00e9t\u00e9 d\u00e9port\u00e9e \u00e0 l&#8217;Age de 11 ans, survivante des camps de Ravensbr\u00fcck ET DE Bergen-Belsen et t\u00e9moin de la shoah.<br \/>Le coll\u00e8ge Jean-Jacques ROUSSEAU souhaite participer \u00e0 la conf\u00e9rence en emmenant 2 bus d&#8217;\u00e9l\u00e8ves de 3<sup>\u00e8me<\/sup> aller-retour \u00e0 Douchy les Mines.<\/em><\/p><p style=\"color: #333333\"><strong>Le Conseil Municipal apr\u00e8s en avoir d\u00e9lib\u00e9r\u00e9,<\/strong><br \/>par\u00a017 voix pour,\u00a00 voix contre,\u00a03\u00a0abstentions<\/p><table width=\"75%\"><tbody><tr><td style=\"color: #333333\" width=\"25%\"><strong>ACCORDE<\/strong><\/td><td style=\"color: #333333;text-align: justify\" width=\"75%\">une participation au transport des \u00e9l\u00e8ves pour la conf\u00e9rence de Madame LILI LEIGNEL de cette ann\u00e9e 2024<\/td><\/tr><tr><td style=\"color: #333333\"><strong>DIT<\/strong><\/td><td style=\"color: #333333;text-align: justify\">que les factures de bus seront affect\u00e9es sur le budget 2024 de la commune<\/td><\/tr><\/tbody><\/table><p style=\"color: #333333\" align=\"right\"><em><small>D\u00e9lib\u00e9ration n\u00b0 2024-04-08-D-20<\/small><\/em><\/p><table align=\"right\" bgcolor=\"#EEEEEE\"><tbody><tr><td style=\"color: #333333;text-align: left\" width=\"25%\"><strong><u>D\u00e9cision<\/u><\/strong><\/td><td style=\"color: #333333;text-align: left\" width=\"25%\">Sur :<\/td><td style=\"color: #333333;text-align: left\" width=\"50%\">13 pr\u00e9sents<\/td><\/tr><tr><td style=\"color: #333333;text-align: left\">\u00a0<\/td><td style=\"color: #333333;text-align: left\">Pour :<\/td><td style=\"color: #333333;text-align: left\">20 dont 7 pvrs<\/td><\/tr><tr><td style=\"color: #333333;text-align: left\">\u00a0<\/td><td style=\"color: #333333;text-align: left\">Contre :<\/td><td style=\"color: #333333;text-align: left\">0<\/td><\/tr><tr><td style=\"color: #333333;text-align: left\">\u00a0<\/td><td style=\"color: #333333;text-align: left\">Abstentions :<\/td><td style=\"color: #333333;text-align: left\">0<\/td><\/tr><\/tbody><\/table><p style=\"color: #333333;padding-left: 40px\" align=\"justify\"><em>Remarque :<br \/>Les communes environnantes participent elles aussi ?<\/em><\/p><div id=\"CM08042024DixNeuf\" style=\"color: #333333\"><strong><u>19 &#8211; D\u00e9lib\u00e9ration avis des communes sur le PLUi modifi\u00e9<\/u><\/strong><\/div><p style=\"text-align: justify;color: #333333;padding-left: 40px\"><em>Voir documents en mairie ou sur https:\/\/www.agglo-porteduhainaut.fr\/actualites\/informations-et-concertation-du-plui<\/em><\/p><p style=\"color: #333333\"><strong>Le Conseil Municipal apr\u00e8s en avoir d\u00e9lib\u00e9r\u00e9,<\/strong><br \/>par\u00a017 voix pour,\u00a00 voix contre,\u00a03\u00a0abstentions<\/p><table width=\"75%\"><tbody><tr><td style=\"color: #333333\" width=\"25%\"><strong>EMET<\/strong><\/td><td style=\"color: #333333;text-align: justify\" width=\"75%\">aucune remarque sur le projet de modification de droit commun N\u00b0 1 du PLUi de la porte du Hainaut.<\/td><\/tr><\/tbody><\/table><p style=\"color: #333333\" align=\"right\"><em><small>D\u00e9lib\u00e9ration n\u00b0 2024-04-08-D-21<\/small><\/em><\/p><table align=\"right\" bgcolor=\"#EEEEEE\"><tbody><tr><td style=\"color: #333333;text-align: left\" width=\"25%\"><strong><u>D\u00e9cision<\/u><\/strong><\/td><td style=\"color: #333333;text-align: left\" width=\"25%\">Sur :<\/td><td style=\"color: #333333;text-align: left\" width=\"50%\">13 pr\u00e9sents<\/td><\/tr><tr><td style=\"color: #333333;text-align: left\">\u00a0<\/td><td style=\"color: #333333;text-align: left\">Pour :<\/td><td style=\"color: #333333;text-align: left\">20 dont 7 pvrs<\/td><\/tr><tr><td style=\"color: #333333;text-align: left\">\u00a0<\/td><td style=\"color: #333333;text-align: left\">Contre :<\/td><td style=\"color: #333333;text-align: left\">0<\/td><\/tr><tr><td style=\"color: #333333;text-align: left\">\u00a0<\/td><td style=\"color: #333333;text-align: left\">Abstentions :<\/td><td style=\"color: #333333;text-align: left\">0<\/td><\/tr><\/tbody><\/table><div id=\"CM08042024Vingt\" style=\"color: #333333\"><strong><u>20 &#8211; D\u00e9lib\u00e9ration approbation du rapport de la commission locale d&#8217;\u00e9valuation des transferts de charges de la CAPH en date du 29 janvier 2024<\/u><\/strong><\/div><p style=\"text-align: justify;color: #333333;padding-left: 40px\">Vu le Code G\u00e9n\u00e9ral des Collectivit\u00e9s Territoriales,<\/p><p style=\"text-align: justify;color: #333333;padding-left: 40px\">Vu le Code G\u00e9n\u00e9ral des Imp\u00f4ts,<\/p><p style=\"text-align: justify;color: #333333;padding-left: 40px\">Vu le rapport rendu par la Commission Locale d&#8217;\u00c9valuation des Transferts de Charges de la CAPH lors de sa s\u00e9ance en date du 29 janvier 2024,<\/p><p style=\"color: #333333\"><strong>Le Conseil Municipal apr\u00e8s en avoir d\u00e9lib\u00e9r\u00e9,<\/strong><br \/>par\u00a017 voix pour,\u00a00 voix contre,\u00a03\u00a0abstentions<\/p><table width=\"75%\"><tbody><tr><td style=\"color: #333333\" width=\"25%\"><strong>APPROUVE<\/strong><\/td><td style=\"color: #333333;text-align: justify\" width=\"75%\"><strong>les d\u00e9cisions de la Commission Locale d&#8217;Evaluation des Transferts de Charges et retrac\u00e9es dans le rapport ci-dessus vis\u00e9 et annex\u00e9 \u00e0 la pr\u00e9sente d\u00e9lib\u00e9ration<\/strong><\/td><\/tr><tr><td style=\"color: #333333\">\u00a0<\/td><td style=\"color: #333333;text-align: justify\">EVALUATION DES TRANSFERTS DE CHARGES RELATIFS A LA REINTEGRATION DE LA COMMUNE D&#8217;EMERCHICOURT DANS LE PERIMETRE COMMUNAUTAIRE AU 1<sup>ER<\/sup> JANVIER 2024<\/td><\/tr><\/tbody><\/table><p style=\"text-align: justify;color: #333333;padding-left: 40px\"><strong><u>R\u00e9sultat du vote :<\/u> 20<\/strong><br \/>Nombre de voix pour : 20<br \/>Nombre de voix contre : 0<br \/>Nombre d&#8217;abstentions : 0<\/p><p style=\"color: #333333\" align=\"right\"><em><small>D\u00e9lib\u00e9ration n\u00b0 2024-04-08-D-22<\/small><\/em><\/p><table align=\"right\" bgcolor=\"#EEEEEE\"><tbody><tr><td style=\"color: #333333;text-align: left\" width=\"25%\"><strong><u>D\u00e9cision<\/u><\/strong><\/td><td style=\"color: #333333;text-align: left\" width=\"25%\">Sur :<\/td><td style=\"color: #333333;text-align: left\" width=\"50%\">13 pr\u00e9sents<\/td><\/tr><tr><td style=\"color: #333333;text-align: left\">\u00a0<\/td><td style=\"color: #333333;text-align: left\">Pour :<\/td><td style=\"color: #333333;text-align: left\">20 dont 7 pvrs<\/td><\/tr><tr><td style=\"color: #333333;text-align: left\">\u00a0<\/td><td style=\"color: #333333;text-align: left\">Contre :<\/td><td style=\"color: #333333;text-align: left\">0<\/td><\/tr><tr><td style=\"color: #333333;text-align: left\">\u00a0<\/td><td style=\"color: #333333;text-align: left\">Abstentions :<\/td><td style=\"color: #333333;text-align: left\">0<\/td><\/tr><\/tbody><\/table><div id=\"CM08042024VingtEtUn\" style=\"color: #333333\"><strong><u>21 &#8211; D\u00e9lib\u00e9ration participation de la commune sur les strat\u00e9gies communautaire de transition \u00e9nerg\u00e9tique avec la CAPH<\/u><\/strong><\/div><p style=\"color: #333333\"><strong>Le Conseil Municipal apr\u00e8s en avoir d\u00e9lib\u00e9r\u00e9,<\/strong><br \/>par\u00a017 voix pour,\u00a00 voix contre,\u00a03\u00a0abstentions<\/p><table width=\"75%\"><tbody><tr><td style=\"color: #333333\" width=\"25%\"><strong>SOUHAITE<\/strong><\/td><td style=\"color: #333333;text-align: justify\" width=\"75%\">que la commune de Thiant participe \u00e0 la d\u00e9marche collective et au temps de travail organis\u00e9s par la CAPH pour d\u00e9finir avec les communes les zones d&#8217;acc\u00e9l\u00e9ration dans le cadre de la strat\u00e9gie communautaire de transition \u00e9nerg\u00e9tique.<\/td><\/tr><\/tbody><\/table><p style=\"color: #333333\" align=\"right\"><em><small>D\u00e9lib\u00e9ration n\u00b0 2024-04-08-D-23<\/small><\/em><\/p><table align=\"right\" bgcolor=\"#EEEEEE\"><tbody><tr><td style=\"color: #333333;text-align: left\" width=\"25%\"><strong><u>D\u00e9cision<\/u><\/strong><\/td><td style=\"color: #333333;text-align: left\" width=\"25%\">Sur :<\/td><td style=\"color: #333333;text-align: left\" width=\"50%\">13 pr\u00e9sents<\/td><\/tr><tr><td style=\"color: #333333;text-align: left\">\u00a0<\/td><td style=\"color: #333333;text-align: left\">Pour :<\/td><td style=\"color: #333333;text-align: left\">20 dont 7 pvrs<\/td><\/tr><tr><td style=\"color: #333333;text-align: left\">\u00a0<\/td><td style=\"color: #333333;text-align: left\">Contre :<\/td><td style=\"color: #333333;text-align: left\">0<\/td><\/tr><tr><td style=\"color: #333333;text-align: left\">\u00a0<\/td><td style=\"color: #333333;text-align: left\">Abstentions :<\/td><td style=\"color: #333333;text-align: left\">0<\/td><\/tr><\/tbody><\/table><p style=\"color: #333333;padding-left: 40px\" align=\"justify\"><em>Remarque :<br \/>Monsieur Le Maire informe que prochainement il est convi\u00e9 \u00e0 une r\u00e9union pour les zones ZFE (Zones \u00e0 Faibles \u00e9missions) pour Valenciennes.<br \/>Il est important que toutes les communes soient entendues sur ces sujets et il est donc important que la commune participe aux \u00e9changes.<\/em><\/p><div id=\"CM08042024QD\" style=\"color: #333333\"><strong><u>Questions diverses<\/u><\/strong><\/div><ul><li>Quelles sont les animations pr\u00e9vues sur le th\u00e8me des JO 2024 dans la commune ?<br \/>Monsieur Le Maire : Pour le moment on sait que les ALSH de juillet ont choisi comme th\u00e8me les jeux olympiques.<br \/>Madame Martine PREVOST demande si on a eu des instructions sur l&#8217;aspect s\u00e9curitaire ?<br \/>Des dispositifs seront mis en place et en fonction des instructions, les \u00e9v\u00e8nements seront maintenus ou non.<br \/>Plan vigipirate<\/li><li>Quel est le co\u00fbt du projet de la caisse d&#8217;\u00e9pargne ? (achat, frais de notaire, travaux\u2026)<br \/>Madame St\u00e9phanie WATTIEZ, adjointe aux finances pr\u00e9sentera un bilan lors d&#8217;une prochaine commission<\/li><li>O\u00f9 en est le projet de vid\u00e9oprotection ?<br \/>L&#8217;adjoint aux travaux est absent.<br \/>L&#8217;adjointe aux finances rappelle que des \u00e9tudes sont en cours aupr\u00e8s de la CAPH.<\/li><\/ul><p style=\"color: #333333\" align=\"right\"><strong>Fin de s\u00e9ance<br \/>La Secr\u00e9taire de s\u00e9ance<br \/>Sylvaine GERARD<\/strong><\/p>\t\t\t\t\t\t\t\t<\/div>\n\t\t\t\t<\/div>\n\t\t\t\t<\/div>\n\t\t<div id=\"e-n-tab-content-87943416\" role=\"tabpanel\" aria-labelledby=\"e-n-tab-title-87943416\" data-tab-index=\"6\" style=\"--n-tabs-title-order: 6;\" class=\" elementor-element elementor-element-edce35a e-con-full e-flex e-con e-child\" data-id=\"edce35a\" data-element_type=\"container\" data-e-type=\"container\">\n\t\t\t\t<div class=\"elementor-element elementor-element-aae20af elementor-widget elementor-widget-text-editor\" data-id=\"aae20af\" data-element_type=\"widget\" data-e-type=\"widget\" data-widget_type=\"text-editor.default\">\n\t\t\t\t<div class=\"elementor-widget-container\">\n\t\t\t\t\t\t\t\t\t<h6><span style=\"color: #ff0000;\">Proc\u00e8s verbal du Conseil Municipal du 06 F\u00e9vrier 2024 \u00e0 18h00<\/span><\/h6><p><a href=\"https:\/\/thiant.fr\/wordpress\/documents_ext\/CM\/CM_2024-02-06.pdf\" target=\"_blank\" rel=\"noopener\"><img loading=\"lazy\" decoding=\"async\" class=\"alignnone wp-image-6181 size-medium\" src=\"https:\/\/thiant.fr\/wordpress\/wp-content\/uploads\/2024\/05\/PV_CM06022024-212x300.png\" alt=\"\" width=\"212\" height=\"300\" srcset=\"https:\/\/thiant.fr\/wordpress\/wp-content\/uploads\/2024\/05\/PV_CM06022024-212x300.png 212w, https:\/\/thiant.fr\/wordpress\/wp-content\/uploads\/2024\/05\/PV_CM06022024.png 566w\" sizes=\"(max-width: 212px) 100vw, 212px\" \/><\/a><\/p><p style=\"color: #333333;\"><strong>Date de la convocation\u00a0:<\/strong>\u00a0\u00a0\u00a0\u00a0\u00a0\u00a0\u00a0\u00a0 31 janvier 2024<\/p><p style=\"color: #333333;\"><strong>Date de l\u2019affichage\u00a0:<\/strong> \u00a0\u00a0 \u00a0\u00a0\u00a0\u00a0\u00a0\u00a0\u00a0\u00a0\u00a0\u00a0\u00a0 31 janvier 2024<\/p><p style=\"color: #333333; padding-left: 40px;\" align=\"justify\">L\u2019an deux mil vingt-quatre, le 06 f\u00e9vrier \u00e0 dix-huit heures, le Conseil Municipal de Thiant, r\u00e9guli\u00e8rement convoqu\u00e9, s\u2019est r\u00e9uni en la salle du conseil, rue Anatole France \u00e0 THIANT, sous la Pr\u00e9sidence de Monsieur Marc WATTIEZ, Maire de la Commune.<\/p><p style=\"color: #333333;\"><strong>Pr\u00e9sents :<\/strong><\/p><p style=\"color: #333333; padding-left: 40px;\" align=\"justify\"><strong>Monsieur Marc WATTIEZ, Madame C\u00e9line DUMAINE, Madame St\u00e9phanie WATTIEZ, Monsieur Michel HENNAUT, Monsieur Philippe WAELKENS, Madame Martine PREVOST, Madame Raymonde BOHERE, Madame Sylvaine GERARD, Monsieur Christophe DESPINOY, Madame Armelle BOURLET, Monsieur Bernard MALAQUIN, Monsieur Bernard LEPEZ, Madame Fran\u00e7oise BAR-DESESPRINGALLE, Monsieur Jimmy LAURENT, Monsieur Jean-Michel HARBONNIER<\/strong><\/p><p style=\"color: #333333;\"><strong>Excus\u00e9s :<\/strong><\/p><p style=\"color: #333333; padding-left: 40px;\"><strong>Monsieur Guy VANDERBEC<br \/>Monsieur J\u00e9r\u00f4me CARLIER qui donne pouvoir \u00e0 Monsieur Philippe WAELKENS<br \/>Madame Sylvie NICOLAS qui donne pouvoir \u00e0 Madame C\u00e9line DUMAINE<br \/>Monsieur Jean Claude BAH qui donne pouvoir \u00e0 Monsieur Michel HENNAUT<br \/>Madame Sylvie DEVOS qui donne pouvoir \u00e0 Madame Sylvaine GERARD<br \/>Madame C\u00e9line TRACHMAN qui donne pouvoir \u00e0 Monsieur Christophe DESPINOY<br \/>Monsieur Sylvain LEFEBVRE qui donne pouvoir \u00e0 Monsieur Jean-Michel HARBONNIER<\/strong><\/p><p style=\"color: #333333;\"><strong>Absents : MM.XXXXX<\/strong><\/p><p style=\"color: #333333;\"><strong><u>Ordre du jour<\/u>\u00a0:<\/strong><\/p><ol style=\"color: #333333; padding-left: 40px;\"><li><a href=\"#CM06022024Un\">D\u00e9lib\u00e9ration approbation du proc\u00e8s-verbal du 28 novembre 2023<\/a><\/li><li><a href=\"#CM06022024Deux\">D\u00e9lib\u00e9ration retrait de celle de novembre 2024 et nouvelle autorisation d\u2019engagement des d\u00e9penses avant vote du BP 2024 <u>et de son annexe<\/u><\/a><\/li><li><a href=\"#CM06022024Trois\">D\u00e9lib\u00e9ration engagement dans la d\u00e9marche d\u2019\u00e9laboration de la convention Territoriale Globale (CTG)<\/a><\/li><li><a href=\"#CM06022024Quatre\">D\u00e9lib\u00e9ration d\u00e9signation des repr\u00e9sentants titulaire et suppl\u00e9ant de la commune \u00e0 la commission Locale d\u2019\u00e9valuation des charges transf\u00e9r\u00e9es de la communaut\u00e9 d\u2019agglom\u00e9ration de la porte du Hainaut<\/a><\/li><li><a href=\"#CM06022024Cinq\">D\u00e9lib\u00e9ration exon\u00e9ration en faveur des logements neufs pr\u00e9sentant une performance \u00e9nerg\u00e9tique et environnementale \u00e9lev\u00e9e<\/a><\/li><li><a href=\"#CM06022024Six\">D\u00e9lib\u00e9ration cr\u00e9ation d\u2019emplois occasionnels et cr\u00e9ation d\u2019emplois non permanent pour faire face \u00e0 des besoins d\u2019accroissement temporaire de travail et\/ou \u00e0 un accroissement saisonnier d\u2019activit\u00e9<\/a><\/li><li><a href=\"#CM06022024Sept\">D\u00e9lib\u00e9ration autorisation de demande de subventions aupr\u00e8s du d\u00e9partement : Projet ADVB -ADVB \u00e9nergie \u2013 Amende de police- Am\u00e9nagement\u2026<\/a><\/li><li><a href=\"#CM06022024QD\">Questions diverses<\/a><\/li><\/ol><p style=\"color: #333333;\"><strong>D\u00e9signation d&#8217;un Secr\u00e9taire de s\u00e9ance: Armelle BOURLET<\/strong><\/p><p style=\"color: #333333;\"><strong>Nombre de pouvoirs\u00a0:\u2026 6 pouvoirs\u2026\u2026\u2026\u2026\u2026\u2026\u2026\u2026\u2026\u2026\u2026<\/strong><\/p><p><!--<\/p>\n<p align=\"justify\" style=\"color: #333333;\"><em>Monsieur Le Maire pr\u00e9sente ses v\u0153ux.<br \/>Madame Emilie LEBRUN participe pour la premi\u00e9re fois au conseil municipal suite \u00e0 son int\u00e9gration et se pr\u00e9sente succinctement au conseil.<\/em><\/p>\n<p align=\"justify\" style=\"color: #333333;\"><em><strong>Arriv\u00e9e de Madame Sylvie NICOLAS<\/strong><\/em><\/p>\n<div style=\"color: #333333;\">Monsieur Le Maire rappelle qu'un \u00e9lu municipal a un devoir de r\u00e9serve et qu'il ne doit pas colporter des informations infond\u00e9es ou dont il n'est pas s\u00fbr qui seront \u00e0 tous coups, d\u00e9form\u00e9es en passant d'une oreille \u00e0 l'autre.<\/div>\n<p>--><\/p><div id=\"CM06022024Un\" style=\"color: #333333;\"><strong><u>1 &#8211; Approbation du Proc\u00e8s-verbal du 28 novembre 2023<\/u><\/strong><\/div><table width=\"75%\"><tbody><tr><td style=\"color: #333333;\" width=\"25%\">Consid\u00e9rant<\/td><td style=\"color: #333333; text-align: justify;\" width=\"75%\">Le Code G\u00e9n\u00e9ral des Collectivit\u00e9s Territoriales, particuli\u00e8rement les articles L.2121-7 \u00e0 L.2121-28 ;<\/td><\/tr><tr><td style=\"color: #333333;\">Consid\u00e9rant<\/td><td style=\"color: #333333; text-align: justify;\">qu&#8217;il convient d&#8217;adopter les proc\u00e8s-verbaux des s\u00e9ances du Conseil Municipal.<\/td><\/tr><\/tbody><\/table><p style=\"color: #333333;\"><strong>Le Conseil Municipal, apr\u00e8s en avoir d\u00e9lib\u00e9r\u00e9,<\/strong><br \/>par\u00a021 voix pour,\u00a00 voix contre,\u00a00\u00a0abstention<\/p><table width=\"75%\"><tbody><tr><td style=\"color: #333333;\" width=\"25%\"><strong><u>APPROUVE<\/u><\/strong><\/td><td style=\"color: #333333; text-align: justify;\" width=\"75%\">le contenu du proc\u00e8s-verbal du 28 novembre 2023, r\u00e9dig\u00e9 par son secr\u00e9taire de s\u00e9ance.<\/td><\/tr><\/tbody><\/table><p style=\"color: #333333; padding-left: 40px; text-align: justify;\"><em>Remarques :<br \/>Monsieur Michel HENNAUT :<br \/>Au point N\u00b09 :<br \/>\u00c0 combien d\u2019\u00e9l\u00e8ves donne-t-on la carte pour les bourses scolaire (coll\u00e9giens) ?<br \/>138 \u00e9l\u00e8ves<br \/>Au concours de dessins ?<br \/>29 inscrits avec 150\u20ac de budget dont 6 cartes cadeaux<br \/>Au concours de maisons fleuries<br \/>28 inscrits pour 28 cartes cadeaux<br \/>Dor\u00e9navant, les r\u00e9unions, les commissions se feront Salle Cacheux dans la mesure du possible.<\/em><\/p><p style=\"color: #333333; text-align: right;\"><em><small>D\u00e9lib\u00e9ration n\u00b0 2024-02-06-D-01<\/small><\/em><\/p><table width=\"50%\" align=\"center\" bgcolor=\"#EEEEEE\"><tbody><tr><td style=\"color: #333333; text-align: left;\" width=\"25%\"><strong><u>D\u00e9cision<\/u><\/strong><\/td><td style=\"color: #333333; text-align: right;\" width=\"25%\">Sur :<\/td><td style=\"color: #333333; text-align: left;\" width=\"50%\">15 pr\u00e9sents<\/td><\/tr><tr><td style=\"color: #333333; text-align: left;\">\u00a0<\/td><td style=\"color: #333333; text-align: right;\">Pour :<\/td><td style=\"color: #333333; text-align: left;\">21 dont 6 pouvoirs<\/td><\/tr><tr><td style=\"color: #333333; text-align: left;\">\u00a0<\/td><td style=\"color: #333333; text-align: right;\">Contre :<\/td><td style=\"color: #333333; text-align: left;\">0<\/td><\/tr><tr><td style=\"color: #333333; text-align: left;\">\u00a0<\/td><td style=\"color: #333333; text-align: right;\">Abstentions :<\/td><td style=\"color: #333333; text-align: left;\">0<\/td><\/tr><\/tbody><\/table><div id=\"CM06022024Deux\" style=\"color: #333333;\"><strong><u>2 &#8211; D\u00e9lib\u00e9ration retrait de celle de novembre 2023 et nouvelle autorisation d\u2019engagement des d\u00e9penses avant vote du BP 2024 et de son annexe<\/u><\/strong><\/div><p style=\"color: #333333; padding-left: 40px;\" align=\"justify\"><em>Pr\u00e9sentation est faite par Madame St\u00e9phanie WATTIEZ \u2013 Adjointe aux finances<\/em><\/p><p style=\"color: #333333; padding-left: 42px; text-align: justify;\">Comme le pr\u00e9voit le code g\u00e9n\u00e9ral des collectivit\u00e9s territoriales en son article L 1612.1 une collectivit\u00e9 peut jusqu\u2019\u00e0 l\u2019adoption de son budget et sur autorisation de l\u2019organe d\u00e9lib\u00e9rant engager liquider et mandater les d\u00e9penses d\u2019investissement dans la limite du quart des cr\u00e9dits de l\u2019exercice pr\u00e9c\u00e9dent non compris les cr\u00e9dits aff\u00e9rents au remboursement de la dette.<br \/>Le budget 2024 ne sera pas vot\u00e9 prochainement.<br \/>Il est donc n\u00e9cessaire de permettre \u00e0 Monsieur Le Maire d\u2019effectuer les op\u00e9rations d\u2019investissement en ce d\u00e9but d\u2019ann\u00e9e 2024.<\/p><p style=\"color: #333333;\"><strong>Le Conseil Municipal, apr\u00e8s en avoir d\u00e9lib\u00e9r\u00e9,<\/strong><br \/>par\u00a021 voix pour,\u00a00 voix contre,\u00a0\u00a0abstention<\/p><table width=\"75%\"><tbody><tr><td style=\"color: #333333;\" width=\"25%\"><strong>D\u00c9CIDE<\/strong><\/td><td style=\"color: #333333; text-align: justify;\" width=\"75%\">d\u2019annuler la d\u00e9lib\u00e9ration du 2023-11-28-D12<\/td><\/tr><tr><td style=\"color: #333333;\" width=\"25%\"><strong>D\u00c9CIDE<\/strong><\/td><td style=\"color: #333333; text-align: justify;\" width=\"75%\">d\u2019autoriser Monsieur Le Maire \u00e0 effectuer des op\u00e9rations d\u2019investissement avant le vote du budget 2024 dans la limite de 25% des cr\u00e9dits ouverts au budget de l\u2019exercice 2023 conform\u00e9ment au tableau annex\u00e9 ci-dessous \u00e0 la pr\u00e9sente d\u00e9lib\u00e9ration.<\/td><\/tr><\/tbody><\/table><p style=\"color: #333333;\" align=\"right\"><em><small>D\u00e9lib\u00e9ration n\u00b0 2024-02-06-D-02 <\/small><\/em><\/p><table width=\"50%\" align=\"center\" bgcolor=\"#EEEEEE\"><tbody><tr><td style=\"color: #333333; text-align: left;\" width=\"25%\"><strong><u>D\u00e9cision<\/u><\/strong><\/td><td style=\"color: #333333; text-align: right;\" width=\"25%\">Sur :<\/td><td style=\"color: #333333; text-align: left;\" width=\"50%\">15 pr\u00e9sents<\/td><\/tr><tr><td style=\"color: #333333; text-align: left;\">\u00a0<\/td><td style=\"color: #333333; text-align: right;\">Pour :<\/td><td style=\"color: #333333; text-align: left;\">21 dont 6 pouvoirs<\/td><\/tr><tr><td style=\"color: #333333; text-align: left;\">\u00a0<\/td><td style=\"color: #333333; text-align: right;\">Contre :<\/td><td style=\"color: #333333; text-align: left;\">0<\/td><\/tr><tr><td style=\"color: #333333; text-align: left;\">\u00a0<\/td><td style=\"color: #333333; text-align: right;\">Abstentions :<\/td><td style=\"color: #333333; text-align: left;\">0<\/td><\/tr><\/tbody><\/table><p style=\"text-align: center; color: #333333;\"><strong>SECTION D&#8217;INVESTISSEMENT &#8211; COMMUNE DE THIANT<\/strong><\/p><table style=\"table-layout: auto;\" align=\"center\" bgcolor=\"#EEEEEE\"><tbody><tr><td style=\"text-align: center; vertical-align: middle; color: #333333; font-size: 0.75rem;\" rowspan=\"3\">D\u00e9penses<\/td><td style=\"text-align: center; vertical-align: middle; color: #333333; font-size: 0.75rem;\">\u00a0<\/td><td style=\"text-align: center; vertical-align: middle; color: #333333; font-size: 0.75rem;\">RAR<\/td><td style=\"text-align: center; vertical-align: middle; color: #333333; font-size: 0.75rem;\">BP VOTE<\/td><td style=\"text-align: center; vertical-align: middle; color: #333333; font-size: 0.75rem;\">DM<\/td><td style=\"text-align: center; vertical-align: middle; color: #333333; font-size: 0.75rem;\">BP HORS RAR<br \/>2022 + dm<\/td><td style=\"text-align: center; vertical-align: middle; color: #333333; font-size: 0.75rem;\">Chapitre 16 et<br \/>chap 041 \u00e0<br \/>d\u00e9duire<\/td><td style=\"text-align: center; vertical-align: middle; color: #333333; font-size: 0.75rem;\">soit montant<br \/>maxi retenu<\/td><td style=\"text-align: center; vertical-align: middle; color: #333333; font-size: 0.75rem;\" bgcolor=\"#A4DB9F\">Autorisation<br \/>maximum<br \/>possible 25%<br \/>CREDIT sur 2024<\/td><\/tr><tr><td style=\"text-align: center; vertical-align: middle; color: #333333; font-size: 0.75rem;\">Calcul pour autorisation maximum<br \/>25%<\/td><td style=\"text-align: center; vertical-align: middle; color: #333333; font-size: 0.75rem;\" rowspan=\"2\">58 000,00 \u20ac<\/td><td style=\"text-align: center; vertical-align: middle; color: #333333; font-size: 0.75rem;\" rowspan=\"2\">1 935 141,00 \u20ac<\/td><td style=\"text-align: center; vertical-align: middle; color: #333333; font-size: 0.75rem;\" rowspan=\"2\">67 141,53 \u20ac<\/td><td style=\"text-align: center; vertical-align: middle; color: #333333; font-size: 0.75rem;\" rowspan=\"2\">2 002 282,53 \u20ac<\/td><td style=\"text-align: center; vertical-align: middle; color: #333333; font-size: 0.75rem;\" rowspan=\"2\">110 500,53 \u20ac<\/td><td style=\"text-align: center; vertical-align: middle; color: #333333; font-size: 0.75rem;\" rowspan=\"2\">1 891 782,00 \u20ac<\/td><td style=\"text-align: center; vertical-align: middle; color: #333333; font-size: 0.75rem;\" rowspan=\"2\">472 945,50 \u20ac<\/td><\/tr><tr><td style=\"text-align: center; vertical-align: middle; color: #333333; font-size: 0.75rem;\">Budget vot\u00e9 sans les RAR 2022 + DM &#8211;<br \/>Chap 16<\/td><\/tr><tr><td style=\"text-align: center; vertical-align: middle; color: #333333; font-size: 0.75rem;\" colspan=\"2\">BUDGET 2023<\/td><td style=\"text-align: center; vertical-align: middle; color: #333333; font-size: 0.75rem;\">restes \u00e0<br \/>r\u00e9aliser<br \/>2022 SUR<br \/>2023<\/td><td style=\"text-align: center; vertical-align: middle; color: #333333; font-size: 0.75rem;\">BP 2023 VOTE<\/td><td style=\"text-align: center; vertical-align: middle; color: #333333; font-size: 0.75rem;\">DM1 DM2 DM3<br \/>DM4<\/td><td style=\"text-align: center; vertical-align: middle; color: #333333; font-size: 0.75rem;\">BP apr\u00e8s DM1<br \/>DM2 DM3<br \/>DM4<\/td><td style=\"text-align: center; vertical-align: middle; color: #333333; font-size: 0.75rem;\">Chapitre 16 et<br \/>chap 041 \u00e0<br \/>d\u00e9duire<\/td><td style=\"text-align: center; vertical-align: middle; color: #333333; font-size: 0.75rem;\">\u00a0<\/td><td style=\"text-align: center; vertical-align: middle; color: #333333; font-size: 0.75rem;\" bgcolor=\"#A4DB9F\">Autorisation<br \/>25% CREDIT sur<br \/>2024<\/td><\/tr><tr bgcolor=\"#000000;\"><td style=\"text-align: left; vertical-align: bottom; color: #ffffff; font-size: 0.75rem;\">010<\/td><td style=\"text-align: left; vertical-align: bottom; color: #ffffff; font-size: 0.75rem;\">\u00a0<\/td><td style=\"text-align: right; vertical-align: bottom; color: #ffffff; font-size: 0.75rem;\">&#8211;<br \/>\u20ac<\/td><td style=\"text-align: right; vertical-align: bottom; color: #ffffff; font-size: 0.75rem;\">&#8211; \u20ac<\/td><td style=\"text-align: right; vertical-align: bottom; color: #ffffff; font-size: 0.75rem;\">\u00a0<\/td><td style=\"text-align: right; vertical-align: bottom; color: #ffffff; font-size: 0.75rem;\">\u00a0<\/td><td style=\"text-align: right; vertical-align: bottom; color: #ffffff; font-size: 0.75rem;\">\u00a0<\/td><td style=\"text-align: right; vertical-align: bottom; color: #ffffff; font-size: 0.75rem;\">\u00a0<\/td><td style=\"text-align: right; vertical-align: bottom; color: #ffffff; font-size: 0.75rem;\">&#8211; \u20ac<\/td><\/tr><tr><td style=\"text-align: left; vertical-align: bottom; color: #333333; font-size: 0.75rem;\">\u00a0<\/td><td style=\"text-align: left; vertical-align: bottom; color: #333333; font-size: 0.75rem;\">\u00a0<\/td><td style=\"text-align: right; vertical-align: bottom; color: #333333; font-size: 0.75rem;\">\u00a0<\/td><td style=\"text-align: right; vertical-align: bottom; color: #333333; font-size: 0.75rem;\">\u00a0<\/td><td style=\"text-align: right; vertical-align: bottom; color: #333333; font-size: 0.75rem;\">\u00a0<\/td><td style=\"text-align: right; vertical-align: bottom; color: #333333; font-size: 0.75rem;\">&#8211; \u20ac<\/td><td style=\"text-align: right; vertical-align: bottom; color: #333333; font-size: 0.75rem;\">\u00a0<\/td><td style=\"text-align: right; vertical-align: bottom; color: #333333; font-size: 0.75rem;\">&#8211; \u20ac<\/td><td style=\"text-align: right; vertical-align: bottom; color: #333333; font-size: 0.75rem;\">\u00a0<\/td><\/tr><tr bgcolor=\"#000000;\"><td style=\"text-align: left; vertical-align: bottom; color: #ffffff; font-size: 0.75rem;\">020<\/td><td style=\"text-align: left; vertical-align: bottom; color: #ffffff; font-size: 0.75rem;\">IMMOBILISATIONS INCORPORELLES<\/td><td style=\"text-align: right; vertical-align: bottom; color: #ffffff; font-size: 0.75rem;\">&#8211; \u20ac<\/td><td style=\"text-align: right; vertical-align: bottom; color: #ffffff; font-size: 0.75rem;\">25 000,00 \u20ac<\/td><td style=\"text-align: right; vertical-align: bottom; color: #ffffff; font-size: 0.75rem;\">&#8211; \u20ac<\/td><td style=\"text-align: right; vertical-align: bottom; color: #ffffff; font-size: 0.75rem;\">25 000,00 \u20ac<\/td><td style=\"text-align: right; vertical-align: bottom; color: #ffffff; font-size: 0.75rem;\">\u00a0<\/td><td style=\"text-align: right; vertical-align: bottom; color: #ffffff; font-size: 0.75rem;\">25 000,00 \u20ac<\/td><td style=\"text-align: right; vertical-align: bottom; color: #ffffff; font-size: 0.75rem;\">6 250,00 \u20ac<\/td><\/tr><tr><td style=\"text-align: left; vertical-align: bottom; color: #333333; font-size: 0.75rem;\">202<\/td><td style=\"text-align: left; vertical-align: bottom; color: #333333; font-size: 0.75rem;\">Frais li\u00e9s aux docs. d&#8217;urbanisme<\/td><td style=\"text-align: right; vertical-align: bottom; color: #333333; font-size: 0.75rem;\">\u00a0<\/td><td style=\"text-align: right; vertical-align: bottom; color: #333333; font-size: 0.75rem;\">\u00a0<\/td><td style=\"text-align: right; vertical-align: bottom; color: #333333; font-size: 0.75rem;\">7 500,00 \u20ac<\/td><td style=\"text-align: right; vertical-align: bottom; color: #333333; font-size: 0.75rem;\">7 500,00 \u20ac<\/td><td style=\"text-align: right; vertical-align: bottom; color: #333333; font-size: 0.75rem;\">\u00a0<\/td><td style=\"text-align: right; vertical-align: bottom; color: #333333; font-size: 0.75rem;\">7 500,00 \u20ac<\/td><td style=\"text-align: right; vertical-align: bottom; color: #333333; font-size: 0.75rem;\" bgcolor=\"#A4DB9F\">1 875,00 \u20ac<\/td><\/tr><tr><td style=\"text-align: left; vertical-align: bottom; color: #333333; font-size: 0.75rem;\">2031<\/td><td style=\"text-align: left; vertical-align: bottom; color: #333333; font-size: 0.75rem;\">Frais d&#8217;\u00e9tude<\/td><td style=\"text-align: right; vertical-align: bottom; color: #333333; font-size: 0.75rem;\">\u00a0<\/td><td style=\"text-align: right; vertical-align: bottom; color: #333333; font-size: 0.75rem;\">10 000,00 \u20ac<\/td><td style=\"text-align: right; vertical-align: bottom; color: #333333; font-size: 0.75rem;\">\u00a0<\/td><td style=\"text-align: right; vertical-align: bottom; color: #333333; font-size: 0.75rem;\">10 000,00 \u20ac<\/td><td style=\"text-align: right; vertical-align: bottom; color: #333333; font-size: 0.75rem;\">\u00a0<\/td><td style=\"text-align: right; vertical-align: bottom; color: #333333; font-size: 0.75rem;\">10 000,00 \u20ac<\/td><td style=\"text-align: right; vertical-align: bottom; color: #333333; font-size: 0.75rem;\" bgcolor=\"#A4DB9F\">2 500,00 \u20ac<\/td><\/tr><tr><td style=\"text-align: left; vertical-align: bottom; color: #333333; font-size: 0.75rem;\">2033<\/td><td style=\"text-align: left; vertical-align: bottom; color: #333333; font-size: 0.75rem;\">Frais d&#8217;insertion<\/td><td style=\"text-align: right; vertical-align: bottom; color: #333333; font-size: 0.75rem;\">\u00a0<\/td><td style=\"text-align: right; vertical-align: bottom; color: #333333; font-size: 0.75rem;\">5 000,00 \u20ac<\/td><td style=\"text-align: right; vertical-align: bottom; color: #333333; font-size: 0.75rem;\">\u00a0<\/td><td style=\"text-align: right; vertical-align: bottom; color: #333333; font-size: 0.75rem;\">5 000,00 \u20ac<\/td><td style=\"text-align: right; vertical-align: bottom; color: #333333; font-size: 0.75rem;\">\u00a0<\/td><td style=\"text-align: right; vertical-align: bottom; color: #333333; font-size: 0.75rem;\">5 000,00 \u20ac<\/td><td style=\"text-align: right; vertical-align: bottom; color: #333333; font-size: 0.75rem;\" bgcolor=\"#A4DB9F\">1 250,00 \u20ac<\/td><\/tr><tr><td style=\"text-align: left; vertical-align: bottom; color: #333333; font-size: 0.75rem;\">205<\/td><td style=\"text-align: left; vertical-align: bottom; color: #333333; font-size: 0.75rem;\">Concessions et droits similaires,<br \/>logiciels<\/td><td style=\"text-align: right; vertical-align: bottom; color: #333333; font-size: 0.75rem;\">&#8211; \u20ac<\/td><td style=\"text-align: right; vertical-align: bottom; color: #333333; font-size: 0.75rem;\">\u00a0<\/td><td style=\"text-align: right; vertical-align: bottom; color: #333333; font-size: 0.75rem;\">\u00a0<\/td><td style=\"text-align: right; vertical-align: bottom; color: #333333; font-size: 0.75rem;\">&#8211; \u20ac<\/td><td style=\"text-align: right; vertical-align: bottom; color: #333333; font-size: 0.75rem;\">\u00a0<\/td><td style=\"text-align: right; vertical-align: bottom; color: #333333; font-size: 0.75rem;\">&#8211; \u20ac<\/td><td style=\"text-align: right; vertical-align: bottom; color: #333333; font-size: 0.75rem;\" bgcolor=\"#A4DB9F\">&#8211; \u20ac<\/td><\/tr><tr><td style=\"text-align: left; vertical-align: bottom; color: #333333; font-size: 0.75rem;\">2051<\/td><td style=\"text-align: left; vertical-align: bottom; color: #333333; font-size: 0.75rem;\">Concessions et droits similaires,<br \/>logiciels<\/td><td style=\"text-align: right; vertical-align: bottom; color: #333333; font-size: 0.75rem;\">\u00a0<\/td><td style=\"text-align: right; vertical-align: bottom; color: #333333; font-size: 0.75rem;\">10 000,00 \u20ac<\/td><td style=\"text-align: left; vertical-align: bottom; color: #333333; font-size: 0.75rem;\">&#8211; 7 500,00 \u20ac<\/td><td style=\"text-align: right; vertical-align: bottom; color: #333333; font-size: 0.75rem;\">2 500,00 \u20ac<\/td><td style=\"text-align: right; vertical-align: bottom; color: #333333; font-size: 0.75rem;\">\u00a0<\/td><td style=\"text-align: right; vertical-align: bottom; color: #333333; font-size: 0.75rem;\">2 500,00 \u20ac<\/td><td style=\"text-align: right; vertical-align: bottom; color: #333333; font-size: 0.75rem;\" bgcolor=\"#A4DB9F\">625,00 \u20ac<\/td><\/tr><tr bgcolor=\"#000000;\"><td style=\"text-align: left; vertical-align: bottom; color: #ffffff; font-size: 0.75rem;\">204<\/td><td style=\"text-align: left; vertical-align: bottom; color: #ffffff; font-size: 0.75rem;\">SUBVENTIONS D&#8217;EQUIPEMENTS<br \/>VERSEES<\/td><td style=\"text-align: right; vertical-align: bottom; color: #ffffff; font-size: 0.75rem;\">&#8211; \u20ac<\/td><td style=\"text-align: right; vertical-align: bottom; color: #ffffff; font-size: 0.75rem;\">&#8211; \u20ac<\/td><td style=\"text-align: right; vertical-align: bottom; color: #ffffff; font-size: 0.75rem;\">3 100,00 \u20ac<\/td><td style=\"text-align: right; vertical-align: bottom; color: #ffffff; font-size: 0.75rem;\">3 100,00 \u20ac<\/td><td style=\"text-align: right; vertical-align: bottom; color: #ffffff; font-size: 0.75rem;\">\u00a0<\/td><td style=\"text-align: right; vertical-align: bottom; color: #ffffff; font-size: 0.75rem;\">3 100,00 \u20ac<\/td><td style=\"text-align: right; vertical-align: bottom; color: #ffffff; font-size: 0.75rem;\">775,00 \u20ac<\/td><\/tr><tr><td style=\"text-align: left; vertical-align: bottom; color: #333333; font-size: 0.75rem;\">20415<\/td><td style=\"text-align: left; vertical-align: bottom; color: #333333; font-size: 0.75rem;\">Groupements de collectivit\u00e9s<\/td><td style=\"text-align: right; vertical-align: bottom; color: #333333; font-size: 0.75rem;\">\u00a0<\/td><td style=\"text-align: right; vertical-align: bottom; color: #333333; font-size: 0.75rem;\">\u00a0<\/td><td style=\"text-align: right; vertical-align: bottom; color: #333333; font-size: 0.75rem;\">\u00a0<\/td><td style=\"text-align: right; vertical-align: bottom; color: #333333; font-size: 0.75rem;\">&#8211; \u20ac<\/td><td style=\"text-align: right; vertical-align: bottom; color: #333333; font-size: 0.75rem;\">\u00a0<\/td><td style=\"text-align: right; vertical-align: bottom; color: #333333; font-size: 0.75rem;\">&#8211; \u20ac<\/td><td style=\"text-align: right; vertical-align: bottom; color: #333333; font-size: 0.75rem;\" bgcolor=\"#A4DB9F\">&#8211; \u20ac<\/td><\/tr><tr><td style=\"text-align: left; vertical-align: bottom; color: #333333; font-size: 0.75rem;\">2041512<\/td><td style=\"text-align: left; vertical-align: bottom; color: #333333; font-size: 0.75rem;\">GFP De rattachement : B\u00e2timents et<br \/>installations<\/td><td style=\"text-align: right; vertical-align: bottom; color: #333333; font-size: 0.75rem;\">\u00a0<\/td><td style=\"text-align: right; vertical-align: bottom; color: #333333; font-size: 0.75rem;\">\u00a0<\/td><td style=\"text-align: right; vertical-align: bottom; color: #333333; font-size: 0.75rem;\">\u00a0<\/td><td style=\"text-align: right; vertical-align: bottom; color: #333333; font-size: 0.75rem;\">&#8211; \u20ac<\/td><td style=\"text-align: right; vertical-align: bottom; color: #333333; font-size: 0.75rem;\">\u00a0<\/td><td style=\"text-align: right; vertical-align: bottom; color: #333333; font-size: 0.75rem;\">&#8211; \u20ac<\/td><td style=\"text-align: right; vertical-align: bottom; color: #333333; font-size: 0.75rem;\" bgcolor=\"#A4DB9F\">&#8211; \u20ac<\/td><\/tr><tr><td style=\"text-align: left; vertical-align: bottom; color: #333333; font-size: 0.75rem;\">2041582<\/td><td style=\"text-align: left; vertical-align: bottom; color: #333333; font-size: 0.75rem;\">Autres groupements &#8211; B\u00e2timents et<br \/>installations<\/td><td style=\"text-align: right; vertical-align: bottom; color: #333333; font-size: 0.75rem;\">\u00a0<\/td><td style=\"text-align: right; vertical-align: bottom; color: #333333; font-size: 0.75rem;\">\u00a0<\/td><td style=\"text-align: right; vertical-align: bottom; color: #333333; font-size: 0.75rem;\">\u00a0<\/td><td style=\"text-align: right; vertical-align: bottom; color: #333333; font-size: 0.75rem;\">&#8211; \u20ac<\/td><td style=\"text-align: right; vertical-align: bottom; color: #333333; font-size: 0.75rem;\">\u00a0<\/td><td style=\"text-align: right; vertical-align: bottom; color: #333333; font-size: 0.75rem;\">&#8211; \u20ac<\/td><td style=\"text-align: right; vertical-align: bottom; color: #333333; font-size: 0.75rem;\" bgcolor=\"#A4DB9F\">&#8211; \u20ac<\/td><\/tr><tr><td style=\"text-align: left; vertical-align: bottom; color: #333333; font-size: 0.75rem;\">2042<\/td><td style=\"text-align: left; vertical-align: bottom; color: #333333; font-size: 0.75rem;\">Subv. \u00c9quipement pers. Droit priv\u00e9<\/td><td style=\"text-align: right; vertical-align: bottom; color: #333333; font-size: 0.75rem;\">&#8211; \u20ac<\/td><td style=\"text-align: right; vertical-align: bottom; color: #333333; font-size: 0.75rem;\">\u00a0<\/td><td style=\"text-align: right; vertical-align: bottom; color: #333333; font-size: 0.75rem;\">\u00a0<\/td><td style=\"text-align: right; vertical-align: bottom; color: #333333; font-size: 0.75rem;\">&#8211; \u20ac<\/td><td style=\"text-align: right; vertical-align: bottom; color: #333333; font-size: 0.75rem;\">\u00a0<\/td><td style=\"text-align: right; vertical-align: bottom; color: #333333; font-size: 0.75rem;\">&#8211; \u20ac<\/td><td style=\"text-align: right; vertical-align: bottom; color: #333333; font-size: 0.75rem;\" bgcolor=\"#A4DB9F\">&#8211; \u20ac<\/td><\/tr><tr><td style=\"text-align: left; vertical-align: bottom; color: #333333; font-size: 0.75rem;\">20422<\/td><td style=\"text-align: left; vertical-align: bottom; color: #333333; font-size: 0.75rem;\">B\u00e2timents et installations<\/td><td style=\"text-align: right; vertical-align: bottom; color: #333333; font-size: 0.75rem;\">\u00a0<\/td><td style=\"text-align: right; vertical-align: bottom; color: #333333; font-size: 0.75rem;\">\u00a0<\/td><td style=\"text-align: right; vertical-align: bottom; color: #333333; font-size: 0.75rem;\">3 100,00 \u20ac<\/td><td style=\"text-align: right; vertical-align: bottom; color: #333333; font-size: 0.75rem;\">3 100,00 \u20ac<\/td><td style=\"text-align: right; vertical-align: bottom; color: #333333; font-size: 0.75rem;\">\u00a0<\/td><td style=\"text-align: right; vertical-align: bottom; color: #333333; font-size: 0.75rem;\">3 100,00 \u20ac<\/td><td style=\"text-align: right; vertical-align: bottom; color: #333333; font-size: 0.75rem;\" bgcolor=\"#A4DB9F\">775,00 \u20ac<\/td><\/tr><tr><td style=\"text-align: left; vertical-align: bottom; color: #333333; font-size: 0.75rem;\">20442<\/td><td style=\"text-align: left; vertical-align: bottom; color: #333333; font-size: 0.75rem;\">Personnes de droit priv\u00e9<\/td><td style=\"text-align: right; vertical-align: bottom; color: #333333; font-size: 0.75rem;\">&#8211; \u20ac<\/td><td style=\"text-align: right; vertical-align: bottom; color: #333333; font-size: 0.75rem;\">\u00a0<\/td><td style=\"text-align: right; vertical-align: bottom; color: #333333; font-size: 0.75rem;\">\u00a0<\/td><td style=\"text-align: right; vertical-align: bottom; color: #333333; font-size: 0.75rem;\">&#8211; \u20ac<\/td><td style=\"text-align: right; vertical-align: bottom; color: #333333; font-size: 0.75rem;\">\u00a0<\/td><td style=\"text-align: right; vertical-align: bottom; color: #333333; font-size: 0.75rem;\">&#8211; \u20ac<\/td><td style=\"text-align: right; vertical-align: bottom; color: #333333; font-size: 0.75rem;\" bgcolor=\"#A4DB9F\">&#8211; \u20ac<\/td><\/tr><tr bgcolor=\"#000000;\"><td style=\"text-align: left; vertical-align: bottom; color: #ffffff; font-size: 0.75rem;\">021<\/td><td style=\"text-align: left; vertical-align: bottom; color: #ffffff; font-size: 0.75rem;\">IMMOBILISATIONS CORPORELLES<\/td><td style=\"text-align: right; vertical-align: bottom; color: #ffffff; font-size: 0.75rem;\">5 000,00 \u20ac<\/td><td style=\"text-align: right; vertical-align: bottom; color: #ffffff; font-size: 0.75rem;\">1 116 013,00 \u20ac<\/td><td style=\"text-align: right; vertical-align: bottom; color: #ffffff; font-size: 0.75rem;\">66 641,00 \u20ac<\/td><td style=\"text-align: right; vertical-align: bottom; color: #ffffff; font-size: 0.75rem;\">1 182 654,00 \u20ac<\/td><td style=\"text-align: right; vertical-align: bottom; color: #ffffff; font-size: 0.75rem;\">\u00a0<\/td><td style=\"text-align: right; vertical-align: bottom; color: #ffffff; font-size: 0.75rem;\">1 182 654,00 \u20ac<\/td><td style=\"text-align: right; vertical-align: bottom; color: #ffffff; font-size: 0.75rem;\">295 663,50 \u20ac<\/td><\/tr><tr><td style=\"text-align: left; vertical-align: bottom; color: #333333; font-size: 0.75rem;\">2111<\/td><td style=\"text-align: left; vertical-align: bottom; color: #333333; font-size: 0.75rem;\">Terrains nus<\/td><td style=\"text-align: right; vertical-align: bottom; color: #333333; font-size: 0.75rem;\">\u00a0<\/td><td style=\"text-align: right; vertical-align: bottom; color: #333333; font-size: 0.75rem;\">50 000,00 \u20ac<\/td><td style=\"text-align: right; vertical-align: bottom; color: #333333; font-size: 0.75rem;\">\u00a0<\/td><td style=\"text-align: right; vertical-align: bottom; color: #333333; font-size: 0.75rem;\">50 000,00 \u20ac<\/td><td style=\"text-align: right; vertical-align: bottom; color: #333333; font-size: 0.75rem;\">\u00a0<\/td><td style=\"text-align: right; vertical-align: bottom; color: #333333; font-size: 0.75rem;\">50 000,00 \u20ac<\/td><td style=\"text-align: right; vertical-align: bottom; color: #333333; font-size: 0.75rem;\" bgcolor=\"#A4DB9F\">12 500,00 \u20ac<\/td><\/tr><tr><td style=\"text-align: left; vertical-align: bottom; color: #333333; font-size: 0.75rem;\">2112<\/td><td style=\"text-align: left; vertical-align: bottom; color: #333333; font-size: 0.75rem;\">Terrains de voirie<\/td><td style=\"text-align: right; vertical-align: bottom; color: #333333; font-size: 0.75rem;\">\u00a0<\/td><td style=\"text-align: right; vertical-align: bottom; color: #333333; font-size: 0.75rem;\">\u00a0<\/td><td style=\"text-align: right; vertical-align: bottom; color: #333333; font-size: 0.75rem;\">\u00a0<\/td><td style=\"text-align: right; vertical-align: bottom; color: #333333; font-size: 0.75rem;\">&#8211; \u20ac<\/td><td style=\"text-align: right; vertical-align: bottom; color: #333333; font-size: 0.75rem;\">\u00a0<\/td><td style=\"text-align: right; vertical-align: bottom; color: #333333; font-size: 0.75rem;\">&#8211; \u20ac<\/td><td style=\"text-align: right; vertical-align: bottom; color: #333333; font-size: 0.75rem;\" bgcolor=\"#A4DB9F\">&#8211; \u20ac<\/td><\/tr><tr><td style=\"text-align: left; vertical-align: bottom; color: #333333; font-size: 0.75rem;\">2113<\/td><td style=\"text-align: left; vertical-align: bottom; color: #333333; font-size: 0.75rem;\">Terrains am\u00e9nag\u00e9s autres que voirie<\/td><td style=\"text-align: right; vertical-align: bottom; color: #333333; font-size: 0.75rem;\">\u00a0<\/td><td style=\"text-align: right; vertical-align: bottom; color: #333333; font-size: 0.75rem;\">\u00a0<\/td><td style=\"text-align: right; vertical-align: bottom; color: #333333; font-size: 0.75rem;\">\u00a0<\/td><td style=\"text-align: right; vertical-align: bottom; color: #333333; font-size: 0.75rem;\">&#8211; \u20ac<\/td><td style=\"text-align: right; vertical-align: bottom; color: #333333; font-size: 0.75rem;\">\u00a0<\/td><td style=\"text-align: right; vertical-align: bottom; color: #333333; font-size: 0.75rem;\">&#8211; \u20ac<\/td><td style=\"text-align: right; vertical-align: bottom; color: #333333; font-size: 0.75rem;\" bgcolor=\"#A4DB9F\">&#8211; \u20ac<\/td><\/tr><tr><td style=\"text-align: left; vertical-align: bottom; color: #333333; font-size: 0.75rem;\">2115<\/td><td style=\"text-align: left; vertical-align: bottom; color: #333333; font-size: 0.75rem;\">Terrains b\u00e2tis<\/td><td style=\"text-align: right; vertical-align: bottom; color: #333333; font-size: 0.75rem;\">\u00a0<\/td><td style=\"text-align: right; vertical-align: bottom; color: #333333; font-size: 0.75rem;\">70 000,00 \u20ac<\/td><td style=\"text-align: right; vertical-align: bottom; color: #333333; font-size: 0.75rem;\">\u00a0<\/td><td style=\"text-align: right; vertical-align: bottom; color: #333333; font-size: 0.75rem;\">70 000,00 \u20ac<\/td><td style=\"text-align: right; vertical-align: bottom; color: #333333; font-size: 0.75rem;\">\u00a0<\/td><td style=\"text-align: right; vertical-align: bottom; color: #333333; font-size: 0.75rem;\">70 000,00 \u20ac<\/td><td style=\"text-align: right; vertical-align: bottom; color: #333333; font-size: 0.75rem;\" bgcolor=\"#A4DB9F\">17 500,00 \u20ac<\/td><\/tr><tr><td style=\"text-align: left; vertical-align: bottom; color: #333333; font-size: 0.75rem;\">2116<\/td><td style=\"text-align: left; vertical-align: bottom; color: #333333; font-size: 0.75rem;\">Cimeti\u00e8re<\/td><td style=\"text-align: right; vertical-align: bottom; color: #333333; font-size: 0.75rem;\">\u00a0<\/td><td style=\"text-align: right; vertical-align: bottom; color: #333333; font-size: 0.75rem;\">\u00a0<\/td><td style=\"text-align: right; vertical-align: bottom; color: #333333; font-size: 0.75rem;\">\u00a0<\/td><td style=\"text-align: right; vertical-align: bottom; color: #333333; font-size: 0.75rem;\">&#8211; \u20ac<\/td><td style=\"text-align: right; vertical-align: bottom; color: #333333; font-size: 0.75rem;\">\u00a0<\/td><td style=\"text-align: right; vertical-align: bottom; color: #333333; font-size: 0.75rem;\">&#8211; \u20ac<\/td><td style=\"text-align: right; vertical-align: bottom; color: #333333; font-size: 0.75rem;\" bgcolor=\"#A4DB9F\">&#8211; \u20ac<\/td><\/tr><tr><td style=\"text-align: left; vertical-align: bottom; color: #333333; font-size: 0.75rem;\">2121<\/td><td style=\"text-align: left; vertical-align: bottom; color: #333333; font-size: 0.75rem;\">Plantation arbres et arbustes<\/td><td style=\"text-align: right; vertical-align: bottom; color: #333333; font-size: 0.75rem;\">\u00a0<\/td><td style=\"text-align: right; vertical-align: bottom; color: #333333; font-size: 0.75rem;\">3 500,00 \u20ac<\/td><td style=\"text-align: right; vertical-align: bottom; color: #333333; font-size: 0.75rem;\">\u00a0<\/td><td style=\"text-align: right; vertical-align: bottom; color: #333333; font-size: 0.75rem;\">3 500,00 \u20ac<\/td><td style=\"text-align: right; vertical-align: bottom; color: #333333; font-size: 0.75rem;\">\u00a0<\/td><td style=\"text-align: right; vertical-align: bottom; color: #333333; font-size: 0.75rem;\">3 500,00 \u20ac<\/td><td style=\"text-align: right; vertical-align: bottom; color: #333333; font-size: 0.75rem;\" bgcolor=\"#A4DB9F\">875,00 \u20ac<\/td><\/tr><tr><td style=\"text-align: left; vertical-align: bottom; color: #333333; font-size: 0.75rem;\">2128<\/td><td style=\"text-align: left; vertical-align: bottom; color: #333333; font-size: 0.75rem;\">Autres agencements et<br \/>am\u00e9nagements de terrains<\/td><td style=\"text-align: right; vertical-align: bottom; color: #333333; font-size: 0.75rem;\">\u00a0<\/td><td style=\"text-align: right; vertical-align: bottom; color: #333333; font-size: 0.75rem;\">8 500,00 \u20ac<\/td><td style=\"text-align: right; vertical-align: bottom; color: #333333; font-size: 0.75rem;\">\u00a0<\/td><td style=\"text-align: right; vertical-align: bottom; color: #333333; font-size: 0.75rem;\">8 500,00 \u20ac<\/td><td style=\"text-align: right; vertical-align: bottom; color: #333333; font-size: 0.75rem;\">\u00a0<\/td><td style=\"text-align: right; vertical-align: bottom; color: #333333; font-size: 0.75rem;\">8 500,00 \u20ac<\/td><td style=\"text-align: right; vertical-align: bottom; color: #333333; font-size: 0.75rem;\" bgcolor=\"#A4DB9F\">2 125,00 \u20ac<\/td><\/tr><tr><td style=\"text-align: left; vertical-align: bottom; color: #333333; font-size: 0.75rem;\">21311<\/td><td style=\"text-align: left; vertical-align: bottom; color: #333333; font-size: 0.75rem;\">hotel de ville<\/td><td style=\"text-align: right; vertical-align: bottom; color: #333333; font-size: 0.75rem;\">\u00a0<\/td><td style=\"text-align: right; vertical-align: bottom; color: #333333; font-size: 0.75rem;\">37 810,00 \u20ac<\/td><td style=\"text-align: right; vertical-align: bottom; color: #333333; font-size: 0.75rem;\">\u00a0<\/td><td style=\"text-align: right; vertical-align: bottom; color: #333333; font-size: 0.75rem;\">37 810,00 \u20ac<\/td><td style=\"text-align: right; vertical-align: bottom; color: #333333; font-size: 0.75rem;\">\u00a0<\/td><td style=\"text-align: right; vertical-align: bottom; color: #333333; font-size: 0.75rem;\">37 810,00 \u20ac<\/td><td style=\"text-align: right; vertical-align: bottom; color: #333333; font-size: 0.75rem;\" bgcolor=\"#A4DB9F\">9 452,50 \u20ac<\/td><\/tr><tr><td style=\"text-align: left; vertical-align: bottom; color: #333333; font-size: 0.75rem;\">21312<\/td><td style=\"text-align: left; vertical-align: bottom; color: #333333; font-size: 0.75rem;\">batiment scolaire<\/td><td style=\"text-align: right; vertical-align: bottom; color: #333333; font-size: 0.75rem;\">\u00a0<\/td><td style=\"text-align: right; vertical-align: bottom; color: #333333; font-size: 0.75rem;\">400 000,00 \u20ac<\/td><td style=\"text-align: left; vertical-align: bottom; color: #333333; font-size: 0.75rem;\">&#8211; 295 000,00 \u20ac<\/td><td style=\"text-align: right; vertical-align: bottom; color: #333333; font-size: 0.75rem;\">105 000,00 \u20ac<\/td><td style=\"text-align: right; vertical-align: bottom; color: #333333; font-size: 0.75rem;\">\u00a0<\/td><td style=\"text-align: right; vertical-align: bottom; color: #333333; font-size: 0.75rem;\">105 000,00 \u20ac<\/td><td style=\"text-align: right; vertical-align: bottom; color: #333333; font-size: 0.75rem;\" bgcolor=\"#A4DB9F\">26 250,00 \u20ac<\/td><\/tr><tr><td style=\"text-align: left; vertical-align: bottom; color: #333333; font-size: 0.75rem;\">21316<\/td><td style=\"text-align: left; vertical-align: bottom; color: #333333; font-size: 0.75rem;\">Equipements de cimeti\u00e8re<\/td><td style=\"text-align: right; vertical-align: bottom; color: #333333; font-size: 0.75rem;\">\u00a0<\/td><td style=\"text-align: right; vertical-align: bottom; color: #333333; font-size: 0.75rem;\">1 500,00 \u20ac<\/td><td style=\"text-align: right; vertical-align: bottom; color: #333333; font-size: 0.75rem;\">\u00a0<\/td><td style=\"text-align: right; vertical-align: bottom; color: #333333; font-size: 0.75rem;\">1 500,00 \u20ac<\/td><td style=\"text-align: right; vertical-align: bottom; color: #333333; font-size: 0.75rem;\">\u00a0<\/td><td style=\"text-align: right; vertical-align: bottom; color: #333333; font-size: 0.75rem;\">1 500,00 \u20ac<\/td><td style=\"text-align: right; vertical-align: bottom; color: #333333; font-size: 0.75rem;\" bgcolor=\"#A4DB9F\">375,00 \u20ac<\/td><\/tr><tr><td style=\"text-align: left; vertical-align: bottom; color: #333333; font-size: 0.75rem;\">21318<\/td><td style=\"text-align: left; vertical-align: bottom; color: #333333; font-size: 0.75rem;\">Autres b\u00e2timents publics<\/td><td style=\"text-align: right; vertical-align: bottom; color: #333333; font-size: 0.75rem;\">\u00a0<\/td><td style=\"text-align: right; vertical-align: bottom; color: #333333; font-size: 0.75rem;\">280 983,00 \u20ac<\/td><td style=\"text-align: right; vertical-align: bottom; color: #333333; font-size: 0.75rem;\">33 141,00 \u20ac<\/td><td style=\"text-align: right; vertical-align: bottom; color: #333333; font-size: 0.75rem;\">314 124,00 \u20ac<\/td><td style=\"text-align: right; vertical-align: bottom; color: #333333; font-size: 0.75rem;\">\u00a0<\/td><td style=\"text-align: right; vertical-align: bottom; color: #333333; font-size: 0.75rem;\">314 124,00 \u20ac<\/td><td style=\"text-align: right; vertical-align: bottom; color: #333333; font-size: 0.75rem;\" bgcolor=\"#A4DB9F\">78 531,00 \u20ac<\/td><\/tr><tr><td style=\"text-align: left; vertical-align: bottom; color: #333333; font-size: 0.75rem;\">2132<\/td><td style=\"text-align: left; vertical-align: bottom; color: #333333; font-size: 0.75rem;\">immeubles de rapport<\/td><td style=\"text-align: right; vertical-align: bottom; color: #333333; font-size: 0.75rem;\">\u00a0<\/td><td style=\"text-align: right; vertical-align: bottom; color: #333333; font-size: 0.75rem;\">5 000,00 \u20ac<\/td><td style=\"text-align: right; vertical-align: bottom; color: #333333; font-size: 0.75rem;\">\u00a0<\/td><td style=\"text-align: right; vertical-align: bottom; color: #333333; font-size: 0.75rem;\">5 000,00 \u20ac<\/td><td style=\"text-align: right; vertical-align: bottom; color: #333333; font-size: 0.75rem;\">\u00a0<\/td><td style=\"text-align: right; vertical-align: bottom; color: #333333; font-size: 0.75rem;\">5 000,00 \u20ac<\/td><td style=\"text-align: right; vertical-align: bottom; color: #333333; font-size: 0.75rem;\" bgcolor=\"#A4DB9F\">1 250,00 \u20ac<\/td><\/tr><tr><td style=\"text-align: left; vertical-align: bottom; color: #333333; font-size: 0.75rem;\">2135<\/td><td style=\"text-align: left; vertical-align: bottom; color: #333333; font-size: 0.75rem;\">installations g\u00e9n\u00e9rales<\/td><td style=\"text-align: right; vertical-align: bottom; color: #333333; font-size: 0.75rem;\">\u00a0<\/td><td style=\"text-align: right; vertical-align: bottom; color: #333333; font-size: 0.75rem;\">15 000,00 \u20ac<\/td><td style=\"text-align: right; vertical-align: bottom; color: #333333; font-size: 0.75rem;\">170 000,00 \u20ac<\/td><td style=\"text-align: right; vertical-align: bottom; color: #333333; font-size: 0.75rem;\">185 000,00 \u20ac<\/td><td style=\"text-align: right; vertical-align: bottom; color: #333333; font-size: 0.75rem;\">\u00a0<\/td><td style=\"text-align: right; vertical-align: bottom; color: #333333; font-size: 0.75rem;\">185 000,00 \u20ac<\/td><td style=\"text-align: right; vertical-align: bottom; color: #333333; font-size: 0.75rem;\" bgcolor=\"#A4DB9F\">46 250,00 \u20ac<\/td><\/tr><tr><td style=\"text-align: left; vertical-align: bottom; color: #333333; font-size: 0.75rem;\">2138<\/td><td style=\"text-align: left; vertical-align: bottom; color: #333333; font-size: 0.75rem;\">Autres constructions<\/td><td style=\"text-align: right; vertical-align: bottom; color: #333333; font-size: 0.75rem;\">\u00a0<\/td><td style=\"text-align: right; vertical-align: bottom; color: #333333; font-size: 0.75rem;\">18 620,00 \u20ac<\/td><td style=\"text-align: right; vertical-align: bottom; color: #333333; font-size: 0.75rem;\">\u00a0<\/td><td style=\"text-align: right; vertical-align: bottom; color: #333333; font-size: 0.75rem;\">18 620,00 \u20ac<\/td><td style=\"text-align: right; vertical-align: bottom; color: #333333; font-size: 0.75rem;\">\u00a0<\/td><td style=\"text-align: right; vertical-align: bottom; color: #333333; font-size: 0.75rem;\">18 620,00 \u20ac<\/td><td style=\"text-align: right; vertical-align: bottom; color: #333333; font-size: 0.75rem;\" bgcolor=\"#A4DB9F\">4 655,00 \u20ac<\/td><\/tr><tr><td style=\"text-align: left; vertical-align: bottom; color: #333333; font-size: 0.75rem;\">2151<\/td><td style=\"text-align: left; vertical-align: bottom; color: #333333; font-size: 0.75rem;\">r\u00e9seaux de voirie<\/td><td style=\"text-align: right; vertical-align: bottom; color: #333333; font-size: 0.75rem;\">\u00a0<\/td><td style=\"text-align: right; vertical-align: bottom; color: #333333; font-size: 0.75rem;\">1 000,00 \u20ac<\/td><td style=\"text-align: right; vertical-align: bottom; color: #333333; font-size: 0.75rem;\">\u00a0<\/td><td style=\"text-align: right; vertical-align: bottom; color: #333333; font-size: 0.75rem;\">1 000,00 \u20ac<\/td><td style=\"text-align: right; vertical-align: bottom; color: #333333; font-size: 0.75rem;\">\u00a0<\/td><td style=\"text-align: right; vertical-align: bottom; color: #333333; font-size: 0.75rem;\">1 000,00 \u20ac<\/td><td style=\"text-align: right; vertical-align: bottom; color: #333333; font-size: 0.75rem;\" bgcolor=\"#A4DB9F\">250,00 \u20ac<\/td><\/tr><tr><td style=\"text-align: left; vertical-align: bottom; color: #333333; font-size: 0.75rem;\">2152<\/td><td style=\"text-align: left; vertical-align: bottom; color: #333333; font-size: 0.75rem;\">Installations de voirie<\/td><td style=\"text-align: right; vertical-align: bottom; color: #333333; font-size: 0.75rem;\">\u00a0<\/td><td style=\"text-align: right; vertical-align: bottom; color: #333333; font-size: 0.75rem;\">108 100,00 \u20ac<\/td><td style=\"text-align: right; vertical-align: bottom; color: #333333; font-size: 0.75rem;\">33 500,00 \u20ac<\/td><td style=\"text-align: right; vertical-align: bottom; color: #333333; font-size: 0.75rem;\">141 600,00 \u20ac<\/td><td style=\"text-align: right; vertical-align: bottom; color: #333333; font-size: 0.75rem;\">\u00a0<\/td><td style=\"text-align: right; vertical-align: bottom; color: #333333; font-size: 0.75rem;\">141 600,00 \u20ac<\/td><td style=\"text-align: right; vertical-align: bottom; color: #333333; font-size: 0.75rem;\" bgcolor=\"#A4DB9F\">35 400,00 \u20ac<\/td><\/tr><tr><td style=\"text-align: left; vertical-align: bottom; color: #333333; font-size: 0.75rem;\">21533<\/td><td style=\"text-align: left; vertical-align: bottom; color: #333333; font-size: 0.75rem;\">r\u00e9seaux divers<\/td><td style=\"text-align: right; vertical-align: bottom; color: #333333; font-size: 0.75rem;\">\u00a0<\/td><td style=\"text-align: right; vertical-align: bottom; color: #333333; font-size: 0.75rem;\">\u00a0<\/td><td style=\"text-align: right; vertical-align: bottom; color: #333333; font-size: 0.75rem;\">\u00a0<\/td><td style=\"text-align: right; vertical-align: bottom; color: #333333; font-size: 0.75rem;\">&#8211; \u20ac<\/td><td style=\"text-align: right; vertical-align: bottom; color: #333333; font-size: 0.75rem;\">\u00a0<\/td><td style=\"text-align: right; vertical-align: bottom; color: #333333; font-size: 0.75rem;\">&#8211; \u20ac<\/td><td style=\"text-align: right; vertical-align: bottom; color: #333333; font-size: 0.75rem;\" bgcolor=\"#A4DB9F\">&#8211; \u20ac<\/td><\/tr><tr><td style=\"text-align: left; vertical-align: bottom; color: #333333; font-size: 0.75rem;\">21534<\/td><td style=\"text-align: left; vertical-align: bottom; color: #333333; font-size: 0.75rem;\">R\u00e9seaux d&#8217;\u00e9lectrifications<\/td><td style=\"text-align: right; vertical-align: bottom; color: #333333; font-size: 0.75rem;\">\u00a0<\/td><td style=\"text-align: right; vertical-align: bottom; color: #333333; font-size: 0.75rem;\">\u00a0<\/td><td style=\"text-align: right; vertical-align: bottom; color: #333333; font-size: 0.75rem;\">\u00a0<\/td><td style=\"text-align: right; vertical-align: bottom; color: #333333; font-size: 0.75rem;\">&#8211; \u20ac<\/td><td style=\"text-align: right; vertical-align: bottom; color: #333333; font-size: 0.75rem;\">\u00a0<\/td><td style=\"text-align: right; vertical-align: bottom; color: #333333; font-size: 0.75rem;\">&#8211; \u20ac<\/td><td style=\"text-align: right; vertical-align: bottom; color: #333333; font-size: 0.75rem;\" bgcolor=\"#A4DB9F\">&#8211; \u20ac<\/td><\/tr><tr bgcolor=\"#000000\"><td style=\"text-align: left; vertical-align: bottom; color: #ffffff; font-size: 0.75rem;\">21538<\/td><td style=\"text-align: left; vertical-align: bottom; color: #ffffff; font-size: 0.75rem;\">Autres r\u00e9seaux<\/td><td style=\"text-align: right; vertical-align: bottom; color: #ffffff; font-size: 0.75rem;\">\u00a0<\/td><td style=\"text-align: right; vertical-align: bottom; color: #ffffff; font-size: 0.75rem;\">\u00a0<\/td><td style=\"text-align: right; vertical-align: bottom; color: #ffffff; font-size: 0.75rem;\">25 000,00 \u20ac<\/td><td style=\"text-align: right; vertical-align: bottom; color: #ffffff; font-size: 0.75rem;\">25 000,00 \u20ac<\/td><td style=\"text-align: right; vertical-align: bottom; color: #ffffff; font-size: 0.75rem;\">\u00a0<\/td><td style=\"text-align: right; vertical-align: bottom; color: #ffffff; font-size: 0.75rem;\">25 000,00 \u20ac<\/td><td style=\"text-align: right; vertical-align: bottom; color: #ffffff; font-size: 0.75rem;\">6 250,00 \u20ac<\/td><\/tr><tr><td style=\"text-align: left; vertical-align: bottom; color: #333333; font-size: 0.75rem;\">2156<\/td><td style=\"text-align: left; vertical-align: bottom; color: #333333; font-size: 0.75rem;\">Mat\u00e9riel et outillage incendie<\/td><td style=\"text-align: right; vertical-align: bottom; color: #333333; font-size: 0.75rem;\">\u00a0<\/td><td style=\"text-align: right; vertical-align: bottom; color: #333333; font-size: 0.75rem;\">\u00a0<\/td><td style=\"text-align: right; vertical-align: bottom; color: #333333; font-size: 0.75rem;\">\u00a0<\/td><td style=\"text-align: right; vertical-align: bottom; color: #333333; font-size: 0.75rem;\">&#8211; \u20ac<\/td><td style=\"text-align: right; vertical-align: bottom; color: #333333; font-size: 0.75rem;\">\u00a0<\/td><td style=\"text-align: right; vertical-align: bottom; color: #333333; font-size: 0.75rem;\">&#8211; \u20ac<\/td><td style=\"text-align: right; vertical-align: bottom; color: #333333; font-size: 0.75rem;\" bgcolor=\"#A4DB9F\">&#8211; \u20ac<\/td><\/tr><tr><td style=\"text-align: left; vertical-align: bottom; color: #333333; font-size: 0.75rem;\">21561<\/td><td style=\"text-align: left; vertical-align: bottom; color: #333333; font-size: 0.75rem;\">Mat\u00e9riel roulant<\/td><td style=\"text-align: right; vertical-align: bottom; color: #333333; font-size: 0.75rem;\">\u00a0<\/td><td style=\"text-align: right; vertical-align: bottom; color: #333333; font-size: 0.75rem;\">\u00a0<\/td><td style=\"text-align: right; vertical-align: bottom; color: #333333; font-size: 0.75rem;\">\u00a0<\/td><td style=\"text-align: right; vertical-align: bottom; color: #333333; font-size: 0.75rem;\">&#8211; \u20ac<\/td><td style=\"text-align: right; vertical-align: bottom; color: #333333; font-size: 0.75rem;\">\u00a0<\/td><td style=\"text-align: right; vertical-align: bottom; color: #333333; font-size: 0.75rem;\">&#8211; \u20ac<\/td><td style=\"text-align: right; vertical-align: bottom; color: #333333; font-size: 0.75rem;\" bgcolor=\"#A4DB9F\">&#8211; \u20ac<\/td><\/tr><tr><td style=\"text-align: left; vertical-align: bottom; color: #333333; font-size: 0.75rem;\">21568<\/td><td style=\"text-align: left; vertical-align: bottom; color: #333333; font-size: 0.75rem;\">Autres mat\u00e9riel et outillage incendie<\/td><td style=\"text-align: right; vertical-align: bottom; color: #333333; font-size: 0.75rem;\">\u00a0<\/td><td style=\"text-align: right; vertical-align: bottom; color: #333333; font-size: 0.75rem;\">5 000,00 \u20ac<\/td><td style=\"text-align: right; vertical-align: bottom; color: #333333; font-size: 0.75rem;\">\u00a0<\/td><td style=\"text-align: right; vertical-align: bottom; color: #333333; font-size: 0.75rem;\">5 000,00 \u20ac<\/td><td style=\"text-align: right; vertical-align: bottom; color: #333333; font-size: 0.75rem;\">\u00a0<\/td><td style=\"text-align: right; vertical-align: bottom; color: #333333; font-size: 0.75rem;\">5 000,00 \u20ac<\/td><td style=\"text-align: right; vertical-align: bottom; color: #333333; font-size: 0.75rem;\" bgcolor=\"#A4DB9F\">1 250,00 \u20ac<\/td><\/tr><tr><td style=\"text-align: left; vertical-align: bottom; color: #333333; font-size: 0.75rem;\">21571<\/td><td style=\"text-align: left; vertical-align: bottom; color: #333333; font-size: 0.75rem;\">Mat\u00e9riel roulant<\/td><td style=\"text-align: right; vertical-align: bottom; color: #333333; font-size: 0.75rem;\">\u00a0<\/td><td style=\"text-align: right; vertical-align: bottom; color: #333333; font-size: 0.75rem;\">10 000,00 \u20ac<\/td><td style=\"text-align: right; vertical-align: bottom; color: #333333; font-size: 0.75rem;\">\u00a0<\/td><td style=\"text-align: right; vertical-align: bottom; color: #333333; font-size: 0.75rem;\">10 000,00 \u20ac<\/td><td style=\"text-align: right; vertical-align: bottom; color: #333333; font-size: 0.75rem;\">\u00a0<\/td><td style=\"text-align: right; vertical-align: bottom; color: #333333; font-size: 0.75rem;\">10 000,00 \u20ac<\/td><td style=\"text-align: right; vertical-align: bottom; color: #333333; font-size: 0.75rem;\" bgcolor=\"#A4DB9F\">2 500,00 \u20ac<\/td><\/tr><tr><td style=\"text-align: left; vertical-align: bottom; color: #333333; font-size: 0.75rem;\">21578<\/td><td style=\"text-align: left; vertical-align: bottom; color: #333333; font-size: 0.75rem;\">Autres mat\u00e9riel et outillage de voirie<\/td><td style=\"text-align: right; vertical-align: bottom; color: #333333; font-size: 0.75rem;\">\u00a0<\/td><td style=\"text-align: right; vertical-align: bottom; color: #333333; font-size: 0.75rem;\">10 000,00 \u20ac<\/td><td style=\"text-align: right; vertical-align: bottom; color: #333333; font-size: 0.75rem;\">\u00a0<\/td><td style=\"text-align: right; vertical-align: bottom; color: #333333; font-size: 0.75rem;\">10 000,00 \u20ac<\/td><td style=\"text-align: right; vertical-align: bottom; color: #333333; font-size: 0.75rem;\">\u00a0<\/td><td style=\"text-align: right; vertical-align: bottom; color: #333333; font-size: 0.75rem;\">10 000,00 \u20ac<\/td><td style=\"text-align: right; vertical-align: bottom; color: #333333; font-size: 0.75rem;\" bgcolor=\"#A4DB9F\">2 500,00 \u20ac<\/td><\/tr><tr><td style=\"text-align: left; vertical-align: bottom; color: #333333; font-size: 0.75rem;\">2158<\/td><td style=\"text-align: left; vertical-align: bottom; color: #333333; font-size: 0.75rem;\">Autres installations, mat\u00e9riel et<br \/>outillage<\/td><td style=\"text-align: right; vertical-align: bottom; color: #333333; font-size: 0.75rem;\">\u00a0<\/td><td style=\"text-align: right; vertical-align: bottom; color: #333333; font-size: 0.75rem;\">10 000,00 \u20ac<\/td><td style=\"text-align: right; vertical-align: bottom; color: #333333; font-size: 0.75rem;\">70 000,00 \u20ac<\/td><td style=\"text-align: right; vertical-align: bottom; color: #333333; font-size: 0.75rem;\">80 000,00 \u20ac<\/td><td style=\"text-align: right; vertical-align: bottom; color: #333333; font-size: 0.75rem;\">\u00a0<\/td><td style=\"text-align: right; vertical-align: bottom; color: #333333; font-size: 0.75rem;\">80 000,00 \u20ac<\/td><td style=\"text-align: right; vertical-align: bottom; color: #333333; font-size: 0.75rem;\" bgcolor=\"#A4DB9F\">20 000,00 \u20ac<\/td><\/tr><tr><td style=\"text-align: left; vertical-align: bottom; color: #333333; font-size: 0.75rem;\">215878<\/td><td style=\"text-align: left; vertical-align: bottom; color: #333333; font-size: 0.75rem;\">Autres mat\u00e9riel et outillage de voirie<\/td><td style=\"text-align: right; vertical-align: bottom; color: #333333; font-size: 0.75rem;\">\u00a0<\/td><td style=\"text-align: right; vertical-align: bottom; color: #333333; font-size: 0.75rem;\">\u00a0<\/td><td style=\"text-align: right; vertical-align: bottom; color: #333333; font-size: 0.75rem;\">\u00a0<\/td><td style=\"text-align: right; vertical-align: bottom; color: #333333; font-size: 0.75rem;\">&#8211; \u20ac<\/td><td style=\"text-align: right; vertical-align: bottom; color: #333333; font-size: 0.75rem;\">\u00a0<\/td><td style=\"text-align: right; vertical-align: bottom; color: #333333; font-size: 0.75rem;\">&#8211; \u20ac<\/td><td style=\"text-align: right; vertical-align: bottom; color: #333333; font-size: 0.75rem;\" bgcolor=\"#A4DB9F\">&#8211; \u20ac<\/td><\/tr><tr><td style=\"text-align: left; vertical-align: bottom; color: #333333; font-size: 0.75rem;\">2181<\/td><td style=\"text-align: left; vertical-align: bottom; color: #333333; font-size: 0.75rem;\">Installations g\u00e9n\u00e9rales agencements et<br \/>am\u00e9nagements divers<\/td><td style=\"text-align: right; vertical-align: bottom; color: #333333; font-size: 0.75rem;\">\u00a0<\/td><td style=\"text-align: right; vertical-align: bottom; color: #333333; font-size: 0.75rem;\">1 000,00 \u20ac<\/td><td style=\"text-align: right; vertical-align: bottom; color: #333333; font-size: 0.75rem;\">10 000,00 \u20ac<\/td><td style=\"text-align: right; vertical-align: bottom; color: #333333; font-size: 0.75rem;\">11 000,00 \u20ac<\/td><td style=\"text-align: right; vertical-align: bottom; color: #333333; font-size: 0.75rem;\">\u00a0<\/td><td style=\"text-align: right; vertical-align: bottom; color: #333333; font-size: 0.75rem;\">11 000,00 \u20ac<\/td><td style=\"text-align: right; vertical-align: bottom; color: #333333; font-size: 0.75rem;\" bgcolor=\"#A4DB9F\">2 750,00 \u20ac<\/td><\/tr><tr><td style=\"text-align: left; vertical-align: bottom; color: #333333; font-size: 0.75rem;\">2182<\/td><td style=\"text-align: left; vertical-align: bottom; color: #333333; font-size: 0.75rem;\">mat\u00e9riel de transport<\/td><td style=\"text-align: right; vertical-align: bottom; color: #333333; font-size: 0.75rem;\">\u00a0<\/td><td style=\"text-align: right; vertical-align: bottom; color: #333333; font-size: 0.75rem;\">\u00a0<\/td><td style=\"text-align: right; vertical-align: bottom; color: #333333; font-size: 0.75rem;\">\u00a0<\/td><td style=\"text-align: right; vertical-align: bottom; color: #333333; font-size: 0.75rem;\">&#8211; \u20ac<\/td><td style=\"text-align: right; vertical-align: bottom; color: #333333; font-size: 0.75rem;\">\u00a0<\/td><td style=\"text-align: right; vertical-align: bottom; color: #333333; font-size: 0.75rem;\">&#8211; \u20ac<\/td><td style=\"text-align: right; vertical-align: bottom; color: #333333; font-size: 0.75rem;\" bgcolor=\"#A4DB9F\">&#8211; \u20ac<\/td><\/tr><tr><td style=\"text-align: left; vertical-align: bottom; color: #333333; font-size: 0.75rem;\">2183<\/td><td style=\"text-align: left; vertical-align: bottom; color: #333333; font-size: 0.75rem;\">Mat\u00e9riel de bureau et informatique<\/td><td style=\"text-align: right; vertical-align: bottom; color: #333333; font-size: 0.75rem;\">\u00a0<\/td><td style=\"text-align: right; vertical-align: bottom; color: #333333; font-size: 0.75rem;\">20 000,00 \u20ac<\/td><td style=\"text-align: right; vertical-align: bottom; color: #333333; font-size: 0.75rem;\">10 000,00 \u20ac<\/td><td style=\"text-align: right; vertical-align: bottom; color: #333333; font-size: 0.75rem;\">30 000,00 \u20ac<\/td><td style=\"text-align: right; vertical-align: bottom; color: #333333; font-size: 0.75rem;\">\u00a0<\/td><td style=\"text-align: right; vertical-align: bottom; color: #333333; font-size: 0.75rem;\">30 000,00 \u20ac<\/td><td style=\"text-align: right; vertical-align: bottom; color: #333333; font-size: 0.75rem;\" bgcolor=\"#A4DB9F\">7 500,00 \u20ac<\/td><\/tr><tr><td style=\"text-align: left; vertical-align: bottom; color: #333333; font-size: 0.75rem;\">2184<\/td><td style=\"text-align: left; vertical-align: bottom; color: #333333; font-size: 0.75rem;\">Mobilier<\/td><td style=\"text-align: right; vertical-align: bottom; color: #333333; font-size: 0.75rem;\">5 000,00 \u20ac<\/td><td style=\"text-align: right; vertical-align: bottom; color: #333333; font-size: 0.75rem;\">50 000,00 \u20ac<\/td><td style=\"text-align: right; vertical-align: bottom; color: #333333; font-size: 0.75rem;\">\u00a0<\/td><td style=\"text-align: right; vertical-align: bottom; color: #333333; font-size: 0.75rem;\">50 000,00 \u20ac<\/td><td style=\"text-align: right; vertical-align: bottom; color: #333333; font-size: 0.75rem;\">\u00a0<\/td><td style=\"text-align: right; vertical-align: bottom; color: #333333; font-size: 0.75rem;\">50 000,00 \u20ac<\/td><td style=\"text-align: right; vertical-align: bottom; color: #333333; font-size: 0.75rem;\" bgcolor=\"#A4DB9F\">12 500,00 \u20ac<\/td><\/tr><tr><td style=\"text-align: left; vertical-align: bottom; color: #333333; font-size: 0.75rem;\">2188<\/td><td style=\"text-align: left; vertical-align: bottom; color: #333333; font-size: 0.75rem;\">Autres immobilisations corporelles<\/td><td style=\"text-align: right; vertical-align: bottom; color: #333333; font-size: 0.75rem;\">\u00a0<\/td><td style=\"text-align: right; vertical-align: bottom; color: #333333; font-size: 0.75rem;\">10 000,00 \u20ac<\/td><td style=\"text-align: right; vertical-align: bottom; color: #333333; font-size: 0.75rem;\">10 000,00 \u20ac<\/td><td style=\"text-align: right; vertical-align: bottom; color: #333333; font-size: 0.75rem;\">20 000,00 \u20ac<\/td><td style=\"text-align: right; vertical-align: bottom; color: #333333; font-size: 0.75rem;\">\u00a0<\/td><td style=\"text-align: right; vertical-align: bottom; color: #333333; font-size: 0.75rem;\">20 000,00 \u20ac<\/td><td style=\"text-align: right; vertical-align: bottom; color: #333333; font-size: 0.75rem;\" bgcolor=\"#A4DB9F\">5 000,00 \u20ac<\/td><\/tr><tr bgcolor=\"#000000;\"><td style=\"text-align: left; vertical-align: bottom; color: #ffffff; font-size: 0.75rem;\">022<\/td><td style=\"text-align: left; vertical-align: bottom; color: #ffffff; font-size: 0.75rem;\">IMMOBILISATIONS RECUES EN<br \/>AFFECTATION<\/td><td style=\"text-align: right; vertical-align: bottom; color: #ffffff; font-size: 0.75rem;\">&#8211;<br \/>\u20ac<\/td><td style=\"text-align: right; vertical-align: bottom; color: #ffffff; font-size: 0.75rem;\">&#8211; \u20ac<\/td><td style=\"text-align: right; vertical-align: bottom; color: #ffffff; font-size: 0.75rem;\">&#8211; \u20ac<\/td><td style=\"text-align: right; vertical-align: bottom; color: #ffffff; font-size: 0.75rem;\">&#8211; \u20ac<\/td><td style=\"text-align: right; vertical-align: bottom; color: #ffffff; font-size: 0.75rem;\">\u00a0<\/td><td style=\"text-align: right; vertical-align: bottom; color: #ffffff; font-size: 0.75rem;\">&#8211; \u20ac<\/td><td style=\"text-align: right; vertical-align: bottom; color: #ffffff; font-size: 0.75rem;\">&#8211; \u20ac<\/td><\/tr><tr><td style=\"text-align: left; vertical-align: bottom; color: #333333; font-size: 0.75rem;\">\u00a0<\/td><td style=\"text-align: left; vertical-align: bottom; color: #333333; font-size: 0.75rem;\">\u00a0<\/td><td style=\"text-align: right; vertical-align: bottom; color: #333333; font-size: 0.75rem;\">\u00a0<\/td><td style=\"text-align: right; vertical-align: bottom; color: #333333; font-size: 0.75rem;\">\u00a0<\/td><td style=\"text-align: right; vertical-align: bottom; color: #333333; font-size: 0.75rem;\">\u00a0<\/td><td style=\"text-align: right; vertical-align: bottom; color: #333333; font-size: 0.75rem;\">&#8211; \u20ac<\/td><td style=\"text-align: right; vertical-align: bottom; color: #333333; font-size: 0.75rem;\">\u00a0<\/td><td style=\"text-align: right; vertical-align: bottom; color: #333333; font-size: 0.75rem;\">&#8211; \u20ac<\/td><td style=\"text-align: right; vertical-align: bottom; color: #333333; font-size: 0.75rem;\">&#8211; \u20ac<\/td><\/tr><tr bgcolor=\"#000000;\"><td style=\"text-align: left; vertical-align: bottom; color: #ffffff; font-size: 0.75rem;\">023<\/td><td style=\"text-align: left; vertical-align: bottom; color: #ffffff; font-size: 0.75rem;\">IMMOBILISATIONS EN COURS<\/td><td style=\"text-align: right; vertical-align: bottom; color: #ffffff; font-size: 0.75rem;\">53 000,00 \u20ac<\/td><td style=\"text-align: right; vertical-align: bottom; color: #ffffff; font-size: 0.75rem;\">675 128,00 \u20ac<\/td><td style=\"text-align: right; vertical-align: bottom; color: #ffffff; font-size: 0.75rem;\">&#8211; 3 100,00 \u20ac<\/td><td style=\"text-align: right; vertical-align: bottom; color: #ffffff; font-size: 0.75rem;\">672 028,00 \u20ac<\/td><td style=\"text-align: right; vertical-align: bottom; color: #ffffff; font-size: 0.75rem;\">\u00a0<\/td><td style=\"text-align: right; vertical-align: bottom; color: #ffffff; font-size: 0.75rem;\">672 028,00 \u20ac<\/td><td style=\"text-align: right; vertical-align: bottom; color: #ffffff; font-size: 0.75rem;\">168 007,00 \u20ac<\/td><\/tr><tr><td style=\"text-align: left; vertical-align: bottom; color: #333333; font-size: 0.75rem;\">2313<\/td><td style=\"text-align: left; vertical-align: bottom; color: #333333; font-size: 0.75rem;\">Constructions<\/td><td style=\"text-align: right; vertical-align: bottom; color: #333333; font-size: 0.75rem;\">25 000,00 \u20ac<\/td><td style=\"text-align: right; vertical-align: bottom; color: #333333; font-size: 0.75rem;\">200 000,00 \u20ac<\/td><td style=\"text-align: right; vertical-align: bottom; color: #333333; font-size: 0.75rem;\">\u00a0<\/td><td style=\"text-align: right; vertical-align: bottom; color: #333333; font-size: 0.75rem;\">200 000,00 \u20ac<\/td><td style=\"text-align: right; vertical-align: bottom; color: #333333; font-size: 0.75rem;\">\u00a0<\/td><td style=\"text-align: right; vertical-align: bottom; color: #333333; font-size: 0.75rem;\">200 000,00 \u20ac<\/td><td style=\"text-align: right; vertical-align: bottom; color: #333333; font-size: 0.75rem;\" bgcolor=\"#A4DB9F\">50 000,00 \u20ac<\/td><\/tr><tr><td style=\"text-align: left; vertical-align: bottom; color: #333333; font-size: 0.75rem;\">2315<\/td><td style=\"text-align: left; vertical-align: bottom; color: #333333; font-size: 0.75rem;\">Installations, mat\u00e9riel et outillage<br \/>techniques<\/td><td style=\"text-align: right; vertical-align: bottom; color: #333333; font-size: 0.75rem;\">28 000,00 \u20ac<\/td><td style=\"text-align: right; vertical-align: bottom; color: #333333; font-size: 0.75rem;\">475 128,00 \u20ac<\/td><td style=\"text-align: right; vertical-align: bottom; color: #333333; font-size: 0.75rem;\">3 100,00 \u20ac<\/td><td style=\"text-align: right; vertical-align: bottom; color: #333333; font-size: 0.75rem;\">472 028,00 \u20ac<\/td><td style=\"text-align: right; vertical-align: bottom; color: #333333; font-size: 0.75rem;\">\u00a0<\/td><td style=\"text-align: right; vertical-align: bottom; color: #333333; font-size: 0.75rem;\">472 028,00 \u20ac<\/td><td style=\"text-align: right; vertical-align: bottom; color: #333333; font-size: 0.75rem;\" bgcolor=\"#A4DB9F\">118 007,00 \u20ac<\/td><\/tr><tr bgcolor=\"#000000;\"><td style=\"text-align: left; vertical-align: bottom; color: #ffffff; font-size: 0.75rem;\">010<\/td><td style=\"text-align: left; vertical-align: bottom; color: #ffffff; font-size: 0.75rem;\">DOTATIONS, FONDS DIVERS,<br \/>RESERVES<\/td><td style=\"text-align: right; vertical-align: bottom; color: #ffffff; font-size: 0.75rem;\">&#8211;<br \/>\u20ac<\/td><td style=\"text-align: right; vertical-align: bottom; color: #ffffff; font-size: 0.75rem;\">&#8211; \u20ac<\/td><td style=\"text-align: right; vertical-align: bottom; color: #ffffff; font-size: 0.75rem;\">\u00a0<\/td><td style=\"text-align: right; vertical-align: bottom; color: #ffffff; font-size: 0.75rem;\">\u00a0<\/td><td style=\"text-align: right; vertical-align: bottom; color: #ffffff; font-size: 0.75rem;\">\u00a0<\/td><td style=\"text-align: right; vertical-align: bottom; color: #ffffff; font-size: 0.75rem;\">\u00a0<\/td><td style=\"text-align: right; vertical-align: bottom; color: #ffffff; font-size: 0.75rem;\">&#8211; \u20ac<\/td><\/tr><tr><td style=\"text-align: left; vertical-align: bottom; color: #333333; font-size: 0.75rem;\">10223<\/td><td style=\"text-align: left; vertical-align: bottom; color: #333333; font-size: 0.75rem;\">TLE<\/td><td style=\"text-align: right; vertical-align: bottom; color: #333333; font-size: 0.75rem;\">&#8211;<br \/>\u20ac<\/td><td style=\"text-align: right; vertical-align: bottom; color: #333333; font-size: 0.75rem;\">\u00a0<\/td><td style=\"text-align: right; vertical-align: bottom; color: #333333; font-size: 0.75rem;\">\u00a0<\/td><td style=\"text-align: right; vertical-align: bottom; color: #333333; font-size: 0.75rem;\">&#8211; \u20ac<\/td><td style=\"text-align: right; vertical-align: bottom; color: #333333; font-size: 0.75rem;\">\u00a0<\/td><td style=\"text-align: right; vertical-align: bottom; color: #333333; font-size: 0.75rem;\">&#8211; \u20ac<\/td><td style=\"text-align: right; vertical-align: bottom; color: #333333; font-size: 0.75rem;\">&#8211; \u20ac<\/td><\/tr><tr><td style=\"text-align: left; vertical-align: bottom; color: #333333; font-size: 0.75rem;\">10226<\/td><td style=\"text-align: left; vertical-align: bottom; color: #333333; font-size: 0.75rem;\">Taxe amenagement<\/td><td style=\"text-align: right; vertical-align: bottom; color: #333333; font-size: 0.75rem;\">\u00a0<\/td><td style=\"text-align: right; vertical-align: bottom; color: #333333; font-size: 0.75rem;\">\u00a0<\/td><td style=\"text-align: right; vertical-align: bottom; color: #333333; font-size: 0.75rem;\">\u00a0<\/td><td style=\"text-align: right; vertical-align: bottom; color: #333333; font-size: 0.75rem;\">&#8211; \u20ac<\/td><td style=\"text-align: right; vertical-align: bottom; color: #333333; font-size: 0.75rem;\">\u00a0<\/td><td style=\"text-align: right; vertical-align: bottom; color: #333333; font-size: 0.75rem;\">&#8211; \u20ac<\/td><td style=\"text-align: right; vertical-align: bottom; color: #333333; font-size: 0.75rem;\">&#8211; \u20ac<\/td><\/tr><tr bgcolor=\"#000000;\"><td style=\"text-align: left; vertical-align: bottom; color: #ffffff; font-size: 0.75rem;\">013<\/td><td style=\"text-align: left; vertical-align: bottom; color: #ffffff; font-size: 0.75rem;\">\u00a0<\/td><td style=\"text-align: right; vertical-align: bottom; color: #ffffff; font-size: 0.75rem;\">&#8211;<br \/>\u20ac<\/td><td style=\"text-align: right; vertical-align: bottom; color: #ffffff; font-size: 0.75rem;\">&#8211; \u20ac<\/td><td style=\"text-align: right; vertical-align: bottom; color: #ffffff; font-size: 0.75rem;\">&#8211; \u20ac<\/td><td style=\"text-align: right; vertical-align: bottom; color: #ffffff; font-size: 0.75rem;\">&#8211; \u20ac<\/td><td style=\"text-align: right; vertical-align: bottom; color: #ffffff; font-size: 0.75rem;\">\u00a0<\/td><td style=\"text-align: right; vertical-align: bottom; color: #ffffff; font-size: 0.75rem;\">&#8211; \u20ac<\/td><td style=\"text-align: right; vertical-align: bottom; color: #ffffff; font-size: 0.75rem;\">&#8211; \u20ac<\/td><\/tr><tr><td style=\"text-align: left; vertical-align: bottom; color: #333333; font-size: 0.75rem;\">\u00a0<\/td><td style=\"text-align: left; vertical-align: bottom; color: #333333; font-size: 0.75rem;\">\u00a0<\/td><td style=\"text-align: right; vertical-align: bottom; color: #333333; font-size: 0.75rem;\">\u00a0<\/td><td style=\"text-align: right; vertical-align: bottom; color: #333333; font-size: 0.75rem;\">\u00a0<\/td><td style=\"text-align: right; vertical-align: bottom; color: #333333; font-size: 0.75rem;\">\u00a0<\/td><td style=\"text-align: right; vertical-align: bottom; color: #333333; font-size: 0.75rem;\">&#8211; \u20ac<\/td><td style=\"text-align: right; vertical-align: bottom; color: #333333; font-size: 0.75rem;\">\u00a0<\/td><td style=\"text-align: right; vertical-align: bottom; color: #333333; font-size: 0.75rem;\">&#8211; \u20ac<\/td><td style=\"text-align: right; vertical-align: bottom; color: #333333; font-size: 0.75rem;\">\u00a0<\/td><\/tr><tr bgcolor=\"#000000;\"><td style=\"text-align: left; vertical-align: bottom; color: #ffffff; font-size: 0.75rem;\">016<\/td><td style=\"text-align: left; vertical-align: bottom; color: #ffffff; font-size: 0.75rem;\">EMPRUNTS ET DETTES ASSIMILEES<\/td><td style=\"text-align: right; vertical-align: bottom; color: #ffffff; font-size: 0.75rem;\">&#8211;<br \/>\u20ac<\/td><td style=\"text-align: right; vertical-align: bottom; color: #ffffff; font-size: 0.75rem;\">110 000,00 \u20ac<\/td><td style=\"text-align: right; vertical-align: bottom; color: #ffffff; font-size: 0.75rem;\">&#8211; \u20ac<\/td><td style=\"text-align: right; vertical-align: bottom; color: #ffffff; font-size: 0.75rem;\">110 000,00 \u20ac<\/td><td style=\"text-align: right; vertical-align: bottom; color: #ffffff; font-size: 0.75rem;\">\u00a0<\/td><td style=\"text-align: right; vertical-align: bottom; color: #ffffff; font-size: 0.75rem;\">&#8211; \u20ac<\/td><td style=\"text-align: right; vertical-align: bottom; color: #ffffff; font-size: 0.75rem;\">&#8211; \u20ac<\/td><\/tr><tr><td style=\"text-align: left; vertical-align: bottom; color: #333333; font-size: 0.75rem;\">1641<\/td><td style=\"text-align: left; vertical-align: bottom; color: #333333; font-size: 0.75rem;\">Emprunts en euros<\/td><td style=\"text-align: right; vertical-align: bottom; color: #333333; font-size: 0.75rem;\">\u00a0<\/td><td style=\"text-align: right; vertical-align: bottom; color: #333333; font-size: 0.75rem;\">110 000,00 \u20ac<\/td><td style=\"text-align: right; vertical-align: bottom; color: #333333; font-size: 0.75rem;\">\u00a0<\/td><td style=\"text-align: right; vertical-align: bottom; color: #333333; font-size: 0.75rem;\">110 000,00 \u20ac<\/td><td style=\"text-align: left; vertical-align: bottom; color: #333333; font-size: 0.75rem;\">&#8211; 110 000,00 \u20ac<\/td><td style=\"text-align: right; vertical-align: bottom; color: #333333; font-size: 0.75rem;\">&#8211; \u20ac<\/td><td style=\"text-align: right; vertical-align: bottom; color: #333333; font-size: 0.75rem;\" bgcolor=\"#F9B210\">\u00a0<\/td><\/tr><tr bgcolor=\"#000000;\"><td style=\"text-align: left; vertical-align: bottom; color: #ffffff; font-size: 0.75rem;\">018<\/td><td style=\"text-align: left; vertical-align: bottom; color: #ffffff; font-size: 0.75rem;\">\u00a0<\/td><td style=\"text-align: right; vertical-align: bottom; color: #ffffff; font-size: 0.75rem;\">&#8211;<br \/>\u20ac<\/td><td style=\"text-align: right; vertical-align: bottom; color: #ffffff; font-size: 0.75rem;\">&#8211; \u20ac<\/td><td style=\"text-align: right; vertical-align: bottom; color: #ffffff; font-size: 0.75rem;\">&#8211; \u20ac<\/td><td style=\"text-align: right; vertical-align: bottom; color: #ffffff; font-size: 0.75rem;\">&#8211; \u20ac<\/td><td style=\"text-align: right; vertical-align: bottom; color: #ffffff; font-size: 0.75rem;\">\u00a0<\/td><td style=\"text-align: right; vertical-align: bottom; color: #ffffff; font-size: 0.75rem;\">&#8211; \u20ac<\/td><td style=\"text-align: right; vertical-align: bottom; color: #ffffff; font-size: 0.75rem;\">&#8211; \u20ac<\/td><\/tr><tr><td style=\"text-align: left; vertical-align: bottom; color: #333333; font-size: 0.75rem;\">\u00a0<\/td><td style=\"text-align: left; vertical-align: bottom; color: #333333; font-size: 0.75rem;\">\u00a0<\/td><td style=\"text-align: right; vertical-align: bottom; color: #333333; font-size: 0.75rem;\">\u00a0<\/td><td style=\"text-align: right; vertical-align: bottom; color: #333333; font-size: 0.75rem;\">&#8211; \u20ac<\/td><td style=\"text-align: right; vertical-align: bottom; color: #333333; font-size: 0.75rem;\">&#8211; \u20ac<\/td><td style=\"text-align: right; vertical-align: bottom; color: #333333; font-size: 0.75rem;\">&#8211; \u20ac<\/td><td style=\"text-align: right; vertical-align: bottom; color: #333333; font-size: 0.75rem;\">\u00a0<\/td><td style=\"text-align: right; vertical-align: bottom; color: #333333; font-size: 0.75rem;\">&#8211; \u20ac<\/td><td style=\"text-align: right; vertical-align: bottom; color: #333333; font-size: 0.75rem;\">\u00a0<\/td><\/tr><tr bgcolor=\"#000000;\"><td style=\"text-align: left; vertical-align: bottom; color: #ffffff; font-size: 0.75rem;\">026<\/td><td style=\"text-align: left; vertical-align: bottom; color: #ffffff; font-size: 0.75rem;\">PARTICIPATIONS ET CREANCES<br \/>RATTACHEES<\/td><td style=\"text-align: right; vertical-align: bottom; color: #ffffff; font-size: 0.75rem;\">&#8211;<br \/>\u20ac<\/td><td style=\"text-align: right; vertical-align: bottom; color: #ffffff; font-size: 0.75rem;\">&#8211; \u20ac<\/td><td style=\"text-align: right; vertical-align: bottom; color: #ffffff; font-size: 0.75rem;\">&#8211; \u20ac<\/td><td style=\"text-align: right; vertical-align: bottom; color: #ffffff; font-size: 0.75rem;\">&#8211; \u20ac<\/td><td style=\"text-align: right; vertical-align: bottom; color: #ffffff; font-size: 0.75rem;\">\u00a0<\/td><td style=\"text-align: right; vertical-align: bottom; color: #ffffff; font-size: 0.75rem;\">&#8211; \u20ac<\/td><td style=\"text-align: right; vertical-align: bottom; color: #ffffff; font-size: 0.75rem;\">&#8211; \u20ac<\/td><\/tr><tr><td style=\"text-align: left; vertical-align: bottom; color: #333333; font-size: 0.75rem;\">\u00a0<\/td><td style=\"text-align: left; vertical-align: bottom; color: #333333; font-size: 0.75rem;\">\u00a0<\/td><td style=\"text-align: right; vertical-align: bottom; color: #333333; font-size: 0.75rem;\">\u00a0<\/td><td style=\"text-align: right; vertical-align: bottom; color: #333333; font-size: 0.75rem;\">\u00a0<\/td><td style=\"text-align: right; vertical-align: bottom; color: #333333; font-size: 0.75rem;\">\u00a0<\/td><td style=\"text-align: right; vertical-align: bottom; color: #333333; font-size: 0.75rem;\">&#8211; \u20ac<\/td><td style=\"text-align: right; vertical-align: bottom; color: #333333; font-size: 0.75rem;\">\u00a0<\/td><td style=\"text-align: right; vertical-align: bottom; color: #333333; font-size: 0.75rem;\">&#8211; \u20ac<\/td><td style=\"text-align: right; vertical-align: bottom; color: #333333; font-size: 0.75rem;\">\u00a0<\/td><\/tr><tr bgcolor=\"#000000;\"><td style=\"text-align: left; vertical-align: bottom; color: #ffffff; font-size: 0.75rem;\">027<\/td><td style=\"text-align: left; vertical-align: bottom; color: #ffffff; font-size: 0.75rem;\">AUTRES IMMOBILISATIONS<br \/>FINANCIERES<\/td><td style=\"text-align: right; vertical-align: bottom; color: #ffffff; font-size: 0.75rem;\">&#8211;<br \/>\u20ac<\/td><td style=\"text-align: right; vertical-align: bottom; color: #ffffff; font-size: 0.75rem;\">9 000,00 \u20ac<\/td><td style=\"text-align: right; vertical-align: bottom; color: #ffffff; font-size: 0.75rem;\">&#8211; \u20ac<\/td><td style=\"text-align: right; vertical-align: bottom; color: #ffffff; font-size: 0.75rem;\">9 000,00 \u20ac<\/td><td style=\"text-align: right; vertical-align: bottom; color: #ffffff; font-size: 0.75rem;\">\u00a0<\/td><td style=\"text-align: right; vertical-align: bottom; color: #ffffff; font-size: 0.75rem;\">9 000,00 \u20ac<\/td><td style=\"text-align: right; vertical-align: bottom; color: #ffffff; font-size: 0.75rem;\">2 250,00 \u20ac<\/td><\/tr><tr><td style=\"text-align: left; vertical-align: bottom; color: #333333; font-size: 0.75rem;\">274<\/td><td style=\"text-align: left; vertical-align: bottom; color: #333333; font-size: 0.75rem;\">Pr\u00eats<\/td><td style=\"text-align: right; vertical-align: bottom; color: #333333; font-size: 0.75rem;\">&#8211; \u20ac<\/td><td style=\"text-align: right; vertical-align: bottom; color: #333333; font-size: 0.75rem;\">9 000,00 \u20ac<\/td><td style=\"text-align: right; vertical-align: bottom; color: #333333; font-size: 0.75rem;\">\u00a0<\/td><td style=\"text-align: right; vertical-align: bottom; color: #333333; font-size: 0.75rem;\">9 000,00 \u20ac<\/td><td style=\"text-align: right; vertical-align: bottom; color: #333333; font-size: 0.75rem;\">\u00a0<\/td><td style=\"text-align: right; vertical-align: bottom; color: #333333; font-size: 0.75rem;\">9 000,00 \u20ac<\/td><td style=\"text-align: right; vertical-align: bottom; color: #333333; font-size: 0.75rem;\" bgcolor=\"#A4DB9F\">2 250,00 \u20ac<\/td><\/tr><tr><td style=\"text-align: left; vertical-align: bottom; color: #333333; font-size: 0.75rem;\">276348<\/td><td style=\"text-align: left; vertical-align: bottom; color: #ffffff; font-size: 0.75rem;\" bgcolor=\"#000000;\">Autres communes<\/td><td style=\"text-align: right; vertical-align: bottom; color: #333333; font-size: 0.75rem;\">\u00a0<\/td><td style=\"text-align: right; vertical-align: bottom; color: #333333; font-size: 0.75rem;\">\u00a0<\/td><td style=\"text-align: right; vertical-align: bottom; color: #333333; font-size: 0.75rem;\">\u00a0<\/td><td style=\"text-align: right; vertical-align: bottom; color: #333333; font-size: 0.75rem;\">&#8211; \u20ac<\/td><td style=\"text-align: right; vertical-align: bottom; color: #333333; font-size: 0.75rem;\">\u00a0<\/td><td style=\"text-align: right; vertical-align: bottom; color: #333333; font-size: 0.75rem;\">&#8211; \u20ac<\/td><td style=\"text-align: right; vertical-align: bottom; color: #333333; font-size: 0.75rem;\" bgcolor=\"#A4DB9F\">&#8211; \u20ac<\/td><\/tr><tr bgcolor=\"#000000;\"><td style=\"text-align: left; vertical-align: bottom; color: #ffffff; font-size: 0.75rem;\">020<\/td><td style=\"text-align: left; vertical-align: bottom; color: #ffffff; font-size: 0.75rem;\">D\u00e9penses impr\u00e9vues<\/td><td style=\"text-align: right; vertical-align: bottom; color: #ffffff; font-size: 0.75rem;\">&#8211;<br \/>\u20ac<\/td><td style=\"text-align: right; vertical-align: bottom; color: #ffffff; font-size: 0.75rem;\">&#8211; \u20ac<\/td><td style=\"text-align: right; vertical-align: bottom; color: #ffffff; font-size: 0.75rem;\">&#8211; \u20ac<\/td><td style=\"text-align: right; vertical-align: bottom; color: #ffffff; font-size: 0.75rem;\">&#8211; \u20ac<\/td><td style=\"text-align: right; vertical-align: bottom; color: #ffffff; font-size: 0.75rem;\">\u00a0<\/td><td style=\"text-align: right; vertical-align: bottom; color: #ffffff; font-size: 0.75rem;\">&#8211; \u20ac<\/td><td style=\"text-align: right; vertical-align: bottom; color: #ffffff; font-size: 0.75rem;\">\u00a0<\/td><\/tr><tr><td style=\"text-align: left; vertical-align: bottom; color: #333333; font-size: 0.75rem;\">\u00a0<\/td><td style=\"text-align: left; vertical-align: bottom; color: #333333; font-size: 0.75rem;\">\u00a0<\/td><td style=\"text-align: right; vertical-align: bottom; color: #333333; font-size: 0.75rem;\">\u00a0<\/td><td style=\"text-align: right; vertical-align: bottom; color: #333333; font-size: 0.75rem;\">\u00a0<\/td><td style=\"text-align: right; vertical-align: bottom; color: #333333; font-size: 0.75rem;\">\u00a0<\/td><td style=\"text-align: right; vertical-align: bottom; color: #333333; font-size: 0.75rem;\">&#8211; \u20ac<\/td><td style=\"text-align: right; vertical-align: bottom; color: #333333; font-size: 0.75rem;\">\u00a0<\/td><td style=\"text-align: right; vertical-align: bottom; color: #333333; font-size: 0.75rem;\">&#8211; \u20ac<\/td><td style=\"text-align: right; vertical-align: bottom; color: #333333; font-size: 0.75rem;\">\u00a0<\/td><\/tr><tr><td style=\"text-align: left; vertical-align: bottom; color: #333333; font-size: 0.75rem;\">\u00a0<\/td><td style=\"text-align: left; vertical-align: bottom; color: #333333; font-size: 0.75rem;\">\u00a0<\/td><td style=\"text-align: right; vertical-align: bottom; color: #333333; font-size: 0.75rem;\">\u00a0<\/td><td style=\"text-align: right; vertical-align: bottom; color: #333333; font-size: 0.75rem;\">\u00a0<\/td><td style=\"text-align: right; vertical-align: bottom; color: #333333; font-size: 0.75rem;\">\u00a0<\/td><td style=\"text-align: right; vertical-align: bottom; color: #333333; font-size: 0.75rem;\">&#8211; \u20ac<\/td><td style=\"text-align: right; vertical-align: bottom; color: #333333; font-size: 0.75rem;\">\u00a0<\/td><td style=\"text-align: right; vertical-align: bottom; color: #333333; font-size: 0.75rem;\">&#8211; \u20ac<\/td><td style=\"text-align: right; vertical-align: bottom; color: #333333; font-size: 0.75rem;\">\u00a0<\/td><\/tr><tr bgcolor=\"#000000;\"><td style=\"text-align: left; vertical-align: bottom; color: #ffffff; font-size: 0.75rem;\">040<\/td><td style=\"text-align: left; vertical-align: bottom; color: #ffffff; font-size: 0.75rem;\">Op\u00e9rations d&#8217;ordre de transfert entre<br \/>sections<\/td><td style=\"text-align: right; vertical-align: bottom; color: #ffffff; font-size: 0.75rem;\">&#8211;<br \/>\u20ac<\/td><td style=\"text-align: right; vertical-align: bottom; color: #ffffff; font-size: 0.75rem;\">&#8211; \u20ac<\/td><td style=\"text-align: right; vertical-align: bottom; color: #ffffff; font-size: 0.75rem;\">&#8211; \u20ac<\/td><td style=\"text-align: right; vertical-align: bottom; color: #ffffff; font-size: 0.75rem;\">&#8211; \u20ac<\/td><td style=\"text-align: right; vertical-align: bottom; color: #ffffff; font-size: 0.75rem;\">\u00a0<\/td><td style=\"text-align: right; vertical-align: bottom; color: #ffffff; font-size: 0.75rem;\">&#8211; \u20ac<\/td><td style=\"text-align: right; vertical-align: bottom; color: #ffffff; font-size: 0.75rem;\">\u00a0<\/td><\/tr><tr><td style=\"text-align: left; vertical-align: bottom; color: #333333; font-size: 0.75rem;\">1068<\/td><td style=\"text-align: left; vertical-align: bottom; color: #333333; font-size: 0.75rem;\">Exc\u00e9dent de fonctionnement<br \/>capitalis\u00e9s<\/td><td style=\"text-align: right; vertical-align: bottom; color: #333333; font-size: 0.75rem;\">\u00a0<\/td><td style=\"text-align: right; vertical-align: bottom; color: #333333; font-size: 0.75rem;\">&#8211; \u20ac<\/td><td style=\"text-align: right; vertical-align: bottom; color: #333333; font-size: 0.75rem;\">&#8211; \u20ac<\/td><td style=\"text-align: right; vertical-align: bottom; color: #333333; font-size: 0.75rem;\">&#8211; \u20ac<\/td><td style=\"text-align: right; vertical-align: bottom; color: #333333; font-size: 0.75rem;\">\u00a0<\/td><td style=\"text-align: right; vertical-align: bottom; color: #333333; font-size: 0.75rem;\">&#8211; \u20ac<\/td><td style=\"text-align: right; vertical-align: bottom; color: #333333; font-size: 0.75rem;\">\u00a0<\/td><\/tr><tr><td style=\"text-align: left; vertical-align: bottom; color: #333333; font-size: 0.75rem;\">192<\/td><td style=\"text-align: left; vertical-align: bottom; color: #333333; font-size: 0.75rem;\">\u00a0<\/td><td style=\"text-align: right; vertical-align: bottom; color: #333333; font-size: 0.75rem;\">\u00a0<\/td><td style=\"text-align: right; vertical-align: bottom; color: #333333; font-size: 0.75rem;\">\u00a0<\/td><td style=\"text-align: right; vertical-align: bottom; color: #333333; font-size: 0.75rem;\">\u00a0<\/td><td style=\"text-align: right; vertical-align: bottom; color: #333333; font-size: 0.75rem;\">&#8211; \u20ac<\/td><td style=\"text-align: right; vertical-align: bottom; color: #333333; font-size: 0.75rem;\">\u00a0<\/td><td style=\"text-align: right; vertical-align: bottom; color: #333333; font-size: 0.75rem;\">&#8211; \u20ac<\/td><td style=\"text-align: right; vertical-align: bottom; color: #333333; font-size: 0.75rem;\">\u00a0<\/td><\/tr><tr bgcolor=\"#000000;\"><td style=\"text-align: left; vertical-align: bottom; color: #ffffff; font-size: 0.75rem;\">\u00a0<\/td><td style=\"text-align: left; vertical-align: bottom; color: #ffffff; font-size: 0.75rem;\">Charges transf\u00e9r\u00e9es<\/td><td style=\"text-align: right; vertical-align: bottom; color: #ffffff; font-size: 0.75rem;\">&#8211;<br \/>\u20ac<\/td><td style=\"text-align: right; vertical-align: bottom; color: #ffffff; font-size: 0.75rem;\">&#8211; \u20ac<\/td><td style=\"text-align: right; vertical-align: bottom; color: #ffffff; font-size: 0.75rem;\">&#8211; \u20ac<\/td><td style=\"text-align: right; vertical-align: bottom; color: #ffffff; font-size: 0.75rem;\">&#8211; \u20ac<\/td><td style=\"text-align: right; vertical-align: bottom; color: #ffffff; font-size: 0.75rem;\">\u00a0<\/td><td style=\"text-align: right; vertical-align: bottom; color: #ffffff; font-size: 0.75rem;\">&#8211; \u20ac<\/td><td style=\"text-align: right; vertical-align: bottom; color: #ffffff; font-size: 0.75rem;\">\u00a0<\/td><\/tr><tr><td style=\"text-align: left; vertical-align: bottom; color: #ffffff; font-size: 0.75rem;\" bgcolor=\"#000000\">041<\/td><td style=\"text-align: left; vertical-align: bottom; color: #ffffff; font-size: 0.75rem;\" bgcolor=\"#000000\">Op\u00e9rations patrimoniales<\/td><td style=\"text-align: right; vertical-align: bottom; color: #ffffff; font-size: 0.75rem;\" bgcolor=\"#000000\">&#8211;<br \/>\u20ac<\/td><td style=\"text-align: right; vertical-align: bottom; color: #ffffff; font-size: 0.75rem;\" bgcolor=\"#000000\">\u00a0<\/td><td style=\"text-align: right; vertical-align: bottom; color: #ffffff; font-size: 0.75rem;\" bgcolor=\"#000000\">500,53 \u20ac<\/td><td style=\"text-align: right; vertical-align: bottom; color: #333333; font-size: 0.75rem;\" bgcolor=\"#EEEEEE\">500,53 \u20ac<\/td><td style=\"text-align: left; vertical-align: bottom; color: #333333; font-size: 0.75rem;\" bgcolor=\"#EEEEEE\">&#8211; 500,53 \u20ac<\/td><td style=\"text-align: right; vertical-align: bottom; color: #333333; font-size: 0.75rem;\" bgcolor=\"#EEEEEE\">\u00a0<\/td><td style=\"text-align: right; vertical-align: bottom; color: #333333; font-size: 0.75rem;\" bgcolor=\"#F9B210\">\u00a0<\/td><\/tr><tr><td style=\"text-align: left; vertical-align: bottom; color: #333333; font-size: 0.75rem;\">\u00a0<\/td><td style=\"text-align: left; vertical-align: bottom; color: #333333; font-size: 0.75rem;\">\u00a0<\/td><td style=\"text-align: right; vertical-align: bottom; color: #333333; font-size: 0.75rem;\">\u00a0<\/td><td style=\"text-align: right; vertical-align: bottom; color: #333333; font-size: 0.75rem;\">\u00a0<\/td><td style=\"text-align: right; vertical-align: bottom; color: #333333; font-size: 0.75rem;\">\u00a0<\/td><td style=\"text-align: right; vertical-align: bottom; color: #333333; font-size: 0.75rem;\">&#8211; \u20ac<\/td><td style=\"text-align: right; vertical-align: bottom; color: #333333; font-size: 0.75rem;\">\u00a0<\/td><td style=\"text-align: right; vertical-align: bottom; color: #333333; font-size: 0.75rem;\">&#8211; \u20ac<\/td><td style=\"text-align: right; vertical-align: bottom; color: #333333; font-size: 0.75rem;\">\u00a0<\/td><\/tr><tr bgcolor=\"#000000\"><td style=\"text-align: left; vertical-align: bottom; color: #333333; font-size: 0.75rem;\" bgcolor=\"#EEEEEE\">\u00a0<\/td><td style=\"text-align: left; vertical-align: bottom; color: #333333; font-size: 0.75rem;\" bgcolor=\"#EEEEEE\">\u00a0<\/td><td style=\"text-align: right; vertical-align: bottom; color: #ffffff; font-size: 0.75rem;\">58 000,00 \u20ac<\/td><td style=\"text-align: right; vertical-align: bottom; color: #ffffff; font-size: 0.75rem;\">1 935 141,00 \u20ac<\/td><td style=\"text-align: right; vertical-align: bottom; color: #ffffff; font-size: 0.75rem;\">67 141,53 \u20ac<\/td><td style=\"text-align: right; vertical-align: bottom; color: #ffffff; font-size: 0.75rem;\">2 002 282,53 \u20ac<\/td><td style=\"text-align: right; vertical-align: bottom; color: #ffffff; font-size: 0.75rem;\">\u00a0<\/td><td style=\"text-align: right; vertical-align: bottom; color: #ffffff; font-size: 0.75rem;\">1 891 782,00 \u20ac<\/td><td style=\"text-align: right; vertical-align: bottom; color: #ffffff; font-size: 0.75rem;\">\u00a0<\/td><\/tr><tr><td style=\"text-align: left; vertical-align: bottom; color: #333333; font-size: 0.75rem;\">\u00a0<\/td><td style=\"text-align: left; vertical-align: bottom; color: #333333; font-size: 0.75rem;\">\u00a0<\/td><td style=\"text-align: right; vertical-align: bottom; color: #333333; font-size: 0.75rem;\">\u00a0<\/td><td style=\"text-align: right; vertical-align: bottom; color: #333333; font-size: 0.75rem;\">\u00a0<\/td><td style=\"text-align: right; vertical-align: bottom; color: #333333; font-size: 0.75rem;\">\u00a0<\/td><td style=\"text-align: right; vertical-align: bottom; color: #333333; font-size: 0.75rem;\">&#8211; \u20ac<\/td><td style=\"text-align: right; vertical-align: bottom; color: #333333; font-size: 0.75rem;\">\u00a0<\/td><td style=\"text-align: right; vertical-align: bottom; color: #333333; font-size: 0.75rem;\">&#8211; \u20ac<\/td><td style=\"text-align: right; vertical-align: bottom; color: #333333; font-size: 0.75rem;\">\u00a0<\/td><\/tr><tr><td style=\"text-align: left; vertical-align: bottom; color: #333333; font-size: 0.75rem;\">001<\/td><td style=\"text-align: left; vertical-align: bottom; color: #333333; font-size: 0.75rem;\">Solde d&#8217;ex\u00e9cution n\u00e9gatif report\u00e9 de<br \/>N-1<\/td><td style=\"text-align: right; vertical-align: bottom; color: #333333; font-size: 0.75rem;\">&#8211; \u20ac<\/td><td style=\"text-align: right; vertical-align: bottom; color: #333333; font-size: 0.75rem;\">21 410,81 \u20ac<\/td><td style=\"text-align: right; vertical-align: bottom; color: #333333; font-size: 0.75rem;\">\u00a0<\/td><td style=\"text-align: right; vertical-align: bottom; color: #333333; font-size: 0.75rem;\">21 410,81 \u20ac<\/td><td style=\"text-align: right; vertical-align: bottom; color: #333333; font-size: 0.75rem;\">\u00a0<\/td><td style=\"text-align: right; vertical-align: bottom; color: #333333; font-size: 0.75rem;\">21 410,81 \u20ac<\/td><td style=\"text-align: right; vertical-align: bottom; color: #333333; font-size: 0.75rem;\">\u00a0<\/td><\/tr><tr><td style=\"text-align: left; vertical-align: bottom; color: #333333; font-size: 0.75rem;\">\u00a0<\/td><td style=\"text-align: left; vertical-align: bottom; color: #333333; font-size: 0.75rem;\">\u00a0<\/td><td style=\"text-align: right; vertical-align: bottom; color: #333333; font-size: 0.75rem;\">\u00a0<\/td><td style=\"text-align: right; vertical-align: bottom; color: #333333; font-size: 0.75rem;\">\u00a0<\/td><td style=\"text-align: right; vertical-align: bottom; color: #333333; font-size: 0.75rem;\">\u00a0<\/td><td style=\"text-align: right; vertical-align: bottom; color: #333333; font-size: 0.75rem;\">&#8211; \u20ac<\/td><td style=\"text-align: right; vertical-align: bottom; color: #333333; font-size: 0.75rem;\">\u00a0<\/td><td style=\"text-align: right; vertical-align: bottom; color: #333333; font-size: 0.75rem;\">&#8211; \u20ac<\/td><td style=\"text-align: right; vertical-align: bottom; color: #333333; font-size: 0.75rem;\">\u00a0<\/td><\/tr><tr bgcolor=\"#000000\"><td style=\"text-align: left; vertical-align: bottom; color: #333333; font-size: 0.75rem;\" bgcolor=\"#EEEEEE\">\u00a0<\/td><td style=\"text-align: left; vertical-align: bottom; color: #333333; font-size: 0.75rem;\" bgcolor=\"#EEEEEE\">\u00a0<\/td><td style=\"text-align: right; vertical-align: bottom; color: #ffffff; font-size: 0.75rem;\">58 000,00 \u20ac<\/td><td style=\"text-align: right; vertical-align: bottom; color: #ffffff; font-size: 0.75rem;\">1 956 551,81 \u20ac<\/td><td style=\"text-align: right; vertical-align: bottom; color: #ffffff; font-size: 0.75rem;\">67 141,53 \u20ac<\/td><td style=\"text-align: right; vertical-align: bottom; color: #ffffff; font-size: 0.75rem;\">2 023 693,34 \u20ac<\/td><td style=\"text-align: right; vertical-align: bottom; color: #ffffff; font-size: 0.75rem;\">\u00a0<\/td><td style=\"text-align: right; vertical-align: bottom; color: #ffffff; font-size: 0.75rem;\">1 913 192,81 \u20ac<\/td><td style=\"text-align: right; vertical-align: bottom; color: #ffffff; font-size: 0.75rem;\">472 945,50 \u20ac<\/td><\/tr><\/tbody><\/table><div id=\"CM06022024Trois\" style=\"color: #333333;\"><strong><u>3 &#8211; D\u00e9lib\u00e9ration engagement dans la d\u00e9marche d\u2019\u00e9laboration de la convention Territoriale Globale (CTG)<\/u><\/strong><\/div><p style=\"color: #333333; padding-left: 40px;\" align=\"justify\"><em>Pr\u00e9sentation est faite par Monsieur Le Maire<\/em><\/p><p style=\"color: #333333; padding-left: 40px;\" align=\"justify\">Lors du conseil communautaire du 11 d\u00e9cembre 2023 le conseil communautaire a autoris\u00e9 le pr\u00e9sident \u00e0 signer la convention territoriale globale ainsi que ces avenants \u00e9ventuels.<\/p><p style=\"color: #333333; padding-left: 40px;\" align=\"justify\">La commune de Thiant fait ainsi partie des communes comprises dans le p\u00e9rim\u00e8tre de la CTG.<\/p><p style=\"color: #333333;\"><strong>Le Conseil Municipal, apr\u00e8s en avoir d\u00e9lib\u00e9r\u00e9,<\/strong><br \/>par\u00a021 voix pour,\u00a00 voix contre,\u00a0\u00a0abstention<\/p><table width=\"75%\"><tbody><tr><td style=\"color: #333333;\" width=\"25%\"><strong>AUTORISE<\/strong><\/td><td style=\"color: #333333; text-align: justify;\" width=\"75%\">Monsieur Le Maire \u00e0 signer les conventions et avenants n\u00e9cessaire \u00e0 l\u2019int\u00e9gration de la commune de Thiant dans la CTG<\/td><\/tr><tr><td style=\"color: #333333;\" width=\"25%\"><strong>AUTORISE<\/strong><\/td><td style=\"color: #333333; text-align: left;\">Monsieur Le Maire \u00e0 signer les conventions et avenants li\u00e9s aux bonus territoires<\/td><\/tr><\/tbody><\/table><p style=\"color: #333333; text-align: right;\"><em><small>D\u00e9lib\u00e9ration n\u00b0 2024-02-06-D-03<\/small><\/em><\/p><table width=\"50%\" align=\"center\" bgcolor=\"#EEEEEE\"><tbody><tr><td style=\"color: #333333; text-align: left;\" width=\"25%\"><strong><u>D\u00e9cision<\/u><\/strong><\/td><td style=\"color: #333333; text-align: right;\" width=\"25%\">Sur :<\/td><td style=\"color: #333333; text-align: left;\" width=\"50%\">15 pr\u00e9sents<\/td><\/tr><tr><td style=\"color: #333333; text-align: left;\">\u00a0<\/td><td style=\"color: #333333; text-align: right;\">Pour :<\/td><td style=\"color: #333333; text-align: left;\">21 dont 6 pouvoirs<\/td><\/tr><tr><td style=\"color: #333333; text-align: left;\">\u00a0<\/td><td style=\"color: #333333; text-align: right;\">Contre :<\/td><td style=\"color: #333333; text-align: left;\">0<\/td><\/tr><tr><td style=\"color: #333333; text-align: left;\">\u00a0<\/td><td style=\"color: #333333; text-align: right;\">Abstentions :<\/td><td style=\"color: #333333; text-align: left;\">0<\/td><\/tr><\/tbody><\/table><table border=\"1px\" width=\"100%\" align=\"center\"><tbody><tr bgcolor=\"#333333;\"><td style=\"color: #ffffff; text-align: center; font-size: 1.75rem;\"><strong>23\/216B Convention Territoriale Globale CAF : Signature de la convention 2024-2025<\/strong><\/td><\/tr><\/tbody><\/table><p style=\"color: #333333; padding-left: 40px;\">Depuis trois ans, la CAF a act\u00e9 une refonte du Contrat Enfance Jeunesse (CEJ) avec les communes et les partenaires associatifs. Elle s&#8217;engage vers une nouvelle contractualisation sur la base d&#8217;une Convention Territoriale Globale (CTG) qui implique dor\u00e9navant les EPCI.<br \/>Lors de l&#8217;assembl\u00e9e du 16 d\u00e9cembre 2022, la d\u00e9cision de lancer les \u00e9changes et d&#8217;engager les trvaux de rencontres techniques comme premi\u00e8re \u00e9tape pr\u00e9alible \u00e0 l&#8217;\u00e9laboration de la CTG avait \u00e9t\u00e9 act\u00e9e.<\/p><p style=\"color: #333333; padding-left: 40px;\">En 2023,des r\u00e9unions techniques se sont d\u00e9roul\u00e9es entre les services de la coh\u00e9sion sociale et l&#8217;\u00e9quipe teritoriale de la CAF de Valenciennes.<br \/>Simultan\u00e9ment, des rencontres avec les techniciens de la CAF et chaque commune ont pu \u00eatre organis\u00e9es, entre d\u00e9cembre 2022 et mars 2023, afin de d\u00e9tailler les modalit\u00e9s de mise en \u0153uvre du \u00ab Bonus Territoire CTG \u00bb au niveau local.<\/p><p style=\"color: #333333; padding-left: 40px;\">Le 22 novembre 2023, une rencontre de point d&#8217;\u00e9tape de r\u00e9actualisation de la d\u00e9marche et des modalit\u00e9s de mise en \u0153uvre de la CTG s&#8217;est tenue avec les \u00e9lus des communes en charge de ces dimensions sociales, les responsables de la CAF de Valenciennes, la Vice-Pr\u00e9sidente \u00e0 la coh\u00e9sion sociale et au renouvellement urbain ainsi que la direction de la coh\u00e9sion sociale de la CAPH.<\/p><p style=\"color: #333333; padding-left: 40px;\">Lors de cette r\u00e9union, des \u00e9changes ont permis \u00e0 la CAF de r\u00e9pondre aux questions des repr\u00e9sentants des communes et pr\u00e9senter avec la CAPH les objectifs inscrits dans la CTG pour 2024 et 2025, qui peut \u00eatre qualifi\u00e9e de contractualisation d&#8217;\u00e9laboration d&#8217;un plan commun d&#8217;actions.<\/p><p style=\"color: #333333; padding-left: 40px;\">Ainsi la CTG propos\u00e9e comprend 3 objectifs principaux :<br \/>\u25ba Production d&#8217;un diagnostic partag\u00e9 communes\/CAF\/CAPH en 2024,<br \/>\u25ba Production du Plan d&#8217;Actions au 1<sup>er<\/sup> semestre 2025 qui proposera de nouvelles approches prioritaires d&#8217;accompagnement et d&#8217;actions compl\u00e9mentaires soutenues par la CAF en lien avec le Projet Territorial de Coh\u00e9sion Social,<br \/>\u25ba Clarification des missions des charg\u00e9s de coop\u00e9ration au 2<sup>\u00e8me<\/sup> semestre 2025.<\/p><p style=\"color: #333333; padding-left: 40px;\">\u00c0 l&#8217;heure de la mise en dynamique du Projets de Territoire et de l&#8217;\u00e9laboration du Projet Territorial de Coh\u00e9sion Sociale, cette CTG doit \u00eatre envisag\u00e9e commme une opportunit\u00e9 pour la CAPH de renforcer un dialogue renouvel\u00e9 et structurant avec la CAF, de faire converger les priorit\u00e9s de la Porte du Hainaut en termes de coh\u00e9sion sociale et le d\u00e9velopement local, et de renforcer ses politiques communautaires comme celles du CLS et de la Strat\u00e9gie Jeunesses 15-25 ans au plus pr\u00e8s des besoins des communes.<\/p><p style=\"color: #333333; padding-left: 40px;\">Par cette d\u00e9marche, la CAPH, consciente des enjeux d&#8217;action sociale, engage la CAF au maintien, voire au d\u00e9veloppement de ses moyens aux diff\u00e9rentes communes pour leurs services \u00e0 la population par le biais du Bonus Territoire CTG.<br \/>Tout \u00e9galement, cet engagement de la CAF aupr\u00e8s de La Porte du Hainaut permettra \u00e0 l&#8217;avenir la mobilisation de nouveaux moyens pour la mise en \u0153uvre des strat\u00e9gies communautaires de coh\u00e9sion sociale.<\/p><p style=\"color: #333333; padding-left: 40px;\">Le Bureau Communautaire d\u00e9cide donc :<\/p><ul style=\"list-style-type: square; color: #333333; padding-left: 40px;\"><li>d&#8217;autoriser Monsieur le Pr\u00e9sident \u00e0 signer la Convention Territoriale Globale avec la CAF et ses \u00e9ventuels avenants.<\/li><\/ul><p style=\"color: #333333; padding-left: 40px;\">Adopt\u00e9e \u00e0 la majorit\u00e9<br \/>45 voix POUR,<br \/>1 voix ABSTENTION (M. Michel QUIEVY, MORTAGNE-DU-NORD)<\/p><div id=\"CM02062024Quatre\" style=\"color: #333333;\"><strong><u>4 &#8211; D\u00e9lib\u00e9ration d\u00e9signation des repr\u00e9sentants titulaire et suppl\u00e9ant de la commune \u00e0 la commission Locale d\u2019\u00e9valuation des charges transf\u00e9r\u00e9es de la communaut\u00e9 d\u2019agglom\u00e9ration de la porte du Hainaut<\/u><\/strong><\/div><p style=\"color: #333333; padding-left: 20px;\" align=\"justify\">Vu le Code G\u00e9n\u00e9ral des Collectivit\u00e9s Territoriales,<br \/>Vu le Code G\u00e9n\u00e9ral des Imp\u00f4ts,<br \/>Vu la d\u00e9lib\u00e9ration n\u00b0 20\/050 du Conseil Communautaire de la CAPH en date du 14 septembre relative \u00e0 la cr\u00e9ation d\u2019une Commission Locale d\u2019\u00c9valuation des Charges Transf\u00e9r\u00e9es (CLECT),<br \/>Consid\u00e9rant que les transferts de comp\u00e9tences des communes membres \u00e0 leur structure intercommunale, notamment une communaut\u00e9 d\u2019agglom\u00e9ration, se traduisent par des transferts de charges qu\u2019il y a lieu d\u2019\u00e9valuer, afin notamment de calculer les dotations de compensation attribu\u00e9es aux communes membres,<br \/>Consid\u00e9rant que, conform\u00e9ment \u00e0 l\u2019article 1609 nonies C quater du Code G\u00e9n\u00e9ral des Imp\u00f4ts, une Commission Locale d\u2019\u00c9valuation des Charges Transf\u00e9r\u00e9es (CLECT) a \u00e9t\u00e9 cr\u00e9\u00e9e au sein de la CAPH aux fins d\u2019\u00e9valuation du co\u00fbt des charges transf\u00e9r\u00e9es,<br \/>Consid\u00e9rant que cette commission est compos\u00e9e de Conseillers municipaux \u00e9lus au sein de chaque Conseil municipal, chaque commune disposant d\u2019un repr\u00e9sentant titulaire et d\u2019un repr\u00e9sentant suppl\u00e9ant conform\u00e9ment \u00e0 la r\u00e9partition fix\u00e9e par d\u00e9lib\u00e9ration du Conseil Communautaire de la CAPH n\u00b0 20\/050 ci-dessus vis\u00e9e,<br \/>Consid\u00e9rant que, conform\u00e9ment \u00e0 l\u2019article L.2121-21 du Code G\u00e9n\u00e9ral des Collectivit\u00e9s Territoriales, les repr\u00e9sentants titulaire et suppl\u00e9ant doivent \u00eatre d\u00e9sign\u00e9s au scrutin secret. Si aucun candidat n\u2019a obtenu la majorit\u00e9 absolue apr\u00e8s deux tours de scrutin, il est proc\u00e9d\u00e9 \u00e0 un troisi\u00e8me tour et l\u2019\u00e9lection a lieu \u00e0 la majorit\u00e9 relative ; \u00e0 \u00e9galit\u00e9 de voix, l\u2019\u00e9lection est acquise au plus \u00e2g\u00e9.<\/p><p style=\"color: #333333; padding-left: 40px;\" align=\"justify\">Ceci expos\u00e9,<\/p><p style=\"color: #333333; padding-left: 40px; text-align: justify;\">Le Conseil Municipal proc\u00e8de \u00e0 l\u2019\u00e9lection du repr\u00e9sentant titulaire et du repr\u00e9sentant suppl\u00e9ant de la Commune de Thiant \u00e0 la CLECT de la CAPH, ainsi qu\u2019il suit :<\/p><ul style=\"list-style-type: square; color: #333333; padding-left: 20px; text-align: justify;\"><li><u>\u00c9lection du repr\u00e9sentant titulaire<\/u> :<br \/>Nom du (ou des) candidat(s) : St\u00e9phanie WATTIEZ<br \/>Nombre de Conseillers municipaux appel\u00e9s \u00e0 voter : 22<br \/>Nombre de votants : 15+6=21<br \/>Nombre d\u2019abstentions : 0<br \/>Nombre de bulletins blancs ou nuls : 0<br \/>Nombre de suffrages exprim\u00e9s : 21<br \/>Nombre de voix obtenues : 21<\/li><\/ul><p style=\"color: #333333; padding-left: 40px; text-align: justify;\">Madame St\u00e9phanie WATTIEZ ayant obtenu la majorit\u00e9 absolue des suffrages exprim\u00e9s, est \u00e9lu repr\u00e9sentant titulaire de la Commune de THIANT pour si\u00e9ger \u00e0 la Commission Locale d\u2019\u00c9valuation des Charges Transf\u00e9r\u00e9es de la CAPH.<\/p><ul style=\"list-style-type: square; color: #333333; padding-left: 20px; text-align: justify;\"><li><u>\u00c9lection du repr\u00e9sentant suppl\u00e9ant<\/u> :<br \/>Nom du (ou des) candidat(s) : C\u00e9line DUMAINE<br \/>Nombre de Conseillers municipaux appel\u00e9s \u00e0 voter : 22<br \/>Nombre de votants : 15+6=21<br \/>Nombre d\u2019abstentions : 0<br \/>Nombre de bulletins blancs ou nuls : 0<br \/>Nombre de suffrages exprim\u00e9s : 21<br \/>Nombre de voix obtenues : 21<\/li><\/ul><p style=\"color: #333333; padding-left: 40px; text-align: justify;\">Madame C\u00e9line DUMAINE, ayant obtenu la majorit\u00e9 absolue des suffrages exprim\u00e9s, est \u00e9lu repr\u00e9sentant suppl\u00e9ant de la Commune de THIANT pour si\u00e9ger \u00e0 la Commission Locale d\u2019\u00c9valuation des Charges Transf\u00e9r\u00e9es de la CAPH.<\/p><p style=\"color: #333333;\" align=\"right\"><em><small>D\u00e9lib\u00e9ration n\u00b0 2024-02-06-D-04<\/small><\/em><\/p><table width=\"50%\" align=\"center\" bgcolor=\"#EEEEEE\"><tbody><tr><td style=\"color: #333333; text-align: left;\" width=\"25%\"><strong><u>D\u00e9cision<\/u><\/strong><\/td><td style=\"color: #333333; text-align: right;\" width=\"25%\">Sur :<\/td><td style=\"color: #333333; text-align: left;\" width=\"50%\">15 pr\u00e9sents<\/td><\/tr><tr><td style=\"color: #333333; text-align: left;\">\u00a0<\/td><td style=\"color: #333333; text-align: right;\">Pour :<\/td><td style=\"color: #333333; text-align: left;\">21 dont 6 pouvoirs<\/td><\/tr><tr><td style=\"color: #333333; text-align: left;\">\u00a0<\/td><td style=\"color: #333333; text-align: right;\">Contre :<\/td><td style=\"color: #333333; text-align: left;\">0<\/td><\/tr><tr><td style=\"color: #333333; text-align: left;\">\u00a0<\/td><td style=\"color: #333333; text-align: right;\">Abstentions :<\/td><td style=\"color: #333333; text-align: left;\">0<\/td><\/tr><\/tbody><\/table><div id=\"CM02062024Cinq\" style=\"color: #333333;\"><strong><u>5 &#8211; D\u00e9lib\u00e9ration exon\u00e9ration en faveur des logements neufs pr\u00e9sentant une performance \u00e9nerg\u00e9tique et environnementale \u00e9lev\u00e9e<\/u><\/strong><\/div><p style=\"color: #333333; padding-left: 40px; text-align: justify;\"><strong>EXON\u00c9RATION EN FAVEUR DES LOGEMENTS NEUFS PR\u00c9SENTANT UNE PERFORMANCE \u00c9NERG\u00c9TIQUE ET ENVIRONNEMENTALE \u00c9LEV\u00c9E<\/strong><\/p><p style=\"color: #333333; padding-left: 40px; text-align: justify;\">Monsieur le Maire de la commune de Thiant expose les nouvelles dispositions de l\u2019article 1383-0 B bis du code g\u00e9n\u00e9ral des imp\u00f4ts permettant au conseil municipal d\u2019exon\u00e9rer \u00e0 concurrence d&#8217;un taux compris entre 50 % et 100 % et pour la part qui lui revient, les constructions de logements neufs satisfaisant aux crit\u00e8res de performance \u00e9nerg\u00e9tique et environnementale conditionnant le b\u00e9n\u00e9fice de l&#8217;exon\u00e9ration pr\u00e9vue au I bis de l&#8217;article 1384 A du code g\u00e9n\u00e9ral des imp\u00f4ts, sup\u00e9rieurs \u00e0 ceux de la r\u00e9glementation environnementale RE 2020 en vigueur depuis le 1<sup>er<\/sup> janvier 2022.<\/p><p style=\"color: #333333; padding-left: 40px; text-align: justify;\">L&#8217;exon\u00e9ration s&#8217;applique pour une dur\u00e9e de cinq ans \u00e0 compter de l&#8217;ann\u00e9e suivant celle de l&#8217;ach\u00e8vement de la construction.<\/p><p style=\"color: #333333; padding-left: 40px; text-align: justify;\">Pour b\u00e9n\u00e9ficier de l&#8217;exon\u00e9ration, le propri\u00e9taire devra joindre tous les \u00e9l\u00e9ments justifiant du respect des crit\u00e8res de performance \u00e9nerg\u00e9tique requis \u00e0 la d\u00e9claration fiscale d\u00e9pos\u00e9e dans les 90 jours de l&#8217;ach\u00e8vement du logement, en application de l&#8217;article 1406 du code g\u00e9n\u00e9ral des imp\u00f4ts.<\/p><p style=\"color: #333333; padding-left: 40px; text-align: justify;\">La d\u00e9lib\u00e9ration d&#8217;institution de cette exon\u00e9ration, si elle est prise avant le 1<sup>er<\/sup> octobre d&#8217;une ann\u00e9e, sera applicable \u00e0 compter de l&#8217;ann\u00e9e suivante conform\u00e9ment \u00e0 l&#8217;article 1639 A bis du code g\u00e9n\u00e9ral des imp\u00f4ts. Cependant, par d\u00e9rogation pr\u00e9vue par l&#8217;article 143 de la loi de finances pour 2024, les d\u00e9lib\u00e9rations prises avant le 29 f\u00e9vrier 2024 inclus sont applicables \u00e0 compter de l&#8217;ann\u00e9e 2024<\/p><p style=\"color: #333333; padding-left: 40px; text-align: justify;\">Vu l\u2019article 1383-0 B bis du code g\u00e9n\u00e9ral des imp\u00f4ts,<br \/>Vu l&#8217;article 143 de la loi n\u00b0 2023-1322 de finances pour 2024,<\/p><p style=\"color: #333333;\"><strong>Le Conseil Municipal, apr\u00e8s en avoir d\u00e9lib\u00e9r\u00e9,<\/strong><br \/>par\u00a012 voix pour,\u00a07 voix contre,\u00a02\u00a0abstention<\/p><table width=\"75%\"><tbody><tr><td style=\"color: #333333;\" width=\"25%\"><strong>D\u00c9CIDE<\/strong><\/td><td style=\"color: #333333; text-align: justify;\" width=\"75%\">de ne pas appliquer d\u2019exon\u00e9ration de taxe fonci\u00e8re sur les propri\u00e9t\u00e9s b\u00e2ties, les logements neufs satisfaisant aux crit\u00e8res de performance \u00e9nerg\u00e9tique et environnementale conditionnant le b\u00e9n\u00e9fice de l&#8217;exon\u00e9ration pr\u00e9vue au I bis de l&#8217;article 1384 A du code g\u00e9n\u00e9ral des imp\u00f4ts.<\/td><\/tr><\/tbody><\/table><p style=\"color: #333333;\" align=\"right\"><em><small>D\u00e9lib\u00e9ration n\u00b0 2024-02-06-D-05<\/small><\/em><\/p><table width=\"50%\" align=\"center\" bgcolor=\"#EEEEEE\"><tbody><tr><td style=\"color: #333333; text-align: left;\" width=\"25%\"><strong><u>D\u00e9cision<\/u><\/strong><\/td><td style=\"color: #333333; text-align: right;\" width=\"25%\">Sur :<\/td><td style=\"color: #333333; text-align: left;\" width=\"50%\">15 pr\u00e9sents<\/td><\/tr><tr><td style=\"color: #333333; text-align: left;\">\u00a0<\/td><td style=\"color: #333333; text-align: right;\">Pour :<\/td><td style=\"color: #333333; text-align: left;\">12<\/td><\/tr><tr><td style=\"color: #333333; text-align: left;\">\u00a0<\/td><td style=\"color: #333333; text-align: right;\">Contre :<\/td><td style=\"color: #333333; text-align: left;\">7<\/td><\/tr><tr><td style=\"color: #333333; text-align: left;\">\u00a0<\/td><td style=\"color: #333333; text-align: right;\">Abstentions :<\/td><td style=\"color: #333333; text-align: left;\">2<\/td><\/tr><\/tbody><\/table><p style=\"color: #333333; padding-left: 40px;\" align=\"justify\"><em>Remarques : Un d\u00e9bat a eu lieu.<br \/>Il est pr\u00e9cis\u00e9 que l\u2019exon\u00e9ration b\u00e9n\u00e9ficie aux propri\u00e9taires puisqu\u2019il s\u2019agit de la taxe fonci\u00e8re.<br \/>Le redevable de la taxe fonci\u00e8re est le propri\u00e9taire qu\u2019il soit propri\u00e9taire occupant ou propri\u00e9taire-bailleur.<br \/>Les crit\u00e8res sont bien sp\u00e9cifiques.<\/em><\/p><div id=\"CM02062024Six\" style=\"color: #333333;\"><strong><u>6 &#8211; D\u00e9lib\u00e9ration cr\u00e9ation d\u2019emplois occasionnels et cr\u00e9ation d\u2019emplois non permanent pour faire face \u00e0 des besoins d\u2019accroissement temporaire de travail et\/ou \u00e0 un accroissement saisonnier d\u2019activit\u00e9<\/u><\/strong><\/div><p style=\"color: #333333; padding-left: 40px; text-align: justify;\">Consid\u00e9rant la d\u00e9lib\u00e9ration D04 du 14 septembre 2023<br \/>Consid\u00e9rant que les besoins du service peuvent justifier le remplacement rapide de fonctionnaires territoriaux indisponibles ;<br \/>Consid\u00e9rant que la loi permet aussi le recours \u00e0 des agents non titulaires pour des besoins sp\u00e9cifiques pour lesquels aucun cadre d\u2019emploi de la Fonction Publique n\u2019est pr\u00e9vu ou dans le cas de besoins ponctuels<br \/>Consid\u00e9rant qu\u2019il est n\u00e9cessaire de recruter un agent contractuel pour faire face \u00e0 un besoin li\u00e9 \u00e0 un accroissement saisonnier d\u2019activit\u00e9<\/p><p style=\"color: #333333;\"><strong>Le Conseil Municipal, apr\u00e8s en avoir d\u00e9lib\u00e9r\u00e9,<\/strong><br \/>par\u00a021 voix pour,\u00a00 voix contre,\u00a00\u00a0abstention<\/p><p style=\"color: #333333;\"><strong>Du 1<sup>er<\/sup> mars au 31 d\u00e9cembre 2024<\/strong><\/p><table width=\"75%\"><tbody><tr><td style=\"vertical-align: top; color: #333333;\" width=\"25%\"><strong>AUTORISE<\/strong><\/td><td style=\"vertical-align: top; color: #333333; text-align: justify;\" width=\"75%\">la cr\u00e9ation d\u2019emploi non permanent pour faire face \u00e0 un accroissement saisonnier d\u2019activit\u00e9 et pour un nombre maximum de 8.<\/td><\/tr><tr><td style=\"vertical-align: top; color: #333333;\"><strong>AUTORISE<\/strong><\/td><td style=\"vertical-align: top; color: #333333; text-align: justify;\">la cr\u00e9ation d\u2019emploi non permanent pour faire face \u00e0 un accroissement temporaire d\u2019activit\u00e9 et pour un nombre maximum de 8.<\/td><\/tr><tr><td style=\"vertical-align: top; color: #333333;\"><strong>DIT QUE<\/strong><\/td><td style=\"vertical-align: top; color: #333333; text-align: justify;\">Les cr\u00e9dits correspondants sont et seront inscrits aux budgets.<\/td><\/tr><tr><td style=\"vertical-align: top; color: #333333;\"><strong>DIT QUE<\/strong><\/td><td style=\"vertical-align: top; color: #333333; text-align: justify;\">Les agents contractuels recrut\u00e9s pourront \u00eatre amen\u00e9s \u00e0 effectuer des heures compl\u00e9mentaires et\/ou suppl\u00e9mentaires. Les heures compl\u00e9mentaires seront compens\u00e9es par l\u2019attribution d\u2019un repos compensateur et\/ou par le versement d\u2019une indemnisation conform\u00e9ment au d\u00e9cret 202-592 du 15 mai 2020. Les heures suppl\u00e9mentaires seront compens\u00e9es par l\u2019attribution d\u2019un repos compensateur et\/ou par le versement de l\u2019indemnit\u00e9 horaire pour travaux suppl\u00e9mentaires. Monsieur le Maire sera charg\u00e9 de la constatation des besoins concern\u00e9s ainsi que de la d\u00e9termination des niveaux de recrutement et de r\u00e9mun\u00e9ration des candidats selon la nature des fonctions et de leur profil. La r\u00e9mun\u00e9ration sera limit\u00e9e \u00e0 l\u2019indice terminal du grade de r\u00e9f\u00e9rence.<\/td><\/tr><\/tbody><\/table><p style=\"color: #333333;\" align=\"right\"><em><small>D\u00e9lib\u00e9ration n\u00b0 2024-02-06-D-06<\/small><\/em><\/p><table width=\"50%\" align=\"center\" bgcolor=\"#EEEEEE\"><tbody><tr><td style=\"color: #333333; text-align: left;\" width=\"25%\"><strong><u>D\u00e9cision<\/u><\/strong><\/td><td style=\"color: #333333; text-align: right;\" width=\"25%\">Sur :<\/td><td style=\"color: #333333; text-align: left;\" width=\"50%\">21 pr\u00e9sents<\/td><\/tr><tr><td style=\"color: #333333; text-align: left;\">\u00a0<\/td><td style=\"color: #333333; text-align: right;\">Pour :<\/td><td style=\"color: #333333; text-align: left;\">21<\/td><\/tr><tr><td style=\"color: #333333; text-align: left;\">\u00a0<\/td><td style=\"color: #333333; text-align: right;\">Contre :<\/td><td style=\"color: #333333; text-align: left;\">0<\/td><\/tr><tr><td style=\"color: #333333; text-align: left;\">\u00a0<\/td><td style=\"color: #333333; text-align: right;\">Abstentions :<\/td><td style=\"color: #333333; text-align: left;\">0<\/td><\/tr><\/tbody><\/table><div id=\"CM02062024Sept\" style=\"color: #333333;\"><strong><u>7 &#8211; D\u00e9lib\u00e9ration autorisation de demande de subventions aupr\u00e8s du d\u00e9partement : Projet ADVB &#8211; ADVB \u00e9nergie \u2013 Amende de police &#8211; Am\u00e9nagement\u2026<\/u><\/strong><\/div><p style=\"color: #333333;\"><strong>Le Conseil Municipal, apr\u00e8s en avoir d\u00e9lib\u00e9r\u00e9,<\/strong><br \/>par\u00a021 voix pour,\u00a00 voix contre,\u00a00\u00a0abstention<\/p><table width=\"75%\"><tbody><tr><td style=\"vertical-align: top; color: #333333;\" width=\"25%\"><strong>SOLLICITE<\/strong><\/td><td style=\"vertical-align: top; color: #333333; text-align: justify;\" width=\"75%\"><p>aupr\u00e8s du d\u00e9partement l\u2019attribution de participations financi\u00e8res pour divers projets communaux r\u00e9pondant aux crit\u00e8res suivants :<\/p><ul style=\"color: #333333; text-align: justify;\"><li>ADVB : Aide d\u00e9partementale aux villages et Bourgs : volet \u00ab am\u00e9nagements et \u00e9quipements \u00bb<\/li><li>ADVB : volet \u00ab \u00e9nergie \u00bb Aide \u00e0 la sobri\u00e9t\u00e9 \u00e9nerg\u00e9tique<\/li><li>ADVB : volet Soutien aux voieries communales<\/li><li>AAT : Aide \u00e0 l\u2019am\u00e9nagement des trottoirs le long des routes d\u00e9partementales<\/li><li>ASRDA : Aide \u00e0 la s\u00e9curisation des routes d\u00e9partementales en agglom\u00e9ration<\/li><li>AMP : R\u00e9partition du produit des amendes de Police relatives \u00e0 la circulation routi\u00e8re<\/li><li>APAAC : accompagnement des projets d\u2019am\u00e9nagements d\u2019aires de covoiturage<\/li><li>APCD : Accompagnement de la politique cyclable d\u00e9partementale<\/li><\/ul><\/td><\/tr><tr><td style=\"vertical-align: top; color: #333333;\"><strong>DIT<\/strong><\/td><td style=\"vertical-align: top; color: #333333; text-align: justify;\">que les cr\u00e9dits n\u00e9cessaires seront inscrits au budget<\/td><\/tr><tr><td style=\"vertical-align: top; color: #333333;\"><strong>AUTORISE<\/strong><\/td><td style=\"vertical-align: top; color: #333333; text-align: justify;\">Monsieur Le maire \u00e0 prendre tous les engagements juridiques et comptables correspondants aux diff\u00e9rentes demandes de participations sollicit\u00e9es<\/td><\/tr><\/tbody><\/table><p style=\"color: #333333;\" align=\"right\"><em><small>D\u00e9lib\u00e9ration n\u00b0 2024-02-06-D-07<\/small><\/em><\/p><table width=\"50%\" align=\"center\" bgcolor=\"#EEEEEE\"><tbody><tr><td style=\"color: #333333; text-align: left;\" width=\"25%\"><strong><u>D\u00e9cision<\/u><\/strong><\/td><td style=\"color: #333333; text-align: right;\" width=\"25%\">Sur :<\/td><td style=\"color: #333333; text-align: left;\" width=\"50%\">21 pr\u00e9sents<\/td><\/tr><tr><td style=\"color: #333333; text-align: left;\">\u00a0<\/td><td style=\"color: #333333; text-align: right;\">Pour :<\/td><td style=\"color: #333333; text-align: left;\">21<\/td><\/tr><tr><td style=\"color: #333333; text-align: left;\">\u00a0<\/td><td style=\"color: #333333; text-align: right;\">Contre :<\/td><td style=\"color: #333333; text-align: left;\">0<\/td><\/tr><tr><td style=\"color: #333333; text-align: left;\">\u00a0<\/td><td style=\"color: #333333; text-align: right;\">Abstentions :<\/td><td style=\"color: #333333; text-align: left;\">0<\/td><\/tr><\/tbody><\/table><p><img loading=\"lazy\" decoding=\"async\" class=\"wp-image-6185 size-full alignnone\" src=\"https:\/\/thiant.fr\/wordpress\/wp-content\/uploads\/2024\/05\/2024-02-06_Image1.jpg\" alt=\"\" width=\"729\" height=\"946\" srcset=\"https:\/\/thiant.fr\/wordpress\/wp-content\/uploads\/2024\/05\/2024-02-06_Image1.jpg 729w, https:\/\/thiant.fr\/wordpress\/wp-content\/uploads\/2024\/05\/2024-02-06_Image1-231x300.jpg 231w\" sizes=\"(max-width: 729px) 100vw, 729px\" \/><br \/><img loading=\"lazy\" decoding=\"async\" class=\"wp-image-6186 size-full alignnone\" src=\"https:\/\/thiant.fr\/wordpress\/wp-content\/uploads\/2024\/05\/2024-02-06_Image2.jpg\" alt=\"\" width=\"625\" height=\"938\" srcset=\"https:\/\/thiant.fr\/wordpress\/wp-content\/uploads\/2024\/05\/2024-02-06_Image2.jpg 625w, https:\/\/thiant.fr\/wordpress\/wp-content\/uploads\/2024\/05\/2024-02-06_Image2-200x300.jpg 200w\" sizes=\"(max-width: 625px) 100vw, 625px\" \/><\/p><p style=\"color: #333333; padding-left: 40px;\" align=\"justify\"><em>Remarques : Suivant les subventions demand\u00e9es la participation pour la commune de Thiant peut aller jusque 50% MAXI. (ADVB c\u2019est 40%)<\/em><\/p><div id=\"CM06022024QD\" style=\"color: #333333;\"><strong><u>Questions diverses<\/u><\/strong><\/div><ul style=\"color: #333333; padding-left: 40px; text-align: justify;\"><li>Recensement : probl\u00e9matique pos\u00e9e ; la personne est orient\u00e9e vers les services g\u00e9rant le recensement en mairie<\/li><li>Le montage des pr\u00e9aux devrait intervenir pendant les vacances de f\u00e9vrier<\/li><li>Distribution des bulletins : v\u00e9rification des quantit\u00e9s de bulletins, tracts, n\u00e9cessaire par secteur &#8211; En cas d\u2019impossibilit\u00e9 de distribution merci aux \u00e9lus de pr\u00e9venir imm\u00e9diatement afin que la distribution soit effectu\u00e9e dans les d\u00e9lais.<\/li><li>Passage de courses cyclistes au sein de la commune :<br \/><ul style=\"list-style-type: circle; color: #333333; padding-left: 40px; text-align: justify;\"><li>Jeudi 14 mars : Grand Prix de Denain passage depuis Monchaux vers Denain<\/li><li>Dimanche 7 avril : Paris Roubaix passage Monchaux vers Rue Henri Barbusse vers Haulchin \u2013<\/li><\/ul><\/li><\/ul><p style=\"color: #333333;\"><strong>Fin de s\u00e9ance 19h10<\/strong><\/p><p style=\"color: #333333;\" align=\"right\"><strong>La Secr\u00e9taire de s\u00e9ance<br \/>Armelle BOURLET<\/strong><\/p>\t\t\t\t\t\t\t\t<\/div>\n\t\t\t\t<\/div>\n\t\t\t\t<\/div>\n\t\t\t\t\t<\/div>\n\t\t<\/div>\n\t\t\t\t\t\t<\/div>\n\t\t\t\t<\/div>\n\t\t\t\t\t<\/div>\n\t\t\t\t<\/div>\n\t\t\t\t<\/div>\n\t\t","protected":false},"excerpt":{"rendered":"<p>Conseils Municipaux Conseils Municipaux 2024 10\/12 15\/10 25\/06 06\/06 08\/04 06\/02 Proc\u00e8s Verbal du Conseil Municipal du 10 d\u00e9cembre 2024 \u00e0 18h00 Date de la convocation\u00a0:\u00a0\u00a0\u00a0\u00a0\u00a0\u00a0\u00a0\u00a0 02 et 05 d\u00e9cembre 2024 Date de l\u2019affichage\u00a0: \u00a0\u00a0 \u00a0\u00a0\u00a0\u00a0\u00a0\u00a0\u00a0\u00a0\u00a0\u00a0\u00a0 02 et 05 d\u00e9cembre 2024 L&#8217;an deux mil vingt-quatre, le dix d\u00e9cembre 2024 \u00e0 dix-huit heures, le Conseil Municipal [&hellip;]<\/p>\n","protected":false},"author":1,"featured_media":0,"parent":1505,"menu_order":5,"comment_status":"closed","ping_status":"closed","template":"","meta":{"_crdt_document":"","ocean_post_layout":"","ocean_both_sidebars_style":"","ocean_both_sidebars_content_width":0,"ocean_both_sidebars_sidebars_width":0,"ocean_sidebar":"0","ocean_second_sidebar":"0","ocean_disable_margins":"enable","ocean_add_body_class":"","ocean_shortcode_before_top_bar":"","ocean_shortcode_after_top_bar":"","ocean_shortcode_before_header":"","ocean_shortcode_after_header":"","ocean_has_shortcode":"","ocean_shortcode_after_title":"","ocean_shortcode_before_footer_widgets":"","ocean_shortcode_after_footer_widgets":"","ocean_shortcode_before_footer_bottom":"","ocean_shortcode_after_footer_bottom":"","ocean_display_top_bar":"default","ocean_display_header":"default","ocean_header_style":"","ocean_center_header_left_menu":"0","ocean_custom_header_template":"0","ocean_custom_logo":0,"ocean_custom_retina_logo":0,"ocean_custom_logo_max_width":0,"ocean_custom_logo_tablet_max_width":0,"ocean_custom_logo_mobile_max_width":0,"ocean_custom_logo_max_height":0,"ocean_custom_logo_tablet_max_height":0,"ocean_custom_logo_mobile_max_height":0,"ocean_header_custom_menu":"0","ocean_menu_typo_font_family":"0","ocean_menu_typo_font_subset":"","ocean_menu_typo_font_size":0,"ocean_menu_typo_font_size_tablet":0,"ocean_menu_typo_font_size_mobile":0,"ocean_menu_typo_font_size_unit":"px","ocean_menu_typo_font_weight":"","ocean_menu_typo_font_weight_tablet":"","ocean_menu_typo_font_weight_mobile":"","ocean_menu_typo_transform":"","ocean_menu_typo_transform_tablet":"","ocean_menu_typo_transform_mobile":"","ocean_menu_typo_line_height":0,"ocean_menu_typo_line_height_tablet":0,"ocean_menu_typo_line_height_mobile":0,"ocean_menu_typo_line_height_unit":"","ocean_menu_typo_spacing":0,"ocean_menu_typo_spacing_tablet":0,"ocean_menu_typo_spacing_mobile":0,"ocean_menu_typo_spacing_unit":"","ocean_menu_link_color":"","ocean_menu_link_color_hover":"","ocean_menu_link_color_active":"","ocean_menu_link_background":"","ocean_menu_link_hover_background":"","ocean_menu_link_active_background":"","ocean_menu_social_links_bg":"","ocean_menu_social_hover_links_bg":"","ocean_menu_social_links_color":"","ocean_menu_social_hover_links_color":"","ocean_disable_title":"default","ocean_disable_heading":"default","ocean_post_title":"","ocean_post_subheading":"","ocean_post_title_style":"","ocean_post_title_background_color":"","ocean_post_title_background":0,"ocean_post_title_bg_image_position":"","ocean_post_title_bg_image_attachment":"","ocean_post_title_bg_image_repeat":"","ocean_post_title_bg_image_size":"","ocean_post_title_height":0,"ocean_post_title_bg_overlay":0.5,"ocean_post_title_bg_overlay_color":"","ocean_disable_breadcrumbs":"default","ocean_breadcrumbs_color":"","ocean_breadcrumbs_separator_color":"","ocean_breadcrumbs_links_color":"","ocean_breadcrumbs_links_hover_color":"","ocean_display_footer_widgets":"default","ocean_display_footer_bottom":"default","ocean_custom_footer_template":"0","footnotes":""},"class_list":["post-6175","page","type-page","status-publish","hentry","entry"],"yoast_head":"<!-- This site is optimized with the Yoast SEO plugin v27.3 - https:\/\/yoast.com\/product\/yoast-seo-wordpress\/ -->\n<title>Conseils Municipaux 2024 - Ville de Thiant<\/title>\n<meta name=\"robots\" content=\"index, follow, max-snippet:-1, max-image-preview:large, max-video-preview:-1\" \/>\n<link rel=\"canonical\" href=\"https:\/\/thiant.fr\/wordpress\/conseils-municipaux\/conseils-municipaux-2024\/\" \/>\n<meta property=\"og:locale\" content=\"fr_FR\" \/>\n<meta property=\"og:type\" content=\"article\" \/>\n<meta property=\"og:title\" content=\"Conseils Municipaux 2024 - Ville de Thiant\" \/>\n<meta property=\"og:description\" content=\"Conseils Municipaux Conseils Municipaux 2024 10\/12 15\/10 25\/06 06\/06 08\/04 06\/02 Proc\u00e8s Verbal du Conseil Municipal du 10 d\u00e9cembre 2024 \u00e0 18h00 Date de la convocation\u00a0:\u00a0\u00a0\u00a0\u00a0\u00a0\u00a0\u00a0\u00a0 02 et 05 d\u00e9cembre 2024 Date de l\u2019affichage\u00a0: \u00a0\u00a0 \u00a0\u00a0\u00a0\u00a0\u00a0\u00a0\u00a0\u00a0\u00a0\u00a0\u00a0 02 et 05 d\u00e9cembre 2024 L&#8217;an deux mil vingt-quatre, le dix d\u00e9cembre 2024 \u00e0 dix-huit heures, le Conseil Municipal [&hellip;]\" \/>\n<meta property=\"og:url\" content=\"https:\/\/thiant.fr\/wordpress\/conseils-municipaux\/conseils-municipaux-2024\/\" \/>\n<meta property=\"og:site_name\" content=\"Ville de Thiant\" \/>\n<meta property=\"article:modified_time\" content=\"2025-03-17T14:30:58+00:00\" \/>\n<meta property=\"og:image\" content=\"https:\/\/thiant.fr\/wordpress\/wp-content\/uploads\/2025\/03\/PV_CM10122024.png\" \/>\n\t<meta property=\"og:image:width\" content=\"559\" \/>\n\t<meta property=\"og:image:height\" content=\"800\" \/>\n\t<meta property=\"og:image:type\" content=\"image\/png\" \/>\n<meta name=\"twitter:card\" content=\"summary_large_image\" \/>\n<meta name=\"twitter:label1\" content=\"Dur\u00e9e de lecture estim\u00e9e\" \/>\n\t<meta name=\"twitter:data1\" content=\"264 minutes\" \/>\n<script type=\"application\/ld+json\" class=\"yoast-schema-graph\">{\"@context\":\"https:\\\/\\\/schema.org\",\"@graph\":[{\"@type\":\"WebPage\",\"@id\":\"https:\\\/\\\/thiant.fr\\\/wordpress\\\/conseils-municipaux\\\/conseils-municipaux-2024\\\/\",\"url\":\"https:\\\/\\\/thiant.fr\\\/wordpress\\\/conseils-municipaux\\\/conseils-municipaux-2024\\\/\",\"name\":\"Conseils Municipaux 2024 - Ville de Thiant\",\"isPartOf\":{\"@id\":\"https:\\\/\\\/thiant.fr\\\/wordpress\\\/#website\"},\"primaryImageOfPage\":{\"@id\":\"https:\\\/\\\/thiant.fr\\\/wordpress\\\/conseils-municipaux\\\/conseils-municipaux-2024\\\/#primaryimage\"},\"image\":{\"@id\":\"https:\\\/\\\/thiant.fr\\\/wordpress\\\/conseils-municipaux\\\/conseils-municipaux-2024\\\/#primaryimage\"},\"thumbnailUrl\":\"https:\\\/\\\/thiant.fr\\\/wordpress\\\/wp-content\\\/uploads\\\/2025\\\/03\\\/PV_CM10122024-210x300.png\",\"datePublished\":\"2024-05-22T11:20:01+00:00\",\"dateModified\":\"2025-03-17T14:30:58+00:00\",\"breadcrumb\":{\"@id\":\"https:\\\/\\\/thiant.fr\\\/wordpress\\\/conseils-municipaux\\\/conseils-municipaux-2024\\\/#breadcrumb\"},\"inLanguage\":\"fr-FR\",\"potentialAction\":[{\"@type\":\"ReadAction\",\"target\":[\"https:\\\/\\\/thiant.fr\\\/wordpress\\\/conseils-municipaux\\\/conseils-municipaux-2024\\\/\"]}]},{\"@type\":\"ImageObject\",\"inLanguage\":\"fr-FR\",\"@id\":\"https:\\\/\\\/thiant.fr\\\/wordpress\\\/conseils-municipaux\\\/conseils-municipaux-2024\\\/#primaryimage\",\"url\":\"https:\\\/\\\/thiant.fr\\\/wordpress\\\/wp-content\\\/uploads\\\/2025\\\/03\\\/PV_CM10122024.png\",\"contentUrl\":\"https:\\\/\\\/thiant.fr\\\/wordpress\\\/wp-content\\\/uploads\\\/2025\\\/03\\\/PV_CM10122024.png\",\"width\":559,\"height\":800},{\"@type\":\"BreadcrumbList\",\"@id\":\"https:\\\/\\\/thiant.fr\\\/wordpress\\\/conseils-municipaux\\\/conseils-municipaux-2024\\\/#breadcrumb\",\"itemListElement\":[{\"@type\":\"ListItem\",\"position\":1,\"name\":\"Accueil\",\"item\":\"https:\\\/\\\/thiant.fr\\\/wordpress\\\/\"},{\"@type\":\"ListItem\",\"position\":2,\"name\":\"Conseils Municipaux\",\"item\":\"https:\\\/\\\/thiant.fr\\\/wordpress\\\/conseils-municipaux\\\/\"},{\"@type\":\"ListItem\",\"position\":3,\"name\":\"Conseils Municipaux 2024\"}]},{\"@type\":\"WebSite\",\"@id\":\"https:\\\/\\\/thiant.fr\\\/wordpress\\\/#website\",\"url\":\"https:\\\/\\\/thiant.fr\\\/wordpress\\\/\",\"name\":\"Ville de Thiant\",\"description\":\"Site officiel de la ville de Thiant\",\"publisher\":{\"@id\":\"https:\\\/\\\/thiant.fr\\\/wordpress\\\/#organization\"},\"potentialAction\":[{\"@type\":\"SearchAction\",\"target\":{\"@type\":\"EntryPoint\",\"urlTemplate\":\"https:\\\/\\\/thiant.fr\\\/wordpress\\\/?s={search_term_string}\"},\"query-input\":{\"@type\":\"PropertyValueSpecification\",\"valueRequired\":true,\"valueName\":\"search_term_string\"}}],\"inLanguage\":\"fr-FR\"},{\"@type\":\"Organization\",\"@id\":\"https:\\\/\\\/thiant.fr\\\/wordpress\\\/#organization\",\"name\":\"Ville de Thiant\",\"url\":\"https:\\\/\\\/thiant.fr\\\/wordpress\\\/\",\"logo\":{\"@type\":\"ImageObject\",\"inLanguage\":\"fr-FR\",\"@id\":\"https:\\\/\\\/thiant.fr\\\/wordpress\\\/#\\\/schema\\\/logo\\\/image\\\/\",\"url\":\"https:\\\/\\\/thiant.fr\\\/wordpress\\\/wp-content\\\/uploads\\\/2019\\\/08\\\/Thiant_Illdy_4.png\",\"contentUrl\":\"https:\\\/\\\/thiant.fr\\\/wordpress\\\/wp-content\\\/uploads\\\/2019\\\/08\\\/Thiant_Illdy_4.png\",\"width\":105,\"height\":75,\"caption\":\"Ville de Thiant\"},\"image\":{\"@id\":\"https:\\\/\\\/thiant.fr\\\/wordpress\\\/#\\\/schema\\\/logo\\\/image\\\/\"}}]}<\/script>\n<!-- \/ Yoast SEO plugin. -->","yoast_head_json":{"title":"Conseils Municipaux 2024 - Ville de Thiant","robots":{"index":"index","follow":"follow","max-snippet":"max-snippet:-1","max-image-preview":"max-image-preview:large","max-video-preview":"max-video-preview:-1"},"canonical":"https:\/\/thiant.fr\/wordpress\/conseils-municipaux\/conseils-municipaux-2024\/","og_locale":"fr_FR","og_type":"article","og_title":"Conseils Municipaux 2024 - Ville de Thiant","og_description":"Conseils Municipaux Conseils Municipaux 2024 10\/12 15\/10 25\/06 06\/06 08\/04 06\/02 Proc\u00e8s Verbal du Conseil Municipal du 10 d\u00e9cembre 2024 \u00e0 18h00 Date de la convocation\u00a0:\u00a0\u00a0\u00a0\u00a0\u00a0\u00a0\u00a0\u00a0 02 et 05 d\u00e9cembre 2024 Date de l\u2019affichage\u00a0: \u00a0\u00a0 \u00a0\u00a0\u00a0\u00a0\u00a0\u00a0\u00a0\u00a0\u00a0\u00a0\u00a0 02 et 05 d\u00e9cembre 2024 L&#8217;an deux mil vingt-quatre, le dix d\u00e9cembre 2024 \u00e0 dix-huit heures, le Conseil Municipal [&hellip;]","og_url":"https:\/\/thiant.fr\/wordpress\/conseils-municipaux\/conseils-municipaux-2024\/","og_site_name":"Ville de Thiant","article_modified_time":"2025-03-17T14:30:58+00:00","og_image":[{"width":559,"height":800,"url":"https:\/\/thiant.fr\/wordpress\/wp-content\/uploads\/2025\/03\/PV_CM10122024.png","type":"image\/png"}],"twitter_card":"summary_large_image","twitter_misc":{"Dur\u00e9e de lecture estim\u00e9e":"264 minutes"},"schema":{"@context":"https:\/\/schema.org","@graph":[{"@type":"WebPage","@id":"https:\/\/thiant.fr\/wordpress\/conseils-municipaux\/conseils-municipaux-2024\/","url":"https:\/\/thiant.fr\/wordpress\/conseils-municipaux\/conseils-municipaux-2024\/","name":"Conseils Municipaux 2024 - Ville de Thiant","isPartOf":{"@id":"https:\/\/thiant.fr\/wordpress\/#website"},"primaryImageOfPage":{"@id":"https:\/\/thiant.fr\/wordpress\/conseils-municipaux\/conseils-municipaux-2024\/#primaryimage"},"image":{"@id":"https:\/\/thiant.fr\/wordpress\/conseils-municipaux\/conseils-municipaux-2024\/#primaryimage"},"thumbnailUrl":"https:\/\/thiant.fr\/wordpress\/wp-content\/uploads\/2025\/03\/PV_CM10122024-210x300.png","datePublished":"2024-05-22T11:20:01+00:00","dateModified":"2025-03-17T14:30:58+00:00","breadcrumb":{"@id":"https:\/\/thiant.fr\/wordpress\/conseils-municipaux\/conseils-municipaux-2024\/#breadcrumb"},"inLanguage":"fr-FR","potentialAction":[{"@type":"ReadAction","target":["https:\/\/thiant.fr\/wordpress\/conseils-municipaux\/conseils-municipaux-2024\/"]}]},{"@type":"ImageObject","inLanguage":"fr-FR","@id":"https:\/\/thiant.fr\/wordpress\/conseils-municipaux\/conseils-municipaux-2024\/#primaryimage","url":"https:\/\/thiant.fr\/wordpress\/wp-content\/uploads\/2025\/03\/PV_CM10122024.png","contentUrl":"https:\/\/thiant.fr\/wordpress\/wp-content\/uploads\/2025\/03\/PV_CM10122024.png","width":559,"height":800},{"@type":"BreadcrumbList","@id":"https:\/\/thiant.fr\/wordpress\/conseils-municipaux\/conseils-municipaux-2024\/#breadcrumb","itemListElement":[{"@type":"ListItem","position":1,"name":"Accueil","item":"https:\/\/thiant.fr\/wordpress\/"},{"@type":"ListItem","position":2,"name":"Conseils Municipaux","item":"https:\/\/thiant.fr\/wordpress\/conseils-municipaux\/"},{"@type":"ListItem","position":3,"name":"Conseils Municipaux 2024"}]},{"@type":"WebSite","@id":"https:\/\/thiant.fr\/wordpress\/#website","url":"https:\/\/thiant.fr\/wordpress\/","name":"Ville de Thiant","description":"Site officiel de la ville de Thiant","publisher":{"@id":"https:\/\/thiant.fr\/wordpress\/#organization"},"potentialAction":[{"@type":"SearchAction","target":{"@type":"EntryPoint","urlTemplate":"https:\/\/thiant.fr\/wordpress\/?s={search_term_string}"},"query-input":{"@type":"PropertyValueSpecification","valueRequired":true,"valueName":"search_term_string"}}],"inLanguage":"fr-FR"},{"@type":"Organization","@id":"https:\/\/thiant.fr\/wordpress\/#organization","name":"Ville de Thiant","url":"https:\/\/thiant.fr\/wordpress\/","logo":{"@type":"ImageObject","inLanguage":"fr-FR","@id":"https:\/\/thiant.fr\/wordpress\/#\/schema\/logo\/image\/","url":"https:\/\/thiant.fr\/wordpress\/wp-content\/uploads\/2019\/08\/Thiant_Illdy_4.png","contentUrl":"https:\/\/thiant.fr\/wordpress\/wp-content\/uploads\/2019\/08\/Thiant_Illdy_4.png","width":105,"height":75,"caption":"Ville de Thiant"},"image":{"@id":"https:\/\/thiant.fr\/wordpress\/#\/schema\/logo\/image\/"}}]}},"_links":{"self":[{"href":"https:\/\/thiant.fr\/wordpress\/wp-json\/wp\/v2\/pages\/6175","targetHints":{"allow":["GET"]}}],"collection":[{"href":"https:\/\/thiant.fr\/wordpress\/wp-json\/wp\/v2\/pages"}],"about":[{"href":"https:\/\/thiant.fr\/wordpress\/wp-json\/wp\/v2\/types\/page"}],"author":[{"embeddable":true,"href":"https:\/\/thiant.fr\/wordpress\/wp-json\/wp\/v2\/users\/1"}],"replies":[{"embeddable":true,"href":"https:\/\/thiant.fr\/wordpress\/wp-json\/wp\/v2\/comments?post=6175"}],"version-history":[{"count":86,"href":"https:\/\/thiant.fr\/wordpress\/wp-json\/wp\/v2\/pages\/6175\/revisions"}],"predecessor-version":[{"id":6969,"href":"https:\/\/thiant.fr\/wordpress\/wp-json\/wp\/v2\/pages\/6175\/revisions\/6969"}],"up":[{"embeddable":true,"href":"https:\/\/thiant.fr\/wordpress\/wp-json\/wp\/v2\/pages\/1505"}],"wp:attachment":[{"href":"https:\/\/thiant.fr\/wordpress\/wp-json\/wp\/v2\/media?parent=6175"}],"curies":[{"name":"wp","href":"https:\/\/api.w.org\/{rel}","templated":true}]}}